{"id":1473,"date":"2019-03-01T16:44:27","date_gmt":"2019-03-01T16:44:27","guid":{"rendered":"http:\/\/www.aurin-choir.hu\/miraculum\/cd-lemezek\/"},"modified":"2022-01-28T21:23:25","modified_gmt":"2022-01-28T21:23:25","slug":"cd-recordings","status":"publish","type":"page","link":"https:\/\/www.aurin-choir.hu\/en\/miraculum\/cd-recordings\/","title":{"rendered":"CD recordings"},"content":{"rendered":"<p>[vc_row bg_position=&#8221;center center&#8221; enable_gradient=&#8221;yes&#8221; enable_overlay=&#8221;yes&#8221; bg_gradient1=&#8221;#4f4f4f&#8221; bg_gradient2=&#8221;#7c1b51&#8243; css=&#8221;.vc_custom_1641057409296{padding-top: 50px !important;padding-bottom: 50px !important;background-image: url(https:\/\/www.aurin-choir.hu\/wp-content\/uploads\/2019\/03\/DSC_0326.jpg?id=894) !important;background-position: center !important;background-repeat: no-repeat !important;background-size: cover !important;}&#8221; overlay_bg=&#8221;linear-gradient(90deg, rgba(28, 117, 138, 0.9) 0%, rgba(0, 73, 94, 0.9) 100%)&#8221;][vc_column][vc_column_text css=&#8221;.vc_custom_1554577357323{padding-top: 80px !important;}&#8221;]<\/p>\n<p style=\"text-align: center;\"><img loading=\"lazy\" decoding=\"async\" class=\"alignnone wp-image-49 size-medium\" src=\"https:\/\/www.aurin-choir.hu\/wp-content\/uploads\/2019\/04\/miraculum_logo_white.png\" alt=\"\" width=\"300\" height=\"90\"><\/p>\n<p>[\/vc_column_text][ld_spacer height=&#8221;30px&#8221;][\/vc_column][\/vc_row][vc_row][vc_column][row_separator separator=&#8221;curve-side2&#8243; color1=&#8221;#ffffff&#8221; color2=&#8221;#ffffff&#8221; color3=&#8221;#ffffff&#8221;][\/vc_column][\/vc_row][vc_row][vc_column][ld_spacer height=&#8221;30px&#8221;][vc_column_text]<\/p>\n<div id=\"texttitle\" class=\"clearfix\">\n<h3><span style=\"color: #1c758a;\">The recordings of the Miraculum Children&#8217;s Choir<\/span><\/h3>\n<\/div>\n<p>[\/vc_column_text][ld_spacer height=&#8221;50px&#8221;][vc_row_inner][vc_column_inner width=&#8221;1\/4&#8243;][vc_single_image image=&#8221;169&#8243; img_size=&#8221;full&#8221; shadow_types=&#8221;normal&#8221;][ld_button style=&#8221;btn-solid&#8221; title=&#8221;Details&#8221; link_type=&#8221;modal_window&#8221; shape=&#8221;circle&#8221; size=&#8221;btn-xsm&#8221; anchor_id=&#8221;#miraculum1&#8243; color=&#8221;rgb(28, 117, 138)&#8221; hover_color=&#8221;rgb(0, 73, 94)&#8221;][ld_spacer height=&#8221;50px&#8221;][\/vc_column_inner][vc_column_inner width=&#8221;1\/4&#8243;][vc_single_image image=&#8221;171&#8243; img_size=&#8221;full&#8221; shadow_types=&#8221;normal&#8221;][ld_button style=&#8221;btn-solid&#8221; title=&#8221;Details&#8221; link_type=&#8221;modal_window&#8221; shape=&#8221;circle&#8221; size=&#8221;btn-xsm&#8221; anchor_id=&#8221;#fisher&#8221; color=&#8221;rgb(28, 117, 138)&#8221; hover_color=&#8221;rgb(0, 73, 94)&#8221;][ld_spacer height=&#8221;50px&#8221;][\/vc_column_inner][vc_column_inner width=&#8221;1\/4&#8243;][vc_single_image image=&#8221;173&#8243; img_size=&#8221;full&#8221; shadow_types=&#8221;normal&#8221;][ld_button style=&#8221;btn-solid&#8221; title=&#8221;Details&#8221; link_type=&#8221;modal_window&#8221; shape=&#8221;circle&#8221; size=&#8221;btn-xsm&#8221; anchor_id=&#8221;#korusunnep&#8221; color=&#8221;rgb(28, 117, 138)&#8221; hover_color=&#8221;rgb(0, 73, 94)&#8221;][ld_spacer height=&#8221;50px&#8221;][\/vc_column_inner][vc_column_inner width=&#8221;1\/4&#8243;][vc_single_image image=&#8221;175&#8243; img_size=&#8221;full&#8221; shadow_types=&#8221;normal&#8221;][ld_button style=&#8221;btn-solid&#8221; title=&#8221;Details&#8221; link_type=&#8221;modal_window&#8221; shape=&#8221;circle&#8221; size=&#8221;btn-xsm&#8221; anchor_id=&#8221;#kodaly&#8221; color=&#8221;rgb(28, 117, 138)&#8221; hover_color=&#8221;rgb(0, 73, 94)&#8221;][ld_spacer height=&#8221;50px&#8221;][\/vc_column_inner][\/vc_row_inner][vc_row_inner][vc_column_inner width=&#8221;1\/4&#8243;][vc_single_image image=&#8221;165&#8243; img_size=&#8221;full&#8221; shadow_types=&#8221;normal&#8221;][ld_button style=&#8221;btn-solid&#8221; title=&#8221;Details&#8221; link_type=&#8221;modal_window&#8221; shape=&#8221;circle&#8221; size=&#8221;btn-xsm&#8221; anchor_id=&#8221;#miraculum2&#8243; color=&#8221;rgb(28, 117, 138)&#8221; hover_color=&#8221;rgb(0, 73, 94)&#8221;][ld_spacer height=&#8221;50px&#8221;][\/vc_column_inner][vc_column_inner width=&#8221;1\/4&#8243;][vc_single_image image=&#8221;167&#8243; img_size=&#8221;full&#8221; shadow_types=&#8221;normal&#8221;][ld_button style=&#8221;btn-solid&#8221; title=&#8221;Details&#8221; link_type=&#8221;modal_window&#8221; shape=&#8221;circle&#8221; size=&#8221;btn-xsm&#8221; anchor_id=&#8221;#miraculum3&#8243; color=&#8221;rgb(28, 117, 138)&#8221; hover_color=&#8221;rgb(0, 73, 94)&#8221;][ld_spacer height=&#8221;50px&#8221;][\/vc_column_inner][vc_column_inner width=&#8221;1\/4&#8243;][vc_single_image image=&#8221;161&#8243; img_size=&#8221;full&#8221; shadow_types=&#8221;normal&#8221;][ld_button style=&#8221;btn-solid&#8221; title=&#8221;Details&#8221; link_type=&#8221;modal_window&#8221; shape=&#8221;circle&#8221; size=&#8221;btn-xsm&#8221; anchor_id=&#8221;#school&#8221; color=&#8221;rgb(28, 117, 138)&#8221; hover_color=&#8221;rgb(0, 73, 94)&#8221;][ld_spacer height=&#8221;50px&#8221;][\/vc_column_inner][vc_column_inner width=&#8221;1\/4&#8243;][vc_single_image image=&#8221;157&#8243; img_size=&#8221;full&#8221; shadow_types=&#8221;normal&#8221;][ld_button style=&#8221;btn-solid&#8221; title=&#8221;Details&#8221; link_type=&#8221;modal_window&#8221; shape=&#8221;circle&#8221; size=&#8221;btn-xsm&#8221; anchor_id=&#8221;#bicinia&#8221; color=&#8221;rgb(28, 117, 138)&#8221; hover_color=&#8221;rgb(0, 73, 94)&#8221;][ld_spacer height=&#8221;50px&#8221;][\/vc_column_inner][\/vc_row_inner][vc_row_inner][vc_column_inner width=&#8221;1\/4&#8243;][vc_single_image image=&#8221;181&#8243; img_size=&#8221;full&#8221; shadow_types=&#8221;normal&#8221;][ld_button style=&#8221;btn-solid&#8221; title=&#8221;Details&#8221; link_type=&#8221;modal_window&#8221; shape=&#8221;circle&#8221; size=&#8221;btn-xsm&#8221; anchor_id=&#8221;#reneszansz&#8221; color=&#8221;rgb(28, 117, 138)&#8221; hover_color=&#8221;rgb(0, 73, 94)&#8221;][ld_spacer height=&#8221;50px&#8221;][\/vc_column_inner][vc_column_inner width=&#8221;1\/4&#8243;][\/vc_column_inner][vc_column_inner width=&#8221;1\/4&#8243;][\/vc_column_inner][vc_column_inner width=&#8221;1\/4&#8243;][\/vc_column_inner][\/vc_row_inner][\/vc_column][\/vc_row][vc_row][vc_column][row_separator location=&#8221;bottom&#8221; separator=&#8221;curve-side2&#8243; flip=&#8221;1&#8243; color1=&#8221;#ffffff&#8221; color2=&#8221;#ffffff&#8221; color3=&#8221;#ffffff&#8221;][\/vc_column][\/vc_row][vc_row enable_gradient=&#8221;yes&#8221; gradient_bg=&#8221;linear-gradient(90deg, rgba(28,117,138,0.9) 0%, rgba(0, 73, 94, 0.9) 100%)&#8221;][vc_column][ld_spacer height=&#8221;30px&#8221;][vc_row_inner css=&#8221;.vc_custom_1546335915499{padding-top: 40px !important;padding-bottom: 40px !important;}&#8221;][vc_column_inner width=&#8221;1\/6&#8243;][vc_column_text]<\/p>\n<p style=\"text-align: center;\"><span style=\"color: #ffffff;\"><a style=\"color: #ffffff;\" href=\"https:\/\/www.aurin-choir.hu\/en\/miraculum\/results\/\">Results<\/a><\/span><\/p>\n<p>[\/vc_column_text][ld_spacer height=&#8221;10px&#8221;][\/vc_column_inner][vc_column_inner width=&#8221;1\/6&#8243;][vc_column_text]<\/p>\n<p style=\"text-align: center;\"><span style=\"color: #ffffff;\"><a style=\"color: #ffffff;\" href=\"https:\/\/www.aurin-choir.hu\/en\/miraculum\/festivals\/\">Festivals<\/a><\/span><\/p>\n<p>[\/vc_column_text][ld_spacer height=&#8221;10px&#8221;][\/vc_column_inner][vc_column_inner width=&#8221;1\/6&#8243;][vc_column_text]<\/p>\n<p style=\"text-align: center;\"><span style=\"color: #ffffff;\"><a style=\"color: #ffffff;\" href=\"https:\/\/www.aurin-choir.hu\/en\/miraculum\/concerts\/\">Concerts<\/a><\/span><\/p>\n<p>[\/vc_column_text][ld_spacer height=&#8221;10px&#8221;][\/vc_column_inner][vc_column_inner width=&#8221;1\/6&#8243;][vc_column_text]<\/p>\n<p style=\"text-align: center;\"><span style=\"color: #ffffff;\"><a style=\"color: #ffffff;\" href=\"https:\/\/www.aurin-choir.hu\/en\/miraculum\/cd-recordings\/\">CD recordings<\/a><\/span><\/p>\n<p>[\/vc_column_text][ld_spacer height=&#8221;10px&#8221;][\/vc_column_inner][vc_column_inner width=&#8221;1\/6&#8243;][vc_column_text]<\/p>\n<p style=\"text-align: center;\"><span style=\"color: #ffffff;\"><a style=\"color: #ffffff;\" href=\"https:\/\/www.aurin-choir.hu\/en\/miraculum\/videos\/\">Videos<\/a><\/span><\/p>\n<p>[\/vc_column_text][ld_spacer height=&#8221;10px&#8221;][\/vc_column_inner][vc_column_inner width=&#8221;1\/6&#8243;][vc_column_text]<\/p>\n<p style=\"text-align: center;\"><span style=\"color: #ffffff;\"><a style=\"color: #ffffff;\" href=\"https:\/\/www.aurin-choir.hu\/en\/miraculum\/photos\/\">Photos<\/a><\/span><\/p>\n<p>[\/vc_column_text][ld_spacer height=&#8221;10px&#8221;][\/vc_column_inner][\/vc_row_inner][ld_spacer height=&#8221;20px&#8221;][\/vc_column][\/vc_row][vc_row][vc_column][ld_modal_window el_id=&#8221;miraculum1&#8243;][vc_column_text]<strong>The first CD of the Miraculum Children&#8217;s Choir was issued in 1998.<\/strong><\/p>\n<table border=\"0\" width=\"100%\" cellpadding=\"2\">\n<tbody>\n<tr>\n<td width=\"300\">1. Jan Campanus Vodnansky<\/td>\n<td width=\"316\">Rorando coeli<\/td>\n<td align=\"right\" width=\"60\">1:40<\/td>\n<\/tr>\n<tr>\n<td width=\"300\">2. Otto Fisher<\/td>\n<td width=\"316\">Ave Maria<\/td>\n<td align=\"right\" width=\"60\">2:58<\/td>\n<\/tr>\n<tr>\n<td width=\"300\">3. Jacobus Gallus<\/td>\n<td width=\"316\">Confimra hoc<\/td>\n<td align=\"right\" width=\"60\">1:21<\/td>\n<\/tr>\n<tr>\n<td width=\"300\">4. L\u00e1szl\u00f3 Halmos<\/td>\n<td width=\"336\">Jubilate<\/td>\n<td align=\"right\" width=\"60\">1:19<\/td>\n<\/tr>\n<tr>\n<td width=\"300\">5. Zolt\u00e1n Kod\u00e1ly<\/td>\n<td width=\"316\">150. genfi zsolt\u00e1r<\/td>\n<td align=\"right\" width=\"60\">2:02<\/td>\n<\/tr>\n<tr>\n<td width=\"300\">6. Zolt\u00e1n Kod\u00e1ly<\/td>\n<td width=\"316\">Lengyel L\u00e1szl\u00f3<\/td>\n<td align=\"right\" width=\"60\">3:13<\/td>\n<\/tr>\n<tr>\n<td width=\"300\">7. Lajos B\u00e1rdos<\/td>\n<td width=\"316\">Cantemus<\/td>\n<td align=\"right\" width=\"60\">1:55<\/td>\n<\/tr>\n<tr>\n<td width=\"300\">8. Lajos B\u00e1rdos<\/td>\n<td width=\"316\">Husz\u00e1rt\u00e1nc<\/td>\n<td align=\"right\" width=\"60\">2:09<\/td>\n<\/tr>\n<tr>\n<td width=\"300\">9. B\u00e9la Bart\u00f3k<\/td>\n<td width=\"316\">J\u00f3sz\u00e1gig\u00e9z\u0151<\/td>\n<td align=\"right\" width=\"60\">1:22<\/td>\n<\/tr>\n<tr>\n<td width=\"300\">10. Mikl\u00f3s Kocs\u00e1r &#8211; S\u00e1ndor K\u00e1ny\u00e1di<\/td>\n<td width=\"316\">J\u00f3 sz\u00e1n\u00fat, j\u00f3 fejsze<\/td>\n<td align=\"right\" width=\"60\">2:12<\/td>\n<\/tr>\n<tr>\n<td colspan=\"4\" align=\"center\">&nbsp;<br \/>\nConducted by: L\u00e1szl\u00f3 Dur\u00e1nyik.<br \/>\nRecording engineer: L\u00e1szl\u00f3 Lov\u00e1sz.<br \/>\nSpecial thanks: Zsuzsa Kontra.<br \/>\nRecorded in the Lutheran Church of Kecskem\u00e9t on 1st and 2nd August 1997.<\/td>\n<\/tr>\n<\/tbody>\n<\/table>\n<p>&nbsp;[\/vc_column_text][\/ld_modal_window][\/vc_column][\/vc_row][vc_row][vc_column][ld_modal_window el_id=&#8221;fisher&#8221;][vc_column_text]<strong>The Miraculum Children&#8217;s Choir is also singing on the Kod\u00e1ly CD of Iv\u00e1n Fischer and the Budapest Festival Orchestra was published in 1999.<\/strong><\/p>\n<table border=\"0\" width=\"100%\" cellpadding=\"2\">\n<tbody>\n<tr>\n<td valign=\"middle\" width=\"300\">4. Zolt\u00e1n Kod\u00e1ly<\/td>\n<td valign=\"middle\" width=\"316\">Gergely-j\u00e1r\u00e1s<\/td>\n<td valign=\"middle\" width=\"60\">3:31<\/td>\n<\/tr>\n<tr>\n<td colspan=\"3\">&nbsp;<br \/>\nZolt\u00e1n Kod\u00e1ly: H\u00e1ry J\u00e1nos, Dances of Gal\u00e1nta, Dances of Marossz\u00e9k,<br \/>\nChildren\u2019s choruses.<br \/>\nBudapesti Festival Orchestra, conducted by: Iv\u00e1n Fischer.<br \/>\nPhilips CD 462 824-2<\/td>\n<\/tr>\n<\/tbody>\n<\/table>\n<p>&nbsp;[\/vc_column_text][\/ld_modal_window][\/vc_column][\/vc_row][vc_row][vc_column][ld_modal_window el_id=&#8221;korusunnep&#8221;][vc_column_text]<strong>Choral Celebration &#8211; 5th Anniversary Concert of the Miraculum Children&#8217;s Choir in 2001<\/strong><\/p>\n<table border=\"0\" width=\"100%\" cellpadding=\"2\">\n<tbody>\n<tr>\n<td valign=\"top\" width=\"300\">16. Michael East<\/td>\n<td valign=\"top\" width=\"316\">Sz\u00e9p tavasz idej\u00e9n<\/td>\n<td valign=\"top\" width=\"60\">1:20<\/td>\n<\/tr>\n<tr>\n<td valign=\"top\" width=\"300\">17. Zolt\u00e1n Kod\u00e1ly<\/td>\n<td valign=\"top\" width=\"316\">Nagyszalontai k\u00f6sz\u00f6nt\u0151<\/td>\n<td valign=\"top\" width=\"60\">1:06<\/td>\n<\/tr>\n<tr>\n<td valign=\"top\" width=\"300\">18. Mikl\u00f3s Kocs\u00e1r &#8211; Imre Csan\u00e1di<\/td>\n<td valign=\"top\" width=\"316\">Gyermekkarok III.<\/td>\n<td valign=\"top\" width=\"60\">4:15<\/td>\n<\/tr>\n<tr>\n<td valign=\"top\" width=\"300\">19. Zolt\u00e1n Kod\u00e1ly<\/td>\n<td valign=\"top\" width=\"316\">Egyetem-begyetem<\/td>\n<td valign=\"top\" width=\"60\">1:06<\/td>\n<\/tr>\n<tr>\n<td colspan=\"3\" align=\"center\" valign=\"center\">Miraculum Children&#8217;s Choir and Aurin Girls&#8217; Choir<\/td>\n<\/tr>\n<tr>\n<td valign=\"top\" width=\"300\">20. Konrad Hagius<\/td>\n<td valign=\"top\" width=\"316\">A muzsika dics\u00e9rete<\/td>\n<td valign=\"top\" width=\"60\">1:04<\/td>\n<\/tr>\n<tr>\n<td valign=\"top\" width=\"300\">21. Mikl\u00f3s Kocs\u00e1r<\/td>\n<td valign=\"top\" width=\"316\">Salve Regina<\/td>\n<td valign=\"top\" width=\"60\">3:20<\/td>\n<\/tr>\n<tr>\n<td valign=\"top\" width=\"300\">22. Zolt\u00e1n Kod\u00e1ly<\/td>\n<td valign=\"top\" width=\"316\">P\u00fcnk\u00f6sd\u00f6l\u0151<br \/>\n<span style=\"font-size: x-small;\">Conducted by P\u00e9ter Erdei <\/span><\/td>\n<td valign=\"top\" width=\"60\">8:20<\/td>\n<\/tr>\n<tr>\n<td colspan=\"3\" align=\"center\" valign=\"center\">&nbsp;<br \/>\nThe Anniversary concert was recorded by Tam\u00e1s Baranya and Andr\u00e1s Turcs\u00e1n (TLS ZeneH\u00e1z) on 26th May 2001 in the Kod\u00e1ly School, Kecskem\u00e9t.<\/td>\n<\/tr>\n<\/tbody>\n<\/table>\n<p>&nbsp;[\/vc_column_text][\/ld_modal_window][\/vc_column][\/vc_row][vc_row][vc_column][ld_modal_window el_id=&#8221;kodaly&#8221;][vc_column_text]<strong>There are two songs performed by the Miraculum Children&#8217;s Choir on the CD: Kod\u00e1ly songs from Kecskem\u00e9t in the year of the Millennium<\/strong><\/p>\n<table border=\"0\" width=\"100%\" cellpadding=\"2\">\n<tbody>\n<tr>\n<td width=\"300\">1. Zolt\u00e1n Kod\u00e1ly<\/td>\n<td width=\"316\">150. genfi zsolt\u00e1r<\/td>\n<td width=\"60\">2:02<\/td>\n<\/tr>\n<tr>\n<td width=\"300\">2. Zolt\u00e1n Kod\u00e1ly<\/td>\n<td width=\"316\">Lengyel L\u00e1szl\u00f3<\/td>\n<td width=\"60\">3:12<\/td>\n<\/tr>\n<tr>\n<td colspan=\"5\" align=\"center\">&nbsp;<br \/>\nConducted by: L\u00e1szl\u00f3 Dur\u00e1nyik<br \/>\nRecording engineer: Albert P\u00e1link\u00e1s. Recorded in the Kod\u00e1ly School, Kecskem\u00e9t<\/td>\n<\/tr>\n<\/tbody>\n<\/table>\n<p>&nbsp;[\/vc_column_text][\/ld_modal_window][\/vc_column][\/vc_row][vc_row][vc_column][ld_modal_window el_id=&#8221;miraculum2&#8243;][vc_column_text]<strong>The second CD of the Miraculum Children&#8217;s Choir was issued in 2003.<\/strong><\/p>\n<table border=\"0\" width=\"100%\" cellpadding=\"2\">\n<tbody>\n<tr>\n<td valign=\"top\" width=\"300\">1. Benjamin Britten<\/td>\n<td valign=\"top\" width=\"316\">Birds<\/td>\n<td valign=\"top\" width=\"60\" height=\"15\">2:05<\/td>\n<\/tr>\n<tr>\n<td valign=\"top\" width=\"300\">2. Daniel Friderici<\/td>\n<td valign=\"top\" width=\"316\">Ladilom<\/td>\n<td valign=\"top\" width=\"60\" height=\"15\">1:30<\/td>\n<\/tr>\n<tr>\n<td valign=\"top\" width=\"300\">3. Michael East<\/td>\n<td valign=\"top\" width=\"316\">Sz\u00e9p tavasz idej\u00e9n<\/td>\n<td valign=\"top\" width=\"60\" height=\"15\">1:20<\/td>\n<\/tr>\n<tr>\n<td valign=\"top\" width=\"300\">4. Zolt\u00e1n Kod\u00e1ly<\/td>\n<td valign=\"top\" width=\"316\">Nagyszalontai k\u00f6sz\u00f6nt\u0151<\/td>\n<td valign=\"top\" width=\"60\" height=\"15\">1:10<\/td>\n<\/tr>\n<tr>\n<td valign=\"top\" width=\"300\">5. Zolt\u00e1n Kod\u00e1ly<\/td>\n<td valign=\"top\" width=\"316\">Z\u00f6ld erd\u0151ben<\/td>\n<td valign=\"top\" width=\"60\" height=\"15\">1:40<\/td>\n<\/tr>\n<tr>\n<td valign=\"top\" width=\"300\">6. B\u00e9la Bart\u00f3k<\/td>\n<td valign=\"top\" width=\"316\">Bolyong\u00e1s<\/td>\n<td valign=\"top\" width=\"60\" height=\"15\">1:50<\/td>\n<\/tr>\n<tr>\n<td valign=\"top\" width=\"300\">7. Lajos B\u00e1rdos &#8211; Mikl\u00f3s M\u00e1rkus<\/td>\n<td valign=\"top\" width=\"316\">Szell\u0151 z\u00fag<\/td>\n<td valign=\"top\" width=\"60\" height=\"15\">2:05<\/td>\n<\/tr>\n<tr>\n<td valign=\"top\" width=\"300\">8. Mikl\u00f3s Kocs\u00e1r &#8211; Imre Csan\u00e1di<\/td>\n<td valign=\"top\" width=\"316\">Csilingel\u0151<\/td>\n<td valign=\"top\" width=\"60\" height=\"15\">0:44<\/td>\n<\/tr>\n<tr>\n<td valign=\"top\" width=\"300\">9. Mikl\u00f3s Kocs\u00e1r &#8211; Imre Csan\u00e1di<\/td>\n<td valign=\"top\" width=\"316\">T\u00e9l<\/td>\n<td valign=\"top\" width=\"60\" height=\"15\">1:26<\/td>\n<\/tr>\n<tr>\n<td valign=\"top\" width=\"300\">10. J\u00f3zsef Karai &#8211; M\u00e1rta Iv\u00e1nyi<\/td>\n<td valign=\"top\" width=\"316\">T\u00fcnd\u00e9r, ha lenn\u00e9k&#8230;<\/td>\n<td valign=\"top\" width=\"60\" height=\"15\">3:15<\/td>\n<\/tr>\n<tr>\n<td valign=\"top\" width=\"300\">11. J\u00f3zsef Karai &#8211; S\u00e1ndor We\u00f6res<\/td>\n<td valign=\"top\" width=\"316\">Ugr\u00f3r\u00e1nc<\/td>\n<td valign=\"top\" width=\"60\" height=\"15\">1:55<\/td>\n<\/tr>\n<tr>\n<td colspan=\"4\" align=\"center\" valign=\"middle\" width=\"979\" height=\"13\">&nbsp;<br \/>\nConducted by: L\u00e1szl\u00f3 Dur\u00e1nyik.<br \/>\nPiano: Erzs\u00e9bet Ladics (1; 10; 11).<br \/>\nSoloist: Be\u00e1ta Trecsk\u00f3 (10).<br \/>\nRecorded in the Kod\u00e1ly School on 30th October 2001.<br \/>\nRecording engineers: Tam\u00e1s Baranya and Andr\u00e1s Turcs\u00e1n (TLS ZeneH\u00e1z)<\/td>\n<\/tr>\n<\/tbody>\n<\/table>\n<p>&nbsp;[\/vc_column_text][\/ld_modal_window][\/vc_column][\/vc_row][vc_row][vc_column][ld_modal_window el_id=&#8221;miraculum3&#8243;][vc_column_text]<strong>The third CD of the Miraculum Children&#8217;s Choir was issued in 2007.<\/strong><\/p>\n<table border=\"0\" width=\"100%\" cellpadding=\"2\">\n<tbody>\n<tr>\n<td valign=\"top\" width=\"300\">1. Ferenc Liszt<\/td>\n<td valign=\"top\" width=\"316\">Fr\u00f6hliche Spiele<\/td>\n<td valign=\"top\" width=\"60\" height=\"15\">3:15<\/td>\n<\/tr>\n<tr>\n<td valign=\"top\" width=\"300\">2. Giovanni Pierluigi da Palestrina<\/td>\n<td valign=\"top\" width=\"316\">Pueri hebraeorum<\/td>\n<td valign=\"top\" width=\"60\" height=\"15\">1:33<\/td>\n<\/tr>\n<tr>\n<td valign=\"top\" width=\"300\">3. Zolt\u00e1n Kod\u00e1ly<\/td>\n<td valign=\"top\" width=\"316\">Lengyel L\u00e1szl\u00f3<\/td>\n<td valign=\"top\" width=\"60\" height=\"15\">3:10<\/td>\n<\/tr>\n<tr>\n<td valign=\"top\" width=\"300\">4. Mikl\u00f3s Kocs\u00e1r &#8211; S\u00e1ndor K\u00e1ny\u00e1di<\/td>\n<td valign=\"top\" width=\"316\">J\u00f3 sz\u00e1n\u00fat, j\u00f3 fejsze<\/td>\n<td valign=\"top\" width=\"60\" height=\"15\">2:00<\/td>\n<\/tr>\n<tr>\n<td valign=\"top\" width=\"300\">5. Zolt\u00e1n Kod\u00e1ly<\/td>\n<td valign=\"top\" width=\"316\">Egyetem-begyetem<\/td>\n<td valign=\"top\" width=\"60\" height=\"15\">1:12<\/td>\n<\/tr>\n<tr>\n<td valign=\"top\" width=\"300\">6. Mikl\u00f3s Kocs\u00e1r &#8211; James Kirkup &#8211; Eleanaor Farjeon<\/td>\n<td valign=\"top\" width=\"316\">Cat and Dog (Cosy Cat Nap, Cat)<\/td>\n<td valign=\"top\" width=\"60\" height=\"15\">3:02<\/td>\n<\/tr>\n<tr>\n<td valign=\"top\" width=\"300\">7. Olli Kortekangas<\/td>\n<td valign=\"top\" width=\"316\">Harmony<\/td>\n<td valign=\"top\" width=\"60\" height=\"15\">2:16<\/td>\n<\/tr>\n<tr>\n<td valign=\"top\" width=\"300\">8. Jacobus Gallus<\/td>\n<td valign=\"top\" width=\"316\">Confimra hoc<\/td>\n<td valign=\"top\" width=\"60\" height=\"15\">1:20<\/td>\n<\/tr>\n<tr>\n<td valign=\"top\" width=\"300\">9. Jacobus Gallus<\/td>\n<td valign=\"top\" width=\"316\">Pueri concinite<\/td>\n<td valign=\"top\" width=\"60\" height=\"15\">1:33<\/td>\n<\/tr>\n<tr>\n<td valign=\"top\" width=\"300\">10. Lajos B\u00e1rdos<\/td>\n<td valign=\"top\" width=\"316\">Cantemus<\/td>\n<td valign=\"top\" width=\"60\" height=\"15\">1:50<\/td>\n<\/tr>\n<tr>\n<td valign=\"top\" width=\"300\">11. Lajos Husz\u00e1r<\/td>\n<td valign=\"top\" width=\"316\">Ave Maria<\/td>\n<td valign=\"top\" width=\"60\" height=\"15\">3:06<\/td>\n<\/tr>\n<tr>\n<td valign=\"top\" width=\"300\">12. Folk song<\/td>\n<td valign=\"top\" width=\"316\">Nem ismertem az \u00f6r\u00f6met&#8230;<\/td>\n<td valign=\"top\" width=\"60\" height=\"15\">1:31<\/td>\n<\/tr>\n<tr>\n<td valign=\"top\" width=\"300\">13. Tam\u00e1s Dar\u00f3czi B\u00e1rdos &#8211; L\u00e1szl\u00f3 Lukin<\/td>\n<td valign=\"top\" width=\"316\">\u00dcnnepi k\u00e1non<\/td>\n<td valign=\"top\" width=\"60\" height=\"15\">2:00<\/td>\n<\/tr>\n<tr>\n<td valign=\"top\" width=\"300\">14. Allan E. Naplan<\/td>\n<td valign=\"top\" width=\"316\">Al Schlosha D&#8217;Varim<\/td>\n<td valign=\"top\" width=\"60\" height=\"15\">3:10<\/td>\n<\/tr>\n<tr>\n<td valign=\"top\" width=\"300\">15. John Rutter<\/td>\n<td valign=\"top\" width=\"316\">A Clare Benediction<\/td>\n<td valign=\"top\" width=\"60\" height=\"15\">3:08<\/td>\n<\/tr>\n<tr>\n<td valign=\"top\" width=\"300\">16. Josu Elberdin<\/td>\n<td valign=\"top\" width=\"316\">\u00c1lami<\/td>\n<td valign=\"top\" width=\"60\" height=\"15\">5:28<\/td>\n<\/tr>\n<tr>\n<td colspan=\"4\" align=\"center\" valign=\"middle\" width=\"979\" height=\"13\">&nbsp;<br \/>\nConducted by: L\u00e1szl\u00f3 Dur\u00e1nyik.<br \/>\nPiano: L\u00e1szl\u00f3 Gerh\u00e1t (1), J\u00f3zsef Seres (15; 16) Erzs\u00e9bet Ladics (14).<br \/>\nRecorded between 2001 and 2006.<br \/>\nRecording engineers: Tam\u00e1s Baranya and Andr\u00e1s Turcs\u00e1n. (TLS ZeneH\u00e1z)<br \/>\nSupported by the Kod\u00e1ly Heritage Program, Kecskem\u00e9t.<\/td>\n<\/tr>\n<\/tbody>\n<\/table>\n<p>&nbsp;[\/vc_column_text][\/ld_modal_window][\/vc_column][\/vc_row][vc_row][vc_column][ld_modal_window el_id=&#8221;school&#8221;][vc_column_text]<strong>The CD of the choirs from the Kod\u00e1ly School, Kecskem\u00e9t was issued in 2010.<\/strong><\/p>\n<table style=\"border-color: DDDDDD;\" border=\"1\" width=\"100%\" cellpadding=\"2\" bgcolor=\"#fff\">\n<tbody>\n<tr>\n<td valign=\"top\" width=\"300\">15. Mikl\u00f3s Kocs\u00e1r &#8211; Imre Csan\u00e1di<\/td>\n<td valign=\"top\" width=\"316\">Gyermekkarok III.<\/td>\n<td valign=\"top\" width=\"60\">4:05<\/td>\n<\/tr>\n<tr>\n<td valign=\"top\" width=\"300\">16. Ferenc Liszt<\/td>\n<td valign=\"top\" width=\"316\">Fr\u00f6hliche Spiele<\/td>\n<td valign=\"top\" width=\"60\">3:18<\/td>\n<\/tr>\n<tr>\n<td valign=\"top\" width=\"300\">17. Zolt\u00e1n Kod\u00e1ly<\/td>\n<td valign=\"top\" width=\"316\">Lengyel L\u00e1szl\u00f3<\/td>\n<td valign=\"top\" width=\"60\">3:11<\/td>\n<\/tr>\n<tr>\n<td valign=\"top\" width=\"300\">18. Olli Kortekangas<\/td>\n<td valign=\"top\" width=\"316\">Harmony<\/td>\n<td valign=\"top\" width=\"60\">2:18<\/td>\n<\/tr>\n<tr>\n<td valign=\"top\" width=\"300\">19. Josu Elberdin<\/td>\n<td valign=\"top\" width=\"316\">\u00c1lami<\/td>\n<td valign=\"top\" width=\"60\">5:30<\/td>\n<\/tr>\n<tr>\n<td colspan=\"4\" align=\"center\" valign=\"top\" width=\"979\">&nbsp;<br \/>\nConducted by: L\u00e1szl\u00f3 Dur\u00e1nyik.<br \/>\nRecording engineers: Tam\u00e1s Baranya and Andr\u00e1s Turcs\u00e1n (TLS ZeneH\u00e1z).<br \/>\nRecorded on concerts between 2001 and 2009.<\/td>\n<\/tr>\n<\/tbody>\n<\/table>\n<p>&nbsp;[\/vc_column_text][\/ld_modal_window][\/vc_column][\/vc_row][vc_row][vc_column][ld_modal_window el_id=&#8221;bicinia&#8221;][vc_column_text]<strong>Zolt\u00e1n Kod\u00e1ly Bicinia Hungarica and Tricinia (complete edition) issued in 2012. There are songs performed by the Miraculum Children&#8217;s Choir.<\/strong><\/p>\n<table style=\"border-color: DDDDDD;\" border=\"1\" width=\"100%\" cellpadding=\"2\" bgcolor=\"#fff\">\n<tbody>\n<tr>\n<td colspan=\"2\" align=\"center\" valign=\"top\"><strong>2. CD Bicinia Hungarica I.<\/strong><\/td>\n<\/tr>\n<tr>\n<td valign=\"top\" width=\"616\">90. <em>19.<\/em> Jaj istenem, a vil\u00e1g<\/td>\n<td valign=\"top\" width=\"60\">0:21<\/td>\n<\/tr>\n<tr>\n<td valign=\"top\" width=\"616\">91. <em>15.<\/em> Lisztet p\u00e9nzen vettem<\/td>\n<td valign=\"top\" width=\"60\">0:21<\/td>\n<\/tr>\n<tr>\n<td valign=\"top\" width=\"616\">92. <em>20.<\/em> Kisz\u00e1radt a di\u00f3fa<\/td>\n<td valign=\"top\" width=\"60\">0:19<\/td>\n<\/tr>\n<tr>\n<td valign=\"top\" width=\"616\">93. <em>50.<\/em> H\u00f3, te, Gyurka, h\u00f3 te h\u00f3<\/td>\n<td valign=\"top\" width=\"60\">0:19<\/td>\n<\/tr>\n<tr>\n<td valign=\"top\" width=\"616\">94. <em>54.<\/em> A taksonyi leg\u00e9nyek<\/td>\n<td valign=\"top\" width=\"60\">0:20<\/td>\n<\/tr>\n<tr>\n<td valign=\"top\" width=\"616\">95. <em>44. B\u00e1tor lend\u00fclettel<\/em><\/td>\n<td valign=\"top\" width=\"60\">0:20<\/td>\n<\/tr>\n<tr>\n<td valign=\"top\" width=\"616\">96. <em>51. T\u00f6bbf\u00e9le temp\u00f3ban<\/em><\/td>\n<td valign=\"top\" width=\"60\">0:22<\/td>\n<\/tr>\n<tr>\n<td valign=\"top\" width=\"616\">97. <em>47. Lassan<\/em><\/td>\n<td valign=\"top\" width=\"60\">0:22<\/td>\n<\/tr>\n<tr>\n<td valign=\"top\" width=\"616\">98. <em>51. T\u00f6bbf\u00e9le temp\u00f3ban<\/em><\/td>\n<td valign=\"top\" width=\"60\">0:18<\/td>\n<\/tr>\n<tr>\n<td colspan=\"4\" align=\"center\" valign=\"top\" width=\"979\">&nbsp;<\/p>\n<p>HCD 32711-13<br \/>\n5991813271129<br \/>\nHungaroton Records Ltd.<br \/>\n2012<\/td>\n<\/tr>\n<\/tbody>\n<\/table>\n<p>&nbsp;[\/vc_column_text][\/ld_modal_window][\/vc_column][\/vc_row][vc_row][vc_column][ld_modal_window el_id=&#8221;reneszansz&#8221;][vc_column_text]<strong>Renaissance &#8211; The CD of the Aurin Girls&#8217; Choir, the Miraculum Children&#8217;s Choir, the Chamber Choir and the Renaissance Consort was issued in 2013.<\/strong><\/p>\n<table style=\"border-color: DDDDDD;\" border=\"1\" width=\"100%\" cellpadding=\"2\" bgcolor=\"#fff\">\n<tbody>\n<tr>\n<td valign=\"top\" width=\"300\">8. Giovanni Pierluigi da Palestrina<\/td>\n<td valign=\"top\" width=\"316\">Pueri Habraeorum<\/td>\n<td valign=\"top\" width=\"60\">1:35<\/td>\n<\/tr>\n<tr>\n<td valign=\"top\" width=\"300\">9. Jacobus Gallus<\/td>\n<td valign=\"top\" width=\"316\">Pueri Concinite<\/td>\n<td valign=\"top\" width=\"60\">1:35<\/td>\n<\/tr>\n<tr>\n<td valign=\"top\" width=\"300\">10. Jacobus Gallus<\/td>\n<td valign=\"top\" width=\"316\">Confirma Hoc<\/td>\n<td valign=\"top\" width=\"60\">1:20<\/td>\n<\/tr>\n<tr>\n<td valign=\"top\" width=\"300\">25. Daniel Friderici<\/td>\n<td valign=\"top\" width=\"316\">Ladilom<\/td>\n<td valign=\"top\" width=\"60\">1:25<\/td>\n<\/tr>\n<tr>\n<td valign=\"top\" width=\"300\">26. Michael East<\/td>\n<td valign=\"top\" width=\"316\">Sz\u00e9p tavasz idej\u00e9n<\/td>\n<td valign=\"top\" width=\"60\">1:30<\/td>\n<\/tr>\n<tr>\n<td colspan=\"4\" align=\"center\" valign=\"top\" width=\"979\">&nbsp;<br \/>\nConducted by L\u00e1szl\u00f3 Dur\u00e1nyik.<br \/>\nRecording engineers: Tam\u00e1s Baranya and Andr\u00e1s Turcs\u00e1n (TLS ZeneH\u00e1z).<br \/>\nRecorded between 2001 and 2013.<\/td>\n<\/tr>\n<\/tbody>\n<\/table>\n<p>&nbsp;[\/vc_column_text][\/ld_modal_window][\/vc_column][\/vc_row]<\/p>\n","protected":false},"excerpt":{"rendered":"<p>[vc_row bg_position=&#8221;center center&#8221; enable_gradient=&#8221;yes&#8221; enable_overlay=&#8221;yes&#8221; bg_gradient1=&#8221;#4f4f4f&#8221; bg_gradient2=&#8221;#7c1b51&#8243; css=&#8221;.vc_custom_1641057409296{padding-top: 50px !important;padding-bottom: 50px !important;background-image: url(https:\/\/www.aurin-choir.hu\/wp-content\/uploads\/2019\/03\/DSC_0326.jpg?id=894) !important;background-position: center !important;background-repeat: no-repeat !important;background-size: cover !important;}&#8221; overlay_bg=&#8221;linear-gradient(90deg, rgba(28, 117, 138, 0.9) 0%, rgba(0, 73, 94, 0.9) 100%)&#8221;][vc_column][vc_column_text css=&#8221;.vc_custom_1554577357323{padding-top: 80px !important;}&#8221;] [\/vc_column_text][ld_spacer height=&#8221;30px&#8221;][\/vc_column][\/vc_row][vc_row][vc_column][row_separator separator=&#8221;curve-side2&#8243; color1=&#8221;#ffffff&#8221; color2=&#8221;#ffffff&#8221; color3=&#8221;#ffffff&#8221;][\/vc_column][\/vc_row][vc_row][vc_column][ld_spacer height=&#8221;30px&#8221;][vc_column_text] The recordings of the Miraculum Children&#8217;s Choir [\/vc_column_text][ld_spacer height=&#8221;50px&#8221;][vc_row_inner][vc_column_inner width=&#8221;1\/4&#8243;][vc_single_image image=&#8221;169&#8243; img_size=&#8221;full&#8221; shadow_types=&#8221;normal&#8221;][ld_button style=&#8221;btn-solid&#8221; [&hellip;]<\/p>\n","protected":false},"author":1,"featured_media":0,"parent":1471,"menu_order":0,"comment_status":"closed","ping_status":"closed","template":"","meta":{"_et_pb_use_builder":"","_et_pb_old_content":"","_et_gb_content_width":"","ngg_post_thumbnail":0,"footnotes":""},"class_list":["post-1473","page","type-page","status-publish","hentry"],"yoast_head":"<!-- This site is optimized with the Yoast SEO plugin v26.0 - https:\/\/yoast.com\/wordpress\/plugins\/seo\/ -->\n<title>CD recordings - Aurin - Miraculum<\/title>\n<meta name=\"robots\" content=\"index, follow, max-snippet:-1, max-image-preview:large, max-video-preview:-1\" \/>\n<link rel=\"canonical\" href=\"https:\/\/www.aurin-choir.hu\/en\/miraculum\/cd-recordings\/\" \/>\n<meta property=\"og:locale\" content=\"en_US\" \/>\n<meta property=\"og:type\" content=\"article\" \/>\n<meta property=\"og:title\" content=\"CD recordings - Aurin - Miraculum\" \/>\n<meta property=\"og:description\" content=\"[vc_row bg_position=&#8221;center center&#8221; enable_gradient=&#8221;yes&#8221; enable_overlay=&#8221;yes&#8221; bg_gradient1=&#8221;#4f4f4f&#8221; bg_gradient2=&#8221;#7c1b51&#8243; css=&#8221;.vc_custom_1641057409296{padding-top: 50px !important;padding-bottom: 50px !important;background-image: url(https:\/\/www.aurin-choir.hu\/wp-content\/uploads\/2019\/03\/DSC_0326.jpg?id=894) !important;background-position: center !important;background-repeat: no-repeat !important;background-size: cover !important;}&#8221; overlay_bg=&#8221;linear-gradient(90deg, rgba(28, 117, 138, 0.9) 0%, rgba(0, 73, 94, 0.9) 100%)&#8221;][vc_column][vc_column_text css=&#8221;.vc_custom_1554577357323{padding-top: 80px !important;}&#8221;] [\/vc_column_text][ld_spacer height=&#8221;30px&#8221;][\/vc_column][\/vc_row][vc_row][vc_column][row_separator separator=&#8221;curve-side2&#8243; color1=&#8221;#ffffff&#8221; color2=&#8221;#ffffff&#8221; color3=&#8221;#ffffff&#8221;][\/vc_column][\/vc_row][vc_row][vc_column][ld_spacer height=&#8221;30px&#8221;][vc_column_text] The recordings of the Miraculum Children&#8217;s Choir [\/vc_column_text][ld_spacer height=&#8221;50px&#8221;][vc_row_inner][vc_column_inner width=&#8221;1\/4&#8243;][vc_single_image image=&#8221;169&#8243; img_size=&#8221;full&#8221; shadow_types=&#8221;normal&#8221;][ld_button style=&#8221;btn-solid&#8221; [&hellip;]\" \/>\n<meta property=\"og:url\" content=\"https:\/\/www.aurin-choir.hu\/en\/miraculum\/cd-recordings\/\" \/>\n<meta property=\"og:site_name\" content=\"Aurin - Miraculum\" \/>\n<meta property=\"article:publisher\" content=\"https:\/\/www.facebook.com\/aurinchoir\" \/>\n<meta property=\"article:modified_time\" content=\"2022-01-28T21:23:25+00:00\" \/>\n<meta property=\"og:image\" content=\"https:\/\/www.aurin-choir.hu\/wp-content\/uploads\/2025\/03\/DSC_2025_kicsi-1.jpg\" \/>\n\t<meta property=\"og:image:width\" content=\"1800\" \/>\n\t<meta property=\"og:image:height\" content=\"1013\" \/>\n\t<meta property=\"og:image:type\" content=\"image\/jpeg\" \/>\n<meta name=\"twitter:card\" content=\"summary_large_image\" \/>\n<meta name=\"twitter:label1\" content=\"Est. reading time\" \/>\n\t<meta name=\"twitter:data1\" content=\"9 minutes\" \/>\n<script type=\"application\/ld+json\" class=\"yoast-schema-graph\">{\"@context\":\"https:\/\/schema.org\",\"@graph\":[{\"@type\":\"WebPage\",\"@id\":\"https:\/\/www.aurin-choir.hu\/en\/miraculum\/cd-recordings\/\",\"url\":\"https:\/\/www.aurin-choir.hu\/en\/miraculum\/cd-recordings\/\",\"name\":\"CD recordings - Aurin - Miraculum\",\"isPartOf\":{\"@id\":\"https:\/\/www.aurin-choir.hu\/#website\"},\"primaryImageOfPage\":{\"@id\":\"https:\/\/www.aurin-choir.hu\/en\/miraculum\/cd-recordings\/#primaryimage\"},\"image\":{\"@id\":\"https:\/\/www.aurin-choir.hu\/en\/miraculum\/cd-recordings\/#primaryimage\"},\"thumbnailUrl\":\"https:\/\/www.aurin-choir.hu\/wp-content\/uploads\/2019\/04\/miraculum_logo_white.png\",\"datePublished\":\"2019-03-01T16:44:27+00:00\",\"dateModified\":\"2022-01-28T21:23:25+00:00\",\"breadcrumb\":{\"@id\":\"https:\/\/www.aurin-choir.hu\/en\/miraculum\/cd-recordings\/#breadcrumb\"},\"inLanguage\":\"en-US\",\"potentialAction\":[{\"@type\":\"ReadAction\",\"target\":[\"https:\/\/www.aurin-choir.hu\/en\/miraculum\/cd-recordings\/\"]}]},{\"@type\":\"ImageObject\",\"inLanguage\":\"en-US\",\"@id\":\"https:\/\/www.aurin-choir.hu\/en\/miraculum\/cd-recordings\/#primaryimage\",\"url\":\"https:\/\/www.aurin-choir.hu\/wp-content\/uploads\/2019\/04\/miraculum_logo_white.png\",\"contentUrl\":\"https:\/\/www.aurin-choir.hu\/wp-content\/uploads\/2019\/04\/miraculum_logo_white.png\"},{\"@type\":\"BreadcrumbList\",\"@id\":\"https:\/\/www.aurin-choir.hu\/en\/miraculum\/cd-recordings\/#breadcrumb\",\"itemListElement\":[{\"@type\":\"ListItem\",\"position\":1,\"name\":\"Kezd\u0151lap\",\"item\":\"https:\/\/www.aurin-choir.hu\/en\/\"},{\"@type\":\"ListItem\",\"position\":2,\"name\":\"Miraculum\",\"item\":\"https:\/\/www.aurin-choir.hu\/en\/miraculum\/\"},{\"@type\":\"ListItem\",\"position\":3,\"name\":\"CD recordings\"}]},{\"@type\":\"WebSite\",\"@id\":\"https:\/\/www.aurin-choir.hu\/#website\",\"url\":\"https:\/\/www.aurin-choir.hu\/\",\"name\":\"Aurin - Miraculum\",\"description\":\"Aurin - Miraculum\",\"publisher\":{\"@id\":\"https:\/\/www.aurin-choir.hu\/#organization\"},\"potentialAction\":[{\"@type\":\"SearchAction\",\"target\":{\"@type\":\"EntryPoint\",\"urlTemplate\":\"https:\/\/www.aurin-choir.hu\/?s={search_term_string}\"},\"query-input\":{\"@type\":\"PropertyValueSpecification\",\"valueRequired\":true,\"valueName\":\"search_term_string\"}}],\"inLanguage\":\"en-US\"},{\"@type\":\"Organization\",\"@id\":\"https:\/\/www.aurin-choir.hu\/#organization\",\"name\":\"Aurin \u00e9s Miraculum Alap\u00edtv\u00e1ny\",\"url\":\"https:\/\/www.aurin-choir.hu\/\",\"logo\":{\"@type\":\"ImageObject\",\"inLanguage\":\"en-US\",\"@id\":\"https:\/\/www.aurin-choir.hu\/#\/schema\/logo\/image\/\",\"url\":\"https:\/\/www.aurin-choir.hu\/wp-content\/uploads\/2024\/05\/logo_webre_evadzaro2-1.png\",\"contentUrl\":\"https:\/\/www.aurin-choir.hu\/wp-content\/uploads\/2024\/05\/logo_webre_evadzaro2-1.png\",\"width\":500,\"height\":515,\"caption\":\"Aurin \u00e9s Miraculum Alap\u00edtv\u00e1ny\"},\"image\":{\"@id\":\"https:\/\/www.aurin-choir.hu\/#\/schema\/logo\/image\/\"},\"sameAs\":[\"https:\/\/www.facebook.com\/aurinchoir\"]}]}<\/script>\n<!-- \/ Yoast SEO plugin. -->","yoast_head_json":{"title":"CD recordings - Aurin - Miraculum","robots":{"index":"index","follow":"follow","max-snippet":"max-snippet:-1","max-image-preview":"max-image-preview:large","max-video-preview":"max-video-preview:-1"},"canonical":"https:\/\/www.aurin-choir.hu\/en\/miraculum\/cd-recordings\/","og_locale":"en_US","og_type":"article","og_title":"CD recordings - Aurin - Miraculum","og_description":"[vc_row bg_position=&#8221;center center&#8221; enable_gradient=&#8221;yes&#8221; enable_overlay=&#8221;yes&#8221; bg_gradient1=&#8221;#4f4f4f&#8221; bg_gradient2=&#8221;#7c1b51&#8243; css=&#8221;.vc_custom_1641057409296{padding-top: 50px !important;padding-bottom: 50px !important;background-image: url(https:\/\/www.aurin-choir.hu\/wp-content\/uploads\/2019\/03\/DSC_0326.jpg?id=894) !important;background-position: center !important;background-repeat: no-repeat !important;background-size: cover !important;}&#8221; overlay_bg=&#8221;linear-gradient(90deg, rgba(28, 117, 138, 0.9) 0%, rgba(0, 73, 94, 0.9) 100%)&#8221;][vc_column][vc_column_text css=&#8221;.vc_custom_1554577357323{padding-top: 80px !important;}&#8221;] [\/vc_column_text][ld_spacer height=&#8221;30px&#8221;][\/vc_column][\/vc_row][vc_row][vc_column][row_separator separator=&#8221;curve-side2&#8243; color1=&#8221;#ffffff&#8221; color2=&#8221;#ffffff&#8221; color3=&#8221;#ffffff&#8221;][\/vc_column][\/vc_row][vc_row][vc_column][ld_spacer height=&#8221;30px&#8221;][vc_column_text] The recordings of the Miraculum Children&#8217;s Choir [\/vc_column_text][ld_spacer height=&#8221;50px&#8221;][vc_row_inner][vc_column_inner width=&#8221;1\/4&#8243;][vc_single_image image=&#8221;169&#8243; img_size=&#8221;full&#8221; shadow_types=&#8221;normal&#8221;][ld_button style=&#8221;btn-solid&#8221; [&hellip;]","og_url":"https:\/\/www.aurin-choir.hu\/en\/miraculum\/cd-recordings\/","og_site_name":"Aurin - Miraculum","article_publisher":"https:\/\/www.facebook.com\/aurinchoir","article_modified_time":"2022-01-28T21:23:25+00:00","og_image":[{"width":1800,"height":1013,"url":"https:\/\/www.aurin-choir.hu\/wp-content\/uploads\/2025\/03\/DSC_2025_kicsi-1.jpg","type":"image\/jpeg"}],"twitter_card":"summary_large_image","twitter_misc":{"Est. reading time":"9 minutes"},"schema":{"@context":"https:\/\/schema.org","@graph":[{"@type":"WebPage","@id":"https:\/\/www.aurin-choir.hu\/en\/miraculum\/cd-recordings\/","url":"https:\/\/www.aurin-choir.hu\/en\/miraculum\/cd-recordings\/","name":"CD recordings - Aurin - Miraculum","isPartOf":{"@id":"https:\/\/www.aurin-choir.hu\/#website"},"primaryImageOfPage":{"@id":"https:\/\/www.aurin-choir.hu\/en\/miraculum\/cd-recordings\/#primaryimage"},"image":{"@id":"https:\/\/www.aurin-choir.hu\/en\/miraculum\/cd-recordings\/#primaryimage"},"thumbnailUrl":"https:\/\/www.aurin-choir.hu\/wp-content\/uploads\/2019\/04\/miraculum_logo_white.png","datePublished":"2019-03-01T16:44:27+00:00","dateModified":"2022-01-28T21:23:25+00:00","breadcrumb":{"@id":"https:\/\/www.aurin-choir.hu\/en\/miraculum\/cd-recordings\/#breadcrumb"},"inLanguage":"en-US","potentialAction":[{"@type":"ReadAction","target":["https:\/\/www.aurin-choir.hu\/en\/miraculum\/cd-recordings\/"]}]},{"@type":"ImageObject","inLanguage":"en-US","@id":"https:\/\/www.aurin-choir.hu\/en\/miraculum\/cd-recordings\/#primaryimage","url":"https:\/\/www.aurin-choir.hu\/wp-content\/uploads\/2019\/04\/miraculum_logo_white.png","contentUrl":"https:\/\/www.aurin-choir.hu\/wp-content\/uploads\/2019\/04\/miraculum_logo_white.png"},{"@type":"BreadcrumbList","@id":"https:\/\/www.aurin-choir.hu\/en\/miraculum\/cd-recordings\/#breadcrumb","itemListElement":[{"@type":"ListItem","position":1,"name":"Kezd\u0151lap","item":"https:\/\/www.aurin-choir.hu\/en\/"},{"@type":"ListItem","position":2,"name":"Miraculum","item":"https:\/\/www.aurin-choir.hu\/en\/miraculum\/"},{"@type":"ListItem","position":3,"name":"CD recordings"}]},{"@type":"WebSite","@id":"https:\/\/www.aurin-choir.hu\/#website","url":"https:\/\/www.aurin-choir.hu\/","name":"Aurin - Miraculum","description":"Aurin - Miraculum","publisher":{"@id":"https:\/\/www.aurin-choir.hu\/#organization"},"potentialAction":[{"@type":"SearchAction","target":{"@type":"EntryPoint","urlTemplate":"https:\/\/www.aurin-choir.hu\/?s={search_term_string}"},"query-input":{"@type":"PropertyValueSpecification","valueRequired":true,"valueName":"search_term_string"}}],"inLanguage":"en-US"},{"@type":"Organization","@id":"https:\/\/www.aurin-choir.hu\/#organization","name":"Aurin \u00e9s Miraculum Alap\u00edtv\u00e1ny","url":"https:\/\/www.aurin-choir.hu\/","logo":{"@type":"ImageObject","inLanguage":"en-US","@id":"https:\/\/www.aurin-choir.hu\/#\/schema\/logo\/image\/","url":"https:\/\/www.aurin-choir.hu\/wp-content\/uploads\/2024\/05\/logo_webre_evadzaro2-1.png","contentUrl":"https:\/\/www.aurin-choir.hu\/wp-content\/uploads\/2024\/05\/logo_webre_evadzaro2-1.png","width":500,"height":515,"caption":"Aurin \u00e9s Miraculum Alap\u00edtv\u00e1ny"},"image":{"@id":"https:\/\/www.aurin-choir.hu\/#\/schema\/logo\/image\/"},"sameAs":["https:\/\/www.facebook.com\/aurinchoir"]}]}},"_links":{"self":[{"href":"https:\/\/www.aurin-choir.hu\/en\/wp-json\/wp\/v2\/pages\/1473","targetHints":{"allow":["GET"]}}],"collection":[{"href":"https:\/\/www.aurin-choir.hu\/en\/wp-json\/wp\/v2\/pages"}],"about":[{"href":"https:\/\/www.aurin-choir.hu\/en\/wp-json\/wp\/v2\/types\/page"}],"author":[{"embeddable":true,"href":"https:\/\/www.aurin-choir.hu\/en\/wp-json\/wp\/v2\/users\/1"}],"replies":[{"embeddable":true,"href":"https:\/\/www.aurin-choir.hu\/en\/wp-json\/wp\/v2\/comments?post=1473"}],"version-history":[{"count":8,"href":"https:\/\/www.aurin-choir.hu\/en\/wp-json\/wp\/v2\/pages\/1473\/revisions"}],"predecessor-version":[{"id":12192,"href":"https:\/\/www.aurin-choir.hu\/en\/wp-json\/wp\/v2\/pages\/1473\/revisions\/12192"}],"up":[{"embeddable":true,"href":"https:\/\/www.aurin-choir.hu\/en\/wp-json\/wp\/v2\/pages\/1471"}],"wp:attachment":[{"href":"https:\/\/www.aurin-choir.hu\/en\/wp-json\/wp\/v2\/media?parent=1473"}],"curies":[{"name":"wp","href":"https:\/\/api.w.org\/{rel}","templated":true}]}}