{"id":1474,"date":"2019-02-28T15:56:08","date_gmt":"2019-02-28T15:56:08","guid":{"rendered":"http:\/\/www.aurin-choir.hu\/miraculum\/eredmenyek\/"},"modified":"2022-01-27T20:43:15","modified_gmt":"2022-01-27T20:43:15","slug":"results","status":"publish","type":"page","link":"https:\/\/www.aurin-choir.hu\/en\/miraculum\/results\/","title":{"rendered":"Results"},"content":{"rendered":"<p>[vc_row bg_position=&#8221;center center&#8221; enable_gradient=&#8221;yes&#8221; enable_overlay=&#8221;yes&#8221; bg_gradient1=&#8221;#4f4f4f&#8221; bg_gradient2=&#8221;#7c1b51&#8243; css=&#8221;.vc_custom_1641057409296{padding-top: 50px !important;padding-bottom: 50px !important;background-image: url(https:\/\/www.aurin-choir.hu\/wp-content\/uploads\/2019\/03\/DSC_0326.jpg?id=894) !important;background-position: center !important;background-repeat: no-repeat !important;background-size: cover !important;}&#8221; overlay_bg=&#8221;linear-gradient(90deg, rgba(28, 117, 138, 0.9) 0%, rgba(0, 73, 94, 0.9) 100%)&#8221;][vc_column][vc_column_text css=&#8221;.vc_custom_1554577357323{padding-top: 80px !important;}&#8221;]<\/p>\n<p style=\"text-align: center;\"><img loading=\"lazy\" decoding=\"async\" class=\"alignnone wp-image-49 size-medium\" src=\"https:\/\/www.aurin-choir.hu\/wp-content\/uploads\/2019\/04\/miraculum_logo_white.png\" alt=\"\" width=\"300\" height=\"90\"><\/p>\n<p>[\/vc_column_text][ld_spacer height=&#8221;30px&#8221;][\/vc_column][\/vc_row][vc_row][vc_column][row_separator separator=&#8221;curve-side2&#8243; color1=&#8221;#ffffff&#8221; color2=&#8221;#ffffff&#8221; color3=&#8221;#ffffff&#8221;][\/vc_column][\/vc_row][vc_row][vc_column][ld_spacer height=&#8221;30px&#8221;][vc_column_text]<\/p>\n<div id=\"texttitle\" class=\"clearfix\">\n<h3><span style=\"color: #1c758a;\">Competition results of the Miraculum Children&#8217;s Choir<\/span><\/h3>\n<\/div>\n<p>[\/vc_column_text][ld_spacer height=&#8221;50px&#8221;][\/vc_column][\/vc_row][vc_row][vc_column][vc_column_text]<\/p>\n<div id=\"texttitle\" class=\"clearfix\">\n<p>&nbsp;<\/p>\n<\/div>\n<div id=\"text\" class=\"clearfix\" style=\"overflow-x: auto;\">\n<table border=\"0\" width=\"100%\" cellspacing=\"1\" cellpadding=\"5\">\n<tbody>\n<tr>\n<td width=\"12%\">March 1997<\/td>\n<td width=\"20%\">Budapest<\/td>\n<td width=\"32%\">VI. International Choir Competition<\/td>\n<td width=\"26%\">II. Prize, Spacial prize for the conductor<\/td>\n<td width=\"10%\">&nbsp;<\/td>\n<\/tr>\n<tr>\n<td width=\"12%\">June 1997<\/td>\n<td width=\"20%\">Giessen (Germany)<\/td>\n<td width=\"32%\">II. International Children and Youth Choir Competition<\/td>\n<td width=\"26%\">III. Prize<\/td>\n<td width=\"10%\">&nbsp;<\/td>\n<\/tr>\n<tr>\n<td width=\"12%\">December 1997<\/td>\n<td width=\"20%\">Budapest<\/td>\n<td width=\"32%\">I. Zolt\u00e1n Kod\u00e1ly Hungarian Choir Competition<\/td>\n<td width=\"26%\">II. Prize, Special prize for the best performance of the compulsory piece<\/td>\n<td width=\"10%\">&nbsp;<\/td>\n<\/tr>\n<tr>\n<td width=\"12%\">April 1998<\/td>\n<td width=\"20%\">Kalundborg (Denmark)<\/td>\n<td width=\"32%\">International Youth Choir Competition<\/td>\n<td width=\"26%\">III. Prize<\/td>\n<td width=\"10%\">&nbsp;<\/td>\n<\/tr>\n<tr>\n<td width=\"12%\">June 1998<\/td>\n<td width=\"20%\">Debrecen<\/td>\n<td width=\"32%\">XVIII. B\u00e9la Bart\u00f3k International Choir Competition<\/td>\n<td width=\"26%\">I. Prize, Special prizes, Folklore diploma<\/td>\n<td width=\"10%\">&nbsp;<\/td>\n<\/tr>\n<tr>\n<td width=\"12%\">July 1998<\/td>\n<td width=\"20%\">Llangollen (Wales)<\/td>\n<td width=\"32%\">LII. International Choir Competition<\/td>\n<td width=\"26%\">I. Prize<\/td>\n<td width=\"10%\">&nbsp;<\/td>\n<\/tr>\n<tr>\n<td width=\"12%\">March 1999<\/td>\n<td width=\"20%\">Budapest<\/td>\n<td width=\"32%\">VII. International Choir Competition<\/td>\n<td width=\"26%\">I. Prize<\/td>\n<td width=\"10%\">&nbsp;<\/td>\n<\/tr>\n<tr>\n<td width=\"12%\">May 1999<\/td>\n<td width=\"20%\">Celje (Slovenia)<\/td>\n<td width=\"32%\">XXIII. International Youth Choir Festival<\/td>\n<td width=\"26%\">I. Prize, Special prize for the conductor, Audience prize<\/td>\n<td width=\"10%\">&nbsp;<\/td>\n<\/tr>\n<tr>\n<td width=\"12%\">July 2000<\/td>\n<td width=\"20%\">Linz (Austria)<\/td>\n<td width=\"32%\">I. Choir Olympics<\/td>\n<td width=\"26%\">II. Prize, Golden Diploma<\/td>\n<td width=\"10%\">&nbsp;<\/td>\n<\/tr>\n<tr>\n<td width=\"12%\">December 2000<\/td>\n<td width=\"20%\">Budapest<\/td>\n<td width=\"32%\">II. Zolt\u00e1n Kod\u00e1ly Hungarian Choir Competition<\/td>\n<td width=\"26%\">II. Prize, Special prize for the best performance of Kocs\u00e1r pieces<\/td>\n<td width=\"10%\">&nbsp;<\/td>\n<\/tr>\n<tr>\n<td width=\"12%\">May 2002<\/td>\n<td width=\"20%\">Neerpelt (Belgium)<\/td>\n<td width=\"32%\">International Choir Competition<\/td>\n<td width=\"26%\">I. Prize<\/td>\n<td width=\"10%\">&nbsp;<\/td>\n<\/tr>\n<tr>\n<td width=\"12%\">April 2003<\/td>\n<td width=\"20%\">Budapest<\/td>\n<td width=\"32%\">IX. International Choir Competition<\/td>\n<td width=\"26%\">I. Prize, Special prize for the conductor<\/td>\n<td width=\"10%\">&nbsp;<\/td>\n<\/tr>\n<tr>\n<td width=\"12%\">April 2004<\/td>\n<td width=\"20%\">Neerpelt (Belgium)<\/td>\n<td width=\"32%\">International Choir Competition<\/td>\n<td width=\"26%\">I. Prize<\/td>\n<td width=\"10%\">&nbsp;<\/td>\n<\/tr>\n<tr>\n<td width=\"12%\">March 2005<\/td>\n<td width=\"20%\">Budapest<\/td>\n<td width=\"32%\">X. International Choir Competition<\/td>\n<td width=\"26%\">I. Prize<\/td>\n<td width=\"10%\">&nbsp;<\/td>\n<\/tr>\n<tr>\n<td width=\"12%\">October 2005<\/td>\n<td width=\"20%\">Tolosa (Spain)<\/td>\n<td width=\"32%\">International Choir Festival<\/td>\n<td width=\"26%\">II. Prize<\/td>\n<td width=\"10%\">&nbsp;<\/td>\n<\/tr>\n<tr>\n<td width=\"12%\">April 2006<\/td>\n<td width=\"20%\">Neerpelt (Belgium)<\/td>\n<td width=\"32%\">54th European Music Festival for Young People<\/td>\n<td width=\"26%\">I. Prize cum laude<\/td>\n<td width=\"10%\">&nbsp;<\/td>\n<\/tr>\n<tr>\n<td width=\"12%\">June 2006<\/td>\n<td width=\"20%\">Tours (France)<\/td>\n<td width=\"32%\">International Children&#8217;s Choir Competition<\/td>\n<td width=\"26%\">IV. Prize<\/td>\n<td width=\"10%\">&nbsp;<\/td>\n<\/tr>\n<tr>\n<td width=\"12%\">November 2006<\/td>\n<td width=\"20%\">Budapest<\/td>\n<td width=\"32%\">IV. Zolt\u00e1n Kod\u00e1ly Hungarian Choir Competition<\/td>\n<td width=\"26%\">IV. Prize<\/td>\n<td width=\"10%\">&nbsp;<\/td>\n<\/tr>\n<tr>\n<td width=\"12%\">May 2008<\/td>\n<td width=\"20%\">Neerpelt (Belgium)<\/td>\n<td width=\"32%\">56th European Music Festival for Young People<\/td>\n<td width=\"26%\">I. Prize<\/td>\n<td width=\"10%\">&nbsp;<\/td>\n<\/tr>\n<tr>\n<td width=\"12%\">April 2010<\/td>\n<td width=\"20%\">Neerpelt (Belgium)<\/td>\n<td width=\"32%\">58th International Youth Choir Festival<\/td>\n<td width=\"26%\">I. Prize<\/td>\n<td width=\"10%\"><a href=\"https:\/\/www.aurin-choir.hu\/en\/neerpelt-2010\/\"><img decoding=\"async\" style=\"width: 70px; min-width: 70px;\" src=\"https:\/\/www.aurin-choir.hu\/wp-content\/uploads\/2019\/03\/camera_icon_miraculum.png\"><\/a><\/td>\n<\/tr>\n<tr>\n<td width=\"12%\">April 2014<\/td>\n<td width=\"20%\">Wroclaw (Poland)<\/td>\n<td width=\"32%\">4th Vratislavia Sacra International Choir Festival<\/td>\n<td width=\"26%\">I. Prize, Grand Prix<\/td>\n<td width=\"10%\">&nbsp;<\/td>\n<\/tr>\n<tr>\n<td width=\"12%\">May 2016<\/td>\n<td width=\"20%\">Neerpelt (Belgium)<\/td>\n<td width=\"32%\">64th European Music Festival for Young People<\/td>\n<td width=\"26%\">I. Prize cum laude<\/td>\n<td width=\"10%\"><a href=\"https:\/\/www.aurin-choir.hu\/en\/neerpelt-2016\/\"><img decoding=\"async\" style=\"width: 70px; min-width: 70px;\" src=\"https:\/\/www.aurin-choir.hu\/wp-content\/uploads\/2019\/03\/camera_icon_miraculum.png\"><\/a><\/td>\n<\/tr>\n<tr>\n<td width=\"12%\">September 2018<\/td>\n<td width=\"20%\">Paralia (Greece)<\/td>\n<td width=\"32%\">6th Music &amp; Sea International Choir Festival<\/td>\n<td width=\"26%\">I. Prize, Grand Prix<\/td>\n<td width=\"10%\">&nbsp;<\/td>\n<\/tr>\n<tr>\n<td width=\"12%\">June 2019<\/td>\n<td width=\"20%\">Yvetot (France)<\/td>\n<td width=\"32%\">&#8216;Camille Maurane&#8217; International Choir Competition<\/td>\n<td width=\"26%\">I. Prize, Audience prize<\/td>\n<td width=\"10%\"><a href=\"https:\/\/www.aurin-choir.hu\/en\/yvetot-2019\/\"><img decoding=\"async\" style=\"width: 70px; min-width: 70px;\" src=\"https:\/\/www.aurin-choir.hu\/wp-content\/uploads\/2019\/03\/camera_icon_miraculum.png\"><\/a><\/td>\n<\/tr>\n<\/tbody>\n<\/table>\n<\/div>\n<p>[\/vc_column_text][\/vc_column][\/vc_row][vc_row][vc_column][row_separator location=&#8221;bottom&#8221; separator=&#8221;curve-side2&#8243; flip=&#8221;1&#8243; color1=&#8221;#ffffff&#8221; color2=&#8221;#ffffff&#8221; color3=&#8221;#ffffff&#8221;][\/vc_column][\/vc_row][vc_row enable_gradient=&#8221;yes&#8221; gradient_bg=&#8221;linear-gradient(90deg, rgba(28,117,138,0.9) 0%, rgba(0, 73, 94, 0.9) 100%)&#8221;][vc_column][ld_spacer height=&#8221;30px&#8221;][vc_row_inner css=&#8221;.vc_custom_1546335915499{padding-top: 40px !important;padding-bottom: 40px !important;}&#8221;][vc_column_inner width=&#8221;1\/6&#8243;][vc_column_text]<\/p>\n<p style=\"text-align: center;\"><span style=\"color: #ffffff;\"><a style=\"color: #ffffff;\" href=\"https:\/\/www.aurin-choir.hu\/miraculum\/eredmenyek\/\">Results<\/a><\/span><\/p>\n<p>[\/vc_column_text][ld_spacer height=&#8221;10px&#8221;][\/vc_column_inner][vc_column_inner width=&#8221;1\/6&#8243;][vc_column_text]<\/p>\n<p style=\"text-align: center;\"><span style=\"color: #ffffff;\"><a style=\"color: #ffffff;\" href=\"https:\/\/www.aurin-choir.hu\/miraculum\/fesztivalok\/\">Festivals<\/a><\/span><\/p>\n<p>[\/vc_column_text][ld_spacer height=&#8221;10px&#8221;][\/vc_column_inner][vc_column_inner width=&#8221;1\/6&#8243;][vc_column_text]<\/p>\n<p style=\"text-align: center;\"><span style=\"color: #ffffff;\"><a style=\"color: #ffffff;\" href=\"https:\/\/www.aurin-choir.hu\/miraculum\/koncertek\/\">Concerts<\/a><\/span><\/p>\n<p>[\/vc_column_text][ld_spacer height=&#8221;10px&#8221;][\/vc_column_inner][vc_column_inner width=&#8221;1\/6&#8243;][vc_column_text]<\/p>\n<p style=\"text-align: center;\"><span style=\"color: #ffffff;\"><a style=\"color: #ffffff;\" href=\"https:\/\/www.aurin-choir.hu\/miraculum\/cd-lemezek\/\">CD recordings<\/a><\/span><\/p>\n<p>[\/vc_column_text][ld_spacer height=&#8221;10px&#8221;][\/vc_column_inner][vc_column_inner width=&#8221;1\/6&#8243;][vc_column_text]<\/p>\n<p style=\"text-align: center;\"><span style=\"color: #ffffff;\"><a style=\"color: #ffffff;\" href=\"https:\/\/www.aurin-choir.hu\/miraculum\/videok\/\">Videos<\/a><\/span><\/p>\n<p>[\/vc_column_text][ld_spacer height=&#8221;10px&#8221;][\/vc_column_inner][vc_column_inner width=&#8221;1\/6&#8243;][vc_column_text]<\/p>\n<p style=\"text-align: center;\"><span style=\"color: #ffffff;\"><a style=\"color: #ffffff;\" href=\"https:\/\/www.aurin-choir.hu\/en\/miraculum\/photos\/\">Photos<\/a><\/span><\/p>\n<p>[\/vc_column_text][ld_spacer height=&#8221;10px&#8221;][\/vc_column_inner][\/vc_row_inner][ld_spacer height=&#8221;20px&#8221;][\/vc_column][\/vc_row]<\/p>\n","protected":false},"excerpt":{"rendered":"<p>[vc_row bg_position=&#8221;center center&#8221; enable_gradient=&#8221;yes&#8221; enable_overlay=&#8221;yes&#8221; bg_gradient1=&#8221;#4f4f4f&#8221; bg_gradient2=&#8221;#7c1b51&#8243; css=&#8221;.vc_custom_1641057409296{padding-top: 50px !important;padding-bottom: 50px !important;background-image: url(https:\/\/www.aurin-choir.hu\/wp-content\/uploads\/2019\/03\/DSC_0326.jpg?id=894) !important;background-position: center !important;background-repeat: no-repeat !important;background-size: cover !important;}&#8221; overlay_bg=&#8221;linear-gradient(90deg, rgba(28, 117, 138, 0.9) 0%, rgba(0, 73, 94, 0.9) 100%)&#8221;][vc_column][vc_column_text css=&#8221;.vc_custom_1554577357323{padding-top: 80px !important;}&#8221;] [\/vc_column_text][ld_spacer height=&#8221;30px&#8221;][\/vc_column][\/vc_row][vc_row][vc_column][row_separator separator=&#8221;curve-side2&#8243; color1=&#8221;#ffffff&#8221; color2=&#8221;#ffffff&#8221; color3=&#8221;#ffffff&#8221;][\/vc_column][\/vc_row][vc_row][vc_column][ld_spacer height=&#8221;30px&#8221;][vc_column_text] Competition results of the Miraculum Children&#8217;s Choir [\/vc_column_text][ld_spacer height=&#8221;50px&#8221;][\/vc_column][\/vc_row][vc_row][vc_column][vc_column_text] &nbsp; March 1997 Budapest VI. [&hellip;]<\/p>\n","protected":false},"author":1,"featured_media":0,"parent":1471,"menu_order":0,"comment_status":"closed","ping_status":"closed","template":"","meta":{"_et_pb_use_builder":"","_et_pb_old_content":"","_et_gb_content_width":"","ngg_post_thumbnail":0,"footnotes":""},"class_list":["post-1474","page","type-page","status-publish","hentry"],"yoast_head":"<!-- This site is optimized with the Yoast SEO plugin v26.0 - https:\/\/yoast.com\/wordpress\/plugins\/seo\/ -->\n<title>Results - Aurin - Miraculum<\/title>\n<meta name=\"robots\" content=\"index, follow, max-snippet:-1, max-image-preview:large, max-video-preview:-1\" \/>\n<link rel=\"canonical\" href=\"https:\/\/www.aurin-choir.hu\/en\/miraculum\/results\/\" \/>\n<meta property=\"og:locale\" content=\"en_US\" \/>\n<meta property=\"og:type\" content=\"article\" \/>\n<meta property=\"og:title\" content=\"Results - Aurin - Miraculum\" \/>\n<meta property=\"og:description\" content=\"[vc_row bg_position=&#8221;center center&#8221; enable_gradient=&#8221;yes&#8221; enable_overlay=&#8221;yes&#8221; bg_gradient1=&#8221;#4f4f4f&#8221; bg_gradient2=&#8221;#7c1b51&#8243; css=&#8221;.vc_custom_1641057409296{padding-top: 50px !important;padding-bottom: 50px !important;background-image: url(https:\/\/www.aurin-choir.hu\/wp-content\/uploads\/2019\/03\/DSC_0326.jpg?id=894) !important;background-position: center !important;background-repeat: no-repeat !important;background-size: cover !important;}&#8221; overlay_bg=&#8221;linear-gradient(90deg, rgba(28, 117, 138, 0.9) 0%, rgba(0, 73, 94, 0.9) 100%)&#8221;][vc_column][vc_column_text css=&#8221;.vc_custom_1554577357323{padding-top: 80px !important;}&#8221;] [\/vc_column_text][ld_spacer height=&#8221;30px&#8221;][\/vc_column][\/vc_row][vc_row][vc_column][row_separator separator=&#8221;curve-side2&#8243; color1=&#8221;#ffffff&#8221; color2=&#8221;#ffffff&#8221; color3=&#8221;#ffffff&#8221;][\/vc_column][\/vc_row][vc_row][vc_column][ld_spacer height=&#8221;30px&#8221;][vc_column_text] Competition results of the Miraculum Children&#8217;s Choir [\/vc_column_text][ld_spacer height=&#8221;50px&#8221;][\/vc_column][\/vc_row][vc_row][vc_column][vc_column_text] &nbsp; March 1997 Budapest VI. [&hellip;]\" \/>\n<meta property=\"og:url\" content=\"https:\/\/www.aurin-choir.hu\/en\/miraculum\/results\/\" \/>\n<meta property=\"og:site_name\" content=\"Aurin - Miraculum\" \/>\n<meta property=\"article:publisher\" content=\"https:\/\/www.facebook.com\/aurinchoir\" \/>\n<meta property=\"article:modified_time\" content=\"2022-01-27T20:43:15+00:00\" \/>\n<meta property=\"og:image\" content=\"https:\/\/www.aurin-choir.hu\/wp-content\/uploads\/2025\/03\/DSC_2025_kicsi-1.jpg\" \/>\n\t<meta property=\"og:image:width\" content=\"1800\" \/>\n\t<meta property=\"og:image:height\" content=\"1013\" \/>\n\t<meta property=\"og:image:type\" content=\"image\/jpeg\" \/>\n<meta name=\"twitter:card\" content=\"summary_large_image\" \/>\n<meta name=\"twitter:label1\" content=\"Est. reading time\" \/>\n\t<meta name=\"twitter:data1\" content=\"3 minutes\" \/>\n<script type=\"application\/ld+json\" class=\"yoast-schema-graph\">{\"@context\":\"https:\/\/schema.org\",\"@graph\":[{\"@type\":\"WebPage\",\"@id\":\"https:\/\/www.aurin-choir.hu\/en\/miraculum\/results\/\",\"url\":\"https:\/\/www.aurin-choir.hu\/en\/miraculum\/results\/\",\"name\":\"Results - Aurin - Miraculum\",\"isPartOf\":{\"@id\":\"https:\/\/www.aurin-choir.hu\/#website\"},\"primaryImageOfPage\":{\"@id\":\"https:\/\/www.aurin-choir.hu\/en\/miraculum\/results\/#primaryimage\"},\"image\":{\"@id\":\"https:\/\/www.aurin-choir.hu\/en\/miraculum\/results\/#primaryimage\"},\"thumbnailUrl\":\"https:\/\/www.aurin-choir.hu\/wp-content\/uploads\/2019\/04\/miraculum_logo_white.png\",\"datePublished\":\"2019-02-28T15:56:08+00:00\",\"dateModified\":\"2022-01-27T20:43:15+00:00\",\"breadcrumb\":{\"@id\":\"https:\/\/www.aurin-choir.hu\/en\/miraculum\/results\/#breadcrumb\"},\"inLanguage\":\"en-US\",\"potentialAction\":[{\"@type\":\"ReadAction\",\"target\":[\"https:\/\/www.aurin-choir.hu\/en\/miraculum\/results\/\"]}]},{\"@type\":\"ImageObject\",\"inLanguage\":\"en-US\",\"@id\":\"https:\/\/www.aurin-choir.hu\/en\/miraculum\/results\/#primaryimage\",\"url\":\"https:\/\/www.aurin-choir.hu\/wp-content\/uploads\/2019\/04\/miraculum_logo_white.png\",\"contentUrl\":\"https:\/\/www.aurin-choir.hu\/wp-content\/uploads\/2019\/04\/miraculum_logo_white.png\"},{\"@type\":\"BreadcrumbList\",\"@id\":\"https:\/\/www.aurin-choir.hu\/en\/miraculum\/results\/#breadcrumb\",\"itemListElement\":[{\"@type\":\"ListItem\",\"position\":1,\"name\":\"Kezd\u0151lap\",\"item\":\"https:\/\/www.aurin-choir.hu\/en\/\"},{\"@type\":\"ListItem\",\"position\":2,\"name\":\"Miraculum\",\"item\":\"https:\/\/www.aurin-choir.hu\/en\/miraculum\/\"},{\"@type\":\"ListItem\",\"position\":3,\"name\":\"Results\"}]},{\"@type\":\"WebSite\",\"@id\":\"https:\/\/www.aurin-choir.hu\/#website\",\"url\":\"https:\/\/www.aurin-choir.hu\/\",\"name\":\"Aurin - Miraculum\",\"description\":\"Aurin - Miraculum\",\"publisher\":{\"@id\":\"https:\/\/www.aurin-choir.hu\/#organization\"},\"potentialAction\":[{\"@type\":\"SearchAction\",\"target\":{\"@type\":\"EntryPoint\",\"urlTemplate\":\"https:\/\/www.aurin-choir.hu\/?s={search_term_string}\"},\"query-input\":{\"@type\":\"PropertyValueSpecification\",\"valueRequired\":true,\"valueName\":\"search_term_string\"}}],\"inLanguage\":\"en-US\"},{\"@type\":\"Organization\",\"@id\":\"https:\/\/www.aurin-choir.hu\/#organization\",\"name\":\"Aurin \u00e9s Miraculum Alap\u00edtv\u00e1ny\",\"url\":\"https:\/\/www.aurin-choir.hu\/\",\"logo\":{\"@type\":\"ImageObject\",\"inLanguage\":\"en-US\",\"@id\":\"https:\/\/www.aurin-choir.hu\/#\/schema\/logo\/image\/\",\"url\":\"https:\/\/www.aurin-choir.hu\/wp-content\/uploads\/2024\/05\/logo_webre_evadzaro2-1.png\",\"contentUrl\":\"https:\/\/www.aurin-choir.hu\/wp-content\/uploads\/2024\/05\/logo_webre_evadzaro2-1.png\",\"width\":500,\"height\":515,\"caption\":\"Aurin \u00e9s Miraculum Alap\u00edtv\u00e1ny\"},\"image\":{\"@id\":\"https:\/\/www.aurin-choir.hu\/#\/schema\/logo\/image\/\"},\"sameAs\":[\"https:\/\/www.facebook.com\/aurinchoir\"]}]}<\/script>\n<!-- \/ Yoast SEO plugin. -->","yoast_head_json":{"title":"Results - Aurin - Miraculum","robots":{"index":"index","follow":"follow","max-snippet":"max-snippet:-1","max-image-preview":"max-image-preview:large","max-video-preview":"max-video-preview:-1"},"canonical":"https:\/\/www.aurin-choir.hu\/en\/miraculum\/results\/","og_locale":"en_US","og_type":"article","og_title":"Results - Aurin - Miraculum","og_description":"[vc_row bg_position=&#8221;center center&#8221; enable_gradient=&#8221;yes&#8221; enable_overlay=&#8221;yes&#8221; bg_gradient1=&#8221;#4f4f4f&#8221; bg_gradient2=&#8221;#7c1b51&#8243; css=&#8221;.vc_custom_1641057409296{padding-top: 50px !important;padding-bottom: 50px !important;background-image: url(https:\/\/www.aurin-choir.hu\/wp-content\/uploads\/2019\/03\/DSC_0326.jpg?id=894) !important;background-position: center !important;background-repeat: no-repeat !important;background-size: cover !important;}&#8221; overlay_bg=&#8221;linear-gradient(90deg, rgba(28, 117, 138, 0.9) 0%, rgba(0, 73, 94, 0.9) 100%)&#8221;][vc_column][vc_column_text css=&#8221;.vc_custom_1554577357323{padding-top: 80px !important;}&#8221;] [\/vc_column_text][ld_spacer height=&#8221;30px&#8221;][\/vc_column][\/vc_row][vc_row][vc_column][row_separator separator=&#8221;curve-side2&#8243; color1=&#8221;#ffffff&#8221; color2=&#8221;#ffffff&#8221; color3=&#8221;#ffffff&#8221;][\/vc_column][\/vc_row][vc_row][vc_column][ld_spacer height=&#8221;30px&#8221;][vc_column_text] Competition results of the Miraculum Children&#8217;s Choir [\/vc_column_text][ld_spacer height=&#8221;50px&#8221;][\/vc_column][\/vc_row][vc_row][vc_column][vc_column_text] &nbsp; March 1997 Budapest VI. [&hellip;]","og_url":"https:\/\/www.aurin-choir.hu\/en\/miraculum\/results\/","og_site_name":"Aurin - Miraculum","article_publisher":"https:\/\/www.facebook.com\/aurinchoir","article_modified_time":"2022-01-27T20:43:15+00:00","og_image":[{"width":1800,"height":1013,"url":"https:\/\/www.aurin-choir.hu\/wp-content\/uploads\/2025\/03\/DSC_2025_kicsi-1.jpg","type":"image\/jpeg"}],"twitter_card":"summary_large_image","twitter_misc":{"Est. reading time":"3 minutes"},"schema":{"@context":"https:\/\/schema.org","@graph":[{"@type":"WebPage","@id":"https:\/\/www.aurin-choir.hu\/en\/miraculum\/results\/","url":"https:\/\/www.aurin-choir.hu\/en\/miraculum\/results\/","name":"Results - Aurin - Miraculum","isPartOf":{"@id":"https:\/\/www.aurin-choir.hu\/#website"},"primaryImageOfPage":{"@id":"https:\/\/www.aurin-choir.hu\/en\/miraculum\/results\/#primaryimage"},"image":{"@id":"https:\/\/www.aurin-choir.hu\/en\/miraculum\/results\/#primaryimage"},"thumbnailUrl":"https:\/\/www.aurin-choir.hu\/wp-content\/uploads\/2019\/04\/miraculum_logo_white.png","datePublished":"2019-02-28T15:56:08+00:00","dateModified":"2022-01-27T20:43:15+00:00","breadcrumb":{"@id":"https:\/\/www.aurin-choir.hu\/en\/miraculum\/results\/#breadcrumb"},"inLanguage":"en-US","potentialAction":[{"@type":"ReadAction","target":["https:\/\/www.aurin-choir.hu\/en\/miraculum\/results\/"]}]},{"@type":"ImageObject","inLanguage":"en-US","@id":"https:\/\/www.aurin-choir.hu\/en\/miraculum\/results\/#primaryimage","url":"https:\/\/www.aurin-choir.hu\/wp-content\/uploads\/2019\/04\/miraculum_logo_white.png","contentUrl":"https:\/\/www.aurin-choir.hu\/wp-content\/uploads\/2019\/04\/miraculum_logo_white.png"},{"@type":"BreadcrumbList","@id":"https:\/\/www.aurin-choir.hu\/en\/miraculum\/results\/#breadcrumb","itemListElement":[{"@type":"ListItem","position":1,"name":"Kezd\u0151lap","item":"https:\/\/www.aurin-choir.hu\/en\/"},{"@type":"ListItem","position":2,"name":"Miraculum","item":"https:\/\/www.aurin-choir.hu\/en\/miraculum\/"},{"@type":"ListItem","position":3,"name":"Results"}]},{"@type":"WebSite","@id":"https:\/\/www.aurin-choir.hu\/#website","url":"https:\/\/www.aurin-choir.hu\/","name":"Aurin - Miraculum","description":"Aurin - Miraculum","publisher":{"@id":"https:\/\/www.aurin-choir.hu\/#organization"},"potentialAction":[{"@type":"SearchAction","target":{"@type":"EntryPoint","urlTemplate":"https:\/\/www.aurin-choir.hu\/?s={search_term_string}"},"query-input":{"@type":"PropertyValueSpecification","valueRequired":true,"valueName":"search_term_string"}}],"inLanguage":"en-US"},{"@type":"Organization","@id":"https:\/\/www.aurin-choir.hu\/#organization","name":"Aurin \u00e9s Miraculum Alap\u00edtv\u00e1ny","url":"https:\/\/www.aurin-choir.hu\/","logo":{"@type":"ImageObject","inLanguage":"en-US","@id":"https:\/\/www.aurin-choir.hu\/#\/schema\/logo\/image\/","url":"https:\/\/www.aurin-choir.hu\/wp-content\/uploads\/2024\/05\/logo_webre_evadzaro2-1.png","contentUrl":"https:\/\/www.aurin-choir.hu\/wp-content\/uploads\/2024\/05\/logo_webre_evadzaro2-1.png","width":500,"height":515,"caption":"Aurin \u00e9s Miraculum Alap\u00edtv\u00e1ny"},"image":{"@id":"https:\/\/www.aurin-choir.hu\/#\/schema\/logo\/image\/"},"sameAs":["https:\/\/www.facebook.com\/aurinchoir"]}]}},"_links":{"self":[{"href":"https:\/\/www.aurin-choir.hu\/en\/wp-json\/wp\/v2\/pages\/1474","targetHints":{"allow":["GET"]}}],"collection":[{"href":"https:\/\/www.aurin-choir.hu\/en\/wp-json\/wp\/v2\/pages"}],"about":[{"href":"https:\/\/www.aurin-choir.hu\/en\/wp-json\/wp\/v2\/types\/page"}],"author":[{"embeddable":true,"href":"https:\/\/www.aurin-choir.hu\/en\/wp-json\/wp\/v2\/users\/1"}],"replies":[{"embeddable":true,"href":"https:\/\/www.aurin-choir.hu\/en\/wp-json\/wp\/v2\/comments?post=1474"}],"version-history":[{"count":11,"href":"https:\/\/www.aurin-choir.hu\/en\/wp-json\/wp\/v2\/pages\/1474\/revisions"}],"predecessor-version":[{"id":12166,"href":"https:\/\/www.aurin-choir.hu\/en\/wp-json\/wp\/v2\/pages\/1474\/revisions\/12166"}],"up":[{"embeddable":true,"href":"https:\/\/www.aurin-choir.hu\/en\/wp-json\/wp\/v2\/pages\/1471"}],"wp:attachment":[{"href":"https:\/\/www.aurin-choir.hu\/en\/wp-json\/wp\/v2\/media?parent=1474"}],"curies":[{"name":"wp","href":"https:\/\/api.w.org\/{rel}","templated":true}]}}