{"id":1476,"date":"2019-03-10T13:15:31","date_gmt":"2019-03-10T13:15:31","guid":{"rendered":"http:\/\/www.aurin-choir.hu\/miraculum\/fotok\/"},"modified":"2022-01-27T21:06:24","modified_gmt":"2022-01-27T21:06:24","slug":"photos","status":"publish","type":"page","link":"https:\/\/www.aurin-choir.hu\/en\/miraculum\/photos\/","title":{"rendered":"Photos"},"content":{"rendered":"<p>[vc_row bg_position=&#8221;center center&#8221; enable_gradient=&#8221;yes&#8221; enable_overlay=&#8221;yes&#8221; bg_gradient1=&#8221;#4f4f4f&#8221; bg_gradient2=&#8221;#7c1b51&#8243; css=&#8221;.vc_custom_1641057409296{padding-top: 50px !important;padding-bottom: 50px !important;background-image: url(https:\/\/www.aurin-choir.hu\/wp-content\/uploads\/2019\/03\/DSC_0326.jpg?id=894) !important;background-position: center !important;background-repeat: no-repeat !important;background-size: cover !important;}&#8221; overlay_bg=&#8221;linear-gradient(90deg, rgba(28, 117, 138, 0.9) 0%, rgba(0, 73, 94, 0.9) 100%)&#8221;][vc_column][vc_column_text css=&#8221;.vc_custom_1554577357323{padding-top: 80px !important;}&#8221;]<\/p>\n<p style=\"text-align: center;\"><img loading=\"lazy\" decoding=\"async\" class=\"alignnone wp-image-49 size-medium\" src=\"https:\/\/www.aurin-choir.hu\/wp-content\/uploads\/2019\/04\/miraculum_logo_white.png\" alt=\"\" width=\"300\" height=\"90\"><\/p>\n<p>[\/vc_column_text][ld_spacer height=&#8221;30px&#8221;][\/vc_column][\/vc_row][vc_row][vc_column][row_separator separator=&#8221;curve-side2&#8243; color1=&#8221;#ffffff&#8221; color2=&#8221;#ffffff&#8221; color3=&#8221;#ffffff&#8221;][\/vc_column][\/vc_row][vc_row][vc_column][ld_spacer height=&#8221;30px&#8221;][vc_column_text]<\/p>\n<div id=\"texttitle\" class=\"clearfix\">\n<h3><span style=\"color: #1c758a;\">Miraculum Children&#8217;s Choir photos<\/span><\/h3>\n<\/div>\n<p>[\/vc_column_text][ld_spacer height=&#8221;50px&#8221;][\/vc_column][\/vc_row][vc_row][vc_column][vc_row_inner content_placement=&#8221;middle&#8221; css=&#8221;.vc_custom_1583269239612{border-bottom-width: 2px !important;border-bottom-color: #1c758a !important;border-bottom-style: solid !important;}&#8221;][vc_column_inner css=&#8221;.vc_custom_1577377692583{margin-bottom: 0px !important;padding-top: 8px !important;padding-bottom: 10px !important;}&#8221;][vc_column_text css=&#8221;.vc_custom_1643317429298{margin-bottom: 0px !important;}&#8221;]<span style=\"color: #000000;\"><strong>2021<\/strong><\/span>[\/vc_column_text][\/vc_column_inner][\/vc_row_inner][ld_spacer height=&#8221;30px&#8221;][vc_row_inner css=&#8221;.vc_custom_1552218813766{padding-bottom: 30px !important;}&#8221;][vc_column_inner width=&#8221;1\/3&#8243;][hero_box image=&#8221;12012&#8243; type=&#8221;goliath&#8221; title=&#8221;&#8221; caption=&#8221;Christmas concert 2021 &#8211; Kecskem\u00e9t&#8221; tint=&#8221;#1c758a&#8221; no_tint=&#8221;true&#8221; link=&#8221;https:\/\/www.aurin-choir.hu\/en\/varazslatos-karacsony-2021\/&#8221;][ld_spacer height=&#8221;30px&#8221;][\/vc_column_inner][vc_column_inner width=&#8221;1\/3&#8243;][\/vc_column_inner][vc_column_inner width=&#8221;1\/3&#8243;][\/vc_column_inner][\/vc_row_inner][\/vc_column][\/vc_row][vc_row][vc_column][vc_row_inner content_placement=&#8221;middle&#8221; css=&#8221;.vc_custom_1583269239612{border-bottom-width: 2px !important;border-bottom-color: #1c758a !important;border-bottom-style: solid !important;}&#8221;][vc_column_inner css=&#8221;.vc_custom_1577377692583{margin-bottom: 0px !important;padding-top: 8px !important;padding-bottom: 10px !important;}&#8221;][vc_column_text css=&#8221;.vc_custom_1583272553822{margin-bottom: 0px !important;}&#8221;]<span style=\"color: #000000;\"><strong>2020<\/strong><\/span>[\/vc_column_text][\/vc_column_inner][\/vc_row_inner][ld_spacer height=&#8221;30px&#8221;][vc_row_inner css=&#8221;.vc_custom_1552218813766{padding-bottom: 30px !important;}&#8221;][vc_column_inner width=&#8221;1\/3&#8243;][hero_box image=&#8221;6245&#8243; type=&#8221;goliath&#8221; title=&#8221;&#8221; caption=&#8221;Sing together! 2020 &#8211; Szolnok&#8221; tint=&#8221;#1c758a&#8221; no_tint=&#8221;true&#8221; link=&#8221;https:\/\/www.aurin-choir.hu\/en\/szolnok-2020\/&#8221;][ld_spacer height=&#8221;30px&#8221;][\/vc_column_inner][vc_column_inner width=&#8221;1\/3&#8243;][\/vc_column_inner][vc_column_inner width=&#8221;1\/3&#8243;][\/vc_column_inner][\/vc_row_inner][\/vc_column][\/vc_row][vc_row][vc_column][vc_row_inner content_placement=&#8221;middle&#8221; css=&#8221;.vc_custom_1583269239612{border-bottom-width: 2px !important;border-bottom-color: #1c758a !important;border-bottom-style: solid !important;}&#8221;][vc_column_inner css=&#8221;.vc_custom_1577377692583{margin-bottom: 0px !important;padding-top: 8px !important;padding-bottom: 10px !important;}&#8221;][vc_column_text css=&#8221;.vc_custom_1579030325924{margin-bottom: 0px !important;}&#8221;]<span style=\"color: #000000;\"><strong>2019<\/strong><\/span>[\/vc_column_text][\/vc_column_inner][\/vc_row_inner][ld_spacer height=&#8221;30px&#8221;][vc_row_inner css=&#8221;.vc_custom_1552218813766{padding-bottom: 30px !important;}&#8221;][vc_column_inner width=&#8221;1\/3&#8243;][hero_box image=&#8221;5956&#8243; type=&#8221;goliath&#8221; title=&#8221;&#8221; caption=&#8221;Christmas concert 2019 &#8211; Kecskem\u00e9t&#8221; tint=&#8221;#1c758a&#8221; no_tint=&#8221;true&#8221; link=&#8221;https:\/\/www.aurin-choir.hu\/en\/varazslatos-karacsony-2019\/&#8221;][ld_spacer height=&#8221;30px&#8221;][\/vc_column_inner][vc_column_inner width=&#8221;1\/3&#8243;][hero_box image=&#8221;11156&#8243; type=&#8221;goliath&#8221; title=&#8221;&#8221; caption=&#8221;Yvetot 2019&#8243; tint=&#8221;#1c758a&#8221; no_tint=&#8221;true&#8221; link=&#8221;https:\/\/www.aurin-choir.hu\/en\/yvetot-2019\/&#8221;][ld_spacer height=&#8221;30px&#8221;][\/vc_column_inner][vc_column_inner width=&#8221;1\/3&#8243;][\/vc_column_inner][\/vc_row_inner][\/vc_column][\/vc_row][vc_row][vc_column][vc_row_inner content_placement=&#8221;middle&#8221; css=&#8221;.vc_custom_1583269229500{border-bottom-width: 2px !important;border-bottom-color: #1c758a !important;border-bottom-style: solid !important;}&#8221;][vc_column_inner css=&#8221;.vc_custom_1577377692583{margin-bottom: 0px !important;padding-top: 8px !important;padding-bottom: 10px !important;}&#8221;][vc_column_text css=&#8221;.vc_custom_1579030395909{margin-bottom: 0px !important;}&#8221;]<span style=\"color: #000000;\"><strong>2018<\/strong><\/span>[\/vc_column_text][\/vc_column_inner][\/vc_row_inner][ld_spacer height=&#8221;30px&#8221;][vc_row_inner css=&#8221;.vc_custom_1552218813766{padding-bottom: 30px !important;}&#8221;][vc_column_inner width=&#8221;1\/3&#8243;][hero_box image=&#8221;894&#8243; type=&#8221;goliath&#8221; title=&#8221;&#8221; caption=&#8221;Christmas concert 2018&#8243; tint=&#8221;#1c758a&#8221; no_tint=&#8221;true&#8221; link=&#8221;https:\/\/www.aurin-choir.hu\/en\/varazslatos-karacsony-2018\/&#8221;][ld_spacer height=&#8221;30px&#8221;][\/vc_column_inner][vc_column_inner width=&#8221;1\/3&#8243;][hero_box image=&#8221;901&#8243; type=&#8221;goliath&#8221; title=&#8221;&#8221; caption=&#8221;Season closing concert 2018&#8243; tint=&#8221;#1c758a&#8221; no_tint=&#8221;true&#8221; link=&#8221;https:\/\/www.aurin-choir.hu\/en\/evadzaro-koncert-2018\/&#8221;][ld_spacer height=&#8221;30px&#8221;][\/vc_column_inner][vc_column_inner width=&#8221;1\/3&#8243;][\/vc_column_inner][\/vc_row_inner][\/vc_column][\/vc_row][vc_row][vc_column][vc_row_inner content_placement=&#8221;middle&#8221; css=&#8221;.vc_custom_1583269218989{border-bottom-width: 2px !important;border-bottom-color: #1c758a !important;border-bottom-style: solid !important;}&#8221;][vc_column_inner css=&#8221;.vc_custom_1577377692583{margin-bottom: 0px !important;padding-top: 8px !important;padding-bottom: 10px !important;}&#8221;][vc_column_text css=&#8221;.vc_custom_1579030427881{margin-bottom: 0px !important;}&#8221;]<span style=\"color: #000000;\"><strong>2017<\/strong><\/span>[\/vc_column_text][\/vc_column_inner][\/vc_row_inner][ld_spacer height=&#8221;30px&#8221;][vc_row_inner css=&#8221;.vc_custom_1552218813766{padding-bottom: 30px !important;}&#8221;][vc_column_inner width=&#8221;1\/3&#8243;][hero_box image=&#8221;986&#8243; type=&#8221;goliath&#8221; title=&#8221;&#8221; caption=&#8221;Christmas concert 2017 &#8211; Kecskem\u00e9t&#8221; tint=&#8221;#1c758a&#8221; no_tint=&#8221;true&#8221; link=&#8221;https:\/\/www.aurin-choir.hu\/en\/varazslatos-karacsony-2017\/&#8221;][ld_spacer height=&#8221;30px&#8221;][\/vc_column_inner][vc_column_inner width=&#8221;1\/3&#8243;][hero_box image=&#8221;1422&#8243; type=&#8221;goliath&#8221; title=&#8221;&#8221; caption=&#8221;Miraculum 20 &#8211; Kecskem\u00e9t 2017&#8243; tint=&#8221;#1c758a&#8221; no_tint=&#8221;true&#8221; link=&#8221;https:\/\/www.aurin-choir.hu\/en\/miraculum-20\/&#8221;][ld_spacer height=&#8221;30px&#8221;][\/vc_column_inner][vc_column_inner width=&#8221;1\/3&#8243;][\/vc_column_inner][\/vc_row_inner][\/vc_column][\/vc_row][vc_row][vc_column][vc_row_inner content_placement=&#8221;middle&#8221; css=&#8221;.vc_custom_1583269218989{border-bottom-width: 2px !important;border-bottom-color: #1c758a !important;border-bottom-style: solid !important;}&#8221;][vc_column_inner css=&#8221;.vc_custom_1577377692583{margin-bottom: 0px !important;padding-top: 8px !important;padding-bottom: 10px !important;}&#8221;][vc_column_text css=&#8221;.vc_custom_1584533625602{margin-bottom: 0px !important;}&#8221;]<span style=\"color: #000000;\"><strong>2016<\/strong><\/span>[\/vc_column_text][\/vc_column_inner][\/vc_row_inner][ld_spacer height=&#8221;30px&#8221;][vc_row_inner css=&#8221;.vc_custom_1552218813766{padding-bottom: 30px !important;}&#8221;][vc_column_inner width=&#8221;1\/3&#8243;][hero_box image=&#8221;6690&#8243; type=&#8221;goliath&#8221; title=&#8221;&#8221; caption=&#8221;Christmas concert 2016 &#8211; Kecskem\u00e9t&#8221; tint=&#8221;#1c758a&#8221; no_tint=&#8221;true&#8221; link=&#8221;https:\/\/www.aurin-choir.hu\/en\/christmas-concert-2016\/&#8221;][ld_spacer height=&#8221;30px&#8221;][\/vc_column_inner][vc_column_inner width=&#8221;1\/3&#8243;][hero_box image=&#8221;6818&#8243; type=&#8221;goliath&#8221; title=&#8221;&#8221; caption=&#8221;2nd Budapest International Choral Celebration, 2016&#8243; tint=&#8221;#1c758a&#8221; no_tint=&#8221;true&#8221; link=&#8221;https:\/\/www.aurin-choir.hu\/en\/2nd-budapest-international-choral-celebration\/&#8221;][ld_spacer height=&#8221;30px&#8221;][\/vc_column_inner][vc_column_inner width=&#8221;1\/3&#8243;][hero_box image=&#8221;11094&#8243; type=&#8221;goliath&#8221; title=&#8221;&#8221; caption=&#8221;Neerpelt 2016&#8243; tint=&#8221;#1c758a&#8221; no_tint=&#8221;true&#8221; link=&#8221;https:\/\/www.aurin-choir.hu\/en\/neerpelt-2016\/&#8221;][ld_spacer height=&#8221;30px&#8221;][\/vc_column_inner][\/vc_row_inner][\/vc_column][\/vc_row][vc_row][vc_column][vc_row_inner content_placement=&#8221;middle&#8221; css=&#8221;.vc_custom_1583269218989{border-bottom-width: 2px !important;border-bottom-color: #1c758a !important;border-bottom-style: solid !important;}&#8221;][vc_column_inner css=&#8221;.vc_custom_1577377692583{margin-bottom: 0px !important;padding-top: 8px !important;padding-bottom: 10px !important;}&#8221;][vc_column_text css=&#8221;.vc_custom_1584626195622{margin-bottom: 0px !important;}&#8221;]<span style=\"color: #000000;\"><strong>2015<\/strong><\/span>[\/vc_column_text][\/vc_column_inner][\/vc_row_inner][ld_spacer height=&#8221;30px&#8221;][vc_row_inner css=&#8221;.vc_custom_1552218813766{padding-bottom: 30px !important;}&#8221;][vc_column_inner width=&#8221;1\/3&#8243;][hero_box image=&#8221;7584&#8243; type=&#8221;goliath&#8221; title=&#8221;&#8221; caption=&#8221;Christmas concert 2015 &#8211; Kecskem\u00e9t&#8221; tint=&#8221;#1c758a&#8221; no_tint=&#8221;true&#8221; link=&#8221;https:\/\/www.aurin-choir.hu\/en\/christmas-concert-2015\/&#8221;][ld_spacer height=&#8221;30px&#8221;][\/vc_column_inner][vc_column_inner width=&#8221;1\/3&#8243;][hero_box image=&#8221;8295&#8243; type=&#8221;goliath&#8221; title=&#8221;&#8221; caption=&#8221;Kod\u00e1ly concert 2015 &#8211; Budapest&#8221; tint=&#8221;#1c758a&#8221; no_tint=&#8221;true&#8221; link=&#8221;https:\/\/www.aurin-choir.hu\/en\/zeneakademia-2015\/&#8221;][ld_spacer height=&#8221;30px&#8221;][\/vc_column_inner][vc_column_inner width=&#8221;1\/3&#8243;][hero_box image=&#8221;8252&#8243; type=&#8221;goliath&#8221; title=&#8221;&#8221; caption=&#8221;M\u00fcpa10 \u2013 Youth concert 2015 &#8211; Budapest&#8221; tint=&#8221;#1c758a&#8221; no_tint=&#8221;true&#8221; link=&#8221;https:\/\/www.aurin-choir.hu\/en\/mupa-10\/&#8221;][ld_spacer height=&#8221;30px&#8221;][\/vc_column_inner][\/vc_row_inner][\/vc_column][\/vc_row][vc_row][vc_column][vc_row_inner content_placement=&#8221;middle&#8221; css=&#8221;.vc_custom_1583269218989{border-bottom-width: 2px !important;border-bottom-color: #1c758a !important;border-bottom-style: solid !important;}&#8221;][vc_column_inner css=&#8221;.vc_custom_1577377692583{margin-bottom: 0px !important;padding-top: 8px !important;padding-bottom: 10px !important;}&#8221;][vc_column_text css=&#8221;.vc_custom_1584801721838{margin-bottom: 0px !important;}&#8221;]<span style=\"color: #000000;\"><strong>2014<\/strong><\/span>[\/vc_column_text][\/vc_column_inner][\/vc_row_inner][ld_spacer height=&#8221;30px&#8221;][vc_row_inner css=&#8221;.vc_custom_1552218813766{padding-bottom: 30px !important;}&#8221;][vc_column_inner width=&#8221;1\/3&#8243;][hero_box image=&#8221;8349&#8243; type=&#8221;goliath&#8221; title=&#8221;&#8221; caption=&#8221;Christmas concert 2014 &#8211; Kecskem\u00e9t&#8221; tint=&#8221;#1c758a&#8221; no_tint=&#8221;true&#8221; link=&#8221;https:\/\/www.aurin-choir.hu\/en\/christmas-concert-2014\/&#8221;][ld_spacer height=&#8221;30px&#8221;][\/vc_column_inner][vc_column_inner width=&#8221;1\/3&#8243;][\/vc_column_inner][vc_column_inner width=&#8221;1\/3&#8243;][\/vc_column_inner][\/vc_row_inner][\/vc_column][\/vc_row][vc_row][vc_column][vc_row_inner content_placement=&#8221;middle&#8221; css=&#8221;.vc_custom_1583269218989{border-bottom-width: 2px !important;border-bottom-color: #1c758a !important;border-bottom-style: solid !important;}&#8221;][vc_column_inner css=&#8221;.vc_custom_1577377692583{margin-bottom: 0px !important;padding-top: 8px !important;padding-bottom: 10px !important;}&#8221;][vc_column_text css=&#8221;.vc_custom_1584809093996{margin-bottom: 0px !important;}&#8221;]<span style=\"color: #000000;\"><strong>2013<\/strong><\/span>[\/vc_column_text][\/vc_column_inner][\/vc_row_inner][ld_spacer height=&#8221;30px&#8221;][vc_row_inner css=&#8221;.vc_custom_1552218813766{padding-bottom: 30px !important;}&#8221;][vc_column_inner width=&#8221;1\/3&#8243;][hero_box image=&#8221;8492&#8243; type=&#8221;goliath&#8221; title=&#8221;&#8221; caption=&#8221;Christmas concert 2013 &#8211; Kecskem\u00e9t&#8221; tint=&#8221;#1c758a&#8221; no_tint=&#8221;true&#8221; link=&#8221;https:\/\/www.aurin-choir.hu\/en\/christmas-concert-2013\/&#8221;][ld_spacer height=&#8221;30px&#8221;][\/vc_column_inner][vc_column_inner width=&#8221;1\/3&#8243;][hero_box image=&#8221;9080&#8243; type=&#8221;goliath&#8221; title=&#8221;&#8221; caption=&#8221;Sz\u00e9kelyudvarhely 2013&#8243; tint=&#8221;#1c758a&#8221; no_tint=&#8221;true&#8221; link=&#8221;https:\/\/www.aurin-choir.hu\/en\/szekelyudvarhely-2013\/&#8221;][ld_spacer height=&#8221;30px&#8221;][\/vc_column_inner][vc_column_inner width=&#8221;1\/3&#8243;][\/vc_column_inner][\/vc_row_inner][\/vc_column][\/vc_row][vc_row][vc_column][vc_row_inner content_placement=&#8221;middle&#8221; css=&#8221;.vc_custom_1583269218989{border-bottom-width: 2px !important;border-bottom-color: #1c758a !important;border-bottom-style: solid !important;}&#8221;][vc_column_inner css=&#8221;.vc_custom_1577377692583{margin-bottom: 0px !important;padding-top: 8px !important;padding-bottom: 10px !important;}&#8221;][vc_column_text css=&#8221;.vc_custom_1584809135460{margin-bottom: 0px !important;}&#8221;]<span style=\"color: #000000;\"><strong>2012<\/strong><\/span>[\/vc_column_text][\/vc_column_inner][\/vc_row_inner][ld_spacer height=&#8221;30px&#8221;][vc_row_inner css=&#8221;.vc_custom_1552218813766{padding-bottom: 30px !important;}&#8221;][vc_column_inner width=&#8221;1\/3&#8243;][hero_box image=&#8221;8656&#8243; type=&#8221;goliath&#8221; title=&#8221;&#8221; caption=&#8221;Christmas concert 2012 &#8211; Kecskem\u00e9t&#8221; tint=&#8221;#1c758a&#8221; no_tint=&#8221;true&#8221; link=&#8221;https:\/\/www.aurin-choir.hu\/en\/christmas-concert-2012\/&#8221;][ld_spacer height=&#8221;30px&#8221;][\/vc_column_inner][vc_column_inner width=&#8221;1\/3&#8243;][hero_box image=&#8221;9244&#8243; type=&#8221;goliath&#8221; title=&#8221;&#8221; caption=&#8221;Csiper\u00f3 2012 &#8211; Kecskem\u00e9t&#8221; tint=&#8221;#1c758a&#8221; no_tint=&#8221;true&#8221; link=&#8221;https:\/\/www.aurin-choir.hu\/en\/csipero-2012\/&#8221;][ld_spacer height=&#8221;30px&#8221;][\/vc_column_inner][vc_column_inner width=&#8221;1\/3&#8243;][\/vc_column_inner][\/vc_row_inner][\/vc_column][\/vc_row][vc_row][vc_column][vc_row_inner content_placement=&#8221;middle&#8221; css=&#8221;.vc_custom_1583269218989{border-bottom-width: 2px !important;border-bottom-color: #1c758a !important;border-bottom-style: solid !important;}&#8221;][vc_column_inner css=&#8221;.vc_custom_1577377692583{margin-bottom: 0px !important;padding-top: 8px !important;padding-bottom: 10px !important;}&#8221;][vc_column_text css=&#8221;.vc_custom_1584809174685{margin-bottom: 0px !important;}&#8221;]<span style=\"color: #000000;\"><strong>2011<\/strong><\/span>[\/vc_column_text][\/vc_column_inner][\/vc_row_inner][ld_spacer height=&#8221;30px&#8221;][vc_row_inner css=&#8221;.vc_custom_1552218813766{padding-bottom: 30px !important;}&#8221;][vc_column_inner width=&#8221;1\/3&#8243;][hero_box image=&#8221;8664&#8243; type=&#8221;goliath&#8221; title=&#8221;&#8221; caption=&#8221;Christmas concert 2011 &#8211; Kecskem\u00e9t&#8221; tint=&#8221;#1c758a&#8221; no_tint=&#8221;true&#8221; link=&#8221;https:\/\/www.aurin-choir.hu\/en\/christmas-concert-2011\/&#8221;][ld_spacer height=&#8221;30px&#8221;][\/vc_column_inner][vc_column_inner width=&#8221;1\/3&#8243;][hero_box image=&#8221;9991&#8243; type=&#8221;goliath&#8221; title=&#8221;&#8221; caption=&#8221;World Liszt Day 2011 &#8211; Kecskem\u00e9t&#8221; tint=&#8221;#1c758a&#8221; no_tint=&#8221;true&#8221; link=&#8221;https:\/\/www.aurin-choir.hu\/en\/world-liszt-day-2011\/&#8221;][ld_spacer height=&#8221;30px&#8221;][\/vc_column_inner][vc_column_inner width=&#8221;1\/3&#8243;][\/vc_column_inner][\/vc_row_inner][\/vc_column][\/vc_row][vc_row][vc_column][vc_row_inner content_placement=&#8221;middle&#8221; css=&#8221;.vc_custom_1583269218989{border-bottom-width: 2px !important;border-bottom-color: #1c758a !important;border-bottom-style: solid !important;}&#8221;][vc_column_inner css=&#8221;.vc_custom_1577377692583{margin-bottom: 0px !important;padding-top: 8px !important;padding-bottom: 10px !important;}&#8221;][vc_column_text css=&#8221;.vc_custom_1584809210276{margin-bottom: 0px !important;}&#8221;]<span style=\"color: #000000;\"><strong>2010<\/strong><\/span>[\/vc_column_text][\/vc_column_inner][\/vc_row_inner][ld_spacer height=&#8221;30px&#8221;][vc_row_inner css=&#8221;.vc_custom_1552218813766{padding-bottom: 30px !important;}&#8221;][vc_column_inner width=&#8221;1\/3&#8243;][hero_box image=&#8221;8670&#8243; type=&#8221;goliath&#8221; title=&#8221;&#8221; caption=&#8221;Christmas concert 2010 &#8211; Kecskem\u00e9t&#8221; tint=&#8221;#1c758a&#8221; no_tint=&#8221;true&#8221; link=&#8221;https:\/\/www.aurin-choir.hu\/en\/christmas-concert-2010\/&#8221;][ld_spacer height=&#8221;30px&#8221;][\/vc_column_inner][vc_column_inner width=&#8221;1\/3&#8243;][hero_box image=&#8221;10093&#8243; type=&#8221;goliath&#8221; title=&#8221;&#8221; caption=&#8221;Neerpelt 2010&#8243; tint=&#8221;#1c758a&#8221; no_tint=&#8221;true&#8221; link=&#8221;https:\/\/www.aurin-choir.hu\/en\/neerpelt-2010\/&#8221;][ld_spacer height=&#8221;30px&#8221;][\/vc_column_inner][vc_column_inner width=&#8221;1\/3&#8243;][\/vc_column_inner][\/vc_row_inner][\/vc_column][\/vc_row][vc_row][vc_column][row_separator location=&#8221;bottom&#8221; separator=&#8221;curve-side2&#8243; flip=&#8221;1&#8243; color1=&#8221;#ffffff&#8221; color2=&#8221;#ffffff&#8221; color3=&#8221;#ffffff&#8221;][\/vc_column][\/vc_row][vc_row enable_gradient=&#8221;yes&#8221; gradient_bg=&#8221;linear-gradient(90deg, rgba(28,117,138,0.9) 0%, rgba(0, 73, 94, 0.9) 100%)&#8221;][vc_column][ld_spacer height=&#8221;30px&#8221;][vc_row_inner css=&#8221;.vc_custom_1546335915499{padding-top: 40px !important;padding-bottom: 40px !important;}&#8221;][vc_column_inner width=&#8221;1\/6&#8243;][vc_column_text]<\/p>\n<p style=\"text-align: center;\"><span style=\"color: #ffffff;\"><a style=\"color: #ffffff;\" href=\"https:\/\/www.aurin-choir.hu\/miraculum\/eredmenyek\/\">Results<\/a><\/span><\/p>\n<p>[\/vc_column_text][ld_spacer height=&#8221;10px&#8221;][\/vc_column_inner][vc_column_inner width=&#8221;1\/6&#8243;][vc_column_text]<\/p>\n<p style=\"text-align: center;\"><span style=\"color: #ffffff;\"><a style=\"color: #ffffff;\" href=\"https:\/\/www.aurin-choir.hu\/miraculum\/fesztivalok\/\">Festivals<\/a><\/span><\/p>\n<p>[\/vc_column_text][ld_spacer height=&#8221;10px&#8221;][\/vc_column_inner][vc_column_inner width=&#8221;1\/6&#8243;][vc_column_text]<\/p>\n<p style=\"text-align: center;\"><span style=\"color: #ffffff;\"><a style=\"color: #ffffff;\" href=\"https:\/\/www.aurin-choir.hu\/miraculum\/koncertek\/\">Concerts<\/a><\/span><\/p>\n<p>[\/vc_column_text][ld_spacer height=&#8221;10px&#8221;][\/vc_column_inner][vc_column_inner width=&#8221;1\/6&#8243;][vc_column_text]<\/p>\n<p style=\"text-align: center;\"><span style=\"color: #ffffff;\"><a style=\"color: #ffffff;\" href=\"https:\/\/www.aurin-choir.hu\/miraculum\/cd-lemezek\/\">CD recordings<\/a><\/span><\/p>\n<p>[\/vc_column_text][ld_spacer height=&#8221;10px&#8221;][\/vc_column_inner][vc_column_inner width=&#8221;1\/6&#8243;][vc_column_text]<\/p>\n<p style=\"text-align: center;\"><span style=\"color: #ffffff;\"><a style=\"color: #ffffff;\" href=\"https:\/\/www.aurin-choir.hu\/miraculum\/videok\/\">Videos<\/a><\/span><\/p>\n<p>[\/vc_column_text][ld_spacer height=&#8221;10px&#8221;][\/vc_column_inner][vc_column_inner width=&#8221;1\/6&#8243;][vc_column_text]<\/p>\n<p style=\"text-align: center;\"><span style=\"color: #ffffff;\"><a style=\"color: #ffffff;\" href=\"https:\/\/www.aurin-choir.hu\/en\/miraculum\/photos\/\">Photos<\/a><\/span><\/p>\n<p>[\/vc_column_text][ld_spacer height=&#8221;10px&#8221;][\/vc_column_inner][\/vc_row_inner][ld_spacer height=&#8221;20px&#8221;][\/vc_column][\/vc_row]<\/p>\n","protected":false},"excerpt":{"rendered":"<p>[vc_row bg_position=&#8221;center center&#8221; enable_gradient=&#8221;yes&#8221; enable_overlay=&#8221;yes&#8221; bg_gradient1=&#8221;#4f4f4f&#8221; bg_gradient2=&#8221;#7c1b51&#8243; css=&#8221;.vc_custom_1641057409296{padding-top: 50px !important;padding-bottom: 50px !important;background-image: url(https:\/\/www.aurin-choir.hu\/wp-content\/uploads\/2019\/03\/DSC_0326.jpg?id=894) !important;background-position: center !important;background-repeat: no-repeat !important;background-size: cover !important;}&#8221; overlay_bg=&#8221;linear-gradient(90deg, rgba(28, 117, 138, 0.9) 0%, rgba(0, 73, 94, 0.9) 100%)&#8221;][vc_column][vc_column_text css=&#8221;.vc_custom_1554577357323{padding-top: 80px !important;}&#8221;] [\/vc_column_text][ld_spacer height=&#8221;30px&#8221;][\/vc_column][\/vc_row][vc_row][vc_column][row_separator separator=&#8221;curve-side2&#8243; color1=&#8221;#ffffff&#8221; color2=&#8221;#ffffff&#8221; color3=&#8221;#ffffff&#8221;][\/vc_column][\/vc_row][vc_row][vc_column][ld_spacer height=&#8221;30px&#8221;][vc_column_text] Miraculum Children&#8217;s Choir photos [\/vc_column_text][ld_spacer height=&#8221;50px&#8221;][\/vc_column][\/vc_row][vc_row][vc_column][vc_row_inner content_placement=&#8221;middle&#8221; css=&#8221;.vc_custom_1583269239612{border-bottom-width: 2px !important;border-bottom-color: #1c758a !important;border-bottom-style: solid !important;}&#8221;][vc_column_inner [&hellip;]<\/p>\n","protected":false},"author":1,"featured_media":0,"parent":1471,"menu_order":0,"comment_status":"closed","ping_status":"closed","template":"","meta":{"_et_pb_use_builder":"","_et_pb_old_content":"","_et_gb_content_width":"","ngg_post_thumbnail":0,"footnotes":""},"class_list":["post-1476","page","type-page","status-publish","hentry"],"yoast_head":"<!-- This site is optimized with the Yoast SEO plugin v26.0 - https:\/\/yoast.com\/wordpress\/plugins\/seo\/ -->\n<title>Photos - Aurin - Miraculum<\/title>\n<meta name=\"robots\" content=\"index, follow, max-snippet:-1, max-image-preview:large, max-video-preview:-1\" \/>\n<link rel=\"canonical\" href=\"https:\/\/www.aurin-choir.hu\/en\/miraculum\/photos\/\" \/>\n<meta property=\"og:locale\" content=\"en_US\" \/>\n<meta property=\"og:type\" content=\"article\" \/>\n<meta property=\"og:title\" content=\"Photos - Aurin - Miraculum\" \/>\n<meta property=\"og:description\" content=\"[vc_row bg_position=&#8221;center center&#8221; enable_gradient=&#8221;yes&#8221; enable_overlay=&#8221;yes&#8221; bg_gradient1=&#8221;#4f4f4f&#8221; bg_gradient2=&#8221;#7c1b51&#8243; css=&#8221;.vc_custom_1641057409296{padding-top: 50px !important;padding-bottom: 50px !important;background-image: url(https:\/\/www.aurin-choir.hu\/wp-content\/uploads\/2019\/03\/DSC_0326.jpg?id=894) !important;background-position: center !important;background-repeat: no-repeat !important;background-size: cover !important;}&#8221; overlay_bg=&#8221;linear-gradient(90deg, rgba(28, 117, 138, 0.9) 0%, rgba(0, 73, 94, 0.9) 100%)&#8221;][vc_column][vc_column_text css=&#8221;.vc_custom_1554577357323{padding-top: 80px !important;}&#8221;] [\/vc_column_text][ld_spacer height=&#8221;30px&#8221;][\/vc_column][\/vc_row][vc_row][vc_column][row_separator separator=&#8221;curve-side2&#8243; color1=&#8221;#ffffff&#8221; color2=&#8221;#ffffff&#8221; color3=&#8221;#ffffff&#8221;][\/vc_column][\/vc_row][vc_row][vc_column][ld_spacer height=&#8221;30px&#8221;][vc_column_text] Miraculum Children&#8217;s Choir photos [\/vc_column_text][ld_spacer height=&#8221;50px&#8221;][\/vc_column][\/vc_row][vc_row][vc_column][vc_row_inner content_placement=&#8221;middle&#8221; css=&#8221;.vc_custom_1583269239612{border-bottom-width: 2px !important;border-bottom-color: #1c758a !important;border-bottom-style: solid !important;}&#8221;][vc_column_inner [&hellip;]\" \/>\n<meta property=\"og:url\" content=\"https:\/\/www.aurin-choir.hu\/en\/miraculum\/photos\/\" \/>\n<meta property=\"og:site_name\" content=\"Aurin - Miraculum\" \/>\n<meta property=\"article:publisher\" content=\"https:\/\/www.facebook.com\/aurinchoir\" \/>\n<meta property=\"article:modified_time\" content=\"2022-01-27T21:06:24+00:00\" \/>\n<meta property=\"og:image\" content=\"https:\/\/www.aurin-choir.hu\/wp-content\/uploads\/2025\/03\/DSC_2025_kicsi-1.jpg\" \/>\n\t<meta property=\"og:image:width\" content=\"1800\" \/>\n\t<meta property=\"og:image:height\" content=\"1013\" \/>\n\t<meta property=\"og:image:type\" content=\"image\/jpeg\" \/>\n<meta name=\"twitter:card\" content=\"summary_large_image\" \/>\n<meta name=\"twitter:label1\" content=\"Est. reading time\" \/>\n\t<meta name=\"twitter:data1\" content=\"11 minutes\" \/>\n<script type=\"application\/ld+json\" class=\"yoast-schema-graph\">{\"@context\":\"https:\/\/schema.org\",\"@graph\":[{\"@type\":\"WebPage\",\"@id\":\"https:\/\/www.aurin-choir.hu\/en\/miraculum\/photos\/\",\"url\":\"https:\/\/www.aurin-choir.hu\/en\/miraculum\/photos\/\",\"name\":\"Photos - Aurin - Miraculum\",\"isPartOf\":{\"@id\":\"https:\/\/www.aurin-choir.hu\/#website\"},\"primaryImageOfPage\":{\"@id\":\"https:\/\/www.aurin-choir.hu\/en\/miraculum\/photos\/#primaryimage\"},\"image\":{\"@id\":\"https:\/\/www.aurin-choir.hu\/en\/miraculum\/photos\/#primaryimage\"},\"thumbnailUrl\":\"https:\/\/www.aurin-choir.hu\/wp-content\/uploads\/2019\/04\/miraculum_logo_white.png\",\"datePublished\":\"2019-03-10T13:15:31+00:00\",\"dateModified\":\"2022-01-27T21:06:24+00:00\",\"breadcrumb\":{\"@id\":\"https:\/\/www.aurin-choir.hu\/en\/miraculum\/photos\/#breadcrumb\"},\"inLanguage\":\"en-US\",\"potentialAction\":[{\"@type\":\"ReadAction\",\"target\":[\"https:\/\/www.aurin-choir.hu\/en\/miraculum\/photos\/\"]}]},{\"@type\":\"ImageObject\",\"inLanguage\":\"en-US\",\"@id\":\"https:\/\/www.aurin-choir.hu\/en\/miraculum\/photos\/#primaryimage\",\"url\":\"https:\/\/www.aurin-choir.hu\/wp-content\/uploads\/2019\/04\/miraculum_logo_white.png\",\"contentUrl\":\"https:\/\/www.aurin-choir.hu\/wp-content\/uploads\/2019\/04\/miraculum_logo_white.png\"},{\"@type\":\"BreadcrumbList\",\"@id\":\"https:\/\/www.aurin-choir.hu\/en\/miraculum\/photos\/#breadcrumb\",\"itemListElement\":[{\"@type\":\"ListItem\",\"position\":1,\"name\":\"Kezd\u0151lap\",\"item\":\"https:\/\/www.aurin-choir.hu\/en\/\"},{\"@type\":\"ListItem\",\"position\":2,\"name\":\"Miraculum\",\"item\":\"https:\/\/www.aurin-choir.hu\/en\/miraculum\/\"},{\"@type\":\"ListItem\",\"position\":3,\"name\":\"Photos\"}]},{\"@type\":\"WebSite\",\"@id\":\"https:\/\/www.aurin-choir.hu\/#website\",\"url\":\"https:\/\/www.aurin-choir.hu\/\",\"name\":\"Aurin - Miraculum\",\"description\":\"Aurin - Miraculum\",\"publisher\":{\"@id\":\"https:\/\/www.aurin-choir.hu\/#organization\"},\"potentialAction\":[{\"@type\":\"SearchAction\",\"target\":{\"@type\":\"EntryPoint\",\"urlTemplate\":\"https:\/\/www.aurin-choir.hu\/?s={search_term_string}\"},\"query-input\":{\"@type\":\"PropertyValueSpecification\",\"valueRequired\":true,\"valueName\":\"search_term_string\"}}],\"inLanguage\":\"en-US\"},{\"@type\":\"Organization\",\"@id\":\"https:\/\/www.aurin-choir.hu\/#organization\",\"name\":\"Aurin \u00e9s Miraculum Alap\u00edtv\u00e1ny\",\"url\":\"https:\/\/www.aurin-choir.hu\/\",\"logo\":{\"@type\":\"ImageObject\",\"inLanguage\":\"en-US\",\"@id\":\"https:\/\/www.aurin-choir.hu\/#\/schema\/logo\/image\/\",\"url\":\"https:\/\/www.aurin-choir.hu\/wp-content\/uploads\/2024\/05\/logo_webre_evadzaro2-1.png\",\"contentUrl\":\"https:\/\/www.aurin-choir.hu\/wp-content\/uploads\/2024\/05\/logo_webre_evadzaro2-1.png\",\"width\":500,\"height\":515,\"caption\":\"Aurin \u00e9s Miraculum Alap\u00edtv\u00e1ny\"},\"image\":{\"@id\":\"https:\/\/www.aurin-choir.hu\/#\/schema\/logo\/image\/\"},\"sameAs\":[\"https:\/\/www.facebook.com\/aurinchoir\"]}]}<\/script>\n<!-- \/ Yoast SEO plugin. -->","yoast_head_json":{"title":"Photos - Aurin - Miraculum","robots":{"index":"index","follow":"follow","max-snippet":"max-snippet:-1","max-image-preview":"max-image-preview:large","max-video-preview":"max-video-preview:-1"},"canonical":"https:\/\/www.aurin-choir.hu\/en\/miraculum\/photos\/","og_locale":"en_US","og_type":"article","og_title":"Photos - Aurin - Miraculum","og_description":"[vc_row bg_position=&#8221;center center&#8221; enable_gradient=&#8221;yes&#8221; enable_overlay=&#8221;yes&#8221; bg_gradient1=&#8221;#4f4f4f&#8221; bg_gradient2=&#8221;#7c1b51&#8243; css=&#8221;.vc_custom_1641057409296{padding-top: 50px !important;padding-bottom: 50px !important;background-image: url(https:\/\/www.aurin-choir.hu\/wp-content\/uploads\/2019\/03\/DSC_0326.jpg?id=894) !important;background-position: center !important;background-repeat: no-repeat !important;background-size: cover !important;}&#8221; overlay_bg=&#8221;linear-gradient(90deg, rgba(28, 117, 138, 0.9) 0%, rgba(0, 73, 94, 0.9) 100%)&#8221;][vc_column][vc_column_text css=&#8221;.vc_custom_1554577357323{padding-top: 80px !important;}&#8221;] [\/vc_column_text][ld_spacer height=&#8221;30px&#8221;][\/vc_column][\/vc_row][vc_row][vc_column][row_separator separator=&#8221;curve-side2&#8243; color1=&#8221;#ffffff&#8221; color2=&#8221;#ffffff&#8221; color3=&#8221;#ffffff&#8221;][\/vc_column][\/vc_row][vc_row][vc_column][ld_spacer height=&#8221;30px&#8221;][vc_column_text] Miraculum Children&#8217;s Choir photos [\/vc_column_text][ld_spacer height=&#8221;50px&#8221;][\/vc_column][\/vc_row][vc_row][vc_column][vc_row_inner content_placement=&#8221;middle&#8221; css=&#8221;.vc_custom_1583269239612{border-bottom-width: 2px !important;border-bottom-color: #1c758a !important;border-bottom-style: solid !important;}&#8221;][vc_column_inner [&hellip;]","og_url":"https:\/\/www.aurin-choir.hu\/en\/miraculum\/photos\/","og_site_name":"Aurin - Miraculum","article_publisher":"https:\/\/www.facebook.com\/aurinchoir","article_modified_time":"2022-01-27T21:06:24+00:00","og_image":[{"width":1800,"height":1013,"url":"https:\/\/www.aurin-choir.hu\/wp-content\/uploads\/2025\/03\/DSC_2025_kicsi-1.jpg","type":"image\/jpeg"}],"twitter_card":"summary_large_image","twitter_misc":{"Est. reading time":"11 minutes"},"schema":{"@context":"https:\/\/schema.org","@graph":[{"@type":"WebPage","@id":"https:\/\/www.aurin-choir.hu\/en\/miraculum\/photos\/","url":"https:\/\/www.aurin-choir.hu\/en\/miraculum\/photos\/","name":"Photos - Aurin - Miraculum","isPartOf":{"@id":"https:\/\/www.aurin-choir.hu\/#website"},"primaryImageOfPage":{"@id":"https:\/\/www.aurin-choir.hu\/en\/miraculum\/photos\/#primaryimage"},"image":{"@id":"https:\/\/www.aurin-choir.hu\/en\/miraculum\/photos\/#primaryimage"},"thumbnailUrl":"https:\/\/www.aurin-choir.hu\/wp-content\/uploads\/2019\/04\/miraculum_logo_white.png","datePublished":"2019-03-10T13:15:31+00:00","dateModified":"2022-01-27T21:06:24+00:00","breadcrumb":{"@id":"https:\/\/www.aurin-choir.hu\/en\/miraculum\/photos\/#breadcrumb"},"inLanguage":"en-US","potentialAction":[{"@type":"ReadAction","target":["https:\/\/www.aurin-choir.hu\/en\/miraculum\/photos\/"]}]},{"@type":"ImageObject","inLanguage":"en-US","@id":"https:\/\/www.aurin-choir.hu\/en\/miraculum\/photos\/#primaryimage","url":"https:\/\/www.aurin-choir.hu\/wp-content\/uploads\/2019\/04\/miraculum_logo_white.png","contentUrl":"https:\/\/www.aurin-choir.hu\/wp-content\/uploads\/2019\/04\/miraculum_logo_white.png"},{"@type":"BreadcrumbList","@id":"https:\/\/www.aurin-choir.hu\/en\/miraculum\/photos\/#breadcrumb","itemListElement":[{"@type":"ListItem","position":1,"name":"Kezd\u0151lap","item":"https:\/\/www.aurin-choir.hu\/en\/"},{"@type":"ListItem","position":2,"name":"Miraculum","item":"https:\/\/www.aurin-choir.hu\/en\/miraculum\/"},{"@type":"ListItem","position":3,"name":"Photos"}]},{"@type":"WebSite","@id":"https:\/\/www.aurin-choir.hu\/#website","url":"https:\/\/www.aurin-choir.hu\/","name":"Aurin - Miraculum","description":"Aurin - Miraculum","publisher":{"@id":"https:\/\/www.aurin-choir.hu\/#organization"},"potentialAction":[{"@type":"SearchAction","target":{"@type":"EntryPoint","urlTemplate":"https:\/\/www.aurin-choir.hu\/?s={search_term_string}"},"query-input":{"@type":"PropertyValueSpecification","valueRequired":true,"valueName":"search_term_string"}}],"inLanguage":"en-US"},{"@type":"Organization","@id":"https:\/\/www.aurin-choir.hu\/#organization","name":"Aurin \u00e9s Miraculum Alap\u00edtv\u00e1ny","url":"https:\/\/www.aurin-choir.hu\/","logo":{"@type":"ImageObject","inLanguage":"en-US","@id":"https:\/\/www.aurin-choir.hu\/#\/schema\/logo\/image\/","url":"https:\/\/www.aurin-choir.hu\/wp-content\/uploads\/2024\/05\/logo_webre_evadzaro2-1.png","contentUrl":"https:\/\/www.aurin-choir.hu\/wp-content\/uploads\/2024\/05\/logo_webre_evadzaro2-1.png","width":500,"height":515,"caption":"Aurin \u00e9s Miraculum Alap\u00edtv\u00e1ny"},"image":{"@id":"https:\/\/www.aurin-choir.hu\/#\/schema\/logo\/image\/"},"sameAs":["https:\/\/www.facebook.com\/aurinchoir"]}]}},"_links":{"self":[{"href":"https:\/\/www.aurin-choir.hu\/en\/wp-json\/wp\/v2\/pages\/1476","targetHints":{"allow":["GET"]}}],"collection":[{"href":"https:\/\/www.aurin-choir.hu\/en\/wp-json\/wp\/v2\/pages"}],"about":[{"href":"https:\/\/www.aurin-choir.hu\/en\/wp-json\/wp\/v2\/types\/page"}],"author":[{"embeddable":true,"href":"https:\/\/www.aurin-choir.hu\/en\/wp-json\/wp\/v2\/users\/1"}],"replies":[{"embeddable":true,"href":"https:\/\/www.aurin-choir.hu\/en\/wp-json\/wp\/v2\/comments?post=1476"}],"version-history":[{"count":24,"href":"https:\/\/www.aurin-choir.hu\/en\/wp-json\/wp\/v2\/pages\/1476\/revisions"}],"predecessor-version":[{"id":12172,"href":"https:\/\/www.aurin-choir.hu\/en\/wp-json\/wp\/v2\/pages\/1476\/revisions\/12172"}],"up":[{"embeddable":true,"href":"https:\/\/www.aurin-choir.hu\/en\/wp-json\/wp\/v2\/pages\/1471"}],"wp:attachment":[{"href":"https:\/\/www.aurin-choir.hu\/en\/wp-json\/wp\/v2\/media?parent=1476"}],"curies":[{"name":"wp","href":"https:\/\/api.w.org\/{rel}","templated":true}]}}