{"id":1477,"date":"2019-02-28T16:25:22","date_gmt":"2019-02-28T16:25:22","guid":{"rendered":"http:\/\/www.aurin-choir.hu\/miraculum\/koncertek\/"},"modified":"2022-01-27T20:52:48","modified_gmt":"2022-01-27T20:52:48","slug":"concerts","status":"publish","type":"page","link":"https:\/\/www.aurin-choir.hu\/en\/miraculum\/concerts\/","title":{"rendered":"Concerts"},"content":{"rendered":"<p>[vc_row bg_position=&#8221;center center&#8221; enable_gradient=&#8221;yes&#8221; enable_overlay=&#8221;yes&#8221; bg_gradient1=&#8221;#4f4f4f&#8221; bg_gradient2=&#8221;#7c1b51&#8243; css=&#8221;.vc_custom_1641057409296{padding-top: 50px !important;padding-bottom: 50px !important;background-image: url(https:\/\/www.aurin-choir.hu\/wp-content\/uploads\/2019\/03\/DSC_0326.jpg?id=894) !important;background-position: center !important;background-repeat: no-repeat !important;background-size: cover !important;}&#8221; overlay_bg=&#8221;linear-gradient(90deg, rgba(28, 117, 138, 0.9) 0%, rgba(0, 73, 94, 0.9) 100%)&#8221;][vc_column][vc_column_text css=&#8221;.vc_custom_1554577357323{padding-top: 80px !important;}&#8221;]<\/p>\n<p style=\"text-align: center;\"><img loading=\"lazy\" decoding=\"async\" class=\"alignnone wp-image-49 size-medium\" src=\"https:\/\/www.aurin-choir.hu\/wp-content\/uploads\/2019\/04\/miraculum_logo_white.png\" alt=\"\" width=\"300\" height=\"90\"><\/p>\n<p>[\/vc_column_text][ld_spacer height=&#8221;30px&#8221;][\/vc_column][\/vc_row][vc_row][vc_column][row_separator separator=&#8221;curve-side2&#8243; color1=&#8221;#ffffff&#8221; color2=&#8221;#ffffff&#8221; color3=&#8221;#ffffff&#8221;][\/vc_column][\/vc_row][vc_row][vc_column][ld_spacer height=&#8221;30px&#8221;][vc_column_text]<\/p>\n<div id=\"texttitle\" class=\"clearfix\">\n<h3><span style=\"color: #1c758a;\">Concerts of the Miraculum Children&#8217;s Choir<\/span><\/h3>\n<\/div>\n<p>[\/vc_column_text][ld_spacer height=&#8221;50px&#8221;][\/vc_column][\/vc_row][vc_row][vc_column][vc_column_text]<\/p>\n<div id=\"texttitle\" class=\"clearfix\">\n<p>&nbsp;<\/p><\/div>\n<div id=\"text\" class=\"clearfix\" style=\"overflow-x: auto;\">\n<table border=\"0\" width=\"100%\" cellspacing=\"1\" cellpadding=\"5\">\n<tbody>\n<tr>\n<td width=\"14%\">March 1996<\/td>\n<td width=\"16%\">Budapest<\/td>\n<td width=\"60%\">Take part in the film &#8220;Evita&#8221;<\/td>\n<td width=\"10%\">&nbsp;<\/td>\n<\/tr>\n<tr>\n<td width=\"14%\">November 1996<\/td>\n<td width=\"16%\">Kecskem\u00e9t<\/td>\n<td width=\"60%\">Hungarian Clerical Music Conference<\/td>\n<td width=\"10%\">&nbsp;<\/td>\n<\/tr>\n<tr>\n<td width=\"14%\">December 1996<\/td>\n<td width=\"16%\">Kecskem\u00e9t<\/td>\n<td width=\"60%\">Kod\u00e1ly Centenary<\/td>\n<td width=\"10%\">&nbsp;<\/td>\n<\/tr>\n<tr>\n<td width=\"14%\">March 1997<\/td>\n<td width=\"16%\">Kecskem\u00e9t<\/td>\n<td width=\"60%\">Singing Youth Professional Days (Golden diploma)<\/td>\n<td width=\"10%\">&nbsp;<\/td>\n<\/tr>\n<tr>\n<td width=\"14%\">March 1997<\/td>\n<td width=\"16%\">Budapest<\/td>\n<td width=\"60%\">Gala concert in the Music Academy<\/td>\n<td width=\"10%\">&nbsp;<\/td>\n<\/tr>\n<tr>\n<td width=\"14%\">October 1997<\/td>\n<td width=\"16%\">Bruxelles (Belgium)<\/td>\n<td width=\"60%\">Concert tour connected to the Kod\u00e1ly Centenary<\/td>\n<td width=\"10%\">&nbsp;<\/td>\n<\/tr>\n<tr>\n<td width=\"14%\">January 1998<\/td>\n<td width=\"16%\">Budapest<\/td>\n<td width=\"60%\">CD recording with Iv\u00e1n Fischer and the Budapest Festival Orchestra (Philips)<\/td>\n<td width=\"10%\">&nbsp;<\/td>\n<\/tr>\n<tr>\n<td width=\"14%\">April 1998<\/td>\n<td width=\"16%\">Budapest<\/td>\n<td width=\"60%\">Gala concert in the National Gallery<\/td>\n<td width=\"10%\">&nbsp;<\/td>\n<\/tr>\n<tr>\n<td width=\"14%\">March 1999<\/td>\n<td width=\"16%\">Kecskem\u00e9t<\/td>\n<td width=\"60%\">CD recording of Psalmus Hungaricus<\/td>\n<td width=\"10%\">&nbsp;<\/td>\n<\/tr>\n<tr>\n<td width=\"14%\">December 1999<\/td>\n<td width=\"16%\">Bruxelles, Namur (Belgium)<\/td>\n<td width=\"60%\">EUROPALIA &#8217;99 HUNGARY Festival<\/td>\n<td width=\"10%\">&nbsp;<\/td>\n<\/tr>\n<tr>\n<td width=\"14%\">March 2000<\/td>\n<td width=\"16%\">Budapest<\/td>\n<td width=\"60%\">Gala concert in the National Gallery<\/td>\n<td width=\"10%\">&nbsp;<\/td>\n<\/tr>\n<tr>\n<td width=\"14%\">April 2000<\/td>\n<td width=\"16%\">Kecskem\u00e9t<\/td>\n<td width=\"60%\">Radio recording<\/td>\n<td width=\"10%\">&nbsp;<\/td>\n<\/tr>\n<tr>\n<td width=\"14%\">March 2001<\/td>\n<td width=\"16%\">Budapest<\/td>\n<td width=\"60%\">Radio recording<\/td>\n<td width=\"10%\">&nbsp;<\/td>\n<\/tr>\n<tr>\n<td width=\"14%\">March 2001<\/td>\n<td width=\"16%\">Kecskem\u00e9t<\/td>\n<td width=\"60%\">&#8220;Kult\u00far\u00e1val a Nyugat kapuj\u00e1ban&#8221; regional gala concert<\/td>\n<td width=\"10%\">&nbsp;<\/td>\n<\/tr>\n<tr>\n<td width=\"14%\">May 2001<\/td>\n<td width=\"16%\">Kecskem\u00e9t<\/td>\n<td width=\"60%\">5th Anniversary Concert of the Miraculum Children&#8217;s Choir in the Kod\u00e1ly School<\/td>\n<td width=\"10%\">&nbsp;<\/td>\n<\/tr>\n<tr>\n<td width=\"14%\">June 2001<\/td>\n<td width=\"16%\">England<\/td>\n<td width=\"60%\">Concert tour in memoriam Roy Whittingham<\/td>\n<td width=\"10%\">&nbsp;<\/td>\n<\/tr>\n<tr>\n<td width=\"14%\">September 2002<\/td>\n<td width=\"16%\">Kecskem\u00e9t<\/td>\n<td width=\"60%\">Greetings of the President of the Estonian Republic in the Kod\u00e1ly Institute<\/td>\n<td width=\"10%\">&nbsp;<\/td>\n<\/tr>\n<tr>\n<td width=\"14%\">October 2002<\/td>\n<td width=\"16%\">Kecskem\u00e9t<\/td>\n<td width=\"60%\">Greetings of the Norwegian King in the Kod\u00e1ly Institute<\/td>\n<td width=\"10%\">&nbsp;<\/td>\n<\/tr>\n<tr>\n<td width=\"14%\">November 2002<\/td>\n<td width=\"16%\">Budapest<\/td>\n<td width=\"60%\">Gala concert of the Lantos Rezs\u0151 Foundation in the Vigad\u00f3<\/td>\n<td width=\"10%\">&nbsp;<\/td>\n<\/tr>\n<tr>\n<td width=\"14%\">April 2003<\/td>\n<td width=\"16%\">Kecskem\u00e9t<\/td>\n<td width=\"60%\">Demonstration audition in the Singing Youth Professional Days in the Kod\u00e1ly School<\/td>\n<td width=\"10%\">&nbsp;<\/td>\n<\/tr>\n<tr>\n<td width=\"14%\">May 2003<\/td>\n<td width=\"16%\">Budapest<\/td>\n<td width=\"60%\">Youth Student Meeting<\/td>\n<td width=\"10%\">&nbsp;<\/td>\n<\/tr>\n<tr>\n<td width=\"14%\">June-July 2003<\/td>\n<td width=\"16%\">England<\/td>\n<td width=\"60%\">Concert tour<\/td>\n<td width=\"10%\">&nbsp;<\/td>\n<\/tr>\n<tr>\n<td width=\"14%\">July 2003<\/td>\n<td width=\"16%\">Kecskem\u00e9t<\/td>\n<td width=\"60%\">Opening concert of the Kod\u00e1ly Seminar<\/td>\n<td width=\"10%\">&nbsp;<\/td>\n<\/tr>\n<tr>\n<td width=\"14%\">September 2003<\/td>\n<td width=\"16%\">Budapest<\/td>\n<td width=\"60%\">P\u00e1l Kadosa commemorative concert in the Millen\u00e1ris Te\u00e1trum, take part in the concert of the Budapest Festival Orchestra<\/td>\n<td width=\"10%\">&nbsp;<\/td>\n<\/tr>\n<tr>\n<td width=\"14%\">October 2003<\/td>\n<td width=\"16%\">Kecskem\u00e9t<\/td>\n<td width=\"60%\">Gala concert<\/td>\n<td width=\"10%\">&nbsp;<\/td>\n<\/tr>\n<tr>\n<td width=\"14%\">December 2003<\/td>\n<td width=\"16%\">Budapest<\/td>\n<td width=\"60%\">Christmas concert in the Austrian Embassy<\/td>\n<td width=\"10%\">&nbsp;<\/td>\n<\/tr>\n<tr>\n<td width=\"14%\">December 2003<\/td>\n<td width=\"16%\">Kecskem\u00e9t<\/td>\n<td width=\"60%\">Christmas concert &#8211; TV recording<\/td>\n<td width=\"10%\">&nbsp;<\/td>\n<\/tr>\n<tr>\n<td width=\"14%\">August 2004<\/td>\n<td width=\"16%\">Amsterdam<\/td>\n<td width=\"60%\">Mahler: Symphony No.3 in the Concertgebouw, conductor: Iv\u00e1n Fisher<\/td>\n<td width=\"10%\">&nbsp;<\/td>\n<\/tr>\n<tr>\n<td width=\"14%\">June 2006<\/td>\n<td width=\"16%\">Kecskem\u00e9t<\/td>\n<td width=\"60%\">10th Anniversary Concert of the Miraculum Children&#8217;s Choir in the Kod\u00e1ly School<\/td>\n<td width=\"10%\">&nbsp;<\/td>\n<\/tr>\n<tr>\n<td width=\"14%\">June 2007<\/td>\n<td width=\"16%\">England<\/td>\n<td width=\"60%\">Concert tour<\/td>\n<td width=\"10%\">&nbsp;<\/td>\n<\/tr>\n<tr>\n<td width=\"14%\">May 2009<\/td>\n<td width=\"16%\">France<\/td>\n<td width=\"60%\">8th International Choir Meeting<\/td>\n<td width=\"10%\">&nbsp;<\/td>\n<\/tr>\n<tr>\n<td width=\"14%\">December 2009<\/td>\n<td width=\"16%\">Kecskem\u00e9t<\/td>\n<td width=\"60%\">Adrien Szekeres concert<\/td>\n<td width=\"10%\">&nbsp;<\/td>\n<\/tr>\n<tr>\n<td width=\"14%\">June-July 2010<\/td>\n<td width=\"16%\">England<\/td>\n<td width=\"60%\">Concert tour<\/td>\n<td width=\"10%\">&nbsp;<\/td>\n<\/tr>\n<tr>\n<td width=\"14%\">December 2010<\/td>\n<td width=\"16%\">Kecskem\u00e9t<\/td>\n<td width=\"60%\">Christmas concert of the Miraculum and Aurin choirs<\/td>\n<td width=\"10%\"><a href=\"https:\/\/www.aurin-choir.hu\/en\/christmas-concert-2010\/\"><img decoding=\"async\" style=\"width: 70px; min-width: 70px;\" src=\"https:\/\/www.aurin-choir.hu\/wp-content\/uploads\/2019\/03\/camera_icon_miraculum.png\"><\/a><\/td>\n<\/tr>\n<tr>\n<td width=\"14%\">October 2011<\/td>\n<td width=\"16%\">Kecskem\u00e9t<\/td>\n<td width=\"60%\">World Liszt Day 2011 &#8211; Franz Liszt: Christus<\/td>\n<td width=\"10%\"><a href=\"https:\/\/www.aurin-choir.hu\/en\/world-liszt-day-2011\/\"><img decoding=\"async\" style=\"width: 70px; min-width: 70px;\" src=\"https:\/\/www.aurin-choir.hu\/wp-content\/uploads\/2019\/03\/camera_icon_miraculum.png\"><\/a><\/td>\n<\/tr>\n<tr>\n<td width=\"14%\">December 2011<\/td>\n<td width=\"16%\">Kecskem\u00e9t<\/td>\n<td width=\"60%\">Christmas concert of the Miraculum and Aurin choirs<\/td>\n<td width=\"10%\"><a href=\"https:\/\/www.aurin-choir.hu\/en\/christmas-concert-2011\/\"><img decoding=\"async\" style=\"width: 70px; min-width: 70px;\" src=\"https:\/\/www.aurin-choir.hu\/wp-content\/uploads\/2019\/03\/camera_icon_miraculum.png\"><\/a><\/td>\n<\/tr>\n<tr>\n<td width=\"14%\">December 2012<\/td>\n<td width=\"16%\">Kecskem\u00e9t<\/td>\n<td width=\"60%\">Children for children Charity Gala<\/td>\n<td width=\"10%\">&nbsp;<\/td>\n<\/tr>\n<tr>\n<td width=\"14%\">December 2012<\/td>\n<td width=\"16%\">Kecskem\u00e9t<\/td>\n<td width=\"60%\">Christmas concert of the Miraculum and Aurin choirs<\/td>\n<td width=\"10%\"><a href=\"https:\/\/www.aurin-choir.hu\/en\/christmas-concert-2012\/\"><img decoding=\"async\" style=\"width: 70px; min-width: 70px;\" src=\"https:\/\/www.aurin-choir.hu\/wp-content\/uploads\/2019\/03\/camera_icon_miraculum.png\"><\/a><\/td>\n<\/tr>\n<tr>\n<td width=\"14%\">January 2013<\/td>\n<td width=\"16%\">Kecskem\u00e9t<\/td>\n<td width=\"60%\">National Day of Hungarian Culture concert in the Kod\u00e1ly School &#8211; Guests of honor: S\u00e1ndor K\u00e1ny\u00e1di and Mikl\u00f3s Kocs\u00e1r<\/td>\n<td width=\"10%\">&nbsp;<\/td>\n<\/tr>\n<tr>\n<td width=\"14%\">December 2013<\/td>\n<td width=\"16%\">Kecskem\u00e9t<\/td>\n<td width=\"60%\">Christmas concert of the Miraculum and Aurin choirs<\/td>\n<td width=\"10%\"><a href=\"https:\/\/www.aurin-choir.hu\/en\/christmas-concert-2013\/\"><img decoding=\"async\" style=\"width: 70px; min-width: 70px;\" src=\"https:\/\/www.aurin-choir.hu\/wp-content\/uploads\/2019\/03\/camera_icon_miraculum.png\"><\/a><\/td>\n<\/tr>\n<tr>\n<td width=\"14%\">June 2014<\/td>\n<td width=\"16%\">England<\/td>\n<td width=\"60%\">Concert tour<\/td>\n<td width=\"10%\">&nbsp;<\/td>\n<\/tr>\n<tr>\n<td width=\"14%\">December 2014<\/td>\n<td width=\"16%\">Kecskem\u00e9t<\/td>\n<td width=\"60%\">Christmas concert of the Miraculum and Aurin choirs<\/td>\n<td width=\"10%\"><a href=\"https:\/\/www.aurin-choir.hu\/en\/christmas-concert-2014\/\"><img decoding=\"async\" style=\"width: 70px; min-width: 70px;\" src=\"https:\/\/www.aurin-choir.hu\/wp-content\/uploads\/2019\/03\/camera_icon_miraculum.png\"><\/a><\/td>\n<\/tr>\n<tr>\n<td width=\"14%\">March 2015<\/td>\n<td width=\"16%\">Budapest<\/td>\n<td width=\"60%\">M\u00fcpa10 &#8211; Youth concert in the Palace of Arts<\/td>\n<td width=\"10%\"><a href=\"https:\/\/www.aurin-choir.hu\/en\/mupa-10\/\"><img decoding=\"async\" style=\"width: 70px; min-width: 70px;\" src=\"https:\/\/www.aurin-choir.hu\/wp-content\/uploads\/2019\/03\/camera_icon_miraculum.png\"><\/a><\/td>\n<\/tr>\n<tr>\n<td width=\"14%\">June 2015<\/td>\n<td width=\"16%\">England<\/td>\n<td width=\"60%\">Concert tour<\/td>\n<td width=\"10%\">&nbsp;<\/td>\n<\/tr>\n<tr>\n<td width=\"14%\">December 2015<\/td>\n<td width=\"16%\">Budapest<\/td>\n<td width=\"60%\">Festive Concert in respect of Zolt\u00e1n Kod\u00e1ly&#8217;s birthday and Hungarian Choirs&#8217; Day in the Music Academy<\/td>\n<td width=\"10%\"><a href=\"https:\/\/www.aurin-choir.hu\/en\/zeneakademia-2015\/\"><img decoding=\"async\" style=\"width: 70px; min-width: 70px;\" src=\"https:\/\/www.aurin-choir.hu\/wp-content\/uploads\/2019\/03\/camera_icon_miraculum.png\"><\/a><\/td>\n<\/tr>\n<tr>\n<td width=\"14%\">December 2015<\/td>\n<td width=\"16%\">Kecskem\u00e9t<\/td>\n<td width=\"60%\">Christmas concert of the Miraculum and Aurin choirs<\/td>\n<td width=\"10%\"><a href=\"https:\/\/www.aurin-choir.hu\/en\/christmas-concert-2015\/\"><img decoding=\"async\" style=\"width: 70px; min-width: 70px;\" src=\"https:\/\/www.aurin-choir.hu\/wp-content\/uploads\/2019\/03\/camera_icon_miraculum.png\"><\/a><\/td>\n<\/tr>\n<tr>\n<td width=\"14%\">December 2016<\/td>\n<td width=\"16%\">Kecskem\u00e9t<\/td>\n<td width=\"60%\">Christmas concert of the Miraculum and Aurin choirs<\/td>\n<td width=\"10%\"><a href=\"https:\/\/www.aurin-choir.hu\/en\/christmas-concert-2016\/\"><img decoding=\"async\" style=\"width: 70px; min-width: 70px;\" src=\"https:\/\/www.aurin-choir.hu\/wp-content\/uploads\/2019\/03\/camera_icon_miraculum.png\"><\/a><\/td>\n<\/tr>\n<tr>\n<td width=\"14%\">June 2017<\/td>\n<td width=\"16%\">Kecskem\u00e9t<\/td>\n<td width=\"60%\">Miraculum 20th Anniversary Concert<\/td>\n<td width=\"10%\"><a href=\"https:\/\/www.aurin-choir.hu\/en\/miraculum-20\/\"><img decoding=\"async\" style=\"width: 70px; min-width: 70px;\" src=\"https:\/\/www.aurin-choir.hu\/wp-content\/uploads\/2019\/03\/camera_icon_miraculum.png\"><\/a><\/td>\n<\/tr>\n<tr>\n<td width=\"14%\">December 2017<\/td>\n<td width=\"16%\">Kecskem\u00e9t<\/td>\n<td width=\"60%\">Christmas concert of the Miraculum and Aurin choirs<\/td>\n<td width=\"10%\"><a href=\"https:\/\/www.aurin-choir.hu\/en\/varazslatos-karacsony-2017\/\"><img decoding=\"async\" style=\"width: 70px; min-width: 70px;\" src=\"https:\/\/www.aurin-choir.hu\/wp-content\/uploads\/2019\/03\/camera_icon_miraculum.png\"><\/a><\/td>\n<\/tr>\n<tr>\n<td width=\"14%\">June 2018<\/td>\n<td width=\"16%\">Kecskem\u00e9t<\/td>\n<td width=\"60%\">Aurin and Miraculum Season Closing Concert<\/td>\n<td width=\"10%\"><a href=\"https:\/\/www.aurin-choir.hu\/en\/evadzaro-koncert-2018\/\"><img decoding=\"async\" style=\"width: 70px; min-width: 70px;\" src=\"https:\/\/www.aurin-choir.hu\/wp-content\/uploads\/2019\/03\/camera_icon_miraculum.png\"><\/a><\/td>\n<\/tr>\n<tr>\n<td width=\"14%\">June 2018<\/td>\n<td width=\"16%\">England<\/td>\n<td width=\"60%\">Concert tour<\/td>\n<td width=\"10%\">&nbsp;<\/td>\n<\/tr>\n<tr>\n<td width=\"14%\">December 2018<\/td>\n<td width=\"16%\">Kecskem\u00e9t<\/td>\n<td width=\"60%\">Christmas concert of the Miraculum and Aurin choirs<\/td>\n<td width=\"10%\"><a href=\"https:\/\/www.aurin-choir.hu\/en\/varazslatos-karacsony-2018\/\"><img decoding=\"async\" style=\"width: 70px; min-width: 70px;\" src=\"https:\/\/www.aurin-choir.hu\/wp-content\/uploads\/2019\/03\/camera_icon_miraculum.png\"><\/a><\/td>\n<\/tr>\n<tr>\n<td width=\"14%\">December 2019<\/td>\n<td width=\"16%\">Kecskem\u00e9t<\/td>\n<td width=\"60%\">Christmas concert of the Miraculum and Aurin choirs<\/td>\n<td width=\"10%\"><a href=\"https:\/\/www.aurin-choir.hu\/en\/varazslatos-karacsony-2019\/\"><img decoding=\"async\" style=\"width: 70px; min-width: 70px;\" src=\"https:\/\/www.aurin-choir.hu\/wp-content\/uploads\/2019\/03\/camera_icon_miraculum.png\"><\/a><\/td>\n<\/tr>\n<tr>\n<td width=\"14%\">February 2020<\/td>\n<td width=\"16%\">Szolnok<\/td>\n<td width=\"60%\">Sing together! In memorian P\u00e9ter Buday<\/td>\n<td width=\"10%\"><a href=\"https:\/\/www.aurin-choir.hu\/en\/szolnok-2020\/\"><img decoding=\"async\" style=\"width: 70px; min-width: 70px;\" src=\"https:\/\/www.aurin-choir.hu\/wp-content\/uploads\/2019\/03\/camera_icon_miraculum.png\"><\/a><\/td>\n<\/tr>\n<\/tbody>\n<\/table>\n<\/div>\n<p>[\/vc_column_text][\/vc_column][\/vc_row][vc_row][vc_column][row_separator location=&#8221;bottom&#8221; separator=&#8221;curve-side2&#8243; flip=&#8221;1&#8243; color1=&#8221;#ffffff&#8221; color2=&#8221;#ffffff&#8221; color3=&#8221;#ffffff&#8221;][\/vc_column][\/vc_row][vc_row enable_gradient=&#8221;yes&#8221; gradient_bg=&#8221;linear-gradient(90deg, rgba(28,117,138,0.9) 0%, rgba(0, 73, 94, 0.9) 100%)&#8221;][vc_column][ld_spacer height=&#8221;30px&#8221;][vc_row_inner css=&#8221;.vc_custom_1546335915499{padding-top: 40px !important;padding-bottom: 40px !important;}&#8221;][vc_column_inner width=&#8221;1\/6&#8243;][vc_column_text]<\/p>\n<p style=\"text-align: center;\"><span style=\"color: #ffffff;\"><a style=\"color: #ffffff;\" href=\"https:\/\/www.aurin-choir.hu\/miraculum\/eredmenyek\/\">Results<\/a><\/span><\/p>\n<p>[\/vc_column_text][ld_spacer height=&#8221;10px&#8221;][\/vc_column_inner][vc_column_inner width=&#8221;1\/6&#8243;][vc_column_text]<\/p>\n<p style=\"text-align: center;\"><span style=\"color: #ffffff;\"><a style=\"color: #ffffff;\" href=\"https:\/\/www.aurin-choir.hu\/miraculum\/fesztivalok\/\">Festivals<\/a><\/span><\/p>\n<p>[\/vc_column_text][ld_spacer height=&#8221;10px&#8221;][\/vc_column_inner][vc_column_inner width=&#8221;1\/6&#8243;][vc_column_text]<\/p>\n<p style=\"text-align: center;\"><span style=\"color: #ffffff;\"><a style=\"color: #ffffff;\" href=\"https:\/\/www.aurin-choir.hu\/miraculum\/koncertek\/\">Concerts<\/a><\/span><\/p>\n<p>[\/vc_column_text][ld_spacer height=&#8221;10px&#8221;][\/vc_column_inner][vc_column_inner width=&#8221;1\/6&#8243;][vc_column_text]<\/p>\n<p style=\"text-align: center;\"><span style=\"color: #ffffff;\"><a style=\"color: #ffffff;\" href=\"https:\/\/www.aurin-choir.hu\/miraculum\/cd-lemezek\/\">CD recordings<\/a><\/span><\/p>\n<p>[\/vc_column_text][ld_spacer height=&#8221;10px&#8221;][\/vc_column_inner][vc_column_inner width=&#8221;1\/6&#8243;][vc_column_text]<\/p>\n<p style=\"text-align: center;\"><span style=\"color: #ffffff;\"><a style=\"color: #ffffff;\" href=\"https:\/\/www.aurin-choir.hu\/miraculum\/videok\/\">Videos<\/a><\/span><\/p>\n<p>[\/vc_column_text][ld_spacer height=&#8221;10px&#8221;][\/vc_column_inner][vc_column_inner width=&#8221;1\/6&#8243;][vc_column_text]<\/p>\n<p style=\"text-align: center;\"><span style=\"color: #ffffff;\"><a style=\"color: #ffffff;\" href=\"https:\/\/www.aurin-choir.hu\/en\/miraculum\/photos\/\">Photos<\/a><\/span><\/p>\n<p>[\/vc_column_text][ld_spacer height=&#8221;10px&#8221;][\/vc_column_inner][\/vc_row_inner][ld_spacer height=&#8221;20px&#8221;][\/vc_column][\/vc_row]<\/p>\n","protected":false},"excerpt":{"rendered":"<p>[vc_row bg_position=&#8221;center center&#8221; enable_gradient=&#8221;yes&#8221; enable_overlay=&#8221;yes&#8221; bg_gradient1=&#8221;#4f4f4f&#8221; bg_gradient2=&#8221;#7c1b51&#8243; css=&#8221;.vc_custom_1641057409296{padding-top: 50px !important;padding-bottom: 50px !important;background-image: url(https:\/\/www.aurin-choir.hu\/wp-content\/uploads\/2019\/03\/DSC_0326.jpg?id=894) !important;background-position: center !important;background-repeat: no-repeat !important;background-size: cover !important;}&#8221; overlay_bg=&#8221;linear-gradient(90deg, rgba(28, 117, 138, 0.9) 0%, rgba(0, 73, 94, 0.9) 100%)&#8221;][vc_column][vc_column_text css=&#8221;.vc_custom_1554577357323{padding-top: 80px !important;}&#8221;] [\/vc_column_text][ld_spacer height=&#8221;30px&#8221;][\/vc_column][\/vc_row][vc_row][vc_column][row_separator separator=&#8221;curve-side2&#8243; color1=&#8221;#ffffff&#8221; color2=&#8221;#ffffff&#8221; color3=&#8221;#ffffff&#8221;][\/vc_column][\/vc_row][vc_row][vc_column][ld_spacer height=&#8221;30px&#8221;][vc_column_text] Concerts of the Miraculum Children&#8217;s Choir [\/vc_column_text][ld_spacer height=&#8221;50px&#8221;][\/vc_column][\/vc_row][vc_row][vc_column][vc_column_text] &nbsp; March 1996 Budapest Take part [&hellip;]<\/p>\n","protected":false},"author":1,"featured_media":0,"parent":1471,"menu_order":0,"comment_status":"closed","ping_status":"closed","template":"","meta":{"_et_pb_use_builder":"","_et_pb_old_content":"","_et_gb_content_width":"","ngg_post_thumbnail":0,"footnotes":""},"class_list":["post-1477","page","type-page","status-publish","hentry"],"yoast_head":"<!-- This site is optimized with the Yoast SEO plugin v26.0 - https:\/\/yoast.com\/wordpress\/plugins\/seo\/ -->\n<title>Concerts - Aurin - Miraculum<\/title>\n<meta name=\"robots\" content=\"index, follow, max-snippet:-1, max-image-preview:large, max-video-preview:-1\" \/>\n<link rel=\"canonical\" href=\"https:\/\/www.aurin-choir.hu\/en\/miraculum\/concerts\/\" \/>\n<meta property=\"og:locale\" content=\"en_US\" \/>\n<meta property=\"og:type\" content=\"article\" \/>\n<meta property=\"og:title\" content=\"Concerts - Aurin - Miraculum\" \/>\n<meta property=\"og:description\" content=\"[vc_row bg_position=&#8221;center center&#8221; enable_gradient=&#8221;yes&#8221; enable_overlay=&#8221;yes&#8221; bg_gradient1=&#8221;#4f4f4f&#8221; bg_gradient2=&#8221;#7c1b51&#8243; css=&#8221;.vc_custom_1641057409296{padding-top: 50px !important;padding-bottom: 50px !important;background-image: url(https:\/\/www.aurin-choir.hu\/wp-content\/uploads\/2019\/03\/DSC_0326.jpg?id=894) !important;background-position: center !important;background-repeat: no-repeat !important;background-size: cover !important;}&#8221; overlay_bg=&#8221;linear-gradient(90deg, rgba(28, 117, 138, 0.9) 0%, rgba(0, 73, 94, 0.9) 100%)&#8221;][vc_column][vc_column_text css=&#8221;.vc_custom_1554577357323{padding-top: 80px !important;}&#8221;] [\/vc_column_text][ld_spacer height=&#8221;30px&#8221;][\/vc_column][\/vc_row][vc_row][vc_column][row_separator separator=&#8221;curve-side2&#8243; color1=&#8221;#ffffff&#8221; color2=&#8221;#ffffff&#8221; color3=&#8221;#ffffff&#8221;][\/vc_column][\/vc_row][vc_row][vc_column][ld_spacer height=&#8221;30px&#8221;][vc_column_text] Concerts of the Miraculum Children&#8217;s Choir [\/vc_column_text][ld_spacer height=&#8221;50px&#8221;][\/vc_column][\/vc_row][vc_row][vc_column][vc_column_text] &nbsp; March 1996 Budapest Take part [&hellip;]\" \/>\n<meta property=\"og:url\" content=\"https:\/\/www.aurin-choir.hu\/en\/miraculum\/concerts\/\" \/>\n<meta property=\"og:site_name\" content=\"Aurin - Miraculum\" \/>\n<meta property=\"article:publisher\" content=\"https:\/\/www.facebook.com\/aurinchoir\" \/>\n<meta property=\"article:modified_time\" content=\"2022-01-27T20:52:48+00:00\" \/>\n<meta property=\"og:image\" content=\"https:\/\/www.aurin-choir.hu\/wp-content\/uploads\/2025\/03\/DSC_2025_kicsi-1.jpg\" \/>\n\t<meta property=\"og:image:width\" content=\"1800\" \/>\n\t<meta property=\"og:image:height\" content=\"1013\" \/>\n\t<meta property=\"og:image:type\" content=\"image\/jpeg\" \/>\n<meta name=\"twitter:card\" content=\"summary_large_image\" \/>\n<meta name=\"twitter:label1\" content=\"Est. reading time\" \/>\n\t<meta name=\"twitter:data1\" content=\"4 minutes\" \/>\n<script type=\"application\/ld+json\" class=\"yoast-schema-graph\">{\"@context\":\"https:\/\/schema.org\",\"@graph\":[{\"@type\":\"WebPage\",\"@id\":\"https:\/\/www.aurin-choir.hu\/en\/miraculum\/concerts\/\",\"url\":\"https:\/\/www.aurin-choir.hu\/en\/miraculum\/concerts\/\",\"name\":\"Concerts - Aurin - Miraculum\",\"isPartOf\":{\"@id\":\"https:\/\/www.aurin-choir.hu\/#website\"},\"primaryImageOfPage\":{\"@id\":\"https:\/\/www.aurin-choir.hu\/en\/miraculum\/concerts\/#primaryimage\"},\"image\":{\"@id\":\"https:\/\/www.aurin-choir.hu\/en\/miraculum\/concerts\/#primaryimage\"},\"thumbnailUrl\":\"https:\/\/www.aurin-choir.hu\/wp-content\/uploads\/2019\/04\/miraculum_logo_white.png\",\"datePublished\":\"2019-02-28T16:25:22+00:00\",\"dateModified\":\"2022-01-27T20:52:48+00:00\",\"breadcrumb\":{\"@id\":\"https:\/\/www.aurin-choir.hu\/en\/miraculum\/concerts\/#breadcrumb\"},\"inLanguage\":\"en-US\",\"potentialAction\":[{\"@type\":\"ReadAction\",\"target\":[\"https:\/\/www.aurin-choir.hu\/en\/miraculum\/concerts\/\"]}]},{\"@type\":\"ImageObject\",\"inLanguage\":\"en-US\",\"@id\":\"https:\/\/www.aurin-choir.hu\/en\/miraculum\/concerts\/#primaryimage\",\"url\":\"https:\/\/www.aurin-choir.hu\/wp-content\/uploads\/2019\/04\/miraculum_logo_white.png\",\"contentUrl\":\"https:\/\/www.aurin-choir.hu\/wp-content\/uploads\/2019\/04\/miraculum_logo_white.png\"},{\"@type\":\"BreadcrumbList\",\"@id\":\"https:\/\/www.aurin-choir.hu\/en\/miraculum\/concerts\/#breadcrumb\",\"itemListElement\":[{\"@type\":\"ListItem\",\"position\":1,\"name\":\"Kezd\u0151lap\",\"item\":\"https:\/\/www.aurin-choir.hu\/en\/\"},{\"@type\":\"ListItem\",\"position\":2,\"name\":\"Miraculum\",\"item\":\"https:\/\/www.aurin-choir.hu\/en\/miraculum\/\"},{\"@type\":\"ListItem\",\"position\":3,\"name\":\"Concerts\"}]},{\"@type\":\"WebSite\",\"@id\":\"https:\/\/www.aurin-choir.hu\/#website\",\"url\":\"https:\/\/www.aurin-choir.hu\/\",\"name\":\"Aurin - Miraculum\",\"description\":\"Aurin - Miraculum\",\"publisher\":{\"@id\":\"https:\/\/www.aurin-choir.hu\/#organization\"},\"potentialAction\":[{\"@type\":\"SearchAction\",\"target\":{\"@type\":\"EntryPoint\",\"urlTemplate\":\"https:\/\/www.aurin-choir.hu\/?s={search_term_string}\"},\"query-input\":{\"@type\":\"PropertyValueSpecification\",\"valueRequired\":true,\"valueName\":\"search_term_string\"}}],\"inLanguage\":\"en-US\"},{\"@type\":\"Organization\",\"@id\":\"https:\/\/www.aurin-choir.hu\/#organization\",\"name\":\"Aurin \u00e9s Miraculum Alap\u00edtv\u00e1ny\",\"url\":\"https:\/\/www.aurin-choir.hu\/\",\"logo\":{\"@type\":\"ImageObject\",\"inLanguage\":\"en-US\",\"@id\":\"https:\/\/www.aurin-choir.hu\/#\/schema\/logo\/image\/\",\"url\":\"https:\/\/www.aurin-choir.hu\/wp-content\/uploads\/2024\/05\/logo_webre_evadzaro2-1.png\",\"contentUrl\":\"https:\/\/www.aurin-choir.hu\/wp-content\/uploads\/2024\/05\/logo_webre_evadzaro2-1.png\",\"width\":500,\"height\":515,\"caption\":\"Aurin \u00e9s Miraculum Alap\u00edtv\u00e1ny\"},\"image\":{\"@id\":\"https:\/\/www.aurin-choir.hu\/#\/schema\/logo\/image\/\"},\"sameAs\":[\"https:\/\/www.facebook.com\/aurinchoir\"]}]}<\/script>\n<!-- \/ Yoast SEO plugin. -->","yoast_head_json":{"title":"Concerts - Aurin - Miraculum","robots":{"index":"index","follow":"follow","max-snippet":"max-snippet:-1","max-image-preview":"max-image-preview:large","max-video-preview":"max-video-preview:-1"},"canonical":"https:\/\/www.aurin-choir.hu\/en\/miraculum\/concerts\/","og_locale":"en_US","og_type":"article","og_title":"Concerts - Aurin - Miraculum","og_description":"[vc_row bg_position=&#8221;center center&#8221; enable_gradient=&#8221;yes&#8221; enable_overlay=&#8221;yes&#8221; bg_gradient1=&#8221;#4f4f4f&#8221; bg_gradient2=&#8221;#7c1b51&#8243; css=&#8221;.vc_custom_1641057409296{padding-top: 50px !important;padding-bottom: 50px !important;background-image: url(https:\/\/www.aurin-choir.hu\/wp-content\/uploads\/2019\/03\/DSC_0326.jpg?id=894) !important;background-position: center !important;background-repeat: no-repeat !important;background-size: cover !important;}&#8221; overlay_bg=&#8221;linear-gradient(90deg, rgba(28, 117, 138, 0.9) 0%, rgba(0, 73, 94, 0.9) 100%)&#8221;][vc_column][vc_column_text css=&#8221;.vc_custom_1554577357323{padding-top: 80px !important;}&#8221;] [\/vc_column_text][ld_spacer height=&#8221;30px&#8221;][\/vc_column][\/vc_row][vc_row][vc_column][row_separator separator=&#8221;curve-side2&#8243; color1=&#8221;#ffffff&#8221; color2=&#8221;#ffffff&#8221; color3=&#8221;#ffffff&#8221;][\/vc_column][\/vc_row][vc_row][vc_column][ld_spacer height=&#8221;30px&#8221;][vc_column_text] Concerts of the Miraculum Children&#8217;s Choir [\/vc_column_text][ld_spacer height=&#8221;50px&#8221;][\/vc_column][\/vc_row][vc_row][vc_column][vc_column_text] &nbsp; March 1996 Budapest Take part [&hellip;]","og_url":"https:\/\/www.aurin-choir.hu\/en\/miraculum\/concerts\/","og_site_name":"Aurin - Miraculum","article_publisher":"https:\/\/www.facebook.com\/aurinchoir","article_modified_time":"2022-01-27T20:52:48+00:00","og_image":[{"width":1800,"height":1013,"url":"https:\/\/www.aurin-choir.hu\/wp-content\/uploads\/2025\/03\/DSC_2025_kicsi-1.jpg","type":"image\/jpeg"}],"twitter_card":"summary_large_image","twitter_misc":{"Est. reading time":"4 minutes"},"schema":{"@context":"https:\/\/schema.org","@graph":[{"@type":"WebPage","@id":"https:\/\/www.aurin-choir.hu\/en\/miraculum\/concerts\/","url":"https:\/\/www.aurin-choir.hu\/en\/miraculum\/concerts\/","name":"Concerts - Aurin - Miraculum","isPartOf":{"@id":"https:\/\/www.aurin-choir.hu\/#website"},"primaryImageOfPage":{"@id":"https:\/\/www.aurin-choir.hu\/en\/miraculum\/concerts\/#primaryimage"},"image":{"@id":"https:\/\/www.aurin-choir.hu\/en\/miraculum\/concerts\/#primaryimage"},"thumbnailUrl":"https:\/\/www.aurin-choir.hu\/wp-content\/uploads\/2019\/04\/miraculum_logo_white.png","datePublished":"2019-02-28T16:25:22+00:00","dateModified":"2022-01-27T20:52:48+00:00","breadcrumb":{"@id":"https:\/\/www.aurin-choir.hu\/en\/miraculum\/concerts\/#breadcrumb"},"inLanguage":"en-US","potentialAction":[{"@type":"ReadAction","target":["https:\/\/www.aurin-choir.hu\/en\/miraculum\/concerts\/"]}]},{"@type":"ImageObject","inLanguage":"en-US","@id":"https:\/\/www.aurin-choir.hu\/en\/miraculum\/concerts\/#primaryimage","url":"https:\/\/www.aurin-choir.hu\/wp-content\/uploads\/2019\/04\/miraculum_logo_white.png","contentUrl":"https:\/\/www.aurin-choir.hu\/wp-content\/uploads\/2019\/04\/miraculum_logo_white.png"},{"@type":"BreadcrumbList","@id":"https:\/\/www.aurin-choir.hu\/en\/miraculum\/concerts\/#breadcrumb","itemListElement":[{"@type":"ListItem","position":1,"name":"Kezd\u0151lap","item":"https:\/\/www.aurin-choir.hu\/en\/"},{"@type":"ListItem","position":2,"name":"Miraculum","item":"https:\/\/www.aurin-choir.hu\/en\/miraculum\/"},{"@type":"ListItem","position":3,"name":"Concerts"}]},{"@type":"WebSite","@id":"https:\/\/www.aurin-choir.hu\/#website","url":"https:\/\/www.aurin-choir.hu\/","name":"Aurin - Miraculum","description":"Aurin - Miraculum","publisher":{"@id":"https:\/\/www.aurin-choir.hu\/#organization"},"potentialAction":[{"@type":"SearchAction","target":{"@type":"EntryPoint","urlTemplate":"https:\/\/www.aurin-choir.hu\/?s={search_term_string}"},"query-input":{"@type":"PropertyValueSpecification","valueRequired":true,"valueName":"search_term_string"}}],"inLanguage":"en-US"},{"@type":"Organization","@id":"https:\/\/www.aurin-choir.hu\/#organization","name":"Aurin \u00e9s Miraculum Alap\u00edtv\u00e1ny","url":"https:\/\/www.aurin-choir.hu\/","logo":{"@type":"ImageObject","inLanguage":"en-US","@id":"https:\/\/www.aurin-choir.hu\/#\/schema\/logo\/image\/","url":"https:\/\/www.aurin-choir.hu\/wp-content\/uploads\/2024\/05\/logo_webre_evadzaro2-1.png","contentUrl":"https:\/\/www.aurin-choir.hu\/wp-content\/uploads\/2024\/05\/logo_webre_evadzaro2-1.png","width":500,"height":515,"caption":"Aurin \u00e9s Miraculum Alap\u00edtv\u00e1ny"},"image":{"@id":"https:\/\/www.aurin-choir.hu\/#\/schema\/logo\/image\/"},"sameAs":["https:\/\/www.facebook.com\/aurinchoir"]}]}},"_links":{"self":[{"href":"https:\/\/www.aurin-choir.hu\/en\/wp-json\/wp\/v2\/pages\/1477","targetHints":{"allow":["GET"]}}],"collection":[{"href":"https:\/\/www.aurin-choir.hu\/en\/wp-json\/wp\/v2\/pages"}],"about":[{"href":"https:\/\/www.aurin-choir.hu\/en\/wp-json\/wp\/v2\/types\/page"}],"author":[{"embeddable":true,"href":"https:\/\/www.aurin-choir.hu\/en\/wp-json\/wp\/v2\/users\/1"}],"replies":[{"embeddable":true,"href":"https:\/\/www.aurin-choir.hu\/en\/wp-json\/wp\/v2\/comments?post=1477"}],"version-history":[{"count":17,"href":"https:\/\/www.aurin-choir.hu\/en\/wp-json\/wp\/v2\/pages\/1477\/revisions"}],"predecessor-version":[{"id":12170,"href":"https:\/\/www.aurin-choir.hu\/en\/wp-json\/wp\/v2\/pages\/1477\/revisions\/12170"}],"up":[{"embeddable":true,"href":"https:\/\/www.aurin-choir.hu\/en\/wp-json\/wp\/v2\/pages\/1471"}],"wp:attachment":[{"href":"https:\/\/www.aurin-choir.hu\/en\/wp-json\/wp\/v2\/media?parent=1477"}],"curies":[{"name":"wp","href":"https:\/\/api.w.org\/{rel}","templated":true}]}}