{"id":1484,"date":"2019-03-01T21:10:44","date_gmt":"2019-03-01T21:10:44","guid":{"rendered":"http:\/\/www.aurin-choir.hu\/somnium-laude\/cd-lemezek\/"},"modified":"2022-01-10T18:21:54","modified_gmt":"2022-01-10T18:21:54","slug":"cd-recordings","status":"publish","type":"page","link":"https:\/\/www.aurin-choir.hu\/en\/somnium-laude\/cd-recordings\/","title":{"rendered":"CD recordings"},"content":{"rendered":"<p>[vc_row bg_position=&#8221;center center&#8221; enable_gradient=&#8221;yes&#8221; enable_overlay=&#8221;yes&#8221; bg_gradient1=&#8221;#4f4f4f&#8221; bg_gradient2=&#8221;#7c1b51&#8243; css=&#8221;.vc_custom_1641027856243{padding-top: 50px !important;padding-bottom: 50px !important;background-image: url(https:\/\/www.aurin-choir.hu\/wp-content\/uploads\/2019\/03\/karacsony2017-40.jpg?id=980) !important;background-position: center !important;background-repeat: no-repeat !important;background-size: cover !important;}&#8221; overlay_bg=&#8221;linear-gradient(90deg, rgba(183, 73, 133, 0.9) 1.9867549668874172%, rgba(124,27,81,0.9) 100%)&#8221;][vc_column][vc_column_text css=&#8221;.vc_custom_1641838910124{padding-top: 80px !important;}&#8221;]<\/p>\n<h1 style=\"text-align: center;\"><span style=\"color: #ffffff;\">SOMNIUM LAUDE<br \/>\n<\/span><span style=\"color: #ffffff;\">CHAMBER CHOIR<\/span><\/h1>\n<p>[\/vc_column_text][ld_spacer height=&#8221;30px&#8221;][\/vc_column][\/vc_row][vc_row][vc_column][row_separator separator=&#8221;curve-side2&#8243; color1=&#8221;#ffffff&#8221; color2=&#8221;#ffffff&#8221; color3=&#8221;#ffffff&#8221;][\/vc_column][\/vc_row][vc_row][vc_column][ld_spacer height=&#8221;30px&#8221;][vc_column_text css=&#8221;.vc_custom_1554062905557{padding-bottom: 30px !important;}&#8221;]<\/p>\n<h3><span style=\"color: #b74985;\">The recordings of the Somnium Laude Chamber Choir:<\/span><\/h3>\n<p>[\/vc_column_text][ld_spacer height=&#8221;50px&#8221;][\/vc_column][\/vc_row][vc_row][vc_column width=&#8221;1\/4&#8243;][vc_single_image image=&#8221;177&#8243; img_size=&#8221;full&#8221;][ld_button style=&#8221;btn-solid&#8221; title=&#8221;Details&#8221; link_type=&#8221;modal_window&#8221; shape=&#8221;circle&#8221; size=&#8221;btn-xsm&#8221; anchor_id=&#8221;#aurin3&#8243; color=&#8221;rgb(183, 73, 133)&#8221; hover_color=&#8221;rgb(124, 27, 81)&#8221;][ld_spacer height=&#8221;50px&#8221;][\/vc_column][vc_column width=&#8221;1\/4&#8243;][vc_single_image image=&#8221;181&#8243; img_size=&#8221;full&#8221;][ld_button style=&#8221;btn-solid&#8221; title=&#8221;Details&#8221; link_type=&#8221;modal_window&#8221; shape=&#8221;circle&#8221; size=&#8221;btn-xsm&#8221; anchor_id=&#8221;#reneszansz&#8221; color=&#8221;rgb(183, 73, 133)&#8221; hover_color=&#8221;rgb(124, 27, 81)&#8221;][ld_spacer height=&#8221;50px&#8221;][\/vc_column][vc_column width=&#8221;1\/4&#8243;][\/vc_column][vc_column width=&#8221;1\/4&#8243;][\/vc_column][\/vc_row][vc_row][vc_column][row_separator location=&#8221;bottom&#8221; separator=&#8221;curve-side2&#8243; flip=&#8221;1&#8243; color1=&#8221;#ffffff&#8221; color2=&#8221;#ffffff&#8221; color3=&#8221;#ffffff&#8221;][\/vc_column][\/vc_row][vc_row enable_gradient=&#8221;yes&#8221; gradient_bg=&#8221;linear-gradient(90deg, rgb(183, 73, 133) 0.33112582781456956%, #7c1b51 100%)&#8221;][vc_column][ld_spacer height=&#8221;30px&#8221;][vc_row_inner css=&#8221;.vc_custom_1546335915499{padding-top: 40px !important;padding-bottom: 40px !important;}&#8221;][vc_column_inner width=&#8221;1\/6&#8243;][\/vc_column_inner][vc_column_inner width=&#8221;1\/6&#8243;][vc_column_text]<\/p>\n<p style=\"text-align: center;\"><span style=\"color: #ffffff;\"><a style=\"color: #ffffff;\" href=\"https:\/\/www.aurin-choir.hu\/somnium-laude\/fesztivalok\/\">Festivals<\/a><\/span><\/p>\n<p>[\/vc_column_text][ld_spacer height=&#8221;10px&#8221;][\/vc_column_inner][vc_column_inner width=&#8221;1\/6&#8243;][vc_column_text]<\/p>\n<p style=\"text-align: center;\"><span style=\"color: #ffffff;\"><a style=\"color: #ffffff;\" href=\"https:\/\/www.aurin-choir.hu\/somnium-laude\/koncertek\/\">Concerts<\/a><\/span><\/p>\n<p>[\/vc_column_text][ld_spacer height=&#8221;10px&#8221;][\/vc_column_inner][vc_column_inner width=&#8221;1\/6&#8243;][vc_column_text]<\/p>\n<p style=\"text-align: center;\"><span style=\"color: #ffffff;\"><a style=\"color: #ffffff;\" href=\"https:\/\/www.aurin-choir.hu\/somnium-laude\/cd-lemezek\/\">CD recordings<\/a><\/span><\/p>\n<p>[\/vc_column_text][ld_spacer height=&#8221;10px&#8221;][\/vc_column_inner][vc_column_inner width=&#8221;1\/6&#8243;][vc_column_text]<\/p>\n<p style=\"text-align: center;\"><span style=\"color: #ffffff;\"><a style=\"color: #ffffff;\" href=\"https:\/\/www.aurin-choir.hu\/somnium-laude\/fotok\/\">Photos<\/a><\/span><\/p>\n<p>[\/vc_column_text][ld_spacer height=&#8221;10px&#8221;][\/vc_column_inner][vc_column_inner width=&#8221;1\/6&#8243;][\/vc_column_inner][\/vc_row_inner][ld_spacer height=&#8221;20px&#8221;][\/vc_column][\/vc_row][vc_row][vc_column][ld_modal_window el_id=&#8221;aurin3&#8243;][vc_column_text]<strong>The 3rd CD of the Aurin Girls&#8217; Choir issued in June 2007<\/strong><\/p>\n<table border=\"0\" width=\"100%\" cellpadding=\"2\">\n<tbody>\n<tr>\n<td valign=\"top\" width=\"384\">13. Orlandus Lassus (1532\u20131594)<\/td>\n<td valign=\"top\" width=\"247\">Bon jour mon coeur<\/td>\n<td valign=\"top\" width=\"71\" height=\"15\">1:12<\/td>\n<\/tr>\n<tr>\n<td valign=\"top\" width=\"384\">14. Claudin de Sermizy (c1490\u20131562) \u2013 Clement Marot (1497\u20131544)<\/td>\n<td valign=\"top\" width=\"247\">Vous perdez tant de me\u2026<\/td>\n<td valign=\"top\" width=\"71\" height=\"19\">1:31<\/td>\n<\/tr>\n<tr>\n<td valign=\"top\" width=\"384\">15. Jacobus Gallus (1550\u20131591)<\/td>\n<td valign=\"top\" width=\"247\">Musica<\/td>\n<td valign=\"top\" width=\"71\" height=\"15\">2:01<\/td>\n<\/tr>\n<tr>\n<td valign=\"top\" width=\"384\">16. Michael Praetorius (1571\u20131621)<\/td>\n<td valign=\"top\" width=\"247\">Es ist ein Ros entsprungen<\/td>\n<td valign=\"top\" width=\"71\" height=\"15\">2:01<\/td>\n<\/tr>\n<tr>\n<td valign=\"top\" width=\"384\">17. Henry VIII. (1509\u20131547)<\/td>\n<td valign=\"top\" width=\"247\">Pastime with good company<\/td>\n<td valign=\"top\" width=\"71\" height=\"15\">1:32<\/td>\n<\/tr>\n<tr>\n<td valign=\"top\" width=\"384\">18. Traditional spiritual<\/td>\n<td valign=\"top\" width=\"247\">Deep River<\/td>\n<td valign=\"top\" width=\"71\" height=\"15\">2:38<\/td>\n<\/tr>\n<\/tbody>\n<\/table>\n<p>&nbsp;[\/vc_column_text][\/ld_modal_window][\/vc_column][\/vc_row][vc_row][vc_column][ld_modal_window el_id=&#8221;reneszansz&#8221;][vc_column_text]<strong>Renaissance &#8211; The CD of the Aurin Girls&#8217; Choir, the Miraculum, the Chamber Choir and the Renaissance Consort issued in 2013<\/strong><\/p>\n<table border=\"1\" width=\"100%\" cellpadding=\"2\" bgcolor=\"#fff\">\n<tbody>\n<tr>\n<td valign=\"top\" width=\"220\">14. Michael Praetorius<\/td>\n<td valign=\"top\" width=\"200\">Es ist ein&#8217; Ros&#8217; entsprungen<\/td>\n<td valign=\"top\" width=\"42\">2:05<\/td>\n<\/tr>\n<tr>\n<td valign=\"top\" width=\"239\">15. Jacobus Gallus<\/td>\n<td valign=\"top\" width=\"200\">Musica<\/td>\n<td valign=\"top\" width=\"42\">2:05<\/td>\n<\/tr>\n<tr>\n<td valign=\"top\" width=\"239\">26. Orlando di Lasso<\/td>\n<td valign=\"top\" width=\"200\">Bon Jour<\/td>\n<td valign=\"top\" width=\"42\">1:15<\/td>\n<\/tr>\n<tr>\n<td valign=\"top\" width=\"239\">27. Claudin de Sermisy<\/td>\n<td valign=\"top\" width=\"200\">Vous Perdez Temps de me Dire<\/td>\n<td valign=\"top\" width=\"42\">1:35<\/td>\n<\/tr>\n<tr>\n<td valign=\"top\" width=\"239\">28. King Henry VIII<\/td>\n<td valign=\"top\" width=\"200\">Pastime with Good Company<\/td>\n<td valign=\"top\" width=\"42\">1:35<\/td>\n<\/tr>\n<\/tbody>\n<\/table>\n<p>&nbsp;[\/vc_column_text][\/ld_modal_window][\/vc_column][\/vc_row]<\/p>\n","protected":false},"excerpt":{"rendered":"<p>[vc_row bg_position=&#8221;center center&#8221; enable_gradient=&#8221;yes&#8221; enable_overlay=&#8221;yes&#8221; bg_gradient1=&#8221;#4f4f4f&#8221; bg_gradient2=&#8221;#7c1b51&#8243; css=&#8221;.vc_custom_1641027856243{padding-top: 50px !important;padding-bottom: 50px !important;background-image: url(https:\/\/www.aurin-choir.hu\/wp-content\/uploads\/2019\/03\/karacsony2017-40.jpg?id=980) !important;background-position: center !important;background-repeat: no-repeat !important;background-size: cover !important;}&#8221; overlay_bg=&#8221;linear-gradient(90deg, rgba(183, 73, 133, 0.9) 1.9867549668874172%, rgba(124,27,81,0.9) 100%)&#8221;][vc_column][vc_column_text css=&#8221;.vc_custom_1641838910124{padding-top: 80px !important;}&#8221;] SOMNIUM LAUDE CHAMBER CHOIR [\/vc_column_text][ld_spacer height=&#8221;30px&#8221;][\/vc_column][\/vc_row][vc_row][vc_column][row_separator separator=&#8221;curve-side2&#8243; color1=&#8221;#ffffff&#8221; color2=&#8221;#ffffff&#8221; color3=&#8221;#ffffff&#8221;][\/vc_column][\/vc_row][vc_row][vc_column][ld_spacer height=&#8221;30px&#8221;][vc_column_text css=&#8221;.vc_custom_1554062905557{padding-bottom: 30px !important;}&#8221;] The recordings of the Somnium Laude Chamber Choir: [\/vc_column_text][ld_spacer height=&#8221;50px&#8221;][\/vc_column][\/vc_row][vc_row][vc_column [&hellip;]<\/p>\n","protected":false},"author":1,"featured_media":0,"parent":1482,"menu_order":0,"comment_status":"closed","ping_status":"closed","template":"","meta":{"_et_pb_use_builder":"","_et_pb_old_content":"","_et_gb_content_width":"","ngg_post_thumbnail":0,"footnotes":""},"class_list":["post-1484","page","type-page","status-publish","hentry"],"yoast_head":"<!-- This site is optimized with the Yoast SEO plugin v26.0 - https:\/\/yoast.com\/wordpress\/plugins\/seo\/ -->\n<title>CD recordings - Aurin - Miraculum<\/title>\n<meta name=\"robots\" content=\"index, follow, max-snippet:-1, max-image-preview:large, max-video-preview:-1\" \/>\n<link rel=\"canonical\" href=\"https:\/\/www.aurin-choir.hu\/en\/somnium-laude\/cd-recordings\/\" \/>\n<meta property=\"og:locale\" content=\"en_US\" \/>\n<meta property=\"og:type\" content=\"article\" \/>\n<meta property=\"og:title\" content=\"CD recordings - Aurin - Miraculum\" \/>\n<meta property=\"og:description\" content=\"[vc_row bg_position=&#8221;center center&#8221; enable_gradient=&#8221;yes&#8221; enable_overlay=&#8221;yes&#8221; bg_gradient1=&#8221;#4f4f4f&#8221; bg_gradient2=&#8221;#7c1b51&#8243; css=&#8221;.vc_custom_1641027856243{padding-top: 50px !important;padding-bottom: 50px !important;background-image: url(https:\/\/www.aurin-choir.hu\/wp-content\/uploads\/2019\/03\/karacsony2017-40.jpg?id=980) !important;background-position: center !important;background-repeat: no-repeat !important;background-size: cover !important;}&#8221; overlay_bg=&#8221;linear-gradient(90deg, rgba(183, 73, 133, 0.9) 1.9867549668874172%, rgba(124,27,81,0.9) 100%)&#8221;][vc_column][vc_column_text css=&#8221;.vc_custom_1641838910124{padding-top: 80px !important;}&#8221;] SOMNIUM LAUDE CHAMBER CHOIR [\/vc_column_text][ld_spacer height=&#8221;30px&#8221;][\/vc_column][\/vc_row][vc_row][vc_column][row_separator separator=&#8221;curve-side2&#8243; color1=&#8221;#ffffff&#8221; color2=&#8221;#ffffff&#8221; color3=&#8221;#ffffff&#8221;][\/vc_column][\/vc_row][vc_row][vc_column][ld_spacer height=&#8221;30px&#8221;][vc_column_text css=&#8221;.vc_custom_1554062905557{padding-bottom: 30px !important;}&#8221;] The recordings of the Somnium Laude Chamber Choir: [\/vc_column_text][ld_spacer height=&#8221;50px&#8221;][\/vc_column][\/vc_row][vc_row][vc_column [&hellip;]\" \/>\n<meta property=\"og:url\" content=\"https:\/\/www.aurin-choir.hu\/en\/somnium-laude\/cd-recordings\/\" \/>\n<meta property=\"og:site_name\" content=\"Aurin - Miraculum\" \/>\n<meta property=\"article:publisher\" content=\"https:\/\/www.facebook.com\/aurinchoir\" \/>\n<meta property=\"article:modified_time\" content=\"2022-01-10T18:21:54+00:00\" \/>\n<meta property=\"og:image\" content=\"https:\/\/www.aurin-choir.hu\/wp-content\/uploads\/2025\/03\/DSC_2025_kicsi-1.jpg\" \/>\n\t<meta property=\"og:image:width\" content=\"1800\" \/>\n\t<meta property=\"og:image:height\" content=\"1013\" \/>\n\t<meta property=\"og:image:type\" content=\"image\/jpeg\" \/>\n<meta name=\"twitter:card\" content=\"summary_large_image\" \/>\n<meta name=\"twitter:label1\" content=\"Est. reading time\" \/>\n\t<meta name=\"twitter:data1\" content=\"3 minutes\" \/>\n<script type=\"application\/ld+json\" class=\"yoast-schema-graph\">{\"@context\":\"https:\/\/schema.org\",\"@graph\":[{\"@type\":\"WebPage\",\"@id\":\"https:\/\/www.aurin-choir.hu\/en\/somnium-laude\/cd-recordings\/\",\"url\":\"https:\/\/www.aurin-choir.hu\/en\/somnium-laude\/cd-recordings\/\",\"name\":\"CD recordings - Aurin - Miraculum\",\"isPartOf\":{\"@id\":\"https:\/\/www.aurin-choir.hu\/#website\"},\"datePublished\":\"2019-03-01T21:10:44+00:00\",\"dateModified\":\"2022-01-10T18:21:54+00:00\",\"breadcrumb\":{\"@id\":\"https:\/\/www.aurin-choir.hu\/en\/somnium-laude\/cd-recordings\/#breadcrumb\"},\"inLanguage\":\"en-US\",\"potentialAction\":[{\"@type\":\"ReadAction\",\"target\":[\"https:\/\/www.aurin-choir.hu\/en\/somnium-laude\/cd-recordings\/\"]}]},{\"@type\":\"BreadcrumbList\",\"@id\":\"https:\/\/www.aurin-choir.hu\/en\/somnium-laude\/cd-recordings\/#breadcrumb\",\"itemListElement\":[{\"@type\":\"ListItem\",\"position\":1,\"name\":\"Kezd\u0151lap\",\"item\":\"https:\/\/www.aurin-choir.hu\/en\/\"},{\"@type\":\"ListItem\",\"position\":2,\"name\":\"Somnium Laude Kamarak\u00f3rus\",\"item\":\"https:\/\/www.aurin-choir.hu\/en\/somnium-laude\/\"},{\"@type\":\"ListItem\",\"position\":3,\"name\":\"CD recordings\"}]},{\"@type\":\"WebSite\",\"@id\":\"https:\/\/www.aurin-choir.hu\/#website\",\"url\":\"https:\/\/www.aurin-choir.hu\/\",\"name\":\"Aurin - Miraculum\",\"description\":\"Aurin - Miraculum\",\"publisher\":{\"@id\":\"https:\/\/www.aurin-choir.hu\/#organization\"},\"potentialAction\":[{\"@type\":\"SearchAction\",\"target\":{\"@type\":\"EntryPoint\",\"urlTemplate\":\"https:\/\/www.aurin-choir.hu\/?s={search_term_string}\"},\"query-input\":{\"@type\":\"PropertyValueSpecification\",\"valueRequired\":true,\"valueName\":\"search_term_string\"}}],\"inLanguage\":\"en-US\"},{\"@type\":\"Organization\",\"@id\":\"https:\/\/www.aurin-choir.hu\/#organization\",\"name\":\"Aurin \u00e9s Miraculum Alap\u00edtv\u00e1ny\",\"url\":\"https:\/\/www.aurin-choir.hu\/\",\"logo\":{\"@type\":\"ImageObject\",\"inLanguage\":\"en-US\",\"@id\":\"https:\/\/www.aurin-choir.hu\/#\/schema\/logo\/image\/\",\"url\":\"https:\/\/www.aurin-choir.hu\/wp-content\/uploads\/2024\/05\/logo_webre_evadzaro2-1.png\",\"contentUrl\":\"https:\/\/www.aurin-choir.hu\/wp-content\/uploads\/2024\/05\/logo_webre_evadzaro2-1.png\",\"width\":500,\"height\":515,\"caption\":\"Aurin \u00e9s Miraculum Alap\u00edtv\u00e1ny\"},\"image\":{\"@id\":\"https:\/\/www.aurin-choir.hu\/#\/schema\/logo\/image\/\"},\"sameAs\":[\"https:\/\/www.facebook.com\/aurinchoir\"]}]}<\/script>\n<!-- \/ Yoast SEO plugin. -->","yoast_head_json":{"title":"CD recordings - Aurin - Miraculum","robots":{"index":"index","follow":"follow","max-snippet":"max-snippet:-1","max-image-preview":"max-image-preview:large","max-video-preview":"max-video-preview:-1"},"canonical":"https:\/\/www.aurin-choir.hu\/en\/somnium-laude\/cd-recordings\/","og_locale":"en_US","og_type":"article","og_title":"CD recordings - Aurin - Miraculum","og_description":"[vc_row bg_position=&#8221;center center&#8221; enable_gradient=&#8221;yes&#8221; enable_overlay=&#8221;yes&#8221; bg_gradient1=&#8221;#4f4f4f&#8221; bg_gradient2=&#8221;#7c1b51&#8243; css=&#8221;.vc_custom_1641027856243{padding-top: 50px !important;padding-bottom: 50px !important;background-image: url(https:\/\/www.aurin-choir.hu\/wp-content\/uploads\/2019\/03\/karacsony2017-40.jpg?id=980) !important;background-position: center !important;background-repeat: no-repeat !important;background-size: cover !important;}&#8221; overlay_bg=&#8221;linear-gradient(90deg, rgba(183, 73, 133, 0.9) 1.9867549668874172%, rgba(124,27,81,0.9) 100%)&#8221;][vc_column][vc_column_text css=&#8221;.vc_custom_1641838910124{padding-top: 80px !important;}&#8221;] SOMNIUM LAUDE CHAMBER CHOIR [\/vc_column_text][ld_spacer height=&#8221;30px&#8221;][\/vc_column][\/vc_row][vc_row][vc_column][row_separator separator=&#8221;curve-side2&#8243; color1=&#8221;#ffffff&#8221; color2=&#8221;#ffffff&#8221; color3=&#8221;#ffffff&#8221;][\/vc_column][\/vc_row][vc_row][vc_column][ld_spacer height=&#8221;30px&#8221;][vc_column_text css=&#8221;.vc_custom_1554062905557{padding-bottom: 30px !important;}&#8221;] The recordings of the Somnium Laude Chamber Choir: [\/vc_column_text][ld_spacer height=&#8221;50px&#8221;][\/vc_column][\/vc_row][vc_row][vc_column [&hellip;]","og_url":"https:\/\/www.aurin-choir.hu\/en\/somnium-laude\/cd-recordings\/","og_site_name":"Aurin - Miraculum","article_publisher":"https:\/\/www.facebook.com\/aurinchoir","article_modified_time":"2022-01-10T18:21:54+00:00","og_image":[{"width":1800,"height":1013,"url":"https:\/\/www.aurin-choir.hu\/wp-content\/uploads\/2025\/03\/DSC_2025_kicsi-1.jpg","type":"image\/jpeg"}],"twitter_card":"summary_large_image","twitter_misc":{"Est. reading time":"3 minutes"},"schema":{"@context":"https:\/\/schema.org","@graph":[{"@type":"WebPage","@id":"https:\/\/www.aurin-choir.hu\/en\/somnium-laude\/cd-recordings\/","url":"https:\/\/www.aurin-choir.hu\/en\/somnium-laude\/cd-recordings\/","name":"CD recordings - Aurin - Miraculum","isPartOf":{"@id":"https:\/\/www.aurin-choir.hu\/#website"},"datePublished":"2019-03-01T21:10:44+00:00","dateModified":"2022-01-10T18:21:54+00:00","breadcrumb":{"@id":"https:\/\/www.aurin-choir.hu\/en\/somnium-laude\/cd-recordings\/#breadcrumb"},"inLanguage":"en-US","potentialAction":[{"@type":"ReadAction","target":["https:\/\/www.aurin-choir.hu\/en\/somnium-laude\/cd-recordings\/"]}]},{"@type":"BreadcrumbList","@id":"https:\/\/www.aurin-choir.hu\/en\/somnium-laude\/cd-recordings\/#breadcrumb","itemListElement":[{"@type":"ListItem","position":1,"name":"Kezd\u0151lap","item":"https:\/\/www.aurin-choir.hu\/en\/"},{"@type":"ListItem","position":2,"name":"Somnium Laude Kamarak\u00f3rus","item":"https:\/\/www.aurin-choir.hu\/en\/somnium-laude\/"},{"@type":"ListItem","position":3,"name":"CD recordings"}]},{"@type":"WebSite","@id":"https:\/\/www.aurin-choir.hu\/#website","url":"https:\/\/www.aurin-choir.hu\/","name":"Aurin - Miraculum","description":"Aurin - Miraculum","publisher":{"@id":"https:\/\/www.aurin-choir.hu\/#organization"},"potentialAction":[{"@type":"SearchAction","target":{"@type":"EntryPoint","urlTemplate":"https:\/\/www.aurin-choir.hu\/?s={search_term_string}"},"query-input":{"@type":"PropertyValueSpecification","valueRequired":true,"valueName":"search_term_string"}}],"inLanguage":"en-US"},{"@type":"Organization","@id":"https:\/\/www.aurin-choir.hu\/#organization","name":"Aurin \u00e9s Miraculum Alap\u00edtv\u00e1ny","url":"https:\/\/www.aurin-choir.hu\/","logo":{"@type":"ImageObject","inLanguage":"en-US","@id":"https:\/\/www.aurin-choir.hu\/#\/schema\/logo\/image\/","url":"https:\/\/www.aurin-choir.hu\/wp-content\/uploads\/2024\/05\/logo_webre_evadzaro2-1.png","contentUrl":"https:\/\/www.aurin-choir.hu\/wp-content\/uploads\/2024\/05\/logo_webre_evadzaro2-1.png","width":500,"height":515,"caption":"Aurin \u00e9s Miraculum Alap\u00edtv\u00e1ny"},"image":{"@id":"https:\/\/www.aurin-choir.hu\/#\/schema\/logo\/image\/"},"sameAs":["https:\/\/www.facebook.com\/aurinchoir"]}]}},"_links":{"self":[{"href":"https:\/\/www.aurin-choir.hu\/en\/wp-json\/wp\/v2\/pages\/1484","targetHints":{"allow":["GET"]}}],"collection":[{"href":"https:\/\/www.aurin-choir.hu\/en\/wp-json\/wp\/v2\/pages"}],"about":[{"href":"https:\/\/www.aurin-choir.hu\/en\/wp-json\/wp\/v2\/types\/page"}],"author":[{"embeddable":true,"href":"https:\/\/www.aurin-choir.hu\/en\/wp-json\/wp\/v2\/users\/1"}],"replies":[{"embeddable":true,"href":"https:\/\/www.aurin-choir.hu\/en\/wp-json\/wp\/v2\/comments?post=1484"}],"version-history":[{"count":8,"href":"https:\/\/www.aurin-choir.hu\/en\/wp-json\/wp\/v2\/pages\/1484\/revisions"}],"predecessor-version":[{"id":12082,"href":"https:\/\/www.aurin-choir.hu\/en\/wp-json\/wp\/v2\/pages\/1484\/revisions\/12082"}],"up":[{"embeddable":true,"href":"https:\/\/www.aurin-choir.hu\/en\/wp-json\/wp\/v2\/pages\/1482"}],"wp:attachment":[{"href":"https:\/\/www.aurin-choir.hu\/en\/wp-json\/wp\/v2\/media?parent=1484"}],"curies":[{"name":"wp","href":"https:\/\/api.w.org\/{rel}","templated":true}]}}