{"id":1487,"date":"2019-03-01T20:57:46","date_gmt":"2019-03-01T20:57:46","guid":{"rendered":"http:\/\/www.aurin-choir.hu\/somnium-laude\/koncertek\/"},"modified":"2022-01-10T18:20:06","modified_gmt":"2022-01-10T18:20:06","slug":"concerts","status":"publish","type":"page","link":"https:\/\/www.aurin-choir.hu\/en\/somnium-laude\/concerts\/","title":{"rendered":"Concerts"},"content":{"rendered":"<p>[vc_row bg_position=&#8221;center center&#8221; enable_gradient=&#8221;yes&#8221; enable_overlay=&#8221;yes&#8221; bg_gradient1=&#8221;#4f4f4f&#8221; bg_gradient2=&#8221;#7c1b51&#8243; css=&#8221;.vc_custom_1641027856243{padding-top: 50px !important;padding-bottom: 50px !important;background-image: url(https:\/\/www.aurin-choir.hu\/wp-content\/uploads\/2019\/03\/karacsony2017-40.jpg?id=980) !important;background-position: center !important;background-repeat: no-repeat !important;background-size: cover !important;}&#8221; overlay_bg=&#8221;linear-gradient(90deg, rgba(183, 73, 133, 0.9) 1.9867549668874172%, rgba(124,27,81,0.9) 100%)&#8221;][vc_column][vc_column_text css=&#8221;.vc_custom_1641836924657{padding-top: 80px !important;}&#8221;]<\/p>\n<h1 style=\"text-align: center;\"><span style=\"color: #ffffff;\">SOMNIUM LAUDE<br \/>\n<\/span><span style=\"color: #ffffff;\">CHAMBER CHOIR<\/span><\/h1>\n<p>[\/vc_column_text][ld_spacer height=&#8221;30px&#8221;][\/vc_column][\/vc_row][vc_row][vc_column][row_separator separator=&#8221;curve-side2&#8243; color1=&#8221;#ffffff&#8221; color2=&#8221;#ffffff&#8221; color3=&#8221;#ffffff&#8221;][\/vc_column][\/vc_row][vc_row][vc_column][ld_spacer height=&#8221;30px&#8221;][vc_column_text css=&#8221;.vc_custom_1551473860107{padding-bottom: 30px !important;}&#8221;]<\/p>\n<h3><span style=\"color: #b74985;\">Concerts of the Somnium Laude Chamber Choir<\/span><\/h3>\n<p>[\/vc_column_text][ld_spacer height=&#8221;50px&#8221;][vc_column_text]<\/p>\n<div id=\"text\" class=\"clearfix\" style=\"overflow-x: auto;\">\n<table border=\"0\" width=\"100%\" cellspacing=\"1\" cellpadding=\"5\">\n<tbody>\n<tr>\n<td>December 2008<\/td>\n<td>Kecskem\u00e9t<\/td>\n<td>Christmas Concert of the Aurin Girls\u2019 Choir, the Aurin Female Choir, the Septeam Vocal Group and the Chamber Choir of the Kod\u00e1ly School<\/td>\n<td width=\"10%\">&nbsp;<\/td>\n<\/tr>\n<tr>\n<td>December 2010<\/td>\n<td>Kecskem\u00e9t<\/td>\n<td>Aurin and Miraculum Christmas Concert<\/td>\n<td width=\"10%\"><a href=\"https:\/\/www.aurin-choir.hu\/en\/christmas-concert-2010\/\"><img decoding=\"async\" src=\"https:\/\/www.aurin-choir.hu\/wp-content\/uploads\/2019\/03\/camera_icon_somnium.png\"><\/a><\/td>\n<\/tr>\n<tr>\n<td>December 2011<\/td>\n<td>Kecskem\u00e9t<\/td>\n<td>Aurin and Miraculum Christmas Concert<\/td>\n<td width=\"10%\"><a href=\"https:\/\/www.aurin-choir.hu\/en\/christmas-concert-2011\/\"><img decoding=\"async\" src=\"https:\/\/www.aurin-choir.hu\/wp-content\/uploads\/2019\/03\/camera_icon_somnium.png\"><\/a><\/td>\n<\/tr>\n<tr>\n<td>November 2016<\/td>\n<td>Kecskem\u00e9t<\/td>\n<td>Children for Children charity gala<\/td>\n<td width=\"10%\"><a><img><\/a><\/td>\n<\/tr>\n<tr>\n<td>December 2016<\/td>\n<td>Kecskem\u00e9t<\/td>\n<td>Kod\u00e1ly&#8217;s birthday concert at Kod\u00e1ly School<\/td>\n<td width=\"10%\"><a><img><\/a><\/td>\n<\/tr>\n<tr>\n<td>December 2016<\/td>\n<td>Budapest<\/td>\n<td>Aurin Advent concert in the St. Joseph\u2019s Church<\/td>\n<td width=\"10%\"><a href=\"https:\/\/www.aurin-choir.hu\/en\/advent-concert-budapest-2016\/\"><img decoding=\"async\" src=\"https:\/\/www.aurin-choir.hu\/wp-content\/uploads\/2019\/03\/camera_icon_somnium.png\"><\/a><\/td>\n<\/tr>\n<tr>\n<td>December 2016<\/td>\n<td>Kecskem\u00e9t<\/td>\n<td>Aurin and Miraculum Christmas Concert<\/td>\n<td width=\"10%\"><a href=\"https:\/\/www.aurin-choir.hu\/en\/christmas-concert-2016\/\"><img decoding=\"async\" src=\"https:\/\/www.aurin-choir.hu\/wp-content\/uploads\/2019\/03\/camera_icon_somnium.png\"><\/a><\/td>\n<\/tr>\n<tr>\n<td>October 2017<\/td>\n<td>Kecskem\u00e9t<\/td>\n<td>Jubilee concert of the Kod\u00e1ly School<\/td>\n<td width=\"10%\"><a><img><\/a><\/td>\n<\/tr>\n<tr>\n<td>December 2017<\/td>\n<td>Kecskem\u00e9t<\/td>\n<td>Kod\u00e1ly&#8217;s birthday concert at Kod\u00e1ly School<\/td>\n<td width=\"10%\"><a><img><\/a><\/td>\n<\/tr>\n<tr>\n<td>December 2017<\/td>\n<td>Budapest<\/td>\n<td>Aurin Advent concert in the St. Joseph\u2019s Church<\/td>\n<td width=\"10%\"><a href=\"https:\/\/www.aurin-choir.hu\/en\/adventi-koncert-budapest-2017\/\"><img decoding=\"async\" src=\"https:\/\/www.aurin-choir.hu\/wp-content\/uploads\/2019\/03\/camera_icon_somnium.png\"><\/a><\/td>\n<\/tr>\n<tr>\n<td>December 2017<\/td>\n<td>Kecskem\u00e9t<\/td>\n<td>Aurin and Miraculum Christmas Concert<\/td>\n<td width=\"10%\"><a href=\"https:\/\/www.aurin-choir.hu\/varazslatos-karacsony-2017\/\"><img decoding=\"async\" src=\"https:\/\/www.aurin-choir.hu\/wp-content\/uploads\/2019\/03\/camera_icon_somnium.png\"><\/a><\/td>\n<\/tr>\n<tr>\n<td width=\"14%\">March 2018<\/td>\n<td width=\"16%\">Kecskem\u00e9t<\/td>\n<td width=\"60%\">&#8220;Famous musicians of H\u00edr\u00f6s City&#8221; &#8211; 33. Kecskem\u00e9t Spring Festival<\/td>\n<td width=\"10%\">&nbsp;<\/td>\n<\/tr>\n<tr>\n<td width=\"14%\">June 2018<\/td>\n<td width=\"16%\">Kecskem\u00e9t<\/td>\n<td width=\"60%\">Aurin and Miraculum Season Closing Concert<\/td>\n<td width=\"10%\"><a href=\"https:\/\/www.aurin-choir.hu\/en\/evadzaro-koncert-2018\/\"><img decoding=\"async\" src=\"https:\/\/www.aurin-choir.hu\/wp-content\/uploads\/2019\/03\/camera_icon_somnium.png\"><\/a><\/td>\n<\/tr>\n<tr>\n<td width=\"14%\">December 2018<\/td>\n<td width=\"16%\">Kecskem\u00e9t<\/td>\n<td width=\"60%\">Aurin and Miraculum Christmas Concert<\/td>\n<td width=\"10%\"><a href=\"https:\/\/www.aurin-choir.hu\/varazslatos-karacsony-2018\/\"><img decoding=\"async\" src=\"https:\/\/www.aurin-choir.hu\/wp-content\/uploads\/2019\/03\/camera_icon_somnium.png\"><\/a><\/td>\n<\/tr>\n<tr>\n<td width=\"14%\">December 2019<\/td>\n<td width=\"16%\">Kecskem\u00e9t<\/td>\n<td width=\"60%\">Aurin and Miraculum Christmas Concert<\/td>\n<td width=\"10%\"><a href=\"https:\/\/www.aurin-choir.hu\/en\/varazslatos-karacsony-2019\/\"><img decoding=\"async\" src=\"https:\/\/www.aurin-choir.hu\/wp-content\/uploads\/2019\/03\/camera_icon_somnium.png\"><\/a><\/td>\n<\/tr>\n<\/tbody>\n<\/table>\n<\/div>\n<p>[\/vc_column_text][ld_spacer height=&#8221;50px&#8221;][\/vc_column][\/vc_row][vc_row][vc_column][row_separator location=&#8221;bottom&#8221; separator=&#8221;curve-side2&#8243; flip=&#8221;1&#8243; color1=&#8221;#ffffff&#8221; color2=&#8221;#ffffff&#8221; color3=&#8221;#ffffff&#8221;][\/vc_column][\/vc_row][vc_row enable_gradient=&#8221;yes&#8221; gradient_bg=&#8221;linear-gradient(90deg, rgb(183, 73, 133) 0.33112582781456956%, #7c1b51 100%)&#8221;][vc_column][ld_spacer height=&#8221;30px&#8221;][vc_row_inner css=&#8221;.vc_custom_1546335915499{padding-top: 40px !important;padding-bottom: 40px !important;}&#8221;][vc_column_inner width=&#8221;1\/6&#8243;][\/vc_column_inner][vc_column_inner width=&#8221;1\/6&#8243;][vc_column_text]<\/p>\n<p style=\"text-align: center;\"><span style=\"color: #ffffff;\"><a style=\"color: #ffffff;\" href=\"https:\/\/www.aurin-choir.hu\/somnium-laude\/fesztivalok\/\">Festivals<\/a><\/span><\/p>\n<p>[\/vc_column_text][ld_spacer height=&#8221;10px&#8221;][\/vc_column_inner][vc_column_inner width=&#8221;1\/6&#8243;][vc_column_text]<\/p>\n<p style=\"text-align: center;\"><span style=\"color: #ffffff;\"><a style=\"color: #ffffff;\" href=\"https:\/\/www.aurin-choir.hu\/somnium-laude\/koncertek\/\">Concerts<\/a><\/span><\/p>\n<p>[\/vc_column_text][ld_spacer height=&#8221;10px&#8221;][\/vc_column_inner][vc_column_inner width=&#8221;1\/6&#8243;][vc_column_text]<\/p>\n<p style=\"text-align: center;\"><span style=\"color: #ffffff;\"><a style=\"color: #ffffff;\" href=\"https:\/\/www.aurin-choir.hu\/somnium-laude\/cd-lemezek\/\">CD recordings<\/a><\/span><\/p>\n<p>[\/vc_column_text][ld_spacer height=&#8221;10px&#8221;][\/vc_column_inner][vc_column_inner width=&#8221;1\/6&#8243;][vc_column_text]<\/p>\n<p style=\"text-align: center;\"><span style=\"color: #ffffff;\"><a style=\"color: #ffffff;\" href=\"https:\/\/www.aurin-choir.hu\/somnium-laude\/fotok\/\">Photos<\/a><\/span><\/p>\n<p>[\/vc_column_text][ld_spacer height=&#8221;10px&#8221;][\/vc_column_inner][vc_column_inner width=&#8221;1\/6&#8243;][\/vc_column_inner][\/vc_row_inner][ld_spacer height=&#8221;20px&#8221;][\/vc_column][\/vc_row]<\/p>\n","protected":false},"excerpt":{"rendered":"<p>[vc_row bg_position=&#8221;center center&#8221; enable_gradient=&#8221;yes&#8221; enable_overlay=&#8221;yes&#8221; bg_gradient1=&#8221;#4f4f4f&#8221; bg_gradient2=&#8221;#7c1b51&#8243; css=&#8221;.vc_custom_1641027856243{padding-top: 50px !important;padding-bottom: 50px !important;background-image: url(https:\/\/www.aurin-choir.hu\/wp-content\/uploads\/2019\/03\/karacsony2017-40.jpg?id=980) !important;background-position: center !important;background-repeat: no-repeat !important;background-size: cover !important;}&#8221; overlay_bg=&#8221;linear-gradient(90deg, rgba(183, 73, 133, 0.9) 1.9867549668874172%, rgba(124,27,81,0.9) 100%)&#8221;][vc_column][vc_column_text css=&#8221;.vc_custom_1641836924657{padding-top: 80px !important;}&#8221;] SOMNIUM LAUDE CHAMBER CHOIR [\/vc_column_text][ld_spacer height=&#8221;30px&#8221;][\/vc_column][\/vc_row][vc_row][vc_column][row_separator separator=&#8221;curve-side2&#8243; color1=&#8221;#ffffff&#8221; color2=&#8221;#ffffff&#8221; color3=&#8221;#ffffff&#8221;][\/vc_column][\/vc_row][vc_row][vc_column][ld_spacer height=&#8221;30px&#8221;][vc_column_text css=&#8221;.vc_custom_1551473860107{padding-bottom: 30px !important;}&#8221;] Concerts of the Somnium Laude Chamber Choir [\/vc_column_text][ld_spacer height=&#8221;50px&#8221;][vc_column_text] December [&hellip;]<\/p>\n","protected":false},"author":1,"featured_media":0,"parent":1482,"menu_order":0,"comment_status":"closed","ping_status":"closed","template":"","meta":{"_et_pb_use_builder":"","_et_pb_old_content":"","_et_gb_content_width":"","ngg_post_thumbnail":0,"footnotes":""},"class_list":["post-1487","page","type-page","status-publish","hentry"],"yoast_head":"<!-- This site is optimized with the Yoast SEO plugin v26.0 - https:\/\/yoast.com\/wordpress\/plugins\/seo\/ -->\n<title>Concerts - Aurin - Miraculum<\/title>\n<meta name=\"robots\" content=\"index, follow, max-snippet:-1, max-image-preview:large, max-video-preview:-1\" \/>\n<link rel=\"canonical\" href=\"https:\/\/www.aurin-choir.hu\/en\/somnium-laude\/concerts\/\" \/>\n<meta property=\"og:locale\" content=\"en_US\" \/>\n<meta property=\"og:type\" content=\"article\" \/>\n<meta property=\"og:title\" content=\"Concerts - Aurin - Miraculum\" \/>\n<meta property=\"og:description\" content=\"[vc_row bg_position=&#8221;center center&#8221; enable_gradient=&#8221;yes&#8221; enable_overlay=&#8221;yes&#8221; bg_gradient1=&#8221;#4f4f4f&#8221; bg_gradient2=&#8221;#7c1b51&#8243; css=&#8221;.vc_custom_1641027856243{padding-top: 50px !important;padding-bottom: 50px !important;background-image: url(https:\/\/www.aurin-choir.hu\/wp-content\/uploads\/2019\/03\/karacsony2017-40.jpg?id=980) !important;background-position: center !important;background-repeat: no-repeat !important;background-size: cover !important;}&#8221; overlay_bg=&#8221;linear-gradient(90deg, rgba(183, 73, 133, 0.9) 1.9867549668874172%, rgba(124,27,81,0.9) 100%)&#8221;][vc_column][vc_column_text css=&#8221;.vc_custom_1641836924657{padding-top: 80px !important;}&#8221;] SOMNIUM LAUDE CHAMBER CHOIR [\/vc_column_text][ld_spacer height=&#8221;30px&#8221;][\/vc_column][\/vc_row][vc_row][vc_column][row_separator separator=&#8221;curve-side2&#8243; color1=&#8221;#ffffff&#8221; color2=&#8221;#ffffff&#8221; color3=&#8221;#ffffff&#8221;][\/vc_column][\/vc_row][vc_row][vc_column][ld_spacer height=&#8221;30px&#8221;][vc_column_text css=&#8221;.vc_custom_1551473860107{padding-bottom: 30px !important;}&#8221;] Concerts of the Somnium Laude Chamber Choir [\/vc_column_text][ld_spacer height=&#8221;50px&#8221;][vc_column_text] December [&hellip;]\" \/>\n<meta property=\"og:url\" content=\"https:\/\/www.aurin-choir.hu\/en\/somnium-laude\/concerts\/\" \/>\n<meta property=\"og:site_name\" content=\"Aurin - Miraculum\" \/>\n<meta property=\"article:publisher\" content=\"https:\/\/www.facebook.com\/aurinchoir\" \/>\n<meta property=\"article:modified_time\" content=\"2022-01-10T18:20:06+00:00\" \/>\n<meta property=\"og:image\" content=\"https:\/\/www.aurin-choir.hu\/wp-content\/uploads\/2019\/03\/camera_icon_somnium.png\" \/>\n<meta name=\"twitter:card\" content=\"summary_large_image\" \/>\n<meta name=\"twitter:label1\" content=\"Est. reading time\" \/>\n\t<meta name=\"twitter:data1\" content=\"2 minutes\" \/>\n<script type=\"application\/ld+json\" class=\"yoast-schema-graph\">{\"@context\":\"https:\/\/schema.org\",\"@graph\":[{\"@type\":\"WebPage\",\"@id\":\"https:\/\/www.aurin-choir.hu\/en\/somnium-laude\/concerts\/\",\"url\":\"https:\/\/www.aurin-choir.hu\/en\/somnium-laude\/concerts\/\",\"name\":\"Concerts - Aurin - Miraculum\",\"isPartOf\":{\"@id\":\"https:\/\/www.aurin-choir.hu\/#website\"},\"primaryImageOfPage\":{\"@id\":\"https:\/\/www.aurin-choir.hu\/en\/somnium-laude\/concerts\/#primaryimage\"},\"image\":{\"@id\":\"https:\/\/www.aurin-choir.hu\/en\/somnium-laude\/concerts\/#primaryimage\"},\"thumbnailUrl\":\"https:\/\/www.aurin-choir.hu\/wp-content\/uploads\/2019\/03\/camera_icon_somnium.png\",\"datePublished\":\"2019-03-01T20:57:46+00:00\",\"dateModified\":\"2022-01-10T18:20:06+00:00\",\"breadcrumb\":{\"@id\":\"https:\/\/www.aurin-choir.hu\/en\/somnium-laude\/concerts\/#breadcrumb\"},\"inLanguage\":\"en-US\",\"potentialAction\":[{\"@type\":\"ReadAction\",\"target\":[\"https:\/\/www.aurin-choir.hu\/en\/somnium-laude\/concerts\/\"]}]},{\"@type\":\"ImageObject\",\"inLanguage\":\"en-US\",\"@id\":\"https:\/\/www.aurin-choir.hu\/en\/somnium-laude\/concerts\/#primaryimage\",\"url\":\"https:\/\/www.aurin-choir.hu\/wp-content\/uploads\/2019\/03\/camera_icon_somnium.png\",\"contentUrl\":\"https:\/\/www.aurin-choir.hu\/wp-content\/uploads\/2019\/03\/camera_icon_somnium.png\"},{\"@type\":\"BreadcrumbList\",\"@id\":\"https:\/\/www.aurin-choir.hu\/en\/somnium-laude\/concerts\/#breadcrumb\",\"itemListElement\":[{\"@type\":\"ListItem\",\"position\":1,\"name\":\"Kezd\u0151lap\",\"item\":\"https:\/\/www.aurin-choir.hu\/en\/\"},{\"@type\":\"ListItem\",\"position\":2,\"name\":\"Somnium Laude Kamarak\u00f3rus\",\"item\":\"https:\/\/www.aurin-choir.hu\/en\/somnium-laude\/\"},{\"@type\":\"ListItem\",\"position\":3,\"name\":\"Concerts\"}]},{\"@type\":\"WebSite\",\"@id\":\"https:\/\/www.aurin-choir.hu\/#website\",\"url\":\"https:\/\/www.aurin-choir.hu\/\",\"name\":\"Aurin - Miraculum\",\"description\":\"Aurin - Miraculum\",\"publisher\":{\"@id\":\"https:\/\/www.aurin-choir.hu\/#organization\"},\"potentialAction\":[{\"@type\":\"SearchAction\",\"target\":{\"@type\":\"EntryPoint\",\"urlTemplate\":\"https:\/\/www.aurin-choir.hu\/?s={search_term_string}\"},\"query-input\":{\"@type\":\"PropertyValueSpecification\",\"valueRequired\":true,\"valueName\":\"search_term_string\"}}],\"inLanguage\":\"en-US\"},{\"@type\":\"Organization\",\"@id\":\"https:\/\/www.aurin-choir.hu\/#organization\",\"name\":\"Aurin \u00e9s Miraculum Alap\u00edtv\u00e1ny\",\"url\":\"https:\/\/www.aurin-choir.hu\/\",\"logo\":{\"@type\":\"ImageObject\",\"inLanguage\":\"en-US\",\"@id\":\"https:\/\/www.aurin-choir.hu\/#\/schema\/logo\/image\/\",\"url\":\"https:\/\/www.aurin-choir.hu\/wp-content\/uploads\/2024\/05\/logo_webre_evadzaro2-1.png\",\"contentUrl\":\"https:\/\/www.aurin-choir.hu\/wp-content\/uploads\/2024\/05\/logo_webre_evadzaro2-1.png\",\"width\":500,\"height\":515,\"caption\":\"Aurin \u00e9s Miraculum Alap\u00edtv\u00e1ny\"},\"image\":{\"@id\":\"https:\/\/www.aurin-choir.hu\/#\/schema\/logo\/image\/\"},\"sameAs\":[\"https:\/\/www.facebook.com\/aurinchoir\"]}]}<\/script>\n<!-- \/ Yoast SEO plugin. -->","yoast_head_json":{"title":"Concerts - Aurin - Miraculum","robots":{"index":"index","follow":"follow","max-snippet":"max-snippet:-1","max-image-preview":"max-image-preview:large","max-video-preview":"max-video-preview:-1"},"canonical":"https:\/\/www.aurin-choir.hu\/en\/somnium-laude\/concerts\/","og_locale":"en_US","og_type":"article","og_title":"Concerts - Aurin - Miraculum","og_description":"[vc_row bg_position=&#8221;center center&#8221; enable_gradient=&#8221;yes&#8221; enable_overlay=&#8221;yes&#8221; bg_gradient1=&#8221;#4f4f4f&#8221; bg_gradient2=&#8221;#7c1b51&#8243; css=&#8221;.vc_custom_1641027856243{padding-top: 50px !important;padding-bottom: 50px !important;background-image: url(https:\/\/www.aurin-choir.hu\/wp-content\/uploads\/2019\/03\/karacsony2017-40.jpg?id=980) !important;background-position: center !important;background-repeat: no-repeat !important;background-size: cover !important;}&#8221; overlay_bg=&#8221;linear-gradient(90deg, rgba(183, 73, 133, 0.9) 1.9867549668874172%, rgba(124,27,81,0.9) 100%)&#8221;][vc_column][vc_column_text css=&#8221;.vc_custom_1641836924657{padding-top: 80px !important;}&#8221;] SOMNIUM LAUDE CHAMBER CHOIR [\/vc_column_text][ld_spacer height=&#8221;30px&#8221;][\/vc_column][\/vc_row][vc_row][vc_column][row_separator separator=&#8221;curve-side2&#8243; color1=&#8221;#ffffff&#8221; color2=&#8221;#ffffff&#8221; color3=&#8221;#ffffff&#8221;][\/vc_column][\/vc_row][vc_row][vc_column][ld_spacer height=&#8221;30px&#8221;][vc_column_text css=&#8221;.vc_custom_1551473860107{padding-bottom: 30px !important;}&#8221;] Concerts of the Somnium Laude Chamber Choir [\/vc_column_text][ld_spacer height=&#8221;50px&#8221;][vc_column_text] December [&hellip;]","og_url":"https:\/\/www.aurin-choir.hu\/en\/somnium-laude\/concerts\/","og_site_name":"Aurin - Miraculum","article_publisher":"https:\/\/www.facebook.com\/aurinchoir","article_modified_time":"2022-01-10T18:20:06+00:00","og_image":[{"url":"https:\/\/www.aurin-choir.hu\/wp-content\/uploads\/2019\/03\/camera_icon_somnium.png","type":"","width":"","height":""}],"twitter_card":"summary_large_image","twitter_misc":{"Est. reading time":"2 minutes"},"schema":{"@context":"https:\/\/schema.org","@graph":[{"@type":"WebPage","@id":"https:\/\/www.aurin-choir.hu\/en\/somnium-laude\/concerts\/","url":"https:\/\/www.aurin-choir.hu\/en\/somnium-laude\/concerts\/","name":"Concerts - Aurin - Miraculum","isPartOf":{"@id":"https:\/\/www.aurin-choir.hu\/#website"},"primaryImageOfPage":{"@id":"https:\/\/www.aurin-choir.hu\/en\/somnium-laude\/concerts\/#primaryimage"},"image":{"@id":"https:\/\/www.aurin-choir.hu\/en\/somnium-laude\/concerts\/#primaryimage"},"thumbnailUrl":"https:\/\/www.aurin-choir.hu\/wp-content\/uploads\/2019\/03\/camera_icon_somnium.png","datePublished":"2019-03-01T20:57:46+00:00","dateModified":"2022-01-10T18:20:06+00:00","breadcrumb":{"@id":"https:\/\/www.aurin-choir.hu\/en\/somnium-laude\/concerts\/#breadcrumb"},"inLanguage":"en-US","potentialAction":[{"@type":"ReadAction","target":["https:\/\/www.aurin-choir.hu\/en\/somnium-laude\/concerts\/"]}]},{"@type":"ImageObject","inLanguage":"en-US","@id":"https:\/\/www.aurin-choir.hu\/en\/somnium-laude\/concerts\/#primaryimage","url":"https:\/\/www.aurin-choir.hu\/wp-content\/uploads\/2019\/03\/camera_icon_somnium.png","contentUrl":"https:\/\/www.aurin-choir.hu\/wp-content\/uploads\/2019\/03\/camera_icon_somnium.png"},{"@type":"BreadcrumbList","@id":"https:\/\/www.aurin-choir.hu\/en\/somnium-laude\/concerts\/#breadcrumb","itemListElement":[{"@type":"ListItem","position":1,"name":"Kezd\u0151lap","item":"https:\/\/www.aurin-choir.hu\/en\/"},{"@type":"ListItem","position":2,"name":"Somnium Laude Kamarak\u00f3rus","item":"https:\/\/www.aurin-choir.hu\/en\/somnium-laude\/"},{"@type":"ListItem","position":3,"name":"Concerts"}]},{"@type":"WebSite","@id":"https:\/\/www.aurin-choir.hu\/#website","url":"https:\/\/www.aurin-choir.hu\/","name":"Aurin - Miraculum","description":"Aurin - Miraculum","publisher":{"@id":"https:\/\/www.aurin-choir.hu\/#organization"},"potentialAction":[{"@type":"SearchAction","target":{"@type":"EntryPoint","urlTemplate":"https:\/\/www.aurin-choir.hu\/?s={search_term_string}"},"query-input":{"@type":"PropertyValueSpecification","valueRequired":true,"valueName":"search_term_string"}}],"inLanguage":"en-US"},{"@type":"Organization","@id":"https:\/\/www.aurin-choir.hu\/#organization","name":"Aurin \u00e9s Miraculum Alap\u00edtv\u00e1ny","url":"https:\/\/www.aurin-choir.hu\/","logo":{"@type":"ImageObject","inLanguage":"en-US","@id":"https:\/\/www.aurin-choir.hu\/#\/schema\/logo\/image\/","url":"https:\/\/www.aurin-choir.hu\/wp-content\/uploads\/2024\/05\/logo_webre_evadzaro2-1.png","contentUrl":"https:\/\/www.aurin-choir.hu\/wp-content\/uploads\/2024\/05\/logo_webre_evadzaro2-1.png","width":500,"height":515,"caption":"Aurin \u00e9s Miraculum Alap\u00edtv\u00e1ny"},"image":{"@id":"https:\/\/www.aurin-choir.hu\/#\/schema\/logo\/image\/"},"sameAs":["https:\/\/www.facebook.com\/aurinchoir"]}]}},"_links":{"self":[{"href":"https:\/\/www.aurin-choir.hu\/en\/wp-json\/wp\/v2\/pages\/1487","targetHints":{"allow":["GET"]}}],"collection":[{"href":"https:\/\/www.aurin-choir.hu\/en\/wp-json\/wp\/v2\/pages"}],"about":[{"href":"https:\/\/www.aurin-choir.hu\/en\/wp-json\/wp\/v2\/types\/page"}],"author":[{"embeddable":true,"href":"https:\/\/www.aurin-choir.hu\/en\/wp-json\/wp\/v2\/users\/1"}],"replies":[{"embeddable":true,"href":"https:\/\/www.aurin-choir.hu\/en\/wp-json\/wp\/v2\/comments?post=1487"}],"version-history":[{"count":14,"href":"https:\/\/www.aurin-choir.hu\/en\/wp-json\/wp\/v2\/pages\/1487\/revisions"}],"predecessor-version":[{"id":12081,"href":"https:\/\/www.aurin-choir.hu\/en\/wp-json\/wp\/v2\/pages\/1487\/revisions\/12081"}],"up":[{"embeddable":true,"href":"https:\/\/www.aurin-choir.hu\/en\/wp-json\/wp\/v2\/pages\/1482"}],"wp:attachment":[{"href":"https:\/\/www.aurin-choir.hu\/en\/wp-json\/wp\/v2\/media?parent=1487"}],"curies":[{"name":"wp","href":"https:\/\/api.w.org\/{rel}","templated":true}]}}