{"id":17513,"date":"2025-01-03T20:44:49","date_gmt":"2025-01-03T20:44:49","guid":{"rendered":"https:\/\/www.aurin-choir.hu\/project\/varazslatos-karacsony-2024\/"},"modified":"2025-04-06T19:29:38","modified_gmt":"2025-04-06T19:29:38","slug":"varazslatos-karacsony-2024","status":"publish","type":"project","link":"https:\/\/www.aurin-choir.hu\/en\/project\/varazslatos-karacsony-2024\/","title":{"rendered":"Var\u00e1zslatos Kar\u00e1csony 2024"},"content":{"rendered":"<p>[et_pb_section fb_built=&#8221;1&#8243; _builder_version=&#8221;4.27.4&#8243; _module_preset=&#8221;default&#8221; da_disable_devices=&#8221;off|off|off&#8221; locked=&#8221;off&#8221; global_colors_info=&#8221;{}&#8221; da_is_popup=&#8221;off&#8221; da_exit_intent=&#8221;off&#8221; da_has_close=&#8221;on&#8221; da_alt_close=&#8221;off&#8221; da_dark_close=&#8221;off&#8221; da_not_modal=&#8221;on&#8221; da_is_singular=&#8221;off&#8221; da_with_loader=&#8221;off&#8221; da_has_shadow=&#8221;on&#8221;][et_pb_row _builder_version=&#8221;4.27.4&#8243; _module_preset=&#8221;default&#8221; global_colors_info=&#8221;{}&#8221;][et_pb_column type=&#8221;4_4&#8243; _builder_version=&#8221;4.27.4&#8243; _module_preset=&#8221;default&#8221; global_colors_info=&#8221;{}&#8221;][et_pb_text _builder_version=&#8221;4.27.4&#8243; _module_preset=&#8221;default&#8221; text_font=&#8221;|600|||||||&#8221; header_font=&#8221;|700|||||||&#8221; header_font_size=&#8221;31px&#8221; header_2_font=&#8221;||on||||||&#8221; global_colors_info=&#8221;{}&#8221;]<\/p>\n<h1 class=\"entry-title\">Var\u00e1zslatos Kar\u00e1csony 2024<\/h1>\n<p><b><\/b><\/p>\n<p>Nagytemplom, Kecskem\u00e9t<\/p>\n<p>[\/et_pb_text][\/et_pb_column][\/et_pb_row][et_pb_row _builder_version=&#8221;4.27.4&#8243; _module_preset=&#8221;default&#8221; custom_padding=&#8221;0px||0px||false|false&#8221; global_colors_info=&#8221;{}&#8221;][et_pb_column type=&#8221;4_4&#8243; _builder_version=&#8221;4.27.4&#8243; _module_preset=&#8221;default&#8221; global_colors_info=&#8221;{}&#8221;][et_pb_text _builder_version=&#8221;4.27.4&#8243; _module_preset=&#8221;default&#8221; global_colors_info=&#8221;{}&#8221;]<\/p>\nngg_shortcode_0_placeholder\n<p>[\/et_pb_text][\/et_pb_column][\/et_pb_row][et_pb_row _builder_version=&#8221;4.27.4&#8243; _module_preset=&#8221;default&#8221; custom_padding=&#8221;0px||0px||false|false&#8221; global_colors_info=&#8221;{}&#8221;][et_pb_column type=&#8221;4_4&#8243; _builder_version=&#8221;4.27.4&#8243; _module_preset=&#8221;default&#8221; global_colors_info=&#8221;{}&#8221;][et_pb_text _builder_version=&#8221;4.27.4&#8243; _module_preset=&#8221;default&#8221; global_colors_info=&#8221;{}&#8221;]Fot\u00f3k: P\u00e1link\u00e1s Edit[\/et_pb_text][\/et_pb_column][\/et_pb_row][\/et_pb_section]<\/p>\n","protected":false},"excerpt":{"rendered":"<p>Var\u00e1zslatos Kar\u00e1csony 2024 Nagytemplom, Kecskem\u00e9t<!-- default-view.php -->\n<div\n\tclass=\"ngg-galleryoverview default-view \n\t\t\"\n\tid=\"ngg-gallery-383d3ee2ca813c151cff7c2f10c185e6-1\">\n\n\t\t<!-- Thumbnails -->\n\t\t\t\t<div id=\"ngg-image-0\" class=\"ngg-gallery-thumbnail-box \n\t\t\t\t\t\t\t\t\t\t\t\" \n\t\t\t>\n\t\t\t\t\t\t<div class=\"ngg-gallery-thumbnail\">\n\t\t\t<a href=\"https:\/\/www.aurin-choir.hu\/wp-content\/gallery\/varazslatos-karacsony-2024\/DSC_1724.jpg\"\n\t\t\t\ttitle=\"\"\n\t\t\t\tdata-src=\"https:\/\/www.aurin-choir.hu\/wp-content\/gallery\/varazslatos-karacsony-2024\/DSC_1724.jpg\"\n\t\t\t\tdata-thumbnail=\"https:\/\/www.aurin-choir.hu\/wp-content\/gallery\/varazslatos-karacsony-2024\/thumbs\/thumbs_DSC_1724.jpg\"\n\t\t\t\tdata-image-id=\"5526\"\n\t\t\t\tdata-title=\"DSC_1724\"\n\t\t\t\tdata-description=\"\"\n\t\t\t\tdata-image-slug=\"dsc_1724\"\n\t\t\t\tclass=\"ngg-simplelightbox\" rel=\"383d3ee2ca813c151cff7c2f10c185e6\">\n\t\t\t\t<img\n\t\t\t\t\ttitle=\"DSC_1724\"\n\t\t\t\t\talt=\"DSC_1724\"\n\t\t\t\t\tsrc=\"https:\/\/www.aurin-choir.hu\/wp-content\/gallery\/varazslatos-karacsony-2024\/cache\/DSC_1724.jpg-nggid045526-ngg0dyn-325x225x100-00f0w010c011r110f110r010t010.jpg\"\n\t\t\t\t\twidth=\"325\"\n\t\t\t\t\theight=\"225\"\n\t\t\t\t\tstyle=\"max-width:100%;\"\n\t\t\t\t\/>\n\t\t\t<\/a>\n\t\t<\/div>\n\t\t\t\t\t\t\t<\/div> \n\t\t\t\n\t\t\t\t<div id=\"ngg-image-1\" class=\"ngg-gallery-thumbnail-box \n\t\t\t\t\t\t\t\t\t\t\t\" \n\t\t\t>\n\t\t\t\t\t\t<div class=\"ngg-gallery-thumbnail\">\n\t\t\t<a href=\"https:\/\/www.aurin-choir.hu\/wp-content\/gallery\/varazslatos-karacsony-2024\/DSC_1729.jpg\"\n\t\t\t\ttitle=\"\"\n\t\t\t\tdata-src=\"https:\/\/www.aurin-choir.hu\/wp-content\/gallery\/varazslatos-karacsony-2024\/DSC_1729.jpg\"\n\t\t\t\tdata-thumbnail=\"https:\/\/www.aurin-choir.hu\/wp-content\/gallery\/varazslatos-karacsony-2024\/thumbs\/thumbs_DSC_1729.jpg\"\n\t\t\t\tdata-image-id=\"5529\"\n\t\t\t\tdata-title=\"DSC_1729\"\n\t\t\t\tdata-description=\"\"\n\t\t\t\tdata-image-slug=\"dsc_1729\"\n\t\t\t\tclass=\"ngg-simplelightbox\" rel=\"383d3ee2ca813c151cff7c2f10c185e6\">\n\t\t\t\t<img\n\t\t\t\t\ttitle=\"DSC_1729\"\n\t\t\t\t\talt=\"DSC_1729\"\n\t\t\t\t\tsrc=\"https:\/\/www.aurin-choir.hu\/wp-content\/gallery\/varazslatos-karacsony-2024\/cache\/DSC_1729.jpg-nggid045529-ngg0dyn-325x225x100-00f0w010c011r110f110r010t010.jpg\"\n\t\t\t\t\twidth=\"325\"\n\t\t\t\t\theight=\"225\"\n\t\t\t\t\tstyle=\"max-width:100%;\"\n\t\t\t\t\/>\n\t\t\t<\/a>\n\t\t<\/div>\n\t\t\t\t\t\t\t<\/div> \n\t\t\t\n\t\t\t\t<div id=\"ngg-image-2\" class=\"ngg-gallery-thumbnail-box \n\t\t\t\t\t\t\t\t\t\t\t\" \n\t\t\t>\n\t\t\t\t\t\t<div class=\"ngg-gallery-thumbnail\">\n\t\t\t<a href=\"https:\/\/www.aurin-choir.hu\/wp-content\/gallery\/varazslatos-karacsony-2024\/DSC_1731.jpg\"\n\t\t\t\ttitle=\"\"\n\t\t\t\tdata-src=\"https:\/\/www.aurin-choir.hu\/wp-content\/gallery\/varazslatos-karacsony-2024\/DSC_1731.jpg\"\n\t\t\t\tdata-thumbnail=\"https:\/\/www.aurin-choir.hu\/wp-content\/gallery\/varazslatos-karacsony-2024\/thumbs\/thumbs_DSC_1731.jpg\"\n\t\t\t\tdata-image-id=\"5530\"\n\t\t\t\tdata-title=\"DSC_1731\"\n\t\t\t\tdata-description=\"\"\n\t\t\t\tdata-image-slug=\"dsc_1731\"\n\t\t\t\tclass=\"ngg-simplelightbox\" rel=\"383d3ee2ca813c151cff7c2f10c185e6\">\n\t\t\t\t<img\n\t\t\t\t\ttitle=\"DSC_1731\"\n\t\t\t\t\talt=\"DSC_1731\"\n\t\t\t\t\tsrc=\"https:\/\/www.aurin-choir.hu\/wp-content\/gallery\/varazslatos-karacsony-2024\/cache\/DSC_1731.jpg-nggid045530-ngg0dyn-325x225x100-00f0w010c011r110f110r010t010.jpg\"\n\t\t\t\t\twidth=\"325\"\n\t\t\t\t\theight=\"225\"\n\t\t\t\t\tstyle=\"max-width:100%;\"\n\t\t\t\t\/>\n\t\t\t<\/a>\n\t\t<\/div>\n\t\t\t\t\t\t\t<\/div> \n\t\t\t\n\t\t\t\t<div id=\"ngg-image-3\" class=\"ngg-gallery-thumbnail-box \n\t\t\t\t\t\t\t\t\t\t\t\" \n\t\t\t>\n\t\t\t\t\t\t<div class=\"ngg-gallery-thumbnail\">\n\t\t\t<a href=\"https:\/\/www.aurin-choir.hu\/wp-content\/gallery\/varazslatos-karacsony-2024\/DSC_1733.jpg\"\n\t\t\t\ttitle=\"\"\n\t\t\t\tdata-src=\"https:\/\/www.aurin-choir.hu\/wp-content\/gallery\/varazslatos-karacsony-2024\/DSC_1733.jpg\"\n\t\t\t\tdata-thumbnail=\"https:\/\/www.aurin-choir.hu\/wp-content\/gallery\/varazslatos-karacsony-2024\/thumbs\/thumbs_DSC_1733.jpg\"\n\t\t\t\tdata-image-id=\"5528\"\n\t\t\t\tdata-title=\"DSC_1733\"\n\t\t\t\tdata-description=\"\"\n\t\t\t\tdata-image-slug=\"dsc_1733-1\"\n\t\t\t\tclass=\"ngg-simplelightbox\" rel=\"383d3ee2ca813c151cff7c2f10c185e6\">\n\t\t\t\t<img\n\t\t\t\t\ttitle=\"DSC_1733\"\n\t\t\t\t\talt=\"DSC_1733\"\n\t\t\t\t\tsrc=\"https:\/\/www.aurin-choir.hu\/wp-content\/gallery\/varazslatos-karacsony-2024\/cache\/DSC_1733.jpg-nggid045528-ngg0dyn-325x225x100-00f0w010c011r110f110r010t010.jpg\"\n\t\t\t\t\twidth=\"325\"\n\t\t\t\t\theight=\"225\"\n\t\t\t\t\tstyle=\"max-width:100%;\"\n\t\t\t\t\/>\n\t\t\t<\/a>\n\t\t<\/div>\n\t\t\t\t\t\t\t<\/div> \n\t\t\t\n\t\t\t\t<div id=\"ngg-image-4\" class=\"ngg-gallery-thumbnail-box \n\t\t\t\t\t\t\t\t\t\t\t\" \n\t\t\t>\n\t\t\t\t\t\t<div class=\"ngg-gallery-thumbnail\">\n\t\t\t<a href=\"https:\/\/www.aurin-choir.hu\/wp-content\/gallery\/varazslatos-karacsony-2024\/DSC_1742.jpg\"\n\t\t\t\ttitle=\"\"\n\t\t\t\tdata-src=\"https:\/\/www.aurin-choir.hu\/wp-content\/gallery\/varazslatos-karacsony-2024\/DSC_1742.jpg\"\n\t\t\t\tdata-thumbnail=\"https:\/\/www.aurin-choir.hu\/wp-content\/gallery\/varazslatos-karacsony-2024\/thumbs\/thumbs_DSC_1742.jpg\"\n\t\t\t\tdata-image-id=\"5527\"\n\t\t\t\tdata-title=\"DSC_1742\"\n\t\t\t\tdata-description=\"\"\n\t\t\t\tdata-image-slug=\"dsc_1742\"\n\t\t\t\tclass=\"ngg-simplelightbox\" rel=\"383d3ee2ca813c151cff7c2f10c185e6\">\n\t\t\t\t<img\n\t\t\t\t\ttitle=\"DSC_1742\"\n\t\t\t\t\talt=\"DSC_1742\"\n\t\t\t\t\tsrc=\"https:\/\/www.aurin-choir.hu\/wp-content\/gallery\/varazslatos-karacsony-2024\/cache\/DSC_1742.jpg-nggid045527-ngg0dyn-325x225x100-00f0w010c011r110f110r010t010.jpg\"\n\t\t\t\t\twidth=\"325\"\n\t\t\t\t\theight=\"225\"\n\t\t\t\t\tstyle=\"max-width:100%;\"\n\t\t\t\t\/>\n\t\t\t<\/a>\n\t\t<\/div>\n\t\t\t\t\t\t\t<\/div> \n\t\t\t\n\t\t\t\t<div id=\"ngg-image-5\" class=\"ngg-gallery-thumbnail-box \n\t\t\t\t\t\t\t\t\t\t\t\" \n\t\t\t>\n\t\t\t\t\t\t<div class=\"ngg-gallery-thumbnail\">\n\t\t\t<a href=\"https:\/\/www.aurin-choir.hu\/wp-content\/gallery\/varazslatos-karacsony-2024\/DSC_1743.jpg\"\n\t\t\t\ttitle=\"\"\n\t\t\t\tdata-src=\"https:\/\/www.aurin-choir.hu\/wp-content\/gallery\/varazslatos-karacsony-2024\/DSC_1743.jpg\"\n\t\t\t\tdata-thumbnail=\"https:\/\/www.aurin-choir.hu\/wp-content\/gallery\/varazslatos-karacsony-2024\/thumbs\/thumbs_DSC_1743.jpg\"\n\t\t\t\tdata-image-id=\"5531\"\n\t\t\t\tdata-title=\"DSC_1743\"\n\t\t\t\tdata-description=\"\"\n\t\t\t\tdata-image-slug=\"dsc_1743\"\n\t\t\t\tclass=\"ngg-simplelightbox\" rel=\"383d3ee2ca813c151cff7c2f10c185e6\">\n\t\t\t\t<img\n\t\t\t\t\ttitle=\"DSC_1743\"\n\t\t\t\t\talt=\"DSC_1743\"\n\t\t\t\t\tsrc=\"https:\/\/www.aurin-choir.hu\/wp-content\/gallery\/varazslatos-karacsony-2024\/cache\/DSC_1743.jpg-nggid045531-ngg0dyn-325x225x100-00f0w010c011r110f110r010t010.jpg\"\n\t\t\t\t\twidth=\"325\"\n\t\t\t\t\theight=\"225\"\n\t\t\t\t\tstyle=\"max-width:100%;\"\n\t\t\t\t\/>\n\t\t\t<\/a>\n\t\t<\/div>\n\t\t\t\t\t\t\t<\/div> \n\t\t\t\n\t\t\t\t<div id=\"ngg-image-6\" class=\"ngg-gallery-thumbnail-box \n\t\t\t\t\t\t\t\t\t\t\t\" \n\t\t\t>\n\t\t\t\t\t\t<div class=\"ngg-gallery-thumbnail\">\n\t\t\t<a href=\"https:\/\/www.aurin-choir.hu\/wp-content\/gallery\/varazslatos-karacsony-2024\/DSC_1747.jpg\"\n\t\t\t\ttitle=\"\"\n\t\t\t\tdata-src=\"https:\/\/www.aurin-choir.hu\/wp-content\/gallery\/varazslatos-karacsony-2024\/DSC_1747.jpg\"\n\t\t\t\tdata-thumbnail=\"https:\/\/www.aurin-choir.hu\/wp-content\/gallery\/varazslatos-karacsony-2024\/thumbs\/thumbs_DSC_1747.jpg\"\n\t\t\t\tdata-image-id=\"5532\"\n\t\t\t\tdata-title=\"DSC_1747\"\n\t\t\t\tdata-description=\"\"\n\t\t\t\tdata-image-slug=\"dsc_1747\"\n\t\t\t\tclass=\"ngg-simplelightbox\" rel=\"383d3ee2ca813c151cff7c2f10c185e6\">\n\t\t\t\t<img\n\t\t\t\t\ttitle=\"DSC_1747\"\n\t\t\t\t\talt=\"DSC_1747\"\n\t\t\t\t\tsrc=\"https:\/\/www.aurin-choir.hu\/wp-content\/gallery\/varazslatos-karacsony-2024\/cache\/DSC_1747.jpg-nggid045532-ngg0dyn-325x225x100-00f0w010c011r110f110r010t010.jpg\"\n\t\t\t\t\twidth=\"325\"\n\t\t\t\t\theight=\"225\"\n\t\t\t\t\tstyle=\"max-width:100%;\"\n\t\t\t\t\/>\n\t\t\t<\/a>\n\t\t<\/div>\n\t\t\t\t\t\t\t<\/div> \n\t\t\t\n\t\t\t\t<div id=\"ngg-image-7\" class=\"ngg-gallery-thumbnail-box \n\t\t\t\t\t\t\t\t\t\t\t\" \n\t\t\t>\n\t\t\t\t\t\t<div class=\"ngg-gallery-thumbnail\">\n\t\t\t<a href=\"https:\/\/www.aurin-choir.hu\/wp-content\/gallery\/varazslatos-karacsony-2024\/DSC_1768.jpg\"\n\t\t\t\ttitle=\"\"\n\t\t\t\tdata-src=\"https:\/\/www.aurin-choir.hu\/wp-content\/gallery\/varazslatos-karacsony-2024\/DSC_1768.jpg\"\n\t\t\t\tdata-thumbnail=\"https:\/\/www.aurin-choir.hu\/wp-content\/gallery\/varazslatos-karacsony-2024\/thumbs\/thumbs_DSC_1768.jpg\"\n\t\t\t\tdata-image-id=\"5533\"\n\t\t\t\tdata-title=\"DSC_1768\"\n\t\t\t\tdata-description=\"\"\n\t\t\t\tdata-image-slug=\"dsc_1768\"\n\t\t\t\tclass=\"ngg-simplelightbox\" rel=\"383d3ee2ca813c151cff7c2f10c185e6\">\n\t\t\t\t<img\n\t\t\t\t\ttitle=\"DSC_1768\"\n\t\t\t\t\talt=\"DSC_1768\"\n\t\t\t\t\tsrc=\"https:\/\/www.aurin-choir.hu\/wp-content\/gallery\/varazslatos-karacsony-2024\/cache\/DSC_1768.jpg-nggid045533-ngg0dyn-325x225x100-00f0w010c011r110f110r010t010.jpg\"\n\t\t\t\t\twidth=\"325\"\n\t\t\t\t\theight=\"225\"\n\t\t\t\t\tstyle=\"max-width:100%;\"\n\t\t\t\t\/>\n\t\t\t<\/a>\n\t\t<\/div>\n\t\t\t\t\t\t\t<\/div> \n\t\t\t\n\t\t\t\t<div id=\"ngg-image-8\" class=\"ngg-gallery-thumbnail-box \n\t\t\t\t\t\t\t\t\t\t\t\" \n\t\t\t>\n\t\t\t\t\t\t<div class=\"ngg-gallery-thumbnail\">\n\t\t\t<a href=\"https:\/\/www.aurin-choir.hu\/wp-content\/gallery\/varazslatos-karacsony-2024\/DSC_1775.jpg\"\n\t\t\t\ttitle=\"\"\n\t\t\t\tdata-src=\"https:\/\/www.aurin-choir.hu\/wp-content\/gallery\/varazslatos-karacsony-2024\/DSC_1775.jpg\"\n\t\t\t\tdata-thumbnail=\"https:\/\/www.aurin-choir.hu\/wp-content\/gallery\/varazslatos-karacsony-2024\/thumbs\/thumbs_DSC_1775.jpg\"\n\t\t\t\tdata-image-id=\"5535\"\n\t\t\t\tdata-title=\"DSC_1775\"\n\t\t\t\tdata-description=\"\"\n\t\t\t\tdata-image-slug=\"dsc_1775\"\n\t\t\t\tclass=\"ngg-simplelightbox\" rel=\"383d3ee2ca813c151cff7c2f10c185e6\">\n\t\t\t\t<img\n\t\t\t\t\ttitle=\"DSC_1775\"\n\t\t\t\t\talt=\"DSC_1775\"\n\t\t\t\t\tsrc=\"https:\/\/www.aurin-choir.hu\/wp-content\/gallery\/varazslatos-karacsony-2024\/cache\/DSC_1775.jpg-nggid045535-ngg0dyn-325x225x100-00f0w010c011r110f110r010t010.jpg\"\n\t\t\t\t\twidth=\"325\"\n\t\t\t\t\theight=\"225\"\n\t\t\t\t\tstyle=\"max-width:100%;\"\n\t\t\t\t\/>\n\t\t\t<\/a>\n\t\t<\/div>\n\t\t\t\t\t\t\t<\/div> \n\t\t\t\n\t\t\t\t<div id=\"ngg-image-9\" class=\"ngg-gallery-thumbnail-box \n\t\t\t\t\t\t\t\t\t\t\t\" \n\t\t\t>\n\t\t\t\t\t\t<div class=\"ngg-gallery-thumbnail\">\n\t\t\t<a href=\"https:\/\/www.aurin-choir.hu\/wp-content\/gallery\/varazslatos-karacsony-2024\/DSC_1777.jpg\"\n\t\t\t\ttitle=\"\"\n\t\t\t\tdata-src=\"https:\/\/www.aurin-choir.hu\/wp-content\/gallery\/varazslatos-karacsony-2024\/DSC_1777.jpg\"\n\t\t\t\tdata-thumbnail=\"https:\/\/www.aurin-choir.hu\/wp-content\/gallery\/varazslatos-karacsony-2024\/thumbs\/thumbs_DSC_1777.jpg\"\n\t\t\t\tdata-image-id=\"5534\"\n\t\t\t\tdata-title=\"DSC_1777\"\n\t\t\t\tdata-description=\"\"\n\t\t\t\tdata-image-slug=\"dsc_1777\"\n\t\t\t\tclass=\"ngg-simplelightbox\" rel=\"383d3ee2ca813c151cff7c2f10c185e6\">\n\t\t\t\t<img\n\t\t\t\t\ttitle=\"DSC_1777\"\n\t\t\t\t\talt=\"DSC_1777\"\n\t\t\t\t\tsrc=\"https:\/\/www.aurin-choir.hu\/wp-content\/gallery\/varazslatos-karacsony-2024\/cache\/DSC_1777.jpg-nggid045534-ngg0dyn-325x225x100-00f0w010c011r110f110r010t010.jpg\"\n\t\t\t\t\twidth=\"325\"\n\t\t\t\t\theight=\"225\"\n\t\t\t\t\tstyle=\"max-width:100%;\"\n\t\t\t\t\/>\n\t\t\t<\/a>\n\t\t<\/div>\n\t\t\t\t\t\t\t<\/div> \n\t\t\t\n\t\t\t\t<div id=\"ngg-image-10\" class=\"ngg-gallery-thumbnail-box \n\t\t\t\t\t\t\t\t\t\t\t\" \n\t\t\t>\n\t\t\t\t\t\t<div class=\"ngg-gallery-thumbnail\">\n\t\t\t<a href=\"https:\/\/www.aurin-choir.hu\/wp-content\/gallery\/varazslatos-karacsony-2024\/DSC_1779.jpg\"\n\t\t\t\ttitle=\"\"\n\t\t\t\tdata-src=\"https:\/\/www.aurin-choir.hu\/wp-content\/gallery\/varazslatos-karacsony-2024\/DSC_1779.jpg\"\n\t\t\t\tdata-thumbnail=\"https:\/\/www.aurin-choir.hu\/wp-content\/gallery\/varazslatos-karacsony-2024\/thumbs\/thumbs_DSC_1779.jpg\"\n\t\t\t\tdata-image-id=\"5537\"\n\t\t\t\tdata-title=\"DSC_1779\"\n\t\t\t\tdata-description=\"\"\n\t\t\t\tdata-image-slug=\"dsc_1779\"\n\t\t\t\tclass=\"ngg-simplelightbox\" rel=\"383d3ee2ca813c151cff7c2f10c185e6\">\n\t\t\t\t<img\n\t\t\t\t\ttitle=\"DSC_1779\"\n\t\t\t\t\talt=\"DSC_1779\"\n\t\t\t\t\tsrc=\"https:\/\/www.aurin-choir.hu\/wp-content\/gallery\/varazslatos-karacsony-2024\/cache\/DSC_1779.jpg-nggid045537-ngg0dyn-325x225x100-00f0w010c011r110f110r010t010.jpg\"\n\t\t\t\t\twidth=\"325\"\n\t\t\t\t\theight=\"225\"\n\t\t\t\t\tstyle=\"max-width:100%;\"\n\t\t\t\t\/>\n\t\t\t<\/a>\n\t\t<\/div>\n\t\t\t\t\t\t\t<\/div> \n\t\t\t\n\t\t\t\t<div id=\"ngg-image-11\" class=\"ngg-gallery-thumbnail-box \n\t\t\t\t\t\t\t\t\t\t\t\" \n\t\t\t>\n\t\t\t\t\t\t<div class=\"ngg-gallery-thumbnail\">\n\t\t\t<a href=\"https:\/\/www.aurin-choir.hu\/wp-content\/gallery\/varazslatos-karacsony-2024\/DSC_1780.jpg\"\n\t\t\t\ttitle=\"\"\n\t\t\t\tdata-src=\"https:\/\/www.aurin-choir.hu\/wp-content\/gallery\/varazslatos-karacsony-2024\/DSC_1780.jpg\"\n\t\t\t\tdata-thumbnail=\"https:\/\/www.aurin-choir.hu\/wp-content\/gallery\/varazslatos-karacsony-2024\/thumbs\/thumbs_DSC_1780.jpg\"\n\t\t\t\tdata-image-id=\"5536\"\n\t\t\t\tdata-title=\"DSC_1780\"\n\t\t\t\tdata-description=\"\"\n\t\t\t\tdata-image-slug=\"dsc_1780\"\n\t\t\t\tclass=\"ngg-simplelightbox\" rel=\"383d3ee2ca813c151cff7c2f10c185e6\">\n\t\t\t\t<img\n\t\t\t\t\ttitle=\"DSC_1780\"\n\t\t\t\t\talt=\"DSC_1780\"\n\t\t\t\t\tsrc=\"https:\/\/www.aurin-choir.hu\/wp-content\/gallery\/varazslatos-karacsony-2024\/cache\/DSC_1780.jpg-nggid045536-ngg0dyn-325x225x100-00f0w010c011r110f110r010t010.jpg\"\n\t\t\t\t\twidth=\"325\"\n\t\t\t\t\theight=\"225\"\n\t\t\t\t\tstyle=\"max-width:100%;\"\n\t\t\t\t\/>\n\t\t\t<\/a>\n\t\t<\/div>\n\t\t\t\t\t\t\t<\/div> \n\t\t\t\n\t\t\t\t<div id=\"ngg-image-12\" class=\"ngg-gallery-thumbnail-box \n\t\t\t\t\t\t\t\t\t\t\t\" \n\t\t\t>\n\t\t\t\t\t\t<div class=\"ngg-gallery-thumbnail\">\n\t\t\t<a href=\"https:\/\/www.aurin-choir.hu\/wp-content\/gallery\/varazslatos-karacsony-2024\/DSC_1781.jpg\"\n\t\t\t\ttitle=\"\"\n\t\t\t\tdata-src=\"https:\/\/www.aurin-choir.hu\/wp-content\/gallery\/varazslatos-karacsony-2024\/DSC_1781.jpg\"\n\t\t\t\tdata-thumbnail=\"https:\/\/www.aurin-choir.hu\/wp-content\/gallery\/varazslatos-karacsony-2024\/thumbs\/thumbs_DSC_1781.jpg\"\n\t\t\t\tdata-image-id=\"5590\"\n\t\t\t\tdata-title=\"DSC_1781\"\n\t\t\t\tdata-description=\"\"\n\t\t\t\tdata-image-slug=\"dsc_1781\"\n\t\t\t\tclass=\"ngg-simplelightbox\" rel=\"383d3ee2ca813c151cff7c2f10c185e6\">\n\t\t\t\t<img\n\t\t\t\t\ttitle=\"DSC_1781\"\n\t\t\t\t\talt=\"DSC_1781\"\n\t\t\t\t\tsrc=\"https:\/\/www.aurin-choir.hu\/wp-content\/gallery\/varazslatos-karacsony-2024\/cache\/DSC_1781.jpg-nggid045590-ngg0dyn-325x225x100-00f0w010c011r110f110r010t010.jpg\"\n\t\t\t\t\twidth=\"325\"\n\t\t\t\t\theight=\"225\"\n\t\t\t\t\tstyle=\"max-width:100%;\"\n\t\t\t\t\/>\n\t\t\t<\/a>\n\t\t<\/div>\n\t\t\t\t\t\t\t<\/div> \n\t\t\t\n\t\t\t\t<div id=\"ngg-image-13\" class=\"ngg-gallery-thumbnail-box \n\t\t\t\t\t\t\t\t\t\t\t\" \n\t\t\t>\n\t\t\t\t\t\t<div class=\"ngg-gallery-thumbnail\">\n\t\t\t<a href=\"https:\/\/www.aurin-choir.hu\/wp-content\/gallery\/varazslatos-karacsony-2024\/DSC_1782.jpg\"\n\t\t\t\ttitle=\"\"\n\t\t\t\tdata-src=\"https:\/\/www.aurin-choir.hu\/wp-content\/gallery\/varazslatos-karacsony-2024\/DSC_1782.jpg\"\n\t\t\t\tdata-thumbnail=\"https:\/\/www.aurin-choir.hu\/wp-content\/gallery\/varazslatos-karacsony-2024\/thumbs\/thumbs_DSC_1782.jpg\"\n\t\t\t\tdata-image-id=\"5539\"\n\t\t\t\tdata-title=\"DSC_1782\"\n\t\t\t\tdata-description=\"\"\n\t\t\t\tdata-image-slug=\"dsc_1782\"\n\t\t\t\tclass=\"ngg-simplelightbox\" rel=\"383d3ee2ca813c151cff7c2f10c185e6\">\n\t\t\t\t<img\n\t\t\t\t\ttitle=\"DSC_1782\"\n\t\t\t\t\talt=\"DSC_1782\"\n\t\t\t\t\tsrc=\"https:\/\/www.aurin-choir.hu\/wp-content\/gallery\/varazslatos-karacsony-2024\/cache\/DSC_1782.jpg-nggid045539-ngg0dyn-325x225x100-00f0w010c011r110f110r010t010.jpg\"\n\t\t\t\t\twidth=\"325\"\n\t\t\t\t\theight=\"225\"\n\t\t\t\t\tstyle=\"max-width:100%;\"\n\t\t\t\t\/>\n\t\t\t<\/a>\n\t\t<\/div>\n\t\t\t\t\t\t\t<\/div> \n\t\t\t\n\t\t\t\t<div id=\"ngg-image-14\" class=\"ngg-gallery-thumbnail-box \n\t\t\t\t\t\t\t\t\t\t\t\" \n\t\t\t>\n\t\t\t\t\t\t<div class=\"ngg-gallery-thumbnail\">\n\t\t\t<a href=\"https:\/\/www.aurin-choir.hu\/wp-content\/gallery\/varazslatos-karacsony-2024\/DSC_1783.jpg\"\n\t\t\t\ttitle=\"\"\n\t\t\t\tdata-src=\"https:\/\/www.aurin-choir.hu\/wp-content\/gallery\/varazslatos-karacsony-2024\/DSC_1783.jpg\"\n\t\t\t\tdata-thumbnail=\"https:\/\/www.aurin-choir.hu\/wp-content\/gallery\/varazslatos-karacsony-2024\/thumbs\/thumbs_DSC_1783.jpg\"\n\t\t\t\tdata-image-id=\"5540\"\n\t\t\t\tdata-title=\"DSC_1783\"\n\t\t\t\tdata-description=\"\"\n\t\t\t\tdata-image-slug=\"dsc_1783\"\n\t\t\t\tclass=\"ngg-simplelightbox\" rel=\"383d3ee2ca813c151cff7c2f10c185e6\">\n\t\t\t\t<img\n\t\t\t\t\ttitle=\"DSC_1783\"\n\t\t\t\t\talt=\"DSC_1783\"\n\t\t\t\t\tsrc=\"https:\/\/www.aurin-choir.hu\/wp-content\/gallery\/varazslatos-karacsony-2024\/cache\/DSC_1783.jpg-nggid045540-ngg0dyn-325x225x100-00f0w010c011r110f110r010t010.jpg\"\n\t\t\t\t\twidth=\"325\"\n\t\t\t\t\theight=\"225\"\n\t\t\t\t\tstyle=\"max-width:100%;\"\n\t\t\t\t\/>\n\t\t\t<\/a>\n\t\t<\/div>\n\t\t\t\t\t\t\t<\/div> \n\t\t\t\n\t\t\t\t<div id=\"ngg-image-15\" class=\"ngg-gallery-thumbnail-box \n\t\t\t\t\t\t\t\t\t\t\t\" \n\t\t\t>\n\t\t\t\t\t\t<div class=\"ngg-gallery-thumbnail\">\n\t\t\t<a href=\"https:\/\/www.aurin-choir.hu\/wp-content\/gallery\/varazslatos-karacsony-2024\/DSC_1785.jpg\"\n\t\t\t\ttitle=\"\"\n\t\t\t\tdata-src=\"https:\/\/www.aurin-choir.hu\/wp-content\/gallery\/varazslatos-karacsony-2024\/DSC_1785.jpg\"\n\t\t\t\tdata-thumbnail=\"https:\/\/www.aurin-choir.hu\/wp-content\/gallery\/varazslatos-karacsony-2024\/thumbs\/thumbs_DSC_1785.jpg\"\n\t\t\t\tdata-image-id=\"5541\"\n\t\t\t\tdata-title=\"DSC_1785\"\n\t\t\t\tdata-description=\"\"\n\t\t\t\tdata-image-slug=\"dsc_1785\"\n\t\t\t\tclass=\"ngg-simplelightbox\" rel=\"383d3ee2ca813c151cff7c2f10c185e6\">\n\t\t\t\t<img\n\t\t\t\t\ttitle=\"DSC_1785\"\n\t\t\t\t\talt=\"DSC_1785\"\n\t\t\t\t\tsrc=\"https:\/\/www.aurin-choir.hu\/wp-content\/gallery\/varazslatos-karacsony-2024\/cache\/DSC_1785.jpg-nggid045541-ngg0dyn-325x225x100-00f0w010c011r110f110r010t010.jpg\"\n\t\t\t\t\twidth=\"325\"\n\t\t\t\t\theight=\"225\"\n\t\t\t\t\tstyle=\"max-width:100%;\"\n\t\t\t\t\/>\n\t\t\t<\/a>\n\t\t<\/div>\n\t\t\t\t\t\t\t<\/div> \n\t\t\t\n\t\t\t\t<div id=\"ngg-image-16\" class=\"ngg-gallery-thumbnail-box \n\t\t\t\t\t\t\t\t\t\t\t\" \n\t\t\t>\n\t\t\t\t\t\t<div class=\"ngg-gallery-thumbnail\">\n\t\t\t<a href=\"https:\/\/www.aurin-choir.hu\/wp-content\/gallery\/varazslatos-karacsony-2024\/DSC_1788.jpg\"\n\t\t\t\ttitle=\"\"\n\t\t\t\tdata-src=\"https:\/\/www.aurin-choir.hu\/wp-content\/gallery\/varazslatos-karacsony-2024\/DSC_1788.jpg\"\n\t\t\t\tdata-thumbnail=\"https:\/\/www.aurin-choir.hu\/wp-content\/gallery\/varazslatos-karacsony-2024\/thumbs\/thumbs_DSC_1788.jpg\"\n\t\t\t\tdata-image-id=\"5542\"\n\t\t\t\tdata-title=\"DSC_1788\"\n\t\t\t\tdata-description=\"\"\n\t\t\t\tdata-image-slug=\"dsc_1788-1\"\n\t\t\t\tclass=\"ngg-simplelightbox\" rel=\"383d3ee2ca813c151cff7c2f10c185e6\">\n\t\t\t\t<img\n\t\t\t\t\ttitle=\"DSC_1788\"\n\t\t\t\t\talt=\"DSC_1788\"\n\t\t\t\t\tsrc=\"https:\/\/www.aurin-choir.hu\/wp-content\/gallery\/varazslatos-karacsony-2024\/cache\/DSC_1788.jpg-nggid045542-ngg0dyn-325x225x100-00f0w010c011r110f110r010t010.jpg\"\n\t\t\t\t\twidth=\"325\"\n\t\t\t\t\theight=\"225\"\n\t\t\t\t\tstyle=\"max-width:100%;\"\n\t\t\t\t\/>\n\t\t\t<\/a>\n\t\t<\/div>\n\t\t\t\t\t\t\t<\/div> \n\t\t\t\n\t\t\t\t<div id=\"ngg-image-17\" class=\"ngg-gallery-thumbnail-box \n\t\t\t\t\t\t\t\t\t\t\t\" \n\t\t\t>\n\t\t\t\t\t\t<div class=\"ngg-gallery-thumbnail\">\n\t\t\t<a href=\"https:\/\/www.aurin-choir.hu\/wp-content\/gallery\/varazslatos-karacsony-2024\/DSC_1790.jpg\"\n\t\t\t\ttitle=\"\"\n\t\t\t\tdata-src=\"https:\/\/www.aurin-choir.hu\/wp-content\/gallery\/varazslatos-karacsony-2024\/DSC_1790.jpg\"\n\t\t\t\tdata-thumbnail=\"https:\/\/www.aurin-choir.hu\/wp-content\/gallery\/varazslatos-karacsony-2024\/thumbs\/thumbs_DSC_1790.jpg\"\n\t\t\t\tdata-image-id=\"5543\"\n\t\t\t\tdata-title=\"DSC_1790\"\n\t\t\t\tdata-description=\"\"\n\t\t\t\tdata-image-slug=\"dsc_1790\"\n\t\t\t\tclass=\"ngg-simplelightbox\" rel=\"383d3ee2ca813c151cff7c2f10c185e6\">\n\t\t\t\t<img\n\t\t\t\t\ttitle=\"DSC_1790\"\n\t\t\t\t\talt=\"DSC_1790\"\n\t\t\t\t\tsrc=\"https:\/\/www.aurin-choir.hu\/wp-content\/gallery\/varazslatos-karacsony-2024\/cache\/DSC_1790.jpg-nggid045543-ngg0dyn-325x225x100-00f0w010c011r110f110r010t010.jpg\"\n\t\t\t\t\twidth=\"325\"\n\t\t\t\t\theight=\"225\"\n\t\t\t\t\tstyle=\"max-width:100%;\"\n\t\t\t\t\/>\n\t\t\t<\/a>\n\t\t<\/div>\n\t\t\t\t\t\t\t<\/div> \n\t\t\t\n\t\t\t\t<div id=\"ngg-image-18\" class=\"ngg-gallery-thumbnail-box \n\t\t\t\t\t\t\t\t\t\t\t\" \n\t\t\t>\n\t\t\t\t\t\t<div class=\"ngg-gallery-thumbnail\">\n\t\t\t<a href=\"https:\/\/www.aurin-choir.hu\/wp-content\/gallery\/varazslatos-karacsony-2024\/DSC_1800.jpg\"\n\t\t\t\ttitle=\"\"\n\t\t\t\tdata-src=\"https:\/\/www.aurin-choir.hu\/wp-content\/gallery\/varazslatos-karacsony-2024\/DSC_1800.jpg\"\n\t\t\t\tdata-thumbnail=\"https:\/\/www.aurin-choir.hu\/wp-content\/gallery\/varazslatos-karacsony-2024\/thumbs\/thumbs_DSC_1800.jpg\"\n\t\t\t\tdata-image-id=\"5589\"\n\t\t\t\tdata-title=\"DSC_1800\"\n\t\t\t\tdata-description=\"\"\n\t\t\t\tdata-image-slug=\"dsc_1800\"\n\t\t\t\tclass=\"ngg-simplelightbox\" rel=\"383d3ee2ca813c151cff7c2f10c185e6\">\n\t\t\t\t<img\n\t\t\t\t\ttitle=\"DSC_1800\"\n\t\t\t\t\talt=\"DSC_1800\"\n\t\t\t\t\tsrc=\"https:\/\/www.aurin-choir.hu\/wp-content\/gallery\/varazslatos-karacsony-2024\/cache\/DSC_1800.jpg-nggid045589-ngg0dyn-325x225x100-00f0w010c011r110f110r010t010.jpg\"\n\t\t\t\t\twidth=\"325\"\n\t\t\t\t\theight=\"225\"\n\t\t\t\t\tstyle=\"max-width:100%;\"\n\t\t\t\t\/>\n\t\t\t<\/a>\n\t\t<\/div>\n\t\t\t\t\t\t\t<\/div> \n\t\t\t\n\t\t\t\t<div id=\"ngg-image-19\" class=\"ngg-gallery-thumbnail-box \n\t\t\t\t\t\t\t\t\t\t\t\" \n\t\t\t>\n\t\t\t\t\t\t<div class=\"ngg-gallery-thumbnail\">\n\t\t\t<a href=\"https:\/\/www.aurin-choir.hu\/wp-content\/gallery\/varazslatos-karacsony-2024\/DSC_1801.jpg\"\n\t\t\t\ttitle=\"\"\n\t\t\t\tdata-src=\"https:\/\/www.aurin-choir.hu\/wp-content\/gallery\/varazslatos-karacsony-2024\/DSC_1801.jpg\"\n\t\t\t\tdata-thumbnail=\"https:\/\/www.aurin-choir.hu\/wp-content\/gallery\/varazslatos-karacsony-2024\/thumbs\/thumbs_DSC_1801.jpg\"\n\t\t\t\tdata-image-id=\"5545\"\n\t\t\t\tdata-title=\"DSC_1801\"\n\t\t\t\tdata-description=\"\"\n\t\t\t\tdata-image-slug=\"dsc_1801\"\n\t\t\t\tclass=\"ngg-simplelightbox\" rel=\"383d3ee2ca813c151cff7c2f10c185e6\">\n\t\t\t\t<img\n\t\t\t\t\ttitle=\"DSC_1801\"\n\t\t\t\t\talt=\"DSC_1801\"\n\t\t\t\t\tsrc=\"https:\/\/www.aurin-choir.hu\/wp-content\/gallery\/varazslatos-karacsony-2024\/cache\/DSC_1801.jpg-nggid045545-ngg0dyn-325x225x100-00f0w010c011r110f110r010t010.jpg\"\n\t\t\t\t\twidth=\"325\"\n\t\t\t\t\theight=\"225\"\n\t\t\t\t\tstyle=\"max-width:100%;\"\n\t\t\t\t\/>\n\t\t\t<\/a>\n\t\t<\/div>\n\t\t\t\t\t\t\t<\/div> \n\t\t\t\n\t\t\t\t<div id=\"ngg-image-20\" class=\"ngg-gallery-thumbnail-box \n\t\t\t\t\t\t\t\t\t\t\t\" \n\t\t\t>\n\t\t\t\t\t\t<div class=\"ngg-gallery-thumbnail\">\n\t\t\t<a href=\"https:\/\/www.aurin-choir.hu\/wp-content\/gallery\/varazslatos-karacsony-2024\/DSC_1802.jpg\"\n\t\t\t\ttitle=\"\"\n\t\t\t\tdata-src=\"https:\/\/www.aurin-choir.hu\/wp-content\/gallery\/varazslatos-karacsony-2024\/DSC_1802.jpg\"\n\t\t\t\tdata-thumbnail=\"https:\/\/www.aurin-choir.hu\/wp-content\/gallery\/varazslatos-karacsony-2024\/thumbs\/thumbs_DSC_1802.jpg\"\n\t\t\t\tdata-image-id=\"5546\"\n\t\t\t\tdata-title=\"DSC_1802\"\n\t\t\t\tdata-description=\"\"\n\t\t\t\tdata-image-slug=\"dsc_1802\"\n\t\t\t\tclass=\"ngg-simplelightbox\" rel=\"383d3ee2ca813c151cff7c2f10c185e6\">\n\t\t\t\t<img\n\t\t\t\t\ttitle=\"DSC_1802\"\n\t\t\t\t\talt=\"DSC_1802\"\n\t\t\t\t\tsrc=\"https:\/\/www.aurin-choir.hu\/wp-content\/gallery\/varazslatos-karacsony-2024\/cache\/DSC_1802.jpg-nggid045546-ngg0dyn-325x225x100-00f0w010c011r110f110r010t010.jpg\"\n\t\t\t\t\twidth=\"325\"\n\t\t\t\t\theight=\"225\"\n\t\t\t\t\tstyle=\"max-width:100%;\"\n\t\t\t\t\/>\n\t\t\t<\/a>\n\t\t<\/div>\n\t\t\t\t\t\t\t<\/div> \n\t\t\t\n\t\t\t\t<div id=\"ngg-image-21\" class=\"ngg-gallery-thumbnail-box \n\t\t\t\t\t\t\t\t\t\t\t\" \n\t\t\t>\n\t\t\t\t\t\t<div class=\"ngg-gallery-thumbnail\">\n\t\t\t<a href=\"https:\/\/www.aurin-choir.hu\/wp-content\/gallery\/varazslatos-karacsony-2024\/DSC_1804.jpg\"\n\t\t\t\ttitle=\"\"\n\t\t\t\tdata-src=\"https:\/\/www.aurin-choir.hu\/wp-content\/gallery\/varazslatos-karacsony-2024\/DSC_1804.jpg\"\n\t\t\t\tdata-thumbnail=\"https:\/\/www.aurin-choir.hu\/wp-content\/gallery\/varazslatos-karacsony-2024\/thumbs\/thumbs_DSC_1804.jpg\"\n\t\t\t\tdata-image-id=\"5547\"\n\t\t\t\tdata-title=\"DSC_1804\"\n\t\t\t\tdata-description=\"\"\n\t\t\t\tdata-image-slug=\"dsc_1804\"\n\t\t\t\tclass=\"ngg-simplelightbox\" rel=\"383d3ee2ca813c151cff7c2f10c185e6\">\n\t\t\t\t<img\n\t\t\t\t\ttitle=\"DSC_1804\"\n\t\t\t\t\talt=\"DSC_1804\"\n\t\t\t\t\tsrc=\"https:\/\/www.aurin-choir.hu\/wp-content\/gallery\/varazslatos-karacsony-2024\/cache\/DSC_1804.jpg-nggid045547-ngg0dyn-325x225x100-00f0w010c011r110f110r010t010.jpg\"\n\t\t\t\t\twidth=\"325\"\n\t\t\t\t\theight=\"225\"\n\t\t\t\t\tstyle=\"max-width:100%;\"\n\t\t\t\t\/>\n\t\t\t<\/a>\n\t\t<\/div>\n\t\t\t\t\t\t\t<\/div> \n\t\t\t\n\t\t\t\t<div id=\"ngg-image-22\" class=\"ngg-gallery-thumbnail-box \n\t\t\t\t\t\t\t\t\t\t\t\" \n\t\t\t>\n\t\t\t\t\t\t<div class=\"ngg-gallery-thumbnail\">\n\t\t\t<a href=\"https:\/\/www.aurin-choir.hu\/wp-content\/gallery\/varazslatos-karacsony-2024\/DSC_1810.jpg\"\n\t\t\t\ttitle=\"\"\n\t\t\t\tdata-src=\"https:\/\/www.aurin-choir.hu\/wp-content\/gallery\/varazslatos-karacsony-2024\/DSC_1810.jpg\"\n\t\t\t\tdata-thumbnail=\"https:\/\/www.aurin-choir.hu\/wp-content\/gallery\/varazslatos-karacsony-2024\/thumbs\/thumbs_DSC_1810.jpg\"\n\t\t\t\tdata-image-id=\"5548\"\n\t\t\t\tdata-title=\"DSC_1810\"\n\t\t\t\tdata-description=\"\"\n\t\t\t\tdata-image-slug=\"dsc_1810\"\n\t\t\t\tclass=\"ngg-simplelightbox\" rel=\"383d3ee2ca813c151cff7c2f10c185e6\">\n\t\t\t\t<img\n\t\t\t\t\ttitle=\"DSC_1810\"\n\t\t\t\t\talt=\"DSC_1810\"\n\t\t\t\t\tsrc=\"https:\/\/www.aurin-choir.hu\/wp-content\/gallery\/varazslatos-karacsony-2024\/cache\/DSC_1810.jpg-nggid045548-ngg0dyn-325x225x100-00f0w010c011r110f110r010t010.jpg\"\n\t\t\t\t\twidth=\"325\"\n\t\t\t\t\theight=\"225\"\n\t\t\t\t\tstyle=\"max-width:100%;\"\n\t\t\t\t\/>\n\t\t\t<\/a>\n\t\t<\/div>\n\t\t\t\t\t\t\t<\/div> \n\t\t\t\n\t\t\t\t<div id=\"ngg-image-23\" class=\"ngg-gallery-thumbnail-box \n\t\t\t\t\t\t\t\t\t\t\t\" \n\t\t\t>\n\t\t\t\t\t\t<div class=\"ngg-gallery-thumbnail\">\n\t\t\t<a href=\"https:\/\/www.aurin-choir.hu\/wp-content\/gallery\/varazslatos-karacsony-2024\/DSC_1811.jpg\"\n\t\t\t\ttitle=\"\"\n\t\t\t\tdata-src=\"https:\/\/www.aurin-choir.hu\/wp-content\/gallery\/varazslatos-karacsony-2024\/DSC_1811.jpg\"\n\t\t\t\tdata-thumbnail=\"https:\/\/www.aurin-choir.hu\/wp-content\/gallery\/varazslatos-karacsony-2024\/thumbs\/thumbs_DSC_1811.jpg\"\n\t\t\t\tdata-image-id=\"5549\"\n\t\t\t\tdata-title=\"DSC_1811\"\n\t\t\t\tdata-description=\"\"\n\t\t\t\tdata-image-slug=\"dsc_1811\"\n\t\t\t\tclass=\"ngg-simplelightbox\" rel=\"383d3ee2ca813c151cff7c2f10c185e6\">\n\t\t\t\t<img\n\t\t\t\t\ttitle=\"DSC_1811\"\n\t\t\t\t\talt=\"DSC_1811\"\n\t\t\t\t\tsrc=\"https:\/\/www.aurin-choir.hu\/wp-content\/gallery\/varazslatos-karacsony-2024\/cache\/DSC_1811.jpg-nggid045549-ngg0dyn-325x225x100-00f0w010c011r110f110r010t010.jpg\"\n\t\t\t\t\twidth=\"325\"\n\t\t\t\t\theight=\"225\"\n\t\t\t\t\tstyle=\"max-width:100%;\"\n\t\t\t\t\/>\n\t\t\t<\/a>\n\t\t<\/div>\n\t\t\t\t\t\t\t<\/div> \n\t\t\t\n\t\t\t\t<div id=\"ngg-image-24\" class=\"ngg-gallery-thumbnail-box \n\t\t\t\t\t\t\t\t\t\t\t\" \n\t\t\t>\n\t\t\t\t\t\t<div class=\"ngg-gallery-thumbnail\">\n\t\t\t<a href=\"https:\/\/www.aurin-choir.hu\/wp-content\/gallery\/varazslatos-karacsony-2024\/DSC_1813.jpg\"\n\t\t\t\ttitle=\"\"\n\t\t\t\tdata-src=\"https:\/\/www.aurin-choir.hu\/wp-content\/gallery\/varazslatos-karacsony-2024\/DSC_1813.jpg\"\n\t\t\t\tdata-thumbnail=\"https:\/\/www.aurin-choir.hu\/wp-content\/gallery\/varazslatos-karacsony-2024\/thumbs\/thumbs_DSC_1813.jpg\"\n\t\t\t\tdata-image-id=\"5550\"\n\t\t\t\tdata-title=\"DSC_1813\"\n\t\t\t\tdata-description=\"\"\n\t\t\t\tdata-image-slug=\"dsc_1813\"\n\t\t\t\tclass=\"ngg-simplelightbox\" rel=\"383d3ee2ca813c151cff7c2f10c185e6\">\n\t\t\t\t<img\n\t\t\t\t\ttitle=\"DSC_1813\"\n\t\t\t\t\talt=\"DSC_1813\"\n\t\t\t\t\tsrc=\"https:\/\/www.aurin-choir.hu\/wp-content\/gallery\/varazslatos-karacsony-2024\/cache\/DSC_1813.jpg-nggid045550-ngg0dyn-325x225x100-00f0w010c011r110f110r010t010.jpg\"\n\t\t\t\t\twidth=\"325\"\n\t\t\t\t\theight=\"225\"\n\t\t\t\t\tstyle=\"max-width:100%;\"\n\t\t\t\t\/>\n\t\t\t<\/a>\n\t\t<\/div>\n\t\t\t\t\t\t\t<\/div> \n\t\t\t\n\t\t\t\t<div id=\"ngg-image-25\" class=\"ngg-gallery-thumbnail-box \n\t\t\t\t\t\t\t\t\t\t\t\" \n\t\t\t>\n\t\t\t\t\t\t<div class=\"ngg-gallery-thumbnail\">\n\t\t\t<a href=\"https:\/\/www.aurin-choir.hu\/wp-content\/gallery\/varazslatos-karacsony-2024\/DSC_1816.jpg\"\n\t\t\t\ttitle=\"\"\n\t\t\t\tdata-src=\"https:\/\/www.aurin-choir.hu\/wp-content\/gallery\/varazslatos-karacsony-2024\/DSC_1816.jpg\"\n\t\t\t\tdata-thumbnail=\"https:\/\/www.aurin-choir.hu\/wp-content\/gallery\/varazslatos-karacsony-2024\/thumbs\/thumbs_DSC_1816.jpg\"\n\t\t\t\tdata-image-id=\"5551\"\n\t\t\t\tdata-title=\"DSC_1816\"\n\t\t\t\tdata-description=\"\"\n\t\t\t\tdata-image-slug=\"dsc_1816\"\n\t\t\t\tclass=\"ngg-simplelightbox\" rel=\"383d3ee2ca813c151cff7c2f10c185e6\">\n\t\t\t\t<img\n\t\t\t\t\ttitle=\"DSC_1816\"\n\t\t\t\t\talt=\"DSC_1816\"\n\t\t\t\t\tsrc=\"https:\/\/www.aurin-choir.hu\/wp-content\/gallery\/varazslatos-karacsony-2024\/cache\/DSC_1816.jpg-nggid045551-ngg0dyn-325x225x100-00f0w010c011r110f110r010t010.jpg\"\n\t\t\t\t\twidth=\"325\"\n\t\t\t\t\theight=\"225\"\n\t\t\t\t\tstyle=\"max-width:100%;\"\n\t\t\t\t\/>\n\t\t\t<\/a>\n\t\t<\/div>\n\t\t\t\t\t\t\t<\/div> \n\t\t\t\n\t\t\t\t<div id=\"ngg-image-26\" class=\"ngg-gallery-thumbnail-box \n\t\t\t\t\t\t\t\t\t\t\t\" \n\t\t\t>\n\t\t\t\t\t\t<div class=\"ngg-gallery-thumbnail\">\n\t\t\t<a href=\"https:\/\/www.aurin-choir.hu\/wp-content\/gallery\/varazslatos-karacsony-2024\/DSC_1821.jpg\"\n\t\t\t\ttitle=\"\"\n\t\t\t\tdata-src=\"https:\/\/www.aurin-choir.hu\/wp-content\/gallery\/varazslatos-karacsony-2024\/DSC_1821.jpg\"\n\t\t\t\tdata-thumbnail=\"https:\/\/www.aurin-choir.hu\/wp-content\/gallery\/varazslatos-karacsony-2024\/thumbs\/thumbs_DSC_1821.jpg\"\n\t\t\t\tdata-image-id=\"5552\"\n\t\t\t\tdata-title=\"DSC_1821\"\n\t\t\t\tdata-description=\"\"\n\t\t\t\tdata-image-slug=\"dsc_1821\"\n\t\t\t\tclass=\"ngg-simplelightbox\" rel=\"383d3ee2ca813c151cff7c2f10c185e6\">\n\t\t\t\t<img\n\t\t\t\t\ttitle=\"DSC_1821\"\n\t\t\t\t\talt=\"DSC_1821\"\n\t\t\t\t\tsrc=\"https:\/\/www.aurin-choir.hu\/wp-content\/gallery\/varazslatos-karacsony-2024\/cache\/DSC_1821.jpg-nggid045552-ngg0dyn-325x225x100-00f0w010c011r110f110r010t010.jpg\"\n\t\t\t\t\twidth=\"325\"\n\t\t\t\t\theight=\"225\"\n\t\t\t\t\tstyle=\"max-width:100%;\"\n\t\t\t\t\/>\n\t\t\t<\/a>\n\t\t<\/div>\n\t\t\t\t\t\t\t<\/div> \n\t\t\t\n\t\t\t\t<div id=\"ngg-image-27\" class=\"ngg-gallery-thumbnail-box \n\t\t\t\t\t\t\t\t\t\t\t\" \n\t\t\t>\n\t\t\t\t\t\t<div class=\"ngg-gallery-thumbnail\">\n\t\t\t<a href=\"https:\/\/www.aurin-choir.hu\/wp-content\/gallery\/varazslatos-karacsony-2024\/DSC_1822.jpg\"\n\t\t\t\ttitle=\"\"\n\t\t\t\tdata-src=\"https:\/\/www.aurin-choir.hu\/wp-content\/gallery\/varazslatos-karacsony-2024\/DSC_1822.jpg\"\n\t\t\t\tdata-thumbnail=\"https:\/\/www.aurin-choir.hu\/wp-content\/gallery\/varazslatos-karacsony-2024\/thumbs\/thumbs_DSC_1822.jpg\"\n\t\t\t\tdata-image-id=\"5553\"\n\t\t\t\tdata-title=\"DSC_1822\"\n\t\t\t\tdata-description=\"\"\n\t\t\t\tdata-image-slug=\"dsc_1822-1\"\n\t\t\t\tclass=\"ngg-simplelightbox\" rel=\"383d3ee2ca813c151cff7c2f10c185e6\">\n\t\t\t\t<img\n\t\t\t\t\ttitle=\"DSC_1822\"\n\t\t\t\t\talt=\"DSC_1822\"\n\t\t\t\t\tsrc=\"https:\/\/www.aurin-choir.hu\/wp-content\/gallery\/varazslatos-karacsony-2024\/cache\/DSC_1822.jpg-nggid045553-ngg0dyn-325x225x100-00f0w010c011r110f110r010t010.jpg\"\n\t\t\t\t\twidth=\"325\"\n\t\t\t\t\theight=\"225\"\n\t\t\t\t\tstyle=\"max-width:100%;\"\n\t\t\t\t\/>\n\t\t\t<\/a>\n\t\t<\/div>\n\t\t\t\t\t\t\t<\/div> \n\t\t\t\n\t\t\t\t<div id=\"ngg-image-28\" class=\"ngg-gallery-thumbnail-box \n\t\t\t\t\t\t\t\t\t\t\t\" \n\t\t\t>\n\t\t\t\t\t\t<div class=\"ngg-gallery-thumbnail\">\n\t\t\t<a href=\"https:\/\/www.aurin-choir.hu\/wp-content\/gallery\/varazslatos-karacsony-2024\/DSC_1826.jpg\"\n\t\t\t\ttitle=\"\"\n\t\t\t\tdata-src=\"https:\/\/www.aurin-choir.hu\/wp-content\/gallery\/varazslatos-karacsony-2024\/DSC_1826.jpg\"\n\t\t\t\tdata-thumbnail=\"https:\/\/www.aurin-choir.hu\/wp-content\/gallery\/varazslatos-karacsony-2024\/thumbs\/thumbs_DSC_1826.jpg\"\n\t\t\t\tdata-image-id=\"5554\"\n\t\t\t\tdata-title=\"DSC_1826\"\n\t\t\t\tdata-description=\"\"\n\t\t\t\tdata-image-slug=\"dsc_1826\"\n\t\t\t\tclass=\"ngg-simplelightbox\" rel=\"383d3ee2ca813c151cff7c2f10c185e6\">\n\t\t\t\t<img\n\t\t\t\t\ttitle=\"DSC_1826\"\n\t\t\t\t\talt=\"DSC_1826\"\n\t\t\t\t\tsrc=\"https:\/\/www.aurin-choir.hu\/wp-content\/gallery\/varazslatos-karacsony-2024\/cache\/DSC_1826.jpg-nggid045554-ngg0dyn-325x225x100-00f0w010c011r110f110r010t010.jpg\"\n\t\t\t\t\twidth=\"325\"\n\t\t\t\t\theight=\"225\"\n\t\t\t\t\tstyle=\"max-width:100%;\"\n\t\t\t\t\/>\n\t\t\t<\/a>\n\t\t<\/div>\n\t\t\t\t\t\t\t<\/div> \n\t\t\t\n\t\t\t\t<div id=\"ngg-image-29\" class=\"ngg-gallery-thumbnail-box \n\t\t\t\t\t\t\t\t\t\t\t\" \n\t\t\t>\n\t\t\t\t\t\t<div class=\"ngg-gallery-thumbnail\">\n\t\t\t<a href=\"https:\/\/www.aurin-choir.hu\/wp-content\/gallery\/varazslatos-karacsony-2024\/DSC_1828.jpg\"\n\t\t\t\ttitle=\"\"\n\t\t\t\tdata-src=\"https:\/\/www.aurin-choir.hu\/wp-content\/gallery\/varazslatos-karacsony-2024\/DSC_1828.jpg\"\n\t\t\t\tdata-thumbnail=\"https:\/\/www.aurin-choir.hu\/wp-content\/gallery\/varazslatos-karacsony-2024\/thumbs\/thumbs_DSC_1828.jpg\"\n\t\t\t\tdata-image-id=\"5555\"\n\t\t\t\tdata-title=\"DSC_1828\"\n\t\t\t\tdata-description=\"\"\n\t\t\t\tdata-image-slug=\"dsc_1828\"\n\t\t\t\tclass=\"ngg-simplelightbox\" rel=\"383d3ee2ca813c151cff7c2f10c185e6\">\n\t\t\t\t<img\n\t\t\t\t\ttitle=\"DSC_1828\"\n\t\t\t\t\talt=\"DSC_1828\"\n\t\t\t\t\tsrc=\"https:\/\/www.aurin-choir.hu\/wp-content\/gallery\/varazslatos-karacsony-2024\/cache\/DSC_1828.jpg-nggid045555-ngg0dyn-325x225x100-00f0w010c011r110f110r010t010.jpg\"\n\t\t\t\t\twidth=\"325\"\n\t\t\t\t\theight=\"225\"\n\t\t\t\t\tstyle=\"max-width:100%;\"\n\t\t\t\t\/>\n\t\t\t<\/a>\n\t\t<\/div>\n\t\t\t\t\t\t\t<\/div> \n\t\t\t\n\t\t\t\t<div id=\"ngg-image-30\" class=\"ngg-gallery-thumbnail-box \n\t\t\t\t\t\t\t\t\t\t\t\" \n\t\t\t>\n\t\t\t\t\t\t<div class=\"ngg-gallery-thumbnail\">\n\t\t\t<a href=\"https:\/\/www.aurin-choir.hu\/wp-content\/gallery\/varazslatos-karacsony-2024\/DSC_1829.jpg\"\n\t\t\t\ttitle=\"\"\n\t\t\t\tdata-src=\"https:\/\/www.aurin-choir.hu\/wp-content\/gallery\/varazslatos-karacsony-2024\/DSC_1829.jpg\"\n\t\t\t\tdata-thumbnail=\"https:\/\/www.aurin-choir.hu\/wp-content\/gallery\/varazslatos-karacsony-2024\/thumbs\/thumbs_DSC_1829.jpg\"\n\t\t\t\tdata-image-id=\"5556\"\n\t\t\t\tdata-title=\"DSC_1829\"\n\t\t\t\tdata-description=\"\"\n\t\t\t\tdata-image-slug=\"dsc_1829\"\n\t\t\t\tclass=\"ngg-simplelightbox\" rel=\"383d3ee2ca813c151cff7c2f10c185e6\">\n\t\t\t\t<img\n\t\t\t\t\ttitle=\"DSC_1829\"\n\t\t\t\t\talt=\"DSC_1829\"\n\t\t\t\t\tsrc=\"https:\/\/www.aurin-choir.hu\/wp-content\/gallery\/varazslatos-karacsony-2024\/cache\/DSC_1829.jpg-nggid045556-ngg0dyn-325x225x100-00f0w010c011r110f110r010t010.jpg\"\n\t\t\t\t\twidth=\"325\"\n\t\t\t\t\theight=\"225\"\n\t\t\t\t\tstyle=\"max-width:100%;\"\n\t\t\t\t\/>\n\t\t\t<\/a>\n\t\t<\/div>\n\t\t\t\t\t\t\t<\/div> \n\t\t\t\n\t\t\t\t<div id=\"ngg-image-31\" class=\"ngg-gallery-thumbnail-box \n\t\t\t\t\t\t\t\t\t\t\t\" \n\t\t\t>\n\t\t\t\t\t\t<div class=\"ngg-gallery-thumbnail\">\n\t\t\t<a href=\"https:\/\/www.aurin-choir.hu\/wp-content\/gallery\/varazslatos-karacsony-2024\/DSC_1835.jpg\"\n\t\t\t\ttitle=\"\"\n\t\t\t\tdata-src=\"https:\/\/www.aurin-choir.hu\/wp-content\/gallery\/varazslatos-karacsony-2024\/DSC_1835.jpg\"\n\t\t\t\tdata-thumbnail=\"https:\/\/www.aurin-choir.hu\/wp-content\/gallery\/varazslatos-karacsony-2024\/thumbs\/thumbs_DSC_1835.jpg\"\n\t\t\t\tdata-image-id=\"5557\"\n\t\t\t\tdata-title=\"DSC_1835\"\n\t\t\t\tdata-description=\"\"\n\t\t\t\tdata-image-slug=\"dsc_1835\"\n\t\t\t\tclass=\"ngg-simplelightbox\" rel=\"383d3ee2ca813c151cff7c2f10c185e6\">\n\t\t\t\t<img\n\t\t\t\t\ttitle=\"DSC_1835\"\n\t\t\t\t\talt=\"DSC_1835\"\n\t\t\t\t\tsrc=\"https:\/\/www.aurin-choir.hu\/wp-content\/gallery\/varazslatos-karacsony-2024\/cache\/DSC_1835.jpg-nggid045557-ngg0dyn-325x225x100-00f0w010c011r110f110r010t010.jpg\"\n\t\t\t\t\twidth=\"325\"\n\t\t\t\t\theight=\"225\"\n\t\t\t\t\tstyle=\"max-width:100%;\"\n\t\t\t\t\/>\n\t\t\t<\/a>\n\t\t<\/div>\n\t\t\t\t\t\t\t<\/div> \n\t\t\t\n\t\t\t\t<div id=\"ngg-image-32\" class=\"ngg-gallery-thumbnail-box \n\t\t\t\t\t\t\t\t\t\t\t\" \n\t\t\t>\n\t\t\t\t\t\t<div class=\"ngg-gallery-thumbnail\">\n\t\t\t<a href=\"https:\/\/www.aurin-choir.hu\/wp-content\/gallery\/varazslatos-karacsony-2024\/DSC_1836.jpg\"\n\t\t\t\ttitle=\"\"\n\t\t\t\tdata-src=\"https:\/\/www.aurin-choir.hu\/wp-content\/gallery\/varazslatos-karacsony-2024\/DSC_1836.jpg\"\n\t\t\t\tdata-thumbnail=\"https:\/\/www.aurin-choir.hu\/wp-content\/gallery\/varazslatos-karacsony-2024\/thumbs\/thumbs_DSC_1836.jpg\"\n\t\t\t\tdata-image-id=\"5558\"\n\t\t\t\tdata-title=\"DSC_1836\"\n\t\t\t\tdata-description=\"\"\n\t\t\t\tdata-image-slug=\"dsc_1836\"\n\t\t\t\tclass=\"ngg-simplelightbox\" rel=\"383d3ee2ca813c151cff7c2f10c185e6\">\n\t\t\t\t<img\n\t\t\t\t\ttitle=\"DSC_1836\"\n\t\t\t\t\talt=\"DSC_1836\"\n\t\t\t\t\tsrc=\"https:\/\/www.aurin-choir.hu\/wp-content\/gallery\/varazslatos-karacsony-2024\/cache\/DSC_1836.jpg-nggid045558-ngg0dyn-325x225x100-00f0w010c011r110f110r010t010.jpg\"\n\t\t\t\t\twidth=\"325\"\n\t\t\t\t\theight=\"225\"\n\t\t\t\t\tstyle=\"max-width:100%;\"\n\t\t\t\t\/>\n\t\t\t<\/a>\n\t\t<\/div>\n\t\t\t\t\t\t\t<\/div> \n\t\t\t\n\t\t\t\t<div id=\"ngg-image-33\" class=\"ngg-gallery-thumbnail-box \n\t\t\t\t\t\t\t\t\t\t\t\" \n\t\t\t>\n\t\t\t\t\t\t<div class=\"ngg-gallery-thumbnail\">\n\t\t\t<a href=\"https:\/\/www.aurin-choir.hu\/wp-content\/gallery\/varazslatos-karacsony-2024\/DSC_1838.jpg\"\n\t\t\t\ttitle=\"\"\n\t\t\t\tdata-src=\"https:\/\/www.aurin-choir.hu\/wp-content\/gallery\/varazslatos-karacsony-2024\/DSC_1838.jpg\"\n\t\t\t\tdata-thumbnail=\"https:\/\/www.aurin-choir.hu\/wp-content\/gallery\/varazslatos-karacsony-2024\/thumbs\/thumbs_DSC_1838.jpg\"\n\t\t\t\tdata-image-id=\"5559\"\n\t\t\t\tdata-title=\"DSC_1838\"\n\t\t\t\tdata-description=\"\"\n\t\t\t\tdata-image-slug=\"dsc_1838\"\n\t\t\t\tclass=\"ngg-simplelightbox\" rel=\"383d3ee2ca813c151cff7c2f10c185e6\">\n\t\t\t\t<img\n\t\t\t\t\ttitle=\"DSC_1838\"\n\t\t\t\t\talt=\"DSC_1838\"\n\t\t\t\t\tsrc=\"https:\/\/www.aurin-choir.hu\/wp-content\/gallery\/varazslatos-karacsony-2024\/cache\/DSC_1838.jpg-nggid045559-ngg0dyn-325x225x100-00f0w010c011r110f110r010t010.jpg\"\n\t\t\t\t\twidth=\"325\"\n\t\t\t\t\theight=\"225\"\n\t\t\t\t\tstyle=\"max-width:100%;\"\n\t\t\t\t\/>\n\t\t\t<\/a>\n\t\t<\/div>\n\t\t\t\t\t\t\t<\/div> \n\t\t\t\n\t\t\t\t<div id=\"ngg-image-34\" class=\"ngg-gallery-thumbnail-box \n\t\t\t\t\t\t\t\t\t\t\t\" \n\t\t\t>\n\t\t\t\t\t\t<div class=\"ngg-gallery-thumbnail\">\n\t\t\t<a href=\"https:\/\/www.aurin-choir.hu\/wp-content\/gallery\/varazslatos-karacsony-2024\/DSC_1847.jpg\"\n\t\t\t\ttitle=\"\"\n\t\t\t\tdata-src=\"https:\/\/www.aurin-choir.hu\/wp-content\/gallery\/varazslatos-karacsony-2024\/DSC_1847.jpg\"\n\t\t\t\tdata-thumbnail=\"https:\/\/www.aurin-choir.hu\/wp-content\/gallery\/varazslatos-karacsony-2024\/thumbs\/thumbs_DSC_1847.jpg\"\n\t\t\t\tdata-image-id=\"5560\"\n\t\t\t\tdata-title=\"DSC_1847\"\n\t\t\t\tdata-description=\"\"\n\t\t\t\tdata-image-slug=\"dsc_1847\"\n\t\t\t\tclass=\"ngg-simplelightbox\" rel=\"383d3ee2ca813c151cff7c2f10c185e6\">\n\t\t\t\t<img\n\t\t\t\t\ttitle=\"DSC_1847\"\n\t\t\t\t\talt=\"DSC_1847\"\n\t\t\t\t\tsrc=\"https:\/\/www.aurin-choir.hu\/wp-content\/gallery\/varazslatos-karacsony-2024\/cache\/DSC_1847.jpg-nggid045560-ngg0dyn-325x225x100-00f0w010c011r110f110r010t010.jpg\"\n\t\t\t\t\twidth=\"325\"\n\t\t\t\t\theight=\"225\"\n\t\t\t\t\tstyle=\"max-width:100%;\"\n\t\t\t\t\/>\n\t\t\t<\/a>\n\t\t<\/div>\n\t\t\t\t\t\t\t<\/div> \n\t\t\t\n\t\t\t\t<div id=\"ngg-image-35\" class=\"ngg-gallery-thumbnail-box \n\t\t\t\t\t\t\t\t\t\t\t\" \n\t\t\t>\n\t\t\t\t\t\t<div class=\"ngg-gallery-thumbnail\">\n\t\t\t<a href=\"https:\/\/www.aurin-choir.hu\/wp-content\/gallery\/varazslatos-karacsony-2024\/DSC_1848.jpg\"\n\t\t\t\ttitle=\"\"\n\t\t\t\tdata-src=\"https:\/\/www.aurin-choir.hu\/wp-content\/gallery\/varazslatos-karacsony-2024\/DSC_1848.jpg\"\n\t\t\t\tdata-thumbnail=\"https:\/\/www.aurin-choir.hu\/wp-content\/gallery\/varazslatos-karacsony-2024\/thumbs\/thumbs_DSC_1848.jpg\"\n\t\t\t\tdata-image-id=\"5561\"\n\t\t\t\tdata-title=\"DSC_1848\"\n\t\t\t\tdata-description=\"\"\n\t\t\t\tdata-image-slug=\"dsc_1848\"\n\t\t\t\tclass=\"ngg-simplelightbox\" rel=\"383d3ee2ca813c151cff7c2f10c185e6\">\n\t\t\t\t<img\n\t\t\t\t\ttitle=\"DSC_1848\"\n\t\t\t\t\talt=\"DSC_1848\"\n\t\t\t\t\tsrc=\"https:\/\/www.aurin-choir.hu\/wp-content\/gallery\/varazslatos-karacsony-2024\/cache\/DSC_1848.jpg-nggid045561-ngg0dyn-325x225x100-00f0w010c011r110f110r010t010.jpg\"\n\t\t\t\t\twidth=\"325\"\n\t\t\t\t\theight=\"225\"\n\t\t\t\t\tstyle=\"max-width:100%;\"\n\t\t\t\t\/>\n\t\t\t<\/a>\n\t\t<\/div>\n\t\t\t\t\t\t\t<\/div> \n\t\t\t\n\t\t\t\t<div id=\"ngg-image-36\" class=\"ngg-gallery-thumbnail-box \n\t\t\t\t\t\t\t\t\t\t\t\" \n\t\t\t>\n\t\t\t\t\t\t<div class=\"ngg-gallery-thumbnail\">\n\t\t\t<a href=\"https:\/\/www.aurin-choir.hu\/wp-content\/gallery\/varazslatos-karacsony-2024\/DSC_1850.jpg\"\n\t\t\t\ttitle=\"\"\n\t\t\t\tdata-src=\"https:\/\/www.aurin-choir.hu\/wp-content\/gallery\/varazslatos-karacsony-2024\/DSC_1850.jpg\"\n\t\t\t\tdata-thumbnail=\"https:\/\/www.aurin-choir.hu\/wp-content\/gallery\/varazslatos-karacsony-2024\/thumbs\/thumbs_DSC_1850.jpg\"\n\t\t\t\tdata-image-id=\"5562\"\n\t\t\t\tdata-title=\"DSC_1850\"\n\t\t\t\tdata-description=\"\"\n\t\t\t\tdata-image-slug=\"dsc_1850\"\n\t\t\t\tclass=\"ngg-simplelightbox\" rel=\"383d3ee2ca813c151cff7c2f10c185e6\">\n\t\t\t\t<img\n\t\t\t\t\ttitle=\"DSC_1850\"\n\t\t\t\t\talt=\"DSC_1850\"\n\t\t\t\t\tsrc=\"https:\/\/www.aurin-choir.hu\/wp-content\/gallery\/varazslatos-karacsony-2024\/cache\/DSC_1850.jpg-nggid045562-ngg0dyn-325x225x100-00f0w010c011r110f110r010t010.jpg\"\n\t\t\t\t\twidth=\"325\"\n\t\t\t\t\theight=\"225\"\n\t\t\t\t\tstyle=\"max-width:100%;\"\n\t\t\t\t\/>\n\t\t\t<\/a>\n\t\t<\/div>\n\t\t\t\t\t\t\t<\/div> \n\t\t\t\n\t\t\t\t<div id=\"ngg-image-37\" class=\"ngg-gallery-thumbnail-box \n\t\t\t\t\t\t\t\t\t\t\t\" \n\t\t\t>\n\t\t\t\t\t\t<div class=\"ngg-gallery-thumbnail\">\n\t\t\t<a href=\"https:\/\/www.aurin-choir.hu\/wp-content\/gallery\/varazslatos-karacsony-2024\/DSC_1851.jpg\"\n\t\t\t\ttitle=\"\"\n\t\t\t\tdata-src=\"https:\/\/www.aurin-choir.hu\/wp-content\/gallery\/varazslatos-karacsony-2024\/DSC_1851.jpg\"\n\t\t\t\tdata-thumbnail=\"https:\/\/www.aurin-choir.hu\/wp-content\/gallery\/varazslatos-karacsony-2024\/thumbs\/thumbs_DSC_1851.jpg\"\n\t\t\t\tdata-image-id=\"5564\"\n\t\t\t\tdata-title=\"DSC_1851\"\n\t\t\t\tdata-description=\"\"\n\t\t\t\tdata-image-slug=\"dsc_1851\"\n\t\t\t\tclass=\"ngg-simplelightbox\" rel=\"383d3ee2ca813c151cff7c2f10c185e6\">\n\t\t\t\t<img\n\t\t\t\t\ttitle=\"DSC_1851\"\n\t\t\t\t\talt=\"DSC_1851\"\n\t\t\t\t\tsrc=\"https:\/\/www.aurin-choir.hu\/wp-content\/gallery\/varazslatos-karacsony-2024\/cache\/DSC_1851.jpg-nggid045564-ngg0dyn-325x225x100-00f0w010c011r110f110r010t010.jpg\"\n\t\t\t\t\twidth=\"325\"\n\t\t\t\t\theight=\"225\"\n\t\t\t\t\tstyle=\"max-width:100%;\"\n\t\t\t\t\/>\n\t\t\t<\/a>\n\t\t<\/div>\n\t\t\t\t\t\t\t<\/div> \n\t\t\t\n\t\t\t\t<div id=\"ngg-image-38\" class=\"ngg-gallery-thumbnail-box \n\t\t\t\t\t\t\t\t\t\t\t\" \n\t\t\t>\n\t\t\t\t\t\t<div class=\"ngg-gallery-thumbnail\">\n\t\t\t<a href=\"https:\/\/www.aurin-choir.hu\/wp-content\/gallery\/varazslatos-karacsony-2024\/DSC_1855.jpg\"\n\t\t\t\ttitle=\"\"\n\t\t\t\tdata-src=\"https:\/\/www.aurin-choir.hu\/wp-content\/gallery\/varazslatos-karacsony-2024\/DSC_1855.jpg\"\n\t\t\t\tdata-thumbnail=\"https:\/\/www.aurin-choir.hu\/wp-content\/gallery\/varazslatos-karacsony-2024\/thumbs\/thumbs_DSC_1855.jpg\"\n\t\t\t\tdata-image-id=\"5563\"\n\t\t\t\tdata-title=\"DSC_1855\"\n\t\t\t\tdata-description=\"\"\n\t\t\t\tdata-image-slug=\"dsc_1855\"\n\t\t\t\tclass=\"ngg-simplelightbox\" rel=\"383d3ee2ca813c151cff7c2f10c185e6\">\n\t\t\t\t<img\n\t\t\t\t\ttitle=\"DSC_1855\"\n\t\t\t\t\talt=\"DSC_1855\"\n\t\t\t\t\tsrc=\"https:\/\/www.aurin-choir.hu\/wp-content\/gallery\/varazslatos-karacsony-2024\/cache\/DSC_1855.jpg-nggid045563-ngg0dyn-325x225x100-00f0w010c011r110f110r010t010.jpg\"\n\t\t\t\t\twidth=\"325\"\n\t\t\t\t\theight=\"225\"\n\t\t\t\t\tstyle=\"max-width:100%;\"\n\t\t\t\t\/>\n\t\t\t<\/a>\n\t\t<\/div>\n\t\t\t\t\t\t\t<\/div> \n\t\t\t\n\t\t\t\t<div id=\"ngg-image-39\" class=\"ngg-gallery-thumbnail-box \n\t\t\t\t\t\t\t\t\t\t\t\" \n\t\t\t>\n\t\t\t\t\t\t<div class=\"ngg-gallery-thumbnail\">\n\t\t\t<a href=\"https:\/\/www.aurin-choir.hu\/wp-content\/gallery\/varazslatos-karacsony-2024\/DSC_1856.jpg\"\n\t\t\t\ttitle=\"\"\n\t\t\t\tdata-src=\"https:\/\/www.aurin-choir.hu\/wp-content\/gallery\/varazslatos-karacsony-2024\/DSC_1856.jpg\"\n\t\t\t\tdata-thumbnail=\"https:\/\/www.aurin-choir.hu\/wp-content\/gallery\/varazslatos-karacsony-2024\/thumbs\/thumbs_DSC_1856.jpg\"\n\t\t\t\tdata-image-id=\"5565\"\n\t\t\t\tdata-title=\"DSC_1856\"\n\t\t\t\tdata-description=\"\"\n\t\t\t\tdata-image-slug=\"dsc_1856\"\n\t\t\t\tclass=\"ngg-simplelightbox\" rel=\"383d3ee2ca813c151cff7c2f10c185e6\">\n\t\t\t\t<img\n\t\t\t\t\ttitle=\"DSC_1856\"\n\t\t\t\t\talt=\"DSC_1856\"\n\t\t\t\t\tsrc=\"https:\/\/www.aurin-choir.hu\/wp-content\/gallery\/varazslatos-karacsony-2024\/cache\/DSC_1856.jpg-nggid045565-ngg0dyn-325x225x100-00f0w010c011r110f110r010t010.jpg\"\n\t\t\t\t\twidth=\"325\"\n\t\t\t\t\theight=\"225\"\n\t\t\t\t\tstyle=\"max-width:100%;\"\n\t\t\t\t\/>\n\t\t\t<\/a>\n\t\t<\/div>\n\t\t\t\t\t\t\t<\/div> \n\t\t\t\n\t\t\t\t<div id=\"ngg-image-40\" class=\"ngg-gallery-thumbnail-box \n\t\t\t\t\t\t\t\t\t\t\t\" \n\t\t\t>\n\t\t\t\t\t\t<div class=\"ngg-gallery-thumbnail\">\n\t\t\t<a href=\"https:\/\/www.aurin-choir.hu\/wp-content\/gallery\/varazslatos-karacsony-2024\/DSC_1857.jpg\"\n\t\t\t\ttitle=\"\"\n\t\t\t\tdata-src=\"https:\/\/www.aurin-choir.hu\/wp-content\/gallery\/varazslatos-karacsony-2024\/DSC_1857.jpg\"\n\t\t\t\tdata-thumbnail=\"https:\/\/www.aurin-choir.hu\/wp-content\/gallery\/varazslatos-karacsony-2024\/thumbs\/thumbs_DSC_1857.jpg\"\n\t\t\t\tdata-image-id=\"5566\"\n\t\t\t\tdata-title=\"DSC_1857\"\n\t\t\t\tdata-description=\"\"\n\t\t\t\tdata-image-slug=\"dsc_1857\"\n\t\t\t\tclass=\"ngg-simplelightbox\" rel=\"383d3ee2ca813c151cff7c2f10c185e6\">\n\t\t\t\t<img\n\t\t\t\t\ttitle=\"DSC_1857\"\n\t\t\t\t\talt=\"DSC_1857\"\n\t\t\t\t\tsrc=\"https:\/\/www.aurin-choir.hu\/wp-content\/gallery\/varazslatos-karacsony-2024\/cache\/DSC_1857.jpg-nggid045566-ngg0dyn-325x225x100-00f0w010c011r110f110r010t010.jpg\"\n\t\t\t\t\twidth=\"325\"\n\t\t\t\t\theight=\"225\"\n\t\t\t\t\tstyle=\"max-width:100%;\"\n\t\t\t\t\/>\n\t\t\t<\/a>\n\t\t<\/div>\n\t\t\t\t\t\t\t<\/div> \n\t\t\t\n\t\t\t\t<div id=\"ngg-image-41\" class=\"ngg-gallery-thumbnail-box \n\t\t\t\t\t\t\t\t\t\t\t\" \n\t\t\t>\n\t\t\t\t\t\t<div class=\"ngg-gallery-thumbnail\">\n\t\t\t<a href=\"https:\/\/www.aurin-choir.hu\/wp-content\/gallery\/varazslatos-karacsony-2024\/DSC_1859.jpg\"\n\t\t\t\ttitle=\"\"\n\t\t\t\tdata-src=\"https:\/\/www.aurin-choir.hu\/wp-content\/gallery\/varazslatos-karacsony-2024\/DSC_1859.jpg\"\n\t\t\t\tdata-thumbnail=\"https:\/\/www.aurin-choir.hu\/wp-content\/gallery\/varazslatos-karacsony-2024\/thumbs\/thumbs_DSC_1859.jpg\"\n\t\t\t\tdata-image-id=\"5567\"\n\t\t\t\tdata-title=\"DSC_1859\"\n\t\t\t\tdata-description=\"\"\n\t\t\t\tdata-image-slug=\"dsc_1859\"\n\t\t\t\tclass=\"ngg-simplelightbox\" rel=\"383d3ee2ca813c151cff7c2f10c185e6\">\n\t\t\t\t<img\n\t\t\t\t\ttitle=\"DSC_1859\"\n\t\t\t\t\talt=\"DSC_1859\"\n\t\t\t\t\tsrc=\"https:\/\/www.aurin-choir.hu\/wp-content\/gallery\/varazslatos-karacsony-2024\/cache\/DSC_1859.jpg-nggid045567-ngg0dyn-325x225x100-00f0w010c011r110f110r010t010.jpg\"\n\t\t\t\t\twidth=\"325\"\n\t\t\t\t\theight=\"225\"\n\t\t\t\t\tstyle=\"max-width:100%;\"\n\t\t\t\t\/>\n\t\t\t<\/a>\n\t\t<\/div>\n\t\t\t\t\t\t\t<\/div> \n\t\t\t\n\t\t\t\t<div id=\"ngg-image-42\" class=\"ngg-gallery-thumbnail-box \n\t\t\t\t\t\t\t\t\t\t\t\" \n\t\t\t>\n\t\t\t\t\t\t<div class=\"ngg-gallery-thumbnail\">\n\t\t\t<a href=\"https:\/\/www.aurin-choir.hu\/wp-content\/gallery\/varazslatos-karacsony-2024\/DSC_6885.jpg\"\n\t\t\t\ttitle=\"\"\n\t\t\t\tdata-src=\"https:\/\/www.aurin-choir.hu\/wp-content\/gallery\/varazslatos-karacsony-2024\/DSC_6885.jpg\"\n\t\t\t\tdata-thumbnail=\"https:\/\/www.aurin-choir.hu\/wp-content\/gallery\/varazslatos-karacsony-2024\/thumbs\/thumbs_DSC_6885.jpg\"\n\t\t\t\tdata-image-id=\"5568\"\n\t\t\t\tdata-title=\"DSC_6885\"\n\t\t\t\tdata-description=\"\"\n\t\t\t\tdata-image-slug=\"dsc_6885\"\n\t\t\t\tclass=\"ngg-simplelightbox\" rel=\"383d3ee2ca813c151cff7c2f10c185e6\">\n\t\t\t\t<img\n\t\t\t\t\ttitle=\"DSC_6885\"\n\t\t\t\t\talt=\"DSC_6885\"\n\t\t\t\t\tsrc=\"https:\/\/www.aurin-choir.hu\/wp-content\/gallery\/varazslatos-karacsony-2024\/cache\/DSC_6885.jpg-nggid045568-ngg0dyn-325x225x100-00f0w010c011r110f110r010t010.jpg\"\n\t\t\t\t\twidth=\"325\"\n\t\t\t\t\theight=\"225\"\n\t\t\t\t\tstyle=\"max-width:100%;\"\n\t\t\t\t\/>\n\t\t\t<\/a>\n\t\t<\/div>\n\t\t\t\t\t\t\t<\/div> \n\t\t\t\n\t\t\t\t<div id=\"ngg-image-43\" class=\"ngg-gallery-thumbnail-box \n\t\t\t\t\t\t\t\t\t\t\t\" \n\t\t\t>\n\t\t\t\t\t\t<div class=\"ngg-gallery-thumbnail\">\n\t\t\t<a href=\"https:\/\/www.aurin-choir.hu\/wp-content\/gallery\/varazslatos-karacsony-2024\/DSC_6891.jpg\"\n\t\t\t\ttitle=\"\"\n\t\t\t\tdata-src=\"https:\/\/www.aurin-choir.hu\/wp-content\/gallery\/varazslatos-karacsony-2024\/DSC_6891.jpg\"\n\t\t\t\tdata-thumbnail=\"https:\/\/www.aurin-choir.hu\/wp-content\/gallery\/varazslatos-karacsony-2024\/thumbs\/thumbs_DSC_6891.jpg\"\n\t\t\t\tdata-image-id=\"5569\"\n\t\t\t\tdata-title=\"DSC_6891\"\n\t\t\t\tdata-description=\"\"\n\t\t\t\tdata-image-slug=\"dsc_6891\"\n\t\t\t\tclass=\"ngg-simplelightbox\" rel=\"383d3ee2ca813c151cff7c2f10c185e6\">\n\t\t\t\t<img\n\t\t\t\t\ttitle=\"DSC_6891\"\n\t\t\t\t\talt=\"DSC_6891\"\n\t\t\t\t\tsrc=\"https:\/\/www.aurin-choir.hu\/wp-content\/gallery\/varazslatos-karacsony-2024\/cache\/DSC_6891.jpg-nggid045569-ngg0dyn-325x225x100-00f0w010c011r110f110r010t010.jpg\"\n\t\t\t\t\twidth=\"325\"\n\t\t\t\t\theight=\"225\"\n\t\t\t\t\tstyle=\"max-width:100%;\"\n\t\t\t\t\/>\n\t\t\t<\/a>\n\t\t<\/div>\n\t\t\t\t\t\t\t<\/div> \n\t\t\t\n\t\t\t\t<div id=\"ngg-image-44\" class=\"ngg-gallery-thumbnail-box \n\t\t\t\t\t\t\t\t\t\t\t\" \n\t\t\t>\n\t\t\t\t\t\t<div class=\"ngg-gallery-thumbnail\">\n\t\t\t<a href=\"https:\/\/www.aurin-choir.hu\/wp-content\/gallery\/varazslatos-karacsony-2024\/DSC_6893.jpg\"\n\t\t\t\ttitle=\"\"\n\t\t\t\tdata-src=\"https:\/\/www.aurin-choir.hu\/wp-content\/gallery\/varazslatos-karacsony-2024\/DSC_6893.jpg\"\n\t\t\t\tdata-thumbnail=\"https:\/\/www.aurin-choir.hu\/wp-content\/gallery\/varazslatos-karacsony-2024\/thumbs\/thumbs_DSC_6893.jpg\"\n\t\t\t\tdata-image-id=\"5570\"\n\t\t\t\tdata-title=\"DSC_6893\"\n\t\t\t\tdata-description=\"\"\n\t\t\t\tdata-image-slug=\"dsc_6893\"\n\t\t\t\tclass=\"ngg-simplelightbox\" rel=\"383d3ee2ca813c151cff7c2f10c185e6\">\n\t\t\t\t<img\n\t\t\t\t\ttitle=\"DSC_6893\"\n\t\t\t\t\talt=\"DSC_6893\"\n\t\t\t\t\tsrc=\"https:\/\/www.aurin-choir.hu\/wp-content\/gallery\/varazslatos-karacsony-2024\/cache\/DSC_6893.jpg-nggid045570-ngg0dyn-325x225x100-00f0w010c011r110f110r010t010.jpg\"\n\t\t\t\t\twidth=\"325\"\n\t\t\t\t\theight=\"225\"\n\t\t\t\t\tstyle=\"max-width:100%;\"\n\t\t\t\t\/>\n\t\t\t<\/a>\n\t\t<\/div>\n\t\t\t\t\t\t\t<\/div> \n\t\t\t\n\t\t\t\t<div id=\"ngg-image-45\" class=\"ngg-gallery-thumbnail-box \n\t\t\t\t\t\t\t\t\t\t\t\" \n\t\t\t>\n\t\t\t\t\t\t<div class=\"ngg-gallery-thumbnail\">\n\t\t\t<a href=\"https:\/\/www.aurin-choir.hu\/wp-content\/gallery\/varazslatos-karacsony-2024\/DSC_6899.jpg\"\n\t\t\t\ttitle=\"\"\n\t\t\t\tdata-src=\"https:\/\/www.aurin-choir.hu\/wp-content\/gallery\/varazslatos-karacsony-2024\/DSC_6899.jpg\"\n\t\t\t\tdata-thumbnail=\"https:\/\/www.aurin-choir.hu\/wp-content\/gallery\/varazslatos-karacsony-2024\/thumbs\/thumbs_DSC_6899.jpg\"\n\t\t\t\tdata-image-id=\"5572\"\n\t\t\t\tdata-title=\"DSC_6899\"\n\t\t\t\tdata-description=\"\"\n\t\t\t\tdata-image-slug=\"dsc_6899\"\n\t\t\t\tclass=\"ngg-simplelightbox\" rel=\"383d3ee2ca813c151cff7c2f10c185e6\">\n\t\t\t\t<img\n\t\t\t\t\ttitle=\"DSC_6899\"\n\t\t\t\t\talt=\"DSC_6899\"\n\t\t\t\t\tsrc=\"https:\/\/www.aurin-choir.hu\/wp-content\/gallery\/varazslatos-karacsony-2024\/cache\/DSC_6899.jpg-nggid045572-ngg0dyn-325x225x100-00f0w010c011r110f110r010t010.jpg\"\n\t\t\t\t\twidth=\"325\"\n\t\t\t\t\theight=\"225\"\n\t\t\t\t\tstyle=\"max-width:100%;\"\n\t\t\t\t\/>\n\t\t\t<\/a>\n\t\t<\/div>\n\t\t\t\t\t\t\t<\/div> \n\t\t\t\n\t\t\t\t<div id=\"ngg-image-46\" class=\"ngg-gallery-thumbnail-box \n\t\t\t\t\t\t\t\t\t\t\t\" \n\t\t\t>\n\t\t\t\t\t\t<div class=\"ngg-gallery-thumbnail\">\n\t\t\t<a href=\"https:\/\/www.aurin-choir.hu\/wp-content\/gallery\/varazslatos-karacsony-2024\/DSC_6904.jpg\"\n\t\t\t\ttitle=\"\"\n\t\t\t\tdata-src=\"https:\/\/www.aurin-choir.hu\/wp-content\/gallery\/varazslatos-karacsony-2024\/DSC_6904.jpg\"\n\t\t\t\tdata-thumbnail=\"https:\/\/www.aurin-choir.hu\/wp-content\/gallery\/varazslatos-karacsony-2024\/thumbs\/thumbs_DSC_6904.jpg\"\n\t\t\t\tdata-image-id=\"5571\"\n\t\t\t\tdata-title=\"DSC_6904\"\n\t\t\t\tdata-description=\"\"\n\t\t\t\tdata-image-slug=\"dsc_6904\"\n\t\t\t\tclass=\"ngg-simplelightbox\" rel=\"383d3ee2ca813c151cff7c2f10c185e6\">\n\t\t\t\t<img\n\t\t\t\t\ttitle=\"DSC_6904\"\n\t\t\t\t\talt=\"DSC_6904\"\n\t\t\t\t\tsrc=\"https:\/\/www.aurin-choir.hu\/wp-content\/gallery\/varazslatos-karacsony-2024\/cache\/DSC_6904.jpg-nggid045571-ngg0dyn-325x225x100-00f0w010c011r110f110r010t010.jpg\"\n\t\t\t\t\twidth=\"325\"\n\t\t\t\t\theight=\"225\"\n\t\t\t\t\tstyle=\"max-width:100%;\"\n\t\t\t\t\/>\n\t\t\t<\/a>\n\t\t<\/div>\n\t\t\t\t\t\t\t<\/div> \n\t\t\t\n\t\t\t\t<div id=\"ngg-image-47\" class=\"ngg-gallery-thumbnail-box \n\t\t\t\t\t\t\t\t\t\t\t\" \n\t\t\t>\n\t\t\t\t\t\t<div class=\"ngg-gallery-thumbnail\">\n\t\t\t<a href=\"https:\/\/www.aurin-choir.hu\/wp-content\/gallery\/varazslatos-karacsony-2024\/DSC_6917.jpg\"\n\t\t\t\ttitle=\"\"\n\t\t\t\tdata-src=\"https:\/\/www.aurin-choir.hu\/wp-content\/gallery\/varazslatos-karacsony-2024\/DSC_6917.jpg\"\n\t\t\t\tdata-thumbnail=\"https:\/\/www.aurin-choir.hu\/wp-content\/gallery\/varazslatos-karacsony-2024\/thumbs\/thumbs_DSC_6917.jpg\"\n\t\t\t\tdata-image-id=\"5573\"\n\t\t\t\tdata-title=\"DSC_6917\"\n\t\t\t\tdata-description=\"\"\n\t\t\t\tdata-image-slug=\"dsc_6917\"\n\t\t\t\tclass=\"ngg-simplelightbox\" rel=\"383d3ee2ca813c151cff7c2f10c185e6\">\n\t\t\t\t<img\n\t\t\t\t\ttitle=\"DSC_6917\"\n\t\t\t\t\talt=\"DSC_6917\"\n\t\t\t\t\tsrc=\"https:\/\/www.aurin-choir.hu\/wp-content\/gallery\/varazslatos-karacsony-2024\/cache\/DSC_6917.jpg-nggid045573-ngg0dyn-325x225x100-00f0w010c011r110f110r010t010.jpg\"\n\t\t\t\t\twidth=\"325\"\n\t\t\t\t\theight=\"225\"\n\t\t\t\t\tstyle=\"max-width:100%;\"\n\t\t\t\t\/>\n\t\t\t<\/a>\n\t\t<\/div>\n\t\t\t\t\t\t\t<\/div> \n\t\t\t\n\t\t\t\t<div id=\"ngg-image-48\" class=\"ngg-gallery-thumbnail-box \n\t\t\t\t\t\t\t\t\t\t\t\" \n\t\t\t>\n\t\t\t\t\t\t<div class=\"ngg-gallery-thumbnail\">\n\t\t\t<a href=\"https:\/\/www.aurin-choir.hu\/wp-content\/gallery\/varazslatos-karacsony-2024\/DSC_6924.jpg\"\n\t\t\t\ttitle=\"\"\n\t\t\t\tdata-src=\"https:\/\/www.aurin-choir.hu\/wp-content\/gallery\/varazslatos-karacsony-2024\/DSC_6924.jpg\"\n\t\t\t\tdata-thumbnail=\"https:\/\/www.aurin-choir.hu\/wp-content\/gallery\/varazslatos-karacsony-2024\/thumbs\/thumbs_DSC_6924.jpg\"\n\t\t\t\tdata-image-id=\"5574\"\n\t\t\t\tdata-title=\"DSC_6924\"\n\t\t\t\tdata-description=\"\"\n\t\t\t\tdata-image-slug=\"dsc_6924\"\n\t\t\t\tclass=\"ngg-simplelightbox\" rel=\"383d3ee2ca813c151cff7c2f10c185e6\">\n\t\t\t\t<img\n\t\t\t\t\ttitle=\"DSC_6924\"\n\t\t\t\t\talt=\"DSC_6924\"\n\t\t\t\t\tsrc=\"https:\/\/www.aurin-choir.hu\/wp-content\/gallery\/varazslatos-karacsony-2024\/cache\/DSC_6924.jpg-nggid045574-ngg0dyn-325x225x100-00f0w010c011r110f110r010t010.jpg\"\n\t\t\t\t\twidth=\"325\"\n\t\t\t\t\theight=\"225\"\n\t\t\t\t\tstyle=\"max-width:100%;\"\n\t\t\t\t\/>\n\t\t\t<\/a>\n\t\t<\/div>\n\t\t\t\t\t\t\t<\/div> \n\t\t\t\n\t\t\t\t<div id=\"ngg-image-49\" class=\"ngg-gallery-thumbnail-box \n\t\t\t\t\t\t\t\t\t\t\t\" \n\t\t\t>\n\t\t\t\t\t\t<div class=\"ngg-gallery-thumbnail\">\n\t\t\t<a href=\"https:\/\/www.aurin-choir.hu\/wp-content\/gallery\/varazslatos-karacsony-2024\/DSC_6927.jpg\"\n\t\t\t\ttitle=\"\"\n\t\t\t\tdata-src=\"https:\/\/www.aurin-choir.hu\/wp-content\/gallery\/varazslatos-karacsony-2024\/DSC_6927.jpg\"\n\t\t\t\tdata-thumbnail=\"https:\/\/www.aurin-choir.hu\/wp-content\/gallery\/varazslatos-karacsony-2024\/thumbs\/thumbs_DSC_6927.jpg\"\n\t\t\t\tdata-image-id=\"5575\"\n\t\t\t\tdata-title=\"DSC_6927\"\n\t\t\t\tdata-description=\"\"\n\t\t\t\tdata-image-slug=\"dsc_6927\"\n\t\t\t\tclass=\"ngg-simplelightbox\" rel=\"383d3ee2ca813c151cff7c2f10c185e6\">\n\t\t\t\t<img\n\t\t\t\t\ttitle=\"DSC_6927\"\n\t\t\t\t\talt=\"DSC_6927\"\n\t\t\t\t\tsrc=\"https:\/\/www.aurin-choir.hu\/wp-content\/gallery\/varazslatos-karacsony-2024\/cache\/DSC_6927.jpg-nggid045575-ngg0dyn-325x225x100-00f0w010c011r110f110r010t010.jpg\"\n\t\t\t\t\twidth=\"325\"\n\t\t\t\t\theight=\"225\"\n\t\t\t\t\tstyle=\"max-width:100%;\"\n\t\t\t\t\/>\n\t\t\t<\/a>\n\t\t<\/div>\n\t\t\t\t\t\t\t<\/div> \n\t\t\t\n\t\t\t\t<div id=\"ngg-image-50\" class=\"ngg-gallery-thumbnail-box \n\t\t\t\t\t\t\t\t\t\t\t\" \n\t\t\t>\n\t\t\t\t\t\t<div class=\"ngg-gallery-thumbnail\">\n\t\t\t<a href=\"https:\/\/www.aurin-choir.hu\/wp-content\/gallery\/varazslatos-karacsony-2024\/DSC_6944.jpg\"\n\t\t\t\ttitle=\"\"\n\t\t\t\tdata-src=\"https:\/\/www.aurin-choir.hu\/wp-content\/gallery\/varazslatos-karacsony-2024\/DSC_6944.jpg\"\n\t\t\t\tdata-thumbnail=\"https:\/\/www.aurin-choir.hu\/wp-content\/gallery\/varazslatos-karacsony-2024\/thumbs\/thumbs_DSC_6944.jpg\"\n\t\t\t\tdata-image-id=\"5576\"\n\t\t\t\tdata-title=\"DSC_6944\"\n\t\t\t\tdata-description=\"\"\n\t\t\t\tdata-image-slug=\"dsc_6944\"\n\t\t\t\tclass=\"ngg-simplelightbox\" rel=\"383d3ee2ca813c151cff7c2f10c185e6\">\n\t\t\t\t<img\n\t\t\t\t\ttitle=\"DSC_6944\"\n\t\t\t\t\talt=\"DSC_6944\"\n\t\t\t\t\tsrc=\"https:\/\/www.aurin-choir.hu\/wp-content\/gallery\/varazslatos-karacsony-2024\/cache\/DSC_6944.jpg-nggid045576-ngg0dyn-325x225x100-00f0w010c011r110f110r010t010.jpg\"\n\t\t\t\t\twidth=\"325\"\n\t\t\t\t\theight=\"225\"\n\t\t\t\t\tstyle=\"max-width:100%;\"\n\t\t\t\t\/>\n\t\t\t<\/a>\n\t\t<\/div>\n\t\t\t\t\t\t\t<\/div> \n\t\t\t\n\t\t\t\t<div id=\"ngg-image-51\" class=\"ngg-gallery-thumbnail-box \n\t\t\t\t\t\t\t\t\t\t\t\" \n\t\t\t>\n\t\t\t\t\t\t<div class=\"ngg-gallery-thumbnail\">\n\t\t\t<a href=\"https:\/\/www.aurin-choir.hu\/wp-content\/gallery\/varazslatos-karacsony-2024\/DSC_6960.jpg\"\n\t\t\t\ttitle=\"\"\n\t\t\t\tdata-src=\"https:\/\/www.aurin-choir.hu\/wp-content\/gallery\/varazslatos-karacsony-2024\/DSC_6960.jpg\"\n\t\t\t\tdata-thumbnail=\"https:\/\/www.aurin-choir.hu\/wp-content\/gallery\/varazslatos-karacsony-2024\/thumbs\/thumbs_DSC_6960.jpg\"\n\t\t\t\tdata-image-id=\"5577\"\n\t\t\t\tdata-title=\"DSC_6960\"\n\t\t\t\tdata-description=\"\"\n\t\t\t\tdata-image-slug=\"dsc_6960\"\n\t\t\t\tclass=\"ngg-simplelightbox\" rel=\"383d3ee2ca813c151cff7c2f10c185e6\">\n\t\t\t\t<img\n\t\t\t\t\ttitle=\"DSC_6960\"\n\t\t\t\t\talt=\"DSC_6960\"\n\t\t\t\t\tsrc=\"https:\/\/www.aurin-choir.hu\/wp-content\/gallery\/varazslatos-karacsony-2024\/cache\/DSC_6960.jpg-nggid045577-ngg0dyn-325x225x100-00f0w010c011r110f110r010t010.jpg\"\n\t\t\t\t\twidth=\"325\"\n\t\t\t\t\theight=\"225\"\n\t\t\t\t\tstyle=\"max-width:100%;\"\n\t\t\t\t\/>\n\t\t\t<\/a>\n\t\t<\/div>\n\t\t\t\t\t\t\t<\/div> \n\t\t\t\n\t\t\t\t<div id=\"ngg-image-52\" class=\"ngg-gallery-thumbnail-box \n\t\t\t\t\t\t\t\t\t\t\t\" \n\t\t\t>\n\t\t\t\t\t\t<div class=\"ngg-gallery-thumbnail\">\n\t\t\t<a href=\"https:\/\/www.aurin-choir.hu\/wp-content\/gallery\/varazslatos-karacsony-2024\/DSC_6965.jpg\"\n\t\t\t\ttitle=\"\"\n\t\t\t\tdata-src=\"https:\/\/www.aurin-choir.hu\/wp-content\/gallery\/varazslatos-karacsony-2024\/DSC_6965.jpg\"\n\t\t\t\tdata-thumbnail=\"https:\/\/www.aurin-choir.hu\/wp-content\/gallery\/varazslatos-karacsony-2024\/thumbs\/thumbs_DSC_6965.jpg\"\n\t\t\t\tdata-image-id=\"5578\"\n\t\t\t\tdata-title=\"DSC_6965\"\n\t\t\t\tdata-description=\"\"\n\t\t\t\tdata-image-slug=\"dsc_6965\"\n\t\t\t\tclass=\"ngg-simplelightbox\" rel=\"383d3ee2ca813c151cff7c2f10c185e6\">\n\t\t\t\t<img\n\t\t\t\t\ttitle=\"DSC_6965\"\n\t\t\t\t\talt=\"DSC_6965\"\n\t\t\t\t\tsrc=\"https:\/\/www.aurin-choir.hu\/wp-content\/gallery\/varazslatos-karacsony-2024\/cache\/DSC_6965.jpg-nggid045578-ngg0dyn-325x225x100-00f0w010c011r110f110r010t010.jpg\"\n\t\t\t\t\twidth=\"325\"\n\t\t\t\t\theight=\"225\"\n\t\t\t\t\tstyle=\"max-width:100%;\"\n\t\t\t\t\/>\n\t\t\t<\/a>\n\t\t<\/div>\n\t\t\t\t\t\t\t<\/div> \n\t\t\t\n\t\t\t\t<div id=\"ngg-image-53\" class=\"ngg-gallery-thumbnail-box \n\t\t\t\t\t\t\t\t\t\t\t\" \n\t\t\t>\n\t\t\t\t\t\t<div class=\"ngg-gallery-thumbnail\">\n\t\t\t<a href=\"https:\/\/www.aurin-choir.hu\/wp-content\/gallery\/varazslatos-karacsony-2024\/DSC_6968.jpg\"\n\t\t\t\ttitle=\"\"\n\t\t\t\tdata-src=\"https:\/\/www.aurin-choir.hu\/wp-content\/gallery\/varazslatos-karacsony-2024\/DSC_6968.jpg\"\n\t\t\t\tdata-thumbnail=\"https:\/\/www.aurin-choir.hu\/wp-content\/gallery\/varazslatos-karacsony-2024\/thumbs\/thumbs_DSC_6968.jpg\"\n\t\t\t\tdata-image-id=\"5579\"\n\t\t\t\tdata-title=\"DSC_6968\"\n\t\t\t\tdata-description=\"\"\n\t\t\t\tdata-image-slug=\"dsc_6968\"\n\t\t\t\tclass=\"ngg-simplelightbox\" rel=\"383d3ee2ca813c151cff7c2f10c185e6\">\n\t\t\t\t<img\n\t\t\t\t\ttitle=\"DSC_6968\"\n\t\t\t\t\talt=\"DSC_6968\"\n\t\t\t\t\tsrc=\"https:\/\/www.aurin-choir.hu\/wp-content\/gallery\/varazslatos-karacsony-2024\/cache\/DSC_6968.jpg-nggid045579-ngg0dyn-325x225x100-00f0w010c011r110f110r010t010.jpg\"\n\t\t\t\t\twidth=\"325\"\n\t\t\t\t\theight=\"225\"\n\t\t\t\t\tstyle=\"max-width:100%;\"\n\t\t\t\t\/>\n\t\t\t<\/a>\n\t\t<\/div>\n\t\t\t\t\t\t\t<\/div> \n\t\t\t\n\t\t\t\t<div id=\"ngg-image-54\" class=\"ngg-gallery-thumbnail-box \n\t\t\t\t\t\t\t\t\t\t\t\" \n\t\t\t>\n\t\t\t\t\t\t<div class=\"ngg-gallery-thumbnail\">\n\t\t\t<a href=\"https:\/\/www.aurin-choir.hu\/wp-content\/gallery\/varazslatos-karacsony-2024\/DSC_6971.jpg\"\n\t\t\t\ttitle=\"\"\n\t\t\t\tdata-src=\"https:\/\/www.aurin-choir.hu\/wp-content\/gallery\/varazslatos-karacsony-2024\/DSC_6971.jpg\"\n\t\t\t\tdata-thumbnail=\"https:\/\/www.aurin-choir.hu\/wp-content\/gallery\/varazslatos-karacsony-2024\/thumbs\/thumbs_DSC_6971.jpg\"\n\t\t\t\tdata-image-id=\"5580\"\n\t\t\t\tdata-title=\"DSC_6971\"\n\t\t\t\tdata-description=\"\"\n\t\t\t\tdata-image-slug=\"dsc_6971\"\n\t\t\t\tclass=\"ngg-simplelightbox\" rel=\"383d3ee2ca813c151cff7c2f10c185e6\">\n\t\t\t\t<img\n\t\t\t\t\ttitle=\"DSC_6971\"\n\t\t\t\t\talt=\"DSC_6971\"\n\t\t\t\t\tsrc=\"https:\/\/www.aurin-choir.hu\/wp-content\/gallery\/varazslatos-karacsony-2024\/cache\/DSC_6971.jpg-nggid045580-ngg0dyn-325x225x100-00f0w010c011r110f110r010t010.jpg\"\n\t\t\t\t\twidth=\"325\"\n\t\t\t\t\theight=\"225\"\n\t\t\t\t\tstyle=\"max-width:100%;\"\n\t\t\t\t\/>\n\t\t\t<\/a>\n\t\t<\/div>\n\t\t\t\t\t\t\t<\/div> \n\t\t\t\n\t\t\t\t<div id=\"ngg-image-55\" class=\"ngg-gallery-thumbnail-box \n\t\t\t\t\t\t\t\t\t\t\t\" \n\t\t\t>\n\t\t\t\t\t\t<div class=\"ngg-gallery-thumbnail\">\n\t\t\t<a href=\"https:\/\/www.aurin-choir.hu\/wp-content\/gallery\/varazslatos-karacsony-2024\/DSC_6972.jpg\"\n\t\t\t\ttitle=\"\"\n\t\t\t\tdata-src=\"https:\/\/www.aurin-choir.hu\/wp-content\/gallery\/varazslatos-karacsony-2024\/DSC_6972.jpg\"\n\t\t\t\tdata-thumbnail=\"https:\/\/www.aurin-choir.hu\/wp-content\/gallery\/varazslatos-karacsony-2024\/thumbs\/thumbs_DSC_6972.jpg\"\n\t\t\t\tdata-image-id=\"5581\"\n\t\t\t\tdata-title=\"DSC_6972\"\n\t\t\t\tdata-description=\"\"\n\t\t\t\tdata-image-slug=\"dsc_6972\"\n\t\t\t\tclass=\"ngg-simplelightbox\" rel=\"383d3ee2ca813c151cff7c2f10c185e6\">\n\t\t\t\t<img\n\t\t\t\t\ttitle=\"DSC_6972\"\n\t\t\t\t\talt=\"DSC_6972\"\n\t\t\t\t\tsrc=\"https:\/\/www.aurin-choir.hu\/wp-content\/gallery\/varazslatos-karacsony-2024\/cache\/DSC_6972.jpg-nggid045581-ngg0dyn-325x225x100-00f0w010c011r110f110r010t010.jpg\"\n\t\t\t\t\twidth=\"325\"\n\t\t\t\t\theight=\"225\"\n\t\t\t\t\tstyle=\"max-width:100%;\"\n\t\t\t\t\/>\n\t\t\t<\/a>\n\t\t<\/div>\n\t\t\t\t\t\t\t<\/div> \n\t\t\t\n\t\t\t\t<div id=\"ngg-image-56\" class=\"ngg-gallery-thumbnail-box \n\t\t\t\t\t\t\t\t\t\t\t\" \n\t\t\t>\n\t\t\t\t\t\t<div class=\"ngg-gallery-thumbnail\">\n\t\t\t<a href=\"https:\/\/www.aurin-choir.hu\/wp-content\/gallery\/varazslatos-karacsony-2024\/DSC_6974.jpg\"\n\t\t\t\ttitle=\"\"\n\t\t\t\tdata-src=\"https:\/\/www.aurin-choir.hu\/wp-content\/gallery\/varazslatos-karacsony-2024\/DSC_6974.jpg\"\n\t\t\t\tdata-thumbnail=\"https:\/\/www.aurin-choir.hu\/wp-content\/gallery\/varazslatos-karacsony-2024\/thumbs\/thumbs_DSC_6974.jpg\"\n\t\t\t\tdata-image-id=\"5582\"\n\t\t\t\tdata-title=\"DSC_6974\"\n\t\t\t\tdata-description=\"\"\n\t\t\t\tdata-image-slug=\"dsc_6974-1\"\n\t\t\t\tclass=\"ngg-simplelightbox\" rel=\"383d3ee2ca813c151cff7c2f10c185e6\">\n\t\t\t\t<img\n\t\t\t\t\ttitle=\"DSC_6974\"\n\t\t\t\t\talt=\"DSC_6974\"\n\t\t\t\t\tsrc=\"https:\/\/www.aurin-choir.hu\/wp-content\/gallery\/varazslatos-karacsony-2024\/cache\/DSC_6974.jpg-nggid045582-ngg0dyn-325x225x100-00f0w010c011r110f110r010t010.jpg\"\n\t\t\t\t\twidth=\"325\"\n\t\t\t\t\theight=\"225\"\n\t\t\t\t\tstyle=\"max-width:100%;\"\n\t\t\t\t\/>\n\t\t\t<\/a>\n\t\t<\/div>\n\t\t\t\t\t\t\t<\/div> \n\t\t\t\n\t\t\t\t<div id=\"ngg-image-57\" class=\"ngg-gallery-thumbnail-box \n\t\t\t\t\t\t\t\t\t\t\t\" \n\t\t\t>\n\t\t\t\t\t\t<div class=\"ngg-gallery-thumbnail\">\n\t\t\t<a href=\"https:\/\/www.aurin-choir.hu\/wp-content\/gallery\/varazslatos-karacsony-2024\/DSC_6984_ok.jpg\"\n\t\t\t\ttitle=\"\"\n\t\t\t\tdata-src=\"https:\/\/www.aurin-choir.hu\/wp-content\/gallery\/varazslatos-karacsony-2024\/DSC_6984_ok.jpg\"\n\t\t\t\tdata-thumbnail=\"https:\/\/www.aurin-choir.hu\/wp-content\/gallery\/varazslatos-karacsony-2024\/thumbs\/thumbs_DSC_6984_ok.jpg\"\n\t\t\t\tdata-image-id=\"5583\"\n\t\t\t\tdata-title=\"DSC_6984_ok\"\n\t\t\t\tdata-description=\"\"\n\t\t\t\tdata-image-slug=\"dsc_6984_ok\"\n\t\t\t\tclass=\"ngg-simplelightbox\" rel=\"383d3ee2ca813c151cff7c2f10c185e6\">\n\t\t\t\t<img\n\t\t\t\t\ttitle=\"DSC_6984_ok\"\n\t\t\t\t\talt=\"DSC_6984_ok\"\n\t\t\t\t\tsrc=\"https:\/\/www.aurin-choir.hu\/wp-content\/gallery\/varazslatos-karacsony-2024\/cache\/DSC_6984_ok.jpg-nggid045583-ngg0dyn-325x225x100-00f0w010c011r110f110r010t010.jpg\"\n\t\t\t\t\twidth=\"325\"\n\t\t\t\t\theight=\"225\"\n\t\t\t\t\tstyle=\"max-width:100%;\"\n\t\t\t\t\/>\n\t\t\t<\/a>\n\t\t<\/div>\n\t\t\t\t\t\t\t<\/div> \n\t\t\t\n\t\t\t\t<div id=\"ngg-image-58\" class=\"ngg-gallery-thumbnail-box \n\t\t\t\t\t\t\t\t\t\t\t\" \n\t\t\t>\n\t\t\t\t\t\t<div class=\"ngg-gallery-thumbnail\">\n\t\t\t<a href=\"https:\/\/www.aurin-choir.hu\/wp-content\/gallery\/varazslatos-karacsony-2024\/DSC_6988.jpg\"\n\t\t\t\ttitle=\"\"\n\t\t\t\tdata-src=\"https:\/\/www.aurin-choir.hu\/wp-content\/gallery\/varazslatos-karacsony-2024\/DSC_6988.jpg\"\n\t\t\t\tdata-thumbnail=\"https:\/\/www.aurin-choir.hu\/wp-content\/gallery\/varazslatos-karacsony-2024\/thumbs\/thumbs_DSC_6988.jpg\"\n\t\t\t\tdata-image-id=\"5584\"\n\t\t\t\tdata-title=\"DSC_6988\"\n\t\t\t\tdata-description=\"\"\n\t\t\t\tdata-image-slug=\"dsc_6988\"\n\t\t\t\tclass=\"ngg-simplelightbox\" rel=\"383d3ee2ca813c151cff7c2f10c185e6\">\n\t\t\t\t<img\n\t\t\t\t\ttitle=\"DSC_6988\"\n\t\t\t\t\talt=\"DSC_6988\"\n\t\t\t\t\tsrc=\"https:\/\/www.aurin-choir.hu\/wp-content\/gallery\/varazslatos-karacsony-2024\/cache\/DSC_6988.jpg-nggid045584-ngg0dyn-325x225x100-00f0w010c011r110f110r010t010.jpg\"\n\t\t\t\t\twidth=\"325\"\n\t\t\t\t\theight=\"225\"\n\t\t\t\t\tstyle=\"max-width:100%;\"\n\t\t\t\t\/>\n\t\t\t<\/a>\n\t\t<\/div>\n\t\t\t\t\t\t\t<\/div> \n\t\t\t\n\t\t\t\t<div id=\"ngg-image-59\" class=\"ngg-gallery-thumbnail-box \n\t\t\t\t\t\t\t\t\t\t\t\" \n\t\t\t>\n\t\t\t\t\t\t<div class=\"ngg-gallery-thumbnail\">\n\t\t\t<a href=\"https:\/\/www.aurin-choir.hu\/wp-content\/gallery\/varazslatos-karacsony-2024\/DSC_6992.jpg\"\n\t\t\t\ttitle=\"\"\n\t\t\t\tdata-src=\"https:\/\/www.aurin-choir.hu\/wp-content\/gallery\/varazslatos-karacsony-2024\/DSC_6992.jpg\"\n\t\t\t\tdata-thumbnail=\"https:\/\/www.aurin-choir.hu\/wp-content\/gallery\/varazslatos-karacsony-2024\/thumbs\/thumbs_DSC_6992.jpg\"\n\t\t\t\tdata-image-id=\"5585\"\n\t\t\t\tdata-title=\"DSC_6992\"\n\t\t\t\tdata-description=\"\"\n\t\t\t\tdata-image-slug=\"dsc_6992\"\n\t\t\t\tclass=\"ngg-simplelightbox\" rel=\"383d3ee2ca813c151cff7c2f10c185e6\">\n\t\t\t\t<img\n\t\t\t\t\ttitle=\"DSC_6992\"\n\t\t\t\t\talt=\"DSC_6992\"\n\t\t\t\t\tsrc=\"https:\/\/www.aurin-choir.hu\/wp-content\/gallery\/varazslatos-karacsony-2024\/cache\/DSC_6992.jpg-nggid045585-ngg0dyn-325x225x100-00f0w010c011r110f110r010t010.jpg\"\n\t\t\t\t\twidth=\"325\"\n\t\t\t\t\theight=\"225\"\n\t\t\t\t\tstyle=\"max-width:100%;\"\n\t\t\t\t\/>\n\t\t\t<\/a>\n\t\t<\/div>\n\t\t\t\t\t\t\t<\/div> \n\t\t\t\n\t\t\t\t<div id=\"ngg-image-60\" class=\"ngg-gallery-thumbnail-box \n\t\t\t\t\t\t\t\t\t\t\t\" \n\t\t\t>\n\t\t\t\t\t\t<div class=\"ngg-gallery-thumbnail\">\n\t\t\t<a href=\"https:\/\/www.aurin-choir.hu\/wp-content\/gallery\/varazslatos-karacsony-2024\/DSC_6993.jpg\"\n\t\t\t\ttitle=\"\"\n\t\t\t\tdata-src=\"https:\/\/www.aurin-choir.hu\/wp-content\/gallery\/varazslatos-karacsony-2024\/DSC_6993.jpg\"\n\t\t\t\tdata-thumbnail=\"https:\/\/www.aurin-choir.hu\/wp-content\/gallery\/varazslatos-karacsony-2024\/thumbs\/thumbs_DSC_6993.jpg\"\n\t\t\t\tdata-image-id=\"5586\"\n\t\t\t\tdata-title=\"DSC_6993\"\n\t\t\t\tdata-description=\"\"\n\t\t\t\tdata-image-slug=\"dsc_6993\"\n\t\t\t\tclass=\"ngg-simplelightbox\" rel=\"383d3ee2ca813c151cff7c2f10c185e6\">\n\t\t\t\t<img\n\t\t\t\t\ttitle=\"DSC_6993\"\n\t\t\t\t\talt=\"DSC_6993\"\n\t\t\t\t\tsrc=\"https:\/\/www.aurin-choir.hu\/wp-content\/gallery\/varazslatos-karacsony-2024\/cache\/DSC_6993.jpg-nggid045586-ngg0dyn-325x225x100-00f0w010c011r110f110r010t010.jpg\"\n\t\t\t\t\twidth=\"325\"\n\t\t\t\t\theight=\"225\"\n\t\t\t\t\tstyle=\"max-width:100%;\"\n\t\t\t\t\/>\n\t\t\t<\/a>\n\t\t<\/div>\n\t\t\t\t\t\t\t<\/div> \n\t\t\t\n\t\t\t\t<div id=\"ngg-image-61\" class=\"ngg-gallery-thumbnail-box \n\t\t\t\t\t\t\t\t\t\t\t\" \n\t\t\t>\n\t\t\t\t\t\t<div class=\"ngg-gallery-thumbnail\">\n\t\t\t<a href=\"https:\/\/www.aurin-choir.hu\/wp-content\/gallery\/varazslatos-karacsony-2024\/DSC_6994.jpg\"\n\t\t\t\ttitle=\"\"\n\t\t\t\tdata-src=\"https:\/\/www.aurin-choir.hu\/wp-content\/gallery\/varazslatos-karacsony-2024\/DSC_6994.jpg\"\n\t\t\t\tdata-thumbnail=\"https:\/\/www.aurin-choir.hu\/wp-content\/gallery\/varazslatos-karacsony-2024\/thumbs\/thumbs_DSC_6994.jpg\"\n\t\t\t\tdata-image-id=\"5587\"\n\t\t\t\tdata-title=\"DSC_6994\"\n\t\t\t\tdata-description=\"\"\n\t\t\t\tdata-image-slug=\"dsc_6994-1\"\n\t\t\t\tclass=\"ngg-simplelightbox\" rel=\"383d3ee2ca813c151cff7c2f10c185e6\">\n\t\t\t\t<img\n\t\t\t\t\ttitle=\"DSC_6994\"\n\t\t\t\t\talt=\"DSC_6994\"\n\t\t\t\t\tsrc=\"https:\/\/www.aurin-choir.hu\/wp-content\/gallery\/varazslatos-karacsony-2024\/cache\/DSC_6994.jpg-nggid045587-ngg0dyn-325x225x100-00f0w010c011r110f110r010t010.jpg\"\n\t\t\t\t\twidth=\"325\"\n\t\t\t\t\theight=\"225\"\n\t\t\t\t\tstyle=\"max-width:100%;\"\n\t\t\t\t\/>\n\t\t\t<\/a>\n\t\t<\/div>\n\t\t\t\t\t\t\t<\/div> \n\t\t\t\n\t\t\t\t<div id=\"ngg-image-62\" class=\"ngg-gallery-thumbnail-box \n\t\t\t\t\t\t\t\t\t\t\t\" \n\t\t\t>\n\t\t\t\t\t\t<div class=\"ngg-gallery-thumbnail\">\n\t\t\t<a href=\"https:\/\/www.aurin-choir.hu\/wp-content\/gallery\/varazslatos-karacsony-2024\/DSC_6996.jpg\"\n\t\t\t\ttitle=\"\"\n\t\t\t\tdata-src=\"https:\/\/www.aurin-choir.hu\/wp-content\/gallery\/varazslatos-karacsony-2024\/DSC_6996.jpg\"\n\t\t\t\tdata-thumbnail=\"https:\/\/www.aurin-choir.hu\/wp-content\/gallery\/varazslatos-karacsony-2024\/thumbs\/thumbs_DSC_6996.jpg\"\n\t\t\t\tdata-image-id=\"5588\"\n\t\t\t\tdata-title=\"DSC_6996\"\n\t\t\t\tdata-description=\"\"\n\t\t\t\tdata-image-slug=\"dsc_6996\"\n\t\t\t\tclass=\"ngg-simplelightbox\" rel=\"383d3ee2ca813c151cff7c2f10c185e6\">\n\t\t\t\t<img\n\t\t\t\t\ttitle=\"DSC_6996\"\n\t\t\t\t\talt=\"DSC_6996\"\n\t\t\t\t\tsrc=\"https:\/\/www.aurin-choir.hu\/wp-content\/gallery\/varazslatos-karacsony-2024\/cache\/DSC_6996.jpg-nggid045588-ngg0dyn-325x225x100-00f0w010c011r110f110r010t010.jpg\"\n\t\t\t\t\twidth=\"325\"\n\t\t\t\t\theight=\"225\"\n\t\t\t\t\tstyle=\"max-width:100%;\"\n\t\t\t\t\/>\n\t\t\t<\/a>\n\t\t<\/div>\n\t\t\t\t\t\t\t<\/div> \n\t\t\t\n\t\n\t<br style=\"clear: both\" \/>\n\n\t\n\t\t<!-- Pagination -->\n\t\t<div class='ngg-clear'><\/div>\t<\/div>\nFot\u00f3k: P\u00e1link\u00e1s Edit<\/p>\n","protected":false},"author":1,"featured_media":15439,"comment_status":"closed","ping_status":"closed","template":"","meta":{"_et_pb_use_builder":"on","_et_pb_old_content":"","_et_gb_content_width":"","ngg_post_thumbnail":0,"footnotes":""},"project_category":[99,101,100,102,103],"project_tag":[],"class_list":["post-17513","project","type-project","status-publish","has-post-thumbnail","hentry","project_category-2024-en","project_category-aurin-noikar-en","project_category-aurin-leanykar-en","project_category-aurin-vegyeskar-en","project_category-miraculum-gyermekkorus-en"],"yoast_head":"<!-- This site is optimized with the Yoast SEO plugin v26.0 - https:\/\/yoast.com\/wordpress\/plugins\/seo\/ -->\n<title>Var\u00e1zslatos Kar\u00e1csony 2024 - Aurin - Miraculum<\/title>\n<meta name=\"robots\" content=\"index, follow, max-snippet:-1, max-image-preview:large, max-video-preview:-1\" \/>\n<link rel=\"canonical\" href=\"https:\/\/www.aurin-choir.hu\/project\/varazslatos-karacsony-2024\/\" \/>\n<meta property=\"og:locale\" content=\"en_US\" \/>\n<meta property=\"og:type\" content=\"article\" \/>\n<meta property=\"og:title\" content=\"Var\u00e1zslatos Kar\u00e1csony 2024 - Aurin - Miraculum\" \/>\n<meta property=\"og:description\" content=\"Var\u00e1zslatos Kar\u00e1csony 2024 Nagytemplom, Kecskem\u00e9tFot\u00f3k: P\u00e1link\u00e1s Edit\" \/>\n<meta property=\"og:url\" content=\"https:\/\/www.aurin-choir.hu\/project\/varazslatos-karacsony-2024\/\" \/>\n<meta property=\"og:site_name\" content=\"Aurin - Miraculum\" \/>\n<meta property=\"article:publisher\" content=\"https:\/\/www.facebook.com\/aurinchoir\" \/>\n<meta property=\"article:modified_time\" content=\"2025-04-06T19:29:38+00:00\" \/>\n<meta property=\"og:image\" content=\"https:\/\/www.aurin-choir.hu\/wp-content\/uploads\/2025\/01\/DSC_1804.jpg\" \/>\n\t<meta property=\"og:image:width\" content=\"1800\" \/>\n\t<meta property=\"og:image:height\" content=\"1200\" \/>\n\t<meta property=\"og:image:type\" content=\"image\/jpeg\" \/>\n<meta name=\"twitter:card\" content=\"summary_large_image\" \/>\n<meta name=\"twitter:label1\" content=\"Est. reading time\" \/>\n\t<meta name=\"twitter:data1\" content=\"1 minute\" \/>\n<script type=\"application\/ld+json\" class=\"yoast-schema-graph\">{\"@context\":\"https:\/\/schema.org\",\"@graph\":[{\"@type\":\"WebPage\",\"@id\":\"https:\/\/www.aurin-choir.hu\/project\/varazslatos-karacsony-2024\/\",\"url\":\"https:\/\/www.aurin-choir.hu\/project\/varazslatos-karacsony-2024\/\",\"name\":\"Var\u00e1zslatos Kar\u00e1csony 2024 - Aurin - Miraculum\",\"isPartOf\":{\"@id\":\"https:\/\/www.aurin-choir.hu\/#website\"},\"primaryImageOfPage\":{\"@id\":\"https:\/\/www.aurin-choir.hu\/project\/varazslatos-karacsony-2024\/#primaryimage\"},\"image\":{\"@id\":\"https:\/\/www.aurin-choir.hu\/project\/varazslatos-karacsony-2024\/#primaryimage\"},\"thumbnailUrl\":\"https:\/\/www.aurin-choir.hu\/wp-content\/uploads\/2025\/01\/DSC_1804.jpg\",\"datePublished\":\"2025-01-03T20:44:49+00:00\",\"dateModified\":\"2025-04-06T19:29:38+00:00\",\"breadcrumb\":{\"@id\":\"https:\/\/www.aurin-choir.hu\/project\/varazslatos-karacsony-2024\/#breadcrumb\"},\"inLanguage\":\"en-US\",\"potentialAction\":[{\"@type\":\"ReadAction\",\"target\":[\"https:\/\/www.aurin-choir.hu\/project\/varazslatos-karacsony-2024\/\"]}]},{\"@type\":\"ImageObject\",\"inLanguage\":\"en-US\",\"@id\":\"https:\/\/www.aurin-choir.hu\/project\/varazslatos-karacsony-2024\/#primaryimage\",\"url\":\"https:\/\/www.aurin-choir.hu\/wp-content\/uploads\/2025\/01\/DSC_1804.jpg\",\"contentUrl\":\"https:\/\/www.aurin-choir.hu\/wp-content\/uploads\/2025\/01\/DSC_1804.jpg\",\"width\":1800,\"height\":1200},{\"@type\":\"BreadcrumbList\",\"@id\":\"https:\/\/www.aurin-choir.hu\/project\/varazslatos-karacsony-2024\/#breadcrumb\",\"itemListElement\":[{\"@type\":\"ListItem\",\"position\":1,\"name\":\"Kezd\u0151lap\",\"item\":\"https:\/\/www.aurin-choir.hu\/en\/\"},{\"@type\":\"ListItem\",\"position\":2,\"name\":\"Projektek\",\"item\":\"https:\/\/www.aurin-choir.hu\/project\/\"},{\"@type\":\"ListItem\",\"position\":3,\"name\":\"Var\u00e1zslatos Kar\u00e1csony 2024\"}]},{\"@type\":\"WebSite\",\"@id\":\"https:\/\/www.aurin-choir.hu\/#website\",\"url\":\"https:\/\/www.aurin-choir.hu\/\",\"name\":\"Aurin - Miraculum\",\"description\":\"Aurin - Miraculum\",\"publisher\":{\"@id\":\"https:\/\/www.aurin-choir.hu\/#organization\"},\"potentialAction\":[{\"@type\":\"SearchAction\",\"target\":{\"@type\":\"EntryPoint\",\"urlTemplate\":\"https:\/\/www.aurin-choir.hu\/?s={search_term_string}\"},\"query-input\":{\"@type\":\"PropertyValueSpecification\",\"valueRequired\":true,\"valueName\":\"search_term_string\"}}],\"inLanguage\":\"en-US\"},{\"@type\":\"Organization\",\"@id\":\"https:\/\/www.aurin-choir.hu\/#organization\",\"name\":\"Aurin \u00e9s Miraculum Alap\u00edtv\u00e1ny\",\"url\":\"https:\/\/www.aurin-choir.hu\/\",\"logo\":{\"@type\":\"ImageObject\",\"inLanguage\":\"en-US\",\"@id\":\"https:\/\/www.aurin-choir.hu\/#\/schema\/logo\/image\/\",\"url\":\"https:\/\/www.aurin-choir.hu\/wp-content\/uploads\/2024\/05\/logo_webre_evadzaro2-1.png\",\"contentUrl\":\"https:\/\/www.aurin-choir.hu\/wp-content\/uploads\/2024\/05\/logo_webre_evadzaro2-1.png\",\"width\":500,\"height\":515,\"caption\":\"Aurin \u00e9s Miraculum Alap\u00edtv\u00e1ny\"},\"image\":{\"@id\":\"https:\/\/www.aurin-choir.hu\/#\/schema\/logo\/image\/\"},\"sameAs\":[\"https:\/\/www.facebook.com\/aurinchoir\"]}]}<\/script>\n<!-- \/ Yoast SEO plugin. -->","yoast_head_json":{"title":"Var\u00e1zslatos Kar\u00e1csony 2024 - Aurin - Miraculum","robots":{"index":"index","follow":"follow","max-snippet":"max-snippet:-1","max-image-preview":"max-image-preview:large","max-video-preview":"max-video-preview:-1"},"canonical":"https:\/\/www.aurin-choir.hu\/project\/varazslatos-karacsony-2024\/","og_locale":"en_US","og_type":"article","og_title":"Var\u00e1zslatos Kar\u00e1csony 2024 - Aurin - Miraculum","og_description":"Var\u00e1zslatos Kar\u00e1csony 2024 Nagytemplom, Kecskem\u00e9tFot\u00f3k: P\u00e1link\u00e1s Edit","og_url":"https:\/\/www.aurin-choir.hu\/project\/varazslatos-karacsony-2024\/","og_site_name":"Aurin - Miraculum","article_publisher":"https:\/\/www.facebook.com\/aurinchoir","article_modified_time":"2025-04-06T19:29:38+00:00","og_image":[{"width":1800,"height":1200,"url":"https:\/\/www.aurin-choir.hu\/wp-content\/uploads\/2025\/01\/DSC_1804.jpg","type":"image\/jpeg"}],"twitter_card":"summary_large_image","twitter_misc":{"Est. reading time":"1 minute"},"schema":{"@context":"https:\/\/schema.org","@graph":[{"@type":"WebPage","@id":"https:\/\/www.aurin-choir.hu\/project\/varazslatos-karacsony-2024\/","url":"https:\/\/www.aurin-choir.hu\/project\/varazslatos-karacsony-2024\/","name":"Var\u00e1zslatos Kar\u00e1csony 2024 - Aurin - Miraculum","isPartOf":{"@id":"https:\/\/www.aurin-choir.hu\/#website"},"primaryImageOfPage":{"@id":"https:\/\/www.aurin-choir.hu\/project\/varazslatos-karacsony-2024\/#primaryimage"},"image":{"@id":"https:\/\/www.aurin-choir.hu\/project\/varazslatos-karacsony-2024\/#primaryimage"},"thumbnailUrl":"https:\/\/www.aurin-choir.hu\/wp-content\/uploads\/2025\/01\/DSC_1804.jpg","datePublished":"2025-01-03T20:44:49+00:00","dateModified":"2025-04-06T19:29:38+00:00","breadcrumb":{"@id":"https:\/\/www.aurin-choir.hu\/project\/varazslatos-karacsony-2024\/#breadcrumb"},"inLanguage":"en-US","potentialAction":[{"@type":"ReadAction","target":["https:\/\/www.aurin-choir.hu\/project\/varazslatos-karacsony-2024\/"]}]},{"@type":"ImageObject","inLanguage":"en-US","@id":"https:\/\/www.aurin-choir.hu\/project\/varazslatos-karacsony-2024\/#primaryimage","url":"https:\/\/www.aurin-choir.hu\/wp-content\/uploads\/2025\/01\/DSC_1804.jpg","contentUrl":"https:\/\/www.aurin-choir.hu\/wp-content\/uploads\/2025\/01\/DSC_1804.jpg","width":1800,"height":1200},{"@type":"BreadcrumbList","@id":"https:\/\/www.aurin-choir.hu\/project\/varazslatos-karacsony-2024\/#breadcrumb","itemListElement":[{"@type":"ListItem","position":1,"name":"Kezd\u0151lap","item":"https:\/\/www.aurin-choir.hu\/en\/"},{"@type":"ListItem","position":2,"name":"Projektek","item":"https:\/\/www.aurin-choir.hu\/project\/"},{"@type":"ListItem","position":3,"name":"Var\u00e1zslatos Kar\u00e1csony 2024"}]},{"@type":"WebSite","@id":"https:\/\/www.aurin-choir.hu\/#website","url":"https:\/\/www.aurin-choir.hu\/","name":"Aurin - Miraculum","description":"Aurin - Miraculum","publisher":{"@id":"https:\/\/www.aurin-choir.hu\/#organization"},"potentialAction":[{"@type":"SearchAction","target":{"@type":"EntryPoint","urlTemplate":"https:\/\/www.aurin-choir.hu\/?s={search_term_string}"},"query-input":{"@type":"PropertyValueSpecification","valueRequired":true,"valueName":"search_term_string"}}],"inLanguage":"en-US"},{"@type":"Organization","@id":"https:\/\/www.aurin-choir.hu\/#organization","name":"Aurin \u00e9s Miraculum Alap\u00edtv\u00e1ny","url":"https:\/\/www.aurin-choir.hu\/","logo":{"@type":"ImageObject","inLanguage":"en-US","@id":"https:\/\/www.aurin-choir.hu\/#\/schema\/logo\/image\/","url":"https:\/\/www.aurin-choir.hu\/wp-content\/uploads\/2024\/05\/logo_webre_evadzaro2-1.png","contentUrl":"https:\/\/www.aurin-choir.hu\/wp-content\/uploads\/2024\/05\/logo_webre_evadzaro2-1.png","width":500,"height":515,"caption":"Aurin \u00e9s Miraculum Alap\u00edtv\u00e1ny"},"image":{"@id":"https:\/\/www.aurin-choir.hu\/#\/schema\/logo\/image\/"},"sameAs":["https:\/\/www.facebook.com\/aurinchoir"]}]}},"_links":{"self":[{"href":"https:\/\/www.aurin-choir.hu\/en\/wp-json\/wp\/v2\/project\/17513","targetHints":{"allow":["GET"]}}],"collection":[{"href":"https:\/\/www.aurin-choir.hu\/en\/wp-json\/wp\/v2\/project"}],"about":[{"href":"https:\/\/www.aurin-choir.hu\/en\/wp-json\/wp\/v2\/types\/project"}],"author":[{"embeddable":true,"href":"https:\/\/www.aurin-choir.hu\/en\/wp-json\/wp\/v2\/users\/1"}],"replies":[{"embeddable":true,"href":"https:\/\/www.aurin-choir.hu\/en\/wp-json\/wp\/v2\/comments?post=17513"}],"version-history":[{"count":1,"href":"https:\/\/www.aurin-choir.hu\/en\/wp-json\/wp\/v2\/project\/17513\/revisions"}],"predecessor-version":[{"id":17514,"href":"https:\/\/www.aurin-choir.hu\/en\/wp-json\/wp\/v2\/project\/17513\/revisions\/17514"}],"wp:featuredmedia":[{"embeddable":true,"href":"https:\/\/www.aurin-choir.hu\/en\/wp-json\/wp\/v2\/media\/15439"}],"wp:attachment":[{"href":"https:\/\/www.aurin-choir.hu\/en\/wp-json\/wp\/v2\/media?parent=17513"}],"wp:term":[{"taxonomy":"project_category","embeddable":true,"href":"https:\/\/www.aurin-choir.hu\/en\/wp-json\/wp\/v2\/project_category?post=17513"},{"taxonomy":"project_tag","embeddable":true,"href":"https:\/\/www.aurin-choir.hu\/en\/wp-json\/wp\/v2\/project_tag?post=17513"}],"curies":[{"name":"wp","href":"https:\/\/api.w.org\/{rel}","templated":true}]}}