{"id":17515,"date":"2024-06-20T15:46:10","date_gmt":"2024-06-20T15:46:10","guid":{"rendered":"https:\/\/www.aurin-choir.hu\/project\/evadzaro-koncert-2024\/"},"modified":"2025-04-06T19:30:15","modified_gmt":"2025-04-06T19:30:15","slug":"evadzaro-koncert-2024","status":"publish","type":"project","link":"https:\/\/www.aurin-choir.hu\/en\/project\/evadzaro-koncert-2024\/","title":{"rendered":"\u00c9vadz\u00e1r\u00f3 koncert 2024"},"content":{"rendered":"<p>[et_pb_section fb_built=&#8221;1&#8243; _builder_version=&#8221;4.27.4&#8243; _module_preset=&#8221;default&#8221; da_disable_devices=&#8221;off|off|off&#8221; locked=&#8221;off&#8221; global_colors_info=&#8221;{}&#8221; da_is_popup=&#8221;off&#8221; da_exit_intent=&#8221;off&#8221; da_has_close=&#8221;on&#8221; da_alt_close=&#8221;off&#8221; da_dark_close=&#8221;off&#8221; da_not_modal=&#8221;on&#8221; da_is_singular=&#8221;off&#8221; da_with_loader=&#8221;off&#8221; da_has_shadow=&#8221;on&#8221;][et_pb_row _builder_version=&#8221;4.27.4&#8243; _module_preset=&#8221;default&#8221; global_colors_info=&#8221;{}&#8221;][et_pb_column type=&#8221;4_4&#8243; _builder_version=&#8221;4.27.4&#8243; _module_preset=&#8221;default&#8221; global_colors_info=&#8221;{}&#8221;][et_pb_text _builder_version=&#8221;4.27.4&#8243; _module_preset=&#8221;default&#8221; text_font=&#8221;|600|||||||&#8221; header_font=&#8221;|700|||||||&#8221; header_font_size=&#8221;31px&#8221; header_2_font=&#8221;||on||||||&#8221; global_colors_info=&#8221;{}&#8221;]<\/p>\n<h1 class=\"entry-title\">\u00c9vadz\u00e1r\u00f3 koncert 2024<\/h1>\n<p>&nbsp;<\/p>\n<p>Kod\u00e1ly Iskola, Kecskem\u00e9t<\/p>\n<p>[\/et_pb_text][\/et_pb_column][\/et_pb_row][et_pb_row _builder_version=&#8221;4.27.4&#8243; _module_preset=&#8221;default&#8221; custom_padding=&#8221;0px||0px||false|false&#8221; global_colors_info=&#8221;{}&#8221;][et_pb_column type=&#8221;4_4&#8243; _builder_version=&#8221;4.27.4&#8243; _module_preset=&#8221;default&#8221; global_colors_info=&#8221;{}&#8221;][et_pb_text _builder_version=&#8221;4.27.4&#8243; _module_preset=&#8221;default&#8221; global_colors_info=&#8221;{}&#8221;]<\/p>\nngg_shortcode_0_placeholder\n<p>[\/et_pb_text][\/et_pb_column][\/et_pb_row][\/et_pb_section]<\/p>\n","protected":false},"excerpt":{"rendered":"<p>\u00c9vadz\u00e1r\u00f3 koncert 2024 &nbsp; Kod\u00e1ly Iskola, Kecskem\u00e9t<!-- default-view.php -->\n<div\n\tclass=\"ngg-galleryoverview default-view \n\t\t\"\n\tid=\"ngg-gallery-220130a631782c490d8dfb51dd5338bc-1\">\n\n\t\t<!-- Thumbnails -->\n\t\t\t\t<div id=\"ngg-image-0\" class=\"ngg-gallery-thumbnail-box \n\t\t\t\t\t\t\t\t\t\t\t\" \n\t\t\t>\n\t\t\t\t\t\t<div class=\"ngg-gallery-thumbnail\">\n\t\t\t<a href=\"https:\/\/www.aurin-choir.hu\/wp-content\/gallery\/evadzaro-2024\/DSC_4099.JPG\"\n\t\t\t\ttitle=\"\"\n\t\t\t\tdata-src=\"https:\/\/www.aurin-choir.hu\/wp-content\/gallery\/evadzaro-2024\/DSC_4099.JPG\"\n\t\t\t\tdata-thumbnail=\"https:\/\/www.aurin-choir.hu\/wp-content\/gallery\/evadzaro-2024\/thumbs\/thumbs_DSC_4099.JPG\"\n\t\t\t\tdata-image-id=\"5683\"\n\t\t\t\tdata-title=\"DSC_4099\"\n\t\t\t\tdata-description=\"\"\n\t\t\t\tdata-image-slug=\"dsc_4099\"\n\t\t\t\tclass=\"ngg-simplelightbox\" rel=\"220130a631782c490d8dfb51dd5338bc\">\n\t\t\t\t<img\n\t\t\t\t\ttitle=\"DSC_4099\"\n\t\t\t\t\talt=\"DSC_4099\"\n\t\t\t\t\tsrc=\"https:\/\/www.aurin-choir.hu\/wp-content\/gallery\/evadzaro-2024\/cache\/DSC_4099.JPG-nggid045683-ngg0dyn-325x225x100-00f0w010c011r110f110r010t010.JPG\"\n\t\t\t\t\twidth=\"325\"\n\t\t\t\t\theight=\"225\"\n\t\t\t\t\tstyle=\"max-width:100%;\"\n\t\t\t\t\/>\n\t\t\t<\/a>\n\t\t<\/div>\n\t\t\t\t\t\t\t<\/div> \n\t\t\t\n\t\t\t\t<div id=\"ngg-image-1\" class=\"ngg-gallery-thumbnail-box \n\t\t\t\t\t\t\t\t\t\t\t\" \n\t\t\t>\n\t\t\t\t\t\t<div class=\"ngg-gallery-thumbnail\">\n\t\t\t<a href=\"https:\/\/www.aurin-choir.hu\/wp-content\/gallery\/evadzaro-2024\/Clipboard09.jpg\"\n\t\t\t\ttitle=\"\"\n\t\t\t\tdata-src=\"https:\/\/www.aurin-choir.hu\/wp-content\/gallery\/evadzaro-2024\/Clipboard09.jpg\"\n\t\t\t\tdata-thumbnail=\"https:\/\/www.aurin-choir.hu\/wp-content\/gallery\/evadzaro-2024\/thumbs\/thumbs_Clipboard09.jpg\"\n\t\t\t\tdata-image-id=\"5678\"\n\t\t\t\tdata-title=\"Clipboard09\"\n\t\t\t\tdata-description=\"\"\n\t\t\t\tdata-image-slug=\"clipboard09\"\n\t\t\t\tclass=\"ngg-simplelightbox\" rel=\"220130a631782c490d8dfb51dd5338bc\">\n\t\t\t\t<img\n\t\t\t\t\ttitle=\"Clipboard09\"\n\t\t\t\t\talt=\"Clipboard09\"\n\t\t\t\t\tsrc=\"https:\/\/www.aurin-choir.hu\/wp-content\/gallery\/evadzaro-2024\/cache\/Clipboard09.jpg-nggid045678-ngg0dyn-325x225x100-00f0w010c011r110f110r010t010.jpg\"\n\t\t\t\t\twidth=\"325\"\n\t\t\t\t\theight=\"225\"\n\t\t\t\t\tstyle=\"max-width:100%;\"\n\t\t\t\t\/>\n\t\t\t<\/a>\n\t\t<\/div>\n\t\t\t\t\t\t\t<\/div> \n\t\t\t\n\t\t\t\t<div id=\"ngg-image-2\" class=\"ngg-gallery-thumbnail-box \n\t\t\t\t\t\t\t\t\t\t\t\" \n\t\t\t>\n\t\t\t\t\t\t<div class=\"ngg-gallery-thumbnail\">\n\t\t\t<a href=\"https:\/\/www.aurin-choir.hu\/wp-content\/gallery\/evadzaro-2024\/Clipboard07.jpg\"\n\t\t\t\ttitle=\"\"\n\t\t\t\tdata-src=\"https:\/\/www.aurin-choir.hu\/wp-content\/gallery\/evadzaro-2024\/Clipboard07.jpg\"\n\t\t\t\tdata-thumbnail=\"https:\/\/www.aurin-choir.hu\/wp-content\/gallery\/evadzaro-2024\/thumbs\/thumbs_Clipboard07.jpg\"\n\t\t\t\tdata-image-id=\"5675\"\n\t\t\t\tdata-title=\"Clipboard07\"\n\t\t\t\tdata-description=\"\"\n\t\t\t\tdata-image-slug=\"clipboard07\"\n\t\t\t\tclass=\"ngg-simplelightbox\" rel=\"220130a631782c490d8dfb51dd5338bc\">\n\t\t\t\t<img\n\t\t\t\t\ttitle=\"Clipboard07\"\n\t\t\t\t\talt=\"Clipboard07\"\n\t\t\t\t\tsrc=\"https:\/\/www.aurin-choir.hu\/wp-content\/gallery\/evadzaro-2024\/cache\/Clipboard07.jpg-nggid045675-ngg0dyn-325x225x100-00f0w010c011r110f110r010t010.jpg\"\n\t\t\t\t\twidth=\"325\"\n\t\t\t\t\theight=\"225\"\n\t\t\t\t\tstyle=\"max-width:100%;\"\n\t\t\t\t\/>\n\t\t\t<\/a>\n\t\t<\/div>\n\t\t\t\t\t\t\t<\/div> \n\t\t\t\n\t\t\t\t<div id=\"ngg-image-3\" class=\"ngg-gallery-thumbnail-box \n\t\t\t\t\t\t\t\t\t\t\t\" \n\t\t\t>\n\t\t\t\t\t\t<div class=\"ngg-gallery-thumbnail\">\n\t\t\t<a href=\"https:\/\/www.aurin-choir.hu\/wp-content\/gallery\/evadzaro-2024\/Clipboard08.jpg\"\n\t\t\t\ttitle=\"\"\n\t\t\t\tdata-src=\"https:\/\/www.aurin-choir.hu\/wp-content\/gallery\/evadzaro-2024\/Clipboard08.jpg\"\n\t\t\t\tdata-thumbnail=\"https:\/\/www.aurin-choir.hu\/wp-content\/gallery\/evadzaro-2024\/thumbs\/thumbs_Clipboard08.jpg\"\n\t\t\t\tdata-image-id=\"5674\"\n\t\t\t\tdata-title=\"Clipboard08\"\n\t\t\t\tdata-description=\"\"\n\t\t\t\tdata-image-slug=\"clipboard08\"\n\t\t\t\tclass=\"ngg-simplelightbox\" rel=\"220130a631782c490d8dfb51dd5338bc\">\n\t\t\t\t<img\n\t\t\t\t\ttitle=\"Clipboard08\"\n\t\t\t\t\talt=\"Clipboard08\"\n\t\t\t\t\tsrc=\"https:\/\/www.aurin-choir.hu\/wp-content\/gallery\/evadzaro-2024\/cache\/Clipboard08.jpg-nggid045674-ngg0dyn-325x225x100-00f0w010c011r110f110r010t010.jpg\"\n\t\t\t\t\twidth=\"325\"\n\t\t\t\t\theight=\"225\"\n\t\t\t\t\tstyle=\"max-width:100%;\"\n\t\t\t\t\/>\n\t\t\t<\/a>\n\t\t<\/div>\n\t\t\t\t\t\t\t<\/div> \n\t\t\t\n\t\t\t\t<div id=\"ngg-image-4\" class=\"ngg-gallery-thumbnail-box \n\t\t\t\t\t\t\t\t\t\t\t\" \n\t\t\t>\n\t\t\t\t\t\t<div class=\"ngg-gallery-thumbnail\">\n\t\t\t<a href=\"https:\/\/www.aurin-choir.hu\/wp-content\/gallery\/evadzaro-2024\/Clipboard02.jpg\"\n\t\t\t\ttitle=\"\"\n\t\t\t\tdata-src=\"https:\/\/www.aurin-choir.hu\/wp-content\/gallery\/evadzaro-2024\/Clipboard02.jpg\"\n\t\t\t\tdata-thumbnail=\"https:\/\/www.aurin-choir.hu\/wp-content\/gallery\/evadzaro-2024\/thumbs\/thumbs_Clipboard02.jpg\"\n\t\t\t\tdata-image-id=\"5672\"\n\t\t\t\tdata-title=\"Clipboard02\"\n\t\t\t\tdata-description=\"\"\n\t\t\t\tdata-image-slug=\"clipboard02\"\n\t\t\t\tclass=\"ngg-simplelightbox\" rel=\"220130a631782c490d8dfb51dd5338bc\">\n\t\t\t\t<img\n\t\t\t\t\ttitle=\"Clipboard02\"\n\t\t\t\t\talt=\"Clipboard02\"\n\t\t\t\t\tsrc=\"https:\/\/www.aurin-choir.hu\/wp-content\/gallery\/evadzaro-2024\/cache\/Clipboard02.jpg-nggid045672-ngg0dyn-325x225x100-00f0w010c011r110f110r010t010.jpg\"\n\t\t\t\t\twidth=\"325\"\n\t\t\t\t\theight=\"225\"\n\t\t\t\t\tstyle=\"max-width:100%;\"\n\t\t\t\t\/>\n\t\t\t<\/a>\n\t\t<\/div>\n\t\t\t\t\t\t\t<\/div> \n\t\t\t\n\t\t\t\t<div id=\"ngg-image-5\" class=\"ngg-gallery-thumbnail-box \n\t\t\t\t\t\t\t\t\t\t\t\" \n\t\t\t>\n\t\t\t\t\t\t<div class=\"ngg-gallery-thumbnail\">\n\t\t\t<a href=\"https:\/\/www.aurin-choir.hu\/wp-content\/gallery\/evadzaro-2024\/Clipboard04.jpg\"\n\t\t\t\ttitle=\"\"\n\t\t\t\tdata-src=\"https:\/\/www.aurin-choir.hu\/wp-content\/gallery\/evadzaro-2024\/Clipboard04.jpg\"\n\t\t\t\tdata-thumbnail=\"https:\/\/www.aurin-choir.hu\/wp-content\/gallery\/evadzaro-2024\/thumbs\/thumbs_Clipboard04.jpg\"\n\t\t\t\tdata-image-id=\"5676\"\n\t\t\t\tdata-title=\"Clipboard04\"\n\t\t\t\tdata-description=\"\"\n\t\t\t\tdata-image-slug=\"clipboard04\"\n\t\t\t\tclass=\"ngg-simplelightbox\" rel=\"220130a631782c490d8dfb51dd5338bc\">\n\t\t\t\t<img\n\t\t\t\t\ttitle=\"Clipboard04\"\n\t\t\t\t\talt=\"Clipboard04\"\n\t\t\t\t\tsrc=\"https:\/\/www.aurin-choir.hu\/wp-content\/gallery\/evadzaro-2024\/cache\/Clipboard04.jpg-nggid045676-ngg0dyn-325x225x100-00f0w010c011r110f110r010t010.jpg\"\n\t\t\t\t\twidth=\"325\"\n\t\t\t\t\theight=\"225\"\n\t\t\t\t\tstyle=\"max-width:100%;\"\n\t\t\t\t\/>\n\t\t\t<\/a>\n\t\t<\/div>\n\t\t\t\t\t\t\t<\/div> \n\t\t\t\n\t\t\t\t<div id=\"ngg-image-6\" class=\"ngg-gallery-thumbnail-box \n\t\t\t\t\t\t\t\t\t\t\t\" \n\t\t\t>\n\t\t\t\t\t\t<div class=\"ngg-gallery-thumbnail\">\n\t\t\t<a href=\"https:\/\/www.aurin-choir.hu\/wp-content\/gallery\/evadzaro-2024\/Clipboard05.jpg\"\n\t\t\t\ttitle=\"\"\n\t\t\t\tdata-src=\"https:\/\/www.aurin-choir.hu\/wp-content\/gallery\/evadzaro-2024\/Clipboard05.jpg\"\n\t\t\t\tdata-thumbnail=\"https:\/\/www.aurin-choir.hu\/wp-content\/gallery\/evadzaro-2024\/thumbs\/thumbs_Clipboard05.jpg\"\n\t\t\t\tdata-image-id=\"5673\"\n\t\t\t\tdata-title=\"Clipboard05\"\n\t\t\t\tdata-description=\"\"\n\t\t\t\tdata-image-slug=\"clipboard05\"\n\t\t\t\tclass=\"ngg-simplelightbox\" rel=\"220130a631782c490d8dfb51dd5338bc\">\n\t\t\t\t<img\n\t\t\t\t\ttitle=\"Clipboard05\"\n\t\t\t\t\talt=\"Clipboard05\"\n\t\t\t\t\tsrc=\"https:\/\/www.aurin-choir.hu\/wp-content\/gallery\/evadzaro-2024\/cache\/Clipboard05.jpg-nggid045673-ngg0dyn-325x225x100-00f0w010c011r110f110r010t010.jpg\"\n\t\t\t\t\twidth=\"325\"\n\t\t\t\t\theight=\"225\"\n\t\t\t\t\tstyle=\"max-width:100%;\"\n\t\t\t\t\/>\n\t\t\t<\/a>\n\t\t<\/div>\n\t\t\t\t\t\t\t<\/div> \n\t\t\t\n\t\t\t\t<div id=\"ngg-image-7\" class=\"ngg-gallery-thumbnail-box \n\t\t\t\t\t\t\t\t\t\t\t\" \n\t\t\t>\n\t\t\t\t\t\t<div class=\"ngg-gallery-thumbnail\">\n\t\t\t<a href=\"https:\/\/www.aurin-choir.hu\/wp-content\/gallery\/evadzaro-2024\/DSC_4107.JPG\"\n\t\t\t\ttitle=\"\"\n\t\t\t\tdata-src=\"https:\/\/www.aurin-choir.hu\/wp-content\/gallery\/evadzaro-2024\/DSC_4107.JPG\"\n\t\t\t\tdata-thumbnail=\"https:\/\/www.aurin-choir.hu\/wp-content\/gallery\/evadzaro-2024\/thumbs\/thumbs_DSC_4107.JPG\"\n\t\t\t\tdata-image-id=\"5682\"\n\t\t\t\tdata-title=\"DSC_4107\"\n\t\t\t\tdata-description=\"\"\n\t\t\t\tdata-image-slug=\"dsc_4107\"\n\t\t\t\tclass=\"ngg-simplelightbox\" rel=\"220130a631782c490d8dfb51dd5338bc\">\n\t\t\t\t<img\n\t\t\t\t\ttitle=\"DSC_4107\"\n\t\t\t\t\talt=\"DSC_4107\"\n\t\t\t\t\tsrc=\"https:\/\/www.aurin-choir.hu\/wp-content\/gallery\/evadzaro-2024\/cache\/DSC_4107.JPG-nggid045682-ngg0dyn-325x225x100-00f0w010c011r110f110r010t010.JPG\"\n\t\t\t\t\twidth=\"325\"\n\t\t\t\t\theight=\"225\"\n\t\t\t\t\tstyle=\"max-width:100%;\"\n\t\t\t\t\/>\n\t\t\t<\/a>\n\t\t<\/div>\n\t\t\t\t\t\t\t<\/div> \n\t\t\t\n\t\t\t\t<div id=\"ngg-image-8\" class=\"ngg-gallery-thumbnail-box \n\t\t\t\t\t\t\t\t\t\t\t\" \n\t\t\t>\n\t\t\t\t\t\t<div class=\"ngg-gallery-thumbnail\">\n\t\t\t<a href=\"https:\/\/www.aurin-choir.hu\/wp-content\/gallery\/evadzaro-2024\/Clipboard06.jpg\"\n\t\t\t\ttitle=\"\"\n\t\t\t\tdata-src=\"https:\/\/www.aurin-choir.hu\/wp-content\/gallery\/evadzaro-2024\/Clipboard06.jpg\"\n\t\t\t\tdata-thumbnail=\"https:\/\/www.aurin-choir.hu\/wp-content\/gallery\/evadzaro-2024\/thumbs\/thumbs_Clipboard06.jpg\"\n\t\t\t\tdata-image-id=\"5677\"\n\t\t\t\tdata-title=\"Clipboard06\"\n\t\t\t\tdata-description=\"\"\n\t\t\t\tdata-image-slug=\"clipboard06\"\n\t\t\t\tclass=\"ngg-simplelightbox\" rel=\"220130a631782c490d8dfb51dd5338bc\">\n\t\t\t\t<img\n\t\t\t\t\ttitle=\"Clipboard06\"\n\t\t\t\t\talt=\"Clipboard06\"\n\t\t\t\t\tsrc=\"https:\/\/www.aurin-choir.hu\/wp-content\/gallery\/evadzaro-2024\/cache\/Clipboard06.jpg-nggid045677-ngg0dyn-325x225x100-00f0w010c011r110f110r010t010.jpg\"\n\t\t\t\t\twidth=\"325\"\n\t\t\t\t\theight=\"225\"\n\t\t\t\t\tstyle=\"max-width:100%;\"\n\t\t\t\t\/>\n\t\t\t<\/a>\n\t\t<\/div>\n\t\t\t\t\t\t\t<\/div> \n\t\t\t\n\t\t\t\t<div id=\"ngg-image-9\" class=\"ngg-gallery-thumbnail-box \n\t\t\t\t\t\t\t\t\t\t\t\" \n\t\t\t>\n\t\t\t\t\t\t<div class=\"ngg-gallery-thumbnail\">\n\t\t\t<a href=\"https:\/\/www.aurin-choir.hu\/wp-content\/gallery\/evadzaro-2024\/Clipboard12.jpg\"\n\t\t\t\ttitle=\"\"\n\t\t\t\tdata-src=\"https:\/\/www.aurin-choir.hu\/wp-content\/gallery\/evadzaro-2024\/Clipboard12.jpg\"\n\t\t\t\tdata-thumbnail=\"https:\/\/www.aurin-choir.hu\/wp-content\/gallery\/evadzaro-2024\/thumbs\/thumbs_Clipboard12.jpg\"\n\t\t\t\tdata-image-id=\"5681\"\n\t\t\t\tdata-title=\"Clipboard12\"\n\t\t\t\tdata-description=\"\"\n\t\t\t\tdata-image-slug=\"clipboard12\"\n\t\t\t\tclass=\"ngg-simplelightbox\" rel=\"220130a631782c490d8dfb51dd5338bc\">\n\t\t\t\t<img\n\t\t\t\t\ttitle=\"Clipboard12\"\n\t\t\t\t\talt=\"Clipboard12\"\n\t\t\t\t\tsrc=\"https:\/\/www.aurin-choir.hu\/wp-content\/gallery\/evadzaro-2024\/cache\/Clipboard12.jpg-nggid045681-ngg0dyn-325x225x100-00f0w010c011r110f110r010t010.jpg\"\n\t\t\t\t\twidth=\"325\"\n\t\t\t\t\theight=\"225\"\n\t\t\t\t\tstyle=\"max-width:100%;\"\n\t\t\t\t\/>\n\t\t\t<\/a>\n\t\t<\/div>\n\t\t\t\t\t\t\t<\/div> \n\t\t\t\n\t\t\t\t<div id=\"ngg-image-10\" class=\"ngg-gallery-thumbnail-box \n\t\t\t\t\t\t\t\t\t\t\t\" \n\t\t\t>\n\t\t\t\t\t\t<div class=\"ngg-gallery-thumbnail\">\n\t\t\t<a href=\"https:\/\/www.aurin-choir.hu\/wp-content\/gallery\/evadzaro-2024\/Clipboard10.jpg\"\n\t\t\t\ttitle=\"\"\n\t\t\t\tdata-src=\"https:\/\/www.aurin-choir.hu\/wp-content\/gallery\/evadzaro-2024\/Clipboard10.jpg\"\n\t\t\t\tdata-thumbnail=\"https:\/\/www.aurin-choir.hu\/wp-content\/gallery\/evadzaro-2024\/thumbs\/thumbs_Clipboard10.jpg\"\n\t\t\t\tdata-image-id=\"5679\"\n\t\t\t\tdata-title=\"Clipboard10\"\n\t\t\t\tdata-description=\"\"\n\t\t\t\tdata-image-slug=\"clipboard10\"\n\t\t\t\tclass=\"ngg-simplelightbox\" rel=\"220130a631782c490d8dfb51dd5338bc\">\n\t\t\t\t<img\n\t\t\t\t\ttitle=\"Clipboard10\"\n\t\t\t\t\talt=\"Clipboard10\"\n\t\t\t\t\tsrc=\"https:\/\/www.aurin-choir.hu\/wp-content\/gallery\/evadzaro-2024\/cache\/Clipboard10.jpg-nggid045679-ngg0dyn-325x225x100-00f0w010c011r110f110r010t010.jpg\"\n\t\t\t\t\twidth=\"325\"\n\t\t\t\t\theight=\"225\"\n\t\t\t\t\tstyle=\"max-width:100%;\"\n\t\t\t\t\/>\n\t\t\t<\/a>\n\t\t<\/div>\n\t\t\t\t\t\t\t<\/div> \n\t\t\t\n\t\t\t\t<div id=\"ngg-image-11\" class=\"ngg-gallery-thumbnail-box \n\t\t\t\t\t\t\t\t\t\t\t\" \n\t\t\t>\n\t\t\t\t\t\t<div class=\"ngg-gallery-thumbnail\">\n\t\t\t<a href=\"https:\/\/www.aurin-choir.hu\/wp-content\/gallery\/evadzaro-2024\/Clipboard11.jpg\"\n\t\t\t\ttitle=\"\"\n\t\t\t\tdata-src=\"https:\/\/www.aurin-choir.hu\/wp-content\/gallery\/evadzaro-2024\/Clipboard11.jpg\"\n\t\t\t\tdata-thumbnail=\"https:\/\/www.aurin-choir.hu\/wp-content\/gallery\/evadzaro-2024\/thumbs\/thumbs_Clipboard11.jpg\"\n\t\t\t\tdata-image-id=\"5680\"\n\t\t\t\tdata-title=\"Clipboard11\"\n\t\t\t\tdata-description=\"\"\n\t\t\t\tdata-image-slug=\"clipboard11\"\n\t\t\t\tclass=\"ngg-simplelightbox\" rel=\"220130a631782c490d8dfb51dd5338bc\">\n\t\t\t\t<img\n\t\t\t\t\ttitle=\"Clipboard11\"\n\t\t\t\t\talt=\"Clipboard11\"\n\t\t\t\t\tsrc=\"https:\/\/www.aurin-choir.hu\/wp-content\/gallery\/evadzaro-2024\/cache\/Clipboard11.jpg-nggid045680-ngg0dyn-325x225x100-00f0w010c011r110f110r010t010.jpg\"\n\t\t\t\t\twidth=\"325\"\n\t\t\t\t\theight=\"225\"\n\t\t\t\t\tstyle=\"max-width:100%;\"\n\t\t\t\t\/>\n\t\t\t<\/a>\n\t\t<\/div>\n\t\t\t\t\t\t\t<\/div> \n\t\t\t\n\t\n\t<br style=\"clear: both\" \/>\n\n\t\n\t\t<!-- Pagination -->\n\t\t<div class='ngg-clear'><\/div>\t<\/div>\n<\/p>\n","protected":false},"author":1,"featured_media":16189,"comment_status":"closed","ping_status":"closed","template":"","meta":{"_et_pb_use_builder":"on","_et_pb_old_content":"","_et_gb_content_width":"","ngg_post_thumbnail":0,"footnotes":""},"project_category":[99,101,100,102,103],"project_tag":[],"class_list":["post-17515","project","type-project","status-publish","has-post-thumbnail","hentry","project_category-2024-en","project_category-aurin-noikar-en","project_category-aurin-leanykar-en","project_category-aurin-vegyeskar-en","project_category-miraculum-gyermekkorus-en"],"yoast_head":"<!-- This site is optimized with the Yoast SEO plugin v26.0 - https:\/\/yoast.com\/wordpress\/plugins\/seo\/ -->\n<title>\u00c9vadz\u00e1r\u00f3 koncert 2024 - Aurin - Miraculum<\/title>\n<meta name=\"robots\" content=\"index, follow, max-snippet:-1, max-image-preview:large, max-video-preview:-1\" \/>\n<link rel=\"canonical\" href=\"https:\/\/www.aurin-choir.hu\/project\/evadzaro-koncert-2024\/\" \/>\n<meta property=\"og:locale\" content=\"en_US\" \/>\n<meta property=\"og:type\" content=\"article\" \/>\n<meta property=\"og:title\" content=\"\u00c9vadz\u00e1r\u00f3 koncert 2024 - Aurin - Miraculum\" \/>\n<meta property=\"og:description\" content=\"\u00c9vadz\u00e1r\u00f3 koncert 2024 &nbsp; Kod\u00e1ly Iskola, Kecskem\u00e9t\" \/>\n<meta property=\"og:url\" content=\"https:\/\/www.aurin-choir.hu\/project\/evadzaro-koncert-2024\/\" \/>\n<meta property=\"og:site_name\" content=\"Aurin - Miraculum\" \/>\n<meta property=\"article:publisher\" content=\"https:\/\/www.facebook.com\/aurinchoir\" \/>\n<meta property=\"article:modified_time\" content=\"2025-04-06T19:30:15+00:00\" \/>\n<meta property=\"og:image\" content=\"https:\/\/www.aurin-choir.hu\/wp-content\/uploads\/2024\/06\/Clipboard05.jpg\" \/>\n\t<meta property=\"og:image:width\" content=\"1800\" \/>\n\t<meta property=\"og:image:height\" content=\"1013\" \/>\n\t<meta property=\"og:image:type\" content=\"image\/jpeg\" \/>\n<meta name=\"twitter:card\" content=\"summary_large_image\" \/>\n<meta name=\"twitter:label1\" content=\"Est. reading time\" \/>\n\t<meta name=\"twitter:data1\" content=\"1 minute\" \/>\n<script type=\"application\/ld+json\" class=\"yoast-schema-graph\">{\"@context\":\"https:\/\/schema.org\",\"@graph\":[{\"@type\":\"WebPage\",\"@id\":\"https:\/\/www.aurin-choir.hu\/project\/evadzaro-koncert-2024\/\",\"url\":\"https:\/\/www.aurin-choir.hu\/project\/evadzaro-koncert-2024\/\",\"name\":\"\u00c9vadz\u00e1r\u00f3 koncert 2024 - Aurin - Miraculum\",\"isPartOf\":{\"@id\":\"https:\/\/www.aurin-choir.hu\/#website\"},\"primaryImageOfPage\":{\"@id\":\"https:\/\/www.aurin-choir.hu\/project\/evadzaro-koncert-2024\/#primaryimage\"},\"image\":{\"@id\":\"https:\/\/www.aurin-choir.hu\/project\/evadzaro-koncert-2024\/#primaryimage\"},\"thumbnailUrl\":\"https:\/\/www.aurin-choir.hu\/wp-content\/uploads\/2024\/06\/Clipboard05.jpg\",\"datePublished\":\"2024-06-20T15:46:10+00:00\",\"dateModified\":\"2025-04-06T19:30:15+00:00\",\"breadcrumb\":{\"@id\":\"https:\/\/www.aurin-choir.hu\/project\/evadzaro-koncert-2024\/#breadcrumb\"},\"inLanguage\":\"en-US\",\"potentialAction\":[{\"@type\":\"ReadAction\",\"target\":[\"https:\/\/www.aurin-choir.hu\/project\/evadzaro-koncert-2024\/\"]}]},{\"@type\":\"ImageObject\",\"inLanguage\":\"en-US\",\"@id\":\"https:\/\/www.aurin-choir.hu\/project\/evadzaro-koncert-2024\/#primaryimage\",\"url\":\"https:\/\/www.aurin-choir.hu\/wp-content\/uploads\/2024\/06\/Clipboard05.jpg\",\"contentUrl\":\"https:\/\/www.aurin-choir.hu\/wp-content\/uploads\/2024\/06\/Clipboard05.jpg\",\"width\":1800,\"height\":1013},{\"@type\":\"BreadcrumbList\",\"@id\":\"https:\/\/www.aurin-choir.hu\/project\/evadzaro-koncert-2024\/#breadcrumb\",\"itemListElement\":[{\"@type\":\"ListItem\",\"position\":1,\"name\":\"Kezd\u0151lap\",\"item\":\"https:\/\/www.aurin-choir.hu\/en\/\"},{\"@type\":\"ListItem\",\"position\":2,\"name\":\"Projektek\",\"item\":\"https:\/\/www.aurin-choir.hu\/project\/\"},{\"@type\":\"ListItem\",\"position\":3,\"name\":\"\u00c9vadz\u00e1r\u00f3 koncert 2024\"}]},{\"@type\":\"WebSite\",\"@id\":\"https:\/\/www.aurin-choir.hu\/#website\",\"url\":\"https:\/\/www.aurin-choir.hu\/\",\"name\":\"Aurin - Miraculum\",\"description\":\"Aurin - Miraculum\",\"publisher\":{\"@id\":\"https:\/\/www.aurin-choir.hu\/#organization\"},\"potentialAction\":[{\"@type\":\"SearchAction\",\"target\":{\"@type\":\"EntryPoint\",\"urlTemplate\":\"https:\/\/www.aurin-choir.hu\/?s={search_term_string}\"},\"query-input\":{\"@type\":\"PropertyValueSpecification\",\"valueRequired\":true,\"valueName\":\"search_term_string\"}}],\"inLanguage\":\"en-US\"},{\"@type\":\"Organization\",\"@id\":\"https:\/\/www.aurin-choir.hu\/#organization\",\"name\":\"Aurin \u00e9s Miraculum Alap\u00edtv\u00e1ny\",\"url\":\"https:\/\/www.aurin-choir.hu\/\",\"logo\":{\"@type\":\"ImageObject\",\"inLanguage\":\"en-US\",\"@id\":\"https:\/\/www.aurin-choir.hu\/#\/schema\/logo\/image\/\",\"url\":\"https:\/\/www.aurin-choir.hu\/wp-content\/uploads\/2024\/05\/logo_webre_evadzaro2-1.png\",\"contentUrl\":\"https:\/\/www.aurin-choir.hu\/wp-content\/uploads\/2024\/05\/logo_webre_evadzaro2-1.png\",\"width\":500,\"height\":515,\"caption\":\"Aurin \u00e9s Miraculum Alap\u00edtv\u00e1ny\"},\"image\":{\"@id\":\"https:\/\/www.aurin-choir.hu\/#\/schema\/logo\/image\/\"},\"sameAs\":[\"https:\/\/www.facebook.com\/aurinchoir\"]}]}<\/script>\n<!-- \/ Yoast SEO plugin. -->","yoast_head_json":{"title":"\u00c9vadz\u00e1r\u00f3 koncert 2024 - Aurin - Miraculum","robots":{"index":"index","follow":"follow","max-snippet":"max-snippet:-1","max-image-preview":"max-image-preview:large","max-video-preview":"max-video-preview:-1"},"canonical":"https:\/\/www.aurin-choir.hu\/project\/evadzaro-koncert-2024\/","og_locale":"en_US","og_type":"article","og_title":"\u00c9vadz\u00e1r\u00f3 koncert 2024 - Aurin - Miraculum","og_description":"\u00c9vadz\u00e1r\u00f3 koncert 2024 &nbsp; Kod\u00e1ly Iskola, Kecskem\u00e9t","og_url":"https:\/\/www.aurin-choir.hu\/project\/evadzaro-koncert-2024\/","og_site_name":"Aurin - Miraculum","article_publisher":"https:\/\/www.facebook.com\/aurinchoir","article_modified_time":"2025-04-06T19:30:15+00:00","og_image":[{"width":1800,"height":1013,"url":"https:\/\/www.aurin-choir.hu\/wp-content\/uploads\/2024\/06\/Clipboard05.jpg","type":"image\/jpeg"}],"twitter_card":"summary_large_image","twitter_misc":{"Est. reading time":"1 minute"},"schema":{"@context":"https:\/\/schema.org","@graph":[{"@type":"WebPage","@id":"https:\/\/www.aurin-choir.hu\/project\/evadzaro-koncert-2024\/","url":"https:\/\/www.aurin-choir.hu\/project\/evadzaro-koncert-2024\/","name":"\u00c9vadz\u00e1r\u00f3 koncert 2024 - Aurin - Miraculum","isPartOf":{"@id":"https:\/\/www.aurin-choir.hu\/#website"},"primaryImageOfPage":{"@id":"https:\/\/www.aurin-choir.hu\/project\/evadzaro-koncert-2024\/#primaryimage"},"image":{"@id":"https:\/\/www.aurin-choir.hu\/project\/evadzaro-koncert-2024\/#primaryimage"},"thumbnailUrl":"https:\/\/www.aurin-choir.hu\/wp-content\/uploads\/2024\/06\/Clipboard05.jpg","datePublished":"2024-06-20T15:46:10+00:00","dateModified":"2025-04-06T19:30:15+00:00","breadcrumb":{"@id":"https:\/\/www.aurin-choir.hu\/project\/evadzaro-koncert-2024\/#breadcrumb"},"inLanguage":"en-US","potentialAction":[{"@type":"ReadAction","target":["https:\/\/www.aurin-choir.hu\/project\/evadzaro-koncert-2024\/"]}]},{"@type":"ImageObject","inLanguage":"en-US","@id":"https:\/\/www.aurin-choir.hu\/project\/evadzaro-koncert-2024\/#primaryimage","url":"https:\/\/www.aurin-choir.hu\/wp-content\/uploads\/2024\/06\/Clipboard05.jpg","contentUrl":"https:\/\/www.aurin-choir.hu\/wp-content\/uploads\/2024\/06\/Clipboard05.jpg","width":1800,"height":1013},{"@type":"BreadcrumbList","@id":"https:\/\/www.aurin-choir.hu\/project\/evadzaro-koncert-2024\/#breadcrumb","itemListElement":[{"@type":"ListItem","position":1,"name":"Kezd\u0151lap","item":"https:\/\/www.aurin-choir.hu\/en\/"},{"@type":"ListItem","position":2,"name":"Projektek","item":"https:\/\/www.aurin-choir.hu\/project\/"},{"@type":"ListItem","position":3,"name":"\u00c9vadz\u00e1r\u00f3 koncert 2024"}]},{"@type":"WebSite","@id":"https:\/\/www.aurin-choir.hu\/#website","url":"https:\/\/www.aurin-choir.hu\/","name":"Aurin - Miraculum","description":"Aurin - Miraculum","publisher":{"@id":"https:\/\/www.aurin-choir.hu\/#organization"},"potentialAction":[{"@type":"SearchAction","target":{"@type":"EntryPoint","urlTemplate":"https:\/\/www.aurin-choir.hu\/?s={search_term_string}"},"query-input":{"@type":"PropertyValueSpecification","valueRequired":true,"valueName":"search_term_string"}}],"inLanguage":"en-US"},{"@type":"Organization","@id":"https:\/\/www.aurin-choir.hu\/#organization","name":"Aurin \u00e9s Miraculum Alap\u00edtv\u00e1ny","url":"https:\/\/www.aurin-choir.hu\/","logo":{"@type":"ImageObject","inLanguage":"en-US","@id":"https:\/\/www.aurin-choir.hu\/#\/schema\/logo\/image\/","url":"https:\/\/www.aurin-choir.hu\/wp-content\/uploads\/2024\/05\/logo_webre_evadzaro2-1.png","contentUrl":"https:\/\/www.aurin-choir.hu\/wp-content\/uploads\/2024\/05\/logo_webre_evadzaro2-1.png","width":500,"height":515,"caption":"Aurin \u00e9s Miraculum Alap\u00edtv\u00e1ny"},"image":{"@id":"https:\/\/www.aurin-choir.hu\/#\/schema\/logo\/image\/"},"sameAs":["https:\/\/www.facebook.com\/aurinchoir"]}]}},"_links":{"self":[{"href":"https:\/\/www.aurin-choir.hu\/en\/wp-json\/wp\/v2\/project\/17515","targetHints":{"allow":["GET"]}}],"collection":[{"href":"https:\/\/www.aurin-choir.hu\/en\/wp-json\/wp\/v2\/project"}],"about":[{"href":"https:\/\/www.aurin-choir.hu\/en\/wp-json\/wp\/v2\/types\/project"}],"author":[{"embeddable":true,"href":"https:\/\/www.aurin-choir.hu\/en\/wp-json\/wp\/v2\/users\/1"}],"replies":[{"embeddable":true,"href":"https:\/\/www.aurin-choir.hu\/en\/wp-json\/wp\/v2\/comments?post=17515"}],"version-history":[{"count":1,"href":"https:\/\/www.aurin-choir.hu\/en\/wp-json\/wp\/v2\/project\/17515\/revisions"}],"predecessor-version":[{"id":17516,"href":"https:\/\/www.aurin-choir.hu\/en\/wp-json\/wp\/v2\/project\/17515\/revisions\/17516"}],"wp:featuredmedia":[{"embeddable":true,"href":"https:\/\/www.aurin-choir.hu\/en\/wp-json\/wp\/v2\/media\/16189"}],"wp:attachment":[{"href":"https:\/\/www.aurin-choir.hu\/en\/wp-json\/wp\/v2\/media?parent=17515"}],"wp:term":[{"taxonomy":"project_category","embeddable":true,"href":"https:\/\/www.aurin-choir.hu\/en\/wp-json\/wp\/v2\/project_category?post=17515"},{"taxonomy":"project_tag","embeddable":true,"href":"https:\/\/www.aurin-choir.hu\/en\/wp-json\/wp\/v2\/project_tag?post=17515"}],"curies":[{"name":"wp","href":"https:\/\/api.w.org\/{rel}","templated":true}]}}