{"id":17583,"date":"2022-12-30T21:27:24","date_gmt":"2022-12-30T21:27:24","guid":{"rendered":"https:\/\/www.aurin-choir.hu\/project\/varazslatos-karacsony-2022\/"},"modified":"2025-04-07T11:39:38","modified_gmt":"2025-04-07T11:39:38","slug":"varazslatos-karacsony-2022","status":"publish","type":"project","link":"https:\/\/www.aurin-choir.hu\/en\/project\/varazslatos-karacsony-2022\/","title":{"rendered":"Var\u00e1zslatos Kar\u00e1csony 2022"},"content":{"rendered":"<p>[et_pb_section fb_built=&#8221;1&#8243; _builder_version=&#8221;4.27.4&#8243; _module_preset=&#8221;default&#8221; locked=&#8221;off&#8221; global_colors_info=&#8221;{}&#8221;][et_pb_row _builder_version=&#8221;4.27.4&#8243; _module_preset=&#8221;default&#8221; global_colors_info=&#8221;{}&#8221;][et_pb_column type=&#8221;4_4&#8243; _builder_version=&#8221;4.27.4&#8243; _module_preset=&#8221;default&#8221; global_colors_info=&#8221;{}&#8221;][et_pb_text _builder_version=&#8221;4.27.4&#8243; _module_preset=&#8221;default&#8221; text_font=&#8221;|600|||||||&#8221; header_font=&#8221;|700|||||||&#8221; header_font_size=&#8221;31px&#8221; header_2_font=&#8221;||on||||||&#8221; global_colors_info=&#8221;{}&#8221;]<\/p>\n<h1 class=\"entry-title\">Var\u00e1zslatos Kar\u00e1csony 2022<\/h1>\n<p><b><\/b><\/p>\n<p>Nagytemplom, Kecskem\u00e9t<\/p>\n<p>[\/et_pb_text][\/et_pb_column][\/et_pb_row][et_pb_row _builder_version=&#8221;4.27.4&#8243; _module_preset=&#8221;default&#8221; custom_padding=&#8221;0px||0px||false|false&#8221; global_colors_info=&#8221;{}&#8221;][et_pb_column type=&#8221;4_4&#8243; _builder_version=&#8221;4.27.4&#8243; _module_preset=&#8221;default&#8221; global_colors_info=&#8221;{}&#8221;][et_pb_text _builder_version=&#8221;4.27.4&#8243; _module_preset=&#8221;default&#8221; global_colors_info=&#8221;{}&#8221;]ngg_shortcode_0_placeholder[\/et_pb_text][\/et_pb_column][\/et_pb_row][et_pb_row _builder_version=&#8221;4.27.4&#8243; _module_preset=&#8221;default&#8221; custom_padding=&#8221;0px||0px||false|false&#8221; global_colors_info=&#8221;{}&#8221;][et_pb_column type=&#8221;4_4&#8243; _builder_version=&#8221;4.27.4&#8243; _module_preset=&#8221;default&#8221; global_colors_info=&#8221;{}&#8221;][et_pb_text _builder_version=&#8221;4.27.4&#8243; _module_preset=&#8221;default&#8221; global_colors_info=&#8221;{}&#8221;]Fot\u00f3k: Szab\u00f3 Attila Tam\u00e1s[\/et_pb_text][\/et_pb_column][\/et_pb_row][\/et_pb_section]<\/p>\n","protected":false},"excerpt":{"rendered":"<p>Var\u00e1zslatos Kar\u00e1csony 2022 Nagytemplom, Kecskem\u00e9t<!-- default-view.php -->\n<div\n\tclass=\"ngg-galleryoverview default-view \n\t\t\"\n\tid=\"ngg-gallery-3ae62be38a35489d5a176b661ea66f57-1\">\n\n\t\t<!-- Thumbnails -->\n\t\t\t\t<div id=\"ngg-image-0\" class=\"ngg-gallery-thumbnail-box \n\t\t\t\t\t\t\t\t\t\t\t\" \n\t\t\t>\n\t\t\t\t\t\t<div class=\"ngg-gallery-thumbnail\">\n\t\t\t<a href=\"https:\/\/www.aurin-choir.hu\/wp-content\/gallery\/varazslatos-karacsony-2022\/5DSR7612-Edit.jpg\"\n\t\t\t\ttitle=\"\"\n\t\t\t\tdata-src=\"https:\/\/www.aurin-choir.hu\/wp-content\/gallery\/varazslatos-karacsony-2022\/5DSR7612-Edit.jpg\"\n\t\t\t\tdata-thumbnail=\"https:\/\/www.aurin-choir.hu\/wp-content\/gallery\/varazslatos-karacsony-2022\/thumbs\/thumbs_5DSR7612-Edit.jpg\"\n\t\t\t\tdata-image-id=\"5444\"\n\t\t\t\tdata-title=\"5DSR7612-Edit\"\n\t\t\t\tdata-description=\"\"\n\t\t\t\tdata-image-slug=\"5dsr7612-edit\"\n\t\t\t\tclass=\"ngg-simplelightbox\" rel=\"3ae62be38a35489d5a176b661ea66f57\">\n\t\t\t\t<img\n\t\t\t\t\ttitle=\"5DSR7612-Edit\"\n\t\t\t\t\talt=\"5DSR7612-Edit\"\n\t\t\t\t\tsrc=\"https:\/\/www.aurin-choir.hu\/wp-content\/gallery\/varazslatos-karacsony-2022\/cache\/5DSR7612-Edit.jpg-nggid045444-ngg0dyn-325x225x100-00f0w010c011r110f110r010t010.jpg\"\n\t\t\t\t\twidth=\"325\"\n\t\t\t\t\theight=\"225\"\n\t\t\t\t\tstyle=\"max-width:100%;\"\n\t\t\t\t\/>\n\t\t\t<\/a>\n\t\t<\/div>\n\t\t\t\t\t\t\t<\/div> \n\t\t\t\n\t\t\t\t<div id=\"ngg-image-1\" class=\"ngg-gallery-thumbnail-box \n\t\t\t\t\t\t\t\t\t\t\t\" \n\t\t\t>\n\t\t\t\t\t\t<div class=\"ngg-gallery-thumbnail\">\n\t\t\t<a href=\"https:\/\/www.aurin-choir.hu\/wp-content\/gallery\/varazslatos-karacsony-2022\/5DSR7620.jpg\"\n\t\t\t\ttitle=\"\"\n\t\t\t\tdata-src=\"https:\/\/www.aurin-choir.hu\/wp-content\/gallery\/varazslatos-karacsony-2022\/5DSR7620.jpg\"\n\t\t\t\tdata-thumbnail=\"https:\/\/www.aurin-choir.hu\/wp-content\/gallery\/varazslatos-karacsony-2022\/thumbs\/thumbs_5DSR7620.jpg\"\n\t\t\t\tdata-image-id=\"5445\"\n\t\t\t\tdata-title=\"5DSR7620\"\n\t\t\t\tdata-description=\"\"\n\t\t\t\tdata-image-slug=\"5dsr7620\"\n\t\t\t\tclass=\"ngg-simplelightbox\" rel=\"3ae62be38a35489d5a176b661ea66f57\">\n\t\t\t\t<img\n\t\t\t\t\ttitle=\"5DSR7620\"\n\t\t\t\t\talt=\"5DSR7620\"\n\t\t\t\t\tsrc=\"https:\/\/www.aurin-choir.hu\/wp-content\/gallery\/varazslatos-karacsony-2022\/cache\/5DSR7620.jpg-nggid045445-ngg0dyn-325x225x100-00f0w010c011r110f110r010t010.jpg\"\n\t\t\t\t\twidth=\"325\"\n\t\t\t\t\theight=\"225\"\n\t\t\t\t\tstyle=\"max-width:100%;\"\n\t\t\t\t\/>\n\t\t\t<\/a>\n\t\t<\/div>\n\t\t\t\t\t\t\t<\/div> \n\t\t\t\n\t\t\t\t<div id=\"ngg-image-2\" class=\"ngg-gallery-thumbnail-box \n\t\t\t\t\t\t\t\t\t\t\t\" \n\t\t\t>\n\t\t\t\t\t\t<div class=\"ngg-gallery-thumbnail\">\n\t\t\t<a href=\"https:\/\/www.aurin-choir.hu\/wp-content\/gallery\/varazslatos-karacsony-2022\/5DSR7602-Edit.jpg\"\n\t\t\t\ttitle=\"\"\n\t\t\t\tdata-src=\"https:\/\/www.aurin-choir.hu\/wp-content\/gallery\/varazslatos-karacsony-2022\/5DSR7602-Edit.jpg\"\n\t\t\t\tdata-thumbnail=\"https:\/\/www.aurin-choir.hu\/wp-content\/gallery\/varazslatos-karacsony-2022\/thumbs\/thumbs_5DSR7602-Edit.jpg\"\n\t\t\t\tdata-image-id=\"5446\"\n\t\t\t\tdata-title=\"5DSR7602-Edit\"\n\t\t\t\tdata-description=\"\"\n\t\t\t\tdata-image-slug=\"5dsr7602-edit\"\n\t\t\t\tclass=\"ngg-simplelightbox\" rel=\"3ae62be38a35489d5a176b661ea66f57\">\n\t\t\t\t<img\n\t\t\t\t\ttitle=\"5DSR7602-Edit\"\n\t\t\t\t\talt=\"5DSR7602-Edit\"\n\t\t\t\t\tsrc=\"https:\/\/www.aurin-choir.hu\/wp-content\/gallery\/varazslatos-karacsony-2022\/cache\/5DSR7602-Edit.jpg-nggid045446-ngg0dyn-325x225x100-00f0w010c011r110f110r010t010.jpg\"\n\t\t\t\t\twidth=\"325\"\n\t\t\t\t\theight=\"225\"\n\t\t\t\t\tstyle=\"max-width:100%;\"\n\t\t\t\t\/>\n\t\t\t<\/a>\n\t\t<\/div>\n\t\t\t\t\t\t\t<\/div> \n\t\t\t\n\t\t\t\t<div id=\"ngg-image-3\" class=\"ngg-gallery-thumbnail-box \n\t\t\t\t\t\t\t\t\t\t\t\" \n\t\t\t>\n\t\t\t\t\t\t<div class=\"ngg-gallery-thumbnail\">\n\t\t\t<a href=\"https:\/\/www.aurin-choir.hu\/wp-content\/gallery\/varazslatos-karacsony-2022\/5DSR7616.jpg\"\n\t\t\t\ttitle=\"\"\n\t\t\t\tdata-src=\"https:\/\/www.aurin-choir.hu\/wp-content\/gallery\/varazslatos-karacsony-2022\/5DSR7616.jpg\"\n\t\t\t\tdata-thumbnail=\"https:\/\/www.aurin-choir.hu\/wp-content\/gallery\/varazslatos-karacsony-2022\/thumbs\/thumbs_5DSR7616.jpg\"\n\t\t\t\tdata-image-id=\"5447\"\n\t\t\t\tdata-title=\"5DSR7616\"\n\t\t\t\tdata-description=\"\"\n\t\t\t\tdata-image-slug=\"5dsr7616\"\n\t\t\t\tclass=\"ngg-simplelightbox\" rel=\"3ae62be38a35489d5a176b661ea66f57\">\n\t\t\t\t<img\n\t\t\t\t\ttitle=\"5DSR7616\"\n\t\t\t\t\talt=\"5DSR7616\"\n\t\t\t\t\tsrc=\"https:\/\/www.aurin-choir.hu\/wp-content\/gallery\/varazslatos-karacsony-2022\/cache\/5DSR7616.jpg-nggid045447-ngg0dyn-325x225x100-00f0w010c011r110f110r010t010.jpg\"\n\t\t\t\t\twidth=\"325\"\n\t\t\t\t\theight=\"225\"\n\t\t\t\t\tstyle=\"max-width:100%;\"\n\t\t\t\t\/>\n\t\t\t<\/a>\n\t\t<\/div>\n\t\t\t\t\t\t\t<\/div> \n\t\t\t\n\t\t\t\t<div id=\"ngg-image-4\" class=\"ngg-gallery-thumbnail-box \n\t\t\t\t\t\t\t\t\t\t\t\" \n\t\t\t>\n\t\t\t\t\t\t<div class=\"ngg-gallery-thumbnail\">\n\t\t\t<a href=\"https:\/\/www.aurin-choir.hu\/wp-content\/gallery\/varazslatos-karacsony-2022\/5DSR7617.jpg\"\n\t\t\t\ttitle=\"\"\n\t\t\t\tdata-src=\"https:\/\/www.aurin-choir.hu\/wp-content\/gallery\/varazslatos-karacsony-2022\/5DSR7617.jpg\"\n\t\t\t\tdata-thumbnail=\"https:\/\/www.aurin-choir.hu\/wp-content\/gallery\/varazslatos-karacsony-2022\/thumbs\/thumbs_5DSR7617.jpg\"\n\t\t\t\tdata-image-id=\"5448\"\n\t\t\t\tdata-title=\"5DSR7617\"\n\t\t\t\tdata-description=\"\"\n\t\t\t\tdata-image-slug=\"5dsr7617\"\n\t\t\t\tclass=\"ngg-simplelightbox\" rel=\"3ae62be38a35489d5a176b661ea66f57\">\n\t\t\t\t<img\n\t\t\t\t\ttitle=\"5DSR7617\"\n\t\t\t\t\talt=\"5DSR7617\"\n\t\t\t\t\tsrc=\"https:\/\/www.aurin-choir.hu\/wp-content\/gallery\/varazslatos-karacsony-2022\/cache\/5DSR7617.jpg-nggid045448-ngg0dyn-325x225x100-00f0w010c011r110f110r010t010.jpg\"\n\t\t\t\t\twidth=\"325\"\n\t\t\t\t\theight=\"225\"\n\t\t\t\t\tstyle=\"max-width:100%;\"\n\t\t\t\t\/>\n\t\t\t<\/a>\n\t\t<\/div>\n\t\t\t\t\t\t\t<\/div> \n\t\t\t\n\t\t\t\t<div id=\"ngg-image-5\" class=\"ngg-gallery-thumbnail-box \n\t\t\t\t\t\t\t\t\t\t\t\" \n\t\t\t>\n\t\t\t\t\t\t<div class=\"ngg-gallery-thumbnail\">\n\t\t\t<a href=\"https:\/\/www.aurin-choir.hu\/wp-content\/gallery\/varazslatos-karacsony-2022\/5DSR7598.jpg\"\n\t\t\t\ttitle=\"\"\n\t\t\t\tdata-src=\"https:\/\/www.aurin-choir.hu\/wp-content\/gallery\/varazslatos-karacsony-2022\/5DSR7598.jpg\"\n\t\t\t\tdata-thumbnail=\"https:\/\/www.aurin-choir.hu\/wp-content\/gallery\/varazslatos-karacsony-2022\/thumbs\/thumbs_5DSR7598.jpg\"\n\t\t\t\tdata-image-id=\"5449\"\n\t\t\t\tdata-title=\"5DSR7598\"\n\t\t\t\tdata-description=\"\"\n\t\t\t\tdata-image-slug=\"5dsr7598\"\n\t\t\t\tclass=\"ngg-simplelightbox\" rel=\"3ae62be38a35489d5a176b661ea66f57\">\n\t\t\t\t<img\n\t\t\t\t\ttitle=\"5DSR7598\"\n\t\t\t\t\talt=\"5DSR7598\"\n\t\t\t\t\tsrc=\"https:\/\/www.aurin-choir.hu\/wp-content\/gallery\/varazslatos-karacsony-2022\/cache\/5DSR7598.jpg-nggid045449-ngg0dyn-325x225x100-00f0w010c011r110f110r010t010.jpg\"\n\t\t\t\t\twidth=\"325\"\n\t\t\t\t\theight=\"225\"\n\t\t\t\t\tstyle=\"max-width:100%;\"\n\t\t\t\t\/>\n\t\t\t<\/a>\n\t\t<\/div>\n\t\t\t\t\t\t\t<\/div> \n\t\t\t\n\t\t\t\t<div id=\"ngg-image-6\" class=\"ngg-gallery-thumbnail-box \n\t\t\t\t\t\t\t\t\t\t\t\" \n\t\t\t>\n\t\t\t\t\t\t<div class=\"ngg-gallery-thumbnail\">\n\t\t\t<a href=\"https:\/\/www.aurin-choir.hu\/wp-content\/gallery\/varazslatos-karacsony-2022\/5DSR7622.jpg\"\n\t\t\t\ttitle=\"\"\n\t\t\t\tdata-src=\"https:\/\/www.aurin-choir.hu\/wp-content\/gallery\/varazslatos-karacsony-2022\/5DSR7622.jpg\"\n\t\t\t\tdata-thumbnail=\"https:\/\/www.aurin-choir.hu\/wp-content\/gallery\/varazslatos-karacsony-2022\/thumbs\/thumbs_5DSR7622.jpg\"\n\t\t\t\tdata-image-id=\"5450\"\n\t\t\t\tdata-title=\"5DSR7622\"\n\t\t\t\tdata-description=\"\"\n\t\t\t\tdata-image-slug=\"5dsr7622\"\n\t\t\t\tclass=\"ngg-simplelightbox\" rel=\"3ae62be38a35489d5a176b661ea66f57\">\n\t\t\t\t<img\n\t\t\t\t\ttitle=\"5DSR7622\"\n\t\t\t\t\talt=\"5DSR7622\"\n\t\t\t\t\tsrc=\"https:\/\/www.aurin-choir.hu\/wp-content\/gallery\/varazslatos-karacsony-2022\/cache\/5DSR7622.jpg-nggid045450-ngg0dyn-325x225x100-00f0w010c011r110f110r010t010.jpg\"\n\t\t\t\t\twidth=\"325\"\n\t\t\t\t\theight=\"225\"\n\t\t\t\t\tstyle=\"max-width:100%;\"\n\t\t\t\t\/>\n\t\t\t<\/a>\n\t\t<\/div>\n\t\t\t\t\t\t\t<\/div> \n\t\t\t\n\t\t\t\t<div id=\"ngg-image-7\" class=\"ngg-gallery-thumbnail-box \n\t\t\t\t\t\t\t\t\t\t\t\" \n\t\t\t>\n\t\t\t\t\t\t<div class=\"ngg-gallery-thumbnail\">\n\t\t\t<a href=\"https:\/\/www.aurin-choir.hu\/wp-content\/gallery\/varazslatos-karacsony-2022\/5DSR7623-Edit.jpg\"\n\t\t\t\ttitle=\"\"\n\t\t\t\tdata-src=\"https:\/\/www.aurin-choir.hu\/wp-content\/gallery\/varazslatos-karacsony-2022\/5DSR7623-Edit.jpg\"\n\t\t\t\tdata-thumbnail=\"https:\/\/www.aurin-choir.hu\/wp-content\/gallery\/varazslatos-karacsony-2022\/thumbs\/thumbs_5DSR7623-Edit.jpg\"\n\t\t\t\tdata-image-id=\"5451\"\n\t\t\t\tdata-title=\"5DSR7623-Edit\"\n\t\t\t\tdata-description=\"\"\n\t\t\t\tdata-image-slug=\"5dsr7623-edit\"\n\t\t\t\tclass=\"ngg-simplelightbox\" rel=\"3ae62be38a35489d5a176b661ea66f57\">\n\t\t\t\t<img\n\t\t\t\t\ttitle=\"5DSR7623-Edit\"\n\t\t\t\t\talt=\"5DSR7623-Edit\"\n\t\t\t\t\tsrc=\"https:\/\/www.aurin-choir.hu\/wp-content\/gallery\/varazslatos-karacsony-2022\/cache\/5DSR7623-Edit.jpg-nggid045451-ngg0dyn-325x225x100-00f0w010c011r110f110r010t010.jpg\"\n\t\t\t\t\twidth=\"325\"\n\t\t\t\t\theight=\"225\"\n\t\t\t\t\tstyle=\"max-width:100%;\"\n\t\t\t\t\/>\n\t\t\t<\/a>\n\t\t<\/div>\n\t\t\t\t\t\t\t<\/div> \n\t\t\t\n\t\t\t\t<div id=\"ngg-image-8\" class=\"ngg-gallery-thumbnail-box \n\t\t\t\t\t\t\t\t\t\t\t\" \n\t\t\t>\n\t\t\t\t\t\t<div class=\"ngg-gallery-thumbnail\">\n\t\t\t<a href=\"https:\/\/www.aurin-choir.hu\/wp-content\/gallery\/varazslatos-karacsony-2022\/5DSR7635.jpg\"\n\t\t\t\ttitle=\"\"\n\t\t\t\tdata-src=\"https:\/\/www.aurin-choir.hu\/wp-content\/gallery\/varazslatos-karacsony-2022\/5DSR7635.jpg\"\n\t\t\t\tdata-thumbnail=\"https:\/\/www.aurin-choir.hu\/wp-content\/gallery\/varazslatos-karacsony-2022\/thumbs\/thumbs_5DSR7635.jpg\"\n\t\t\t\tdata-image-id=\"5452\"\n\t\t\t\tdata-title=\"5DSR7635\"\n\t\t\t\tdata-description=\"\"\n\t\t\t\tdata-image-slug=\"5dsr7635\"\n\t\t\t\tclass=\"ngg-simplelightbox\" rel=\"3ae62be38a35489d5a176b661ea66f57\">\n\t\t\t\t<img\n\t\t\t\t\ttitle=\"5DSR7635\"\n\t\t\t\t\talt=\"5DSR7635\"\n\t\t\t\t\tsrc=\"https:\/\/www.aurin-choir.hu\/wp-content\/gallery\/varazslatos-karacsony-2022\/cache\/5DSR7635.jpg-nggid045452-ngg0dyn-325x225x100-00f0w010c011r110f110r010t010.jpg\"\n\t\t\t\t\twidth=\"325\"\n\t\t\t\t\theight=\"225\"\n\t\t\t\t\tstyle=\"max-width:100%;\"\n\t\t\t\t\/>\n\t\t\t<\/a>\n\t\t<\/div>\n\t\t\t\t\t\t\t<\/div> \n\t\t\t\n\t\t\t\t<div id=\"ngg-image-9\" class=\"ngg-gallery-thumbnail-box \n\t\t\t\t\t\t\t\t\t\t\t\" \n\t\t\t>\n\t\t\t\t\t\t<div class=\"ngg-gallery-thumbnail\">\n\t\t\t<a href=\"https:\/\/www.aurin-choir.hu\/wp-content\/gallery\/varazslatos-karacsony-2022\/5DSR7637.jpg\"\n\t\t\t\ttitle=\"\"\n\t\t\t\tdata-src=\"https:\/\/www.aurin-choir.hu\/wp-content\/gallery\/varazslatos-karacsony-2022\/5DSR7637.jpg\"\n\t\t\t\tdata-thumbnail=\"https:\/\/www.aurin-choir.hu\/wp-content\/gallery\/varazslatos-karacsony-2022\/thumbs\/thumbs_5DSR7637.jpg\"\n\t\t\t\tdata-image-id=\"5453\"\n\t\t\t\tdata-title=\"5DSR7637\"\n\t\t\t\tdata-description=\"\"\n\t\t\t\tdata-image-slug=\"5dsr7637\"\n\t\t\t\tclass=\"ngg-simplelightbox\" rel=\"3ae62be38a35489d5a176b661ea66f57\">\n\t\t\t\t<img\n\t\t\t\t\ttitle=\"5DSR7637\"\n\t\t\t\t\talt=\"5DSR7637\"\n\t\t\t\t\tsrc=\"https:\/\/www.aurin-choir.hu\/wp-content\/gallery\/varazslatos-karacsony-2022\/cache\/5DSR7637.jpg-nggid045453-ngg0dyn-325x225x100-00f0w010c011r110f110r010t010.jpg\"\n\t\t\t\t\twidth=\"325\"\n\t\t\t\t\theight=\"225\"\n\t\t\t\t\tstyle=\"max-width:100%;\"\n\t\t\t\t\/>\n\t\t\t<\/a>\n\t\t<\/div>\n\t\t\t\t\t\t\t<\/div> \n\t\t\t\n\t\t\t\t<div id=\"ngg-image-10\" class=\"ngg-gallery-thumbnail-box \n\t\t\t\t\t\t\t\t\t\t\t\" \n\t\t\t>\n\t\t\t\t\t\t<div class=\"ngg-gallery-thumbnail\">\n\t\t\t<a href=\"https:\/\/www.aurin-choir.hu\/wp-content\/gallery\/varazslatos-karacsony-2022\/5DSR7638.jpg\"\n\t\t\t\ttitle=\"\"\n\t\t\t\tdata-src=\"https:\/\/www.aurin-choir.hu\/wp-content\/gallery\/varazslatos-karacsony-2022\/5DSR7638.jpg\"\n\t\t\t\tdata-thumbnail=\"https:\/\/www.aurin-choir.hu\/wp-content\/gallery\/varazslatos-karacsony-2022\/thumbs\/thumbs_5DSR7638.jpg\"\n\t\t\t\tdata-image-id=\"5454\"\n\t\t\t\tdata-title=\"5DSR7638\"\n\t\t\t\tdata-description=\"\"\n\t\t\t\tdata-image-slug=\"5dsr7638\"\n\t\t\t\tclass=\"ngg-simplelightbox\" rel=\"3ae62be38a35489d5a176b661ea66f57\">\n\t\t\t\t<img\n\t\t\t\t\ttitle=\"5DSR7638\"\n\t\t\t\t\talt=\"5DSR7638\"\n\t\t\t\t\tsrc=\"https:\/\/www.aurin-choir.hu\/wp-content\/gallery\/varazslatos-karacsony-2022\/cache\/5DSR7638.jpg-nggid045454-ngg0dyn-325x225x100-00f0w010c011r110f110r010t010.jpg\"\n\t\t\t\t\twidth=\"325\"\n\t\t\t\t\theight=\"225\"\n\t\t\t\t\tstyle=\"max-width:100%;\"\n\t\t\t\t\/>\n\t\t\t<\/a>\n\t\t<\/div>\n\t\t\t\t\t\t\t<\/div> \n\t\t\t\n\t\t\t\t<div id=\"ngg-image-11\" class=\"ngg-gallery-thumbnail-box \n\t\t\t\t\t\t\t\t\t\t\t\" \n\t\t\t>\n\t\t\t\t\t\t<div class=\"ngg-gallery-thumbnail\">\n\t\t\t<a href=\"https:\/\/www.aurin-choir.hu\/wp-content\/gallery\/varazslatos-karacsony-2022\/5DSR7636.jpg\"\n\t\t\t\ttitle=\"\"\n\t\t\t\tdata-src=\"https:\/\/www.aurin-choir.hu\/wp-content\/gallery\/varazslatos-karacsony-2022\/5DSR7636.jpg\"\n\t\t\t\tdata-thumbnail=\"https:\/\/www.aurin-choir.hu\/wp-content\/gallery\/varazslatos-karacsony-2022\/thumbs\/thumbs_5DSR7636.jpg\"\n\t\t\t\tdata-image-id=\"5455\"\n\t\t\t\tdata-title=\"5DSR7636\"\n\t\t\t\tdata-description=\"\"\n\t\t\t\tdata-image-slug=\"5dsr7636\"\n\t\t\t\tclass=\"ngg-simplelightbox\" rel=\"3ae62be38a35489d5a176b661ea66f57\">\n\t\t\t\t<img\n\t\t\t\t\ttitle=\"5DSR7636\"\n\t\t\t\t\talt=\"5DSR7636\"\n\t\t\t\t\tsrc=\"https:\/\/www.aurin-choir.hu\/wp-content\/gallery\/varazslatos-karacsony-2022\/cache\/5DSR7636.jpg-nggid045455-ngg0dyn-325x225x100-00f0w010c011r110f110r010t010.jpg\"\n\t\t\t\t\twidth=\"325\"\n\t\t\t\t\theight=\"225\"\n\t\t\t\t\tstyle=\"max-width:100%;\"\n\t\t\t\t\/>\n\t\t\t<\/a>\n\t\t<\/div>\n\t\t\t\t\t\t\t<\/div> \n\t\t\t\n\t\t\t\t<div id=\"ngg-image-12\" class=\"ngg-gallery-thumbnail-box \n\t\t\t\t\t\t\t\t\t\t\t\" \n\t\t\t>\n\t\t\t\t\t\t<div class=\"ngg-gallery-thumbnail\">\n\t\t\t<a href=\"https:\/\/www.aurin-choir.hu\/wp-content\/gallery\/varazslatos-karacsony-2022\/5DSR7639.jpg\"\n\t\t\t\ttitle=\"\"\n\t\t\t\tdata-src=\"https:\/\/www.aurin-choir.hu\/wp-content\/gallery\/varazslatos-karacsony-2022\/5DSR7639.jpg\"\n\t\t\t\tdata-thumbnail=\"https:\/\/www.aurin-choir.hu\/wp-content\/gallery\/varazslatos-karacsony-2022\/thumbs\/thumbs_5DSR7639.jpg\"\n\t\t\t\tdata-image-id=\"5456\"\n\t\t\t\tdata-title=\"5DSR7639\"\n\t\t\t\tdata-description=\"\"\n\t\t\t\tdata-image-slug=\"5dsr7639\"\n\t\t\t\tclass=\"ngg-simplelightbox\" rel=\"3ae62be38a35489d5a176b661ea66f57\">\n\t\t\t\t<img\n\t\t\t\t\ttitle=\"5DSR7639\"\n\t\t\t\t\talt=\"5DSR7639\"\n\t\t\t\t\tsrc=\"https:\/\/www.aurin-choir.hu\/wp-content\/gallery\/varazslatos-karacsony-2022\/cache\/5DSR7639.jpg-nggid045456-ngg0dyn-325x225x100-00f0w010c011r110f110r010t010.jpg\"\n\t\t\t\t\twidth=\"325\"\n\t\t\t\t\theight=\"225\"\n\t\t\t\t\tstyle=\"max-width:100%;\"\n\t\t\t\t\/>\n\t\t\t<\/a>\n\t\t<\/div>\n\t\t\t\t\t\t\t<\/div> \n\t\t\t\n\t\t\t\t<div id=\"ngg-image-13\" class=\"ngg-gallery-thumbnail-box \n\t\t\t\t\t\t\t\t\t\t\t\" \n\t\t\t>\n\t\t\t\t\t\t<div class=\"ngg-gallery-thumbnail\">\n\t\t\t<a href=\"https:\/\/www.aurin-choir.hu\/wp-content\/gallery\/varazslatos-karacsony-2022\/5DSR7644.jpg\"\n\t\t\t\ttitle=\"\"\n\t\t\t\tdata-src=\"https:\/\/www.aurin-choir.hu\/wp-content\/gallery\/varazslatos-karacsony-2022\/5DSR7644.jpg\"\n\t\t\t\tdata-thumbnail=\"https:\/\/www.aurin-choir.hu\/wp-content\/gallery\/varazslatos-karacsony-2022\/thumbs\/thumbs_5DSR7644.jpg\"\n\t\t\t\tdata-image-id=\"5457\"\n\t\t\t\tdata-title=\"5DSR7644\"\n\t\t\t\tdata-description=\"\"\n\t\t\t\tdata-image-slug=\"5dsr7644\"\n\t\t\t\tclass=\"ngg-simplelightbox\" rel=\"3ae62be38a35489d5a176b661ea66f57\">\n\t\t\t\t<img\n\t\t\t\t\ttitle=\"5DSR7644\"\n\t\t\t\t\talt=\"5DSR7644\"\n\t\t\t\t\tsrc=\"https:\/\/www.aurin-choir.hu\/wp-content\/gallery\/varazslatos-karacsony-2022\/cache\/5DSR7644.jpg-nggid045457-ngg0dyn-325x225x100-00f0w010c011r110f110r010t010.jpg\"\n\t\t\t\t\twidth=\"325\"\n\t\t\t\t\theight=\"225\"\n\t\t\t\t\tstyle=\"max-width:100%;\"\n\t\t\t\t\/>\n\t\t\t<\/a>\n\t\t<\/div>\n\t\t\t\t\t\t\t<\/div> \n\t\t\t\n\t\t\t\t<div id=\"ngg-image-14\" class=\"ngg-gallery-thumbnail-box \n\t\t\t\t\t\t\t\t\t\t\t\" \n\t\t\t>\n\t\t\t\t\t\t<div class=\"ngg-gallery-thumbnail\">\n\t\t\t<a href=\"https:\/\/www.aurin-choir.hu\/wp-content\/gallery\/varazslatos-karacsony-2022\/5DSR7646.jpg\"\n\t\t\t\ttitle=\"\"\n\t\t\t\tdata-src=\"https:\/\/www.aurin-choir.hu\/wp-content\/gallery\/varazslatos-karacsony-2022\/5DSR7646.jpg\"\n\t\t\t\tdata-thumbnail=\"https:\/\/www.aurin-choir.hu\/wp-content\/gallery\/varazslatos-karacsony-2022\/thumbs\/thumbs_5DSR7646.jpg\"\n\t\t\t\tdata-image-id=\"5458\"\n\t\t\t\tdata-title=\"5DSR7646\"\n\t\t\t\tdata-description=\"\"\n\t\t\t\tdata-image-slug=\"5dsr7646\"\n\t\t\t\tclass=\"ngg-simplelightbox\" rel=\"3ae62be38a35489d5a176b661ea66f57\">\n\t\t\t\t<img\n\t\t\t\t\ttitle=\"5DSR7646\"\n\t\t\t\t\talt=\"5DSR7646\"\n\t\t\t\t\tsrc=\"https:\/\/www.aurin-choir.hu\/wp-content\/gallery\/varazslatos-karacsony-2022\/cache\/5DSR7646.jpg-nggid045458-ngg0dyn-325x225x100-00f0w010c011r110f110r010t010.jpg\"\n\t\t\t\t\twidth=\"325\"\n\t\t\t\t\theight=\"225\"\n\t\t\t\t\tstyle=\"max-width:100%;\"\n\t\t\t\t\/>\n\t\t\t<\/a>\n\t\t<\/div>\n\t\t\t\t\t\t\t<\/div> \n\t\t\t\n\t\t\t\t<div id=\"ngg-image-15\" class=\"ngg-gallery-thumbnail-box \n\t\t\t\t\t\t\t\t\t\t\t\" \n\t\t\t>\n\t\t\t\t\t\t<div class=\"ngg-gallery-thumbnail\">\n\t\t\t<a href=\"https:\/\/www.aurin-choir.hu\/wp-content\/gallery\/varazslatos-karacsony-2022\/5DSR7647.jpg\"\n\t\t\t\ttitle=\"\"\n\t\t\t\tdata-src=\"https:\/\/www.aurin-choir.hu\/wp-content\/gallery\/varazslatos-karacsony-2022\/5DSR7647.jpg\"\n\t\t\t\tdata-thumbnail=\"https:\/\/www.aurin-choir.hu\/wp-content\/gallery\/varazslatos-karacsony-2022\/thumbs\/thumbs_5DSR7647.jpg\"\n\t\t\t\tdata-image-id=\"5459\"\n\t\t\t\tdata-title=\"5DSR7647\"\n\t\t\t\tdata-description=\"\"\n\t\t\t\tdata-image-slug=\"5dsr7647\"\n\t\t\t\tclass=\"ngg-simplelightbox\" rel=\"3ae62be38a35489d5a176b661ea66f57\">\n\t\t\t\t<img\n\t\t\t\t\ttitle=\"5DSR7647\"\n\t\t\t\t\talt=\"5DSR7647\"\n\t\t\t\t\tsrc=\"https:\/\/www.aurin-choir.hu\/wp-content\/gallery\/varazslatos-karacsony-2022\/cache\/5DSR7647.jpg-nggid045459-ngg0dyn-325x225x100-00f0w010c011r110f110r010t010.jpg\"\n\t\t\t\t\twidth=\"325\"\n\t\t\t\t\theight=\"225\"\n\t\t\t\t\tstyle=\"max-width:100%;\"\n\t\t\t\t\/>\n\t\t\t<\/a>\n\t\t<\/div>\n\t\t\t\t\t\t\t<\/div> \n\t\t\t\n\t\t\t\t<div id=\"ngg-image-16\" class=\"ngg-gallery-thumbnail-box \n\t\t\t\t\t\t\t\t\t\t\t\" \n\t\t\t>\n\t\t\t\t\t\t<div class=\"ngg-gallery-thumbnail\">\n\t\t\t<a href=\"https:\/\/www.aurin-choir.hu\/wp-content\/gallery\/varazslatos-karacsony-2022\/5DSR7651-Edit.jpg\"\n\t\t\t\ttitle=\"\"\n\t\t\t\tdata-src=\"https:\/\/www.aurin-choir.hu\/wp-content\/gallery\/varazslatos-karacsony-2022\/5DSR7651-Edit.jpg\"\n\t\t\t\tdata-thumbnail=\"https:\/\/www.aurin-choir.hu\/wp-content\/gallery\/varazslatos-karacsony-2022\/thumbs\/thumbs_5DSR7651-Edit.jpg\"\n\t\t\t\tdata-image-id=\"5460\"\n\t\t\t\tdata-title=\"5DSR7651-Edit\"\n\t\t\t\tdata-description=\"\"\n\t\t\t\tdata-image-slug=\"5dsr7651-edit\"\n\t\t\t\tclass=\"ngg-simplelightbox\" rel=\"3ae62be38a35489d5a176b661ea66f57\">\n\t\t\t\t<img\n\t\t\t\t\ttitle=\"5DSR7651-Edit\"\n\t\t\t\t\talt=\"5DSR7651-Edit\"\n\t\t\t\t\tsrc=\"https:\/\/www.aurin-choir.hu\/wp-content\/gallery\/varazslatos-karacsony-2022\/cache\/5DSR7651-Edit.jpg-nggid045460-ngg0dyn-325x225x100-00f0w010c011r110f110r010t010.jpg\"\n\t\t\t\t\twidth=\"325\"\n\t\t\t\t\theight=\"225\"\n\t\t\t\t\tstyle=\"max-width:100%;\"\n\t\t\t\t\/>\n\t\t\t<\/a>\n\t\t<\/div>\n\t\t\t\t\t\t\t<\/div> \n\t\t\t\n\t\t\t\t<div id=\"ngg-image-17\" class=\"ngg-gallery-thumbnail-box \n\t\t\t\t\t\t\t\t\t\t\t\" \n\t\t\t>\n\t\t\t\t\t\t<div class=\"ngg-gallery-thumbnail\">\n\t\t\t<a href=\"https:\/\/www.aurin-choir.hu\/wp-content\/gallery\/varazslatos-karacsony-2022\/5DSR7653.jpg\"\n\t\t\t\ttitle=\"\"\n\t\t\t\tdata-src=\"https:\/\/www.aurin-choir.hu\/wp-content\/gallery\/varazslatos-karacsony-2022\/5DSR7653.jpg\"\n\t\t\t\tdata-thumbnail=\"https:\/\/www.aurin-choir.hu\/wp-content\/gallery\/varazslatos-karacsony-2022\/thumbs\/thumbs_5DSR7653.jpg\"\n\t\t\t\tdata-image-id=\"5461\"\n\t\t\t\tdata-title=\"5DSR7653\"\n\t\t\t\tdata-description=\"\"\n\t\t\t\tdata-image-slug=\"5dsr7653\"\n\t\t\t\tclass=\"ngg-simplelightbox\" rel=\"3ae62be38a35489d5a176b661ea66f57\">\n\t\t\t\t<img\n\t\t\t\t\ttitle=\"5DSR7653\"\n\t\t\t\t\talt=\"5DSR7653\"\n\t\t\t\t\tsrc=\"https:\/\/www.aurin-choir.hu\/wp-content\/gallery\/varazslatos-karacsony-2022\/cache\/5DSR7653.jpg-nggid045461-ngg0dyn-325x225x100-00f0w010c011r110f110r010t010.jpg\"\n\t\t\t\t\twidth=\"325\"\n\t\t\t\t\theight=\"225\"\n\t\t\t\t\tstyle=\"max-width:100%;\"\n\t\t\t\t\/>\n\t\t\t<\/a>\n\t\t<\/div>\n\t\t\t\t\t\t\t<\/div> \n\t\t\t\n\t\t\t\t<div id=\"ngg-image-18\" class=\"ngg-gallery-thumbnail-box \n\t\t\t\t\t\t\t\t\t\t\t\" \n\t\t\t>\n\t\t\t\t\t\t<div class=\"ngg-gallery-thumbnail\">\n\t\t\t<a href=\"https:\/\/www.aurin-choir.hu\/wp-content\/gallery\/varazslatos-karacsony-2022\/5DSR7661.jpg\"\n\t\t\t\ttitle=\"\"\n\t\t\t\tdata-src=\"https:\/\/www.aurin-choir.hu\/wp-content\/gallery\/varazslatos-karacsony-2022\/5DSR7661.jpg\"\n\t\t\t\tdata-thumbnail=\"https:\/\/www.aurin-choir.hu\/wp-content\/gallery\/varazslatos-karacsony-2022\/thumbs\/thumbs_5DSR7661.jpg\"\n\t\t\t\tdata-image-id=\"5462\"\n\t\t\t\tdata-title=\"5DSR7661\"\n\t\t\t\tdata-description=\"\"\n\t\t\t\tdata-image-slug=\"5dsr7661\"\n\t\t\t\tclass=\"ngg-simplelightbox\" rel=\"3ae62be38a35489d5a176b661ea66f57\">\n\t\t\t\t<img\n\t\t\t\t\ttitle=\"5DSR7661\"\n\t\t\t\t\talt=\"5DSR7661\"\n\t\t\t\t\tsrc=\"https:\/\/www.aurin-choir.hu\/wp-content\/gallery\/varazslatos-karacsony-2022\/cache\/5DSR7661.jpg-nggid045462-ngg0dyn-325x225x100-00f0w010c011r110f110r010t010.jpg\"\n\t\t\t\t\twidth=\"325\"\n\t\t\t\t\theight=\"225\"\n\t\t\t\t\tstyle=\"max-width:100%;\"\n\t\t\t\t\/>\n\t\t\t<\/a>\n\t\t<\/div>\n\t\t\t\t\t\t\t<\/div> \n\t\t\t\n\t\t\t\t<div id=\"ngg-image-19\" class=\"ngg-gallery-thumbnail-box \n\t\t\t\t\t\t\t\t\t\t\t\" \n\t\t\t>\n\t\t\t\t\t\t<div class=\"ngg-gallery-thumbnail\">\n\t\t\t<a href=\"https:\/\/www.aurin-choir.hu\/wp-content\/gallery\/varazslatos-karacsony-2022\/5DSR7667.jpg\"\n\t\t\t\ttitle=\"\"\n\t\t\t\tdata-src=\"https:\/\/www.aurin-choir.hu\/wp-content\/gallery\/varazslatos-karacsony-2022\/5DSR7667.jpg\"\n\t\t\t\tdata-thumbnail=\"https:\/\/www.aurin-choir.hu\/wp-content\/gallery\/varazslatos-karacsony-2022\/thumbs\/thumbs_5DSR7667.jpg\"\n\t\t\t\tdata-image-id=\"5463\"\n\t\t\t\tdata-title=\"5DSR7667\"\n\t\t\t\tdata-description=\"\"\n\t\t\t\tdata-image-slug=\"5dsr7667\"\n\t\t\t\tclass=\"ngg-simplelightbox\" rel=\"3ae62be38a35489d5a176b661ea66f57\">\n\t\t\t\t<img\n\t\t\t\t\ttitle=\"5DSR7667\"\n\t\t\t\t\talt=\"5DSR7667\"\n\t\t\t\t\tsrc=\"https:\/\/www.aurin-choir.hu\/wp-content\/gallery\/varazslatos-karacsony-2022\/cache\/5DSR7667.jpg-nggid045463-ngg0dyn-325x225x100-00f0w010c011r110f110r010t010.jpg\"\n\t\t\t\t\twidth=\"325\"\n\t\t\t\t\theight=\"225\"\n\t\t\t\t\tstyle=\"max-width:100%;\"\n\t\t\t\t\/>\n\t\t\t<\/a>\n\t\t<\/div>\n\t\t\t\t\t\t\t<\/div> \n\t\t\t\n\t\t\t\t<div id=\"ngg-image-20\" class=\"ngg-gallery-thumbnail-box \n\t\t\t\t\t\t\t\t\t\t\t\" \n\t\t\t>\n\t\t\t\t\t\t<div class=\"ngg-gallery-thumbnail\">\n\t\t\t<a href=\"https:\/\/www.aurin-choir.hu\/wp-content\/gallery\/varazslatos-karacsony-2022\/5DSR7671.jpg\"\n\t\t\t\ttitle=\"\"\n\t\t\t\tdata-src=\"https:\/\/www.aurin-choir.hu\/wp-content\/gallery\/varazslatos-karacsony-2022\/5DSR7671.jpg\"\n\t\t\t\tdata-thumbnail=\"https:\/\/www.aurin-choir.hu\/wp-content\/gallery\/varazslatos-karacsony-2022\/thumbs\/thumbs_5DSR7671.jpg\"\n\t\t\t\tdata-image-id=\"5464\"\n\t\t\t\tdata-title=\"5DSR7671\"\n\t\t\t\tdata-description=\"\"\n\t\t\t\tdata-image-slug=\"5dsr7671\"\n\t\t\t\tclass=\"ngg-simplelightbox\" rel=\"3ae62be38a35489d5a176b661ea66f57\">\n\t\t\t\t<img\n\t\t\t\t\ttitle=\"5DSR7671\"\n\t\t\t\t\talt=\"5DSR7671\"\n\t\t\t\t\tsrc=\"https:\/\/www.aurin-choir.hu\/wp-content\/gallery\/varazslatos-karacsony-2022\/cache\/5DSR7671.jpg-nggid045464-ngg0dyn-325x225x100-00f0w010c011r110f110r010t010.jpg\"\n\t\t\t\t\twidth=\"325\"\n\t\t\t\t\theight=\"225\"\n\t\t\t\t\tstyle=\"max-width:100%;\"\n\t\t\t\t\/>\n\t\t\t<\/a>\n\t\t<\/div>\n\t\t\t\t\t\t\t<\/div> \n\t\t\t\n\t\t\t\t<div id=\"ngg-image-21\" class=\"ngg-gallery-thumbnail-box \n\t\t\t\t\t\t\t\t\t\t\t\" \n\t\t\t>\n\t\t\t\t\t\t<div class=\"ngg-gallery-thumbnail\">\n\t\t\t<a href=\"https:\/\/www.aurin-choir.hu\/wp-content\/gallery\/varazslatos-karacsony-2022\/5DSR7676.jpg\"\n\t\t\t\ttitle=\"\"\n\t\t\t\tdata-src=\"https:\/\/www.aurin-choir.hu\/wp-content\/gallery\/varazslatos-karacsony-2022\/5DSR7676.jpg\"\n\t\t\t\tdata-thumbnail=\"https:\/\/www.aurin-choir.hu\/wp-content\/gallery\/varazslatos-karacsony-2022\/thumbs\/thumbs_5DSR7676.jpg\"\n\t\t\t\tdata-image-id=\"5465\"\n\t\t\t\tdata-title=\"5DSR7676\"\n\t\t\t\tdata-description=\"\"\n\t\t\t\tdata-image-slug=\"5dsr7676\"\n\t\t\t\tclass=\"ngg-simplelightbox\" rel=\"3ae62be38a35489d5a176b661ea66f57\">\n\t\t\t\t<img\n\t\t\t\t\ttitle=\"5DSR7676\"\n\t\t\t\t\talt=\"5DSR7676\"\n\t\t\t\t\tsrc=\"https:\/\/www.aurin-choir.hu\/wp-content\/gallery\/varazslatos-karacsony-2022\/cache\/5DSR7676.jpg-nggid045465-ngg0dyn-325x225x100-00f0w010c011r110f110r010t010.jpg\"\n\t\t\t\t\twidth=\"325\"\n\t\t\t\t\theight=\"225\"\n\t\t\t\t\tstyle=\"max-width:100%;\"\n\t\t\t\t\/>\n\t\t\t<\/a>\n\t\t<\/div>\n\t\t\t\t\t\t\t<\/div> \n\t\t\t\n\t\t\t\t<div id=\"ngg-image-22\" class=\"ngg-gallery-thumbnail-box \n\t\t\t\t\t\t\t\t\t\t\t\" \n\t\t\t>\n\t\t\t\t\t\t<div class=\"ngg-gallery-thumbnail\">\n\t\t\t<a href=\"https:\/\/www.aurin-choir.hu\/wp-content\/gallery\/varazslatos-karacsony-2022\/5DSR7678.jpg\"\n\t\t\t\ttitle=\"\"\n\t\t\t\tdata-src=\"https:\/\/www.aurin-choir.hu\/wp-content\/gallery\/varazslatos-karacsony-2022\/5DSR7678.jpg\"\n\t\t\t\tdata-thumbnail=\"https:\/\/www.aurin-choir.hu\/wp-content\/gallery\/varazslatos-karacsony-2022\/thumbs\/thumbs_5DSR7678.jpg\"\n\t\t\t\tdata-image-id=\"5466\"\n\t\t\t\tdata-title=\"5DSR7678\"\n\t\t\t\tdata-description=\"\"\n\t\t\t\tdata-image-slug=\"5dsr7678\"\n\t\t\t\tclass=\"ngg-simplelightbox\" rel=\"3ae62be38a35489d5a176b661ea66f57\">\n\t\t\t\t<img\n\t\t\t\t\ttitle=\"5DSR7678\"\n\t\t\t\t\talt=\"5DSR7678\"\n\t\t\t\t\tsrc=\"https:\/\/www.aurin-choir.hu\/wp-content\/gallery\/varazslatos-karacsony-2022\/cache\/5DSR7678.jpg-nggid045466-ngg0dyn-325x225x100-00f0w010c011r110f110r010t010.jpg\"\n\t\t\t\t\twidth=\"325\"\n\t\t\t\t\theight=\"225\"\n\t\t\t\t\tstyle=\"max-width:100%;\"\n\t\t\t\t\/>\n\t\t\t<\/a>\n\t\t<\/div>\n\t\t\t\t\t\t\t<\/div> \n\t\t\t\n\t\t\t\t<div id=\"ngg-image-23\" class=\"ngg-gallery-thumbnail-box \n\t\t\t\t\t\t\t\t\t\t\t\" \n\t\t\t>\n\t\t\t\t\t\t<div class=\"ngg-gallery-thumbnail\">\n\t\t\t<a href=\"https:\/\/www.aurin-choir.hu\/wp-content\/gallery\/varazslatos-karacsony-2022\/5DSR7680-Edit.jpg\"\n\t\t\t\ttitle=\"\"\n\t\t\t\tdata-src=\"https:\/\/www.aurin-choir.hu\/wp-content\/gallery\/varazslatos-karacsony-2022\/5DSR7680-Edit.jpg\"\n\t\t\t\tdata-thumbnail=\"https:\/\/www.aurin-choir.hu\/wp-content\/gallery\/varazslatos-karacsony-2022\/thumbs\/thumbs_5DSR7680-Edit.jpg\"\n\t\t\t\tdata-image-id=\"5467\"\n\t\t\t\tdata-title=\"5DSR7680-Edit\"\n\t\t\t\tdata-description=\"\"\n\t\t\t\tdata-image-slug=\"5dsr7680-edit\"\n\t\t\t\tclass=\"ngg-simplelightbox\" rel=\"3ae62be38a35489d5a176b661ea66f57\">\n\t\t\t\t<img\n\t\t\t\t\ttitle=\"5DSR7680-Edit\"\n\t\t\t\t\talt=\"5DSR7680-Edit\"\n\t\t\t\t\tsrc=\"https:\/\/www.aurin-choir.hu\/wp-content\/gallery\/varazslatos-karacsony-2022\/cache\/5DSR7680-Edit.jpg-nggid045467-ngg0dyn-325x225x100-00f0w010c011r110f110r010t010.jpg\"\n\t\t\t\t\twidth=\"325\"\n\t\t\t\t\theight=\"225\"\n\t\t\t\t\tstyle=\"max-width:100%;\"\n\t\t\t\t\/>\n\t\t\t<\/a>\n\t\t<\/div>\n\t\t\t\t\t\t\t<\/div> \n\t\t\t\n\t\t\t\t<div id=\"ngg-image-24\" class=\"ngg-gallery-thumbnail-box \n\t\t\t\t\t\t\t\t\t\t\t\" \n\t\t\t>\n\t\t\t\t\t\t<div class=\"ngg-gallery-thumbnail\">\n\t\t\t<a href=\"https:\/\/www.aurin-choir.hu\/wp-content\/gallery\/varazslatos-karacsony-2022\/5DSR7681.jpg\"\n\t\t\t\ttitle=\"\"\n\t\t\t\tdata-src=\"https:\/\/www.aurin-choir.hu\/wp-content\/gallery\/varazslatos-karacsony-2022\/5DSR7681.jpg\"\n\t\t\t\tdata-thumbnail=\"https:\/\/www.aurin-choir.hu\/wp-content\/gallery\/varazslatos-karacsony-2022\/thumbs\/thumbs_5DSR7681.jpg\"\n\t\t\t\tdata-image-id=\"5468\"\n\t\t\t\tdata-title=\"5DSR7681\"\n\t\t\t\tdata-description=\"\"\n\t\t\t\tdata-image-slug=\"5dsr7681\"\n\t\t\t\tclass=\"ngg-simplelightbox\" rel=\"3ae62be38a35489d5a176b661ea66f57\">\n\t\t\t\t<img\n\t\t\t\t\ttitle=\"5DSR7681\"\n\t\t\t\t\talt=\"5DSR7681\"\n\t\t\t\t\tsrc=\"https:\/\/www.aurin-choir.hu\/wp-content\/gallery\/varazslatos-karacsony-2022\/cache\/5DSR7681.jpg-nggid045468-ngg0dyn-325x225x100-00f0w010c011r110f110r010t010.jpg\"\n\t\t\t\t\twidth=\"325\"\n\t\t\t\t\theight=\"225\"\n\t\t\t\t\tstyle=\"max-width:100%;\"\n\t\t\t\t\/>\n\t\t\t<\/a>\n\t\t<\/div>\n\t\t\t\t\t\t\t<\/div> \n\t\t\t\n\t\t\t\t<div id=\"ngg-image-25\" class=\"ngg-gallery-thumbnail-box \n\t\t\t\t\t\t\t\t\t\t\t\" \n\t\t\t>\n\t\t\t\t\t\t<div class=\"ngg-gallery-thumbnail\">\n\t\t\t<a href=\"https:\/\/www.aurin-choir.hu\/wp-content\/gallery\/varazslatos-karacsony-2022\/5DSR7694.jpg\"\n\t\t\t\ttitle=\"\"\n\t\t\t\tdata-src=\"https:\/\/www.aurin-choir.hu\/wp-content\/gallery\/varazslatos-karacsony-2022\/5DSR7694.jpg\"\n\t\t\t\tdata-thumbnail=\"https:\/\/www.aurin-choir.hu\/wp-content\/gallery\/varazslatos-karacsony-2022\/thumbs\/thumbs_5DSR7694.jpg\"\n\t\t\t\tdata-image-id=\"5469\"\n\t\t\t\tdata-title=\"5DSR7694\"\n\t\t\t\tdata-description=\"\"\n\t\t\t\tdata-image-slug=\"5dsr7694\"\n\t\t\t\tclass=\"ngg-simplelightbox\" rel=\"3ae62be38a35489d5a176b661ea66f57\">\n\t\t\t\t<img\n\t\t\t\t\ttitle=\"5DSR7694\"\n\t\t\t\t\talt=\"5DSR7694\"\n\t\t\t\t\tsrc=\"https:\/\/www.aurin-choir.hu\/wp-content\/gallery\/varazslatos-karacsony-2022\/cache\/5DSR7694.jpg-nggid045469-ngg0dyn-325x225x100-00f0w010c011r110f110r010t010.jpg\"\n\t\t\t\t\twidth=\"325\"\n\t\t\t\t\theight=\"225\"\n\t\t\t\t\tstyle=\"max-width:100%;\"\n\t\t\t\t\/>\n\t\t\t<\/a>\n\t\t<\/div>\n\t\t\t\t\t\t\t<\/div> \n\t\t\t\n\t\t\t\t<div id=\"ngg-image-26\" class=\"ngg-gallery-thumbnail-box \n\t\t\t\t\t\t\t\t\t\t\t\" \n\t\t\t>\n\t\t\t\t\t\t<div class=\"ngg-gallery-thumbnail\">\n\t\t\t<a href=\"https:\/\/www.aurin-choir.hu\/wp-content\/gallery\/varazslatos-karacsony-2022\/5DSR7695.jpg\"\n\t\t\t\ttitle=\"\"\n\t\t\t\tdata-src=\"https:\/\/www.aurin-choir.hu\/wp-content\/gallery\/varazslatos-karacsony-2022\/5DSR7695.jpg\"\n\t\t\t\tdata-thumbnail=\"https:\/\/www.aurin-choir.hu\/wp-content\/gallery\/varazslatos-karacsony-2022\/thumbs\/thumbs_5DSR7695.jpg\"\n\t\t\t\tdata-image-id=\"5470\"\n\t\t\t\tdata-title=\"5DSR7695\"\n\t\t\t\tdata-description=\"\"\n\t\t\t\tdata-image-slug=\"5dsr7695\"\n\t\t\t\tclass=\"ngg-simplelightbox\" rel=\"3ae62be38a35489d5a176b661ea66f57\">\n\t\t\t\t<img\n\t\t\t\t\ttitle=\"5DSR7695\"\n\t\t\t\t\talt=\"5DSR7695\"\n\t\t\t\t\tsrc=\"https:\/\/www.aurin-choir.hu\/wp-content\/gallery\/varazslatos-karacsony-2022\/cache\/5DSR7695.jpg-nggid045470-ngg0dyn-325x225x100-00f0w010c011r110f110r010t010.jpg\"\n\t\t\t\t\twidth=\"325\"\n\t\t\t\t\theight=\"225\"\n\t\t\t\t\tstyle=\"max-width:100%;\"\n\t\t\t\t\/>\n\t\t\t<\/a>\n\t\t<\/div>\n\t\t\t\t\t\t\t<\/div> \n\t\t\t\n\t\t\t\t<div id=\"ngg-image-27\" class=\"ngg-gallery-thumbnail-box \n\t\t\t\t\t\t\t\t\t\t\t\" \n\t\t\t>\n\t\t\t\t\t\t<div class=\"ngg-gallery-thumbnail\">\n\t\t\t<a href=\"https:\/\/www.aurin-choir.hu\/wp-content\/gallery\/varazslatos-karacsony-2022\/5DSR7717.jpg\"\n\t\t\t\ttitle=\"\"\n\t\t\t\tdata-src=\"https:\/\/www.aurin-choir.hu\/wp-content\/gallery\/varazslatos-karacsony-2022\/5DSR7717.jpg\"\n\t\t\t\tdata-thumbnail=\"https:\/\/www.aurin-choir.hu\/wp-content\/gallery\/varazslatos-karacsony-2022\/thumbs\/thumbs_5DSR7717.jpg\"\n\t\t\t\tdata-image-id=\"5471\"\n\t\t\t\tdata-title=\"5DSR7717\"\n\t\t\t\tdata-description=\"\"\n\t\t\t\tdata-image-slug=\"5dsr7717\"\n\t\t\t\tclass=\"ngg-simplelightbox\" rel=\"3ae62be38a35489d5a176b661ea66f57\">\n\t\t\t\t<img\n\t\t\t\t\ttitle=\"5DSR7717\"\n\t\t\t\t\talt=\"5DSR7717\"\n\t\t\t\t\tsrc=\"https:\/\/www.aurin-choir.hu\/wp-content\/gallery\/varazslatos-karacsony-2022\/cache\/5DSR7717.jpg-nggid045471-ngg0dyn-325x225x100-00f0w010c011r110f110r010t010.jpg\"\n\t\t\t\t\twidth=\"325\"\n\t\t\t\t\theight=\"225\"\n\t\t\t\t\tstyle=\"max-width:100%;\"\n\t\t\t\t\/>\n\t\t\t<\/a>\n\t\t<\/div>\n\t\t\t\t\t\t\t<\/div> \n\t\t\t\n\t\t\t\t<div id=\"ngg-image-28\" class=\"ngg-gallery-thumbnail-box \n\t\t\t\t\t\t\t\t\t\t\t\" \n\t\t\t>\n\t\t\t\t\t\t<div class=\"ngg-gallery-thumbnail\">\n\t\t\t<a href=\"https:\/\/www.aurin-choir.hu\/wp-content\/gallery\/varazslatos-karacsony-2022\/5DSR7719-Edit.jpg\"\n\t\t\t\ttitle=\"\"\n\t\t\t\tdata-src=\"https:\/\/www.aurin-choir.hu\/wp-content\/gallery\/varazslatos-karacsony-2022\/5DSR7719-Edit.jpg\"\n\t\t\t\tdata-thumbnail=\"https:\/\/www.aurin-choir.hu\/wp-content\/gallery\/varazslatos-karacsony-2022\/thumbs\/thumbs_5DSR7719-Edit.jpg\"\n\t\t\t\tdata-image-id=\"5472\"\n\t\t\t\tdata-title=\"5DSR7719-Edit\"\n\t\t\t\tdata-description=\"\"\n\t\t\t\tdata-image-slug=\"5dsr7719-edit\"\n\t\t\t\tclass=\"ngg-simplelightbox\" rel=\"3ae62be38a35489d5a176b661ea66f57\">\n\t\t\t\t<img\n\t\t\t\t\ttitle=\"5DSR7719-Edit\"\n\t\t\t\t\talt=\"5DSR7719-Edit\"\n\t\t\t\t\tsrc=\"https:\/\/www.aurin-choir.hu\/wp-content\/gallery\/varazslatos-karacsony-2022\/cache\/5DSR7719-Edit.jpg-nggid045472-ngg0dyn-325x225x100-00f0w010c011r110f110r010t010.jpg\"\n\t\t\t\t\twidth=\"325\"\n\t\t\t\t\theight=\"225\"\n\t\t\t\t\tstyle=\"max-width:100%;\"\n\t\t\t\t\/>\n\t\t\t<\/a>\n\t\t<\/div>\n\t\t\t\t\t\t\t<\/div> \n\t\t\t\n\t\t\t\t<div id=\"ngg-image-29\" class=\"ngg-gallery-thumbnail-box \n\t\t\t\t\t\t\t\t\t\t\t\" \n\t\t\t>\n\t\t\t\t\t\t<div class=\"ngg-gallery-thumbnail\">\n\t\t\t<a href=\"https:\/\/www.aurin-choir.hu\/wp-content\/gallery\/varazslatos-karacsony-2022\/5DSR7727.jpg\"\n\t\t\t\ttitle=\"\"\n\t\t\t\tdata-src=\"https:\/\/www.aurin-choir.hu\/wp-content\/gallery\/varazslatos-karacsony-2022\/5DSR7727.jpg\"\n\t\t\t\tdata-thumbnail=\"https:\/\/www.aurin-choir.hu\/wp-content\/gallery\/varazslatos-karacsony-2022\/thumbs\/thumbs_5DSR7727.jpg\"\n\t\t\t\tdata-image-id=\"5473\"\n\t\t\t\tdata-title=\"5DSR7727\"\n\t\t\t\tdata-description=\"\"\n\t\t\t\tdata-image-slug=\"5dsr7727\"\n\t\t\t\tclass=\"ngg-simplelightbox\" rel=\"3ae62be38a35489d5a176b661ea66f57\">\n\t\t\t\t<img\n\t\t\t\t\ttitle=\"5DSR7727\"\n\t\t\t\t\talt=\"5DSR7727\"\n\t\t\t\t\tsrc=\"https:\/\/www.aurin-choir.hu\/wp-content\/gallery\/varazslatos-karacsony-2022\/cache\/5DSR7727.jpg-nggid045473-ngg0dyn-325x225x100-00f0w010c011r110f110r010t010.jpg\"\n\t\t\t\t\twidth=\"325\"\n\t\t\t\t\theight=\"225\"\n\t\t\t\t\tstyle=\"max-width:100%;\"\n\t\t\t\t\/>\n\t\t\t<\/a>\n\t\t<\/div>\n\t\t\t\t\t\t\t<\/div> \n\t\t\t\n\t\t\t\t<div id=\"ngg-image-30\" class=\"ngg-gallery-thumbnail-box \n\t\t\t\t\t\t\t\t\t\t\t\" \n\t\t\t>\n\t\t\t\t\t\t<div class=\"ngg-gallery-thumbnail\">\n\t\t\t<a href=\"https:\/\/www.aurin-choir.hu\/wp-content\/gallery\/varazslatos-karacsony-2022\/5DSR7728.jpg\"\n\t\t\t\ttitle=\"\"\n\t\t\t\tdata-src=\"https:\/\/www.aurin-choir.hu\/wp-content\/gallery\/varazslatos-karacsony-2022\/5DSR7728.jpg\"\n\t\t\t\tdata-thumbnail=\"https:\/\/www.aurin-choir.hu\/wp-content\/gallery\/varazslatos-karacsony-2022\/thumbs\/thumbs_5DSR7728.jpg\"\n\t\t\t\tdata-image-id=\"5474\"\n\t\t\t\tdata-title=\"5DSR7728\"\n\t\t\t\tdata-description=\"\"\n\t\t\t\tdata-image-slug=\"5dsr7728\"\n\t\t\t\tclass=\"ngg-simplelightbox\" rel=\"3ae62be38a35489d5a176b661ea66f57\">\n\t\t\t\t<img\n\t\t\t\t\ttitle=\"5DSR7728\"\n\t\t\t\t\talt=\"5DSR7728\"\n\t\t\t\t\tsrc=\"https:\/\/www.aurin-choir.hu\/wp-content\/gallery\/varazslatos-karacsony-2022\/cache\/5DSR7728.jpg-nggid045474-ngg0dyn-325x225x100-00f0w010c011r110f110r010t010.jpg\"\n\t\t\t\t\twidth=\"325\"\n\t\t\t\t\theight=\"225\"\n\t\t\t\t\tstyle=\"max-width:100%;\"\n\t\t\t\t\/>\n\t\t\t<\/a>\n\t\t<\/div>\n\t\t\t\t\t\t\t<\/div> \n\t\t\t\n\t\t\t\t<div id=\"ngg-image-31\" class=\"ngg-gallery-thumbnail-box \n\t\t\t\t\t\t\t\t\t\t\t\" \n\t\t\t>\n\t\t\t\t\t\t<div class=\"ngg-gallery-thumbnail\">\n\t\t\t<a href=\"https:\/\/www.aurin-choir.hu\/wp-content\/gallery\/varazslatos-karacsony-2022\/5DSR7747.jpg\"\n\t\t\t\ttitle=\"\"\n\t\t\t\tdata-src=\"https:\/\/www.aurin-choir.hu\/wp-content\/gallery\/varazslatos-karacsony-2022\/5DSR7747.jpg\"\n\t\t\t\tdata-thumbnail=\"https:\/\/www.aurin-choir.hu\/wp-content\/gallery\/varazslatos-karacsony-2022\/thumbs\/thumbs_5DSR7747.jpg\"\n\t\t\t\tdata-image-id=\"5475\"\n\t\t\t\tdata-title=\"5DSR7747\"\n\t\t\t\tdata-description=\"\"\n\t\t\t\tdata-image-slug=\"5dsr7747\"\n\t\t\t\tclass=\"ngg-simplelightbox\" rel=\"3ae62be38a35489d5a176b661ea66f57\">\n\t\t\t\t<img\n\t\t\t\t\ttitle=\"5DSR7747\"\n\t\t\t\t\talt=\"5DSR7747\"\n\t\t\t\t\tsrc=\"https:\/\/www.aurin-choir.hu\/wp-content\/gallery\/varazslatos-karacsony-2022\/cache\/5DSR7747.jpg-nggid045475-ngg0dyn-325x225x100-00f0w010c011r110f110r010t010.jpg\"\n\t\t\t\t\twidth=\"325\"\n\t\t\t\t\theight=\"225\"\n\t\t\t\t\tstyle=\"max-width:100%;\"\n\t\t\t\t\/>\n\t\t\t<\/a>\n\t\t<\/div>\n\t\t\t\t\t\t\t<\/div> \n\t\t\t\n\t\t\t\t<div id=\"ngg-image-32\" class=\"ngg-gallery-thumbnail-box \n\t\t\t\t\t\t\t\t\t\t\t\" \n\t\t\t>\n\t\t\t\t\t\t<div class=\"ngg-gallery-thumbnail\">\n\t\t\t<a href=\"https:\/\/www.aurin-choir.hu\/wp-content\/gallery\/varazslatos-karacsony-2022\/5DSR7756.jpg\"\n\t\t\t\ttitle=\"\"\n\t\t\t\tdata-src=\"https:\/\/www.aurin-choir.hu\/wp-content\/gallery\/varazslatos-karacsony-2022\/5DSR7756.jpg\"\n\t\t\t\tdata-thumbnail=\"https:\/\/www.aurin-choir.hu\/wp-content\/gallery\/varazslatos-karacsony-2022\/thumbs\/thumbs_5DSR7756.jpg\"\n\t\t\t\tdata-image-id=\"5476\"\n\t\t\t\tdata-title=\"5DSR7756\"\n\t\t\t\tdata-description=\"\"\n\t\t\t\tdata-image-slug=\"5dsr7756\"\n\t\t\t\tclass=\"ngg-simplelightbox\" rel=\"3ae62be38a35489d5a176b661ea66f57\">\n\t\t\t\t<img\n\t\t\t\t\ttitle=\"5DSR7756\"\n\t\t\t\t\talt=\"5DSR7756\"\n\t\t\t\t\tsrc=\"https:\/\/www.aurin-choir.hu\/wp-content\/gallery\/varazslatos-karacsony-2022\/cache\/5DSR7756.jpg-nggid045476-ngg0dyn-325x225x100-00f0w010c011r110f110r010t010.jpg\"\n\t\t\t\t\twidth=\"325\"\n\t\t\t\t\theight=\"225\"\n\t\t\t\t\tstyle=\"max-width:100%;\"\n\t\t\t\t\/>\n\t\t\t<\/a>\n\t\t<\/div>\n\t\t\t\t\t\t\t<\/div> \n\t\t\t\n\t\t\t\t<div id=\"ngg-image-33\" class=\"ngg-gallery-thumbnail-box \n\t\t\t\t\t\t\t\t\t\t\t\" \n\t\t\t>\n\t\t\t\t\t\t<div class=\"ngg-gallery-thumbnail\">\n\t\t\t<a href=\"https:\/\/www.aurin-choir.hu\/wp-content\/gallery\/varazslatos-karacsony-2022\/5DSR7760-Edit.jpg\"\n\t\t\t\ttitle=\"\"\n\t\t\t\tdata-src=\"https:\/\/www.aurin-choir.hu\/wp-content\/gallery\/varazslatos-karacsony-2022\/5DSR7760-Edit.jpg\"\n\t\t\t\tdata-thumbnail=\"https:\/\/www.aurin-choir.hu\/wp-content\/gallery\/varazslatos-karacsony-2022\/thumbs\/thumbs_5DSR7760-Edit.jpg\"\n\t\t\t\tdata-image-id=\"5477\"\n\t\t\t\tdata-title=\"5DSR7760-Edit\"\n\t\t\t\tdata-description=\"\"\n\t\t\t\tdata-image-slug=\"5dsr7760-edit\"\n\t\t\t\tclass=\"ngg-simplelightbox\" rel=\"3ae62be38a35489d5a176b661ea66f57\">\n\t\t\t\t<img\n\t\t\t\t\ttitle=\"5DSR7760-Edit\"\n\t\t\t\t\talt=\"5DSR7760-Edit\"\n\t\t\t\t\tsrc=\"https:\/\/www.aurin-choir.hu\/wp-content\/gallery\/varazslatos-karacsony-2022\/cache\/5DSR7760-Edit.jpg-nggid045477-ngg0dyn-325x225x100-00f0w010c011r110f110r010t010.jpg\"\n\t\t\t\t\twidth=\"325\"\n\t\t\t\t\theight=\"225\"\n\t\t\t\t\tstyle=\"max-width:100%;\"\n\t\t\t\t\/>\n\t\t\t<\/a>\n\t\t<\/div>\n\t\t\t\t\t\t\t<\/div> \n\t\t\t\n\t\t\t\t<div id=\"ngg-image-34\" class=\"ngg-gallery-thumbnail-box \n\t\t\t\t\t\t\t\t\t\t\t\" \n\t\t\t>\n\t\t\t\t\t\t<div class=\"ngg-gallery-thumbnail\">\n\t\t\t<a href=\"https:\/\/www.aurin-choir.hu\/wp-content\/gallery\/varazslatos-karacsony-2022\/5DSR7762.jpg\"\n\t\t\t\ttitle=\"\"\n\t\t\t\tdata-src=\"https:\/\/www.aurin-choir.hu\/wp-content\/gallery\/varazslatos-karacsony-2022\/5DSR7762.jpg\"\n\t\t\t\tdata-thumbnail=\"https:\/\/www.aurin-choir.hu\/wp-content\/gallery\/varazslatos-karacsony-2022\/thumbs\/thumbs_5DSR7762.jpg\"\n\t\t\t\tdata-image-id=\"5478\"\n\t\t\t\tdata-title=\"5DSR7762\"\n\t\t\t\tdata-description=\"\"\n\t\t\t\tdata-image-slug=\"5dsr7762\"\n\t\t\t\tclass=\"ngg-simplelightbox\" rel=\"3ae62be38a35489d5a176b661ea66f57\">\n\t\t\t\t<img\n\t\t\t\t\ttitle=\"5DSR7762\"\n\t\t\t\t\talt=\"5DSR7762\"\n\t\t\t\t\tsrc=\"https:\/\/www.aurin-choir.hu\/wp-content\/gallery\/varazslatos-karacsony-2022\/cache\/5DSR7762.jpg-nggid045478-ngg0dyn-325x225x100-00f0w010c011r110f110r010t010.jpg\"\n\t\t\t\t\twidth=\"325\"\n\t\t\t\t\theight=\"225\"\n\t\t\t\t\tstyle=\"max-width:100%;\"\n\t\t\t\t\/>\n\t\t\t<\/a>\n\t\t<\/div>\n\t\t\t\t\t\t\t<\/div> \n\t\t\t\n\t\t\t\t<div id=\"ngg-image-35\" class=\"ngg-gallery-thumbnail-box \n\t\t\t\t\t\t\t\t\t\t\t\" \n\t\t\t>\n\t\t\t\t\t\t<div class=\"ngg-gallery-thumbnail\">\n\t\t\t<a href=\"https:\/\/www.aurin-choir.hu\/wp-content\/gallery\/varazslatos-karacsony-2022\/5DSR7764.jpg\"\n\t\t\t\ttitle=\"\"\n\t\t\t\tdata-src=\"https:\/\/www.aurin-choir.hu\/wp-content\/gallery\/varazslatos-karacsony-2022\/5DSR7764.jpg\"\n\t\t\t\tdata-thumbnail=\"https:\/\/www.aurin-choir.hu\/wp-content\/gallery\/varazslatos-karacsony-2022\/thumbs\/thumbs_5DSR7764.jpg\"\n\t\t\t\tdata-image-id=\"5479\"\n\t\t\t\tdata-title=\"5DSR7764\"\n\t\t\t\tdata-description=\"\"\n\t\t\t\tdata-image-slug=\"5dsr7764\"\n\t\t\t\tclass=\"ngg-simplelightbox\" rel=\"3ae62be38a35489d5a176b661ea66f57\">\n\t\t\t\t<img\n\t\t\t\t\ttitle=\"5DSR7764\"\n\t\t\t\t\talt=\"5DSR7764\"\n\t\t\t\t\tsrc=\"https:\/\/www.aurin-choir.hu\/wp-content\/gallery\/varazslatos-karacsony-2022\/cache\/5DSR7764.jpg-nggid045479-ngg0dyn-325x225x100-00f0w010c011r110f110r010t010.jpg\"\n\t\t\t\t\twidth=\"325\"\n\t\t\t\t\theight=\"225\"\n\t\t\t\t\tstyle=\"max-width:100%;\"\n\t\t\t\t\/>\n\t\t\t<\/a>\n\t\t<\/div>\n\t\t\t\t\t\t\t<\/div> \n\t\t\t\n\t\t\t\t<div id=\"ngg-image-36\" class=\"ngg-gallery-thumbnail-box \n\t\t\t\t\t\t\t\t\t\t\t\" \n\t\t\t>\n\t\t\t\t\t\t<div class=\"ngg-gallery-thumbnail\">\n\t\t\t<a href=\"https:\/\/www.aurin-choir.hu\/wp-content\/gallery\/varazslatos-karacsony-2022\/IMG_5927-Edit.jpg\"\n\t\t\t\ttitle=\"\"\n\t\t\t\tdata-src=\"https:\/\/www.aurin-choir.hu\/wp-content\/gallery\/varazslatos-karacsony-2022\/IMG_5927-Edit.jpg\"\n\t\t\t\tdata-thumbnail=\"https:\/\/www.aurin-choir.hu\/wp-content\/gallery\/varazslatos-karacsony-2022\/thumbs\/thumbs_IMG_5927-Edit.jpg\"\n\t\t\t\tdata-image-id=\"5480\"\n\t\t\t\tdata-title=\"IMG_5927-Edit\"\n\t\t\t\tdata-description=\"\"\n\t\t\t\tdata-image-slug=\"img_5927-edit\"\n\t\t\t\tclass=\"ngg-simplelightbox\" rel=\"3ae62be38a35489d5a176b661ea66f57\">\n\t\t\t\t<img\n\t\t\t\t\ttitle=\"IMG_5927-Edit\"\n\t\t\t\t\talt=\"IMG_5927-Edit\"\n\t\t\t\t\tsrc=\"https:\/\/www.aurin-choir.hu\/wp-content\/gallery\/varazslatos-karacsony-2022\/cache\/IMG_5927-Edit.jpg-nggid045480-ngg0dyn-325x225x100-00f0w010c011r110f110r010t010.jpg\"\n\t\t\t\t\twidth=\"325\"\n\t\t\t\t\theight=\"225\"\n\t\t\t\t\tstyle=\"max-width:100%;\"\n\t\t\t\t\/>\n\t\t\t<\/a>\n\t\t<\/div>\n\t\t\t\t\t\t\t<\/div> \n\t\t\t\n\t\t\t\t<div id=\"ngg-image-37\" class=\"ngg-gallery-thumbnail-box \n\t\t\t\t\t\t\t\t\t\t\t\" \n\t\t\t>\n\t\t\t\t\t\t<div class=\"ngg-gallery-thumbnail\">\n\t\t\t<a href=\"https:\/\/www.aurin-choir.hu\/wp-content\/gallery\/varazslatos-karacsony-2022\/IMG_5934-Edit.jpg\"\n\t\t\t\ttitle=\"\"\n\t\t\t\tdata-src=\"https:\/\/www.aurin-choir.hu\/wp-content\/gallery\/varazslatos-karacsony-2022\/IMG_5934-Edit.jpg\"\n\t\t\t\tdata-thumbnail=\"https:\/\/www.aurin-choir.hu\/wp-content\/gallery\/varazslatos-karacsony-2022\/thumbs\/thumbs_IMG_5934-Edit.jpg\"\n\t\t\t\tdata-image-id=\"5481\"\n\t\t\t\tdata-title=\"IMG_5934-Edit\"\n\t\t\t\tdata-description=\"\"\n\t\t\t\tdata-image-slug=\"img_5934-edit\"\n\t\t\t\tclass=\"ngg-simplelightbox\" rel=\"3ae62be38a35489d5a176b661ea66f57\">\n\t\t\t\t<img\n\t\t\t\t\ttitle=\"IMG_5934-Edit\"\n\t\t\t\t\talt=\"IMG_5934-Edit\"\n\t\t\t\t\tsrc=\"https:\/\/www.aurin-choir.hu\/wp-content\/gallery\/varazslatos-karacsony-2022\/cache\/IMG_5934-Edit.jpg-nggid045481-ngg0dyn-325x225x100-00f0w010c011r110f110r010t010.jpg\"\n\t\t\t\t\twidth=\"325\"\n\t\t\t\t\theight=\"225\"\n\t\t\t\t\tstyle=\"max-width:100%;\"\n\t\t\t\t\/>\n\t\t\t<\/a>\n\t\t<\/div>\n\t\t\t\t\t\t\t<\/div> \n\t\t\t\n\t\t\t\t<div id=\"ngg-image-38\" class=\"ngg-gallery-thumbnail-box \n\t\t\t\t\t\t\t\t\t\t\t\" \n\t\t\t>\n\t\t\t\t\t\t<div class=\"ngg-gallery-thumbnail\">\n\t\t\t<a href=\"https:\/\/www.aurin-choir.hu\/wp-content\/gallery\/varazslatos-karacsony-2022\/IMG_5950-Edit.jpg\"\n\t\t\t\ttitle=\"\"\n\t\t\t\tdata-src=\"https:\/\/www.aurin-choir.hu\/wp-content\/gallery\/varazslatos-karacsony-2022\/IMG_5950-Edit.jpg\"\n\t\t\t\tdata-thumbnail=\"https:\/\/www.aurin-choir.hu\/wp-content\/gallery\/varazslatos-karacsony-2022\/thumbs\/thumbs_IMG_5950-Edit.jpg\"\n\t\t\t\tdata-image-id=\"5482\"\n\t\t\t\tdata-title=\"IMG_5950-Edit\"\n\t\t\t\tdata-description=\"\"\n\t\t\t\tdata-image-slug=\"img_5950-edit\"\n\t\t\t\tclass=\"ngg-simplelightbox\" rel=\"3ae62be38a35489d5a176b661ea66f57\">\n\t\t\t\t<img\n\t\t\t\t\ttitle=\"IMG_5950-Edit\"\n\t\t\t\t\talt=\"IMG_5950-Edit\"\n\t\t\t\t\tsrc=\"https:\/\/www.aurin-choir.hu\/wp-content\/gallery\/varazslatos-karacsony-2022\/cache\/IMG_5950-Edit.jpg-nggid045482-ngg0dyn-325x225x100-00f0w010c011r110f110r010t010.jpg\"\n\t\t\t\t\twidth=\"325\"\n\t\t\t\t\theight=\"225\"\n\t\t\t\t\tstyle=\"max-width:100%;\"\n\t\t\t\t\/>\n\t\t\t<\/a>\n\t\t<\/div>\n\t\t\t\t\t\t\t<\/div> \n\t\t\t\n\t\t\t\t<div id=\"ngg-image-39\" class=\"ngg-gallery-thumbnail-box \n\t\t\t\t\t\t\t\t\t\t\t\" \n\t\t\t>\n\t\t\t\t\t\t<div class=\"ngg-gallery-thumbnail\">\n\t\t\t<a href=\"https:\/\/www.aurin-choir.hu\/wp-content\/gallery\/varazslatos-karacsony-2022\/IMG_5954-Edit.jpg\"\n\t\t\t\ttitle=\"\"\n\t\t\t\tdata-src=\"https:\/\/www.aurin-choir.hu\/wp-content\/gallery\/varazslatos-karacsony-2022\/IMG_5954-Edit.jpg\"\n\t\t\t\tdata-thumbnail=\"https:\/\/www.aurin-choir.hu\/wp-content\/gallery\/varazslatos-karacsony-2022\/thumbs\/thumbs_IMG_5954-Edit.jpg\"\n\t\t\t\tdata-image-id=\"5483\"\n\t\t\t\tdata-title=\"IMG_5954-Edit\"\n\t\t\t\tdata-description=\"\"\n\t\t\t\tdata-image-slug=\"img_5954-edit\"\n\t\t\t\tclass=\"ngg-simplelightbox\" rel=\"3ae62be38a35489d5a176b661ea66f57\">\n\t\t\t\t<img\n\t\t\t\t\ttitle=\"IMG_5954-Edit\"\n\t\t\t\t\talt=\"IMG_5954-Edit\"\n\t\t\t\t\tsrc=\"https:\/\/www.aurin-choir.hu\/wp-content\/gallery\/varazslatos-karacsony-2022\/cache\/IMG_5954-Edit.jpg-nggid045483-ngg0dyn-325x225x100-00f0w010c011r110f110r010t010.jpg\"\n\t\t\t\t\twidth=\"325\"\n\t\t\t\t\theight=\"225\"\n\t\t\t\t\tstyle=\"max-width:100%;\"\n\t\t\t\t\/>\n\t\t\t<\/a>\n\t\t<\/div>\n\t\t\t\t\t\t\t<\/div> \n\t\t\t\n\t\t\t\t<div id=\"ngg-image-40\" class=\"ngg-gallery-thumbnail-box \n\t\t\t\t\t\t\t\t\t\t\t\" \n\t\t\t>\n\t\t\t\t\t\t<div class=\"ngg-gallery-thumbnail\">\n\t\t\t<a href=\"https:\/\/www.aurin-choir.hu\/wp-content\/gallery\/varazslatos-karacsony-2022\/IMG_5957-Edit-masolata.jpg\"\n\t\t\t\ttitle=\"\"\n\t\t\t\tdata-src=\"https:\/\/www.aurin-choir.hu\/wp-content\/gallery\/varazslatos-karacsony-2022\/IMG_5957-Edit-masolata.jpg\"\n\t\t\t\tdata-thumbnail=\"https:\/\/www.aurin-choir.hu\/wp-content\/gallery\/varazslatos-karacsony-2022\/thumbs\/thumbs_IMG_5957-Edit-masolata.jpg\"\n\t\t\t\tdata-image-id=\"5484\"\n\t\t\t\tdata-title=\"IMG_5957-Edit-masolata\"\n\t\t\t\tdata-description=\"\"\n\t\t\t\tdata-image-slug=\"img_5957-edit-masolata\"\n\t\t\t\tclass=\"ngg-simplelightbox\" rel=\"3ae62be38a35489d5a176b661ea66f57\">\n\t\t\t\t<img\n\t\t\t\t\ttitle=\"IMG_5957-Edit-masolata\"\n\t\t\t\t\talt=\"IMG_5957-Edit-masolata\"\n\t\t\t\t\tsrc=\"https:\/\/www.aurin-choir.hu\/wp-content\/gallery\/varazslatos-karacsony-2022\/cache\/IMG_5957-Edit-masolata.jpg-nggid045484-ngg0dyn-325x225x100-00f0w010c011r110f110r010t010.jpg\"\n\t\t\t\t\twidth=\"325\"\n\t\t\t\t\theight=\"225\"\n\t\t\t\t\tstyle=\"max-width:100%;\"\n\t\t\t\t\/>\n\t\t\t<\/a>\n\t\t<\/div>\n\t\t\t\t\t\t\t<\/div> \n\t\t\t\n\t\t\t\t<div id=\"ngg-image-41\" class=\"ngg-gallery-thumbnail-box \n\t\t\t\t\t\t\t\t\t\t\t\" \n\t\t\t>\n\t\t\t\t\t\t<div class=\"ngg-gallery-thumbnail\">\n\t\t\t<a href=\"https:\/\/www.aurin-choir.hu\/wp-content\/gallery\/varazslatos-karacsony-2022\/IMG_5967-Edit.jpg\"\n\t\t\t\ttitle=\"\"\n\t\t\t\tdata-src=\"https:\/\/www.aurin-choir.hu\/wp-content\/gallery\/varazslatos-karacsony-2022\/IMG_5967-Edit.jpg\"\n\t\t\t\tdata-thumbnail=\"https:\/\/www.aurin-choir.hu\/wp-content\/gallery\/varazslatos-karacsony-2022\/thumbs\/thumbs_IMG_5967-Edit.jpg\"\n\t\t\t\tdata-image-id=\"5485\"\n\t\t\t\tdata-title=\"IMG_5967-Edit\"\n\t\t\t\tdata-description=\"\"\n\t\t\t\tdata-image-slug=\"img_5967-edit\"\n\t\t\t\tclass=\"ngg-simplelightbox\" rel=\"3ae62be38a35489d5a176b661ea66f57\">\n\t\t\t\t<img\n\t\t\t\t\ttitle=\"IMG_5967-Edit\"\n\t\t\t\t\talt=\"IMG_5967-Edit\"\n\t\t\t\t\tsrc=\"https:\/\/www.aurin-choir.hu\/wp-content\/gallery\/varazslatos-karacsony-2022\/cache\/IMG_5967-Edit.jpg-nggid045485-ngg0dyn-325x225x100-00f0w010c011r110f110r010t010.jpg\"\n\t\t\t\t\twidth=\"325\"\n\t\t\t\t\theight=\"225\"\n\t\t\t\t\tstyle=\"max-width:100%;\"\n\t\t\t\t\/>\n\t\t\t<\/a>\n\t\t<\/div>\n\t\t\t\t\t\t\t<\/div> \n\t\t\t\n\t\t\t\t<div id=\"ngg-image-42\" class=\"ngg-gallery-thumbnail-box \n\t\t\t\t\t\t\t\t\t\t\t\" \n\t\t\t>\n\t\t\t\t\t\t<div class=\"ngg-gallery-thumbnail\">\n\t\t\t<a href=\"https:\/\/www.aurin-choir.hu\/wp-content\/gallery\/varazslatos-karacsony-2022\/IMG_5977-Edit.jpg\"\n\t\t\t\ttitle=\"\"\n\t\t\t\tdata-src=\"https:\/\/www.aurin-choir.hu\/wp-content\/gallery\/varazslatos-karacsony-2022\/IMG_5977-Edit.jpg\"\n\t\t\t\tdata-thumbnail=\"https:\/\/www.aurin-choir.hu\/wp-content\/gallery\/varazslatos-karacsony-2022\/thumbs\/thumbs_IMG_5977-Edit.jpg\"\n\t\t\t\tdata-image-id=\"5486\"\n\t\t\t\tdata-title=\"IMG_5977-Edit\"\n\t\t\t\tdata-description=\"\"\n\t\t\t\tdata-image-slug=\"img_5977-edit\"\n\t\t\t\tclass=\"ngg-simplelightbox\" rel=\"3ae62be38a35489d5a176b661ea66f57\">\n\t\t\t\t<img\n\t\t\t\t\ttitle=\"IMG_5977-Edit\"\n\t\t\t\t\talt=\"IMG_5977-Edit\"\n\t\t\t\t\tsrc=\"https:\/\/www.aurin-choir.hu\/wp-content\/gallery\/varazslatos-karacsony-2022\/cache\/IMG_5977-Edit.jpg-nggid045486-ngg0dyn-325x225x100-00f0w010c011r110f110r010t010.jpg\"\n\t\t\t\t\twidth=\"325\"\n\t\t\t\t\theight=\"225\"\n\t\t\t\t\tstyle=\"max-width:100%;\"\n\t\t\t\t\/>\n\t\t\t<\/a>\n\t\t<\/div>\n\t\t\t\t\t\t\t<\/div> \n\t\t\t\n\t\t\t\t<div id=\"ngg-image-43\" class=\"ngg-gallery-thumbnail-box \n\t\t\t\t\t\t\t\t\t\t\t\" \n\t\t\t>\n\t\t\t\t\t\t<div class=\"ngg-gallery-thumbnail\">\n\t\t\t<a href=\"https:\/\/www.aurin-choir.hu\/wp-content\/gallery\/varazslatos-karacsony-2022\/IMG_5984-Edit.jpg\"\n\t\t\t\ttitle=\"\"\n\t\t\t\tdata-src=\"https:\/\/www.aurin-choir.hu\/wp-content\/gallery\/varazslatos-karacsony-2022\/IMG_5984-Edit.jpg\"\n\t\t\t\tdata-thumbnail=\"https:\/\/www.aurin-choir.hu\/wp-content\/gallery\/varazslatos-karacsony-2022\/thumbs\/thumbs_IMG_5984-Edit.jpg\"\n\t\t\t\tdata-image-id=\"5487\"\n\t\t\t\tdata-title=\"IMG_5984-Edit\"\n\t\t\t\tdata-description=\"\"\n\t\t\t\tdata-image-slug=\"img_5984-edit\"\n\t\t\t\tclass=\"ngg-simplelightbox\" rel=\"3ae62be38a35489d5a176b661ea66f57\">\n\t\t\t\t<img\n\t\t\t\t\ttitle=\"IMG_5984-Edit\"\n\t\t\t\t\talt=\"IMG_5984-Edit\"\n\t\t\t\t\tsrc=\"https:\/\/www.aurin-choir.hu\/wp-content\/gallery\/varazslatos-karacsony-2022\/cache\/IMG_5984-Edit.jpg-nggid045487-ngg0dyn-325x225x100-00f0w010c011r110f110r010t010.jpg\"\n\t\t\t\t\twidth=\"325\"\n\t\t\t\t\theight=\"225\"\n\t\t\t\t\tstyle=\"max-width:100%;\"\n\t\t\t\t\/>\n\t\t\t<\/a>\n\t\t<\/div>\n\t\t\t\t\t\t\t<\/div> \n\t\t\t\n\t\t\t\t<div id=\"ngg-image-44\" class=\"ngg-gallery-thumbnail-box \n\t\t\t\t\t\t\t\t\t\t\t\" \n\t\t\t>\n\t\t\t\t\t\t<div class=\"ngg-gallery-thumbnail\">\n\t\t\t<a href=\"https:\/\/www.aurin-choir.hu\/wp-content\/gallery\/varazslatos-karacsony-2022\/IMG_5986-Edit.jpg\"\n\t\t\t\ttitle=\"\"\n\t\t\t\tdata-src=\"https:\/\/www.aurin-choir.hu\/wp-content\/gallery\/varazslatos-karacsony-2022\/IMG_5986-Edit.jpg\"\n\t\t\t\tdata-thumbnail=\"https:\/\/www.aurin-choir.hu\/wp-content\/gallery\/varazslatos-karacsony-2022\/thumbs\/thumbs_IMG_5986-Edit.jpg\"\n\t\t\t\tdata-image-id=\"5488\"\n\t\t\t\tdata-title=\"IMG_5986-Edit\"\n\t\t\t\tdata-description=\"\"\n\t\t\t\tdata-image-slug=\"img_5986-edit\"\n\t\t\t\tclass=\"ngg-simplelightbox\" rel=\"3ae62be38a35489d5a176b661ea66f57\">\n\t\t\t\t<img\n\t\t\t\t\ttitle=\"IMG_5986-Edit\"\n\t\t\t\t\talt=\"IMG_5986-Edit\"\n\t\t\t\t\tsrc=\"https:\/\/www.aurin-choir.hu\/wp-content\/gallery\/varazslatos-karacsony-2022\/cache\/IMG_5986-Edit.jpg-nggid045488-ngg0dyn-325x225x100-00f0w010c011r110f110r010t010.jpg\"\n\t\t\t\t\twidth=\"325\"\n\t\t\t\t\theight=\"225\"\n\t\t\t\t\tstyle=\"max-width:100%;\"\n\t\t\t\t\/>\n\t\t\t<\/a>\n\t\t<\/div>\n\t\t\t\t\t\t\t<\/div> \n\t\t\t\n\t\t\t\t<div id=\"ngg-image-45\" class=\"ngg-gallery-thumbnail-box \n\t\t\t\t\t\t\t\t\t\t\t\" \n\t\t\t>\n\t\t\t\t\t\t<div class=\"ngg-gallery-thumbnail\">\n\t\t\t<a href=\"https:\/\/www.aurin-choir.hu\/wp-content\/gallery\/varazslatos-karacsony-2022\/IMG_5997-Edit.jpg\"\n\t\t\t\ttitle=\"\"\n\t\t\t\tdata-src=\"https:\/\/www.aurin-choir.hu\/wp-content\/gallery\/varazslatos-karacsony-2022\/IMG_5997-Edit.jpg\"\n\t\t\t\tdata-thumbnail=\"https:\/\/www.aurin-choir.hu\/wp-content\/gallery\/varazslatos-karacsony-2022\/thumbs\/thumbs_IMG_5997-Edit.jpg\"\n\t\t\t\tdata-image-id=\"5489\"\n\t\t\t\tdata-title=\"IMG_5997-Edit\"\n\t\t\t\tdata-description=\"\"\n\t\t\t\tdata-image-slug=\"img_5997-edit\"\n\t\t\t\tclass=\"ngg-simplelightbox\" rel=\"3ae62be38a35489d5a176b661ea66f57\">\n\t\t\t\t<img\n\t\t\t\t\ttitle=\"IMG_5997-Edit\"\n\t\t\t\t\talt=\"IMG_5997-Edit\"\n\t\t\t\t\tsrc=\"https:\/\/www.aurin-choir.hu\/wp-content\/gallery\/varazslatos-karacsony-2022\/cache\/IMG_5997-Edit.jpg-nggid045489-ngg0dyn-325x225x100-00f0w010c011r110f110r010t010.jpg\"\n\t\t\t\t\twidth=\"325\"\n\t\t\t\t\theight=\"225\"\n\t\t\t\t\tstyle=\"max-width:100%;\"\n\t\t\t\t\/>\n\t\t\t<\/a>\n\t\t<\/div>\n\t\t\t\t\t\t\t<\/div> \n\t\t\t\n\t\t\t\t<div id=\"ngg-image-46\" class=\"ngg-gallery-thumbnail-box \n\t\t\t\t\t\t\t\t\t\t\t\" \n\t\t\t>\n\t\t\t\t\t\t<div class=\"ngg-gallery-thumbnail\">\n\t\t\t<a href=\"https:\/\/www.aurin-choir.hu\/wp-content\/gallery\/varazslatos-karacsony-2022\/IMG_6008-Edit.jpg\"\n\t\t\t\ttitle=\"\"\n\t\t\t\tdata-src=\"https:\/\/www.aurin-choir.hu\/wp-content\/gallery\/varazslatos-karacsony-2022\/IMG_6008-Edit.jpg\"\n\t\t\t\tdata-thumbnail=\"https:\/\/www.aurin-choir.hu\/wp-content\/gallery\/varazslatos-karacsony-2022\/thumbs\/thumbs_IMG_6008-Edit.jpg\"\n\t\t\t\tdata-image-id=\"5490\"\n\t\t\t\tdata-title=\"IMG_6008-Edit\"\n\t\t\t\tdata-description=\"\"\n\t\t\t\tdata-image-slug=\"img_6008-edit\"\n\t\t\t\tclass=\"ngg-simplelightbox\" rel=\"3ae62be38a35489d5a176b661ea66f57\">\n\t\t\t\t<img\n\t\t\t\t\ttitle=\"IMG_6008-Edit\"\n\t\t\t\t\talt=\"IMG_6008-Edit\"\n\t\t\t\t\tsrc=\"https:\/\/www.aurin-choir.hu\/wp-content\/gallery\/varazslatos-karacsony-2022\/cache\/IMG_6008-Edit.jpg-nggid045490-ngg0dyn-325x225x100-00f0w010c011r110f110r010t010.jpg\"\n\t\t\t\t\twidth=\"325\"\n\t\t\t\t\theight=\"225\"\n\t\t\t\t\tstyle=\"max-width:100%;\"\n\t\t\t\t\/>\n\t\t\t<\/a>\n\t\t<\/div>\n\t\t\t\t\t\t\t<\/div> \n\t\t\t\n\t\t\t\t<div id=\"ngg-image-47\" class=\"ngg-gallery-thumbnail-box \n\t\t\t\t\t\t\t\t\t\t\t\" \n\t\t\t>\n\t\t\t\t\t\t<div class=\"ngg-gallery-thumbnail\">\n\t\t\t<a href=\"https:\/\/www.aurin-choir.hu\/wp-content\/gallery\/varazslatos-karacsony-2022\/IMG_6014-Edit.jpg\"\n\t\t\t\ttitle=\"\"\n\t\t\t\tdata-src=\"https:\/\/www.aurin-choir.hu\/wp-content\/gallery\/varazslatos-karacsony-2022\/IMG_6014-Edit.jpg\"\n\t\t\t\tdata-thumbnail=\"https:\/\/www.aurin-choir.hu\/wp-content\/gallery\/varazslatos-karacsony-2022\/thumbs\/thumbs_IMG_6014-Edit.jpg\"\n\t\t\t\tdata-image-id=\"5491\"\n\t\t\t\tdata-title=\"IMG_6014-Edit\"\n\t\t\t\tdata-description=\"\"\n\t\t\t\tdata-image-slug=\"img_6014-edit\"\n\t\t\t\tclass=\"ngg-simplelightbox\" rel=\"3ae62be38a35489d5a176b661ea66f57\">\n\t\t\t\t<img\n\t\t\t\t\ttitle=\"IMG_6014-Edit\"\n\t\t\t\t\talt=\"IMG_6014-Edit\"\n\t\t\t\t\tsrc=\"https:\/\/www.aurin-choir.hu\/wp-content\/gallery\/varazslatos-karacsony-2022\/cache\/IMG_6014-Edit.jpg-nggid045491-ngg0dyn-325x225x100-00f0w010c011r110f110r010t010.jpg\"\n\t\t\t\t\twidth=\"325\"\n\t\t\t\t\theight=\"225\"\n\t\t\t\t\tstyle=\"max-width:100%;\"\n\t\t\t\t\/>\n\t\t\t<\/a>\n\t\t<\/div>\n\t\t\t\t\t\t\t<\/div> \n\t\t\t\n\t\t\t\t<div id=\"ngg-image-48\" class=\"ngg-gallery-thumbnail-box \n\t\t\t\t\t\t\t\t\t\t\t\" \n\t\t\t>\n\t\t\t\t\t\t<div class=\"ngg-gallery-thumbnail\">\n\t\t\t<a href=\"https:\/\/www.aurin-choir.hu\/wp-content\/gallery\/varazslatos-karacsony-2022\/IMG_6035-Edit.jpg\"\n\t\t\t\ttitle=\"\"\n\t\t\t\tdata-src=\"https:\/\/www.aurin-choir.hu\/wp-content\/gallery\/varazslatos-karacsony-2022\/IMG_6035-Edit.jpg\"\n\t\t\t\tdata-thumbnail=\"https:\/\/www.aurin-choir.hu\/wp-content\/gallery\/varazslatos-karacsony-2022\/thumbs\/thumbs_IMG_6035-Edit.jpg\"\n\t\t\t\tdata-image-id=\"5492\"\n\t\t\t\tdata-title=\"IMG_6035-Edit\"\n\t\t\t\tdata-description=\"\"\n\t\t\t\tdata-image-slug=\"img_6035-edit\"\n\t\t\t\tclass=\"ngg-simplelightbox\" rel=\"3ae62be38a35489d5a176b661ea66f57\">\n\t\t\t\t<img\n\t\t\t\t\ttitle=\"IMG_6035-Edit\"\n\t\t\t\t\talt=\"IMG_6035-Edit\"\n\t\t\t\t\tsrc=\"https:\/\/www.aurin-choir.hu\/wp-content\/gallery\/varazslatos-karacsony-2022\/cache\/IMG_6035-Edit.jpg-nggid045492-ngg0dyn-325x225x100-00f0w010c011r110f110r010t010.jpg\"\n\t\t\t\t\twidth=\"325\"\n\t\t\t\t\theight=\"225\"\n\t\t\t\t\tstyle=\"max-width:100%;\"\n\t\t\t\t\/>\n\t\t\t<\/a>\n\t\t<\/div>\n\t\t\t\t\t\t\t<\/div> \n\t\t\t\n\t\n\t<br style=\"clear: both\" \/>\n\n\t\n\t\t<!-- Pagination -->\n\t\t<div class='ngg-clear'><\/div>\t<\/div>\nFot\u00f3k: Szab\u00f3 Attila Tam\u00e1s<\/p>\n","protected":false},"author":1,"featured_media":13875,"comment_status":"closed","ping_status":"closed","template":"","meta":{"_et_pb_use_builder":"on","_et_pb_old_content":"","_et_gb_content_width":"","ngg_post_thumbnail":0,"footnotes":""},"project_category":[105,101,100,102,103],"project_tag":[],"class_list":["post-17583","project","type-project","status-publish","has-post-thumbnail","hentry","project_category-2022-en","project_category-aurin-noikar-en","project_category-aurin-leanykar-en","project_category-aurin-vegyeskar-en","project_category-miraculum-gyermekkorus-en"],"yoast_head":"<!-- This site is optimized with the Yoast SEO plugin v26.0 - https:\/\/yoast.com\/wordpress\/plugins\/seo\/ -->\n<title>Var\u00e1zslatos Kar\u00e1csony 2022 - Aurin - Miraculum<\/title>\n<meta name=\"robots\" content=\"index, follow, max-snippet:-1, max-image-preview:large, max-video-preview:-1\" \/>\n<link rel=\"canonical\" href=\"https:\/\/www.aurin-choir.hu\/project\/varazslatos-karacsony-2022\/\" \/>\n<meta property=\"og:locale\" content=\"en_US\" \/>\n<meta property=\"og:type\" content=\"article\" \/>\n<meta property=\"og:title\" content=\"Var\u00e1zslatos Kar\u00e1csony 2022 - Aurin - Miraculum\" \/>\n<meta property=\"og:description\" content=\"Var\u00e1zslatos Kar\u00e1csony 2022 Nagytemplom, Kecskem\u00e9tFot\u00f3k: Szab\u00f3 Attila Tam\u00e1s\" \/>\n<meta property=\"og:url\" content=\"https:\/\/www.aurin-choir.hu\/project\/varazslatos-karacsony-2022\/\" \/>\n<meta property=\"og:site_name\" content=\"Aurin - Miraculum\" \/>\n<meta property=\"article:publisher\" content=\"https:\/\/www.facebook.com\/aurinchoir\" \/>\n<meta property=\"article:modified_time\" content=\"2025-04-07T11:39:38+00:00\" \/>\n<meta property=\"og:image\" content=\"https:\/\/www.aurin-choir.hu\/wp-content\/uploads\/2024\/02\/IMG_5934-Edit.jpg\" \/>\n\t<meta property=\"og:image:width\" content=\"1500\" \/>\n\t<meta property=\"og:image:height\" content=\"946\" \/>\n\t<meta property=\"og:image:type\" content=\"image\/jpeg\" \/>\n<meta name=\"twitter:card\" content=\"summary_large_image\" \/>\n<meta name=\"twitter:label1\" content=\"Est. reading time\" \/>\n\t<meta name=\"twitter:data1\" content=\"1 minute\" \/>\n<script type=\"application\/ld+json\" class=\"yoast-schema-graph\">{\"@context\":\"https:\/\/schema.org\",\"@graph\":[{\"@type\":\"WebPage\",\"@id\":\"https:\/\/www.aurin-choir.hu\/project\/varazslatos-karacsony-2022\/\",\"url\":\"https:\/\/www.aurin-choir.hu\/project\/varazslatos-karacsony-2022\/\",\"name\":\"Var\u00e1zslatos Kar\u00e1csony 2022 - Aurin - Miraculum\",\"isPartOf\":{\"@id\":\"https:\/\/www.aurin-choir.hu\/#website\"},\"primaryImageOfPage\":{\"@id\":\"https:\/\/www.aurin-choir.hu\/project\/varazslatos-karacsony-2022\/#primaryimage\"},\"image\":{\"@id\":\"https:\/\/www.aurin-choir.hu\/project\/varazslatos-karacsony-2022\/#primaryimage\"},\"thumbnailUrl\":\"https:\/\/www.aurin-choir.hu\/wp-content\/uploads\/2024\/02\/IMG_5934-Edit.jpg\",\"datePublished\":\"2022-12-30T21:27:24+00:00\",\"dateModified\":\"2025-04-07T11:39:38+00:00\",\"breadcrumb\":{\"@id\":\"https:\/\/www.aurin-choir.hu\/project\/varazslatos-karacsony-2022\/#breadcrumb\"},\"inLanguage\":\"en-US\",\"potentialAction\":[{\"@type\":\"ReadAction\",\"target\":[\"https:\/\/www.aurin-choir.hu\/project\/varazslatos-karacsony-2022\/\"]}]},{\"@type\":\"ImageObject\",\"inLanguage\":\"en-US\",\"@id\":\"https:\/\/www.aurin-choir.hu\/project\/varazslatos-karacsony-2022\/#primaryimage\",\"url\":\"https:\/\/www.aurin-choir.hu\/wp-content\/uploads\/2024\/02\/IMG_5934-Edit.jpg\",\"contentUrl\":\"https:\/\/www.aurin-choir.hu\/wp-content\/uploads\/2024\/02\/IMG_5934-Edit.jpg\",\"width\":1500,\"height\":946},{\"@type\":\"BreadcrumbList\",\"@id\":\"https:\/\/www.aurin-choir.hu\/project\/varazslatos-karacsony-2022\/#breadcrumb\",\"itemListElement\":[{\"@type\":\"ListItem\",\"position\":1,\"name\":\"Kezd\u0151lap\",\"item\":\"https:\/\/www.aurin-choir.hu\/en\/\"},{\"@type\":\"ListItem\",\"position\":2,\"name\":\"Projektek\",\"item\":\"https:\/\/www.aurin-choir.hu\/project\/\"},{\"@type\":\"ListItem\",\"position\":3,\"name\":\"Var\u00e1zslatos Kar\u00e1csony 2022\"}]},{\"@type\":\"WebSite\",\"@id\":\"https:\/\/www.aurin-choir.hu\/#website\",\"url\":\"https:\/\/www.aurin-choir.hu\/\",\"name\":\"Aurin - Miraculum\",\"description\":\"Aurin - Miraculum\",\"publisher\":{\"@id\":\"https:\/\/www.aurin-choir.hu\/#organization\"},\"potentialAction\":[{\"@type\":\"SearchAction\",\"target\":{\"@type\":\"EntryPoint\",\"urlTemplate\":\"https:\/\/www.aurin-choir.hu\/?s={search_term_string}\"},\"query-input\":{\"@type\":\"PropertyValueSpecification\",\"valueRequired\":true,\"valueName\":\"search_term_string\"}}],\"inLanguage\":\"en-US\"},{\"@type\":\"Organization\",\"@id\":\"https:\/\/www.aurin-choir.hu\/#organization\",\"name\":\"Aurin \u00e9s Miraculum Alap\u00edtv\u00e1ny\",\"url\":\"https:\/\/www.aurin-choir.hu\/\",\"logo\":{\"@type\":\"ImageObject\",\"inLanguage\":\"en-US\",\"@id\":\"https:\/\/www.aurin-choir.hu\/#\/schema\/logo\/image\/\",\"url\":\"https:\/\/www.aurin-choir.hu\/wp-content\/uploads\/2024\/05\/logo_webre_evadzaro2-1.png\",\"contentUrl\":\"https:\/\/www.aurin-choir.hu\/wp-content\/uploads\/2024\/05\/logo_webre_evadzaro2-1.png\",\"width\":500,\"height\":515,\"caption\":\"Aurin \u00e9s Miraculum Alap\u00edtv\u00e1ny\"},\"image\":{\"@id\":\"https:\/\/www.aurin-choir.hu\/#\/schema\/logo\/image\/\"},\"sameAs\":[\"https:\/\/www.facebook.com\/aurinchoir\"]}]}<\/script>\n<!-- \/ Yoast SEO plugin. -->","yoast_head_json":{"title":"Var\u00e1zslatos Kar\u00e1csony 2022 - Aurin - Miraculum","robots":{"index":"index","follow":"follow","max-snippet":"max-snippet:-1","max-image-preview":"max-image-preview:large","max-video-preview":"max-video-preview:-1"},"canonical":"https:\/\/www.aurin-choir.hu\/project\/varazslatos-karacsony-2022\/","og_locale":"en_US","og_type":"article","og_title":"Var\u00e1zslatos Kar\u00e1csony 2022 - Aurin - Miraculum","og_description":"Var\u00e1zslatos Kar\u00e1csony 2022 Nagytemplom, Kecskem\u00e9tFot\u00f3k: Szab\u00f3 Attila Tam\u00e1s","og_url":"https:\/\/www.aurin-choir.hu\/project\/varazslatos-karacsony-2022\/","og_site_name":"Aurin - Miraculum","article_publisher":"https:\/\/www.facebook.com\/aurinchoir","article_modified_time":"2025-04-07T11:39:38+00:00","og_image":[{"width":1500,"height":946,"url":"https:\/\/www.aurin-choir.hu\/wp-content\/uploads\/2024\/02\/IMG_5934-Edit.jpg","type":"image\/jpeg"}],"twitter_card":"summary_large_image","twitter_misc":{"Est. reading time":"1 minute"},"schema":{"@context":"https:\/\/schema.org","@graph":[{"@type":"WebPage","@id":"https:\/\/www.aurin-choir.hu\/project\/varazslatos-karacsony-2022\/","url":"https:\/\/www.aurin-choir.hu\/project\/varazslatos-karacsony-2022\/","name":"Var\u00e1zslatos Kar\u00e1csony 2022 - Aurin - Miraculum","isPartOf":{"@id":"https:\/\/www.aurin-choir.hu\/#website"},"primaryImageOfPage":{"@id":"https:\/\/www.aurin-choir.hu\/project\/varazslatos-karacsony-2022\/#primaryimage"},"image":{"@id":"https:\/\/www.aurin-choir.hu\/project\/varazslatos-karacsony-2022\/#primaryimage"},"thumbnailUrl":"https:\/\/www.aurin-choir.hu\/wp-content\/uploads\/2024\/02\/IMG_5934-Edit.jpg","datePublished":"2022-12-30T21:27:24+00:00","dateModified":"2025-04-07T11:39:38+00:00","breadcrumb":{"@id":"https:\/\/www.aurin-choir.hu\/project\/varazslatos-karacsony-2022\/#breadcrumb"},"inLanguage":"en-US","potentialAction":[{"@type":"ReadAction","target":["https:\/\/www.aurin-choir.hu\/project\/varazslatos-karacsony-2022\/"]}]},{"@type":"ImageObject","inLanguage":"en-US","@id":"https:\/\/www.aurin-choir.hu\/project\/varazslatos-karacsony-2022\/#primaryimage","url":"https:\/\/www.aurin-choir.hu\/wp-content\/uploads\/2024\/02\/IMG_5934-Edit.jpg","contentUrl":"https:\/\/www.aurin-choir.hu\/wp-content\/uploads\/2024\/02\/IMG_5934-Edit.jpg","width":1500,"height":946},{"@type":"BreadcrumbList","@id":"https:\/\/www.aurin-choir.hu\/project\/varazslatos-karacsony-2022\/#breadcrumb","itemListElement":[{"@type":"ListItem","position":1,"name":"Kezd\u0151lap","item":"https:\/\/www.aurin-choir.hu\/en\/"},{"@type":"ListItem","position":2,"name":"Projektek","item":"https:\/\/www.aurin-choir.hu\/project\/"},{"@type":"ListItem","position":3,"name":"Var\u00e1zslatos Kar\u00e1csony 2022"}]},{"@type":"WebSite","@id":"https:\/\/www.aurin-choir.hu\/#website","url":"https:\/\/www.aurin-choir.hu\/","name":"Aurin - Miraculum","description":"Aurin - Miraculum","publisher":{"@id":"https:\/\/www.aurin-choir.hu\/#organization"},"potentialAction":[{"@type":"SearchAction","target":{"@type":"EntryPoint","urlTemplate":"https:\/\/www.aurin-choir.hu\/?s={search_term_string}"},"query-input":{"@type":"PropertyValueSpecification","valueRequired":true,"valueName":"search_term_string"}}],"inLanguage":"en-US"},{"@type":"Organization","@id":"https:\/\/www.aurin-choir.hu\/#organization","name":"Aurin \u00e9s Miraculum Alap\u00edtv\u00e1ny","url":"https:\/\/www.aurin-choir.hu\/","logo":{"@type":"ImageObject","inLanguage":"en-US","@id":"https:\/\/www.aurin-choir.hu\/#\/schema\/logo\/image\/","url":"https:\/\/www.aurin-choir.hu\/wp-content\/uploads\/2024\/05\/logo_webre_evadzaro2-1.png","contentUrl":"https:\/\/www.aurin-choir.hu\/wp-content\/uploads\/2024\/05\/logo_webre_evadzaro2-1.png","width":500,"height":515,"caption":"Aurin \u00e9s Miraculum Alap\u00edtv\u00e1ny"},"image":{"@id":"https:\/\/www.aurin-choir.hu\/#\/schema\/logo\/image\/"},"sameAs":["https:\/\/www.facebook.com\/aurinchoir"]}]}},"_links":{"self":[{"href":"https:\/\/www.aurin-choir.hu\/en\/wp-json\/wp\/v2\/project\/17583","targetHints":{"allow":["GET"]}}],"collection":[{"href":"https:\/\/www.aurin-choir.hu\/en\/wp-json\/wp\/v2\/project"}],"about":[{"href":"https:\/\/www.aurin-choir.hu\/en\/wp-json\/wp\/v2\/types\/project"}],"author":[{"embeddable":true,"href":"https:\/\/www.aurin-choir.hu\/en\/wp-json\/wp\/v2\/users\/1"}],"replies":[{"embeddable":true,"href":"https:\/\/www.aurin-choir.hu\/en\/wp-json\/wp\/v2\/comments?post=17583"}],"version-history":[{"count":1,"href":"https:\/\/www.aurin-choir.hu\/en\/wp-json\/wp\/v2\/project\/17583\/revisions"}],"predecessor-version":[{"id":17584,"href":"https:\/\/www.aurin-choir.hu\/en\/wp-json\/wp\/v2\/project\/17583\/revisions\/17584"}],"wp:featuredmedia":[{"embeddable":true,"href":"https:\/\/www.aurin-choir.hu\/en\/wp-json\/wp\/v2\/media\/13875"}],"wp:attachment":[{"href":"https:\/\/www.aurin-choir.hu\/en\/wp-json\/wp\/v2\/media?parent=17583"}],"wp:term":[{"taxonomy":"project_category","embeddable":true,"href":"https:\/\/www.aurin-choir.hu\/en\/wp-json\/wp\/v2\/project_category?post=17583"},{"taxonomy":"project_tag","embeddable":true,"href":"https:\/\/www.aurin-choir.hu\/en\/wp-json\/wp\/v2\/project_tag?post=17583"}],"curies":[{"name":"wp","href":"https:\/\/api.w.org\/{rel}","templated":true}]}}