{"id":17591,"date":"2021-12-31T07:30:45","date_gmt":"2021-12-31T07:30:45","guid":{"rendered":"https:\/\/www.aurin-choir.hu\/project\/varazslatos-karacsony-2021\/"},"modified":"2025-04-07T11:41:21","modified_gmt":"2025-04-07T11:41:21","slug":"varazslatos-karacsony-2021","status":"publish","type":"project","link":"https:\/\/www.aurin-choir.hu\/en\/project\/varazslatos-karacsony-2021\/","title":{"rendered":"Var\u00e1zslatos Kar\u00e1csony 2021"},"content":{"rendered":"<p>[et_pb_section fb_built=&#8221;1&#8243; _builder_version=&#8221;4.27.4&#8243; _module_preset=&#8221;default&#8221; locked=&#8221;off&#8221; global_colors_info=&#8221;{}&#8221; theme_builder_area=&#8221;post_content&#8221;][et_pb_row _builder_version=&#8221;4.27.4&#8243; _module_preset=&#8221;default&#8221; global_colors_info=&#8221;{}&#8221; theme_builder_area=&#8221;post_content&#8221;][et_pb_column type=&#8221;4_4&#8243; _builder_version=&#8221;4.27.4&#8243; _module_preset=&#8221;default&#8221; global_colors_info=&#8221;{}&#8221; theme_builder_area=&#8221;post_content&#8221;][et_pb_text _builder_version=&#8221;4.27.4&#8243; _module_preset=&#8221;default&#8221; text_font=&#8221;|600|||||||&#8221; header_font=&#8221;|700|||||||&#8221; header_font_size=&#8221;31px&#8221; header_2_font=&#8221;||on||||||&#8221; hover_enabled=&#8221;0&#8243; global_colors_info=&#8221;{}&#8221; theme_builder_area=&#8221;post_content&#8221; sticky_enabled=&#8221;0&#8243;]<\/p>\n<h1 class=\"entry-title\">Var\u00e1zslatos Kar\u00e1csony 2021<\/h1>\n<p><b><\/b><\/p>\n<p>Nagytemplom, Kecskem\u00e9t<\/p>\n<p>[\/et_pb_text][\/et_pb_column][\/et_pb_row][et_pb_row _builder_version=&#8221;4.27.4&#8243; _module_preset=&#8221;default&#8221; custom_padding=&#8221;0px||0px||false|false&#8221; global_colors_info=&#8221;{}&#8221; theme_builder_area=&#8221;post_content&#8221;][et_pb_column type=&#8221;4_4&#8243; _builder_version=&#8221;4.27.4&#8243; _module_preset=&#8221;default&#8221; global_colors_info=&#8221;{}&#8221; theme_builder_area=&#8221;post_content&#8221;][et_pb_text _builder_version=&#8221;4.27.4&#8243; _module_preset=&#8221;default&#8221; hover_enabled=&#8221;0&#8243; global_colors_info=&#8221;{}&#8221; theme_builder_area=&#8221;post_content&#8221; sticky_enabled=&#8221;0&#8243;]ngg_shortcode_0_placeholder[\/et_pb_text][\/et_pb_column][\/et_pb_row][et_pb_row _builder_version=&#8221;4.27.4&#8243; _module_preset=&#8221;default&#8221; custom_padding=&#8221;0px||0px||false|false&#8221; global_colors_info=&#8221;{}&#8221; theme_builder_area=&#8221;post_content&#8221;][et_pb_column type=&#8221;4_4&#8243; _builder_version=&#8221;4.27.4&#8243; _module_preset=&#8221;default&#8221; global_colors_info=&#8221;{}&#8221; theme_builder_area=&#8221;post_content&#8221;][et_pb_text _builder_version=&#8221;4.27.4&#8243; _module_preset=&#8221;default&#8221; global_colors_info=&#8221;{}&#8221; theme_builder_area=&#8221;post_content&#8221;]Fot\u00f3k: Szab\u00f3 Attila Tam\u00e1s[\/et_pb_text][\/et_pb_column][\/et_pb_row][\/et_pb_section]<\/p>\n","protected":false},"excerpt":{"rendered":"<p>Var\u00e1zslatos Kar\u00e1csony 2021 Nagytemplom, Kecskem\u00e9t<!-- default-view.php -->\n<div\n\tclass=\"ngg-galleryoverview default-view \n\t\t\"\n\tid=\"ngg-gallery-32157758d19ded3868f3d58705b67f40-1\">\n\n\t\t<!-- Thumbnails -->\n\t\t\t\t<div id=\"ngg-image-0\" class=\"ngg-gallery-thumbnail-box \n\t\t\t\t\t\t\t\t\t\t\t\" \n\t\t\t>\n\t\t\t\t\t\t<div class=\"ngg-gallery-thumbnail\">\n\t\t\t<a href=\"https:\/\/www.aurin-choir.hu\/wp-content\/gallery\/varazslatos-karacsony-2021\/5DSR9742.jpg\"\n\t\t\t\ttitle=\"\"\n\t\t\t\tdata-src=\"https:\/\/www.aurin-choir.hu\/wp-content\/gallery\/varazslatos-karacsony-2021\/5DSR9742.jpg\"\n\t\t\t\tdata-thumbnail=\"https:\/\/www.aurin-choir.hu\/wp-content\/gallery\/varazslatos-karacsony-2021\/thumbs\/thumbs_5DSR9742.jpg\"\n\t\t\t\tdata-image-id=\"4909\"\n\t\t\t\tdata-title=\"5DSR9742\"\n\t\t\t\tdata-description=\"\"\n\t\t\t\tdata-image-slug=\"5dsr9742\"\n\t\t\t\tclass=\"ngg-simplelightbox\" rel=\"32157758d19ded3868f3d58705b67f40\">\n\t\t\t\t<img\n\t\t\t\t\ttitle=\"5DSR9742\"\n\t\t\t\t\talt=\"5DSR9742\"\n\t\t\t\t\tsrc=\"https:\/\/www.aurin-choir.hu\/wp-content\/gallery\/varazslatos-karacsony-2021\/cache\/5DSR9742.jpg-nggid044909-ngg0dyn-325x225x100-00f0w010c011r110f110r010t010.jpg\"\n\t\t\t\t\twidth=\"325\"\n\t\t\t\t\theight=\"225\"\n\t\t\t\t\tstyle=\"max-width:100%;\"\n\t\t\t\t\/>\n\t\t\t<\/a>\n\t\t<\/div>\n\t\t\t\t\t\t\t<\/div> \n\t\t\t\n\t\t\t\t<div id=\"ngg-image-1\" class=\"ngg-gallery-thumbnail-box \n\t\t\t\t\t\t\t\t\t\t\t\" \n\t\t\t>\n\t\t\t\t\t\t<div class=\"ngg-gallery-thumbnail\">\n\t\t\t<a href=\"https:\/\/www.aurin-choir.hu\/wp-content\/gallery\/varazslatos-karacsony-2021\/5DSR9723.jpg\"\n\t\t\t\ttitle=\"\"\n\t\t\t\tdata-src=\"https:\/\/www.aurin-choir.hu\/wp-content\/gallery\/varazslatos-karacsony-2021\/5DSR9723.jpg\"\n\t\t\t\tdata-thumbnail=\"https:\/\/www.aurin-choir.hu\/wp-content\/gallery\/varazslatos-karacsony-2021\/thumbs\/thumbs_5DSR9723.jpg\"\n\t\t\t\tdata-image-id=\"4910\"\n\t\t\t\tdata-title=\"5DSR9723\"\n\t\t\t\tdata-description=\"\"\n\t\t\t\tdata-image-slug=\"5dsr9723\"\n\t\t\t\tclass=\"ngg-simplelightbox\" rel=\"32157758d19ded3868f3d58705b67f40\">\n\t\t\t\t<img\n\t\t\t\t\ttitle=\"5DSR9723\"\n\t\t\t\t\talt=\"5DSR9723\"\n\t\t\t\t\tsrc=\"https:\/\/www.aurin-choir.hu\/wp-content\/gallery\/varazslatos-karacsony-2021\/cache\/5DSR9723.jpg-nggid044910-ngg0dyn-325x225x100-00f0w010c011r110f110r010t010.jpg\"\n\t\t\t\t\twidth=\"325\"\n\t\t\t\t\theight=\"225\"\n\t\t\t\t\tstyle=\"max-width:100%;\"\n\t\t\t\t\/>\n\t\t\t<\/a>\n\t\t<\/div>\n\t\t\t\t\t\t\t<\/div> \n\t\t\t\n\t\t\t\t<div id=\"ngg-image-2\" class=\"ngg-gallery-thumbnail-box \n\t\t\t\t\t\t\t\t\t\t\t\" \n\t\t\t>\n\t\t\t\t\t\t<div class=\"ngg-gallery-thumbnail\">\n\t\t\t<a href=\"https:\/\/www.aurin-choir.hu\/wp-content\/gallery\/varazslatos-karacsony-2021\/5DSR9746.jpg\"\n\t\t\t\ttitle=\"\"\n\t\t\t\tdata-src=\"https:\/\/www.aurin-choir.hu\/wp-content\/gallery\/varazslatos-karacsony-2021\/5DSR9746.jpg\"\n\t\t\t\tdata-thumbnail=\"https:\/\/www.aurin-choir.hu\/wp-content\/gallery\/varazslatos-karacsony-2021\/thumbs\/thumbs_5DSR9746.jpg\"\n\t\t\t\tdata-image-id=\"4911\"\n\t\t\t\tdata-title=\"5DSR9746\"\n\t\t\t\tdata-description=\"\"\n\t\t\t\tdata-image-slug=\"5dsr9746\"\n\t\t\t\tclass=\"ngg-simplelightbox\" rel=\"32157758d19ded3868f3d58705b67f40\">\n\t\t\t\t<img\n\t\t\t\t\ttitle=\"5DSR9746\"\n\t\t\t\t\talt=\"5DSR9746\"\n\t\t\t\t\tsrc=\"https:\/\/www.aurin-choir.hu\/wp-content\/gallery\/varazslatos-karacsony-2021\/cache\/5DSR9746.jpg-nggid044911-ngg0dyn-325x225x100-00f0w010c011r110f110r010t010.jpg\"\n\t\t\t\t\twidth=\"325\"\n\t\t\t\t\theight=\"225\"\n\t\t\t\t\tstyle=\"max-width:100%;\"\n\t\t\t\t\/>\n\t\t\t<\/a>\n\t\t<\/div>\n\t\t\t\t\t\t\t<\/div> \n\t\t\t\n\t\t\t\t<div id=\"ngg-image-3\" class=\"ngg-gallery-thumbnail-box \n\t\t\t\t\t\t\t\t\t\t\t\" \n\t\t\t>\n\t\t\t\t\t\t<div class=\"ngg-gallery-thumbnail\">\n\t\t\t<a href=\"https:\/\/www.aurin-choir.hu\/wp-content\/gallery\/varazslatos-karacsony-2021\/IMG_4319.jpg\"\n\t\t\t\ttitle=\"\"\n\t\t\t\tdata-src=\"https:\/\/www.aurin-choir.hu\/wp-content\/gallery\/varazslatos-karacsony-2021\/IMG_4319.jpg\"\n\t\t\t\tdata-thumbnail=\"https:\/\/www.aurin-choir.hu\/wp-content\/gallery\/varazslatos-karacsony-2021\/thumbs\/thumbs_IMG_4319.jpg\"\n\t\t\t\tdata-image-id=\"4912\"\n\t\t\t\tdata-title=\"IMG_4319\"\n\t\t\t\tdata-description=\"\"\n\t\t\t\tdata-image-slug=\"img_4319\"\n\t\t\t\tclass=\"ngg-simplelightbox\" rel=\"32157758d19ded3868f3d58705b67f40\">\n\t\t\t\t<img\n\t\t\t\t\ttitle=\"IMG_4319\"\n\t\t\t\t\talt=\"IMG_4319\"\n\t\t\t\t\tsrc=\"https:\/\/www.aurin-choir.hu\/wp-content\/gallery\/varazslatos-karacsony-2021\/cache\/IMG_4319.jpg-nggid044912-ngg0dyn-325x225x100-00f0w010c011r110f110r010t010.jpg\"\n\t\t\t\t\twidth=\"325\"\n\t\t\t\t\theight=\"225\"\n\t\t\t\t\tstyle=\"max-width:100%;\"\n\t\t\t\t\/>\n\t\t\t<\/a>\n\t\t<\/div>\n\t\t\t\t\t\t\t<\/div> \n\t\t\t\n\t\t\t\t<div id=\"ngg-image-4\" class=\"ngg-gallery-thumbnail-box \n\t\t\t\t\t\t\t\t\t\t\t\" \n\t\t\t>\n\t\t\t\t\t\t<div class=\"ngg-gallery-thumbnail\">\n\t\t\t<a href=\"https:\/\/www.aurin-choir.hu\/wp-content\/gallery\/varazslatos-karacsony-2021\/IMG_4335.jpg\"\n\t\t\t\ttitle=\"\"\n\t\t\t\tdata-src=\"https:\/\/www.aurin-choir.hu\/wp-content\/gallery\/varazslatos-karacsony-2021\/IMG_4335.jpg\"\n\t\t\t\tdata-thumbnail=\"https:\/\/www.aurin-choir.hu\/wp-content\/gallery\/varazslatos-karacsony-2021\/thumbs\/thumbs_IMG_4335.jpg\"\n\t\t\t\tdata-image-id=\"4913\"\n\t\t\t\tdata-title=\"IMG_4335\"\n\t\t\t\tdata-description=\"\"\n\t\t\t\tdata-image-slug=\"img_4335\"\n\t\t\t\tclass=\"ngg-simplelightbox\" rel=\"32157758d19ded3868f3d58705b67f40\">\n\t\t\t\t<img\n\t\t\t\t\ttitle=\"IMG_4335\"\n\t\t\t\t\talt=\"IMG_4335\"\n\t\t\t\t\tsrc=\"https:\/\/www.aurin-choir.hu\/wp-content\/gallery\/varazslatos-karacsony-2021\/cache\/IMG_4335.jpg-nggid044913-ngg0dyn-325x225x100-00f0w010c011r110f110r010t010.jpg\"\n\t\t\t\t\twidth=\"325\"\n\t\t\t\t\theight=\"225\"\n\t\t\t\t\tstyle=\"max-width:100%;\"\n\t\t\t\t\/>\n\t\t\t<\/a>\n\t\t<\/div>\n\t\t\t\t\t\t\t<\/div> \n\t\t\t\n\t\t\t\t<div id=\"ngg-image-5\" class=\"ngg-gallery-thumbnail-box \n\t\t\t\t\t\t\t\t\t\t\t\" \n\t\t\t>\n\t\t\t\t\t\t<div class=\"ngg-gallery-thumbnail\">\n\t\t\t<a href=\"https:\/\/www.aurin-choir.hu\/wp-content\/gallery\/varazslatos-karacsony-2021\/5DSR9744.jpg\"\n\t\t\t\ttitle=\"\"\n\t\t\t\tdata-src=\"https:\/\/www.aurin-choir.hu\/wp-content\/gallery\/varazslatos-karacsony-2021\/5DSR9744.jpg\"\n\t\t\t\tdata-thumbnail=\"https:\/\/www.aurin-choir.hu\/wp-content\/gallery\/varazslatos-karacsony-2021\/thumbs\/thumbs_5DSR9744.jpg\"\n\t\t\t\tdata-image-id=\"4914\"\n\t\t\t\tdata-title=\"5DSR9744\"\n\t\t\t\tdata-description=\"\"\n\t\t\t\tdata-image-slug=\"5dsr9744\"\n\t\t\t\tclass=\"ngg-simplelightbox\" rel=\"32157758d19ded3868f3d58705b67f40\">\n\t\t\t\t<img\n\t\t\t\t\ttitle=\"5DSR9744\"\n\t\t\t\t\talt=\"5DSR9744\"\n\t\t\t\t\tsrc=\"https:\/\/www.aurin-choir.hu\/wp-content\/gallery\/varazslatos-karacsony-2021\/cache\/5DSR9744.jpg-nggid044914-ngg0dyn-325x225x100-00f0w010c011r110f110r010t010.jpg\"\n\t\t\t\t\twidth=\"325\"\n\t\t\t\t\theight=\"225\"\n\t\t\t\t\tstyle=\"max-width:100%;\"\n\t\t\t\t\/>\n\t\t\t<\/a>\n\t\t<\/div>\n\t\t\t\t\t\t\t<\/div> \n\t\t\t\n\t\t\t\t<div id=\"ngg-image-6\" class=\"ngg-gallery-thumbnail-box \n\t\t\t\t\t\t\t\t\t\t\t\" \n\t\t\t>\n\t\t\t\t\t\t<div class=\"ngg-gallery-thumbnail\">\n\t\t\t<a href=\"https:\/\/www.aurin-choir.hu\/wp-content\/gallery\/varazslatos-karacsony-2021\/IMG_4361.jpg\"\n\t\t\t\ttitle=\"\"\n\t\t\t\tdata-src=\"https:\/\/www.aurin-choir.hu\/wp-content\/gallery\/varazslatos-karacsony-2021\/IMG_4361.jpg\"\n\t\t\t\tdata-thumbnail=\"https:\/\/www.aurin-choir.hu\/wp-content\/gallery\/varazslatos-karacsony-2021\/thumbs\/thumbs_IMG_4361.jpg\"\n\t\t\t\tdata-image-id=\"4915\"\n\t\t\t\tdata-title=\"IMG_4361\"\n\t\t\t\tdata-description=\"\"\n\t\t\t\tdata-image-slug=\"img_4361\"\n\t\t\t\tclass=\"ngg-simplelightbox\" rel=\"32157758d19ded3868f3d58705b67f40\">\n\t\t\t\t<img\n\t\t\t\t\ttitle=\"IMG_4361\"\n\t\t\t\t\talt=\"IMG_4361\"\n\t\t\t\t\tsrc=\"https:\/\/www.aurin-choir.hu\/wp-content\/gallery\/varazslatos-karacsony-2021\/cache\/IMG_4361.jpg-nggid044915-ngg0dyn-325x225x100-00f0w010c011r110f110r010t010.jpg\"\n\t\t\t\t\twidth=\"325\"\n\t\t\t\t\theight=\"225\"\n\t\t\t\t\tstyle=\"max-width:100%;\"\n\t\t\t\t\/>\n\t\t\t<\/a>\n\t\t<\/div>\n\t\t\t\t\t\t\t<\/div> \n\t\t\t\n\t\t\t\t<div id=\"ngg-image-7\" class=\"ngg-gallery-thumbnail-box \n\t\t\t\t\t\t\t\t\t\t\t\" \n\t\t\t>\n\t\t\t\t\t\t<div class=\"ngg-gallery-thumbnail\">\n\t\t\t<a href=\"https:\/\/www.aurin-choir.hu\/wp-content\/gallery\/varazslatos-karacsony-2021\/IMG_4337.jpg\"\n\t\t\t\ttitle=\"\"\n\t\t\t\tdata-src=\"https:\/\/www.aurin-choir.hu\/wp-content\/gallery\/varazslatos-karacsony-2021\/IMG_4337.jpg\"\n\t\t\t\tdata-thumbnail=\"https:\/\/www.aurin-choir.hu\/wp-content\/gallery\/varazslatos-karacsony-2021\/thumbs\/thumbs_IMG_4337.jpg\"\n\t\t\t\tdata-image-id=\"4916\"\n\t\t\t\tdata-title=\"IMG_4337\"\n\t\t\t\tdata-description=\"\"\n\t\t\t\tdata-image-slug=\"img_4337\"\n\t\t\t\tclass=\"ngg-simplelightbox\" rel=\"32157758d19ded3868f3d58705b67f40\">\n\t\t\t\t<img\n\t\t\t\t\ttitle=\"IMG_4337\"\n\t\t\t\t\talt=\"IMG_4337\"\n\t\t\t\t\tsrc=\"https:\/\/www.aurin-choir.hu\/wp-content\/gallery\/varazslatos-karacsony-2021\/cache\/IMG_4337.jpg-nggid044916-ngg0dyn-325x225x100-00f0w010c011r110f110r010t010.jpg\"\n\t\t\t\t\twidth=\"325\"\n\t\t\t\t\theight=\"225\"\n\t\t\t\t\tstyle=\"max-width:100%;\"\n\t\t\t\t\/>\n\t\t\t<\/a>\n\t\t<\/div>\n\t\t\t\t\t\t\t<\/div> \n\t\t\t\n\t\t\t\t<div id=\"ngg-image-8\" class=\"ngg-gallery-thumbnail-box \n\t\t\t\t\t\t\t\t\t\t\t\" \n\t\t\t>\n\t\t\t\t\t\t<div class=\"ngg-gallery-thumbnail\">\n\t\t\t<a href=\"https:\/\/www.aurin-choir.hu\/wp-content\/gallery\/varazslatos-karacsony-2021\/IMG_4374.jpg\"\n\t\t\t\ttitle=\"\"\n\t\t\t\tdata-src=\"https:\/\/www.aurin-choir.hu\/wp-content\/gallery\/varazslatos-karacsony-2021\/IMG_4374.jpg\"\n\t\t\t\tdata-thumbnail=\"https:\/\/www.aurin-choir.hu\/wp-content\/gallery\/varazslatos-karacsony-2021\/thumbs\/thumbs_IMG_4374.jpg\"\n\t\t\t\tdata-image-id=\"4917\"\n\t\t\t\tdata-title=\"IMG_4374\"\n\t\t\t\tdata-description=\"\"\n\t\t\t\tdata-image-slug=\"img_4374\"\n\t\t\t\tclass=\"ngg-simplelightbox\" rel=\"32157758d19ded3868f3d58705b67f40\">\n\t\t\t\t<img\n\t\t\t\t\ttitle=\"IMG_4374\"\n\t\t\t\t\talt=\"IMG_4374\"\n\t\t\t\t\tsrc=\"https:\/\/www.aurin-choir.hu\/wp-content\/gallery\/varazslatos-karacsony-2021\/cache\/IMG_4374.jpg-nggid044917-ngg0dyn-325x225x100-00f0w010c011r110f110r010t010.jpg\"\n\t\t\t\t\twidth=\"325\"\n\t\t\t\t\theight=\"225\"\n\t\t\t\t\tstyle=\"max-width:100%;\"\n\t\t\t\t\/>\n\t\t\t<\/a>\n\t\t<\/div>\n\t\t\t\t\t\t\t<\/div> \n\t\t\t\n\t\t\t\t<div id=\"ngg-image-9\" class=\"ngg-gallery-thumbnail-box \n\t\t\t\t\t\t\t\t\t\t\t\" \n\t\t\t>\n\t\t\t\t\t\t<div class=\"ngg-gallery-thumbnail\">\n\t\t\t<a href=\"https:\/\/www.aurin-choir.hu\/wp-content\/gallery\/varazslatos-karacsony-2021\/IMG_4351.jpg\"\n\t\t\t\ttitle=\"\"\n\t\t\t\tdata-src=\"https:\/\/www.aurin-choir.hu\/wp-content\/gallery\/varazslatos-karacsony-2021\/IMG_4351.jpg\"\n\t\t\t\tdata-thumbnail=\"https:\/\/www.aurin-choir.hu\/wp-content\/gallery\/varazslatos-karacsony-2021\/thumbs\/thumbs_IMG_4351.jpg\"\n\t\t\t\tdata-image-id=\"4918\"\n\t\t\t\tdata-title=\"IMG_4351\"\n\t\t\t\tdata-description=\"\"\n\t\t\t\tdata-image-slug=\"img_4351\"\n\t\t\t\tclass=\"ngg-simplelightbox\" rel=\"32157758d19ded3868f3d58705b67f40\">\n\t\t\t\t<img\n\t\t\t\t\ttitle=\"IMG_4351\"\n\t\t\t\t\talt=\"IMG_4351\"\n\t\t\t\t\tsrc=\"https:\/\/www.aurin-choir.hu\/wp-content\/gallery\/varazslatos-karacsony-2021\/cache\/IMG_4351.jpg-nggid044918-ngg0dyn-325x225x100-00f0w010c011r110f110r010t010.jpg\"\n\t\t\t\t\twidth=\"325\"\n\t\t\t\t\theight=\"225\"\n\t\t\t\t\tstyle=\"max-width:100%;\"\n\t\t\t\t\/>\n\t\t\t<\/a>\n\t\t<\/div>\n\t\t\t\t\t\t\t<\/div> \n\t\t\t\n\t\t\t\t<div id=\"ngg-image-10\" class=\"ngg-gallery-thumbnail-box \n\t\t\t\t\t\t\t\t\t\t\t\" \n\t\t\t>\n\t\t\t\t\t\t<div class=\"ngg-gallery-thumbnail\">\n\t\t\t<a href=\"https:\/\/www.aurin-choir.hu\/wp-content\/gallery\/varazslatos-karacsony-2021\/IMG_4372.jpg\"\n\t\t\t\ttitle=\"\"\n\t\t\t\tdata-src=\"https:\/\/www.aurin-choir.hu\/wp-content\/gallery\/varazslatos-karacsony-2021\/IMG_4372.jpg\"\n\t\t\t\tdata-thumbnail=\"https:\/\/www.aurin-choir.hu\/wp-content\/gallery\/varazslatos-karacsony-2021\/thumbs\/thumbs_IMG_4372.jpg\"\n\t\t\t\tdata-image-id=\"4919\"\n\t\t\t\tdata-title=\"IMG_4372\"\n\t\t\t\tdata-description=\"\"\n\t\t\t\tdata-image-slug=\"img_4372\"\n\t\t\t\tclass=\"ngg-simplelightbox\" rel=\"32157758d19ded3868f3d58705b67f40\">\n\t\t\t\t<img\n\t\t\t\t\ttitle=\"IMG_4372\"\n\t\t\t\t\talt=\"IMG_4372\"\n\t\t\t\t\tsrc=\"https:\/\/www.aurin-choir.hu\/wp-content\/gallery\/varazslatos-karacsony-2021\/cache\/IMG_4372.jpg-nggid044919-ngg0dyn-325x225x100-00f0w010c011r110f110r010t010.jpg\"\n\t\t\t\t\twidth=\"325\"\n\t\t\t\t\theight=\"225\"\n\t\t\t\t\tstyle=\"max-width:100%;\"\n\t\t\t\t\/>\n\t\t\t<\/a>\n\t\t<\/div>\n\t\t\t\t\t\t\t<\/div> \n\t\t\t\n\t\t\t\t<div id=\"ngg-image-11\" class=\"ngg-gallery-thumbnail-box \n\t\t\t\t\t\t\t\t\t\t\t\" \n\t\t\t>\n\t\t\t\t\t\t<div class=\"ngg-gallery-thumbnail\">\n\t\t\t<a href=\"https:\/\/www.aurin-choir.hu\/wp-content\/gallery\/varazslatos-karacsony-2021\/IMG_4375.jpg\"\n\t\t\t\ttitle=\"\"\n\t\t\t\tdata-src=\"https:\/\/www.aurin-choir.hu\/wp-content\/gallery\/varazslatos-karacsony-2021\/IMG_4375.jpg\"\n\t\t\t\tdata-thumbnail=\"https:\/\/www.aurin-choir.hu\/wp-content\/gallery\/varazslatos-karacsony-2021\/thumbs\/thumbs_IMG_4375.jpg\"\n\t\t\t\tdata-image-id=\"4920\"\n\t\t\t\tdata-title=\"IMG_4375\"\n\t\t\t\tdata-description=\"\"\n\t\t\t\tdata-image-slug=\"img_4375\"\n\t\t\t\tclass=\"ngg-simplelightbox\" rel=\"32157758d19ded3868f3d58705b67f40\">\n\t\t\t\t<img\n\t\t\t\t\ttitle=\"IMG_4375\"\n\t\t\t\t\talt=\"IMG_4375\"\n\t\t\t\t\tsrc=\"https:\/\/www.aurin-choir.hu\/wp-content\/gallery\/varazslatos-karacsony-2021\/cache\/IMG_4375.jpg-nggid044920-ngg0dyn-325x225x100-00f0w010c011r110f110r010t010.jpg\"\n\t\t\t\t\twidth=\"325\"\n\t\t\t\t\theight=\"225\"\n\t\t\t\t\tstyle=\"max-width:100%;\"\n\t\t\t\t\/>\n\t\t\t<\/a>\n\t\t<\/div>\n\t\t\t\t\t\t\t<\/div> \n\t\t\t\n\t\t\t\t<div id=\"ngg-image-12\" class=\"ngg-gallery-thumbnail-box \n\t\t\t\t\t\t\t\t\t\t\t\" \n\t\t\t>\n\t\t\t\t\t\t<div class=\"ngg-gallery-thumbnail\">\n\t\t\t<a href=\"https:\/\/www.aurin-choir.hu\/wp-content\/gallery\/varazslatos-karacsony-2021\/IMG_4380.jpg\"\n\t\t\t\ttitle=\"\"\n\t\t\t\tdata-src=\"https:\/\/www.aurin-choir.hu\/wp-content\/gallery\/varazslatos-karacsony-2021\/IMG_4380.jpg\"\n\t\t\t\tdata-thumbnail=\"https:\/\/www.aurin-choir.hu\/wp-content\/gallery\/varazslatos-karacsony-2021\/thumbs\/thumbs_IMG_4380.jpg\"\n\t\t\t\tdata-image-id=\"4921\"\n\t\t\t\tdata-title=\"IMG_4380\"\n\t\t\t\tdata-description=\"\"\n\t\t\t\tdata-image-slug=\"img_4380\"\n\t\t\t\tclass=\"ngg-simplelightbox\" rel=\"32157758d19ded3868f3d58705b67f40\">\n\t\t\t\t<img\n\t\t\t\t\ttitle=\"IMG_4380\"\n\t\t\t\t\talt=\"IMG_4380\"\n\t\t\t\t\tsrc=\"https:\/\/www.aurin-choir.hu\/wp-content\/gallery\/varazslatos-karacsony-2021\/cache\/IMG_4380.jpg-nggid044921-ngg0dyn-325x225x100-00f0w010c011r110f110r010t010.jpg\"\n\t\t\t\t\twidth=\"325\"\n\t\t\t\t\theight=\"225\"\n\t\t\t\t\tstyle=\"max-width:100%;\"\n\t\t\t\t\/>\n\t\t\t<\/a>\n\t\t<\/div>\n\t\t\t\t\t\t\t<\/div> \n\t\t\t\n\t\t\t\t<div id=\"ngg-image-13\" class=\"ngg-gallery-thumbnail-box \n\t\t\t\t\t\t\t\t\t\t\t\" \n\t\t\t>\n\t\t\t\t\t\t<div class=\"ngg-gallery-thumbnail\">\n\t\t\t<a href=\"https:\/\/www.aurin-choir.hu\/wp-content\/gallery\/varazslatos-karacsony-2021\/IMG_4387.jpg\"\n\t\t\t\ttitle=\"\"\n\t\t\t\tdata-src=\"https:\/\/www.aurin-choir.hu\/wp-content\/gallery\/varazslatos-karacsony-2021\/IMG_4387.jpg\"\n\t\t\t\tdata-thumbnail=\"https:\/\/www.aurin-choir.hu\/wp-content\/gallery\/varazslatos-karacsony-2021\/thumbs\/thumbs_IMG_4387.jpg\"\n\t\t\t\tdata-image-id=\"4922\"\n\t\t\t\tdata-title=\"IMG_4387\"\n\t\t\t\tdata-description=\"\"\n\t\t\t\tdata-image-slug=\"img_4387\"\n\t\t\t\tclass=\"ngg-simplelightbox\" rel=\"32157758d19ded3868f3d58705b67f40\">\n\t\t\t\t<img\n\t\t\t\t\ttitle=\"IMG_4387\"\n\t\t\t\t\talt=\"IMG_4387\"\n\t\t\t\t\tsrc=\"https:\/\/www.aurin-choir.hu\/wp-content\/gallery\/varazslatos-karacsony-2021\/cache\/IMG_4387.jpg-nggid044922-ngg0dyn-325x225x100-00f0w010c011r110f110r010t010.jpg\"\n\t\t\t\t\twidth=\"325\"\n\t\t\t\t\theight=\"225\"\n\t\t\t\t\tstyle=\"max-width:100%;\"\n\t\t\t\t\/>\n\t\t\t<\/a>\n\t\t<\/div>\n\t\t\t\t\t\t\t<\/div> \n\t\t\t\n\t\t\t\t<div id=\"ngg-image-14\" class=\"ngg-gallery-thumbnail-box \n\t\t\t\t\t\t\t\t\t\t\t\" \n\t\t\t>\n\t\t\t\t\t\t<div class=\"ngg-gallery-thumbnail\">\n\t\t\t<a href=\"https:\/\/www.aurin-choir.hu\/wp-content\/gallery\/varazslatos-karacsony-2021\/IMG_4405.jpg\"\n\t\t\t\ttitle=\"\"\n\t\t\t\tdata-src=\"https:\/\/www.aurin-choir.hu\/wp-content\/gallery\/varazslatos-karacsony-2021\/IMG_4405.jpg\"\n\t\t\t\tdata-thumbnail=\"https:\/\/www.aurin-choir.hu\/wp-content\/gallery\/varazslatos-karacsony-2021\/thumbs\/thumbs_IMG_4405.jpg\"\n\t\t\t\tdata-image-id=\"4923\"\n\t\t\t\tdata-title=\"IMG_4405\"\n\t\t\t\tdata-description=\"\"\n\t\t\t\tdata-image-slug=\"img_4405\"\n\t\t\t\tclass=\"ngg-simplelightbox\" rel=\"32157758d19ded3868f3d58705b67f40\">\n\t\t\t\t<img\n\t\t\t\t\ttitle=\"IMG_4405\"\n\t\t\t\t\talt=\"IMG_4405\"\n\t\t\t\t\tsrc=\"https:\/\/www.aurin-choir.hu\/wp-content\/gallery\/varazslatos-karacsony-2021\/cache\/IMG_4405.jpg-nggid044923-ngg0dyn-325x225x100-00f0w010c011r110f110r010t010.jpg\"\n\t\t\t\t\twidth=\"325\"\n\t\t\t\t\theight=\"225\"\n\t\t\t\t\tstyle=\"max-width:100%;\"\n\t\t\t\t\/>\n\t\t\t<\/a>\n\t\t<\/div>\n\t\t\t\t\t\t\t<\/div> \n\t\t\t\n\t\t\t\t<div id=\"ngg-image-15\" class=\"ngg-gallery-thumbnail-box \n\t\t\t\t\t\t\t\t\t\t\t\" \n\t\t\t>\n\t\t\t\t\t\t<div class=\"ngg-gallery-thumbnail\">\n\t\t\t<a href=\"https:\/\/www.aurin-choir.hu\/wp-content\/gallery\/varazslatos-karacsony-2021\/IMG_4395.jpg\"\n\t\t\t\ttitle=\"\"\n\t\t\t\tdata-src=\"https:\/\/www.aurin-choir.hu\/wp-content\/gallery\/varazslatos-karacsony-2021\/IMG_4395.jpg\"\n\t\t\t\tdata-thumbnail=\"https:\/\/www.aurin-choir.hu\/wp-content\/gallery\/varazslatos-karacsony-2021\/thumbs\/thumbs_IMG_4395.jpg\"\n\t\t\t\tdata-image-id=\"4924\"\n\t\t\t\tdata-title=\"IMG_4395\"\n\t\t\t\tdata-description=\"\"\n\t\t\t\tdata-image-slug=\"img_4395\"\n\t\t\t\tclass=\"ngg-simplelightbox\" rel=\"32157758d19ded3868f3d58705b67f40\">\n\t\t\t\t<img\n\t\t\t\t\ttitle=\"IMG_4395\"\n\t\t\t\t\talt=\"IMG_4395\"\n\t\t\t\t\tsrc=\"https:\/\/www.aurin-choir.hu\/wp-content\/gallery\/varazslatos-karacsony-2021\/cache\/IMG_4395.jpg-nggid044924-ngg0dyn-325x225x100-00f0w010c011r110f110r010t010.jpg\"\n\t\t\t\t\twidth=\"325\"\n\t\t\t\t\theight=\"225\"\n\t\t\t\t\tstyle=\"max-width:100%;\"\n\t\t\t\t\/>\n\t\t\t<\/a>\n\t\t<\/div>\n\t\t\t\t\t\t\t<\/div> \n\t\t\t\n\t\t\t\t<div id=\"ngg-image-16\" class=\"ngg-gallery-thumbnail-box \n\t\t\t\t\t\t\t\t\t\t\t\" \n\t\t\t>\n\t\t\t\t\t\t<div class=\"ngg-gallery-thumbnail\">\n\t\t\t<a href=\"https:\/\/www.aurin-choir.hu\/wp-content\/gallery\/varazslatos-karacsony-2021\/IMG_4389.jpg\"\n\t\t\t\ttitle=\"\"\n\t\t\t\tdata-src=\"https:\/\/www.aurin-choir.hu\/wp-content\/gallery\/varazslatos-karacsony-2021\/IMG_4389.jpg\"\n\t\t\t\tdata-thumbnail=\"https:\/\/www.aurin-choir.hu\/wp-content\/gallery\/varazslatos-karacsony-2021\/thumbs\/thumbs_IMG_4389.jpg\"\n\t\t\t\tdata-image-id=\"4925\"\n\t\t\t\tdata-title=\"IMG_4389\"\n\t\t\t\tdata-description=\"\"\n\t\t\t\tdata-image-slug=\"img_4389\"\n\t\t\t\tclass=\"ngg-simplelightbox\" rel=\"32157758d19ded3868f3d58705b67f40\">\n\t\t\t\t<img\n\t\t\t\t\ttitle=\"IMG_4389\"\n\t\t\t\t\talt=\"IMG_4389\"\n\t\t\t\t\tsrc=\"https:\/\/www.aurin-choir.hu\/wp-content\/gallery\/varazslatos-karacsony-2021\/cache\/IMG_4389.jpg-nggid044925-ngg0dyn-325x225x100-00f0w010c011r110f110r010t010.jpg\"\n\t\t\t\t\twidth=\"325\"\n\t\t\t\t\theight=\"225\"\n\t\t\t\t\tstyle=\"max-width:100%;\"\n\t\t\t\t\/>\n\t\t\t<\/a>\n\t\t<\/div>\n\t\t\t\t\t\t\t<\/div> \n\t\t\t\n\t\t\t\t<div id=\"ngg-image-17\" class=\"ngg-gallery-thumbnail-box \n\t\t\t\t\t\t\t\t\t\t\t\" \n\t\t\t>\n\t\t\t\t\t\t<div class=\"ngg-gallery-thumbnail\">\n\t\t\t<a href=\"https:\/\/www.aurin-choir.hu\/wp-content\/gallery\/varazslatos-karacsony-2021\/IMG_4403.jpg\"\n\t\t\t\ttitle=\"\"\n\t\t\t\tdata-src=\"https:\/\/www.aurin-choir.hu\/wp-content\/gallery\/varazslatos-karacsony-2021\/IMG_4403.jpg\"\n\t\t\t\tdata-thumbnail=\"https:\/\/www.aurin-choir.hu\/wp-content\/gallery\/varazslatos-karacsony-2021\/thumbs\/thumbs_IMG_4403.jpg\"\n\t\t\t\tdata-image-id=\"4926\"\n\t\t\t\tdata-title=\"IMG_4403\"\n\t\t\t\tdata-description=\"\"\n\t\t\t\tdata-image-slug=\"img_4403\"\n\t\t\t\tclass=\"ngg-simplelightbox\" rel=\"32157758d19ded3868f3d58705b67f40\">\n\t\t\t\t<img\n\t\t\t\t\ttitle=\"IMG_4403\"\n\t\t\t\t\talt=\"IMG_4403\"\n\t\t\t\t\tsrc=\"https:\/\/www.aurin-choir.hu\/wp-content\/gallery\/varazslatos-karacsony-2021\/cache\/IMG_4403.jpg-nggid044926-ngg0dyn-325x225x100-00f0w010c011r110f110r010t010.jpg\"\n\t\t\t\t\twidth=\"325\"\n\t\t\t\t\theight=\"225\"\n\t\t\t\t\tstyle=\"max-width:100%;\"\n\t\t\t\t\/>\n\t\t\t<\/a>\n\t\t<\/div>\n\t\t\t\t\t\t\t<\/div> \n\t\t\t\n\t\t\t\t<div id=\"ngg-image-18\" class=\"ngg-gallery-thumbnail-box \n\t\t\t\t\t\t\t\t\t\t\t\" \n\t\t\t>\n\t\t\t\t\t\t<div class=\"ngg-gallery-thumbnail\">\n\t\t\t<a href=\"https:\/\/www.aurin-choir.hu\/wp-content\/gallery\/varazslatos-karacsony-2021\/IMG_4408.jpg\"\n\t\t\t\ttitle=\"\"\n\t\t\t\tdata-src=\"https:\/\/www.aurin-choir.hu\/wp-content\/gallery\/varazslatos-karacsony-2021\/IMG_4408.jpg\"\n\t\t\t\tdata-thumbnail=\"https:\/\/www.aurin-choir.hu\/wp-content\/gallery\/varazslatos-karacsony-2021\/thumbs\/thumbs_IMG_4408.jpg\"\n\t\t\t\tdata-image-id=\"4927\"\n\t\t\t\tdata-title=\"IMG_4408\"\n\t\t\t\tdata-description=\"\"\n\t\t\t\tdata-image-slug=\"img_4408\"\n\t\t\t\tclass=\"ngg-simplelightbox\" rel=\"32157758d19ded3868f3d58705b67f40\">\n\t\t\t\t<img\n\t\t\t\t\ttitle=\"IMG_4408\"\n\t\t\t\t\talt=\"IMG_4408\"\n\t\t\t\t\tsrc=\"https:\/\/www.aurin-choir.hu\/wp-content\/gallery\/varazslatos-karacsony-2021\/cache\/IMG_4408.jpg-nggid044927-ngg0dyn-325x225x100-00f0w010c011r110f110r010t010.jpg\"\n\t\t\t\t\twidth=\"325\"\n\t\t\t\t\theight=\"225\"\n\t\t\t\t\tstyle=\"max-width:100%;\"\n\t\t\t\t\/>\n\t\t\t<\/a>\n\t\t<\/div>\n\t\t\t\t\t\t\t<\/div> \n\t\t\t\n\t\t\t\t<div id=\"ngg-image-19\" class=\"ngg-gallery-thumbnail-box \n\t\t\t\t\t\t\t\t\t\t\t\" \n\t\t\t>\n\t\t\t\t\t\t<div class=\"ngg-gallery-thumbnail\">\n\t\t\t<a href=\"https:\/\/www.aurin-choir.hu\/wp-content\/gallery\/varazslatos-karacsony-2021\/IMG_4442.jpg\"\n\t\t\t\ttitle=\"\"\n\t\t\t\tdata-src=\"https:\/\/www.aurin-choir.hu\/wp-content\/gallery\/varazslatos-karacsony-2021\/IMG_4442.jpg\"\n\t\t\t\tdata-thumbnail=\"https:\/\/www.aurin-choir.hu\/wp-content\/gallery\/varazslatos-karacsony-2021\/thumbs\/thumbs_IMG_4442.jpg\"\n\t\t\t\tdata-image-id=\"4928\"\n\t\t\t\tdata-title=\"IMG_4442\"\n\t\t\t\tdata-description=\"\"\n\t\t\t\tdata-image-slug=\"img_4442\"\n\t\t\t\tclass=\"ngg-simplelightbox\" rel=\"32157758d19ded3868f3d58705b67f40\">\n\t\t\t\t<img\n\t\t\t\t\ttitle=\"IMG_4442\"\n\t\t\t\t\talt=\"IMG_4442\"\n\t\t\t\t\tsrc=\"https:\/\/www.aurin-choir.hu\/wp-content\/gallery\/varazslatos-karacsony-2021\/cache\/IMG_4442.jpg-nggid044928-ngg0dyn-325x225x100-00f0w010c011r110f110r010t010.jpg\"\n\t\t\t\t\twidth=\"325\"\n\t\t\t\t\theight=\"225\"\n\t\t\t\t\tstyle=\"max-width:100%;\"\n\t\t\t\t\/>\n\t\t\t<\/a>\n\t\t<\/div>\n\t\t\t\t\t\t\t<\/div> \n\t\t\t\n\t\t\t\t<div id=\"ngg-image-20\" class=\"ngg-gallery-thumbnail-box \n\t\t\t\t\t\t\t\t\t\t\t\" \n\t\t\t>\n\t\t\t\t\t\t<div class=\"ngg-gallery-thumbnail\">\n\t\t\t<a href=\"https:\/\/www.aurin-choir.hu\/wp-content\/gallery\/varazslatos-karacsony-2021\/IMG_4449.jpg\"\n\t\t\t\ttitle=\"\"\n\t\t\t\tdata-src=\"https:\/\/www.aurin-choir.hu\/wp-content\/gallery\/varazslatos-karacsony-2021\/IMG_4449.jpg\"\n\t\t\t\tdata-thumbnail=\"https:\/\/www.aurin-choir.hu\/wp-content\/gallery\/varazslatos-karacsony-2021\/thumbs\/thumbs_IMG_4449.jpg\"\n\t\t\t\tdata-image-id=\"4929\"\n\t\t\t\tdata-title=\"IMG_4449\"\n\t\t\t\tdata-description=\"\"\n\t\t\t\tdata-image-slug=\"img_4449\"\n\t\t\t\tclass=\"ngg-simplelightbox\" rel=\"32157758d19ded3868f3d58705b67f40\">\n\t\t\t\t<img\n\t\t\t\t\ttitle=\"IMG_4449\"\n\t\t\t\t\talt=\"IMG_4449\"\n\t\t\t\t\tsrc=\"https:\/\/www.aurin-choir.hu\/wp-content\/gallery\/varazslatos-karacsony-2021\/cache\/IMG_4449.jpg-nggid044929-ngg0dyn-325x225x100-00f0w010c011r110f110r010t010.jpg\"\n\t\t\t\t\twidth=\"325\"\n\t\t\t\t\theight=\"225\"\n\t\t\t\t\tstyle=\"max-width:100%;\"\n\t\t\t\t\/>\n\t\t\t<\/a>\n\t\t<\/div>\n\t\t\t\t\t\t\t<\/div> \n\t\t\t\n\t\t\t\t<div id=\"ngg-image-21\" class=\"ngg-gallery-thumbnail-box \n\t\t\t\t\t\t\t\t\t\t\t\" \n\t\t\t>\n\t\t\t\t\t\t<div class=\"ngg-gallery-thumbnail\">\n\t\t\t<a href=\"https:\/\/www.aurin-choir.hu\/wp-content\/gallery\/varazslatos-karacsony-2021\/IMG_4465.jpg\"\n\t\t\t\ttitle=\"\"\n\t\t\t\tdata-src=\"https:\/\/www.aurin-choir.hu\/wp-content\/gallery\/varazslatos-karacsony-2021\/IMG_4465.jpg\"\n\t\t\t\tdata-thumbnail=\"https:\/\/www.aurin-choir.hu\/wp-content\/gallery\/varazslatos-karacsony-2021\/thumbs\/thumbs_IMG_4465.jpg\"\n\t\t\t\tdata-image-id=\"4930\"\n\t\t\t\tdata-title=\"IMG_4465\"\n\t\t\t\tdata-description=\"\"\n\t\t\t\tdata-image-slug=\"img_4465\"\n\t\t\t\tclass=\"ngg-simplelightbox\" rel=\"32157758d19ded3868f3d58705b67f40\">\n\t\t\t\t<img\n\t\t\t\t\ttitle=\"IMG_4465\"\n\t\t\t\t\talt=\"IMG_4465\"\n\t\t\t\t\tsrc=\"https:\/\/www.aurin-choir.hu\/wp-content\/gallery\/varazslatos-karacsony-2021\/cache\/IMG_4465.jpg-nggid044930-ngg0dyn-325x225x100-00f0w010c011r110f110r010t010.jpg\"\n\t\t\t\t\twidth=\"325\"\n\t\t\t\t\theight=\"225\"\n\t\t\t\t\tstyle=\"max-width:100%;\"\n\t\t\t\t\/>\n\t\t\t<\/a>\n\t\t<\/div>\n\t\t\t\t\t\t\t<\/div> \n\t\t\t\n\t\t\t\t<div id=\"ngg-image-22\" class=\"ngg-gallery-thumbnail-box \n\t\t\t\t\t\t\t\t\t\t\t\" \n\t\t\t>\n\t\t\t\t\t\t<div class=\"ngg-gallery-thumbnail\">\n\t\t\t<a href=\"https:\/\/www.aurin-choir.hu\/wp-content\/gallery\/varazslatos-karacsony-2021\/IMG_4466.jpg\"\n\t\t\t\ttitle=\"\"\n\t\t\t\tdata-src=\"https:\/\/www.aurin-choir.hu\/wp-content\/gallery\/varazslatos-karacsony-2021\/IMG_4466.jpg\"\n\t\t\t\tdata-thumbnail=\"https:\/\/www.aurin-choir.hu\/wp-content\/gallery\/varazslatos-karacsony-2021\/thumbs\/thumbs_IMG_4466.jpg\"\n\t\t\t\tdata-image-id=\"4931\"\n\t\t\t\tdata-title=\"IMG_4466\"\n\t\t\t\tdata-description=\"\"\n\t\t\t\tdata-image-slug=\"img_4466\"\n\t\t\t\tclass=\"ngg-simplelightbox\" rel=\"32157758d19ded3868f3d58705b67f40\">\n\t\t\t\t<img\n\t\t\t\t\ttitle=\"IMG_4466\"\n\t\t\t\t\talt=\"IMG_4466\"\n\t\t\t\t\tsrc=\"https:\/\/www.aurin-choir.hu\/wp-content\/gallery\/varazslatos-karacsony-2021\/cache\/IMG_4466.jpg-nggid044931-ngg0dyn-325x225x100-00f0w010c011r110f110r010t010.jpg\"\n\t\t\t\t\twidth=\"325\"\n\t\t\t\t\theight=\"225\"\n\t\t\t\t\tstyle=\"max-width:100%;\"\n\t\t\t\t\/>\n\t\t\t<\/a>\n\t\t<\/div>\n\t\t\t\t\t\t\t<\/div> \n\t\t\t\n\t\t\t\t<div id=\"ngg-image-23\" class=\"ngg-gallery-thumbnail-box \n\t\t\t\t\t\t\t\t\t\t\t\" \n\t\t\t>\n\t\t\t\t\t\t<div class=\"ngg-gallery-thumbnail\">\n\t\t\t<a href=\"https:\/\/www.aurin-choir.hu\/wp-content\/gallery\/varazslatos-karacsony-2021\/IMG_4464.jpg\"\n\t\t\t\ttitle=\"\"\n\t\t\t\tdata-src=\"https:\/\/www.aurin-choir.hu\/wp-content\/gallery\/varazslatos-karacsony-2021\/IMG_4464.jpg\"\n\t\t\t\tdata-thumbnail=\"https:\/\/www.aurin-choir.hu\/wp-content\/gallery\/varazslatos-karacsony-2021\/thumbs\/thumbs_IMG_4464.jpg\"\n\t\t\t\tdata-image-id=\"4932\"\n\t\t\t\tdata-title=\"IMG_4464\"\n\t\t\t\tdata-description=\"\"\n\t\t\t\tdata-image-slug=\"img_4464\"\n\t\t\t\tclass=\"ngg-simplelightbox\" rel=\"32157758d19ded3868f3d58705b67f40\">\n\t\t\t\t<img\n\t\t\t\t\ttitle=\"IMG_4464\"\n\t\t\t\t\talt=\"IMG_4464\"\n\t\t\t\t\tsrc=\"https:\/\/www.aurin-choir.hu\/wp-content\/gallery\/varazslatos-karacsony-2021\/cache\/IMG_4464.jpg-nggid044932-ngg0dyn-325x225x100-00f0w010c011r110f110r010t010.jpg\"\n\t\t\t\t\twidth=\"325\"\n\t\t\t\t\theight=\"225\"\n\t\t\t\t\tstyle=\"max-width:100%;\"\n\t\t\t\t\/>\n\t\t\t<\/a>\n\t\t<\/div>\n\t\t\t\t\t\t\t<\/div> \n\t\t\t\n\t\t\t\t<div id=\"ngg-image-24\" class=\"ngg-gallery-thumbnail-box \n\t\t\t\t\t\t\t\t\t\t\t\" \n\t\t\t>\n\t\t\t\t\t\t<div class=\"ngg-gallery-thumbnail\">\n\t\t\t<a href=\"https:\/\/www.aurin-choir.hu\/wp-content\/gallery\/varazslatos-karacsony-2021\/IMG_4478.jpg\"\n\t\t\t\ttitle=\"\"\n\t\t\t\tdata-src=\"https:\/\/www.aurin-choir.hu\/wp-content\/gallery\/varazslatos-karacsony-2021\/IMG_4478.jpg\"\n\t\t\t\tdata-thumbnail=\"https:\/\/www.aurin-choir.hu\/wp-content\/gallery\/varazslatos-karacsony-2021\/thumbs\/thumbs_IMG_4478.jpg\"\n\t\t\t\tdata-image-id=\"4933\"\n\t\t\t\tdata-title=\"IMG_4478\"\n\t\t\t\tdata-description=\"\"\n\t\t\t\tdata-image-slug=\"img_4478\"\n\t\t\t\tclass=\"ngg-simplelightbox\" rel=\"32157758d19ded3868f3d58705b67f40\">\n\t\t\t\t<img\n\t\t\t\t\ttitle=\"IMG_4478\"\n\t\t\t\t\talt=\"IMG_4478\"\n\t\t\t\t\tsrc=\"https:\/\/www.aurin-choir.hu\/wp-content\/gallery\/varazslatos-karacsony-2021\/cache\/IMG_4478.jpg-nggid044933-ngg0dyn-325x225x100-00f0w010c011r110f110r010t010.jpg\"\n\t\t\t\t\twidth=\"325\"\n\t\t\t\t\theight=\"225\"\n\t\t\t\t\tstyle=\"max-width:100%;\"\n\t\t\t\t\/>\n\t\t\t<\/a>\n\t\t<\/div>\n\t\t\t\t\t\t\t<\/div> \n\t\t\t\n\t\t\t\t<div id=\"ngg-image-25\" class=\"ngg-gallery-thumbnail-box \n\t\t\t\t\t\t\t\t\t\t\t\" \n\t\t\t>\n\t\t\t\t\t\t<div class=\"ngg-gallery-thumbnail\">\n\t\t\t<a href=\"https:\/\/www.aurin-choir.hu\/wp-content\/gallery\/varazslatos-karacsony-2021\/IMG_4482.jpg\"\n\t\t\t\ttitle=\"\"\n\t\t\t\tdata-src=\"https:\/\/www.aurin-choir.hu\/wp-content\/gallery\/varazslatos-karacsony-2021\/IMG_4482.jpg\"\n\t\t\t\tdata-thumbnail=\"https:\/\/www.aurin-choir.hu\/wp-content\/gallery\/varazslatos-karacsony-2021\/thumbs\/thumbs_IMG_4482.jpg\"\n\t\t\t\tdata-image-id=\"4934\"\n\t\t\t\tdata-title=\"IMG_4482\"\n\t\t\t\tdata-description=\"\"\n\t\t\t\tdata-image-slug=\"img_4482\"\n\t\t\t\tclass=\"ngg-simplelightbox\" rel=\"32157758d19ded3868f3d58705b67f40\">\n\t\t\t\t<img\n\t\t\t\t\ttitle=\"IMG_4482\"\n\t\t\t\t\talt=\"IMG_4482\"\n\t\t\t\t\tsrc=\"https:\/\/www.aurin-choir.hu\/wp-content\/gallery\/varazslatos-karacsony-2021\/cache\/IMG_4482.jpg-nggid044934-ngg0dyn-325x225x100-00f0w010c011r110f110r010t010.jpg\"\n\t\t\t\t\twidth=\"325\"\n\t\t\t\t\theight=\"225\"\n\t\t\t\t\tstyle=\"max-width:100%;\"\n\t\t\t\t\/>\n\t\t\t<\/a>\n\t\t<\/div>\n\t\t\t\t\t\t\t<\/div> \n\t\t\t\n\t\t\t\t<div id=\"ngg-image-26\" class=\"ngg-gallery-thumbnail-box \n\t\t\t\t\t\t\t\t\t\t\t\" \n\t\t\t>\n\t\t\t\t\t\t<div class=\"ngg-gallery-thumbnail\">\n\t\t\t<a href=\"https:\/\/www.aurin-choir.hu\/wp-content\/gallery\/varazslatos-karacsony-2021\/5DSR9542.jpg\"\n\t\t\t\ttitle=\"\"\n\t\t\t\tdata-src=\"https:\/\/www.aurin-choir.hu\/wp-content\/gallery\/varazslatos-karacsony-2021\/5DSR9542.jpg\"\n\t\t\t\tdata-thumbnail=\"https:\/\/www.aurin-choir.hu\/wp-content\/gallery\/varazslatos-karacsony-2021\/thumbs\/thumbs_5DSR9542.jpg\"\n\t\t\t\tdata-image-id=\"4935\"\n\t\t\t\tdata-title=\"5DSR9542\"\n\t\t\t\tdata-description=\"\"\n\t\t\t\tdata-image-slug=\"5dsr9542\"\n\t\t\t\tclass=\"ngg-simplelightbox\" rel=\"32157758d19ded3868f3d58705b67f40\">\n\t\t\t\t<img\n\t\t\t\t\ttitle=\"5DSR9542\"\n\t\t\t\t\talt=\"5DSR9542\"\n\t\t\t\t\tsrc=\"https:\/\/www.aurin-choir.hu\/wp-content\/gallery\/varazslatos-karacsony-2021\/cache\/5DSR9542.jpg-nggid044935-ngg0dyn-325x225x100-00f0w010c011r110f110r010t010.jpg\"\n\t\t\t\t\twidth=\"325\"\n\t\t\t\t\theight=\"225\"\n\t\t\t\t\tstyle=\"max-width:100%;\"\n\t\t\t\t\/>\n\t\t\t<\/a>\n\t\t<\/div>\n\t\t\t\t\t\t\t<\/div> \n\t\t\t\n\t\t\t\t<div id=\"ngg-image-27\" class=\"ngg-gallery-thumbnail-box \n\t\t\t\t\t\t\t\t\t\t\t\" \n\t\t\t>\n\t\t\t\t\t\t<div class=\"ngg-gallery-thumbnail\">\n\t\t\t<a href=\"https:\/\/www.aurin-choir.hu\/wp-content\/gallery\/varazslatos-karacsony-2021\/IMG_4492.jpg\"\n\t\t\t\ttitle=\"\"\n\t\t\t\tdata-src=\"https:\/\/www.aurin-choir.hu\/wp-content\/gallery\/varazslatos-karacsony-2021\/IMG_4492.jpg\"\n\t\t\t\tdata-thumbnail=\"https:\/\/www.aurin-choir.hu\/wp-content\/gallery\/varazslatos-karacsony-2021\/thumbs\/thumbs_IMG_4492.jpg\"\n\t\t\t\tdata-image-id=\"4936\"\n\t\t\t\tdata-title=\"IMG_4492\"\n\t\t\t\tdata-description=\"\"\n\t\t\t\tdata-image-slug=\"img_4492\"\n\t\t\t\tclass=\"ngg-simplelightbox\" rel=\"32157758d19ded3868f3d58705b67f40\">\n\t\t\t\t<img\n\t\t\t\t\ttitle=\"IMG_4492\"\n\t\t\t\t\talt=\"IMG_4492\"\n\t\t\t\t\tsrc=\"https:\/\/www.aurin-choir.hu\/wp-content\/gallery\/varazslatos-karacsony-2021\/cache\/IMG_4492.jpg-nggid044936-ngg0dyn-325x225x100-00f0w010c011r110f110r010t010.jpg\"\n\t\t\t\t\twidth=\"325\"\n\t\t\t\t\theight=\"225\"\n\t\t\t\t\tstyle=\"max-width:100%;\"\n\t\t\t\t\/>\n\t\t\t<\/a>\n\t\t<\/div>\n\t\t\t\t\t\t\t<\/div> \n\t\t\t\n\t\t\t\t<div id=\"ngg-image-28\" class=\"ngg-gallery-thumbnail-box \n\t\t\t\t\t\t\t\t\t\t\t\" \n\t\t\t>\n\t\t\t\t\t\t<div class=\"ngg-gallery-thumbnail\">\n\t\t\t<a href=\"https:\/\/www.aurin-choir.hu\/wp-content\/gallery\/varazslatos-karacsony-2021\/5DSR9539.jpg\"\n\t\t\t\ttitle=\"\"\n\t\t\t\tdata-src=\"https:\/\/www.aurin-choir.hu\/wp-content\/gallery\/varazslatos-karacsony-2021\/5DSR9539.jpg\"\n\t\t\t\tdata-thumbnail=\"https:\/\/www.aurin-choir.hu\/wp-content\/gallery\/varazslatos-karacsony-2021\/thumbs\/thumbs_5DSR9539.jpg\"\n\t\t\t\tdata-image-id=\"4937\"\n\t\t\t\tdata-title=\"5DSR9539\"\n\t\t\t\tdata-description=\"\"\n\t\t\t\tdata-image-slug=\"5dsr9539\"\n\t\t\t\tclass=\"ngg-simplelightbox\" rel=\"32157758d19ded3868f3d58705b67f40\">\n\t\t\t\t<img\n\t\t\t\t\ttitle=\"5DSR9539\"\n\t\t\t\t\talt=\"5DSR9539\"\n\t\t\t\t\tsrc=\"https:\/\/www.aurin-choir.hu\/wp-content\/gallery\/varazslatos-karacsony-2021\/cache\/5DSR9539.jpg-nggid044937-ngg0dyn-325x225x100-00f0w010c011r110f110r010t010.jpg\"\n\t\t\t\t\twidth=\"325\"\n\t\t\t\t\theight=\"225\"\n\t\t\t\t\tstyle=\"max-width:100%;\"\n\t\t\t\t\/>\n\t\t\t<\/a>\n\t\t<\/div>\n\t\t\t\t\t\t\t<\/div> \n\t\t\t\n\t\t\t\t<div id=\"ngg-image-29\" class=\"ngg-gallery-thumbnail-box \n\t\t\t\t\t\t\t\t\t\t\t\" \n\t\t\t>\n\t\t\t\t\t\t<div class=\"ngg-gallery-thumbnail\">\n\t\t\t<a href=\"https:\/\/www.aurin-choir.hu\/wp-content\/gallery\/varazslatos-karacsony-2021\/IMG_4504.jpg\"\n\t\t\t\ttitle=\"\"\n\t\t\t\tdata-src=\"https:\/\/www.aurin-choir.hu\/wp-content\/gallery\/varazslatos-karacsony-2021\/IMG_4504.jpg\"\n\t\t\t\tdata-thumbnail=\"https:\/\/www.aurin-choir.hu\/wp-content\/gallery\/varazslatos-karacsony-2021\/thumbs\/thumbs_IMG_4504.jpg\"\n\t\t\t\tdata-image-id=\"4938\"\n\t\t\t\tdata-title=\"IMG_4504\"\n\t\t\t\tdata-description=\"\"\n\t\t\t\tdata-image-slug=\"img_4504\"\n\t\t\t\tclass=\"ngg-simplelightbox\" rel=\"32157758d19ded3868f3d58705b67f40\">\n\t\t\t\t<img\n\t\t\t\t\ttitle=\"IMG_4504\"\n\t\t\t\t\talt=\"IMG_4504\"\n\t\t\t\t\tsrc=\"https:\/\/www.aurin-choir.hu\/wp-content\/gallery\/varazslatos-karacsony-2021\/cache\/IMG_4504.jpg-nggid044938-ngg0dyn-325x225x100-00f0w010c011r110f110r010t010.jpg\"\n\t\t\t\t\twidth=\"325\"\n\t\t\t\t\theight=\"225\"\n\t\t\t\t\tstyle=\"max-width:100%;\"\n\t\t\t\t\/>\n\t\t\t<\/a>\n\t\t<\/div>\n\t\t\t\t\t\t\t<\/div> \n\t\t\t\n\t\t\t\t<div id=\"ngg-image-30\" class=\"ngg-gallery-thumbnail-box \n\t\t\t\t\t\t\t\t\t\t\t\" \n\t\t\t>\n\t\t\t\t\t\t<div class=\"ngg-gallery-thumbnail\">\n\t\t\t<a href=\"https:\/\/www.aurin-choir.hu\/wp-content\/gallery\/varazslatos-karacsony-2021\/5DSR9541-2.jpg\"\n\t\t\t\ttitle=\"\"\n\t\t\t\tdata-src=\"https:\/\/www.aurin-choir.hu\/wp-content\/gallery\/varazslatos-karacsony-2021\/5DSR9541-2.jpg\"\n\t\t\t\tdata-thumbnail=\"https:\/\/www.aurin-choir.hu\/wp-content\/gallery\/varazslatos-karacsony-2021\/thumbs\/thumbs_5DSR9541-2.jpg\"\n\t\t\t\tdata-image-id=\"4939\"\n\t\t\t\tdata-title=\"5DSR9541-2\"\n\t\t\t\tdata-description=\"\"\n\t\t\t\tdata-image-slug=\"5dsr9541-2\"\n\t\t\t\tclass=\"ngg-simplelightbox\" rel=\"32157758d19ded3868f3d58705b67f40\">\n\t\t\t\t<img\n\t\t\t\t\ttitle=\"5DSR9541-2\"\n\t\t\t\t\talt=\"5DSR9541-2\"\n\t\t\t\t\tsrc=\"https:\/\/www.aurin-choir.hu\/wp-content\/gallery\/varazslatos-karacsony-2021\/cache\/5DSR9541-2.jpg-nggid044939-ngg0dyn-325x225x100-00f0w010c011r110f110r010t010.jpg\"\n\t\t\t\t\twidth=\"325\"\n\t\t\t\t\theight=\"225\"\n\t\t\t\t\tstyle=\"max-width:100%;\"\n\t\t\t\t\/>\n\t\t\t<\/a>\n\t\t<\/div>\n\t\t\t\t\t\t\t<\/div> \n\t\t\t\n\t\t\t\t<div id=\"ngg-image-31\" class=\"ngg-gallery-thumbnail-box \n\t\t\t\t\t\t\t\t\t\t\t\" \n\t\t\t>\n\t\t\t\t\t\t<div class=\"ngg-gallery-thumbnail\">\n\t\t\t<a href=\"https:\/\/www.aurin-choir.hu\/wp-content\/gallery\/varazslatos-karacsony-2021\/5DSR9545.jpg\"\n\t\t\t\ttitle=\"\"\n\t\t\t\tdata-src=\"https:\/\/www.aurin-choir.hu\/wp-content\/gallery\/varazslatos-karacsony-2021\/5DSR9545.jpg\"\n\t\t\t\tdata-thumbnail=\"https:\/\/www.aurin-choir.hu\/wp-content\/gallery\/varazslatos-karacsony-2021\/thumbs\/thumbs_5DSR9545.jpg\"\n\t\t\t\tdata-image-id=\"4940\"\n\t\t\t\tdata-title=\"5DSR9545\"\n\t\t\t\tdata-description=\"\"\n\t\t\t\tdata-image-slug=\"5dsr9545\"\n\t\t\t\tclass=\"ngg-simplelightbox\" rel=\"32157758d19ded3868f3d58705b67f40\">\n\t\t\t\t<img\n\t\t\t\t\ttitle=\"5DSR9545\"\n\t\t\t\t\talt=\"5DSR9545\"\n\t\t\t\t\tsrc=\"https:\/\/www.aurin-choir.hu\/wp-content\/gallery\/varazslatos-karacsony-2021\/cache\/5DSR9545.jpg-nggid044940-ngg0dyn-325x225x100-00f0w010c011r110f110r010t010.jpg\"\n\t\t\t\t\twidth=\"325\"\n\t\t\t\t\theight=\"225\"\n\t\t\t\t\tstyle=\"max-width:100%;\"\n\t\t\t\t\/>\n\t\t\t<\/a>\n\t\t<\/div>\n\t\t\t\t\t\t\t<\/div> \n\t\t\t\n\t\t\t\t<div id=\"ngg-image-32\" class=\"ngg-gallery-thumbnail-box \n\t\t\t\t\t\t\t\t\t\t\t\" \n\t\t\t>\n\t\t\t\t\t\t<div class=\"ngg-gallery-thumbnail\">\n\t\t\t<a href=\"https:\/\/www.aurin-choir.hu\/wp-content\/gallery\/varazslatos-karacsony-2021\/5DSR9556.jpg\"\n\t\t\t\ttitle=\"\"\n\t\t\t\tdata-src=\"https:\/\/www.aurin-choir.hu\/wp-content\/gallery\/varazslatos-karacsony-2021\/5DSR9556.jpg\"\n\t\t\t\tdata-thumbnail=\"https:\/\/www.aurin-choir.hu\/wp-content\/gallery\/varazslatos-karacsony-2021\/thumbs\/thumbs_5DSR9556.jpg\"\n\t\t\t\tdata-image-id=\"4941\"\n\t\t\t\tdata-title=\"5DSR9556\"\n\t\t\t\tdata-description=\"\"\n\t\t\t\tdata-image-slug=\"5dsr9556\"\n\t\t\t\tclass=\"ngg-simplelightbox\" rel=\"32157758d19ded3868f3d58705b67f40\">\n\t\t\t\t<img\n\t\t\t\t\ttitle=\"5DSR9556\"\n\t\t\t\t\talt=\"5DSR9556\"\n\t\t\t\t\tsrc=\"https:\/\/www.aurin-choir.hu\/wp-content\/gallery\/varazslatos-karacsony-2021\/cache\/5DSR9556.jpg-nggid044941-ngg0dyn-325x225x100-00f0w010c011r110f110r010t010.jpg\"\n\t\t\t\t\twidth=\"325\"\n\t\t\t\t\theight=\"225\"\n\t\t\t\t\tstyle=\"max-width:100%;\"\n\t\t\t\t\/>\n\t\t\t<\/a>\n\t\t<\/div>\n\t\t\t\t\t\t\t<\/div> \n\t\t\t\n\t\t\t\t<div id=\"ngg-image-33\" class=\"ngg-gallery-thumbnail-box \n\t\t\t\t\t\t\t\t\t\t\t\" \n\t\t\t>\n\t\t\t\t\t\t<div class=\"ngg-gallery-thumbnail\">\n\t\t\t<a href=\"https:\/\/www.aurin-choir.hu\/wp-content\/gallery\/varazslatos-karacsony-2021\/5DSR9546.jpg\"\n\t\t\t\ttitle=\"\"\n\t\t\t\tdata-src=\"https:\/\/www.aurin-choir.hu\/wp-content\/gallery\/varazslatos-karacsony-2021\/5DSR9546.jpg\"\n\t\t\t\tdata-thumbnail=\"https:\/\/www.aurin-choir.hu\/wp-content\/gallery\/varazslatos-karacsony-2021\/thumbs\/thumbs_5DSR9546.jpg\"\n\t\t\t\tdata-image-id=\"4942\"\n\t\t\t\tdata-title=\"5DSR9546\"\n\t\t\t\tdata-description=\"\"\n\t\t\t\tdata-image-slug=\"5dsr9546\"\n\t\t\t\tclass=\"ngg-simplelightbox\" rel=\"32157758d19ded3868f3d58705b67f40\">\n\t\t\t\t<img\n\t\t\t\t\ttitle=\"5DSR9546\"\n\t\t\t\t\talt=\"5DSR9546\"\n\t\t\t\t\tsrc=\"https:\/\/www.aurin-choir.hu\/wp-content\/gallery\/varazslatos-karacsony-2021\/cache\/5DSR9546.jpg-nggid044942-ngg0dyn-325x225x100-00f0w010c011r110f110r010t010.jpg\"\n\t\t\t\t\twidth=\"325\"\n\t\t\t\t\theight=\"225\"\n\t\t\t\t\tstyle=\"max-width:100%;\"\n\t\t\t\t\/>\n\t\t\t<\/a>\n\t\t<\/div>\n\t\t\t\t\t\t\t<\/div> \n\t\t\t\n\t\t\t\t<div id=\"ngg-image-34\" class=\"ngg-gallery-thumbnail-box \n\t\t\t\t\t\t\t\t\t\t\t\" \n\t\t\t>\n\t\t\t\t\t\t<div class=\"ngg-gallery-thumbnail\">\n\t\t\t<a href=\"https:\/\/www.aurin-choir.hu\/wp-content\/gallery\/varazslatos-karacsony-2021\/5DSR9553.jpg\"\n\t\t\t\ttitle=\"\"\n\t\t\t\tdata-src=\"https:\/\/www.aurin-choir.hu\/wp-content\/gallery\/varazslatos-karacsony-2021\/5DSR9553.jpg\"\n\t\t\t\tdata-thumbnail=\"https:\/\/www.aurin-choir.hu\/wp-content\/gallery\/varazslatos-karacsony-2021\/thumbs\/thumbs_5DSR9553.jpg\"\n\t\t\t\tdata-image-id=\"4943\"\n\t\t\t\tdata-title=\"5DSR9553\"\n\t\t\t\tdata-description=\"\"\n\t\t\t\tdata-image-slug=\"5dsr9553\"\n\t\t\t\tclass=\"ngg-simplelightbox\" rel=\"32157758d19ded3868f3d58705b67f40\">\n\t\t\t\t<img\n\t\t\t\t\ttitle=\"5DSR9553\"\n\t\t\t\t\talt=\"5DSR9553\"\n\t\t\t\t\tsrc=\"https:\/\/www.aurin-choir.hu\/wp-content\/gallery\/varazslatos-karacsony-2021\/cache\/5DSR9553.jpg-nggid044943-ngg0dyn-325x225x100-00f0w010c011r110f110r010t010.jpg\"\n\t\t\t\t\twidth=\"325\"\n\t\t\t\t\theight=\"225\"\n\t\t\t\t\tstyle=\"max-width:100%;\"\n\t\t\t\t\/>\n\t\t\t<\/a>\n\t\t<\/div>\n\t\t\t\t\t\t\t<\/div> \n\t\t\t\n\t\t\t\t<div id=\"ngg-image-35\" class=\"ngg-gallery-thumbnail-box \n\t\t\t\t\t\t\t\t\t\t\t\" \n\t\t\t>\n\t\t\t\t\t\t<div class=\"ngg-gallery-thumbnail\">\n\t\t\t<a href=\"https:\/\/www.aurin-choir.hu\/wp-content\/gallery\/varazslatos-karacsony-2021\/5DSR9555.jpg\"\n\t\t\t\ttitle=\"\"\n\t\t\t\tdata-src=\"https:\/\/www.aurin-choir.hu\/wp-content\/gallery\/varazslatos-karacsony-2021\/5DSR9555.jpg\"\n\t\t\t\tdata-thumbnail=\"https:\/\/www.aurin-choir.hu\/wp-content\/gallery\/varazslatos-karacsony-2021\/thumbs\/thumbs_5DSR9555.jpg\"\n\t\t\t\tdata-image-id=\"4944\"\n\t\t\t\tdata-title=\"5DSR9555\"\n\t\t\t\tdata-description=\"\"\n\t\t\t\tdata-image-slug=\"5dsr9555\"\n\t\t\t\tclass=\"ngg-simplelightbox\" rel=\"32157758d19ded3868f3d58705b67f40\">\n\t\t\t\t<img\n\t\t\t\t\ttitle=\"5DSR9555\"\n\t\t\t\t\talt=\"5DSR9555\"\n\t\t\t\t\tsrc=\"https:\/\/www.aurin-choir.hu\/wp-content\/gallery\/varazslatos-karacsony-2021\/cache\/5DSR9555.jpg-nggid044944-ngg0dyn-325x225x100-00f0w010c011r110f110r010t010.jpg\"\n\t\t\t\t\twidth=\"325\"\n\t\t\t\t\theight=\"225\"\n\t\t\t\t\tstyle=\"max-width:100%;\"\n\t\t\t\t\/>\n\t\t\t<\/a>\n\t\t<\/div>\n\t\t\t\t\t\t\t<\/div> \n\t\t\t\n\t\t\t\t<div id=\"ngg-image-36\" class=\"ngg-gallery-thumbnail-box \n\t\t\t\t\t\t\t\t\t\t\t\" \n\t\t\t>\n\t\t\t\t\t\t<div class=\"ngg-gallery-thumbnail\">\n\t\t\t<a href=\"https:\/\/www.aurin-choir.hu\/wp-content\/gallery\/varazslatos-karacsony-2021\/5DSR9544.jpg\"\n\t\t\t\ttitle=\"\"\n\t\t\t\tdata-src=\"https:\/\/www.aurin-choir.hu\/wp-content\/gallery\/varazslatos-karacsony-2021\/5DSR9544.jpg\"\n\t\t\t\tdata-thumbnail=\"https:\/\/www.aurin-choir.hu\/wp-content\/gallery\/varazslatos-karacsony-2021\/thumbs\/thumbs_5DSR9544.jpg\"\n\t\t\t\tdata-image-id=\"4945\"\n\t\t\t\tdata-title=\"5DSR9544\"\n\t\t\t\tdata-description=\"\"\n\t\t\t\tdata-image-slug=\"5dsr9544\"\n\t\t\t\tclass=\"ngg-simplelightbox\" rel=\"32157758d19ded3868f3d58705b67f40\">\n\t\t\t\t<img\n\t\t\t\t\ttitle=\"5DSR9544\"\n\t\t\t\t\talt=\"5DSR9544\"\n\t\t\t\t\tsrc=\"https:\/\/www.aurin-choir.hu\/wp-content\/gallery\/varazslatos-karacsony-2021\/cache\/5DSR9544.jpg-nggid044945-ngg0dyn-325x225x100-00f0w010c011r110f110r010t010.jpg\"\n\t\t\t\t\twidth=\"325\"\n\t\t\t\t\theight=\"225\"\n\t\t\t\t\tstyle=\"max-width:100%;\"\n\t\t\t\t\/>\n\t\t\t<\/a>\n\t\t<\/div>\n\t\t\t\t\t\t\t<\/div> \n\t\t\t\n\t\t\t\t<div id=\"ngg-image-37\" class=\"ngg-gallery-thumbnail-box \n\t\t\t\t\t\t\t\t\t\t\t\" \n\t\t\t>\n\t\t\t\t\t\t<div class=\"ngg-gallery-thumbnail\">\n\t\t\t<a href=\"https:\/\/www.aurin-choir.hu\/wp-content\/gallery\/varazslatos-karacsony-2021\/5DSR9577.jpg\"\n\t\t\t\ttitle=\"\"\n\t\t\t\tdata-src=\"https:\/\/www.aurin-choir.hu\/wp-content\/gallery\/varazslatos-karacsony-2021\/5DSR9577.jpg\"\n\t\t\t\tdata-thumbnail=\"https:\/\/www.aurin-choir.hu\/wp-content\/gallery\/varazslatos-karacsony-2021\/thumbs\/thumbs_5DSR9577.jpg\"\n\t\t\t\tdata-image-id=\"4946\"\n\t\t\t\tdata-title=\"5DSR9577\"\n\t\t\t\tdata-description=\"\"\n\t\t\t\tdata-image-slug=\"5dsr9577\"\n\t\t\t\tclass=\"ngg-simplelightbox\" rel=\"32157758d19ded3868f3d58705b67f40\">\n\t\t\t\t<img\n\t\t\t\t\ttitle=\"5DSR9577\"\n\t\t\t\t\talt=\"5DSR9577\"\n\t\t\t\t\tsrc=\"https:\/\/www.aurin-choir.hu\/wp-content\/gallery\/varazslatos-karacsony-2021\/cache\/5DSR9577.jpg-nggid044946-ngg0dyn-325x225x100-00f0w010c011r110f110r010t010.jpg\"\n\t\t\t\t\twidth=\"325\"\n\t\t\t\t\theight=\"225\"\n\t\t\t\t\tstyle=\"max-width:100%;\"\n\t\t\t\t\/>\n\t\t\t<\/a>\n\t\t<\/div>\n\t\t\t\t\t\t\t<\/div> \n\t\t\t\n\t\t\t\t<div id=\"ngg-image-38\" class=\"ngg-gallery-thumbnail-box \n\t\t\t\t\t\t\t\t\t\t\t\" \n\t\t\t>\n\t\t\t\t\t\t<div class=\"ngg-gallery-thumbnail\">\n\t\t\t<a href=\"https:\/\/www.aurin-choir.hu\/wp-content\/gallery\/varazslatos-karacsony-2021\/5DSR9566.jpg\"\n\t\t\t\ttitle=\"\"\n\t\t\t\tdata-src=\"https:\/\/www.aurin-choir.hu\/wp-content\/gallery\/varazslatos-karacsony-2021\/5DSR9566.jpg\"\n\t\t\t\tdata-thumbnail=\"https:\/\/www.aurin-choir.hu\/wp-content\/gallery\/varazslatos-karacsony-2021\/thumbs\/thumbs_5DSR9566.jpg\"\n\t\t\t\tdata-image-id=\"4947\"\n\t\t\t\tdata-title=\"5DSR9566\"\n\t\t\t\tdata-description=\"\"\n\t\t\t\tdata-image-slug=\"5dsr9566\"\n\t\t\t\tclass=\"ngg-simplelightbox\" rel=\"32157758d19ded3868f3d58705b67f40\">\n\t\t\t\t<img\n\t\t\t\t\ttitle=\"5DSR9566\"\n\t\t\t\t\talt=\"5DSR9566\"\n\t\t\t\t\tsrc=\"https:\/\/www.aurin-choir.hu\/wp-content\/gallery\/varazslatos-karacsony-2021\/cache\/5DSR9566.jpg-nggid044947-ngg0dyn-325x225x100-00f0w010c011r110f110r010t010.jpg\"\n\t\t\t\t\twidth=\"325\"\n\t\t\t\t\theight=\"225\"\n\t\t\t\t\tstyle=\"max-width:100%;\"\n\t\t\t\t\/>\n\t\t\t<\/a>\n\t\t<\/div>\n\t\t\t\t\t\t\t<\/div> \n\t\t\t\n\t\t\t\t<div id=\"ngg-image-39\" class=\"ngg-gallery-thumbnail-box \n\t\t\t\t\t\t\t\t\t\t\t\" \n\t\t\t>\n\t\t\t\t\t\t<div class=\"ngg-gallery-thumbnail\">\n\t\t\t<a href=\"https:\/\/www.aurin-choir.hu\/wp-content\/gallery\/varazslatos-karacsony-2021\/5DSR9588.jpg\"\n\t\t\t\ttitle=\"\"\n\t\t\t\tdata-src=\"https:\/\/www.aurin-choir.hu\/wp-content\/gallery\/varazslatos-karacsony-2021\/5DSR9588.jpg\"\n\t\t\t\tdata-thumbnail=\"https:\/\/www.aurin-choir.hu\/wp-content\/gallery\/varazslatos-karacsony-2021\/thumbs\/thumbs_5DSR9588.jpg\"\n\t\t\t\tdata-image-id=\"4948\"\n\t\t\t\tdata-title=\"5DSR9588\"\n\t\t\t\tdata-description=\"\"\n\t\t\t\tdata-image-slug=\"5dsr9588\"\n\t\t\t\tclass=\"ngg-simplelightbox\" rel=\"32157758d19ded3868f3d58705b67f40\">\n\t\t\t\t<img\n\t\t\t\t\ttitle=\"5DSR9588\"\n\t\t\t\t\talt=\"5DSR9588\"\n\t\t\t\t\tsrc=\"https:\/\/www.aurin-choir.hu\/wp-content\/gallery\/varazslatos-karacsony-2021\/cache\/5DSR9588.jpg-nggid044948-ngg0dyn-325x225x100-00f0w010c011r110f110r010t010.jpg\"\n\t\t\t\t\twidth=\"325\"\n\t\t\t\t\theight=\"225\"\n\t\t\t\t\tstyle=\"max-width:100%;\"\n\t\t\t\t\/>\n\t\t\t<\/a>\n\t\t<\/div>\n\t\t\t\t\t\t\t<\/div> \n\t\t\t\n\t\t\t\t<div id=\"ngg-image-40\" class=\"ngg-gallery-thumbnail-box \n\t\t\t\t\t\t\t\t\t\t\t\" \n\t\t\t>\n\t\t\t\t\t\t<div class=\"ngg-gallery-thumbnail\">\n\t\t\t<a href=\"https:\/\/www.aurin-choir.hu\/wp-content\/gallery\/varazslatos-karacsony-2021\/5DSR9580.jpg\"\n\t\t\t\ttitle=\"\"\n\t\t\t\tdata-src=\"https:\/\/www.aurin-choir.hu\/wp-content\/gallery\/varazslatos-karacsony-2021\/5DSR9580.jpg\"\n\t\t\t\tdata-thumbnail=\"https:\/\/www.aurin-choir.hu\/wp-content\/gallery\/varazslatos-karacsony-2021\/thumbs\/thumbs_5DSR9580.jpg\"\n\t\t\t\tdata-image-id=\"4949\"\n\t\t\t\tdata-title=\"5DSR9580\"\n\t\t\t\tdata-description=\"\"\n\t\t\t\tdata-image-slug=\"5dsr9580\"\n\t\t\t\tclass=\"ngg-simplelightbox\" rel=\"32157758d19ded3868f3d58705b67f40\">\n\t\t\t\t<img\n\t\t\t\t\ttitle=\"5DSR9580\"\n\t\t\t\t\talt=\"5DSR9580\"\n\t\t\t\t\tsrc=\"https:\/\/www.aurin-choir.hu\/wp-content\/gallery\/varazslatos-karacsony-2021\/cache\/5DSR9580.jpg-nggid044949-ngg0dyn-325x225x100-00f0w010c011r110f110r010t010.jpg\"\n\t\t\t\t\twidth=\"325\"\n\t\t\t\t\theight=\"225\"\n\t\t\t\t\tstyle=\"max-width:100%;\"\n\t\t\t\t\/>\n\t\t\t<\/a>\n\t\t<\/div>\n\t\t\t\t\t\t\t<\/div> \n\t\t\t\n\t\t\t\t<div id=\"ngg-image-41\" class=\"ngg-gallery-thumbnail-box \n\t\t\t\t\t\t\t\t\t\t\t\" \n\t\t\t>\n\t\t\t\t\t\t<div class=\"ngg-gallery-thumbnail\">\n\t\t\t<a href=\"https:\/\/www.aurin-choir.hu\/wp-content\/gallery\/varazslatos-karacsony-2021\/5DSR9565.jpg\"\n\t\t\t\ttitle=\"\"\n\t\t\t\tdata-src=\"https:\/\/www.aurin-choir.hu\/wp-content\/gallery\/varazslatos-karacsony-2021\/5DSR9565.jpg\"\n\t\t\t\tdata-thumbnail=\"https:\/\/www.aurin-choir.hu\/wp-content\/gallery\/varazslatos-karacsony-2021\/thumbs\/thumbs_5DSR9565.jpg\"\n\t\t\t\tdata-image-id=\"4950\"\n\t\t\t\tdata-title=\"5DSR9565\"\n\t\t\t\tdata-description=\"\"\n\t\t\t\tdata-image-slug=\"5dsr9565\"\n\t\t\t\tclass=\"ngg-simplelightbox\" rel=\"32157758d19ded3868f3d58705b67f40\">\n\t\t\t\t<img\n\t\t\t\t\ttitle=\"5DSR9565\"\n\t\t\t\t\talt=\"5DSR9565\"\n\t\t\t\t\tsrc=\"https:\/\/www.aurin-choir.hu\/wp-content\/gallery\/varazslatos-karacsony-2021\/cache\/5DSR9565.jpg-nggid044950-ngg0dyn-325x225x100-00f0w010c011r110f110r010t010.jpg\"\n\t\t\t\t\twidth=\"325\"\n\t\t\t\t\theight=\"225\"\n\t\t\t\t\tstyle=\"max-width:100%;\"\n\t\t\t\t\/>\n\t\t\t<\/a>\n\t\t<\/div>\n\t\t\t\t\t\t\t<\/div> \n\t\t\t\n\t\t\t\t<div id=\"ngg-image-42\" class=\"ngg-gallery-thumbnail-box \n\t\t\t\t\t\t\t\t\t\t\t\" \n\t\t\t>\n\t\t\t\t\t\t<div class=\"ngg-gallery-thumbnail\">\n\t\t\t<a href=\"https:\/\/www.aurin-choir.hu\/wp-content\/gallery\/varazslatos-karacsony-2021\/5DSR9578.jpg\"\n\t\t\t\ttitle=\"\"\n\t\t\t\tdata-src=\"https:\/\/www.aurin-choir.hu\/wp-content\/gallery\/varazslatos-karacsony-2021\/5DSR9578.jpg\"\n\t\t\t\tdata-thumbnail=\"https:\/\/www.aurin-choir.hu\/wp-content\/gallery\/varazslatos-karacsony-2021\/thumbs\/thumbs_5DSR9578.jpg\"\n\t\t\t\tdata-image-id=\"4951\"\n\t\t\t\tdata-title=\"5DSR9578\"\n\t\t\t\tdata-description=\"\"\n\t\t\t\tdata-image-slug=\"5dsr9578\"\n\t\t\t\tclass=\"ngg-simplelightbox\" rel=\"32157758d19ded3868f3d58705b67f40\">\n\t\t\t\t<img\n\t\t\t\t\ttitle=\"5DSR9578\"\n\t\t\t\t\talt=\"5DSR9578\"\n\t\t\t\t\tsrc=\"https:\/\/www.aurin-choir.hu\/wp-content\/gallery\/varazslatos-karacsony-2021\/cache\/5DSR9578.jpg-nggid044951-ngg0dyn-325x225x100-00f0w010c011r110f110r010t010.jpg\"\n\t\t\t\t\twidth=\"325\"\n\t\t\t\t\theight=\"225\"\n\t\t\t\t\tstyle=\"max-width:100%;\"\n\t\t\t\t\/>\n\t\t\t<\/a>\n\t\t<\/div>\n\t\t\t\t\t\t\t<\/div> \n\t\t\t\n\t\t\t\t<div id=\"ngg-image-43\" class=\"ngg-gallery-thumbnail-box \n\t\t\t\t\t\t\t\t\t\t\t\" \n\t\t\t>\n\t\t\t\t\t\t<div class=\"ngg-gallery-thumbnail\">\n\t\t\t<a href=\"https:\/\/www.aurin-choir.hu\/wp-content\/gallery\/varazslatos-karacsony-2021\/5DSR9617.jpg\"\n\t\t\t\ttitle=\"\"\n\t\t\t\tdata-src=\"https:\/\/www.aurin-choir.hu\/wp-content\/gallery\/varazslatos-karacsony-2021\/5DSR9617.jpg\"\n\t\t\t\tdata-thumbnail=\"https:\/\/www.aurin-choir.hu\/wp-content\/gallery\/varazslatos-karacsony-2021\/thumbs\/thumbs_5DSR9617.jpg\"\n\t\t\t\tdata-image-id=\"4952\"\n\t\t\t\tdata-title=\"5DSR9617\"\n\t\t\t\tdata-description=\"\"\n\t\t\t\tdata-image-slug=\"5dsr9617\"\n\t\t\t\tclass=\"ngg-simplelightbox\" rel=\"32157758d19ded3868f3d58705b67f40\">\n\t\t\t\t<img\n\t\t\t\t\ttitle=\"5DSR9617\"\n\t\t\t\t\talt=\"5DSR9617\"\n\t\t\t\t\tsrc=\"https:\/\/www.aurin-choir.hu\/wp-content\/gallery\/varazslatos-karacsony-2021\/cache\/5DSR9617.jpg-nggid044952-ngg0dyn-325x225x100-00f0w010c011r110f110r010t010.jpg\"\n\t\t\t\t\twidth=\"325\"\n\t\t\t\t\theight=\"225\"\n\t\t\t\t\tstyle=\"max-width:100%;\"\n\t\t\t\t\/>\n\t\t\t<\/a>\n\t\t<\/div>\n\t\t\t\t\t\t\t<\/div> \n\t\t\t\n\t\t\t\t<div id=\"ngg-image-44\" class=\"ngg-gallery-thumbnail-box \n\t\t\t\t\t\t\t\t\t\t\t\" \n\t\t\t>\n\t\t\t\t\t\t<div class=\"ngg-gallery-thumbnail\">\n\t\t\t<a href=\"https:\/\/www.aurin-choir.hu\/wp-content\/gallery\/varazslatos-karacsony-2021\/5DSR9615.jpg\"\n\t\t\t\ttitle=\"\"\n\t\t\t\tdata-src=\"https:\/\/www.aurin-choir.hu\/wp-content\/gallery\/varazslatos-karacsony-2021\/5DSR9615.jpg\"\n\t\t\t\tdata-thumbnail=\"https:\/\/www.aurin-choir.hu\/wp-content\/gallery\/varazslatos-karacsony-2021\/thumbs\/thumbs_5DSR9615.jpg\"\n\t\t\t\tdata-image-id=\"4953\"\n\t\t\t\tdata-title=\"5DSR9615\"\n\t\t\t\tdata-description=\"\"\n\t\t\t\tdata-image-slug=\"5dsr9615\"\n\t\t\t\tclass=\"ngg-simplelightbox\" rel=\"32157758d19ded3868f3d58705b67f40\">\n\t\t\t\t<img\n\t\t\t\t\ttitle=\"5DSR9615\"\n\t\t\t\t\talt=\"5DSR9615\"\n\t\t\t\t\tsrc=\"https:\/\/www.aurin-choir.hu\/wp-content\/gallery\/varazslatos-karacsony-2021\/cache\/5DSR9615.jpg-nggid044953-ngg0dyn-325x225x100-00f0w010c011r110f110r010t010.jpg\"\n\t\t\t\t\twidth=\"325\"\n\t\t\t\t\theight=\"225\"\n\t\t\t\t\tstyle=\"max-width:100%;\"\n\t\t\t\t\/>\n\t\t\t<\/a>\n\t\t<\/div>\n\t\t\t\t\t\t\t<\/div> \n\t\t\t\n\t\t\t\t<div id=\"ngg-image-45\" class=\"ngg-gallery-thumbnail-box \n\t\t\t\t\t\t\t\t\t\t\t\" \n\t\t\t>\n\t\t\t\t\t\t<div class=\"ngg-gallery-thumbnail\">\n\t\t\t<a href=\"https:\/\/www.aurin-choir.hu\/wp-content\/gallery\/varazslatos-karacsony-2021\/5DSR9600.jpg\"\n\t\t\t\ttitle=\"\"\n\t\t\t\tdata-src=\"https:\/\/www.aurin-choir.hu\/wp-content\/gallery\/varazslatos-karacsony-2021\/5DSR9600.jpg\"\n\t\t\t\tdata-thumbnail=\"https:\/\/www.aurin-choir.hu\/wp-content\/gallery\/varazslatos-karacsony-2021\/thumbs\/thumbs_5DSR9600.jpg\"\n\t\t\t\tdata-image-id=\"4954\"\n\t\t\t\tdata-title=\"5DSR9600\"\n\t\t\t\tdata-description=\"\"\n\t\t\t\tdata-image-slug=\"5dsr9600\"\n\t\t\t\tclass=\"ngg-simplelightbox\" rel=\"32157758d19ded3868f3d58705b67f40\">\n\t\t\t\t<img\n\t\t\t\t\ttitle=\"5DSR9600\"\n\t\t\t\t\talt=\"5DSR9600\"\n\t\t\t\t\tsrc=\"https:\/\/www.aurin-choir.hu\/wp-content\/gallery\/varazslatos-karacsony-2021\/cache\/5DSR9600.jpg-nggid044954-ngg0dyn-325x225x100-00f0w010c011r110f110r010t010.jpg\"\n\t\t\t\t\twidth=\"325\"\n\t\t\t\t\theight=\"225\"\n\t\t\t\t\tstyle=\"max-width:100%;\"\n\t\t\t\t\/>\n\t\t\t<\/a>\n\t\t<\/div>\n\t\t\t\t\t\t\t<\/div> \n\t\t\t\n\t\t\t\t<div id=\"ngg-image-46\" class=\"ngg-gallery-thumbnail-box \n\t\t\t\t\t\t\t\t\t\t\t\" \n\t\t\t>\n\t\t\t\t\t\t<div class=\"ngg-gallery-thumbnail\">\n\t\t\t<a href=\"https:\/\/www.aurin-choir.hu\/wp-content\/gallery\/varazslatos-karacsony-2021\/5DSR9594.jpg\"\n\t\t\t\ttitle=\"\"\n\t\t\t\tdata-src=\"https:\/\/www.aurin-choir.hu\/wp-content\/gallery\/varazslatos-karacsony-2021\/5DSR9594.jpg\"\n\t\t\t\tdata-thumbnail=\"https:\/\/www.aurin-choir.hu\/wp-content\/gallery\/varazslatos-karacsony-2021\/thumbs\/thumbs_5DSR9594.jpg\"\n\t\t\t\tdata-image-id=\"4955\"\n\t\t\t\tdata-title=\"5DSR9594\"\n\t\t\t\tdata-description=\"\"\n\t\t\t\tdata-image-slug=\"5dsr9594\"\n\t\t\t\tclass=\"ngg-simplelightbox\" rel=\"32157758d19ded3868f3d58705b67f40\">\n\t\t\t\t<img\n\t\t\t\t\ttitle=\"5DSR9594\"\n\t\t\t\t\talt=\"5DSR9594\"\n\t\t\t\t\tsrc=\"https:\/\/www.aurin-choir.hu\/wp-content\/gallery\/varazslatos-karacsony-2021\/cache\/5DSR9594.jpg-nggid044955-ngg0dyn-325x225x100-00f0w010c011r110f110r010t010.jpg\"\n\t\t\t\t\twidth=\"325\"\n\t\t\t\t\theight=\"225\"\n\t\t\t\t\tstyle=\"max-width:100%;\"\n\t\t\t\t\/>\n\t\t\t<\/a>\n\t\t<\/div>\n\t\t\t\t\t\t\t<\/div> \n\t\t\t\n\t\t\t\t<div id=\"ngg-image-47\" class=\"ngg-gallery-thumbnail-box \n\t\t\t\t\t\t\t\t\t\t\t\" \n\t\t\t>\n\t\t\t\t\t\t<div class=\"ngg-gallery-thumbnail\">\n\t\t\t<a href=\"https:\/\/www.aurin-choir.hu\/wp-content\/gallery\/varazslatos-karacsony-2021\/5DSR9603.jpg\"\n\t\t\t\ttitle=\"\"\n\t\t\t\tdata-src=\"https:\/\/www.aurin-choir.hu\/wp-content\/gallery\/varazslatos-karacsony-2021\/5DSR9603.jpg\"\n\t\t\t\tdata-thumbnail=\"https:\/\/www.aurin-choir.hu\/wp-content\/gallery\/varazslatos-karacsony-2021\/thumbs\/thumbs_5DSR9603.jpg\"\n\t\t\t\tdata-image-id=\"4956\"\n\t\t\t\tdata-title=\"5DSR9603\"\n\t\t\t\tdata-description=\"\"\n\t\t\t\tdata-image-slug=\"5dsr9603\"\n\t\t\t\tclass=\"ngg-simplelightbox\" rel=\"32157758d19ded3868f3d58705b67f40\">\n\t\t\t\t<img\n\t\t\t\t\ttitle=\"5DSR9603\"\n\t\t\t\t\talt=\"5DSR9603\"\n\t\t\t\t\tsrc=\"https:\/\/www.aurin-choir.hu\/wp-content\/gallery\/varazslatos-karacsony-2021\/cache\/5DSR9603.jpg-nggid044956-ngg0dyn-325x225x100-00f0w010c011r110f110r010t010.jpg\"\n\t\t\t\t\twidth=\"325\"\n\t\t\t\t\theight=\"225\"\n\t\t\t\t\tstyle=\"max-width:100%;\"\n\t\t\t\t\/>\n\t\t\t<\/a>\n\t\t<\/div>\n\t\t\t\t\t\t\t<\/div> \n\t\t\t\n\t\t\t\t<div id=\"ngg-image-48\" class=\"ngg-gallery-thumbnail-box \n\t\t\t\t\t\t\t\t\t\t\t\" \n\t\t\t>\n\t\t\t\t\t\t<div class=\"ngg-gallery-thumbnail\">\n\t\t\t<a href=\"https:\/\/www.aurin-choir.hu\/wp-content\/gallery\/varazslatos-karacsony-2021\/5DSR9601.jpg\"\n\t\t\t\ttitle=\"\"\n\t\t\t\tdata-src=\"https:\/\/www.aurin-choir.hu\/wp-content\/gallery\/varazslatos-karacsony-2021\/5DSR9601.jpg\"\n\t\t\t\tdata-thumbnail=\"https:\/\/www.aurin-choir.hu\/wp-content\/gallery\/varazslatos-karacsony-2021\/thumbs\/thumbs_5DSR9601.jpg\"\n\t\t\t\tdata-image-id=\"4957\"\n\t\t\t\tdata-title=\"5DSR9601\"\n\t\t\t\tdata-description=\"\"\n\t\t\t\tdata-image-slug=\"5dsr9601\"\n\t\t\t\tclass=\"ngg-simplelightbox\" rel=\"32157758d19ded3868f3d58705b67f40\">\n\t\t\t\t<img\n\t\t\t\t\ttitle=\"5DSR9601\"\n\t\t\t\t\talt=\"5DSR9601\"\n\t\t\t\t\tsrc=\"https:\/\/www.aurin-choir.hu\/wp-content\/gallery\/varazslatos-karacsony-2021\/cache\/5DSR9601.jpg-nggid044957-ngg0dyn-325x225x100-00f0w010c011r110f110r010t010.jpg\"\n\t\t\t\t\twidth=\"325\"\n\t\t\t\t\theight=\"225\"\n\t\t\t\t\tstyle=\"max-width:100%;\"\n\t\t\t\t\/>\n\t\t\t<\/a>\n\t\t<\/div>\n\t\t\t\t\t\t\t<\/div> \n\t\t\t\n\t\t\t\t<div id=\"ngg-image-49\" class=\"ngg-gallery-thumbnail-box \n\t\t\t\t\t\t\t\t\t\t\t\" \n\t\t\t>\n\t\t\t\t\t\t<div class=\"ngg-gallery-thumbnail\">\n\t\t\t<a href=\"https:\/\/www.aurin-choir.hu\/wp-content\/gallery\/varazslatos-karacsony-2021\/5DSR9639.jpg\"\n\t\t\t\ttitle=\"\"\n\t\t\t\tdata-src=\"https:\/\/www.aurin-choir.hu\/wp-content\/gallery\/varazslatos-karacsony-2021\/5DSR9639.jpg\"\n\t\t\t\tdata-thumbnail=\"https:\/\/www.aurin-choir.hu\/wp-content\/gallery\/varazslatos-karacsony-2021\/thumbs\/thumbs_5DSR9639.jpg\"\n\t\t\t\tdata-image-id=\"4958\"\n\t\t\t\tdata-title=\"5DSR9639\"\n\t\t\t\tdata-description=\"\"\n\t\t\t\tdata-image-slug=\"5dsr9639\"\n\t\t\t\tclass=\"ngg-simplelightbox\" rel=\"32157758d19ded3868f3d58705b67f40\">\n\t\t\t\t<img\n\t\t\t\t\ttitle=\"5DSR9639\"\n\t\t\t\t\talt=\"5DSR9639\"\n\t\t\t\t\tsrc=\"https:\/\/www.aurin-choir.hu\/wp-content\/gallery\/varazslatos-karacsony-2021\/cache\/5DSR9639.jpg-nggid044958-ngg0dyn-325x225x100-00f0w010c011r110f110r010t010.jpg\"\n\t\t\t\t\twidth=\"325\"\n\t\t\t\t\theight=\"225\"\n\t\t\t\t\tstyle=\"max-width:100%;\"\n\t\t\t\t\/>\n\t\t\t<\/a>\n\t\t<\/div>\n\t\t\t\t\t\t\t<\/div> \n\t\t\t\n\t\t\t\t<div id=\"ngg-image-50\" class=\"ngg-gallery-thumbnail-box \n\t\t\t\t\t\t\t\t\t\t\t\" \n\t\t\t>\n\t\t\t\t\t\t<div class=\"ngg-gallery-thumbnail\">\n\t\t\t<a href=\"https:\/\/www.aurin-choir.hu\/wp-content\/gallery\/varazslatos-karacsony-2021\/5DSR9620.jpg\"\n\t\t\t\ttitle=\"\"\n\t\t\t\tdata-src=\"https:\/\/www.aurin-choir.hu\/wp-content\/gallery\/varazslatos-karacsony-2021\/5DSR9620.jpg\"\n\t\t\t\tdata-thumbnail=\"https:\/\/www.aurin-choir.hu\/wp-content\/gallery\/varazslatos-karacsony-2021\/thumbs\/thumbs_5DSR9620.jpg\"\n\t\t\t\tdata-image-id=\"4959\"\n\t\t\t\tdata-title=\"5DSR9620\"\n\t\t\t\tdata-description=\"\"\n\t\t\t\tdata-image-slug=\"5dsr9620\"\n\t\t\t\tclass=\"ngg-simplelightbox\" rel=\"32157758d19ded3868f3d58705b67f40\">\n\t\t\t\t<img\n\t\t\t\t\ttitle=\"5DSR9620\"\n\t\t\t\t\talt=\"5DSR9620\"\n\t\t\t\t\tsrc=\"https:\/\/www.aurin-choir.hu\/wp-content\/gallery\/varazslatos-karacsony-2021\/cache\/5DSR9620.jpg-nggid044959-ngg0dyn-325x225x100-00f0w010c011r110f110r010t010.jpg\"\n\t\t\t\t\twidth=\"325\"\n\t\t\t\t\theight=\"225\"\n\t\t\t\t\tstyle=\"max-width:100%;\"\n\t\t\t\t\/>\n\t\t\t<\/a>\n\t\t<\/div>\n\t\t\t\t\t\t\t<\/div> \n\t\t\t\n\t\t\t\t<div id=\"ngg-image-51\" class=\"ngg-gallery-thumbnail-box \n\t\t\t\t\t\t\t\t\t\t\t\" \n\t\t\t>\n\t\t\t\t\t\t<div class=\"ngg-gallery-thumbnail\">\n\t\t\t<a href=\"https:\/\/www.aurin-choir.hu\/wp-content\/gallery\/varazslatos-karacsony-2021\/5DSR9640.jpg\"\n\t\t\t\ttitle=\"\"\n\t\t\t\tdata-src=\"https:\/\/www.aurin-choir.hu\/wp-content\/gallery\/varazslatos-karacsony-2021\/5DSR9640.jpg\"\n\t\t\t\tdata-thumbnail=\"https:\/\/www.aurin-choir.hu\/wp-content\/gallery\/varazslatos-karacsony-2021\/thumbs\/thumbs_5DSR9640.jpg\"\n\t\t\t\tdata-image-id=\"4960\"\n\t\t\t\tdata-title=\"5DSR9640\"\n\t\t\t\tdata-description=\"\"\n\t\t\t\tdata-image-slug=\"5dsr9640\"\n\t\t\t\tclass=\"ngg-simplelightbox\" rel=\"32157758d19ded3868f3d58705b67f40\">\n\t\t\t\t<img\n\t\t\t\t\ttitle=\"5DSR9640\"\n\t\t\t\t\talt=\"5DSR9640\"\n\t\t\t\t\tsrc=\"https:\/\/www.aurin-choir.hu\/wp-content\/gallery\/varazslatos-karacsony-2021\/cache\/5DSR9640.jpg-nggid044960-ngg0dyn-325x225x100-00f0w010c011r110f110r010t010.jpg\"\n\t\t\t\t\twidth=\"325\"\n\t\t\t\t\theight=\"225\"\n\t\t\t\t\tstyle=\"max-width:100%;\"\n\t\t\t\t\/>\n\t\t\t<\/a>\n\t\t<\/div>\n\t\t\t\t\t\t\t<\/div> \n\t\t\t\n\t\t\t\t<div id=\"ngg-image-52\" class=\"ngg-gallery-thumbnail-box \n\t\t\t\t\t\t\t\t\t\t\t\" \n\t\t\t>\n\t\t\t\t\t\t<div class=\"ngg-gallery-thumbnail\">\n\t\t\t<a href=\"https:\/\/www.aurin-choir.hu\/wp-content\/gallery\/varazslatos-karacsony-2021\/5DSR9678.jpg\"\n\t\t\t\ttitle=\"\"\n\t\t\t\tdata-src=\"https:\/\/www.aurin-choir.hu\/wp-content\/gallery\/varazslatos-karacsony-2021\/5DSR9678.jpg\"\n\t\t\t\tdata-thumbnail=\"https:\/\/www.aurin-choir.hu\/wp-content\/gallery\/varazslatos-karacsony-2021\/thumbs\/thumbs_5DSR9678.jpg\"\n\t\t\t\tdata-image-id=\"4961\"\n\t\t\t\tdata-title=\"5DSR9678\"\n\t\t\t\tdata-description=\"\"\n\t\t\t\tdata-image-slug=\"5dsr9678\"\n\t\t\t\tclass=\"ngg-simplelightbox\" rel=\"32157758d19ded3868f3d58705b67f40\">\n\t\t\t\t<img\n\t\t\t\t\ttitle=\"5DSR9678\"\n\t\t\t\t\talt=\"5DSR9678\"\n\t\t\t\t\tsrc=\"https:\/\/www.aurin-choir.hu\/wp-content\/gallery\/varazslatos-karacsony-2021\/cache\/5DSR9678.jpg-nggid044961-ngg0dyn-325x225x100-00f0w010c011r110f110r010t010.jpg\"\n\t\t\t\t\twidth=\"325\"\n\t\t\t\t\theight=\"225\"\n\t\t\t\t\tstyle=\"max-width:100%;\"\n\t\t\t\t\/>\n\t\t\t<\/a>\n\t\t<\/div>\n\t\t\t\t\t\t\t<\/div> \n\t\t\t\n\t\t\t\t<div id=\"ngg-image-53\" class=\"ngg-gallery-thumbnail-box \n\t\t\t\t\t\t\t\t\t\t\t\" \n\t\t\t>\n\t\t\t\t\t\t<div class=\"ngg-gallery-thumbnail\">\n\t\t\t<a href=\"https:\/\/www.aurin-choir.hu\/wp-content\/gallery\/varazslatos-karacsony-2021\/5DSR9674.jpg\"\n\t\t\t\ttitle=\"\"\n\t\t\t\tdata-src=\"https:\/\/www.aurin-choir.hu\/wp-content\/gallery\/varazslatos-karacsony-2021\/5DSR9674.jpg\"\n\t\t\t\tdata-thumbnail=\"https:\/\/www.aurin-choir.hu\/wp-content\/gallery\/varazslatos-karacsony-2021\/thumbs\/thumbs_5DSR9674.jpg\"\n\t\t\t\tdata-image-id=\"4962\"\n\t\t\t\tdata-title=\"5DSR9674\"\n\t\t\t\tdata-description=\"\"\n\t\t\t\tdata-image-slug=\"5dsr9674\"\n\t\t\t\tclass=\"ngg-simplelightbox\" rel=\"32157758d19ded3868f3d58705b67f40\">\n\t\t\t\t<img\n\t\t\t\t\ttitle=\"5DSR9674\"\n\t\t\t\t\talt=\"5DSR9674\"\n\t\t\t\t\tsrc=\"https:\/\/www.aurin-choir.hu\/wp-content\/gallery\/varazslatos-karacsony-2021\/cache\/5DSR9674.jpg-nggid044962-ngg0dyn-325x225x100-00f0w010c011r110f110r010t010.jpg\"\n\t\t\t\t\twidth=\"325\"\n\t\t\t\t\theight=\"225\"\n\t\t\t\t\tstyle=\"max-width:100%;\"\n\t\t\t\t\/>\n\t\t\t<\/a>\n\t\t<\/div>\n\t\t\t\t\t\t\t<\/div> \n\t\t\t\n\t\t\t\t<div id=\"ngg-image-54\" class=\"ngg-gallery-thumbnail-box \n\t\t\t\t\t\t\t\t\t\t\t\" \n\t\t\t>\n\t\t\t\t\t\t<div class=\"ngg-gallery-thumbnail\">\n\t\t\t<a href=\"https:\/\/www.aurin-choir.hu\/wp-content\/gallery\/varazslatos-karacsony-2021\/5DSR9689.jpg\"\n\t\t\t\ttitle=\"\"\n\t\t\t\tdata-src=\"https:\/\/www.aurin-choir.hu\/wp-content\/gallery\/varazslatos-karacsony-2021\/5DSR9689.jpg\"\n\t\t\t\tdata-thumbnail=\"https:\/\/www.aurin-choir.hu\/wp-content\/gallery\/varazslatos-karacsony-2021\/thumbs\/thumbs_5DSR9689.jpg\"\n\t\t\t\tdata-image-id=\"4963\"\n\t\t\t\tdata-title=\"5DSR9689\"\n\t\t\t\tdata-description=\"\"\n\t\t\t\tdata-image-slug=\"5dsr9689\"\n\t\t\t\tclass=\"ngg-simplelightbox\" rel=\"32157758d19ded3868f3d58705b67f40\">\n\t\t\t\t<img\n\t\t\t\t\ttitle=\"5DSR9689\"\n\t\t\t\t\talt=\"5DSR9689\"\n\t\t\t\t\tsrc=\"https:\/\/www.aurin-choir.hu\/wp-content\/gallery\/varazslatos-karacsony-2021\/cache\/5DSR9689.jpg-nggid044963-ngg0dyn-325x225x100-00f0w010c011r110f110r010t010.jpg\"\n\t\t\t\t\twidth=\"325\"\n\t\t\t\t\theight=\"225\"\n\t\t\t\t\tstyle=\"max-width:100%;\"\n\t\t\t\t\/>\n\t\t\t<\/a>\n\t\t<\/div>\n\t\t\t\t\t\t\t<\/div> \n\t\t\t\n\t\t\t\t<div id=\"ngg-image-55\" class=\"ngg-gallery-thumbnail-box \n\t\t\t\t\t\t\t\t\t\t\t\" \n\t\t\t>\n\t\t\t\t\t\t<div class=\"ngg-gallery-thumbnail\">\n\t\t\t<a href=\"https:\/\/www.aurin-choir.hu\/wp-content\/gallery\/varazslatos-karacsony-2021\/5DSR9703.jpg\"\n\t\t\t\ttitle=\"\"\n\t\t\t\tdata-src=\"https:\/\/www.aurin-choir.hu\/wp-content\/gallery\/varazslatos-karacsony-2021\/5DSR9703.jpg\"\n\t\t\t\tdata-thumbnail=\"https:\/\/www.aurin-choir.hu\/wp-content\/gallery\/varazslatos-karacsony-2021\/thumbs\/thumbs_5DSR9703.jpg\"\n\t\t\t\tdata-image-id=\"4964\"\n\t\t\t\tdata-title=\"5DSR9703\"\n\t\t\t\tdata-description=\"\"\n\t\t\t\tdata-image-slug=\"5dsr9703\"\n\t\t\t\tclass=\"ngg-simplelightbox\" rel=\"32157758d19ded3868f3d58705b67f40\">\n\t\t\t\t<img\n\t\t\t\t\ttitle=\"5DSR9703\"\n\t\t\t\t\talt=\"5DSR9703\"\n\t\t\t\t\tsrc=\"https:\/\/www.aurin-choir.hu\/wp-content\/gallery\/varazslatos-karacsony-2021\/cache\/5DSR9703.jpg-nggid044964-ngg0dyn-325x225x100-00f0w010c011r110f110r010t010.jpg\"\n\t\t\t\t\twidth=\"325\"\n\t\t\t\t\theight=\"225\"\n\t\t\t\t\tstyle=\"max-width:100%;\"\n\t\t\t\t\/>\n\t\t\t<\/a>\n\t\t<\/div>\n\t\t\t\t\t\t\t<\/div> \n\t\t\t\n\t\t\t\t<div id=\"ngg-image-56\" class=\"ngg-gallery-thumbnail-box \n\t\t\t\t\t\t\t\t\t\t\t\" \n\t\t\t>\n\t\t\t\t\t\t<div class=\"ngg-gallery-thumbnail\">\n\t\t\t<a href=\"https:\/\/www.aurin-choir.hu\/wp-content\/gallery\/varazslatos-karacsony-2021\/5DSR9709.jpg\"\n\t\t\t\ttitle=\"\"\n\t\t\t\tdata-src=\"https:\/\/www.aurin-choir.hu\/wp-content\/gallery\/varazslatos-karacsony-2021\/5DSR9709.jpg\"\n\t\t\t\tdata-thumbnail=\"https:\/\/www.aurin-choir.hu\/wp-content\/gallery\/varazslatos-karacsony-2021\/thumbs\/thumbs_5DSR9709.jpg\"\n\t\t\t\tdata-image-id=\"4965\"\n\t\t\t\tdata-title=\"5DSR9709\"\n\t\t\t\tdata-description=\"\"\n\t\t\t\tdata-image-slug=\"5dsr9709\"\n\t\t\t\tclass=\"ngg-simplelightbox\" rel=\"32157758d19ded3868f3d58705b67f40\">\n\t\t\t\t<img\n\t\t\t\t\ttitle=\"5DSR9709\"\n\t\t\t\t\talt=\"5DSR9709\"\n\t\t\t\t\tsrc=\"https:\/\/www.aurin-choir.hu\/wp-content\/gallery\/varazslatos-karacsony-2021\/cache\/5DSR9709.jpg-nggid044965-ngg0dyn-325x225x100-00f0w010c011r110f110r010t010.jpg\"\n\t\t\t\t\twidth=\"325\"\n\t\t\t\t\theight=\"225\"\n\t\t\t\t\tstyle=\"max-width:100%;\"\n\t\t\t\t\/>\n\t\t\t<\/a>\n\t\t<\/div>\n\t\t\t\t\t\t\t<\/div> \n\t\t\t\n\t\t\t\t<div id=\"ngg-image-57\" class=\"ngg-gallery-thumbnail-box \n\t\t\t\t\t\t\t\t\t\t\t\" \n\t\t\t>\n\t\t\t\t\t\t<div class=\"ngg-gallery-thumbnail\">\n\t\t\t<a href=\"https:\/\/www.aurin-choir.hu\/wp-content\/gallery\/varazslatos-karacsony-2021\/5DSR9721.jpg\"\n\t\t\t\ttitle=\"\"\n\t\t\t\tdata-src=\"https:\/\/www.aurin-choir.hu\/wp-content\/gallery\/varazslatos-karacsony-2021\/5DSR9721.jpg\"\n\t\t\t\tdata-thumbnail=\"https:\/\/www.aurin-choir.hu\/wp-content\/gallery\/varazslatos-karacsony-2021\/thumbs\/thumbs_5DSR9721.jpg\"\n\t\t\t\tdata-image-id=\"4966\"\n\t\t\t\tdata-title=\"5DSR9721\"\n\t\t\t\tdata-description=\"\"\n\t\t\t\tdata-image-slug=\"5dsr9721\"\n\t\t\t\tclass=\"ngg-simplelightbox\" rel=\"32157758d19ded3868f3d58705b67f40\">\n\t\t\t\t<img\n\t\t\t\t\ttitle=\"5DSR9721\"\n\t\t\t\t\talt=\"5DSR9721\"\n\t\t\t\t\tsrc=\"https:\/\/www.aurin-choir.hu\/wp-content\/gallery\/varazslatos-karacsony-2021\/cache\/5DSR9721.jpg-nggid044966-ngg0dyn-325x225x100-00f0w010c011r110f110r010t010.jpg\"\n\t\t\t\t\twidth=\"325\"\n\t\t\t\t\theight=\"225\"\n\t\t\t\t\tstyle=\"max-width:100%;\"\n\t\t\t\t\/>\n\t\t\t<\/a>\n\t\t<\/div>\n\t\t\t\t\t\t\t<\/div> \n\t\t\t\n\t\n\t<br style=\"clear: both\" \/>\n\n\t\n\t\t<!-- Pagination -->\n\t\t<div class='ngg-clear'><\/div>\t<\/div>\nFot\u00f3k: Szab\u00f3 Attila Tam\u00e1s<\/p>\n","protected":false},"author":1,"featured_media":12016,"comment_status":"closed","ping_status":"closed","template":"","meta":{"_et_pb_use_builder":"on","_et_pb_old_content":"","_et_gb_content_width":"","ngg_post_thumbnail":0,"footnotes":""},"project_category":[107,101,100,102,103],"project_tag":[],"class_list":["post-17591","project","type-project","status-publish","has-post-thumbnail","hentry","project_category-2021-en","project_category-aurin-noikar-en","project_category-aurin-leanykar-en","project_category-aurin-vegyeskar-en","project_category-miraculum-gyermekkorus-en"],"yoast_head":"<!-- This site is optimized with the Yoast SEO plugin v26.0 - https:\/\/yoast.com\/wordpress\/plugins\/seo\/ -->\n<title>Var\u00e1zslatos Kar\u00e1csony 2021 - Aurin - Miraculum<\/title>\n<meta name=\"robots\" content=\"index, follow, max-snippet:-1, max-image-preview:large, max-video-preview:-1\" \/>\n<link rel=\"canonical\" href=\"https:\/\/www.aurin-choir.hu\/project\/varazslatos-karacsony-2021\/\" \/>\n<meta property=\"og:locale\" content=\"en_US\" \/>\n<meta property=\"og:type\" content=\"article\" \/>\n<meta property=\"og:title\" content=\"Var\u00e1zslatos Kar\u00e1csony 2021 - Aurin - Miraculum\" \/>\n<meta property=\"og:description\" content=\"Var\u00e1zslatos Kar\u00e1csony 2021 Nagytemplom, Kecskem\u00e9tFot\u00f3k: Szab\u00f3 Attila Tam\u00e1s\" \/>\n<meta property=\"og:url\" content=\"https:\/\/www.aurin-choir.hu\/project\/varazslatos-karacsony-2021\/\" \/>\n<meta property=\"og:site_name\" content=\"Aurin - Miraculum\" \/>\n<meta property=\"article:publisher\" content=\"https:\/\/www.facebook.com\/aurinchoir\" \/>\n<meta property=\"article:modified_time\" content=\"2025-04-07T11:41:21+00:00\" \/>\n<meta property=\"og:image\" content=\"https:\/\/www.aurin-choir.hu\/wp-content\/uploads\/2022\/01\/5DSR9541-2.jpg\" \/>\n\t<meta property=\"og:image:width\" content=\"2124\" \/>\n\t<meta property=\"og:image:height\" content=\"1200\" \/>\n\t<meta property=\"og:image:type\" content=\"image\/jpeg\" \/>\n<meta name=\"twitter:card\" content=\"summary_large_image\" \/>\n<meta name=\"twitter:label1\" content=\"Est. reading time\" \/>\n\t<meta name=\"twitter:data1\" content=\"1 minute\" \/>\n<script type=\"application\/ld+json\" class=\"yoast-schema-graph\">{\"@context\":\"https:\/\/schema.org\",\"@graph\":[{\"@type\":\"WebPage\",\"@id\":\"https:\/\/www.aurin-choir.hu\/project\/varazslatos-karacsony-2021\/\",\"url\":\"https:\/\/www.aurin-choir.hu\/project\/varazslatos-karacsony-2021\/\",\"name\":\"Var\u00e1zslatos Kar\u00e1csony 2021 - Aurin - Miraculum\",\"isPartOf\":{\"@id\":\"https:\/\/www.aurin-choir.hu\/#website\"},\"primaryImageOfPage\":{\"@id\":\"https:\/\/www.aurin-choir.hu\/project\/varazslatos-karacsony-2021\/#primaryimage\"},\"image\":{\"@id\":\"https:\/\/www.aurin-choir.hu\/project\/varazslatos-karacsony-2021\/#primaryimage\"},\"thumbnailUrl\":\"https:\/\/www.aurin-choir.hu\/wp-content\/uploads\/2022\/01\/5DSR9541-2.jpg\",\"datePublished\":\"2021-12-31T07:30:45+00:00\",\"dateModified\":\"2025-04-07T11:41:21+00:00\",\"breadcrumb\":{\"@id\":\"https:\/\/www.aurin-choir.hu\/project\/varazslatos-karacsony-2021\/#breadcrumb\"},\"inLanguage\":\"en-US\",\"potentialAction\":[{\"@type\":\"ReadAction\",\"target\":[\"https:\/\/www.aurin-choir.hu\/project\/varazslatos-karacsony-2021\/\"]}]},{\"@type\":\"ImageObject\",\"inLanguage\":\"en-US\",\"@id\":\"https:\/\/www.aurin-choir.hu\/project\/varazslatos-karacsony-2021\/#primaryimage\",\"url\":\"https:\/\/www.aurin-choir.hu\/wp-content\/uploads\/2022\/01\/5DSR9541-2.jpg\",\"contentUrl\":\"https:\/\/www.aurin-choir.hu\/wp-content\/uploads\/2022\/01\/5DSR9541-2.jpg\",\"width\":2124,\"height\":1200},{\"@type\":\"BreadcrumbList\",\"@id\":\"https:\/\/www.aurin-choir.hu\/project\/varazslatos-karacsony-2021\/#breadcrumb\",\"itemListElement\":[{\"@type\":\"ListItem\",\"position\":1,\"name\":\"Kezd\u0151lap\",\"item\":\"https:\/\/www.aurin-choir.hu\/en\/\"},{\"@type\":\"ListItem\",\"position\":2,\"name\":\"Projektek\",\"item\":\"https:\/\/www.aurin-choir.hu\/project\/\"},{\"@type\":\"ListItem\",\"position\":3,\"name\":\"Var\u00e1zslatos Kar\u00e1csony 2021\"}]},{\"@type\":\"WebSite\",\"@id\":\"https:\/\/www.aurin-choir.hu\/#website\",\"url\":\"https:\/\/www.aurin-choir.hu\/\",\"name\":\"Aurin - Miraculum\",\"description\":\"Aurin - Miraculum\",\"publisher\":{\"@id\":\"https:\/\/www.aurin-choir.hu\/#organization\"},\"potentialAction\":[{\"@type\":\"SearchAction\",\"target\":{\"@type\":\"EntryPoint\",\"urlTemplate\":\"https:\/\/www.aurin-choir.hu\/?s={search_term_string}\"},\"query-input\":{\"@type\":\"PropertyValueSpecification\",\"valueRequired\":true,\"valueName\":\"search_term_string\"}}],\"inLanguage\":\"en-US\"},{\"@type\":\"Organization\",\"@id\":\"https:\/\/www.aurin-choir.hu\/#organization\",\"name\":\"Aurin \u00e9s Miraculum Alap\u00edtv\u00e1ny\",\"url\":\"https:\/\/www.aurin-choir.hu\/\",\"logo\":{\"@type\":\"ImageObject\",\"inLanguage\":\"en-US\",\"@id\":\"https:\/\/www.aurin-choir.hu\/#\/schema\/logo\/image\/\",\"url\":\"https:\/\/www.aurin-choir.hu\/wp-content\/uploads\/2024\/05\/logo_webre_evadzaro2-1.png\",\"contentUrl\":\"https:\/\/www.aurin-choir.hu\/wp-content\/uploads\/2024\/05\/logo_webre_evadzaro2-1.png\",\"width\":500,\"height\":515,\"caption\":\"Aurin \u00e9s Miraculum Alap\u00edtv\u00e1ny\"},\"image\":{\"@id\":\"https:\/\/www.aurin-choir.hu\/#\/schema\/logo\/image\/\"},\"sameAs\":[\"https:\/\/www.facebook.com\/aurinchoir\"]}]}<\/script>\n<!-- \/ Yoast SEO plugin. -->","yoast_head_json":{"title":"Var\u00e1zslatos Kar\u00e1csony 2021 - Aurin - Miraculum","robots":{"index":"index","follow":"follow","max-snippet":"max-snippet:-1","max-image-preview":"max-image-preview:large","max-video-preview":"max-video-preview:-1"},"canonical":"https:\/\/www.aurin-choir.hu\/project\/varazslatos-karacsony-2021\/","og_locale":"en_US","og_type":"article","og_title":"Var\u00e1zslatos Kar\u00e1csony 2021 - Aurin - Miraculum","og_description":"Var\u00e1zslatos Kar\u00e1csony 2021 Nagytemplom, Kecskem\u00e9tFot\u00f3k: Szab\u00f3 Attila Tam\u00e1s","og_url":"https:\/\/www.aurin-choir.hu\/project\/varazslatos-karacsony-2021\/","og_site_name":"Aurin - Miraculum","article_publisher":"https:\/\/www.facebook.com\/aurinchoir","article_modified_time":"2025-04-07T11:41:21+00:00","og_image":[{"width":2124,"height":1200,"url":"https:\/\/www.aurin-choir.hu\/wp-content\/uploads\/2022\/01\/5DSR9541-2.jpg","type":"image\/jpeg"}],"twitter_card":"summary_large_image","twitter_misc":{"Est. reading time":"1 minute"},"schema":{"@context":"https:\/\/schema.org","@graph":[{"@type":"WebPage","@id":"https:\/\/www.aurin-choir.hu\/project\/varazslatos-karacsony-2021\/","url":"https:\/\/www.aurin-choir.hu\/project\/varazslatos-karacsony-2021\/","name":"Var\u00e1zslatos Kar\u00e1csony 2021 - Aurin - Miraculum","isPartOf":{"@id":"https:\/\/www.aurin-choir.hu\/#website"},"primaryImageOfPage":{"@id":"https:\/\/www.aurin-choir.hu\/project\/varazslatos-karacsony-2021\/#primaryimage"},"image":{"@id":"https:\/\/www.aurin-choir.hu\/project\/varazslatos-karacsony-2021\/#primaryimage"},"thumbnailUrl":"https:\/\/www.aurin-choir.hu\/wp-content\/uploads\/2022\/01\/5DSR9541-2.jpg","datePublished":"2021-12-31T07:30:45+00:00","dateModified":"2025-04-07T11:41:21+00:00","breadcrumb":{"@id":"https:\/\/www.aurin-choir.hu\/project\/varazslatos-karacsony-2021\/#breadcrumb"},"inLanguage":"en-US","potentialAction":[{"@type":"ReadAction","target":["https:\/\/www.aurin-choir.hu\/project\/varazslatos-karacsony-2021\/"]}]},{"@type":"ImageObject","inLanguage":"en-US","@id":"https:\/\/www.aurin-choir.hu\/project\/varazslatos-karacsony-2021\/#primaryimage","url":"https:\/\/www.aurin-choir.hu\/wp-content\/uploads\/2022\/01\/5DSR9541-2.jpg","contentUrl":"https:\/\/www.aurin-choir.hu\/wp-content\/uploads\/2022\/01\/5DSR9541-2.jpg","width":2124,"height":1200},{"@type":"BreadcrumbList","@id":"https:\/\/www.aurin-choir.hu\/project\/varazslatos-karacsony-2021\/#breadcrumb","itemListElement":[{"@type":"ListItem","position":1,"name":"Kezd\u0151lap","item":"https:\/\/www.aurin-choir.hu\/en\/"},{"@type":"ListItem","position":2,"name":"Projektek","item":"https:\/\/www.aurin-choir.hu\/project\/"},{"@type":"ListItem","position":3,"name":"Var\u00e1zslatos Kar\u00e1csony 2021"}]},{"@type":"WebSite","@id":"https:\/\/www.aurin-choir.hu\/#website","url":"https:\/\/www.aurin-choir.hu\/","name":"Aurin - Miraculum","description":"Aurin - Miraculum","publisher":{"@id":"https:\/\/www.aurin-choir.hu\/#organization"},"potentialAction":[{"@type":"SearchAction","target":{"@type":"EntryPoint","urlTemplate":"https:\/\/www.aurin-choir.hu\/?s={search_term_string}"},"query-input":{"@type":"PropertyValueSpecification","valueRequired":true,"valueName":"search_term_string"}}],"inLanguage":"en-US"},{"@type":"Organization","@id":"https:\/\/www.aurin-choir.hu\/#organization","name":"Aurin \u00e9s Miraculum Alap\u00edtv\u00e1ny","url":"https:\/\/www.aurin-choir.hu\/","logo":{"@type":"ImageObject","inLanguage":"en-US","@id":"https:\/\/www.aurin-choir.hu\/#\/schema\/logo\/image\/","url":"https:\/\/www.aurin-choir.hu\/wp-content\/uploads\/2024\/05\/logo_webre_evadzaro2-1.png","contentUrl":"https:\/\/www.aurin-choir.hu\/wp-content\/uploads\/2024\/05\/logo_webre_evadzaro2-1.png","width":500,"height":515,"caption":"Aurin \u00e9s Miraculum Alap\u00edtv\u00e1ny"},"image":{"@id":"https:\/\/www.aurin-choir.hu\/#\/schema\/logo\/image\/"},"sameAs":["https:\/\/www.facebook.com\/aurinchoir"]}]}},"_links":{"self":[{"href":"https:\/\/www.aurin-choir.hu\/en\/wp-json\/wp\/v2\/project\/17591","targetHints":{"allow":["GET"]}}],"collection":[{"href":"https:\/\/www.aurin-choir.hu\/en\/wp-json\/wp\/v2\/project"}],"about":[{"href":"https:\/\/www.aurin-choir.hu\/en\/wp-json\/wp\/v2\/types\/project"}],"author":[{"embeddable":true,"href":"https:\/\/www.aurin-choir.hu\/en\/wp-json\/wp\/v2\/users\/1"}],"replies":[{"embeddable":true,"href":"https:\/\/www.aurin-choir.hu\/en\/wp-json\/wp\/v2\/comments?post=17591"}],"version-history":[{"count":1,"href":"https:\/\/www.aurin-choir.hu\/en\/wp-json\/wp\/v2\/project\/17591\/revisions"}],"predecessor-version":[{"id":17592,"href":"https:\/\/www.aurin-choir.hu\/en\/wp-json\/wp\/v2\/project\/17591\/revisions\/17592"}],"wp:featuredmedia":[{"embeddable":true,"href":"https:\/\/www.aurin-choir.hu\/en\/wp-json\/wp\/v2\/media\/12016"}],"wp:attachment":[{"href":"https:\/\/www.aurin-choir.hu\/en\/wp-json\/wp\/v2\/media?parent=17591"}],"wp:term":[{"taxonomy":"project_category","embeddable":true,"href":"https:\/\/www.aurin-choir.hu\/en\/wp-json\/wp\/v2\/project_category?post=17591"},{"taxonomy":"project_tag","embeddable":true,"href":"https:\/\/www.aurin-choir.hu\/en\/wp-json\/wp\/v2\/project_tag?post=17591"}],"curies":[{"name":"wp","href":"https:\/\/api.w.org\/{rel}","templated":true}]}}