{"id":17593,"date":"2021-12-20T07:16:12","date_gmt":"2021-12-20T07:16:12","guid":{"rendered":"https:\/\/www.aurin-choir.hu\/project\/adventi-koncert-2021\/"},"modified":"2025-04-07T11:41:45","modified_gmt":"2025-04-07T11:41:45","slug":"adventi-koncert-2021","status":"publish","type":"project","link":"https:\/\/www.aurin-choir.hu\/en\/project\/adventi-koncert-2021\/","title":{"rendered":"Adventi koncert 2021"},"content":{"rendered":"<p>[et_pb_section fb_built=&#8221;1&#8243; _builder_version=&#8221;4.27.4&#8243; _module_preset=&#8221;default&#8221; locked=&#8221;off&#8221; global_colors_info=&#8221;{}&#8221; theme_builder_area=&#8221;post_content&#8221;][et_pb_row _builder_version=&#8221;4.27.4&#8243; _module_preset=&#8221;default&#8221; global_colors_info=&#8221;{}&#8221; theme_builder_area=&#8221;post_content&#8221;][et_pb_column type=&#8221;4_4&#8243; _builder_version=&#8221;4.27.4&#8243; _module_preset=&#8221;default&#8221; global_colors_info=&#8221;{}&#8221; theme_builder_area=&#8221;post_content&#8221;][et_pb_text _builder_version=&#8221;4.27.4&#8243; _module_preset=&#8221;default&#8221; text_font=&#8221;|600|||||||&#8221; header_font=&#8221;|700|||||||&#8221; header_font_size=&#8221;31px&#8221; header_2_font=&#8221;||on||||||&#8221; hover_enabled=&#8221;0&#8243; global_colors_info=&#8221;{}&#8221; theme_builder_area=&#8221;post_content&#8221; sticky_enabled=&#8221;0&#8243;]<\/p>\n<h1 class=\"entry-title\">Adventi koncert 2021<\/h1>\n<p><b><\/b><\/p>\n<p>Szent Erzs\u00e9bet Pl\u00e9b\u00e1nia, Budapest[\/et_pb_text][\/et_pb_column][\/et_pb_row][et_pb_row _builder_version=&#8221;4.27.4&#8243; _module_preset=&#8221;default&#8221; custom_padding=&#8221;0px||0px||false|false&#8221; global_colors_info=&#8221;{}&#8221; theme_builder_area=&#8221;post_content&#8221;][et_pb_column type=&#8221;4_4&#8243; _builder_version=&#8221;4.27.4&#8243; _module_preset=&#8221;default&#8221; global_colors_info=&#8221;{}&#8221; theme_builder_area=&#8221;post_content&#8221;][et_pb_text _builder_version=&#8221;4.27.4&#8243; _module_preset=&#8221;default&#8221; hover_enabled=&#8221;0&#8243; global_colors_info=&#8221;{}&#8221; theme_builder_area=&#8221;post_content&#8221; sticky_enabled=&#8221;0&#8243;]ngg_shortcode_0_placeholder[\/et_pb_text][\/et_pb_column][\/et_pb_row][et_pb_row _builder_version=&#8221;4.27.4&#8243; _module_preset=&#8221;default&#8221; custom_padding=&#8221;0px||0px||false|false&#8221; global_colors_info=&#8221;{}&#8221; theme_builder_area=&#8221;post_content&#8221;][et_pb_column type=&#8221;4_4&#8243; _builder_version=&#8221;4.27.4&#8243; _module_preset=&#8221;default&#8221; global_colors_info=&#8221;{}&#8221; theme_builder_area=&#8221;post_content&#8221;][et_pb_text _builder_version=&#8221;4.27.4&#8243; _module_preset=&#8221;default&#8221; hover_enabled=&#8221;0&#8243; global_colors_info=&#8221;{}&#8221; theme_builder_area=&#8221;post_content&#8221; sticky_enabled=&#8221;0&#8243;]Fot\u00f3k: Ga\u00e1r Orsolya, Szab\u00f3 Attila Tam\u00e1s[\/et_pb_text][\/et_pb_column][\/et_pb_row][\/et_pb_section]<\/p>\n","protected":false},"excerpt":{"rendered":"<p>Adventi koncert 2021 Szent Erzs\u00e9bet Pl\u00e9b\u00e1nia, Budapest<!-- default-view.php -->\n<div\n\tclass=\"ngg-galleryoverview default-view \n\t\t\"\n\tid=\"ngg-gallery-5468eb2c7812c7d6846d8f391060af2a-1\">\n\n\t\t<!-- Thumbnails -->\n\t\t\t\t<div id=\"ngg-image-0\" class=\"ngg-gallery-thumbnail-box \n\t\t\t\t\t\t\t\t\t\t\t\" \n\t\t\t>\n\t\t\t\t\t\t<div class=\"ngg-gallery-thumbnail\">\n\t\t\t<a href=\"https:\/\/www.aurin-choir.hu\/wp-content\/gallery\/advent-budapest\/0.jpg\"\n\t\t\t\ttitle=\"\"\n\t\t\t\tdata-src=\"https:\/\/www.aurin-choir.hu\/wp-content\/gallery\/advent-budapest\/0.jpg\"\n\t\t\t\tdata-thumbnail=\"https:\/\/www.aurin-choir.hu\/wp-content\/gallery\/advent-budapest\/thumbs\/thumbs_0.jpg\"\n\t\t\t\tdata-image-id=\"5085\"\n\t\t\t\tdata-title=\"0\"\n\t\t\t\tdata-description=\"\"\n\t\t\t\tdata-image-slug=\"0\"\n\t\t\t\tclass=\"ngg-simplelightbox\" rel=\"5468eb2c7812c7d6846d8f391060af2a\">\n\t\t\t\t<img\n\t\t\t\t\ttitle=\"0\"\n\t\t\t\t\talt=\"0\"\n\t\t\t\t\tsrc=\"https:\/\/www.aurin-choir.hu\/wp-content\/gallery\/advent-budapest\/cache\/0.jpg-nggid045085-ngg0dyn-325x225x100-00f0w010c011r110f110r010t010.jpg\"\n\t\t\t\t\twidth=\"325\"\n\t\t\t\t\theight=\"225\"\n\t\t\t\t\tstyle=\"max-width:100%;\"\n\t\t\t\t\/>\n\t\t\t<\/a>\n\t\t<\/div>\n\t\t\t\t\t\t\t<\/div> \n\t\t\t\n\t\t\t\t<div id=\"ngg-image-1\" class=\"ngg-gallery-thumbnail-box \n\t\t\t\t\t\t\t\t\t\t\t\" \n\t\t\t>\n\t\t\t\t\t\t<div class=\"ngg-gallery-thumbnail\">\n\t\t\t<a href=\"https:\/\/www.aurin-choir.hu\/wp-content\/gallery\/advent-budapest\/1-1.jpg\"\n\t\t\t\ttitle=\"\"\n\t\t\t\tdata-src=\"https:\/\/www.aurin-choir.hu\/wp-content\/gallery\/advent-budapest\/1-1.jpg\"\n\t\t\t\tdata-thumbnail=\"https:\/\/www.aurin-choir.hu\/wp-content\/gallery\/advent-budapest\/thumbs\/thumbs_1-1.jpg\"\n\t\t\t\tdata-image-id=\"5090\"\n\t\t\t\tdata-title=\"1-1\"\n\t\t\t\tdata-description=\"\"\n\t\t\t\tdata-image-slug=\"1-1\"\n\t\t\t\tclass=\"ngg-simplelightbox\" rel=\"5468eb2c7812c7d6846d8f391060af2a\">\n\t\t\t\t<img\n\t\t\t\t\ttitle=\"1-1\"\n\t\t\t\t\talt=\"1-1\"\n\t\t\t\t\tsrc=\"https:\/\/www.aurin-choir.hu\/wp-content\/gallery\/advent-budapest\/cache\/1-1.jpg-nggid045090-ngg0dyn-325x225x100-00f0w010c011r110f110r010t010.jpg\"\n\t\t\t\t\twidth=\"325\"\n\t\t\t\t\theight=\"225\"\n\t\t\t\t\tstyle=\"max-width:100%;\"\n\t\t\t\t\/>\n\t\t\t<\/a>\n\t\t<\/div>\n\t\t\t\t\t\t\t<\/div> \n\t\t\t\n\t\t\t\t<div id=\"ngg-image-2\" class=\"ngg-gallery-thumbnail-box \n\t\t\t\t\t\t\t\t\t\t\t\" \n\t\t\t>\n\t\t\t\t\t\t<div class=\"ngg-gallery-thumbnail\">\n\t\t\t<a href=\"https:\/\/www.aurin-choir.hu\/wp-content\/gallery\/advent-budapest\/1-2.jpg\"\n\t\t\t\ttitle=\"\"\n\t\t\t\tdata-src=\"https:\/\/www.aurin-choir.hu\/wp-content\/gallery\/advent-budapest\/1-2.jpg\"\n\t\t\t\tdata-thumbnail=\"https:\/\/www.aurin-choir.hu\/wp-content\/gallery\/advent-budapest\/thumbs\/thumbs_1-2.jpg\"\n\t\t\t\tdata-image-id=\"5089\"\n\t\t\t\tdata-title=\"1-2\"\n\t\t\t\tdata-description=\"\"\n\t\t\t\tdata-image-slug=\"1-2\"\n\t\t\t\tclass=\"ngg-simplelightbox\" rel=\"5468eb2c7812c7d6846d8f391060af2a\">\n\t\t\t\t<img\n\t\t\t\t\ttitle=\"1-2\"\n\t\t\t\t\talt=\"1-2\"\n\t\t\t\t\tsrc=\"https:\/\/www.aurin-choir.hu\/wp-content\/gallery\/advent-budapest\/cache\/1-2.jpg-nggid045089-ngg0dyn-325x225x100-00f0w010c011r110f110r010t010.jpg\"\n\t\t\t\t\twidth=\"325\"\n\t\t\t\t\theight=\"225\"\n\t\t\t\t\tstyle=\"max-width:100%;\"\n\t\t\t\t\/>\n\t\t\t<\/a>\n\t\t<\/div>\n\t\t\t\t\t\t\t<\/div> \n\t\t\t\n\t\t\t\t<div id=\"ngg-image-3\" class=\"ngg-gallery-thumbnail-box \n\t\t\t\t\t\t\t\t\t\t\t\" \n\t\t\t>\n\t\t\t\t\t\t<div class=\"ngg-gallery-thumbnail\">\n\t\t\t<a href=\"https:\/\/www.aurin-choir.hu\/wp-content\/gallery\/advent-budapest\/1-3.jpg\"\n\t\t\t\ttitle=\"\"\n\t\t\t\tdata-src=\"https:\/\/www.aurin-choir.hu\/wp-content\/gallery\/advent-budapest\/1-3.jpg\"\n\t\t\t\tdata-thumbnail=\"https:\/\/www.aurin-choir.hu\/wp-content\/gallery\/advent-budapest\/thumbs\/thumbs_1-3.jpg\"\n\t\t\t\tdata-image-id=\"5087\"\n\t\t\t\tdata-title=\"1-3\"\n\t\t\t\tdata-description=\"\"\n\t\t\t\tdata-image-slug=\"1-3\"\n\t\t\t\tclass=\"ngg-simplelightbox\" rel=\"5468eb2c7812c7d6846d8f391060af2a\">\n\t\t\t\t<img\n\t\t\t\t\ttitle=\"1-3\"\n\t\t\t\t\talt=\"1-3\"\n\t\t\t\t\tsrc=\"https:\/\/www.aurin-choir.hu\/wp-content\/gallery\/advent-budapest\/cache\/1-3.jpg-nggid045087-ngg0dyn-325x225x100-00f0w010c011r110f110r010t010.jpg\"\n\t\t\t\t\twidth=\"325\"\n\t\t\t\t\theight=\"225\"\n\t\t\t\t\tstyle=\"max-width:100%;\"\n\t\t\t\t\/>\n\t\t\t<\/a>\n\t\t<\/div>\n\t\t\t\t\t\t\t<\/div> \n\t\t\t\n\t\t\t\t<div id=\"ngg-image-4\" class=\"ngg-gallery-thumbnail-box \n\t\t\t\t\t\t\t\t\t\t\t\" \n\t\t\t>\n\t\t\t\t\t\t<div class=\"ngg-gallery-thumbnail\">\n\t\t\t<a href=\"https:\/\/www.aurin-choir.hu\/wp-content\/gallery\/advent-budapest\/1-4.jpg\"\n\t\t\t\ttitle=\"\"\n\t\t\t\tdata-src=\"https:\/\/www.aurin-choir.hu\/wp-content\/gallery\/advent-budapest\/1-4.jpg\"\n\t\t\t\tdata-thumbnail=\"https:\/\/www.aurin-choir.hu\/wp-content\/gallery\/advent-budapest\/thumbs\/thumbs_1-4.jpg\"\n\t\t\t\tdata-image-id=\"5086\"\n\t\t\t\tdata-title=\"1-4\"\n\t\t\t\tdata-description=\"\"\n\t\t\t\tdata-image-slug=\"1-4\"\n\t\t\t\tclass=\"ngg-simplelightbox\" rel=\"5468eb2c7812c7d6846d8f391060af2a\">\n\t\t\t\t<img\n\t\t\t\t\ttitle=\"1-4\"\n\t\t\t\t\talt=\"1-4\"\n\t\t\t\t\tsrc=\"https:\/\/www.aurin-choir.hu\/wp-content\/gallery\/advent-budapest\/cache\/1-4.jpg-nggid045086-ngg0dyn-325x225x100-00f0w010c011r110f110r010t010.jpg\"\n\t\t\t\t\twidth=\"325\"\n\t\t\t\t\theight=\"225\"\n\t\t\t\t\tstyle=\"max-width:100%;\"\n\t\t\t\t\/>\n\t\t\t<\/a>\n\t\t<\/div>\n\t\t\t\t\t\t\t<\/div> \n\t\t\t\n\t\t\t\t<div id=\"ngg-image-5\" class=\"ngg-gallery-thumbnail-box \n\t\t\t\t\t\t\t\t\t\t\t\" \n\t\t\t>\n\t\t\t\t\t\t<div class=\"ngg-gallery-thumbnail\">\n\t\t\t<a href=\"https:\/\/www.aurin-choir.hu\/wp-content\/gallery\/advent-budapest\/1-5.jpg\"\n\t\t\t\ttitle=\"\"\n\t\t\t\tdata-src=\"https:\/\/www.aurin-choir.hu\/wp-content\/gallery\/advent-budapest\/1-5.jpg\"\n\t\t\t\tdata-thumbnail=\"https:\/\/www.aurin-choir.hu\/wp-content\/gallery\/advent-budapest\/thumbs\/thumbs_1-5.jpg\"\n\t\t\t\tdata-image-id=\"5088\"\n\t\t\t\tdata-title=\"1-5\"\n\t\t\t\tdata-description=\"\"\n\t\t\t\tdata-image-slug=\"1-5\"\n\t\t\t\tclass=\"ngg-simplelightbox\" rel=\"5468eb2c7812c7d6846d8f391060af2a\">\n\t\t\t\t<img\n\t\t\t\t\ttitle=\"1-5\"\n\t\t\t\t\talt=\"1-5\"\n\t\t\t\t\tsrc=\"https:\/\/www.aurin-choir.hu\/wp-content\/gallery\/advent-budapest\/cache\/1-5.jpg-nggid045088-ngg0dyn-325x225x100-00f0w010c011r110f110r010t010.jpg\"\n\t\t\t\t\twidth=\"325\"\n\t\t\t\t\theight=\"225\"\n\t\t\t\t\tstyle=\"max-width:100%;\"\n\t\t\t\t\/>\n\t\t\t<\/a>\n\t\t<\/div>\n\t\t\t\t\t\t\t<\/div> \n\t\t\t\n\t\t\t\t<div id=\"ngg-image-6\" class=\"ngg-gallery-thumbnail-box \n\t\t\t\t\t\t\t\t\t\t\t\" \n\t\t\t>\n\t\t\t\t\t\t<div class=\"ngg-gallery-thumbnail\">\n\t\t\t<a href=\"https:\/\/www.aurin-choir.hu\/wp-content\/gallery\/advent-budapest\/1-6.jpg\"\n\t\t\t\ttitle=\"\"\n\t\t\t\tdata-src=\"https:\/\/www.aurin-choir.hu\/wp-content\/gallery\/advent-budapest\/1-6.jpg\"\n\t\t\t\tdata-thumbnail=\"https:\/\/www.aurin-choir.hu\/wp-content\/gallery\/advent-budapest\/thumbs\/thumbs_1-6.jpg\"\n\t\t\t\tdata-image-id=\"5091\"\n\t\t\t\tdata-title=\"1-6\"\n\t\t\t\tdata-description=\"\"\n\t\t\t\tdata-image-slug=\"1-6\"\n\t\t\t\tclass=\"ngg-simplelightbox\" rel=\"5468eb2c7812c7d6846d8f391060af2a\">\n\t\t\t\t<img\n\t\t\t\t\ttitle=\"1-6\"\n\t\t\t\t\talt=\"1-6\"\n\t\t\t\t\tsrc=\"https:\/\/www.aurin-choir.hu\/wp-content\/gallery\/advent-budapest\/cache\/1-6.jpg-nggid045091-ngg0dyn-325x225x100-00f0w010c011r110f110r010t010.jpg\"\n\t\t\t\t\twidth=\"325\"\n\t\t\t\t\theight=\"225\"\n\t\t\t\t\tstyle=\"max-width:100%;\"\n\t\t\t\t\/>\n\t\t\t<\/a>\n\t\t<\/div>\n\t\t\t\t\t\t\t<\/div> \n\t\t\t\n\t\t\t\t<div id=\"ngg-image-7\" class=\"ngg-gallery-thumbnail-box \n\t\t\t\t\t\t\t\t\t\t\t\" \n\t\t\t>\n\t\t\t\t\t\t<div class=\"ngg-gallery-thumbnail\">\n\t\t\t<a href=\"https:\/\/www.aurin-choir.hu\/wp-content\/gallery\/advent-budapest\/1-7.jpg\"\n\t\t\t\ttitle=\"\"\n\t\t\t\tdata-src=\"https:\/\/www.aurin-choir.hu\/wp-content\/gallery\/advent-budapest\/1-7.jpg\"\n\t\t\t\tdata-thumbnail=\"https:\/\/www.aurin-choir.hu\/wp-content\/gallery\/advent-budapest\/thumbs\/thumbs_1-7.jpg\"\n\t\t\t\tdata-image-id=\"5092\"\n\t\t\t\tdata-title=\"1-7\"\n\t\t\t\tdata-description=\"\"\n\t\t\t\tdata-image-slug=\"1-7\"\n\t\t\t\tclass=\"ngg-simplelightbox\" rel=\"5468eb2c7812c7d6846d8f391060af2a\">\n\t\t\t\t<img\n\t\t\t\t\ttitle=\"1-7\"\n\t\t\t\t\talt=\"1-7\"\n\t\t\t\t\tsrc=\"https:\/\/www.aurin-choir.hu\/wp-content\/gallery\/advent-budapest\/cache\/1-7.jpg-nggid045092-ngg0dyn-325x225x100-00f0w010c011r110f110r010t010.jpg\"\n\t\t\t\t\twidth=\"325\"\n\t\t\t\t\theight=\"225\"\n\t\t\t\t\tstyle=\"max-width:100%;\"\n\t\t\t\t\/>\n\t\t\t<\/a>\n\t\t<\/div>\n\t\t\t\t\t\t\t<\/div> \n\t\t\t\n\t\t\t\t<div id=\"ngg-image-8\" class=\"ngg-gallery-thumbnail-box \n\t\t\t\t\t\t\t\t\t\t\t\" \n\t\t\t>\n\t\t\t\t\t\t<div class=\"ngg-gallery-thumbnail\">\n\t\t\t<a href=\"https:\/\/www.aurin-choir.hu\/wp-content\/gallery\/advent-budapest\/1-8.jpg\"\n\t\t\t\ttitle=\"\"\n\t\t\t\tdata-src=\"https:\/\/www.aurin-choir.hu\/wp-content\/gallery\/advent-budapest\/1-8.jpg\"\n\t\t\t\tdata-thumbnail=\"https:\/\/www.aurin-choir.hu\/wp-content\/gallery\/advent-budapest\/thumbs\/thumbs_1-8.jpg\"\n\t\t\t\tdata-image-id=\"5094\"\n\t\t\t\tdata-title=\"1-8\"\n\t\t\t\tdata-description=\"\"\n\t\t\t\tdata-image-slug=\"1-8\"\n\t\t\t\tclass=\"ngg-simplelightbox\" rel=\"5468eb2c7812c7d6846d8f391060af2a\">\n\t\t\t\t<img\n\t\t\t\t\ttitle=\"1-8\"\n\t\t\t\t\talt=\"1-8\"\n\t\t\t\t\tsrc=\"https:\/\/www.aurin-choir.hu\/wp-content\/gallery\/advent-budapest\/cache\/1-8.jpg-nggid045094-ngg0dyn-325x225x100-00f0w010c011r110f110r010t010.jpg\"\n\t\t\t\t\twidth=\"325\"\n\t\t\t\t\theight=\"225\"\n\t\t\t\t\tstyle=\"max-width:100%;\"\n\t\t\t\t\/>\n\t\t\t<\/a>\n\t\t<\/div>\n\t\t\t\t\t\t\t<\/div> \n\t\t\t\n\t\t\t\t<div id=\"ngg-image-9\" class=\"ngg-gallery-thumbnail-box \n\t\t\t\t\t\t\t\t\t\t\t\" \n\t\t\t>\n\t\t\t\t\t\t<div class=\"ngg-gallery-thumbnail\">\n\t\t\t<a href=\"https:\/\/www.aurin-choir.hu\/wp-content\/gallery\/advent-budapest\/1-9.jpg\"\n\t\t\t\ttitle=\"\"\n\t\t\t\tdata-src=\"https:\/\/www.aurin-choir.hu\/wp-content\/gallery\/advent-budapest\/1-9.jpg\"\n\t\t\t\tdata-thumbnail=\"https:\/\/www.aurin-choir.hu\/wp-content\/gallery\/advent-budapest\/thumbs\/thumbs_1-9.jpg\"\n\t\t\t\tdata-image-id=\"5093\"\n\t\t\t\tdata-title=\"1-9\"\n\t\t\t\tdata-description=\"\"\n\t\t\t\tdata-image-slug=\"1-9\"\n\t\t\t\tclass=\"ngg-simplelightbox\" rel=\"5468eb2c7812c7d6846d8f391060af2a\">\n\t\t\t\t<img\n\t\t\t\t\ttitle=\"1-9\"\n\t\t\t\t\talt=\"1-9\"\n\t\t\t\t\tsrc=\"https:\/\/www.aurin-choir.hu\/wp-content\/gallery\/advent-budapest\/cache\/1-9.jpg-nggid045093-ngg0dyn-325x225x100-00f0w010c011r110f110r010t010.jpg\"\n\t\t\t\t\twidth=\"325\"\n\t\t\t\t\theight=\"225\"\n\t\t\t\t\tstyle=\"max-width:100%;\"\n\t\t\t\t\/>\n\t\t\t<\/a>\n\t\t<\/div>\n\t\t\t\t\t\t\t<\/div> \n\t\t\t\n\t\t\t\t<div id=\"ngg-image-10\" class=\"ngg-gallery-thumbnail-box \n\t\t\t\t\t\t\t\t\t\t\t\" \n\t\t\t>\n\t\t\t\t\t\t<div class=\"ngg-gallery-thumbnail\">\n\t\t\t<a href=\"https:\/\/www.aurin-choir.hu\/wp-content\/gallery\/advent-budapest\/1-10.jpg\"\n\t\t\t\ttitle=\"\"\n\t\t\t\tdata-src=\"https:\/\/www.aurin-choir.hu\/wp-content\/gallery\/advent-budapest\/1-10.jpg\"\n\t\t\t\tdata-thumbnail=\"https:\/\/www.aurin-choir.hu\/wp-content\/gallery\/advent-budapest\/thumbs\/thumbs_1-10.jpg\"\n\t\t\t\tdata-image-id=\"5096\"\n\t\t\t\tdata-title=\"1-10\"\n\t\t\t\tdata-description=\"\"\n\t\t\t\tdata-image-slug=\"1-10\"\n\t\t\t\tclass=\"ngg-simplelightbox\" rel=\"5468eb2c7812c7d6846d8f391060af2a\">\n\t\t\t\t<img\n\t\t\t\t\ttitle=\"1-10\"\n\t\t\t\t\talt=\"1-10\"\n\t\t\t\t\tsrc=\"https:\/\/www.aurin-choir.hu\/wp-content\/gallery\/advent-budapest\/cache\/1-10.jpg-nggid045096-ngg0dyn-325x225x100-00f0w010c011r110f110r010t010.jpg\"\n\t\t\t\t\twidth=\"325\"\n\t\t\t\t\theight=\"225\"\n\t\t\t\t\tstyle=\"max-width:100%;\"\n\t\t\t\t\/>\n\t\t\t<\/a>\n\t\t<\/div>\n\t\t\t\t\t\t\t<\/div> \n\t\t\t\n\t\t\t\t<div id=\"ngg-image-11\" class=\"ngg-gallery-thumbnail-box \n\t\t\t\t\t\t\t\t\t\t\t\" \n\t\t\t>\n\t\t\t\t\t\t<div class=\"ngg-gallery-thumbnail\">\n\t\t\t<a href=\"https:\/\/www.aurin-choir.hu\/wp-content\/gallery\/advent-budapest\/1-11.jpg\"\n\t\t\t\ttitle=\"\"\n\t\t\t\tdata-src=\"https:\/\/www.aurin-choir.hu\/wp-content\/gallery\/advent-budapest\/1-11.jpg\"\n\t\t\t\tdata-thumbnail=\"https:\/\/www.aurin-choir.hu\/wp-content\/gallery\/advent-budapest\/thumbs\/thumbs_1-11.jpg\"\n\t\t\t\tdata-image-id=\"5097\"\n\t\t\t\tdata-title=\"1-11\"\n\t\t\t\tdata-description=\"\"\n\t\t\t\tdata-image-slug=\"1-11\"\n\t\t\t\tclass=\"ngg-simplelightbox\" rel=\"5468eb2c7812c7d6846d8f391060af2a\">\n\t\t\t\t<img\n\t\t\t\t\ttitle=\"1-11\"\n\t\t\t\t\talt=\"1-11\"\n\t\t\t\t\tsrc=\"https:\/\/www.aurin-choir.hu\/wp-content\/gallery\/advent-budapest\/cache\/1-11.jpg-nggid045097-ngg0dyn-325x225x100-00f0w010c011r110f110r010t010.jpg\"\n\t\t\t\t\twidth=\"325\"\n\t\t\t\t\theight=\"225\"\n\t\t\t\t\tstyle=\"max-width:100%;\"\n\t\t\t\t\/>\n\t\t\t<\/a>\n\t\t<\/div>\n\t\t\t\t\t\t\t<\/div> \n\t\t\t\n\t\t\t\t<div id=\"ngg-image-12\" class=\"ngg-gallery-thumbnail-box \n\t\t\t\t\t\t\t\t\t\t\t\" \n\t\t\t>\n\t\t\t\t\t\t<div class=\"ngg-gallery-thumbnail\">\n\t\t\t<a href=\"https:\/\/www.aurin-choir.hu\/wp-content\/gallery\/advent-budapest\/1-12.jpg\"\n\t\t\t\ttitle=\"\"\n\t\t\t\tdata-src=\"https:\/\/www.aurin-choir.hu\/wp-content\/gallery\/advent-budapest\/1-12.jpg\"\n\t\t\t\tdata-thumbnail=\"https:\/\/www.aurin-choir.hu\/wp-content\/gallery\/advent-budapest\/thumbs\/thumbs_1-12.jpg\"\n\t\t\t\tdata-image-id=\"5095\"\n\t\t\t\tdata-title=\"1-12\"\n\t\t\t\tdata-description=\"\"\n\t\t\t\tdata-image-slug=\"1-12\"\n\t\t\t\tclass=\"ngg-simplelightbox\" rel=\"5468eb2c7812c7d6846d8f391060af2a\">\n\t\t\t\t<img\n\t\t\t\t\ttitle=\"1-12\"\n\t\t\t\t\talt=\"1-12\"\n\t\t\t\t\tsrc=\"https:\/\/www.aurin-choir.hu\/wp-content\/gallery\/advent-budapest\/cache\/1-12.jpg-nggid045095-ngg0dyn-325x225x100-00f0w010c011r110f110r010t010.jpg\"\n\t\t\t\t\twidth=\"325\"\n\t\t\t\t\theight=\"225\"\n\t\t\t\t\tstyle=\"max-width:100%;\"\n\t\t\t\t\/>\n\t\t\t<\/a>\n\t\t<\/div>\n\t\t\t\t\t\t\t<\/div> \n\t\t\t\n\t\t\t\t<div id=\"ngg-image-13\" class=\"ngg-gallery-thumbnail-box \n\t\t\t\t\t\t\t\t\t\t\t\" \n\t\t\t>\n\t\t\t\t\t\t<div class=\"ngg-gallery-thumbnail\">\n\t\t\t<a href=\"https:\/\/www.aurin-choir.hu\/wp-content\/gallery\/advent-budapest\/1-13.jpg\"\n\t\t\t\ttitle=\"\"\n\t\t\t\tdata-src=\"https:\/\/www.aurin-choir.hu\/wp-content\/gallery\/advent-budapest\/1-13.jpg\"\n\t\t\t\tdata-thumbnail=\"https:\/\/www.aurin-choir.hu\/wp-content\/gallery\/advent-budapest\/thumbs\/thumbs_1-13.jpg\"\n\t\t\t\tdata-image-id=\"5098\"\n\t\t\t\tdata-title=\"1-13\"\n\t\t\t\tdata-description=\"\"\n\t\t\t\tdata-image-slug=\"1-13\"\n\t\t\t\tclass=\"ngg-simplelightbox\" rel=\"5468eb2c7812c7d6846d8f391060af2a\">\n\t\t\t\t<img\n\t\t\t\t\ttitle=\"1-13\"\n\t\t\t\t\talt=\"1-13\"\n\t\t\t\t\tsrc=\"https:\/\/www.aurin-choir.hu\/wp-content\/gallery\/advent-budapest\/cache\/1-13.jpg-nggid045098-ngg0dyn-325x225x100-00f0w010c011r110f110r010t010.jpg\"\n\t\t\t\t\twidth=\"325\"\n\t\t\t\t\theight=\"225\"\n\t\t\t\t\tstyle=\"max-width:100%;\"\n\t\t\t\t\/>\n\t\t\t<\/a>\n\t\t<\/div>\n\t\t\t\t\t\t\t<\/div> \n\t\t\t\n\t\t\t\t<div id=\"ngg-image-14\" class=\"ngg-gallery-thumbnail-box \n\t\t\t\t\t\t\t\t\t\t\t\" \n\t\t\t>\n\t\t\t\t\t\t<div class=\"ngg-gallery-thumbnail\">\n\t\t\t<a href=\"https:\/\/www.aurin-choir.hu\/wp-content\/gallery\/advent-budapest\/1-14.jpg\"\n\t\t\t\ttitle=\"\"\n\t\t\t\tdata-src=\"https:\/\/www.aurin-choir.hu\/wp-content\/gallery\/advent-budapest\/1-14.jpg\"\n\t\t\t\tdata-thumbnail=\"https:\/\/www.aurin-choir.hu\/wp-content\/gallery\/advent-budapest\/thumbs\/thumbs_1-14.jpg\"\n\t\t\t\tdata-image-id=\"5102\"\n\t\t\t\tdata-title=\"1-14\"\n\t\t\t\tdata-description=\"\"\n\t\t\t\tdata-image-slug=\"1-14\"\n\t\t\t\tclass=\"ngg-simplelightbox\" rel=\"5468eb2c7812c7d6846d8f391060af2a\">\n\t\t\t\t<img\n\t\t\t\t\ttitle=\"1-14\"\n\t\t\t\t\talt=\"1-14\"\n\t\t\t\t\tsrc=\"https:\/\/www.aurin-choir.hu\/wp-content\/gallery\/advent-budapest\/cache\/1-14.jpg-nggid045102-ngg0dyn-325x225x100-00f0w010c011r110f110r010t010.jpg\"\n\t\t\t\t\twidth=\"325\"\n\t\t\t\t\theight=\"225\"\n\t\t\t\t\tstyle=\"max-width:100%;\"\n\t\t\t\t\/>\n\t\t\t<\/a>\n\t\t<\/div>\n\t\t\t\t\t\t\t<\/div> \n\t\t\t\n\t\t\t\t<div id=\"ngg-image-15\" class=\"ngg-gallery-thumbnail-box \n\t\t\t\t\t\t\t\t\t\t\t\" \n\t\t\t>\n\t\t\t\t\t\t<div class=\"ngg-gallery-thumbnail\">\n\t\t\t<a href=\"https:\/\/www.aurin-choir.hu\/wp-content\/gallery\/advent-budapest\/1-15.jpg\"\n\t\t\t\ttitle=\"\"\n\t\t\t\tdata-src=\"https:\/\/www.aurin-choir.hu\/wp-content\/gallery\/advent-budapest\/1-15.jpg\"\n\t\t\t\tdata-thumbnail=\"https:\/\/www.aurin-choir.hu\/wp-content\/gallery\/advent-budapest\/thumbs\/thumbs_1-15.jpg\"\n\t\t\t\tdata-image-id=\"5101\"\n\t\t\t\tdata-title=\"1-15\"\n\t\t\t\tdata-description=\"\"\n\t\t\t\tdata-image-slug=\"1-15\"\n\t\t\t\tclass=\"ngg-simplelightbox\" rel=\"5468eb2c7812c7d6846d8f391060af2a\">\n\t\t\t\t<img\n\t\t\t\t\ttitle=\"1-15\"\n\t\t\t\t\talt=\"1-15\"\n\t\t\t\t\tsrc=\"https:\/\/www.aurin-choir.hu\/wp-content\/gallery\/advent-budapest\/cache\/1-15.jpg-nggid045101-ngg0dyn-325x225x100-00f0w010c011r110f110r010t010.jpg\"\n\t\t\t\t\twidth=\"325\"\n\t\t\t\t\theight=\"225\"\n\t\t\t\t\tstyle=\"max-width:100%;\"\n\t\t\t\t\/>\n\t\t\t<\/a>\n\t\t<\/div>\n\t\t\t\t\t\t\t<\/div> \n\t\t\t\n\t\t\t\t<div id=\"ngg-image-16\" class=\"ngg-gallery-thumbnail-box \n\t\t\t\t\t\t\t\t\t\t\t\" \n\t\t\t>\n\t\t\t\t\t\t<div class=\"ngg-gallery-thumbnail\">\n\t\t\t<a href=\"https:\/\/www.aurin-choir.hu\/wp-content\/gallery\/advent-budapest\/1-16.jpg\"\n\t\t\t\ttitle=\"\"\n\t\t\t\tdata-src=\"https:\/\/www.aurin-choir.hu\/wp-content\/gallery\/advent-budapest\/1-16.jpg\"\n\t\t\t\tdata-thumbnail=\"https:\/\/www.aurin-choir.hu\/wp-content\/gallery\/advent-budapest\/thumbs\/thumbs_1-16.jpg\"\n\t\t\t\tdata-image-id=\"5099\"\n\t\t\t\tdata-title=\"1-16\"\n\t\t\t\tdata-description=\"\"\n\t\t\t\tdata-image-slug=\"1-16\"\n\t\t\t\tclass=\"ngg-simplelightbox\" rel=\"5468eb2c7812c7d6846d8f391060af2a\">\n\t\t\t\t<img\n\t\t\t\t\ttitle=\"1-16\"\n\t\t\t\t\talt=\"1-16\"\n\t\t\t\t\tsrc=\"https:\/\/www.aurin-choir.hu\/wp-content\/gallery\/advent-budapest\/cache\/1-16.jpg-nggid045099-ngg0dyn-325x225x100-00f0w010c011r110f110r010t010.jpg\"\n\t\t\t\t\twidth=\"325\"\n\t\t\t\t\theight=\"225\"\n\t\t\t\t\tstyle=\"max-width:100%;\"\n\t\t\t\t\/>\n\t\t\t<\/a>\n\t\t<\/div>\n\t\t\t\t\t\t\t<\/div> \n\t\t\t\n\t\t\t\t<div id=\"ngg-image-17\" class=\"ngg-gallery-thumbnail-box \n\t\t\t\t\t\t\t\t\t\t\t\" \n\t\t\t>\n\t\t\t\t\t\t<div class=\"ngg-gallery-thumbnail\">\n\t\t\t<a href=\"https:\/\/www.aurin-choir.hu\/wp-content\/gallery\/advent-budapest\/1-17.jpg\"\n\t\t\t\ttitle=\"\"\n\t\t\t\tdata-src=\"https:\/\/www.aurin-choir.hu\/wp-content\/gallery\/advent-budapest\/1-17.jpg\"\n\t\t\t\tdata-thumbnail=\"https:\/\/www.aurin-choir.hu\/wp-content\/gallery\/advent-budapest\/thumbs\/thumbs_1-17.jpg\"\n\t\t\t\tdata-image-id=\"5100\"\n\t\t\t\tdata-title=\"1-17\"\n\t\t\t\tdata-description=\"\"\n\t\t\t\tdata-image-slug=\"1-17\"\n\t\t\t\tclass=\"ngg-simplelightbox\" rel=\"5468eb2c7812c7d6846d8f391060af2a\">\n\t\t\t\t<img\n\t\t\t\t\ttitle=\"1-17\"\n\t\t\t\t\talt=\"1-17\"\n\t\t\t\t\tsrc=\"https:\/\/www.aurin-choir.hu\/wp-content\/gallery\/advent-budapest\/cache\/1-17.jpg-nggid045100-ngg0dyn-325x225x100-00f0w010c011r110f110r010t010.jpg\"\n\t\t\t\t\twidth=\"325\"\n\t\t\t\t\theight=\"225\"\n\t\t\t\t\tstyle=\"max-width:100%;\"\n\t\t\t\t\/>\n\t\t\t<\/a>\n\t\t<\/div>\n\t\t\t\t\t\t\t<\/div> \n\t\t\t\n\t\t\t\t<div id=\"ngg-image-18\" class=\"ngg-gallery-thumbnail-box \n\t\t\t\t\t\t\t\t\t\t\t\" \n\t\t\t>\n\t\t\t\t\t\t<div class=\"ngg-gallery-thumbnail\">\n\t\t\t<a href=\"https:\/\/www.aurin-choir.hu\/wp-content\/gallery\/advent-budapest\/1-18.jpg\"\n\t\t\t\ttitle=\"\"\n\t\t\t\tdata-src=\"https:\/\/www.aurin-choir.hu\/wp-content\/gallery\/advent-budapest\/1-18.jpg\"\n\t\t\t\tdata-thumbnail=\"https:\/\/www.aurin-choir.hu\/wp-content\/gallery\/advent-budapest\/thumbs\/thumbs_1-18.jpg\"\n\t\t\t\tdata-image-id=\"5103\"\n\t\t\t\tdata-title=\"1-18\"\n\t\t\t\tdata-description=\"\"\n\t\t\t\tdata-image-slug=\"1-18\"\n\t\t\t\tclass=\"ngg-simplelightbox\" rel=\"5468eb2c7812c7d6846d8f391060af2a\">\n\t\t\t\t<img\n\t\t\t\t\ttitle=\"1-18\"\n\t\t\t\t\talt=\"1-18\"\n\t\t\t\t\tsrc=\"https:\/\/www.aurin-choir.hu\/wp-content\/gallery\/advent-budapest\/cache\/1-18.jpg-nggid045103-ngg0dyn-325x225x100-00f0w010c011r110f110r010t010.jpg\"\n\t\t\t\t\twidth=\"325\"\n\t\t\t\t\theight=\"225\"\n\t\t\t\t\tstyle=\"max-width:100%;\"\n\t\t\t\t\/>\n\t\t\t<\/a>\n\t\t<\/div>\n\t\t\t\t\t\t\t<\/div> \n\t\t\t\n\t\t\t\t<div id=\"ngg-image-19\" class=\"ngg-gallery-thumbnail-box \n\t\t\t\t\t\t\t\t\t\t\t\" \n\t\t\t>\n\t\t\t\t\t\t<div class=\"ngg-gallery-thumbnail\">\n\t\t\t<a href=\"https:\/\/www.aurin-choir.hu\/wp-content\/gallery\/advent-budapest\/1-19.jpg\"\n\t\t\t\ttitle=\"\"\n\t\t\t\tdata-src=\"https:\/\/www.aurin-choir.hu\/wp-content\/gallery\/advent-budapest\/1-19.jpg\"\n\t\t\t\tdata-thumbnail=\"https:\/\/www.aurin-choir.hu\/wp-content\/gallery\/advent-budapest\/thumbs\/thumbs_1-19.jpg\"\n\t\t\t\tdata-image-id=\"5104\"\n\t\t\t\tdata-title=\"1-19\"\n\t\t\t\tdata-description=\"\"\n\t\t\t\tdata-image-slug=\"1-19\"\n\t\t\t\tclass=\"ngg-simplelightbox\" rel=\"5468eb2c7812c7d6846d8f391060af2a\">\n\t\t\t\t<img\n\t\t\t\t\ttitle=\"1-19\"\n\t\t\t\t\talt=\"1-19\"\n\t\t\t\t\tsrc=\"https:\/\/www.aurin-choir.hu\/wp-content\/gallery\/advent-budapest\/cache\/1-19.jpg-nggid045104-ngg0dyn-325x225x100-00f0w010c011r110f110r010t010.jpg\"\n\t\t\t\t\twidth=\"325\"\n\t\t\t\t\theight=\"225\"\n\t\t\t\t\tstyle=\"max-width:100%;\"\n\t\t\t\t\/>\n\t\t\t<\/a>\n\t\t<\/div>\n\t\t\t\t\t\t\t<\/div> \n\t\t\t\n\t\t\t\t<div id=\"ngg-image-20\" class=\"ngg-gallery-thumbnail-box \n\t\t\t\t\t\t\t\t\t\t\t\" \n\t\t\t>\n\t\t\t\t\t\t<div class=\"ngg-gallery-thumbnail\">\n\t\t\t<a href=\"https:\/\/www.aurin-choir.hu\/wp-content\/gallery\/advent-budapest\/1-20.jpg\"\n\t\t\t\ttitle=\"\"\n\t\t\t\tdata-src=\"https:\/\/www.aurin-choir.hu\/wp-content\/gallery\/advent-budapest\/1-20.jpg\"\n\t\t\t\tdata-thumbnail=\"https:\/\/www.aurin-choir.hu\/wp-content\/gallery\/advent-budapest\/thumbs\/thumbs_1-20.jpg\"\n\t\t\t\tdata-image-id=\"5105\"\n\t\t\t\tdata-title=\"1-20\"\n\t\t\t\tdata-description=\"\"\n\t\t\t\tdata-image-slug=\"1-20\"\n\t\t\t\tclass=\"ngg-simplelightbox\" rel=\"5468eb2c7812c7d6846d8f391060af2a\">\n\t\t\t\t<img\n\t\t\t\t\ttitle=\"1-20\"\n\t\t\t\t\talt=\"1-20\"\n\t\t\t\t\tsrc=\"https:\/\/www.aurin-choir.hu\/wp-content\/gallery\/advent-budapest\/cache\/1-20.jpg-nggid045105-ngg0dyn-325x225x100-00f0w010c011r110f110r010t010.jpg\"\n\t\t\t\t\twidth=\"325\"\n\t\t\t\t\theight=\"225\"\n\t\t\t\t\tstyle=\"max-width:100%;\"\n\t\t\t\t\/>\n\t\t\t<\/a>\n\t\t<\/div>\n\t\t\t\t\t\t\t<\/div> \n\t\t\t\n\t\t\t\t<div id=\"ngg-image-21\" class=\"ngg-gallery-thumbnail-box \n\t\t\t\t\t\t\t\t\t\t\t\" \n\t\t\t>\n\t\t\t\t\t\t<div class=\"ngg-gallery-thumbnail\">\n\t\t\t<a href=\"https:\/\/www.aurin-choir.hu\/wp-content\/gallery\/advent-budapest\/1-21.jpg\"\n\t\t\t\ttitle=\"\"\n\t\t\t\tdata-src=\"https:\/\/www.aurin-choir.hu\/wp-content\/gallery\/advent-budapest\/1-21.jpg\"\n\t\t\t\tdata-thumbnail=\"https:\/\/www.aurin-choir.hu\/wp-content\/gallery\/advent-budapest\/thumbs\/thumbs_1-21.jpg\"\n\t\t\t\tdata-image-id=\"5108\"\n\t\t\t\tdata-title=\"1-21\"\n\t\t\t\tdata-description=\"\"\n\t\t\t\tdata-image-slug=\"1-21\"\n\t\t\t\tclass=\"ngg-simplelightbox\" rel=\"5468eb2c7812c7d6846d8f391060af2a\">\n\t\t\t\t<img\n\t\t\t\t\ttitle=\"1-21\"\n\t\t\t\t\talt=\"1-21\"\n\t\t\t\t\tsrc=\"https:\/\/www.aurin-choir.hu\/wp-content\/gallery\/advent-budapest\/cache\/1-21.jpg-nggid045108-ngg0dyn-325x225x100-00f0w010c011r110f110r010t010.jpg\"\n\t\t\t\t\twidth=\"325\"\n\t\t\t\t\theight=\"225\"\n\t\t\t\t\tstyle=\"max-width:100%;\"\n\t\t\t\t\/>\n\t\t\t<\/a>\n\t\t<\/div>\n\t\t\t\t\t\t\t<\/div> \n\t\t\t\n\t\t\t\t<div id=\"ngg-image-22\" class=\"ngg-gallery-thumbnail-box \n\t\t\t\t\t\t\t\t\t\t\t\" \n\t\t\t>\n\t\t\t\t\t\t<div class=\"ngg-gallery-thumbnail\">\n\t\t\t<a href=\"https:\/\/www.aurin-choir.hu\/wp-content\/gallery\/advent-budapest\/1-22.jpg\"\n\t\t\t\ttitle=\"\"\n\t\t\t\tdata-src=\"https:\/\/www.aurin-choir.hu\/wp-content\/gallery\/advent-budapest\/1-22.jpg\"\n\t\t\t\tdata-thumbnail=\"https:\/\/www.aurin-choir.hu\/wp-content\/gallery\/advent-budapest\/thumbs\/thumbs_1-22.jpg\"\n\t\t\t\tdata-image-id=\"5109\"\n\t\t\t\tdata-title=\"1-22\"\n\t\t\t\tdata-description=\"\"\n\t\t\t\tdata-image-slug=\"1-22\"\n\t\t\t\tclass=\"ngg-simplelightbox\" rel=\"5468eb2c7812c7d6846d8f391060af2a\">\n\t\t\t\t<img\n\t\t\t\t\ttitle=\"1-22\"\n\t\t\t\t\talt=\"1-22\"\n\t\t\t\t\tsrc=\"https:\/\/www.aurin-choir.hu\/wp-content\/gallery\/advent-budapest\/cache\/1-22.jpg-nggid045109-ngg0dyn-325x225x100-00f0w010c011r110f110r010t010.jpg\"\n\t\t\t\t\twidth=\"325\"\n\t\t\t\t\theight=\"225\"\n\t\t\t\t\tstyle=\"max-width:100%;\"\n\t\t\t\t\/>\n\t\t\t<\/a>\n\t\t<\/div>\n\t\t\t\t\t\t\t<\/div> \n\t\t\t\n\t\t\t\t<div id=\"ngg-image-23\" class=\"ngg-gallery-thumbnail-box \n\t\t\t\t\t\t\t\t\t\t\t\" \n\t\t\t>\n\t\t\t\t\t\t<div class=\"ngg-gallery-thumbnail\">\n\t\t\t<a href=\"https:\/\/www.aurin-choir.hu\/wp-content\/gallery\/advent-budapest\/1-23.jpg\"\n\t\t\t\ttitle=\"\"\n\t\t\t\tdata-src=\"https:\/\/www.aurin-choir.hu\/wp-content\/gallery\/advent-budapest\/1-23.jpg\"\n\t\t\t\tdata-thumbnail=\"https:\/\/www.aurin-choir.hu\/wp-content\/gallery\/advent-budapest\/thumbs\/thumbs_1-23.jpg\"\n\t\t\t\tdata-image-id=\"5106\"\n\t\t\t\tdata-title=\"1-23\"\n\t\t\t\tdata-description=\"\"\n\t\t\t\tdata-image-slug=\"1-23\"\n\t\t\t\tclass=\"ngg-simplelightbox\" rel=\"5468eb2c7812c7d6846d8f391060af2a\">\n\t\t\t\t<img\n\t\t\t\t\ttitle=\"1-23\"\n\t\t\t\t\talt=\"1-23\"\n\t\t\t\t\tsrc=\"https:\/\/www.aurin-choir.hu\/wp-content\/gallery\/advent-budapest\/cache\/1-23.jpg-nggid045106-ngg0dyn-325x225x100-00f0w010c011r110f110r010t010.jpg\"\n\t\t\t\t\twidth=\"325\"\n\t\t\t\t\theight=\"225\"\n\t\t\t\t\tstyle=\"max-width:100%;\"\n\t\t\t\t\/>\n\t\t\t<\/a>\n\t\t<\/div>\n\t\t\t\t\t\t\t<\/div> \n\t\t\t\n\t\t\t\t<div id=\"ngg-image-24\" class=\"ngg-gallery-thumbnail-box \n\t\t\t\t\t\t\t\t\t\t\t\" \n\t\t\t>\n\t\t\t\t\t\t<div class=\"ngg-gallery-thumbnail\">\n\t\t\t<a href=\"https:\/\/www.aurin-choir.hu\/wp-content\/gallery\/advent-budapest\/1-24.jpg\"\n\t\t\t\ttitle=\"\"\n\t\t\t\tdata-src=\"https:\/\/www.aurin-choir.hu\/wp-content\/gallery\/advent-budapest\/1-24.jpg\"\n\t\t\t\tdata-thumbnail=\"https:\/\/www.aurin-choir.hu\/wp-content\/gallery\/advent-budapest\/thumbs\/thumbs_1-24.jpg\"\n\t\t\t\tdata-image-id=\"5107\"\n\t\t\t\tdata-title=\"1-24\"\n\t\t\t\tdata-description=\"\"\n\t\t\t\tdata-image-slug=\"1-24\"\n\t\t\t\tclass=\"ngg-simplelightbox\" rel=\"5468eb2c7812c7d6846d8f391060af2a\">\n\t\t\t\t<img\n\t\t\t\t\ttitle=\"1-24\"\n\t\t\t\t\talt=\"1-24\"\n\t\t\t\t\tsrc=\"https:\/\/www.aurin-choir.hu\/wp-content\/gallery\/advent-budapest\/cache\/1-24.jpg-nggid045107-ngg0dyn-325x225x100-00f0w010c011r110f110r010t010.jpg\"\n\t\t\t\t\twidth=\"325\"\n\t\t\t\t\theight=\"225\"\n\t\t\t\t\tstyle=\"max-width:100%;\"\n\t\t\t\t\/>\n\t\t\t<\/a>\n\t\t<\/div>\n\t\t\t\t\t\t\t<\/div> \n\t\t\t\n\t\t\t\t<div id=\"ngg-image-25\" class=\"ngg-gallery-thumbnail-box \n\t\t\t\t\t\t\t\t\t\t\t\" \n\t\t\t>\n\t\t\t\t\t\t<div class=\"ngg-gallery-thumbnail\">\n\t\t\t<a href=\"https:\/\/www.aurin-choir.hu\/wp-content\/gallery\/advent-budapest\/1-25.jpg\"\n\t\t\t\ttitle=\"\"\n\t\t\t\tdata-src=\"https:\/\/www.aurin-choir.hu\/wp-content\/gallery\/advent-budapest\/1-25.jpg\"\n\t\t\t\tdata-thumbnail=\"https:\/\/www.aurin-choir.hu\/wp-content\/gallery\/advent-budapest\/thumbs\/thumbs_1-25.jpg\"\n\t\t\t\tdata-image-id=\"5110\"\n\t\t\t\tdata-title=\"1-25\"\n\t\t\t\tdata-description=\"\"\n\t\t\t\tdata-image-slug=\"1-25\"\n\t\t\t\tclass=\"ngg-simplelightbox\" rel=\"5468eb2c7812c7d6846d8f391060af2a\">\n\t\t\t\t<img\n\t\t\t\t\ttitle=\"1-25\"\n\t\t\t\t\talt=\"1-25\"\n\t\t\t\t\tsrc=\"https:\/\/www.aurin-choir.hu\/wp-content\/gallery\/advent-budapest\/cache\/1-25.jpg-nggid045110-ngg0dyn-325x225x100-00f0w010c011r110f110r010t010.jpg\"\n\t\t\t\t\twidth=\"325\"\n\t\t\t\t\theight=\"225\"\n\t\t\t\t\tstyle=\"max-width:100%;\"\n\t\t\t\t\/>\n\t\t\t<\/a>\n\t\t<\/div>\n\t\t\t\t\t\t\t<\/div> \n\t\t\t\n\t\t\t\t<div id=\"ngg-image-26\" class=\"ngg-gallery-thumbnail-box \n\t\t\t\t\t\t\t\t\t\t\t\" \n\t\t\t>\n\t\t\t\t\t\t<div class=\"ngg-gallery-thumbnail\">\n\t\t\t<a href=\"https:\/\/www.aurin-choir.hu\/wp-content\/gallery\/advent-budapest\/1_1-9.jpg\"\n\t\t\t\ttitle=\"\"\n\t\t\t\tdata-src=\"https:\/\/www.aurin-choir.hu\/wp-content\/gallery\/advent-budapest\/1_1-9.jpg\"\n\t\t\t\tdata-thumbnail=\"https:\/\/www.aurin-choir.hu\/wp-content\/gallery\/advent-budapest\/thumbs\/thumbs_1_1-9.jpg\"\n\t\t\t\tdata-image-id=\"5111\"\n\t\t\t\tdata-title=\"1_1-9\"\n\t\t\t\tdata-description=\"\"\n\t\t\t\tdata-image-slug=\"1_1-9\"\n\t\t\t\tclass=\"ngg-simplelightbox\" rel=\"5468eb2c7812c7d6846d8f391060af2a\">\n\t\t\t\t<img\n\t\t\t\t\ttitle=\"1_1-9\"\n\t\t\t\t\talt=\"1_1-9\"\n\t\t\t\t\tsrc=\"https:\/\/www.aurin-choir.hu\/wp-content\/gallery\/advent-budapest\/cache\/1_1-9.jpg-nggid045111-ngg0dyn-325x225x100-00f0w010c011r110f110r010t010.jpg\"\n\t\t\t\t\twidth=\"325\"\n\t\t\t\t\theight=\"225\"\n\t\t\t\t\tstyle=\"max-width:100%;\"\n\t\t\t\t\/>\n\t\t\t<\/a>\n\t\t<\/div>\n\t\t\t\t\t\t\t<\/div> \n\t\t\t\n\t\t\t\t<div id=\"ngg-image-27\" class=\"ngg-gallery-thumbnail-box \n\t\t\t\t\t\t\t\t\t\t\t\" \n\t\t\t>\n\t\t\t\t\t\t<div class=\"ngg-gallery-thumbnail\">\n\t\t\t<a href=\"https:\/\/www.aurin-choir.hu\/wp-content\/gallery\/advent-budapest\/1_5DSR9329.jpg\"\n\t\t\t\ttitle=\"\"\n\t\t\t\tdata-src=\"https:\/\/www.aurin-choir.hu\/wp-content\/gallery\/advent-budapest\/1_5DSR9329.jpg\"\n\t\t\t\tdata-thumbnail=\"https:\/\/www.aurin-choir.hu\/wp-content\/gallery\/advent-budapest\/thumbs\/thumbs_1_5DSR9329.jpg\"\n\t\t\t\tdata-image-id=\"5112\"\n\t\t\t\tdata-title=\"1_5DSR9329\"\n\t\t\t\tdata-description=\"\"\n\t\t\t\tdata-image-slug=\"1_5dsr9329\"\n\t\t\t\tclass=\"ngg-simplelightbox\" rel=\"5468eb2c7812c7d6846d8f391060af2a\">\n\t\t\t\t<img\n\t\t\t\t\ttitle=\"1_5DSR9329\"\n\t\t\t\t\talt=\"1_5DSR9329\"\n\t\t\t\t\tsrc=\"https:\/\/www.aurin-choir.hu\/wp-content\/gallery\/advent-budapest\/cache\/1_5DSR9329.jpg-nggid045112-ngg0dyn-325x225x100-00f0w010c011r110f110r010t010.jpg\"\n\t\t\t\t\twidth=\"325\"\n\t\t\t\t\theight=\"225\"\n\t\t\t\t\tstyle=\"max-width:100%;\"\n\t\t\t\t\/>\n\t\t\t<\/a>\n\t\t<\/div>\n\t\t\t\t\t\t\t<\/div> \n\t\t\t\n\t\t\t\t<div id=\"ngg-image-28\" class=\"ngg-gallery-thumbnail-box \n\t\t\t\t\t\t\t\t\t\t\t\" \n\t\t\t>\n\t\t\t\t\t\t<div class=\"ngg-gallery-thumbnail\">\n\t\t\t<a href=\"https:\/\/www.aurin-choir.hu\/wp-content\/gallery\/advent-budapest\/5DSR9279.jpg\"\n\t\t\t\ttitle=\"\"\n\t\t\t\tdata-src=\"https:\/\/www.aurin-choir.hu\/wp-content\/gallery\/advent-budapest\/5DSR9279.jpg\"\n\t\t\t\tdata-thumbnail=\"https:\/\/www.aurin-choir.hu\/wp-content\/gallery\/advent-budapest\/thumbs\/thumbs_5DSR9279.jpg\"\n\t\t\t\tdata-image-id=\"5114\"\n\t\t\t\tdata-title=\"5DSR9279\"\n\t\t\t\tdata-description=\"\"\n\t\t\t\tdata-image-slug=\"5dsr9279\"\n\t\t\t\tclass=\"ngg-simplelightbox\" rel=\"5468eb2c7812c7d6846d8f391060af2a\">\n\t\t\t\t<img\n\t\t\t\t\ttitle=\"5DSR9279\"\n\t\t\t\t\talt=\"5DSR9279\"\n\t\t\t\t\tsrc=\"https:\/\/www.aurin-choir.hu\/wp-content\/gallery\/advent-budapest\/cache\/5DSR9279.jpg-nggid045114-ngg0dyn-325x225x100-00f0w010c011r110f110r010t010.jpg\"\n\t\t\t\t\twidth=\"325\"\n\t\t\t\t\theight=\"225\"\n\t\t\t\t\tstyle=\"max-width:100%;\"\n\t\t\t\t\/>\n\t\t\t<\/a>\n\t\t<\/div>\n\t\t\t\t\t\t\t<\/div> \n\t\t\t\n\t\t\t\t<div id=\"ngg-image-29\" class=\"ngg-gallery-thumbnail-box \n\t\t\t\t\t\t\t\t\t\t\t\" \n\t\t\t>\n\t\t\t\t\t\t<div class=\"ngg-gallery-thumbnail\">\n\t\t\t<a href=\"https:\/\/www.aurin-choir.hu\/wp-content\/gallery\/advent-budapest\/1_5DSR9287.jpg\"\n\t\t\t\ttitle=\"\"\n\t\t\t\tdata-src=\"https:\/\/www.aurin-choir.hu\/wp-content\/gallery\/advent-budapest\/1_5DSR9287.jpg\"\n\t\t\t\tdata-thumbnail=\"https:\/\/www.aurin-choir.hu\/wp-content\/gallery\/advent-budapest\/thumbs\/thumbs_1_5DSR9287.jpg\"\n\t\t\t\tdata-image-id=\"5115\"\n\t\t\t\tdata-title=\"1_5DSR9287\"\n\t\t\t\tdata-description=\"\"\n\t\t\t\tdata-image-slug=\"1_5dsr9287\"\n\t\t\t\tclass=\"ngg-simplelightbox\" rel=\"5468eb2c7812c7d6846d8f391060af2a\">\n\t\t\t\t<img\n\t\t\t\t\ttitle=\"1_5DSR9287\"\n\t\t\t\t\talt=\"1_5DSR9287\"\n\t\t\t\t\tsrc=\"https:\/\/www.aurin-choir.hu\/wp-content\/gallery\/advent-budapest\/cache\/1_5DSR9287.jpg-nggid045115-ngg0dyn-325x225x100-00f0w010c011r110f110r010t010.jpg\"\n\t\t\t\t\twidth=\"325\"\n\t\t\t\t\theight=\"225\"\n\t\t\t\t\tstyle=\"max-width:100%;\"\n\t\t\t\t\/>\n\t\t\t<\/a>\n\t\t<\/div>\n\t\t\t\t\t\t\t<\/div> \n\t\t\t\n\t\t\t\t<div id=\"ngg-image-30\" class=\"ngg-gallery-thumbnail-box \n\t\t\t\t\t\t\t\t\t\t\t\" \n\t\t\t>\n\t\t\t\t\t\t<div class=\"ngg-gallery-thumbnail\">\n\t\t\t<a href=\"https:\/\/www.aurin-choir.hu\/wp-content\/gallery\/advent-budapest\/5DSR9277.jpg\"\n\t\t\t\ttitle=\"\"\n\t\t\t\tdata-src=\"https:\/\/www.aurin-choir.hu\/wp-content\/gallery\/advent-budapest\/5DSR9277.jpg\"\n\t\t\t\tdata-thumbnail=\"https:\/\/www.aurin-choir.hu\/wp-content\/gallery\/advent-budapest\/thumbs\/thumbs_5DSR9277.jpg\"\n\t\t\t\tdata-image-id=\"5116\"\n\t\t\t\tdata-title=\"5DSR9277\"\n\t\t\t\tdata-description=\"\"\n\t\t\t\tdata-image-slug=\"5dsr9277\"\n\t\t\t\tclass=\"ngg-simplelightbox\" rel=\"5468eb2c7812c7d6846d8f391060af2a\">\n\t\t\t\t<img\n\t\t\t\t\ttitle=\"5DSR9277\"\n\t\t\t\t\talt=\"5DSR9277\"\n\t\t\t\t\tsrc=\"https:\/\/www.aurin-choir.hu\/wp-content\/gallery\/advent-budapest\/cache\/5DSR9277.jpg-nggid045116-ngg0dyn-325x225x100-00f0w010c011r110f110r010t010.jpg\"\n\t\t\t\t\twidth=\"325\"\n\t\t\t\t\theight=\"225\"\n\t\t\t\t\tstyle=\"max-width:100%;\"\n\t\t\t\t\/>\n\t\t\t<\/a>\n\t\t<\/div>\n\t\t\t\t\t\t\t<\/div> \n\t\t\t\n\t\t\t\t<div id=\"ngg-image-31\" class=\"ngg-gallery-thumbnail-box \n\t\t\t\t\t\t\t\t\t\t\t\" \n\t\t\t>\n\t\t\t\t\t\t<div class=\"ngg-gallery-thumbnail\">\n\t\t\t<a href=\"https:\/\/www.aurin-choir.hu\/wp-content\/gallery\/advent-budapest\/1_5DSR9292.jpg\"\n\t\t\t\ttitle=\"\"\n\t\t\t\tdata-src=\"https:\/\/www.aurin-choir.hu\/wp-content\/gallery\/advent-budapest\/1_5DSR9292.jpg\"\n\t\t\t\tdata-thumbnail=\"https:\/\/www.aurin-choir.hu\/wp-content\/gallery\/advent-budapest\/thumbs\/thumbs_1_5DSR9292.jpg\"\n\t\t\t\tdata-image-id=\"5117\"\n\t\t\t\tdata-title=\"1_5DSR9292\"\n\t\t\t\tdata-description=\"\"\n\t\t\t\tdata-image-slug=\"1_5dsr9292\"\n\t\t\t\tclass=\"ngg-simplelightbox\" rel=\"5468eb2c7812c7d6846d8f391060af2a\">\n\t\t\t\t<img\n\t\t\t\t\ttitle=\"1_5DSR9292\"\n\t\t\t\t\talt=\"1_5DSR9292\"\n\t\t\t\t\tsrc=\"https:\/\/www.aurin-choir.hu\/wp-content\/gallery\/advent-budapest\/cache\/1_5DSR9292.jpg-nggid045117-ngg0dyn-325x225x100-00f0w010c011r110f110r010t010.jpg\"\n\t\t\t\t\twidth=\"325\"\n\t\t\t\t\theight=\"225\"\n\t\t\t\t\tstyle=\"max-width:100%;\"\n\t\t\t\t\/>\n\t\t\t<\/a>\n\t\t<\/div>\n\t\t\t\t\t\t\t<\/div> \n\t\t\t\n\t\t\t\t<div id=\"ngg-image-32\" class=\"ngg-gallery-thumbnail-box \n\t\t\t\t\t\t\t\t\t\t\t\" \n\t\t\t>\n\t\t\t\t\t\t<div class=\"ngg-gallery-thumbnail\">\n\t\t\t<a href=\"https:\/\/www.aurin-choir.hu\/wp-content\/gallery\/advent-budapest\/1_5DSR9389.jpg\"\n\t\t\t\ttitle=\"\"\n\t\t\t\tdata-src=\"https:\/\/www.aurin-choir.hu\/wp-content\/gallery\/advent-budapest\/1_5DSR9389.jpg\"\n\t\t\t\tdata-thumbnail=\"https:\/\/www.aurin-choir.hu\/wp-content\/gallery\/advent-budapest\/thumbs\/thumbs_1_5DSR9389.jpg\"\n\t\t\t\tdata-image-id=\"5118\"\n\t\t\t\tdata-title=\"1_5DSR9389\"\n\t\t\t\tdata-description=\"\"\n\t\t\t\tdata-image-slug=\"1_5dsr9389\"\n\t\t\t\tclass=\"ngg-simplelightbox\" rel=\"5468eb2c7812c7d6846d8f391060af2a\">\n\t\t\t\t<img\n\t\t\t\t\ttitle=\"1_5DSR9389\"\n\t\t\t\t\talt=\"1_5DSR9389\"\n\t\t\t\t\tsrc=\"https:\/\/www.aurin-choir.hu\/wp-content\/gallery\/advent-budapest\/cache\/1_5DSR9389.jpg-nggid045118-ngg0dyn-325x225x100-00f0w010c011r110f110r010t010.jpg\"\n\t\t\t\t\twidth=\"325\"\n\t\t\t\t\theight=\"225\"\n\t\t\t\t\tstyle=\"max-width:100%;\"\n\t\t\t\t\/>\n\t\t\t<\/a>\n\t\t<\/div>\n\t\t\t\t\t\t\t<\/div> \n\t\t\t\n\t\t\t\t<div id=\"ngg-image-33\" class=\"ngg-gallery-thumbnail-box \n\t\t\t\t\t\t\t\t\t\t\t\" \n\t\t\t>\n\t\t\t\t\t\t<div class=\"ngg-gallery-thumbnail\">\n\t\t\t<a href=\"https:\/\/www.aurin-choir.hu\/wp-content\/gallery\/advent-budapest\/5DSR9367.jpg\"\n\t\t\t\ttitle=\"\"\n\t\t\t\tdata-src=\"https:\/\/www.aurin-choir.hu\/wp-content\/gallery\/advent-budapest\/5DSR9367.jpg\"\n\t\t\t\tdata-thumbnail=\"https:\/\/www.aurin-choir.hu\/wp-content\/gallery\/advent-budapest\/thumbs\/thumbs_5DSR9367.jpg\"\n\t\t\t\tdata-image-id=\"5147\"\n\t\t\t\tdata-title=\"5DSR9367\"\n\t\t\t\tdata-description=\"\"\n\t\t\t\tdata-image-slug=\"5dsr9367\"\n\t\t\t\tclass=\"ngg-simplelightbox\" rel=\"5468eb2c7812c7d6846d8f391060af2a\">\n\t\t\t\t<img\n\t\t\t\t\ttitle=\"5DSR9367\"\n\t\t\t\t\talt=\"5DSR9367\"\n\t\t\t\t\tsrc=\"https:\/\/www.aurin-choir.hu\/wp-content\/gallery\/advent-budapest\/cache\/5DSR9367.jpg-nggid045147-ngg0dyn-325x225x100-00f0w010c011r110f110r010t010.jpg\"\n\t\t\t\t\twidth=\"325\"\n\t\t\t\t\theight=\"225\"\n\t\t\t\t\tstyle=\"max-width:100%;\"\n\t\t\t\t\/>\n\t\t\t<\/a>\n\t\t<\/div>\n\t\t\t\t\t\t\t<\/div> \n\t\t\t\n\t\t\t\t<div id=\"ngg-image-34\" class=\"ngg-gallery-thumbnail-box \n\t\t\t\t\t\t\t\t\t\t\t\" \n\t\t\t>\n\t\t\t\t\t\t<div class=\"ngg-gallery-thumbnail\">\n\t\t\t<a href=\"https:\/\/www.aurin-choir.hu\/wp-content\/gallery\/advent-budapest\/5DSR9403-Edit.jpg\"\n\t\t\t\ttitle=\"\"\n\t\t\t\tdata-src=\"https:\/\/www.aurin-choir.hu\/wp-content\/gallery\/advent-budapest\/5DSR9403-Edit.jpg\"\n\t\t\t\tdata-thumbnail=\"https:\/\/www.aurin-choir.hu\/wp-content\/gallery\/advent-budapest\/thumbs\/thumbs_5DSR9403-Edit.jpg\"\n\t\t\t\tdata-image-id=\"5119\"\n\t\t\t\tdata-title=\"5DSR9403-Edit\"\n\t\t\t\tdata-description=\"\"\n\t\t\t\tdata-image-slug=\"5dsr9403-edit\"\n\t\t\t\tclass=\"ngg-simplelightbox\" rel=\"5468eb2c7812c7d6846d8f391060af2a\">\n\t\t\t\t<img\n\t\t\t\t\ttitle=\"5DSR9403-Edit\"\n\t\t\t\t\talt=\"5DSR9403-Edit\"\n\t\t\t\t\tsrc=\"https:\/\/www.aurin-choir.hu\/wp-content\/gallery\/advent-budapest\/cache\/5DSR9403-Edit.jpg-nggid045119-ngg0dyn-325x225x100-00f0w010c011r110f110r010t010.jpg\"\n\t\t\t\t\twidth=\"325\"\n\t\t\t\t\theight=\"225\"\n\t\t\t\t\tstyle=\"max-width:100%;\"\n\t\t\t\t\/>\n\t\t\t<\/a>\n\t\t<\/div>\n\t\t\t\t\t\t\t<\/div> \n\t\t\t\n\t\t\t\t<div id=\"ngg-image-35\" class=\"ngg-gallery-thumbnail-box \n\t\t\t\t\t\t\t\t\t\t\t\" \n\t\t\t>\n\t\t\t\t\t\t<div class=\"ngg-gallery-thumbnail\">\n\t\t\t<a href=\"https:\/\/www.aurin-choir.hu\/wp-content\/gallery\/advent-budapest\/5DSR9406.jpg\"\n\t\t\t\ttitle=\"\"\n\t\t\t\tdata-src=\"https:\/\/www.aurin-choir.hu\/wp-content\/gallery\/advent-budapest\/5DSR9406.jpg\"\n\t\t\t\tdata-thumbnail=\"https:\/\/www.aurin-choir.hu\/wp-content\/gallery\/advent-budapest\/thumbs\/thumbs_5DSR9406.jpg\"\n\t\t\t\tdata-image-id=\"5120\"\n\t\t\t\tdata-title=\"5DSR9406\"\n\t\t\t\tdata-description=\"\"\n\t\t\t\tdata-image-slug=\"5dsr9406\"\n\t\t\t\tclass=\"ngg-simplelightbox\" rel=\"5468eb2c7812c7d6846d8f391060af2a\">\n\t\t\t\t<img\n\t\t\t\t\ttitle=\"5DSR9406\"\n\t\t\t\t\talt=\"5DSR9406\"\n\t\t\t\t\tsrc=\"https:\/\/www.aurin-choir.hu\/wp-content\/gallery\/advent-budapest\/cache\/5DSR9406.jpg-nggid045120-ngg0dyn-325x225x100-00f0w010c011r110f110r010t010.jpg\"\n\t\t\t\t\twidth=\"325\"\n\t\t\t\t\theight=\"225\"\n\t\t\t\t\tstyle=\"max-width:100%;\"\n\t\t\t\t\/>\n\t\t\t<\/a>\n\t\t<\/div>\n\t\t\t\t\t\t\t<\/div> \n\t\t\t\n\t\t\t\t<div id=\"ngg-image-36\" class=\"ngg-gallery-thumbnail-box \n\t\t\t\t\t\t\t\t\t\t\t\" \n\t\t\t>\n\t\t\t\t\t\t<div class=\"ngg-gallery-thumbnail\">\n\t\t\t<a href=\"https:\/\/www.aurin-choir.hu\/wp-content\/gallery\/advent-budapest\/DSC_4500.jpg\"\n\t\t\t\ttitle=\"\"\n\t\t\t\tdata-src=\"https:\/\/www.aurin-choir.hu\/wp-content\/gallery\/advent-budapest\/DSC_4500.jpg\"\n\t\t\t\tdata-thumbnail=\"https:\/\/www.aurin-choir.hu\/wp-content\/gallery\/advent-budapest\/thumbs\/thumbs_DSC_4500.jpg\"\n\t\t\t\tdata-image-id=\"5121\"\n\t\t\t\tdata-title=\"DSC_4500\"\n\t\t\t\tdata-description=\"\"\n\t\t\t\tdata-image-slug=\"dsc_4500\"\n\t\t\t\tclass=\"ngg-simplelightbox\" rel=\"5468eb2c7812c7d6846d8f391060af2a\">\n\t\t\t\t<img\n\t\t\t\t\ttitle=\"DSC_4500\"\n\t\t\t\t\talt=\"DSC_4500\"\n\t\t\t\t\tsrc=\"https:\/\/www.aurin-choir.hu\/wp-content\/gallery\/advent-budapest\/cache\/DSC_4500.jpg-nggid045121-ngg0dyn-325x225x100-00f0w010c011r110f110r010t010.jpg\"\n\t\t\t\t\twidth=\"325\"\n\t\t\t\t\theight=\"225\"\n\t\t\t\t\tstyle=\"max-width:100%;\"\n\t\t\t\t\/>\n\t\t\t<\/a>\n\t\t<\/div>\n\t\t\t\t\t\t\t<\/div> \n\t\t\t\n\t\t\t\t<div id=\"ngg-image-37\" class=\"ngg-gallery-thumbnail-box \n\t\t\t\t\t\t\t\t\t\t\t\" \n\t\t\t>\n\t\t\t\t\t\t<div class=\"ngg-gallery-thumbnail\">\n\t\t\t<a href=\"https:\/\/www.aurin-choir.hu\/wp-content\/gallery\/advent-budapest\/DSC_4515.jpg\"\n\t\t\t\ttitle=\"\"\n\t\t\t\tdata-src=\"https:\/\/www.aurin-choir.hu\/wp-content\/gallery\/advent-budapest\/DSC_4515.jpg\"\n\t\t\t\tdata-thumbnail=\"https:\/\/www.aurin-choir.hu\/wp-content\/gallery\/advent-budapest\/thumbs\/thumbs_DSC_4515.jpg\"\n\t\t\t\tdata-image-id=\"5122\"\n\t\t\t\tdata-title=\"DSC_4515\"\n\t\t\t\tdata-description=\"\"\n\t\t\t\tdata-image-slug=\"dsc_4515\"\n\t\t\t\tclass=\"ngg-simplelightbox\" rel=\"5468eb2c7812c7d6846d8f391060af2a\">\n\t\t\t\t<img\n\t\t\t\t\ttitle=\"DSC_4515\"\n\t\t\t\t\talt=\"DSC_4515\"\n\t\t\t\t\tsrc=\"https:\/\/www.aurin-choir.hu\/wp-content\/gallery\/advent-budapest\/cache\/DSC_4515.jpg-nggid045122-ngg0dyn-325x225x100-00f0w010c011r110f110r010t010.jpg\"\n\t\t\t\t\twidth=\"325\"\n\t\t\t\t\theight=\"225\"\n\t\t\t\t\tstyle=\"max-width:100%;\"\n\t\t\t\t\/>\n\t\t\t<\/a>\n\t\t<\/div>\n\t\t\t\t\t\t\t<\/div> \n\t\t\t\n\t\t\t\t<div id=\"ngg-image-38\" class=\"ngg-gallery-thumbnail-box \n\t\t\t\t\t\t\t\t\t\t\t\" \n\t\t\t>\n\t\t\t\t\t\t<div class=\"ngg-gallery-thumbnail\">\n\t\t\t<a href=\"https:\/\/www.aurin-choir.hu\/wp-content\/gallery\/advent-budapest\/DSC_4495.jpg\"\n\t\t\t\ttitle=\"\"\n\t\t\t\tdata-src=\"https:\/\/www.aurin-choir.hu\/wp-content\/gallery\/advent-budapest\/DSC_4495.jpg\"\n\t\t\t\tdata-thumbnail=\"https:\/\/www.aurin-choir.hu\/wp-content\/gallery\/advent-budapest\/thumbs\/thumbs_DSC_4495.jpg\"\n\t\t\t\tdata-image-id=\"5123\"\n\t\t\t\tdata-title=\"DSC_4495\"\n\t\t\t\tdata-description=\"\"\n\t\t\t\tdata-image-slug=\"dsc_4495\"\n\t\t\t\tclass=\"ngg-simplelightbox\" rel=\"5468eb2c7812c7d6846d8f391060af2a\">\n\t\t\t\t<img\n\t\t\t\t\ttitle=\"DSC_4495\"\n\t\t\t\t\talt=\"DSC_4495\"\n\t\t\t\t\tsrc=\"https:\/\/www.aurin-choir.hu\/wp-content\/gallery\/advent-budapest\/cache\/DSC_4495.jpg-nggid045123-ngg0dyn-325x225x100-00f0w010c011r110f110r010t010.jpg\"\n\t\t\t\t\twidth=\"325\"\n\t\t\t\t\theight=\"225\"\n\t\t\t\t\tstyle=\"max-width:100%;\"\n\t\t\t\t\/>\n\t\t\t<\/a>\n\t\t<\/div>\n\t\t\t\t\t\t\t<\/div> \n\t\t\t\n\t\t\t\t<div id=\"ngg-image-39\" class=\"ngg-gallery-thumbnail-box \n\t\t\t\t\t\t\t\t\t\t\t\" \n\t\t\t>\n\t\t\t\t\t\t<div class=\"ngg-gallery-thumbnail\">\n\t\t\t<a href=\"https:\/\/www.aurin-choir.hu\/wp-content\/gallery\/advent-budapest\/DSC_4542.jpg\"\n\t\t\t\ttitle=\"\"\n\t\t\t\tdata-src=\"https:\/\/www.aurin-choir.hu\/wp-content\/gallery\/advent-budapest\/DSC_4542.jpg\"\n\t\t\t\tdata-thumbnail=\"https:\/\/www.aurin-choir.hu\/wp-content\/gallery\/advent-budapest\/thumbs\/thumbs_DSC_4542.jpg\"\n\t\t\t\tdata-image-id=\"5124\"\n\t\t\t\tdata-title=\"DSC_4542\"\n\t\t\t\tdata-description=\"\"\n\t\t\t\tdata-image-slug=\"dsc_4542\"\n\t\t\t\tclass=\"ngg-simplelightbox\" rel=\"5468eb2c7812c7d6846d8f391060af2a\">\n\t\t\t\t<img\n\t\t\t\t\ttitle=\"DSC_4542\"\n\t\t\t\t\talt=\"DSC_4542\"\n\t\t\t\t\tsrc=\"https:\/\/www.aurin-choir.hu\/wp-content\/gallery\/advent-budapest\/cache\/DSC_4542.jpg-nggid045124-ngg0dyn-325x225x100-00f0w010c011r110f110r010t010.jpg\"\n\t\t\t\t\twidth=\"325\"\n\t\t\t\t\theight=\"225\"\n\t\t\t\t\tstyle=\"max-width:100%;\"\n\t\t\t\t\/>\n\t\t\t<\/a>\n\t\t<\/div>\n\t\t\t\t\t\t\t<\/div> \n\t\t\t\n\t\t\t\t<div id=\"ngg-image-40\" class=\"ngg-gallery-thumbnail-box \n\t\t\t\t\t\t\t\t\t\t\t\" \n\t\t\t>\n\t\t\t\t\t\t<div class=\"ngg-gallery-thumbnail\">\n\t\t\t<a href=\"https:\/\/www.aurin-choir.hu\/wp-content\/gallery\/advent-budapest\/DSC_4524.jpg\"\n\t\t\t\ttitle=\"\"\n\t\t\t\tdata-src=\"https:\/\/www.aurin-choir.hu\/wp-content\/gallery\/advent-budapest\/DSC_4524.jpg\"\n\t\t\t\tdata-thumbnail=\"https:\/\/www.aurin-choir.hu\/wp-content\/gallery\/advent-budapest\/thumbs\/thumbs_DSC_4524.jpg\"\n\t\t\t\tdata-image-id=\"5126\"\n\t\t\t\tdata-title=\"DSC_4524\"\n\t\t\t\tdata-description=\"\"\n\t\t\t\tdata-image-slug=\"dsc_4524\"\n\t\t\t\tclass=\"ngg-simplelightbox\" rel=\"5468eb2c7812c7d6846d8f391060af2a\">\n\t\t\t\t<img\n\t\t\t\t\ttitle=\"DSC_4524\"\n\t\t\t\t\talt=\"DSC_4524\"\n\t\t\t\t\tsrc=\"https:\/\/www.aurin-choir.hu\/wp-content\/gallery\/advent-budapest\/cache\/DSC_4524.jpg-nggid045126-ngg0dyn-325x225x100-00f0w010c011r110f110r010t010.jpg\"\n\t\t\t\t\twidth=\"325\"\n\t\t\t\t\theight=\"225\"\n\t\t\t\t\tstyle=\"max-width:100%;\"\n\t\t\t\t\/>\n\t\t\t<\/a>\n\t\t<\/div>\n\t\t\t\t\t\t\t<\/div> \n\t\t\t\n\t\t\t\t<div id=\"ngg-image-41\" class=\"ngg-gallery-thumbnail-box \n\t\t\t\t\t\t\t\t\t\t\t\" \n\t\t\t>\n\t\t\t\t\t\t<div class=\"ngg-gallery-thumbnail\">\n\t\t\t<a href=\"https:\/\/www.aurin-choir.hu\/wp-content\/gallery\/advent-budapest\/DSC_4525.jpg\"\n\t\t\t\ttitle=\"\"\n\t\t\t\tdata-src=\"https:\/\/www.aurin-choir.hu\/wp-content\/gallery\/advent-budapest\/DSC_4525.jpg\"\n\t\t\t\tdata-thumbnail=\"https:\/\/www.aurin-choir.hu\/wp-content\/gallery\/advent-budapest\/thumbs\/thumbs_DSC_4525.jpg\"\n\t\t\t\tdata-image-id=\"5125\"\n\t\t\t\tdata-title=\"DSC_4525\"\n\t\t\t\tdata-description=\"\"\n\t\t\t\tdata-image-slug=\"dsc_4525\"\n\t\t\t\tclass=\"ngg-simplelightbox\" rel=\"5468eb2c7812c7d6846d8f391060af2a\">\n\t\t\t\t<img\n\t\t\t\t\ttitle=\"DSC_4525\"\n\t\t\t\t\talt=\"DSC_4525\"\n\t\t\t\t\tsrc=\"https:\/\/www.aurin-choir.hu\/wp-content\/gallery\/advent-budapest\/cache\/DSC_4525.jpg-nggid045125-ngg0dyn-325x225x100-00f0w010c011r110f110r010t010.jpg\"\n\t\t\t\t\twidth=\"325\"\n\t\t\t\t\theight=\"225\"\n\t\t\t\t\tstyle=\"max-width:100%;\"\n\t\t\t\t\/>\n\t\t\t<\/a>\n\t\t<\/div>\n\t\t\t\t\t\t\t<\/div> \n\t\t\t\n\t\t\t\t<div id=\"ngg-image-42\" class=\"ngg-gallery-thumbnail-box \n\t\t\t\t\t\t\t\t\t\t\t\" \n\t\t\t>\n\t\t\t\t\t\t<div class=\"ngg-gallery-thumbnail\">\n\t\t\t<a href=\"https:\/\/www.aurin-choir.hu\/wp-content\/gallery\/advent-budapest\/DSC_4543.jpg\"\n\t\t\t\ttitle=\"\"\n\t\t\t\tdata-src=\"https:\/\/www.aurin-choir.hu\/wp-content\/gallery\/advent-budapest\/DSC_4543.jpg\"\n\t\t\t\tdata-thumbnail=\"https:\/\/www.aurin-choir.hu\/wp-content\/gallery\/advent-budapest\/thumbs\/thumbs_DSC_4543.jpg\"\n\t\t\t\tdata-image-id=\"5127\"\n\t\t\t\tdata-title=\"DSC_4543\"\n\t\t\t\tdata-description=\"\"\n\t\t\t\tdata-image-slug=\"dsc_4543\"\n\t\t\t\tclass=\"ngg-simplelightbox\" rel=\"5468eb2c7812c7d6846d8f391060af2a\">\n\t\t\t\t<img\n\t\t\t\t\ttitle=\"DSC_4543\"\n\t\t\t\t\talt=\"DSC_4543\"\n\t\t\t\t\tsrc=\"https:\/\/www.aurin-choir.hu\/wp-content\/gallery\/advent-budapest\/cache\/DSC_4543.jpg-nggid045127-ngg0dyn-325x225x100-00f0w010c011r110f110r010t010.jpg\"\n\t\t\t\t\twidth=\"325\"\n\t\t\t\t\theight=\"225\"\n\t\t\t\t\tstyle=\"max-width:100%;\"\n\t\t\t\t\/>\n\t\t\t<\/a>\n\t\t<\/div>\n\t\t\t\t\t\t\t<\/div> \n\t\t\t\n\t\t\t\t<div id=\"ngg-image-43\" class=\"ngg-gallery-thumbnail-box \n\t\t\t\t\t\t\t\t\t\t\t\" \n\t\t\t>\n\t\t\t\t\t\t<div class=\"ngg-gallery-thumbnail\">\n\t\t\t<a href=\"https:\/\/www.aurin-choir.hu\/wp-content\/gallery\/advent-budapest\/DSC_4544.jpg\"\n\t\t\t\ttitle=\"\"\n\t\t\t\tdata-src=\"https:\/\/www.aurin-choir.hu\/wp-content\/gallery\/advent-budapest\/DSC_4544.jpg\"\n\t\t\t\tdata-thumbnail=\"https:\/\/www.aurin-choir.hu\/wp-content\/gallery\/advent-budapest\/thumbs\/thumbs_DSC_4544.jpg\"\n\t\t\t\tdata-image-id=\"5132\"\n\t\t\t\tdata-title=\"DSC_4544\"\n\t\t\t\tdata-description=\"\"\n\t\t\t\tdata-image-slug=\"dsc_4544\"\n\t\t\t\tclass=\"ngg-simplelightbox\" rel=\"5468eb2c7812c7d6846d8f391060af2a\">\n\t\t\t\t<img\n\t\t\t\t\ttitle=\"DSC_4544\"\n\t\t\t\t\talt=\"DSC_4544\"\n\t\t\t\t\tsrc=\"https:\/\/www.aurin-choir.hu\/wp-content\/gallery\/advent-budapest\/cache\/DSC_4544.jpg-nggid045132-ngg0dyn-325x225x100-00f0w010c011r110f110r010t010.jpg\"\n\t\t\t\t\twidth=\"325\"\n\t\t\t\t\theight=\"225\"\n\t\t\t\t\tstyle=\"max-width:100%;\"\n\t\t\t\t\/>\n\t\t\t<\/a>\n\t\t<\/div>\n\t\t\t\t\t\t\t<\/div> \n\t\t\t\n\t\t\t\t<div id=\"ngg-image-44\" class=\"ngg-gallery-thumbnail-box \n\t\t\t\t\t\t\t\t\t\t\t\" \n\t\t\t>\n\t\t\t\t\t\t<div class=\"ngg-gallery-thumbnail\">\n\t\t\t<a href=\"https:\/\/www.aurin-choir.hu\/wp-content\/gallery\/advent-budapest\/DSC_4551.jpg\"\n\t\t\t\ttitle=\"\"\n\t\t\t\tdata-src=\"https:\/\/www.aurin-choir.hu\/wp-content\/gallery\/advent-budapest\/DSC_4551.jpg\"\n\t\t\t\tdata-thumbnail=\"https:\/\/www.aurin-choir.hu\/wp-content\/gallery\/advent-budapest\/thumbs\/thumbs_DSC_4551.jpg\"\n\t\t\t\tdata-image-id=\"5133\"\n\t\t\t\tdata-title=\"DSC_4551\"\n\t\t\t\tdata-description=\"\"\n\t\t\t\tdata-image-slug=\"dsc_4551\"\n\t\t\t\tclass=\"ngg-simplelightbox\" rel=\"5468eb2c7812c7d6846d8f391060af2a\">\n\t\t\t\t<img\n\t\t\t\t\ttitle=\"DSC_4551\"\n\t\t\t\t\talt=\"DSC_4551\"\n\t\t\t\t\tsrc=\"https:\/\/www.aurin-choir.hu\/wp-content\/gallery\/advent-budapest\/cache\/DSC_4551.jpg-nggid045133-ngg0dyn-325x225x100-00f0w010c011r110f110r010t010.jpg\"\n\t\t\t\t\twidth=\"325\"\n\t\t\t\t\theight=\"225\"\n\t\t\t\t\tstyle=\"max-width:100%;\"\n\t\t\t\t\/>\n\t\t\t<\/a>\n\t\t<\/div>\n\t\t\t\t\t\t\t<\/div> \n\t\t\t\n\t\t\t\t<div id=\"ngg-image-45\" class=\"ngg-gallery-thumbnail-box \n\t\t\t\t\t\t\t\t\t\t\t\" \n\t\t\t>\n\t\t\t\t\t\t<div class=\"ngg-gallery-thumbnail\">\n\t\t\t<a href=\"https:\/\/www.aurin-choir.hu\/wp-content\/gallery\/advent-budapest\/1_DSC_4553.jpg\"\n\t\t\t\ttitle=\"\"\n\t\t\t\tdata-src=\"https:\/\/www.aurin-choir.hu\/wp-content\/gallery\/advent-budapest\/1_DSC_4553.jpg\"\n\t\t\t\tdata-thumbnail=\"https:\/\/www.aurin-choir.hu\/wp-content\/gallery\/advent-budapest\/thumbs\/thumbs_1_DSC_4553.jpg\"\n\t\t\t\tdata-image-id=\"5134\"\n\t\t\t\tdata-title=\"1_DSC_4553\"\n\t\t\t\tdata-description=\"\"\n\t\t\t\tdata-image-slug=\"1_dsc_4553\"\n\t\t\t\tclass=\"ngg-simplelightbox\" rel=\"5468eb2c7812c7d6846d8f391060af2a\">\n\t\t\t\t<img\n\t\t\t\t\ttitle=\"1_DSC_4553\"\n\t\t\t\t\talt=\"1_DSC_4553\"\n\t\t\t\t\tsrc=\"https:\/\/www.aurin-choir.hu\/wp-content\/gallery\/advent-budapest\/cache\/1_DSC_4553.jpg-nggid045134-ngg0dyn-325x225x100-00f0w010c011r110f110r010t010.jpg\"\n\t\t\t\t\twidth=\"325\"\n\t\t\t\t\theight=\"225\"\n\t\t\t\t\tstyle=\"max-width:100%;\"\n\t\t\t\t\/>\n\t\t\t<\/a>\n\t\t<\/div>\n\t\t\t\t\t\t\t<\/div> \n\t\t\t\n\t\t\t\t<div id=\"ngg-image-46\" class=\"ngg-gallery-thumbnail-box \n\t\t\t\t\t\t\t\t\t\t\t\" \n\t\t\t>\n\t\t\t\t\t\t<div class=\"ngg-gallery-thumbnail\">\n\t\t\t<a href=\"https:\/\/www.aurin-choir.hu\/wp-content\/gallery\/advent-budapest\/DSC_4570.jpg\"\n\t\t\t\ttitle=\"\"\n\t\t\t\tdata-src=\"https:\/\/www.aurin-choir.hu\/wp-content\/gallery\/advent-budapest\/DSC_4570.jpg\"\n\t\t\t\tdata-thumbnail=\"https:\/\/www.aurin-choir.hu\/wp-content\/gallery\/advent-budapest\/thumbs\/thumbs_DSC_4570.jpg\"\n\t\t\t\tdata-image-id=\"5129\"\n\t\t\t\tdata-title=\"DSC_4570\"\n\t\t\t\tdata-description=\"\"\n\t\t\t\tdata-image-slug=\"dsc_4570\"\n\t\t\t\tclass=\"ngg-simplelightbox\" rel=\"5468eb2c7812c7d6846d8f391060af2a\">\n\t\t\t\t<img\n\t\t\t\t\ttitle=\"DSC_4570\"\n\t\t\t\t\talt=\"DSC_4570\"\n\t\t\t\t\tsrc=\"https:\/\/www.aurin-choir.hu\/wp-content\/gallery\/advent-budapest\/cache\/DSC_4570.jpg-nggid045129-ngg0dyn-325x225x100-00f0w010c011r110f110r010t010.jpg\"\n\t\t\t\t\twidth=\"325\"\n\t\t\t\t\theight=\"225\"\n\t\t\t\t\tstyle=\"max-width:100%;\"\n\t\t\t\t\/>\n\t\t\t<\/a>\n\t\t<\/div>\n\t\t\t\t\t\t\t<\/div> \n\t\t\t\n\t\t\t\t<div id=\"ngg-image-47\" class=\"ngg-gallery-thumbnail-box \n\t\t\t\t\t\t\t\t\t\t\t\" \n\t\t\t>\n\t\t\t\t\t\t<div class=\"ngg-gallery-thumbnail\">\n\t\t\t<a href=\"https:\/\/www.aurin-choir.hu\/wp-content\/gallery\/advent-budapest\/DSC_4573.jpg\"\n\t\t\t\ttitle=\"\"\n\t\t\t\tdata-src=\"https:\/\/www.aurin-choir.hu\/wp-content\/gallery\/advent-budapest\/DSC_4573.jpg\"\n\t\t\t\tdata-thumbnail=\"https:\/\/www.aurin-choir.hu\/wp-content\/gallery\/advent-budapest\/thumbs\/thumbs_DSC_4573.jpg\"\n\t\t\t\tdata-image-id=\"5128\"\n\t\t\t\tdata-title=\"DSC_4573\"\n\t\t\t\tdata-description=\"\"\n\t\t\t\tdata-image-slug=\"dsc_4573\"\n\t\t\t\tclass=\"ngg-simplelightbox\" rel=\"5468eb2c7812c7d6846d8f391060af2a\">\n\t\t\t\t<img\n\t\t\t\t\ttitle=\"DSC_4573\"\n\t\t\t\t\talt=\"DSC_4573\"\n\t\t\t\t\tsrc=\"https:\/\/www.aurin-choir.hu\/wp-content\/gallery\/advent-budapest\/cache\/DSC_4573.jpg-nggid045128-ngg0dyn-325x225x100-00f0w010c011r110f110r010t010.jpg\"\n\t\t\t\t\twidth=\"325\"\n\t\t\t\t\theight=\"225\"\n\t\t\t\t\tstyle=\"max-width:100%;\"\n\t\t\t\t\/>\n\t\t\t<\/a>\n\t\t<\/div>\n\t\t\t\t\t\t\t<\/div> \n\t\t\t\n\t\t\t\t<div id=\"ngg-image-48\" class=\"ngg-gallery-thumbnail-box \n\t\t\t\t\t\t\t\t\t\t\t\" \n\t\t\t>\n\t\t\t\t\t\t<div class=\"ngg-gallery-thumbnail\">\n\t\t\t<a href=\"https:\/\/www.aurin-choir.hu\/wp-content\/gallery\/advent-budapest\/1_DSC_4567.jpg\"\n\t\t\t\ttitle=\"\"\n\t\t\t\tdata-src=\"https:\/\/www.aurin-choir.hu\/wp-content\/gallery\/advent-budapest\/1_DSC_4567.jpg\"\n\t\t\t\tdata-thumbnail=\"https:\/\/www.aurin-choir.hu\/wp-content\/gallery\/advent-budapest\/thumbs\/thumbs_1_DSC_4567.jpg\"\n\t\t\t\tdata-image-id=\"5135\"\n\t\t\t\tdata-title=\"1_DSC_4567\"\n\t\t\t\tdata-description=\"\"\n\t\t\t\tdata-image-slug=\"1_dsc_4567\"\n\t\t\t\tclass=\"ngg-simplelightbox\" rel=\"5468eb2c7812c7d6846d8f391060af2a\">\n\t\t\t\t<img\n\t\t\t\t\ttitle=\"1_DSC_4567\"\n\t\t\t\t\talt=\"1_DSC_4567\"\n\t\t\t\t\tsrc=\"https:\/\/www.aurin-choir.hu\/wp-content\/gallery\/advent-budapest\/cache\/1_DSC_4567.jpg-nggid045135-ngg0dyn-325x225x100-00f0w010c011r110f110r010t010.jpg\"\n\t\t\t\t\twidth=\"325\"\n\t\t\t\t\theight=\"225\"\n\t\t\t\t\tstyle=\"max-width:100%;\"\n\t\t\t\t\/>\n\t\t\t<\/a>\n\t\t<\/div>\n\t\t\t\t\t\t\t<\/div> \n\t\t\t\n\t\t\t\t<div id=\"ngg-image-49\" class=\"ngg-gallery-thumbnail-box \n\t\t\t\t\t\t\t\t\t\t\t\" \n\t\t\t>\n\t\t\t\t\t\t<div class=\"ngg-gallery-thumbnail\">\n\t\t\t<a href=\"https:\/\/www.aurin-choir.hu\/wp-content\/gallery\/advent-budapest\/1_DSC_4573.jpg\"\n\t\t\t\ttitle=\"\"\n\t\t\t\tdata-src=\"https:\/\/www.aurin-choir.hu\/wp-content\/gallery\/advent-budapest\/1_DSC_4573.jpg\"\n\t\t\t\tdata-thumbnail=\"https:\/\/www.aurin-choir.hu\/wp-content\/gallery\/advent-budapest\/thumbs\/thumbs_1_DSC_4573.jpg\"\n\t\t\t\tdata-image-id=\"5136\"\n\t\t\t\tdata-title=\"1_DSC_4573\"\n\t\t\t\tdata-description=\"\"\n\t\t\t\tdata-image-slug=\"1_dsc_4573\"\n\t\t\t\tclass=\"ngg-simplelightbox\" rel=\"5468eb2c7812c7d6846d8f391060af2a\">\n\t\t\t\t<img\n\t\t\t\t\ttitle=\"1_DSC_4573\"\n\t\t\t\t\talt=\"1_DSC_4573\"\n\t\t\t\t\tsrc=\"https:\/\/www.aurin-choir.hu\/wp-content\/gallery\/advent-budapest\/cache\/1_DSC_4573.jpg-nggid045136-ngg0dyn-325x225x100-00f0w010c011r110f110r010t010.jpg\"\n\t\t\t\t\twidth=\"325\"\n\t\t\t\t\theight=\"225\"\n\t\t\t\t\tstyle=\"max-width:100%;\"\n\t\t\t\t\/>\n\t\t\t<\/a>\n\t\t<\/div>\n\t\t\t\t\t\t\t<\/div> \n\t\t\t\n\t\t\t\t<div id=\"ngg-image-50\" class=\"ngg-gallery-thumbnail-box \n\t\t\t\t\t\t\t\t\t\t\t\" \n\t\t\t>\n\t\t\t\t\t\t<div class=\"ngg-gallery-thumbnail\">\n\t\t\t<a href=\"https:\/\/www.aurin-choir.hu\/wp-content\/gallery\/advent-budapest\/DSC_4588.jpg\"\n\t\t\t\ttitle=\"\"\n\t\t\t\tdata-src=\"https:\/\/www.aurin-choir.hu\/wp-content\/gallery\/advent-budapest\/DSC_4588.jpg\"\n\t\t\t\tdata-thumbnail=\"https:\/\/www.aurin-choir.hu\/wp-content\/gallery\/advent-budapest\/thumbs\/thumbs_DSC_4588.jpg\"\n\t\t\t\tdata-image-id=\"5138\"\n\t\t\t\tdata-title=\"DSC_4588\"\n\t\t\t\tdata-description=\"\"\n\t\t\t\tdata-image-slug=\"dsc_4588\"\n\t\t\t\tclass=\"ngg-simplelightbox\" rel=\"5468eb2c7812c7d6846d8f391060af2a\">\n\t\t\t\t<img\n\t\t\t\t\ttitle=\"DSC_4588\"\n\t\t\t\t\talt=\"DSC_4588\"\n\t\t\t\t\tsrc=\"https:\/\/www.aurin-choir.hu\/wp-content\/gallery\/advent-budapest\/cache\/DSC_4588.jpg-nggid045138-ngg0dyn-325x225x100-00f0w010c011r110f110r010t010.jpg\"\n\t\t\t\t\twidth=\"325\"\n\t\t\t\t\theight=\"225\"\n\t\t\t\t\tstyle=\"max-width:100%;\"\n\t\t\t\t\/>\n\t\t\t<\/a>\n\t\t<\/div>\n\t\t\t\t\t\t\t<\/div> \n\t\t\t\n\t\t\t\t<div id=\"ngg-image-51\" class=\"ngg-gallery-thumbnail-box \n\t\t\t\t\t\t\t\t\t\t\t\" \n\t\t\t>\n\t\t\t\t\t\t<div class=\"ngg-gallery-thumbnail\">\n\t\t\t<a href=\"https:\/\/www.aurin-choir.hu\/wp-content\/gallery\/advent-budapest\/DSC_4598.jpg\"\n\t\t\t\ttitle=\"\"\n\t\t\t\tdata-src=\"https:\/\/www.aurin-choir.hu\/wp-content\/gallery\/advent-budapest\/DSC_4598.jpg\"\n\t\t\t\tdata-thumbnail=\"https:\/\/www.aurin-choir.hu\/wp-content\/gallery\/advent-budapest\/thumbs\/thumbs_DSC_4598.jpg\"\n\t\t\t\tdata-image-id=\"5139\"\n\t\t\t\tdata-title=\"DSC_4598\"\n\t\t\t\tdata-description=\"\"\n\t\t\t\tdata-image-slug=\"dsc_4598\"\n\t\t\t\tclass=\"ngg-simplelightbox\" rel=\"5468eb2c7812c7d6846d8f391060af2a\">\n\t\t\t\t<img\n\t\t\t\t\ttitle=\"DSC_4598\"\n\t\t\t\t\talt=\"DSC_4598\"\n\t\t\t\t\tsrc=\"https:\/\/www.aurin-choir.hu\/wp-content\/gallery\/advent-budapest\/cache\/DSC_4598.jpg-nggid045139-ngg0dyn-325x225x100-00f0w010c011r110f110r010t010.jpg\"\n\t\t\t\t\twidth=\"325\"\n\t\t\t\t\theight=\"225\"\n\t\t\t\t\tstyle=\"max-width:100%;\"\n\t\t\t\t\/>\n\t\t\t<\/a>\n\t\t<\/div>\n\t\t\t\t\t\t\t<\/div> \n\t\t\t\n\t\t\t\t<div id=\"ngg-image-52\" class=\"ngg-gallery-thumbnail-box \n\t\t\t\t\t\t\t\t\t\t\t\" \n\t\t\t>\n\t\t\t\t\t\t<div class=\"ngg-gallery-thumbnail\">\n\t\t\t<a href=\"https:\/\/www.aurin-choir.hu\/wp-content\/gallery\/advent-budapest\/DSC_4589.jpg\"\n\t\t\t\ttitle=\"\"\n\t\t\t\tdata-src=\"https:\/\/www.aurin-choir.hu\/wp-content\/gallery\/advent-budapest\/DSC_4589.jpg\"\n\t\t\t\tdata-thumbnail=\"https:\/\/www.aurin-choir.hu\/wp-content\/gallery\/advent-budapest\/thumbs\/thumbs_DSC_4589.jpg\"\n\t\t\t\tdata-image-id=\"5140\"\n\t\t\t\tdata-title=\"DSC_4589\"\n\t\t\t\tdata-description=\"\"\n\t\t\t\tdata-image-slug=\"dsc_4589\"\n\t\t\t\tclass=\"ngg-simplelightbox\" rel=\"5468eb2c7812c7d6846d8f391060af2a\">\n\t\t\t\t<img\n\t\t\t\t\ttitle=\"DSC_4589\"\n\t\t\t\t\talt=\"DSC_4589\"\n\t\t\t\t\tsrc=\"https:\/\/www.aurin-choir.hu\/wp-content\/gallery\/advent-budapest\/cache\/DSC_4589.jpg-nggid045140-ngg0dyn-325x225x100-00f0w010c011r110f110r010t010.jpg\"\n\t\t\t\t\twidth=\"325\"\n\t\t\t\t\theight=\"225\"\n\t\t\t\t\tstyle=\"max-width:100%;\"\n\t\t\t\t\/>\n\t\t\t<\/a>\n\t\t<\/div>\n\t\t\t\t\t\t\t<\/div> \n\t\t\t\n\t\t\t\t<div id=\"ngg-image-53\" class=\"ngg-gallery-thumbnail-box \n\t\t\t\t\t\t\t\t\t\t\t\" \n\t\t\t>\n\t\t\t\t\t\t<div class=\"ngg-gallery-thumbnail\">\n\t\t\t<a href=\"https:\/\/www.aurin-choir.hu\/wp-content\/gallery\/advent-budapest\/DSC_4600.jpg\"\n\t\t\t\ttitle=\"\"\n\t\t\t\tdata-src=\"https:\/\/www.aurin-choir.hu\/wp-content\/gallery\/advent-budapest\/DSC_4600.jpg\"\n\t\t\t\tdata-thumbnail=\"https:\/\/www.aurin-choir.hu\/wp-content\/gallery\/advent-budapest\/thumbs\/thumbs_DSC_4600.jpg\"\n\t\t\t\tdata-image-id=\"5143\"\n\t\t\t\tdata-title=\"DSC_4600\"\n\t\t\t\tdata-description=\"\"\n\t\t\t\tdata-image-slug=\"dsc_4600\"\n\t\t\t\tclass=\"ngg-simplelightbox\" rel=\"5468eb2c7812c7d6846d8f391060af2a\">\n\t\t\t\t<img\n\t\t\t\t\ttitle=\"DSC_4600\"\n\t\t\t\t\talt=\"DSC_4600\"\n\t\t\t\t\tsrc=\"https:\/\/www.aurin-choir.hu\/wp-content\/gallery\/advent-budapest\/cache\/DSC_4600.jpg-nggid045143-ngg0dyn-325x225x100-00f0w010c011r110f110r010t010.jpg\"\n\t\t\t\t\twidth=\"325\"\n\t\t\t\t\theight=\"225\"\n\t\t\t\t\tstyle=\"max-width:100%;\"\n\t\t\t\t\/>\n\t\t\t<\/a>\n\t\t<\/div>\n\t\t\t\t\t\t\t<\/div> \n\t\t\t\n\t\t\t\t<div id=\"ngg-image-54\" class=\"ngg-gallery-thumbnail-box \n\t\t\t\t\t\t\t\t\t\t\t\" \n\t\t\t>\n\t\t\t\t\t\t<div class=\"ngg-gallery-thumbnail\">\n\t\t\t<a href=\"https:\/\/www.aurin-choir.hu\/wp-content\/gallery\/advent-budapest\/DSC_4605.jpg\"\n\t\t\t\ttitle=\"\"\n\t\t\t\tdata-src=\"https:\/\/www.aurin-choir.hu\/wp-content\/gallery\/advent-budapest\/DSC_4605.jpg\"\n\t\t\t\tdata-thumbnail=\"https:\/\/www.aurin-choir.hu\/wp-content\/gallery\/advent-budapest\/thumbs\/thumbs_DSC_4605.jpg\"\n\t\t\t\tdata-image-id=\"5142\"\n\t\t\t\tdata-title=\"DSC_4605\"\n\t\t\t\tdata-description=\"\"\n\t\t\t\tdata-image-slug=\"dsc_4605\"\n\t\t\t\tclass=\"ngg-simplelightbox\" rel=\"5468eb2c7812c7d6846d8f391060af2a\">\n\t\t\t\t<img\n\t\t\t\t\ttitle=\"DSC_4605\"\n\t\t\t\t\talt=\"DSC_4605\"\n\t\t\t\t\tsrc=\"https:\/\/www.aurin-choir.hu\/wp-content\/gallery\/advent-budapest\/cache\/DSC_4605.jpg-nggid045142-ngg0dyn-325x225x100-00f0w010c011r110f110r010t010.jpg\"\n\t\t\t\t\twidth=\"325\"\n\t\t\t\t\theight=\"225\"\n\t\t\t\t\tstyle=\"max-width:100%;\"\n\t\t\t\t\/>\n\t\t\t<\/a>\n\t\t<\/div>\n\t\t\t\t\t\t\t<\/div> \n\t\t\t\n\t\t\t\t<div id=\"ngg-image-55\" class=\"ngg-gallery-thumbnail-box \n\t\t\t\t\t\t\t\t\t\t\t\" \n\t\t\t>\n\t\t\t\t\t\t<div class=\"ngg-gallery-thumbnail\">\n\t\t\t<a href=\"https:\/\/www.aurin-choir.hu\/wp-content\/gallery\/advent-budapest\/DSC_4606.jpg\"\n\t\t\t\ttitle=\"\"\n\t\t\t\tdata-src=\"https:\/\/www.aurin-choir.hu\/wp-content\/gallery\/advent-budapest\/DSC_4606.jpg\"\n\t\t\t\tdata-thumbnail=\"https:\/\/www.aurin-choir.hu\/wp-content\/gallery\/advent-budapest\/thumbs\/thumbs_DSC_4606.jpg\"\n\t\t\t\tdata-image-id=\"5141\"\n\t\t\t\tdata-title=\"DSC_4606\"\n\t\t\t\tdata-description=\"\"\n\t\t\t\tdata-image-slug=\"dsc_4606\"\n\t\t\t\tclass=\"ngg-simplelightbox\" rel=\"5468eb2c7812c7d6846d8f391060af2a\">\n\t\t\t\t<img\n\t\t\t\t\ttitle=\"DSC_4606\"\n\t\t\t\t\talt=\"DSC_4606\"\n\t\t\t\t\tsrc=\"https:\/\/www.aurin-choir.hu\/wp-content\/gallery\/advent-budapest\/cache\/DSC_4606.jpg-nggid045141-ngg0dyn-325x225x100-00f0w010c011r110f110r010t010.jpg\"\n\t\t\t\t\twidth=\"325\"\n\t\t\t\t\theight=\"225\"\n\t\t\t\t\tstyle=\"max-width:100%;\"\n\t\t\t\t\/>\n\t\t\t<\/a>\n\t\t<\/div>\n\t\t\t\t\t\t\t<\/div> \n\t\t\t\n\t\t\t\t<div id=\"ngg-image-56\" class=\"ngg-gallery-thumbnail-box \n\t\t\t\t\t\t\t\t\t\t\t\" \n\t\t\t>\n\t\t\t\t\t\t<div class=\"ngg-gallery-thumbnail\">\n\t\t\t<a href=\"https:\/\/www.aurin-choir.hu\/wp-content\/gallery\/advent-budapest\/DSC_4609.jpg\"\n\t\t\t\ttitle=\"\"\n\t\t\t\tdata-src=\"https:\/\/www.aurin-choir.hu\/wp-content\/gallery\/advent-budapest\/DSC_4609.jpg\"\n\t\t\t\tdata-thumbnail=\"https:\/\/www.aurin-choir.hu\/wp-content\/gallery\/advent-budapest\/thumbs\/thumbs_DSC_4609.jpg\"\n\t\t\t\tdata-image-id=\"5146\"\n\t\t\t\tdata-title=\"DSC_4609\"\n\t\t\t\tdata-description=\"\"\n\t\t\t\tdata-image-slug=\"dsc_4609\"\n\t\t\t\tclass=\"ngg-simplelightbox\" rel=\"5468eb2c7812c7d6846d8f391060af2a\">\n\t\t\t\t<img\n\t\t\t\t\ttitle=\"DSC_4609\"\n\t\t\t\t\talt=\"DSC_4609\"\n\t\t\t\t\tsrc=\"https:\/\/www.aurin-choir.hu\/wp-content\/gallery\/advent-budapest\/cache\/DSC_4609.jpg-nggid045146-ngg0dyn-325x225x100-00f0w010c011r110f110r010t010.jpg\"\n\t\t\t\t\twidth=\"325\"\n\t\t\t\t\theight=\"225\"\n\t\t\t\t\tstyle=\"max-width:100%;\"\n\t\t\t\t\/>\n\t\t\t<\/a>\n\t\t<\/div>\n\t\t\t\t\t\t\t<\/div> \n\t\t\t\n\t\t\t\t<div id=\"ngg-image-57\" class=\"ngg-gallery-thumbnail-box \n\t\t\t\t\t\t\t\t\t\t\t\" \n\t\t\t>\n\t\t\t\t\t\t<div class=\"ngg-gallery-thumbnail\">\n\t\t\t<a href=\"https:\/\/www.aurin-choir.hu\/wp-content\/gallery\/advent-budapest\/DSC_4610.jpg\"\n\t\t\t\ttitle=\"\"\n\t\t\t\tdata-src=\"https:\/\/www.aurin-choir.hu\/wp-content\/gallery\/advent-budapest\/DSC_4610.jpg\"\n\t\t\t\tdata-thumbnail=\"https:\/\/www.aurin-choir.hu\/wp-content\/gallery\/advent-budapest\/thumbs\/thumbs_DSC_4610.jpg\"\n\t\t\t\tdata-image-id=\"5145\"\n\t\t\t\tdata-title=\"DSC_4610\"\n\t\t\t\tdata-description=\"\"\n\t\t\t\tdata-image-slug=\"dsc_4610\"\n\t\t\t\tclass=\"ngg-simplelightbox\" rel=\"5468eb2c7812c7d6846d8f391060af2a\">\n\t\t\t\t<img\n\t\t\t\t\ttitle=\"DSC_4610\"\n\t\t\t\t\talt=\"DSC_4610\"\n\t\t\t\t\tsrc=\"https:\/\/www.aurin-choir.hu\/wp-content\/gallery\/advent-budapest\/cache\/DSC_4610.jpg-nggid045145-ngg0dyn-325x225x100-00f0w010c011r110f110r010t010.jpg\"\n\t\t\t\t\twidth=\"325\"\n\t\t\t\t\theight=\"225\"\n\t\t\t\t\tstyle=\"max-width:100%;\"\n\t\t\t\t\/>\n\t\t\t<\/a>\n\t\t<\/div>\n\t\t\t\t\t\t\t<\/div> \n\t\t\t\n\t\t\t\t<div id=\"ngg-image-58\" class=\"ngg-gallery-thumbnail-box \n\t\t\t\t\t\t\t\t\t\t\t\" \n\t\t\t>\n\t\t\t\t\t\t<div class=\"ngg-gallery-thumbnail\">\n\t\t\t<a href=\"https:\/\/www.aurin-choir.hu\/wp-content\/gallery\/advent-budapest\/DSC_4622.jpg\"\n\t\t\t\ttitle=\"\"\n\t\t\t\tdata-src=\"https:\/\/www.aurin-choir.hu\/wp-content\/gallery\/advent-budapest\/DSC_4622.jpg\"\n\t\t\t\tdata-thumbnail=\"https:\/\/www.aurin-choir.hu\/wp-content\/gallery\/advent-budapest\/thumbs\/thumbs_DSC_4622.jpg\"\n\t\t\t\tdata-image-id=\"5144\"\n\t\t\t\tdata-title=\"DSC_4622\"\n\t\t\t\tdata-description=\"\"\n\t\t\t\tdata-image-slug=\"dsc_4622\"\n\t\t\t\tclass=\"ngg-simplelightbox\" rel=\"5468eb2c7812c7d6846d8f391060af2a\">\n\t\t\t\t<img\n\t\t\t\t\ttitle=\"DSC_4622\"\n\t\t\t\t\talt=\"DSC_4622\"\n\t\t\t\t\tsrc=\"https:\/\/www.aurin-choir.hu\/wp-content\/gallery\/advent-budapest\/cache\/DSC_4622.jpg-nggid045144-ngg0dyn-325x225x100-00f0w010c011r110f110r010t010.jpg\"\n\t\t\t\t\twidth=\"325\"\n\t\t\t\t\theight=\"225\"\n\t\t\t\t\tstyle=\"max-width:100%;\"\n\t\t\t\t\/>\n\t\t\t<\/a>\n\t\t<\/div>\n\t\t\t\t\t\t\t<\/div> \n\t\t\t\n\t\n\t<br style=\"clear: both\" \/>\n\n\t\n\t\t<!-- Pagination -->\n\t\t<div class='ngg-clear'><\/div>\t<\/div>\nFot\u00f3k: Ga\u00e1r Orsolya, Szab\u00f3 Attila Tam\u00e1s<\/p>\n","protected":false},"author":1,"featured_media":12021,"comment_status":"closed","ping_status":"closed","template":"","meta":{"_et_pb_use_builder":"on","_et_pb_old_content":"","_et_gb_content_width":"","ngg_post_thumbnail":0,"footnotes":""},"project_category":[107,101,100,102],"project_tag":[],"class_list":["post-17593","project","type-project","status-publish","has-post-thumbnail","hentry","project_category-2021-en","project_category-aurin-noikar-en","project_category-aurin-leanykar-en","project_category-aurin-vegyeskar-en"],"yoast_head":"<!-- This site is optimized with the Yoast SEO plugin v26.0 - https:\/\/yoast.com\/wordpress\/plugins\/seo\/ -->\n<title>Adventi koncert 2021 - Aurin - Miraculum<\/title>\n<meta name=\"robots\" content=\"index, follow, max-snippet:-1, max-image-preview:large, max-video-preview:-1\" \/>\n<link rel=\"canonical\" href=\"https:\/\/www.aurin-choir.hu\/project\/adventi-koncert-2021\/\" \/>\n<meta property=\"og:locale\" content=\"en_US\" \/>\n<meta property=\"og:type\" content=\"article\" \/>\n<meta property=\"og:title\" content=\"Adventi koncert 2021 - Aurin - Miraculum\" \/>\n<meta property=\"og:description\" content=\"Adventi koncert 2021 Szent Erzs\u00e9bet Pl\u00e9b\u00e1nia, BudapestFot\u00f3k: Ga\u00e1r Orsolya, Szab\u00f3 Attila Tam\u00e1s\" \/>\n<meta property=\"og:url\" content=\"https:\/\/www.aurin-choir.hu\/project\/adventi-koncert-2021\/\" \/>\n<meta property=\"og:site_name\" content=\"Aurin - Miraculum\" \/>\n<meta property=\"article:publisher\" content=\"https:\/\/www.facebook.com\/aurinchoir\" \/>\n<meta property=\"article:modified_time\" content=\"2025-04-07T11:41:45+00:00\" \/>\n<meta property=\"og:image\" content=\"https:\/\/www.aurin-choir.hu\/wp-content\/uploads\/2022\/01\/1-15.jpg\" \/>\n\t<meta property=\"og:image:width\" content=\"1800\" \/>\n\t<meta property=\"og:image:height\" content=\"1200\" \/>\n\t<meta property=\"og:image:type\" content=\"image\/jpeg\" \/>\n<meta name=\"twitter:card\" content=\"summary_large_image\" \/>\n<meta name=\"twitter:label1\" content=\"Est. reading time\" \/>\n\t<meta name=\"twitter:data1\" content=\"1 minute\" \/>\n<script type=\"application\/ld+json\" class=\"yoast-schema-graph\">{\"@context\":\"https:\/\/schema.org\",\"@graph\":[{\"@type\":\"WebPage\",\"@id\":\"https:\/\/www.aurin-choir.hu\/project\/adventi-koncert-2021\/\",\"url\":\"https:\/\/www.aurin-choir.hu\/project\/adventi-koncert-2021\/\",\"name\":\"Adventi koncert 2021 - Aurin - Miraculum\",\"isPartOf\":{\"@id\":\"https:\/\/www.aurin-choir.hu\/#website\"},\"primaryImageOfPage\":{\"@id\":\"https:\/\/www.aurin-choir.hu\/project\/adventi-koncert-2021\/#primaryimage\"},\"image\":{\"@id\":\"https:\/\/www.aurin-choir.hu\/project\/adventi-koncert-2021\/#primaryimage\"},\"thumbnailUrl\":\"https:\/\/www.aurin-choir.hu\/wp-content\/uploads\/2022\/01\/1-15.jpg\",\"datePublished\":\"2021-12-20T07:16:12+00:00\",\"dateModified\":\"2025-04-07T11:41:45+00:00\",\"breadcrumb\":{\"@id\":\"https:\/\/www.aurin-choir.hu\/project\/adventi-koncert-2021\/#breadcrumb\"},\"inLanguage\":\"en-US\",\"potentialAction\":[{\"@type\":\"ReadAction\",\"target\":[\"https:\/\/www.aurin-choir.hu\/project\/adventi-koncert-2021\/\"]}]},{\"@type\":\"ImageObject\",\"inLanguage\":\"en-US\",\"@id\":\"https:\/\/www.aurin-choir.hu\/project\/adventi-koncert-2021\/#primaryimage\",\"url\":\"https:\/\/www.aurin-choir.hu\/wp-content\/uploads\/2022\/01\/1-15.jpg\",\"contentUrl\":\"https:\/\/www.aurin-choir.hu\/wp-content\/uploads\/2022\/01\/1-15.jpg\",\"width\":1800,\"height\":1200},{\"@type\":\"BreadcrumbList\",\"@id\":\"https:\/\/www.aurin-choir.hu\/project\/adventi-koncert-2021\/#breadcrumb\",\"itemListElement\":[{\"@type\":\"ListItem\",\"position\":1,\"name\":\"Kezd\u0151lap\",\"item\":\"https:\/\/www.aurin-choir.hu\/en\/\"},{\"@type\":\"ListItem\",\"position\":2,\"name\":\"Projektek\",\"item\":\"https:\/\/www.aurin-choir.hu\/project\/\"},{\"@type\":\"ListItem\",\"position\":3,\"name\":\"Adventi koncert 2021\"}]},{\"@type\":\"WebSite\",\"@id\":\"https:\/\/www.aurin-choir.hu\/#website\",\"url\":\"https:\/\/www.aurin-choir.hu\/\",\"name\":\"Aurin - Miraculum\",\"description\":\"Aurin - Miraculum\",\"publisher\":{\"@id\":\"https:\/\/www.aurin-choir.hu\/#organization\"},\"potentialAction\":[{\"@type\":\"SearchAction\",\"target\":{\"@type\":\"EntryPoint\",\"urlTemplate\":\"https:\/\/www.aurin-choir.hu\/?s={search_term_string}\"},\"query-input\":{\"@type\":\"PropertyValueSpecification\",\"valueRequired\":true,\"valueName\":\"search_term_string\"}}],\"inLanguage\":\"en-US\"},{\"@type\":\"Organization\",\"@id\":\"https:\/\/www.aurin-choir.hu\/#organization\",\"name\":\"Aurin \u00e9s Miraculum Alap\u00edtv\u00e1ny\",\"url\":\"https:\/\/www.aurin-choir.hu\/\",\"logo\":{\"@type\":\"ImageObject\",\"inLanguage\":\"en-US\",\"@id\":\"https:\/\/www.aurin-choir.hu\/#\/schema\/logo\/image\/\",\"url\":\"https:\/\/www.aurin-choir.hu\/wp-content\/uploads\/2024\/05\/logo_webre_evadzaro2-1.png\",\"contentUrl\":\"https:\/\/www.aurin-choir.hu\/wp-content\/uploads\/2024\/05\/logo_webre_evadzaro2-1.png\",\"width\":500,\"height\":515,\"caption\":\"Aurin \u00e9s Miraculum Alap\u00edtv\u00e1ny\"},\"image\":{\"@id\":\"https:\/\/www.aurin-choir.hu\/#\/schema\/logo\/image\/\"},\"sameAs\":[\"https:\/\/www.facebook.com\/aurinchoir\"]}]}<\/script>\n<!-- \/ Yoast SEO plugin. -->","yoast_head_json":{"title":"Adventi koncert 2021 - Aurin - Miraculum","robots":{"index":"index","follow":"follow","max-snippet":"max-snippet:-1","max-image-preview":"max-image-preview:large","max-video-preview":"max-video-preview:-1"},"canonical":"https:\/\/www.aurin-choir.hu\/project\/adventi-koncert-2021\/","og_locale":"en_US","og_type":"article","og_title":"Adventi koncert 2021 - Aurin - Miraculum","og_description":"Adventi koncert 2021 Szent Erzs\u00e9bet Pl\u00e9b\u00e1nia, BudapestFot\u00f3k: Ga\u00e1r Orsolya, Szab\u00f3 Attila Tam\u00e1s","og_url":"https:\/\/www.aurin-choir.hu\/project\/adventi-koncert-2021\/","og_site_name":"Aurin - Miraculum","article_publisher":"https:\/\/www.facebook.com\/aurinchoir","article_modified_time":"2025-04-07T11:41:45+00:00","og_image":[{"width":1800,"height":1200,"url":"https:\/\/www.aurin-choir.hu\/wp-content\/uploads\/2022\/01\/1-15.jpg","type":"image\/jpeg"}],"twitter_card":"summary_large_image","twitter_misc":{"Est. reading time":"1 minute"},"schema":{"@context":"https:\/\/schema.org","@graph":[{"@type":"WebPage","@id":"https:\/\/www.aurin-choir.hu\/project\/adventi-koncert-2021\/","url":"https:\/\/www.aurin-choir.hu\/project\/adventi-koncert-2021\/","name":"Adventi koncert 2021 - Aurin - Miraculum","isPartOf":{"@id":"https:\/\/www.aurin-choir.hu\/#website"},"primaryImageOfPage":{"@id":"https:\/\/www.aurin-choir.hu\/project\/adventi-koncert-2021\/#primaryimage"},"image":{"@id":"https:\/\/www.aurin-choir.hu\/project\/adventi-koncert-2021\/#primaryimage"},"thumbnailUrl":"https:\/\/www.aurin-choir.hu\/wp-content\/uploads\/2022\/01\/1-15.jpg","datePublished":"2021-12-20T07:16:12+00:00","dateModified":"2025-04-07T11:41:45+00:00","breadcrumb":{"@id":"https:\/\/www.aurin-choir.hu\/project\/adventi-koncert-2021\/#breadcrumb"},"inLanguage":"en-US","potentialAction":[{"@type":"ReadAction","target":["https:\/\/www.aurin-choir.hu\/project\/adventi-koncert-2021\/"]}]},{"@type":"ImageObject","inLanguage":"en-US","@id":"https:\/\/www.aurin-choir.hu\/project\/adventi-koncert-2021\/#primaryimage","url":"https:\/\/www.aurin-choir.hu\/wp-content\/uploads\/2022\/01\/1-15.jpg","contentUrl":"https:\/\/www.aurin-choir.hu\/wp-content\/uploads\/2022\/01\/1-15.jpg","width":1800,"height":1200},{"@type":"BreadcrumbList","@id":"https:\/\/www.aurin-choir.hu\/project\/adventi-koncert-2021\/#breadcrumb","itemListElement":[{"@type":"ListItem","position":1,"name":"Kezd\u0151lap","item":"https:\/\/www.aurin-choir.hu\/en\/"},{"@type":"ListItem","position":2,"name":"Projektek","item":"https:\/\/www.aurin-choir.hu\/project\/"},{"@type":"ListItem","position":3,"name":"Adventi koncert 2021"}]},{"@type":"WebSite","@id":"https:\/\/www.aurin-choir.hu\/#website","url":"https:\/\/www.aurin-choir.hu\/","name":"Aurin - Miraculum","description":"Aurin - Miraculum","publisher":{"@id":"https:\/\/www.aurin-choir.hu\/#organization"},"potentialAction":[{"@type":"SearchAction","target":{"@type":"EntryPoint","urlTemplate":"https:\/\/www.aurin-choir.hu\/?s={search_term_string}"},"query-input":{"@type":"PropertyValueSpecification","valueRequired":true,"valueName":"search_term_string"}}],"inLanguage":"en-US"},{"@type":"Organization","@id":"https:\/\/www.aurin-choir.hu\/#organization","name":"Aurin \u00e9s Miraculum Alap\u00edtv\u00e1ny","url":"https:\/\/www.aurin-choir.hu\/","logo":{"@type":"ImageObject","inLanguage":"en-US","@id":"https:\/\/www.aurin-choir.hu\/#\/schema\/logo\/image\/","url":"https:\/\/www.aurin-choir.hu\/wp-content\/uploads\/2024\/05\/logo_webre_evadzaro2-1.png","contentUrl":"https:\/\/www.aurin-choir.hu\/wp-content\/uploads\/2024\/05\/logo_webre_evadzaro2-1.png","width":500,"height":515,"caption":"Aurin \u00e9s Miraculum Alap\u00edtv\u00e1ny"},"image":{"@id":"https:\/\/www.aurin-choir.hu\/#\/schema\/logo\/image\/"},"sameAs":["https:\/\/www.facebook.com\/aurinchoir"]}]}},"_links":{"self":[{"href":"https:\/\/www.aurin-choir.hu\/en\/wp-json\/wp\/v2\/project\/17593","targetHints":{"allow":["GET"]}}],"collection":[{"href":"https:\/\/www.aurin-choir.hu\/en\/wp-json\/wp\/v2\/project"}],"about":[{"href":"https:\/\/www.aurin-choir.hu\/en\/wp-json\/wp\/v2\/types\/project"}],"author":[{"embeddable":true,"href":"https:\/\/www.aurin-choir.hu\/en\/wp-json\/wp\/v2\/users\/1"}],"replies":[{"embeddable":true,"href":"https:\/\/www.aurin-choir.hu\/en\/wp-json\/wp\/v2\/comments?post=17593"}],"version-history":[{"count":1,"href":"https:\/\/www.aurin-choir.hu\/en\/wp-json\/wp\/v2\/project\/17593\/revisions"}],"predecessor-version":[{"id":17594,"href":"https:\/\/www.aurin-choir.hu\/en\/wp-json\/wp\/v2\/project\/17593\/revisions\/17594"}],"wp:featuredmedia":[{"embeddable":true,"href":"https:\/\/www.aurin-choir.hu\/en\/wp-json\/wp\/v2\/media\/12021"}],"wp:attachment":[{"href":"https:\/\/www.aurin-choir.hu\/en\/wp-json\/wp\/v2\/media?parent=17593"}],"wp:term":[{"taxonomy":"project_category","embeddable":true,"href":"https:\/\/www.aurin-choir.hu\/en\/wp-json\/wp\/v2\/project_category?post=17593"},{"taxonomy":"project_tag","embeddable":true,"href":"https:\/\/www.aurin-choir.hu\/en\/wp-json\/wp\/v2\/project_tag?post=17593"}],"curies":[{"name":"wp","href":"https:\/\/api.w.org\/{rel}","templated":true}]}}