{"id":17621,"date":"2017-12-16T11:10:39","date_gmt":"2017-12-16T11:10:39","guid":{"rendered":"https:\/\/www.aurin-choir.hu\/project\/a-magyar-kodaly-tarsasag-koncertje-2017\/"},"modified":"2025-04-07T16:20:50","modified_gmt":"2025-04-07T16:20:50","slug":"a-magyar-kodaly-tarsasag-koncertje-2017","status":"publish","type":"project","link":"https:\/\/www.aurin-choir.hu\/en\/project\/a-magyar-kodaly-tarsasag-koncertje-2017\/","title":{"rendered":"A Magyar Kod\u00e1ly T\u00e1rsas\u00e1g koncertje 2017"},"content":{"rendered":"<p>[et_pb_section fb_built=&#8221;1&#8243; _builder_version=&#8221;4.27.4&#8243; _module_preset=&#8221;default&#8221; da_disable_devices=&#8221;off|off|off&#8221; locked=&#8221;off&#8221; global_colors_info=&#8221;{}&#8221; da_is_popup=&#8221;off&#8221; da_exit_intent=&#8221;off&#8221; da_has_close=&#8221;on&#8221; da_alt_close=&#8221;off&#8221; da_dark_close=&#8221;off&#8221; da_not_modal=&#8221;on&#8221; da_is_singular=&#8221;off&#8221; da_with_loader=&#8221;off&#8221; da_has_shadow=&#8221;on&#8221;][et_pb_row _builder_version=&#8221;4.27.4&#8243; _module_preset=&#8221;default&#8221; global_colors_info=&#8221;{}&#8221;][et_pb_column type=&#8221;4_4&#8243; _builder_version=&#8221;4.27.4&#8243; _module_preset=&#8221;default&#8221; global_colors_info=&#8221;{}&#8221;][et_pb_text _builder_version=&#8221;4.27.4&#8243; _module_preset=&#8221;default&#8221; text_font=&#8221;|600|||||||&#8221; header_font=&#8221;|700|||||||&#8221; header_font_size=&#8221;31px&#8221; header_2_font=&#8221;||on||||||&#8221; hover_enabled=&#8221;0&#8243; global_colors_info=&#8221;{}&#8221; sticky_enabled=&#8221;0&#8243;]<\/p>\n<h1 class=\"entry-title\">A Magyar Kod\u00e1ly T\u00e1rsas\u00e1g koncertje 2017<\/h1>\n<p><b><\/b><\/p>\n<p>Zeneakad\u00e9mia, Budapest[\/et_pb_text][\/et_pb_column][\/et_pb_row][et_pb_row _builder_version=&#8221;4.27.4&#8243; _module_preset=&#8221;default&#8221; custom_padding=&#8221;0px||0px||false|false&#8221; global_colors_info=&#8221;{}&#8221;][et_pb_column type=&#8221;4_4&#8243; _builder_version=&#8221;4.27.4&#8243; _module_preset=&#8221;default&#8221; global_colors_info=&#8221;{}&#8221;][et_pb_text _builder_version=&#8221;4.27.4&#8243; _module_preset=&#8221;default&#8221; global_colors_info=&#8221;{}&#8221;]ngg_shortcode_0_placeholder[\/et_pb_text][\/et_pb_column][\/et_pb_row][\/et_pb_section]<\/p>\n","protected":false},"excerpt":{"rendered":"<p>A Magyar Kod\u00e1ly T\u00e1rsas\u00e1g koncertje 2017 Zeneakad\u00e9mia, Budapest<!-- default-view.php -->\n<div\n\tclass=\"ngg-galleryoverview default-view \n\t\t\"\n\tid=\"ngg-gallery-af8c766ccdc6cc2721393e9c925bea42-1\">\n\n\t\t<!-- Thumbnails -->\n\t\t\t\t<div id=\"ngg-image-0\" class=\"ngg-gallery-thumbnail-box \n\t\t\t\t\t\t\t\t\t\t\t\" \n\t\t\t>\n\t\t\t\t\t\t<div class=\"ngg-gallery-thumbnail\">\n\t\t\t<a href=\"https:\/\/www.aurin-choir.hu\/wp-content\/gallery\/zeneakademia-2017\/zeneakademia2017-1.jpg\"\n\t\t\t\ttitle=\"\"\n\t\t\t\tdata-src=\"https:\/\/www.aurin-choir.hu\/wp-content\/gallery\/zeneakademia-2017\/zeneakademia2017-1.jpg\"\n\t\t\t\tdata-thumbnail=\"https:\/\/www.aurin-choir.hu\/wp-content\/gallery\/zeneakademia-2017\/thumbs\/thumbs_zeneakademia2017-1.jpg\"\n\t\t\t\tdata-image-id=\"872\"\n\t\t\t\tdata-title=\"zeneakademia2017-1\"\n\t\t\t\tdata-description=\"\"\n\t\t\t\tdata-image-slug=\"zeneakademia2017-1\"\n\t\t\t\tclass=\"ngg-simplelightbox\" rel=\"af8c766ccdc6cc2721393e9c925bea42\">\n\t\t\t\t<img\n\t\t\t\t\ttitle=\"zeneakademia2017-1\"\n\t\t\t\t\talt=\"zeneakademia2017-1\"\n\t\t\t\t\tsrc=\"https:\/\/www.aurin-choir.hu\/wp-content\/gallery\/zeneakademia-2017\/cache\/zeneakademia2017-1.jpg-nggid03872-ngg0dyn-325x225x100-00f0w010c011r110f110r010t010.jpg\"\n\t\t\t\t\twidth=\"325\"\n\t\t\t\t\theight=\"225\"\n\t\t\t\t\tstyle=\"max-width:100%;\"\n\t\t\t\t\/>\n\t\t\t<\/a>\n\t\t<\/div>\n\t\t\t\t\t\t\t<\/div> \n\t\t\t\n\t\t\t\t<div id=\"ngg-image-1\" class=\"ngg-gallery-thumbnail-box \n\t\t\t\t\t\t\t\t\t\t\t\" \n\t\t\t>\n\t\t\t\t\t\t<div class=\"ngg-gallery-thumbnail\">\n\t\t\t<a href=\"https:\/\/www.aurin-choir.hu\/wp-content\/gallery\/zeneakademia-2017\/zeneakademia2017-2.jpg\"\n\t\t\t\ttitle=\"\"\n\t\t\t\tdata-src=\"https:\/\/www.aurin-choir.hu\/wp-content\/gallery\/zeneakademia-2017\/zeneakademia2017-2.jpg\"\n\t\t\t\tdata-thumbnail=\"https:\/\/www.aurin-choir.hu\/wp-content\/gallery\/zeneakademia-2017\/thumbs\/thumbs_zeneakademia2017-2.jpg\"\n\t\t\t\tdata-image-id=\"873\"\n\t\t\t\tdata-title=\"zeneakademia2017-2\"\n\t\t\t\tdata-description=\"\"\n\t\t\t\tdata-image-slug=\"zeneakademia2017-2\"\n\t\t\t\tclass=\"ngg-simplelightbox\" rel=\"af8c766ccdc6cc2721393e9c925bea42\">\n\t\t\t\t<img\n\t\t\t\t\ttitle=\"zeneakademia2017-2\"\n\t\t\t\t\talt=\"zeneakademia2017-2\"\n\t\t\t\t\tsrc=\"https:\/\/www.aurin-choir.hu\/wp-content\/gallery\/zeneakademia-2017\/cache\/zeneakademia2017-2.jpg-nggid03873-ngg0dyn-325x225x100-00f0w010c011r110f110r010t010.jpg\"\n\t\t\t\t\twidth=\"325\"\n\t\t\t\t\theight=\"225\"\n\t\t\t\t\tstyle=\"max-width:100%;\"\n\t\t\t\t\/>\n\t\t\t<\/a>\n\t\t<\/div>\n\t\t\t\t\t\t\t<\/div> \n\t\t\t\n\t\t\t\t<div id=\"ngg-image-2\" class=\"ngg-gallery-thumbnail-box \n\t\t\t\t\t\t\t\t\t\t\t\" \n\t\t\t>\n\t\t\t\t\t\t<div class=\"ngg-gallery-thumbnail\">\n\t\t\t<a href=\"https:\/\/www.aurin-choir.hu\/wp-content\/gallery\/zeneakademia-2017\/zeneakademia2017-3.jpg\"\n\t\t\t\ttitle=\"\"\n\t\t\t\tdata-src=\"https:\/\/www.aurin-choir.hu\/wp-content\/gallery\/zeneakademia-2017\/zeneakademia2017-3.jpg\"\n\t\t\t\tdata-thumbnail=\"https:\/\/www.aurin-choir.hu\/wp-content\/gallery\/zeneakademia-2017\/thumbs\/thumbs_zeneakademia2017-3.jpg\"\n\t\t\t\tdata-image-id=\"874\"\n\t\t\t\tdata-title=\"zeneakademia2017-3\"\n\t\t\t\tdata-description=\"\"\n\t\t\t\tdata-image-slug=\"zeneakademia2017-3\"\n\t\t\t\tclass=\"ngg-simplelightbox\" rel=\"af8c766ccdc6cc2721393e9c925bea42\">\n\t\t\t\t<img\n\t\t\t\t\ttitle=\"zeneakademia2017-3\"\n\t\t\t\t\talt=\"zeneakademia2017-3\"\n\t\t\t\t\tsrc=\"https:\/\/www.aurin-choir.hu\/wp-content\/gallery\/zeneakademia-2017\/cache\/zeneakademia2017-3.jpg-nggid03874-ngg0dyn-325x225x100-00f0w010c011r110f110r010t010.jpg\"\n\t\t\t\t\twidth=\"325\"\n\t\t\t\t\theight=\"225\"\n\t\t\t\t\tstyle=\"max-width:100%;\"\n\t\t\t\t\/>\n\t\t\t<\/a>\n\t\t<\/div>\n\t\t\t\t\t\t\t<\/div> \n\t\t\t\n\t\t\t\t<div id=\"ngg-image-3\" class=\"ngg-gallery-thumbnail-box \n\t\t\t\t\t\t\t\t\t\t\t\" \n\t\t\t>\n\t\t\t\t\t\t<div class=\"ngg-gallery-thumbnail\">\n\t\t\t<a href=\"https:\/\/www.aurin-choir.hu\/wp-content\/gallery\/zeneakademia-2017\/zeneakademia2017-4.jpg\"\n\t\t\t\ttitle=\"\"\n\t\t\t\tdata-src=\"https:\/\/www.aurin-choir.hu\/wp-content\/gallery\/zeneakademia-2017\/zeneakademia2017-4.jpg\"\n\t\t\t\tdata-thumbnail=\"https:\/\/www.aurin-choir.hu\/wp-content\/gallery\/zeneakademia-2017\/thumbs\/thumbs_zeneakademia2017-4.jpg\"\n\t\t\t\tdata-image-id=\"875\"\n\t\t\t\tdata-title=\"zeneakademia2017-4\"\n\t\t\t\tdata-description=\"\"\n\t\t\t\tdata-image-slug=\"zeneakademia2017-4\"\n\t\t\t\tclass=\"ngg-simplelightbox\" rel=\"af8c766ccdc6cc2721393e9c925bea42\">\n\t\t\t\t<img\n\t\t\t\t\ttitle=\"zeneakademia2017-4\"\n\t\t\t\t\talt=\"zeneakademia2017-4\"\n\t\t\t\t\tsrc=\"https:\/\/www.aurin-choir.hu\/wp-content\/gallery\/zeneakademia-2017\/cache\/zeneakademia2017-4.jpg-nggid03875-ngg0dyn-325x225x100-00f0w010c011r110f110r010t010.jpg\"\n\t\t\t\t\twidth=\"325\"\n\t\t\t\t\theight=\"225\"\n\t\t\t\t\tstyle=\"max-width:100%;\"\n\t\t\t\t\/>\n\t\t\t<\/a>\n\t\t<\/div>\n\t\t\t\t\t\t\t<\/div> \n\t\t\t\n\t\t\t\t<div id=\"ngg-image-4\" class=\"ngg-gallery-thumbnail-box \n\t\t\t\t\t\t\t\t\t\t\t\" \n\t\t\t>\n\t\t\t\t\t\t<div class=\"ngg-gallery-thumbnail\">\n\t\t\t<a href=\"https:\/\/www.aurin-choir.hu\/wp-content\/gallery\/zeneakademia-2017\/zeneakademia2017-5.jpg\"\n\t\t\t\ttitle=\"\"\n\t\t\t\tdata-src=\"https:\/\/www.aurin-choir.hu\/wp-content\/gallery\/zeneakademia-2017\/zeneakademia2017-5.jpg\"\n\t\t\t\tdata-thumbnail=\"https:\/\/www.aurin-choir.hu\/wp-content\/gallery\/zeneakademia-2017\/thumbs\/thumbs_zeneakademia2017-5.jpg\"\n\t\t\t\tdata-image-id=\"876\"\n\t\t\t\tdata-title=\"zeneakademia2017-5\"\n\t\t\t\tdata-description=\"\"\n\t\t\t\tdata-image-slug=\"zeneakademia2017-5\"\n\t\t\t\tclass=\"ngg-simplelightbox\" rel=\"af8c766ccdc6cc2721393e9c925bea42\">\n\t\t\t\t<img\n\t\t\t\t\ttitle=\"zeneakademia2017-5\"\n\t\t\t\t\talt=\"zeneakademia2017-5\"\n\t\t\t\t\tsrc=\"https:\/\/www.aurin-choir.hu\/wp-content\/gallery\/zeneakademia-2017\/cache\/zeneakademia2017-5.jpg-nggid03876-ngg0dyn-325x225x100-00f0w010c011r110f110r010t010.jpg\"\n\t\t\t\t\twidth=\"325\"\n\t\t\t\t\theight=\"225\"\n\t\t\t\t\tstyle=\"max-width:100%;\"\n\t\t\t\t\/>\n\t\t\t<\/a>\n\t\t<\/div>\n\t\t\t\t\t\t\t<\/div> \n\t\t\t\n\t\t\t\t<div id=\"ngg-image-5\" class=\"ngg-gallery-thumbnail-box \n\t\t\t\t\t\t\t\t\t\t\t\" \n\t\t\t>\n\t\t\t\t\t\t<div class=\"ngg-gallery-thumbnail\">\n\t\t\t<a href=\"https:\/\/www.aurin-choir.hu\/wp-content\/gallery\/zeneakademia-2017\/zeneakademia2017-6.jpg\"\n\t\t\t\ttitle=\"\"\n\t\t\t\tdata-src=\"https:\/\/www.aurin-choir.hu\/wp-content\/gallery\/zeneakademia-2017\/zeneakademia2017-6.jpg\"\n\t\t\t\tdata-thumbnail=\"https:\/\/www.aurin-choir.hu\/wp-content\/gallery\/zeneakademia-2017\/thumbs\/thumbs_zeneakademia2017-6.jpg\"\n\t\t\t\tdata-image-id=\"877\"\n\t\t\t\tdata-title=\"zeneakademia2017-6\"\n\t\t\t\tdata-description=\"\"\n\t\t\t\tdata-image-slug=\"zeneakademia2017-6\"\n\t\t\t\tclass=\"ngg-simplelightbox\" rel=\"af8c766ccdc6cc2721393e9c925bea42\">\n\t\t\t\t<img\n\t\t\t\t\ttitle=\"zeneakademia2017-6\"\n\t\t\t\t\talt=\"zeneakademia2017-6\"\n\t\t\t\t\tsrc=\"https:\/\/www.aurin-choir.hu\/wp-content\/gallery\/zeneakademia-2017\/cache\/zeneakademia2017-6.jpg-nggid03877-ngg0dyn-325x225x100-00f0w010c011r110f110r010t010.jpg\"\n\t\t\t\t\twidth=\"325\"\n\t\t\t\t\theight=\"225\"\n\t\t\t\t\tstyle=\"max-width:100%;\"\n\t\t\t\t\/>\n\t\t\t<\/a>\n\t\t<\/div>\n\t\t\t\t\t\t\t<\/div> \n\t\t\t\n\t\t\t\t<div id=\"ngg-image-6\" class=\"ngg-gallery-thumbnail-box \n\t\t\t\t\t\t\t\t\t\t\t\" \n\t\t\t>\n\t\t\t\t\t\t<div class=\"ngg-gallery-thumbnail\">\n\t\t\t<a href=\"https:\/\/www.aurin-choir.hu\/wp-content\/gallery\/zeneakademia-2017\/zeneakademia2017-7.jpg\"\n\t\t\t\ttitle=\"\"\n\t\t\t\tdata-src=\"https:\/\/www.aurin-choir.hu\/wp-content\/gallery\/zeneakademia-2017\/zeneakademia2017-7.jpg\"\n\t\t\t\tdata-thumbnail=\"https:\/\/www.aurin-choir.hu\/wp-content\/gallery\/zeneakademia-2017\/thumbs\/thumbs_zeneakademia2017-7.jpg\"\n\t\t\t\tdata-image-id=\"878\"\n\t\t\t\tdata-title=\"zeneakademia2017-7\"\n\t\t\t\tdata-description=\"\"\n\t\t\t\tdata-image-slug=\"zeneakademia2017-7\"\n\t\t\t\tclass=\"ngg-simplelightbox\" rel=\"af8c766ccdc6cc2721393e9c925bea42\">\n\t\t\t\t<img\n\t\t\t\t\ttitle=\"zeneakademia2017-7\"\n\t\t\t\t\talt=\"zeneakademia2017-7\"\n\t\t\t\t\tsrc=\"https:\/\/www.aurin-choir.hu\/wp-content\/gallery\/zeneakademia-2017\/cache\/zeneakademia2017-7.jpg-nggid03878-ngg0dyn-325x225x100-00f0w010c011r110f110r010t010.jpg\"\n\t\t\t\t\twidth=\"325\"\n\t\t\t\t\theight=\"225\"\n\t\t\t\t\tstyle=\"max-width:100%;\"\n\t\t\t\t\/>\n\t\t\t<\/a>\n\t\t<\/div>\n\t\t\t\t\t\t\t<\/div> \n\t\t\t\n\t\t\t\t<div id=\"ngg-image-7\" class=\"ngg-gallery-thumbnail-box \n\t\t\t\t\t\t\t\t\t\t\t\" \n\t\t\t>\n\t\t\t\t\t\t<div class=\"ngg-gallery-thumbnail\">\n\t\t\t<a href=\"https:\/\/www.aurin-choir.hu\/wp-content\/gallery\/zeneakademia-2017\/zeneakademia2017-8.jpg\"\n\t\t\t\ttitle=\"\"\n\t\t\t\tdata-src=\"https:\/\/www.aurin-choir.hu\/wp-content\/gallery\/zeneakademia-2017\/zeneakademia2017-8.jpg\"\n\t\t\t\tdata-thumbnail=\"https:\/\/www.aurin-choir.hu\/wp-content\/gallery\/zeneakademia-2017\/thumbs\/thumbs_zeneakademia2017-8.jpg\"\n\t\t\t\tdata-image-id=\"879\"\n\t\t\t\tdata-title=\"zeneakademia2017-8\"\n\t\t\t\tdata-description=\"\"\n\t\t\t\tdata-image-slug=\"zeneakademia2017-8\"\n\t\t\t\tclass=\"ngg-simplelightbox\" rel=\"af8c766ccdc6cc2721393e9c925bea42\">\n\t\t\t\t<img\n\t\t\t\t\ttitle=\"zeneakademia2017-8\"\n\t\t\t\t\talt=\"zeneakademia2017-8\"\n\t\t\t\t\tsrc=\"https:\/\/www.aurin-choir.hu\/wp-content\/gallery\/zeneakademia-2017\/cache\/zeneakademia2017-8.jpg-nggid03879-ngg0dyn-325x225x100-00f0w010c011r110f110r010t010.jpg\"\n\t\t\t\t\twidth=\"325\"\n\t\t\t\t\theight=\"225\"\n\t\t\t\t\tstyle=\"max-width:100%;\"\n\t\t\t\t\/>\n\t\t\t<\/a>\n\t\t<\/div>\n\t\t\t\t\t\t\t<\/div> \n\t\t\t\n\t\t\t\t<div id=\"ngg-image-8\" class=\"ngg-gallery-thumbnail-box \n\t\t\t\t\t\t\t\t\t\t\t\" \n\t\t\t>\n\t\t\t\t\t\t<div class=\"ngg-gallery-thumbnail\">\n\t\t\t<a href=\"https:\/\/www.aurin-choir.hu\/wp-content\/gallery\/zeneakademia-2017\/zeneakademia2017-9.jpg\"\n\t\t\t\ttitle=\"\"\n\t\t\t\tdata-src=\"https:\/\/www.aurin-choir.hu\/wp-content\/gallery\/zeneakademia-2017\/zeneakademia2017-9.jpg\"\n\t\t\t\tdata-thumbnail=\"https:\/\/www.aurin-choir.hu\/wp-content\/gallery\/zeneakademia-2017\/thumbs\/thumbs_zeneakademia2017-9.jpg\"\n\t\t\t\tdata-image-id=\"880\"\n\t\t\t\tdata-title=\"zeneakademia2017-9\"\n\t\t\t\tdata-description=\"\"\n\t\t\t\tdata-image-slug=\"zeneakademia2017-9\"\n\t\t\t\tclass=\"ngg-simplelightbox\" rel=\"af8c766ccdc6cc2721393e9c925bea42\">\n\t\t\t\t<img\n\t\t\t\t\ttitle=\"zeneakademia2017-9\"\n\t\t\t\t\talt=\"zeneakademia2017-9\"\n\t\t\t\t\tsrc=\"https:\/\/www.aurin-choir.hu\/wp-content\/gallery\/zeneakademia-2017\/cache\/zeneakademia2017-9.jpg-nggid03880-ngg0dyn-325x225x100-00f0w010c011r110f110r010t010.jpg\"\n\t\t\t\t\twidth=\"325\"\n\t\t\t\t\theight=\"225\"\n\t\t\t\t\tstyle=\"max-width:100%;\"\n\t\t\t\t\/>\n\t\t\t<\/a>\n\t\t<\/div>\n\t\t\t\t\t\t\t<\/div> \n\t\t\t\n\t\t\t\t<div id=\"ngg-image-9\" class=\"ngg-gallery-thumbnail-box \n\t\t\t\t\t\t\t\t\t\t\t\" \n\t\t\t>\n\t\t\t\t\t\t<div class=\"ngg-gallery-thumbnail\">\n\t\t\t<a href=\"https:\/\/www.aurin-choir.hu\/wp-content\/gallery\/zeneakademia-2017\/zeneakademia2017-10.jpg\"\n\t\t\t\ttitle=\"\"\n\t\t\t\tdata-src=\"https:\/\/www.aurin-choir.hu\/wp-content\/gallery\/zeneakademia-2017\/zeneakademia2017-10.jpg\"\n\t\t\t\tdata-thumbnail=\"https:\/\/www.aurin-choir.hu\/wp-content\/gallery\/zeneakademia-2017\/thumbs\/thumbs_zeneakademia2017-10.jpg\"\n\t\t\t\tdata-image-id=\"881\"\n\t\t\t\tdata-title=\"zeneakademia2017-10\"\n\t\t\t\tdata-description=\"\"\n\t\t\t\tdata-image-slug=\"zeneakademia2017-10\"\n\t\t\t\tclass=\"ngg-simplelightbox\" rel=\"af8c766ccdc6cc2721393e9c925bea42\">\n\t\t\t\t<img\n\t\t\t\t\ttitle=\"zeneakademia2017-10\"\n\t\t\t\t\talt=\"zeneakademia2017-10\"\n\t\t\t\t\tsrc=\"https:\/\/www.aurin-choir.hu\/wp-content\/gallery\/zeneakademia-2017\/cache\/zeneakademia2017-10.jpg-nggid03881-ngg0dyn-325x225x100-00f0w010c011r110f110r010t010.jpg\"\n\t\t\t\t\twidth=\"325\"\n\t\t\t\t\theight=\"225\"\n\t\t\t\t\tstyle=\"max-width:100%;\"\n\t\t\t\t\/>\n\t\t\t<\/a>\n\t\t<\/div>\n\t\t\t\t\t\t\t<\/div> \n\t\t\t\n\t\t\t\t<div id=\"ngg-image-10\" class=\"ngg-gallery-thumbnail-box \n\t\t\t\t\t\t\t\t\t\t\t\" \n\t\t\t>\n\t\t\t\t\t\t<div class=\"ngg-gallery-thumbnail\">\n\t\t\t<a href=\"https:\/\/www.aurin-choir.hu\/wp-content\/gallery\/zeneakademia-2017\/zeneakademia2017-11.jpg\"\n\t\t\t\ttitle=\"\"\n\t\t\t\tdata-src=\"https:\/\/www.aurin-choir.hu\/wp-content\/gallery\/zeneakademia-2017\/zeneakademia2017-11.jpg\"\n\t\t\t\tdata-thumbnail=\"https:\/\/www.aurin-choir.hu\/wp-content\/gallery\/zeneakademia-2017\/thumbs\/thumbs_zeneakademia2017-11.jpg\"\n\t\t\t\tdata-image-id=\"882\"\n\t\t\t\tdata-title=\"zeneakademia2017-11\"\n\t\t\t\tdata-description=\"\"\n\t\t\t\tdata-image-slug=\"zeneakademia2017-11\"\n\t\t\t\tclass=\"ngg-simplelightbox\" rel=\"af8c766ccdc6cc2721393e9c925bea42\">\n\t\t\t\t<img\n\t\t\t\t\ttitle=\"zeneakademia2017-11\"\n\t\t\t\t\talt=\"zeneakademia2017-11\"\n\t\t\t\t\tsrc=\"https:\/\/www.aurin-choir.hu\/wp-content\/gallery\/zeneakademia-2017\/cache\/zeneakademia2017-11.jpg-nggid03882-ngg0dyn-325x225x100-00f0w010c011r110f110r010t010.jpg\"\n\t\t\t\t\twidth=\"325\"\n\t\t\t\t\theight=\"225\"\n\t\t\t\t\tstyle=\"max-width:100%;\"\n\t\t\t\t\/>\n\t\t\t<\/a>\n\t\t<\/div>\n\t\t\t\t\t\t\t<\/div> \n\t\t\t\n\t\t\t\t<div id=\"ngg-image-11\" class=\"ngg-gallery-thumbnail-box \n\t\t\t\t\t\t\t\t\t\t\t\" \n\t\t\t>\n\t\t\t\t\t\t<div class=\"ngg-gallery-thumbnail\">\n\t\t\t<a href=\"https:\/\/www.aurin-choir.hu\/wp-content\/gallery\/zeneakademia-2017\/zeneakademia2017-12.jpg\"\n\t\t\t\ttitle=\"\"\n\t\t\t\tdata-src=\"https:\/\/www.aurin-choir.hu\/wp-content\/gallery\/zeneakademia-2017\/zeneakademia2017-12.jpg\"\n\t\t\t\tdata-thumbnail=\"https:\/\/www.aurin-choir.hu\/wp-content\/gallery\/zeneakademia-2017\/thumbs\/thumbs_zeneakademia2017-12.jpg\"\n\t\t\t\tdata-image-id=\"883\"\n\t\t\t\tdata-title=\"zeneakademia2017-12\"\n\t\t\t\tdata-description=\"\"\n\t\t\t\tdata-image-slug=\"zeneakademia2017-12\"\n\t\t\t\tclass=\"ngg-simplelightbox\" rel=\"af8c766ccdc6cc2721393e9c925bea42\">\n\t\t\t\t<img\n\t\t\t\t\ttitle=\"zeneakademia2017-12\"\n\t\t\t\t\talt=\"zeneakademia2017-12\"\n\t\t\t\t\tsrc=\"https:\/\/www.aurin-choir.hu\/wp-content\/gallery\/zeneakademia-2017\/cache\/zeneakademia2017-12.jpg-nggid03883-ngg0dyn-325x225x100-00f0w010c011r110f110r010t010.jpg\"\n\t\t\t\t\twidth=\"325\"\n\t\t\t\t\theight=\"225\"\n\t\t\t\t\tstyle=\"max-width:100%;\"\n\t\t\t\t\/>\n\t\t\t<\/a>\n\t\t<\/div>\n\t\t\t\t\t\t\t<\/div> \n\t\t\t\n\t\t\t\t<div id=\"ngg-image-12\" class=\"ngg-gallery-thumbnail-box \n\t\t\t\t\t\t\t\t\t\t\t\" \n\t\t\t>\n\t\t\t\t\t\t<div class=\"ngg-gallery-thumbnail\">\n\t\t\t<a href=\"https:\/\/www.aurin-choir.hu\/wp-content\/gallery\/zeneakademia-2017\/zeneakademia2017-13.jpg\"\n\t\t\t\ttitle=\"\"\n\t\t\t\tdata-src=\"https:\/\/www.aurin-choir.hu\/wp-content\/gallery\/zeneakademia-2017\/zeneakademia2017-13.jpg\"\n\t\t\t\tdata-thumbnail=\"https:\/\/www.aurin-choir.hu\/wp-content\/gallery\/zeneakademia-2017\/thumbs\/thumbs_zeneakademia2017-13.jpg\"\n\t\t\t\tdata-image-id=\"884\"\n\t\t\t\tdata-title=\"zeneakademia2017-13\"\n\t\t\t\tdata-description=\"\"\n\t\t\t\tdata-image-slug=\"zeneakademia2017-13\"\n\t\t\t\tclass=\"ngg-simplelightbox\" rel=\"af8c766ccdc6cc2721393e9c925bea42\">\n\t\t\t\t<img\n\t\t\t\t\ttitle=\"zeneakademia2017-13\"\n\t\t\t\t\talt=\"zeneakademia2017-13\"\n\t\t\t\t\tsrc=\"https:\/\/www.aurin-choir.hu\/wp-content\/gallery\/zeneakademia-2017\/cache\/zeneakademia2017-13.jpg-nggid03884-ngg0dyn-325x225x100-00f0w010c011r110f110r010t010.jpg\"\n\t\t\t\t\twidth=\"325\"\n\t\t\t\t\theight=\"225\"\n\t\t\t\t\tstyle=\"max-width:100%;\"\n\t\t\t\t\/>\n\t\t\t<\/a>\n\t\t<\/div>\n\t\t\t\t\t\t\t<\/div> \n\t\t\t\n\t\t\t\t<div id=\"ngg-image-13\" class=\"ngg-gallery-thumbnail-box \n\t\t\t\t\t\t\t\t\t\t\t\" \n\t\t\t>\n\t\t\t\t\t\t<div class=\"ngg-gallery-thumbnail\">\n\t\t\t<a href=\"https:\/\/www.aurin-choir.hu\/wp-content\/gallery\/zeneakademia-2017\/zeneakademia2017-14.jpg\"\n\t\t\t\ttitle=\"\"\n\t\t\t\tdata-src=\"https:\/\/www.aurin-choir.hu\/wp-content\/gallery\/zeneakademia-2017\/zeneakademia2017-14.jpg\"\n\t\t\t\tdata-thumbnail=\"https:\/\/www.aurin-choir.hu\/wp-content\/gallery\/zeneakademia-2017\/thumbs\/thumbs_zeneakademia2017-14.jpg\"\n\t\t\t\tdata-image-id=\"885\"\n\t\t\t\tdata-title=\"zeneakademia2017-14\"\n\t\t\t\tdata-description=\"\"\n\t\t\t\tdata-image-slug=\"zeneakademia2017-14\"\n\t\t\t\tclass=\"ngg-simplelightbox\" rel=\"af8c766ccdc6cc2721393e9c925bea42\">\n\t\t\t\t<img\n\t\t\t\t\ttitle=\"zeneakademia2017-14\"\n\t\t\t\t\talt=\"zeneakademia2017-14\"\n\t\t\t\t\tsrc=\"https:\/\/www.aurin-choir.hu\/wp-content\/gallery\/zeneakademia-2017\/cache\/zeneakademia2017-14.jpg-nggid03885-ngg0dyn-325x225x100-00f0w010c011r110f110r010t010.jpg\"\n\t\t\t\t\twidth=\"325\"\n\t\t\t\t\theight=\"225\"\n\t\t\t\t\tstyle=\"max-width:100%;\"\n\t\t\t\t\/>\n\t\t\t<\/a>\n\t\t<\/div>\n\t\t\t\t\t\t\t<\/div> \n\t\t\t\n\t\t\t\t<div id=\"ngg-image-14\" class=\"ngg-gallery-thumbnail-box \n\t\t\t\t\t\t\t\t\t\t\t\" \n\t\t\t>\n\t\t\t\t\t\t<div class=\"ngg-gallery-thumbnail\">\n\t\t\t<a href=\"https:\/\/www.aurin-choir.hu\/wp-content\/gallery\/zeneakademia-2017\/zeneakademia2017-15.jpg\"\n\t\t\t\ttitle=\"\"\n\t\t\t\tdata-src=\"https:\/\/www.aurin-choir.hu\/wp-content\/gallery\/zeneakademia-2017\/zeneakademia2017-15.jpg\"\n\t\t\t\tdata-thumbnail=\"https:\/\/www.aurin-choir.hu\/wp-content\/gallery\/zeneakademia-2017\/thumbs\/thumbs_zeneakademia2017-15.jpg\"\n\t\t\t\tdata-image-id=\"886\"\n\t\t\t\tdata-title=\"zeneakademia2017-15\"\n\t\t\t\tdata-description=\"\"\n\t\t\t\tdata-image-slug=\"zeneakademia2017-15\"\n\t\t\t\tclass=\"ngg-simplelightbox\" rel=\"af8c766ccdc6cc2721393e9c925bea42\">\n\t\t\t\t<img\n\t\t\t\t\ttitle=\"zeneakademia2017-15\"\n\t\t\t\t\talt=\"zeneakademia2017-15\"\n\t\t\t\t\tsrc=\"https:\/\/www.aurin-choir.hu\/wp-content\/gallery\/zeneakademia-2017\/cache\/zeneakademia2017-15.jpg-nggid03886-ngg0dyn-325x225x100-00f0w010c011r110f110r010t010.jpg\"\n\t\t\t\t\twidth=\"325\"\n\t\t\t\t\theight=\"225\"\n\t\t\t\t\tstyle=\"max-width:100%;\"\n\t\t\t\t\/>\n\t\t\t<\/a>\n\t\t<\/div>\n\t\t\t\t\t\t\t<\/div> \n\t\t\t\n\t\t\t\t<div id=\"ngg-image-15\" class=\"ngg-gallery-thumbnail-box \n\t\t\t\t\t\t\t\t\t\t\t\" \n\t\t\t>\n\t\t\t\t\t\t<div class=\"ngg-gallery-thumbnail\">\n\t\t\t<a href=\"https:\/\/www.aurin-choir.hu\/wp-content\/gallery\/zeneakademia-2017\/zeneakademia2017-16.jpg\"\n\t\t\t\ttitle=\"\"\n\t\t\t\tdata-src=\"https:\/\/www.aurin-choir.hu\/wp-content\/gallery\/zeneakademia-2017\/zeneakademia2017-16.jpg\"\n\t\t\t\tdata-thumbnail=\"https:\/\/www.aurin-choir.hu\/wp-content\/gallery\/zeneakademia-2017\/thumbs\/thumbs_zeneakademia2017-16.jpg\"\n\t\t\t\tdata-image-id=\"887\"\n\t\t\t\tdata-title=\"zeneakademia2017-16\"\n\t\t\t\tdata-description=\"\"\n\t\t\t\tdata-image-slug=\"zeneakademia2017-16\"\n\t\t\t\tclass=\"ngg-simplelightbox\" rel=\"af8c766ccdc6cc2721393e9c925bea42\">\n\t\t\t\t<img\n\t\t\t\t\ttitle=\"zeneakademia2017-16\"\n\t\t\t\t\talt=\"zeneakademia2017-16\"\n\t\t\t\t\tsrc=\"https:\/\/www.aurin-choir.hu\/wp-content\/gallery\/zeneakademia-2017\/cache\/zeneakademia2017-16.jpg-nggid03887-ngg0dyn-325x225x100-00f0w010c011r110f110r010t010.jpg\"\n\t\t\t\t\twidth=\"325\"\n\t\t\t\t\theight=\"225\"\n\t\t\t\t\tstyle=\"max-width:100%;\"\n\t\t\t\t\/>\n\t\t\t<\/a>\n\t\t<\/div>\n\t\t\t\t\t\t\t<\/div> \n\t\t\t\n\t\t\t\t<div id=\"ngg-image-16\" class=\"ngg-gallery-thumbnail-box \n\t\t\t\t\t\t\t\t\t\t\t\" \n\t\t\t>\n\t\t\t\t\t\t<div class=\"ngg-gallery-thumbnail\">\n\t\t\t<a href=\"https:\/\/www.aurin-choir.hu\/wp-content\/gallery\/zeneakademia-2017\/zeneakademia2017-17.jpg\"\n\t\t\t\ttitle=\"\"\n\t\t\t\tdata-src=\"https:\/\/www.aurin-choir.hu\/wp-content\/gallery\/zeneakademia-2017\/zeneakademia2017-17.jpg\"\n\t\t\t\tdata-thumbnail=\"https:\/\/www.aurin-choir.hu\/wp-content\/gallery\/zeneakademia-2017\/thumbs\/thumbs_zeneakademia2017-17.jpg\"\n\t\t\t\tdata-image-id=\"888\"\n\t\t\t\tdata-title=\"zeneakademia2017-17\"\n\t\t\t\tdata-description=\"\"\n\t\t\t\tdata-image-slug=\"zeneakademia2017-17\"\n\t\t\t\tclass=\"ngg-simplelightbox\" rel=\"af8c766ccdc6cc2721393e9c925bea42\">\n\t\t\t\t<img\n\t\t\t\t\ttitle=\"zeneakademia2017-17\"\n\t\t\t\t\talt=\"zeneakademia2017-17\"\n\t\t\t\t\tsrc=\"https:\/\/www.aurin-choir.hu\/wp-content\/gallery\/zeneakademia-2017\/cache\/zeneakademia2017-17.jpg-nggid03888-ngg0dyn-325x225x100-00f0w010c011r110f110r010t010.jpg\"\n\t\t\t\t\twidth=\"325\"\n\t\t\t\t\theight=\"225\"\n\t\t\t\t\tstyle=\"max-width:100%;\"\n\t\t\t\t\/>\n\t\t\t<\/a>\n\t\t<\/div>\n\t\t\t\t\t\t\t<\/div> \n\t\t\t\n\t\t\t\t<div id=\"ngg-image-17\" class=\"ngg-gallery-thumbnail-box \n\t\t\t\t\t\t\t\t\t\t\t\" \n\t\t\t>\n\t\t\t\t\t\t<div class=\"ngg-gallery-thumbnail\">\n\t\t\t<a href=\"https:\/\/www.aurin-choir.hu\/wp-content\/gallery\/zeneakademia-2017\/zeneakademia2017-18.jpg\"\n\t\t\t\ttitle=\"\"\n\t\t\t\tdata-src=\"https:\/\/www.aurin-choir.hu\/wp-content\/gallery\/zeneakademia-2017\/zeneakademia2017-18.jpg\"\n\t\t\t\tdata-thumbnail=\"https:\/\/www.aurin-choir.hu\/wp-content\/gallery\/zeneakademia-2017\/thumbs\/thumbs_zeneakademia2017-18.jpg\"\n\t\t\t\tdata-image-id=\"889\"\n\t\t\t\tdata-title=\"zeneakademia2017-18\"\n\t\t\t\tdata-description=\"\"\n\t\t\t\tdata-image-slug=\"zeneakademia2017-18\"\n\t\t\t\tclass=\"ngg-simplelightbox\" rel=\"af8c766ccdc6cc2721393e9c925bea42\">\n\t\t\t\t<img\n\t\t\t\t\ttitle=\"zeneakademia2017-18\"\n\t\t\t\t\talt=\"zeneakademia2017-18\"\n\t\t\t\t\tsrc=\"https:\/\/www.aurin-choir.hu\/wp-content\/gallery\/zeneakademia-2017\/cache\/zeneakademia2017-18.jpg-nggid03889-ngg0dyn-325x225x100-00f0w010c011r110f110r010t010.jpg\"\n\t\t\t\t\twidth=\"325\"\n\t\t\t\t\theight=\"225\"\n\t\t\t\t\tstyle=\"max-width:100%;\"\n\t\t\t\t\/>\n\t\t\t<\/a>\n\t\t<\/div>\n\t\t\t\t\t\t\t<\/div> \n\t\t\t\n\t\t\t\t<div id=\"ngg-image-18\" class=\"ngg-gallery-thumbnail-box \n\t\t\t\t\t\t\t\t\t\t\t\" \n\t\t\t>\n\t\t\t\t\t\t<div class=\"ngg-gallery-thumbnail\">\n\t\t\t<a href=\"https:\/\/www.aurin-choir.hu\/wp-content\/gallery\/zeneakademia-2017\/zeneakademia2017-19.jpg\"\n\t\t\t\ttitle=\"\"\n\t\t\t\tdata-src=\"https:\/\/www.aurin-choir.hu\/wp-content\/gallery\/zeneakademia-2017\/zeneakademia2017-19.jpg\"\n\t\t\t\tdata-thumbnail=\"https:\/\/www.aurin-choir.hu\/wp-content\/gallery\/zeneakademia-2017\/thumbs\/thumbs_zeneakademia2017-19.jpg\"\n\t\t\t\tdata-image-id=\"890\"\n\t\t\t\tdata-title=\"zeneakademia2017-19\"\n\t\t\t\tdata-description=\"\"\n\t\t\t\tdata-image-slug=\"zeneakademia2017-19\"\n\t\t\t\tclass=\"ngg-simplelightbox\" rel=\"af8c766ccdc6cc2721393e9c925bea42\">\n\t\t\t\t<img\n\t\t\t\t\ttitle=\"zeneakademia2017-19\"\n\t\t\t\t\talt=\"zeneakademia2017-19\"\n\t\t\t\t\tsrc=\"https:\/\/www.aurin-choir.hu\/wp-content\/gallery\/zeneakademia-2017\/cache\/zeneakademia2017-19.jpg-nggid03890-ngg0dyn-325x225x100-00f0w010c011r110f110r010t010.jpg\"\n\t\t\t\t\twidth=\"325\"\n\t\t\t\t\theight=\"225\"\n\t\t\t\t\tstyle=\"max-width:100%;\"\n\t\t\t\t\/>\n\t\t\t<\/a>\n\t\t<\/div>\n\t\t\t\t\t\t\t<\/div> \n\t\t\t\n\t\t\t\t<div id=\"ngg-image-19\" class=\"ngg-gallery-thumbnail-box \n\t\t\t\t\t\t\t\t\t\t\t\" \n\t\t\t>\n\t\t\t\t\t\t<div class=\"ngg-gallery-thumbnail\">\n\t\t\t<a href=\"https:\/\/www.aurin-choir.hu\/wp-content\/gallery\/zeneakademia-2017\/zeneakademia2017-20.jpg\"\n\t\t\t\ttitle=\"\"\n\t\t\t\tdata-src=\"https:\/\/www.aurin-choir.hu\/wp-content\/gallery\/zeneakademia-2017\/zeneakademia2017-20.jpg\"\n\t\t\t\tdata-thumbnail=\"https:\/\/www.aurin-choir.hu\/wp-content\/gallery\/zeneakademia-2017\/thumbs\/thumbs_zeneakademia2017-20.jpg\"\n\t\t\t\tdata-image-id=\"891\"\n\t\t\t\tdata-title=\"zeneakademia2017-20\"\n\t\t\t\tdata-description=\"\"\n\t\t\t\tdata-image-slug=\"zeneakademia2017-20\"\n\t\t\t\tclass=\"ngg-simplelightbox\" rel=\"af8c766ccdc6cc2721393e9c925bea42\">\n\t\t\t\t<img\n\t\t\t\t\ttitle=\"zeneakademia2017-20\"\n\t\t\t\t\talt=\"zeneakademia2017-20\"\n\t\t\t\t\tsrc=\"https:\/\/www.aurin-choir.hu\/wp-content\/gallery\/zeneakademia-2017\/cache\/zeneakademia2017-20.jpg-nggid03891-ngg0dyn-325x225x100-00f0w010c011r110f110r010t010.jpg\"\n\t\t\t\t\twidth=\"325\"\n\t\t\t\t\theight=\"225\"\n\t\t\t\t\tstyle=\"max-width:100%;\"\n\t\t\t\t\/>\n\t\t\t<\/a>\n\t\t<\/div>\n\t\t\t\t\t\t\t<\/div> \n\t\t\t\n\t\t\t\t<div id=\"ngg-image-20\" class=\"ngg-gallery-thumbnail-box \n\t\t\t\t\t\t\t\t\t\t\t\" \n\t\t\t>\n\t\t\t\t\t\t<div class=\"ngg-gallery-thumbnail\">\n\t\t\t<a href=\"https:\/\/www.aurin-choir.hu\/wp-content\/gallery\/zeneakademia-2017\/zeneakademia2017-21.jpg\"\n\t\t\t\ttitle=\"\"\n\t\t\t\tdata-src=\"https:\/\/www.aurin-choir.hu\/wp-content\/gallery\/zeneakademia-2017\/zeneakademia2017-21.jpg\"\n\t\t\t\tdata-thumbnail=\"https:\/\/www.aurin-choir.hu\/wp-content\/gallery\/zeneakademia-2017\/thumbs\/thumbs_zeneakademia2017-21.jpg\"\n\t\t\t\tdata-image-id=\"892\"\n\t\t\t\tdata-title=\"zeneakademia2017-21\"\n\t\t\t\tdata-description=\"\"\n\t\t\t\tdata-image-slug=\"zeneakademia2017-21\"\n\t\t\t\tclass=\"ngg-simplelightbox\" rel=\"af8c766ccdc6cc2721393e9c925bea42\">\n\t\t\t\t<img\n\t\t\t\t\ttitle=\"zeneakademia2017-21\"\n\t\t\t\t\talt=\"zeneakademia2017-21\"\n\t\t\t\t\tsrc=\"https:\/\/www.aurin-choir.hu\/wp-content\/gallery\/zeneakademia-2017\/cache\/zeneakademia2017-21.jpg-nggid03892-ngg0dyn-325x225x100-00f0w010c011r110f110r010t010.jpg\"\n\t\t\t\t\twidth=\"325\"\n\t\t\t\t\theight=\"225\"\n\t\t\t\t\tstyle=\"max-width:100%;\"\n\t\t\t\t\/>\n\t\t\t<\/a>\n\t\t<\/div>\n\t\t\t\t\t\t\t<\/div> \n\t\t\t\n\t\t\t\t<div id=\"ngg-image-21\" class=\"ngg-gallery-thumbnail-box \n\t\t\t\t\t\t\t\t\t\t\t\" \n\t\t\t>\n\t\t\t\t\t\t<div class=\"ngg-gallery-thumbnail\">\n\t\t\t<a href=\"https:\/\/www.aurin-choir.hu\/wp-content\/gallery\/zeneakademia-2017\/zeneakademia2017-22.jpg\"\n\t\t\t\ttitle=\"\"\n\t\t\t\tdata-src=\"https:\/\/www.aurin-choir.hu\/wp-content\/gallery\/zeneakademia-2017\/zeneakademia2017-22.jpg\"\n\t\t\t\tdata-thumbnail=\"https:\/\/www.aurin-choir.hu\/wp-content\/gallery\/zeneakademia-2017\/thumbs\/thumbs_zeneakademia2017-22.jpg\"\n\t\t\t\tdata-image-id=\"893\"\n\t\t\t\tdata-title=\"zeneakademia2017-22\"\n\t\t\t\tdata-description=\"\"\n\t\t\t\tdata-image-slug=\"zeneakademia2017-22\"\n\t\t\t\tclass=\"ngg-simplelightbox\" rel=\"af8c766ccdc6cc2721393e9c925bea42\">\n\t\t\t\t<img\n\t\t\t\t\ttitle=\"zeneakademia2017-22\"\n\t\t\t\t\talt=\"zeneakademia2017-22\"\n\t\t\t\t\tsrc=\"https:\/\/www.aurin-choir.hu\/wp-content\/gallery\/zeneakademia-2017\/cache\/zeneakademia2017-22.jpg-nggid03893-ngg0dyn-325x225x100-00f0w010c011r110f110r010t010.jpg\"\n\t\t\t\t\twidth=\"325\"\n\t\t\t\t\theight=\"225\"\n\t\t\t\t\tstyle=\"max-width:100%;\"\n\t\t\t\t\/>\n\t\t\t<\/a>\n\t\t<\/div>\n\t\t\t\t\t\t\t<\/div> \n\t\t\t\n\t\t\t\t<div id=\"ngg-image-22\" class=\"ngg-gallery-thumbnail-box \n\t\t\t\t\t\t\t\t\t\t\t\" \n\t\t\t>\n\t\t\t\t\t\t<div class=\"ngg-gallery-thumbnail\">\n\t\t\t<a href=\"https:\/\/www.aurin-choir.hu\/wp-content\/gallery\/zeneakademia-2017\/zeneakademia2017-23.jpg\"\n\t\t\t\ttitle=\"\"\n\t\t\t\tdata-src=\"https:\/\/www.aurin-choir.hu\/wp-content\/gallery\/zeneakademia-2017\/zeneakademia2017-23.jpg\"\n\t\t\t\tdata-thumbnail=\"https:\/\/www.aurin-choir.hu\/wp-content\/gallery\/zeneakademia-2017\/thumbs\/thumbs_zeneakademia2017-23.jpg\"\n\t\t\t\tdata-image-id=\"894\"\n\t\t\t\tdata-title=\"zeneakademia2017-23\"\n\t\t\t\tdata-description=\"\"\n\t\t\t\tdata-image-slug=\"zeneakademia2017-23\"\n\t\t\t\tclass=\"ngg-simplelightbox\" rel=\"af8c766ccdc6cc2721393e9c925bea42\">\n\t\t\t\t<img\n\t\t\t\t\ttitle=\"zeneakademia2017-23\"\n\t\t\t\t\talt=\"zeneakademia2017-23\"\n\t\t\t\t\tsrc=\"https:\/\/www.aurin-choir.hu\/wp-content\/gallery\/zeneakademia-2017\/cache\/zeneakademia2017-23.jpg-nggid03894-ngg0dyn-325x225x100-00f0w010c011r110f110r010t010.jpg\"\n\t\t\t\t\twidth=\"325\"\n\t\t\t\t\theight=\"225\"\n\t\t\t\t\tstyle=\"max-width:100%;\"\n\t\t\t\t\/>\n\t\t\t<\/a>\n\t\t<\/div>\n\t\t\t\t\t\t\t<\/div> \n\t\t\t\n\t\t\t\t<div id=\"ngg-image-23\" class=\"ngg-gallery-thumbnail-box \n\t\t\t\t\t\t\t\t\t\t\t\" \n\t\t\t>\n\t\t\t\t\t\t<div class=\"ngg-gallery-thumbnail\">\n\t\t\t<a href=\"https:\/\/www.aurin-choir.hu\/wp-content\/gallery\/zeneakademia-2017\/zeneakademia2017-24.jpg\"\n\t\t\t\ttitle=\"\"\n\t\t\t\tdata-src=\"https:\/\/www.aurin-choir.hu\/wp-content\/gallery\/zeneakademia-2017\/zeneakademia2017-24.jpg\"\n\t\t\t\tdata-thumbnail=\"https:\/\/www.aurin-choir.hu\/wp-content\/gallery\/zeneakademia-2017\/thumbs\/thumbs_zeneakademia2017-24.jpg\"\n\t\t\t\tdata-image-id=\"895\"\n\t\t\t\tdata-title=\"zeneakademia2017-24\"\n\t\t\t\tdata-description=\"\"\n\t\t\t\tdata-image-slug=\"zeneakademia2017-24\"\n\t\t\t\tclass=\"ngg-simplelightbox\" rel=\"af8c766ccdc6cc2721393e9c925bea42\">\n\t\t\t\t<img\n\t\t\t\t\ttitle=\"zeneakademia2017-24\"\n\t\t\t\t\talt=\"zeneakademia2017-24\"\n\t\t\t\t\tsrc=\"https:\/\/www.aurin-choir.hu\/wp-content\/gallery\/zeneakademia-2017\/cache\/zeneakademia2017-24.jpg-nggid03895-ngg0dyn-325x225x100-00f0w010c011r110f110r010t010.jpg\"\n\t\t\t\t\twidth=\"325\"\n\t\t\t\t\theight=\"225\"\n\t\t\t\t\tstyle=\"max-width:100%;\"\n\t\t\t\t\/>\n\t\t\t<\/a>\n\t\t<\/div>\n\t\t\t\t\t\t\t<\/div> \n\t\t\t\n\t\t\t\t<div id=\"ngg-image-24\" class=\"ngg-gallery-thumbnail-box \n\t\t\t\t\t\t\t\t\t\t\t\" \n\t\t\t>\n\t\t\t\t\t\t<div class=\"ngg-gallery-thumbnail\">\n\t\t\t<a href=\"https:\/\/www.aurin-choir.hu\/wp-content\/gallery\/zeneakademia-2017\/zeneakademia2017-25.jpg\"\n\t\t\t\ttitle=\"\"\n\t\t\t\tdata-src=\"https:\/\/www.aurin-choir.hu\/wp-content\/gallery\/zeneakademia-2017\/zeneakademia2017-25.jpg\"\n\t\t\t\tdata-thumbnail=\"https:\/\/www.aurin-choir.hu\/wp-content\/gallery\/zeneakademia-2017\/thumbs\/thumbs_zeneakademia2017-25.jpg\"\n\t\t\t\tdata-image-id=\"896\"\n\t\t\t\tdata-title=\"zeneakademia2017-25\"\n\t\t\t\tdata-description=\"\"\n\t\t\t\tdata-image-slug=\"zeneakademia2017-25\"\n\t\t\t\tclass=\"ngg-simplelightbox\" rel=\"af8c766ccdc6cc2721393e9c925bea42\">\n\t\t\t\t<img\n\t\t\t\t\ttitle=\"zeneakademia2017-25\"\n\t\t\t\t\talt=\"zeneakademia2017-25\"\n\t\t\t\t\tsrc=\"https:\/\/www.aurin-choir.hu\/wp-content\/gallery\/zeneakademia-2017\/cache\/zeneakademia2017-25.jpg-nggid03896-ngg0dyn-325x225x100-00f0w010c011r110f110r010t010.jpg\"\n\t\t\t\t\twidth=\"325\"\n\t\t\t\t\theight=\"225\"\n\t\t\t\t\tstyle=\"max-width:100%;\"\n\t\t\t\t\/>\n\t\t\t<\/a>\n\t\t<\/div>\n\t\t\t\t\t\t\t<\/div> \n\t\t\t\n\t\t\t\t<div id=\"ngg-image-25\" class=\"ngg-gallery-thumbnail-box \n\t\t\t\t\t\t\t\t\t\t\t\" \n\t\t\t>\n\t\t\t\t\t\t<div class=\"ngg-gallery-thumbnail\">\n\t\t\t<a href=\"https:\/\/www.aurin-choir.hu\/wp-content\/gallery\/zeneakademia-2017\/zeneakademia2017-26.jpg\"\n\t\t\t\ttitle=\"\"\n\t\t\t\tdata-src=\"https:\/\/www.aurin-choir.hu\/wp-content\/gallery\/zeneakademia-2017\/zeneakademia2017-26.jpg\"\n\t\t\t\tdata-thumbnail=\"https:\/\/www.aurin-choir.hu\/wp-content\/gallery\/zeneakademia-2017\/thumbs\/thumbs_zeneakademia2017-26.jpg\"\n\t\t\t\tdata-image-id=\"897\"\n\t\t\t\tdata-title=\"zeneakademia2017-26\"\n\t\t\t\tdata-description=\"\"\n\t\t\t\tdata-image-slug=\"zeneakademia2017-26\"\n\t\t\t\tclass=\"ngg-simplelightbox\" rel=\"af8c766ccdc6cc2721393e9c925bea42\">\n\t\t\t\t<img\n\t\t\t\t\ttitle=\"zeneakademia2017-26\"\n\t\t\t\t\talt=\"zeneakademia2017-26\"\n\t\t\t\t\tsrc=\"https:\/\/www.aurin-choir.hu\/wp-content\/gallery\/zeneakademia-2017\/cache\/zeneakademia2017-26.jpg-nggid03897-ngg0dyn-325x225x100-00f0w010c011r110f110r010t010.jpg\"\n\t\t\t\t\twidth=\"325\"\n\t\t\t\t\theight=\"225\"\n\t\t\t\t\tstyle=\"max-width:100%;\"\n\t\t\t\t\/>\n\t\t\t<\/a>\n\t\t<\/div>\n\t\t\t\t\t\t\t<\/div> \n\t\t\t\n\t\t\t\t<div id=\"ngg-image-26\" class=\"ngg-gallery-thumbnail-box \n\t\t\t\t\t\t\t\t\t\t\t\" \n\t\t\t>\n\t\t\t\t\t\t<div class=\"ngg-gallery-thumbnail\">\n\t\t\t<a href=\"https:\/\/www.aurin-choir.hu\/wp-content\/gallery\/zeneakademia-2017\/zeneakademia2017-27.jpg\"\n\t\t\t\ttitle=\"\"\n\t\t\t\tdata-src=\"https:\/\/www.aurin-choir.hu\/wp-content\/gallery\/zeneakademia-2017\/zeneakademia2017-27.jpg\"\n\t\t\t\tdata-thumbnail=\"https:\/\/www.aurin-choir.hu\/wp-content\/gallery\/zeneakademia-2017\/thumbs\/thumbs_zeneakademia2017-27.jpg\"\n\t\t\t\tdata-image-id=\"898\"\n\t\t\t\tdata-title=\"zeneakademia2017-27\"\n\t\t\t\tdata-description=\"\"\n\t\t\t\tdata-image-slug=\"zeneakademia2017-27\"\n\t\t\t\tclass=\"ngg-simplelightbox\" rel=\"af8c766ccdc6cc2721393e9c925bea42\">\n\t\t\t\t<img\n\t\t\t\t\ttitle=\"zeneakademia2017-27\"\n\t\t\t\t\talt=\"zeneakademia2017-27\"\n\t\t\t\t\tsrc=\"https:\/\/www.aurin-choir.hu\/wp-content\/gallery\/zeneakademia-2017\/cache\/zeneakademia2017-27.jpg-nggid03898-ngg0dyn-325x225x100-00f0w010c011r110f110r010t010.jpg\"\n\t\t\t\t\twidth=\"325\"\n\t\t\t\t\theight=\"225\"\n\t\t\t\t\tstyle=\"max-width:100%;\"\n\t\t\t\t\/>\n\t\t\t<\/a>\n\t\t<\/div>\n\t\t\t\t\t\t\t<\/div> \n\t\t\t\n\t\t\t\t<div id=\"ngg-image-27\" class=\"ngg-gallery-thumbnail-box \n\t\t\t\t\t\t\t\t\t\t\t\" \n\t\t\t>\n\t\t\t\t\t\t<div class=\"ngg-gallery-thumbnail\">\n\t\t\t<a href=\"https:\/\/www.aurin-choir.hu\/wp-content\/gallery\/zeneakademia-2017\/zeneakademia2017-28.jpg\"\n\t\t\t\ttitle=\"\"\n\t\t\t\tdata-src=\"https:\/\/www.aurin-choir.hu\/wp-content\/gallery\/zeneakademia-2017\/zeneakademia2017-28.jpg\"\n\t\t\t\tdata-thumbnail=\"https:\/\/www.aurin-choir.hu\/wp-content\/gallery\/zeneakademia-2017\/thumbs\/thumbs_zeneakademia2017-28.jpg\"\n\t\t\t\tdata-image-id=\"899\"\n\t\t\t\tdata-title=\"zeneakademia2017-28\"\n\t\t\t\tdata-description=\"\"\n\t\t\t\tdata-image-slug=\"zeneakademia2017-28\"\n\t\t\t\tclass=\"ngg-simplelightbox\" rel=\"af8c766ccdc6cc2721393e9c925bea42\">\n\t\t\t\t<img\n\t\t\t\t\ttitle=\"zeneakademia2017-28\"\n\t\t\t\t\talt=\"zeneakademia2017-28\"\n\t\t\t\t\tsrc=\"https:\/\/www.aurin-choir.hu\/wp-content\/gallery\/zeneakademia-2017\/cache\/zeneakademia2017-28.jpg-nggid03899-ngg0dyn-325x225x100-00f0w010c011r110f110r010t010.jpg\"\n\t\t\t\t\twidth=\"325\"\n\t\t\t\t\theight=\"225\"\n\t\t\t\t\tstyle=\"max-width:100%;\"\n\t\t\t\t\/>\n\t\t\t<\/a>\n\t\t<\/div>\n\t\t\t\t\t\t\t<\/div> \n\t\t\t\n\t\t\t\t<div id=\"ngg-image-28\" class=\"ngg-gallery-thumbnail-box \n\t\t\t\t\t\t\t\t\t\t\t\" \n\t\t\t>\n\t\t\t\t\t\t<div class=\"ngg-gallery-thumbnail\">\n\t\t\t<a href=\"https:\/\/www.aurin-choir.hu\/wp-content\/gallery\/zeneakademia-2017\/zeneakademia2017-29.jpg\"\n\t\t\t\ttitle=\"\"\n\t\t\t\tdata-src=\"https:\/\/www.aurin-choir.hu\/wp-content\/gallery\/zeneakademia-2017\/zeneakademia2017-29.jpg\"\n\t\t\t\tdata-thumbnail=\"https:\/\/www.aurin-choir.hu\/wp-content\/gallery\/zeneakademia-2017\/thumbs\/thumbs_zeneakademia2017-29.jpg\"\n\t\t\t\tdata-image-id=\"900\"\n\t\t\t\tdata-title=\"zeneakademia2017-29\"\n\t\t\t\tdata-description=\"\"\n\t\t\t\tdata-image-slug=\"zeneakademia2017-29\"\n\t\t\t\tclass=\"ngg-simplelightbox\" rel=\"af8c766ccdc6cc2721393e9c925bea42\">\n\t\t\t\t<img\n\t\t\t\t\ttitle=\"zeneakademia2017-29\"\n\t\t\t\t\talt=\"zeneakademia2017-29\"\n\t\t\t\t\tsrc=\"https:\/\/www.aurin-choir.hu\/wp-content\/gallery\/zeneakademia-2017\/cache\/zeneakademia2017-29.jpg-nggid03900-ngg0dyn-325x225x100-00f0w010c011r110f110r010t010.jpg\"\n\t\t\t\t\twidth=\"325\"\n\t\t\t\t\theight=\"225\"\n\t\t\t\t\tstyle=\"max-width:100%;\"\n\t\t\t\t\/>\n\t\t\t<\/a>\n\t\t<\/div>\n\t\t\t\t\t\t\t<\/div> \n\t\t\t\n\t\t\t\t<div id=\"ngg-image-29\" class=\"ngg-gallery-thumbnail-box \n\t\t\t\t\t\t\t\t\t\t\t\" \n\t\t\t>\n\t\t\t\t\t\t<div class=\"ngg-gallery-thumbnail\">\n\t\t\t<a href=\"https:\/\/www.aurin-choir.hu\/wp-content\/gallery\/zeneakademia-2017\/zeneakademia2017-30.jpg\"\n\t\t\t\ttitle=\"\"\n\t\t\t\tdata-src=\"https:\/\/www.aurin-choir.hu\/wp-content\/gallery\/zeneakademia-2017\/zeneakademia2017-30.jpg\"\n\t\t\t\tdata-thumbnail=\"https:\/\/www.aurin-choir.hu\/wp-content\/gallery\/zeneakademia-2017\/thumbs\/thumbs_zeneakademia2017-30.jpg\"\n\t\t\t\tdata-image-id=\"901\"\n\t\t\t\tdata-title=\"zeneakademia2017-30\"\n\t\t\t\tdata-description=\"\"\n\t\t\t\tdata-image-slug=\"zeneakademia2017-30\"\n\t\t\t\tclass=\"ngg-simplelightbox\" rel=\"af8c766ccdc6cc2721393e9c925bea42\">\n\t\t\t\t<img\n\t\t\t\t\ttitle=\"zeneakademia2017-30\"\n\t\t\t\t\talt=\"zeneakademia2017-30\"\n\t\t\t\t\tsrc=\"https:\/\/www.aurin-choir.hu\/wp-content\/gallery\/zeneakademia-2017\/cache\/zeneakademia2017-30.jpg-nggid03901-ngg0dyn-325x225x100-00f0w010c011r110f110r010t010.jpg\"\n\t\t\t\t\twidth=\"325\"\n\t\t\t\t\theight=\"225\"\n\t\t\t\t\tstyle=\"max-width:100%;\"\n\t\t\t\t\/>\n\t\t\t<\/a>\n\t\t<\/div>\n\t\t\t\t\t\t\t<\/div> \n\t\t\t\n\t\t\t\t<div id=\"ngg-image-30\" class=\"ngg-gallery-thumbnail-box \n\t\t\t\t\t\t\t\t\t\t\t\" \n\t\t\t>\n\t\t\t\t\t\t<div class=\"ngg-gallery-thumbnail\">\n\t\t\t<a href=\"https:\/\/www.aurin-choir.hu\/wp-content\/gallery\/zeneakademia-2017\/zeneakademia2017-31.jpg\"\n\t\t\t\ttitle=\"\"\n\t\t\t\tdata-src=\"https:\/\/www.aurin-choir.hu\/wp-content\/gallery\/zeneakademia-2017\/zeneakademia2017-31.jpg\"\n\t\t\t\tdata-thumbnail=\"https:\/\/www.aurin-choir.hu\/wp-content\/gallery\/zeneakademia-2017\/thumbs\/thumbs_zeneakademia2017-31.jpg\"\n\t\t\t\tdata-image-id=\"902\"\n\t\t\t\tdata-title=\"zeneakademia2017-31\"\n\t\t\t\tdata-description=\"\"\n\t\t\t\tdata-image-slug=\"zeneakademia2017-31\"\n\t\t\t\tclass=\"ngg-simplelightbox\" rel=\"af8c766ccdc6cc2721393e9c925bea42\">\n\t\t\t\t<img\n\t\t\t\t\ttitle=\"zeneakademia2017-31\"\n\t\t\t\t\talt=\"zeneakademia2017-31\"\n\t\t\t\t\tsrc=\"https:\/\/www.aurin-choir.hu\/wp-content\/gallery\/zeneakademia-2017\/cache\/zeneakademia2017-31.jpg-nggid03902-ngg0dyn-325x225x100-00f0w010c011r110f110r010t010.jpg\"\n\t\t\t\t\twidth=\"325\"\n\t\t\t\t\theight=\"225\"\n\t\t\t\t\tstyle=\"max-width:100%;\"\n\t\t\t\t\/>\n\t\t\t<\/a>\n\t\t<\/div>\n\t\t\t\t\t\t\t<\/div> \n\t\t\t\n\t\t\t\t<div id=\"ngg-image-31\" class=\"ngg-gallery-thumbnail-box \n\t\t\t\t\t\t\t\t\t\t\t\" \n\t\t\t>\n\t\t\t\t\t\t<div class=\"ngg-gallery-thumbnail\">\n\t\t\t<a href=\"https:\/\/www.aurin-choir.hu\/wp-content\/gallery\/zeneakademia-2017\/zeneakademia2017-32.jpg\"\n\t\t\t\ttitle=\"\"\n\t\t\t\tdata-src=\"https:\/\/www.aurin-choir.hu\/wp-content\/gallery\/zeneakademia-2017\/zeneakademia2017-32.jpg\"\n\t\t\t\tdata-thumbnail=\"https:\/\/www.aurin-choir.hu\/wp-content\/gallery\/zeneakademia-2017\/thumbs\/thumbs_zeneakademia2017-32.jpg\"\n\t\t\t\tdata-image-id=\"903\"\n\t\t\t\tdata-title=\"zeneakademia2017-32\"\n\t\t\t\tdata-description=\"\"\n\t\t\t\tdata-image-slug=\"zeneakademia2017-32\"\n\t\t\t\tclass=\"ngg-simplelightbox\" rel=\"af8c766ccdc6cc2721393e9c925bea42\">\n\t\t\t\t<img\n\t\t\t\t\ttitle=\"zeneakademia2017-32\"\n\t\t\t\t\talt=\"zeneakademia2017-32\"\n\t\t\t\t\tsrc=\"https:\/\/www.aurin-choir.hu\/wp-content\/gallery\/zeneakademia-2017\/cache\/zeneakademia2017-32.jpg-nggid03903-ngg0dyn-325x225x100-00f0w010c011r110f110r010t010.jpg\"\n\t\t\t\t\twidth=\"325\"\n\t\t\t\t\theight=\"225\"\n\t\t\t\t\tstyle=\"max-width:100%;\"\n\t\t\t\t\/>\n\t\t\t<\/a>\n\t\t<\/div>\n\t\t\t\t\t\t\t<\/div> \n\t\t\t\n\t\n\t<br style=\"clear: both\" \/>\n\n\t\n\t\t<!-- Pagination -->\n\t\t<div class='ngg-clear'><\/div>\t<\/div>\n<\/p>\n","protected":false},"author":1,"featured_media":6362,"comment_status":"closed","ping_status":"closed","template":"","meta":{"_et_pb_use_builder":"on","_et_pb_old_content":"","_et_gb_content_width":"","ngg_post_thumbnail":0,"footnotes":""},"project_category":[112,100],"project_tag":[],"class_list":["post-17621","project","type-project","status-publish","has-post-thumbnail","hentry","project_category-2017-en","project_category-aurin-leanykar-en"],"yoast_head":"<!-- This site is optimized with the Yoast SEO plugin v26.0 - https:\/\/yoast.com\/wordpress\/plugins\/seo\/ -->\n<title>A Magyar Kod\u00e1ly T\u00e1rsas\u00e1g koncertje 2017 - Aurin - Miraculum<\/title>\n<meta name=\"robots\" content=\"index, follow, max-snippet:-1, max-image-preview:large, max-video-preview:-1\" \/>\n<link rel=\"canonical\" href=\"https:\/\/www.aurin-choir.hu\/project\/a-magyar-kodaly-tarsasag-koncertje-2017\/\" \/>\n<meta property=\"og:locale\" content=\"en_US\" \/>\n<meta property=\"og:type\" content=\"article\" \/>\n<meta property=\"og:title\" content=\"A Magyar Kod\u00e1ly T\u00e1rsas\u00e1g koncertje 2017 - Aurin - Miraculum\" \/>\n<meta property=\"og:description\" content=\"A Magyar Kod\u00e1ly T\u00e1rsas\u00e1g koncertje 2017 Zeneakad\u00e9mia, Budapest\" \/>\n<meta property=\"og:url\" content=\"https:\/\/www.aurin-choir.hu\/project\/a-magyar-kodaly-tarsasag-koncertje-2017\/\" \/>\n<meta property=\"og:site_name\" content=\"Aurin - Miraculum\" \/>\n<meta property=\"article:publisher\" content=\"https:\/\/www.facebook.com\/aurinchoir\" \/>\n<meta property=\"article:modified_time\" content=\"2025-04-07T16:20:50+00:00\" \/>\n<meta property=\"og:image\" content=\"https:\/\/www.aurin-choir.hu\/wp-content\/uploads\/2020\/03\/zeneakademia2017-28.jpg\" \/>\n\t<meta property=\"og:image:width\" content=\"730\" \/>\n\t<meta property=\"og:image:height\" content=\"411\" \/>\n\t<meta property=\"og:image:type\" content=\"image\/jpeg\" \/>\n<meta name=\"twitter:card\" content=\"summary_large_image\" \/>\n<meta name=\"twitter:label1\" content=\"Est. reading time\" \/>\n\t<meta name=\"twitter:data1\" content=\"1 minute\" \/>\n<script type=\"application\/ld+json\" class=\"yoast-schema-graph\">{\"@context\":\"https:\/\/schema.org\",\"@graph\":[{\"@type\":\"WebPage\",\"@id\":\"https:\/\/www.aurin-choir.hu\/project\/a-magyar-kodaly-tarsasag-koncertje-2017\/\",\"url\":\"https:\/\/www.aurin-choir.hu\/project\/a-magyar-kodaly-tarsasag-koncertje-2017\/\",\"name\":\"A Magyar Kod\u00e1ly T\u00e1rsas\u00e1g koncertje 2017 - Aurin - Miraculum\",\"isPartOf\":{\"@id\":\"https:\/\/www.aurin-choir.hu\/#website\"},\"primaryImageOfPage\":{\"@id\":\"https:\/\/www.aurin-choir.hu\/project\/a-magyar-kodaly-tarsasag-koncertje-2017\/#primaryimage\"},\"image\":{\"@id\":\"https:\/\/www.aurin-choir.hu\/project\/a-magyar-kodaly-tarsasag-koncertje-2017\/#primaryimage\"},\"thumbnailUrl\":\"https:\/\/www.aurin-choir.hu\/wp-content\/uploads\/2020\/03\/zeneakademia2017-28.jpg\",\"datePublished\":\"2017-12-16T11:10:39+00:00\",\"dateModified\":\"2025-04-07T16:20:50+00:00\",\"breadcrumb\":{\"@id\":\"https:\/\/www.aurin-choir.hu\/project\/a-magyar-kodaly-tarsasag-koncertje-2017\/#breadcrumb\"},\"inLanguage\":\"en-US\",\"potentialAction\":[{\"@type\":\"ReadAction\",\"target\":[\"https:\/\/www.aurin-choir.hu\/project\/a-magyar-kodaly-tarsasag-koncertje-2017\/\"]}]},{\"@type\":\"ImageObject\",\"inLanguage\":\"en-US\",\"@id\":\"https:\/\/www.aurin-choir.hu\/project\/a-magyar-kodaly-tarsasag-koncertje-2017\/#primaryimage\",\"url\":\"https:\/\/www.aurin-choir.hu\/wp-content\/uploads\/2020\/03\/zeneakademia2017-28.jpg\",\"contentUrl\":\"https:\/\/www.aurin-choir.hu\/wp-content\/uploads\/2020\/03\/zeneakademia2017-28.jpg\",\"width\":730,\"height\":411},{\"@type\":\"BreadcrumbList\",\"@id\":\"https:\/\/www.aurin-choir.hu\/project\/a-magyar-kodaly-tarsasag-koncertje-2017\/#breadcrumb\",\"itemListElement\":[{\"@type\":\"ListItem\",\"position\":1,\"name\":\"Kezd\u0151lap\",\"item\":\"https:\/\/www.aurin-choir.hu\/en\/\"},{\"@type\":\"ListItem\",\"position\":2,\"name\":\"Projektek\",\"item\":\"https:\/\/www.aurin-choir.hu\/project\/\"},{\"@type\":\"ListItem\",\"position\":3,\"name\":\"A Magyar Kod\u00e1ly T\u00e1rsas\u00e1g koncertje 2017\"}]},{\"@type\":\"WebSite\",\"@id\":\"https:\/\/www.aurin-choir.hu\/#website\",\"url\":\"https:\/\/www.aurin-choir.hu\/\",\"name\":\"Aurin - Miraculum\",\"description\":\"Aurin - Miraculum\",\"publisher\":{\"@id\":\"https:\/\/www.aurin-choir.hu\/#organization\"},\"potentialAction\":[{\"@type\":\"SearchAction\",\"target\":{\"@type\":\"EntryPoint\",\"urlTemplate\":\"https:\/\/www.aurin-choir.hu\/?s={search_term_string}\"},\"query-input\":{\"@type\":\"PropertyValueSpecification\",\"valueRequired\":true,\"valueName\":\"search_term_string\"}}],\"inLanguage\":\"en-US\"},{\"@type\":\"Organization\",\"@id\":\"https:\/\/www.aurin-choir.hu\/#organization\",\"name\":\"Aurin \u00e9s Miraculum Alap\u00edtv\u00e1ny\",\"url\":\"https:\/\/www.aurin-choir.hu\/\",\"logo\":{\"@type\":\"ImageObject\",\"inLanguage\":\"en-US\",\"@id\":\"https:\/\/www.aurin-choir.hu\/#\/schema\/logo\/image\/\",\"url\":\"https:\/\/www.aurin-choir.hu\/wp-content\/uploads\/2024\/05\/logo_webre_evadzaro2-1.png\",\"contentUrl\":\"https:\/\/www.aurin-choir.hu\/wp-content\/uploads\/2024\/05\/logo_webre_evadzaro2-1.png\",\"width\":500,\"height\":515,\"caption\":\"Aurin \u00e9s Miraculum Alap\u00edtv\u00e1ny\"},\"image\":{\"@id\":\"https:\/\/www.aurin-choir.hu\/#\/schema\/logo\/image\/\"},\"sameAs\":[\"https:\/\/www.facebook.com\/aurinchoir\"]}]}<\/script>\n<!-- \/ Yoast SEO plugin. -->","yoast_head_json":{"title":"A Magyar Kod\u00e1ly T\u00e1rsas\u00e1g koncertje 2017 - Aurin - Miraculum","robots":{"index":"index","follow":"follow","max-snippet":"max-snippet:-1","max-image-preview":"max-image-preview:large","max-video-preview":"max-video-preview:-1"},"canonical":"https:\/\/www.aurin-choir.hu\/project\/a-magyar-kodaly-tarsasag-koncertje-2017\/","og_locale":"en_US","og_type":"article","og_title":"A Magyar Kod\u00e1ly T\u00e1rsas\u00e1g koncertje 2017 - Aurin - Miraculum","og_description":"A Magyar Kod\u00e1ly T\u00e1rsas\u00e1g koncertje 2017 Zeneakad\u00e9mia, Budapest","og_url":"https:\/\/www.aurin-choir.hu\/project\/a-magyar-kodaly-tarsasag-koncertje-2017\/","og_site_name":"Aurin - Miraculum","article_publisher":"https:\/\/www.facebook.com\/aurinchoir","article_modified_time":"2025-04-07T16:20:50+00:00","og_image":[{"width":730,"height":411,"url":"https:\/\/www.aurin-choir.hu\/wp-content\/uploads\/2020\/03\/zeneakademia2017-28.jpg","type":"image\/jpeg"}],"twitter_card":"summary_large_image","twitter_misc":{"Est. reading time":"1 minute"},"schema":{"@context":"https:\/\/schema.org","@graph":[{"@type":"WebPage","@id":"https:\/\/www.aurin-choir.hu\/project\/a-magyar-kodaly-tarsasag-koncertje-2017\/","url":"https:\/\/www.aurin-choir.hu\/project\/a-magyar-kodaly-tarsasag-koncertje-2017\/","name":"A Magyar Kod\u00e1ly T\u00e1rsas\u00e1g koncertje 2017 - Aurin - Miraculum","isPartOf":{"@id":"https:\/\/www.aurin-choir.hu\/#website"},"primaryImageOfPage":{"@id":"https:\/\/www.aurin-choir.hu\/project\/a-magyar-kodaly-tarsasag-koncertje-2017\/#primaryimage"},"image":{"@id":"https:\/\/www.aurin-choir.hu\/project\/a-magyar-kodaly-tarsasag-koncertje-2017\/#primaryimage"},"thumbnailUrl":"https:\/\/www.aurin-choir.hu\/wp-content\/uploads\/2020\/03\/zeneakademia2017-28.jpg","datePublished":"2017-12-16T11:10:39+00:00","dateModified":"2025-04-07T16:20:50+00:00","breadcrumb":{"@id":"https:\/\/www.aurin-choir.hu\/project\/a-magyar-kodaly-tarsasag-koncertje-2017\/#breadcrumb"},"inLanguage":"en-US","potentialAction":[{"@type":"ReadAction","target":["https:\/\/www.aurin-choir.hu\/project\/a-magyar-kodaly-tarsasag-koncertje-2017\/"]}]},{"@type":"ImageObject","inLanguage":"en-US","@id":"https:\/\/www.aurin-choir.hu\/project\/a-magyar-kodaly-tarsasag-koncertje-2017\/#primaryimage","url":"https:\/\/www.aurin-choir.hu\/wp-content\/uploads\/2020\/03\/zeneakademia2017-28.jpg","contentUrl":"https:\/\/www.aurin-choir.hu\/wp-content\/uploads\/2020\/03\/zeneakademia2017-28.jpg","width":730,"height":411},{"@type":"BreadcrumbList","@id":"https:\/\/www.aurin-choir.hu\/project\/a-magyar-kodaly-tarsasag-koncertje-2017\/#breadcrumb","itemListElement":[{"@type":"ListItem","position":1,"name":"Kezd\u0151lap","item":"https:\/\/www.aurin-choir.hu\/en\/"},{"@type":"ListItem","position":2,"name":"Projektek","item":"https:\/\/www.aurin-choir.hu\/project\/"},{"@type":"ListItem","position":3,"name":"A Magyar Kod\u00e1ly T\u00e1rsas\u00e1g koncertje 2017"}]},{"@type":"WebSite","@id":"https:\/\/www.aurin-choir.hu\/#website","url":"https:\/\/www.aurin-choir.hu\/","name":"Aurin - Miraculum","description":"Aurin - Miraculum","publisher":{"@id":"https:\/\/www.aurin-choir.hu\/#organization"},"potentialAction":[{"@type":"SearchAction","target":{"@type":"EntryPoint","urlTemplate":"https:\/\/www.aurin-choir.hu\/?s={search_term_string}"},"query-input":{"@type":"PropertyValueSpecification","valueRequired":true,"valueName":"search_term_string"}}],"inLanguage":"en-US"},{"@type":"Organization","@id":"https:\/\/www.aurin-choir.hu\/#organization","name":"Aurin \u00e9s Miraculum Alap\u00edtv\u00e1ny","url":"https:\/\/www.aurin-choir.hu\/","logo":{"@type":"ImageObject","inLanguage":"en-US","@id":"https:\/\/www.aurin-choir.hu\/#\/schema\/logo\/image\/","url":"https:\/\/www.aurin-choir.hu\/wp-content\/uploads\/2024\/05\/logo_webre_evadzaro2-1.png","contentUrl":"https:\/\/www.aurin-choir.hu\/wp-content\/uploads\/2024\/05\/logo_webre_evadzaro2-1.png","width":500,"height":515,"caption":"Aurin \u00e9s Miraculum Alap\u00edtv\u00e1ny"},"image":{"@id":"https:\/\/www.aurin-choir.hu\/#\/schema\/logo\/image\/"},"sameAs":["https:\/\/www.facebook.com\/aurinchoir"]}]}},"_links":{"self":[{"href":"https:\/\/www.aurin-choir.hu\/en\/wp-json\/wp\/v2\/project\/17621","targetHints":{"allow":["GET"]}}],"collection":[{"href":"https:\/\/www.aurin-choir.hu\/en\/wp-json\/wp\/v2\/project"}],"about":[{"href":"https:\/\/www.aurin-choir.hu\/en\/wp-json\/wp\/v2\/types\/project"}],"author":[{"embeddable":true,"href":"https:\/\/www.aurin-choir.hu\/en\/wp-json\/wp\/v2\/users\/1"}],"replies":[{"embeddable":true,"href":"https:\/\/www.aurin-choir.hu\/en\/wp-json\/wp\/v2\/comments?post=17621"}],"version-history":[{"count":1,"href":"https:\/\/www.aurin-choir.hu\/en\/wp-json\/wp\/v2\/project\/17621\/revisions"}],"predecessor-version":[{"id":17622,"href":"https:\/\/www.aurin-choir.hu\/en\/wp-json\/wp\/v2\/project\/17621\/revisions\/17622"}],"wp:featuredmedia":[{"embeddable":true,"href":"https:\/\/www.aurin-choir.hu\/en\/wp-json\/wp\/v2\/media\/6362"}],"wp:attachment":[{"href":"https:\/\/www.aurin-choir.hu\/en\/wp-json\/wp\/v2\/media?parent=17621"}],"wp:term":[{"taxonomy":"project_category","embeddable":true,"href":"https:\/\/www.aurin-choir.hu\/en\/wp-json\/wp\/v2\/project_category?post=17621"},{"taxonomy":"project_tag","embeddable":true,"href":"https:\/\/www.aurin-choir.hu\/en\/wp-json\/wp\/v2\/project_tag?post=17621"}],"curies":[{"name":"wp","href":"https:\/\/api.w.org\/{rel}","templated":true}]}}