{"id":17629,"date":"2016-12-23T14:41:28","date_gmt":"2016-12-23T14:41:28","guid":{"rendered":"https:\/\/www.aurin-choir.hu\/project\/varazslatos-karacsony-2016\/"},"modified":"2025-04-07T16:22:44","modified_gmt":"2025-04-07T16:22:44","slug":"varazslatos-karacsony-2016","status":"publish","type":"project","link":"https:\/\/www.aurin-choir.hu\/en\/project\/varazslatos-karacsony-2016\/","title":{"rendered":"Var\u00e1zslatos Kar\u00e1csony 2016"},"content":{"rendered":"<p>[et_pb_section fb_built=&#8221;1&#8243; _builder_version=&#8221;4.27.4&#8243; _module_preset=&#8221;default&#8221; da_disable_devices=&#8221;off|off|off&#8221; locked=&#8221;off&#8221; global_colors_info=&#8221;{}&#8221; theme_builder_area=&#8221;post_content&#8221; da_is_popup=&#8221;off&#8221; da_exit_intent=&#8221;off&#8221; da_has_close=&#8221;on&#8221; da_alt_close=&#8221;off&#8221; da_dark_close=&#8221;off&#8221; da_not_modal=&#8221;on&#8221; da_is_singular=&#8221;off&#8221; da_with_loader=&#8221;off&#8221; da_has_shadow=&#8221;on&#8221;][et_pb_row _builder_version=&#8221;4.27.4&#8243; _module_preset=&#8221;default&#8221; global_colors_info=&#8221;{}&#8221; theme_builder_area=&#8221;post_content&#8221;][et_pb_column type=&#8221;4_4&#8243; _builder_version=&#8221;4.27.4&#8243; _module_preset=&#8221;default&#8221; global_colors_info=&#8221;{}&#8221; theme_builder_area=&#8221;post_content&#8221;][et_pb_text _builder_version=&#8221;4.27.4&#8243; _module_preset=&#8221;default&#8221; text_font=&#8221;|600|||||||&#8221; header_font=&#8221;|700|||||||&#8221; header_font_size=&#8221;31px&#8221; header_2_font=&#8221;||on||||||&#8221; hover_enabled=&#8221;0&#8243; global_colors_info=&#8221;{}&#8221; theme_builder_area=&#8221;post_content&#8221; sticky_enabled=&#8221;0&#8243;]<\/p>\n<h1 class=\"entry-title\">Var\u00e1zslatos Kar\u00e1csony 2016<\/h1>\n<p><b><\/b><\/p>\n<p>Nagytemplom, Kecskem\u00e9t<\/p>\n<p>[\/et_pb_text][\/et_pb_column][\/et_pb_row][et_pb_row _builder_version=&#8221;4.27.4&#8243; _module_preset=&#8221;default&#8221; custom_padding=&#8221;0px||0px||false|false&#8221; global_colors_info=&#8221;{}&#8221; theme_builder_area=&#8221;post_content&#8221;][et_pb_column type=&#8221;4_4&#8243; _builder_version=&#8221;4.27.4&#8243; _module_preset=&#8221;default&#8221; global_colors_info=&#8221;{}&#8221; theme_builder_area=&#8221;post_content&#8221;][et_pb_text _builder_version=&#8221;4.27.4&#8243; _module_preset=&#8221;default&#8221; hover_enabled=&#8221;0&#8243; global_colors_info=&#8221;{}&#8221; theme_builder_area=&#8221;post_content&#8221; sticky_enabled=&#8221;0&#8243;]<\/p>\nngg_shortcode_0_placeholder\n<p>[\/et_pb_text][\/et_pb_column][\/et_pb_row][\/et_pb_section]<\/p>\n","protected":false},"excerpt":{"rendered":"<p>Var\u00e1zslatos Kar\u00e1csony 2016 Nagytemplom, Kecskem\u00e9t<!-- default-view.php -->\n<div\n\tclass=\"ngg-galleryoverview default-view \n\t\t\"\n\tid=\"ngg-gallery-6add0d6dc828dde1b6414ecf14623a0c-1\">\n\n\t\t<!-- Thumbnails -->\n\t\t\t\t<div id=\"ngg-image-0\" class=\"ngg-gallery-thumbnail-box \n\t\t\t\t\t\t\t\t\t\t\t\" \n\t\t\t>\n\t\t\t\t\t\t<div class=\"ngg-gallery-thumbnail\">\n\t\t\t<a href=\"https:\/\/www.aurin-choir.hu\/wp-content\/gallery\/varazslatos-karacsony-2016\/karacsony2016-1.jpg\"\n\t\t\t\ttitle=\"\"\n\t\t\t\tdata-src=\"https:\/\/www.aurin-choir.hu\/wp-content\/gallery\/varazslatos-karacsony-2016\/karacsony2016-1.jpg\"\n\t\t\t\tdata-thumbnail=\"https:\/\/www.aurin-choir.hu\/wp-content\/gallery\/varazslatos-karacsony-2016\/thumbs\/thumbs_karacsony2016-1.jpg\"\n\t\t\t\tdata-image-id=\"1158\"\n\t\t\t\tdata-title=\"karacsony2016-1\"\n\t\t\t\tdata-description=\"\"\n\t\t\t\tdata-image-slug=\"karacsony2016-1\"\n\t\t\t\tclass=\"ngg-simplelightbox\" rel=\"6add0d6dc828dde1b6414ecf14623a0c\">\n\t\t\t\t<img\n\t\t\t\t\ttitle=\"karacsony2016-1\"\n\t\t\t\t\talt=\"karacsony2016-1\"\n\t\t\t\t\tsrc=\"https:\/\/www.aurin-choir.hu\/wp-content\/gallery\/varazslatos-karacsony-2016\/cache\/karacsony2016-1.jpg-nggid041158-ngg0dyn-325x225x100-00f0w010c011r110f110r010t010.jpg\"\n\t\t\t\t\twidth=\"325\"\n\t\t\t\t\theight=\"225\"\n\t\t\t\t\tstyle=\"max-width:100%;\"\n\t\t\t\t\/>\n\t\t\t<\/a>\n\t\t<\/div>\n\t\t\t\t\t\t\t<\/div> \n\t\t\t\n\t\t\t\t<div id=\"ngg-image-1\" class=\"ngg-gallery-thumbnail-box \n\t\t\t\t\t\t\t\t\t\t\t\" \n\t\t\t>\n\t\t\t\t\t\t<div class=\"ngg-gallery-thumbnail\">\n\t\t\t<a href=\"https:\/\/www.aurin-choir.hu\/wp-content\/gallery\/varazslatos-karacsony-2016\/karacsony2016-2.jpg\"\n\t\t\t\ttitle=\"\"\n\t\t\t\tdata-src=\"https:\/\/www.aurin-choir.hu\/wp-content\/gallery\/varazslatos-karacsony-2016\/karacsony2016-2.jpg\"\n\t\t\t\tdata-thumbnail=\"https:\/\/www.aurin-choir.hu\/wp-content\/gallery\/varazslatos-karacsony-2016\/thumbs\/thumbs_karacsony2016-2.jpg\"\n\t\t\t\tdata-image-id=\"1159\"\n\t\t\t\tdata-title=\"karacsony2016-2\"\n\t\t\t\tdata-description=\"\"\n\t\t\t\tdata-image-slug=\"karacsony2016-2\"\n\t\t\t\tclass=\"ngg-simplelightbox\" rel=\"6add0d6dc828dde1b6414ecf14623a0c\">\n\t\t\t\t<img\n\t\t\t\t\ttitle=\"karacsony2016-2\"\n\t\t\t\t\talt=\"karacsony2016-2\"\n\t\t\t\t\tsrc=\"https:\/\/www.aurin-choir.hu\/wp-content\/gallery\/varazslatos-karacsony-2016\/cache\/karacsony2016-2.jpg-nggid041159-ngg0dyn-325x225x100-00f0w010c011r110f110r010t010.jpg\"\n\t\t\t\t\twidth=\"325\"\n\t\t\t\t\theight=\"225\"\n\t\t\t\t\tstyle=\"max-width:100%;\"\n\t\t\t\t\/>\n\t\t\t<\/a>\n\t\t<\/div>\n\t\t\t\t\t\t\t<\/div> \n\t\t\t\n\t\t\t\t<div id=\"ngg-image-2\" class=\"ngg-gallery-thumbnail-box \n\t\t\t\t\t\t\t\t\t\t\t\" \n\t\t\t>\n\t\t\t\t\t\t<div class=\"ngg-gallery-thumbnail\">\n\t\t\t<a href=\"https:\/\/www.aurin-choir.hu\/wp-content\/gallery\/varazslatos-karacsony-2016\/karacsony2016-3.jpg\"\n\t\t\t\ttitle=\"\"\n\t\t\t\tdata-src=\"https:\/\/www.aurin-choir.hu\/wp-content\/gallery\/varazslatos-karacsony-2016\/karacsony2016-3.jpg\"\n\t\t\t\tdata-thumbnail=\"https:\/\/www.aurin-choir.hu\/wp-content\/gallery\/varazslatos-karacsony-2016\/thumbs\/thumbs_karacsony2016-3.jpg\"\n\t\t\t\tdata-image-id=\"1160\"\n\t\t\t\tdata-title=\"karacsony2016-3\"\n\t\t\t\tdata-description=\"\"\n\t\t\t\tdata-image-slug=\"karacsony2016-3\"\n\t\t\t\tclass=\"ngg-simplelightbox\" rel=\"6add0d6dc828dde1b6414ecf14623a0c\">\n\t\t\t\t<img\n\t\t\t\t\ttitle=\"karacsony2016-3\"\n\t\t\t\t\talt=\"karacsony2016-3\"\n\t\t\t\t\tsrc=\"https:\/\/www.aurin-choir.hu\/wp-content\/gallery\/varazslatos-karacsony-2016\/cache\/karacsony2016-3.jpg-nggid041160-ngg0dyn-325x225x100-00f0w010c011r110f110r010t010.jpg\"\n\t\t\t\t\twidth=\"325\"\n\t\t\t\t\theight=\"225\"\n\t\t\t\t\tstyle=\"max-width:100%;\"\n\t\t\t\t\/>\n\t\t\t<\/a>\n\t\t<\/div>\n\t\t\t\t\t\t\t<\/div> \n\t\t\t\n\t\t\t\t<div id=\"ngg-image-3\" class=\"ngg-gallery-thumbnail-box \n\t\t\t\t\t\t\t\t\t\t\t\" \n\t\t\t>\n\t\t\t\t\t\t<div class=\"ngg-gallery-thumbnail\">\n\t\t\t<a href=\"https:\/\/www.aurin-choir.hu\/wp-content\/gallery\/varazslatos-karacsony-2016\/karacsony2016-4.jpg\"\n\t\t\t\ttitle=\"\"\n\t\t\t\tdata-src=\"https:\/\/www.aurin-choir.hu\/wp-content\/gallery\/varazslatos-karacsony-2016\/karacsony2016-4.jpg\"\n\t\t\t\tdata-thumbnail=\"https:\/\/www.aurin-choir.hu\/wp-content\/gallery\/varazslatos-karacsony-2016\/thumbs\/thumbs_karacsony2016-4.jpg\"\n\t\t\t\tdata-image-id=\"1161\"\n\t\t\t\tdata-title=\"karacsony2016-4\"\n\t\t\t\tdata-description=\"\"\n\t\t\t\tdata-image-slug=\"karacsony2016-4\"\n\t\t\t\tclass=\"ngg-simplelightbox\" rel=\"6add0d6dc828dde1b6414ecf14623a0c\">\n\t\t\t\t<img\n\t\t\t\t\ttitle=\"karacsony2016-4\"\n\t\t\t\t\talt=\"karacsony2016-4\"\n\t\t\t\t\tsrc=\"https:\/\/www.aurin-choir.hu\/wp-content\/gallery\/varazslatos-karacsony-2016\/cache\/karacsony2016-4.jpg-nggid041161-ngg0dyn-325x225x100-00f0w010c011r110f110r010t010.jpg\"\n\t\t\t\t\twidth=\"325\"\n\t\t\t\t\theight=\"225\"\n\t\t\t\t\tstyle=\"max-width:100%;\"\n\t\t\t\t\/>\n\t\t\t<\/a>\n\t\t<\/div>\n\t\t\t\t\t\t\t<\/div> \n\t\t\t\n\t\t\t\t<div id=\"ngg-image-4\" class=\"ngg-gallery-thumbnail-box \n\t\t\t\t\t\t\t\t\t\t\t\" \n\t\t\t>\n\t\t\t\t\t\t<div class=\"ngg-gallery-thumbnail\">\n\t\t\t<a href=\"https:\/\/www.aurin-choir.hu\/wp-content\/gallery\/varazslatos-karacsony-2016\/karacsony2016-5.jpg\"\n\t\t\t\ttitle=\"\"\n\t\t\t\tdata-src=\"https:\/\/www.aurin-choir.hu\/wp-content\/gallery\/varazslatos-karacsony-2016\/karacsony2016-5.jpg\"\n\t\t\t\tdata-thumbnail=\"https:\/\/www.aurin-choir.hu\/wp-content\/gallery\/varazslatos-karacsony-2016\/thumbs\/thumbs_karacsony2016-5.jpg\"\n\t\t\t\tdata-image-id=\"1162\"\n\t\t\t\tdata-title=\"karacsony2016-5\"\n\t\t\t\tdata-description=\"\"\n\t\t\t\tdata-image-slug=\"karacsony2016-5\"\n\t\t\t\tclass=\"ngg-simplelightbox\" rel=\"6add0d6dc828dde1b6414ecf14623a0c\">\n\t\t\t\t<img\n\t\t\t\t\ttitle=\"karacsony2016-5\"\n\t\t\t\t\talt=\"karacsony2016-5\"\n\t\t\t\t\tsrc=\"https:\/\/www.aurin-choir.hu\/wp-content\/gallery\/varazslatos-karacsony-2016\/cache\/karacsony2016-5.jpg-nggid041162-ngg0dyn-325x225x100-00f0w010c011r110f110r010t010.jpg\"\n\t\t\t\t\twidth=\"325\"\n\t\t\t\t\theight=\"225\"\n\t\t\t\t\tstyle=\"max-width:100%;\"\n\t\t\t\t\/>\n\t\t\t<\/a>\n\t\t<\/div>\n\t\t\t\t\t\t\t<\/div> \n\t\t\t\n\t\t\t\t<div id=\"ngg-image-5\" class=\"ngg-gallery-thumbnail-box \n\t\t\t\t\t\t\t\t\t\t\t\" \n\t\t\t>\n\t\t\t\t\t\t<div class=\"ngg-gallery-thumbnail\">\n\t\t\t<a href=\"https:\/\/www.aurin-choir.hu\/wp-content\/gallery\/varazslatos-karacsony-2016\/karacsony2016-6.jpg\"\n\t\t\t\ttitle=\"\"\n\t\t\t\tdata-src=\"https:\/\/www.aurin-choir.hu\/wp-content\/gallery\/varazslatos-karacsony-2016\/karacsony2016-6.jpg\"\n\t\t\t\tdata-thumbnail=\"https:\/\/www.aurin-choir.hu\/wp-content\/gallery\/varazslatos-karacsony-2016\/thumbs\/thumbs_karacsony2016-6.jpg\"\n\t\t\t\tdata-image-id=\"1163\"\n\t\t\t\tdata-title=\"karacsony2016-6\"\n\t\t\t\tdata-description=\"\"\n\t\t\t\tdata-image-slug=\"karacsony2016-6\"\n\t\t\t\tclass=\"ngg-simplelightbox\" rel=\"6add0d6dc828dde1b6414ecf14623a0c\">\n\t\t\t\t<img\n\t\t\t\t\ttitle=\"karacsony2016-6\"\n\t\t\t\t\talt=\"karacsony2016-6\"\n\t\t\t\t\tsrc=\"https:\/\/www.aurin-choir.hu\/wp-content\/gallery\/varazslatos-karacsony-2016\/cache\/karacsony2016-6.jpg-nggid041163-ngg0dyn-325x225x100-00f0w010c011r110f110r010t010.jpg\"\n\t\t\t\t\twidth=\"325\"\n\t\t\t\t\theight=\"225\"\n\t\t\t\t\tstyle=\"max-width:100%;\"\n\t\t\t\t\/>\n\t\t\t<\/a>\n\t\t<\/div>\n\t\t\t\t\t\t\t<\/div> \n\t\t\t\n\t\t\t\t<div id=\"ngg-image-6\" class=\"ngg-gallery-thumbnail-box \n\t\t\t\t\t\t\t\t\t\t\t\" \n\t\t\t>\n\t\t\t\t\t\t<div class=\"ngg-gallery-thumbnail\">\n\t\t\t<a href=\"https:\/\/www.aurin-choir.hu\/wp-content\/gallery\/varazslatos-karacsony-2016\/karacsony2016-7.jpg\"\n\t\t\t\ttitle=\"\"\n\t\t\t\tdata-src=\"https:\/\/www.aurin-choir.hu\/wp-content\/gallery\/varazslatos-karacsony-2016\/karacsony2016-7.jpg\"\n\t\t\t\tdata-thumbnail=\"https:\/\/www.aurin-choir.hu\/wp-content\/gallery\/varazslatos-karacsony-2016\/thumbs\/thumbs_karacsony2016-7.jpg\"\n\t\t\t\tdata-image-id=\"1164\"\n\t\t\t\tdata-title=\"karacsony2016-7\"\n\t\t\t\tdata-description=\"\"\n\t\t\t\tdata-image-slug=\"karacsony2016-7\"\n\t\t\t\tclass=\"ngg-simplelightbox\" rel=\"6add0d6dc828dde1b6414ecf14623a0c\">\n\t\t\t\t<img\n\t\t\t\t\ttitle=\"karacsony2016-7\"\n\t\t\t\t\talt=\"karacsony2016-7\"\n\t\t\t\t\tsrc=\"https:\/\/www.aurin-choir.hu\/wp-content\/gallery\/varazslatos-karacsony-2016\/cache\/karacsony2016-7.jpg-nggid041164-ngg0dyn-325x225x100-00f0w010c011r110f110r010t010.jpg\"\n\t\t\t\t\twidth=\"325\"\n\t\t\t\t\theight=\"225\"\n\t\t\t\t\tstyle=\"max-width:100%;\"\n\t\t\t\t\/>\n\t\t\t<\/a>\n\t\t<\/div>\n\t\t\t\t\t\t\t<\/div> \n\t\t\t\n\t\t\t\t<div id=\"ngg-image-7\" class=\"ngg-gallery-thumbnail-box \n\t\t\t\t\t\t\t\t\t\t\t\" \n\t\t\t>\n\t\t\t\t\t\t<div class=\"ngg-gallery-thumbnail\">\n\t\t\t<a href=\"https:\/\/www.aurin-choir.hu\/wp-content\/gallery\/varazslatos-karacsony-2016\/karacsony2016-8.jpg\"\n\t\t\t\ttitle=\"\"\n\t\t\t\tdata-src=\"https:\/\/www.aurin-choir.hu\/wp-content\/gallery\/varazslatos-karacsony-2016\/karacsony2016-8.jpg\"\n\t\t\t\tdata-thumbnail=\"https:\/\/www.aurin-choir.hu\/wp-content\/gallery\/varazslatos-karacsony-2016\/thumbs\/thumbs_karacsony2016-8.jpg\"\n\t\t\t\tdata-image-id=\"1165\"\n\t\t\t\tdata-title=\"karacsony2016-8\"\n\t\t\t\tdata-description=\"\"\n\t\t\t\tdata-image-slug=\"karacsony2016-8\"\n\t\t\t\tclass=\"ngg-simplelightbox\" rel=\"6add0d6dc828dde1b6414ecf14623a0c\">\n\t\t\t\t<img\n\t\t\t\t\ttitle=\"karacsony2016-8\"\n\t\t\t\t\talt=\"karacsony2016-8\"\n\t\t\t\t\tsrc=\"https:\/\/www.aurin-choir.hu\/wp-content\/gallery\/varazslatos-karacsony-2016\/cache\/karacsony2016-8.jpg-nggid041165-ngg0dyn-325x225x100-00f0w010c011r110f110r010t010.jpg\"\n\t\t\t\t\twidth=\"325\"\n\t\t\t\t\theight=\"225\"\n\t\t\t\t\tstyle=\"max-width:100%;\"\n\t\t\t\t\/>\n\t\t\t<\/a>\n\t\t<\/div>\n\t\t\t\t\t\t\t<\/div> \n\t\t\t\n\t\t\t\t<div id=\"ngg-image-8\" class=\"ngg-gallery-thumbnail-box \n\t\t\t\t\t\t\t\t\t\t\t\" \n\t\t\t>\n\t\t\t\t\t\t<div class=\"ngg-gallery-thumbnail\">\n\t\t\t<a href=\"https:\/\/www.aurin-choir.hu\/wp-content\/gallery\/varazslatos-karacsony-2016\/karacsony2016-9.jpg\"\n\t\t\t\ttitle=\"\"\n\t\t\t\tdata-src=\"https:\/\/www.aurin-choir.hu\/wp-content\/gallery\/varazslatos-karacsony-2016\/karacsony2016-9.jpg\"\n\t\t\t\tdata-thumbnail=\"https:\/\/www.aurin-choir.hu\/wp-content\/gallery\/varazslatos-karacsony-2016\/thumbs\/thumbs_karacsony2016-9.jpg\"\n\t\t\t\tdata-image-id=\"1166\"\n\t\t\t\tdata-title=\"karacsony2016-9\"\n\t\t\t\tdata-description=\"\"\n\t\t\t\tdata-image-slug=\"karacsony2016-9\"\n\t\t\t\tclass=\"ngg-simplelightbox\" rel=\"6add0d6dc828dde1b6414ecf14623a0c\">\n\t\t\t\t<img\n\t\t\t\t\ttitle=\"karacsony2016-9\"\n\t\t\t\t\talt=\"karacsony2016-9\"\n\t\t\t\t\tsrc=\"https:\/\/www.aurin-choir.hu\/wp-content\/gallery\/varazslatos-karacsony-2016\/cache\/karacsony2016-9.jpg-nggid041166-ngg0dyn-325x225x100-00f0w010c011r110f110r010t010.jpg\"\n\t\t\t\t\twidth=\"325\"\n\t\t\t\t\theight=\"225\"\n\t\t\t\t\tstyle=\"max-width:100%;\"\n\t\t\t\t\/>\n\t\t\t<\/a>\n\t\t<\/div>\n\t\t\t\t\t\t\t<\/div> \n\t\t\t\n\t\t\t\t<div id=\"ngg-image-9\" class=\"ngg-gallery-thumbnail-box \n\t\t\t\t\t\t\t\t\t\t\t\" \n\t\t\t>\n\t\t\t\t\t\t<div class=\"ngg-gallery-thumbnail\">\n\t\t\t<a href=\"https:\/\/www.aurin-choir.hu\/wp-content\/gallery\/varazslatos-karacsony-2016\/karacsony2016-10.jpg\"\n\t\t\t\ttitle=\"\"\n\t\t\t\tdata-src=\"https:\/\/www.aurin-choir.hu\/wp-content\/gallery\/varazslatos-karacsony-2016\/karacsony2016-10.jpg\"\n\t\t\t\tdata-thumbnail=\"https:\/\/www.aurin-choir.hu\/wp-content\/gallery\/varazslatos-karacsony-2016\/thumbs\/thumbs_karacsony2016-10.jpg\"\n\t\t\t\tdata-image-id=\"1167\"\n\t\t\t\tdata-title=\"karacsony2016-10\"\n\t\t\t\tdata-description=\"\"\n\t\t\t\tdata-image-slug=\"karacsony2016-10\"\n\t\t\t\tclass=\"ngg-simplelightbox\" rel=\"6add0d6dc828dde1b6414ecf14623a0c\">\n\t\t\t\t<img\n\t\t\t\t\ttitle=\"karacsony2016-10\"\n\t\t\t\t\talt=\"karacsony2016-10\"\n\t\t\t\t\tsrc=\"https:\/\/www.aurin-choir.hu\/wp-content\/gallery\/varazslatos-karacsony-2016\/cache\/karacsony2016-10.jpg-nggid041167-ngg0dyn-325x225x100-00f0w010c011r110f110r010t010.jpg\"\n\t\t\t\t\twidth=\"325\"\n\t\t\t\t\theight=\"225\"\n\t\t\t\t\tstyle=\"max-width:100%;\"\n\t\t\t\t\/>\n\t\t\t<\/a>\n\t\t<\/div>\n\t\t\t\t\t\t\t<\/div> \n\t\t\t\n\t\t\t\t<div id=\"ngg-image-10\" class=\"ngg-gallery-thumbnail-box \n\t\t\t\t\t\t\t\t\t\t\t\" \n\t\t\t>\n\t\t\t\t\t\t<div class=\"ngg-gallery-thumbnail\">\n\t\t\t<a href=\"https:\/\/www.aurin-choir.hu\/wp-content\/gallery\/varazslatos-karacsony-2016\/karacsony2016-11.jpg\"\n\t\t\t\ttitle=\"\"\n\t\t\t\tdata-src=\"https:\/\/www.aurin-choir.hu\/wp-content\/gallery\/varazslatos-karacsony-2016\/karacsony2016-11.jpg\"\n\t\t\t\tdata-thumbnail=\"https:\/\/www.aurin-choir.hu\/wp-content\/gallery\/varazslatos-karacsony-2016\/thumbs\/thumbs_karacsony2016-11.jpg\"\n\t\t\t\tdata-image-id=\"1168\"\n\t\t\t\tdata-title=\"karacsony2016-11\"\n\t\t\t\tdata-description=\"\"\n\t\t\t\tdata-image-slug=\"karacsony2016-11\"\n\t\t\t\tclass=\"ngg-simplelightbox\" rel=\"6add0d6dc828dde1b6414ecf14623a0c\">\n\t\t\t\t<img\n\t\t\t\t\ttitle=\"karacsony2016-11\"\n\t\t\t\t\talt=\"karacsony2016-11\"\n\t\t\t\t\tsrc=\"https:\/\/www.aurin-choir.hu\/wp-content\/gallery\/varazslatos-karacsony-2016\/cache\/karacsony2016-11.jpg-nggid041168-ngg0dyn-325x225x100-00f0w010c011r110f110r010t010.jpg\"\n\t\t\t\t\twidth=\"325\"\n\t\t\t\t\theight=\"225\"\n\t\t\t\t\tstyle=\"max-width:100%;\"\n\t\t\t\t\/>\n\t\t\t<\/a>\n\t\t<\/div>\n\t\t\t\t\t\t\t<\/div> \n\t\t\t\n\t\t\t\t<div id=\"ngg-image-11\" class=\"ngg-gallery-thumbnail-box \n\t\t\t\t\t\t\t\t\t\t\t\" \n\t\t\t>\n\t\t\t\t\t\t<div class=\"ngg-gallery-thumbnail\">\n\t\t\t<a href=\"https:\/\/www.aurin-choir.hu\/wp-content\/gallery\/varazslatos-karacsony-2016\/karacsony2016-12.jpg\"\n\t\t\t\ttitle=\"\"\n\t\t\t\tdata-src=\"https:\/\/www.aurin-choir.hu\/wp-content\/gallery\/varazslatos-karacsony-2016\/karacsony2016-12.jpg\"\n\t\t\t\tdata-thumbnail=\"https:\/\/www.aurin-choir.hu\/wp-content\/gallery\/varazslatos-karacsony-2016\/thumbs\/thumbs_karacsony2016-12.jpg\"\n\t\t\t\tdata-image-id=\"1169\"\n\t\t\t\tdata-title=\"karacsony2016-12\"\n\t\t\t\tdata-description=\"\"\n\t\t\t\tdata-image-slug=\"karacsony2016-12\"\n\t\t\t\tclass=\"ngg-simplelightbox\" rel=\"6add0d6dc828dde1b6414ecf14623a0c\">\n\t\t\t\t<img\n\t\t\t\t\ttitle=\"karacsony2016-12\"\n\t\t\t\t\talt=\"karacsony2016-12\"\n\t\t\t\t\tsrc=\"https:\/\/www.aurin-choir.hu\/wp-content\/gallery\/varazslatos-karacsony-2016\/cache\/karacsony2016-12.jpg-nggid041169-ngg0dyn-325x225x100-00f0w010c011r110f110r010t010.jpg\"\n\t\t\t\t\twidth=\"325\"\n\t\t\t\t\theight=\"225\"\n\t\t\t\t\tstyle=\"max-width:100%;\"\n\t\t\t\t\/>\n\t\t\t<\/a>\n\t\t<\/div>\n\t\t\t\t\t\t\t<\/div> \n\t\t\t\n\t\t\t\t<div id=\"ngg-image-12\" class=\"ngg-gallery-thumbnail-box \n\t\t\t\t\t\t\t\t\t\t\t\" \n\t\t\t>\n\t\t\t\t\t\t<div class=\"ngg-gallery-thumbnail\">\n\t\t\t<a href=\"https:\/\/www.aurin-choir.hu\/wp-content\/gallery\/varazslatos-karacsony-2016\/karacsony2016-13.jpg\"\n\t\t\t\ttitle=\"\"\n\t\t\t\tdata-src=\"https:\/\/www.aurin-choir.hu\/wp-content\/gallery\/varazslatos-karacsony-2016\/karacsony2016-13.jpg\"\n\t\t\t\tdata-thumbnail=\"https:\/\/www.aurin-choir.hu\/wp-content\/gallery\/varazslatos-karacsony-2016\/thumbs\/thumbs_karacsony2016-13.jpg\"\n\t\t\t\tdata-image-id=\"1170\"\n\t\t\t\tdata-title=\"karacsony2016-13\"\n\t\t\t\tdata-description=\"\"\n\t\t\t\tdata-image-slug=\"karacsony2016-13\"\n\t\t\t\tclass=\"ngg-simplelightbox\" rel=\"6add0d6dc828dde1b6414ecf14623a0c\">\n\t\t\t\t<img\n\t\t\t\t\ttitle=\"karacsony2016-13\"\n\t\t\t\t\talt=\"karacsony2016-13\"\n\t\t\t\t\tsrc=\"https:\/\/www.aurin-choir.hu\/wp-content\/gallery\/varazslatos-karacsony-2016\/cache\/karacsony2016-13.jpg-nggid041170-ngg0dyn-325x225x100-00f0w010c011r110f110r010t010.jpg\"\n\t\t\t\t\twidth=\"325\"\n\t\t\t\t\theight=\"225\"\n\t\t\t\t\tstyle=\"max-width:100%;\"\n\t\t\t\t\/>\n\t\t\t<\/a>\n\t\t<\/div>\n\t\t\t\t\t\t\t<\/div> \n\t\t\t\n\t\t\t\t<div id=\"ngg-image-13\" class=\"ngg-gallery-thumbnail-box \n\t\t\t\t\t\t\t\t\t\t\t\" \n\t\t\t>\n\t\t\t\t\t\t<div class=\"ngg-gallery-thumbnail\">\n\t\t\t<a href=\"https:\/\/www.aurin-choir.hu\/wp-content\/gallery\/varazslatos-karacsony-2016\/karacsony2016-14.jpg\"\n\t\t\t\ttitle=\"\"\n\t\t\t\tdata-src=\"https:\/\/www.aurin-choir.hu\/wp-content\/gallery\/varazslatos-karacsony-2016\/karacsony2016-14.jpg\"\n\t\t\t\tdata-thumbnail=\"https:\/\/www.aurin-choir.hu\/wp-content\/gallery\/varazslatos-karacsony-2016\/thumbs\/thumbs_karacsony2016-14.jpg\"\n\t\t\t\tdata-image-id=\"1171\"\n\t\t\t\tdata-title=\"karacsony2016-14\"\n\t\t\t\tdata-description=\"\"\n\t\t\t\tdata-image-slug=\"karacsony2016-14\"\n\t\t\t\tclass=\"ngg-simplelightbox\" rel=\"6add0d6dc828dde1b6414ecf14623a0c\">\n\t\t\t\t<img\n\t\t\t\t\ttitle=\"karacsony2016-14\"\n\t\t\t\t\talt=\"karacsony2016-14\"\n\t\t\t\t\tsrc=\"https:\/\/www.aurin-choir.hu\/wp-content\/gallery\/varazslatos-karacsony-2016\/cache\/karacsony2016-14.jpg-nggid041171-ngg0dyn-325x225x100-00f0w010c011r110f110r010t010.jpg\"\n\t\t\t\t\twidth=\"325\"\n\t\t\t\t\theight=\"225\"\n\t\t\t\t\tstyle=\"max-width:100%;\"\n\t\t\t\t\/>\n\t\t\t<\/a>\n\t\t<\/div>\n\t\t\t\t\t\t\t<\/div> \n\t\t\t\n\t\t\t\t<div id=\"ngg-image-14\" class=\"ngg-gallery-thumbnail-box \n\t\t\t\t\t\t\t\t\t\t\t\" \n\t\t\t>\n\t\t\t\t\t\t<div class=\"ngg-gallery-thumbnail\">\n\t\t\t<a href=\"https:\/\/www.aurin-choir.hu\/wp-content\/gallery\/varazslatos-karacsony-2016\/karacsony2016-15.jpg\"\n\t\t\t\ttitle=\"\"\n\t\t\t\tdata-src=\"https:\/\/www.aurin-choir.hu\/wp-content\/gallery\/varazslatos-karacsony-2016\/karacsony2016-15.jpg\"\n\t\t\t\tdata-thumbnail=\"https:\/\/www.aurin-choir.hu\/wp-content\/gallery\/varazslatos-karacsony-2016\/thumbs\/thumbs_karacsony2016-15.jpg\"\n\t\t\t\tdata-image-id=\"1172\"\n\t\t\t\tdata-title=\"karacsony2016-15\"\n\t\t\t\tdata-description=\"\"\n\t\t\t\tdata-image-slug=\"karacsony2016-15\"\n\t\t\t\tclass=\"ngg-simplelightbox\" rel=\"6add0d6dc828dde1b6414ecf14623a0c\">\n\t\t\t\t<img\n\t\t\t\t\ttitle=\"karacsony2016-15\"\n\t\t\t\t\talt=\"karacsony2016-15\"\n\t\t\t\t\tsrc=\"https:\/\/www.aurin-choir.hu\/wp-content\/gallery\/varazslatos-karacsony-2016\/cache\/karacsony2016-15.jpg-nggid041172-ngg0dyn-325x225x100-00f0w010c011r110f110r010t010.jpg\"\n\t\t\t\t\twidth=\"325\"\n\t\t\t\t\theight=\"225\"\n\t\t\t\t\tstyle=\"max-width:100%;\"\n\t\t\t\t\/>\n\t\t\t<\/a>\n\t\t<\/div>\n\t\t\t\t\t\t\t<\/div> \n\t\t\t\n\t\t\t\t<div id=\"ngg-image-15\" class=\"ngg-gallery-thumbnail-box \n\t\t\t\t\t\t\t\t\t\t\t\" \n\t\t\t>\n\t\t\t\t\t\t<div class=\"ngg-gallery-thumbnail\">\n\t\t\t<a href=\"https:\/\/www.aurin-choir.hu\/wp-content\/gallery\/varazslatos-karacsony-2016\/karacsony2016-16.jpg\"\n\t\t\t\ttitle=\"\"\n\t\t\t\tdata-src=\"https:\/\/www.aurin-choir.hu\/wp-content\/gallery\/varazslatos-karacsony-2016\/karacsony2016-16.jpg\"\n\t\t\t\tdata-thumbnail=\"https:\/\/www.aurin-choir.hu\/wp-content\/gallery\/varazslatos-karacsony-2016\/thumbs\/thumbs_karacsony2016-16.jpg\"\n\t\t\t\tdata-image-id=\"1173\"\n\t\t\t\tdata-title=\"karacsony2016-16\"\n\t\t\t\tdata-description=\"\"\n\t\t\t\tdata-image-slug=\"karacsony2016-16\"\n\t\t\t\tclass=\"ngg-simplelightbox\" rel=\"6add0d6dc828dde1b6414ecf14623a0c\">\n\t\t\t\t<img\n\t\t\t\t\ttitle=\"karacsony2016-16\"\n\t\t\t\t\talt=\"karacsony2016-16\"\n\t\t\t\t\tsrc=\"https:\/\/www.aurin-choir.hu\/wp-content\/gallery\/varazslatos-karacsony-2016\/cache\/karacsony2016-16.jpg-nggid041173-ngg0dyn-325x225x100-00f0w010c011r110f110r010t010.jpg\"\n\t\t\t\t\twidth=\"325\"\n\t\t\t\t\theight=\"225\"\n\t\t\t\t\tstyle=\"max-width:100%;\"\n\t\t\t\t\/>\n\t\t\t<\/a>\n\t\t<\/div>\n\t\t\t\t\t\t\t<\/div> \n\t\t\t\n\t\t\t\t<div id=\"ngg-image-16\" class=\"ngg-gallery-thumbnail-box \n\t\t\t\t\t\t\t\t\t\t\t\" \n\t\t\t>\n\t\t\t\t\t\t<div class=\"ngg-gallery-thumbnail\">\n\t\t\t<a href=\"https:\/\/www.aurin-choir.hu\/wp-content\/gallery\/varazslatos-karacsony-2016\/karacsony2016-17.jpg\"\n\t\t\t\ttitle=\"\"\n\t\t\t\tdata-src=\"https:\/\/www.aurin-choir.hu\/wp-content\/gallery\/varazslatos-karacsony-2016\/karacsony2016-17.jpg\"\n\t\t\t\tdata-thumbnail=\"https:\/\/www.aurin-choir.hu\/wp-content\/gallery\/varazslatos-karacsony-2016\/thumbs\/thumbs_karacsony2016-17.jpg\"\n\t\t\t\tdata-image-id=\"1174\"\n\t\t\t\tdata-title=\"karacsony2016-17\"\n\t\t\t\tdata-description=\"\"\n\t\t\t\tdata-image-slug=\"karacsony2016-17\"\n\t\t\t\tclass=\"ngg-simplelightbox\" rel=\"6add0d6dc828dde1b6414ecf14623a0c\">\n\t\t\t\t<img\n\t\t\t\t\ttitle=\"karacsony2016-17\"\n\t\t\t\t\talt=\"karacsony2016-17\"\n\t\t\t\t\tsrc=\"https:\/\/www.aurin-choir.hu\/wp-content\/gallery\/varazslatos-karacsony-2016\/cache\/karacsony2016-17.jpg-nggid041174-ngg0dyn-325x225x100-00f0w010c011r110f110r010t010.jpg\"\n\t\t\t\t\twidth=\"325\"\n\t\t\t\t\theight=\"225\"\n\t\t\t\t\tstyle=\"max-width:100%;\"\n\t\t\t\t\/>\n\t\t\t<\/a>\n\t\t<\/div>\n\t\t\t\t\t\t\t<\/div> \n\t\t\t\n\t\t\t\t<div id=\"ngg-image-17\" class=\"ngg-gallery-thumbnail-box \n\t\t\t\t\t\t\t\t\t\t\t\" \n\t\t\t>\n\t\t\t\t\t\t<div class=\"ngg-gallery-thumbnail\">\n\t\t\t<a href=\"https:\/\/www.aurin-choir.hu\/wp-content\/gallery\/varazslatos-karacsony-2016\/karacsony2016-18.jpg\"\n\t\t\t\ttitle=\"\"\n\t\t\t\tdata-src=\"https:\/\/www.aurin-choir.hu\/wp-content\/gallery\/varazslatos-karacsony-2016\/karacsony2016-18.jpg\"\n\t\t\t\tdata-thumbnail=\"https:\/\/www.aurin-choir.hu\/wp-content\/gallery\/varazslatos-karacsony-2016\/thumbs\/thumbs_karacsony2016-18.jpg\"\n\t\t\t\tdata-image-id=\"1175\"\n\t\t\t\tdata-title=\"karacsony2016-18\"\n\t\t\t\tdata-description=\"\"\n\t\t\t\tdata-image-slug=\"karacsony2016-18\"\n\t\t\t\tclass=\"ngg-simplelightbox\" rel=\"6add0d6dc828dde1b6414ecf14623a0c\">\n\t\t\t\t<img\n\t\t\t\t\ttitle=\"karacsony2016-18\"\n\t\t\t\t\talt=\"karacsony2016-18\"\n\t\t\t\t\tsrc=\"https:\/\/www.aurin-choir.hu\/wp-content\/gallery\/varazslatos-karacsony-2016\/cache\/karacsony2016-18.jpg-nggid041175-ngg0dyn-325x225x100-00f0w010c011r110f110r010t010.jpg\"\n\t\t\t\t\twidth=\"325\"\n\t\t\t\t\theight=\"225\"\n\t\t\t\t\tstyle=\"max-width:100%;\"\n\t\t\t\t\/>\n\t\t\t<\/a>\n\t\t<\/div>\n\t\t\t\t\t\t\t<\/div> \n\t\t\t\n\t\t\t\t<div id=\"ngg-image-18\" class=\"ngg-gallery-thumbnail-box \n\t\t\t\t\t\t\t\t\t\t\t\" \n\t\t\t>\n\t\t\t\t\t\t<div class=\"ngg-gallery-thumbnail\">\n\t\t\t<a href=\"https:\/\/www.aurin-choir.hu\/wp-content\/gallery\/varazslatos-karacsony-2016\/karacsony2016-19.jpg\"\n\t\t\t\ttitle=\"\"\n\t\t\t\tdata-src=\"https:\/\/www.aurin-choir.hu\/wp-content\/gallery\/varazslatos-karacsony-2016\/karacsony2016-19.jpg\"\n\t\t\t\tdata-thumbnail=\"https:\/\/www.aurin-choir.hu\/wp-content\/gallery\/varazslatos-karacsony-2016\/thumbs\/thumbs_karacsony2016-19.jpg\"\n\t\t\t\tdata-image-id=\"1176\"\n\t\t\t\tdata-title=\"karacsony2016-19\"\n\t\t\t\tdata-description=\"\"\n\t\t\t\tdata-image-slug=\"karacsony2016-19\"\n\t\t\t\tclass=\"ngg-simplelightbox\" rel=\"6add0d6dc828dde1b6414ecf14623a0c\">\n\t\t\t\t<img\n\t\t\t\t\ttitle=\"karacsony2016-19\"\n\t\t\t\t\talt=\"karacsony2016-19\"\n\t\t\t\t\tsrc=\"https:\/\/www.aurin-choir.hu\/wp-content\/gallery\/varazslatos-karacsony-2016\/cache\/karacsony2016-19.jpg-nggid041176-ngg0dyn-325x225x100-00f0w010c011r110f110r010t010.jpg\"\n\t\t\t\t\twidth=\"325\"\n\t\t\t\t\theight=\"225\"\n\t\t\t\t\tstyle=\"max-width:100%;\"\n\t\t\t\t\/>\n\t\t\t<\/a>\n\t\t<\/div>\n\t\t\t\t\t\t\t<\/div> \n\t\t\t\n\t\t\t\t<div id=\"ngg-image-19\" class=\"ngg-gallery-thumbnail-box \n\t\t\t\t\t\t\t\t\t\t\t\" \n\t\t\t>\n\t\t\t\t\t\t<div class=\"ngg-gallery-thumbnail\">\n\t\t\t<a href=\"https:\/\/www.aurin-choir.hu\/wp-content\/gallery\/varazslatos-karacsony-2016\/karacsony2016-20.jpg\"\n\t\t\t\ttitle=\"\"\n\t\t\t\tdata-src=\"https:\/\/www.aurin-choir.hu\/wp-content\/gallery\/varazslatos-karacsony-2016\/karacsony2016-20.jpg\"\n\t\t\t\tdata-thumbnail=\"https:\/\/www.aurin-choir.hu\/wp-content\/gallery\/varazslatos-karacsony-2016\/thumbs\/thumbs_karacsony2016-20.jpg\"\n\t\t\t\tdata-image-id=\"1177\"\n\t\t\t\tdata-title=\"karacsony2016-20\"\n\t\t\t\tdata-description=\"\"\n\t\t\t\tdata-image-slug=\"karacsony2016-20\"\n\t\t\t\tclass=\"ngg-simplelightbox\" rel=\"6add0d6dc828dde1b6414ecf14623a0c\">\n\t\t\t\t<img\n\t\t\t\t\ttitle=\"karacsony2016-20\"\n\t\t\t\t\talt=\"karacsony2016-20\"\n\t\t\t\t\tsrc=\"https:\/\/www.aurin-choir.hu\/wp-content\/gallery\/varazslatos-karacsony-2016\/cache\/karacsony2016-20.jpg-nggid041177-ngg0dyn-325x225x100-00f0w010c011r110f110r010t010.jpg\"\n\t\t\t\t\twidth=\"325\"\n\t\t\t\t\theight=\"225\"\n\t\t\t\t\tstyle=\"max-width:100%;\"\n\t\t\t\t\/>\n\t\t\t<\/a>\n\t\t<\/div>\n\t\t\t\t\t\t\t<\/div> \n\t\t\t\n\t\t\t\t<div id=\"ngg-image-20\" class=\"ngg-gallery-thumbnail-box \n\t\t\t\t\t\t\t\t\t\t\t\" \n\t\t\t>\n\t\t\t\t\t\t<div class=\"ngg-gallery-thumbnail\">\n\t\t\t<a href=\"https:\/\/www.aurin-choir.hu\/wp-content\/gallery\/varazslatos-karacsony-2016\/karacsony2016-21.jpg\"\n\t\t\t\ttitle=\"\"\n\t\t\t\tdata-src=\"https:\/\/www.aurin-choir.hu\/wp-content\/gallery\/varazslatos-karacsony-2016\/karacsony2016-21.jpg\"\n\t\t\t\tdata-thumbnail=\"https:\/\/www.aurin-choir.hu\/wp-content\/gallery\/varazslatos-karacsony-2016\/thumbs\/thumbs_karacsony2016-21.jpg\"\n\t\t\t\tdata-image-id=\"1178\"\n\t\t\t\tdata-title=\"karacsony2016-21\"\n\t\t\t\tdata-description=\"\"\n\t\t\t\tdata-image-slug=\"karacsony2016-21\"\n\t\t\t\tclass=\"ngg-simplelightbox\" rel=\"6add0d6dc828dde1b6414ecf14623a0c\">\n\t\t\t\t<img\n\t\t\t\t\ttitle=\"karacsony2016-21\"\n\t\t\t\t\talt=\"karacsony2016-21\"\n\t\t\t\t\tsrc=\"https:\/\/www.aurin-choir.hu\/wp-content\/gallery\/varazslatos-karacsony-2016\/cache\/karacsony2016-21.jpg-nggid041178-ngg0dyn-325x225x100-00f0w010c011r110f110r010t010.jpg\"\n\t\t\t\t\twidth=\"325\"\n\t\t\t\t\theight=\"225\"\n\t\t\t\t\tstyle=\"max-width:100%;\"\n\t\t\t\t\/>\n\t\t\t<\/a>\n\t\t<\/div>\n\t\t\t\t\t\t\t<\/div> \n\t\t\t\n\t\t\t\t<div id=\"ngg-image-21\" class=\"ngg-gallery-thumbnail-box \n\t\t\t\t\t\t\t\t\t\t\t\" \n\t\t\t>\n\t\t\t\t\t\t<div class=\"ngg-gallery-thumbnail\">\n\t\t\t<a href=\"https:\/\/www.aurin-choir.hu\/wp-content\/gallery\/varazslatos-karacsony-2016\/karacsony2016-22.jpg\"\n\t\t\t\ttitle=\"\"\n\t\t\t\tdata-src=\"https:\/\/www.aurin-choir.hu\/wp-content\/gallery\/varazslatos-karacsony-2016\/karacsony2016-22.jpg\"\n\t\t\t\tdata-thumbnail=\"https:\/\/www.aurin-choir.hu\/wp-content\/gallery\/varazslatos-karacsony-2016\/thumbs\/thumbs_karacsony2016-22.jpg\"\n\t\t\t\tdata-image-id=\"1179\"\n\t\t\t\tdata-title=\"karacsony2016-22\"\n\t\t\t\tdata-description=\"\"\n\t\t\t\tdata-image-slug=\"karacsony2016-22\"\n\t\t\t\tclass=\"ngg-simplelightbox\" rel=\"6add0d6dc828dde1b6414ecf14623a0c\">\n\t\t\t\t<img\n\t\t\t\t\ttitle=\"karacsony2016-22\"\n\t\t\t\t\talt=\"karacsony2016-22\"\n\t\t\t\t\tsrc=\"https:\/\/www.aurin-choir.hu\/wp-content\/gallery\/varazslatos-karacsony-2016\/cache\/karacsony2016-22.jpg-nggid041179-ngg0dyn-325x225x100-00f0w010c011r110f110r010t010.jpg\"\n\t\t\t\t\twidth=\"325\"\n\t\t\t\t\theight=\"225\"\n\t\t\t\t\tstyle=\"max-width:100%;\"\n\t\t\t\t\/>\n\t\t\t<\/a>\n\t\t<\/div>\n\t\t\t\t\t\t\t<\/div> \n\t\t\t\n\t\t\t\t<div id=\"ngg-image-22\" class=\"ngg-gallery-thumbnail-box \n\t\t\t\t\t\t\t\t\t\t\t\" \n\t\t\t>\n\t\t\t\t\t\t<div class=\"ngg-gallery-thumbnail\">\n\t\t\t<a href=\"https:\/\/www.aurin-choir.hu\/wp-content\/gallery\/varazslatos-karacsony-2016\/karacsony2016-23.jpg\"\n\t\t\t\ttitle=\"\"\n\t\t\t\tdata-src=\"https:\/\/www.aurin-choir.hu\/wp-content\/gallery\/varazslatos-karacsony-2016\/karacsony2016-23.jpg\"\n\t\t\t\tdata-thumbnail=\"https:\/\/www.aurin-choir.hu\/wp-content\/gallery\/varazslatos-karacsony-2016\/thumbs\/thumbs_karacsony2016-23.jpg\"\n\t\t\t\tdata-image-id=\"1180\"\n\t\t\t\tdata-title=\"karacsony2016-23\"\n\t\t\t\tdata-description=\"\"\n\t\t\t\tdata-image-slug=\"karacsony2016-23\"\n\t\t\t\tclass=\"ngg-simplelightbox\" rel=\"6add0d6dc828dde1b6414ecf14623a0c\">\n\t\t\t\t<img\n\t\t\t\t\ttitle=\"karacsony2016-23\"\n\t\t\t\t\talt=\"karacsony2016-23\"\n\t\t\t\t\tsrc=\"https:\/\/www.aurin-choir.hu\/wp-content\/gallery\/varazslatos-karacsony-2016\/cache\/karacsony2016-23.jpg-nggid041180-ngg0dyn-325x225x100-00f0w010c011r110f110r010t010.jpg\"\n\t\t\t\t\twidth=\"325\"\n\t\t\t\t\theight=\"225\"\n\t\t\t\t\tstyle=\"max-width:100%;\"\n\t\t\t\t\/>\n\t\t\t<\/a>\n\t\t<\/div>\n\t\t\t\t\t\t\t<\/div> \n\t\t\t\n\t\t\t\t<div id=\"ngg-image-23\" class=\"ngg-gallery-thumbnail-box \n\t\t\t\t\t\t\t\t\t\t\t\" \n\t\t\t>\n\t\t\t\t\t\t<div class=\"ngg-gallery-thumbnail\">\n\t\t\t<a href=\"https:\/\/www.aurin-choir.hu\/wp-content\/gallery\/varazslatos-karacsony-2016\/karacsony2016-24.jpg\"\n\t\t\t\ttitle=\"\"\n\t\t\t\tdata-src=\"https:\/\/www.aurin-choir.hu\/wp-content\/gallery\/varazslatos-karacsony-2016\/karacsony2016-24.jpg\"\n\t\t\t\tdata-thumbnail=\"https:\/\/www.aurin-choir.hu\/wp-content\/gallery\/varazslatos-karacsony-2016\/thumbs\/thumbs_karacsony2016-24.jpg\"\n\t\t\t\tdata-image-id=\"1181\"\n\t\t\t\tdata-title=\"karacsony2016-24\"\n\t\t\t\tdata-description=\"\"\n\t\t\t\tdata-image-slug=\"karacsony2016-24\"\n\t\t\t\tclass=\"ngg-simplelightbox\" rel=\"6add0d6dc828dde1b6414ecf14623a0c\">\n\t\t\t\t<img\n\t\t\t\t\ttitle=\"karacsony2016-24\"\n\t\t\t\t\talt=\"karacsony2016-24\"\n\t\t\t\t\tsrc=\"https:\/\/www.aurin-choir.hu\/wp-content\/gallery\/varazslatos-karacsony-2016\/cache\/karacsony2016-24.jpg-nggid041181-ngg0dyn-325x225x100-00f0w010c011r110f110r010t010.jpg\"\n\t\t\t\t\twidth=\"325\"\n\t\t\t\t\theight=\"225\"\n\t\t\t\t\tstyle=\"max-width:100%;\"\n\t\t\t\t\/>\n\t\t\t<\/a>\n\t\t<\/div>\n\t\t\t\t\t\t\t<\/div> \n\t\t\t\n\t\t\t\t<div id=\"ngg-image-24\" class=\"ngg-gallery-thumbnail-box \n\t\t\t\t\t\t\t\t\t\t\t\" \n\t\t\t>\n\t\t\t\t\t\t<div class=\"ngg-gallery-thumbnail\">\n\t\t\t<a href=\"https:\/\/www.aurin-choir.hu\/wp-content\/gallery\/varazslatos-karacsony-2016\/karacsony2016-25.jpg\"\n\t\t\t\ttitle=\"\"\n\t\t\t\tdata-src=\"https:\/\/www.aurin-choir.hu\/wp-content\/gallery\/varazslatos-karacsony-2016\/karacsony2016-25.jpg\"\n\t\t\t\tdata-thumbnail=\"https:\/\/www.aurin-choir.hu\/wp-content\/gallery\/varazslatos-karacsony-2016\/thumbs\/thumbs_karacsony2016-25.jpg\"\n\t\t\t\tdata-image-id=\"1182\"\n\t\t\t\tdata-title=\"karacsony2016-25\"\n\t\t\t\tdata-description=\"\"\n\t\t\t\tdata-image-slug=\"karacsony2016-25\"\n\t\t\t\tclass=\"ngg-simplelightbox\" rel=\"6add0d6dc828dde1b6414ecf14623a0c\">\n\t\t\t\t<img\n\t\t\t\t\ttitle=\"karacsony2016-25\"\n\t\t\t\t\talt=\"karacsony2016-25\"\n\t\t\t\t\tsrc=\"https:\/\/www.aurin-choir.hu\/wp-content\/gallery\/varazslatos-karacsony-2016\/cache\/karacsony2016-25.jpg-nggid041182-ngg0dyn-325x225x100-00f0w010c011r110f110r010t010.jpg\"\n\t\t\t\t\twidth=\"325\"\n\t\t\t\t\theight=\"225\"\n\t\t\t\t\tstyle=\"max-width:100%;\"\n\t\t\t\t\/>\n\t\t\t<\/a>\n\t\t<\/div>\n\t\t\t\t\t\t\t<\/div> \n\t\t\t\n\t\t\t\t<div id=\"ngg-image-25\" class=\"ngg-gallery-thumbnail-box \n\t\t\t\t\t\t\t\t\t\t\t\" \n\t\t\t>\n\t\t\t\t\t\t<div class=\"ngg-gallery-thumbnail\">\n\t\t\t<a href=\"https:\/\/www.aurin-choir.hu\/wp-content\/gallery\/varazslatos-karacsony-2016\/karacsony2016-26.jpg\"\n\t\t\t\ttitle=\"\"\n\t\t\t\tdata-src=\"https:\/\/www.aurin-choir.hu\/wp-content\/gallery\/varazslatos-karacsony-2016\/karacsony2016-26.jpg\"\n\t\t\t\tdata-thumbnail=\"https:\/\/www.aurin-choir.hu\/wp-content\/gallery\/varazslatos-karacsony-2016\/thumbs\/thumbs_karacsony2016-26.jpg\"\n\t\t\t\tdata-image-id=\"1183\"\n\t\t\t\tdata-title=\"karacsony2016-26\"\n\t\t\t\tdata-description=\"\"\n\t\t\t\tdata-image-slug=\"karacsony2016-26\"\n\t\t\t\tclass=\"ngg-simplelightbox\" rel=\"6add0d6dc828dde1b6414ecf14623a0c\">\n\t\t\t\t<img\n\t\t\t\t\ttitle=\"karacsony2016-26\"\n\t\t\t\t\talt=\"karacsony2016-26\"\n\t\t\t\t\tsrc=\"https:\/\/www.aurin-choir.hu\/wp-content\/gallery\/varazslatos-karacsony-2016\/cache\/karacsony2016-26.jpg-nggid041183-ngg0dyn-325x225x100-00f0w010c011r110f110r010t010.jpg\"\n\t\t\t\t\twidth=\"325\"\n\t\t\t\t\theight=\"225\"\n\t\t\t\t\tstyle=\"max-width:100%;\"\n\t\t\t\t\/>\n\t\t\t<\/a>\n\t\t<\/div>\n\t\t\t\t\t\t\t<\/div> \n\t\t\t\n\t\t\t\t<div id=\"ngg-image-26\" class=\"ngg-gallery-thumbnail-box \n\t\t\t\t\t\t\t\t\t\t\t\" \n\t\t\t>\n\t\t\t\t\t\t<div class=\"ngg-gallery-thumbnail\">\n\t\t\t<a href=\"https:\/\/www.aurin-choir.hu\/wp-content\/gallery\/varazslatos-karacsony-2016\/karacsony2016-27.jpg\"\n\t\t\t\ttitle=\"\"\n\t\t\t\tdata-src=\"https:\/\/www.aurin-choir.hu\/wp-content\/gallery\/varazslatos-karacsony-2016\/karacsony2016-27.jpg\"\n\t\t\t\tdata-thumbnail=\"https:\/\/www.aurin-choir.hu\/wp-content\/gallery\/varazslatos-karacsony-2016\/thumbs\/thumbs_karacsony2016-27.jpg\"\n\t\t\t\tdata-image-id=\"1184\"\n\t\t\t\tdata-title=\"karacsony2016-27\"\n\t\t\t\tdata-description=\"\"\n\t\t\t\tdata-image-slug=\"karacsony2016-27\"\n\t\t\t\tclass=\"ngg-simplelightbox\" rel=\"6add0d6dc828dde1b6414ecf14623a0c\">\n\t\t\t\t<img\n\t\t\t\t\ttitle=\"karacsony2016-27\"\n\t\t\t\t\talt=\"karacsony2016-27\"\n\t\t\t\t\tsrc=\"https:\/\/www.aurin-choir.hu\/wp-content\/gallery\/varazslatos-karacsony-2016\/cache\/karacsony2016-27.jpg-nggid041184-ngg0dyn-325x225x100-00f0w010c011r110f110r010t010.jpg\"\n\t\t\t\t\twidth=\"325\"\n\t\t\t\t\theight=\"225\"\n\t\t\t\t\tstyle=\"max-width:100%;\"\n\t\t\t\t\/>\n\t\t\t<\/a>\n\t\t<\/div>\n\t\t\t\t\t\t\t<\/div> \n\t\t\t\n\t\t\t\t<div id=\"ngg-image-27\" class=\"ngg-gallery-thumbnail-box \n\t\t\t\t\t\t\t\t\t\t\t\" \n\t\t\t>\n\t\t\t\t\t\t<div class=\"ngg-gallery-thumbnail\">\n\t\t\t<a href=\"https:\/\/www.aurin-choir.hu\/wp-content\/gallery\/varazslatos-karacsony-2016\/karacsony2016-28.jpg\"\n\t\t\t\ttitle=\"\"\n\t\t\t\tdata-src=\"https:\/\/www.aurin-choir.hu\/wp-content\/gallery\/varazslatos-karacsony-2016\/karacsony2016-28.jpg\"\n\t\t\t\tdata-thumbnail=\"https:\/\/www.aurin-choir.hu\/wp-content\/gallery\/varazslatos-karacsony-2016\/thumbs\/thumbs_karacsony2016-28.jpg\"\n\t\t\t\tdata-image-id=\"1185\"\n\t\t\t\tdata-title=\"karacsony2016-28\"\n\t\t\t\tdata-description=\"\"\n\t\t\t\tdata-image-slug=\"karacsony2016-28\"\n\t\t\t\tclass=\"ngg-simplelightbox\" rel=\"6add0d6dc828dde1b6414ecf14623a0c\">\n\t\t\t\t<img\n\t\t\t\t\ttitle=\"karacsony2016-28\"\n\t\t\t\t\talt=\"karacsony2016-28\"\n\t\t\t\t\tsrc=\"https:\/\/www.aurin-choir.hu\/wp-content\/gallery\/varazslatos-karacsony-2016\/cache\/karacsony2016-28.jpg-nggid041185-ngg0dyn-325x225x100-00f0w010c011r110f110r010t010.jpg\"\n\t\t\t\t\twidth=\"325\"\n\t\t\t\t\theight=\"225\"\n\t\t\t\t\tstyle=\"max-width:100%;\"\n\t\t\t\t\/>\n\t\t\t<\/a>\n\t\t<\/div>\n\t\t\t\t\t\t\t<\/div> \n\t\t\t\n\t\t\t\t<div id=\"ngg-image-28\" class=\"ngg-gallery-thumbnail-box \n\t\t\t\t\t\t\t\t\t\t\t\" \n\t\t\t>\n\t\t\t\t\t\t<div class=\"ngg-gallery-thumbnail\">\n\t\t\t<a href=\"https:\/\/www.aurin-choir.hu\/wp-content\/gallery\/varazslatos-karacsony-2016\/karacsony2016-29.jpg\"\n\t\t\t\ttitle=\"\"\n\t\t\t\tdata-src=\"https:\/\/www.aurin-choir.hu\/wp-content\/gallery\/varazslatos-karacsony-2016\/karacsony2016-29.jpg\"\n\t\t\t\tdata-thumbnail=\"https:\/\/www.aurin-choir.hu\/wp-content\/gallery\/varazslatos-karacsony-2016\/thumbs\/thumbs_karacsony2016-29.jpg\"\n\t\t\t\tdata-image-id=\"5687\"\n\t\t\t\tdata-title=\"karacsony2016-29\"\n\t\t\t\tdata-description=\"\"\n\t\t\t\tdata-image-slug=\"karacsony2016-29\"\n\t\t\t\tclass=\"ngg-simplelightbox\" rel=\"6add0d6dc828dde1b6414ecf14623a0c\">\n\t\t\t\t<img\n\t\t\t\t\ttitle=\"karacsony2016-29\"\n\t\t\t\t\talt=\"karacsony2016-29\"\n\t\t\t\t\tsrc=\"https:\/\/www.aurin-choir.hu\/wp-content\/gallery\/varazslatos-karacsony-2016\/cache\/karacsony2016-29.jpg-nggid045687-ngg0dyn-325x225x100-00f0w010c011r110f110r010t010.jpg\"\n\t\t\t\t\twidth=\"325\"\n\t\t\t\t\theight=\"225\"\n\t\t\t\t\tstyle=\"max-width:100%;\"\n\t\t\t\t\/>\n\t\t\t<\/a>\n\t\t<\/div>\n\t\t\t\t\t\t\t<\/div> \n\t\t\t\n\t\t\t\t<div id=\"ngg-image-29\" class=\"ngg-gallery-thumbnail-box \n\t\t\t\t\t\t\t\t\t\t\t\" \n\t\t\t>\n\t\t\t\t\t\t<div class=\"ngg-gallery-thumbnail\">\n\t\t\t<a href=\"https:\/\/www.aurin-choir.hu\/wp-content\/gallery\/varazslatos-karacsony-2016\/karacsony2016-30.jpg\"\n\t\t\t\ttitle=\"\"\n\t\t\t\tdata-src=\"https:\/\/www.aurin-choir.hu\/wp-content\/gallery\/varazslatos-karacsony-2016\/karacsony2016-30.jpg\"\n\t\t\t\tdata-thumbnail=\"https:\/\/www.aurin-choir.hu\/wp-content\/gallery\/varazslatos-karacsony-2016\/thumbs\/thumbs_karacsony2016-30.jpg\"\n\t\t\t\tdata-image-id=\"1187\"\n\t\t\t\tdata-title=\"karacsony2016-30\"\n\t\t\t\tdata-description=\"\"\n\t\t\t\tdata-image-slug=\"karacsony2016-30\"\n\t\t\t\tclass=\"ngg-simplelightbox\" rel=\"6add0d6dc828dde1b6414ecf14623a0c\">\n\t\t\t\t<img\n\t\t\t\t\ttitle=\"karacsony2016-30\"\n\t\t\t\t\talt=\"karacsony2016-30\"\n\t\t\t\t\tsrc=\"https:\/\/www.aurin-choir.hu\/wp-content\/gallery\/varazslatos-karacsony-2016\/cache\/karacsony2016-30.jpg-nggid041187-ngg0dyn-325x225x100-00f0w010c011r110f110r010t010.jpg\"\n\t\t\t\t\twidth=\"325\"\n\t\t\t\t\theight=\"225\"\n\t\t\t\t\tstyle=\"max-width:100%;\"\n\t\t\t\t\/>\n\t\t\t<\/a>\n\t\t<\/div>\n\t\t\t\t\t\t\t<\/div> \n\t\t\t\n\t\t\t\t<div id=\"ngg-image-30\" class=\"ngg-gallery-thumbnail-box \n\t\t\t\t\t\t\t\t\t\t\t\" \n\t\t\t>\n\t\t\t\t\t\t<div class=\"ngg-gallery-thumbnail\">\n\t\t\t<a href=\"https:\/\/www.aurin-choir.hu\/wp-content\/gallery\/varazslatos-karacsony-2016\/karacsony2016-31.jpg\"\n\t\t\t\ttitle=\"\"\n\t\t\t\tdata-src=\"https:\/\/www.aurin-choir.hu\/wp-content\/gallery\/varazslatos-karacsony-2016\/karacsony2016-31.jpg\"\n\t\t\t\tdata-thumbnail=\"https:\/\/www.aurin-choir.hu\/wp-content\/gallery\/varazslatos-karacsony-2016\/thumbs\/thumbs_karacsony2016-31.jpg\"\n\t\t\t\tdata-image-id=\"1188\"\n\t\t\t\tdata-title=\"karacsony2016-31\"\n\t\t\t\tdata-description=\"\"\n\t\t\t\tdata-image-slug=\"karacsony2016-31\"\n\t\t\t\tclass=\"ngg-simplelightbox\" rel=\"6add0d6dc828dde1b6414ecf14623a0c\">\n\t\t\t\t<img\n\t\t\t\t\ttitle=\"karacsony2016-31\"\n\t\t\t\t\talt=\"karacsony2016-31\"\n\t\t\t\t\tsrc=\"https:\/\/www.aurin-choir.hu\/wp-content\/gallery\/varazslatos-karacsony-2016\/cache\/karacsony2016-31.jpg-nggid041188-ngg0dyn-325x225x100-00f0w010c011r110f110r010t010.jpg\"\n\t\t\t\t\twidth=\"325\"\n\t\t\t\t\theight=\"225\"\n\t\t\t\t\tstyle=\"max-width:100%;\"\n\t\t\t\t\/>\n\t\t\t<\/a>\n\t\t<\/div>\n\t\t\t\t\t\t\t<\/div> \n\t\t\t\n\t\t\t\t<div id=\"ngg-image-31\" class=\"ngg-gallery-thumbnail-box \n\t\t\t\t\t\t\t\t\t\t\t\" \n\t\t\t>\n\t\t\t\t\t\t<div class=\"ngg-gallery-thumbnail\">\n\t\t\t<a href=\"https:\/\/www.aurin-choir.hu\/wp-content\/gallery\/varazslatos-karacsony-2016\/karacsony2016-32.jpg\"\n\t\t\t\ttitle=\"\"\n\t\t\t\tdata-src=\"https:\/\/www.aurin-choir.hu\/wp-content\/gallery\/varazslatos-karacsony-2016\/karacsony2016-32.jpg\"\n\t\t\t\tdata-thumbnail=\"https:\/\/www.aurin-choir.hu\/wp-content\/gallery\/varazslatos-karacsony-2016\/thumbs\/thumbs_karacsony2016-32.jpg\"\n\t\t\t\tdata-image-id=\"1189\"\n\t\t\t\tdata-title=\"karacsony2016-32\"\n\t\t\t\tdata-description=\"\"\n\t\t\t\tdata-image-slug=\"karacsony2016-32\"\n\t\t\t\tclass=\"ngg-simplelightbox\" rel=\"6add0d6dc828dde1b6414ecf14623a0c\">\n\t\t\t\t<img\n\t\t\t\t\ttitle=\"karacsony2016-32\"\n\t\t\t\t\talt=\"karacsony2016-32\"\n\t\t\t\t\tsrc=\"https:\/\/www.aurin-choir.hu\/wp-content\/gallery\/varazslatos-karacsony-2016\/cache\/karacsony2016-32.jpg-nggid041189-ngg0dyn-325x225x100-00f0w010c011r110f110r010t010.jpg\"\n\t\t\t\t\twidth=\"325\"\n\t\t\t\t\theight=\"225\"\n\t\t\t\t\tstyle=\"max-width:100%;\"\n\t\t\t\t\/>\n\t\t\t<\/a>\n\t\t<\/div>\n\t\t\t\t\t\t\t<\/div> \n\t\t\t\n\t\t\t\t<div id=\"ngg-image-32\" class=\"ngg-gallery-thumbnail-box \n\t\t\t\t\t\t\t\t\t\t\t\" \n\t\t\t>\n\t\t\t\t\t\t<div class=\"ngg-gallery-thumbnail\">\n\t\t\t<a href=\"https:\/\/www.aurin-choir.hu\/wp-content\/gallery\/varazslatos-karacsony-2016\/karacsony2016-33.jpg\"\n\t\t\t\ttitle=\"\"\n\t\t\t\tdata-src=\"https:\/\/www.aurin-choir.hu\/wp-content\/gallery\/varazslatos-karacsony-2016\/karacsony2016-33.jpg\"\n\t\t\t\tdata-thumbnail=\"https:\/\/www.aurin-choir.hu\/wp-content\/gallery\/varazslatos-karacsony-2016\/thumbs\/thumbs_karacsony2016-33.jpg\"\n\t\t\t\tdata-image-id=\"1190\"\n\t\t\t\tdata-title=\"karacsony2016-33\"\n\t\t\t\tdata-description=\"\"\n\t\t\t\tdata-image-slug=\"karacsony2016-33\"\n\t\t\t\tclass=\"ngg-simplelightbox\" rel=\"6add0d6dc828dde1b6414ecf14623a0c\">\n\t\t\t\t<img\n\t\t\t\t\ttitle=\"karacsony2016-33\"\n\t\t\t\t\talt=\"karacsony2016-33\"\n\t\t\t\t\tsrc=\"https:\/\/www.aurin-choir.hu\/wp-content\/gallery\/varazslatos-karacsony-2016\/cache\/karacsony2016-33.jpg-nggid041190-ngg0dyn-325x225x100-00f0w010c011r110f110r010t010.jpg\"\n\t\t\t\t\twidth=\"325\"\n\t\t\t\t\theight=\"225\"\n\t\t\t\t\tstyle=\"max-width:100%;\"\n\t\t\t\t\/>\n\t\t\t<\/a>\n\t\t<\/div>\n\t\t\t\t\t\t\t<\/div> \n\t\t\t\n\t\t\t\t<div id=\"ngg-image-33\" class=\"ngg-gallery-thumbnail-box \n\t\t\t\t\t\t\t\t\t\t\t\" \n\t\t\t>\n\t\t\t\t\t\t<div class=\"ngg-gallery-thumbnail\">\n\t\t\t<a href=\"https:\/\/www.aurin-choir.hu\/wp-content\/gallery\/varazslatos-karacsony-2016\/karacsony2016-34.jpg\"\n\t\t\t\ttitle=\"\"\n\t\t\t\tdata-src=\"https:\/\/www.aurin-choir.hu\/wp-content\/gallery\/varazslatos-karacsony-2016\/karacsony2016-34.jpg\"\n\t\t\t\tdata-thumbnail=\"https:\/\/www.aurin-choir.hu\/wp-content\/gallery\/varazslatos-karacsony-2016\/thumbs\/thumbs_karacsony2016-34.jpg\"\n\t\t\t\tdata-image-id=\"1191\"\n\t\t\t\tdata-title=\"karacsony2016-34\"\n\t\t\t\tdata-description=\"\"\n\t\t\t\tdata-image-slug=\"karacsony2016-34\"\n\t\t\t\tclass=\"ngg-simplelightbox\" rel=\"6add0d6dc828dde1b6414ecf14623a0c\">\n\t\t\t\t<img\n\t\t\t\t\ttitle=\"karacsony2016-34\"\n\t\t\t\t\talt=\"karacsony2016-34\"\n\t\t\t\t\tsrc=\"https:\/\/www.aurin-choir.hu\/wp-content\/gallery\/varazslatos-karacsony-2016\/cache\/karacsony2016-34.jpg-nggid041191-ngg0dyn-325x225x100-00f0w010c011r110f110r010t010.jpg\"\n\t\t\t\t\twidth=\"325\"\n\t\t\t\t\theight=\"225\"\n\t\t\t\t\tstyle=\"max-width:100%;\"\n\t\t\t\t\/>\n\t\t\t<\/a>\n\t\t<\/div>\n\t\t\t\t\t\t\t<\/div> \n\t\t\t\n\t\t\t\t<div id=\"ngg-image-34\" class=\"ngg-gallery-thumbnail-box \n\t\t\t\t\t\t\t\t\t\t\t\" \n\t\t\t>\n\t\t\t\t\t\t<div class=\"ngg-gallery-thumbnail\">\n\t\t\t<a href=\"https:\/\/www.aurin-choir.hu\/wp-content\/gallery\/varazslatos-karacsony-2016\/karacsony2016-35.jpg\"\n\t\t\t\ttitle=\"\"\n\t\t\t\tdata-src=\"https:\/\/www.aurin-choir.hu\/wp-content\/gallery\/varazslatos-karacsony-2016\/karacsony2016-35.jpg\"\n\t\t\t\tdata-thumbnail=\"https:\/\/www.aurin-choir.hu\/wp-content\/gallery\/varazslatos-karacsony-2016\/thumbs\/thumbs_karacsony2016-35.jpg\"\n\t\t\t\tdata-image-id=\"1192\"\n\t\t\t\tdata-title=\"karacsony2016-35\"\n\t\t\t\tdata-description=\"\"\n\t\t\t\tdata-image-slug=\"karacsony2016-35\"\n\t\t\t\tclass=\"ngg-simplelightbox\" rel=\"6add0d6dc828dde1b6414ecf14623a0c\">\n\t\t\t\t<img\n\t\t\t\t\ttitle=\"karacsony2016-35\"\n\t\t\t\t\talt=\"karacsony2016-35\"\n\t\t\t\t\tsrc=\"https:\/\/www.aurin-choir.hu\/wp-content\/gallery\/varazslatos-karacsony-2016\/cache\/karacsony2016-35.jpg-nggid041192-ngg0dyn-325x225x100-00f0w010c011r110f110r010t010.jpg\"\n\t\t\t\t\twidth=\"325\"\n\t\t\t\t\theight=\"225\"\n\t\t\t\t\tstyle=\"max-width:100%;\"\n\t\t\t\t\/>\n\t\t\t<\/a>\n\t\t<\/div>\n\t\t\t\t\t\t\t<\/div> \n\t\t\t\n\t\t\t\t<div id=\"ngg-image-35\" class=\"ngg-gallery-thumbnail-box \n\t\t\t\t\t\t\t\t\t\t\t\" \n\t\t\t>\n\t\t\t\t\t\t<div class=\"ngg-gallery-thumbnail\">\n\t\t\t<a href=\"https:\/\/www.aurin-choir.hu\/wp-content\/gallery\/varazslatos-karacsony-2016\/karacsony2016-36.jpg\"\n\t\t\t\ttitle=\"\"\n\t\t\t\tdata-src=\"https:\/\/www.aurin-choir.hu\/wp-content\/gallery\/varazslatos-karacsony-2016\/karacsony2016-36.jpg\"\n\t\t\t\tdata-thumbnail=\"https:\/\/www.aurin-choir.hu\/wp-content\/gallery\/varazslatos-karacsony-2016\/thumbs\/thumbs_karacsony2016-36.jpg\"\n\t\t\t\tdata-image-id=\"1193\"\n\t\t\t\tdata-title=\"karacsony2016-36\"\n\t\t\t\tdata-description=\"\"\n\t\t\t\tdata-image-slug=\"karacsony2016-36\"\n\t\t\t\tclass=\"ngg-simplelightbox\" rel=\"6add0d6dc828dde1b6414ecf14623a0c\">\n\t\t\t\t<img\n\t\t\t\t\ttitle=\"karacsony2016-36\"\n\t\t\t\t\talt=\"karacsony2016-36\"\n\t\t\t\t\tsrc=\"https:\/\/www.aurin-choir.hu\/wp-content\/gallery\/varazslatos-karacsony-2016\/cache\/karacsony2016-36.jpg-nggid041193-ngg0dyn-325x225x100-00f0w010c011r110f110r010t010.jpg\"\n\t\t\t\t\twidth=\"325\"\n\t\t\t\t\theight=\"225\"\n\t\t\t\t\tstyle=\"max-width:100%;\"\n\t\t\t\t\/>\n\t\t\t<\/a>\n\t\t<\/div>\n\t\t\t\t\t\t\t<\/div> \n\t\t\t\n\t\t\t\t<div id=\"ngg-image-36\" class=\"ngg-gallery-thumbnail-box \n\t\t\t\t\t\t\t\t\t\t\t\" \n\t\t\t>\n\t\t\t\t\t\t<div class=\"ngg-gallery-thumbnail\">\n\t\t\t<a href=\"https:\/\/www.aurin-choir.hu\/wp-content\/gallery\/varazslatos-karacsony-2016\/karacsony2016-37.jpg\"\n\t\t\t\ttitle=\"\"\n\t\t\t\tdata-src=\"https:\/\/www.aurin-choir.hu\/wp-content\/gallery\/varazslatos-karacsony-2016\/karacsony2016-37.jpg\"\n\t\t\t\tdata-thumbnail=\"https:\/\/www.aurin-choir.hu\/wp-content\/gallery\/varazslatos-karacsony-2016\/thumbs\/thumbs_karacsony2016-37.jpg\"\n\t\t\t\tdata-image-id=\"1194\"\n\t\t\t\tdata-title=\"karacsony2016-37\"\n\t\t\t\tdata-description=\"\"\n\t\t\t\tdata-image-slug=\"karacsony2016-37\"\n\t\t\t\tclass=\"ngg-simplelightbox\" rel=\"6add0d6dc828dde1b6414ecf14623a0c\">\n\t\t\t\t<img\n\t\t\t\t\ttitle=\"karacsony2016-37\"\n\t\t\t\t\talt=\"karacsony2016-37\"\n\t\t\t\t\tsrc=\"https:\/\/www.aurin-choir.hu\/wp-content\/gallery\/varazslatos-karacsony-2016\/cache\/karacsony2016-37.jpg-nggid041194-ngg0dyn-325x225x100-00f0w010c011r110f110r010t010.jpg\"\n\t\t\t\t\twidth=\"325\"\n\t\t\t\t\theight=\"225\"\n\t\t\t\t\tstyle=\"max-width:100%;\"\n\t\t\t\t\/>\n\t\t\t<\/a>\n\t\t<\/div>\n\t\t\t\t\t\t\t<\/div> \n\t\t\t\n\t\t\t\t<div id=\"ngg-image-37\" class=\"ngg-gallery-thumbnail-box \n\t\t\t\t\t\t\t\t\t\t\t\" \n\t\t\t>\n\t\t\t\t\t\t<div class=\"ngg-gallery-thumbnail\">\n\t\t\t<a href=\"https:\/\/www.aurin-choir.hu\/wp-content\/gallery\/varazslatos-karacsony-2016\/karacsony2016-38.jpg\"\n\t\t\t\ttitle=\"\"\n\t\t\t\tdata-src=\"https:\/\/www.aurin-choir.hu\/wp-content\/gallery\/varazslatos-karacsony-2016\/karacsony2016-38.jpg\"\n\t\t\t\tdata-thumbnail=\"https:\/\/www.aurin-choir.hu\/wp-content\/gallery\/varazslatos-karacsony-2016\/thumbs\/thumbs_karacsony2016-38.jpg\"\n\t\t\t\tdata-image-id=\"1195\"\n\t\t\t\tdata-title=\"karacsony2016-38\"\n\t\t\t\tdata-description=\"\"\n\t\t\t\tdata-image-slug=\"karacsony2016-38\"\n\t\t\t\tclass=\"ngg-simplelightbox\" rel=\"6add0d6dc828dde1b6414ecf14623a0c\">\n\t\t\t\t<img\n\t\t\t\t\ttitle=\"karacsony2016-38\"\n\t\t\t\t\talt=\"karacsony2016-38\"\n\t\t\t\t\tsrc=\"https:\/\/www.aurin-choir.hu\/wp-content\/gallery\/varazslatos-karacsony-2016\/cache\/karacsony2016-38.jpg-nggid041195-ngg0dyn-325x225x100-00f0w010c011r110f110r010t010.jpg\"\n\t\t\t\t\twidth=\"325\"\n\t\t\t\t\theight=\"225\"\n\t\t\t\t\tstyle=\"max-width:100%;\"\n\t\t\t\t\/>\n\t\t\t<\/a>\n\t\t<\/div>\n\t\t\t\t\t\t\t<\/div> \n\t\t\t\n\t\t\t\t<div id=\"ngg-image-38\" class=\"ngg-gallery-thumbnail-box \n\t\t\t\t\t\t\t\t\t\t\t\" \n\t\t\t>\n\t\t\t\t\t\t<div class=\"ngg-gallery-thumbnail\">\n\t\t\t<a href=\"https:\/\/www.aurin-choir.hu\/wp-content\/gallery\/varazslatos-karacsony-2016\/karacsony2016-39.jpg\"\n\t\t\t\ttitle=\"\"\n\t\t\t\tdata-src=\"https:\/\/www.aurin-choir.hu\/wp-content\/gallery\/varazslatos-karacsony-2016\/karacsony2016-39.jpg\"\n\t\t\t\tdata-thumbnail=\"https:\/\/www.aurin-choir.hu\/wp-content\/gallery\/varazslatos-karacsony-2016\/thumbs\/thumbs_karacsony2016-39.jpg\"\n\t\t\t\tdata-image-id=\"1196\"\n\t\t\t\tdata-title=\"karacsony2016-39\"\n\t\t\t\tdata-description=\"\"\n\t\t\t\tdata-image-slug=\"karacsony2016-39\"\n\t\t\t\tclass=\"ngg-simplelightbox\" rel=\"6add0d6dc828dde1b6414ecf14623a0c\">\n\t\t\t\t<img\n\t\t\t\t\ttitle=\"karacsony2016-39\"\n\t\t\t\t\talt=\"karacsony2016-39\"\n\t\t\t\t\tsrc=\"https:\/\/www.aurin-choir.hu\/wp-content\/gallery\/varazslatos-karacsony-2016\/cache\/karacsony2016-39.jpg-nggid041196-ngg0dyn-325x225x100-00f0w010c011r110f110r010t010.jpg\"\n\t\t\t\t\twidth=\"325\"\n\t\t\t\t\theight=\"225\"\n\t\t\t\t\tstyle=\"max-width:100%;\"\n\t\t\t\t\/>\n\t\t\t<\/a>\n\t\t<\/div>\n\t\t\t\t\t\t\t<\/div> \n\t\t\t\n\t\n\t<br style=\"clear: both\" \/>\n\n\t\n\t\t<!-- Pagination -->\n\t\t<div class='ngg-clear'><\/div>\t<\/div>\n<\/p>\n","protected":false},"author":1,"featured_media":6687,"comment_status":"closed","ping_status":"closed","template":"","meta":{"_et_pb_use_builder":"on","_et_pb_old_content":"","_et_gb_content_width":"","ngg_post_thumbnail":0,"footnotes":""},"project_category":[113,101,100,103,111],"project_tag":[],"class_list":["post-17629","project","type-project","status-publish","has-post-thumbnail","hentry","project_category-2016-en","project_category-aurin-noikar-en","project_category-aurin-leanykar-en","project_category-miraculum-gyermekkorus-en","project_category-somnium-laude-kamarakorus-en"],"yoast_head":"<!-- This site is optimized with the Yoast SEO plugin v26.0 - https:\/\/yoast.com\/wordpress\/plugins\/seo\/ -->\n<title>Var\u00e1zslatos Kar\u00e1csony 2016 - Aurin - Miraculum<\/title>\n<meta name=\"robots\" content=\"index, follow, max-snippet:-1, max-image-preview:large, max-video-preview:-1\" \/>\n<link rel=\"canonical\" href=\"https:\/\/www.aurin-choir.hu\/project\/varazslatos-karacsony-2016\/\" \/>\n<meta property=\"og:locale\" content=\"en_US\" \/>\n<meta property=\"og:type\" content=\"article\" \/>\n<meta property=\"og:title\" content=\"Var\u00e1zslatos Kar\u00e1csony 2016 - Aurin - Miraculum\" \/>\n<meta property=\"og:description\" content=\"Var\u00e1zslatos Kar\u00e1csony 2016 Nagytemplom, Kecskem\u00e9t\" \/>\n<meta property=\"og:url\" content=\"https:\/\/www.aurin-choir.hu\/project\/varazslatos-karacsony-2016\/\" \/>\n<meta property=\"og:site_name\" content=\"Aurin - Miraculum\" \/>\n<meta property=\"article:publisher\" content=\"https:\/\/www.facebook.com\/aurinchoir\" \/>\n<meta property=\"article:modified_time\" content=\"2025-04-07T16:22:44+00:00\" \/>\n<meta property=\"og:image\" content=\"https:\/\/www.aurin-choir.hu\/wp-content\/uploads\/2020\/03\/karacsony2016-32.jpg\" \/>\n\t<meta property=\"og:image:width\" content=\"730\" \/>\n\t<meta property=\"og:image:height\" content=\"485\" \/>\n\t<meta property=\"og:image:type\" content=\"image\/jpeg\" \/>\n<meta name=\"twitter:card\" content=\"summary_large_image\" \/>\n<meta name=\"twitter:label1\" content=\"Est. reading time\" \/>\n\t<meta name=\"twitter:data1\" content=\"1 minute\" \/>\n<script type=\"application\/ld+json\" class=\"yoast-schema-graph\">{\"@context\":\"https:\/\/schema.org\",\"@graph\":[{\"@type\":\"WebPage\",\"@id\":\"https:\/\/www.aurin-choir.hu\/project\/varazslatos-karacsony-2016\/\",\"url\":\"https:\/\/www.aurin-choir.hu\/project\/varazslatos-karacsony-2016\/\",\"name\":\"Var\u00e1zslatos Kar\u00e1csony 2016 - Aurin - Miraculum\",\"isPartOf\":{\"@id\":\"https:\/\/www.aurin-choir.hu\/#website\"},\"primaryImageOfPage\":{\"@id\":\"https:\/\/www.aurin-choir.hu\/project\/varazslatos-karacsony-2016\/#primaryimage\"},\"image\":{\"@id\":\"https:\/\/www.aurin-choir.hu\/project\/varazslatos-karacsony-2016\/#primaryimage\"},\"thumbnailUrl\":\"https:\/\/www.aurin-choir.hu\/wp-content\/uploads\/2020\/03\/karacsony2016-32.jpg\",\"datePublished\":\"2016-12-23T14:41:28+00:00\",\"dateModified\":\"2025-04-07T16:22:44+00:00\",\"breadcrumb\":{\"@id\":\"https:\/\/www.aurin-choir.hu\/project\/varazslatos-karacsony-2016\/#breadcrumb\"},\"inLanguage\":\"en-US\",\"potentialAction\":[{\"@type\":\"ReadAction\",\"target\":[\"https:\/\/www.aurin-choir.hu\/project\/varazslatos-karacsony-2016\/\"]}]},{\"@type\":\"ImageObject\",\"inLanguage\":\"en-US\",\"@id\":\"https:\/\/www.aurin-choir.hu\/project\/varazslatos-karacsony-2016\/#primaryimage\",\"url\":\"https:\/\/www.aurin-choir.hu\/wp-content\/uploads\/2020\/03\/karacsony2016-32.jpg\",\"contentUrl\":\"https:\/\/www.aurin-choir.hu\/wp-content\/uploads\/2020\/03\/karacsony2016-32.jpg\",\"width\":730,\"height\":485},{\"@type\":\"BreadcrumbList\",\"@id\":\"https:\/\/www.aurin-choir.hu\/project\/varazslatos-karacsony-2016\/#breadcrumb\",\"itemListElement\":[{\"@type\":\"ListItem\",\"position\":1,\"name\":\"Kezd\u0151lap\",\"item\":\"https:\/\/www.aurin-choir.hu\/en\/\"},{\"@type\":\"ListItem\",\"position\":2,\"name\":\"Projektek\",\"item\":\"https:\/\/www.aurin-choir.hu\/project\/\"},{\"@type\":\"ListItem\",\"position\":3,\"name\":\"Var\u00e1zslatos Kar\u00e1csony 2016\"}]},{\"@type\":\"WebSite\",\"@id\":\"https:\/\/www.aurin-choir.hu\/#website\",\"url\":\"https:\/\/www.aurin-choir.hu\/\",\"name\":\"Aurin - Miraculum\",\"description\":\"Aurin - Miraculum\",\"publisher\":{\"@id\":\"https:\/\/www.aurin-choir.hu\/#organization\"},\"potentialAction\":[{\"@type\":\"SearchAction\",\"target\":{\"@type\":\"EntryPoint\",\"urlTemplate\":\"https:\/\/www.aurin-choir.hu\/?s={search_term_string}\"},\"query-input\":{\"@type\":\"PropertyValueSpecification\",\"valueRequired\":true,\"valueName\":\"search_term_string\"}}],\"inLanguage\":\"en-US\"},{\"@type\":\"Organization\",\"@id\":\"https:\/\/www.aurin-choir.hu\/#organization\",\"name\":\"Aurin \u00e9s Miraculum Alap\u00edtv\u00e1ny\",\"url\":\"https:\/\/www.aurin-choir.hu\/\",\"logo\":{\"@type\":\"ImageObject\",\"inLanguage\":\"en-US\",\"@id\":\"https:\/\/www.aurin-choir.hu\/#\/schema\/logo\/image\/\",\"url\":\"https:\/\/www.aurin-choir.hu\/wp-content\/uploads\/2024\/05\/logo_webre_evadzaro2-1.png\",\"contentUrl\":\"https:\/\/www.aurin-choir.hu\/wp-content\/uploads\/2024\/05\/logo_webre_evadzaro2-1.png\",\"width\":500,\"height\":515,\"caption\":\"Aurin \u00e9s Miraculum Alap\u00edtv\u00e1ny\"},\"image\":{\"@id\":\"https:\/\/www.aurin-choir.hu\/#\/schema\/logo\/image\/\"},\"sameAs\":[\"https:\/\/www.facebook.com\/aurinchoir\"]}]}<\/script>\n<!-- \/ Yoast SEO plugin. -->","yoast_head_json":{"title":"Var\u00e1zslatos Kar\u00e1csony 2016 - Aurin - Miraculum","robots":{"index":"index","follow":"follow","max-snippet":"max-snippet:-1","max-image-preview":"max-image-preview:large","max-video-preview":"max-video-preview:-1"},"canonical":"https:\/\/www.aurin-choir.hu\/project\/varazslatos-karacsony-2016\/","og_locale":"en_US","og_type":"article","og_title":"Var\u00e1zslatos Kar\u00e1csony 2016 - Aurin - Miraculum","og_description":"Var\u00e1zslatos Kar\u00e1csony 2016 Nagytemplom, Kecskem\u00e9t","og_url":"https:\/\/www.aurin-choir.hu\/project\/varazslatos-karacsony-2016\/","og_site_name":"Aurin - Miraculum","article_publisher":"https:\/\/www.facebook.com\/aurinchoir","article_modified_time":"2025-04-07T16:22:44+00:00","og_image":[{"width":730,"height":485,"url":"https:\/\/www.aurin-choir.hu\/wp-content\/uploads\/2020\/03\/karacsony2016-32.jpg","type":"image\/jpeg"}],"twitter_card":"summary_large_image","twitter_misc":{"Est. reading time":"1 minute"},"schema":{"@context":"https:\/\/schema.org","@graph":[{"@type":"WebPage","@id":"https:\/\/www.aurin-choir.hu\/project\/varazslatos-karacsony-2016\/","url":"https:\/\/www.aurin-choir.hu\/project\/varazslatos-karacsony-2016\/","name":"Var\u00e1zslatos Kar\u00e1csony 2016 - Aurin - Miraculum","isPartOf":{"@id":"https:\/\/www.aurin-choir.hu\/#website"},"primaryImageOfPage":{"@id":"https:\/\/www.aurin-choir.hu\/project\/varazslatos-karacsony-2016\/#primaryimage"},"image":{"@id":"https:\/\/www.aurin-choir.hu\/project\/varazslatos-karacsony-2016\/#primaryimage"},"thumbnailUrl":"https:\/\/www.aurin-choir.hu\/wp-content\/uploads\/2020\/03\/karacsony2016-32.jpg","datePublished":"2016-12-23T14:41:28+00:00","dateModified":"2025-04-07T16:22:44+00:00","breadcrumb":{"@id":"https:\/\/www.aurin-choir.hu\/project\/varazslatos-karacsony-2016\/#breadcrumb"},"inLanguage":"en-US","potentialAction":[{"@type":"ReadAction","target":["https:\/\/www.aurin-choir.hu\/project\/varazslatos-karacsony-2016\/"]}]},{"@type":"ImageObject","inLanguage":"en-US","@id":"https:\/\/www.aurin-choir.hu\/project\/varazslatos-karacsony-2016\/#primaryimage","url":"https:\/\/www.aurin-choir.hu\/wp-content\/uploads\/2020\/03\/karacsony2016-32.jpg","contentUrl":"https:\/\/www.aurin-choir.hu\/wp-content\/uploads\/2020\/03\/karacsony2016-32.jpg","width":730,"height":485},{"@type":"BreadcrumbList","@id":"https:\/\/www.aurin-choir.hu\/project\/varazslatos-karacsony-2016\/#breadcrumb","itemListElement":[{"@type":"ListItem","position":1,"name":"Kezd\u0151lap","item":"https:\/\/www.aurin-choir.hu\/en\/"},{"@type":"ListItem","position":2,"name":"Projektek","item":"https:\/\/www.aurin-choir.hu\/project\/"},{"@type":"ListItem","position":3,"name":"Var\u00e1zslatos Kar\u00e1csony 2016"}]},{"@type":"WebSite","@id":"https:\/\/www.aurin-choir.hu\/#website","url":"https:\/\/www.aurin-choir.hu\/","name":"Aurin - Miraculum","description":"Aurin - Miraculum","publisher":{"@id":"https:\/\/www.aurin-choir.hu\/#organization"},"potentialAction":[{"@type":"SearchAction","target":{"@type":"EntryPoint","urlTemplate":"https:\/\/www.aurin-choir.hu\/?s={search_term_string}"},"query-input":{"@type":"PropertyValueSpecification","valueRequired":true,"valueName":"search_term_string"}}],"inLanguage":"en-US"},{"@type":"Organization","@id":"https:\/\/www.aurin-choir.hu\/#organization","name":"Aurin \u00e9s Miraculum Alap\u00edtv\u00e1ny","url":"https:\/\/www.aurin-choir.hu\/","logo":{"@type":"ImageObject","inLanguage":"en-US","@id":"https:\/\/www.aurin-choir.hu\/#\/schema\/logo\/image\/","url":"https:\/\/www.aurin-choir.hu\/wp-content\/uploads\/2024\/05\/logo_webre_evadzaro2-1.png","contentUrl":"https:\/\/www.aurin-choir.hu\/wp-content\/uploads\/2024\/05\/logo_webre_evadzaro2-1.png","width":500,"height":515,"caption":"Aurin \u00e9s Miraculum Alap\u00edtv\u00e1ny"},"image":{"@id":"https:\/\/www.aurin-choir.hu\/#\/schema\/logo\/image\/"},"sameAs":["https:\/\/www.facebook.com\/aurinchoir"]}]}},"_links":{"self":[{"href":"https:\/\/www.aurin-choir.hu\/en\/wp-json\/wp\/v2\/project\/17629","targetHints":{"allow":["GET"]}}],"collection":[{"href":"https:\/\/www.aurin-choir.hu\/en\/wp-json\/wp\/v2\/project"}],"about":[{"href":"https:\/\/www.aurin-choir.hu\/en\/wp-json\/wp\/v2\/types\/project"}],"author":[{"embeddable":true,"href":"https:\/\/www.aurin-choir.hu\/en\/wp-json\/wp\/v2\/users\/1"}],"replies":[{"embeddable":true,"href":"https:\/\/www.aurin-choir.hu\/en\/wp-json\/wp\/v2\/comments?post=17629"}],"version-history":[{"count":1,"href":"https:\/\/www.aurin-choir.hu\/en\/wp-json\/wp\/v2\/project\/17629\/revisions"}],"predecessor-version":[{"id":17630,"href":"https:\/\/www.aurin-choir.hu\/en\/wp-json\/wp\/v2\/project\/17629\/revisions\/17630"}],"wp:featuredmedia":[{"embeddable":true,"href":"https:\/\/www.aurin-choir.hu\/en\/wp-json\/wp\/v2\/media\/6687"}],"wp:attachment":[{"href":"https:\/\/www.aurin-choir.hu\/en\/wp-json\/wp\/v2\/media?parent=17629"}],"wp:term":[{"taxonomy":"project_category","embeddable":true,"href":"https:\/\/www.aurin-choir.hu\/en\/wp-json\/wp\/v2\/project_category?post=17629"},{"taxonomy":"project_tag","embeddable":true,"href":"https:\/\/www.aurin-choir.hu\/en\/wp-json\/wp\/v2\/project_tag?post=17629"}],"curies":[{"name":"wp","href":"https:\/\/api.w.org\/{rel}","templated":true}]}}