{"id":17631,"date":"2016-12-15T13:33:02","date_gmt":"2016-12-15T13:33:02","guid":{"rendered":"https:\/\/www.aurin-choir.hu\/project\/adventi-koncert-2016\/"},"modified":"2025-04-07T16:23:17","modified_gmt":"2025-04-07T16:23:17","slug":"adventi-koncert-2016","status":"publish","type":"project","link":"https:\/\/www.aurin-choir.hu\/en\/project\/adventi-koncert-2016\/","title":{"rendered":"Adventi koncert 2016"},"content":{"rendered":"<p>[et_pb_section fb_built=&#8221;1&#8243; _builder_version=&#8221;4.27.4&#8243; _module_preset=&#8221;default&#8221; da_disable_devices=&#8221;off|off|off&#8221; locked=&#8221;off&#8221; global_colors_info=&#8221;{}&#8221; da_is_popup=&#8221;off&#8221; da_exit_intent=&#8221;off&#8221; da_has_close=&#8221;on&#8221; da_alt_close=&#8221;off&#8221; da_dark_close=&#8221;off&#8221; da_not_modal=&#8221;on&#8221; da_is_singular=&#8221;off&#8221; da_with_loader=&#8221;off&#8221; da_has_shadow=&#8221;on&#8221;][et_pb_row _builder_version=&#8221;4.27.4&#8243; _module_preset=&#8221;default&#8221; global_colors_info=&#8221;{}&#8221;][et_pb_column type=&#8221;4_4&#8243; _builder_version=&#8221;4.27.4&#8243; _module_preset=&#8221;default&#8221; global_colors_info=&#8221;{}&#8221;][et_pb_text _builder_version=&#8221;4.27.4&#8243; _module_preset=&#8221;default&#8221; text_font=&#8221;|600|||||||&#8221; header_font=&#8221;|700|||||||&#8221; header_font_size=&#8221;31px&#8221; header_2_font=&#8221;||on||||||&#8221; global_colors_info=&#8221;{}&#8221;]<\/p>\n<h1 class=\"entry-title\">Adventi koncert 2016<\/h1>\n<p><b><\/b><\/p>\n<p>J\u00f3zsefv\u00e1rosi Pl\u00e9b\u00e1nia, Budapest[\/et_pb_text][\/et_pb_column][\/et_pb_row][et_pb_row _builder_version=&#8221;4.27.4&#8243; _module_preset=&#8221;default&#8221; custom_padding=&#8221;0px||0px||false|false&#8221; global_colors_info=&#8221;{}&#8221;][et_pb_column type=&#8221;4_4&#8243; _builder_version=&#8221;4.27.4&#8243; _module_preset=&#8221;default&#8221; global_colors_info=&#8221;{}&#8221;][et_pb_text _builder_version=&#8221;4.27.4&#8243; _module_preset=&#8221;default&#8221; global_colors_info=&#8221;{}&#8221;]ngg_shortcode_0_placeholder[\/et_pb_text][\/et_pb_column][\/et_pb_row][\/et_pb_section]<\/p>\n","protected":false},"excerpt":{"rendered":"<p>Adventi koncert 2016 J\u00f3zsefv\u00e1rosi Pl\u00e9b\u00e1nia, Budapest<!-- default-view.php -->\n<div\n\tclass=\"ngg-galleryoverview default-view \n\t\t\"\n\tid=\"ngg-gallery-8c6c9086bad135b80dc3363db7652225-1\">\n\n\t\t<!-- Thumbnails -->\n\t\t\t\t<div id=\"ngg-image-0\" class=\"ngg-gallery-thumbnail-box \n\t\t\t\t\t\t\t\t\t\t\t\" \n\t\t\t>\n\t\t\t\t\t\t<div class=\"ngg-gallery-thumbnail\">\n\t\t\t<a href=\"https:\/\/www.aurin-choir.hu\/wp-content\/gallery\/karacsony-budapest-2016\/karacsony_bp2016-1.jpg\"\n\t\t\t\ttitle=\"\"\n\t\t\t\tdata-src=\"https:\/\/www.aurin-choir.hu\/wp-content\/gallery\/karacsony-budapest-2016\/karacsony_bp2016-1.jpg\"\n\t\t\t\tdata-thumbnail=\"https:\/\/www.aurin-choir.hu\/wp-content\/gallery\/karacsony-budapest-2016\/thumbs\/thumbs_karacsony_bp2016-1.jpg\"\n\t\t\t\tdata-image-id=\"1296\"\n\t\t\t\tdata-title=\"karacsony_bp2016-1\"\n\t\t\t\tdata-description=\"\"\n\t\t\t\tdata-image-slug=\"karacsony_bp2016-1\"\n\t\t\t\tclass=\"ngg-simplelightbox\" rel=\"8c6c9086bad135b80dc3363db7652225\">\n\t\t\t\t<img\n\t\t\t\t\ttitle=\"karacsony_bp2016-1\"\n\t\t\t\t\talt=\"karacsony_bp2016-1\"\n\t\t\t\t\tsrc=\"https:\/\/www.aurin-choir.hu\/wp-content\/gallery\/karacsony-budapest-2016\/cache\/karacsony_bp2016-1.jpg-nggid041296-ngg0dyn-325x225x100-00f0w010c011r110f110r010t010.jpg\"\n\t\t\t\t\twidth=\"325\"\n\t\t\t\t\theight=\"225\"\n\t\t\t\t\tstyle=\"max-width:100%;\"\n\t\t\t\t\/>\n\t\t\t<\/a>\n\t\t<\/div>\n\t\t\t\t\t\t\t<\/div> \n\t\t\t\n\t\t\t\t<div id=\"ngg-image-1\" class=\"ngg-gallery-thumbnail-box \n\t\t\t\t\t\t\t\t\t\t\t\" \n\t\t\t>\n\t\t\t\t\t\t<div class=\"ngg-gallery-thumbnail\">\n\t\t\t<a href=\"https:\/\/www.aurin-choir.hu\/wp-content\/gallery\/karacsony-budapest-2016\/karacsony_bp2016-2.jpg\"\n\t\t\t\ttitle=\"\"\n\t\t\t\tdata-src=\"https:\/\/www.aurin-choir.hu\/wp-content\/gallery\/karacsony-budapest-2016\/karacsony_bp2016-2.jpg\"\n\t\t\t\tdata-thumbnail=\"https:\/\/www.aurin-choir.hu\/wp-content\/gallery\/karacsony-budapest-2016\/thumbs\/thumbs_karacsony_bp2016-2.jpg\"\n\t\t\t\tdata-image-id=\"1297\"\n\t\t\t\tdata-title=\"karacsony_bp2016-2\"\n\t\t\t\tdata-description=\"\"\n\t\t\t\tdata-image-slug=\"karacsony_bp2016-2\"\n\t\t\t\tclass=\"ngg-simplelightbox\" rel=\"8c6c9086bad135b80dc3363db7652225\">\n\t\t\t\t<img\n\t\t\t\t\ttitle=\"karacsony_bp2016-2\"\n\t\t\t\t\talt=\"karacsony_bp2016-2\"\n\t\t\t\t\tsrc=\"https:\/\/www.aurin-choir.hu\/wp-content\/gallery\/karacsony-budapest-2016\/cache\/karacsony_bp2016-2.jpg-nggid041297-ngg0dyn-325x225x100-00f0w010c011r110f110r010t010.jpg\"\n\t\t\t\t\twidth=\"325\"\n\t\t\t\t\theight=\"225\"\n\t\t\t\t\tstyle=\"max-width:100%;\"\n\t\t\t\t\/>\n\t\t\t<\/a>\n\t\t<\/div>\n\t\t\t\t\t\t\t<\/div> \n\t\t\t\n\t\t\t\t<div id=\"ngg-image-2\" class=\"ngg-gallery-thumbnail-box \n\t\t\t\t\t\t\t\t\t\t\t\" \n\t\t\t>\n\t\t\t\t\t\t<div class=\"ngg-gallery-thumbnail\">\n\t\t\t<a href=\"https:\/\/www.aurin-choir.hu\/wp-content\/gallery\/karacsony-budapest-2016\/karacsony_bp2016-3.jpg\"\n\t\t\t\ttitle=\"\"\n\t\t\t\tdata-src=\"https:\/\/www.aurin-choir.hu\/wp-content\/gallery\/karacsony-budapest-2016\/karacsony_bp2016-3.jpg\"\n\t\t\t\tdata-thumbnail=\"https:\/\/www.aurin-choir.hu\/wp-content\/gallery\/karacsony-budapest-2016\/thumbs\/thumbs_karacsony_bp2016-3.jpg\"\n\t\t\t\tdata-image-id=\"1298\"\n\t\t\t\tdata-title=\"karacsony_bp2016-3\"\n\t\t\t\tdata-description=\"\"\n\t\t\t\tdata-image-slug=\"karacsony_bp2016-3\"\n\t\t\t\tclass=\"ngg-simplelightbox\" rel=\"8c6c9086bad135b80dc3363db7652225\">\n\t\t\t\t<img\n\t\t\t\t\ttitle=\"karacsony_bp2016-3\"\n\t\t\t\t\talt=\"karacsony_bp2016-3\"\n\t\t\t\t\tsrc=\"https:\/\/www.aurin-choir.hu\/wp-content\/gallery\/karacsony-budapest-2016\/cache\/karacsony_bp2016-3.jpg-nggid041298-ngg0dyn-325x225x100-00f0w010c011r110f110r010t010.jpg\"\n\t\t\t\t\twidth=\"325\"\n\t\t\t\t\theight=\"225\"\n\t\t\t\t\tstyle=\"max-width:100%;\"\n\t\t\t\t\/>\n\t\t\t<\/a>\n\t\t<\/div>\n\t\t\t\t\t\t\t<\/div> \n\t\t\t\n\t\t\t\t<div id=\"ngg-image-3\" class=\"ngg-gallery-thumbnail-box \n\t\t\t\t\t\t\t\t\t\t\t\" \n\t\t\t>\n\t\t\t\t\t\t<div class=\"ngg-gallery-thumbnail\">\n\t\t\t<a href=\"https:\/\/www.aurin-choir.hu\/wp-content\/gallery\/karacsony-budapest-2016\/karacsony_bp2016-4.jpg\"\n\t\t\t\ttitle=\"\"\n\t\t\t\tdata-src=\"https:\/\/www.aurin-choir.hu\/wp-content\/gallery\/karacsony-budapest-2016\/karacsony_bp2016-4.jpg\"\n\t\t\t\tdata-thumbnail=\"https:\/\/www.aurin-choir.hu\/wp-content\/gallery\/karacsony-budapest-2016\/thumbs\/thumbs_karacsony_bp2016-4.jpg\"\n\t\t\t\tdata-image-id=\"1299\"\n\t\t\t\tdata-title=\"karacsony_bp2016-4\"\n\t\t\t\tdata-description=\"\"\n\t\t\t\tdata-image-slug=\"karacsony_bp2016-4\"\n\t\t\t\tclass=\"ngg-simplelightbox\" rel=\"8c6c9086bad135b80dc3363db7652225\">\n\t\t\t\t<img\n\t\t\t\t\ttitle=\"karacsony_bp2016-4\"\n\t\t\t\t\talt=\"karacsony_bp2016-4\"\n\t\t\t\t\tsrc=\"https:\/\/www.aurin-choir.hu\/wp-content\/gallery\/karacsony-budapest-2016\/cache\/karacsony_bp2016-4.jpg-nggid041299-ngg0dyn-325x225x100-00f0w010c011r110f110r010t010.jpg\"\n\t\t\t\t\twidth=\"325\"\n\t\t\t\t\theight=\"225\"\n\t\t\t\t\tstyle=\"max-width:100%;\"\n\t\t\t\t\/>\n\t\t\t<\/a>\n\t\t<\/div>\n\t\t\t\t\t\t\t<\/div> \n\t\t\t\n\t\t\t\t<div id=\"ngg-image-4\" class=\"ngg-gallery-thumbnail-box \n\t\t\t\t\t\t\t\t\t\t\t\" \n\t\t\t>\n\t\t\t\t\t\t<div class=\"ngg-gallery-thumbnail\">\n\t\t\t<a href=\"https:\/\/www.aurin-choir.hu\/wp-content\/gallery\/karacsony-budapest-2016\/karacsony_bp2016-5.jpg\"\n\t\t\t\ttitle=\"\"\n\t\t\t\tdata-src=\"https:\/\/www.aurin-choir.hu\/wp-content\/gallery\/karacsony-budapest-2016\/karacsony_bp2016-5.jpg\"\n\t\t\t\tdata-thumbnail=\"https:\/\/www.aurin-choir.hu\/wp-content\/gallery\/karacsony-budapest-2016\/thumbs\/thumbs_karacsony_bp2016-5.jpg\"\n\t\t\t\tdata-image-id=\"1300\"\n\t\t\t\tdata-title=\"karacsony_bp2016-5\"\n\t\t\t\tdata-description=\"\"\n\t\t\t\tdata-image-slug=\"karacsony_bp2016-5\"\n\t\t\t\tclass=\"ngg-simplelightbox\" rel=\"8c6c9086bad135b80dc3363db7652225\">\n\t\t\t\t<img\n\t\t\t\t\ttitle=\"karacsony_bp2016-5\"\n\t\t\t\t\talt=\"karacsony_bp2016-5\"\n\t\t\t\t\tsrc=\"https:\/\/www.aurin-choir.hu\/wp-content\/gallery\/karacsony-budapest-2016\/cache\/karacsony_bp2016-5.jpg-nggid041300-ngg0dyn-325x225x100-00f0w010c011r110f110r010t010.jpg\"\n\t\t\t\t\twidth=\"325\"\n\t\t\t\t\theight=\"225\"\n\t\t\t\t\tstyle=\"max-width:100%;\"\n\t\t\t\t\/>\n\t\t\t<\/a>\n\t\t<\/div>\n\t\t\t\t\t\t\t<\/div> \n\t\t\t\n\t\t\t\t<div id=\"ngg-image-5\" class=\"ngg-gallery-thumbnail-box \n\t\t\t\t\t\t\t\t\t\t\t\" \n\t\t\t>\n\t\t\t\t\t\t<div class=\"ngg-gallery-thumbnail\">\n\t\t\t<a href=\"https:\/\/www.aurin-choir.hu\/wp-content\/gallery\/karacsony-budapest-2016\/karacsony_bp2016-6.jpg\"\n\t\t\t\ttitle=\"\"\n\t\t\t\tdata-src=\"https:\/\/www.aurin-choir.hu\/wp-content\/gallery\/karacsony-budapest-2016\/karacsony_bp2016-6.jpg\"\n\t\t\t\tdata-thumbnail=\"https:\/\/www.aurin-choir.hu\/wp-content\/gallery\/karacsony-budapest-2016\/thumbs\/thumbs_karacsony_bp2016-6.jpg\"\n\t\t\t\tdata-image-id=\"1301\"\n\t\t\t\tdata-title=\"karacsony_bp2016-6\"\n\t\t\t\tdata-description=\"\"\n\t\t\t\tdata-image-slug=\"karacsony_bp2016-6\"\n\t\t\t\tclass=\"ngg-simplelightbox\" rel=\"8c6c9086bad135b80dc3363db7652225\">\n\t\t\t\t<img\n\t\t\t\t\ttitle=\"karacsony_bp2016-6\"\n\t\t\t\t\talt=\"karacsony_bp2016-6\"\n\t\t\t\t\tsrc=\"https:\/\/www.aurin-choir.hu\/wp-content\/gallery\/karacsony-budapest-2016\/cache\/karacsony_bp2016-6.jpg-nggid041301-ngg0dyn-325x225x100-00f0w010c011r110f110r010t010.jpg\"\n\t\t\t\t\twidth=\"325\"\n\t\t\t\t\theight=\"225\"\n\t\t\t\t\tstyle=\"max-width:100%;\"\n\t\t\t\t\/>\n\t\t\t<\/a>\n\t\t<\/div>\n\t\t\t\t\t\t\t<\/div> \n\t\t\t\n\t\t\t\t<div id=\"ngg-image-6\" class=\"ngg-gallery-thumbnail-box \n\t\t\t\t\t\t\t\t\t\t\t\" \n\t\t\t>\n\t\t\t\t\t\t<div class=\"ngg-gallery-thumbnail\">\n\t\t\t<a href=\"https:\/\/www.aurin-choir.hu\/wp-content\/gallery\/karacsony-budapest-2016\/karacsony_bp2016-7.jpg\"\n\t\t\t\ttitle=\"\"\n\t\t\t\tdata-src=\"https:\/\/www.aurin-choir.hu\/wp-content\/gallery\/karacsony-budapest-2016\/karacsony_bp2016-7.jpg\"\n\t\t\t\tdata-thumbnail=\"https:\/\/www.aurin-choir.hu\/wp-content\/gallery\/karacsony-budapest-2016\/thumbs\/thumbs_karacsony_bp2016-7.jpg\"\n\t\t\t\tdata-image-id=\"1302\"\n\t\t\t\tdata-title=\"karacsony_bp2016-7\"\n\t\t\t\tdata-description=\"\"\n\t\t\t\tdata-image-slug=\"karacsony_bp2016-7\"\n\t\t\t\tclass=\"ngg-simplelightbox\" rel=\"8c6c9086bad135b80dc3363db7652225\">\n\t\t\t\t<img\n\t\t\t\t\ttitle=\"karacsony_bp2016-7\"\n\t\t\t\t\talt=\"karacsony_bp2016-7\"\n\t\t\t\t\tsrc=\"https:\/\/www.aurin-choir.hu\/wp-content\/gallery\/karacsony-budapest-2016\/cache\/karacsony_bp2016-7.jpg-nggid041302-ngg0dyn-325x225x100-00f0w010c011r110f110r010t010.jpg\"\n\t\t\t\t\twidth=\"325\"\n\t\t\t\t\theight=\"225\"\n\t\t\t\t\tstyle=\"max-width:100%;\"\n\t\t\t\t\/>\n\t\t\t<\/a>\n\t\t<\/div>\n\t\t\t\t\t\t\t<\/div> \n\t\t\t\n\t\t\t\t<div id=\"ngg-image-7\" class=\"ngg-gallery-thumbnail-box \n\t\t\t\t\t\t\t\t\t\t\t\" \n\t\t\t>\n\t\t\t\t\t\t<div class=\"ngg-gallery-thumbnail\">\n\t\t\t<a href=\"https:\/\/www.aurin-choir.hu\/wp-content\/gallery\/karacsony-budapest-2016\/karacsony_bp2016-8.jpg\"\n\t\t\t\ttitle=\"\"\n\t\t\t\tdata-src=\"https:\/\/www.aurin-choir.hu\/wp-content\/gallery\/karacsony-budapest-2016\/karacsony_bp2016-8.jpg\"\n\t\t\t\tdata-thumbnail=\"https:\/\/www.aurin-choir.hu\/wp-content\/gallery\/karacsony-budapest-2016\/thumbs\/thumbs_karacsony_bp2016-8.jpg\"\n\t\t\t\tdata-image-id=\"1303\"\n\t\t\t\tdata-title=\"karacsony_bp2016-8\"\n\t\t\t\tdata-description=\"\"\n\t\t\t\tdata-image-slug=\"karacsony_bp2016-8\"\n\t\t\t\tclass=\"ngg-simplelightbox\" rel=\"8c6c9086bad135b80dc3363db7652225\">\n\t\t\t\t<img\n\t\t\t\t\ttitle=\"karacsony_bp2016-8\"\n\t\t\t\t\talt=\"karacsony_bp2016-8\"\n\t\t\t\t\tsrc=\"https:\/\/www.aurin-choir.hu\/wp-content\/gallery\/karacsony-budapest-2016\/cache\/karacsony_bp2016-8.jpg-nggid041303-ngg0dyn-325x225x100-00f0w010c011r110f110r010t010.jpg\"\n\t\t\t\t\twidth=\"325\"\n\t\t\t\t\theight=\"225\"\n\t\t\t\t\tstyle=\"max-width:100%;\"\n\t\t\t\t\/>\n\t\t\t<\/a>\n\t\t<\/div>\n\t\t\t\t\t\t\t<\/div> \n\t\t\t\n\t\t\t\t<div id=\"ngg-image-8\" class=\"ngg-gallery-thumbnail-box \n\t\t\t\t\t\t\t\t\t\t\t\" \n\t\t\t>\n\t\t\t\t\t\t<div class=\"ngg-gallery-thumbnail\">\n\t\t\t<a href=\"https:\/\/www.aurin-choir.hu\/wp-content\/gallery\/karacsony-budapest-2016\/karacsony_bp2016-9.jpg\"\n\t\t\t\ttitle=\"\"\n\t\t\t\tdata-src=\"https:\/\/www.aurin-choir.hu\/wp-content\/gallery\/karacsony-budapest-2016\/karacsony_bp2016-9.jpg\"\n\t\t\t\tdata-thumbnail=\"https:\/\/www.aurin-choir.hu\/wp-content\/gallery\/karacsony-budapest-2016\/thumbs\/thumbs_karacsony_bp2016-9.jpg\"\n\t\t\t\tdata-image-id=\"1304\"\n\t\t\t\tdata-title=\"karacsony_bp2016-9\"\n\t\t\t\tdata-description=\"\"\n\t\t\t\tdata-image-slug=\"karacsony_bp2016-9\"\n\t\t\t\tclass=\"ngg-simplelightbox\" rel=\"8c6c9086bad135b80dc3363db7652225\">\n\t\t\t\t<img\n\t\t\t\t\ttitle=\"karacsony_bp2016-9\"\n\t\t\t\t\talt=\"karacsony_bp2016-9\"\n\t\t\t\t\tsrc=\"https:\/\/www.aurin-choir.hu\/wp-content\/gallery\/karacsony-budapest-2016\/cache\/karacsony_bp2016-9.jpg-nggid041304-ngg0dyn-325x225x100-00f0w010c011r110f110r010t010.jpg\"\n\t\t\t\t\twidth=\"325\"\n\t\t\t\t\theight=\"225\"\n\t\t\t\t\tstyle=\"max-width:100%;\"\n\t\t\t\t\/>\n\t\t\t<\/a>\n\t\t<\/div>\n\t\t\t\t\t\t\t<\/div> \n\t\t\t\n\t\t\t\t<div id=\"ngg-image-9\" class=\"ngg-gallery-thumbnail-box \n\t\t\t\t\t\t\t\t\t\t\t\" \n\t\t\t>\n\t\t\t\t\t\t<div class=\"ngg-gallery-thumbnail\">\n\t\t\t<a href=\"https:\/\/www.aurin-choir.hu\/wp-content\/gallery\/karacsony-budapest-2016\/karacsony_bp2016-10.jpg\"\n\t\t\t\ttitle=\"\"\n\t\t\t\tdata-src=\"https:\/\/www.aurin-choir.hu\/wp-content\/gallery\/karacsony-budapest-2016\/karacsony_bp2016-10.jpg\"\n\t\t\t\tdata-thumbnail=\"https:\/\/www.aurin-choir.hu\/wp-content\/gallery\/karacsony-budapest-2016\/thumbs\/thumbs_karacsony_bp2016-10.jpg\"\n\t\t\t\tdata-image-id=\"1305\"\n\t\t\t\tdata-title=\"karacsony_bp2016-10\"\n\t\t\t\tdata-description=\"\"\n\t\t\t\tdata-image-slug=\"karacsony_bp2016-10\"\n\t\t\t\tclass=\"ngg-simplelightbox\" rel=\"8c6c9086bad135b80dc3363db7652225\">\n\t\t\t\t<img\n\t\t\t\t\ttitle=\"karacsony_bp2016-10\"\n\t\t\t\t\talt=\"karacsony_bp2016-10\"\n\t\t\t\t\tsrc=\"https:\/\/www.aurin-choir.hu\/wp-content\/gallery\/karacsony-budapest-2016\/cache\/karacsony_bp2016-10.jpg-nggid041305-ngg0dyn-325x225x100-00f0w010c011r110f110r010t010.jpg\"\n\t\t\t\t\twidth=\"325\"\n\t\t\t\t\theight=\"225\"\n\t\t\t\t\tstyle=\"max-width:100%;\"\n\t\t\t\t\/>\n\t\t\t<\/a>\n\t\t<\/div>\n\t\t\t\t\t\t\t<\/div> \n\t\t\t\n\t\t\t\t<div id=\"ngg-image-10\" class=\"ngg-gallery-thumbnail-box \n\t\t\t\t\t\t\t\t\t\t\t\" \n\t\t\t>\n\t\t\t\t\t\t<div class=\"ngg-gallery-thumbnail\">\n\t\t\t<a href=\"https:\/\/www.aurin-choir.hu\/wp-content\/gallery\/karacsony-budapest-2016\/karacsony_bp2016-11.jpg\"\n\t\t\t\ttitle=\"\"\n\t\t\t\tdata-src=\"https:\/\/www.aurin-choir.hu\/wp-content\/gallery\/karacsony-budapest-2016\/karacsony_bp2016-11.jpg\"\n\t\t\t\tdata-thumbnail=\"https:\/\/www.aurin-choir.hu\/wp-content\/gallery\/karacsony-budapest-2016\/thumbs\/thumbs_karacsony_bp2016-11.jpg\"\n\t\t\t\tdata-image-id=\"1306\"\n\t\t\t\tdata-title=\"karacsony_bp2016-11\"\n\t\t\t\tdata-description=\"\"\n\t\t\t\tdata-image-slug=\"karacsony_bp2016-11\"\n\t\t\t\tclass=\"ngg-simplelightbox\" rel=\"8c6c9086bad135b80dc3363db7652225\">\n\t\t\t\t<img\n\t\t\t\t\ttitle=\"karacsony_bp2016-11\"\n\t\t\t\t\talt=\"karacsony_bp2016-11\"\n\t\t\t\t\tsrc=\"https:\/\/www.aurin-choir.hu\/wp-content\/gallery\/karacsony-budapest-2016\/cache\/karacsony_bp2016-11.jpg-nggid041306-ngg0dyn-325x225x100-00f0w010c011r110f110r010t010.jpg\"\n\t\t\t\t\twidth=\"325\"\n\t\t\t\t\theight=\"225\"\n\t\t\t\t\tstyle=\"max-width:100%;\"\n\t\t\t\t\/>\n\t\t\t<\/a>\n\t\t<\/div>\n\t\t\t\t\t\t\t<\/div> \n\t\t\t\n\t\t\t\t<div id=\"ngg-image-11\" class=\"ngg-gallery-thumbnail-box \n\t\t\t\t\t\t\t\t\t\t\t\" \n\t\t\t>\n\t\t\t\t\t\t<div class=\"ngg-gallery-thumbnail\">\n\t\t\t<a href=\"https:\/\/www.aurin-choir.hu\/wp-content\/gallery\/karacsony-budapest-2016\/karacsony_bp2016-12.jpg\"\n\t\t\t\ttitle=\"\"\n\t\t\t\tdata-src=\"https:\/\/www.aurin-choir.hu\/wp-content\/gallery\/karacsony-budapest-2016\/karacsony_bp2016-12.jpg\"\n\t\t\t\tdata-thumbnail=\"https:\/\/www.aurin-choir.hu\/wp-content\/gallery\/karacsony-budapest-2016\/thumbs\/thumbs_karacsony_bp2016-12.jpg\"\n\t\t\t\tdata-image-id=\"1307\"\n\t\t\t\tdata-title=\"karacsony_bp2016-12\"\n\t\t\t\tdata-description=\"\"\n\t\t\t\tdata-image-slug=\"karacsony_bp2016-12\"\n\t\t\t\tclass=\"ngg-simplelightbox\" rel=\"8c6c9086bad135b80dc3363db7652225\">\n\t\t\t\t<img\n\t\t\t\t\ttitle=\"karacsony_bp2016-12\"\n\t\t\t\t\talt=\"karacsony_bp2016-12\"\n\t\t\t\t\tsrc=\"https:\/\/www.aurin-choir.hu\/wp-content\/gallery\/karacsony-budapest-2016\/cache\/karacsony_bp2016-12.jpg-nggid041307-ngg0dyn-325x225x100-00f0w010c011r110f110r010t010.jpg\"\n\t\t\t\t\twidth=\"325\"\n\t\t\t\t\theight=\"225\"\n\t\t\t\t\tstyle=\"max-width:100%;\"\n\t\t\t\t\/>\n\t\t\t<\/a>\n\t\t<\/div>\n\t\t\t\t\t\t\t<\/div> \n\t\t\t\n\t\t\t\t<div id=\"ngg-image-12\" class=\"ngg-gallery-thumbnail-box \n\t\t\t\t\t\t\t\t\t\t\t\" \n\t\t\t>\n\t\t\t\t\t\t<div class=\"ngg-gallery-thumbnail\">\n\t\t\t<a href=\"https:\/\/www.aurin-choir.hu\/wp-content\/gallery\/karacsony-budapest-2016\/karacsony_bp2016-13.jpg\"\n\t\t\t\ttitle=\"\"\n\t\t\t\tdata-src=\"https:\/\/www.aurin-choir.hu\/wp-content\/gallery\/karacsony-budapest-2016\/karacsony_bp2016-13.jpg\"\n\t\t\t\tdata-thumbnail=\"https:\/\/www.aurin-choir.hu\/wp-content\/gallery\/karacsony-budapest-2016\/thumbs\/thumbs_karacsony_bp2016-13.jpg\"\n\t\t\t\tdata-image-id=\"1308\"\n\t\t\t\tdata-title=\"karacsony_bp2016-13\"\n\t\t\t\tdata-description=\"\"\n\t\t\t\tdata-image-slug=\"karacsony_bp2016-13\"\n\t\t\t\tclass=\"ngg-simplelightbox\" rel=\"8c6c9086bad135b80dc3363db7652225\">\n\t\t\t\t<img\n\t\t\t\t\ttitle=\"karacsony_bp2016-13\"\n\t\t\t\t\talt=\"karacsony_bp2016-13\"\n\t\t\t\t\tsrc=\"https:\/\/www.aurin-choir.hu\/wp-content\/gallery\/karacsony-budapest-2016\/cache\/karacsony_bp2016-13.jpg-nggid041308-ngg0dyn-325x225x100-00f0w010c011r110f110r010t010.jpg\"\n\t\t\t\t\twidth=\"325\"\n\t\t\t\t\theight=\"225\"\n\t\t\t\t\tstyle=\"max-width:100%;\"\n\t\t\t\t\/>\n\t\t\t<\/a>\n\t\t<\/div>\n\t\t\t\t\t\t\t<\/div> \n\t\t\t\n\t\t\t\t<div id=\"ngg-image-13\" class=\"ngg-gallery-thumbnail-box \n\t\t\t\t\t\t\t\t\t\t\t\" \n\t\t\t>\n\t\t\t\t\t\t<div class=\"ngg-gallery-thumbnail\">\n\t\t\t<a href=\"https:\/\/www.aurin-choir.hu\/wp-content\/gallery\/karacsony-budapest-2016\/karacsony_bp2016-14.jpg\"\n\t\t\t\ttitle=\"\"\n\t\t\t\tdata-src=\"https:\/\/www.aurin-choir.hu\/wp-content\/gallery\/karacsony-budapest-2016\/karacsony_bp2016-14.jpg\"\n\t\t\t\tdata-thumbnail=\"https:\/\/www.aurin-choir.hu\/wp-content\/gallery\/karacsony-budapest-2016\/thumbs\/thumbs_karacsony_bp2016-14.jpg\"\n\t\t\t\tdata-image-id=\"1309\"\n\t\t\t\tdata-title=\"karacsony_bp2016-14\"\n\t\t\t\tdata-description=\"\"\n\t\t\t\tdata-image-slug=\"karacsony_bp2016-14\"\n\t\t\t\tclass=\"ngg-simplelightbox\" rel=\"8c6c9086bad135b80dc3363db7652225\">\n\t\t\t\t<img\n\t\t\t\t\ttitle=\"karacsony_bp2016-14\"\n\t\t\t\t\talt=\"karacsony_bp2016-14\"\n\t\t\t\t\tsrc=\"https:\/\/www.aurin-choir.hu\/wp-content\/gallery\/karacsony-budapest-2016\/cache\/karacsony_bp2016-14.jpg-nggid041309-ngg0dyn-325x225x100-00f0w010c011r110f110r010t010.jpg\"\n\t\t\t\t\twidth=\"325\"\n\t\t\t\t\theight=\"225\"\n\t\t\t\t\tstyle=\"max-width:100%;\"\n\t\t\t\t\/>\n\t\t\t<\/a>\n\t\t<\/div>\n\t\t\t\t\t\t\t<\/div> \n\t\t\t\n\t\t\t\t<div id=\"ngg-image-14\" class=\"ngg-gallery-thumbnail-box \n\t\t\t\t\t\t\t\t\t\t\t\" \n\t\t\t>\n\t\t\t\t\t\t<div class=\"ngg-gallery-thumbnail\">\n\t\t\t<a href=\"https:\/\/www.aurin-choir.hu\/wp-content\/gallery\/karacsony-budapest-2016\/karacsony_bp2016-15.jpg\"\n\t\t\t\ttitle=\"\"\n\t\t\t\tdata-src=\"https:\/\/www.aurin-choir.hu\/wp-content\/gallery\/karacsony-budapest-2016\/karacsony_bp2016-15.jpg\"\n\t\t\t\tdata-thumbnail=\"https:\/\/www.aurin-choir.hu\/wp-content\/gallery\/karacsony-budapest-2016\/thumbs\/thumbs_karacsony_bp2016-15.jpg\"\n\t\t\t\tdata-image-id=\"1310\"\n\t\t\t\tdata-title=\"karacsony_bp2016-15\"\n\t\t\t\tdata-description=\"\"\n\t\t\t\tdata-image-slug=\"karacsony_bp2016-15\"\n\t\t\t\tclass=\"ngg-simplelightbox\" rel=\"8c6c9086bad135b80dc3363db7652225\">\n\t\t\t\t<img\n\t\t\t\t\ttitle=\"karacsony_bp2016-15\"\n\t\t\t\t\talt=\"karacsony_bp2016-15\"\n\t\t\t\t\tsrc=\"https:\/\/www.aurin-choir.hu\/wp-content\/gallery\/karacsony-budapest-2016\/cache\/karacsony_bp2016-15.jpg-nggid041310-ngg0dyn-325x225x100-00f0w010c011r110f110r010t010.jpg\"\n\t\t\t\t\twidth=\"325\"\n\t\t\t\t\theight=\"225\"\n\t\t\t\t\tstyle=\"max-width:100%;\"\n\t\t\t\t\/>\n\t\t\t<\/a>\n\t\t<\/div>\n\t\t\t\t\t\t\t<\/div> \n\t\t\t\n\t\t\t\t<div id=\"ngg-image-15\" class=\"ngg-gallery-thumbnail-box \n\t\t\t\t\t\t\t\t\t\t\t\" \n\t\t\t>\n\t\t\t\t\t\t<div class=\"ngg-gallery-thumbnail\">\n\t\t\t<a href=\"https:\/\/www.aurin-choir.hu\/wp-content\/gallery\/karacsony-budapest-2016\/karacsony_bp2016-16.jpg\"\n\t\t\t\ttitle=\"\"\n\t\t\t\tdata-src=\"https:\/\/www.aurin-choir.hu\/wp-content\/gallery\/karacsony-budapest-2016\/karacsony_bp2016-16.jpg\"\n\t\t\t\tdata-thumbnail=\"https:\/\/www.aurin-choir.hu\/wp-content\/gallery\/karacsony-budapest-2016\/thumbs\/thumbs_karacsony_bp2016-16.jpg\"\n\t\t\t\tdata-image-id=\"1311\"\n\t\t\t\tdata-title=\"karacsony_bp2016-16\"\n\t\t\t\tdata-description=\"\"\n\t\t\t\tdata-image-slug=\"karacsony_bp2016-16\"\n\t\t\t\tclass=\"ngg-simplelightbox\" rel=\"8c6c9086bad135b80dc3363db7652225\">\n\t\t\t\t<img\n\t\t\t\t\ttitle=\"karacsony_bp2016-16\"\n\t\t\t\t\talt=\"karacsony_bp2016-16\"\n\t\t\t\t\tsrc=\"https:\/\/www.aurin-choir.hu\/wp-content\/gallery\/karacsony-budapest-2016\/cache\/karacsony_bp2016-16.jpg-nggid041311-ngg0dyn-325x225x100-00f0w010c011r110f110r010t010.jpg\"\n\t\t\t\t\twidth=\"325\"\n\t\t\t\t\theight=\"225\"\n\t\t\t\t\tstyle=\"max-width:100%;\"\n\t\t\t\t\/>\n\t\t\t<\/a>\n\t\t<\/div>\n\t\t\t\t\t\t\t<\/div> \n\t\t\t\n\t\t\t\t<div id=\"ngg-image-16\" class=\"ngg-gallery-thumbnail-box \n\t\t\t\t\t\t\t\t\t\t\t\" \n\t\t\t>\n\t\t\t\t\t\t<div class=\"ngg-gallery-thumbnail\">\n\t\t\t<a href=\"https:\/\/www.aurin-choir.hu\/wp-content\/gallery\/karacsony-budapest-2016\/karacsony_bp2016-17.jpg\"\n\t\t\t\ttitle=\"\"\n\t\t\t\tdata-src=\"https:\/\/www.aurin-choir.hu\/wp-content\/gallery\/karacsony-budapest-2016\/karacsony_bp2016-17.jpg\"\n\t\t\t\tdata-thumbnail=\"https:\/\/www.aurin-choir.hu\/wp-content\/gallery\/karacsony-budapest-2016\/thumbs\/thumbs_karacsony_bp2016-17.jpg\"\n\t\t\t\tdata-image-id=\"1312\"\n\t\t\t\tdata-title=\"karacsony_bp2016-17\"\n\t\t\t\tdata-description=\"\"\n\t\t\t\tdata-image-slug=\"karacsony_bp2016-17\"\n\t\t\t\tclass=\"ngg-simplelightbox\" rel=\"8c6c9086bad135b80dc3363db7652225\">\n\t\t\t\t<img\n\t\t\t\t\ttitle=\"karacsony_bp2016-17\"\n\t\t\t\t\talt=\"karacsony_bp2016-17\"\n\t\t\t\t\tsrc=\"https:\/\/www.aurin-choir.hu\/wp-content\/gallery\/karacsony-budapest-2016\/cache\/karacsony_bp2016-17.jpg-nggid041312-ngg0dyn-325x225x100-00f0w010c011r110f110r010t010.jpg\"\n\t\t\t\t\twidth=\"325\"\n\t\t\t\t\theight=\"225\"\n\t\t\t\t\tstyle=\"max-width:100%;\"\n\t\t\t\t\/>\n\t\t\t<\/a>\n\t\t<\/div>\n\t\t\t\t\t\t\t<\/div> \n\t\t\t\n\t\t\t\t<div id=\"ngg-image-17\" class=\"ngg-gallery-thumbnail-box \n\t\t\t\t\t\t\t\t\t\t\t\" \n\t\t\t>\n\t\t\t\t\t\t<div class=\"ngg-gallery-thumbnail\">\n\t\t\t<a href=\"https:\/\/www.aurin-choir.hu\/wp-content\/gallery\/karacsony-budapest-2016\/karacsony_bp2016-18.jpg\"\n\t\t\t\ttitle=\"\"\n\t\t\t\tdata-src=\"https:\/\/www.aurin-choir.hu\/wp-content\/gallery\/karacsony-budapest-2016\/karacsony_bp2016-18.jpg\"\n\t\t\t\tdata-thumbnail=\"https:\/\/www.aurin-choir.hu\/wp-content\/gallery\/karacsony-budapest-2016\/thumbs\/thumbs_karacsony_bp2016-18.jpg\"\n\t\t\t\tdata-image-id=\"1313\"\n\t\t\t\tdata-title=\"karacsony_bp2016-18\"\n\t\t\t\tdata-description=\"\"\n\t\t\t\tdata-image-slug=\"karacsony_bp2016-18\"\n\t\t\t\tclass=\"ngg-simplelightbox\" rel=\"8c6c9086bad135b80dc3363db7652225\">\n\t\t\t\t<img\n\t\t\t\t\ttitle=\"karacsony_bp2016-18\"\n\t\t\t\t\talt=\"karacsony_bp2016-18\"\n\t\t\t\t\tsrc=\"https:\/\/www.aurin-choir.hu\/wp-content\/gallery\/karacsony-budapest-2016\/cache\/karacsony_bp2016-18.jpg-nggid041313-ngg0dyn-325x225x100-00f0w010c011r110f110r010t010.jpg\"\n\t\t\t\t\twidth=\"325\"\n\t\t\t\t\theight=\"225\"\n\t\t\t\t\tstyle=\"max-width:100%;\"\n\t\t\t\t\/>\n\t\t\t<\/a>\n\t\t<\/div>\n\t\t\t\t\t\t\t<\/div> \n\t\t\t\n\t\t\t\t<div id=\"ngg-image-18\" class=\"ngg-gallery-thumbnail-box \n\t\t\t\t\t\t\t\t\t\t\t\" \n\t\t\t>\n\t\t\t\t\t\t<div class=\"ngg-gallery-thumbnail\">\n\t\t\t<a href=\"https:\/\/www.aurin-choir.hu\/wp-content\/gallery\/karacsony-budapest-2016\/karacsony_bp2016-19.jpg\"\n\t\t\t\ttitle=\"\"\n\t\t\t\tdata-src=\"https:\/\/www.aurin-choir.hu\/wp-content\/gallery\/karacsony-budapest-2016\/karacsony_bp2016-19.jpg\"\n\t\t\t\tdata-thumbnail=\"https:\/\/www.aurin-choir.hu\/wp-content\/gallery\/karacsony-budapest-2016\/thumbs\/thumbs_karacsony_bp2016-19.jpg\"\n\t\t\t\tdata-image-id=\"1314\"\n\t\t\t\tdata-title=\"karacsony_bp2016-19\"\n\t\t\t\tdata-description=\"\"\n\t\t\t\tdata-image-slug=\"karacsony_bp2016-19\"\n\t\t\t\tclass=\"ngg-simplelightbox\" rel=\"8c6c9086bad135b80dc3363db7652225\">\n\t\t\t\t<img\n\t\t\t\t\ttitle=\"karacsony_bp2016-19\"\n\t\t\t\t\talt=\"karacsony_bp2016-19\"\n\t\t\t\t\tsrc=\"https:\/\/www.aurin-choir.hu\/wp-content\/gallery\/karacsony-budapest-2016\/cache\/karacsony_bp2016-19.jpg-nggid041314-ngg0dyn-325x225x100-00f0w010c011r110f110r010t010.jpg\"\n\t\t\t\t\twidth=\"325\"\n\t\t\t\t\theight=\"225\"\n\t\t\t\t\tstyle=\"max-width:100%;\"\n\t\t\t\t\/>\n\t\t\t<\/a>\n\t\t<\/div>\n\t\t\t\t\t\t\t<\/div> \n\t\t\t\n\t\t\t\t<div id=\"ngg-image-19\" class=\"ngg-gallery-thumbnail-box \n\t\t\t\t\t\t\t\t\t\t\t\" \n\t\t\t>\n\t\t\t\t\t\t<div class=\"ngg-gallery-thumbnail\">\n\t\t\t<a href=\"https:\/\/www.aurin-choir.hu\/wp-content\/gallery\/karacsony-budapest-2016\/karacsony_bp2016-20.jpg\"\n\t\t\t\ttitle=\"\"\n\t\t\t\tdata-src=\"https:\/\/www.aurin-choir.hu\/wp-content\/gallery\/karacsony-budapest-2016\/karacsony_bp2016-20.jpg\"\n\t\t\t\tdata-thumbnail=\"https:\/\/www.aurin-choir.hu\/wp-content\/gallery\/karacsony-budapest-2016\/thumbs\/thumbs_karacsony_bp2016-20.jpg\"\n\t\t\t\tdata-image-id=\"1315\"\n\t\t\t\tdata-title=\"karacsony_bp2016-20\"\n\t\t\t\tdata-description=\"\"\n\t\t\t\tdata-image-slug=\"karacsony_bp2016-20\"\n\t\t\t\tclass=\"ngg-simplelightbox\" rel=\"8c6c9086bad135b80dc3363db7652225\">\n\t\t\t\t<img\n\t\t\t\t\ttitle=\"karacsony_bp2016-20\"\n\t\t\t\t\talt=\"karacsony_bp2016-20\"\n\t\t\t\t\tsrc=\"https:\/\/www.aurin-choir.hu\/wp-content\/gallery\/karacsony-budapest-2016\/cache\/karacsony_bp2016-20.jpg-nggid041315-ngg0dyn-325x225x100-00f0w010c011r110f110r010t010.jpg\"\n\t\t\t\t\twidth=\"325\"\n\t\t\t\t\theight=\"225\"\n\t\t\t\t\tstyle=\"max-width:100%;\"\n\t\t\t\t\/>\n\t\t\t<\/a>\n\t\t<\/div>\n\t\t\t\t\t\t\t<\/div> \n\t\t\t\n\t\t\t\t<div id=\"ngg-image-20\" class=\"ngg-gallery-thumbnail-box \n\t\t\t\t\t\t\t\t\t\t\t\" \n\t\t\t>\n\t\t\t\t\t\t<div class=\"ngg-gallery-thumbnail\">\n\t\t\t<a href=\"https:\/\/www.aurin-choir.hu\/wp-content\/gallery\/karacsony-budapest-2016\/karacsony_bp2016-21.jpg\"\n\t\t\t\ttitle=\"\"\n\t\t\t\tdata-src=\"https:\/\/www.aurin-choir.hu\/wp-content\/gallery\/karacsony-budapest-2016\/karacsony_bp2016-21.jpg\"\n\t\t\t\tdata-thumbnail=\"https:\/\/www.aurin-choir.hu\/wp-content\/gallery\/karacsony-budapest-2016\/thumbs\/thumbs_karacsony_bp2016-21.jpg\"\n\t\t\t\tdata-image-id=\"1316\"\n\t\t\t\tdata-title=\"karacsony_bp2016-21\"\n\t\t\t\tdata-description=\"\"\n\t\t\t\tdata-image-slug=\"karacsony_bp2016-21\"\n\t\t\t\tclass=\"ngg-simplelightbox\" rel=\"8c6c9086bad135b80dc3363db7652225\">\n\t\t\t\t<img\n\t\t\t\t\ttitle=\"karacsony_bp2016-21\"\n\t\t\t\t\talt=\"karacsony_bp2016-21\"\n\t\t\t\t\tsrc=\"https:\/\/www.aurin-choir.hu\/wp-content\/gallery\/karacsony-budapest-2016\/cache\/karacsony_bp2016-21.jpg-nggid041316-ngg0dyn-325x225x100-00f0w010c011r110f110r010t010.jpg\"\n\t\t\t\t\twidth=\"325\"\n\t\t\t\t\theight=\"225\"\n\t\t\t\t\tstyle=\"max-width:100%;\"\n\t\t\t\t\/>\n\t\t\t<\/a>\n\t\t<\/div>\n\t\t\t\t\t\t\t<\/div> \n\t\t\t\n\t\t\t\t<div id=\"ngg-image-21\" class=\"ngg-gallery-thumbnail-box \n\t\t\t\t\t\t\t\t\t\t\t\" \n\t\t\t>\n\t\t\t\t\t\t<div class=\"ngg-gallery-thumbnail\">\n\t\t\t<a href=\"https:\/\/www.aurin-choir.hu\/wp-content\/gallery\/karacsony-budapest-2016\/karacsony_bp2016-22.jpg\"\n\t\t\t\ttitle=\"\"\n\t\t\t\tdata-src=\"https:\/\/www.aurin-choir.hu\/wp-content\/gallery\/karacsony-budapest-2016\/karacsony_bp2016-22.jpg\"\n\t\t\t\tdata-thumbnail=\"https:\/\/www.aurin-choir.hu\/wp-content\/gallery\/karacsony-budapest-2016\/thumbs\/thumbs_karacsony_bp2016-22.jpg\"\n\t\t\t\tdata-image-id=\"1317\"\n\t\t\t\tdata-title=\"karacsony_bp2016-22\"\n\t\t\t\tdata-description=\"\"\n\t\t\t\tdata-image-slug=\"karacsony_bp2016-22\"\n\t\t\t\tclass=\"ngg-simplelightbox\" rel=\"8c6c9086bad135b80dc3363db7652225\">\n\t\t\t\t<img\n\t\t\t\t\ttitle=\"karacsony_bp2016-22\"\n\t\t\t\t\talt=\"karacsony_bp2016-22\"\n\t\t\t\t\tsrc=\"https:\/\/www.aurin-choir.hu\/wp-content\/gallery\/karacsony-budapest-2016\/cache\/karacsony_bp2016-22.jpg-nggid041317-ngg0dyn-325x225x100-00f0w010c011r110f110r010t010.jpg\"\n\t\t\t\t\twidth=\"325\"\n\t\t\t\t\theight=\"225\"\n\t\t\t\t\tstyle=\"max-width:100%;\"\n\t\t\t\t\/>\n\t\t\t<\/a>\n\t\t<\/div>\n\t\t\t\t\t\t\t<\/div> \n\t\t\t\n\t\t\t\t<div id=\"ngg-image-22\" class=\"ngg-gallery-thumbnail-box \n\t\t\t\t\t\t\t\t\t\t\t\" \n\t\t\t>\n\t\t\t\t\t\t<div class=\"ngg-gallery-thumbnail\">\n\t\t\t<a href=\"https:\/\/www.aurin-choir.hu\/wp-content\/gallery\/karacsony-budapest-2016\/karacsony_bp2016-23.jpg\"\n\t\t\t\ttitle=\"\"\n\t\t\t\tdata-src=\"https:\/\/www.aurin-choir.hu\/wp-content\/gallery\/karacsony-budapest-2016\/karacsony_bp2016-23.jpg\"\n\t\t\t\tdata-thumbnail=\"https:\/\/www.aurin-choir.hu\/wp-content\/gallery\/karacsony-budapest-2016\/thumbs\/thumbs_karacsony_bp2016-23.jpg\"\n\t\t\t\tdata-image-id=\"1318\"\n\t\t\t\tdata-title=\"karacsony_bp2016-23\"\n\t\t\t\tdata-description=\"\"\n\t\t\t\tdata-image-slug=\"karacsony_bp2016-23\"\n\t\t\t\tclass=\"ngg-simplelightbox\" rel=\"8c6c9086bad135b80dc3363db7652225\">\n\t\t\t\t<img\n\t\t\t\t\ttitle=\"karacsony_bp2016-23\"\n\t\t\t\t\talt=\"karacsony_bp2016-23\"\n\t\t\t\t\tsrc=\"https:\/\/www.aurin-choir.hu\/wp-content\/gallery\/karacsony-budapest-2016\/cache\/karacsony_bp2016-23.jpg-nggid041318-ngg0dyn-325x225x100-00f0w010c011r110f110r010t010.jpg\"\n\t\t\t\t\twidth=\"325\"\n\t\t\t\t\theight=\"225\"\n\t\t\t\t\tstyle=\"max-width:100%;\"\n\t\t\t\t\/>\n\t\t\t<\/a>\n\t\t<\/div>\n\t\t\t\t\t\t\t<\/div> \n\t\t\t\n\t\t\t\t<div id=\"ngg-image-23\" class=\"ngg-gallery-thumbnail-box \n\t\t\t\t\t\t\t\t\t\t\t\" \n\t\t\t>\n\t\t\t\t\t\t<div class=\"ngg-gallery-thumbnail\">\n\t\t\t<a href=\"https:\/\/www.aurin-choir.hu\/wp-content\/gallery\/karacsony-budapest-2016\/karacsony_bp2016-24.jpg\"\n\t\t\t\ttitle=\"\"\n\t\t\t\tdata-src=\"https:\/\/www.aurin-choir.hu\/wp-content\/gallery\/karacsony-budapest-2016\/karacsony_bp2016-24.jpg\"\n\t\t\t\tdata-thumbnail=\"https:\/\/www.aurin-choir.hu\/wp-content\/gallery\/karacsony-budapest-2016\/thumbs\/thumbs_karacsony_bp2016-24.jpg\"\n\t\t\t\tdata-image-id=\"1319\"\n\t\t\t\tdata-title=\"karacsony_bp2016-24\"\n\t\t\t\tdata-description=\"\"\n\t\t\t\tdata-image-slug=\"karacsony_bp2016-24\"\n\t\t\t\tclass=\"ngg-simplelightbox\" rel=\"8c6c9086bad135b80dc3363db7652225\">\n\t\t\t\t<img\n\t\t\t\t\ttitle=\"karacsony_bp2016-24\"\n\t\t\t\t\talt=\"karacsony_bp2016-24\"\n\t\t\t\t\tsrc=\"https:\/\/www.aurin-choir.hu\/wp-content\/gallery\/karacsony-budapest-2016\/cache\/karacsony_bp2016-24.jpg-nggid041319-ngg0dyn-325x225x100-00f0w010c011r110f110r010t010.jpg\"\n\t\t\t\t\twidth=\"325\"\n\t\t\t\t\theight=\"225\"\n\t\t\t\t\tstyle=\"max-width:100%;\"\n\t\t\t\t\/>\n\t\t\t<\/a>\n\t\t<\/div>\n\t\t\t\t\t\t\t<\/div> \n\t\t\t\n\t\t\t\t<div id=\"ngg-image-24\" class=\"ngg-gallery-thumbnail-box \n\t\t\t\t\t\t\t\t\t\t\t\" \n\t\t\t>\n\t\t\t\t\t\t<div class=\"ngg-gallery-thumbnail\">\n\t\t\t<a href=\"https:\/\/www.aurin-choir.hu\/wp-content\/gallery\/karacsony-budapest-2016\/karacsony_bp2016-25.jpg\"\n\t\t\t\ttitle=\"\"\n\t\t\t\tdata-src=\"https:\/\/www.aurin-choir.hu\/wp-content\/gallery\/karacsony-budapest-2016\/karacsony_bp2016-25.jpg\"\n\t\t\t\tdata-thumbnail=\"https:\/\/www.aurin-choir.hu\/wp-content\/gallery\/karacsony-budapest-2016\/thumbs\/thumbs_karacsony_bp2016-25.jpg\"\n\t\t\t\tdata-image-id=\"1320\"\n\t\t\t\tdata-title=\"karacsony_bp2016-25\"\n\t\t\t\tdata-description=\"\"\n\t\t\t\tdata-image-slug=\"karacsony_bp2016-25\"\n\t\t\t\tclass=\"ngg-simplelightbox\" rel=\"8c6c9086bad135b80dc3363db7652225\">\n\t\t\t\t<img\n\t\t\t\t\ttitle=\"karacsony_bp2016-25\"\n\t\t\t\t\talt=\"karacsony_bp2016-25\"\n\t\t\t\t\tsrc=\"https:\/\/www.aurin-choir.hu\/wp-content\/gallery\/karacsony-budapest-2016\/cache\/karacsony_bp2016-25.jpg-nggid041320-ngg0dyn-325x225x100-00f0w010c011r110f110r010t010.jpg\"\n\t\t\t\t\twidth=\"325\"\n\t\t\t\t\theight=\"225\"\n\t\t\t\t\tstyle=\"max-width:100%;\"\n\t\t\t\t\/>\n\t\t\t<\/a>\n\t\t<\/div>\n\t\t\t\t\t\t\t<\/div> \n\t\t\t\n\t\t\t\t<div id=\"ngg-image-25\" class=\"ngg-gallery-thumbnail-box \n\t\t\t\t\t\t\t\t\t\t\t\" \n\t\t\t>\n\t\t\t\t\t\t<div class=\"ngg-gallery-thumbnail\">\n\t\t\t<a href=\"https:\/\/www.aurin-choir.hu\/wp-content\/gallery\/karacsony-budapest-2016\/karacsony_bp2016-26.jpg\"\n\t\t\t\ttitle=\"\"\n\t\t\t\tdata-src=\"https:\/\/www.aurin-choir.hu\/wp-content\/gallery\/karacsony-budapest-2016\/karacsony_bp2016-26.jpg\"\n\t\t\t\tdata-thumbnail=\"https:\/\/www.aurin-choir.hu\/wp-content\/gallery\/karacsony-budapest-2016\/thumbs\/thumbs_karacsony_bp2016-26.jpg\"\n\t\t\t\tdata-image-id=\"1321\"\n\t\t\t\tdata-title=\"karacsony_bp2016-26\"\n\t\t\t\tdata-description=\"\"\n\t\t\t\tdata-image-slug=\"karacsony_bp2016-26\"\n\t\t\t\tclass=\"ngg-simplelightbox\" rel=\"8c6c9086bad135b80dc3363db7652225\">\n\t\t\t\t<img\n\t\t\t\t\ttitle=\"karacsony_bp2016-26\"\n\t\t\t\t\talt=\"karacsony_bp2016-26\"\n\t\t\t\t\tsrc=\"https:\/\/www.aurin-choir.hu\/wp-content\/gallery\/karacsony-budapest-2016\/cache\/karacsony_bp2016-26.jpg-nggid041321-ngg0dyn-325x225x100-00f0w010c011r110f110r010t010.jpg\"\n\t\t\t\t\twidth=\"325\"\n\t\t\t\t\theight=\"225\"\n\t\t\t\t\tstyle=\"max-width:100%;\"\n\t\t\t\t\/>\n\t\t\t<\/a>\n\t\t<\/div>\n\t\t\t\t\t\t\t<\/div> \n\t\t\t\n\t\t\t\t<div id=\"ngg-image-26\" class=\"ngg-gallery-thumbnail-box \n\t\t\t\t\t\t\t\t\t\t\t\" \n\t\t\t>\n\t\t\t\t\t\t<div class=\"ngg-gallery-thumbnail\">\n\t\t\t<a href=\"https:\/\/www.aurin-choir.hu\/wp-content\/gallery\/karacsony-budapest-2016\/karacsony_bp2016-27.jpg\"\n\t\t\t\ttitle=\"\"\n\t\t\t\tdata-src=\"https:\/\/www.aurin-choir.hu\/wp-content\/gallery\/karacsony-budapest-2016\/karacsony_bp2016-27.jpg\"\n\t\t\t\tdata-thumbnail=\"https:\/\/www.aurin-choir.hu\/wp-content\/gallery\/karacsony-budapest-2016\/thumbs\/thumbs_karacsony_bp2016-27.jpg\"\n\t\t\t\tdata-image-id=\"1322\"\n\t\t\t\tdata-title=\"karacsony_bp2016-27\"\n\t\t\t\tdata-description=\"\"\n\t\t\t\tdata-image-slug=\"karacsony_bp2016-27\"\n\t\t\t\tclass=\"ngg-simplelightbox\" rel=\"8c6c9086bad135b80dc3363db7652225\">\n\t\t\t\t<img\n\t\t\t\t\ttitle=\"karacsony_bp2016-27\"\n\t\t\t\t\talt=\"karacsony_bp2016-27\"\n\t\t\t\t\tsrc=\"https:\/\/www.aurin-choir.hu\/wp-content\/gallery\/karacsony-budapest-2016\/cache\/karacsony_bp2016-27.jpg-nggid041322-ngg0dyn-325x225x100-00f0w010c011r110f110r010t010.jpg\"\n\t\t\t\t\twidth=\"325\"\n\t\t\t\t\theight=\"225\"\n\t\t\t\t\tstyle=\"max-width:100%;\"\n\t\t\t\t\/>\n\t\t\t<\/a>\n\t\t<\/div>\n\t\t\t\t\t\t\t<\/div> \n\t\t\t\n\t\t\t\t<div id=\"ngg-image-27\" class=\"ngg-gallery-thumbnail-box \n\t\t\t\t\t\t\t\t\t\t\t\" \n\t\t\t>\n\t\t\t\t\t\t<div class=\"ngg-gallery-thumbnail\">\n\t\t\t<a href=\"https:\/\/www.aurin-choir.hu\/wp-content\/gallery\/karacsony-budapest-2016\/karacsony_bp2016-28.jpg\"\n\t\t\t\ttitle=\"\"\n\t\t\t\tdata-src=\"https:\/\/www.aurin-choir.hu\/wp-content\/gallery\/karacsony-budapest-2016\/karacsony_bp2016-28.jpg\"\n\t\t\t\tdata-thumbnail=\"https:\/\/www.aurin-choir.hu\/wp-content\/gallery\/karacsony-budapest-2016\/thumbs\/thumbs_karacsony_bp2016-28.jpg\"\n\t\t\t\tdata-image-id=\"1323\"\n\t\t\t\tdata-title=\"karacsony_bp2016-28\"\n\t\t\t\tdata-description=\"\"\n\t\t\t\tdata-image-slug=\"karacsony_bp2016-28\"\n\t\t\t\tclass=\"ngg-simplelightbox\" rel=\"8c6c9086bad135b80dc3363db7652225\">\n\t\t\t\t<img\n\t\t\t\t\ttitle=\"karacsony_bp2016-28\"\n\t\t\t\t\talt=\"karacsony_bp2016-28\"\n\t\t\t\t\tsrc=\"https:\/\/www.aurin-choir.hu\/wp-content\/gallery\/karacsony-budapest-2016\/cache\/karacsony_bp2016-28.jpg-nggid041323-ngg0dyn-325x225x100-00f0w010c011r110f110r010t010.jpg\"\n\t\t\t\t\twidth=\"325\"\n\t\t\t\t\theight=\"225\"\n\t\t\t\t\tstyle=\"max-width:100%;\"\n\t\t\t\t\/>\n\t\t\t<\/a>\n\t\t<\/div>\n\t\t\t\t\t\t\t<\/div> \n\t\t\t\n\t\t\t\t<div id=\"ngg-image-28\" class=\"ngg-gallery-thumbnail-box \n\t\t\t\t\t\t\t\t\t\t\t\" \n\t\t\t>\n\t\t\t\t\t\t<div class=\"ngg-gallery-thumbnail\">\n\t\t\t<a href=\"https:\/\/www.aurin-choir.hu\/wp-content\/gallery\/karacsony-budapest-2016\/karacsony_bp2016-29.jpg\"\n\t\t\t\ttitle=\"\"\n\t\t\t\tdata-src=\"https:\/\/www.aurin-choir.hu\/wp-content\/gallery\/karacsony-budapest-2016\/karacsony_bp2016-29.jpg\"\n\t\t\t\tdata-thumbnail=\"https:\/\/www.aurin-choir.hu\/wp-content\/gallery\/karacsony-budapest-2016\/thumbs\/thumbs_karacsony_bp2016-29.jpg\"\n\t\t\t\tdata-image-id=\"1324\"\n\t\t\t\tdata-title=\"karacsony_bp2016-29\"\n\t\t\t\tdata-description=\"\"\n\t\t\t\tdata-image-slug=\"karacsony_bp2016-29\"\n\t\t\t\tclass=\"ngg-simplelightbox\" rel=\"8c6c9086bad135b80dc3363db7652225\">\n\t\t\t\t<img\n\t\t\t\t\ttitle=\"karacsony_bp2016-29\"\n\t\t\t\t\talt=\"karacsony_bp2016-29\"\n\t\t\t\t\tsrc=\"https:\/\/www.aurin-choir.hu\/wp-content\/gallery\/karacsony-budapest-2016\/cache\/karacsony_bp2016-29.jpg-nggid041324-ngg0dyn-325x225x100-00f0w010c011r110f110r010t010.jpg\"\n\t\t\t\t\twidth=\"325\"\n\t\t\t\t\theight=\"225\"\n\t\t\t\t\tstyle=\"max-width:100%;\"\n\t\t\t\t\/>\n\t\t\t<\/a>\n\t\t<\/div>\n\t\t\t\t\t\t\t<\/div> \n\t\t\t\n\t\t\t\t<div id=\"ngg-image-29\" class=\"ngg-gallery-thumbnail-box \n\t\t\t\t\t\t\t\t\t\t\t\" \n\t\t\t>\n\t\t\t\t\t\t<div class=\"ngg-gallery-thumbnail\">\n\t\t\t<a href=\"https:\/\/www.aurin-choir.hu\/wp-content\/gallery\/karacsony-budapest-2016\/karacsony_bp2016-30.jpg\"\n\t\t\t\ttitle=\"\"\n\t\t\t\tdata-src=\"https:\/\/www.aurin-choir.hu\/wp-content\/gallery\/karacsony-budapest-2016\/karacsony_bp2016-30.jpg\"\n\t\t\t\tdata-thumbnail=\"https:\/\/www.aurin-choir.hu\/wp-content\/gallery\/karacsony-budapest-2016\/thumbs\/thumbs_karacsony_bp2016-30.jpg\"\n\t\t\t\tdata-image-id=\"1325\"\n\t\t\t\tdata-title=\"karacsony_bp2016-30\"\n\t\t\t\tdata-description=\"\"\n\t\t\t\tdata-image-slug=\"karacsony_bp2016-30\"\n\t\t\t\tclass=\"ngg-simplelightbox\" rel=\"8c6c9086bad135b80dc3363db7652225\">\n\t\t\t\t<img\n\t\t\t\t\ttitle=\"karacsony_bp2016-30\"\n\t\t\t\t\talt=\"karacsony_bp2016-30\"\n\t\t\t\t\tsrc=\"https:\/\/www.aurin-choir.hu\/wp-content\/gallery\/karacsony-budapest-2016\/cache\/karacsony_bp2016-30.jpg-nggid041325-ngg0dyn-325x225x100-00f0w010c011r110f110r010t010.jpg\"\n\t\t\t\t\twidth=\"325\"\n\t\t\t\t\theight=\"225\"\n\t\t\t\t\tstyle=\"max-width:100%;\"\n\t\t\t\t\/>\n\t\t\t<\/a>\n\t\t<\/div>\n\t\t\t\t\t\t\t<\/div> \n\t\t\t\n\t\t\t\t<div id=\"ngg-image-30\" class=\"ngg-gallery-thumbnail-box \n\t\t\t\t\t\t\t\t\t\t\t\" \n\t\t\t>\n\t\t\t\t\t\t<div class=\"ngg-gallery-thumbnail\">\n\t\t\t<a href=\"https:\/\/www.aurin-choir.hu\/wp-content\/gallery\/karacsony-budapest-2016\/karacsony_bp2016-31.jpg\"\n\t\t\t\ttitle=\"\"\n\t\t\t\tdata-src=\"https:\/\/www.aurin-choir.hu\/wp-content\/gallery\/karacsony-budapest-2016\/karacsony_bp2016-31.jpg\"\n\t\t\t\tdata-thumbnail=\"https:\/\/www.aurin-choir.hu\/wp-content\/gallery\/karacsony-budapest-2016\/thumbs\/thumbs_karacsony_bp2016-31.jpg\"\n\t\t\t\tdata-image-id=\"1326\"\n\t\t\t\tdata-title=\"karacsony_bp2016-31\"\n\t\t\t\tdata-description=\"\"\n\t\t\t\tdata-image-slug=\"karacsony_bp2016-31\"\n\t\t\t\tclass=\"ngg-simplelightbox\" rel=\"8c6c9086bad135b80dc3363db7652225\">\n\t\t\t\t<img\n\t\t\t\t\ttitle=\"karacsony_bp2016-31\"\n\t\t\t\t\talt=\"karacsony_bp2016-31\"\n\t\t\t\t\tsrc=\"https:\/\/www.aurin-choir.hu\/wp-content\/gallery\/karacsony-budapest-2016\/cache\/karacsony_bp2016-31.jpg-nggid041326-ngg0dyn-325x225x100-00f0w010c011r110f110r010t010.jpg\"\n\t\t\t\t\twidth=\"325\"\n\t\t\t\t\theight=\"225\"\n\t\t\t\t\tstyle=\"max-width:100%;\"\n\t\t\t\t\/>\n\t\t\t<\/a>\n\t\t<\/div>\n\t\t\t\t\t\t\t<\/div> \n\t\t\t\n\t\t\t\t<div id=\"ngg-image-31\" class=\"ngg-gallery-thumbnail-box \n\t\t\t\t\t\t\t\t\t\t\t\" \n\t\t\t>\n\t\t\t\t\t\t<div class=\"ngg-gallery-thumbnail\">\n\t\t\t<a href=\"https:\/\/www.aurin-choir.hu\/wp-content\/gallery\/karacsony-budapest-2016\/karacsony_bp2016-32.jpg\"\n\t\t\t\ttitle=\"\"\n\t\t\t\tdata-src=\"https:\/\/www.aurin-choir.hu\/wp-content\/gallery\/karacsony-budapest-2016\/karacsony_bp2016-32.jpg\"\n\t\t\t\tdata-thumbnail=\"https:\/\/www.aurin-choir.hu\/wp-content\/gallery\/karacsony-budapest-2016\/thumbs\/thumbs_karacsony_bp2016-32.jpg\"\n\t\t\t\tdata-image-id=\"1327\"\n\t\t\t\tdata-title=\"karacsony_bp2016-32\"\n\t\t\t\tdata-description=\"\"\n\t\t\t\tdata-image-slug=\"karacsony_bp2016-32\"\n\t\t\t\tclass=\"ngg-simplelightbox\" rel=\"8c6c9086bad135b80dc3363db7652225\">\n\t\t\t\t<img\n\t\t\t\t\ttitle=\"karacsony_bp2016-32\"\n\t\t\t\t\talt=\"karacsony_bp2016-32\"\n\t\t\t\t\tsrc=\"https:\/\/www.aurin-choir.hu\/wp-content\/gallery\/karacsony-budapest-2016\/cache\/karacsony_bp2016-32.jpg-nggid041327-ngg0dyn-325x225x100-00f0w010c011r110f110r010t010.jpg\"\n\t\t\t\t\twidth=\"325\"\n\t\t\t\t\theight=\"225\"\n\t\t\t\t\tstyle=\"max-width:100%;\"\n\t\t\t\t\/>\n\t\t\t<\/a>\n\t\t<\/div>\n\t\t\t\t\t\t\t<\/div> \n\t\t\t\n\t\t\t\t<div id=\"ngg-image-32\" class=\"ngg-gallery-thumbnail-box \n\t\t\t\t\t\t\t\t\t\t\t\" \n\t\t\t>\n\t\t\t\t\t\t<div class=\"ngg-gallery-thumbnail\">\n\t\t\t<a href=\"https:\/\/www.aurin-choir.hu\/wp-content\/gallery\/karacsony-budapest-2016\/karacsony_bp2016-33.jpg\"\n\t\t\t\ttitle=\"\"\n\t\t\t\tdata-src=\"https:\/\/www.aurin-choir.hu\/wp-content\/gallery\/karacsony-budapest-2016\/karacsony_bp2016-33.jpg\"\n\t\t\t\tdata-thumbnail=\"https:\/\/www.aurin-choir.hu\/wp-content\/gallery\/karacsony-budapest-2016\/thumbs\/thumbs_karacsony_bp2016-33.jpg\"\n\t\t\t\tdata-image-id=\"1328\"\n\t\t\t\tdata-title=\"karacsony_bp2016-33\"\n\t\t\t\tdata-description=\"\"\n\t\t\t\tdata-image-slug=\"karacsony_bp2016-33\"\n\t\t\t\tclass=\"ngg-simplelightbox\" rel=\"8c6c9086bad135b80dc3363db7652225\">\n\t\t\t\t<img\n\t\t\t\t\ttitle=\"karacsony_bp2016-33\"\n\t\t\t\t\talt=\"karacsony_bp2016-33\"\n\t\t\t\t\tsrc=\"https:\/\/www.aurin-choir.hu\/wp-content\/gallery\/karacsony-budapest-2016\/cache\/karacsony_bp2016-33.jpg-nggid041328-ngg0dyn-325x225x100-00f0w010c011r110f110r010t010.jpg\"\n\t\t\t\t\twidth=\"325\"\n\t\t\t\t\theight=\"225\"\n\t\t\t\t\tstyle=\"max-width:100%;\"\n\t\t\t\t\/>\n\t\t\t<\/a>\n\t\t<\/div>\n\t\t\t\t\t\t\t<\/div> \n\t\t\t\n\t\t\t\t<div id=\"ngg-image-33\" class=\"ngg-gallery-thumbnail-box \n\t\t\t\t\t\t\t\t\t\t\t\" \n\t\t\t>\n\t\t\t\t\t\t<div class=\"ngg-gallery-thumbnail\">\n\t\t\t<a href=\"https:\/\/www.aurin-choir.hu\/wp-content\/gallery\/karacsony-budapest-2016\/karacsony_bp2016-34.jpg\"\n\t\t\t\ttitle=\"\"\n\t\t\t\tdata-src=\"https:\/\/www.aurin-choir.hu\/wp-content\/gallery\/karacsony-budapest-2016\/karacsony_bp2016-34.jpg\"\n\t\t\t\tdata-thumbnail=\"https:\/\/www.aurin-choir.hu\/wp-content\/gallery\/karacsony-budapest-2016\/thumbs\/thumbs_karacsony_bp2016-34.jpg\"\n\t\t\t\tdata-image-id=\"1329\"\n\t\t\t\tdata-title=\"karacsony_bp2016-34\"\n\t\t\t\tdata-description=\"\"\n\t\t\t\tdata-image-slug=\"karacsony_bp2016-34\"\n\t\t\t\tclass=\"ngg-simplelightbox\" rel=\"8c6c9086bad135b80dc3363db7652225\">\n\t\t\t\t<img\n\t\t\t\t\ttitle=\"karacsony_bp2016-34\"\n\t\t\t\t\talt=\"karacsony_bp2016-34\"\n\t\t\t\t\tsrc=\"https:\/\/www.aurin-choir.hu\/wp-content\/gallery\/karacsony-budapest-2016\/cache\/karacsony_bp2016-34.jpg-nggid041329-ngg0dyn-325x225x100-00f0w010c011r110f110r010t010.jpg\"\n\t\t\t\t\twidth=\"325\"\n\t\t\t\t\theight=\"225\"\n\t\t\t\t\tstyle=\"max-width:100%;\"\n\t\t\t\t\/>\n\t\t\t<\/a>\n\t\t<\/div>\n\t\t\t\t\t\t\t<\/div> \n\t\t\t\n\t\t\t\t<div id=\"ngg-image-34\" class=\"ngg-gallery-thumbnail-box \n\t\t\t\t\t\t\t\t\t\t\t\" \n\t\t\t>\n\t\t\t\t\t\t<div class=\"ngg-gallery-thumbnail\">\n\t\t\t<a href=\"https:\/\/www.aurin-choir.hu\/wp-content\/gallery\/karacsony-budapest-2016\/karacsony_bp2016-35.jpg\"\n\t\t\t\ttitle=\"\"\n\t\t\t\tdata-src=\"https:\/\/www.aurin-choir.hu\/wp-content\/gallery\/karacsony-budapest-2016\/karacsony_bp2016-35.jpg\"\n\t\t\t\tdata-thumbnail=\"https:\/\/www.aurin-choir.hu\/wp-content\/gallery\/karacsony-budapest-2016\/thumbs\/thumbs_karacsony_bp2016-35.jpg\"\n\t\t\t\tdata-image-id=\"1330\"\n\t\t\t\tdata-title=\"karacsony_bp2016-35\"\n\t\t\t\tdata-description=\"\"\n\t\t\t\tdata-image-slug=\"karacsony_bp2016-35\"\n\t\t\t\tclass=\"ngg-simplelightbox\" rel=\"8c6c9086bad135b80dc3363db7652225\">\n\t\t\t\t<img\n\t\t\t\t\ttitle=\"karacsony_bp2016-35\"\n\t\t\t\t\talt=\"karacsony_bp2016-35\"\n\t\t\t\t\tsrc=\"https:\/\/www.aurin-choir.hu\/wp-content\/gallery\/karacsony-budapest-2016\/cache\/karacsony_bp2016-35.jpg-nggid041330-ngg0dyn-325x225x100-00f0w010c011r110f110r010t010.jpg\"\n\t\t\t\t\twidth=\"325\"\n\t\t\t\t\theight=\"225\"\n\t\t\t\t\tstyle=\"max-width:100%;\"\n\t\t\t\t\/>\n\t\t\t<\/a>\n\t\t<\/div>\n\t\t\t\t\t\t\t<\/div> \n\t\t\t\n\t\t\t\t<div id=\"ngg-image-35\" class=\"ngg-gallery-thumbnail-box \n\t\t\t\t\t\t\t\t\t\t\t\" \n\t\t\t>\n\t\t\t\t\t\t<div class=\"ngg-gallery-thumbnail\">\n\t\t\t<a href=\"https:\/\/www.aurin-choir.hu\/wp-content\/gallery\/karacsony-budapest-2016\/karacsony_bp2016-36.jpg\"\n\t\t\t\ttitle=\"\"\n\t\t\t\tdata-src=\"https:\/\/www.aurin-choir.hu\/wp-content\/gallery\/karacsony-budapest-2016\/karacsony_bp2016-36.jpg\"\n\t\t\t\tdata-thumbnail=\"https:\/\/www.aurin-choir.hu\/wp-content\/gallery\/karacsony-budapest-2016\/thumbs\/thumbs_karacsony_bp2016-36.jpg\"\n\t\t\t\tdata-image-id=\"1331\"\n\t\t\t\tdata-title=\"karacsony_bp2016-36\"\n\t\t\t\tdata-description=\"\"\n\t\t\t\tdata-image-slug=\"karacsony_bp2016-36\"\n\t\t\t\tclass=\"ngg-simplelightbox\" rel=\"8c6c9086bad135b80dc3363db7652225\">\n\t\t\t\t<img\n\t\t\t\t\ttitle=\"karacsony_bp2016-36\"\n\t\t\t\t\talt=\"karacsony_bp2016-36\"\n\t\t\t\t\tsrc=\"https:\/\/www.aurin-choir.hu\/wp-content\/gallery\/karacsony-budapest-2016\/cache\/karacsony_bp2016-36.jpg-nggid041331-ngg0dyn-325x225x100-00f0w010c011r110f110r010t010.jpg\"\n\t\t\t\t\twidth=\"325\"\n\t\t\t\t\theight=\"225\"\n\t\t\t\t\tstyle=\"max-width:100%;\"\n\t\t\t\t\/>\n\t\t\t<\/a>\n\t\t<\/div>\n\t\t\t\t\t\t\t<\/div> \n\t\t\t\n\t\n\t<br style=\"clear: both\" \/>\n\n\t\n\t\t<!-- Pagination -->\n\t\t<div class='ngg-clear'><\/div>\t<\/div>\n<\/p>\n","protected":false},"author":1,"featured_media":6871,"comment_status":"closed","ping_status":"closed","template":"","meta":{"_et_pb_use_builder":"on","_et_pb_old_content":"","_et_gb_content_width":"","ngg_post_thumbnail":0,"footnotes":""},"project_category":[113,101,100],"project_tag":[],"class_list":["post-17631","project","type-project","status-publish","has-post-thumbnail","hentry","project_category-2016-en","project_category-aurin-noikar-en","project_category-aurin-leanykar-en"],"yoast_head":"<!-- This site is optimized with the Yoast SEO plugin v26.0 - https:\/\/yoast.com\/wordpress\/plugins\/seo\/ -->\n<title>Adventi koncert 2016 - Aurin - Miraculum<\/title>\n<meta name=\"robots\" content=\"index, follow, max-snippet:-1, max-image-preview:large, max-video-preview:-1\" \/>\n<link rel=\"canonical\" href=\"https:\/\/www.aurin-choir.hu\/project\/adventi-koncert-2016\/\" \/>\n<meta property=\"og:locale\" content=\"en_US\" \/>\n<meta property=\"og:type\" content=\"article\" \/>\n<meta property=\"og:title\" content=\"Adventi koncert 2016 - Aurin - Miraculum\" \/>\n<meta property=\"og:description\" content=\"Adventi koncert 2016 J\u00f3zsefv\u00e1rosi Pl\u00e9b\u00e1nia, Budapest\" \/>\n<meta property=\"og:url\" content=\"https:\/\/www.aurin-choir.hu\/project\/adventi-koncert-2016\/\" \/>\n<meta property=\"og:site_name\" content=\"Aurin - Miraculum\" \/>\n<meta property=\"article:publisher\" content=\"https:\/\/www.facebook.com\/aurinchoir\" \/>\n<meta property=\"article:modified_time\" content=\"2025-04-07T16:23:17+00:00\" \/>\n<meta property=\"og:image\" content=\"https:\/\/www.aurin-choir.hu\/wp-content\/uploads\/2020\/03\/karacsony_bp2016-36.jpg\" \/>\n\t<meta property=\"og:image:width\" content=\"730\" \/>\n\t<meta property=\"og:image:height\" content=\"485\" \/>\n\t<meta property=\"og:image:type\" content=\"image\/jpeg\" \/>\n<meta name=\"twitter:card\" content=\"summary_large_image\" \/>\n<meta name=\"twitter:label1\" content=\"Est. reading time\" \/>\n\t<meta name=\"twitter:data1\" content=\"1 minute\" \/>\n<script type=\"application\/ld+json\" class=\"yoast-schema-graph\">{\"@context\":\"https:\/\/schema.org\",\"@graph\":[{\"@type\":\"WebPage\",\"@id\":\"https:\/\/www.aurin-choir.hu\/project\/adventi-koncert-2016\/\",\"url\":\"https:\/\/www.aurin-choir.hu\/project\/adventi-koncert-2016\/\",\"name\":\"Adventi koncert 2016 - Aurin - Miraculum\",\"isPartOf\":{\"@id\":\"https:\/\/www.aurin-choir.hu\/#website\"},\"primaryImageOfPage\":{\"@id\":\"https:\/\/www.aurin-choir.hu\/project\/adventi-koncert-2016\/#primaryimage\"},\"image\":{\"@id\":\"https:\/\/www.aurin-choir.hu\/project\/adventi-koncert-2016\/#primaryimage\"},\"thumbnailUrl\":\"https:\/\/www.aurin-choir.hu\/wp-content\/uploads\/2020\/03\/karacsony_bp2016-36.jpg\",\"datePublished\":\"2016-12-15T13:33:02+00:00\",\"dateModified\":\"2025-04-07T16:23:17+00:00\",\"breadcrumb\":{\"@id\":\"https:\/\/www.aurin-choir.hu\/project\/adventi-koncert-2016\/#breadcrumb\"},\"inLanguage\":\"en-US\",\"potentialAction\":[{\"@type\":\"ReadAction\",\"target\":[\"https:\/\/www.aurin-choir.hu\/project\/adventi-koncert-2016\/\"]}]},{\"@type\":\"ImageObject\",\"inLanguage\":\"en-US\",\"@id\":\"https:\/\/www.aurin-choir.hu\/project\/adventi-koncert-2016\/#primaryimage\",\"url\":\"https:\/\/www.aurin-choir.hu\/wp-content\/uploads\/2020\/03\/karacsony_bp2016-36.jpg\",\"contentUrl\":\"https:\/\/www.aurin-choir.hu\/wp-content\/uploads\/2020\/03\/karacsony_bp2016-36.jpg\",\"width\":730,\"height\":485},{\"@type\":\"BreadcrumbList\",\"@id\":\"https:\/\/www.aurin-choir.hu\/project\/adventi-koncert-2016\/#breadcrumb\",\"itemListElement\":[{\"@type\":\"ListItem\",\"position\":1,\"name\":\"Kezd\u0151lap\",\"item\":\"https:\/\/www.aurin-choir.hu\/en\/\"},{\"@type\":\"ListItem\",\"position\":2,\"name\":\"Projektek\",\"item\":\"https:\/\/www.aurin-choir.hu\/project\/\"},{\"@type\":\"ListItem\",\"position\":3,\"name\":\"Adventi koncert 2016\"}]},{\"@type\":\"WebSite\",\"@id\":\"https:\/\/www.aurin-choir.hu\/#website\",\"url\":\"https:\/\/www.aurin-choir.hu\/\",\"name\":\"Aurin - Miraculum\",\"description\":\"Aurin - Miraculum\",\"publisher\":{\"@id\":\"https:\/\/www.aurin-choir.hu\/#organization\"},\"potentialAction\":[{\"@type\":\"SearchAction\",\"target\":{\"@type\":\"EntryPoint\",\"urlTemplate\":\"https:\/\/www.aurin-choir.hu\/?s={search_term_string}\"},\"query-input\":{\"@type\":\"PropertyValueSpecification\",\"valueRequired\":true,\"valueName\":\"search_term_string\"}}],\"inLanguage\":\"en-US\"},{\"@type\":\"Organization\",\"@id\":\"https:\/\/www.aurin-choir.hu\/#organization\",\"name\":\"Aurin \u00e9s Miraculum Alap\u00edtv\u00e1ny\",\"url\":\"https:\/\/www.aurin-choir.hu\/\",\"logo\":{\"@type\":\"ImageObject\",\"inLanguage\":\"en-US\",\"@id\":\"https:\/\/www.aurin-choir.hu\/#\/schema\/logo\/image\/\",\"url\":\"https:\/\/www.aurin-choir.hu\/wp-content\/uploads\/2024\/05\/logo_webre_evadzaro2-1.png\",\"contentUrl\":\"https:\/\/www.aurin-choir.hu\/wp-content\/uploads\/2024\/05\/logo_webre_evadzaro2-1.png\",\"width\":500,\"height\":515,\"caption\":\"Aurin \u00e9s Miraculum Alap\u00edtv\u00e1ny\"},\"image\":{\"@id\":\"https:\/\/www.aurin-choir.hu\/#\/schema\/logo\/image\/\"},\"sameAs\":[\"https:\/\/www.facebook.com\/aurinchoir\"]}]}<\/script>\n<!-- \/ Yoast SEO plugin. -->","yoast_head_json":{"title":"Adventi koncert 2016 - Aurin - Miraculum","robots":{"index":"index","follow":"follow","max-snippet":"max-snippet:-1","max-image-preview":"max-image-preview:large","max-video-preview":"max-video-preview:-1"},"canonical":"https:\/\/www.aurin-choir.hu\/project\/adventi-koncert-2016\/","og_locale":"en_US","og_type":"article","og_title":"Adventi koncert 2016 - Aurin - Miraculum","og_description":"Adventi koncert 2016 J\u00f3zsefv\u00e1rosi Pl\u00e9b\u00e1nia, Budapest","og_url":"https:\/\/www.aurin-choir.hu\/project\/adventi-koncert-2016\/","og_site_name":"Aurin - Miraculum","article_publisher":"https:\/\/www.facebook.com\/aurinchoir","article_modified_time":"2025-04-07T16:23:17+00:00","og_image":[{"width":730,"height":485,"url":"https:\/\/www.aurin-choir.hu\/wp-content\/uploads\/2020\/03\/karacsony_bp2016-36.jpg","type":"image\/jpeg"}],"twitter_card":"summary_large_image","twitter_misc":{"Est. reading time":"1 minute"},"schema":{"@context":"https:\/\/schema.org","@graph":[{"@type":"WebPage","@id":"https:\/\/www.aurin-choir.hu\/project\/adventi-koncert-2016\/","url":"https:\/\/www.aurin-choir.hu\/project\/adventi-koncert-2016\/","name":"Adventi koncert 2016 - Aurin - Miraculum","isPartOf":{"@id":"https:\/\/www.aurin-choir.hu\/#website"},"primaryImageOfPage":{"@id":"https:\/\/www.aurin-choir.hu\/project\/adventi-koncert-2016\/#primaryimage"},"image":{"@id":"https:\/\/www.aurin-choir.hu\/project\/adventi-koncert-2016\/#primaryimage"},"thumbnailUrl":"https:\/\/www.aurin-choir.hu\/wp-content\/uploads\/2020\/03\/karacsony_bp2016-36.jpg","datePublished":"2016-12-15T13:33:02+00:00","dateModified":"2025-04-07T16:23:17+00:00","breadcrumb":{"@id":"https:\/\/www.aurin-choir.hu\/project\/adventi-koncert-2016\/#breadcrumb"},"inLanguage":"en-US","potentialAction":[{"@type":"ReadAction","target":["https:\/\/www.aurin-choir.hu\/project\/adventi-koncert-2016\/"]}]},{"@type":"ImageObject","inLanguage":"en-US","@id":"https:\/\/www.aurin-choir.hu\/project\/adventi-koncert-2016\/#primaryimage","url":"https:\/\/www.aurin-choir.hu\/wp-content\/uploads\/2020\/03\/karacsony_bp2016-36.jpg","contentUrl":"https:\/\/www.aurin-choir.hu\/wp-content\/uploads\/2020\/03\/karacsony_bp2016-36.jpg","width":730,"height":485},{"@type":"BreadcrumbList","@id":"https:\/\/www.aurin-choir.hu\/project\/adventi-koncert-2016\/#breadcrumb","itemListElement":[{"@type":"ListItem","position":1,"name":"Kezd\u0151lap","item":"https:\/\/www.aurin-choir.hu\/en\/"},{"@type":"ListItem","position":2,"name":"Projektek","item":"https:\/\/www.aurin-choir.hu\/project\/"},{"@type":"ListItem","position":3,"name":"Adventi koncert 2016"}]},{"@type":"WebSite","@id":"https:\/\/www.aurin-choir.hu\/#website","url":"https:\/\/www.aurin-choir.hu\/","name":"Aurin - Miraculum","description":"Aurin - Miraculum","publisher":{"@id":"https:\/\/www.aurin-choir.hu\/#organization"},"potentialAction":[{"@type":"SearchAction","target":{"@type":"EntryPoint","urlTemplate":"https:\/\/www.aurin-choir.hu\/?s={search_term_string}"},"query-input":{"@type":"PropertyValueSpecification","valueRequired":true,"valueName":"search_term_string"}}],"inLanguage":"en-US"},{"@type":"Organization","@id":"https:\/\/www.aurin-choir.hu\/#organization","name":"Aurin \u00e9s Miraculum Alap\u00edtv\u00e1ny","url":"https:\/\/www.aurin-choir.hu\/","logo":{"@type":"ImageObject","inLanguage":"en-US","@id":"https:\/\/www.aurin-choir.hu\/#\/schema\/logo\/image\/","url":"https:\/\/www.aurin-choir.hu\/wp-content\/uploads\/2024\/05\/logo_webre_evadzaro2-1.png","contentUrl":"https:\/\/www.aurin-choir.hu\/wp-content\/uploads\/2024\/05\/logo_webre_evadzaro2-1.png","width":500,"height":515,"caption":"Aurin \u00e9s Miraculum Alap\u00edtv\u00e1ny"},"image":{"@id":"https:\/\/www.aurin-choir.hu\/#\/schema\/logo\/image\/"},"sameAs":["https:\/\/www.facebook.com\/aurinchoir"]}]}},"_links":{"self":[{"href":"https:\/\/www.aurin-choir.hu\/en\/wp-json\/wp\/v2\/project\/17631","targetHints":{"allow":["GET"]}}],"collection":[{"href":"https:\/\/www.aurin-choir.hu\/en\/wp-json\/wp\/v2\/project"}],"about":[{"href":"https:\/\/www.aurin-choir.hu\/en\/wp-json\/wp\/v2\/types\/project"}],"author":[{"embeddable":true,"href":"https:\/\/www.aurin-choir.hu\/en\/wp-json\/wp\/v2\/users\/1"}],"replies":[{"embeddable":true,"href":"https:\/\/www.aurin-choir.hu\/en\/wp-json\/wp\/v2\/comments?post=17631"}],"version-history":[{"count":1,"href":"https:\/\/www.aurin-choir.hu\/en\/wp-json\/wp\/v2\/project\/17631\/revisions"}],"predecessor-version":[{"id":17632,"href":"https:\/\/www.aurin-choir.hu\/en\/wp-json\/wp\/v2\/project\/17631\/revisions\/17632"}],"wp:featuredmedia":[{"embeddable":true,"href":"https:\/\/www.aurin-choir.hu\/en\/wp-json\/wp\/v2\/media\/6871"}],"wp:attachment":[{"href":"https:\/\/www.aurin-choir.hu\/en\/wp-json\/wp\/v2\/media?parent=17631"}],"wp:term":[{"taxonomy":"project_category","embeddable":true,"href":"https:\/\/www.aurin-choir.hu\/en\/wp-json\/wp\/v2\/project_category?post=17631"},{"taxonomy":"project_tag","embeddable":true,"href":"https:\/\/www.aurin-choir.hu\/en\/wp-json\/wp\/v2\/project_tag?post=17631"}],"curies":[{"name":"wp","href":"https:\/\/api.w.org\/{rel}","templated":true}]}}