{"id":17647,"date":"2015-12-07T18:08:19","date_gmt":"2015-12-07T18:08:19","guid":{"rendered":"https:\/\/www.aurin-choir.hu\/project\/adventi-koncert-2015\/"},"modified":"2025-04-07T16:27:29","modified_gmt":"2025-04-07T16:27:29","slug":"adventi-koncert-2015","status":"publish","type":"project","link":"https:\/\/www.aurin-choir.hu\/en\/project\/adventi-koncert-2015\/","title":{"rendered":"Adventi koncert 2015"},"content":{"rendered":"<p>[et_pb_section fb_built=&#8221;1&#8243; _builder_version=&#8221;4.27.4&#8243; _module_preset=&#8221;default&#8221; da_disable_devices=&#8221;off|off|off&#8221; locked=&#8221;off&#8221; global_colors_info=&#8221;{}&#8221; theme_builder_area=&#8221;post_content&#8221; da_is_popup=&#8221;off&#8221; da_exit_intent=&#8221;off&#8221; da_has_close=&#8221;on&#8221; da_alt_close=&#8221;off&#8221; da_dark_close=&#8221;off&#8221; da_not_modal=&#8221;on&#8221; da_is_singular=&#8221;off&#8221; da_with_loader=&#8221;off&#8221; da_has_shadow=&#8221;on&#8221;][et_pb_row _builder_version=&#8221;4.27.4&#8243; _module_preset=&#8221;default&#8221; global_colors_info=&#8221;{}&#8221; theme_builder_area=&#8221;post_content&#8221;][et_pb_column type=&#8221;4_4&#8243; _builder_version=&#8221;4.27.4&#8243; _module_preset=&#8221;default&#8221; global_colors_info=&#8221;{}&#8221; theme_builder_area=&#8221;post_content&#8221;][et_pb_text _builder_version=&#8221;4.27.4&#8243; _module_preset=&#8221;default&#8221; text_font=&#8221;|600|||||||&#8221; header_font=&#8221;|700|||||||&#8221; header_font_size=&#8221;31px&#8221; header_2_font=&#8221;||on||||||&#8221; hover_enabled=&#8221;0&#8243; global_colors_info=&#8221;{}&#8221; theme_builder_area=&#8221;post_content&#8221; sticky_enabled=&#8221;0&#8243;]<\/p>\n<h1 class=\"entry-title\">Adventi koncert 2015<\/h1>\n<p><b><\/b><\/p>\n<p>J\u00f3zsefv\u00e1rosi Pl\u00e9b\u00e1nia, Budapest[\/et_pb_text][\/et_pb_column][\/et_pb_row][et_pb_row _builder_version=&#8221;4.27.4&#8243; _module_preset=&#8221;default&#8221; custom_padding=&#8221;0px||0px||false|false&#8221; global_colors_info=&#8221;{}&#8221; theme_builder_area=&#8221;post_content&#8221;][et_pb_column type=&#8221;4_4&#8243; _builder_version=&#8221;4.27.4&#8243; _module_preset=&#8221;default&#8221; global_colors_info=&#8221;{}&#8221; theme_builder_area=&#8221;post_content&#8221;][et_pb_text _builder_version=&#8221;4.27.4&#8243; _module_preset=&#8221;default&#8221; hover_enabled=&#8221;0&#8243; global_colors_info=&#8221;{}&#8221; theme_builder_area=&#8221;post_content&#8221; sticky_enabled=&#8221;0&#8243;]ngg_shortcode_0_placeholder[\/et_pb_text][\/et_pb_column][\/et_pb_row][\/et_pb_section]<\/p>\n","protected":false},"excerpt":{"rendered":"<p>Adventi koncert 2015 J\u00f3zsefv\u00e1rosi Pl\u00e9b\u00e1nia, Budapest<!-- default-view.php -->\n<div\n\tclass=\"ngg-galleryoverview default-view \n\t\t\"\n\tid=\"ngg-gallery-97c01969ccb78610835ba47463a723c3-1\">\n\n\t\t<!-- Thumbnails -->\n\t\t\t\t<div id=\"ngg-image-0\" class=\"ngg-gallery-thumbnail-box \n\t\t\t\t\t\t\t\t\t\t\t\" \n\t\t\t>\n\t\t\t\t\t\t<div class=\"ngg-gallery-thumbnail\">\n\t\t\t<a href=\"https:\/\/www.aurin-choir.hu\/wp-content\/gallery\/karacsony-budapest-2015\/karacsony_bp2015-1.jpg\"\n\t\t\t\ttitle=\"\"\n\t\t\t\tdata-src=\"https:\/\/www.aurin-choir.hu\/wp-content\/gallery\/karacsony-budapest-2015\/karacsony_bp2015-1.jpg\"\n\t\t\t\tdata-thumbnail=\"https:\/\/www.aurin-choir.hu\/wp-content\/gallery\/karacsony-budapest-2015\/thumbs\/thumbs_karacsony_bp2015-1.jpg\"\n\t\t\t\tdata-image-id=\"1920\"\n\t\t\t\tdata-title=\"karacsony_bp2015-1\"\n\t\t\t\tdata-description=\"\"\n\t\t\t\tdata-image-slug=\"karacsony_bp2015-1\"\n\t\t\t\tclass=\"ngg-simplelightbox\" rel=\"97c01969ccb78610835ba47463a723c3\">\n\t\t\t\t<img\n\t\t\t\t\ttitle=\"karacsony_bp2015-1\"\n\t\t\t\t\talt=\"karacsony_bp2015-1\"\n\t\t\t\t\tsrc=\"https:\/\/www.aurin-choir.hu\/wp-content\/gallery\/karacsony-budapest-2015\/cache\/karacsony_bp2015-1.jpg-nggid041920-ngg0dyn-325x225x100-00f0w010c011r110f110r010t010.jpg\"\n\t\t\t\t\twidth=\"325\"\n\t\t\t\t\theight=\"225\"\n\t\t\t\t\tstyle=\"max-width:100%;\"\n\t\t\t\t\/>\n\t\t\t<\/a>\n\t\t<\/div>\n\t\t\t\t\t\t\t<\/div> \n\t\t\t\n\t\t\t\t<div id=\"ngg-image-1\" class=\"ngg-gallery-thumbnail-box \n\t\t\t\t\t\t\t\t\t\t\t\" \n\t\t\t>\n\t\t\t\t\t\t<div class=\"ngg-gallery-thumbnail\">\n\t\t\t<a href=\"https:\/\/www.aurin-choir.hu\/wp-content\/gallery\/karacsony-budapest-2015\/karacsony_bp2015-2.jpg\"\n\t\t\t\ttitle=\"\"\n\t\t\t\tdata-src=\"https:\/\/www.aurin-choir.hu\/wp-content\/gallery\/karacsony-budapest-2015\/karacsony_bp2015-2.jpg\"\n\t\t\t\tdata-thumbnail=\"https:\/\/www.aurin-choir.hu\/wp-content\/gallery\/karacsony-budapest-2015\/thumbs\/thumbs_karacsony_bp2015-2.jpg\"\n\t\t\t\tdata-image-id=\"1921\"\n\t\t\t\tdata-title=\"karacsony_bp2015-2\"\n\t\t\t\tdata-description=\"\"\n\t\t\t\tdata-image-slug=\"karacsony_bp2015-2\"\n\t\t\t\tclass=\"ngg-simplelightbox\" rel=\"97c01969ccb78610835ba47463a723c3\">\n\t\t\t\t<img\n\t\t\t\t\ttitle=\"karacsony_bp2015-2\"\n\t\t\t\t\talt=\"karacsony_bp2015-2\"\n\t\t\t\t\tsrc=\"https:\/\/www.aurin-choir.hu\/wp-content\/gallery\/karacsony-budapest-2015\/cache\/karacsony_bp2015-2.jpg-nggid041921-ngg0dyn-325x225x100-00f0w010c011r110f110r010t010.jpg\"\n\t\t\t\t\twidth=\"325\"\n\t\t\t\t\theight=\"225\"\n\t\t\t\t\tstyle=\"max-width:100%;\"\n\t\t\t\t\/>\n\t\t\t<\/a>\n\t\t<\/div>\n\t\t\t\t\t\t\t<\/div> \n\t\t\t\n\t\t\t\t<div id=\"ngg-image-2\" class=\"ngg-gallery-thumbnail-box \n\t\t\t\t\t\t\t\t\t\t\t\" \n\t\t\t>\n\t\t\t\t\t\t<div class=\"ngg-gallery-thumbnail\">\n\t\t\t<a href=\"https:\/\/www.aurin-choir.hu\/wp-content\/gallery\/karacsony-budapest-2015\/karacsony_bp2015-3.jpg\"\n\t\t\t\ttitle=\"\"\n\t\t\t\tdata-src=\"https:\/\/www.aurin-choir.hu\/wp-content\/gallery\/karacsony-budapest-2015\/karacsony_bp2015-3.jpg\"\n\t\t\t\tdata-thumbnail=\"https:\/\/www.aurin-choir.hu\/wp-content\/gallery\/karacsony-budapest-2015\/thumbs\/thumbs_karacsony_bp2015-3.jpg\"\n\t\t\t\tdata-image-id=\"1922\"\n\t\t\t\tdata-title=\"karacsony_bp2015-3\"\n\t\t\t\tdata-description=\"\"\n\t\t\t\tdata-image-slug=\"karacsony_bp2015-3\"\n\t\t\t\tclass=\"ngg-simplelightbox\" rel=\"97c01969ccb78610835ba47463a723c3\">\n\t\t\t\t<img\n\t\t\t\t\ttitle=\"karacsony_bp2015-3\"\n\t\t\t\t\talt=\"karacsony_bp2015-3\"\n\t\t\t\t\tsrc=\"https:\/\/www.aurin-choir.hu\/wp-content\/gallery\/karacsony-budapest-2015\/cache\/karacsony_bp2015-3.jpg-nggid041922-ngg0dyn-325x225x100-00f0w010c011r110f110r010t010.jpg\"\n\t\t\t\t\twidth=\"325\"\n\t\t\t\t\theight=\"225\"\n\t\t\t\t\tstyle=\"max-width:100%;\"\n\t\t\t\t\/>\n\t\t\t<\/a>\n\t\t<\/div>\n\t\t\t\t\t\t\t<\/div> \n\t\t\t\n\t\t\t\t<div id=\"ngg-image-3\" class=\"ngg-gallery-thumbnail-box \n\t\t\t\t\t\t\t\t\t\t\t\" \n\t\t\t>\n\t\t\t\t\t\t<div class=\"ngg-gallery-thumbnail\">\n\t\t\t<a href=\"https:\/\/www.aurin-choir.hu\/wp-content\/gallery\/karacsony-budapest-2015\/karacsony_bp2015-4.jpg\"\n\t\t\t\ttitle=\"\"\n\t\t\t\tdata-src=\"https:\/\/www.aurin-choir.hu\/wp-content\/gallery\/karacsony-budapest-2015\/karacsony_bp2015-4.jpg\"\n\t\t\t\tdata-thumbnail=\"https:\/\/www.aurin-choir.hu\/wp-content\/gallery\/karacsony-budapest-2015\/thumbs\/thumbs_karacsony_bp2015-4.jpg\"\n\t\t\t\tdata-image-id=\"1923\"\n\t\t\t\tdata-title=\"karacsony_bp2015-4\"\n\t\t\t\tdata-description=\"\"\n\t\t\t\tdata-image-slug=\"karacsony_bp2015-4\"\n\t\t\t\tclass=\"ngg-simplelightbox\" rel=\"97c01969ccb78610835ba47463a723c3\">\n\t\t\t\t<img\n\t\t\t\t\ttitle=\"karacsony_bp2015-4\"\n\t\t\t\t\talt=\"karacsony_bp2015-4\"\n\t\t\t\t\tsrc=\"https:\/\/www.aurin-choir.hu\/wp-content\/gallery\/karacsony-budapest-2015\/cache\/karacsony_bp2015-4.jpg-nggid041923-ngg0dyn-325x225x100-00f0w010c011r110f110r010t010.jpg\"\n\t\t\t\t\twidth=\"325\"\n\t\t\t\t\theight=\"225\"\n\t\t\t\t\tstyle=\"max-width:100%;\"\n\t\t\t\t\/>\n\t\t\t<\/a>\n\t\t<\/div>\n\t\t\t\t\t\t\t<\/div> \n\t\t\t\n\t\t\t\t<div id=\"ngg-image-4\" class=\"ngg-gallery-thumbnail-box \n\t\t\t\t\t\t\t\t\t\t\t\" \n\t\t\t>\n\t\t\t\t\t\t<div class=\"ngg-gallery-thumbnail\">\n\t\t\t<a href=\"https:\/\/www.aurin-choir.hu\/wp-content\/gallery\/karacsony-budapest-2015\/karacsony_bp2015-5.jpg\"\n\t\t\t\ttitle=\"\"\n\t\t\t\tdata-src=\"https:\/\/www.aurin-choir.hu\/wp-content\/gallery\/karacsony-budapest-2015\/karacsony_bp2015-5.jpg\"\n\t\t\t\tdata-thumbnail=\"https:\/\/www.aurin-choir.hu\/wp-content\/gallery\/karacsony-budapest-2015\/thumbs\/thumbs_karacsony_bp2015-5.jpg\"\n\t\t\t\tdata-image-id=\"1924\"\n\t\t\t\tdata-title=\"karacsony_bp2015-5\"\n\t\t\t\tdata-description=\"\"\n\t\t\t\tdata-image-slug=\"karacsony_bp2015-5\"\n\t\t\t\tclass=\"ngg-simplelightbox\" rel=\"97c01969ccb78610835ba47463a723c3\">\n\t\t\t\t<img\n\t\t\t\t\ttitle=\"karacsony_bp2015-5\"\n\t\t\t\t\talt=\"karacsony_bp2015-5\"\n\t\t\t\t\tsrc=\"https:\/\/www.aurin-choir.hu\/wp-content\/gallery\/karacsony-budapest-2015\/cache\/karacsony_bp2015-5.jpg-nggid041924-ngg0dyn-325x225x100-00f0w010c011r110f110r010t010.jpg\"\n\t\t\t\t\twidth=\"325\"\n\t\t\t\t\theight=\"225\"\n\t\t\t\t\tstyle=\"max-width:100%;\"\n\t\t\t\t\/>\n\t\t\t<\/a>\n\t\t<\/div>\n\t\t\t\t\t\t\t<\/div> \n\t\t\t\n\t\t\t\t<div id=\"ngg-image-5\" class=\"ngg-gallery-thumbnail-box \n\t\t\t\t\t\t\t\t\t\t\t\" \n\t\t\t>\n\t\t\t\t\t\t<div class=\"ngg-gallery-thumbnail\">\n\t\t\t<a href=\"https:\/\/www.aurin-choir.hu\/wp-content\/gallery\/karacsony-budapest-2015\/karacsony_bp2015-6.jpg\"\n\t\t\t\ttitle=\"\"\n\t\t\t\tdata-src=\"https:\/\/www.aurin-choir.hu\/wp-content\/gallery\/karacsony-budapest-2015\/karacsony_bp2015-6.jpg\"\n\t\t\t\tdata-thumbnail=\"https:\/\/www.aurin-choir.hu\/wp-content\/gallery\/karacsony-budapest-2015\/thumbs\/thumbs_karacsony_bp2015-6.jpg\"\n\t\t\t\tdata-image-id=\"1925\"\n\t\t\t\tdata-title=\"karacsony_bp2015-6\"\n\t\t\t\tdata-description=\"\"\n\t\t\t\tdata-image-slug=\"karacsony_bp2015-6\"\n\t\t\t\tclass=\"ngg-simplelightbox\" rel=\"97c01969ccb78610835ba47463a723c3\">\n\t\t\t\t<img\n\t\t\t\t\ttitle=\"karacsony_bp2015-6\"\n\t\t\t\t\talt=\"karacsony_bp2015-6\"\n\t\t\t\t\tsrc=\"https:\/\/www.aurin-choir.hu\/wp-content\/gallery\/karacsony-budapest-2015\/cache\/karacsony_bp2015-6.jpg-nggid041925-ngg0dyn-325x225x100-00f0w010c011r110f110r010t010.jpg\"\n\t\t\t\t\twidth=\"325\"\n\t\t\t\t\theight=\"225\"\n\t\t\t\t\tstyle=\"max-width:100%;\"\n\t\t\t\t\/>\n\t\t\t<\/a>\n\t\t<\/div>\n\t\t\t\t\t\t\t<\/div> \n\t\t\t\n\t\t\t\t<div id=\"ngg-image-6\" class=\"ngg-gallery-thumbnail-box \n\t\t\t\t\t\t\t\t\t\t\t\" \n\t\t\t>\n\t\t\t\t\t\t<div class=\"ngg-gallery-thumbnail\">\n\t\t\t<a href=\"https:\/\/www.aurin-choir.hu\/wp-content\/gallery\/karacsony-budapest-2015\/karacsony_bp2015-7.jpg\"\n\t\t\t\ttitle=\"\"\n\t\t\t\tdata-src=\"https:\/\/www.aurin-choir.hu\/wp-content\/gallery\/karacsony-budapest-2015\/karacsony_bp2015-7.jpg\"\n\t\t\t\tdata-thumbnail=\"https:\/\/www.aurin-choir.hu\/wp-content\/gallery\/karacsony-budapest-2015\/thumbs\/thumbs_karacsony_bp2015-7.jpg\"\n\t\t\t\tdata-image-id=\"1926\"\n\t\t\t\tdata-title=\"karacsony_bp2015-7\"\n\t\t\t\tdata-description=\"\"\n\t\t\t\tdata-image-slug=\"karacsony_bp2015-7\"\n\t\t\t\tclass=\"ngg-simplelightbox\" rel=\"97c01969ccb78610835ba47463a723c3\">\n\t\t\t\t<img\n\t\t\t\t\ttitle=\"karacsony_bp2015-7\"\n\t\t\t\t\talt=\"karacsony_bp2015-7\"\n\t\t\t\t\tsrc=\"https:\/\/www.aurin-choir.hu\/wp-content\/gallery\/karacsony-budapest-2015\/cache\/karacsony_bp2015-7.jpg-nggid041926-ngg0dyn-325x225x100-00f0w010c011r110f110r010t010.jpg\"\n\t\t\t\t\twidth=\"325\"\n\t\t\t\t\theight=\"225\"\n\t\t\t\t\tstyle=\"max-width:100%;\"\n\t\t\t\t\/>\n\t\t\t<\/a>\n\t\t<\/div>\n\t\t\t\t\t\t\t<\/div> \n\t\t\t\n\t\t\t\t<div id=\"ngg-image-7\" class=\"ngg-gallery-thumbnail-box \n\t\t\t\t\t\t\t\t\t\t\t\" \n\t\t\t>\n\t\t\t\t\t\t<div class=\"ngg-gallery-thumbnail\">\n\t\t\t<a href=\"https:\/\/www.aurin-choir.hu\/wp-content\/gallery\/karacsony-budapest-2015\/karacsony_bp2015-8.jpg\"\n\t\t\t\ttitle=\"\"\n\t\t\t\tdata-src=\"https:\/\/www.aurin-choir.hu\/wp-content\/gallery\/karacsony-budapest-2015\/karacsony_bp2015-8.jpg\"\n\t\t\t\tdata-thumbnail=\"https:\/\/www.aurin-choir.hu\/wp-content\/gallery\/karacsony-budapest-2015\/thumbs\/thumbs_karacsony_bp2015-8.jpg\"\n\t\t\t\tdata-image-id=\"1927\"\n\t\t\t\tdata-title=\"karacsony_bp2015-8\"\n\t\t\t\tdata-description=\"\"\n\t\t\t\tdata-image-slug=\"karacsony_bp2015-8\"\n\t\t\t\tclass=\"ngg-simplelightbox\" rel=\"97c01969ccb78610835ba47463a723c3\">\n\t\t\t\t<img\n\t\t\t\t\ttitle=\"karacsony_bp2015-8\"\n\t\t\t\t\talt=\"karacsony_bp2015-8\"\n\t\t\t\t\tsrc=\"https:\/\/www.aurin-choir.hu\/wp-content\/gallery\/karacsony-budapest-2015\/cache\/karacsony_bp2015-8.jpg-nggid041927-ngg0dyn-325x225x100-00f0w010c011r110f110r010t010.jpg\"\n\t\t\t\t\twidth=\"325\"\n\t\t\t\t\theight=\"225\"\n\t\t\t\t\tstyle=\"max-width:100%;\"\n\t\t\t\t\/>\n\t\t\t<\/a>\n\t\t<\/div>\n\t\t\t\t\t\t\t<\/div> \n\t\t\t\n\t\t\t\t<div id=\"ngg-image-8\" class=\"ngg-gallery-thumbnail-box \n\t\t\t\t\t\t\t\t\t\t\t\" \n\t\t\t>\n\t\t\t\t\t\t<div class=\"ngg-gallery-thumbnail\">\n\t\t\t<a href=\"https:\/\/www.aurin-choir.hu\/wp-content\/gallery\/karacsony-budapest-2015\/karacsony_bp2015-9.jpg\"\n\t\t\t\ttitle=\"\"\n\t\t\t\tdata-src=\"https:\/\/www.aurin-choir.hu\/wp-content\/gallery\/karacsony-budapest-2015\/karacsony_bp2015-9.jpg\"\n\t\t\t\tdata-thumbnail=\"https:\/\/www.aurin-choir.hu\/wp-content\/gallery\/karacsony-budapest-2015\/thumbs\/thumbs_karacsony_bp2015-9.jpg\"\n\t\t\t\tdata-image-id=\"1928\"\n\t\t\t\tdata-title=\"karacsony_bp2015-9\"\n\t\t\t\tdata-description=\"\"\n\t\t\t\tdata-image-slug=\"karacsony_bp2015-9\"\n\t\t\t\tclass=\"ngg-simplelightbox\" rel=\"97c01969ccb78610835ba47463a723c3\">\n\t\t\t\t<img\n\t\t\t\t\ttitle=\"karacsony_bp2015-9\"\n\t\t\t\t\talt=\"karacsony_bp2015-9\"\n\t\t\t\t\tsrc=\"https:\/\/www.aurin-choir.hu\/wp-content\/gallery\/karacsony-budapest-2015\/cache\/karacsony_bp2015-9.jpg-nggid041928-ngg0dyn-325x225x100-00f0w010c011r110f110r010t010.jpg\"\n\t\t\t\t\twidth=\"325\"\n\t\t\t\t\theight=\"225\"\n\t\t\t\t\tstyle=\"max-width:100%;\"\n\t\t\t\t\/>\n\t\t\t<\/a>\n\t\t<\/div>\n\t\t\t\t\t\t\t<\/div> \n\t\t\t\n\t\t\t\t<div id=\"ngg-image-9\" class=\"ngg-gallery-thumbnail-box \n\t\t\t\t\t\t\t\t\t\t\t\" \n\t\t\t>\n\t\t\t\t\t\t<div class=\"ngg-gallery-thumbnail\">\n\t\t\t<a href=\"https:\/\/www.aurin-choir.hu\/wp-content\/gallery\/karacsony-budapest-2015\/karacsony_bp2015-10.jpg\"\n\t\t\t\ttitle=\"\"\n\t\t\t\tdata-src=\"https:\/\/www.aurin-choir.hu\/wp-content\/gallery\/karacsony-budapest-2015\/karacsony_bp2015-10.jpg\"\n\t\t\t\tdata-thumbnail=\"https:\/\/www.aurin-choir.hu\/wp-content\/gallery\/karacsony-budapest-2015\/thumbs\/thumbs_karacsony_bp2015-10.jpg\"\n\t\t\t\tdata-image-id=\"1929\"\n\t\t\t\tdata-title=\"karacsony_bp2015-10\"\n\t\t\t\tdata-description=\"\"\n\t\t\t\tdata-image-slug=\"karacsony_bp2015-10\"\n\t\t\t\tclass=\"ngg-simplelightbox\" rel=\"97c01969ccb78610835ba47463a723c3\">\n\t\t\t\t<img\n\t\t\t\t\ttitle=\"karacsony_bp2015-10\"\n\t\t\t\t\talt=\"karacsony_bp2015-10\"\n\t\t\t\t\tsrc=\"https:\/\/www.aurin-choir.hu\/wp-content\/gallery\/karacsony-budapest-2015\/cache\/karacsony_bp2015-10.jpg-nggid041929-ngg0dyn-325x225x100-00f0w010c011r110f110r010t010.jpg\"\n\t\t\t\t\twidth=\"325\"\n\t\t\t\t\theight=\"225\"\n\t\t\t\t\tstyle=\"max-width:100%;\"\n\t\t\t\t\/>\n\t\t\t<\/a>\n\t\t<\/div>\n\t\t\t\t\t\t\t<\/div> \n\t\t\t\n\t\t\t\t<div id=\"ngg-image-10\" class=\"ngg-gallery-thumbnail-box \n\t\t\t\t\t\t\t\t\t\t\t\" \n\t\t\t>\n\t\t\t\t\t\t<div class=\"ngg-gallery-thumbnail\">\n\t\t\t<a href=\"https:\/\/www.aurin-choir.hu\/wp-content\/gallery\/karacsony-budapest-2015\/karacsony_bp2015-11.jpg\"\n\t\t\t\ttitle=\"\"\n\t\t\t\tdata-src=\"https:\/\/www.aurin-choir.hu\/wp-content\/gallery\/karacsony-budapest-2015\/karacsony_bp2015-11.jpg\"\n\t\t\t\tdata-thumbnail=\"https:\/\/www.aurin-choir.hu\/wp-content\/gallery\/karacsony-budapest-2015\/thumbs\/thumbs_karacsony_bp2015-11.jpg\"\n\t\t\t\tdata-image-id=\"1930\"\n\t\t\t\tdata-title=\"karacsony_bp2015-11\"\n\t\t\t\tdata-description=\"\"\n\t\t\t\tdata-image-slug=\"karacsony_bp2015-11\"\n\t\t\t\tclass=\"ngg-simplelightbox\" rel=\"97c01969ccb78610835ba47463a723c3\">\n\t\t\t\t<img\n\t\t\t\t\ttitle=\"karacsony_bp2015-11\"\n\t\t\t\t\talt=\"karacsony_bp2015-11\"\n\t\t\t\t\tsrc=\"https:\/\/www.aurin-choir.hu\/wp-content\/gallery\/karacsony-budapest-2015\/cache\/karacsony_bp2015-11.jpg-nggid041930-ngg0dyn-325x225x100-00f0w010c011r110f110r010t010.jpg\"\n\t\t\t\t\twidth=\"325\"\n\t\t\t\t\theight=\"225\"\n\t\t\t\t\tstyle=\"max-width:100%;\"\n\t\t\t\t\/>\n\t\t\t<\/a>\n\t\t<\/div>\n\t\t\t\t\t\t\t<\/div> \n\t\t\t\n\t\t\t\t<div id=\"ngg-image-11\" class=\"ngg-gallery-thumbnail-box \n\t\t\t\t\t\t\t\t\t\t\t\" \n\t\t\t>\n\t\t\t\t\t\t<div class=\"ngg-gallery-thumbnail\">\n\t\t\t<a href=\"https:\/\/www.aurin-choir.hu\/wp-content\/gallery\/karacsony-budapest-2015\/karacsony_bp2015-12.jpg\"\n\t\t\t\ttitle=\"\"\n\t\t\t\tdata-src=\"https:\/\/www.aurin-choir.hu\/wp-content\/gallery\/karacsony-budapest-2015\/karacsony_bp2015-12.jpg\"\n\t\t\t\tdata-thumbnail=\"https:\/\/www.aurin-choir.hu\/wp-content\/gallery\/karacsony-budapest-2015\/thumbs\/thumbs_karacsony_bp2015-12.jpg\"\n\t\t\t\tdata-image-id=\"1931\"\n\t\t\t\tdata-title=\"karacsony_bp2015-12\"\n\t\t\t\tdata-description=\"\"\n\t\t\t\tdata-image-slug=\"karacsony_bp2015-12\"\n\t\t\t\tclass=\"ngg-simplelightbox\" rel=\"97c01969ccb78610835ba47463a723c3\">\n\t\t\t\t<img\n\t\t\t\t\ttitle=\"karacsony_bp2015-12\"\n\t\t\t\t\talt=\"karacsony_bp2015-12\"\n\t\t\t\t\tsrc=\"https:\/\/www.aurin-choir.hu\/wp-content\/gallery\/karacsony-budapest-2015\/cache\/karacsony_bp2015-12.jpg-nggid041931-ngg0dyn-325x225x100-00f0w010c011r110f110r010t010.jpg\"\n\t\t\t\t\twidth=\"325\"\n\t\t\t\t\theight=\"225\"\n\t\t\t\t\tstyle=\"max-width:100%;\"\n\t\t\t\t\/>\n\t\t\t<\/a>\n\t\t<\/div>\n\t\t\t\t\t\t\t<\/div> \n\t\t\t\n\t\t\t\t<div id=\"ngg-image-12\" class=\"ngg-gallery-thumbnail-box \n\t\t\t\t\t\t\t\t\t\t\t\" \n\t\t\t>\n\t\t\t\t\t\t<div class=\"ngg-gallery-thumbnail\">\n\t\t\t<a href=\"https:\/\/www.aurin-choir.hu\/wp-content\/gallery\/karacsony-budapest-2015\/karacsony_bp2015-13.jpg\"\n\t\t\t\ttitle=\"\"\n\t\t\t\tdata-src=\"https:\/\/www.aurin-choir.hu\/wp-content\/gallery\/karacsony-budapest-2015\/karacsony_bp2015-13.jpg\"\n\t\t\t\tdata-thumbnail=\"https:\/\/www.aurin-choir.hu\/wp-content\/gallery\/karacsony-budapest-2015\/thumbs\/thumbs_karacsony_bp2015-13.jpg\"\n\t\t\t\tdata-image-id=\"1932\"\n\t\t\t\tdata-title=\"karacsony_bp2015-13\"\n\t\t\t\tdata-description=\"\"\n\t\t\t\tdata-image-slug=\"karacsony_bp2015-13\"\n\t\t\t\tclass=\"ngg-simplelightbox\" rel=\"97c01969ccb78610835ba47463a723c3\">\n\t\t\t\t<img\n\t\t\t\t\ttitle=\"karacsony_bp2015-13\"\n\t\t\t\t\talt=\"karacsony_bp2015-13\"\n\t\t\t\t\tsrc=\"https:\/\/www.aurin-choir.hu\/wp-content\/gallery\/karacsony-budapest-2015\/cache\/karacsony_bp2015-13.jpg-nggid041932-ngg0dyn-325x225x100-00f0w010c011r110f110r010t010.jpg\"\n\t\t\t\t\twidth=\"325\"\n\t\t\t\t\theight=\"225\"\n\t\t\t\t\tstyle=\"max-width:100%;\"\n\t\t\t\t\/>\n\t\t\t<\/a>\n\t\t<\/div>\n\t\t\t\t\t\t\t<\/div> \n\t\t\t\n\t\t\t\t<div id=\"ngg-image-13\" class=\"ngg-gallery-thumbnail-box \n\t\t\t\t\t\t\t\t\t\t\t\" \n\t\t\t>\n\t\t\t\t\t\t<div class=\"ngg-gallery-thumbnail\">\n\t\t\t<a href=\"https:\/\/www.aurin-choir.hu\/wp-content\/gallery\/karacsony-budapest-2015\/karacsony_bp2015-14.jpg\"\n\t\t\t\ttitle=\"\"\n\t\t\t\tdata-src=\"https:\/\/www.aurin-choir.hu\/wp-content\/gallery\/karacsony-budapest-2015\/karacsony_bp2015-14.jpg\"\n\t\t\t\tdata-thumbnail=\"https:\/\/www.aurin-choir.hu\/wp-content\/gallery\/karacsony-budapest-2015\/thumbs\/thumbs_karacsony_bp2015-14.jpg\"\n\t\t\t\tdata-image-id=\"1933\"\n\t\t\t\tdata-title=\"karacsony_bp2015-14\"\n\t\t\t\tdata-description=\"\"\n\t\t\t\tdata-image-slug=\"karacsony_bp2015-14\"\n\t\t\t\tclass=\"ngg-simplelightbox\" rel=\"97c01969ccb78610835ba47463a723c3\">\n\t\t\t\t<img\n\t\t\t\t\ttitle=\"karacsony_bp2015-14\"\n\t\t\t\t\talt=\"karacsony_bp2015-14\"\n\t\t\t\t\tsrc=\"https:\/\/www.aurin-choir.hu\/wp-content\/gallery\/karacsony-budapest-2015\/cache\/karacsony_bp2015-14.jpg-nggid041933-ngg0dyn-325x225x100-00f0w010c011r110f110r010t010.jpg\"\n\t\t\t\t\twidth=\"325\"\n\t\t\t\t\theight=\"225\"\n\t\t\t\t\tstyle=\"max-width:100%;\"\n\t\t\t\t\/>\n\t\t\t<\/a>\n\t\t<\/div>\n\t\t\t\t\t\t\t<\/div> \n\t\t\t\n\t\t\t\t<div id=\"ngg-image-14\" class=\"ngg-gallery-thumbnail-box \n\t\t\t\t\t\t\t\t\t\t\t\" \n\t\t\t>\n\t\t\t\t\t\t<div class=\"ngg-gallery-thumbnail\">\n\t\t\t<a href=\"https:\/\/www.aurin-choir.hu\/wp-content\/gallery\/karacsony-budapest-2015\/karacsony_bp2015-15.jpg\"\n\t\t\t\ttitle=\"\"\n\t\t\t\tdata-src=\"https:\/\/www.aurin-choir.hu\/wp-content\/gallery\/karacsony-budapest-2015\/karacsony_bp2015-15.jpg\"\n\t\t\t\tdata-thumbnail=\"https:\/\/www.aurin-choir.hu\/wp-content\/gallery\/karacsony-budapest-2015\/thumbs\/thumbs_karacsony_bp2015-15.jpg\"\n\t\t\t\tdata-image-id=\"1934\"\n\t\t\t\tdata-title=\"karacsony_bp2015-15\"\n\t\t\t\tdata-description=\"\"\n\t\t\t\tdata-image-slug=\"karacsony_bp2015-15\"\n\t\t\t\tclass=\"ngg-simplelightbox\" rel=\"97c01969ccb78610835ba47463a723c3\">\n\t\t\t\t<img\n\t\t\t\t\ttitle=\"karacsony_bp2015-15\"\n\t\t\t\t\talt=\"karacsony_bp2015-15\"\n\t\t\t\t\tsrc=\"https:\/\/www.aurin-choir.hu\/wp-content\/gallery\/karacsony-budapest-2015\/cache\/karacsony_bp2015-15.jpg-nggid041934-ngg0dyn-325x225x100-00f0w010c011r110f110r010t010.jpg\"\n\t\t\t\t\twidth=\"325\"\n\t\t\t\t\theight=\"225\"\n\t\t\t\t\tstyle=\"max-width:100%;\"\n\t\t\t\t\/>\n\t\t\t<\/a>\n\t\t<\/div>\n\t\t\t\t\t\t\t<\/div> \n\t\t\t\n\t\t\t\t<div id=\"ngg-image-15\" class=\"ngg-gallery-thumbnail-box \n\t\t\t\t\t\t\t\t\t\t\t\" \n\t\t\t>\n\t\t\t\t\t\t<div class=\"ngg-gallery-thumbnail\">\n\t\t\t<a href=\"https:\/\/www.aurin-choir.hu\/wp-content\/gallery\/karacsony-budapest-2015\/karacsony_bp2015-16.jpg\"\n\t\t\t\ttitle=\"\"\n\t\t\t\tdata-src=\"https:\/\/www.aurin-choir.hu\/wp-content\/gallery\/karacsony-budapest-2015\/karacsony_bp2015-16.jpg\"\n\t\t\t\tdata-thumbnail=\"https:\/\/www.aurin-choir.hu\/wp-content\/gallery\/karacsony-budapest-2015\/thumbs\/thumbs_karacsony_bp2015-16.jpg\"\n\t\t\t\tdata-image-id=\"1935\"\n\t\t\t\tdata-title=\"karacsony_bp2015-16\"\n\t\t\t\tdata-description=\"\"\n\t\t\t\tdata-image-slug=\"karacsony_bp2015-16\"\n\t\t\t\tclass=\"ngg-simplelightbox\" rel=\"97c01969ccb78610835ba47463a723c3\">\n\t\t\t\t<img\n\t\t\t\t\ttitle=\"karacsony_bp2015-16\"\n\t\t\t\t\talt=\"karacsony_bp2015-16\"\n\t\t\t\t\tsrc=\"https:\/\/www.aurin-choir.hu\/wp-content\/gallery\/karacsony-budapest-2015\/cache\/karacsony_bp2015-16.jpg-nggid041935-ngg0dyn-325x225x100-00f0w010c011r110f110r010t010.jpg\"\n\t\t\t\t\twidth=\"325\"\n\t\t\t\t\theight=\"225\"\n\t\t\t\t\tstyle=\"max-width:100%;\"\n\t\t\t\t\/>\n\t\t\t<\/a>\n\t\t<\/div>\n\t\t\t\t\t\t\t<\/div> \n\t\t\t\n\t\t\t\t<div id=\"ngg-image-16\" class=\"ngg-gallery-thumbnail-box \n\t\t\t\t\t\t\t\t\t\t\t\" \n\t\t\t>\n\t\t\t\t\t\t<div class=\"ngg-gallery-thumbnail\">\n\t\t\t<a href=\"https:\/\/www.aurin-choir.hu\/wp-content\/gallery\/karacsony-budapest-2015\/karacsony_bp2015-17.jpg\"\n\t\t\t\ttitle=\"\"\n\t\t\t\tdata-src=\"https:\/\/www.aurin-choir.hu\/wp-content\/gallery\/karacsony-budapest-2015\/karacsony_bp2015-17.jpg\"\n\t\t\t\tdata-thumbnail=\"https:\/\/www.aurin-choir.hu\/wp-content\/gallery\/karacsony-budapest-2015\/thumbs\/thumbs_karacsony_bp2015-17.jpg\"\n\t\t\t\tdata-image-id=\"1936\"\n\t\t\t\tdata-title=\"karacsony_bp2015-17\"\n\t\t\t\tdata-description=\"\"\n\t\t\t\tdata-image-slug=\"karacsony_bp2015-17\"\n\t\t\t\tclass=\"ngg-simplelightbox\" rel=\"97c01969ccb78610835ba47463a723c3\">\n\t\t\t\t<img\n\t\t\t\t\ttitle=\"karacsony_bp2015-17\"\n\t\t\t\t\talt=\"karacsony_bp2015-17\"\n\t\t\t\t\tsrc=\"https:\/\/www.aurin-choir.hu\/wp-content\/gallery\/karacsony-budapest-2015\/cache\/karacsony_bp2015-17.jpg-nggid041936-ngg0dyn-325x225x100-00f0w010c011r110f110r010t010.jpg\"\n\t\t\t\t\twidth=\"325\"\n\t\t\t\t\theight=\"225\"\n\t\t\t\t\tstyle=\"max-width:100%;\"\n\t\t\t\t\/>\n\t\t\t<\/a>\n\t\t<\/div>\n\t\t\t\t\t\t\t<\/div> \n\t\t\t\n\t\t\t\t<div id=\"ngg-image-17\" class=\"ngg-gallery-thumbnail-box \n\t\t\t\t\t\t\t\t\t\t\t\" \n\t\t\t>\n\t\t\t\t\t\t<div class=\"ngg-gallery-thumbnail\">\n\t\t\t<a href=\"https:\/\/www.aurin-choir.hu\/wp-content\/gallery\/karacsony-budapest-2015\/karacsony_bp2015-18.jpg\"\n\t\t\t\ttitle=\"\"\n\t\t\t\tdata-src=\"https:\/\/www.aurin-choir.hu\/wp-content\/gallery\/karacsony-budapest-2015\/karacsony_bp2015-18.jpg\"\n\t\t\t\tdata-thumbnail=\"https:\/\/www.aurin-choir.hu\/wp-content\/gallery\/karacsony-budapest-2015\/thumbs\/thumbs_karacsony_bp2015-18.jpg\"\n\t\t\t\tdata-image-id=\"1937\"\n\t\t\t\tdata-title=\"karacsony_bp2015-18\"\n\t\t\t\tdata-description=\"\"\n\t\t\t\tdata-image-slug=\"karacsony_bp2015-18\"\n\t\t\t\tclass=\"ngg-simplelightbox\" rel=\"97c01969ccb78610835ba47463a723c3\">\n\t\t\t\t<img\n\t\t\t\t\ttitle=\"karacsony_bp2015-18\"\n\t\t\t\t\talt=\"karacsony_bp2015-18\"\n\t\t\t\t\tsrc=\"https:\/\/www.aurin-choir.hu\/wp-content\/gallery\/karacsony-budapest-2015\/cache\/karacsony_bp2015-18.jpg-nggid041937-ngg0dyn-325x225x100-00f0w010c011r110f110r010t010.jpg\"\n\t\t\t\t\twidth=\"325\"\n\t\t\t\t\theight=\"225\"\n\t\t\t\t\tstyle=\"max-width:100%;\"\n\t\t\t\t\/>\n\t\t\t<\/a>\n\t\t<\/div>\n\t\t\t\t\t\t\t<\/div> \n\t\t\t\n\t\t\t\t<div id=\"ngg-image-18\" class=\"ngg-gallery-thumbnail-box \n\t\t\t\t\t\t\t\t\t\t\t\" \n\t\t\t>\n\t\t\t\t\t\t<div class=\"ngg-gallery-thumbnail\">\n\t\t\t<a href=\"https:\/\/www.aurin-choir.hu\/wp-content\/gallery\/karacsony-budapest-2015\/karacsony_bp2015-19.jpg\"\n\t\t\t\ttitle=\"\"\n\t\t\t\tdata-src=\"https:\/\/www.aurin-choir.hu\/wp-content\/gallery\/karacsony-budapest-2015\/karacsony_bp2015-19.jpg\"\n\t\t\t\tdata-thumbnail=\"https:\/\/www.aurin-choir.hu\/wp-content\/gallery\/karacsony-budapest-2015\/thumbs\/thumbs_karacsony_bp2015-19.jpg\"\n\t\t\t\tdata-image-id=\"1938\"\n\t\t\t\tdata-title=\"karacsony_bp2015-19\"\n\t\t\t\tdata-description=\"\"\n\t\t\t\tdata-image-slug=\"karacsony_bp2015-19\"\n\t\t\t\tclass=\"ngg-simplelightbox\" rel=\"97c01969ccb78610835ba47463a723c3\">\n\t\t\t\t<img\n\t\t\t\t\ttitle=\"karacsony_bp2015-19\"\n\t\t\t\t\talt=\"karacsony_bp2015-19\"\n\t\t\t\t\tsrc=\"https:\/\/www.aurin-choir.hu\/wp-content\/gallery\/karacsony-budapest-2015\/cache\/karacsony_bp2015-19.jpg-nggid041938-ngg0dyn-325x225x100-00f0w010c011r110f110r010t010.jpg\"\n\t\t\t\t\twidth=\"325\"\n\t\t\t\t\theight=\"225\"\n\t\t\t\t\tstyle=\"max-width:100%;\"\n\t\t\t\t\/>\n\t\t\t<\/a>\n\t\t<\/div>\n\t\t\t\t\t\t\t<\/div> \n\t\t\t\n\t\t\t\t<div id=\"ngg-image-19\" class=\"ngg-gallery-thumbnail-box \n\t\t\t\t\t\t\t\t\t\t\t\" \n\t\t\t>\n\t\t\t\t\t\t<div class=\"ngg-gallery-thumbnail\">\n\t\t\t<a href=\"https:\/\/www.aurin-choir.hu\/wp-content\/gallery\/karacsony-budapest-2015\/karacsony_bp2015-20.jpg\"\n\t\t\t\ttitle=\"\"\n\t\t\t\tdata-src=\"https:\/\/www.aurin-choir.hu\/wp-content\/gallery\/karacsony-budapest-2015\/karacsony_bp2015-20.jpg\"\n\t\t\t\tdata-thumbnail=\"https:\/\/www.aurin-choir.hu\/wp-content\/gallery\/karacsony-budapest-2015\/thumbs\/thumbs_karacsony_bp2015-20.jpg\"\n\t\t\t\tdata-image-id=\"1939\"\n\t\t\t\tdata-title=\"karacsony_bp2015-20\"\n\t\t\t\tdata-description=\"\"\n\t\t\t\tdata-image-slug=\"karacsony_bp2015-20\"\n\t\t\t\tclass=\"ngg-simplelightbox\" rel=\"97c01969ccb78610835ba47463a723c3\">\n\t\t\t\t<img\n\t\t\t\t\ttitle=\"karacsony_bp2015-20\"\n\t\t\t\t\talt=\"karacsony_bp2015-20\"\n\t\t\t\t\tsrc=\"https:\/\/www.aurin-choir.hu\/wp-content\/gallery\/karacsony-budapest-2015\/cache\/karacsony_bp2015-20.jpg-nggid041939-ngg0dyn-325x225x100-00f0w010c011r110f110r010t010.jpg\"\n\t\t\t\t\twidth=\"325\"\n\t\t\t\t\theight=\"225\"\n\t\t\t\t\tstyle=\"max-width:100%;\"\n\t\t\t\t\/>\n\t\t\t<\/a>\n\t\t<\/div>\n\t\t\t\t\t\t\t<\/div> \n\t\t\t\n\t\t\t\t<div id=\"ngg-image-20\" class=\"ngg-gallery-thumbnail-box \n\t\t\t\t\t\t\t\t\t\t\t\" \n\t\t\t>\n\t\t\t\t\t\t<div class=\"ngg-gallery-thumbnail\">\n\t\t\t<a href=\"https:\/\/www.aurin-choir.hu\/wp-content\/gallery\/karacsony-budapest-2015\/karacsony_bp2015-21.jpg\"\n\t\t\t\ttitle=\"\"\n\t\t\t\tdata-src=\"https:\/\/www.aurin-choir.hu\/wp-content\/gallery\/karacsony-budapest-2015\/karacsony_bp2015-21.jpg\"\n\t\t\t\tdata-thumbnail=\"https:\/\/www.aurin-choir.hu\/wp-content\/gallery\/karacsony-budapest-2015\/thumbs\/thumbs_karacsony_bp2015-21.jpg\"\n\t\t\t\tdata-image-id=\"1940\"\n\t\t\t\tdata-title=\"karacsony_bp2015-21\"\n\t\t\t\tdata-description=\"\"\n\t\t\t\tdata-image-slug=\"karacsony_bp2015-21\"\n\t\t\t\tclass=\"ngg-simplelightbox\" rel=\"97c01969ccb78610835ba47463a723c3\">\n\t\t\t\t<img\n\t\t\t\t\ttitle=\"karacsony_bp2015-21\"\n\t\t\t\t\talt=\"karacsony_bp2015-21\"\n\t\t\t\t\tsrc=\"https:\/\/www.aurin-choir.hu\/wp-content\/gallery\/karacsony-budapest-2015\/cache\/karacsony_bp2015-21.jpg-nggid041940-ngg0dyn-325x225x100-00f0w010c011r110f110r010t010.jpg\"\n\t\t\t\t\twidth=\"325\"\n\t\t\t\t\theight=\"225\"\n\t\t\t\t\tstyle=\"max-width:100%;\"\n\t\t\t\t\/>\n\t\t\t<\/a>\n\t\t<\/div>\n\t\t\t\t\t\t\t<\/div> \n\t\t\t\n\t\t\t\t<div id=\"ngg-image-21\" class=\"ngg-gallery-thumbnail-box \n\t\t\t\t\t\t\t\t\t\t\t\" \n\t\t\t>\n\t\t\t\t\t\t<div class=\"ngg-gallery-thumbnail\">\n\t\t\t<a href=\"https:\/\/www.aurin-choir.hu\/wp-content\/gallery\/karacsony-budapest-2015\/1_karacsony_bp2015-22.jpg\"\n\t\t\t\ttitle=\"\"\n\t\t\t\tdata-src=\"https:\/\/www.aurin-choir.hu\/wp-content\/gallery\/karacsony-budapest-2015\/1_karacsony_bp2015-22.jpg\"\n\t\t\t\tdata-thumbnail=\"https:\/\/www.aurin-choir.hu\/wp-content\/gallery\/karacsony-budapest-2015\/thumbs\/thumbs_1_karacsony_bp2015-22.jpg\"\n\t\t\t\tdata-image-id=\"5690\"\n\t\t\t\tdata-title=\"1_karacsony_bp2015-22\"\n\t\t\t\tdata-description=\"\"\n\t\t\t\tdata-image-slug=\"1_karacsony_bp2015-22\"\n\t\t\t\tclass=\"ngg-simplelightbox\" rel=\"97c01969ccb78610835ba47463a723c3\">\n\t\t\t\t<img\n\t\t\t\t\ttitle=\"1_karacsony_bp2015-22\"\n\t\t\t\t\talt=\"1_karacsony_bp2015-22\"\n\t\t\t\t\tsrc=\"https:\/\/www.aurin-choir.hu\/wp-content\/gallery\/karacsony-budapest-2015\/cache\/1_karacsony_bp2015-22.jpg-nggid045690-ngg0dyn-325x225x100-00f0w010c011r110f110r010t010.jpg\"\n\t\t\t\t\twidth=\"325\"\n\t\t\t\t\theight=\"225\"\n\t\t\t\t\tstyle=\"max-width:100%;\"\n\t\t\t\t\/>\n\t\t\t<\/a>\n\t\t<\/div>\n\t\t\t\t\t\t\t<\/div> \n\t\t\t\n\t\t\t\t<div id=\"ngg-image-22\" class=\"ngg-gallery-thumbnail-box \n\t\t\t\t\t\t\t\t\t\t\t\" \n\t\t\t>\n\t\t\t\t\t\t<div class=\"ngg-gallery-thumbnail\">\n\t\t\t<a href=\"https:\/\/www.aurin-choir.hu\/wp-content\/gallery\/karacsony-budapest-2015\/karacsony_bp2015-23.jpg\"\n\t\t\t\ttitle=\"\"\n\t\t\t\tdata-src=\"https:\/\/www.aurin-choir.hu\/wp-content\/gallery\/karacsony-budapest-2015\/karacsony_bp2015-23.jpg\"\n\t\t\t\tdata-thumbnail=\"https:\/\/www.aurin-choir.hu\/wp-content\/gallery\/karacsony-budapest-2015\/thumbs\/thumbs_karacsony_bp2015-23.jpg\"\n\t\t\t\tdata-image-id=\"1942\"\n\t\t\t\tdata-title=\"karacsony_bp2015-23\"\n\t\t\t\tdata-description=\"\"\n\t\t\t\tdata-image-slug=\"karacsony_bp2015-23\"\n\t\t\t\tclass=\"ngg-simplelightbox\" rel=\"97c01969ccb78610835ba47463a723c3\">\n\t\t\t\t<img\n\t\t\t\t\ttitle=\"karacsony_bp2015-23\"\n\t\t\t\t\talt=\"karacsony_bp2015-23\"\n\t\t\t\t\tsrc=\"https:\/\/www.aurin-choir.hu\/wp-content\/gallery\/karacsony-budapest-2015\/cache\/karacsony_bp2015-23.jpg-nggid041942-ngg0dyn-325x225x100-00f0w010c011r110f110r010t010.jpg\"\n\t\t\t\t\twidth=\"325\"\n\t\t\t\t\theight=\"225\"\n\t\t\t\t\tstyle=\"max-width:100%;\"\n\t\t\t\t\/>\n\t\t\t<\/a>\n\t\t<\/div>\n\t\t\t\t\t\t\t<\/div> \n\t\t\t\n\t\t\t\t<div id=\"ngg-image-23\" class=\"ngg-gallery-thumbnail-box \n\t\t\t\t\t\t\t\t\t\t\t\" \n\t\t\t>\n\t\t\t\t\t\t<div class=\"ngg-gallery-thumbnail\">\n\t\t\t<a href=\"https:\/\/www.aurin-choir.hu\/wp-content\/gallery\/karacsony-budapest-2015\/karacsony_bp2015-24.jpg\"\n\t\t\t\ttitle=\"\"\n\t\t\t\tdata-src=\"https:\/\/www.aurin-choir.hu\/wp-content\/gallery\/karacsony-budapest-2015\/karacsony_bp2015-24.jpg\"\n\t\t\t\tdata-thumbnail=\"https:\/\/www.aurin-choir.hu\/wp-content\/gallery\/karacsony-budapest-2015\/thumbs\/thumbs_karacsony_bp2015-24.jpg\"\n\t\t\t\tdata-image-id=\"1943\"\n\t\t\t\tdata-title=\"karacsony_bp2015-24\"\n\t\t\t\tdata-description=\"\"\n\t\t\t\tdata-image-slug=\"karacsony_bp2015-24\"\n\t\t\t\tclass=\"ngg-simplelightbox\" rel=\"97c01969ccb78610835ba47463a723c3\">\n\t\t\t\t<img\n\t\t\t\t\ttitle=\"karacsony_bp2015-24\"\n\t\t\t\t\talt=\"karacsony_bp2015-24\"\n\t\t\t\t\tsrc=\"https:\/\/www.aurin-choir.hu\/wp-content\/gallery\/karacsony-budapest-2015\/cache\/karacsony_bp2015-24.jpg-nggid041943-ngg0dyn-325x225x100-00f0w010c011r110f110r010t010.jpg\"\n\t\t\t\t\twidth=\"325\"\n\t\t\t\t\theight=\"225\"\n\t\t\t\t\tstyle=\"max-width:100%;\"\n\t\t\t\t\/>\n\t\t\t<\/a>\n\t\t<\/div>\n\t\t\t\t\t\t\t<\/div> \n\t\t\t\n\t\t\t\t<div id=\"ngg-image-24\" class=\"ngg-gallery-thumbnail-box \n\t\t\t\t\t\t\t\t\t\t\t\" \n\t\t\t>\n\t\t\t\t\t\t<div class=\"ngg-gallery-thumbnail\">\n\t\t\t<a href=\"https:\/\/www.aurin-choir.hu\/wp-content\/gallery\/karacsony-budapest-2015\/karacsony_bp2015-25.jpg\"\n\t\t\t\ttitle=\"\"\n\t\t\t\tdata-src=\"https:\/\/www.aurin-choir.hu\/wp-content\/gallery\/karacsony-budapest-2015\/karacsony_bp2015-25.jpg\"\n\t\t\t\tdata-thumbnail=\"https:\/\/www.aurin-choir.hu\/wp-content\/gallery\/karacsony-budapest-2015\/thumbs\/thumbs_karacsony_bp2015-25.jpg\"\n\t\t\t\tdata-image-id=\"1944\"\n\t\t\t\tdata-title=\"karacsony_bp2015-25\"\n\t\t\t\tdata-description=\"\"\n\t\t\t\tdata-image-slug=\"karacsony_bp2015-25\"\n\t\t\t\tclass=\"ngg-simplelightbox\" rel=\"97c01969ccb78610835ba47463a723c3\">\n\t\t\t\t<img\n\t\t\t\t\ttitle=\"karacsony_bp2015-25\"\n\t\t\t\t\talt=\"karacsony_bp2015-25\"\n\t\t\t\t\tsrc=\"https:\/\/www.aurin-choir.hu\/wp-content\/gallery\/karacsony-budapest-2015\/cache\/karacsony_bp2015-25.jpg-nggid041944-ngg0dyn-325x225x100-00f0w010c011r110f110r010t010.jpg\"\n\t\t\t\t\twidth=\"325\"\n\t\t\t\t\theight=\"225\"\n\t\t\t\t\tstyle=\"max-width:100%;\"\n\t\t\t\t\/>\n\t\t\t<\/a>\n\t\t<\/div>\n\t\t\t\t\t\t\t<\/div> \n\t\t\t\n\t\t\t\t<div id=\"ngg-image-25\" class=\"ngg-gallery-thumbnail-box \n\t\t\t\t\t\t\t\t\t\t\t\" \n\t\t\t>\n\t\t\t\t\t\t<div class=\"ngg-gallery-thumbnail\">\n\t\t\t<a href=\"https:\/\/www.aurin-choir.hu\/wp-content\/gallery\/karacsony-budapest-2015\/karacsony_bp2015-26.jpg\"\n\t\t\t\ttitle=\"\"\n\t\t\t\tdata-src=\"https:\/\/www.aurin-choir.hu\/wp-content\/gallery\/karacsony-budapest-2015\/karacsony_bp2015-26.jpg\"\n\t\t\t\tdata-thumbnail=\"https:\/\/www.aurin-choir.hu\/wp-content\/gallery\/karacsony-budapest-2015\/thumbs\/thumbs_karacsony_bp2015-26.jpg\"\n\t\t\t\tdata-image-id=\"1945\"\n\t\t\t\tdata-title=\"karacsony_bp2015-26\"\n\t\t\t\tdata-description=\"\"\n\t\t\t\tdata-image-slug=\"karacsony_bp2015-26\"\n\t\t\t\tclass=\"ngg-simplelightbox\" rel=\"97c01969ccb78610835ba47463a723c3\">\n\t\t\t\t<img\n\t\t\t\t\ttitle=\"karacsony_bp2015-26\"\n\t\t\t\t\talt=\"karacsony_bp2015-26\"\n\t\t\t\t\tsrc=\"https:\/\/www.aurin-choir.hu\/wp-content\/gallery\/karacsony-budapest-2015\/cache\/karacsony_bp2015-26.jpg-nggid041945-ngg0dyn-325x225x100-00f0w010c011r110f110r010t010.jpg\"\n\t\t\t\t\twidth=\"325\"\n\t\t\t\t\theight=\"225\"\n\t\t\t\t\tstyle=\"max-width:100%;\"\n\t\t\t\t\/>\n\t\t\t<\/a>\n\t\t<\/div>\n\t\t\t\t\t\t\t<\/div> \n\t\t\t\n\t\t\t\t<div id=\"ngg-image-26\" class=\"ngg-gallery-thumbnail-box \n\t\t\t\t\t\t\t\t\t\t\t\" \n\t\t\t>\n\t\t\t\t\t\t<div class=\"ngg-gallery-thumbnail\">\n\t\t\t<a href=\"https:\/\/www.aurin-choir.hu\/wp-content\/gallery\/karacsony-budapest-2015\/karacsony_bp2015-27.jpg\"\n\t\t\t\ttitle=\"\"\n\t\t\t\tdata-src=\"https:\/\/www.aurin-choir.hu\/wp-content\/gallery\/karacsony-budapest-2015\/karacsony_bp2015-27.jpg\"\n\t\t\t\tdata-thumbnail=\"https:\/\/www.aurin-choir.hu\/wp-content\/gallery\/karacsony-budapest-2015\/thumbs\/thumbs_karacsony_bp2015-27.jpg\"\n\t\t\t\tdata-image-id=\"1946\"\n\t\t\t\tdata-title=\"karacsony_bp2015-27\"\n\t\t\t\tdata-description=\"\"\n\t\t\t\tdata-image-slug=\"karacsony_bp2015-27\"\n\t\t\t\tclass=\"ngg-simplelightbox\" rel=\"97c01969ccb78610835ba47463a723c3\">\n\t\t\t\t<img\n\t\t\t\t\ttitle=\"karacsony_bp2015-27\"\n\t\t\t\t\talt=\"karacsony_bp2015-27\"\n\t\t\t\t\tsrc=\"https:\/\/www.aurin-choir.hu\/wp-content\/gallery\/karacsony-budapest-2015\/cache\/karacsony_bp2015-27.jpg-nggid041946-ngg0dyn-325x225x100-00f0w010c011r110f110r010t010.jpg\"\n\t\t\t\t\twidth=\"325\"\n\t\t\t\t\theight=\"225\"\n\t\t\t\t\tstyle=\"max-width:100%;\"\n\t\t\t\t\/>\n\t\t\t<\/a>\n\t\t<\/div>\n\t\t\t\t\t\t\t<\/div> \n\t\t\t\n\t\t\t\t<div id=\"ngg-image-27\" class=\"ngg-gallery-thumbnail-box \n\t\t\t\t\t\t\t\t\t\t\t\" \n\t\t\t>\n\t\t\t\t\t\t<div class=\"ngg-gallery-thumbnail\">\n\t\t\t<a href=\"https:\/\/www.aurin-choir.hu\/wp-content\/gallery\/karacsony-budapest-2015\/karacsony_bp2015-28.jpg\"\n\t\t\t\ttitle=\"\"\n\t\t\t\tdata-src=\"https:\/\/www.aurin-choir.hu\/wp-content\/gallery\/karacsony-budapest-2015\/karacsony_bp2015-28.jpg\"\n\t\t\t\tdata-thumbnail=\"https:\/\/www.aurin-choir.hu\/wp-content\/gallery\/karacsony-budapest-2015\/thumbs\/thumbs_karacsony_bp2015-28.jpg\"\n\t\t\t\tdata-image-id=\"1947\"\n\t\t\t\tdata-title=\"karacsony_bp2015-28\"\n\t\t\t\tdata-description=\"\"\n\t\t\t\tdata-image-slug=\"karacsony_bp2015-28\"\n\t\t\t\tclass=\"ngg-simplelightbox\" rel=\"97c01969ccb78610835ba47463a723c3\">\n\t\t\t\t<img\n\t\t\t\t\ttitle=\"karacsony_bp2015-28\"\n\t\t\t\t\talt=\"karacsony_bp2015-28\"\n\t\t\t\t\tsrc=\"https:\/\/www.aurin-choir.hu\/wp-content\/gallery\/karacsony-budapest-2015\/cache\/karacsony_bp2015-28.jpg-nggid041947-ngg0dyn-325x225x100-00f0w010c011r110f110r010t010.jpg\"\n\t\t\t\t\twidth=\"325\"\n\t\t\t\t\theight=\"225\"\n\t\t\t\t\tstyle=\"max-width:100%;\"\n\t\t\t\t\/>\n\t\t\t<\/a>\n\t\t<\/div>\n\t\t\t\t\t\t\t<\/div> \n\t\t\t\n\t\t\t\t<div id=\"ngg-image-28\" class=\"ngg-gallery-thumbnail-box \n\t\t\t\t\t\t\t\t\t\t\t\" \n\t\t\t>\n\t\t\t\t\t\t<div class=\"ngg-gallery-thumbnail\">\n\t\t\t<a href=\"https:\/\/www.aurin-choir.hu\/wp-content\/gallery\/karacsony-budapest-2015\/karacsony_bp2015-29.jpg\"\n\t\t\t\ttitle=\"\"\n\t\t\t\tdata-src=\"https:\/\/www.aurin-choir.hu\/wp-content\/gallery\/karacsony-budapest-2015\/karacsony_bp2015-29.jpg\"\n\t\t\t\tdata-thumbnail=\"https:\/\/www.aurin-choir.hu\/wp-content\/gallery\/karacsony-budapest-2015\/thumbs\/thumbs_karacsony_bp2015-29.jpg\"\n\t\t\t\tdata-image-id=\"1948\"\n\t\t\t\tdata-title=\"karacsony_bp2015-29\"\n\t\t\t\tdata-description=\"\"\n\t\t\t\tdata-image-slug=\"karacsony_bp2015-29\"\n\t\t\t\tclass=\"ngg-simplelightbox\" rel=\"97c01969ccb78610835ba47463a723c3\">\n\t\t\t\t<img\n\t\t\t\t\ttitle=\"karacsony_bp2015-29\"\n\t\t\t\t\talt=\"karacsony_bp2015-29\"\n\t\t\t\t\tsrc=\"https:\/\/www.aurin-choir.hu\/wp-content\/gallery\/karacsony-budapest-2015\/cache\/karacsony_bp2015-29.jpg-nggid041948-ngg0dyn-325x225x100-00f0w010c011r110f110r010t010.jpg\"\n\t\t\t\t\twidth=\"325\"\n\t\t\t\t\theight=\"225\"\n\t\t\t\t\tstyle=\"max-width:100%;\"\n\t\t\t\t\/>\n\t\t\t<\/a>\n\t\t<\/div>\n\t\t\t\t\t\t\t<\/div> \n\t\t\t\n\t\t\t\t<div id=\"ngg-image-29\" class=\"ngg-gallery-thumbnail-box \n\t\t\t\t\t\t\t\t\t\t\t\" \n\t\t\t>\n\t\t\t\t\t\t<div class=\"ngg-gallery-thumbnail\">\n\t\t\t<a href=\"https:\/\/www.aurin-choir.hu\/wp-content\/gallery\/karacsony-budapest-2015\/karacsony_bp2015-30.jpg\"\n\t\t\t\ttitle=\"\"\n\t\t\t\tdata-src=\"https:\/\/www.aurin-choir.hu\/wp-content\/gallery\/karacsony-budapest-2015\/karacsony_bp2015-30.jpg\"\n\t\t\t\tdata-thumbnail=\"https:\/\/www.aurin-choir.hu\/wp-content\/gallery\/karacsony-budapest-2015\/thumbs\/thumbs_karacsony_bp2015-30.jpg\"\n\t\t\t\tdata-image-id=\"1949\"\n\t\t\t\tdata-title=\"karacsony_bp2015-30\"\n\t\t\t\tdata-description=\"\"\n\t\t\t\tdata-image-slug=\"karacsony_bp2015-30\"\n\t\t\t\tclass=\"ngg-simplelightbox\" rel=\"97c01969ccb78610835ba47463a723c3\">\n\t\t\t\t<img\n\t\t\t\t\ttitle=\"karacsony_bp2015-30\"\n\t\t\t\t\talt=\"karacsony_bp2015-30\"\n\t\t\t\t\tsrc=\"https:\/\/www.aurin-choir.hu\/wp-content\/gallery\/karacsony-budapest-2015\/cache\/karacsony_bp2015-30.jpg-nggid041949-ngg0dyn-325x225x100-00f0w010c011r110f110r010t010.jpg\"\n\t\t\t\t\twidth=\"325\"\n\t\t\t\t\theight=\"225\"\n\t\t\t\t\tstyle=\"max-width:100%;\"\n\t\t\t\t\/>\n\t\t\t<\/a>\n\t\t<\/div>\n\t\t\t\t\t\t\t<\/div> \n\t\t\t\n\t\n\t<br style=\"clear: both\" \/>\n\n\t\n\t\t<!-- Pagination -->\n\t\t<div class='ngg-clear'><\/div>\t<\/div>\n<\/p>\n","protected":false},"author":1,"featured_media":7629,"comment_status":"closed","ping_status":"closed","template":"","meta":{"_et_pb_use_builder":"on","_et_pb_old_content":"","_et_gb_content_width":"","ngg_post_thumbnail":0,"footnotes":""},"project_category":[114,101,100],"project_tag":[],"class_list":["post-17647","project","type-project","status-publish","has-post-thumbnail","hentry","project_category-2015-en","project_category-aurin-noikar-en","project_category-aurin-leanykar-en"],"yoast_head":"<!-- This site is optimized with the Yoast SEO plugin v26.0 - https:\/\/yoast.com\/wordpress\/plugins\/seo\/ -->\n<title>Adventi koncert 2015 - Aurin - Miraculum<\/title>\n<meta name=\"robots\" content=\"index, follow, max-snippet:-1, max-image-preview:large, max-video-preview:-1\" \/>\n<link rel=\"canonical\" href=\"https:\/\/www.aurin-choir.hu\/project\/adventi-koncert-2015\/\" \/>\n<meta property=\"og:locale\" content=\"en_US\" \/>\n<meta property=\"og:type\" content=\"article\" \/>\n<meta property=\"og:title\" content=\"Adventi koncert 2015 - Aurin - Miraculum\" \/>\n<meta property=\"og:description\" content=\"Adventi koncert 2015 J\u00f3zsefv\u00e1rosi Pl\u00e9b\u00e1nia, Budapest\" \/>\n<meta property=\"og:url\" content=\"https:\/\/www.aurin-choir.hu\/project\/adventi-koncert-2015\/\" \/>\n<meta property=\"og:site_name\" content=\"Aurin - Miraculum\" \/>\n<meta property=\"article:publisher\" content=\"https:\/\/www.facebook.com\/aurinchoir\" \/>\n<meta property=\"article:modified_time\" content=\"2025-04-07T16:27:29+00:00\" \/>\n<meta property=\"og:image\" content=\"https:\/\/www.aurin-choir.hu\/wp-content\/uploads\/2020\/03\/karacsony_bp2015-14.jpg\" \/>\n\t<meta property=\"og:image:width\" content=\"730\" \/>\n\t<meta property=\"og:image:height\" content=\"485\" \/>\n\t<meta property=\"og:image:type\" content=\"image\/jpeg\" \/>\n<meta name=\"twitter:card\" content=\"summary_large_image\" \/>\n<meta name=\"twitter:label1\" content=\"Est. reading time\" \/>\n\t<meta name=\"twitter:data1\" content=\"1 minute\" \/>\n<script type=\"application\/ld+json\" class=\"yoast-schema-graph\">{\"@context\":\"https:\/\/schema.org\",\"@graph\":[{\"@type\":\"WebPage\",\"@id\":\"https:\/\/www.aurin-choir.hu\/project\/adventi-koncert-2015\/\",\"url\":\"https:\/\/www.aurin-choir.hu\/project\/adventi-koncert-2015\/\",\"name\":\"Adventi koncert 2015 - Aurin - Miraculum\",\"isPartOf\":{\"@id\":\"https:\/\/www.aurin-choir.hu\/#website\"},\"primaryImageOfPage\":{\"@id\":\"https:\/\/www.aurin-choir.hu\/project\/adventi-koncert-2015\/#primaryimage\"},\"image\":{\"@id\":\"https:\/\/www.aurin-choir.hu\/project\/adventi-koncert-2015\/#primaryimage\"},\"thumbnailUrl\":\"https:\/\/www.aurin-choir.hu\/wp-content\/uploads\/2020\/03\/karacsony_bp2015-14.jpg\",\"datePublished\":\"2015-12-07T18:08:19+00:00\",\"dateModified\":\"2025-04-07T16:27:29+00:00\",\"breadcrumb\":{\"@id\":\"https:\/\/www.aurin-choir.hu\/project\/adventi-koncert-2015\/#breadcrumb\"},\"inLanguage\":\"en-US\",\"potentialAction\":[{\"@type\":\"ReadAction\",\"target\":[\"https:\/\/www.aurin-choir.hu\/project\/adventi-koncert-2015\/\"]}]},{\"@type\":\"ImageObject\",\"inLanguage\":\"en-US\",\"@id\":\"https:\/\/www.aurin-choir.hu\/project\/adventi-koncert-2015\/#primaryimage\",\"url\":\"https:\/\/www.aurin-choir.hu\/wp-content\/uploads\/2020\/03\/karacsony_bp2015-14.jpg\",\"contentUrl\":\"https:\/\/www.aurin-choir.hu\/wp-content\/uploads\/2020\/03\/karacsony_bp2015-14.jpg\",\"width\":730,\"height\":485},{\"@type\":\"BreadcrumbList\",\"@id\":\"https:\/\/www.aurin-choir.hu\/project\/adventi-koncert-2015\/#breadcrumb\",\"itemListElement\":[{\"@type\":\"ListItem\",\"position\":1,\"name\":\"Kezd\u0151lap\",\"item\":\"https:\/\/www.aurin-choir.hu\/en\/\"},{\"@type\":\"ListItem\",\"position\":2,\"name\":\"Projektek\",\"item\":\"https:\/\/www.aurin-choir.hu\/project\/\"},{\"@type\":\"ListItem\",\"position\":3,\"name\":\"Adventi koncert 2015\"}]},{\"@type\":\"WebSite\",\"@id\":\"https:\/\/www.aurin-choir.hu\/#website\",\"url\":\"https:\/\/www.aurin-choir.hu\/\",\"name\":\"Aurin - Miraculum\",\"description\":\"Aurin - Miraculum\",\"publisher\":{\"@id\":\"https:\/\/www.aurin-choir.hu\/#organization\"},\"potentialAction\":[{\"@type\":\"SearchAction\",\"target\":{\"@type\":\"EntryPoint\",\"urlTemplate\":\"https:\/\/www.aurin-choir.hu\/?s={search_term_string}\"},\"query-input\":{\"@type\":\"PropertyValueSpecification\",\"valueRequired\":true,\"valueName\":\"search_term_string\"}}],\"inLanguage\":\"en-US\"},{\"@type\":\"Organization\",\"@id\":\"https:\/\/www.aurin-choir.hu\/#organization\",\"name\":\"Aurin \u00e9s Miraculum Alap\u00edtv\u00e1ny\",\"url\":\"https:\/\/www.aurin-choir.hu\/\",\"logo\":{\"@type\":\"ImageObject\",\"inLanguage\":\"en-US\",\"@id\":\"https:\/\/www.aurin-choir.hu\/#\/schema\/logo\/image\/\",\"url\":\"https:\/\/www.aurin-choir.hu\/wp-content\/uploads\/2024\/05\/logo_webre_evadzaro2-1.png\",\"contentUrl\":\"https:\/\/www.aurin-choir.hu\/wp-content\/uploads\/2024\/05\/logo_webre_evadzaro2-1.png\",\"width\":500,\"height\":515,\"caption\":\"Aurin \u00e9s Miraculum Alap\u00edtv\u00e1ny\"},\"image\":{\"@id\":\"https:\/\/www.aurin-choir.hu\/#\/schema\/logo\/image\/\"},\"sameAs\":[\"https:\/\/www.facebook.com\/aurinchoir\"]}]}<\/script>\n<!-- \/ Yoast SEO plugin. -->","yoast_head_json":{"title":"Adventi koncert 2015 - Aurin - Miraculum","robots":{"index":"index","follow":"follow","max-snippet":"max-snippet:-1","max-image-preview":"max-image-preview:large","max-video-preview":"max-video-preview:-1"},"canonical":"https:\/\/www.aurin-choir.hu\/project\/adventi-koncert-2015\/","og_locale":"en_US","og_type":"article","og_title":"Adventi koncert 2015 - Aurin - Miraculum","og_description":"Adventi koncert 2015 J\u00f3zsefv\u00e1rosi Pl\u00e9b\u00e1nia, Budapest","og_url":"https:\/\/www.aurin-choir.hu\/project\/adventi-koncert-2015\/","og_site_name":"Aurin - Miraculum","article_publisher":"https:\/\/www.facebook.com\/aurinchoir","article_modified_time":"2025-04-07T16:27:29+00:00","og_image":[{"width":730,"height":485,"url":"https:\/\/www.aurin-choir.hu\/wp-content\/uploads\/2020\/03\/karacsony_bp2015-14.jpg","type":"image\/jpeg"}],"twitter_card":"summary_large_image","twitter_misc":{"Est. reading time":"1 minute"},"schema":{"@context":"https:\/\/schema.org","@graph":[{"@type":"WebPage","@id":"https:\/\/www.aurin-choir.hu\/project\/adventi-koncert-2015\/","url":"https:\/\/www.aurin-choir.hu\/project\/adventi-koncert-2015\/","name":"Adventi koncert 2015 - Aurin - Miraculum","isPartOf":{"@id":"https:\/\/www.aurin-choir.hu\/#website"},"primaryImageOfPage":{"@id":"https:\/\/www.aurin-choir.hu\/project\/adventi-koncert-2015\/#primaryimage"},"image":{"@id":"https:\/\/www.aurin-choir.hu\/project\/adventi-koncert-2015\/#primaryimage"},"thumbnailUrl":"https:\/\/www.aurin-choir.hu\/wp-content\/uploads\/2020\/03\/karacsony_bp2015-14.jpg","datePublished":"2015-12-07T18:08:19+00:00","dateModified":"2025-04-07T16:27:29+00:00","breadcrumb":{"@id":"https:\/\/www.aurin-choir.hu\/project\/adventi-koncert-2015\/#breadcrumb"},"inLanguage":"en-US","potentialAction":[{"@type":"ReadAction","target":["https:\/\/www.aurin-choir.hu\/project\/adventi-koncert-2015\/"]}]},{"@type":"ImageObject","inLanguage":"en-US","@id":"https:\/\/www.aurin-choir.hu\/project\/adventi-koncert-2015\/#primaryimage","url":"https:\/\/www.aurin-choir.hu\/wp-content\/uploads\/2020\/03\/karacsony_bp2015-14.jpg","contentUrl":"https:\/\/www.aurin-choir.hu\/wp-content\/uploads\/2020\/03\/karacsony_bp2015-14.jpg","width":730,"height":485},{"@type":"BreadcrumbList","@id":"https:\/\/www.aurin-choir.hu\/project\/adventi-koncert-2015\/#breadcrumb","itemListElement":[{"@type":"ListItem","position":1,"name":"Kezd\u0151lap","item":"https:\/\/www.aurin-choir.hu\/en\/"},{"@type":"ListItem","position":2,"name":"Projektek","item":"https:\/\/www.aurin-choir.hu\/project\/"},{"@type":"ListItem","position":3,"name":"Adventi koncert 2015"}]},{"@type":"WebSite","@id":"https:\/\/www.aurin-choir.hu\/#website","url":"https:\/\/www.aurin-choir.hu\/","name":"Aurin - Miraculum","description":"Aurin - Miraculum","publisher":{"@id":"https:\/\/www.aurin-choir.hu\/#organization"},"potentialAction":[{"@type":"SearchAction","target":{"@type":"EntryPoint","urlTemplate":"https:\/\/www.aurin-choir.hu\/?s={search_term_string}"},"query-input":{"@type":"PropertyValueSpecification","valueRequired":true,"valueName":"search_term_string"}}],"inLanguage":"en-US"},{"@type":"Organization","@id":"https:\/\/www.aurin-choir.hu\/#organization","name":"Aurin \u00e9s Miraculum Alap\u00edtv\u00e1ny","url":"https:\/\/www.aurin-choir.hu\/","logo":{"@type":"ImageObject","inLanguage":"en-US","@id":"https:\/\/www.aurin-choir.hu\/#\/schema\/logo\/image\/","url":"https:\/\/www.aurin-choir.hu\/wp-content\/uploads\/2024\/05\/logo_webre_evadzaro2-1.png","contentUrl":"https:\/\/www.aurin-choir.hu\/wp-content\/uploads\/2024\/05\/logo_webre_evadzaro2-1.png","width":500,"height":515,"caption":"Aurin \u00e9s Miraculum Alap\u00edtv\u00e1ny"},"image":{"@id":"https:\/\/www.aurin-choir.hu\/#\/schema\/logo\/image\/"},"sameAs":["https:\/\/www.facebook.com\/aurinchoir"]}]}},"_links":{"self":[{"href":"https:\/\/www.aurin-choir.hu\/en\/wp-json\/wp\/v2\/project\/17647","targetHints":{"allow":["GET"]}}],"collection":[{"href":"https:\/\/www.aurin-choir.hu\/en\/wp-json\/wp\/v2\/project"}],"about":[{"href":"https:\/\/www.aurin-choir.hu\/en\/wp-json\/wp\/v2\/types\/project"}],"author":[{"embeddable":true,"href":"https:\/\/www.aurin-choir.hu\/en\/wp-json\/wp\/v2\/users\/1"}],"replies":[{"embeddable":true,"href":"https:\/\/www.aurin-choir.hu\/en\/wp-json\/wp\/v2\/comments?post=17647"}],"version-history":[{"count":1,"href":"https:\/\/www.aurin-choir.hu\/en\/wp-json\/wp\/v2\/project\/17647\/revisions"}],"predecessor-version":[{"id":17648,"href":"https:\/\/www.aurin-choir.hu\/en\/wp-json\/wp\/v2\/project\/17647\/revisions\/17648"}],"wp:featuredmedia":[{"embeddable":true,"href":"https:\/\/www.aurin-choir.hu\/en\/wp-json\/wp\/v2\/media\/7629"}],"wp:attachment":[{"href":"https:\/\/www.aurin-choir.hu\/en\/wp-json\/wp\/v2\/media?parent=17647"}],"wp:term":[{"taxonomy":"project_category","embeddable":true,"href":"https:\/\/www.aurin-choir.hu\/en\/wp-json\/wp\/v2\/project_category?post=17647"},{"taxonomy":"project_tag","embeddable":true,"href":"https:\/\/www.aurin-choir.hu\/en\/wp-json\/wp\/v2\/project_tag?post=17647"}],"curies":[{"name":"wp","href":"https:\/\/api.w.org\/{rel}","templated":true}]}}