{"id":17657,"date":"2015-04-07T18:16:41","date_gmt":"2015-04-07T18:16:41","guid":{"rendered":"https:\/\/www.aurin-choir.hu\/project\/xv-budapesti-nemzetkozi-korusverseny-2015\/"},"modified":"2025-04-07T16:30:07","modified_gmt":"2025-04-07T16:30:07","slug":"xv-budapesti-nemzetkozi-korusverseny-2015","status":"publish","type":"project","link":"https:\/\/www.aurin-choir.hu\/en\/project\/xv-budapesti-nemzetkozi-korusverseny-2015\/","title":{"rendered":"XV. Budapesti Nemzetk\u00f6zi K\u00f3rusverseny 2015"},"content":{"rendered":"<p>[et_pb_section fb_built=&#8221;1&#8243; _builder_version=&#8221;4.27.4&#8243; _module_preset=&#8221;default&#8221; da_disable_devices=&#8221;off|off|off&#8221; locked=&#8221;off&#8221; global_colors_info=&#8221;{}&#8221; da_is_popup=&#8221;off&#8221; da_exit_intent=&#8221;off&#8221; da_has_close=&#8221;on&#8221; da_alt_close=&#8221;off&#8221; da_dark_close=&#8221;off&#8221; da_not_modal=&#8221;on&#8221; da_is_singular=&#8221;off&#8221; da_with_loader=&#8221;off&#8221; da_has_shadow=&#8221;on&#8221;][et_pb_row _builder_version=&#8221;4.27.4&#8243; _module_preset=&#8221;default&#8221; global_colors_info=&#8221;{}&#8221;][et_pb_column type=&#8221;4_4&#8243; _builder_version=&#8221;4.27.4&#8243; _module_preset=&#8221;default&#8221; global_colors_info=&#8221;{}&#8221;][et_pb_text _builder_version=&#8221;4.27.4&#8243; _module_preset=&#8221;default&#8221; text_font=&#8221;|600|||||||&#8221; header_font=&#8221;|700|||||||&#8221; header_font_size=&#8221;31px&#8221; header_2_font=&#8221;||on||||||&#8221; global_colors_info=&#8221;{}&#8221;]<\/p>\n<h1 class=\"entry-title\">XV. Budapesti Nemzetk\u00f6zi K\u00f3rusverseny 2015<\/h1>\n<p><b><\/b><\/p>\n<p>Budapest Music Center, M\u0171v\u00e9szetek Palot\u00e1ja, Budapest[\/et_pb_text][\/et_pb_column][\/et_pb_row][et_pb_row _builder_version=&#8221;4.27.4&#8243; _module_preset=&#8221;default&#8221; custom_padding=&#8221;0px||0px||false|false&#8221; global_colors_info=&#8221;{}&#8221;][et_pb_column type=&#8221;4_4&#8243; _builder_version=&#8221;4.27.4&#8243; _module_preset=&#8221;default&#8221; global_colors_info=&#8221;{}&#8221;][et_pb_text _builder_version=&#8221;4.27.4&#8243; _module_preset=&#8221;default&#8221; hover_enabled=&#8221;0&#8243; global_colors_info=&#8221;{}&#8221; sticky_enabled=&#8221;0&#8243;]ngg_shortcode_0_placeholder[\/et_pb_text][\/et_pb_column][\/et_pb_row][\/et_pb_section]<\/p>\n","protected":false},"excerpt":{"rendered":"<p>XV. Budapesti Nemzetk\u00f6zi K\u00f3rusverseny 2015 Budapest Music Center, M\u0171v\u00e9szetek Palot\u00e1ja, Budapest<!-- default-view.php -->\n<div\n\tclass=\"ngg-galleryoverview default-view \n\t\t\"\n\tid=\"ngg-gallery-56ae7f7d8979cc0959f7dfc30a3e8297-1\">\n\n\t\t<!-- Thumbnails -->\n\t\t\t\t<div id=\"ngg-image-0\" class=\"ngg-gallery-thumbnail-box \n\t\t\t\t\t\t\t\t\t\t\t\" \n\t\t\t>\n\t\t\t\t\t\t<div class=\"ngg-gallery-thumbnail\">\n\t\t\t<a href=\"https:\/\/www.aurin-choir.hu\/wp-content\/gallery\/bp-korusverseny-2015\/korusverseny2015-1.jpg\"\n\t\t\t\ttitle=\"????????????????????????????????????\"\n\t\t\t\tdata-src=\"https:\/\/www.aurin-choir.hu\/wp-content\/gallery\/bp-korusverseny-2015\/korusverseny2015-1.jpg\"\n\t\t\t\tdata-thumbnail=\"https:\/\/www.aurin-choir.hu\/wp-content\/gallery\/bp-korusverseny-2015\/thumbs\/thumbs_korusverseny2015-1.jpg\"\n\t\t\t\tdata-image-id=\"2256\"\n\t\t\t\tdata-title=\"korusverseny2015-1\"\n\t\t\t\tdata-description=\"????????????????????????????????????\"\n\t\t\t\tdata-image-slug=\"korusverseny2015-1\"\n\t\t\t\tclass=\"ngg-simplelightbox\" rel=\"56ae7f7d8979cc0959f7dfc30a3e8297\">\n\t\t\t\t<img\n\t\t\t\t\ttitle=\"korusverseny2015-1\"\n\t\t\t\t\talt=\"korusverseny2015-1\"\n\t\t\t\t\tsrc=\"https:\/\/www.aurin-choir.hu\/wp-content\/gallery\/bp-korusverseny-2015\/cache\/korusverseny2015-1.jpg-nggid042256-ngg0dyn-325x225x100-00f0w010c011r110f110r010t010.jpg\"\n\t\t\t\t\twidth=\"325\"\n\t\t\t\t\theight=\"225\"\n\t\t\t\t\tstyle=\"max-width:100%;\"\n\t\t\t\t\/>\n\t\t\t<\/a>\n\t\t<\/div>\n\t\t\t\t\t\t\t<\/div> \n\t\t\t\n\t\t\t\t<div id=\"ngg-image-1\" class=\"ngg-gallery-thumbnail-box \n\t\t\t\t\t\t\t\t\t\t\t\" \n\t\t\t>\n\t\t\t\t\t\t<div class=\"ngg-gallery-thumbnail\">\n\t\t\t<a href=\"https:\/\/www.aurin-choir.hu\/wp-content\/gallery\/bp-korusverseny-2015\/korusverseny2015-2.jpg\"\n\t\t\t\ttitle=\"????????????????????????????????????\"\n\t\t\t\tdata-src=\"https:\/\/www.aurin-choir.hu\/wp-content\/gallery\/bp-korusverseny-2015\/korusverseny2015-2.jpg\"\n\t\t\t\tdata-thumbnail=\"https:\/\/www.aurin-choir.hu\/wp-content\/gallery\/bp-korusverseny-2015\/thumbs\/thumbs_korusverseny2015-2.jpg\"\n\t\t\t\tdata-image-id=\"2257\"\n\t\t\t\tdata-title=\"korusverseny2015-2\"\n\t\t\t\tdata-description=\"????????????????????????????????????\"\n\t\t\t\tdata-image-slug=\"korusverseny2015-2\"\n\t\t\t\tclass=\"ngg-simplelightbox\" rel=\"56ae7f7d8979cc0959f7dfc30a3e8297\">\n\t\t\t\t<img\n\t\t\t\t\ttitle=\"korusverseny2015-2\"\n\t\t\t\t\talt=\"korusverseny2015-2\"\n\t\t\t\t\tsrc=\"https:\/\/www.aurin-choir.hu\/wp-content\/gallery\/bp-korusverseny-2015\/cache\/korusverseny2015-2.jpg-nggid042257-ngg0dyn-325x225x100-00f0w010c011r110f110r010t010.jpg\"\n\t\t\t\t\twidth=\"325\"\n\t\t\t\t\theight=\"225\"\n\t\t\t\t\tstyle=\"max-width:100%;\"\n\t\t\t\t\/>\n\t\t\t<\/a>\n\t\t<\/div>\n\t\t\t\t\t\t\t<\/div> \n\t\t\t\n\t\t\t\t<div id=\"ngg-image-2\" class=\"ngg-gallery-thumbnail-box \n\t\t\t\t\t\t\t\t\t\t\t\" \n\t\t\t>\n\t\t\t\t\t\t<div class=\"ngg-gallery-thumbnail\">\n\t\t\t<a href=\"https:\/\/www.aurin-choir.hu\/wp-content\/gallery\/bp-korusverseny-2015\/korusverseny2015-3.jpg\"\n\t\t\t\ttitle=\"????????????????????????????????????\"\n\t\t\t\tdata-src=\"https:\/\/www.aurin-choir.hu\/wp-content\/gallery\/bp-korusverseny-2015\/korusverseny2015-3.jpg\"\n\t\t\t\tdata-thumbnail=\"https:\/\/www.aurin-choir.hu\/wp-content\/gallery\/bp-korusverseny-2015\/thumbs\/thumbs_korusverseny2015-3.jpg\"\n\t\t\t\tdata-image-id=\"2258\"\n\t\t\t\tdata-title=\"korusverseny2015-3\"\n\t\t\t\tdata-description=\"????????????????????????????????????\"\n\t\t\t\tdata-image-slug=\"korusverseny2015-3\"\n\t\t\t\tclass=\"ngg-simplelightbox\" rel=\"56ae7f7d8979cc0959f7dfc30a3e8297\">\n\t\t\t\t<img\n\t\t\t\t\ttitle=\"korusverseny2015-3\"\n\t\t\t\t\talt=\"korusverseny2015-3\"\n\t\t\t\t\tsrc=\"https:\/\/www.aurin-choir.hu\/wp-content\/gallery\/bp-korusverseny-2015\/cache\/korusverseny2015-3.jpg-nggid042258-ngg0dyn-325x225x100-00f0w010c011r110f110r010t010.jpg\"\n\t\t\t\t\twidth=\"325\"\n\t\t\t\t\theight=\"225\"\n\t\t\t\t\tstyle=\"max-width:100%;\"\n\t\t\t\t\/>\n\t\t\t<\/a>\n\t\t<\/div>\n\t\t\t\t\t\t\t<\/div> \n\t\t\t\n\t\t\t\t<div id=\"ngg-image-3\" class=\"ngg-gallery-thumbnail-box \n\t\t\t\t\t\t\t\t\t\t\t\" \n\t\t\t>\n\t\t\t\t\t\t<div class=\"ngg-gallery-thumbnail\">\n\t\t\t<a href=\"https:\/\/www.aurin-choir.hu\/wp-content\/gallery\/bp-korusverseny-2015\/korusverseny2015-4.jpg\"\n\t\t\t\ttitle=\"\"\n\t\t\t\tdata-src=\"https:\/\/www.aurin-choir.hu\/wp-content\/gallery\/bp-korusverseny-2015\/korusverseny2015-4.jpg\"\n\t\t\t\tdata-thumbnail=\"https:\/\/www.aurin-choir.hu\/wp-content\/gallery\/bp-korusverseny-2015\/thumbs\/thumbs_korusverseny2015-4.jpg\"\n\t\t\t\tdata-image-id=\"2259\"\n\t\t\t\tdata-title=\"korusverseny2015-4\"\n\t\t\t\tdata-description=\"\"\n\t\t\t\tdata-image-slug=\"korusverseny2015-4\"\n\t\t\t\tclass=\"ngg-simplelightbox\" rel=\"56ae7f7d8979cc0959f7dfc30a3e8297\">\n\t\t\t\t<img\n\t\t\t\t\ttitle=\"korusverseny2015-4\"\n\t\t\t\t\talt=\"korusverseny2015-4\"\n\t\t\t\t\tsrc=\"https:\/\/www.aurin-choir.hu\/wp-content\/gallery\/bp-korusverseny-2015\/cache\/korusverseny2015-4.jpg-nggid042259-ngg0dyn-325x225x100-00f0w010c011r110f110r010t010.jpg\"\n\t\t\t\t\twidth=\"325\"\n\t\t\t\t\theight=\"225\"\n\t\t\t\t\tstyle=\"max-width:100%;\"\n\t\t\t\t\/>\n\t\t\t<\/a>\n\t\t<\/div>\n\t\t\t\t\t\t\t<\/div> \n\t\t\t\n\t\t\t\t<div id=\"ngg-image-4\" class=\"ngg-gallery-thumbnail-box \n\t\t\t\t\t\t\t\t\t\t\t\" \n\t\t\t>\n\t\t\t\t\t\t<div class=\"ngg-gallery-thumbnail\">\n\t\t\t<a href=\"https:\/\/www.aurin-choir.hu\/wp-content\/gallery\/bp-korusverseny-2015\/korusverseny2015-49.jpg\"\n\t\t\t\ttitle=\"\"\n\t\t\t\tdata-src=\"https:\/\/www.aurin-choir.hu\/wp-content\/gallery\/bp-korusverseny-2015\/korusverseny2015-49.jpg\"\n\t\t\t\tdata-thumbnail=\"https:\/\/www.aurin-choir.hu\/wp-content\/gallery\/bp-korusverseny-2015\/thumbs\/thumbs_korusverseny2015-49.jpg\"\n\t\t\t\tdata-image-id=\"2304\"\n\t\t\t\tdata-title=\"korusverseny2015-49\"\n\t\t\t\tdata-description=\"\"\n\t\t\t\tdata-image-slug=\"korusverseny2015-49\"\n\t\t\t\tclass=\"ngg-simplelightbox\" rel=\"56ae7f7d8979cc0959f7dfc30a3e8297\">\n\t\t\t\t<img\n\t\t\t\t\ttitle=\"korusverseny2015-49\"\n\t\t\t\t\talt=\"korusverseny2015-49\"\n\t\t\t\t\tsrc=\"https:\/\/www.aurin-choir.hu\/wp-content\/gallery\/bp-korusverseny-2015\/cache\/korusverseny2015-49.jpg-nggid042304-ngg0dyn-325x225x100-00f0w010c011r110f110r010t010.jpg\"\n\t\t\t\t\twidth=\"325\"\n\t\t\t\t\theight=\"225\"\n\t\t\t\t\tstyle=\"max-width:100%;\"\n\t\t\t\t\/>\n\t\t\t<\/a>\n\t\t<\/div>\n\t\t\t\t\t\t\t<\/div> \n\t\t\t\n\t\t\t\t<div id=\"ngg-image-5\" class=\"ngg-gallery-thumbnail-box \n\t\t\t\t\t\t\t\t\t\t\t\" \n\t\t\t>\n\t\t\t\t\t\t<div class=\"ngg-gallery-thumbnail\">\n\t\t\t<a href=\"https:\/\/www.aurin-choir.hu\/wp-content\/gallery\/bp-korusverseny-2015\/korusverseny2015-50.jpg\"\n\t\t\t\ttitle=\"\"\n\t\t\t\tdata-src=\"https:\/\/www.aurin-choir.hu\/wp-content\/gallery\/bp-korusverseny-2015\/korusverseny2015-50.jpg\"\n\t\t\t\tdata-thumbnail=\"https:\/\/www.aurin-choir.hu\/wp-content\/gallery\/bp-korusverseny-2015\/thumbs\/thumbs_korusverseny2015-50.jpg\"\n\t\t\t\tdata-image-id=\"2305\"\n\t\t\t\tdata-title=\"korusverseny2015-50\"\n\t\t\t\tdata-description=\"\"\n\t\t\t\tdata-image-slug=\"korusverseny2015-50\"\n\t\t\t\tclass=\"ngg-simplelightbox\" rel=\"56ae7f7d8979cc0959f7dfc30a3e8297\">\n\t\t\t\t<img\n\t\t\t\t\ttitle=\"korusverseny2015-50\"\n\t\t\t\t\talt=\"korusverseny2015-50\"\n\t\t\t\t\tsrc=\"https:\/\/www.aurin-choir.hu\/wp-content\/gallery\/bp-korusverseny-2015\/cache\/korusverseny2015-50.jpg-nggid042305-ngg0dyn-325x225x100-00f0w010c011r110f110r010t010.jpg\"\n\t\t\t\t\twidth=\"325\"\n\t\t\t\t\theight=\"225\"\n\t\t\t\t\tstyle=\"max-width:100%;\"\n\t\t\t\t\/>\n\t\t\t<\/a>\n\t\t<\/div>\n\t\t\t\t\t\t\t<\/div> \n\t\t\t\n\t\t\t\t<div id=\"ngg-image-6\" class=\"ngg-gallery-thumbnail-box \n\t\t\t\t\t\t\t\t\t\t\t\" \n\t\t\t>\n\t\t\t\t\t\t<div class=\"ngg-gallery-thumbnail\">\n\t\t\t<a href=\"https:\/\/www.aurin-choir.hu\/wp-content\/gallery\/bp-korusverseny-2015\/korusverseny2015-51.jpg\"\n\t\t\t\ttitle=\"\"\n\t\t\t\tdata-src=\"https:\/\/www.aurin-choir.hu\/wp-content\/gallery\/bp-korusverseny-2015\/korusverseny2015-51.jpg\"\n\t\t\t\tdata-thumbnail=\"https:\/\/www.aurin-choir.hu\/wp-content\/gallery\/bp-korusverseny-2015\/thumbs\/thumbs_korusverseny2015-51.jpg\"\n\t\t\t\tdata-image-id=\"2306\"\n\t\t\t\tdata-title=\"korusverseny2015-51\"\n\t\t\t\tdata-description=\"\"\n\t\t\t\tdata-image-slug=\"korusverseny2015-51\"\n\t\t\t\tclass=\"ngg-simplelightbox\" rel=\"56ae7f7d8979cc0959f7dfc30a3e8297\">\n\t\t\t\t<img\n\t\t\t\t\ttitle=\"korusverseny2015-51\"\n\t\t\t\t\talt=\"korusverseny2015-51\"\n\t\t\t\t\tsrc=\"https:\/\/www.aurin-choir.hu\/wp-content\/gallery\/bp-korusverseny-2015\/cache\/korusverseny2015-51.jpg-nggid042306-ngg0dyn-325x225x100-00f0w010c011r110f110r010t010.jpg\"\n\t\t\t\t\twidth=\"325\"\n\t\t\t\t\theight=\"225\"\n\t\t\t\t\tstyle=\"max-width:100%;\"\n\t\t\t\t\/>\n\t\t\t<\/a>\n\t\t<\/div>\n\t\t\t\t\t\t\t<\/div> \n\t\t\t\n\t\t\t\t<div id=\"ngg-image-7\" class=\"ngg-gallery-thumbnail-box \n\t\t\t\t\t\t\t\t\t\t\t\" \n\t\t\t>\n\t\t\t\t\t\t<div class=\"ngg-gallery-thumbnail\">\n\t\t\t<a href=\"https:\/\/www.aurin-choir.hu\/wp-content\/gallery\/bp-korusverseny-2015\/korusverseny2015-52.jpg\"\n\t\t\t\ttitle=\"\"\n\t\t\t\tdata-src=\"https:\/\/www.aurin-choir.hu\/wp-content\/gallery\/bp-korusverseny-2015\/korusverseny2015-52.jpg\"\n\t\t\t\tdata-thumbnail=\"https:\/\/www.aurin-choir.hu\/wp-content\/gallery\/bp-korusverseny-2015\/thumbs\/thumbs_korusverseny2015-52.jpg\"\n\t\t\t\tdata-image-id=\"2307\"\n\t\t\t\tdata-title=\"korusverseny2015-52\"\n\t\t\t\tdata-description=\"\"\n\t\t\t\tdata-image-slug=\"korusverseny2015-52\"\n\t\t\t\tclass=\"ngg-simplelightbox\" rel=\"56ae7f7d8979cc0959f7dfc30a3e8297\">\n\t\t\t\t<img\n\t\t\t\t\ttitle=\"korusverseny2015-52\"\n\t\t\t\t\talt=\"korusverseny2015-52\"\n\t\t\t\t\tsrc=\"https:\/\/www.aurin-choir.hu\/wp-content\/gallery\/bp-korusverseny-2015\/cache\/korusverseny2015-52.jpg-nggid042307-ngg0dyn-325x225x100-00f0w010c011r110f110r010t010.jpg\"\n\t\t\t\t\twidth=\"325\"\n\t\t\t\t\theight=\"225\"\n\t\t\t\t\tstyle=\"max-width:100%;\"\n\t\t\t\t\/>\n\t\t\t<\/a>\n\t\t<\/div>\n\t\t\t\t\t\t\t<\/div> \n\t\t\t\n\t\t\t\t<div id=\"ngg-image-8\" class=\"ngg-gallery-thumbnail-box \n\t\t\t\t\t\t\t\t\t\t\t\" \n\t\t\t>\n\t\t\t\t\t\t<div class=\"ngg-gallery-thumbnail\">\n\t\t\t<a href=\"https:\/\/www.aurin-choir.hu\/wp-content\/gallery\/bp-korusverseny-2015\/korusverseny2015-53.jpg\"\n\t\t\t\ttitle=\"\"\n\t\t\t\tdata-src=\"https:\/\/www.aurin-choir.hu\/wp-content\/gallery\/bp-korusverseny-2015\/korusverseny2015-53.jpg\"\n\t\t\t\tdata-thumbnail=\"https:\/\/www.aurin-choir.hu\/wp-content\/gallery\/bp-korusverseny-2015\/thumbs\/thumbs_korusverseny2015-53.jpg\"\n\t\t\t\tdata-image-id=\"2308\"\n\t\t\t\tdata-title=\"korusverseny2015-53\"\n\t\t\t\tdata-description=\"\"\n\t\t\t\tdata-image-slug=\"korusverseny2015-53\"\n\t\t\t\tclass=\"ngg-simplelightbox\" rel=\"56ae7f7d8979cc0959f7dfc30a3e8297\">\n\t\t\t\t<img\n\t\t\t\t\ttitle=\"korusverseny2015-53\"\n\t\t\t\t\talt=\"korusverseny2015-53\"\n\t\t\t\t\tsrc=\"https:\/\/www.aurin-choir.hu\/wp-content\/gallery\/bp-korusverseny-2015\/cache\/korusverseny2015-53.jpg-nggid042308-ngg0dyn-325x225x100-00f0w010c011r110f110r010t010.jpg\"\n\t\t\t\t\twidth=\"325\"\n\t\t\t\t\theight=\"225\"\n\t\t\t\t\tstyle=\"max-width:100%;\"\n\t\t\t\t\/>\n\t\t\t<\/a>\n\t\t<\/div>\n\t\t\t\t\t\t\t<\/div> \n\t\t\t\n\t\t\t\t<div id=\"ngg-image-9\" class=\"ngg-gallery-thumbnail-box \n\t\t\t\t\t\t\t\t\t\t\t\" \n\t\t\t>\n\t\t\t\t\t\t<div class=\"ngg-gallery-thumbnail\">\n\t\t\t<a href=\"https:\/\/www.aurin-choir.hu\/wp-content\/gallery\/bp-korusverseny-2015\/korusverseny2015-5.jpg\"\n\t\t\t\ttitle=\"????????????????????????????????????\"\n\t\t\t\tdata-src=\"https:\/\/www.aurin-choir.hu\/wp-content\/gallery\/bp-korusverseny-2015\/korusverseny2015-5.jpg\"\n\t\t\t\tdata-thumbnail=\"https:\/\/www.aurin-choir.hu\/wp-content\/gallery\/bp-korusverseny-2015\/thumbs\/thumbs_korusverseny2015-5.jpg\"\n\t\t\t\tdata-image-id=\"2260\"\n\t\t\t\tdata-title=\"korusverseny2015-5\"\n\t\t\t\tdata-description=\"????????????????????????????????????\"\n\t\t\t\tdata-image-slug=\"korusverseny2015-5\"\n\t\t\t\tclass=\"ngg-simplelightbox\" rel=\"56ae7f7d8979cc0959f7dfc30a3e8297\">\n\t\t\t\t<img\n\t\t\t\t\ttitle=\"korusverseny2015-5\"\n\t\t\t\t\talt=\"korusverseny2015-5\"\n\t\t\t\t\tsrc=\"https:\/\/www.aurin-choir.hu\/wp-content\/gallery\/bp-korusverseny-2015\/cache\/korusverseny2015-5.jpg-nggid042260-ngg0dyn-325x225x100-00f0w010c011r110f110r010t010.jpg\"\n\t\t\t\t\twidth=\"325\"\n\t\t\t\t\theight=\"225\"\n\t\t\t\t\tstyle=\"max-width:100%;\"\n\t\t\t\t\/>\n\t\t\t<\/a>\n\t\t<\/div>\n\t\t\t\t\t\t\t<\/div> \n\t\t\t\n\t\t\t\t<div id=\"ngg-image-10\" class=\"ngg-gallery-thumbnail-box \n\t\t\t\t\t\t\t\t\t\t\t\" \n\t\t\t>\n\t\t\t\t\t\t<div class=\"ngg-gallery-thumbnail\">\n\t\t\t<a href=\"https:\/\/www.aurin-choir.hu\/wp-content\/gallery\/bp-korusverseny-2015\/korusverseny2015-6.jpg\"\n\t\t\t\ttitle=\"????????????????????????????????????\"\n\t\t\t\tdata-src=\"https:\/\/www.aurin-choir.hu\/wp-content\/gallery\/bp-korusverseny-2015\/korusverseny2015-6.jpg\"\n\t\t\t\tdata-thumbnail=\"https:\/\/www.aurin-choir.hu\/wp-content\/gallery\/bp-korusverseny-2015\/thumbs\/thumbs_korusverseny2015-6.jpg\"\n\t\t\t\tdata-image-id=\"2261\"\n\t\t\t\tdata-title=\"korusverseny2015-6\"\n\t\t\t\tdata-description=\"????????????????????????????????????\"\n\t\t\t\tdata-image-slug=\"korusverseny2015-6\"\n\t\t\t\tclass=\"ngg-simplelightbox\" rel=\"56ae7f7d8979cc0959f7dfc30a3e8297\">\n\t\t\t\t<img\n\t\t\t\t\ttitle=\"korusverseny2015-6\"\n\t\t\t\t\talt=\"korusverseny2015-6\"\n\t\t\t\t\tsrc=\"https:\/\/www.aurin-choir.hu\/wp-content\/gallery\/bp-korusverseny-2015\/cache\/korusverseny2015-6.jpg-nggid042261-ngg0dyn-325x225x100-00f0w010c011r110f110r010t010.jpg\"\n\t\t\t\t\twidth=\"325\"\n\t\t\t\t\theight=\"225\"\n\t\t\t\t\tstyle=\"max-width:100%;\"\n\t\t\t\t\/>\n\t\t\t<\/a>\n\t\t<\/div>\n\t\t\t\t\t\t\t<\/div> \n\t\t\t\n\t\t\t\t<div id=\"ngg-image-11\" class=\"ngg-gallery-thumbnail-box \n\t\t\t\t\t\t\t\t\t\t\t\" \n\t\t\t>\n\t\t\t\t\t\t<div class=\"ngg-gallery-thumbnail\">\n\t\t\t<a href=\"https:\/\/www.aurin-choir.hu\/wp-content\/gallery\/bp-korusverseny-2015\/korusverseny2015-7.jpg\"\n\t\t\t\ttitle=\"????????????????????????????????????\"\n\t\t\t\tdata-src=\"https:\/\/www.aurin-choir.hu\/wp-content\/gallery\/bp-korusverseny-2015\/korusverseny2015-7.jpg\"\n\t\t\t\tdata-thumbnail=\"https:\/\/www.aurin-choir.hu\/wp-content\/gallery\/bp-korusverseny-2015\/thumbs\/thumbs_korusverseny2015-7.jpg\"\n\t\t\t\tdata-image-id=\"2262\"\n\t\t\t\tdata-title=\"korusverseny2015-7\"\n\t\t\t\tdata-description=\"????????????????????????????????????\"\n\t\t\t\tdata-image-slug=\"korusverseny2015-7\"\n\t\t\t\tclass=\"ngg-simplelightbox\" rel=\"56ae7f7d8979cc0959f7dfc30a3e8297\">\n\t\t\t\t<img\n\t\t\t\t\ttitle=\"korusverseny2015-7\"\n\t\t\t\t\talt=\"korusverseny2015-7\"\n\t\t\t\t\tsrc=\"https:\/\/www.aurin-choir.hu\/wp-content\/gallery\/bp-korusverseny-2015\/cache\/korusverseny2015-7.jpg-nggid042262-ngg0dyn-325x225x100-00f0w010c011r110f110r010t010.jpg\"\n\t\t\t\t\twidth=\"325\"\n\t\t\t\t\theight=\"225\"\n\t\t\t\t\tstyle=\"max-width:100%;\"\n\t\t\t\t\/>\n\t\t\t<\/a>\n\t\t<\/div>\n\t\t\t\t\t\t\t<\/div> \n\t\t\t\n\t\t\t\t<div id=\"ngg-image-12\" class=\"ngg-gallery-thumbnail-box \n\t\t\t\t\t\t\t\t\t\t\t\" \n\t\t\t>\n\t\t\t\t\t\t<div class=\"ngg-gallery-thumbnail\">\n\t\t\t<a href=\"https:\/\/www.aurin-choir.hu\/wp-content\/gallery\/bp-korusverseny-2015\/korusverseny2015-8.jpg\"\n\t\t\t\ttitle=\"????????????????????????????????????\"\n\t\t\t\tdata-src=\"https:\/\/www.aurin-choir.hu\/wp-content\/gallery\/bp-korusverseny-2015\/korusverseny2015-8.jpg\"\n\t\t\t\tdata-thumbnail=\"https:\/\/www.aurin-choir.hu\/wp-content\/gallery\/bp-korusverseny-2015\/thumbs\/thumbs_korusverseny2015-8.jpg\"\n\t\t\t\tdata-image-id=\"2263\"\n\t\t\t\tdata-title=\"korusverseny2015-8\"\n\t\t\t\tdata-description=\"????????????????????????????????????\"\n\t\t\t\tdata-image-slug=\"korusverseny2015-8\"\n\t\t\t\tclass=\"ngg-simplelightbox\" rel=\"56ae7f7d8979cc0959f7dfc30a3e8297\">\n\t\t\t\t<img\n\t\t\t\t\ttitle=\"korusverseny2015-8\"\n\t\t\t\t\talt=\"korusverseny2015-8\"\n\t\t\t\t\tsrc=\"https:\/\/www.aurin-choir.hu\/wp-content\/gallery\/bp-korusverseny-2015\/cache\/korusverseny2015-8.jpg-nggid042263-ngg0dyn-325x225x100-00f0w010c011r110f110r010t010.jpg\"\n\t\t\t\t\twidth=\"325\"\n\t\t\t\t\theight=\"225\"\n\t\t\t\t\tstyle=\"max-width:100%;\"\n\t\t\t\t\/>\n\t\t\t<\/a>\n\t\t<\/div>\n\t\t\t\t\t\t\t<\/div> \n\t\t\t\n\t\t\t\t<div id=\"ngg-image-13\" class=\"ngg-gallery-thumbnail-box \n\t\t\t\t\t\t\t\t\t\t\t\" \n\t\t\t>\n\t\t\t\t\t\t<div class=\"ngg-gallery-thumbnail\">\n\t\t\t<a href=\"https:\/\/www.aurin-choir.hu\/wp-content\/gallery\/bp-korusverseny-2015\/korusverseny2015-9.jpg\"\n\t\t\t\ttitle=\"????????????????????????????????????\"\n\t\t\t\tdata-src=\"https:\/\/www.aurin-choir.hu\/wp-content\/gallery\/bp-korusverseny-2015\/korusverseny2015-9.jpg\"\n\t\t\t\tdata-thumbnail=\"https:\/\/www.aurin-choir.hu\/wp-content\/gallery\/bp-korusverseny-2015\/thumbs\/thumbs_korusverseny2015-9.jpg\"\n\t\t\t\tdata-image-id=\"2264\"\n\t\t\t\tdata-title=\"korusverseny2015-9\"\n\t\t\t\tdata-description=\"????????????????????????????????????\"\n\t\t\t\tdata-image-slug=\"korusverseny2015-9\"\n\t\t\t\tclass=\"ngg-simplelightbox\" rel=\"56ae7f7d8979cc0959f7dfc30a3e8297\">\n\t\t\t\t<img\n\t\t\t\t\ttitle=\"korusverseny2015-9\"\n\t\t\t\t\talt=\"korusverseny2015-9\"\n\t\t\t\t\tsrc=\"https:\/\/www.aurin-choir.hu\/wp-content\/gallery\/bp-korusverseny-2015\/cache\/korusverseny2015-9.jpg-nggid042264-ngg0dyn-325x225x100-00f0w010c011r110f110r010t010.jpg\"\n\t\t\t\t\twidth=\"325\"\n\t\t\t\t\theight=\"225\"\n\t\t\t\t\tstyle=\"max-width:100%;\"\n\t\t\t\t\/>\n\t\t\t<\/a>\n\t\t<\/div>\n\t\t\t\t\t\t\t<\/div> \n\t\t\t\n\t\t\t\t<div id=\"ngg-image-14\" class=\"ngg-gallery-thumbnail-box \n\t\t\t\t\t\t\t\t\t\t\t\" \n\t\t\t>\n\t\t\t\t\t\t<div class=\"ngg-gallery-thumbnail\">\n\t\t\t<a href=\"https:\/\/www.aurin-choir.hu\/wp-content\/gallery\/bp-korusverseny-2015\/korusverseny2015-10.jpg\"\n\t\t\t\ttitle=\"????????????????????????????????????\"\n\t\t\t\tdata-src=\"https:\/\/www.aurin-choir.hu\/wp-content\/gallery\/bp-korusverseny-2015\/korusverseny2015-10.jpg\"\n\t\t\t\tdata-thumbnail=\"https:\/\/www.aurin-choir.hu\/wp-content\/gallery\/bp-korusverseny-2015\/thumbs\/thumbs_korusverseny2015-10.jpg\"\n\t\t\t\tdata-image-id=\"2265\"\n\t\t\t\tdata-title=\"korusverseny2015-10\"\n\t\t\t\tdata-description=\"????????????????????????????????????\"\n\t\t\t\tdata-image-slug=\"korusverseny2015-10\"\n\t\t\t\tclass=\"ngg-simplelightbox\" rel=\"56ae7f7d8979cc0959f7dfc30a3e8297\">\n\t\t\t\t<img\n\t\t\t\t\ttitle=\"korusverseny2015-10\"\n\t\t\t\t\talt=\"korusverseny2015-10\"\n\t\t\t\t\tsrc=\"https:\/\/www.aurin-choir.hu\/wp-content\/gallery\/bp-korusverseny-2015\/cache\/korusverseny2015-10.jpg-nggid042265-ngg0dyn-325x225x100-00f0w010c011r110f110r010t010.jpg\"\n\t\t\t\t\twidth=\"325\"\n\t\t\t\t\theight=\"225\"\n\t\t\t\t\tstyle=\"max-width:100%;\"\n\t\t\t\t\/>\n\t\t\t<\/a>\n\t\t<\/div>\n\t\t\t\t\t\t\t<\/div> \n\t\t\t\n\t\t\t\t<div id=\"ngg-image-15\" class=\"ngg-gallery-thumbnail-box \n\t\t\t\t\t\t\t\t\t\t\t\" \n\t\t\t>\n\t\t\t\t\t\t<div class=\"ngg-gallery-thumbnail\">\n\t\t\t<a href=\"https:\/\/www.aurin-choir.hu\/wp-content\/gallery\/bp-korusverseny-2015\/korusverseny2015-11.jpg\"\n\t\t\t\ttitle=\"????????????????????????????????????\"\n\t\t\t\tdata-src=\"https:\/\/www.aurin-choir.hu\/wp-content\/gallery\/bp-korusverseny-2015\/korusverseny2015-11.jpg\"\n\t\t\t\tdata-thumbnail=\"https:\/\/www.aurin-choir.hu\/wp-content\/gallery\/bp-korusverseny-2015\/thumbs\/thumbs_korusverseny2015-11.jpg\"\n\t\t\t\tdata-image-id=\"2266\"\n\t\t\t\tdata-title=\"korusverseny2015-11\"\n\t\t\t\tdata-description=\"????????????????????????????????????\"\n\t\t\t\tdata-image-slug=\"korusverseny2015-11\"\n\t\t\t\tclass=\"ngg-simplelightbox\" rel=\"56ae7f7d8979cc0959f7dfc30a3e8297\">\n\t\t\t\t<img\n\t\t\t\t\ttitle=\"korusverseny2015-11\"\n\t\t\t\t\talt=\"korusverseny2015-11\"\n\t\t\t\t\tsrc=\"https:\/\/www.aurin-choir.hu\/wp-content\/gallery\/bp-korusverseny-2015\/cache\/korusverseny2015-11.jpg-nggid042266-ngg0dyn-325x225x100-00f0w010c011r110f110r010t010.jpg\"\n\t\t\t\t\twidth=\"325\"\n\t\t\t\t\theight=\"225\"\n\t\t\t\t\tstyle=\"max-width:100%;\"\n\t\t\t\t\/>\n\t\t\t<\/a>\n\t\t<\/div>\n\t\t\t\t\t\t\t<\/div> \n\t\t\t\n\t\t\t\t<div id=\"ngg-image-16\" class=\"ngg-gallery-thumbnail-box \n\t\t\t\t\t\t\t\t\t\t\t\" \n\t\t\t>\n\t\t\t\t\t\t<div class=\"ngg-gallery-thumbnail\">\n\t\t\t<a href=\"https:\/\/www.aurin-choir.hu\/wp-content\/gallery\/bp-korusverseny-2015\/korusverseny2015-12.jpg\"\n\t\t\t\ttitle=\"????????????????????????????????????\"\n\t\t\t\tdata-src=\"https:\/\/www.aurin-choir.hu\/wp-content\/gallery\/bp-korusverseny-2015\/korusverseny2015-12.jpg\"\n\t\t\t\tdata-thumbnail=\"https:\/\/www.aurin-choir.hu\/wp-content\/gallery\/bp-korusverseny-2015\/thumbs\/thumbs_korusverseny2015-12.jpg\"\n\t\t\t\tdata-image-id=\"2267\"\n\t\t\t\tdata-title=\"korusverseny2015-12\"\n\t\t\t\tdata-description=\"????????????????????????????????????\"\n\t\t\t\tdata-image-slug=\"korusverseny2015-12\"\n\t\t\t\tclass=\"ngg-simplelightbox\" rel=\"56ae7f7d8979cc0959f7dfc30a3e8297\">\n\t\t\t\t<img\n\t\t\t\t\ttitle=\"korusverseny2015-12\"\n\t\t\t\t\talt=\"korusverseny2015-12\"\n\t\t\t\t\tsrc=\"https:\/\/www.aurin-choir.hu\/wp-content\/gallery\/bp-korusverseny-2015\/cache\/korusverseny2015-12.jpg-nggid042267-ngg0dyn-325x225x100-00f0w010c011r110f110r010t010.jpg\"\n\t\t\t\t\twidth=\"325\"\n\t\t\t\t\theight=\"225\"\n\t\t\t\t\tstyle=\"max-width:100%;\"\n\t\t\t\t\/>\n\t\t\t<\/a>\n\t\t<\/div>\n\t\t\t\t\t\t\t<\/div> \n\t\t\t\n\t\t\t\t<div id=\"ngg-image-17\" class=\"ngg-gallery-thumbnail-box \n\t\t\t\t\t\t\t\t\t\t\t\" \n\t\t\t>\n\t\t\t\t\t\t<div class=\"ngg-gallery-thumbnail\">\n\t\t\t<a href=\"https:\/\/www.aurin-choir.hu\/wp-content\/gallery\/bp-korusverseny-2015\/korusverseny2015-13.jpg\"\n\t\t\t\ttitle=\"????????????????????????????????????\"\n\t\t\t\tdata-src=\"https:\/\/www.aurin-choir.hu\/wp-content\/gallery\/bp-korusverseny-2015\/korusverseny2015-13.jpg\"\n\t\t\t\tdata-thumbnail=\"https:\/\/www.aurin-choir.hu\/wp-content\/gallery\/bp-korusverseny-2015\/thumbs\/thumbs_korusverseny2015-13.jpg\"\n\t\t\t\tdata-image-id=\"2268\"\n\t\t\t\tdata-title=\"korusverseny2015-13\"\n\t\t\t\tdata-description=\"????????????????????????????????????\"\n\t\t\t\tdata-image-slug=\"korusverseny2015-13\"\n\t\t\t\tclass=\"ngg-simplelightbox\" rel=\"56ae7f7d8979cc0959f7dfc30a3e8297\">\n\t\t\t\t<img\n\t\t\t\t\ttitle=\"korusverseny2015-13\"\n\t\t\t\t\talt=\"korusverseny2015-13\"\n\t\t\t\t\tsrc=\"https:\/\/www.aurin-choir.hu\/wp-content\/gallery\/bp-korusverseny-2015\/cache\/korusverseny2015-13.jpg-nggid042268-ngg0dyn-325x225x100-00f0w010c011r110f110r010t010.jpg\"\n\t\t\t\t\twidth=\"325\"\n\t\t\t\t\theight=\"225\"\n\t\t\t\t\tstyle=\"max-width:100%;\"\n\t\t\t\t\/>\n\t\t\t<\/a>\n\t\t<\/div>\n\t\t\t\t\t\t\t<\/div> \n\t\t\t\n\t\t\t\t<div id=\"ngg-image-18\" class=\"ngg-gallery-thumbnail-box \n\t\t\t\t\t\t\t\t\t\t\t\" \n\t\t\t>\n\t\t\t\t\t\t<div class=\"ngg-gallery-thumbnail\">\n\t\t\t<a href=\"https:\/\/www.aurin-choir.hu\/wp-content\/gallery\/bp-korusverseny-2015\/korusverseny2015-14.jpg\"\n\t\t\t\ttitle=\"????????????????????????????????????\"\n\t\t\t\tdata-src=\"https:\/\/www.aurin-choir.hu\/wp-content\/gallery\/bp-korusverseny-2015\/korusverseny2015-14.jpg\"\n\t\t\t\tdata-thumbnail=\"https:\/\/www.aurin-choir.hu\/wp-content\/gallery\/bp-korusverseny-2015\/thumbs\/thumbs_korusverseny2015-14.jpg\"\n\t\t\t\tdata-image-id=\"2269\"\n\t\t\t\tdata-title=\"korusverseny2015-14\"\n\t\t\t\tdata-description=\"????????????????????????????????????\"\n\t\t\t\tdata-image-slug=\"korusverseny2015-14\"\n\t\t\t\tclass=\"ngg-simplelightbox\" rel=\"56ae7f7d8979cc0959f7dfc30a3e8297\">\n\t\t\t\t<img\n\t\t\t\t\ttitle=\"korusverseny2015-14\"\n\t\t\t\t\talt=\"korusverseny2015-14\"\n\t\t\t\t\tsrc=\"https:\/\/www.aurin-choir.hu\/wp-content\/gallery\/bp-korusverseny-2015\/cache\/korusverseny2015-14.jpg-nggid042269-ngg0dyn-325x225x100-00f0w010c011r110f110r010t010.jpg\"\n\t\t\t\t\twidth=\"325\"\n\t\t\t\t\theight=\"225\"\n\t\t\t\t\tstyle=\"max-width:100%;\"\n\t\t\t\t\/>\n\t\t\t<\/a>\n\t\t<\/div>\n\t\t\t\t\t\t\t<\/div> \n\t\t\t\n\t\t\t\t<div id=\"ngg-image-19\" class=\"ngg-gallery-thumbnail-box \n\t\t\t\t\t\t\t\t\t\t\t\" \n\t\t\t>\n\t\t\t\t\t\t<div class=\"ngg-gallery-thumbnail\">\n\t\t\t<a href=\"https:\/\/www.aurin-choir.hu\/wp-content\/gallery\/bp-korusverseny-2015\/korusverseny2015-15.jpg\"\n\t\t\t\ttitle=\"????????????????????????????????????\"\n\t\t\t\tdata-src=\"https:\/\/www.aurin-choir.hu\/wp-content\/gallery\/bp-korusverseny-2015\/korusverseny2015-15.jpg\"\n\t\t\t\tdata-thumbnail=\"https:\/\/www.aurin-choir.hu\/wp-content\/gallery\/bp-korusverseny-2015\/thumbs\/thumbs_korusverseny2015-15.jpg\"\n\t\t\t\tdata-image-id=\"2270\"\n\t\t\t\tdata-title=\"korusverseny2015-15\"\n\t\t\t\tdata-description=\"????????????????????????????????????\"\n\t\t\t\tdata-image-slug=\"korusverseny2015-15\"\n\t\t\t\tclass=\"ngg-simplelightbox\" rel=\"56ae7f7d8979cc0959f7dfc30a3e8297\">\n\t\t\t\t<img\n\t\t\t\t\ttitle=\"korusverseny2015-15\"\n\t\t\t\t\talt=\"korusverseny2015-15\"\n\t\t\t\t\tsrc=\"https:\/\/www.aurin-choir.hu\/wp-content\/gallery\/bp-korusverseny-2015\/cache\/korusverseny2015-15.jpg-nggid042270-ngg0dyn-325x225x100-00f0w010c011r110f110r010t010.jpg\"\n\t\t\t\t\twidth=\"325\"\n\t\t\t\t\theight=\"225\"\n\t\t\t\t\tstyle=\"max-width:100%;\"\n\t\t\t\t\/>\n\t\t\t<\/a>\n\t\t<\/div>\n\t\t\t\t\t\t\t<\/div> \n\t\t\t\n\t\t\t\t<div id=\"ngg-image-20\" class=\"ngg-gallery-thumbnail-box \n\t\t\t\t\t\t\t\t\t\t\t\" \n\t\t\t>\n\t\t\t\t\t\t<div class=\"ngg-gallery-thumbnail\">\n\t\t\t<a href=\"https:\/\/www.aurin-choir.hu\/wp-content\/gallery\/bp-korusverseny-2015\/korusverseny2015-16.jpg\"\n\t\t\t\ttitle=\"????????????????????????????????????\"\n\t\t\t\tdata-src=\"https:\/\/www.aurin-choir.hu\/wp-content\/gallery\/bp-korusverseny-2015\/korusverseny2015-16.jpg\"\n\t\t\t\tdata-thumbnail=\"https:\/\/www.aurin-choir.hu\/wp-content\/gallery\/bp-korusverseny-2015\/thumbs\/thumbs_korusverseny2015-16.jpg\"\n\t\t\t\tdata-image-id=\"2271\"\n\t\t\t\tdata-title=\"korusverseny2015-16\"\n\t\t\t\tdata-description=\"????????????????????????????????????\"\n\t\t\t\tdata-image-slug=\"korusverseny2015-16\"\n\t\t\t\tclass=\"ngg-simplelightbox\" rel=\"56ae7f7d8979cc0959f7dfc30a3e8297\">\n\t\t\t\t<img\n\t\t\t\t\ttitle=\"korusverseny2015-16\"\n\t\t\t\t\talt=\"korusverseny2015-16\"\n\t\t\t\t\tsrc=\"https:\/\/www.aurin-choir.hu\/wp-content\/gallery\/bp-korusverseny-2015\/cache\/korusverseny2015-16.jpg-nggid042271-ngg0dyn-325x225x100-00f0w010c011r110f110r010t010.jpg\"\n\t\t\t\t\twidth=\"325\"\n\t\t\t\t\theight=\"225\"\n\t\t\t\t\tstyle=\"max-width:100%;\"\n\t\t\t\t\/>\n\t\t\t<\/a>\n\t\t<\/div>\n\t\t\t\t\t\t\t<\/div> \n\t\t\t\n\t\t\t\t<div id=\"ngg-image-21\" class=\"ngg-gallery-thumbnail-box \n\t\t\t\t\t\t\t\t\t\t\t\" \n\t\t\t>\n\t\t\t\t\t\t<div class=\"ngg-gallery-thumbnail\">\n\t\t\t<a href=\"https:\/\/www.aurin-choir.hu\/wp-content\/gallery\/bp-korusverseny-2015\/korusverseny2015-17.jpg\"\n\t\t\t\ttitle=\"????????????????????????????????????\"\n\t\t\t\tdata-src=\"https:\/\/www.aurin-choir.hu\/wp-content\/gallery\/bp-korusverseny-2015\/korusverseny2015-17.jpg\"\n\t\t\t\tdata-thumbnail=\"https:\/\/www.aurin-choir.hu\/wp-content\/gallery\/bp-korusverseny-2015\/thumbs\/thumbs_korusverseny2015-17.jpg\"\n\t\t\t\tdata-image-id=\"2272\"\n\t\t\t\tdata-title=\"korusverseny2015-17\"\n\t\t\t\tdata-description=\"????????????????????????????????????\"\n\t\t\t\tdata-image-slug=\"korusverseny2015-17\"\n\t\t\t\tclass=\"ngg-simplelightbox\" rel=\"56ae7f7d8979cc0959f7dfc30a3e8297\">\n\t\t\t\t<img\n\t\t\t\t\ttitle=\"korusverseny2015-17\"\n\t\t\t\t\talt=\"korusverseny2015-17\"\n\t\t\t\t\tsrc=\"https:\/\/www.aurin-choir.hu\/wp-content\/gallery\/bp-korusverseny-2015\/cache\/korusverseny2015-17.jpg-nggid042272-ngg0dyn-325x225x100-00f0w010c011r110f110r010t010.jpg\"\n\t\t\t\t\twidth=\"325\"\n\t\t\t\t\theight=\"225\"\n\t\t\t\t\tstyle=\"max-width:100%;\"\n\t\t\t\t\/>\n\t\t\t<\/a>\n\t\t<\/div>\n\t\t\t\t\t\t\t<\/div> \n\t\t\t\n\t\t\t\t<div id=\"ngg-image-22\" class=\"ngg-gallery-thumbnail-box \n\t\t\t\t\t\t\t\t\t\t\t\" \n\t\t\t>\n\t\t\t\t\t\t<div class=\"ngg-gallery-thumbnail\">\n\t\t\t<a href=\"https:\/\/www.aurin-choir.hu\/wp-content\/gallery\/bp-korusverseny-2015\/korusverseny2015-18.jpg\"\n\t\t\t\ttitle=\"????????????????????????????????????\"\n\t\t\t\tdata-src=\"https:\/\/www.aurin-choir.hu\/wp-content\/gallery\/bp-korusverseny-2015\/korusverseny2015-18.jpg\"\n\t\t\t\tdata-thumbnail=\"https:\/\/www.aurin-choir.hu\/wp-content\/gallery\/bp-korusverseny-2015\/thumbs\/thumbs_korusverseny2015-18.jpg\"\n\t\t\t\tdata-image-id=\"2273\"\n\t\t\t\tdata-title=\"korusverseny2015-18\"\n\t\t\t\tdata-description=\"????????????????????????????????????\"\n\t\t\t\tdata-image-slug=\"korusverseny2015-18\"\n\t\t\t\tclass=\"ngg-simplelightbox\" rel=\"56ae7f7d8979cc0959f7dfc30a3e8297\">\n\t\t\t\t<img\n\t\t\t\t\ttitle=\"korusverseny2015-18\"\n\t\t\t\t\talt=\"korusverseny2015-18\"\n\t\t\t\t\tsrc=\"https:\/\/www.aurin-choir.hu\/wp-content\/gallery\/bp-korusverseny-2015\/cache\/korusverseny2015-18.jpg-nggid042273-ngg0dyn-325x225x100-00f0w010c011r110f110r010t010.jpg\"\n\t\t\t\t\twidth=\"325\"\n\t\t\t\t\theight=\"225\"\n\t\t\t\t\tstyle=\"max-width:100%;\"\n\t\t\t\t\/>\n\t\t\t<\/a>\n\t\t<\/div>\n\t\t\t\t\t\t\t<\/div> \n\t\t\t\n\t\t\t\t<div id=\"ngg-image-23\" class=\"ngg-gallery-thumbnail-box \n\t\t\t\t\t\t\t\t\t\t\t\" \n\t\t\t>\n\t\t\t\t\t\t<div class=\"ngg-gallery-thumbnail\">\n\t\t\t<a href=\"https:\/\/www.aurin-choir.hu\/wp-content\/gallery\/bp-korusverseny-2015\/korusverseny2015-19.jpg\"\n\t\t\t\ttitle=\"????????????????????????????????????\"\n\t\t\t\tdata-src=\"https:\/\/www.aurin-choir.hu\/wp-content\/gallery\/bp-korusverseny-2015\/korusverseny2015-19.jpg\"\n\t\t\t\tdata-thumbnail=\"https:\/\/www.aurin-choir.hu\/wp-content\/gallery\/bp-korusverseny-2015\/thumbs\/thumbs_korusverseny2015-19.jpg\"\n\t\t\t\tdata-image-id=\"2274\"\n\t\t\t\tdata-title=\"korusverseny2015-19\"\n\t\t\t\tdata-description=\"????????????????????????????????????\"\n\t\t\t\tdata-image-slug=\"korusverseny2015-19\"\n\t\t\t\tclass=\"ngg-simplelightbox\" rel=\"56ae7f7d8979cc0959f7dfc30a3e8297\">\n\t\t\t\t<img\n\t\t\t\t\ttitle=\"korusverseny2015-19\"\n\t\t\t\t\talt=\"korusverseny2015-19\"\n\t\t\t\t\tsrc=\"https:\/\/www.aurin-choir.hu\/wp-content\/gallery\/bp-korusverseny-2015\/cache\/korusverseny2015-19.jpg-nggid042274-ngg0dyn-325x225x100-00f0w010c011r110f110r010t010.jpg\"\n\t\t\t\t\twidth=\"325\"\n\t\t\t\t\theight=\"225\"\n\t\t\t\t\tstyle=\"max-width:100%;\"\n\t\t\t\t\/>\n\t\t\t<\/a>\n\t\t<\/div>\n\t\t\t\t\t\t\t<\/div> \n\t\t\t\n\t\t\t\t<div id=\"ngg-image-24\" class=\"ngg-gallery-thumbnail-box \n\t\t\t\t\t\t\t\t\t\t\t\" \n\t\t\t>\n\t\t\t\t\t\t<div class=\"ngg-gallery-thumbnail\">\n\t\t\t<a href=\"https:\/\/www.aurin-choir.hu\/wp-content\/gallery\/bp-korusverseny-2015\/korusverseny2015-20.jpg\"\n\t\t\t\ttitle=\"????????????????????????????????????\"\n\t\t\t\tdata-src=\"https:\/\/www.aurin-choir.hu\/wp-content\/gallery\/bp-korusverseny-2015\/korusverseny2015-20.jpg\"\n\t\t\t\tdata-thumbnail=\"https:\/\/www.aurin-choir.hu\/wp-content\/gallery\/bp-korusverseny-2015\/thumbs\/thumbs_korusverseny2015-20.jpg\"\n\t\t\t\tdata-image-id=\"2275\"\n\t\t\t\tdata-title=\"korusverseny2015-20\"\n\t\t\t\tdata-description=\"????????????????????????????????????\"\n\t\t\t\tdata-image-slug=\"korusverseny2015-20\"\n\t\t\t\tclass=\"ngg-simplelightbox\" rel=\"56ae7f7d8979cc0959f7dfc30a3e8297\">\n\t\t\t\t<img\n\t\t\t\t\ttitle=\"korusverseny2015-20\"\n\t\t\t\t\talt=\"korusverseny2015-20\"\n\t\t\t\t\tsrc=\"https:\/\/www.aurin-choir.hu\/wp-content\/gallery\/bp-korusverseny-2015\/cache\/korusverseny2015-20.jpg-nggid042275-ngg0dyn-325x225x100-00f0w010c011r110f110r010t010.jpg\"\n\t\t\t\t\twidth=\"325\"\n\t\t\t\t\theight=\"225\"\n\t\t\t\t\tstyle=\"max-width:100%;\"\n\t\t\t\t\/>\n\t\t\t<\/a>\n\t\t<\/div>\n\t\t\t\t\t\t\t<\/div> \n\t\t\t\n\t\t\t\t<div id=\"ngg-image-25\" class=\"ngg-gallery-thumbnail-box \n\t\t\t\t\t\t\t\t\t\t\t\" \n\t\t\t>\n\t\t\t\t\t\t<div class=\"ngg-gallery-thumbnail\">\n\t\t\t<a href=\"https:\/\/www.aurin-choir.hu\/wp-content\/gallery\/bp-korusverseny-2015\/korusverseny2015-21.jpg\"\n\t\t\t\ttitle=\"????????????????????????????????????\"\n\t\t\t\tdata-src=\"https:\/\/www.aurin-choir.hu\/wp-content\/gallery\/bp-korusverseny-2015\/korusverseny2015-21.jpg\"\n\t\t\t\tdata-thumbnail=\"https:\/\/www.aurin-choir.hu\/wp-content\/gallery\/bp-korusverseny-2015\/thumbs\/thumbs_korusverseny2015-21.jpg\"\n\t\t\t\tdata-image-id=\"2276\"\n\t\t\t\tdata-title=\"korusverseny2015-21\"\n\t\t\t\tdata-description=\"????????????????????????????????????\"\n\t\t\t\tdata-image-slug=\"korusverseny2015-21\"\n\t\t\t\tclass=\"ngg-simplelightbox\" rel=\"56ae7f7d8979cc0959f7dfc30a3e8297\">\n\t\t\t\t<img\n\t\t\t\t\ttitle=\"korusverseny2015-21\"\n\t\t\t\t\talt=\"korusverseny2015-21\"\n\t\t\t\t\tsrc=\"https:\/\/www.aurin-choir.hu\/wp-content\/gallery\/bp-korusverseny-2015\/cache\/korusverseny2015-21.jpg-nggid042276-ngg0dyn-325x225x100-00f0w010c011r110f110r010t010.jpg\"\n\t\t\t\t\twidth=\"325\"\n\t\t\t\t\theight=\"225\"\n\t\t\t\t\tstyle=\"max-width:100%;\"\n\t\t\t\t\/>\n\t\t\t<\/a>\n\t\t<\/div>\n\t\t\t\t\t\t\t<\/div> \n\t\t\t\n\t\t\t\t<div id=\"ngg-image-26\" class=\"ngg-gallery-thumbnail-box \n\t\t\t\t\t\t\t\t\t\t\t\" \n\t\t\t>\n\t\t\t\t\t\t<div class=\"ngg-gallery-thumbnail\">\n\t\t\t<a href=\"https:\/\/www.aurin-choir.hu\/wp-content\/gallery\/bp-korusverseny-2015\/korusverseny2015-22.jpg\"\n\t\t\t\ttitle=\"????????????????????????????????????\"\n\t\t\t\tdata-src=\"https:\/\/www.aurin-choir.hu\/wp-content\/gallery\/bp-korusverseny-2015\/korusverseny2015-22.jpg\"\n\t\t\t\tdata-thumbnail=\"https:\/\/www.aurin-choir.hu\/wp-content\/gallery\/bp-korusverseny-2015\/thumbs\/thumbs_korusverseny2015-22.jpg\"\n\t\t\t\tdata-image-id=\"2277\"\n\t\t\t\tdata-title=\"korusverseny2015-22\"\n\t\t\t\tdata-description=\"????????????????????????????????????\"\n\t\t\t\tdata-image-slug=\"korusverseny2015-22\"\n\t\t\t\tclass=\"ngg-simplelightbox\" rel=\"56ae7f7d8979cc0959f7dfc30a3e8297\">\n\t\t\t\t<img\n\t\t\t\t\ttitle=\"korusverseny2015-22\"\n\t\t\t\t\talt=\"korusverseny2015-22\"\n\t\t\t\t\tsrc=\"https:\/\/www.aurin-choir.hu\/wp-content\/gallery\/bp-korusverseny-2015\/cache\/korusverseny2015-22.jpg-nggid042277-ngg0dyn-325x225x100-00f0w010c011r110f110r010t010.jpg\"\n\t\t\t\t\twidth=\"325\"\n\t\t\t\t\theight=\"225\"\n\t\t\t\t\tstyle=\"max-width:100%;\"\n\t\t\t\t\/>\n\t\t\t<\/a>\n\t\t<\/div>\n\t\t\t\t\t\t\t<\/div> \n\t\t\t\n\t\t\t\t<div id=\"ngg-image-27\" class=\"ngg-gallery-thumbnail-box \n\t\t\t\t\t\t\t\t\t\t\t\" \n\t\t\t>\n\t\t\t\t\t\t<div class=\"ngg-gallery-thumbnail\">\n\t\t\t<a href=\"https:\/\/www.aurin-choir.hu\/wp-content\/gallery\/bp-korusverseny-2015\/korusverseny2015-23.jpg\"\n\t\t\t\ttitle=\"????????????????????????????????????\"\n\t\t\t\tdata-src=\"https:\/\/www.aurin-choir.hu\/wp-content\/gallery\/bp-korusverseny-2015\/korusverseny2015-23.jpg\"\n\t\t\t\tdata-thumbnail=\"https:\/\/www.aurin-choir.hu\/wp-content\/gallery\/bp-korusverseny-2015\/thumbs\/thumbs_korusverseny2015-23.jpg\"\n\t\t\t\tdata-image-id=\"2278\"\n\t\t\t\tdata-title=\"korusverseny2015-23\"\n\t\t\t\tdata-description=\"????????????????????????????????????\"\n\t\t\t\tdata-image-slug=\"korusverseny2015-23\"\n\t\t\t\tclass=\"ngg-simplelightbox\" rel=\"56ae7f7d8979cc0959f7dfc30a3e8297\">\n\t\t\t\t<img\n\t\t\t\t\ttitle=\"korusverseny2015-23\"\n\t\t\t\t\talt=\"korusverseny2015-23\"\n\t\t\t\t\tsrc=\"https:\/\/www.aurin-choir.hu\/wp-content\/gallery\/bp-korusverseny-2015\/cache\/korusverseny2015-23.jpg-nggid042278-ngg0dyn-325x225x100-00f0w010c011r110f110r010t010.jpg\"\n\t\t\t\t\twidth=\"325\"\n\t\t\t\t\theight=\"225\"\n\t\t\t\t\tstyle=\"max-width:100%;\"\n\t\t\t\t\/>\n\t\t\t<\/a>\n\t\t<\/div>\n\t\t\t\t\t\t\t<\/div> \n\t\t\t\n\t\t\t\t<div id=\"ngg-image-28\" class=\"ngg-gallery-thumbnail-box \n\t\t\t\t\t\t\t\t\t\t\t\" \n\t\t\t>\n\t\t\t\t\t\t<div class=\"ngg-gallery-thumbnail\">\n\t\t\t<a href=\"https:\/\/www.aurin-choir.hu\/wp-content\/gallery\/bp-korusverseny-2015\/korusverseny2015-24.jpg\"\n\t\t\t\ttitle=\"????????????????????????????????????\"\n\t\t\t\tdata-src=\"https:\/\/www.aurin-choir.hu\/wp-content\/gallery\/bp-korusverseny-2015\/korusverseny2015-24.jpg\"\n\t\t\t\tdata-thumbnail=\"https:\/\/www.aurin-choir.hu\/wp-content\/gallery\/bp-korusverseny-2015\/thumbs\/thumbs_korusverseny2015-24.jpg\"\n\t\t\t\tdata-image-id=\"2279\"\n\t\t\t\tdata-title=\"korusverseny2015-24\"\n\t\t\t\tdata-description=\"????????????????????????????????????\"\n\t\t\t\tdata-image-slug=\"korusverseny2015-24\"\n\t\t\t\tclass=\"ngg-simplelightbox\" rel=\"56ae7f7d8979cc0959f7dfc30a3e8297\">\n\t\t\t\t<img\n\t\t\t\t\ttitle=\"korusverseny2015-24\"\n\t\t\t\t\talt=\"korusverseny2015-24\"\n\t\t\t\t\tsrc=\"https:\/\/www.aurin-choir.hu\/wp-content\/gallery\/bp-korusverseny-2015\/cache\/korusverseny2015-24.jpg-nggid042279-ngg0dyn-325x225x100-00f0w010c011r110f110r010t010.jpg\"\n\t\t\t\t\twidth=\"325\"\n\t\t\t\t\theight=\"225\"\n\t\t\t\t\tstyle=\"max-width:100%;\"\n\t\t\t\t\/>\n\t\t\t<\/a>\n\t\t<\/div>\n\t\t\t\t\t\t\t<\/div> \n\t\t\t\n\t\t\t\t<div id=\"ngg-image-29\" class=\"ngg-gallery-thumbnail-box \n\t\t\t\t\t\t\t\t\t\t\t\" \n\t\t\t>\n\t\t\t\t\t\t<div class=\"ngg-gallery-thumbnail\">\n\t\t\t<a href=\"https:\/\/www.aurin-choir.hu\/wp-content\/gallery\/bp-korusverseny-2015\/korusverseny2015-25.jpg\"\n\t\t\t\ttitle=\"????????????????????????????????????\"\n\t\t\t\tdata-src=\"https:\/\/www.aurin-choir.hu\/wp-content\/gallery\/bp-korusverseny-2015\/korusverseny2015-25.jpg\"\n\t\t\t\tdata-thumbnail=\"https:\/\/www.aurin-choir.hu\/wp-content\/gallery\/bp-korusverseny-2015\/thumbs\/thumbs_korusverseny2015-25.jpg\"\n\t\t\t\tdata-image-id=\"2280\"\n\t\t\t\tdata-title=\"korusverseny2015-25\"\n\t\t\t\tdata-description=\"????????????????????????????????????\"\n\t\t\t\tdata-image-slug=\"korusverseny2015-25\"\n\t\t\t\tclass=\"ngg-simplelightbox\" rel=\"56ae7f7d8979cc0959f7dfc30a3e8297\">\n\t\t\t\t<img\n\t\t\t\t\ttitle=\"korusverseny2015-25\"\n\t\t\t\t\talt=\"korusverseny2015-25\"\n\t\t\t\t\tsrc=\"https:\/\/www.aurin-choir.hu\/wp-content\/gallery\/bp-korusverseny-2015\/cache\/korusverseny2015-25.jpg-nggid042280-ngg0dyn-325x225x100-00f0w010c011r110f110r010t010.jpg\"\n\t\t\t\t\twidth=\"325\"\n\t\t\t\t\theight=\"225\"\n\t\t\t\t\tstyle=\"max-width:100%;\"\n\t\t\t\t\/>\n\t\t\t<\/a>\n\t\t<\/div>\n\t\t\t\t\t\t\t<\/div> \n\t\t\t\n\t\t\t\t<div id=\"ngg-image-30\" class=\"ngg-gallery-thumbnail-box \n\t\t\t\t\t\t\t\t\t\t\t\" \n\t\t\t>\n\t\t\t\t\t\t<div class=\"ngg-gallery-thumbnail\">\n\t\t\t<a href=\"https:\/\/www.aurin-choir.hu\/wp-content\/gallery\/bp-korusverseny-2015\/korusverseny2015-26.jpg\"\n\t\t\t\ttitle=\"????????????????????????????????????\"\n\t\t\t\tdata-src=\"https:\/\/www.aurin-choir.hu\/wp-content\/gallery\/bp-korusverseny-2015\/korusverseny2015-26.jpg\"\n\t\t\t\tdata-thumbnail=\"https:\/\/www.aurin-choir.hu\/wp-content\/gallery\/bp-korusverseny-2015\/thumbs\/thumbs_korusverseny2015-26.jpg\"\n\t\t\t\tdata-image-id=\"2281\"\n\t\t\t\tdata-title=\"korusverseny2015-26\"\n\t\t\t\tdata-description=\"????????????????????????????????????\"\n\t\t\t\tdata-image-slug=\"korusverseny2015-26\"\n\t\t\t\tclass=\"ngg-simplelightbox\" rel=\"56ae7f7d8979cc0959f7dfc30a3e8297\">\n\t\t\t\t<img\n\t\t\t\t\ttitle=\"korusverseny2015-26\"\n\t\t\t\t\talt=\"korusverseny2015-26\"\n\t\t\t\t\tsrc=\"https:\/\/www.aurin-choir.hu\/wp-content\/gallery\/bp-korusverseny-2015\/cache\/korusverseny2015-26.jpg-nggid042281-ngg0dyn-325x225x100-00f0w010c011r110f110r010t010.jpg\"\n\t\t\t\t\twidth=\"325\"\n\t\t\t\t\theight=\"225\"\n\t\t\t\t\tstyle=\"max-width:100%;\"\n\t\t\t\t\/>\n\t\t\t<\/a>\n\t\t<\/div>\n\t\t\t\t\t\t\t<\/div> \n\t\t\t\n\t\t\t\t<div id=\"ngg-image-31\" class=\"ngg-gallery-thumbnail-box \n\t\t\t\t\t\t\t\t\t\t\t\" \n\t\t\t>\n\t\t\t\t\t\t<div class=\"ngg-gallery-thumbnail\">\n\t\t\t<a href=\"https:\/\/www.aurin-choir.hu\/wp-content\/gallery\/bp-korusverseny-2015\/korusverseny2015-27.jpg\"\n\t\t\t\ttitle=\"????????????????????????????????????\"\n\t\t\t\tdata-src=\"https:\/\/www.aurin-choir.hu\/wp-content\/gallery\/bp-korusverseny-2015\/korusverseny2015-27.jpg\"\n\t\t\t\tdata-thumbnail=\"https:\/\/www.aurin-choir.hu\/wp-content\/gallery\/bp-korusverseny-2015\/thumbs\/thumbs_korusverseny2015-27.jpg\"\n\t\t\t\tdata-image-id=\"2282\"\n\t\t\t\tdata-title=\"korusverseny2015-27\"\n\t\t\t\tdata-description=\"????????????????????????????????????\"\n\t\t\t\tdata-image-slug=\"korusverseny2015-27\"\n\t\t\t\tclass=\"ngg-simplelightbox\" rel=\"56ae7f7d8979cc0959f7dfc30a3e8297\">\n\t\t\t\t<img\n\t\t\t\t\ttitle=\"korusverseny2015-27\"\n\t\t\t\t\talt=\"korusverseny2015-27\"\n\t\t\t\t\tsrc=\"https:\/\/www.aurin-choir.hu\/wp-content\/gallery\/bp-korusverseny-2015\/cache\/korusverseny2015-27.jpg-nggid042282-ngg0dyn-325x225x100-00f0w010c011r110f110r010t010.jpg\"\n\t\t\t\t\twidth=\"325\"\n\t\t\t\t\theight=\"225\"\n\t\t\t\t\tstyle=\"max-width:100%;\"\n\t\t\t\t\/>\n\t\t\t<\/a>\n\t\t<\/div>\n\t\t\t\t\t\t\t<\/div> \n\t\t\t\n\t\t\t\t<div id=\"ngg-image-32\" class=\"ngg-gallery-thumbnail-box \n\t\t\t\t\t\t\t\t\t\t\t\" \n\t\t\t>\n\t\t\t\t\t\t<div class=\"ngg-gallery-thumbnail\">\n\t\t\t<a href=\"https:\/\/www.aurin-choir.hu\/wp-content\/gallery\/bp-korusverseny-2015\/korusverseny2015-28.jpg\"\n\t\t\t\ttitle=\"????????????????????????????????????\"\n\t\t\t\tdata-src=\"https:\/\/www.aurin-choir.hu\/wp-content\/gallery\/bp-korusverseny-2015\/korusverseny2015-28.jpg\"\n\t\t\t\tdata-thumbnail=\"https:\/\/www.aurin-choir.hu\/wp-content\/gallery\/bp-korusverseny-2015\/thumbs\/thumbs_korusverseny2015-28.jpg\"\n\t\t\t\tdata-image-id=\"2283\"\n\t\t\t\tdata-title=\"korusverseny2015-28\"\n\t\t\t\tdata-description=\"????????????????????????????????????\"\n\t\t\t\tdata-image-slug=\"korusverseny2015-28\"\n\t\t\t\tclass=\"ngg-simplelightbox\" rel=\"56ae7f7d8979cc0959f7dfc30a3e8297\">\n\t\t\t\t<img\n\t\t\t\t\ttitle=\"korusverseny2015-28\"\n\t\t\t\t\talt=\"korusverseny2015-28\"\n\t\t\t\t\tsrc=\"https:\/\/www.aurin-choir.hu\/wp-content\/gallery\/bp-korusverseny-2015\/cache\/korusverseny2015-28.jpg-nggid042283-ngg0dyn-325x225x100-00f0w010c011r110f110r010t010.jpg\"\n\t\t\t\t\twidth=\"325\"\n\t\t\t\t\theight=\"225\"\n\t\t\t\t\tstyle=\"max-width:100%;\"\n\t\t\t\t\/>\n\t\t\t<\/a>\n\t\t<\/div>\n\t\t\t\t\t\t\t<\/div> \n\t\t\t\n\t\t\t\t<div id=\"ngg-image-33\" class=\"ngg-gallery-thumbnail-box \n\t\t\t\t\t\t\t\t\t\t\t\" \n\t\t\t>\n\t\t\t\t\t\t<div class=\"ngg-gallery-thumbnail\">\n\t\t\t<a href=\"https:\/\/www.aurin-choir.hu\/wp-content\/gallery\/bp-korusverseny-2015\/korusverseny2015-29.jpg\"\n\t\t\t\ttitle=\"????????????????????????????????????\"\n\t\t\t\tdata-src=\"https:\/\/www.aurin-choir.hu\/wp-content\/gallery\/bp-korusverseny-2015\/korusverseny2015-29.jpg\"\n\t\t\t\tdata-thumbnail=\"https:\/\/www.aurin-choir.hu\/wp-content\/gallery\/bp-korusverseny-2015\/thumbs\/thumbs_korusverseny2015-29.jpg\"\n\t\t\t\tdata-image-id=\"2284\"\n\t\t\t\tdata-title=\"korusverseny2015-29\"\n\t\t\t\tdata-description=\"????????????????????????????????????\"\n\t\t\t\tdata-image-slug=\"korusverseny2015-29\"\n\t\t\t\tclass=\"ngg-simplelightbox\" rel=\"56ae7f7d8979cc0959f7dfc30a3e8297\">\n\t\t\t\t<img\n\t\t\t\t\ttitle=\"korusverseny2015-29\"\n\t\t\t\t\talt=\"korusverseny2015-29\"\n\t\t\t\t\tsrc=\"https:\/\/www.aurin-choir.hu\/wp-content\/gallery\/bp-korusverseny-2015\/cache\/korusverseny2015-29.jpg-nggid042284-ngg0dyn-325x225x100-00f0w010c011r110f110r010t010.jpg\"\n\t\t\t\t\twidth=\"325\"\n\t\t\t\t\theight=\"225\"\n\t\t\t\t\tstyle=\"max-width:100%;\"\n\t\t\t\t\/>\n\t\t\t<\/a>\n\t\t<\/div>\n\t\t\t\t\t\t\t<\/div> \n\t\t\t\n\t\t\t\t<div id=\"ngg-image-34\" class=\"ngg-gallery-thumbnail-box \n\t\t\t\t\t\t\t\t\t\t\t\" \n\t\t\t>\n\t\t\t\t\t\t<div class=\"ngg-gallery-thumbnail\">\n\t\t\t<a href=\"https:\/\/www.aurin-choir.hu\/wp-content\/gallery\/bp-korusverseny-2015\/korusverseny2015-30.jpg\"\n\t\t\t\ttitle=\"????????????????????????????????????\"\n\t\t\t\tdata-src=\"https:\/\/www.aurin-choir.hu\/wp-content\/gallery\/bp-korusverseny-2015\/korusverseny2015-30.jpg\"\n\t\t\t\tdata-thumbnail=\"https:\/\/www.aurin-choir.hu\/wp-content\/gallery\/bp-korusverseny-2015\/thumbs\/thumbs_korusverseny2015-30.jpg\"\n\t\t\t\tdata-image-id=\"2285\"\n\t\t\t\tdata-title=\"korusverseny2015-30\"\n\t\t\t\tdata-description=\"????????????????????????????????????\"\n\t\t\t\tdata-image-slug=\"korusverseny2015-30\"\n\t\t\t\tclass=\"ngg-simplelightbox\" rel=\"56ae7f7d8979cc0959f7dfc30a3e8297\">\n\t\t\t\t<img\n\t\t\t\t\ttitle=\"korusverseny2015-30\"\n\t\t\t\t\talt=\"korusverseny2015-30\"\n\t\t\t\t\tsrc=\"https:\/\/www.aurin-choir.hu\/wp-content\/gallery\/bp-korusverseny-2015\/cache\/korusverseny2015-30.jpg-nggid042285-ngg0dyn-325x225x100-00f0w010c011r110f110r010t010.jpg\"\n\t\t\t\t\twidth=\"325\"\n\t\t\t\t\theight=\"225\"\n\t\t\t\t\tstyle=\"max-width:100%;\"\n\t\t\t\t\/>\n\t\t\t<\/a>\n\t\t<\/div>\n\t\t\t\t\t\t\t<\/div> \n\t\t\t\n\t\t\t\t<div id=\"ngg-image-35\" class=\"ngg-gallery-thumbnail-box \n\t\t\t\t\t\t\t\t\t\t\t\" \n\t\t\t>\n\t\t\t\t\t\t<div class=\"ngg-gallery-thumbnail\">\n\t\t\t<a href=\"https:\/\/www.aurin-choir.hu\/wp-content\/gallery\/bp-korusverseny-2015\/korusverseny2015-31.jpg\"\n\t\t\t\ttitle=\"????????????????????????????????????\"\n\t\t\t\tdata-src=\"https:\/\/www.aurin-choir.hu\/wp-content\/gallery\/bp-korusverseny-2015\/korusverseny2015-31.jpg\"\n\t\t\t\tdata-thumbnail=\"https:\/\/www.aurin-choir.hu\/wp-content\/gallery\/bp-korusverseny-2015\/thumbs\/thumbs_korusverseny2015-31.jpg\"\n\t\t\t\tdata-image-id=\"2286\"\n\t\t\t\tdata-title=\"korusverseny2015-31\"\n\t\t\t\tdata-description=\"????????????????????????????????????\"\n\t\t\t\tdata-image-slug=\"korusverseny2015-31\"\n\t\t\t\tclass=\"ngg-simplelightbox\" rel=\"56ae7f7d8979cc0959f7dfc30a3e8297\">\n\t\t\t\t<img\n\t\t\t\t\ttitle=\"korusverseny2015-31\"\n\t\t\t\t\talt=\"korusverseny2015-31\"\n\t\t\t\t\tsrc=\"https:\/\/www.aurin-choir.hu\/wp-content\/gallery\/bp-korusverseny-2015\/cache\/korusverseny2015-31.jpg-nggid042286-ngg0dyn-325x225x100-00f0w010c011r110f110r010t010.jpg\"\n\t\t\t\t\twidth=\"325\"\n\t\t\t\t\theight=\"225\"\n\t\t\t\t\tstyle=\"max-width:100%;\"\n\t\t\t\t\/>\n\t\t\t<\/a>\n\t\t<\/div>\n\t\t\t\t\t\t\t<\/div> \n\t\t\t\n\t\t\t\t<div id=\"ngg-image-36\" class=\"ngg-gallery-thumbnail-box \n\t\t\t\t\t\t\t\t\t\t\t\" \n\t\t\t>\n\t\t\t\t\t\t<div class=\"ngg-gallery-thumbnail\">\n\t\t\t<a href=\"https:\/\/www.aurin-choir.hu\/wp-content\/gallery\/bp-korusverseny-2015\/korusverseny2015-32.jpg\"\n\t\t\t\ttitle=\"????????????????????????????????????\"\n\t\t\t\tdata-src=\"https:\/\/www.aurin-choir.hu\/wp-content\/gallery\/bp-korusverseny-2015\/korusverseny2015-32.jpg\"\n\t\t\t\tdata-thumbnail=\"https:\/\/www.aurin-choir.hu\/wp-content\/gallery\/bp-korusverseny-2015\/thumbs\/thumbs_korusverseny2015-32.jpg\"\n\t\t\t\tdata-image-id=\"2287\"\n\t\t\t\tdata-title=\"korusverseny2015-32\"\n\t\t\t\tdata-description=\"????????????????????????????????????\"\n\t\t\t\tdata-image-slug=\"korusverseny2015-32\"\n\t\t\t\tclass=\"ngg-simplelightbox\" rel=\"56ae7f7d8979cc0959f7dfc30a3e8297\">\n\t\t\t\t<img\n\t\t\t\t\ttitle=\"korusverseny2015-32\"\n\t\t\t\t\talt=\"korusverseny2015-32\"\n\t\t\t\t\tsrc=\"https:\/\/www.aurin-choir.hu\/wp-content\/gallery\/bp-korusverseny-2015\/cache\/korusverseny2015-32.jpg-nggid042287-ngg0dyn-325x225x100-00f0w010c011r110f110r010t010.jpg\"\n\t\t\t\t\twidth=\"325\"\n\t\t\t\t\theight=\"225\"\n\t\t\t\t\tstyle=\"max-width:100%;\"\n\t\t\t\t\/>\n\t\t\t<\/a>\n\t\t<\/div>\n\t\t\t\t\t\t\t<\/div> \n\t\t\t\n\t\t\t\t<div id=\"ngg-image-37\" class=\"ngg-gallery-thumbnail-box \n\t\t\t\t\t\t\t\t\t\t\t\" \n\t\t\t>\n\t\t\t\t\t\t<div class=\"ngg-gallery-thumbnail\">\n\t\t\t<a href=\"https:\/\/www.aurin-choir.hu\/wp-content\/gallery\/bp-korusverseny-2015\/korusverseny2015-33.jpg\"\n\t\t\t\ttitle=\"????????????????????????????????????\"\n\t\t\t\tdata-src=\"https:\/\/www.aurin-choir.hu\/wp-content\/gallery\/bp-korusverseny-2015\/korusverseny2015-33.jpg\"\n\t\t\t\tdata-thumbnail=\"https:\/\/www.aurin-choir.hu\/wp-content\/gallery\/bp-korusverseny-2015\/thumbs\/thumbs_korusverseny2015-33.jpg\"\n\t\t\t\tdata-image-id=\"2288\"\n\t\t\t\tdata-title=\"korusverseny2015-33\"\n\t\t\t\tdata-description=\"????????????????????????????????????\"\n\t\t\t\tdata-image-slug=\"korusverseny2015-33\"\n\t\t\t\tclass=\"ngg-simplelightbox\" rel=\"56ae7f7d8979cc0959f7dfc30a3e8297\">\n\t\t\t\t<img\n\t\t\t\t\ttitle=\"korusverseny2015-33\"\n\t\t\t\t\talt=\"korusverseny2015-33\"\n\t\t\t\t\tsrc=\"https:\/\/www.aurin-choir.hu\/wp-content\/gallery\/bp-korusverseny-2015\/cache\/korusverseny2015-33.jpg-nggid042288-ngg0dyn-325x225x100-00f0w010c011r110f110r010t010.jpg\"\n\t\t\t\t\twidth=\"325\"\n\t\t\t\t\theight=\"225\"\n\t\t\t\t\tstyle=\"max-width:100%;\"\n\t\t\t\t\/>\n\t\t\t<\/a>\n\t\t<\/div>\n\t\t\t\t\t\t\t<\/div> \n\t\t\t\n\t\t\t\t<div id=\"ngg-image-38\" class=\"ngg-gallery-thumbnail-box \n\t\t\t\t\t\t\t\t\t\t\t\" \n\t\t\t>\n\t\t\t\t\t\t<div class=\"ngg-gallery-thumbnail\">\n\t\t\t<a href=\"https:\/\/www.aurin-choir.hu\/wp-content\/gallery\/bp-korusverseny-2015\/korusverseny2015-34.jpg\"\n\t\t\t\ttitle=\"????????????????????????????????????\"\n\t\t\t\tdata-src=\"https:\/\/www.aurin-choir.hu\/wp-content\/gallery\/bp-korusverseny-2015\/korusverseny2015-34.jpg\"\n\t\t\t\tdata-thumbnail=\"https:\/\/www.aurin-choir.hu\/wp-content\/gallery\/bp-korusverseny-2015\/thumbs\/thumbs_korusverseny2015-34.jpg\"\n\t\t\t\tdata-image-id=\"2289\"\n\t\t\t\tdata-title=\"korusverseny2015-34\"\n\t\t\t\tdata-description=\"????????????????????????????????????\"\n\t\t\t\tdata-image-slug=\"korusverseny2015-34\"\n\t\t\t\tclass=\"ngg-simplelightbox\" rel=\"56ae7f7d8979cc0959f7dfc30a3e8297\">\n\t\t\t\t<img\n\t\t\t\t\ttitle=\"korusverseny2015-34\"\n\t\t\t\t\talt=\"korusverseny2015-34\"\n\t\t\t\t\tsrc=\"https:\/\/www.aurin-choir.hu\/wp-content\/gallery\/bp-korusverseny-2015\/cache\/korusverseny2015-34.jpg-nggid042289-ngg0dyn-325x225x100-00f0w010c011r110f110r010t010.jpg\"\n\t\t\t\t\twidth=\"325\"\n\t\t\t\t\theight=\"225\"\n\t\t\t\t\tstyle=\"max-width:100%;\"\n\t\t\t\t\/>\n\t\t\t<\/a>\n\t\t<\/div>\n\t\t\t\t\t\t\t<\/div> \n\t\t\t\n\t\t\t\t<div id=\"ngg-image-39\" class=\"ngg-gallery-thumbnail-box \n\t\t\t\t\t\t\t\t\t\t\t\" \n\t\t\t>\n\t\t\t\t\t\t<div class=\"ngg-gallery-thumbnail\">\n\t\t\t<a href=\"https:\/\/www.aurin-choir.hu\/wp-content\/gallery\/bp-korusverseny-2015\/korusverseny2015-35.jpg\"\n\t\t\t\ttitle=\"????????????????????????????????????\"\n\t\t\t\tdata-src=\"https:\/\/www.aurin-choir.hu\/wp-content\/gallery\/bp-korusverseny-2015\/korusverseny2015-35.jpg\"\n\t\t\t\tdata-thumbnail=\"https:\/\/www.aurin-choir.hu\/wp-content\/gallery\/bp-korusverseny-2015\/thumbs\/thumbs_korusverseny2015-35.jpg\"\n\t\t\t\tdata-image-id=\"2290\"\n\t\t\t\tdata-title=\"korusverseny2015-35\"\n\t\t\t\tdata-description=\"????????????????????????????????????\"\n\t\t\t\tdata-image-slug=\"korusverseny2015-35\"\n\t\t\t\tclass=\"ngg-simplelightbox\" rel=\"56ae7f7d8979cc0959f7dfc30a3e8297\">\n\t\t\t\t<img\n\t\t\t\t\ttitle=\"korusverseny2015-35\"\n\t\t\t\t\talt=\"korusverseny2015-35\"\n\t\t\t\t\tsrc=\"https:\/\/www.aurin-choir.hu\/wp-content\/gallery\/bp-korusverseny-2015\/cache\/korusverseny2015-35.jpg-nggid042290-ngg0dyn-325x225x100-00f0w010c011r110f110r010t010.jpg\"\n\t\t\t\t\twidth=\"325\"\n\t\t\t\t\theight=\"225\"\n\t\t\t\t\tstyle=\"max-width:100%;\"\n\t\t\t\t\/>\n\t\t\t<\/a>\n\t\t<\/div>\n\t\t\t\t\t\t\t<\/div> \n\t\t\t\n\t\t\t\t<div id=\"ngg-image-40\" class=\"ngg-gallery-thumbnail-box \n\t\t\t\t\t\t\t\t\t\t\t\" \n\t\t\t>\n\t\t\t\t\t\t<div class=\"ngg-gallery-thumbnail\">\n\t\t\t<a href=\"https:\/\/www.aurin-choir.hu\/wp-content\/gallery\/bp-korusverseny-2015\/korusverseny2015-36.jpg\"\n\t\t\t\ttitle=\"????????????????????????????????????\"\n\t\t\t\tdata-src=\"https:\/\/www.aurin-choir.hu\/wp-content\/gallery\/bp-korusverseny-2015\/korusverseny2015-36.jpg\"\n\t\t\t\tdata-thumbnail=\"https:\/\/www.aurin-choir.hu\/wp-content\/gallery\/bp-korusverseny-2015\/thumbs\/thumbs_korusverseny2015-36.jpg\"\n\t\t\t\tdata-image-id=\"2291\"\n\t\t\t\tdata-title=\"korusverseny2015-36\"\n\t\t\t\tdata-description=\"????????????????????????????????????\"\n\t\t\t\tdata-image-slug=\"korusverseny2015-36\"\n\t\t\t\tclass=\"ngg-simplelightbox\" rel=\"56ae7f7d8979cc0959f7dfc30a3e8297\">\n\t\t\t\t<img\n\t\t\t\t\ttitle=\"korusverseny2015-36\"\n\t\t\t\t\talt=\"korusverseny2015-36\"\n\t\t\t\t\tsrc=\"https:\/\/www.aurin-choir.hu\/wp-content\/gallery\/bp-korusverseny-2015\/cache\/korusverseny2015-36.jpg-nggid042291-ngg0dyn-325x225x100-00f0w010c011r110f110r010t010.jpg\"\n\t\t\t\t\twidth=\"325\"\n\t\t\t\t\theight=\"225\"\n\t\t\t\t\tstyle=\"max-width:100%;\"\n\t\t\t\t\/>\n\t\t\t<\/a>\n\t\t<\/div>\n\t\t\t\t\t\t\t<\/div> \n\t\t\t\n\t\t\t\t<div id=\"ngg-image-41\" class=\"ngg-gallery-thumbnail-box \n\t\t\t\t\t\t\t\t\t\t\t\" \n\t\t\t>\n\t\t\t\t\t\t<div class=\"ngg-gallery-thumbnail\">\n\t\t\t<a href=\"https:\/\/www.aurin-choir.hu\/wp-content\/gallery\/bp-korusverseny-2015\/korusverseny2015-37.jpg\"\n\t\t\t\ttitle=\"????????????????????????????????????\"\n\t\t\t\tdata-src=\"https:\/\/www.aurin-choir.hu\/wp-content\/gallery\/bp-korusverseny-2015\/korusverseny2015-37.jpg\"\n\t\t\t\tdata-thumbnail=\"https:\/\/www.aurin-choir.hu\/wp-content\/gallery\/bp-korusverseny-2015\/thumbs\/thumbs_korusverseny2015-37.jpg\"\n\t\t\t\tdata-image-id=\"2292\"\n\t\t\t\tdata-title=\"korusverseny2015-37\"\n\t\t\t\tdata-description=\"????????????????????????????????????\"\n\t\t\t\tdata-image-slug=\"korusverseny2015-37\"\n\t\t\t\tclass=\"ngg-simplelightbox\" rel=\"56ae7f7d8979cc0959f7dfc30a3e8297\">\n\t\t\t\t<img\n\t\t\t\t\ttitle=\"korusverseny2015-37\"\n\t\t\t\t\talt=\"korusverseny2015-37\"\n\t\t\t\t\tsrc=\"https:\/\/www.aurin-choir.hu\/wp-content\/gallery\/bp-korusverseny-2015\/cache\/korusverseny2015-37.jpg-nggid042292-ngg0dyn-325x225x100-00f0w010c011r110f110r010t010.jpg\"\n\t\t\t\t\twidth=\"325\"\n\t\t\t\t\theight=\"225\"\n\t\t\t\t\tstyle=\"max-width:100%;\"\n\t\t\t\t\/>\n\t\t\t<\/a>\n\t\t<\/div>\n\t\t\t\t\t\t\t<\/div> \n\t\t\t\n\t\t\t\t<div id=\"ngg-image-42\" class=\"ngg-gallery-thumbnail-box \n\t\t\t\t\t\t\t\t\t\t\t\" \n\t\t\t>\n\t\t\t\t\t\t<div class=\"ngg-gallery-thumbnail\">\n\t\t\t<a href=\"https:\/\/www.aurin-choir.hu\/wp-content\/gallery\/bp-korusverseny-2015\/korusverseny2015-38.jpg\"\n\t\t\t\ttitle=\"????????????????????????????????????\"\n\t\t\t\tdata-src=\"https:\/\/www.aurin-choir.hu\/wp-content\/gallery\/bp-korusverseny-2015\/korusverseny2015-38.jpg\"\n\t\t\t\tdata-thumbnail=\"https:\/\/www.aurin-choir.hu\/wp-content\/gallery\/bp-korusverseny-2015\/thumbs\/thumbs_korusverseny2015-38.jpg\"\n\t\t\t\tdata-image-id=\"2293\"\n\t\t\t\tdata-title=\"korusverseny2015-38\"\n\t\t\t\tdata-description=\"????????????????????????????????????\"\n\t\t\t\tdata-image-slug=\"korusverseny2015-38\"\n\t\t\t\tclass=\"ngg-simplelightbox\" rel=\"56ae7f7d8979cc0959f7dfc30a3e8297\">\n\t\t\t\t<img\n\t\t\t\t\ttitle=\"korusverseny2015-38\"\n\t\t\t\t\talt=\"korusverseny2015-38\"\n\t\t\t\t\tsrc=\"https:\/\/www.aurin-choir.hu\/wp-content\/gallery\/bp-korusverseny-2015\/cache\/korusverseny2015-38.jpg-nggid042293-ngg0dyn-325x225x100-00f0w010c011r110f110r010t010.jpg\"\n\t\t\t\t\twidth=\"325\"\n\t\t\t\t\theight=\"225\"\n\t\t\t\t\tstyle=\"max-width:100%;\"\n\t\t\t\t\/>\n\t\t\t<\/a>\n\t\t<\/div>\n\t\t\t\t\t\t\t<\/div> \n\t\t\t\n\t\t\t\t<div id=\"ngg-image-43\" class=\"ngg-gallery-thumbnail-box \n\t\t\t\t\t\t\t\t\t\t\t\" \n\t\t\t>\n\t\t\t\t\t\t<div class=\"ngg-gallery-thumbnail\">\n\t\t\t<a href=\"https:\/\/www.aurin-choir.hu\/wp-content\/gallery\/bp-korusverseny-2015\/korusverseny2015-39.jpg\"\n\t\t\t\ttitle=\"????????????????????????????????????\"\n\t\t\t\tdata-src=\"https:\/\/www.aurin-choir.hu\/wp-content\/gallery\/bp-korusverseny-2015\/korusverseny2015-39.jpg\"\n\t\t\t\tdata-thumbnail=\"https:\/\/www.aurin-choir.hu\/wp-content\/gallery\/bp-korusverseny-2015\/thumbs\/thumbs_korusverseny2015-39.jpg\"\n\t\t\t\tdata-image-id=\"2294\"\n\t\t\t\tdata-title=\"korusverseny2015-39\"\n\t\t\t\tdata-description=\"????????????????????????????????????\"\n\t\t\t\tdata-image-slug=\"korusverseny2015-39\"\n\t\t\t\tclass=\"ngg-simplelightbox\" rel=\"56ae7f7d8979cc0959f7dfc30a3e8297\">\n\t\t\t\t<img\n\t\t\t\t\ttitle=\"korusverseny2015-39\"\n\t\t\t\t\talt=\"korusverseny2015-39\"\n\t\t\t\t\tsrc=\"https:\/\/www.aurin-choir.hu\/wp-content\/gallery\/bp-korusverseny-2015\/cache\/korusverseny2015-39.jpg-nggid042294-ngg0dyn-325x225x100-00f0w010c011r110f110r010t010.jpg\"\n\t\t\t\t\twidth=\"325\"\n\t\t\t\t\theight=\"225\"\n\t\t\t\t\tstyle=\"max-width:100%;\"\n\t\t\t\t\/>\n\t\t\t<\/a>\n\t\t<\/div>\n\t\t\t\t\t\t\t<\/div> \n\t\t\t\n\t\t\t\t<div id=\"ngg-image-44\" class=\"ngg-gallery-thumbnail-box \n\t\t\t\t\t\t\t\t\t\t\t\" \n\t\t\t>\n\t\t\t\t\t\t<div class=\"ngg-gallery-thumbnail\">\n\t\t\t<a href=\"https:\/\/www.aurin-choir.hu\/wp-content\/gallery\/bp-korusverseny-2015\/korusverseny2015-40.jpg\"\n\t\t\t\ttitle=\"????????????????????????????????????\"\n\t\t\t\tdata-src=\"https:\/\/www.aurin-choir.hu\/wp-content\/gallery\/bp-korusverseny-2015\/korusverseny2015-40.jpg\"\n\t\t\t\tdata-thumbnail=\"https:\/\/www.aurin-choir.hu\/wp-content\/gallery\/bp-korusverseny-2015\/thumbs\/thumbs_korusverseny2015-40.jpg\"\n\t\t\t\tdata-image-id=\"2295\"\n\t\t\t\tdata-title=\"korusverseny2015-40\"\n\t\t\t\tdata-description=\"????????????????????????????????????\"\n\t\t\t\tdata-image-slug=\"korusverseny2015-40\"\n\t\t\t\tclass=\"ngg-simplelightbox\" rel=\"56ae7f7d8979cc0959f7dfc30a3e8297\">\n\t\t\t\t<img\n\t\t\t\t\ttitle=\"korusverseny2015-40\"\n\t\t\t\t\talt=\"korusverseny2015-40\"\n\t\t\t\t\tsrc=\"https:\/\/www.aurin-choir.hu\/wp-content\/gallery\/bp-korusverseny-2015\/cache\/korusverseny2015-40.jpg-nggid042295-ngg0dyn-325x225x100-00f0w010c011r110f110r010t010.jpg\"\n\t\t\t\t\twidth=\"325\"\n\t\t\t\t\theight=\"225\"\n\t\t\t\t\tstyle=\"max-width:100%;\"\n\t\t\t\t\/>\n\t\t\t<\/a>\n\t\t<\/div>\n\t\t\t\t\t\t\t<\/div> \n\t\t\t\n\t\t\t\t<div id=\"ngg-image-45\" class=\"ngg-gallery-thumbnail-box \n\t\t\t\t\t\t\t\t\t\t\t\" \n\t\t\t>\n\t\t\t\t\t\t<div class=\"ngg-gallery-thumbnail\">\n\t\t\t<a href=\"https:\/\/www.aurin-choir.hu\/wp-content\/gallery\/bp-korusverseny-2015\/korusverseny2015-41.jpg\"\n\t\t\t\ttitle=\"????????????????????????????????????\"\n\t\t\t\tdata-src=\"https:\/\/www.aurin-choir.hu\/wp-content\/gallery\/bp-korusverseny-2015\/korusverseny2015-41.jpg\"\n\t\t\t\tdata-thumbnail=\"https:\/\/www.aurin-choir.hu\/wp-content\/gallery\/bp-korusverseny-2015\/thumbs\/thumbs_korusverseny2015-41.jpg\"\n\t\t\t\tdata-image-id=\"2296\"\n\t\t\t\tdata-title=\"korusverseny2015-41\"\n\t\t\t\tdata-description=\"????????????????????????????????????\"\n\t\t\t\tdata-image-slug=\"korusverseny2015-41\"\n\t\t\t\tclass=\"ngg-simplelightbox\" rel=\"56ae7f7d8979cc0959f7dfc30a3e8297\">\n\t\t\t\t<img\n\t\t\t\t\ttitle=\"korusverseny2015-41\"\n\t\t\t\t\talt=\"korusverseny2015-41\"\n\t\t\t\t\tsrc=\"https:\/\/www.aurin-choir.hu\/wp-content\/gallery\/bp-korusverseny-2015\/cache\/korusverseny2015-41.jpg-nggid042296-ngg0dyn-325x225x100-00f0w010c011r110f110r010t010.jpg\"\n\t\t\t\t\twidth=\"325\"\n\t\t\t\t\theight=\"225\"\n\t\t\t\t\tstyle=\"max-width:100%;\"\n\t\t\t\t\/>\n\t\t\t<\/a>\n\t\t<\/div>\n\t\t\t\t\t\t\t<\/div> \n\t\t\t\n\t\t\t\t<div id=\"ngg-image-46\" class=\"ngg-gallery-thumbnail-box \n\t\t\t\t\t\t\t\t\t\t\t\" \n\t\t\t>\n\t\t\t\t\t\t<div class=\"ngg-gallery-thumbnail\">\n\t\t\t<a href=\"https:\/\/www.aurin-choir.hu\/wp-content\/gallery\/bp-korusverseny-2015\/korusverseny2015-42.jpg\"\n\t\t\t\ttitle=\"????????????????????????????????????\"\n\t\t\t\tdata-src=\"https:\/\/www.aurin-choir.hu\/wp-content\/gallery\/bp-korusverseny-2015\/korusverseny2015-42.jpg\"\n\t\t\t\tdata-thumbnail=\"https:\/\/www.aurin-choir.hu\/wp-content\/gallery\/bp-korusverseny-2015\/thumbs\/thumbs_korusverseny2015-42.jpg\"\n\t\t\t\tdata-image-id=\"2297\"\n\t\t\t\tdata-title=\"korusverseny2015-42\"\n\t\t\t\tdata-description=\"????????????????????????????????????\"\n\t\t\t\tdata-image-slug=\"korusverseny2015-42\"\n\t\t\t\tclass=\"ngg-simplelightbox\" rel=\"56ae7f7d8979cc0959f7dfc30a3e8297\">\n\t\t\t\t<img\n\t\t\t\t\ttitle=\"korusverseny2015-42\"\n\t\t\t\t\talt=\"korusverseny2015-42\"\n\t\t\t\t\tsrc=\"https:\/\/www.aurin-choir.hu\/wp-content\/gallery\/bp-korusverseny-2015\/cache\/korusverseny2015-42.jpg-nggid042297-ngg0dyn-325x225x100-00f0w010c011r110f110r010t010.jpg\"\n\t\t\t\t\twidth=\"325\"\n\t\t\t\t\theight=\"225\"\n\t\t\t\t\tstyle=\"max-width:100%;\"\n\t\t\t\t\/>\n\t\t\t<\/a>\n\t\t<\/div>\n\t\t\t\t\t\t\t<\/div> \n\t\t\t\n\t\t\t\t<div id=\"ngg-image-47\" class=\"ngg-gallery-thumbnail-box \n\t\t\t\t\t\t\t\t\t\t\t\" \n\t\t\t>\n\t\t\t\t\t\t<div class=\"ngg-gallery-thumbnail\">\n\t\t\t<a href=\"https:\/\/www.aurin-choir.hu\/wp-content\/gallery\/bp-korusverseny-2015\/korusverseny2015-43.jpg\"\n\t\t\t\ttitle=\"????????????????????????????????????\"\n\t\t\t\tdata-src=\"https:\/\/www.aurin-choir.hu\/wp-content\/gallery\/bp-korusverseny-2015\/korusverseny2015-43.jpg\"\n\t\t\t\tdata-thumbnail=\"https:\/\/www.aurin-choir.hu\/wp-content\/gallery\/bp-korusverseny-2015\/thumbs\/thumbs_korusverseny2015-43.jpg\"\n\t\t\t\tdata-image-id=\"2298\"\n\t\t\t\tdata-title=\"korusverseny2015-43\"\n\t\t\t\tdata-description=\"????????????????????????????????????\"\n\t\t\t\tdata-image-slug=\"korusverseny2015-43\"\n\t\t\t\tclass=\"ngg-simplelightbox\" rel=\"56ae7f7d8979cc0959f7dfc30a3e8297\">\n\t\t\t\t<img\n\t\t\t\t\ttitle=\"korusverseny2015-43\"\n\t\t\t\t\talt=\"korusverseny2015-43\"\n\t\t\t\t\tsrc=\"https:\/\/www.aurin-choir.hu\/wp-content\/gallery\/bp-korusverseny-2015\/cache\/korusverseny2015-43.jpg-nggid042298-ngg0dyn-325x225x100-00f0w010c011r110f110r010t010.jpg\"\n\t\t\t\t\twidth=\"325\"\n\t\t\t\t\theight=\"225\"\n\t\t\t\t\tstyle=\"max-width:100%;\"\n\t\t\t\t\/>\n\t\t\t<\/a>\n\t\t<\/div>\n\t\t\t\t\t\t\t<\/div> \n\t\t\t\n\t\t\t\t<div id=\"ngg-image-48\" class=\"ngg-gallery-thumbnail-box \n\t\t\t\t\t\t\t\t\t\t\t\" \n\t\t\t>\n\t\t\t\t\t\t<div class=\"ngg-gallery-thumbnail\">\n\t\t\t<a href=\"https:\/\/www.aurin-choir.hu\/wp-content\/gallery\/bp-korusverseny-2015\/korusverseny2015-44.jpg\"\n\t\t\t\ttitle=\"????????????????????????????????????\"\n\t\t\t\tdata-src=\"https:\/\/www.aurin-choir.hu\/wp-content\/gallery\/bp-korusverseny-2015\/korusverseny2015-44.jpg\"\n\t\t\t\tdata-thumbnail=\"https:\/\/www.aurin-choir.hu\/wp-content\/gallery\/bp-korusverseny-2015\/thumbs\/thumbs_korusverseny2015-44.jpg\"\n\t\t\t\tdata-image-id=\"2299\"\n\t\t\t\tdata-title=\"korusverseny2015-44\"\n\t\t\t\tdata-description=\"????????????????????????????????????\"\n\t\t\t\tdata-image-slug=\"korusverseny2015-44\"\n\t\t\t\tclass=\"ngg-simplelightbox\" rel=\"56ae7f7d8979cc0959f7dfc30a3e8297\">\n\t\t\t\t<img\n\t\t\t\t\ttitle=\"korusverseny2015-44\"\n\t\t\t\t\talt=\"korusverseny2015-44\"\n\t\t\t\t\tsrc=\"https:\/\/www.aurin-choir.hu\/wp-content\/gallery\/bp-korusverseny-2015\/cache\/korusverseny2015-44.jpg-nggid042299-ngg0dyn-325x225x100-00f0w010c011r110f110r010t010.jpg\"\n\t\t\t\t\twidth=\"325\"\n\t\t\t\t\theight=\"225\"\n\t\t\t\t\tstyle=\"max-width:100%;\"\n\t\t\t\t\/>\n\t\t\t<\/a>\n\t\t<\/div>\n\t\t\t\t\t\t\t<\/div> \n\t\t\t\n\t\t\t\t<div id=\"ngg-image-49\" class=\"ngg-gallery-thumbnail-box \n\t\t\t\t\t\t\t\t\t\t\t\" \n\t\t\t>\n\t\t\t\t\t\t<div class=\"ngg-gallery-thumbnail\">\n\t\t\t<a href=\"https:\/\/www.aurin-choir.hu\/wp-content\/gallery\/bp-korusverseny-2015\/korusverseny2015-45.jpg\"\n\t\t\t\ttitle=\"????????????????????????????????????\"\n\t\t\t\tdata-src=\"https:\/\/www.aurin-choir.hu\/wp-content\/gallery\/bp-korusverseny-2015\/korusverseny2015-45.jpg\"\n\t\t\t\tdata-thumbnail=\"https:\/\/www.aurin-choir.hu\/wp-content\/gallery\/bp-korusverseny-2015\/thumbs\/thumbs_korusverseny2015-45.jpg\"\n\t\t\t\tdata-image-id=\"2300\"\n\t\t\t\tdata-title=\"korusverseny2015-45\"\n\t\t\t\tdata-description=\"????????????????????????????????????\"\n\t\t\t\tdata-image-slug=\"korusverseny2015-45\"\n\t\t\t\tclass=\"ngg-simplelightbox\" rel=\"56ae7f7d8979cc0959f7dfc30a3e8297\">\n\t\t\t\t<img\n\t\t\t\t\ttitle=\"korusverseny2015-45\"\n\t\t\t\t\talt=\"korusverseny2015-45\"\n\t\t\t\t\tsrc=\"https:\/\/www.aurin-choir.hu\/wp-content\/gallery\/bp-korusverseny-2015\/cache\/korusverseny2015-45.jpg-nggid042300-ngg0dyn-325x225x100-00f0w010c011r110f110r010t010.jpg\"\n\t\t\t\t\twidth=\"325\"\n\t\t\t\t\theight=\"225\"\n\t\t\t\t\tstyle=\"max-width:100%;\"\n\t\t\t\t\/>\n\t\t\t<\/a>\n\t\t<\/div>\n\t\t\t\t\t\t\t<\/div> \n\t\t\t\n\t\t\t\t<div id=\"ngg-image-50\" class=\"ngg-gallery-thumbnail-box \n\t\t\t\t\t\t\t\t\t\t\t\" \n\t\t\t>\n\t\t\t\t\t\t<div class=\"ngg-gallery-thumbnail\">\n\t\t\t<a href=\"https:\/\/www.aurin-choir.hu\/wp-content\/gallery\/bp-korusverseny-2015\/korusverseny2015-46.jpg\"\n\t\t\t\ttitle=\"????????????????????????????????????\"\n\t\t\t\tdata-src=\"https:\/\/www.aurin-choir.hu\/wp-content\/gallery\/bp-korusverseny-2015\/korusverseny2015-46.jpg\"\n\t\t\t\tdata-thumbnail=\"https:\/\/www.aurin-choir.hu\/wp-content\/gallery\/bp-korusverseny-2015\/thumbs\/thumbs_korusverseny2015-46.jpg\"\n\t\t\t\tdata-image-id=\"2301\"\n\t\t\t\tdata-title=\"korusverseny2015-46\"\n\t\t\t\tdata-description=\"????????????????????????????????????\"\n\t\t\t\tdata-image-slug=\"korusverseny2015-46\"\n\t\t\t\tclass=\"ngg-simplelightbox\" rel=\"56ae7f7d8979cc0959f7dfc30a3e8297\">\n\t\t\t\t<img\n\t\t\t\t\ttitle=\"korusverseny2015-46\"\n\t\t\t\t\talt=\"korusverseny2015-46\"\n\t\t\t\t\tsrc=\"https:\/\/www.aurin-choir.hu\/wp-content\/gallery\/bp-korusverseny-2015\/cache\/korusverseny2015-46.jpg-nggid042301-ngg0dyn-325x225x100-00f0w010c011r110f110r010t010.jpg\"\n\t\t\t\t\twidth=\"325\"\n\t\t\t\t\theight=\"225\"\n\t\t\t\t\tstyle=\"max-width:100%;\"\n\t\t\t\t\/>\n\t\t\t<\/a>\n\t\t<\/div>\n\t\t\t\t\t\t\t<\/div> \n\t\t\t\n\t\t\t\t<div id=\"ngg-image-51\" class=\"ngg-gallery-thumbnail-box \n\t\t\t\t\t\t\t\t\t\t\t\" \n\t\t\t>\n\t\t\t\t\t\t<div class=\"ngg-gallery-thumbnail\">\n\t\t\t<a href=\"https:\/\/www.aurin-choir.hu\/wp-content\/gallery\/bp-korusverseny-2015\/korusverseny2015-47.jpg\"\n\t\t\t\ttitle=\"????????????????????????????????????\"\n\t\t\t\tdata-src=\"https:\/\/www.aurin-choir.hu\/wp-content\/gallery\/bp-korusverseny-2015\/korusverseny2015-47.jpg\"\n\t\t\t\tdata-thumbnail=\"https:\/\/www.aurin-choir.hu\/wp-content\/gallery\/bp-korusverseny-2015\/thumbs\/thumbs_korusverseny2015-47.jpg\"\n\t\t\t\tdata-image-id=\"2302\"\n\t\t\t\tdata-title=\"korusverseny2015-47\"\n\t\t\t\tdata-description=\"????????????????????????????????????\"\n\t\t\t\tdata-image-slug=\"korusverseny2015-47\"\n\t\t\t\tclass=\"ngg-simplelightbox\" rel=\"56ae7f7d8979cc0959f7dfc30a3e8297\">\n\t\t\t\t<img\n\t\t\t\t\ttitle=\"korusverseny2015-47\"\n\t\t\t\t\talt=\"korusverseny2015-47\"\n\t\t\t\t\tsrc=\"https:\/\/www.aurin-choir.hu\/wp-content\/gallery\/bp-korusverseny-2015\/cache\/korusverseny2015-47.jpg-nggid042302-ngg0dyn-325x225x100-00f0w010c011r110f110r010t010.jpg\"\n\t\t\t\t\twidth=\"325\"\n\t\t\t\t\theight=\"225\"\n\t\t\t\t\tstyle=\"max-width:100%;\"\n\t\t\t\t\/>\n\t\t\t<\/a>\n\t\t<\/div>\n\t\t\t\t\t\t\t<\/div> \n\t\t\t\n\t\t\t\t<div id=\"ngg-image-52\" class=\"ngg-gallery-thumbnail-box \n\t\t\t\t\t\t\t\t\t\t\t\" \n\t\t\t>\n\t\t\t\t\t\t<div class=\"ngg-gallery-thumbnail\">\n\t\t\t<a href=\"https:\/\/www.aurin-choir.hu\/wp-content\/gallery\/bp-korusverseny-2015\/korusverseny2015-48.jpg\"\n\t\t\t\ttitle=\"????????????????????????????????????\"\n\t\t\t\tdata-src=\"https:\/\/www.aurin-choir.hu\/wp-content\/gallery\/bp-korusverseny-2015\/korusverseny2015-48.jpg\"\n\t\t\t\tdata-thumbnail=\"https:\/\/www.aurin-choir.hu\/wp-content\/gallery\/bp-korusverseny-2015\/thumbs\/thumbs_korusverseny2015-48.jpg\"\n\t\t\t\tdata-image-id=\"2303\"\n\t\t\t\tdata-title=\"korusverseny2015-48\"\n\t\t\t\tdata-description=\"????????????????????????????????????\"\n\t\t\t\tdata-image-slug=\"korusverseny2015-48\"\n\t\t\t\tclass=\"ngg-simplelightbox\" rel=\"56ae7f7d8979cc0959f7dfc30a3e8297\">\n\t\t\t\t<img\n\t\t\t\t\ttitle=\"korusverseny2015-48\"\n\t\t\t\t\talt=\"korusverseny2015-48\"\n\t\t\t\t\tsrc=\"https:\/\/www.aurin-choir.hu\/wp-content\/gallery\/bp-korusverseny-2015\/cache\/korusverseny2015-48.jpg-nggid042303-ngg0dyn-325x225x100-00f0w010c011r110f110r010t010.jpg\"\n\t\t\t\t\twidth=\"325\"\n\t\t\t\t\theight=\"225\"\n\t\t\t\t\tstyle=\"max-width:100%;\"\n\t\t\t\t\/>\n\t\t\t<\/a>\n\t\t<\/div>\n\t\t\t\t\t\t\t<\/div> \n\t\t\t\n\t\n\t<br style=\"clear: both\" \/>\n\n\t\n\t\t<!-- Pagination -->\n\t\t<div class='ngg-clear'><\/div>\t<\/div>\n<\/p>\n","protected":false},"author":1,"featured_media":8115,"comment_status":"closed","ping_status":"closed","template":"","meta":{"_et_pb_use_builder":"on","_et_pb_old_content":"","_et_gb_content_width":"","ngg_post_thumbnail":0,"footnotes":""},"project_category":[114,101,100],"project_tag":[],"class_list":["post-17657","project","type-project","status-publish","has-post-thumbnail","hentry","project_category-2015-en","project_category-aurin-noikar-en","project_category-aurin-leanykar-en"],"yoast_head":"<!-- This site is optimized with the Yoast SEO plugin v26.0 - https:\/\/yoast.com\/wordpress\/plugins\/seo\/ -->\n<title>XV. Budapesti Nemzetk\u00f6zi K\u00f3rusverseny 2015 - Aurin - Miraculum<\/title>\n<meta name=\"robots\" content=\"index, follow, max-snippet:-1, max-image-preview:large, max-video-preview:-1\" \/>\n<link rel=\"canonical\" href=\"https:\/\/www.aurin-choir.hu\/project\/xv-budapesti-nemzetkozi-korusverseny-2015\/\" \/>\n<meta property=\"og:locale\" content=\"en_US\" \/>\n<meta property=\"og:type\" content=\"article\" \/>\n<meta property=\"og:title\" content=\"XV. Budapesti Nemzetk\u00f6zi K\u00f3rusverseny 2015 - Aurin - Miraculum\" \/>\n<meta property=\"og:description\" content=\"XV. Budapesti Nemzetk\u00f6zi K\u00f3rusverseny 2015 Budapest Music Center, M\u0171v\u00e9szetek Palot\u00e1ja, Budapest\" \/>\n<meta property=\"og:url\" content=\"https:\/\/www.aurin-choir.hu\/project\/xv-budapesti-nemzetkozi-korusverseny-2015\/\" \/>\n<meta property=\"og:site_name\" content=\"Aurin - Miraculum\" \/>\n<meta property=\"article:publisher\" content=\"https:\/\/www.facebook.com\/aurinchoir\" \/>\n<meta property=\"article:modified_time\" content=\"2025-04-07T16:30:07+00:00\" \/>\n<meta property=\"og:image\" content=\"https:\/\/www.aurin-choir.hu\/wp-content\/uploads\/2020\/03\/korusverseny2015-48.jpg\" \/>\n\t<meta property=\"og:image:width\" content=\"730\" \/>\n\t<meta property=\"og:image:height\" content=\"485\" \/>\n\t<meta property=\"og:image:type\" content=\"image\/jpeg\" \/>\n<meta name=\"twitter:card\" content=\"summary_large_image\" \/>\n<meta name=\"twitter:label1\" content=\"Est. reading time\" \/>\n\t<meta name=\"twitter:data1\" content=\"1 minute\" \/>\n<script type=\"application\/ld+json\" class=\"yoast-schema-graph\">{\"@context\":\"https:\/\/schema.org\",\"@graph\":[{\"@type\":\"WebPage\",\"@id\":\"https:\/\/www.aurin-choir.hu\/project\/xv-budapesti-nemzetkozi-korusverseny-2015\/\",\"url\":\"https:\/\/www.aurin-choir.hu\/project\/xv-budapesti-nemzetkozi-korusverseny-2015\/\",\"name\":\"XV. Budapesti Nemzetk\u00f6zi K\u00f3rusverseny 2015 - Aurin - Miraculum\",\"isPartOf\":{\"@id\":\"https:\/\/www.aurin-choir.hu\/#website\"},\"primaryImageOfPage\":{\"@id\":\"https:\/\/www.aurin-choir.hu\/project\/xv-budapesti-nemzetkozi-korusverseny-2015\/#primaryimage\"},\"image\":{\"@id\":\"https:\/\/www.aurin-choir.hu\/project\/xv-budapesti-nemzetkozi-korusverseny-2015\/#primaryimage\"},\"thumbnailUrl\":\"https:\/\/www.aurin-choir.hu\/wp-content\/uploads\/2020\/03\/korusverseny2015-48.jpg\",\"datePublished\":\"2015-04-07T18:16:41+00:00\",\"dateModified\":\"2025-04-07T16:30:07+00:00\",\"breadcrumb\":{\"@id\":\"https:\/\/www.aurin-choir.hu\/project\/xv-budapesti-nemzetkozi-korusverseny-2015\/#breadcrumb\"},\"inLanguage\":\"en-US\",\"potentialAction\":[{\"@type\":\"ReadAction\",\"target\":[\"https:\/\/www.aurin-choir.hu\/project\/xv-budapesti-nemzetkozi-korusverseny-2015\/\"]}]},{\"@type\":\"ImageObject\",\"inLanguage\":\"en-US\",\"@id\":\"https:\/\/www.aurin-choir.hu\/project\/xv-budapesti-nemzetkozi-korusverseny-2015\/#primaryimage\",\"url\":\"https:\/\/www.aurin-choir.hu\/wp-content\/uploads\/2020\/03\/korusverseny2015-48.jpg\",\"contentUrl\":\"https:\/\/www.aurin-choir.hu\/wp-content\/uploads\/2020\/03\/korusverseny2015-48.jpg\",\"width\":730,\"height\":485,\"caption\":\"????????????????????????????????????\"},{\"@type\":\"BreadcrumbList\",\"@id\":\"https:\/\/www.aurin-choir.hu\/project\/xv-budapesti-nemzetkozi-korusverseny-2015\/#breadcrumb\",\"itemListElement\":[{\"@type\":\"ListItem\",\"position\":1,\"name\":\"Kezd\u0151lap\",\"item\":\"https:\/\/www.aurin-choir.hu\/en\/\"},{\"@type\":\"ListItem\",\"position\":2,\"name\":\"Projektek\",\"item\":\"https:\/\/www.aurin-choir.hu\/project\/\"},{\"@type\":\"ListItem\",\"position\":3,\"name\":\"XV. Budapesti Nemzetk\u00f6zi K\u00f3rusverseny 2015\"}]},{\"@type\":\"WebSite\",\"@id\":\"https:\/\/www.aurin-choir.hu\/#website\",\"url\":\"https:\/\/www.aurin-choir.hu\/\",\"name\":\"Aurin - Miraculum\",\"description\":\"Aurin - Miraculum\",\"publisher\":{\"@id\":\"https:\/\/www.aurin-choir.hu\/#organization\"},\"potentialAction\":[{\"@type\":\"SearchAction\",\"target\":{\"@type\":\"EntryPoint\",\"urlTemplate\":\"https:\/\/www.aurin-choir.hu\/?s={search_term_string}\"},\"query-input\":{\"@type\":\"PropertyValueSpecification\",\"valueRequired\":true,\"valueName\":\"search_term_string\"}}],\"inLanguage\":\"en-US\"},{\"@type\":\"Organization\",\"@id\":\"https:\/\/www.aurin-choir.hu\/#organization\",\"name\":\"Aurin \u00e9s Miraculum Alap\u00edtv\u00e1ny\",\"url\":\"https:\/\/www.aurin-choir.hu\/\",\"logo\":{\"@type\":\"ImageObject\",\"inLanguage\":\"en-US\",\"@id\":\"https:\/\/www.aurin-choir.hu\/#\/schema\/logo\/image\/\",\"url\":\"https:\/\/www.aurin-choir.hu\/wp-content\/uploads\/2024\/05\/logo_webre_evadzaro2-1.png\",\"contentUrl\":\"https:\/\/www.aurin-choir.hu\/wp-content\/uploads\/2024\/05\/logo_webre_evadzaro2-1.png\",\"width\":500,\"height\":515,\"caption\":\"Aurin \u00e9s Miraculum Alap\u00edtv\u00e1ny\"},\"image\":{\"@id\":\"https:\/\/www.aurin-choir.hu\/#\/schema\/logo\/image\/\"},\"sameAs\":[\"https:\/\/www.facebook.com\/aurinchoir\"]}]}<\/script>\n<!-- \/ Yoast SEO plugin. -->","yoast_head_json":{"title":"XV. Budapesti Nemzetk\u00f6zi K\u00f3rusverseny 2015 - Aurin - Miraculum","robots":{"index":"index","follow":"follow","max-snippet":"max-snippet:-1","max-image-preview":"max-image-preview:large","max-video-preview":"max-video-preview:-1"},"canonical":"https:\/\/www.aurin-choir.hu\/project\/xv-budapesti-nemzetkozi-korusverseny-2015\/","og_locale":"en_US","og_type":"article","og_title":"XV. Budapesti Nemzetk\u00f6zi K\u00f3rusverseny 2015 - Aurin - Miraculum","og_description":"XV. Budapesti Nemzetk\u00f6zi K\u00f3rusverseny 2015 Budapest Music Center, M\u0171v\u00e9szetek Palot\u00e1ja, Budapest","og_url":"https:\/\/www.aurin-choir.hu\/project\/xv-budapesti-nemzetkozi-korusverseny-2015\/","og_site_name":"Aurin - Miraculum","article_publisher":"https:\/\/www.facebook.com\/aurinchoir","article_modified_time":"2025-04-07T16:30:07+00:00","og_image":[{"width":730,"height":485,"url":"https:\/\/www.aurin-choir.hu\/wp-content\/uploads\/2020\/03\/korusverseny2015-48.jpg","type":"image\/jpeg"}],"twitter_card":"summary_large_image","twitter_misc":{"Est. reading time":"1 minute"},"schema":{"@context":"https:\/\/schema.org","@graph":[{"@type":"WebPage","@id":"https:\/\/www.aurin-choir.hu\/project\/xv-budapesti-nemzetkozi-korusverseny-2015\/","url":"https:\/\/www.aurin-choir.hu\/project\/xv-budapesti-nemzetkozi-korusverseny-2015\/","name":"XV. Budapesti Nemzetk\u00f6zi K\u00f3rusverseny 2015 - Aurin - Miraculum","isPartOf":{"@id":"https:\/\/www.aurin-choir.hu\/#website"},"primaryImageOfPage":{"@id":"https:\/\/www.aurin-choir.hu\/project\/xv-budapesti-nemzetkozi-korusverseny-2015\/#primaryimage"},"image":{"@id":"https:\/\/www.aurin-choir.hu\/project\/xv-budapesti-nemzetkozi-korusverseny-2015\/#primaryimage"},"thumbnailUrl":"https:\/\/www.aurin-choir.hu\/wp-content\/uploads\/2020\/03\/korusverseny2015-48.jpg","datePublished":"2015-04-07T18:16:41+00:00","dateModified":"2025-04-07T16:30:07+00:00","breadcrumb":{"@id":"https:\/\/www.aurin-choir.hu\/project\/xv-budapesti-nemzetkozi-korusverseny-2015\/#breadcrumb"},"inLanguage":"en-US","potentialAction":[{"@type":"ReadAction","target":["https:\/\/www.aurin-choir.hu\/project\/xv-budapesti-nemzetkozi-korusverseny-2015\/"]}]},{"@type":"ImageObject","inLanguage":"en-US","@id":"https:\/\/www.aurin-choir.hu\/project\/xv-budapesti-nemzetkozi-korusverseny-2015\/#primaryimage","url":"https:\/\/www.aurin-choir.hu\/wp-content\/uploads\/2020\/03\/korusverseny2015-48.jpg","contentUrl":"https:\/\/www.aurin-choir.hu\/wp-content\/uploads\/2020\/03\/korusverseny2015-48.jpg","width":730,"height":485,"caption":"????????????????????????????????????"},{"@type":"BreadcrumbList","@id":"https:\/\/www.aurin-choir.hu\/project\/xv-budapesti-nemzetkozi-korusverseny-2015\/#breadcrumb","itemListElement":[{"@type":"ListItem","position":1,"name":"Kezd\u0151lap","item":"https:\/\/www.aurin-choir.hu\/en\/"},{"@type":"ListItem","position":2,"name":"Projektek","item":"https:\/\/www.aurin-choir.hu\/project\/"},{"@type":"ListItem","position":3,"name":"XV. Budapesti Nemzetk\u00f6zi K\u00f3rusverseny 2015"}]},{"@type":"WebSite","@id":"https:\/\/www.aurin-choir.hu\/#website","url":"https:\/\/www.aurin-choir.hu\/","name":"Aurin - Miraculum","description":"Aurin - Miraculum","publisher":{"@id":"https:\/\/www.aurin-choir.hu\/#organization"},"potentialAction":[{"@type":"SearchAction","target":{"@type":"EntryPoint","urlTemplate":"https:\/\/www.aurin-choir.hu\/?s={search_term_string}"},"query-input":{"@type":"PropertyValueSpecification","valueRequired":true,"valueName":"search_term_string"}}],"inLanguage":"en-US"},{"@type":"Organization","@id":"https:\/\/www.aurin-choir.hu\/#organization","name":"Aurin \u00e9s Miraculum Alap\u00edtv\u00e1ny","url":"https:\/\/www.aurin-choir.hu\/","logo":{"@type":"ImageObject","inLanguage":"en-US","@id":"https:\/\/www.aurin-choir.hu\/#\/schema\/logo\/image\/","url":"https:\/\/www.aurin-choir.hu\/wp-content\/uploads\/2024\/05\/logo_webre_evadzaro2-1.png","contentUrl":"https:\/\/www.aurin-choir.hu\/wp-content\/uploads\/2024\/05\/logo_webre_evadzaro2-1.png","width":500,"height":515,"caption":"Aurin \u00e9s Miraculum Alap\u00edtv\u00e1ny"},"image":{"@id":"https:\/\/www.aurin-choir.hu\/#\/schema\/logo\/image\/"},"sameAs":["https:\/\/www.facebook.com\/aurinchoir"]}]}},"_links":{"self":[{"href":"https:\/\/www.aurin-choir.hu\/en\/wp-json\/wp\/v2\/project\/17657","targetHints":{"allow":["GET"]}}],"collection":[{"href":"https:\/\/www.aurin-choir.hu\/en\/wp-json\/wp\/v2\/project"}],"about":[{"href":"https:\/\/www.aurin-choir.hu\/en\/wp-json\/wp\/v2\/types\/project"}],"author":[{"embeddable":true,"href":"https:\/\/www.aurin-choir.hu\/en\/wp-json\/wp\/v2\/users\/1"}],"replies":[{"embeddable":true,"href":"https:\/\/www.aurin-choir.hu\/en\/wp-json\/wp\/v2\/comments?post=17657"}],"version-history":[{"count":1,"href":"https:\/\/www.aurin-choir.hu\/en\/wp-json\/wp\/v2\/project\/17657\/revisions"}],"predecessor-version":[{"id":17658,"href":"https:\/\/www.aurin-choir.hu\/en\/wp-json\/wp\/v2\/project\/17657\/revisions\/17658"}],"wp:featuredmedia":[{"embeddable":true,"href":"https:\/\/www.aurin-choir.hu\/en\/wp-json\/wp\/v2\/media\/8115"}],"wp:attachment":[{"href":"https:\/\/www.aurin-choir.hu\/en\/wp-json\/wp\/v2\/media?parent=17657"}],"wp:term":[{"taxonomy":"project_category","embeddable":true,"href":"https:\/\/www.aurin-choir.hu\/en\/wp-json\/wp\/v2\/project_category?post=17657"},{"taxonomy":"project_tag","embeddable":true,"href":"https:\/\/www.aurin-choir.hu\/en\/wp-json\/wp\/v2\/project_tag?post=17657"}],"curies":[{"name":"wp","href":"https:\/\/api.w.org\/{rel}","templated":true}]}}