{"id":17673,"date":"2013-04-07T19:12:12","date_gmt":"2013-04-07T19:12:12","guid":{"rendered":"https:\/\/www.aurin-choir.hu\/project\/xiv-budapesti-nemzetkozi-korusverseny-2013\/"},"modified":"2025-04-07T16:33:25","modified_gmt":"2025-04-07T16:33:25","slug":"xiv-budapesti-nemzetkozi-korusverseny-2013","status":"publish","type":"project","link":"https:\/\/www.aurin-choir.hu\/en\/project\/xiv-budapesti-nemzetkozi-korusverseny-2013\/","title":{"rendered":"XIV. Budapesti Nemzetk\u00f6zi K\u00f3rusverseny 2013"},"content":{"rendered":"<p>[et_pb_section fb_built=&#8221;1&#8243; _builder_version=&#8221;4.27.4&#8243; _module_preset=&#8221;default&#8221; da_disable_devices=&#8221;off|off|off&#8221; locked=&#8221;off&#8221; global_colors_info=&#8221;{}&#8221; theme_builder_area=&#8221;post_content&#8221; da_is_popup=&#8221;off&#8221; da_exit_intent=&#8221;off&#8221; da_has_close=&#8221;on&#8221; da_alt_close=&#8221;off&#8221; da_dark_close=&#8221;off&#8221; da_not_modal=&#8221;on&#8221; da_is_singular=&#8221;off&#8221; da_with_loader=&#8221;off&#8221; da_has_shadow=&#8221;on&#8221;][et_pb_row _builder_version=&#8221;4.27.4&#8243; _module_preset=&#8221;default&#8221; global_colors_info=&#8221;{}&#8221; theme_builder_area=&#8221;post_content&#8221;][et_pb_column type=&#8221;4_4&#8243; _builder_version=&#8221;4.27.4&#8243; _module_preset=&#8221;default&#8221; global_colors_info=&#8221;{}&#8221; theme_builder_area=&#8221;post_content&#8221;][et_pb_text _builder_version=&#8221;4.27.4&#8243; _module_preset=&#8221;default&#8221; text_font=&#8221;|600|||||||&#8221; header_font=&#8221;|700|||||||&#8221; header_font_size=&#8221;31px&#8221; header_2_font=&#8221;||on||||||&#8221; hover_enabled=&#8221;0&#8243; global_colors_info=&#8221;{}&#8221; theme_builder_area=&#8221;post_content&#8221; sticky_enabled=&#8221;0&#8243;]<\/p>\n<h1 class=\"entry-title\">XIV. Budapesti Nemzetk\u00f6zi K\u00f3rusverseny 2013<\/h1>\n<p><b><\/b><\/p>\n<p>Budapest Music Center, Kongresszusi K\u00f6zpont, Budapest[\/et_pb_text][\/et_pb_column][\/et_pb_row][et_pb_row _builder_version=&#8221;4.27.4&#8243; _module_preset=&#8221;default&#8221; custom_padding=&#8221;0px||0px||false|false&#8221; global_colors_info=&#8221;{}&#8221; theme_builder_area=&#8221;post_content&#8221;][et_pb_column type=&#8221;4_4&#8243; _builder_version=&#8221;4.27.4&#8243; _module_preset=&#8221;default&#8221; global_colors_info=&#8221;{}&#8221; theme_builder_area=&#8221;post_content&#8221;][et_pb_text _builder_version=&#8221;4.27.4&#8243; _module_preset=&#8221;default&#8221; hover_enabled=&#8221;0&#8243; global_colors_info=&#8221;{}&#8221; theme_builder_area=&#8221;post_content&#8221; sticky_enabled=&#8221;0&#8243;]ngg_shortcode_0_placeholder[\/et_pb_text][\/et_pb_column][\/et_pb_row][\/et_pb_section]<\/p>\n","protected":false},"excerpt":{"rendered":"<p>XIV. Budapesti Nemzetk\u00f6zi K\u00f3rusverseny 2013 Budapest Music Center, Kongresszusi K\u00f6zpont, Budapest<!-- default-view.php -->\n<div\n\tclass=\"ngg-galleryoverview default-view \n\t\t\"\n\tid=\"ngg-gallery-a29c065229d53608e283336fc69a420a-1\">\n\n\t\t<!-- Thumbnails -->\n\t\t\t\t<div id=\"ngg-image-0\" class=\"ngg-gallery-thumbnail-box \n\t\t\t\t\t\t\t\t\t\t\t\" \n\t\t\t>\n\t\t\t\t\t\t<div class=\"ngg-gallery-thumbnail\">\n\t\t\t<a href=\"https:\/\/www.aurin-choir.hu\/wp-content\/gallery\/bp-korusverseny-2013\/korusverseny2013-1.jpg\"\n\t\t\t\ttitle=\"????????????????????????????????????\"\n\t\t\t\tdata-src=\"https:\/\/www.aurin-choir.hu\/wp-content\/gallery\/bp-korusverseny-2013\/korusverseny2013-1.jpg\"\n\t\t\t\tdata-thumbnail=\"https:\/\/www.aurin-choir.hu\/wp-content\/gallery\/bp-korusverseny-2013\/thumbs\/thumbs_korusverseny2013-1.jpg\"\n\t\t\t\tdata-image-id=\"2722\"\n\t\t\t\tdata-title=\"korusverseny2013-1\"\n\t\t\t\tdata-description=\"????????????????????????????????????\"\n\t\t\t\tdata-image-slug=\"korusverseny2013-1\"\n\t\t\t\tclass=\"ngg-simplelightbox\" rel=\"a29c065229d53608e283336fc69a420a\">\n\t\t\t\t<img\n\t\t\t\t\ttitle=\"korusverseny2013-1\"\n\t\t\t\t\talt=\"korusverseny2013-1\"\n\t\t\t\t\tsrc=\"https:\/\/www.aurin-choir.hu\/wp-content\/gallery\/bp-korusverseny-2013\/cache\/korusverseny2013-1.jpg-nggid042722-ngg0dyn-325x225x100-00f0w010c011r110f110r010t010.jpg\"\n\t\t\t\t\twidth=\"325\"\n\t\t\t\t\theight=\"225\"\n\t\t\t\t\tstyle=\"max-width:100%;\"\n\t\t\t\t\/>\n\t\t\t<\/a>\n\t\t<\/div>\n\t\t\t\t\t\t\t<\/div> \n\t\t\t\n\t\t\t\t<div id=\"ngg-image-1\" class=\"ngg-gallery-thumbnail-box \n\t\t\t\t\t\t\t\t\t\t\t\" \n\t\t\t>\n\t\t\t\t\t\t<div class=\"ngg-gallery-thumbnail\">\n\t\t\t<a href=\"https:\/\/www.aurin-choir.hu\/wp-content\/gallery\/bp-korusverseny-2013\/korusverseny2013-2.jpg\"\n\t\t\t\ttitle=\"????????????????????????????????????\"\n\t\t\t\tdata-src=\"https:\/\/www.aurin-choir.hu\/wp-content\/gallery\/bp-korusverseny-2013\/korusverseny2013-2.jpg\"\n\t\t\t\tdata-thumbnail=\"https:\/\/www.aurin-choir.hu\/wp-content\/gallery\/bp-korusverseny-2013\/thumbs\/thumbs_korusverseny2013-2.jpg\"\n\t\t\t\tdata-image-id=\"2723\"\n\t\t\t\tdata-title=\"korusverseny2013-2\"\n\t\t\t\tdata-description=\"????????????????????????????????????\"\n\t\t\t\tdata-image-slug=\"korusverseny2013-2\"\n\t\t\t\tclass=\"ngg-simplelightbox\" rel=\"a29c065229d53608e283336fc69a420a\">\n\t\t\t\t<img\n\t\t\t\t\ttitle=\"korusverseny2013-2\"\n\t\t\t\t\talt=\"korusverseny2013-2\"\n\t\t\t\t\tsrc=\"https:\/\/www.aurin-choir.hu\/wp-content\/gallery\/bp-korusverseny-2013\/cache\/korusverseny2013-2.jpg-nggid042723-ngg0dyn-325x225x100-00f0w010c011r110f110r010t010.jpg\"\n\t\t\t\t\twidth=\"325\"\n\t\t\t\t\theight=\"225\"\n\t\t\t\t\tstyle=\"max-width:100%;\"\n\t\t\t\t\/>\n\t\t\t<\/a>\n\t\t<\/div>\n\t\t\t\t\t\t\t<\/div> \n\t\t\t\n\t\t\t\t<div id=\"ngg-image-2\" class=\"ngg-gallery-thumbnail-box \n\t\t\t\t\t\t\t\t\t\t\t\" \n\t\t\t>\n\t\t\t\t\t\t<div class=\"ngg-gallery-thumbnail\">\n\t\t\t<a href=\"https:\/\/www.aurin-choir.hu\/wp-content\/gallery\/bp-korusverseny-2013\/korusverseny2013-3.jpg\"\n\t\t\t\ttitle=\"????????????????????????????????????\"\n\t\t\t\tdata-src=\"https:\/\/www.aurin-choir.hu\/wp-content\/gallery\/bp-korusverseny-2013\/korusverseny2013-3.jpg\"\n\t\t\t\tdata-thumbnail=\"https:\/\/www.aurin-choir.hu\/wp-content\/gallery\/bp-korusverseny-2013\/thumbs\/thumbs_korusverseny2013-3.jpg\"\n\t\t\t\tdata-image-id=\"2724\"\n\t\t\t\tdata-title=\"korusverseny2013-3\"\n\t\t\t\tdata-description=\"????????????????????????????????????\"\n\t\t\t\tdata-image-slug=\"korusverseny2013-3\"\n\t\t\t\tclass=\"ngg-simplelightbox\" rel=\"a29c065229d53608e283336fc69a420a\">\n\t\t\t\t<img\n\t\t\t\t\ttitle=\"korusverseny2013-3\"\n\t\t\t\t\talt=\"korusverseny2013-3\"\n\t\t\t\t\tsrc=\"https:\/\/www.aurin-choir.hu\/wp-content\/gallery\/bp-korusverseny-2013\/cache\/korusverseny2013-3.jpg-nggid042724-ngg0dyn-325x225x100-00f0w010c011r110f110r010t010.jpg\"\n\t\t\t\t\twidth=\"325\"\n\t\t\t\t\theight=\"225\"\n\t\t\t\t\tstyle=\"max-width:100%;\"\n\t\t\t\t\/>\n\t\t\t<\/a>\n\t\t<\/div>\n\t\t\t\t\t\t\t<\/div> \n\t\t\t\n\t\t\t\t<div id=\"ngg-image-3\" class=\"ngg-gallery-thumbnail-box \n\t\t\t\t\t\t\t\t\t\t\t\" \n\t\t\t>\n\t\t\t\t\t\t<div class=\"ngg-gallery-thumbnail\">\n\t\t\t<a href=\"https:\/\/www.aurin-choir.hu\/wp-content\/gallery\/bp-korusverseny-2013\/korusverseny2013-4.jpg\"\n\t\t\t\ttitle=\"????????????????????????????????????\"\n\t\t\t\tdata-src=\"https:\/\/www.aurin-choir.hu\/wp-content\/gallery\/bp-korusverseny-2013\/korusverseny2013-4.jpg\"\n\t\t\t\tdata-thumbnail=\"https:\/\/www.aurin-choir.hu\/wp-content\/gallery\/bp-korusverseny-2013\/thumbs\/thumbs_korusverseny2013-4.jpg\"\n\t\t\t\tdata-image-id=\"2725\"\n\t\t\t\tdata-title=\"korusverseny2013-4\"\n\t\t\t\tdata-description=\"????????????????????????????????????\"\n\t\t\t\tdata-image-slug=\"korusverseny2013-4\"\n\t\t\t\tclass=\"ngg-simplelightbox\" rel=\"a29c065229d53608e283336fc69a420a\">\n\t\t\t\t<img\n\t\t\t\t\ttitle=\"korusverseny2013-4\"\n\t\t\t\t\talt=\"korusverseny2013-4\"\n\t\t\t\t\tsrc=\"https:\/\/www.aurin-choir.hu\/wp-content\/gallery\/bp-korusverseny-2013\/cache\/korusverseny2013-4.jpg-nggid042725-ngg0dyn-325x225x100-00f0w010c011r110f110r010t010.jpg\"\n\t\t\t\t\twidth=\"325\"\n\t\t\t\t\theight=\"225\"\n\t\t\t\t\tstyle=\"max-width:100%;\"\n\t\t\t\t\/>\n\t\t\t<\/a>\n\t\t<\/div>\n\t\t\t\t\t\t\t<\/div> \n\t\t\t\n\t\t\t\t<div id=\"ngg-image-4\" class=\"ngg-gallery-thumbnail-box \n\t\t\t\t\t\t\t\t\t\t\t\" \n\t\t\t>\n\t\t\t\t\t\t<div class=\"ngg-gallery-thumbnail\">\n\t\t\t<a href=\"https:\/\/www.aurin-choir.hu\/wp-content\/gallery\/bp-korusverseny-2013\/korusverseny2013-5.jpg\"\n\t\t\t\ttitle=\"????????????????????????????????????\"\n\t\t\t\tdata-src=\"https:\/\/www.aurin-choir.hu\/wp-content\/gallery\/bp-korusverseny-2013\/korusverseny2013-5.jpg\"\n\t\t\t\tdata-thumbnail=\"https:\/\/www.aurin-choir.hu\/wp-content\/gallery\/bp-korusverseny-2013\/thumbs\/thumbs_korusverseny2013-5.jpg\"\n\t\t\t\tdata-image-id=\"2726\"\n\t\t\t\tdata-title=\"korusverseny2013-5\"\n\t\t\t\tdata-description=\"????????????????????????????????????\"\n\t\t\t\tdata-image-slug=\"korusverseny2013-5\"\n\t\t\t\tclass=\"ngg-simplelightbox\" rel=\"a29c065229d53608e283336fc69a420a\">\n\t\t\t\t<img\n\t\t\t\t\ttitle=\"korusverseny2013-5\"\n\t\t\t\t\talt=\"korusverseny2013-5\"\n\t\t\t\t\tsrc=\"https:\/\/www.aurin-choir.hu\/wp-content\/gallery\/bp-korusverseny-2013\/cache\/korusverseny2013-5.jpg-nggid042726-ngg0dyn-325x225x100-00f0w010c011r110f110r010t010.jpg\"\n\t\t\t\t\twidth=\"325\"\n\t\t\t\t\theight=\"225\"\n\t\t\t\t\tstyle=\"max-width:100%;\"\n\t\t\t\t\/>\n\t\t\t<\/a>\n\t\t<\/div>\n\t\t\t\t\t\t\t<\/div> \n\t\t\t\n\t\t\t\t<div id=\"ngg-image-5\" class=\"ngg-gallery-thumbnail-box \n\t\t\t\t\t\t\t\t\t\t\t\" \n\t\t\t>\n\t\t\t\t\t\t<div class=\"ngg-gallery-thumbnail\">\n\t\t\t<a href=\"https:\/\/www.aurin-choir.hu\/wp-content\/gallery\/bp-korusverseny-2013\/korusverseny2013-6.jpg\"\n\t\t\t\ttitle=\"????????????????????????????????????\"\n\t\t\t\tdata-src=\"https:\/\/www.aurin-choir.hu\/wp-content\/gallery\/bp-korusverseny-2013\/korusverseny2013-6.jpg\"\n\t\t\t\tdata-thumbnail=\"https:\/\/www.aurin-choir.hu\/wp-content\/gallery\/bp-korusverseny-2013\/thumbs\/thumbs_korusverseny2013-6.jpg\"\n\t\t\t\tdata-image-id=\"2727\"\n\t\t\t\tdata-title=\"korusverseny2013-6\"\n\t\t\t\tdata-description=\"????????????????????????????????????\"\n\t\t\t\tdata-image-slug=\"korusverseny2013-6\"\n\t\t\t\tclass=\"ngg-simplelightbox\" rel=\"a29c065229d53608e283336fc69a420a\">\n\t\t\t\t<img\n\t\t\t\t\ttitle=\"korusverseny2013-6\"\n\t\t\t\t\talt=\"korusverseny2013-6\"\n\t\t\t\t\tsrc=\"https:\/\/www.aurin-choir.hu\/wp-content\/gallery\/bp-korusverseny-2013\/cache\/korusverseny2013-6.jpg-nggid042727-ngg0dyn-325x225x100-00f0w010c011r110f110r010t010.jpg\"\n\t\t\t\t\twidth=\"325\"\n\t\t\t\t\theight=\"225\"\n\t\t\t\t\tstyle=\"max-width:100%;\"\n\t\t\t\t\/>\n\t\t\t<\/a>\n\t\t<\/div>\n\t\t\t\t\t\t\t<\/div> \n\t\t\t\n\t\t\t\t<div id=\"ngg-image-6\" class=\"ngg-gallery-thumbnail-box \n\t\t\t\t\t\t\t\t\t\t\t\" \n\t\t\t>\n\t\t\t\t\t\t<div class=\"ngg-gallery-thumbnail\">\n\t\t\t<a href=\"https:\/\/www.aurin-choir.hu\/wp-content\/gallery\/bp-korusverseny-2013\/korusverseny2013-7.jpg\"\n\t\t\t\ttitle=\"????????????????????????????????????\"\n\t\t\t\tdata-src=\"https:\/\/www.aurin-choir.hu\/wp-content\/gallery\/bp-korusverseny-2013\/korusverseny2013-7.jpg\"\n\t\t\t\tdata-thumbnail=\"https:\/\/www.aurin-choir.hu\/wp-content\/gallery\/bp-korusverseny-2013\/thumbs\/thumbs_korusverseny2013-7.jpg\"\n\t\t\t\tdata-image-id=\"2728\"\n\t\t\t\tdata-title=\"korusverseny2013-7\"\n\t\t\t\tdata-description=\"????????????????????????????????????\"\n\t\t\t\tdata-image-slug=\"korusverseny2013-7\"\n\t\t\t\tclass=\"ngg-simplelightbox\" rel=\"a29c065229d53608e283336fc69a420a\">\n\t\t\t\t<img\n\t\t\t\t\ttitle=\"korusverseny2013-7\"\n\t\t\t\t\talt=\"korusverseny2013-7\"\n\t\t\t\t\tsrc=\"https:\/\/www.aurin-choir.hu\/wp-content\/gallery\/bp-korusverseny-2013\/cache\/korusverseny2013-7.jpg-nggid042728-ngg0dyn-325x225x100-00f0w010c011r110f110r010t010.jpg\"\n\t\t\t\t\twidth=\"325\"\n\t\t\t\t\theight=\"225\"\n\t\t\t\t\tstyle=\"max-width:100%;\"\n\t\t\t\t\/>\n\t\t\t<\/a>\n\t\t<\/div>\n\t\t\t\t\t\t\t<\/div> \n\t\t\t\n\t\t\t\t<div id=\"ngg-image-7\" class=\"ngg-gallery-thumbnail-box \n\t\t\t\t\t\t\t\t\t\t\t\" \n\t\t\t>\n\t\t\t\t\t\t<div class=\"ngg-gallery-thumbnail\">\n\t\t\t<a href=\"https:\/\/www.aurin-choir.hu\/wp-content\/gallery\/bp-korusverseny-2013\/korusverseny2013-8.jpg\"\n\t\t\t\ttitle=\"????????????????????????????????????\"\n\t\t\t\tdata-src=\"https:\/\/www.aurin-choir.hu\/wp-content\/gallery\/bp-korusverseny-2013\/korusverseny2013-8.jpg\"\n\t\t\t\tdata-thumbnail=\"https:\/\/www.aurin-choir.hu\/wp-content\/gallery\/bp-korusverseny-2013\/thumbs\/thumbs_korusverseny2013-8.jpg\"\n\t\t\t\tdata-image-id=\"2729\"\n\t\t\t\tdata-title=\"korusverseny2013-8\"\n\t\t\t\tdata-description=\"????????????????????????????????????\"\n\t\t\t\tdata-image-slug=\"korusverseny2013-8\"\n\t\t\t\tclass=\"ngg-simplelightbox\" rel=\"a29c065229d53608e283336fc69a420a\">\n\t\t\t\t<img\n\t\t\t\t\ttitle=\"korusverseny2013-8\"\n\t\t\t\t\talt=\"korusverseny2013-8\"\n\t\t\t\t\tsrc=\"https:\/\/www.aurin-choir.hu\/wp-content\/gallery\/bp-korusverseny-2013\/cache\/korusverseny2013-8.jpg-nggid042729-ngg0dyn-325x225x100-00f0w010c011r110f110r010t010.jpg\"\n\t\t\t\t\twidth=\"325\"\n\t\t\t\t\theight=\"225\"\n\t\t\t\t\tstyle=\"max-width:100%;\"\n\t\t\t\t\/>\n\t\t\t<\/a>\n\t\t<\/div>\n\t\t\t\t\t\t\t<\/div> \n\t\t\t\n\t\t\t\t<div id=\"ngg-image-8\" class=\"ngg-gallery-thumbnail-box \n\t\t\t\t\t\t\t\t\t\t\t\" \n\t\t\t>\n\t\t\t\t\t\t<div class=\"ngg-gallery-thumbnail\">\n\t\t\t<a href=\"https:\/\/www.aurin-choir.hu\/wp-content\/gallery\/bp-korusverseny-2013\/korusverseny2013-9.jpg\"\n\t\t\t\ttitle=\"????????????????????????????????????\"\n\t\t\t\tdata-src=\"https:\/\/www.aurin-choir.hu\/wp-content\/gallery\/bp-korusverseny-2013\/korusverseny2013-9.jpg\"\n\t\t\t\tdata-thumbnail=\"https:\/\/www.aurin-choir.hu\/wp-content\/gallery\/bp-korusverseny-2013\/thumbs\/thumbs_korusverseny2013-9.jpg\"\n\t\t\t\tdata-image-id=\"2730\"\n\t\t\t\tdata-title=\"korusverseny2013-9\"\n\t\t\t\tdata-description=\"????????????????????????????????????\"\n\t\t\t\tdata-image-slug=\"korusverseny2013-9\"\n\t\t\t\tclass=\"ngg-simplelightbox\" rel=\"a29c065229d53608e283336fc69a420a\">\n\t\t\t\t<img\n\t\t\t\t\ttitle=\"korusverseny2013-9\"\n\t\t\t\t\talt=\"korusverseny2013-9\"\n\t\t\t\t\tsrc=\"https:\/\/www.aurin-choir.hu\/wp-content\/gallery\/bp-korusverseny-2013\/cache\/korusverseny2013-9.jpg-nggid042730-ngg0dyn-325x225x100-00f0w010c011r110f110r010t010.jpg\"\n\t\t\t\t\twidth=\"325\"\n\t\t\t\t\theight=\"225\"\n\t\t\t\t\tstyle=\"max-width:100%;\"\n\t\t\t\t\/>\n\t\t\t<\/a>\n\t\t<\/div>\n\t\t\t\t\t\t\t<\/div> \n\t\t\t\n\t\t\t\t<div id=\"ngg-image-9\" class=\"ngg-gallery-thumbnail-box \n\t\t\t\t\t\t\t\t\t\t\t\" \n\t\t\t>\n\t\t\t\t\t\t<div class=\"ngg-gallery-thumbnail\">\n\t\t\t<a href=\"https:\/\/www.aurin-choir.hu\/wp-content\/gallery\/bp-korusverseny-2013\/korusverseny2013-10.jpg\"\n\t\t\t\ttitle=\"????????????????????????????????????\"\n\t\t\t\tdata-src=\"https:\/\/www.aurin-choir.hu\/wp-content\/gallery\/bp-korusverseny-2013\/korusverseny2013-10.jpg\"\n\t\t\t\tdata-thumbnail=\"https:\/\/www.aurin-choir.hu\/wp-content\/gallery\/bp-korusverseny-2013\/thumbs\/thumbs_korusverseny2013-10.jpg\"\n\t\t\t\tdata-image-id=\"2731\"\n\t\t\t\tdata-title=\"korusverseny2013-10\"\n\t\t\t\tdata-description=\"????????????????????????????????????\"\n\t\t\t\tdata-image-slug=\"korusverseny2013-10\"\n\t\t\t\tclass=\"ngg-simplelightbox\" rel=\"a29c065229d53608e283336fc69a420a\">\n\t\t\t\t<img\n\t\t\t\t\ttitle=\"korusverseny2013-10\"\n\t\t\t\t\talt=\"korusverseny2013-10\"\n\t\t\t\t\tsrc=\"https:\/\/www.aurin-choir.hu\/wp-content\/gallery\/bp-korusverseny-2013\/cache\/korusverseny2013-10.jpg-nggid042731-ngg0dyn-325x225x100-00f0w010c011r110f110r010t010.jpg\"\n\t\t\t\t\twidth=\"325\"\n\t\t\t\t\theight=\"225\"\n\t\t\t\t\tstyle=\"max-width:100%;\"\n\t\t\t\t\/>\n\t\t\t<\/a>\n\t\t<\/div>\n\t\t\t\t\t\t\t<\/div> \n\t\t\t\n\t\t\t\t<div id=\"ngg-image-10\" class=\"ngg-gallery-thumbnail-box \n\t\t\t\t\t\t\t\t\t\t\t\" \n\t\t\t>\n\t\t\t\t\t\t<div class=\"ngg-gallery-thumbnail\">\n\t\t\t<a href=\"https:\/\/www.aurin-choir.hu\/wp-content\/gallery\/bp-korusverseny-2013\/korusverseny2013-11.jpg\"\n\t\t\t\ttitle=\"????????????????????????????????????\"\n\t\t\t\tdata-src=\"https:\/\/www.aurin-choir.hu\/wp-content\/gallery\/bp-korusverseny-2013\/korusverseny2013-11.jpg\"\n\t\t\t\tdata-thumbnail=\"https:\/\/www.aurin-choir.hu\/wp-content\/gallery\/bp-korusverseny-2013\/thumbs\/thumbs_korusverseny2013-11.jpg\"\n\t\t\t\tdata-image-id=\"2732\"\n\t\t\t\tdata-title=\"korusverseny2013-11\"\n\t\t\t\tdata-description=\"????????????????????????????????????\"\n\t\t\t\tdata-image-slug=\"korusverseny2013-11\"\n\t\t\t\tclass=\"ngg-simplelightbox\" rel=\"a29c065229d53608e283336fc69a420a\">\n\t\t\t\t<img\n\t\t\t\t\ttitle=\"korusverseny2013-11\"\n\t\t\t\t\talt=\"korusverseny2013-11\"\n\t\t\t\t\tsrc=\"https:\/\/www.aurin-choir.hu\/wp-content\/gallery\/bp-korusverseny-2013\/cache\/korusverseny2013-11.jpg-nggid042732-ngg0dyn-325x225x100-00f0w010c011r110f110r010t010.jpg\"\n\t\t\t\t\twidth=\"325\"\n\t\t\t\t\theight=\"225\"\n\t\t\t\t\tstyle=\"max-width:100%;\"\n\t\t\t\t\/>\n\t\t\t<\/a>\n\t\t<\/div>\n\t\t\t\t\t\t\t<\/div> \n\t\t\t\n\t\t\t\t<div id=\"ngg-image-11\" class=\"ngg-gallery-thumbnail-box \n\t\t\t\t\t\t\t\t\t\t\t\" \n\t\t\t>\n\t\t\t\t\t\t<div class=\"ngg-gallery-thumbnail\">\n\t\t\t<a href=\"https:\/\/www.aurin-choir.hu\/wp-content\/gallery\/bp-korusverseny-2013\/korusverseny2013-12.jpg\"\n\t\t\t\ttitle=\"????????????????????????????????????\"\n\t\t\t\tdata-src=\"https:\/\/www.aurin-choir.hu\/wp-content\/gallery\/bp-korusverseny-2013\/korusverseny2013-12.jpg\"\n\t\t\t\tdata-thumbnail=\"https:\/\/www.aurin-choir.hu\/wp-content\/gallery\/bp-korusverseny-2013\/thumbs\/thumbs_korusverseny2013-12.jpg\"\n\t\t\t\tdata-image-id=\"2733\"\n\t\t\t\tdata-title=\"korusverseny2013-12\"\n\t\t\t\tdata-description=\"????????????????????????????????????\"\n\t\t\t\tdata-image-slug=\"korusverseny2013-12\"\n\t\t\t\tclass=\"ngg-simplelightbox\" rel=\"a29c065229d53608e283336fc69a420a\">\n\t\t\t\t<img\n\t\t\t\t\ttitle=\"korusverseny2013-12\"\n\t\t\t\t\talt=\"korusverseny2013-12\"\n\t\t\t\t\tsrc=\"https:\/\/www.aurin-choir.hu\/wp-content\/gallery\/bp-korusverseny-2013\/cache\/korusverseny2013-12.jpg-nggid042733-ngg0dyn-325x225x100-00f0w010c011r110f110r010t010.jpg\"\n\t\t\t\t\twidth=\"325\"\n\t\t\t\t\theight=\"225\"\n\t\t\t\t\tstyle=\"max-width:100%;\"\n\t\t\t\t\/>\n\t\t\t<\/a>\n\t\t<\/div>\n\t\t\t\t\t\t\t<\/div> \n\t\t\t\n\t\t\t\t<div id=\"ngg-image-12\" class=\"ngg-gallery-thumbnail-box \n\t\t\t\t\t\t\t\t\t\t\t\" \n\t\t\t>\n\t\t\t\t\t\t<div class=\"ngg-gallery-thumbnail\">\n\t\t\t<a href=\"https:\/\/www.aurin-choir.hu\/wp-content\/gallery\/bp-korusverseny-2013\/korusverseny2013-13.jpg\"\n\t\t\t\ttitle=\"????????????????????????????????????\"\n\t\t\t\tdata-src=\"https:\/\/www.aurin-choir.hu\/wp-content\/gallery\/bp-korusverseny-2013\/korusverseny2013-13.jpg\"\n\t\t\t\tdata-thumbnail=\"https:\/\/www.aurin-choir.hu\/wp-content\/gallery\/bp-korusverseny-2013\/thumbs\/thumbs_korusverseny2013-13.jpg\"\n\t\t\t\tdata-image-id=\"2734\"\n\t\t\t\tdata-title=\"korusverseny2013-13\"\n\t\t\t\tdata-description=\"????????????????????????????????????\"\n\t\t\t\tdata-image-slug=\"korusverseny2013-13\"\n\t\t\t\tclass=\"ngg-simplelightbox\" rel=\"a29c065229d53608e283336fc69a420a\">\n\t\t\t\t<img\n\t\t\t\t\ttitle=\"korusverseny2013-13\"\n\t\t\t\t\talt=\"korusverseny2013-13\"\n\t\t\t\t\tsrc=\"https:\/\/www.aurin-choir.hu\/wp-content\/gallery\/bp-korusverseny-2013\/cache\/korusverseny2013-13.jpg-nggid042734-ngg0dyn-325x225x100-00f0w010c011r110f110r010t010.jpg\"\n\t\t\t\t\twidth=\"325\"\n\t\t\t\t\theight=\"225\"\n\t\t\t\t\tstyle=\"max-width:100%;\"\n\t\t\t\t\/>\n\t\t\t<\/a>\n\t\t<\/div>\n\t\t\t\t\t\t\t<\/div> \n\t\t\t\n\t\t\t\t<div id=\"ngg-image-13\" class=\"ngg-gallery-thumbnail-box \n\t\t\t\t\t\t\t\t\t\t\t\" \n\t\t\t>\n\t\t\t\t\t\t<div class=\"ngg-gallery-thumbnail\">\n\t\t\t<a href=\"https:\/\/www.aurin-choir.hu\/wp-content\/gallery\/bp-korusverseny-2013\/korusverseny2013-14.jpg\"\n\t\t\t\ttitle=\"????????????????????????????????????\"\n\t\t\t\tdata-src=\"https:\/\/www.aurin-choir.hu\/wp-content\/gallery\/bp-korusverseny-2013\/korusverseny2013-14.jpg\"\n\t\t\t\tdata-thumbnail=\"https:\/\/www.aurin-choir.hu\/wp-content\/gallery\/bp-korusverseny-2013\/thumbs\/thumbs_korusverseny2013-14.jpg\"\n\t\t\t\tdata-image-id=\"2735\"\n\t\t\t\tdata-title=\"korusverseny2013-14\"\n\t\t\t\tdata-description=\"????????????????????????????????????\"\n\t\t\t\tdata-image-slug=\"korusverseny2013-14\"\n\t\t\t\tclass=\"ngg-simplelightbox\" rel=\"a29c065229d53608e283336fc69a420a\">\n\t\t\t\t<img\n\t\t\t\t\ttitle=\"korusverseny2013-14\"\n\t\t\t\t\talt=\"korusverseny2013-14\"\n\t\t\t\t\tsrc=\"https:\/\/www.aurin-choir.hu\/wp-content\/gallery\/bp-korusverseny-2013\/cache\/korusverseny2013-14.jpg-nggid042735-ngg0dyn-325x225x100-00f0w010c011r110f110r010t010.jpg\"\n\t\t\t\t\twidth=\"325\"\n\t\t\t\t\theight=\"225\"\n\t\t\t\t\tstyle=\"max-width:100%;\"\n\t\t\t\t\/>\n\t\t\t<\/a>\n\t\t<\/div>\n\t\t\t\t\t\t\t<\/div> \n\t\t\t\n\t\t\t\t<div id=\"ngg-image-14\" class=\"ngg-gallery-thumbnail-box \n\t\t\t\t\t\t\t\t\t\t\t\" \n\t\t\t>\n\t\t\t\t\t\t<div class=\"ngg-gallery-thumbnail\">\n\t\t\t<a href=\"https:\/\/www.aurin-choir.hu\/wp-content\/gallery\/bp-korusverseny-2013\/korusverseny2013-15.jpg\"\n\t\t\t\ttitle=\"????????????????????????????????????\"\n\t\t\t\tdata-src=\"https:\/\/www.aurin-choir.hu\/wp-content\/gallery\/bp-korusverseny-2013\/korusverseny2013-15.jpg\"\n\t\t\t\tdata-thumbnail=\"https:\/\/www.aurin-choir.hu\/wp-content\/gallery\/bp-korusverseny-2013\/thumbs\/thumbs_korusverseny2013-15.jpg\"\n\t\t\t\tdata-image-id=\"2736\"\n\t\t\t\tdata-title=\"korusverseny2013-15\"\n\t\t\t\tdata-description=\"????????????????????????????????????\"\n\t\t\t\tdata-image-slug=\"korusverseny2013-15\"\n\t\t\t\tclass=\"ngg-simplelightbox\" rel=\"a29c065229d53608e283336fc69a420a\">\n\t\t\t\t<img\n\t\t\t\t\ttitle=\"korusverseny2013-15\"\n\t\t\t\t\talt=\"korusverseny2013-15\"\n\t\t\t\t\tsrc=\"https:\/\/www.aurin-choir.hu\/wp-content\/gallery\/bp-korusverseny-2013\/cache\/korusverseny2013-15.jpg-nggid042736-ngg0dyn-325x225x100-00f0w010c011r110f110r010t010.jpg\"\n\t\t\t\t\twidth=\"325\"\n\t\t\t\t\theight=\"225\"\n\t\t\t\t\tstyle=\"max-width:100%;\"\n\t\t\t\t\/>\n\t\t\t<\/a>\n\t\t<\/div>\n\t\t\t\t\t\t\t<\/div> \n\t\t\t\n\t\t\t\t<div id=\"ngg-image-15\" class=\"ngg-gallery-thumbnail-box \n\t\t\t\t\t\t\t\t\t\t\t\" \n\t\t\t>\n\t\t\t\t\t\t<div class=\"ngg-gallery-thumbnail\">\n\t\t\t<a href=\"https:\/\/www.aurin-choir.hu\/wp-content\/gallery\/bp-korusverseny-2013\/korusverseny2013-16.jpg\"\n\t\t\t\ttitle=\"????????????????????????????????????\"\n\t\t\t\tdata-src=\"https:\/\/www.aurin-choir.hu\/wp-content\/gallery\/bp-korusverseny-2013\/korusverseny2013-16.jpg\"\n\t\t\t\tdata-thumbnail=\"https:\/\/www.aurin-choir.hu\/wp-content\/gallery\/bp-korusverseny-2013\/thumbs\/thumbs_korusverseny2013-16.jpg\"\n\t\t\t\tdata-image-id=\"2737\"\n\t\t\t\tdata-title=\"korusverseny2013-16\"\n\t\t\t\tdata-description=\"????????????????????????????????????\"\n\t\t\t\tdata-image-slug=\"korusverseny2013-16\"\n\t\t\t\tclass=\"ngg-simplelightbox\" rel=\"a29c065229d53608e283336fc69a420a\">\n\t\t\t\t<img\n\t\t\t\t\ttitle=\"korusverseny2013-16\"\n\t\t\t\t\talt=\"korusverseny2013-16\"\n\t\t\t\t\tsrc=\"https:\/\/www.aurin-choir.hu\/wp-content\/gallery\/bp-korusverseny-2013\/cache\/korusverseny2013-16.jpg-nggid042737-ngg0dyn-325x225x100-00f0w010c011r110f110r010t010.jpg\"\n\t\t\t\t\twidth=\"325\"\n\t\t\t\t\theight=\"225\"\n\t\t\t\t\tstyle=\"max-width:100%;\"\n\t\t\t\t\/>\n\t\t\t<\/a>\n\t\t<\/div>\n\t\t\t\t\t\t\t<\/div> \n\t\t\t\n\t\t\t\t<div id=\"ngg-image-16\" class=\"ngg-gallery-thumbnail-box \n\t\t\t\t\t\t\t\t\t\t\t\" \n\t\t\t>\n\t\t\t\t\t\t<div class=\"ngg-gallery-thumbnail\">\n\t\t\t<a href=\"https:\/\/www.aurin-choir.hu\/wp-content\/gallery\/bp-korusverseny-2013\/korusverseny2013-17.jpg\"\n\t\t\t\ttitle=\"????????????????????????????????????\"\n\t\t\t\tdata-src=\"https:\/\/www.aurin-choir.hu\/wp-content\/gallery\/bp-korusverseny-2013\/korusverseny2013-17.jpg\"\n\t\t\t\tdata-thumbnail=\"https:\/\/www.aurin-choir.hu\/wp-content\/gallery\/bp-korusverseny-2013\/thumbs\/thumbs_korusverseny2013-17.jpg\"\n\t\t\t\tdata-image-id=\"2738\"\n\t\t\t\tdata-title=\"korusverseny2013-17\"\n\t\t\t\tdata-description=\"????????????????????????????????????\"\n\t\t\t\tdata-image-slug=\"korusverseny2013-17\"\n\t\t\t\tclass=\"ngg-simplelightbox\" rel=\"a29c065229d53608e283336fc69a420a\">\n\t\t\t\t<img\n\t\t\t\t\ttitle=\"korusverseny2013-17\"\n\t\t\t\t\talt=\"korusverseny2013-17\"\n\t\t\t\t\tsrc=\"https:\/\/www.aurin-choir.hu\/wp-content\/gallery\/bp-korusverseny-2013\/cache\/korusverseny2013-17.jpg-nggid042738-ngg0dyn-325x225x100-00f0w010c011r110f110r010t010.jpg\"\n\t\t\t\t\twidth=\"325\"\n\t\t\t\t\theight=\"225\"\n\t\t\t\t\tstyle=\"max-width:100%;\"\n\t\t\t\t\/>\n\t\t\t<\/a>\n\t\t<\/div>\n\t\t\t\t\t\t\t<\/div> \n\t\t\t\n\t\t\t\t<div id=\"ngg-image-17\" class=\"ngg-gallery-thumbnail-box \n\t\t\t\t\t\t\t\t\t\t\t\" \n\t\t\t>\n\t\t\t\t\t\t<div class=\"ngg-gallery-thumbnail\">\n\t\t\t<a href=\"https:\/\/www.aurin-choir.hu\/wp-content\/gallery\/bp-korusverseny-2013\/korusverseny2013-18.jpg\"\n\t\t\t\ttitle=\"????????????????????????????????????\"\n\t\t\t\tdata-src=\"https:\/\/www.aurin-choir.hu\/wp-content\/gallery\/bp-korusverseny-2013\/korusverseny2013-18.jpg\"\n\t\t\t\tdata-thumbnail=\"https:\/\/www.aurin-choir.hu\/wp-content\/gallery\/bp-korusverseny-2013\/thumbs\/thumbs_korusverseny2013-18.jpg\"\n\t\t\t\tdata-image-id=\"2739\"\n\t\t\t\tdata-title=\"korusverseny2013-18\"\n\t\t\t\tdata-description=\"????????????????????????????????????\"\n\t\t\t\tdata-image-slug=\"korusverseny2013-18\"\n\t\t\t\tclass=\"ngg-simplelightbox\" rel=\"a29c065229d53608e283336fc69a420a\">\n\t\t\t\t<img\n\t\t\t\t\ttitle=\"korusverseny2013-18\"\n\t\t\t\t\talt=\"korusverseny2013-18\"\n\t\t\t\t\tsrc=\"https:\/\/www.aurin-choir.hu\/wp-content\/gallery\/bp-korusverseny-2013\/cache\/korusverseny2013-18.jpg-nggid042739-ngg0dyn-325x225x100-00f0w010c011r110f110r010t010.jpg\"\n\t\t\t\t\twidth=\"325\"\n\t\t\t\t\theight=\"225\"\n\t\t\t\t\tstyle=\"max-width:100%;\"\n\t\t\t\t\/>\n\t\t\t<\/a>\n\t\t<\/div>\n\t\t\t\t\t\t\t<\/div> \n\t\t\t\n\t\t\t\t<div id=\"ngg-image-18\" class=\"ngg-gallery-thumbnail-box \n\t\t\t\t\t\t\t\t\t\t\t\" \n\t\t\t>\n\t\t\t\t\t\t<div class=\"ngg-gallery-thumbnail\">\n\t\t\t<a href=\"https:\/\/www.aurin-choir.hu\/wp-content\/gallery\/bp-korusverseny-2013\/korusverseny2013-19.jpg\"\n\t\t\t\ttitle=\"????????????????????????????????????\"\n\t\t\t\tdata-src=\"https:\/\/www.aurin-choir.hu\/wp-content\/gallery\/bp-korusverseny-2013\/korusverseny2013-19.jpg\"\n\t\t\t\tdata-thumbnail=\"https:\/\/www.aurin-choir.hu\/wp-content\/gallery\/bp-korusverseny-2013\/thumbs\/thumbs_korusverseny2013-19.jpg\"\n\t\t\t\tdata-image-id=\"2740\"\n\t\t\t\tdata-title=\"korusverseny2013-19\"\n\t\t\t\tdata-description=\"????????????????????????????????????\"\n\t\t\t\tdata-image-slug=\"korusverseny2013-19\"\n\t\t\t\tclass=\"ngg-simplelightbox\" rel=\"a29c065229d53608e283336fc69a420a\">\n\t\t\t\t<img\n\t\t\t\t\ttitle=\"korusverseny2013-19\"\n\t\t\t\t\talt=\"korusverseny2013-19\"\n\t\t\t\t\tsrc=\"https:\/\/www.aurin-choir.hu\/wp-content\/gallery\/bp-korusverseny-2013\/cache\/korusverseny2013-19.jpg-nggid042740-ngg0dyn-325x225x100-00f0w010c011r110f110r010t010.jpg\"\n\t\t\t\t\twidth=\"325\"\n\t\t\t\t\theight=\"225\"\n\t\t\t\t\tstyle=\"max-width:100%;\"\n\t\t\t\t\/>\n\t\t\t<\/a>\n\t\t<\/div>\n\t\t\t\t\t\t\t<\/div> \n\t\t\t\n\t\t\t\t<div id=\"ngg-image-19\" class=\"ngg-gallery-thumbnail-box \n\t\t\t\t\t\t\t\t\t\t\t\" \n\t\t\t>\n\t\t\t\t\t\t<div class=\"ngg-gallery-thumbnail\">\n\t\t\t<a href=\"https:\/\/www.aurin-choir.hu\/wp-content\/gallery\/bp-korusverseny-2013\/korusverseny2013-20.jpg\"\n\t\t\t\ttitle=\"????????????????????????????????????\"\n\t\t\t\tdata-src=\"https:\/\/www.aurin-choir.hu\/wp-content\/gallery\/bp-korusverseny-2013\/korusverseny2013-20.jpg\"\n\t\t\t\tdata-thumbnail=\"https:\/\/www.aurin-choir.hu\/wp-content\/gallery\/bp-korusverseny-2013\/thumbs\/thumbs_korusverseny2013-20.jpg\"\n\t\t\t\tdata-image-id=\"2741\"\n\t\t\t\tdata-title=\"korusverseny2013-20\"\n\t\t\t\tdata-description=\"????????????????????????????????????\"\n\t\t\t\tdata-image-slug=\"korusverseny2013-20\"\n\t\t\t\tclass=\"ngg-simplelightbox\" rel=\"a29c065229d53608e283336fc69a420a\">\n\t\t\t\t<img\n\t\t\t\t\ttitle=\"korusverseny2013-20\"\n\t\t\t\t\talt=\"korusverseny2013-20\"\n\t\t\t\t\tsrc=\"https:\/\/www.aurin-choir.hu\/wp-content\/gallery\/bp-korusverseny-2013\/cache\/korusverseny2013-20.jpg-nggid042741-ngg0dyn-325x225x100-00f0w010c011r110f110r010t010.jpg\"\n\t\t\t\t\twidth=\"325\"\n\t\t\t\t\theight=\"225\"\n\t\t\t\t\tstyle=\"max-width:100%;\"\n\t\t\t\t\/>\n\t\t\t<\/a>\n\t\t<\/div>\n\t\t\t\t\t\t\t<\/div> \n\t\t\t\n\t\t\t\t<div id=\"ngg-image-20\" class=\"ngg-gallery-thumbnail-box \n\t\t\t\t\t\t\t\t\t\t\t\" \n\t\t\t>\n\t\t\t\t\t\t<div class=\"ngg-gallery-thumbnail\">\n\t\t\t<a href=\"https:\/\/www.aurin-choir.hu\/wp-content\/gallery\/bp-korusverseny-2013\/korusverseny2013-21.jpg\"\n\t\t\t\ttitle=\"????????????????????????????????????\"\n\t\t\t\tdata-src=\"https:\/\/www.aurin-choir.hu\/wp-content\/gallery\/bp-korusverseny-2013\/korusverseny2013-21.jpg\"\n\t\t\t\tdata-thumbnail=\"https:\/\/www.aurin-choir.hu\/wp-content\/gallery\/bp-korusverseny-2013\/thumbs\/thumbs_korusverseny2013-21.jpg\"\n\t\t\t\tdata-image-id=\"2742\"\n\t\t\t\tdata-title=\"korusverseny2013-21\"\n\t\t\t\tdata-description=\"????????????????????????????????????\"\n\t\t\t\tdata-image-slug=\"korusverseny2013-21\"\n\t\t\t\tclass=\"ngg-simplelightbox\" rel=\"a29c065229d53608e283336fc69a420a\">\n\t\t\t\t<img\n\t\t\t\t\ttitle=\"korusverseny2013-21\"\n\t\t\t\t\talt=\"korusverseny2013-21\"\n\t\t\t\t\tsrc=\"https:\/\/www.aurin-choir.hu\/wp-content\/gallery\/bp-korusverseny-2013\/cache\/korusverseny2013-21.jpg-nggid042742-ngg0dyn-325x225x100-00f0w010c011r110f110r010t010.jpg\"\n\t\t\t\t\twidth=\"325\"\n\t\t\t\t\theight=\"225\"\n\t\t\t\t\tstyle=\"max-width:100%;\"\n\t\t\t\t\/>\n\t\t\t<\/a>\n\t\t<\/div>\n\t\t\t\t\t\t\t<\/div> \n\t\t\t\n\t\t\t\t<div id=\"ngg-image-21\" class=\"ngg-gallery-thumbnail-box \n\t\t\t\t\t\t\t\t\t\t\t\" \n\t\t\t>\n\t\t\t\t\t\t<div class=\"ngg-gallery-thumbnail\">\n\t\t\t<a href=\"https:\/\/www.aurin-choir.hu\/wp-content\/gallery\/bp-korusverseny-2013\/korusverseny2013-22.jpg\"\n\t\t\t\ttitle=\"????????????????????????????????????\"\n\t\t\t\tdata-src=\"https:\/\/www.aurin-choir.hu\/wp-content\/gallery\/bp-korusverseny-2013\/korusverseny2013-22.jpg\"\n\t\t\t\tdata-thumbnail=\"https:\/\/www.aurin-choir.hu\/wp-content\/gallery\/bp-korusverseny-2013\/thumbs\/thumbs_korusverseny2013-22.jpg\"\n\t\t\t\tdata-image-id=\"2743\"\n\t\t\t\tdata-title=\"korusverseny2013-22\"\n\t\t\t\tdata-description=\"????????????????????????????????????\"\n\t\t\t\tdata-image-slug=\"korusverseny2013-22\"\n\t\t\t\tclass=\"ngg-simplelightbox\" rel=\"a29c065229d53608e283336fc69a420a\">\n\t\t\t\t<img\n\t\t\t\t\ttitle=\"korusverseny2013-22\"\n\t\t\t\t\talt=\"korusverseny2013-22\"\n\t\t\t\t\tsrc=\"https:\/\/www.aurin-choir.hu\/wp-content\/gallery\/bp-korusverseny-2013\/cache\/korusverseny2013-22.jpg-nggid042743-ngg0dyn-325x225x100-00f0w010c011r110f110r010t010.jpg\"\n\t\t\t\t\twidth=\"325\"\n\t\t\t\t\theight=\"225\"\n\t\t\t\t\tstyle=\"max-width:100%;\"\n\t\t\t\t\/>\n\t\t\t<\/a>\n\t\t<\/div>\n\t\t\t\t\t\t\t<\/div> \n\t\t\t\n\t\t\t\t<div id=\"ngg-image-22\" class=\"ngg-gallery-thumbnail-box \n\t\t\t\t\t\t\t\t\t\t\t\" \n\t\t\t>\n\t\t\t\t\t\t<div class=\"ngg-gallery-thumbnail\">\n\t\t\t<a href=\"https:\/\/www.aurin-choir.hu\/wp-content\/gallery\/bp-korusverseny-2013\/korusverseny2013-23.jpg\"\n\t\t\t\ttitle=\"????????????????????????????????????\"\n\t\t\t\tdata-src=\"https:\/\/www.aurin-choir.hu\/wp-content\/gallery\/bp-korusverseny-2013\/korusverseny2013-23.jpg\"\n\t\t\t\tdata-thumbnail=\"https:\/\/www.aurin-choir.hu\/wp-content\/gallery\/bp-korusverseny-2013\/thumbs\/thumbs_korusverseny2013-23.jpg\"\n\t\t\t\tdata-image-id=\"2744\"\n\t\t\t\tdata-title=\"korusverseny2013-23\"\n\t\t\t\tdata-description=\"????????????????????????????????????\"\n\t\t\t\tdata-image-slug=\"korusverseny2013-23\"\n\t\t\t\tclass=\"ngg-simplelightbox\" rel=\"a29c065229d53608e283336fc69a420a\">\n\t\t\t\t<img\n\t\t\t\t\ttitle=\"korusverseny2013-23\"\n\t\t\t\t\talt=\"korusverseny2013-23\"\n\t\t\t\t\tsrc=\"https:\/\/www.aurin-choir.hu\/wp-content\/gallery\/bp-korusverseny-2013\/cache\/korusverseny2013-23.jpg-nggid042744-ngg0dyn-325x225x100-00f0w010c011r110f110r010t010.jpg\"\n\t\t\t\t\twidth=\"325\"\n\t\t\t\t\theight=\"225\"\n\t\t\t\t\tstyle=\"max-width:100%;\"\n\t\t\t\t\/>\n\t\t\t<\/a>\n\t\t<\/div>\n\t\t\t\t\t\t\t<\/div> \n\t\t\t\n\t\t\t\t<div id=\"ngg-image-23\" class=\"ngg-gallery-thumbnail-box \n\t\t\t\t\t\t\t\t\t\t\t\" \n\t\t\t>\n\t\t\t\t\t\t<div class=\"ngg-gallery-thumbnail\">\n\t\t\t<a href=\"https:\/\/www.aurin-choir.hu\/wp-content\/gallery\/bp-korusverseny-2013\/korusverseny2013-24.jpg\"\n\t\t\t\ttitle=\"????????????????????????????????????\"\n\t\t\t\tdata-src=\"https:\/\/www.aurin-choir.hu\/wp-content\/gallery\/bp-korusverseny-2013\/korusverseny2013-24.jpg\"\n\t\t\t\tdata-thumbnail=\"https:\/\/www.aurin-choir.hu\/wp-content\/gallery\/bp-korusverseny-2013\/thumbs\/thumbs_korusverseny2013-24.jpg\"\n\t\t\t\tdata-image-id=\"2745\"\n\t\t\t\tdata-title=\"korusverseny2013-24\"\n\t\t\t\tdata-description=\"????????????????????????????????????\"\n\t\t\t\tdata-image-slug=\"korusverseny2013-24\"\n\t\t\t\tclass=\"ngg-simplelightbox\" rel=\"a29c065229d53608e283336fc69a420a\">\n\t\t\t\t<img\n\t\t\t\t\ttitle=\"korusverseny2013-24\"\n\t\t\t\t\talt=\"korusverseny2013-24\"\n\t\t\t\t\tsrc=\"https:\/\/www.aurin-choir.hu\/wp-content\/gallery\/bp-korusverseny-2013\/cache\/korusverseny2013-24.jpg-nggid042745-ngg0dyn-325x225x100-00f0w010c011r110f110r010t010.jpg\"\n\t\t\t\t\twidth=\"325\"\n\t\t\t\t\theight=\"225\"\n\t\t\t\t\tstyle=\"max-width:100%;\"\n\t\t\t\t\/>\n\t\t\t<\/a>\n\t\t<\/div>\n\t\t\t\t\t\t\t<\/div> \n\t\t\t\n\t\t\t\t<div id=\"ngg-image-24\" class=\"ngg-gallery-thumbnail-box \n\t\t\t\t\t\t\t\t\t\t\t\" \n\t\t\t>\n\t\t\t\t\t\t<div class=\"ngg-gallery-thumbnail\">\n\t\t\t<a href=\"https:\/\/www.aurin-choir.hu\/wp-content\/gallery\/bp-korusverseny-2013\/korusverseny2013-25.jpg\"\n\t\t\t\ttitle=\"????????????????????????????????????\"\n\t\t\t\tdata-src=\"https:\/\/www.aurin-choir.hu\/wp-content\/gallery\/bp-korusverseny-2013\/korusverseny2013-25.jpg\"\n\t\t\t\tdata-thumbnail=\"https:\/\/www.aurin-choir.hu\/wp-content\/gallery\/bp-korusverseny-2013\/thumbs\/thumbs_korusverseny2013-25.jpg\"\n\t\t\t\tdata-image-id=\"2746\"\n\t\t\t\tdata-title=\"korusverseny2013-25\"\n\t\t\t\tdata-description=\"????????????????????????????????????\"\n\t\t\t\tdata-image-slug=\"korusverseny2013-25\"\n\t\t\t\tclass=\"ngg-simplelightbox\" rel=\"a29c065229d53608e283336fc69a420a\">\n\t\t\t\t<img\n\t\t\t\t\ttitle=\"korusverseny2013-25\"\n\t\t\t\t\talt=\"korusverseny2013-25\"\n\t\t\t\t\tsrc=\"https:\/\/www.aurin-choir.hu\/wp-content\/gallery\/bp-korusverseny-2013\/cache\/korusverseny2013-25.jpg-nggid042746-ngg0dyn-325x225x100-00f0w010c011r110f110r010t010.jpg\"\n\t\t\t\t\twidth=\"325\"\n\t\t\t\t\theight=\"225\"\n\t\t\t\t\tstyle=\"max-width:100%;\"\n\t\t\t\t\/>\n\t\t\t<\/a>\n\t\t<\/div>\n\t\t\t\t\t\t\t<\/div> \n\t\t\t\n\t\t\t\t<div id=\"ngg-image-25\" class=\"ngg-gallery-thumbnail-box \n\t\t\t\t\t\t\t\t\t\t\t\" \n\t\t\t>\n\t\t\t\t\t\t<div class=\"ngg-gallery-thumbnail\">\n\t\t\t<a href=\"https:\/\/www.aurin-choir.hu\/wp-content\/gallery\/bp-korusverseny-2013\/korusverseny2013-26.jpg\"\n\t\t\t\ttitle=\"????????????????????????????????????\"\n\t\t\t\tdata-src=\"https:\/\/www.aurin-choir.hu\/wp-content\/gallery\/bp-korusverseny-2013\/korusverseny2013-26.jpg\"\n\t\t\t\tdata-thumbnail=\"https:\/\/www.aurin-choir.hu\/wp-content\/gallery\/bp-korusverseny-2013\/thumbs\/thumbs_korusverseny2013-26.jpg\"\n\t\t\t\tdata-image-id=\"2747\"\n\t\t\t\tdata-title=\"korusverseny2013-26\"\n\t\t\t\tdata-description=\"????????????????????????????????????\"\n\t\t\t\tdata-image-slug=\"korusverseny2013-26\"\n\t\t\t\tclass=\"ngg-simplelightbox\" rel=\"a29c065229d53608e283336fc69a420a\">\n\t\t\t\t<img\n\t\t\t\t\ttitle=\"korusverseny2013-26\"\n\t\t\t\t\talt=\"korusverseny2013-26\"\n\t\t\t\t\tsrc=\"https:\/\/www.aurin-choir.hu\/wp-content\/gallery\/bp-korusverseny-2013\/cache\/korusverseny2013-26.jpg-nggid042747-ngg0dyn-325x225x100-00f0w010c011r110f110r010t010.jpg\"\n\t\t\t\t\twidth=\"325\"\n\t\t\t\t\theight=\"225\"\n\t\t\t\t\tstyle=\"max-width:100%;\"\n\t\t\t\t\/>\n\t\t\t<\/a>\n\t\t<\/div>\n\t\t\t\t\t\t\t<\/div> \n\t\t\t\n\t\t\t\t<div id=\"ngg-image-26\" class=\"ngg-gallery-thumbnail-box \n\t\t\t\t\t\t\t\t\t\t\t\" \n\t\t\t>\n\t\t\t\t\t\t<div class=\"ngg-gallery-thumbnail\">\n\t\t\t<a href=\"https:\/\/www.aurin-choir.hu\/wp-content\/gallery\/bp-korusverseny-2013\/korusverseny2013-27.jpg\"\n\t\t\t\ttitle=\"????????????????????????????????????\"\n\t\t\t\tdata-src=\"https:\/\/www.aurin-choir.hu\/wp-content\/gallery\/bp-korusverseny-2013\/korusverseny2013-27.jpg\"\n\t\t\t\tdata-thumbnail=\"https:\/\/www.aurin-choir.hu\/wp-content\/gallery\/bp-korusverseny-2013\/thumbs\/thumbs_korusverseny2013-27.jpg\"\n\t\t\t\tdata-image-id=\"2748\"\n\t\t\t\tdata-title=\"korusverseny2013-27\"\n\t\t\t\tdata-description=\"????????????????????????????????????\"\n\t\t\t\tdata-image-slug=\"korusverseny2013-27\"\n\t\t\t\tclass=\"ngg-simplelightbox\" rel=\"a29c065229d53608e283336fc69a420a\">\n\t\t\t\t<img\n\t\t\t\t\ttitle=\"korusverseny2013-27\"\n\t\t\t\t\talt=\"korusverseny2013-27\"\n\t\t\t\t\tsrc=\"https:\/\/www.aurin-choir.hu\/wp-content\/gallery\/bp-korusverseny-2013\/cache\/korusverseny2013-27.jpg-nggid042748-ngg0dyn-325x225x100-00f0w010c011r110f110r010t010.jpg\"\n\t\t\t\t\twidth=\"325\"\n\t\t\t\t\theight=\"225\"\n\t\t\t\t\tstyle=\"max-width:100%;\"\n\t\t\t\t\/>\n\t\t\t<\/a>\n\t\t<\/div>\n\t\t\t\t\t\t\t<\/div> \n\t\t\t\n\t\t\t\t<div id=\"ngg-image-27\" class=\"ngg-gallery-thumbnail-box \n\t\t\t\t\t\t\t\t\t\t\t\" \n\t\t\t>\n\t\t\t\t\t\t<div class=\"ngg-gallery-thumbnail\">\n\t\t\t<a href=\"https:\/\/www.aurin-choir.hu\/wp-content\/gallery\/bp-korusverseny-2013\/korusverseny2013-28.jpg\"\n\t\t\t\ttitle=\"????????????????????????????????????\"\n\t\t\t\tdata-src=\"https:\/\/www.aurin-choir.hu\/wp-content\/gallery\/bp-korusverseny-2013\/korusverseny2013-28.jpg\"\n\t\t\t\tdata-thumbnail=\"https:\/\/www.aurin-choir.hu\/wp-content\/gallery\/bp-korusverseny-2013\/thumbs\/thumbs_korusverseny2013-28.jpg\"\n\t\t\t\tdata-image-id=\"2749\"\n\t\t\t\tdata-title=\"korusverseny2013-28\"\n\t\t\t\tdata-description=\"????????????????????????????????????\"\n\t\t\t\tdata-image-slug=\"korusverseny2013-28\"\n\t\t\t\tclass=\"ngg-simplelightbox\" rel=\"a29c065229d53608e283336fc69a420a\">\n\t\t\t\t<img\n\t\t\t\t\ttitle=\"korusverseny2013-28\"\n\t\t\t\t\talt=\"korusverseny2013-28\"\n\t\t\t\t\tsrc=\"https:\/\/www.aurin-choir.hu\/wp-content\/gallery\/bp-korusverseny-2013\/cache\/korusverseny2013-28.jpg-nggid042749-ngg0dyn-325x225x100-00f0w010c011r110f110r010t010.jpg\"\n\t\t\t\t\twidth=\"325\"\n\t\t\t\t\theight=\"225\"\n\t\t\t\t\tstyle=\"max-width:100%;\"\n\t\t\t\t\/>\n\t\t\t<\/a>\n\t\t<\/div>\n\t\t\t\t\t\t\t<\/div> \n\t\t\t\n\t\t\t\t<div id=\"ngg-image-28\" class=\"ngg-gallery-thumbnail-box \n\t\t\t\t\t\t\t\t\t\t\t\" \n\t\t\t>\n\t\t\t\t\t\t<div class=\"ngg-gallery-thumbnail\">\n\t\t\t<a href=\"https:\/\/www.aurin-choir.hu\/wp-content\/gallery\/bp-korusverseny-2013\/korusverseny2013-29.jpg\"\n\t\t\t\ttitle=\"????????????????????????????????????\"\n\t\t\t\tdata-src=\"https:\/\/www.aurin-choir.hu\/wp-content\/gallery\/bp-korusverseny-2013\/korusverseny2013-29.jpg\"\n\t\t\t\tdata-thumbnail=\"https:\/\/www.aurin-choir.hu\/wp-content\/gallery\/bp-korusverseny-2013\/thumbs\/thumbs_korusverseny2013-29.jpg\"\n\t\t\t\tdata-image-id=\"2750\"\n\t\t\t\tdata-title=\"korusverseny2013-29\"\n\t\t\t\tdata-description=\"????????????????????????????????????\"\n\t\t\t\tdata-image-slug=\"korusverseny2013-29\"\n\t\t\t\tclass=\"ngg-simplelightbox\" rel=\"a29c065229d53608e283336fc69a420a\">\n\t\t\t\t<img\n\t\t\t\t\ttitle=\"korusverseny2013-29\"\n\t\t\t\t\talt=\"korusverseny2013-29\"\n\t\t\t\t\tsrc=\"https:\/\/www.aurin-choir.hu\/wp-content\/gallery\/bp-korusverseny-2013\/cache\/korusverseny2013-29.jpg-nggid042750-ngg0dyn-325x225x100-00f0w010c011r110f110r010t010.jpg\"\n\t\t\t\t\twidth=\"325\"\n\t\t\t\t\theight=\"225\"\n\t\t\t\t\tstyle=\"max-width:100%;\"\n\t\t\t\t\/>\n\t\t\t<\/a>\n\t\t<\/div>\n\t\t\t\t\t\t\t<\/div> \n\t\t\t\n\t\t\t\t<div id=\"ngg-image-29\" class=\"ngg-gallery-thumbnail-box \n\t\t\t\t\t\t\t\t\t\t\t\" \n\t\t\t>\n\t\t\t\t\t\t<div class=\"ngg-gallery-thumbnail\">\n\t\t\t<a href=\"https:\/\/www.aurin-choir.hu\/wp-content\/gallery\/bp-korusverseny-2013\/korusverseny2013-30.jpg\"\n\t\t\t\ttitle=\"????????????????????????????????????\"\n\t\t\t\tdata-src=\"https:\/\/www.aurin-choir.hu\/wp-content\/gallery\/bp-korusverseny-2013\/korusverseny2013-30.jpg\"\n\t\t\t\tdata-thumbnail=\"https:\/\/www.aurin-choir.hu\/wp-content\/gallery\/bp-korusverseny-2013\/thumbs\/thumbs_korusverseny2013-30.jpg\"\n\t\t\t\tdata-image-id=\"2751\"\n\t\t\t\tdata-title=\"korusverseny2013-30\"\n\t\t\t\tdata-description=\"????????????????????????????????????\"\n\t\t\t\tdata-image-slug=\"korusverseny2013-30\"\n\t\t\t\tclass=\"ngg-simplelightbox\" rel=\"a29c065229d53608e283336fc69a420a\">\n\t\t\t\t<img\n\t\t\t\t\ttitle=\"korusverseny2013-30\"\n\t\t\t\t\talt=\"korusverseny2013-30\"\n\t\t\t\t\tsrc=\"https:\/\/www.aurin-choir.hu\/wp-content\/gallery\/bp-korusverseny-2013\/cache\/korusverseny2013-30.jpg-nggid042751-ngg0dyn-325x225x100-00f0w010c011r110f110r010t010.jpg\"\n\t\t\t\t\twidth=\"325\"\n\t\t\t\t\theight=\"225\"\n\t\t\t\t\tstyle=\"max-width:100%;\"\n\t\t\t\t\/>\n\t\t\t<\/a>\n\t\t<\/div>\n\t\t\t\t\t\t\t<\/div> \n\t\t\t\n\t\t\t\t<div id=\"ngg-image-30\" class=\"ngg-gallery-thumbnail-box \n\t\t\t\t\t\t\t\t\t\t\t\" \n\t\t\t>\n\t\t\t\t\t\t<div class=\"ngg-gallery-thumbnail\">\n\t\t\t<a href=\"https:\/\/www.aurin-choir.hu\/wp-content\/gallery\/bp-korusverseny-2013\/korusverseny2013-31.jpg\"\n\t\t\t\ttitle=\"????????????????????????????????????\"\n\t\t\t\tdata-src=\"https:\/\/www.aurin-choir.hu\/wp-content\/gallery\/bp-korusverseny-2013\/korusverseny2013-31.jpg\"\n\t\t\t\tdata-thumbnail=\"https:\/\/www.aurin-choir.hu\/wp-content\/gallery\/bp-korusverseny-2013\/thumbs\/thumbs_korusverseny2013-31.jpg\"\n\t\t\t\tdata-image-id=\"2752\"\n\t\t\t\tdata-title=\"korusverseny2013-31\"\n\t\t\t\tdata-description=\"????????????????????????????????????\"\n\t\t\t\tdata-image-slug=\"korusverseny2013-31\"\n\t\t\t\tclass=\"ngg-simplelightbox\" rel=\"a29c065229d53608e283336fc69a420a\">\n\t\t\t\t<img\n\t\t\t\t\ttitle=\"korusverseny2013-31\"\n\t\t\t\t\talt=\"korusverseny2013-31\"\n\t\t\t\t\tsrc=\"https:\/\/www.aurin-choir.hu\/wp-content\/gallery\/bp-korusverseny-2013\/cache\/korusverseny2013-31.jpg-nggid042752-ngg0dyn-325x225x100-00f0w010c011r110f110r010t010.jpg\"\n\t\t\t\t\twidth=\"325\"\n\t\t\t\t\theight=\"225\"\n\t\t\t\t\tstyle=\"max-width:100%;\"\n\t\t\t\t\/>\n\t\t\t<\/a>\n\t\t<\/div>\n\t\t\t\t\t\t\t<\/div> \n\t\t\t\n\t\t\t\t<div id=\"ngg-image-31\" class=\"ngg-gallery-thumbnail-box \n\t\t\t\t\t\t\t\t\t\t\t\" \n\t\t\t>\n\t\t\t\t\t\t<div class=\"ngg-gallery-thumbnail\">\n\t\t\t<a href=\"https:\/\/www.aurin-choir.hu\/wp-content\/gallery\/bp-korusverseny-2013\/korusverseny2013-32.jpg\"\n\t\t\t\ttitle=\"????????????????????????????????????\"\n\t\t\t\tdata-src=\"https:\/\/www.aurin-choir.hu\/wp-content\/gallery\/bp-korusverseny-2013\/korusverseny2013-32.jpg\"\n\t\t\t\tdata-thumbnail=\"https:\/\/www.aurin-choir.hu\/wp-content\/gallery\/bp-korusverseny-2013\/thumbs\/thumbs_korusverseny2013-32.jpg\"\n\t\t\t\tdata-image-id=\"2753\"\n\t\t\t\tdata-title=\"korusverseny2013-32\"\n\t\t\t\tdata-description=\"????????????????????????????????????\"\n\t\t\t\tdata-image-slug=\"korusverseny2013-32\"\n\t\t\t\tclass=\"ngg-simplelightbox\" rel=\"a29c065229d53608e283336fc69a420a\">\n\t\t\t\t<img\n\t\t\t\t\ttitle=\"korusverseny2013-32\"\n\t\t\t\t\talt=\"korusverseny2013-32\"\n\t\t\t\t\tsrc=\"https:\/\/www.aurin-choir.hu\/wp-content\/gallery\/bp-korusverseny-2013\/cache\/korusverseny2013-32.jpg-nggid042753-ngg0dyn-325x225x100-00f0w010c011r110f110r010t010.jpg\"\n\t\t\t\t\twidth=\"325\"\n\t\t\t\t\theight=\"225\"\n\t\t\t\t\tstyle=\"max-width:100%;\"\n\t\t\t\t\/>\n\t\t\t<\/a>\n\t\t<\/div>\n\t\t\t\t\t\t\t<\/div> \n\t\t\t\n\t\t\t\t<div id=\"ngg-image-32\" class=\"ngg-gallery-thumbnail-box \n\t\t\t\t\t\t\t\t\t\t\t\" \n\t\t\t>\n\t\t\t\t\t\t<div class=\"ngg-gallery-thumbnail\">\n\t\t\t<a href=\"https:\/\/www.aurin-choir.hu\/wp-content\/gallery\/bp-korusverseny-2013\/korusverseny2013-33.jpg\"\n\t\t\t\ttitle=\"????????????????????????????????????\"\n\t\t\t\tdata-src=\"https:\/\/www.aurin-choir.hu\/wp-content\/gallery\/bp-korusverseny-2013\/korusverseny2013-33.jpg\"\n\t\t\t\tdata-thumbnail=\"https:\/\/www.aurin-choir.hu\/wp-content\/gallery\/bp-korusverseny-2013\/thumbs\/thumbs_korusverseny2013-33.jpg\"\n\t\t\t\tdata-image-id=\"2754\"\n\t\t\t\tdata-title=\"korusverseny2013-33\"\n\t\t\t\tdata-description=\"????????????????????????????????????\"\n\t\t\t\tdata-image-slug=\"korusverseny2013-33\"\n\t\t\t\tclass=\"ngg-simplelightbox\" rel=\"a29c065229d53608e283336fc69a420a\">\n\t\t\t\t<img\n\t\t\t\t\ttitle=\"korusverseny2013-33\"\n\t\t\t\t\talt=\"korusverseny2013-33\"\n\t\t\t\t\tsrc=\"https:\/\/www.aurin-choir.hu\/wp-content\/gallery\/bp-korusverseny-2013\/cache\/korusverseny2013-33.jpg-nggid042754-ngg0dyn-325x225x100-00f0w010c011r110f110r010t010.jpg\"\n\t\t\t\t\twidth=\"325\"\n\t\t\t\t\theight=\"225\"\n\t\t\t\t\tstyle=\"max-width:100%;\"\n\t\t\t\t\/>\n\t\t\t<\/a>\n\t\t<\/div>\n\t\t\t\t\t\t\t<\/div> \n\t\t\t\n\t\t\t\t<div id=\"ngg-image-33\" class=\"ngg-gallery-thumbnail-box \n\t\t\t\t\t\t\t\t\t\t\t\" \n\t\t\t>\n\t\t\t\t\t\t<div class=\"ngg-gallery-thumbnail\">\n\t\t\t<a href=\"https:\/\/www.aurin-choir.hu\/wp-content\/gallery\/bp-korusverseny-2013\/korusverseny2013-34.jpg\"\n\t\t\t\ttitle=\"????????????????????????????????????\"\n\t\t\t\tdata-src=\"https:\/\/www.aurin-choir.hu\/wp-content\/gallery\/bp-korusverseny-2013\/korusverseny2013-34.jpg\"\n\t\t\t\tdata-thumbnail=\"https:\/\/www.aurin-choir.hu\/wp-content\/gallery\/bp-korusverseny-2013\/thumbs\/thumbs_korusverseny2013-34.jpg\"\n\t\t\t\tdata-image-id=\"2755\"\n\t\t\t\tdata-title=\"korusverseny2013-34\"\n\t\t\t\tdata-description=\"????????????????????????????????????\"\n\t\t\t\tdata-image-slug=\"korusverseny2013-34\"\n\t\t\t\tclass=\"ngg-simplelightbox\" rel=\"a29c065229d53608e283336fc69a420a\">\n\t\t\t\t<img\n\t\t\t\t\ttitle=\"korusverseny2013-34\"\n\t\t\t\t\talt=\"korusverseny2013-34\"\n\t\t\t\t\tsrc=\"https:\/\/www.aurin-choir.hu\/wp-content\/gallery\/bp-korusverseny-2013\/cache\/korusverseny2013-34.jpg-nggid042755-ngg0dyn-325x225x100-00f0w010c011r110f110r010t010.jpg\"\n\t\t\t\t\twidth=\"325\"\n\t\t\t\t\theight=\"225\"\n\t\t\t\t\tstyle=\"max-width:100%;\"\n\t\t\t\t\/>\n\t\t\t<\/a>\n\t\t<\/div>\n\t\t\t\t\t\t\t<\/div> \n\t\t\t\n\t\t\t\t<div id=\"ngg-image-34\" class=\"ngg-gallery-thumbnail-box \n\t\t\t\t\t\t\t\t\t\t\t\" \n\t\t\t>\n\t\t\t\t\t\t<div class=\"ngg-gallery-thumbnail\">\n\t\t\t<a href=\"https:\/\/www.aurin-choir.hu\/wp-content\/gallery\/bp-korusverseny-2013\/korusverseny2013-35.jpg\"\n\t\t\t\ttitle=\"????????????????????????????????????\"\n\t\t\t\tdata-src=\"https:\/\/www.aurin-choir.hu\/wp-content\/gallery\/bp-korusverseny-2013\/korusverseny2013-35.jpg\"\n\t\t\t\tdata-thumbnail=\"https:\/\/www.aurin-choir.hu\/wp-content\/gallery\/bp-korusverseny-2013\/thumbs\/thumbs_korusverseny2013-35.jpg\"\n\t\t\t\tdata-image-id=\"2756\"\n\t\t\t\tdata-title=\"korusverseny2013-35\"\n\t\t\t\tdata-description=\"????????????????????????????????????\"\n\t\t\t\tdata-image-slug=\"korusverseny2013-35\"\n\t\t\t\tclass=\"ngg-simplelightbox\" rel=\"a29c065229d53608e283336fc69a420a\">\n\t\t\t\t<img\n\t\t\t\t\ttitle=\"korusverseny2013-35\"\n\t\t\t\t\talt=\"korusverseny2013-35\"\n\t\t\t\t\tsrc=\"https:\/\/www.aurin-choir.hu\/wp-content\/gallery\/bp-korusverseny-2013\/cache\/korusverseny2013-35.jpg-nggid042756-ngg0dyn-325x225x100-00f0w010c011r110f110r010t010.jpg\"\n\t\t\t\t\twidth=\"325\"\n\t\t\t\t\theight=\"225\"\n\t\t\t\t\tstyle=\"max-width:100%;\"\n\t\t\t\t\/>\n\t\t\t<\/a>\n\t\t<\/div>\n\t\t\t\t\t\t\t<\/div> \n\t\t\t\n\t\t\t\t<div id=\"ngg-image-35\" class=\"ngg-gallery-thumbnail-box \n\t\t\t\t\t\t\t\t\t\t\t\" \n\t\t\t>\n\t\t\t\t\t\t<div class=\"ngg-gallery-thumbnail\">\n\t\t\t<a href=\"https:\/\/www.aurin-choir.hu\/wp-content\/gallery\/bp-korusverseny-2013\/korusverseny2013-36.jpg\"\n\t\t\t\ttitle=\"????????????????????????????????????\"\n\t\t\t\tdata-src=\"https:\/\/www.aurin-choir.hu\/wp-content\/gallery\/bp-korusverseny-2013\/korusverseny2013-36.jpg\"\n\t\t\t\tdata-thumbnail=\"https:\/\/www.aurin-choir.hu\/wp-content\/gallery\/bp-korusverseny-2013\/thumbs\/thumbs_korusverseny2013-36.jpg\"\n\t\t\t\tdata-image-id=\"2757\"\n\t\t\t\tdata-title=\"korusverseny2013-36\"\n\t\t\t\tdata-description=\"????????????????????????????????????\"\n\t\t\t\tdata-image-slug=\"korusverseny2013-36\"\n\t\t\t\tclass=\"ngg-simplelightbox\" rel=\"a29c065229d53608e283336fc69a420a\">\n\t\t\t\t<img\n\t\t\t\t\ttitle=\"korusverseny2013-36\"\n\t\t\t\t\talt=\"korusverseny2013-36\"\n\t\t\t\t\tsrc=\"https:\/\/www.aurin-choir.hu\/wp-content\/gallery\/bp-korusverseny-2013\/cache\/korusverseny2013-36.jpg-nggid042757-ngg0dyn-325x225x100-00f0w010c011r110f110r010t010.jpg\"\n\t\t\t\t\twidth=\"325\"\n\t\t\t\t\theight=\"225\"\n\t\t\t\t\tstyle=\"max-width:100%;\"\n\t\t\t\t\/>\n\t\t\t<\/a>\n\t\t<\/div>\n\t\t\t\t\t\t\t<\/div> \n\t\t\t\n\t\t\t\t<div id=\"ngg-image-36\" class=\"ngg-gallery-thumbnail-box \n\t\t\t\t\t\t\t\t\t\t\t\" \n\t\t\t>\n\t\t\t\t\t\t<div class=\"ngg-gallery-thumbnail\">\n\t\t\t<a href=\"https:\/\/www.aurin-choir.hu\/wp-content\/gallery\/bp-korusverseny-2013\/korusverseny2013-37.jpg\"\n\t\t\t\ttitle=\"????????????????????????????????????\"\n\t\t\t\tdata-src=\"https:\/\/www.aurin-choir.hu\/wp-content\/gallery\/bp-korusverseny-2013\/korusverseny2013-37.jpg\"\n\t\t\t\tdata-thumbnail=\"https:\/\/www.aurin-choir.hu\/wp-content\/gallery\/bp-korusverseny-2013\/thumbs\/thumbs_korusverseny2013-37.jpg\"\n\t\t\t\tdata-image-id=\"2758\"\n\t\t\t\tdata-title=\"korusverseny2013-37\"\n\t\t\t\tdata-description=\"????????????????????????????????????\"\n\t\t\t\tdata-image-slug=\"korusverseny2013-37\"\n\t\t\t\tclass=\"ngg-simplelightbox\" rel=\"a29c065229d53608e283336fc69a420a\">\n\t\t\t\t<img\n\t\t\t\t\ttitle=\"korusverseny2013-37\"\n\t\t\t\t\talt=\"korusverseny2013-37\"\n\t\t\t\t\tsrc=\"https:\/\/www.aurin-choir.hu\/wp-content\/gallery\/bp-korusverseny-2013\/cache\/korusverseny2013-37.jpg-nggid042758-ngg0dyn-325x225x100-00f0w010c011r110f110r010t010.jpg\"\n\t\t\t\t\twidth=\"325\"\n\t\t\t\t\theight=\"225\"\n\t\t\t\t\tstyle=\"max-width:100%;\"\n\t\t\t\t\/>\n\t\t\t<\/a>\n\t\t<\/div>\n\t\t\t\t\t\t\t<\/div> \n\t\t\t\n\t\t\t\t<div id=\"ngg-image-37\" class=\"ngg-gallery-thumbnail-box \n\t\t\t\t\t\t\t\t\t\t\t\" \n\t\t\t>\n\t\t\t\t\t\t<div class=\"ngg-gallery-thumbnail\">\n\t\t\t<a href=\"https:\/\/www.aurin-choir.hu\/wp-content\/gallery\/bp-korusverseny-2013\/korusverseny2013-38.jpg\"\n\t\t\t\ttitle=\"????????????????????????????????????\"\n\t\t\t\tdata-src=\"https:\/\/www.aurin-choir.hu\/wp-content\/gallery\/bp-korusverseny-2013\/korusverseny2013-38.jpg\"\n\t\t\t\tdata-thumbnail=\"https:\/\/www.aurin-choir.hu\/wp-content\/gallery\/bp-korusverseny-2013\/thumbs\/thumbs_korusverseny2013-38.jpg\"\n\t\t\t\tdata-image-id=\"2759\"\n\t\t\t\tdata-title=\"korusverseny2013-38\"\n\t\t\t\tdata-description=\"????????????????????????????????????\"\n\t\t\t\tdata-image-slug=\"korusverseny2013-38\"\n\t\t\t\tclass=\"ngg-simplelightbox\" rel=\"a29c065229d53608e283336fc69a420a\">\n\t\t\t\t<img\n\t\t\t\t\ttitle=\"korusverseny2013-38\"\n\t\t\t\t\talt=\"korusverseny2013-38\"\n\t\t\t\t\tsrc=\"https:\/\/www.aurin-choir.hu\/wp-content\/gallery\/bp-korusverseny-2013\/cache\/korusverseny2013-38.jpg-nggid042759-ngg0dyn-325x225x100-00f0w010c011r110f110r010t010.jpg\"\n\t\t\t\t\twidth=\"325\"\n\t\t\t\t\theight=\"225\"\n\t\t\t\t\tstyle=\"max-width:100%;\"\n\t\t\t\t\/>\n\t\t\t<\/a>\n\t\t<\/div>\n\t\t\t\t\t\t\t<\/div> \n\t\t\t\n\t\t\t\t<div id=\"ngg-image-38\" class=\"ngg-gallery-thumbnail-box \n\t\t\t\t\t\t\t\t\t\t\t\" \n\t\t\t>\n\t\t\t\t\t\t<div class=\"ngg-gallery-thumbnail\">\n\t\t\t<a href=\"https:\/\/www.aurin-choir.hu\/wp-content\/gallery\/bp-korusverseny-2013\/korusverseny2013-39.jpg\"\n\t\t\t\ttitle=\"????????????????????????????????????\"\n\t\t\t\tdata-src=\"https:\/\/www.aurin-choir.hu\/wp-content\/gallery\/bp-korusverseny-2013\/korusverseny2013-39.jpg\"\n\t\t\t\tdata-thumbnail=\"https:\/\/www.aurin-choir.hu\/wp-content\/gallery\/bp-korusverseny-2013\/thumbs\/thumbs_korusverseny2013-39.jpg\"\n\t\t\t\tdata-image-id=\"2760\"\n\t\t\t\tdata-title=\"korusverseny2013-39\"\n\t\t\t\tdata-description=\"????????????????????????????????????\"\n\t\t\t\tdata-image-slug=\"korusverseny2013-39\"\n\t\t\t\tclass=\"ngg-simplelightbox\" rel=\"a29c065229d53608e283336fc69a420a\">\n\t\t\t\t<img\n\t\t\t\t\ttitle=\"korusverseny2013-39\"\n\t\t\t\t\talt=\"korusverseny2013-39\"\n\t\t\t\t\tsrc=\"https:\/\/www.aurin-choir.hu\/wp-content\/gallery\/bp-korusverseny-2013\/cache\/korusverseny2013-39.jpg-nggid042760-ngg0dyn-325x225x100-00f0w010c011r110f110r010t010.jpg\"\n\t\t\t\t\twidth=\"325\"\n\t\t\t\t\theight=\"225\"\n\t\t\t\t\tstyle=\"max-width:100%;\"\n\t\t\t\t\/>\n\t\t\t<\/a>\n\t\t<\/div>\n\t\t\t\t\t\t\t<\/div> \n\t\t\t\n\t\t\t\t<div id=\"ngg-image-39\" class=\"ngg-gallery-thumbnail-box \n\t\t\t\t\t\t\t\t\t\t\t\" \n\t\t\t>\n\t\t\t\t\t\t<div class=\"ngg-gallery-thumbnail\">\n\t\t\t<a href=\"https:\/\/www.aurin-choir.hu\/wp-content\/gallery\/bp-korusverseny-2013\/korusverseny2013-40.jpg\"\n\t\t\t\ttitle=\"????????????????????????????????????\"\n\t\t\t\tdata-src=\"https:\/\/www.aurin-choir.hu\/wp-content\/gallery\/bp-korusverseny-2013\/korusverseny2013-40.jpg\"\n\t\t\t\tdata-thumbnail=\"https:\/\/www.aurin-choir.hu\/wp-content\/gallery\/bp-korusverseny-2013\/thumbs\/thumbs_korusverseny2013-40.jpg\"\n\t\t\t\tdata-image-id=\"2761\"\n\t\t\t\tdata-title=\"korusverseny2013-40\"\n\t\t\t\tdata-description=\"????????????????????????????????????\"\n\t\t\t\tdata-image-slug=\"korusverseny2013-40\"\n\t\t\t\tclass=\"ngg-simplelightbox\" rel=\"a29c065229d53608e283336fc69a420a\">\n\t\t\t\t<img\n\t\t\t\t\ttitle=\"korusverseny2013-40\"\n\t\t\t\t\talt=\"korusverseny2013-40\"\n\t\t\t\t\tsrc=\"https:\/\/www.aurin-choir.hu\/wp-content\/gallery\/bp-korusverseny-2013\/cache\/korusverseny2013-40.jpg-nggid042761-ngg0dyn-325x225x100-00f0w010c011r110f110r010t010.jpg\"\n\t\t\t\t\twidth=\"325\"\n\t\t\t\t\theight=\"225\"\n\t\t\t\t\tstyle=\"max-width:100%;\"\n\t\t\t\t\/>\n\t\t\t<\/a>\n\t\t<\/div>\n\t\t\t\t\t\t\t<\/div> \n\t\t\t\n\t\t\t\t<div id=\"ngg-image-40\" class=\"ngg-gallery-thumbnail-box \n\t\t\t\t\t\t\t\t\t\t\t\" \n\t\t\t>\n\t\t\t\t\t\t<div class=\"ngg-gallery-thumbnail\">\n\t\t\t<a href=\"https:\/\/www.aurin-choir.hu\/wp-content\/gallery\/bp-korusverseny-2013\/korusverseny2013-41.jpg\"\n\t\t\t\ttitle=\"????????????????????????????????????\"\n\t\t\t\tdata-src=\"https:\/\/www.aurin-choir.hu\/wp-content\/gallery\/bp-korusverseny-2013\/korusverseny2013-41.jpg\"\n\t\t\t\tdata-thumbnail=\"https:\/\/www.aurin-choir.hu\/wp-content\/gallery\/bp-korusverseny-2013\/thumbs\/thumbs_korusverseny2013-41.jpg\"\n\t\t\t\tdata-image-id=\"2762\"\n\t\t\t\tdata-title=\"korusverseny2013-41\"\n\t\t\t\tdata-description=\"????????????????????????????????????\"\n\t\t\t\tdata-image-slug=\"korusverseny2013-41\"\n\t\t\t\tclass=\"ngg-simplelightbox\" rel=\"a29c065229d53608e283336fc69a420a\">\n\t\t\t\t<img\n\t\t\t\t\ttitle=\"korusverseny2013-41\"\n\t\t\t\t\talt=\"korusverseny2013-41\"\n\t\t\t\t\tsrc=\"https:\/\/www.aurin-choir.hu\/wp-content\/gallery\/bp-korusverseny-2013\/cache\/korusverseny2013-41.jpg-nggid042762-ngg0dyn-325x225x100-00f0w010c011r110f110r010t010.jpg\"\n\t\t\t\t\twidth=\"325\"\n\t\t\t\t\theight=\"225\"\n\t\t\t\t\tstyle=\"max-width:100%;\"\n\t\t\t\t\/>\n\t\t\t<\/a>\n\t\t<\/div>\n\t\t\t\t\t\t\t<\/div> \n\t\t\t\n\t\t\t\t<div id=\"ngg-image-41\" class=\"ngg-gallery-thumbnail-box \n\t\t\t\t\t\t\t\t\t\t\t\" \n\t\t\t>\n\t\t\t\t\t\t<div class=\"ngg-gallery-thumbnail\">\n\t\t\t<a href=\"https:\/\/www.aurin-choir.hu\/wp-content\/gallery\/bp-korusverseny-2013\/korusverseny2013-42.jpg\"\n\t\t\t\ttitle=\"????????????????????????????????????\"\n\t\t\t\tdata-src=\"https:\/\/www.aurin-choir.hu\/wp-content\/gallery\/bp-korusverseny-2013\/korusverseny2013-42.jpg\"\n\t\t\t\tdata-thumbnail=\"https:\/\/www.aurin-choir.hu\/wp-content\/gallery\/bp-korusverseny-2013\/thumbs\/thumbs_korusverseny2013-42.jpg\"\n\t\t\t\tdata-image-id=\"2763\"\n\t\t\t\tdata-title=\"korusverseny2013-42\"\n\t\t\t\tdata-description=\"????????????????????????????????????\"\n\t\t\t\tdata-image-slug=\"korusverseny2013-42\"\n\t\t\t\tclass=\"ngg-simplelightbox\" rel=\"a29c065229d53608e283336fc69a420a\">\n\t\t\t\t<img\n\t\t\t\t\ttitle=\"korusverseny2013-42\"\n\t\t\t\t\talt=\"korusverseny2013-42\"\n\t\t\t\t\tsrc=\"https:\/\/www.aurin-choir.hu\/wp-content\/gallery\/bp-korusverseny-2013\/cache\/korusverseny2013-42.jpg-nggid042763-ngg0dyn-325x225x100-00f0w010c011r110f110r010t010.jpg\"\n\t\t\t\t\twidth=\"325\"\n\t\t\t\t\theight=\"225\"\n\t\t\t\t\tstyle=\"max-width:100%;\"\n\t\t\t\t\/>\n\t\t\t<\/a>\n\t\t<\/div>\n\t\t\t\t\t\t\t<\/div> \n\t\t\t\n\t\t\t\t<div id=\"ngg-image-42\" class=\"ngg-gallery-thumbnail-box \n\t\t\t\t\t\t\t\t\t\t\t\" \n\t\t\t>\n\t\t\t\t\t\t<div class=\"ngg-gallery-thumbnail\">\n\t\t\t<a href=\"https:\/\/www.aurin-choir.hu\/wp-content\/gallery\/bp-korusverseny-2013\/korusverseny2013-43.jpg\"\n\t\t\t\ttitle=\"????????????????????????????????????\"\n\t\t\t\tdata-src=\"https:\/\/www.aurin-choir.hu\/wp-content\/gallery\/bp-korusverseny-2013\/korusverseny2013-43.jpg\"\n\t\t\t\tdata-thumbnail=\"https:\/\/www.aurin-choir.hu\/wp-content\/gallery\/bp-korusverseny-2013\/thumbs\/thumbs_korusverseny2013-43.jpg\"\n\t\t\t\tdata-image-id=\"2764\"\n\t\t\t\tdata-title=\"korusverseny2013-43\"\n\t\t\t\tdata-description=\"????????????????????????????????????\"\n\t\t\t\tdata-image-slug=\"korusverseny2013-43\"\n\t\t\t\tclass=\"ngg-simplelightbox\" rel=\"a29c065229d53608e283336fc69a420a\">\n\t\t\t\t<img\n\t\t\t\t\ttitle=\"korusverseny2013-43\"\n\t\t\t\t\talt=\"korusverseny2013-43\"\n\t\t\t\t\tsrc=\"https:\/\/www.aurin-choir.hu\/wp-content\/gallery\/bp-korusverseny-2013\/cache\/korusverseny2013-43.jpg-nggid042764-ngg0dyn-325x225x100-00f0w010c011r110f110r010t010.jpg\"\n\t\t\t\t\twidth=\"325\"\n\t\t\t\t\theight=\"225\"\n\t\t\t\t\tstyle=\"max-width:100%;\"\n\t\t\t\t\/>\n\t\t\t<\/a>\n\t\t<\/div>\n\t\t\t\t\t\t\t<\/div> \n\t\t\t\n\t\t\t\t<div id=\"ngg-image-43\" class=\"ngg-gallery-thumbnail-box \n\t\t\t\t\t\t\t\t\t\t\t\" \n\t\t\t>\n\t\t\t\t\t\t<div class=\"ngg-gallery-thumbnail\">\n\t\t\t<a href=\"https:\/\/www.aurin-choir.hu\/wp-content\/gallery\/bp-korusverseny-2013\/korusverseny2013-44.jpg\"\n\t\t\t\ttitle=\"????????????????????????????????????\"\n\t\t\t\tdata-src=\"https:\/\/www.aurin-choir.hu\/wp-content\/gallery\/bp-korusverseny-2013\/korusverseny2013-44.jpg\"\n\t\t\t\tdata-thumbnail=\"https:\/\/www.aurin-choir.hu\/wp-content\/gallery\/bp-korusverseny-2013\/thumbs\/thumbs_korusverseny2013-44.jpg\"\n\t\t\t\tdata-image-id=\"2765\"\n\t\t\t\tdata-title=\"korusverseny2013-44\"\n\t\t\t\tdata-description=\"????????????????????????????????????\"\n\t\t\t\tdata-image-slug=\"korusverseny2013-44\"\n\t\t\t\tclass=\"ngg-simplelightbox\" rel=\"a29c065229d53608e283336fc69a420a\">\n\t\t\t\t<img\n\t\t\t\t\ttitle=\"korusverseny2013-44\"\n\t\t\t\t\talt=\"korusverseny2013-44\"\n\t\t\t\t\tsrc=\"https:\/\/www.aurin-choir.hu\/wp-content\/gallery\/bp-korusverseny-2013\/cache\/korusverseny2013-44.jpg-nggid042765-ngg0dyn-325x225x100-00f0w010c011r110f110r010t010.jpg\"\n\t\t\t\t\twidth=\"325\"\n\t\t\t\t\theight=\"225\"\n\t\t\t\t\tstyle=\"max-width:100%;\"\n\t\t\t\t\/>\n\t\t\t<\/a>\n\t\t<\/div>\n\t\t\t\t\t\t\t<\/div> \n\t\t\t\n\t\t\t\t<div id=\"ngg-image-44\" class=\"ngg-gallery-thumbnail-box \n\t\t\t\t\t\t\t\t\t\t\t\" \n\t\t\t>\n\t\t\t\t\t\t<div class=\"ngg-gallery-thumbnail\">\n\t\t\t<a href=\"https:\/\/www.aurin-choir.hu\/wp-content\/gallery\/bp-korusverseny-2013\/korusverseny2013-45.jpg\"\n\t\t\t\ttitle=\"????????????????????????????????????\"\n\t\t\t\tdata-src=\"https:\/\/www.aurin-choir.hu\/wp-content\/gallery\/bp-korusverseny-2013\/korusverseny2013-45.jpg\"\n\t\t\t\tdata-thumbnail=\"https:\/\/www.aurin-choir.hu\/wp-content\/gallery\/bp-korusverseny-2013\/thumbs\/thumbs_korusverseny2013-45.jpg\"\n\t\t\t\tdata-image-id=\"2766\"\n\t\t\t\tdata-title=\"korusverseny2013-45\"\n\t\t\t\tdata-description=\"????????????????????????????????????\"\n\t\t\t\tdata-image-slug=\"korusverseny2013-45\"\n\t\t\t\tclass=\"ngg-simplelightbox\" rel=\"a29c065229d53608e283336fc69a420a\">\n\t\t\t\t<img\n\t\t\t\t\ttitle=\"korusverseny2013-45\"\n\t\t\t\t\talt=\"korusverseny2013-45\"\n\t\t\t\t\tsrc=\"https:\/\/www.aurin-choir.hu\/wp-content\/gallery\/bp-korusverseny-2013\/cache\/korusverseny2013-45.jpg-nggid042766-ngg0dyn-325x225x100-00f0w010c011r110f110r010t010.jpg\"\n\t\t\t\t\twidth=\"325\"\n\t\t\t\t\theight=\"225\"\n\t\t\t\t\tstyle=\"max-width:100%;\"\n\t\t\t\t\/>\n\t\t\t<\/a>\n\t\t<\/div>\n\t\t\t\t\t\t\t<\/div> \n\t\t\t\n\t\t\t\t<div id=\"ngg-image-45\" class=\"ngg-gallery-thumbnail-box \n\t\t\t\t\t\t\t\t\t\t\t\" \n\t\t\t>\n\t\t\t\t\t\t<div class=\"ngg-gallery-thumbnail\">\n\t\t\t<a href=\"https:\/\/www.aurin-choir.hu\/wp-content\/gallery\/bp-korusverseny-2013\/korusverseny2013-46.jpg\"\n\t\t\t\ttitle=\"????????????????????????????????????\"\n\t\t\t\tdata-src=\"https:\/\/www.aurin-choir.hu\/wp-content\/gallery\/bp-korusverseny-2013\/korusverseny2013-46.jpg\"\n\t\t\t\tdata-thumbnail=\"https:\/\/www.aurin-choir.hu\/wp-content\/gallery\/bp-korusverseny-2013\/thumbs\/thumbs_korusverseny2013-46.jpg\"\n\t\t\t\tdata-image-id=\"2767\"\n\t\t\t\tdata-title=\"korusverseny2013-46\"\n\t\t\t\tdata-description=\"????????????????????????????????????\"\n\t\t\t\tdata-image-slug=\"korusverseny2013-46\"\n\t\t\t\tclass=\"ngg-simplelightbox\" rel=\"a29c065229d53608e283336fc69a420a\">\n\t\t\t\t<img\n\t\t\t\t\ttitle=\"korusverseny2013-46\"\n\t\t\t\t\talt=\"korusverseny2013-46\"\n\t\t\t\t\tsrc=\"https:\/\/www.aurin-choir.hu\/wp-content\/gallery\/bp-korusverseny-2013\/cache\/korusverseny2013-46.jpg-nggid042767-ngg0dyn-325x225x100-00f0w010c011r110f110r010t010.jpg\"\n\t\t\t\t\twidth=\"325\"\n\t\t\t\t\theight=\"225\"\n\t\t\t\t\tstyle=\"max-width:100%;\"\n\t\t\t\t\/>\n\t\t\t<\/a>\n\t\t<\/div>\n\t\t\t\t\t\t\t<\/div> \n\t\t\t\n\t\t\t\t<div id=\"ngg-image-46\" class=\"ngg-gallery-thumbnail-box \n\t\t\t\t\t\t\t\t\t\t\t\" \n\t\t\t>\n\t\t\t\t\t\t<div class=\"ngg-gallery-thumbnail\">\n\t\t\t<a href=\"https:\/\/www.aurin-choir.hu\/wp-content\/gallery\/bp-korusverseny-2013\/korusverseny2013-47.jpg\"\n\t\t\t\ttitle=\"????????????????????????????????????\"\n\t\t\t\tdata-src=\"https:\/\/www.aurin-choir.hu\/wp-content\/gallery\/bp-korusverseny-2013\/korusverseny2013-47.jpg\"\n\t\t\t\tdata-thumbnail=\"https:\/\/www.aurin-choir.hu\/wp-content\/gallery\/bp-korusverseny-2013\/thumbs\/thumbs_korusverseny2013-47.jpg\"\n\t\t\t\tdata-image-id=\"2768\"\n\t\t\t\tdata-title=\"korusverseny2013-47\"\n\t\t\t\tdata-description=\"????????????????????????????????????\"\n\t\t\t\tdata-image-slug=\"korusverseny2013-47\"\n\t\t\t\tclass=\"ngg-simplelightbox\" rel=\"a29c065229d53608e283336fc69a420a\">\n\t\t\t\t<img\n\t\t\t\t\ttitle=\"korusverseny2013-47\"\n\t\t\t\t\talt=\"korusverseny2013-47\"\n\t\t\t\t\tsrc=\"https:\/\/www.aurin-choir.hu\/wp-content\/gallery\/bp-korusverseny-2013\/cache\/korusverseny2013-47.jpg-nggid042768-ngg0dyn-325x225x100-00f0w010c011r110f110r010t010.jpg\"\n\t\t\t\t\twidth=\"325\"\n\t\t\t\t\theight=\"225\"\n\t\t\t\t\tstyle=\"max-width:100%;\"\n\t\t\t\t\/>\n\t\t\t<\/a>\n\t\t<\/div>\n\t\t\t\t\t\t\t<\/div> \n\t\t\t\n\t\t\t\t<div id=\"ngg-image-47\" class=\"ngg-gallery-thumbnail-box \n\t\t\t\t\t\t\t\t\t\t\t\" \n\t\t\t>\n\t\t\t\t\t\t<div class=\"ngg-gallery-thumbnail\">\n\t\t\t<a href=\"https:\/\/www.aurin-choir.hu\/wp-content\/gallery\/bp-korusverseny-2013\/korusverseny2013-48.jpg\"\n\t\t\t\ttitle=\"????????????????????????????????????\"\n\t\t\t\tdata-src=\"https:\/\/www.aurin-choir.hu\/wp-content\/gallery\/bp-korusverseny-2013\/korusverseny2013-48.jpg\"\n\t\t\t\tdata-thumbnail=\"https:\/\/www.aurin-choir.hu\/wp-content\/gallery\/bp-korusverseny-2013\/thumbs\/thumbs_korusverseny2013-48.jpg\"\n\t\t\t\tdata-image-id=\"2769\"\n\t\t\t\tdata-title=\"korusverseny2013-48\"\n\t\t\t\tdata-description=\"????????????????????????????????????\"\n\t\t\t\tdata-image-slug=\"korusverseny2013-48\"\n\t\t\t\tclass=\"ngg-simplelightbox\" rel=\"a29c065229d53608e283336fc69a420a\">\n\t\t\t\t<img\n\t\t\t\t\ttitle=\"korusverseny2013-48\"\n\t\t\t\t\talt=\"korusverseny2013-48\"\n\t\t\t\t\tsrc=\"https:\/\/www.aurin-choir.hu\/wp-content\/gallery\/bp-korusverseny-2013\/cache\/korusverseny2013-48.jpg-nggid042769-ngg0dyn-325x225x100-00f0w010c011r110f110r010t010.jpg\"\n\t\t\t\t\twidth=\"325\"\n\t\t\t\t\theight=\"225\"\n\t\t\t\t\tstyle=\"max-width:100%;\"\n\t\t\t\t\/>\n\t\t\t<\/a>\n\t\t<\/div>\n\t\t\t\t\t\t\t<\/div> \n\t\t\t\n\t\t\t\t<div id=\"ngg-image-48\" class=\"ngg-gallery-thumbnail-box \n\t\t\t\t\t\t\t\t\t\t\t\" \n\t\t\t>\n\t\t\t\t\t\t<div class=\"ngg-gallery-thumbnail\">\n\t\t\t<a href=\"https:\/\/www.aurin-choir.hu\/wp-content\/gallery\/bp-korusverseny-2013\/korusverseny2013-49.jpg\"\n\t\t\t\ttitle=\"????????????????????????????????????\"\n\t\t\t\tdata-src=\"https:\/\/www.aurin-choir.hu\/wp-content\/gallery\/bp-korusverseny-2013\/korusverseny2013-49.jpg\"\n\t\t\t\tdata-thumbnail=\"https:\/\/www.aurin-choir.hu\/wp-content\/gallery\/bp-korusverseny-2013\/thumbs\/thumbs_korusverseny2013-49.jpg\"\n\t\t\t\tdata-image-id=\"2770\"\n\t\t\t\tdata-title=\"korusverseny2013-49\"\n\t\t\t\tdata-description=\"????????????????????????????????????\"\n\t\t\t\tdata-image-slug=\"korusverseny2013-49\"\n\t\t\t\tclass=\"ngg-simplelightbox\" rel=\"a29c065229d53608e283336fc69a420a\">\n\t\t\t\t<img\n\t\t\t\t\ttitle=\"korusverseny2013-49\"\n\t\t\t\t\talt=\"korusverseny2013-49\"\n\t\t\t\t\tsrc=\"https:\/\/www.aurin-choir.hu\/wp-content\/gallery\/bp-korusverseny-2013\/cache\/korusverseny2013-49.jpg-nggid042770-ngg0dyn-325x225x100-00f0w010c011r110f110r010t010.jpg\"\n\t\t\t\t\twidth=\"325\"\n\t\t\t\t\theight=\"225\"\n\t\t\t\t\tstyle=\"max-width:100%;\"\n\t\t\t\t\/>\n\t\t\t<\/a>\n\t\t<\/div>\n\t\t\t\t\t\t\t<\/div> \n\t\t\t\n\t\t\t\t<div id=\"ngg-image-49\" class=\"ngg-gallery-thumbnail-box \n\t\t\t\t\t\t\t\t\t\t\t\" \n\t\t\t>\n\t\t\t\t\t\t<div class=\"ngg-gallery-thumbnail\">\n\t\t\t<a href=\"https:\/\/www.aurin-choir.hu\/wp-content\/gallery\/bp-korusverseny-2013\/korusverseny2013-50.jpg\"\n\t\t\t\ttitle=\"????????????????????????????????????\"\n\t\t\t\tdata-src=\"https:\/\/www.aurin-choir.hu\/wp-content\/gallery\/bp-korusverseny-2013\/korusverseny2013-50.jpg\"\n\t\t\t\tdata-thumbnail=\"https:\/\/www.aurin-choir.hu\/wp-content\/gallery\/bp-korusverseny-2013\/thumbs\/thumbs_korusverseny2013-50.jpg\"\n\t\t\t\tdata-image-id=\"2771\"\n\t\t\t\tdata-title=\"korusverseny2013-50\"\n\t\t\t\tdata-description=\"????????????????????????????????????\"\n\t\t\t\tdata-image-slug=\"korusverseny2013-50\"\n\t\t\t\tclass=\"ngg-simplelightbox\" rel=\"a29c065229d53608e283336fc69a420a\">\n\t\t\t\t<img\n\t\t\t\t\ttitle=\"korusverseny2013-50\"\n\t\t\t\t\talt=\"korusverseny2013-50\"\n\t\t\t\t\tsrc=\"https:\/\/www.aurin-choir.hu\/wp-content\/gallery\/bp-korusverseny-2013\/cache\/korusverseny2013-50.jpg-nggid042771-ngg0dyn-325x225x100-00f0w010c011r110f110r010t010.jpg\"\n\t\t\t\t\twidth=\"325\"\n\t\t\t\t\theight=\"225\"\n\t\t\t\t\tstyle=\"max-width:100%;\"\n\t\t\t\t\/>\n\t\t\t<\/a>\n\t\t<\/div>\n\t\t\t\t\t\t\t<\/div> \n\t\t\t\n\t\t\t\t<div id=\"ngg-image-50\" class=\"ngg-gallery-thumbnail-box \n\t\t\t\t\t\t\t\t\t\t\t\" \n\t\t\t>\n\t\t\t\t\t\t<div class=\"ngg-gallery-thumbnail\">\n\t\t\t<a href=\"https:\/\/www.aurin-choir.hu\/wp-content\/gallery\/bp-korusverseny-2013\/korusverseny2013-51.jpg\"\n\t\t\t\ttitle=\"????????????????????????????????????\"\n\t\t\t\tdata-src=\"https:\/\/www.aurin-choir.hu\/wp-content\/gallery\/bp-korusverseny-2013\/korusverseny2013-51.jpg\"\n\t\t\t\tdata-thumbnail=\"https:\/\/www.aurin-choir.hu\/wp-content\/gallery\/bp-korusverseny-2013\/thumbs\/thumbs_korusverseny2013-51.jpg\"\n\t\t\t\tdata-image-id=\"2772\"\n\t\t\t\tdata-title=\"korusverseny2013-51\"\n\t\t\t\tdata-description=\"????????????????????????????????????\"\n\t\t\t\tdata-image-slug=\"korusverseny2013-51\"\n\t\t\t\tclass=\"ngg-simplelightbox\" rel=\"a29c065229d53608e283336fc69a420a\">\n\t\t\t\t<img\n\t\t\t\t\ttitle=\"korusverseny2013-51\"\n\t\t\t\t\talt=\"korusverseny2013-51\"\n\t\t\t\t\tsrc=\"https:\/\/www.aurin-choir.hu\/wp-content\/gallery\/bp-korusverseny-2013\/cache\/korusverseny2013-51.jpg-nggid042772-ngg0dyn-325x225x100-00f0w010c011r110f110r010t010.jpg\"\n\t\t\t\t\twidth=\"325\"\n\t\t\t\t\theight=\"225\"\n\t\t\t\t\tstyle=\"max-width:100%;\"\n\t\t\t\t\/>\n\t\t\t<\/a>\n\t\t<\/div>\n\t\t\t\t\t\t\t<\/div> \n\t\t\t\n\t\t\t\t<div id=\"ngg-image-51\" class=\"ngg-gallery-thumbnail-box \n\t\t\t\t\t\t\t\t\t\t\t\" \n\t\t\t>\n\t\t\t\t\t\t<div class=\"ngg-gallery-thumbnail\">\n\t\t\t<a href=\"https:\/\/www.aurin-choir.hu\/wp-content\/gallery\/bp-korusverseny-2013\/korusverseny2013-52.jpg\"\n\t\t\t\ttitle=\"\"\n\t\t\t\tdata-src=\"https:\/\/www.aurin-choir.hu\/wp-content\/gallery\/bp-korusverseny-2013\/korusverseny2013-52.jpg\"\n\t\t\t\tdata-thumbnail=\"https:\/\/www.aurin-choir.hu\/wp-content\/gallery\/bp-korusverseny-2013\/thumbs\/thumbs_korusverseny2013-52.jpg\"\n\t\t\t\tdata-image-id=\"2773\"\n\t\t\t\tdata-title=\"korusverseny2013-52\"\n\t\t\t\tdata-description=\"\"\n\t\t\t\tdata-image-slug=\"korusverseny2013-52\"\n\t\t\t\tclass=\"ngg-simplelightbox\" rel=\"a29c065229d53608e283336fc69a420a\">\n\t\t\t\t<img\n\t\t\t\t\ttitle=\"korusverseny2013-52\"\n\t\t\t\t\talt=\"korusverseny2013-52\"\n\t\t\t\t\tsrc=\"https:\/\/www.aurin-choir.hu\/wp-content\/gallery\/bp-korusverseny-2013\/cache\/korusverseny2013-52.jpg-nggid042773-ngg0dyn-325x225x100-00f0w010c011r110f110r010t010.jpg\"\n\t\t\t\t\twidth=\"325\"\n\t\t\t\t\theight=\"225\"\n\t\t\t\t\tstyle=\"max-width:100%;\"\n\t\t\t\t\/>\n\t\t\t<\/a>\n\t\t<\/div>\n\t\t\t\t\t\t\t<\/div> \n\t\t\t\n\t\t\t\t<div id=\"ngg-image-52\" class=\"ngg-gallery-thumbnail-box \n\t\t\t\t\t\t\t\t\t\t\t\" \n\t\t\t>\n\t\t\t\t\t\t<div class=\"ngg-gallery-thumbnail\">\n\t\t\t<a href=\"https:\/\/www.aurin-choir.hu\/wp-content\/gallery\/bp-korusverseny-2013\/korusverseny2013-53.jpg\"\n\t\t\t\ttitle=\"\"\n\t\t\t\tdata-src=\"https:\/\/www.aurin-choir.hu\/wp-content\/gallery\/bp-korusverseny-2013\/korusverseny2013-53.jpg\"\n\t\t\t\tdata-thumbnail=\"https:\/\/www.aurin-choir.hu\/wp-content\/gallery\/bp-korusverseny-2013\/thumbs\/thumbs_korusverseny2013-53.jpg\"\n\t\t\t\tdata-image-id=\"2774\"\n\t\t\t\tdata-title=\"korusverseny2013-53\"\n\t\t\t\tdata-description=\"\"\n\t\t\t\tdata-image-slug=\"korusverseny2013-53\"\n\t\t\t\tclass=\"ngg-simplelightbox\" rel=\"a29c065229d53608e283336fc69a420a\">\n\t\t\t\t<img\n\t\t\t\t\ttitle=\"korusverseny2013-53\"\n\t\t\t\t\talt=\"korusverseny2013-53\"\n\t\t\t\t\tsrc=\"https:\/\/www.aurin-choir.hu\/wp-content\/gallery\/bp-korusverseny-2013\/cache\/korusverseny2013-53.jpg-nggid042774-ngg0dyn-325x225x100-00f0w010c011r110f110r010t010.jpg\"\n\t\t\t\t\twidth=\"325\"\n\t\t\t\t\theight=\"225\"\n\t\t\t\t\tstyle=\"max-width:100%;\"\n\t\t\t\t\/>\n\t\t\t<\/a>\n\t\t<\/div>\n\t\t\t\t\t\t\t<\/div> \n\t\t\t\n\t\t\t\t<div id=\"ngg-image-53\" class=\"ngg-gallery-thumbnail-box \n\t\t\t\t\t\t\t\t\t\t\t\" \n\t\t\t>\n\t\t\t\t\t\t<div class=\"ngg-gallery-thumbnail\">\n\t\t\t<a href=\"https:\/\/www.aurin-choir.hu\/wp-content\/gallery\/bp-korusverseny-2013\/korusverseny2013-54.jpg\"\n\t\t\t\ttitle=\"\"\n\t\t\t\tdata-src=\"https:\/\/www.aurin-choir.hu\/wp-content\/gallery\/bp-korusverseny-2013\/korusverseny2013-54.jpg\"\n\t\t\t\tdata-thumbnail=\"https:\/\/www.aurin-choir.hu\/wp-content\/gallery\/bp-korusverseny-2013\/thumbs\/thumbs_korusverseny2013-54.jpg\"\n\t\t\t\tdata-image-id=\"2775\"\n\t\t\t\tdata-title=\"korusverseny2013-54\"\n\t\t\t\tdata-description=\"\"\n\t\t\t\tdata-image-slug=\"korusverseny2013-54\"\n\t\t\t\tclass=\"ngg-simplelightbox\" rel=\"a29c065229d53608e283336fc69a420a\">\n\t\t\t\t<img\n\t\t\t\t\ttitle=\"korusverseny2013-54\"\n\t\t\t\t\talt=\"korusverseny2013-54\"\n\t\t\t\t\tsrc=\"https:\/\/www.aurin-choir.hu\/wp-content\/gallery\/bp-korusverseny-2013\/cache\/korusverseny2013-54.jpg-nggid042775-ngg0dyn-325x225x100-00f0w010c011r110f110r010t010.jpg\"\n\t\t\t\t\twidth=\"325\"\n\t\t\t\t\theight=\"225\"\n\t\t\t\t\tstyle=\"max-width:100%;\"\n\t\t\t\t\/>\n\t\t\t<\/a>\n\t\t<\/div>\n\t\t\t\t\t\t\t<\/div> \n\t\t\t\n\t\t\t\t<div id=\"ngg-image-54\" class=\"ngg-gallery-thumbnail-box \n\t\t\t\t\t\t\t\t\t\t\t\" \n\t\t\t>\n\t\t\t\t\t\t<div class=\"ngg-gallery-thumbnail\">\n\t\t\t<a href=\"https:\/\/www.aurin-choir.hu\/wp-content\/gallery\/bp-korusverseny-2013\/korusverseny2013-55.jpg\"\n\t\t\t\ttitle=\"????????????????????????????????????\"\n\t\t\t\tdata-src=\"https:\/\/www.aurin-choir.hu\/wp-content\/gallery\/bp-korusverseny-2013\/korusverseny2013-55.jpg\"\n\t\t\t\tdata-thumbnail=\"https:\/\/www.aurin-choir.hu\/wp-content\/gallery\/bp-korusverseny-2013\/thumbs\/thumbs_korusverseny2013-55.jpg\"\n\t\t\t\tdata-image-id=\"2776\"\n\t\t\t\tdata-title=\"korusverseny2013-55\"\n\t\t\t\tdata-description=\"????????????????????????????????????\"\n\t\t\t\tdata-image-slug=\"korusverseny2013-55\"\n\t\t\t\tclass=\"ngg-simplelightbox\" rel=\"a29c065229d53608e283336fc69a420a\">\n\t\t\t\t<img\n\t\t\t\t\ttitle=\"korusverseny2013-55\"\n\t\t\t\t\talt=\"korusverseny2013-55\"\n\t\t\t\t\tsrc=\"https:\/\/www.aurin-choir.hu\/wp-content\/gallery\/bp-korusverseny-2013\/cache\/korusverseny2013-55.jpg-nggid042776-ngg0dyn-325x225x100-00f0w010c011r110f110r010t010.jpg\"\n\t\t\t\t\twidth=\"325\"\n\t\t\t\t\theight=\"225\"\n\t\t\t\t\tstyle=\"max-width:100%;\"\n\t\t\t\t\/>\n\t\t\t<\/a>\n\t\t<\/div>\n\t\t\t\t\t\t\t<\/div> \n\t\t\t\n\t\t\t\t<div id=\"ngg-image-55\" class=\"ngg-gallery-thumbnail-box \n\t\t\t\t\t\t\t\t\t\t\t\" \n\t\t\t>\n\t\t\t\t\t\t<div class=\"ngg-gallery-thumbnail\">\n\t\t\t<a href=\"https:\/\/www.aurin-choir.hu\/wp-content\/gallery\/bp-korusverseny-2013\/korusverseny2013-56.jpg\"\n\t\t\t\ttitle=\"????????????????????????????????????\"\n\t\t\t\tdata-src=\"https:\/\/www.aurin-choir.hu\/wp-content\/gallery\/bp-korusverseny-2013\/korusverseny2013-56.jpg\"\n\t\t\t\tdata-thumbnail=\"https:\/\/www.aurin-choir.hu\/wp-content\/gallery\/bp-korusverseny-2013\/thumbs\/thumbs_korusverseny2013-56.jpg\"\n\t\t\t\tdata-image-id=\"2777\"\n\t\t\t\tdata-title=\"korusverseny2013-56\"\n\t\t\t\tdata-description=\"????????????????????????????????????\"\n\t\t\t\tdata-image-slug=\"korusverseny2013-56\"\n\t\t\t\tclass=\"ngg-simplelightbox\" rel=\"a29c065229d53608e283336fc69a420a\">\n\t\t\t\t<img\n\t\t\t\t\ttitle=\"korusverseny2013-56\"\n\t\t\t\t\talt=\"korusverseny2013-56\"\n\t\t\t\t\tsrc=\"https:\/\/www.aurin-choir.hu\/wp-content\/gallery\/bp-korusverseny-2013\/cache\/korusverseny2013-56.jpg-nggid042777-ngg0dyn-325x225x100-00f0w010c011r110f110r010t010.jpg\"\n\t\t\t\t\twidth=\"325\"\n\t\t\t\t\theight=\"225\"\n\t\t\t\t\tstyle=\"max-width:100%;\"\n\t\t\t\t\/>\n\t\t\t<\/a>\n\t\t<\/div>\n\t\t\t\t\t\t\t<\/div> \n\t\t\t\n\t\t\t\t<div id=\"ngg-image-56\" class=\"ngg-gallery-thumbnail-box \n\t\t\t\t\t\t\t\t\t\t\t\" \n\t\t\t>\n\t\t\t\t\t\t<div class=\"ngg-gallery-thumbnail\">\n\t\t\t<a href=\"https:\/\/www.aurin-choir.hu\/wp-content\/gallery\/bp-korusverseny-2013\/korusverseny2013-57.jpg\"\n\t\t\t\ttitle=\"????????????????????????????????????\"\n\t\t\t\tdata-src=\"https:\/\/www.aurin-choir.hu\/wp-content\/gallery\/bp-korusverseny-2013\/korusverseny2013-57.jpg\"\n\t\t\t\tdata-thumbnail=\"https:\/\/www.aurin-choir.hu\/wp-content\/gallery\/bp-korusverseny-2013\/thumbs\/thumbs_korusverseny2013-57.jpg\"\n\t\t\t\tdata-image-id=\"2778\"\n\t\t\t\tdata-title=\"korusverseny2013-57\"\n\t\t\t\tdata-description=\"????????????????????????????????????\"\n\t\t\t\tdata-image-slug=\"korusverseny2013-57\"\n\t\t\t\tclass=\"ngg-simplelightbox\" rel=\"a29c065229d53608e283336fc69a420a\">\n\t\t\t\t<img\n\t\t\t\t\ttitle=\"korusverseny2013-57\"\n\t\t\t\t\talt=\"korusverseny2013-57\"\n\t\t\t\t\tsrc=\"https:\/\/www.aurin-choir.hu\/wp-content\/gallery\/bp-korusverseny-2013\/cache\/korusverseny2013-57.jpg-nggid042778-ngg0dyn-325x225x100-00f0w010c011r110f110r010t010.jpg\"\n\t\t\t\t\twidth=\"325\"\n\t\t\t\t\theight=\"225\"\n\t\t\t\t\tstyle=\"max-width:100%;\"\n\t\t\t\t\/>\n\t\t\t<\/a>\n\t\t<\/div>\n\t\t\t\t\t\t\t<\/div> \n\t\t\t\n\t\t\t\t<div id=\"ngg-image-57\" class=\"ngg-gallery-thumbnail-box \n\t\t\t\t\t\t\t\t\t\t\t\" \n\t\t\t>\n\t\t\t\t\t\t<div class=\"ngg-gallery-thumbnail\">\n\t\t\t<a href=\"https:\/\/www.aurin-choir.hu\/wp-content\/gallery\/bp-korusverseny-2013\/korusverseny2013-58.jpg\"\n\t\t\t\ttitle=\"????????????????????????????????????\"\n\t\t\t\tdata-src=\"https:\/\/www.aurin-choir.hu\/wp-content\/gallery\/bp-korusverseny-2013\/korusverseny2013-58.jpg\"\n\t\t\t\tdata-thumbnail=\"https:\/\/www.aurin-choir.hu\/wp-content\/gallery\/bp-korusverseny-2013\/thumbs\/thumbs_korusverseny2013-58.jpg\"\n\t\t\t\tdata-image-id=\"2779\"\n\t\t\t\tdata-title=\"korusverseny2013-58\"\n\t\t\t\tdata-description=\"????????????????????????????????????\"\n\t\t\t\tdata-image-slug=\"korusverseny2013-58\"\n\t\t\t\tclass=\"ngg-simplelightbox\" rel=\"a29c065229d53608e283336fc69a420a\">\n\t\t\t\t<img\n\t\t\t\t\ttitle=\"korusverseny2013-58\"\n\t\t\t\t\talt=\"korusverseny2013-58\"\n\t\t\t\t\tsrc=\"https:\/\/www.aurin-choir.hu\/wp-content\/gallery\/bp-korusverseny-2013\/cache\/korusverseny2013-58.jpg-nggid042779-ngg0dyn-325x225x100-00f0w010c011r110f110r010t010.jpg\"\n\t\t\t\t\twidth=\"325\"\n\t\t\t\t\theight=\"225\"\n\t\t\t\t\tstyle=\"max-width:100%;\"\n\t\t\t\t\/>\n\t\t\t<\/a>\n\t\t<\/div>\n\t\t\t\t\t\t\t<\/div> \n\t\t\t\n\t\t\t\t<div id=\"ngg-image-58\" class=\"ngg-gallery-thumbnail-box \n\t\t\t\t\t\t\t\t\t\t\t\" \n\t\t\t>\n\t\t\t\t\t\t<div class=\"ngg-gallery-thumbnail\">\n\t\t\t<a href=\"https:\/\/www.aurin-choir.hu\/wp-content\/gallery\/bp-korusverseny-2013\/korusverseny2013-59.jpg\"\n\t\t\t\ttitle=\"????????????????????????????????????\"\n\t\t\t\tdata-src=\"https:\/\/www.aurin-choir.hu\/wp-content\/gallery\/bp-korusverseny-2013\/korusverseny2013-59.jpg\"\n\t\t\t\tdata-thumbnail=\"https:\/\/www.aurin-choir.hu\/wp-content\/gallery\/bp-korusverseny-2013\/thumbs\/thumbs_korusverseny2013-59.jpg\"\n\t\t\t\tdata-image-id=\"2780\"\n\t\t\t\tdata-title=\"korusverseny2013-59\"\n\t\t\t\tdata-description=\"????????????????????????????????????\"\n\t\t\t\tdata-image-slug=\"korusverseny2013-59\"\n\t\t\t\tclass=\"ngg-simplelightbox\" rel=\"a29c065229d53608e283336fc69a420a\">\n\t\t\t\t<img\n\t\t\t\t\ttitle=\"korusverseny2013-59\"\n\t\t\t\t\talt=\"korusverseny2013-59\"\n\t\t\t\t\tsrc=\"https:\/\/www.aurin-choir.hu\/wp-content\/gallery\/bp-korusverseny-2013\/cache\/korusverseny2013-59.jpg-nggid042780-ngg0dyn-325x225x100-00f0w010c011r110f110r010t010.jpg\"\n\t\t\t\t\twidth=\"325\"\n\t\t\t\t\theight=\"225\"\n\t\t\t\t\tstyle=\"max-width:100%;\"\n\t\t\t\t\/>\n\t\t\t<\/a>\n\t\t<\/div>\n\t\t\t\t\t\t\t<\/div> \n\t\t\t\n\t\t\t\t<div id=\"ngg-image-59\" class=\"ngg-gallery-thumbnail-box \n\t\t\t\t\t\t\t\t\t\t\t\" \n\t\t\t>\n\t\t\t\t\t\t<div class=\"ngg-gallery-thumbnail\">\n\t\t\t<a href=\"https:\/\/www.aurin-choir.hu\/wp-content\/gallery\/bp-korusverseny-2013\/korusverseny2013-60.jpg\"\n\t\t\t\ttitle=\"????????????????????????????????????\"\n\t\t\t\tdata-src=\"https:\/\/www.aurin-choir.hu\/wp-content\/gallery\/bp-korusverseny-2013\/korusverseny2013-60.jpg\"\n\t\t\t\tdata-thumbnail=\"https:\/\/www.aurin-choir.hu\/wp-content\/gallery\/bp-korusverseny-2013\/thumbs\/thumbs_korusverseny2013-60.jpg\"\n\t\t\t\tdata-image-id=\"2781\"\n\t\t\t\tdata-title=\"korusverseny2013-60\"\n\t\t\t\tdata-description=\"????????????????????????????????????\"\n\t\t\t\tdata-image-slug=\"korusverseny2013-60\"\n\t\t\t\tclass=\"ngg-simplelightbox\" rel=\"a29c065229d53608e283336fc69a420a\">\n\t\t\t\t<img\n\t\t\t\t\ttitle=\"korusverseny2013-60\"\n\t\t\t\t\talt=\"korusverseny2013-60\"\n\t\t\t\t\tsrc=\"https:\/\/www.aurin-choir.hu\/wp-content\/gallery\/bp-korusverseny-2013\/cache\/korusverseny2013-60.jpg-nggid042781-ngg0dyn-325x225x100-00f0w010c011r110f110r010t010.jpg\"\n\t\t\t\t\twidth=\"325\"\n\t\t\t\t\theight=\"225\"\n\t\t\t\t\tstyle=\"max-width:100%;\"\n\t\t\t\t\/>\n\t\t\t<\/a>\n\t\t<\/div>\n\t\t\t\t\t\t\t<\/div> \n\t\t\t\n\t\t\t\t<div id=\"ngg-image-60\" class=\"ngg-gallery-thumbnail-box \n\t\t\t\t\t\t\t\t\t\t\t\" \n\t\t\t>\n\t\t\t\t\t\t<div class=\"ngg-gallery-thumbnail\">\n\t\t\t<a href=\"https:\/\/www.aurin-choir.hu\/wp-content\/gallery\/bp-korusverseny-2013\/korusverseny2013-61.jpg\"\n\t\t\t\ttitle=\"????????????????????????????????????\"\n\t\t\t\tdata-src=\"https:\/\/www.aurin-choir.hu\/wp-content\/gallery\/bp-korusverseny-2013\/korusverseny2013-61.jpg\"\n\t\t\t\tdata-thumbnail=\"https:\/\/www.aurin-choir.hu\/wp-content\/gallery\/bp-korusverseny-2013\/thumbs\/thumbs_korusverseny2013-61.jpg\"\n\t\t\t\tdata-image-id=\"2782\"\n\t\t\t\tdata-title=\"korusverseny2013-61\"\n\t\t\t\tdata-description=\"????????????????????????????????????\"\n\t\t\t\tdata-image-slug=\"korusverseny2013-61\"\n\t\t\t\tclass=\"ngg-simplelightbox\" rel=\"a29c065229d53608e283336fc69a420a\">\n\t\t\t\t<img\n\t\t\t\t\ttitle=\"korusverseny2013-61\"\n\t\t\t\t\talt=\"korusverseny2013-61\"\n\t\t\t\t\tsrc=\"https:\/\/www.aurin-choir.hu\/wp-content\/gallery\/bp-korusverseny-2013\/cache\/korusverseny2013-61.jpg-nggid042782-ngg0dyn-325x225x100-00f0w010c011r110f110r010t010.jpg\"\n\t\t\t\t\twidth=\"325\"\n\t\t\t\t\theight=\"225\"\n\t\t\t\t\tstyle=\"max-width:100%;\"\n\t\t\t\t\/>\n\t\t\t<\/a>\n\t\t<\/div>\n\t\t\t\t\t\t\t<\/div> \n\t\t\t\n\t\t\t\t<div id=\"ngg-image-61\" class=\"ngg-gallery-thumbnail-box \n\t\t\t\t\t\t\t\t\t\t\t\" \n\t\t\t>\n\t\t\t\t\t\t<div class=\"ngg-gallery-thumbnail\">\n\t\t\t<a href=\"https:\/\/www.aurin-choir.hu\/wp-content\/gallery\/bp-korusverseny-2013\/korusverseny2013-62.jpg\"\n\t\t\t\ttitle=\"????????????????????????????????????\"\n\t\t\t\tdata-src=\"https:\/\/www.aurin-choir.hu\/wp-content\/gallery\/bp-korusverseny-2013\/korusverseny2013-62.jpg\"\n\t\t\t\tdata-thumbnail=\"https:\/\/www.aurin-choir.hu\/wp-content\/gallery\/bp-korusverseny-2013\/thumbs\/thumbs_korusverseny2013-62.jpg\"\n\t\t\t\tdata-image-id=\"2783\"\n\t\t\t\tdata-title=\"korusverseny2013-62\"\n\t\t\t\tdata-description=\"????????????????????????????????????\"\n\t\t\t\tdata-image-slug=\"korusverseny2013-62\"\n\t\t\t\tclass=\"ngg-simplelightbox\" rel=\"a29c065229d53608e283336fc69a420a\">\n\t\t\t\t<img\n\t\t\t\t\ttitle=\"korusverseny2013-62\"\n\t\t\t\t\talt=\"korusverseny2013-62\"\n\t\t\t\t\tsrc=\"https:\/\/www.aurin-choir.hu\/wp-content\/gallery\/bp-korusverseny-2013\/cache\/korusverseny2013-62.jpg-nggid042783-ngg0dyn-325x225x100-00f0w010c011r110f110r010t010.jpg\"\n\t\t\t\t\twidth=\"325\"\n\t\t\t\t\theight=\"225\"\n\t\t\t\t\tstyle=\"max-width:100%;\"\n\t\t\t\t\/>\n\t\t\t<\/a>\n\t\t<\/div>\n\t\t\t\t\t\t\t<\/div> \n\t\t\t\n\t\t\t\t<div id=\"ngg-image-62\" class=\"ngg-gallery-thumbnail-box \n\t\t\t\t\t\t\t\t\t\t\t\" \n\t\t\t>\n\t\t\t\t\t\t<div class=\"ngg-gallery-thumbnail\">\n\t\t\t<a href=\"https:\/\/www.aurin-choir.hu\/wp-content\/gallery\/bp-korusverseny-2013\/korusverseny2013-63.jpg\"\n\t\t\t\ttitle=\"????????????????????????????????????\"\n\t\t\t\tdata-src=\"https:\/\/www.aurin-choir.hu\/wp-content\/gallery\/bp-korusverseny-2013\/korusverseny2013-63.jpg\"\n\t\t\t\tdata-thumbnail=\"https:\/\/www.aurin-choir.hu\/wp-content\/gallery\/bp-korusverseny-2013\/thumbs\/thumbs_korusverseny2013-63.jpg\"\n\t\t\t\tdata-image-id=\"2784\"\n\t\t\t\tdata-title=\"korusverseny2013-63\"\n\t\t\t\tdata-description=\"????????????????????????????????????\"\n\t\t\t\tdata-image-slug=\"korusverseny2013-63\"\n\t\t\t\tclass=\"ngg-simplelightbox\" rel=\"a29c065229d53608e283336fc69a420a\">\n\t\t\t\t<img\n\t\t\t\t\ttitle=\"korusverseny2013-63\"\n\t\t\t\t\talt=\"korusverseny2013-63\"\n\t\t\t\t\tsrc=\"https:\/\/www.aurin-choir.hu\/wp-content\/gallery\/bp-korusverseny-2013\/cache\/korusverseny2013-63.jpg-nggid042784-ngg0dyn-325x225x100-00f0w010c011r110f110r010t010.jpg\"\n\t\t\t\t\twidth=\"325\"\n\t\t\t\t\theight=\"225\"\n\t\t\t\t\tstyle=\"max-width:100%;\"\n\t\t\t\t\/>\n\t\t\t<\/a>\n\t\t<\/div>\n\t\t\t\t\t\t\t<\/div> \n\t\t\t\n\t\t\t\t<div id=\"ngg-image-63\" class=\"ngg-gallery-thumbnail-box \n\t\t\t\t\t\t\t\t\t\t\t\" \n\t\t\t>\n\t\t\t\t\t\t<div class=\"ngg-gallery-thumbnail\">\n\t\t\t<a href=\"https:\/\/www.aurin-choir.hu\/wp-content\/gallery\/bp-korusverseny-2013\/korusverseny2013-64.jpg\"\n\t\t\t\ttitle=\"????????????????????????????????????\"\n\t\t\t\tdata-src=\"https:\/\/www.aurin-choir.hu\/wp-content\/gallery\/bp-korusverseny-2013\/korusverseny2013-64.jpg\"\n\t\t\t\tdata-thumbnail=\"https:\/\/www.aurin-choir.hu\/wp-content\/gallery\/bp-korusverseny-2013\/thumbs\/thumbs_korusverseny2013-64.jpg\"\n\t\t\t\tdata-image-id=\"2785\"\n\t\t\t\tdata-title=\"korusverseny2013-64\"\n\t\t\t\tdata-description=\"????????????????????????????????????\"\n\t\t\t\tdata-image-slug=\"korusverseny2013-64\"\n\t\t\t\tclass=\"ngg-simplelightbox\" rel=\"a29c065229d53608e283336fc69a420a\">\n\t\t\t\t<img\n\t\t\t\t\ttitle=\"korusverseny2013-64\"\n\t\t\t\t\talt=\"korusverseny2013-64\"\n\t\t\t\t\tsrc=\"https:\/\/www.aurin-choir.hu\/wp-content\/gallery\/bp-korusverseny-2013\/cache\/korusverseny2013-64.jpg-nggid042785-ngg0dyn-325x225x100-00f0w010c011r110f110r010t010.jpg\"\n\t\t\t\t\twidth=\"325\"\n\t\t\t\t\theight=\"225\"\n\t\t\t\t\tstyle=\"max-width:100%;\"\n\t\t\t\t\/>\n\t\t\t<\/a>\n\t\t<\/div>\n\t\t\t\t\t\t\t<\/div> \n\t\t\t\n\t\t\t\t<div id=\"ngg-image-64\" class=\"ngg-gallery-thumbnail-box \n\t\t\t\t\t\t\t\t\t\t\t\" \n\t\t\t>\n\t\t\t\t\t\t<div class=\"ngg-gallery-thumbnail\">\n\t\t\t<a href=\"https:\/\/www.aurin-choir.hu\/wp-content\/gallery\/bp-korusverseny-2013\/korusverseny2013-65.jpg\"\n\t\t\t\ttitle=\"????????????????????????????????????\"\n\t\t\t\tdata-src=\"https:\/\/www.aurin-choir.hu\/wp-content\/gallery\/bp-korusverseny-2013\/korusverseny2013-65.jpg\"\n\t\t\t\tdata-thumbnail=\"https:\/\/www.aurin-choir.hu\/wp-content\/gallery\/bp-korusverseny-2013\/thumbs\/thumbs_korusverseny2013-65.jpg\"\n\t\t\t\tdata-image-id=\"2786\"\n\t\t\t\tdata-title=\"korusverseny2013-65\"\n\t\t\t\tdata-description=\"????????????????????????????????????\"\n\t\t\t\tdata-image-slug=\"korusverseny2013-65\"\n\t\t\t\tclass=\"ngg-simplelightbox\" rel=\"a29c065229d53608e283336fc69a420a\">\n\t\t\t\t<img\n\t\t\t\t\ttitle=\"korusverseny2013-65\"\n\t\t\t\t\talt=\"korusverseny2013-65\"\n\t\t\t\t\tsrc=\"https:\/\/www.aurin-choir.hu\/wp-content\/gallery\/bp-korusverseny-2013\/cache\/korusverseny2013-65.jpg-nggid042786-ngg0dyn-325x225x100-00f0w010c011r110f110r010t010.jpg\"\n\t\t\t\t\twidth=\"325\"\n\t\t\t\t\theight=\"225\"\n\t\t\t\t\tstyle=\"max-width:100%;\"\n\t\t\t\t\/>\n\t\t\t<\/a>\n\t\t<\/div>\n\t\t\t\t\t\t\t<\/div> \n\t\t\t\n\t\t\t\t<div id=\"ngg-image-65\" class=\"ngg-gallery-thumbnail-box \n\t\t\t\t\t\t\t\t\t\t\t\" \n\t\t\t>\n\t\t\t\t\t\t<div class=\"ngg-gallery-thumbnail\">\n\t\t\t<a href=\"https:\/\/www.aurin-choir.hu\/wp-content\/gallery\/bp-korusverseny-2013\/korusverseny2013-66.jpg\"\n\t\t\t\ttitle=\"????????????????????????????????????\"\n\t\t\t\tdata-src=\"https:\/\/www.aurin-choir.hu\/wp-content\/gallery\/bp-korusverseny-2013\/korusverseny2013-66.jpg\"\n\t\t\t\tdata-thumbnail=\"https:\/\/www.aurin-choir.hu\/wp-content\/gallery\/bp-korusverseny-2013\/thumbs\/thumbs_korusverseny2013-66.jpg\"\n\t\t\t\tdata-image-id=\"2787\"\n\t\t\t\tdata-title=\"korusverseny2013-66\"\n\t\t\t\tdata-description=\"????????????????????????????????????\"\n\t\t\t\tdata-image-slug=\"korusverseny2013-66\"\n\t\t\t\tclass=\"ngg-simplelightbox\" rel=\"a29c065229d53608e283336fc69a420a\">\n\t\t\t\t<img\n\t\t\t\t\ttitle=\"korusverseny2013-66\"\n\t\t\t\t\talt=\"korusverseny2013-66\"\n\t\t\t\t\tsrc=\"https:\/\/www.aurin-choir.hu\/wp-content\/gallery\/bp-korusverseny-2013\/cache\/korusverseny2013-66.jpg-nggid042787-ngg0dyn-325x225x100-00f0w010c011r110f110r010t010.jpg\"\n\t\t\t\t\twidth=\"325\"\n\t\t\t\t\theight=\"225\"\n\t\t\t\t\tstyle=\"max-width:100%;\"\n\t\t\t\t\/>\n\t\t\t<\/a>\n\t\t<\/div>\n\t\t\t\t\t\t\t<\/div> \n\t\t\t\n\t\t\t\t<div id=\"ngg-image-66\" class=\"ngg-gallery-thumbnail-box \n\t\t\t\t\t\t\t\t\t\t\t\" \n\t\t\t>\n\t\t\t\t\t\t<div class=\"ngg-gallery-thumbnail\">\n\t\t\t<a href=\"https:\/\/www.aurin-choir.hu\/wp-content\/gallery\/bp-korusverseny-2013\/korusverseny2013-67.jpg\"\n\t\t\t\ttitle=\"????????????????????????????????????\"\n\t\t\t\tdata-src=\"https:\/\/www.aurin-choir.hu\/wp-content\/gallery\/bp-korusverseny-2013\/korusverseny2013-67.jpg\"\n\t\t\t\tdata-thumbnail=\"https:\/\/www.aurin-choir.hu\/wp-content\/gallery\/bp-korusverseny-2013\/thumbs\/thumbs_korusverseny2013-67.jpg\"\n\t\t\t\tdata-image-id=\"2788\"\n\t\t\t\tdata-title=\"korusverseny2013-67\"\n\t\t\t\tdata-description=\"????????????????????????????????????\"\n\t\t\t\tdata-image-slug=\"korusverseny2013-67\"\n\t\t\t\tclass=\"ngg-simplelightbox\" rel=\"a29c065229d53608e283336fc69a420a\">\n\t\t\t\t<img\n\t\t\t\t\ttitle=\"korusverseny2013-67\"\n\t\t\t\t\talt=\"korusverseny2013-67\"\n\t\t\t\t\tsrc=\"https:\/\/www.aurin-choir.hu\/wp-content\/gallery\/bp-korusverseny-2013\/cache\/korusverseny2013-67.jpg-nggid042788-ngg0dyn-325x225x100-00f0w010c011r110f110r010t010.jpg\"\n\t\t\t\t\twidth=\"325\"\n\t\t\t\t\theight=\"225\"\n\t\t\t\t\tstyle=\"max-width:100%;\"\n\t\t\t\t\/>\n\t\t\t<\/a>\n\t\t<\/div>\n\t\t\t\t\t\t\t<\/div> \n\t\t\t\n\t\t\t\t<div id=\"ngg-image-67\" class=\"ngg-gallery-thumbnail-box \n\t\t\t\t\t\t\t\t\t\t\t\" \n\t\t\t>\n\t\t\t\t\t\t<div class=\"ngg-gallery-thumbnail\">\n\t\t\t<a href=\"https:\/\/www.aurin-choir.hu\/wp-content\/gallery\/bp-korusverseny-2013\/korusverseny2013-68.jpg\"\n\t\t\t\ttitle=\"????????????????????????????????????\"\n\t\t\t\tdata-src=\"https:\/\/www.aurin-choir.hu\/wp-content\/gallery\/bp-korusverseny-2013\/korusverseny2013-68.jpg\"\n\t\t\t\tdata-thumbnail=\"https:\/\/www.aurin-choir.hu\/wp-content\/gallery\/bp-korusverseny-2013\/thumbs\/thumbs_korusverseny2013-68.jpg\"\n\t\t\t\tdata-image-id=\"2789\"\n\t\t\t\tdata-title=\"korusverseny2013-68\"\n\t\t\t\tdata-description=\"????????????????????????????????????\"\n\t\t\t\tdata-image-slug=\"korusverseny2013-68\"\n\t\t\t\tclass=\"ngg-simplelightbox\" rel=\"a29c065229d53608e283336fc69a420a\">\n\t\t\t\t<img\n\t\t\t\t\ttitle=\"korusverseny2013-68\"\n\t\t\t\t\talt=\"korusverseny2013-68\"\n\t\t\t\t\tsrc=\"https:\/\/www.aurin-choir.hu\/wp-content\/gallery\/bp-korusverseny-2013\/cache\/korusverseny2013-68.jpg-nggid042789-ngg0dyn-325x225x100-00f0w010c011r110f110r010t010.jpg\"\n\t\t\t\t\twidth=\"325\"\n\t\t\t\t\theight=\"225\"\n\t\t\t\t\tstyle=\"max-width:100%;\"\n\t\t\t\t\/>\n\t\t\t<\/a>\n\t\t<\/div>\n\t\t\t\t\t\t\t<\/div> \n\t\t\t\n\t\t\t\t<div id=\"ngg-image-68\" class=\"ngg-gallery-thumbnail-box \n\t\t\t\t\t\t\t\t\t\t\t\" \n\t\t\t>\n\t\t\t\t\t\t<div class=\"ngg-gallery-thumbnail\">\n\t\t\t<a href=\"https:\/\/www.aurin-choir.hu\/wp-content\/gallery\/bp-korusverseny-2013\/korusverseny2013-70.jpg\"\n\t\t\t\ttitle=\"????????????????????????????????????\"\n\t\t\t\tdata-src=\"https:\/\/www.aurin-choir.hu\/wp-content\/gallery\/bp-korusverseny-2013\/korusverseny2013-70.jpg\"\n\t\t\t\tdata-thumbnail=\"https:\/\/www.aurin-choir.hu\/wp-content\/gallery\/bp-korusverseny-2013\/thumbs\/thumbs_korusverseny2013-70.jpg\"\n\t\t\t\tdata-image-id=\"2790\"\n\t\t\t\tdata-title=\"korusverseny2013-70\"\n\t\t\t\tdata-description=\"????????????????????????????????????\"\n\t\t\t\tdata-image-slug=\"korusverseny2013-70\"\n\t\t\t\tclass=\"ngg-simplelightbox\" rel=\"a29c065229d53608e283336fc69a420a\">\n\t\t\t\t<img\n\t\t\t\t\ttitle=\"korusverseny2013-70\"\n\t\t\t\t\talt=\"korusverseny2013-70\"\n\t\t\t\t\tsrc=\"https:\/\/www.aurin-choir.hu\/wp-content\/gallery\/bp-korusverseny-2013\/cache\/korusverseny2013-70.jpg-nggid042790-ngg0dyn-325x225x100-00f0w010c011r110f110r010t010.jpg\"\n\t\t\t\t\twidth=\"325\"\n\t\t\t\t\theight=\"225\"\n\t\t\t\t\tstyle=\"max-width:100%;\"\n\t\t\t\t\/>\n\t\t\t<\/a>\n\t\t<\/div>\n\t\t\t\t\t\t\t<\/div> \n\t\t\t\n\t\t\t\t<div id=\"ngg-image-69\" class=\"ngg-gallery-thumbnail-box \n\t\t\t\t\t\t\t\t\t\t\t\" \n\t\t\t>\n\t\t\t\t\t\t<div class=\"ngg-gallery-thumbnail\">\n\t\t\t<a href=\"https:\/\/www.aurin-choir.hu\/wp-content\/gallery\/bp-korusverseny-2013\/korusverseny2013-71.jpg\"\n\t\t\t\ttitle=\"????????????????????????????????????\"\n\t\t\t\tdata-src=\"https:\/\/www.aurin-choir.hu\/wp-content\/gallery\/bp-korusverseny-2013\/korusverseny2013-71.jpg\"\n\t\t\t\tdata-thumbnail=\"https:\/\/www.aurin-choir.hu\/wp-content\/gallery\/bp-korusverseny-2013\/thumbs\/thumbs_korusverseny2013-71.jpg\"\n\t\t\t\tdata-image-id=\"2791\"\n\t\t\t\tdata-title=\"korusverseny2013-71\"\n\t\t\t\tdata-description=\"????????????????????????????????????\"\n\t\t\t\tdata-image-slug=\"korusverseny2013-71\"\n\t\t\t\tclass=\"ngg-simplelightbox\" rel=\"a29c065229d53608e283336fc69a420a\">\n\t\t\t\t<img\n\t\t\t\t\ttitle=\"korusverseny2013-71\"\n\t\t\t\t\talt=\"korusverseny2013-71\"\n\t\t\t\t\tsrc=\"https:\/\/www.aurin-choir.hu\/wp-content\/gallery\/bp-korusverseny-2013\/cache\/korusverseny2013-71.jpg-nggid042791-ngg0dyn-325x225x100-00f0w010c011r110f110r010t010.jpg\"\n\t\t\t\t\twidth=\"325\"\n\t\t\t\t\theight=\"225\"\n\t\t\t\t\tstyle=\"max-width:100%;\"\n\t\t\t\t\/>\n\t\t\t<\/a>\n\t\t<\/div>\n\t\t\t\t\t\t\t<\/div> \n\t\t\t\n\t\t\t\t<div id=\"ngg-image-70\" class=\"ngg-gallery-thumbnail-box \n\t\t\t\t\t\t\t\t\t\t\t\" \n\t\t\t>\n\t\t\t\t\t\t<div class=\"ngg-gallery-thumbnail\">\n\t\t\t<a href=\"https:\/\/www.aurin-choir.hu\/wp-content\/gallery\/bp-korusverseny-2013\/korusverseny2013-72.jpg\"\n\t\t\t\ttitle=\"????????????????????????????????????\"\n\t\t\t\tdata-src=\"https:\/\/www.aurin-choir.hu\/wp-content\/gallery\/bp-korusverseny-2013\/korusverseny2013-72.jpg\"\n\t\t\t\tdata-thumbnail=\"https:\/\/www.aurin-choir.hu\/wp-content\/gallery\/bp-korusverseny-2013\/thumbs\/thumbs_korusverseny2013-72.jpg\"\n\t\t\t\tdata-image-id=\"2792\"\n\t\t\t\tdata-title=\"korusverseny2013-72\"\n\t\t\t\tdata-description=\"????????????????????????????????????\"\n\t\t\t\tdata-image-slug=\"korusverseny2013-72\"\n\t\t\t\tclass=\"ngg-simplelightbox\" rel=\"a29c065229d53608e283336fc69a420a\">\n\t\t\t\t<img\n\t\t\t\t\ttitle=\"korusverseny2013-72\"\n\t\t\t\t\talt=\"korusverseny2013-72\"\n\t\t\t\t\tsrc=\"https:\/\/www.aurin-choir.hu\/wp-content\/gallery\/bp-korusverseny-2013\/cache\/korusverseny2013-72.jpg-nggid042792-ngg0dyn-325x225x100-00f0w010c011r110f110r010t010.jpg\"\n\t\t\t\t\twidth=\"325\"\n\t\t\t\t\theight=\"225\"\n\t\t\t\t\tstyle=\"max-width:100%;\"\n\t\t\t\t\/>\n\t\t\t<\/a>\n\t\t<\/div>\n\t\t\t\t\t\t\t<\/div> \n\t\t\t\n\t\t\t\t<div id=\"ngg-image-71\" class=\"ngg-gallery-thumbnail-box \n\t\t\t\t\t\t\t\t\t\t\t\" \n\t\t\t>\n\t\t\t\t\t\t<div class=\"ngg-gallery-thumbnail\">\n\t\t\t<a href=\"https:\/\/www.aurin-choir.hu\/wp-content\/gallery\/bp-korusverseny-2013\/korusverseny2013-73.jpg\"\n\t\t\t\ttitle=\"????????????????????????????????????\"\n\t\t\t\tdata-src=\"https:\/\/www.aurin-choir.hu\/wp-content\/gallery\/bp-korusverseny-2013\/korusverseny2013-73.jpg\"\n\t\t\t\tdata-thumbnail=\"https:\/\/www.aurin-choir.hu\/wp-content\/gallery\/bp-korusverseny-2013\/thumbs\/thumbs_korusverseny2013-73.jpg\"\n\t\t\t\tdata-image-id=\"2793\"\n\t\t\t\tdata-title=\"korusverseny2013-73\"\n\t\t\t\tdata-description=\"????????????????????????????????????\"\n\t\t\t\tdata-image-slug=\"korusverseny2013-73\"\n\t\t\t\tclass=\"ngg-simplelightbox\" rel=\"a29c065229d53608e283336fc69a420a\">\n\t\t\t\t<img\n\t\t\t\t\ttitle=\"korusverseny2013-73\"\n\t\t\t\t\talt=\"korusverseny2013-73\"\n\t\t\t\t\tsrc=\"https:\/\/www.aurin-choir.hu\/wp-content\/gallery\/bp-korusverseny-2013\/cache\/korusverseny2013-73.jpg-nggid042793-ngg0dyn-325x225x100-00f0w010c011r110f110r010t010.jpg\"\n\t\t\t\t\twidth=\"325\"\n\t\t\t\t\theight=\"225\"\n\t\t\t\t\tstyle=\"max-width:100%;\"\n\t\t\t\t\/>\n\t\t\t<\/a>\n\t\t<\/div>\n\t\t\t\t\t\t\t<\/div> \n\t\t\t\n\t\t\t\t<div id=\"ngg-image-72\" class=\"ngg-gallery-thumbnail-box \n\t\t\t\t\t\t\t\t\t\t\t\" \n\t\t\t>\n\t\t\t\t\t\t<div class=\"ngg-gallery-thumbnail\">\n\t\t\t<a href=\"https:\/\/www.aurin-choir.hu\/wp-content\/gallery\/bp-korusverseny-2013\/korusverseny2013-74.jpg\"\n\t\t\t\ttitle=\"????????????????????????????????????\"\n\t\t\t\tdata-src=\"https:\/\/www.aurin-choir.hu\/wp-content\/gallery\/bp-korusverseny-2013\/korusverseny2013-74.jpg\"\n\t\t\t\tdata-thumbnail=\"https:\/\/www.aurin-choir.hu\/wp-content\/gallery\/bp-korusverseny-2013\/thumbs\/thumbs_korusverseny2013-74.jpg\"\n\t\t\t\tdata-image-id=\"2794\"\n\t\t\t\tdata-title=\"korusverseny2013-74\"\n\t\t\t\tdata-description=\"????????????????????????????????????\"\n\t\t\t\tdata-image-slug=\"korusverseny2013-74\"\n\t\t\t\tclass=\"ngg-simplelightbox\" rel=\"a29c065229d53608e283336fc69a420a\">\n\t\t\t\t<img\n\t\t\t\t\ttitle=\"korusverseny2013-74\"\n\t\t\t\t\talt=\"korusverseny2013-74\"\n\t\t\t\t\tsrc=\"https:\/\/www.aurin-choir.hu\/wp-content\/gallery\/bp-korusverseny-2013\/cache\/korusverseny2013-74.jpg-nggid042794-ngg0dyn-325x225x100-00f0w010c011r110f110r010t010.jpg\"\n\t\t\t\t\twidth=\"325\"\n\t\t\t\t\theight=\"225\"\n\t\t\t\t\tstyle=\"max-width:100%;\"\n\t\t\t\t\/>\n\t\t\t<\/a>\n\t\t<\/div>\n\t\t\t\t\t\t\t<\/div> \n\t\t\t\n\t\t\t\t<div id=\"ngg-image-73\" class=\"ngg-gallery-thumbnail-box \n\t\t\t\t\t\t\t\t\t\t\t\" \n\t\t\t>\n\t\t\t\t\t\t<div class=\"ngg-gallery-thumbnail\">\n\t\t\t<a href=\"https:\/\/www.aurin-choir.hu\/wp-content\/gallery\/bp-korusverseny-2013\/korusverseny2013-75.jpg\"\n\t\t\t\ttitle=\"????????????????????????????????????\"\n\t\t\t\tdata-src=\"https:\/\/www.aurin-choir.hu\/wp-content\/gallery\/bp-korusverseny-2013\/korusverseny2013-75.jpg\"\n\t\t\t\tdata-thumbnail=\"https:\/\/www.aurin-choir.hu\/wp-content\/gallery\/bp-korusverseny-2013\/thumbs\/thumbs_korusverseny2013-75.jpg\"\n\t\t\t\tdata-image-id=\"2795\"\n\t\t\t\tdata-title=\"korusverseny2013-75\"\n\t\t\t\tdata-description=\"????????????????????????????????????\"\n\t\t\t\tdata-image-slug=\"korusverseny2013-75\"\n\t\t\t\tclass=\"ngg-simplelightbox\" rel=\"a29c065229d53608e283336fc69a420a\">\n\t\t\t\t<img\n\t\t\t\t\ttitle=\"korusverseny2013-75\"\n\t\t\t\t\talt=\"korusverseny2013-75\"\n\t\t\t\t\tsrc=\"https:\/\/www.aurin-choir.hu\/wp-content\/gallery\/bp-korusverseny-2013\/cache\/korusverseny2013-75.jpg-nggid042795-ngg0dyn-325x225x100-00f0w010c011r110f110r010t010.jpg\"\n\t\t\t\t\twidth=\"325\"\n\t\t\t\t\theight=\"225\"\n\t\t\t\t\tstyle=\"max-width:100%;\"\n\t\t\t\t\/>\n\t\t\t<\/a>\n\t\t<\/div>\n\t\t\t\t\t\t\t<\/div> \n\t\t\t\n\t\n\t<br style=\"clear: both\" \/>\n\n\t\n\t\t<!-- Pagination -->\n\t\t<div class='ngg-clear'><\/div>\t<\/div>\n<\/p>\n","protected":false},"author":1,"featured_media":8778,"comment_status":"closed","ping_status":"closed","template":"","meta":{"_et_pb_use_builder":"on","_et_pb_old_content":"","_et_gb_content_width":"","ngg_post_thumbnail":0,"footnotes":""},"project_category":[116,101,100],"project_tag":[],"class_list":["post-17673","project","type-project","status-publish","has-post-thumbnail","hentry","project_category-2013-en","project_category-aurin-noikar-en","project_category-aurin-leanykar-en"],"yoast_head":"<!-- This site is optimized with the Yoast SEO plugin v26.0 - https:\/\/yoast.com\/wordpress\/plugins\/seo\/ -->\n<title>XIV. Budapesti Nemzetk\u00f6zi K\u00f3rusverseny 2013 - Aurin - Miraculum<\/title>\n<meta name=\"robots\" content=\"index, follow, max-snippet:-1, max-image-preview:large, max-video-preview:-1\" \/>\n<link rel=\"canonical\" href=\"https:\/\/www.aurin-choir.hu\/project\/xiv-budapesti-nemzetkozi-korusverseny-2013\/\" \/>\n<meta property=\"og:locale\" content=\"en_US\" \/>\n<meta property=\"og:type\" content=\"article\" \/>\n<meta property=\"og:title\" content=\"XIV. Budapesti Nemzetk\u00f6zi K\u00f3rusverseny 2013 - Aurin - Miraculum\" \/>\n<meta property=\"og:description\" content=\"XIV. Budapesti Nemzetk\u00f6zi K\u00f3rusverseny 2013 Budapest Music Center, Kongresszusi K\u00f6zpont, Budapest\" \/>\n<meta property=\"og:url\" content=\"https:\/\/www.aurin-choir.hu\/project\/xiv-budapesti-nemzetkozi-korusverseny-2013\/\" \/>\n<meta property=\"og:site_name\" content=\"Aurin - Miraculum\" \/>\n<meta property=\"article:publisher\" content=\"https:\/\/www.facebook.com\/aurinchoir\" \/>\n<meta property=\"article:modified_time\" content=\"2025-04-07T16:33:25+00:00\" \/>\n<meta property=\"og:image\" content=\"https:\/\/www.aurin-choir.hu\/wp-content\/uploads\/2020\/03\/korusverseny2013-49.jpg\" \/>\n\t<meta property=\"og:image:width\" content=\"730\" \/>\n\t<meta property=\"og:image:height\" content=\"485\" \/>\n\t<meta property=\"og:image:type\" content=\"image\/jpeg\" \/>\n<meta name=\"twitter:card\" content=\"summary_large_image\" \/>\n<meta name=\"twitter:label1\" content=\"Est. reading time\" \/>\n\t<meta name=\"twitter:data1\" content=\"1 minute\" \/>\n<script type=\"application\/ld+json\" class=\"yoast-schema-graph\">{\"@context\":\"https:\/\/schema.org\",\"@graph\":[{\"@type\":\"WebPage\",\"@id\":\"https:\/\/www.aurin-choir.hu\/project\/xiv-budapesti-nemzetkozi-korusverseny-2013\/\",\"url\":\"https:\/\/www.aurin-choir.hu\/project\/xiv-budapesti-nemzetkozi-korusverseny-2013\/\",\"name\":\"XIV. Budapesti Nemzetk\u00f6zi K\u00f3rusverseny 2013 - Aurin - Miraculum\",\"isPartOf\":{\"@id\":\"https:\/\/www.aurin-choir.hu\/#website\"},\"primaryImageOfPage\":{\"@id\":\"https:\/\/www.aurin-choir.hu\/project\/xiv-budapesti-nemzetkozi-korusverseny-2013\/#primaryimage\"},\"image\":{\"@id\":\"https:\/\/www.aurin-choir.hu\/project\/xiv-budapesti-nemzetkozi-korusverseny-2013\/#primaryimage\"},\"thumbnailUrl\":\"https:\/\/www.aurin-choir.hu\/wp-content\/uploads\/2020\/03\/korusverseny2013-49.jpg\",\"datePublished\":\"2013-04-07T19:12:12+00:00\",\"dateModified\":\"2025-04-07T16:33:25+00:00\",\"breadcrumb\":{\"@id\":\"https:\/\/www.aurin-choir.hu\/project\/xiv-budapesti-nemzetkozi-korusverseny-2013\/#breadcrumb\"},\"inLanguage\":\"en-US\",\"potentialAction\":[{\"@type\":\"ReadAction\",\"target\":[\"https:\/\/www.aurin-choir.hu\/project\/xiv-budapesti-nemzetkozi-korusverseny-2013\/\"]}]},{\"@type\":\"ImageObject\",\"inLanguage\":\"en-US\",\"@id\":\"https:\/\/www.aurin-choir.hu\/project\/xiv-budapesti-nemzetkozi-korusverseny-2013\/#primaryimage\",\"url\":\"https:\/\/www.aurin-choir.hu\/wp-content\/uploads\/2020\/03\/korusverseny2013-49.jpg\",\"contentUrl\":\"https:\/\/www.aurin-choir.hu\/wp-content\/uploads\/2020\/03\/korusverseny2013-49.jpg\",\"width\":730,\"height\":485,\"caption\":\"????????????????????????????????????\"},{\"@type\":\"BreadcrumbList\",\"@id\":\"https:\/\/www.aurin-choir.hu\/project\/xiv-budapesti-nemzetkozi-korusverseny-2013\/#breadcrumb\",\"itemListElement\":[{\"@type\":\"ListItem\",\"position\":1,\"name\":\"Kezd\u0151lap\",\"item\":\"https:\/\/www.aurin-choir.hu\/en\/\"},{\"@type\":\"ListItem\",\"position\":2,\"name\":\"Projektek\",\"item\":\"https:\/\/www.aurin-choir.hu\/project\/\"},{\"@type\":\"ListItem\",\"position\":3,\"name\":\"XIV. Budapesti Nemzetk\u00f6zi K\u00f3rusverseny 2013\"}]},{\"@type\":\"WebSite\",\"@id\":\"https:\/\/www.aurin-choir.hu\/#website\",\"url\":\"https:\/\/www.aurin-choir.hu\/\",\"name\":\"Aurin - Miraculum\",\"description\":\"Aurin - Miraculum\",\"publisher\":{\"@id\":\"https:\/\/www.aurin-choir.hu\/#organization\"},\"potentialAction\":[{\"@type\":\"SearchAction\",\"target\":{\"@type\":\"EntryPoint\",\"urlTemplate\":\"https:\/\/www.aurin-choir.hu\/?s={search_term_string}\"},\"query-input\":{\"@type\":\"PropertyValueSpecification\",\"valueRequired\":true,\"valueName\":\"search_term_string\"}}],\"inLanguage\":\"en-US\"},{\"@type\":\"Organization\",\"@id\":\"https:\/\/www.aurin-choir.hu\/#organization\",\"name\":\"Aurin \u00e9s Miraculum Alap\u00edtv\u00e1ny\",\"url\":\"https:\/\/www.aurin-choir.hu\/\",\"logo\":{\"@type\":\"ImageObject\",\"inLanguage\":\"en-US\",\"@id\":\"https:\/\/www.aurin-choir.hu\/#\/schema\/logo\/image\/\",\"url\":\"https:\/\/www.aurin-choir.hu\/wp-content\/uploads\/2024\/05\/logo_webre_evadzaro2-1.png\",\"contentUrl\":\"https:\/\/www.aurin-choir.hu\/wp-content\/uploads\/2024\/05\/logo_webre_evadzaro2-1.png\",\"width\":500,\"height\":515,\"caption\":\"Aurin \u00e9s Miraculum Alap\u00edtv\u00e1ny\"},\"image\":{\"@id\":\"https:\/\/www.aurin-choir.hu\/#\/schema\/logo\/image\/\"},\"sameAs\":[\"https:\/\/www.facebook.com\/aurinchoir\"]}]}<\/script>\n<!-- \/ Yoast SEO plugin. -->","yoast_head_json":{"title":"XIV. Budapesti Nemzetk\u00f6zi K\u00f3rusverseny 2013 - Aurin - Miraculum","robots":{"index":"index","follow":"follow","max-snippet":"max-snippet:-1","max-image-preview":"max-image-preview:large","max-video-preview":"max-video-preview:-1"},"canonical":"https:\/\/www.aurin-choir.hu\/project\/xiv-budapesti-nemzetkozi-korusverseny-2013\/","og_locale":"en_US","og_type":"article","og_title":"XIV. Budapesti Nemzetk\u00f6zi K\u00f3rusverseny 2013 - Aurin - Miraculum","og_description":"XIV. Budapesti Nemzetk\u00f6zi K\u00f3rusverseny 2013 Budapest Music Center, Kongresszusi K\u00f6zpont, Budapest","og_url":"https:\/\/www.aurin-choir.hu\/project\/xiv-budapesti-nemzetkozi-korusverseny-2013\/","og_site_name":"Aurin - Miraculum","article_publisher":"https:\/\/www.facebook.com\/aurinchoir","article_modified_time":"2025-04-07T16:33:25+00:00","og_image":[{"width":730,"height":485,"url":"https:\/\/www.aurin-choir.hu\/wp-content\/uploads\/2020\/03\/korusverseny2013-49.jpg","type":"image\/jpeg"}],"twitter_card":"summary_large_image","twitter_misc":{"Est. reading time":"1 minute"},"schema":{"@context":"https:\/\/schema.org","@graph":[{"@type":"WebPage","@id":"https:\/\/www.aurin-choir.hu\/project\/xiv-budapesti-nemzetkozi-korusverseny-2013\/","url":"https:\/\/www.aurin-choir.hu\/project\/xiv-budapesti-nemzetkozi-korusverseny-2013\/","name":"XIV. Budapesti Nemzetk\u00f6zi K\u00f3rusverseny 2013 - Aurin - Miraculum","isPartOf":{"@id":"https:\/\/www.aurin-choir.hu\/#website"},"primaryImageOfPage":{"@id":"https:\/\/www.aurin-choir.hu\/project\/xiv-budapesti-nemzetkozi-korusverseny-2013\/#primaryimage"},"image":{"@id":"https:\/\/www.aurin-choir.hu\/project\/xiv-budapesti-nemzetkozi-korusverseny-2013\/#primaryimage"},"thumbnailUrl":"https:\/\/www.aurin-choir.hu\/wp-content\/uploads\/2020\/03\/korusverseny2013-49.jpg","datePublished":"2013-04-07T19:12:12+00:00","dateModified":"2025-04-07T16:33:25+00:00","breadcrumb":{"@id":"https:\/\/www.aurin-choir.hu\/project\/xiv-budapesti-nemzetkozi-korusverseny-2013\/#breadcrumb"},"inLanguage":"en-US","potentialAction":[{"@type":"ReadAction","target":["https:\/\/www.aurin-choir.hu\/project\/xiv-budapesti-nemzetkozi-korusverseny-2013\/"]}]},{"@type":"ImageObject","inLanguage":"en-US","@id":"https:\/\/www.aurin-choir.hu\/project\/xiv-budapesti-nemzetkozi-korusverseny-2013\/#primaryimage","url":"https:\/\/www.aurin-choir.hu\/wp-content\/uploads\/2020\/03\/korusverseny2013-49.jpg","contentUrl":"https:\/\/www.aurin-choir.hu\/wp-content\/uploads\/2020\/03\/korusverseny2013-49.jpg","width":730,"height":485,"caption":"????????????????????????????????????"},{"@type":"BreadcrumbList","@id":"https:\/\/www.aurin-choir.hu\/project\/xiv-budapesti-nemzetkozi-korusverseny-2013\/#breadcrumb","itemListElement":[{"@type":"ListItem","position":1,"name":"Kezd\u0151lap","item":"https:\/\/www.aurin-choir.hu\/en\/"},{"@type":"ListItem","position":2,"name":"Projektek","item":"https:\/\/www.aurin-choir.hu\/project\/"},{"@type":"ListItem","position":3,"name":"XIV. Budapesti Nemzetk\u00f6zi K\u00f3rusverseny 2013"}]},{"@type":"WebSite","@id":"https:\/\/www.aurin-choir.hu\/#website","url":"https:\/\/www.aurin-choir.hu\/","name":"Aurin - Miraculum","description":"Aurin - Miraculum","publisher":{"@id":"https:\/\/www.aurin-choir.hu\/#organization"},"potentialAction":[{"@type":"SearchAction","target":{"@type":"EntryPoint","urlTemplate":"https:\/\/www.aurin-choir.hu\/?s={search_term_string}"},"query-input":{"@type":"PropertyValueSpecification","valueRequired":true,"valueName":"search_term_string"}}],"inLanguage":"en-US"},{"@type":"Organization","@id":"https:\/\/www.aurin-choir.hu\/#organization","name":"Aurin \u00e9s Miraculum Alap\u00edtv\u00e1ny","url":"https:\/\/www.aurin-choir.hu\/","logo":{"@type":"ImageObject","inLanguage":"en-US","@id":"https:\/\/www.aurin-choir.hu\/#\/schema\/logo\/image\/","url":"https:\/\/www.aurin-choir.hu\/wp-content\/uploads\/2024\/05\/logo_webre_evadzaro2-1.png","contentUrl":"https:\/\/www.aurin-choir.hu\/wp-content\/uploads\/2024\/05\/logo_webre_evadzaro2-1.png","width":500,"height":515,"caption":"Aurin \u00e9s Miraculum Alap\u00edtv\u00e1ny"},"image":{"@id":"https:\/\/www.aurin-choir.hu\/#\/schema\/logo\/image\/"},"sameAs":["https:\/\/www.facebook.com\/aurinchoir"]}]}},"_links":{"self":[{"href":"https:\/\/www.aurin-choir.hu\/en\/wp-json\/wp\/v2\/project\/17673","targetHints":{"allow":["GET"]}}],"collection":[{"href":"https:\/\/www.aurin-choir.hu\/en\/wp-json\/wp\/v2\/project"}],"about":[{"href":"https:\/\/www.aurin-choir.hu\/en\/wp-json\/wp\/v2\/types\/project"}],"author":[{"embeddable":true,"href":"https:\/\/www.aurin-choir.hu\/en\/wp-json\/wp\/v2\/users\/1"}],"replies":[{"embeddable":true,"href":"https:\/\/www.aurin-choir.hu\/en\/wp-json\/wp\/v2\/comments?post=17673"}],"version-history":[{"count":1,"href":"https:\/\/www.aurin-choir.hu\/en\/wp-json\/wp\/v2\/project\/17673\/revisions"}],"predecessor-version":[{"id":17674,"href":"https:\/\/www.aurin-choir.hu\/en\/wp-json\/wp\/v2\/project\/17673\/revisions\/17674"}],"wp:featuredmedia":[{"embeddable":true,"href":"https:\/\/www.aurin-choir.hu\/en\/wp-json\/wp\/v2\/media\/8778"}],"wp:attachment":[{"href":"https:\/\/www.aurin-choir.hu\/en\/wp-json\/wp\/v2\/media?parent=17673"}],"wp:term":[{"taxonomy":"project_category","embeddable":true,"href":"https:\/\/www.aurin-choir.hu\/en\/wp-json\/wp\/v2\/project_category?post=17673"},{"taxonomy":"project_tag","embeddable":true,"href":"https:\/\/www.aurin-choir.hu\/en\/wp-json\/wp\/v2\/project_tag?post=17673"}],"curies":[{"name":"wp","href":"https:\/\/api.w.org\/{rel}","templated":true}]}}