{"id":17707,"date":"2009-03-18T18:39:13","date_gmt":"2009-03-18T18:39:13","guid":{"rendered":"https:\/\/www.aurin-choir.hu\/project\/xii-budapesti-nemzetkozi-korusverseny-2009\/"},"modified":"2025-04-07T16:44:36","modified_gmt":"2025-04-07T16:44:36","slug":"xii-budapesti-nemzetkozi-korusverseny-2009","status":"publish","type":"project","link":"https:\/\/www.aurin-choir.hu\/en\/project\/xii-budapesti-nemzetkozi-korusverseny-2009\/","title":{"rendered":"XII. Budapesti Nemzetk\u00f6zi K\u00f3rusverseny 2009"},"content":{"rendered":"<p>[et_pb_section fb_built=&#8221;1&#8243; _builder_version=&#8221;4.27.4&#8243; _module_preset=&#8221;default&#8221; da_disable_devices=&#8221;off|off|off&#8221; locked=&#8221;off&#8221; global_colors_info=&#8221;{}&#8221; da_is_popup=&#8221;off&#8221; da_exit_intent=&#8221;off&#8221; da_has_close=&#8221;on&#8221; da_alt_close=&#8221;off&#8221; da_dark_close=&#8221;off&#8221; da_not_modal=&#8221;on&#8221; da_is_singular=&#8221;off&#8221; da_with_loader=&#8221;off&#8221; da_has_shadow=&#8221;on&#8221;][et_pb_row _builder_version=&#8221;4.27.4&#8243; _module_preset=&#8221;default&#8221; global_colors_info=&#8221;{}&#8221;][et_pb_column type=&#8221;4_4&#8243; _builder_version=&#8221;4.27.4&#8243; _module_preset=&#8221;default&#8221; global_colors_info=&#8221;{}&#8221;][et_pb_text _builder_version=&#8221;4.27.4&#8243; _module_preset=&#8221;default&#8221; text_font=&#8221;|600|||||||&#8221; header_font=&#8221;|700|||||||&#8221; header_font_size=&#8221;31px&#8221; header_2_font=&#8221;||on||||||&#8221; hover_enabled=&#8221;0&#8243; global_colors_info=&#8221;{}&#8221; sticky_enabled=&#8221;0&#8243;]<\/p>\n<h1 class=\"entry-title\">XII. Budapesti Nemzetk\u00f6zi K\u00f3rusverseny 2009<\/h1>\n<p><b><\/b><\/p>\n<p>M\u0171v\u00e9szetek Palot\u00e1ja, Budapest[\/et_pb_text][\/et_pb_column][\/et_pb_row][et_pb_row _builder_version=&#8221;4.27.4&#8243; _module_preset=&#8221;default&#8221; custom_padding=&#8221;0px||0px||false|false&#8221; global_colors_info=&#8221;{}&#8221;][et_pb_column type=&#8221;4_4&#8243; _builder_version=&#8221;4.27.4&#8243; _module_preset=&#8221;default&#8221; global_colors_info=&#8221;{}&#8221;][et_pb_text _builder_version=&#8221;4.27.4&#8243; _module_preset=&#8221;default&#8221; global_colors_info=&#8221;{}&#8221;]ngg_shortcode_0_placeholder[\/et_pb_text][\/et_pb_column][\/et_pb_row][\/et_pb_section]<\/p>\n","protected":false},"excerpt":{"rendered":"<p>XII. Budapesti Nemzetk\u00f6zi K\u00f3rusverseny 2009 M\u0171v\u00e9szetek Palot\u00e1ja, Budapest<!-- default-view.php -->\n<div\n\tclass=\"ngg-galleryoverview default-view \n\t\t\"\n\tid=\"ngg-gallery-747add9b2f2aa3573d676a1fdba0e172-1\">\n\n\t\t<!-- Thumbnails -->\n\t\t\t\t<div id=\"ngg-image-0\" class=\"ngg-gallery-thumbnail-box \n\t\t\t\t\t\t\t\t\t\t\t\" \n\t\t\t>\n\t\t\t\t\t\t<div class=\"ngg-gallery-thumbnail\">\n\t\t\t<a href=\"https:\/\/www.aurin-choir.hu\/wp-content\/gallery\/bp-korusversreny-2009\/korusverseny2009-1.jpg\"\n\t\t\t\ttitle=\"\"\n\t\t\t\tdata-src=\"https:\/\/www.aurin-choir.hu\/wp-content\/gallery\/bp-korusversreny-2009\/korusverseny2009-1.jpg\"\n\t\t\t\tdata-thumbnail=\"https:\/\/www.aurin-choir.hu\/wp-content\/gallery\/bp-korusversreny-2009\/thumbs\/thumbs_korusverseny2009-1.jpg\"\n\t\t\t\tdata-image-id=\"4241\"\n\t\t\t\tdata-title=\"korusverseny2009-1\"\n\t\t\t\tdata-description=\"\"\n\t\t\t\tdata-image-slug=\"korusverseny2009-1\"\n\t\t\t\tclass=\"ngg-simplelightbox\" rel=\"747add9b2f2aa3573d676a1fdba0e172\">\n\t\t\t\t<img\n\t\t\t\t\ttitle=\"korusverseny2009-1\"\n\t\t\t\t\talt=\"korusverseny2009-1\"\n\t\t\t\t\tsrc=\"https:\/\/www.aurin-choir.hu\/wp-content\/gallery\/bp-korusversreny-2009\/cache\/korusverseny2009-1.jpg-nggid044241-ngg0dyn-325x225x100-00f0w010c011r110f110r010t010.jpg\"\n\t\t\t\t\twidth=\"325\"\n\t\t\t\t\theight=\"225\"\n\t\t\t\t\tstyle=\"max-width:100%;\"\n\t\t\t\t\/>\n\t\t\t<\/a>\n\t\t<\/div>\n\t\t\t\t\t\t\t<\/div> \n\t\t\t\n\t\t\t\t<div id=\"ngg-image-1\" class=\"ngg-gallery-thumbnail-box \n\t\t\t\t\t\t\t\t\t\t\t\" \n\t\t\t>\n\t\t\t\t\t\t<div class=\"ngg-gallery-thumbnail\">\n\t\t\t<a href=\"https:\/\/www.aurin-choir.hu\/wp-content\/gallery\/bp-korusversreny-2009\/korusverseny2009-2.jpg\"\n\t\t\t\ttitle=\"\"\n\t\t\t\tdata-src=\"https:\/\/www.aurin-choir.hu\/wp-content\/gallery\/bp-korusversreny-2009\/korusverseny2009-2.jpg\"\n\t\t\t\tdata-thumbnail=\"https:\/\/www.aurin-choir.hu\/wp-content\/gallery\/bp-korusversreny-2009\/thumbs\/thumbs_korusverseny2009-2.jpg\"\n\t\t\t\tdata-image-id=\"4242\"\n\t\t\t\tdata-title=\"korusverseny2009-2\"\n\t\t\t\tdata-description=\"\"\n\t\t\t\tdata-image-slug=\"korusverseny2009-2\"\n\t\t\t\tclass=\"ngg-simplelightbox\" rel=\"747add9b2f2aa3573d676a1fdba0e172\">\n\t\t\t\t<img\n\t\t\t\t\ttitle=\"korusverseny2009-2\"\n\t\t\t\t\talt=\"korusverseny2009-2\"\n\t\t\t\t\tsrc=\"https:\/\/www.aurin-choir.hu\/wp-content\/gallery\/bp-korusversreny-2009\/cache\/korusverseny2009-2.jpg-nggid044242-ngg0dyn-325x225x100-00f0w010c011r110f110r010t010.jpg\"\n\t\t\t\t\twidth=\"325\"\n\t\t\t\t\theight=\"225\"\n\t\t\t\t\tstyle=\"max-width:100%;\"\n\t\t\t\t\/>\n\t\t\t<\/a>\n\t\t<\/div>\n\t\t\t\t\t\t\t<\/div> \n\t\t\t\n\t\t\t\t<div id=\"ngg-image-2\" class=\"ngg-gallery-thumbnail-box \n\t\t\t\t\t\t\t\t\t\t\t\" \n\t\t\t>\n\t\t\t\t\t\t<div class=\"ngg-gallery-thumbnail\">\n\t\t\t<a href=\"https:\/\/www.aurin-choir.hu\/wp-content\/gallery\/bp-korusversreny-2009\/korusverseny2009-3.jpg\"\n\t\t\t\ttitle=\"\"\n\t\t\t\tdata-src=\"https:\/\/www.aurin-choir.hu\/wp-content\/gallery\/bp-korusversreny-2009\/korusverseny2009-3.jpg\"\n\t\t\t\tdata-thumbnail=\"https:\/\/www.aurin-choir.hu\/wp-content\/gallery\/bp-korusversreny-2009\/thumbs\/thumbs_korusverseny2009-3.jpg\"\n\t\t\t\tdata-image-id=\"4243\"\n\t\t\t\tdata-title=\"korusverseny2009-3\"\n\t\t\t\tdata-description=\"\"\n\t\t\t\tdata-image-slug=\"korusverseny2009-3\"\n\t\t\t\tclass=\"ngg-simplelightbox\" rel=\"747add9b2f2aa3573d676a1fdba0e172\">\n\t\t\t\t<img\n\t\t\t\t\ttitle=\"korusverseny2009-3\"\n\t\t\t\t\talt=\"korusverseny2009-3\"\n\t\t\t\t\tsrc=\"https:\/\/www.aurin-choir.hu\/wp-content\/gallery\/bp-korusversreny-2009\/cache\/korusverseny2009-3.jpg-nggid044243-ngg0dyn-325x225x100-00f0w010c011r110f110r010t010.jpg\"\n\t\t\t\t\twidth=\"325\"\n\t\t\t\t\theight=\"225\"\n\t\t\t\t\tstyle=\"max-width:100%;\"\n\t\t\t\t\/>\n\t\t\t<\/a>\n\t\t<\/div>\n\t\t\t\t\t\t\t<\/div> \n\t\t\t\n\t\t\t\t<div id=\"ngg-image-3\" class=\"ngg-gallery-thumbnail-box \n\t\t\t\t\t\t\t\t\t\t\t\" \n\t\t\t>\n\t\t\t\t\t\t<div class=\"ngg-gallery-thumbnail\">\n\t\t\t<a href=\"https:\/\/www.aurin-choir.hu\/wp-content\/gallery\/bp-korusversreny-2009\/korusverseny2009-4.jpg\"\n\t\t\t\ttitle=\"\"\n\t\t\t\tdata-src=\"https:\/\/www.aurin-choir.hu\/wp-content\/gallery\/bp-korusversreny-2009\/korusverseny2009-4.jpg\"\n\t\t\t\tdata-thumbnail=\"https:\/\/www.aurin-choir.hu\/wp-content\/gallery\/bp-korusversreny-2009\/thumbs\/thumbs_korusverseny2009-4.jpg\"\n\t\t\t\tdata-image-id=\"4244\"\n\t\t\t\tdata-title=\"korusverseny2009-4\"\n\t\t\t\tdata-description=\"\"\n\t\t\t\tdata-image-slug=\"korusverseny2009-4\"\n\t\t\t\tclass=\"ngg-simplelightbox\" rel=\"747add9b2f2aa3573d676a1fdba0e172\">\n\t\t\t\t<img\n\t\t\t\t\ttitle=\"korusverseny2009-4\"\n\t\t\t\t\talt=\"korusverseny2009-4\"\n\t\t\t\t\tsrc=\"https:\/\/www.aurin-choir.hu\/wp-content\/gallery\/bp-korusversreny-2009\/cache\/korusverseny2009-4.jpg-nggid044244-ngg0dyn-325x225x100-00f0w010c011r110f110r010t010.jpg\"\n\t\t\t\t\twidth=\"325\"\n\t\t\t\t\theight=\"225\"\n\t\t\t\t\tstyle=\"max-width:100%;\"\n\t\t\t\t\/>\n\t\t\t<\/a>\n\t\t<\/div>\n\t\t\t\t\t\t\t<\/div> \n\t\t\t\n\t\t\t\t<div id=\"ngg-image-4\" class=\"ngg-gallery-thumbnail-box \n\t\t\t\t\t\t\t\t\t\t\t\" \n\t\t\t>\n\t\t\t\t\t\t<div class=\"ngg-gallery-thumbnail\">\n\t\t\t<a href=\"https:\/\/www.aurin-choir.hu\/wp-content\/gallery\/bp-korusversreny-2009\/korusverseny2009-5.jpg\"\n\t\t\t\ttitle=\"\"\n\t\t\t\tdata-src=\"https:\/\/www.aurin-choir.hu\/wp-content\/gallery\/bp-korusversreny-2009\/korusverseny2009-5.jpg\"\n\t\t\t\tdata-thumbnail=\"https:\/\/www.aurin-choir.hu\/wp-content\/gallery\/bp-korusversreny-2009\/thumbs\/thumbs_korusverseny2009-5.jpg\"\n\t\t\t\tdata-image-id=\"4245\"\n\t\t\t\tdata-title=\"korusverseny2009-5\"\n\t\t\t\tdata-description=\"\"\n\t\t\t\tdata-image-slug=\"korusverseny2009-5\"\n\t\t\t\tclass=\"ngg-simplelightbox\" rel=\"747add9b2f2aa3573d676a1fdba0e172\">\n\t\t\t\t<img\n\t\t\t\t\ttitle=\"korusverseny2009-5\"\n\t\t\t\t\talt=\"korusverseny2009-5\"\n\t\t\t\t\tsrc=\"https:\/\/www.aurin-choir.hu\/wp-content\/gallery\/bp-korusversreny-2009\/cache\/korusverseny2009-5.jpg-nggid044245-ngg0dyn-325x225x100-00f0w010c011r110f110r010t010.jpg\"\n\t\t\t\t\twidth=\"325\"\n\t\t\t\t\theight=\"225\"\n\t\t\t\t\tstyle=\"max-width:100%;\"\n\t\t\t\t\/>\n\t\t\t<\/a>\n\t\t<\/div>\n\t\t\t\t\t\t\t<\/div> \n\t\t\t\n\t\t\t\t<div id=\"ngg-image-5\" class=\"ngg-gallery-thumbnail-box \n\t\t\t\t\t\t\t\t\t\t\t\" \n\t\t\t>\n\t\t\t\t\t\t<div class=\"ngg-gallery-thumbnail\">\n\t\t\t<a href=\"https:\/\/www.aurin-choir.hu\/wp-content\/gallery\/bp-korusversreny-2009\/korusverseny2009-7.jpg\"\n\t\t\t\ttitle=\"\"\n\t\t\t\tdata-src=\"https:\/\/www.aurin-choir.hu\/wp-content\/gallery\/bp-korusversreny-2009\/korusverseny2009-7.jpg\"\n\t\t\t\tdata-thumbnail=\"https:\/\/www.aurin-choir.hu\/wp-content\/gallery\/bp-korusversreny-2009\/thumbs\/thumbs_korusverseny2009-7.jpg\"\n\t\t\t\tdata-image-id=\"4246\"\n\t\t\t\tdata-title=\"korusverseny2009-7\"\n\t\t\t\tdata-description=\"\"\n\t\t\t\tdata-image-slug=\"korusverseny2009-7\"\n\t\t\t\tclass=\"ngg-simplelightbox\" rel=\"747add9b2f2aa3573d676a1fdba0e172\">\n\t\t\t\t<img\n\t\t\t\t\ttitle=\"korusverseny2009-7\"\n\t\t\t\t\talt=\"korusverseny2009-7\"\n\t\t\t\t\tsrc=\"https:\/\/www.aurin-choir.hu\/wp-content\/gallery\/bp-korusversreny-2009\/cache\/korusverseny2009-7.jpg-nggid044246-ngg0dyn-325x225x100-00f0w010c011r110f110r010t010.jpg\"\n\t\t\t\t\twidth=\"325\"\n\t\t\t\t\theight=\"225\"\n\t\t\t\t\tstyle=\"max-width:100%;\"\n\t\t\t\t\/>\n\t\t\t<\/a>\n\t\t<\/div>\n\t\t\t\t\t\t\t<\/div> \n\t\t\t\n\t\t\t\t<div id=\"ngg-image-6\" class=\"ngg-gallery-thumbnail-box \n\t\t\t\t\t\t\t\t\t\t\t\" \n\t\t\t>\n\t\t\t\t\t\t<div class=\"ngg-gallery-thumbnail\">\n\t\t\t<a href=\"https:\/\/www.aurin-choir.hu\/wp-content\/gallery\/bp-korusversreny-2009\/korusverseny2009-8.jpg\"\n\t\t\t\ttitle=\"\"\n\t\t\t\tdata-src=\"https:\/\/www.aurin-choir.hu\/wp-content\/gallery\/bp-korusversreny-2009\/korusverseny2009-8.jpg\"\n\t\t\t\tdata-thumbnail=\"https:\/\/www.aurin-choir.hu\/wp-content\/gallery\/bp-korusversreny-2009\/thumbs\/thumbs_korusverseny2009-8.jpg\"\n\t\t\t\tdata-image-id=\"4247\"\n\t\t\t\tdata-title=\"korusverseny2009-8\"\n\t\t\t\tdata-description=\"\"\n\t\t\t\tdata-image-slug=\"korusverseny2009-8\"\n\t\t\t\tclass=\"ngg-simplelightbox\" rel=\"747add9b2f2aa3573d676a1fdba0e172\">\n\t\t\t\t<img\n\t\t\t\t\ttitle=\"korusverseny2009-8\"\n\t\t\t\t\talt=\"korusverseny2009-8\"\n\t\t\t\t\tsrc=\"https:\/\/www.aurin-choir.hu\/wp-content\/gallery\/bp-korusversreny-2009\/cache\/korusverseny2009-8.jpg-nggid044247-ngg0dyn-325x225x100-00f0w010c011r110f110r010t010.jpg\"\n\t\t\t\t\twidth=\"325\"\n\t\t\t\t\theight=\"225\"\n\t\t\t\t\tstyle=\"max-width:100%;\"\n\t\t\t\t\/>\n\t\t\t<\/a>\n\t\t<\/div>\n\t\t\t\t\t\t\t<\/div> \n\t\t\t\n\t\t\t\t<div id=\"ngg-image-7\" class=\"ngg-gallery-thumbnail-box \n\t\t\t\t\t\t\t\t\t\t\t\" \n\t\t\t>\n\t\t\t\t\t\t<div class=\"ngg-gallery-thumbnail\">\n\t\t\t<a href=\"https:\/\/www.aurin-choir.hu\/wp-content\/gallery\/bp-korusversreny-2009\/korusverseny2009-9.jpg\"\n\t\t\t\ttitle=\"\"\n\t\t\t\tdata-src=\"https:\/\/www.aurin-choir.hu\/wp-content\/gallery\/bp-korusversreny-2009\/korusverseny2009-9.jpg\"\n\t\t\t\tdata-thumbnail=\"https:\/\/www.aurin-choir.hu\/wp-content\/gallery\/bp-korusversreny-2009\/thumbs\/thumbs_korusverseny2009-9.jpg\"\n\t\t\t\tdata-image-id=\"4248\"\n\t\t\t\tdata-title=\"korusverseny2009-9\"\n\t\t\t\tdata-description=\"\"\n\t\t\t\tdata-image-slug=\"korusverseny2009-9\"\n\t\t\t\tclass=\"ngg-simplelightbox\" rel=\"747add9b2f2aa3573d676a1fdba0e172\">\n\t\t\t\t<img\n\t\t\t\t\ttitle=\"korusverseny2009-9\"\n\t\t\t\t\talt=\"korusverseny2009-9\"\n\t\t\t\t\tsrc=\"https:\/\/www.aurin-choir.hu\/wp-content\/gallery\/bp-korusversreny-2009\/cache\/korusverseny2009-9.jpg-nggid044248-ngg0dyn-325x225x100-00f0w010c011r110f110r010t010.jpg\"\n\t\t\t\t\twidth=\"325\"\n\t\t\t\t\theight=\"225\"\n\t\t\t\t\tstyle=\"max-width:100%;\"\n\t\t\t\t\/>\n\t\t\t<\/a>\n\t\t<\/div>\n\t\t\t\t\t\t\t<\/div> \n\t\t\t\n\t\t\t\t<div id=\"ngg-image-8\" class=\"ngg-gallery-thumbnail-box \n\t\t\t\t\t\t\t\t\t\t\t\" \n\t\t\t>\n\t\t\t\t\t\t<div class=\"ngg-gallery-thumbnail\">\n\t\t\t<a href=\"https:\/\/www.aurin-choir.hu\/wp-content\/gallery\/bp-korusversreny-2009\/korusverseny2009-10.jpg\"\n\t\t\t\ttitle=\"\"\n\t\t\t\tdata-src=\"https:\/\/www.aurin-choir.hu\/wp-content\/gallery\/bp-korusversreny-2009\/korusverseny2009-10.jpg\"\n\t\t\t\tdata-thumbnail=\"https:\/\/www.aurin-choir.hu\/wp-content\/gallery\/bp-korusversreny-2009\/thumbs\/thumbs_korusverseny2009-10.jpg\"\n\t\t\t\tdata-image-id=\"4249\"\n\t\t\t\tdata-title=\"korusverseny2009-10\"\n\t\t\t\tdata-description=\"\"\n\t\t\t\tdata-image-slug=\"korusverseny2009-10\"\n\t\t\t\tclass=\"ngg-simplelightbox\" rel=\"747add9b2f2aa3573d676a1fdba0e172\">\n\t\t\t\t<img\n\t\t\t\t\ttitle=\"korusverseny2009-10\"\n\t\t\t\t\talt=\"korusverseny2009-10\"\n\t\t\t\t\tsrc=\"https:\/\/www.aurin-choir.hu\/wp-content\/gallery\/bp-korusversreny-2009\/cache\/korusverseny2009-10.jpg-nggid044249-ngg0dyn-325x225x100-00f0w010c011r110f110r010t010.jpg\"\n\t\t\t\t\twidth=\"325\"\n\t\t\t\t\theight=\"225\"\n\t\t\t\t\tstyle=\"max-width:100%;\"\n\t\t\t\t\/>\n\t\t\t<\/a>\n\t\t<\/div>\n\t\t\t\t\t\t\t<\/div> \n\t\t\t\n\t\t\t\t<div id=\"ngg-image-9\" class=\"ngg-gallery-thumbnail-box \n\t\t\t\t\t\t\t\t\t\t\t\" \n\t\t\t>\n\t\t\t\t\t\t<div class=\"ngg-gallery-thumbnail\">\n\t\t\t<a href=\"https:\/\/www.aurin-choir.hu\/wp-content\/gallery\/bp-korusversreny-2009\/korusverseny2009-12.jpg\"\n\t\t\t\ttitle=\"\"\n\t\t\t\tdata-src=\"https:\/\/www.aurin-choir.hu\/wp-content\/gallery\/bp-korusversreny-2009\/korusverseny2009-12.jpg\"\n\t\t\t\tdata-thumbnail=\"https:\/\/www.aurin-choir.hu\/wp-content\/gallery\/bp-korusversreny-2009\/thumbs\/thumbs_korusverseny2009-12.jpg\"\n\t\t\t\tdata-image-id=\"4250\"\n\t\t\t\tdata-title=\"korusverseny2009-12\"\n\t\t\t\tdata-description=\"\"\n\t\t\t\tdata-image-slug=\"korusverseny2009-12\"\n\t\t\t\tclass=\"ngg-simplelightbox\" rel=\"747add9b2f2aa3573d676a1fdba0e172\">\n\t\t\t\t<img\n\t\t\t\t\ttitle=\"korusverseny2009-12\"\n\t\t\t\t\talt=\"korusverseny2009-12\"\n\t\t\t\t\tsrc=\"https:\/\/www.aurin-choir.hu\/wp-content\/gallery\/bp-korusversreny-2009\/cache\/korusverseny2009-12.jpg-nggid044250-ngg0dyn-325x225x100-00f0w010c011r110f110r010t010.jpg\"\n\t\t\t\t\twidth=\"325\"\n\t\t\t\t\theight=\"225\"\n\t\t\t\t\tstyle=\"max-width:100%;\"\n\t\t\t\t\/>\n\t\t\t<\/a>\n\t\t<\/div>\n\t\t\t\t\t\t\t<\/div> \n\t\t\t\n\t\t\t\t<div id=\"ngg-image-10\" class=\"ngg-gallery-thumbnail-box \n\t\t\t\t\t\t\t\t\t\t\t\" \n\t\t\t>\n\t\t\t\t\t\t<div class=\"ngg-gallery-thumbnail\">\n\t\t\t<a href=\"https:\/\/www.aurin-choir.hu\/wp-content\/gallery\/bp-korusversreny-2009\/korusverseny2009-14.jpg\"\n\t\t\t\ttitle=\"\"\n\t\t\t\tdata-src=\"https:\/\/www.aurin-choir.hu\/wp-content\/gallery\/bp-korusversreny-2009\/korusverseny2009-14.jpg\"\n\t\t\t\tdata-thumbnail=\"https:\/\/www.aurin-choir.hu\/wp-content\/gallery\/bp-korusversreny-2009\/thumbs\/thumbs_korusverseny2009-14.jpg\"\n\t\t\t\tdata-image-id=\"4251\"\n\t\t\t\tdata-title=\"korusverseny2009-14\"\n\t\t\t\tdata-description=\"\"\n\t\t\t\tdata-image-slug=\"korusverseny2009-14\"\n\t\t\t\tclass=\"ngg-simplelightbox\" rel=\"747add9b2f2aa3573d676a1fdba0e172\">\n\t\t\t\t<img\n\t\t\t\t\ttitle=\"korusverseny2009-14\"\n\t\t\t\t\talt=\"korusverseny2009-14\"\n\t\t\t\t\tsrc=\"https:\/\/www.aurin-choir.hu\/wp-content\/gallery\/bp-korusversreny-2009\/cache\/korusverseny2009-14.jpg-nggid044251-ngg0dyn-325x225x100-00f0w010c011r110f110r010t010.jpg\"\n\t\t\t\t\twidth=\"325\"\n\t\t\t\t\theight=\"225\"\n\t\t\t\t\tstyle=\"max-width:100%;\"\n\t\t\t\t\/>\n\t\t\t<\/a>\n\t\t<\/div>\n\t\t\t\t\t\t\t<\/div> \n\t\t\t\n\t\t\t\t<div id=\"ngg-image-11\" class=\"ngg-gallery-thumbnail-box \n\t\t\t\t\t\t\t\t\t\t\t\" \n\t\t\t>\n\t\t\t\t\t\t<div class=\"ngg-gallery-thumbnail\">\n\t\t\t<a href=\"https:\/\/www.aurin-choir.hu\/wp-content\/gallery\/bp-korusversreny-2009\/korusverseny2009-16.jpg\"\n\t\t\t\ttitle=\"\"\n\t\t\t\tdata-src=\"https:\/\/www.aurin-choir.hu\/wp-content\/gallery\/bp-korusversreny-2009\/korusverseny2009-16.jpg\"\n\t\t\t\tdata-thumbnail=\"https:\/\/www.aurin-choir.hu\/wp-content\/gallery\/bp-korusversreny-2009\/thumbs\/thumbs_korusverseny2009-16.jpg\"\n\t\t\t\tdata-image-id=\"4252\"\n\t\t\t\tdata-title=\"korusverseny2009-16\"\n\t\t\t\tdata-description=\"\"\n\t\t\t\tdata-image-slug=\"korusverseny2009-16\"\n\t\t\t\tclass=\"ngg-simplelightbox\" rel=\"747add9b2f2aa3573d676a1fdba0e172\">\n\t\t\t\t<img\n\t\t\t\t\ttitle=\"korusverseny2009-16\"\n\t\t\t\t\talt=\"korusverseny2009-16\"\n\t\t\t\t\tsrc=\"https:\/\/www.aurin-choir.hu\/wp-content\/gallery\/bp-korusversreny-2009\/cache\/korusverseny2009-16.jpg-nggid044252-ngg0dyn-325x225x100-00f0w010c011r110f110r010t010.jpg\"\n\t\t\t\t\twidth=\"325\"\n\t\t\t\t\theight=\"225\"\n\t\t\t\t\tstyle=\"max-width:100%;\"\n\t\t\t\t\/>\n\t\t\t<\/a>\n\t\t<\/div>\n\t\t\t\t\t\t\t<\/div> \n\t\t\t\n\t\t\t\t<div id=\"ngg-image-12\" class=\"ngg-gallery-thumbnail-box \n\t\t\t\t\t\t\t\t\t\t\t\" \n\t\t\t>\n\t\t\t\t\t\t<div class=\"ngg-gallery-thumbnail\">\n\t\t\t<a href=\"https:\/\/www.aurin-choir.hu\/wp-content\/gallery\/bp-korusversreny-2009\/korusverseny2009-18.jpg\"\n\t\t\t\ttitle=\"\"\n\t\t\t\tdata-src=\"https:\/\/www.aurin-choir.hu\/wp-content\/gallery\/bp-korusversreny-2009\/korusverseny2009-18.jpg\"\n\t\t\t\tdata-thumbnail=\"https:\/\/www.aurin-choir.hu\/wp-content\/gallery\/bp-korusversreny-2009\/thumbs\/thumbs_korusverseny2009-18.jpg\"\n\t\t\t\tdata-image-id=\"4253\"\n\t\t\t\tdata-title=\"korusverseny2009-18\"\n\t\t\t\tdata-description=\"\"\n\t\t\t\tdata-image-slug=\"korusverseny2009-18\"\n\t\t\t\tclass=\"ngg-simplelightbox\" rel=\"747add9b2f2aa3573d676a1fdba0e172\">\n\t\t\t\t<img\n\t\t\t\t\ttitle=\"korusverseny2009-18\"\n\t\t\t\t\talt=\"korusverseny2009-18\"\n\t\t\t\t\tsrc=\"https:\/\/www.aurin-choir.hu\/wp-content\/gallery\/bp-korusversreny-2009\/cache\/korusverseny2009-18.jpg-nggid044253-ngg0dyn-325x225x100-00f0w010c011r110f110r010t010.jpg\"\n\t\t\t\t\twidth=\"325\"\n\t\t\t\t\theight=\"225\"\n\t\t\t\t\tstyle=\"max-width:100%;\"\n\t\t\t\t\/>\n\t\t\t<\/a>\n\t\t<\/div>\n\t\t\t\t\t\t\t<\/div> \n\t\t\t\n\t\t\t\t<div id=\"ngg-image-13\" class=\"ngg-gallery-thumbnail-box \n\t\t\t\t\t\t\t\t\t\t\t\" \n\t\t\t>\n\t\t\t\t\t\t<div class=\"ngg-gallery-thumbnail\">\n\t\t\t<a href=\"https:\/\/www.aurin-choir.hu\/wp-content\/gallery\/bp-korusversreny-2009\/korusverseny2009-20.jpg\"\n\t\t\t\ttitle=\"\"\n\t\t\t\tdata-src=\"https:\/\/www.aurin-choir.hu\/wp-content\/gallery\/bp-korusversreny-2009\/korusverseny2009-20.jpg\"\n\t\t\t\tdata-thumbnail=\"https:\/\/www.aurin-choir.hu\/wp-content\/gallery\/bp-korusversreny-2009\/thumbs\/thumbs_korusverseny2009-20.jpg\"\n\t\t\t\tdata-image-id=\"4254\"\n\t\t\t\tdata-title=\"korusverseny2009-20\"\n\t\t\t\tdata-description=\"\"\n\t\t\t\tdata-image-slug=\"korusverseny2009-20\"\n\t\t\t\tclass=\"ngg-simplelightbox\" rel=\"747add9b2f2aa3573d676a1fdba0e172\">\n\t\t\t\t<img\n\t\t\t\t\ttitle=\"korusverseny2009-20\"\n\t\t\t\t\talt=\"korusverseny2009-20\"\n\t\t\t\t\tsrc=\"https:\/\/www.aurin-choir.hu\/wp-content\/gallery\/bp-korusversreny-2009\/cache\/korusverseny2009-20.jpg-nggid044254-ngg0dyn-325x225x100-00f0w010c011r110f110r010t010.jpg\"\n\t\t\t\t\twidth=\"325\"\n\t\t\t\t\theight=\"225\"\n\t\t\t\t\tstyle=\"max-width:100%;\"\n\t\t\t\t\/>\n\t\t\t<\/a>\n\t\t<\/div>\n\t\t\t\t\t\t\t<\/div> \n\t\t\t\n\t\t\t\t<div id=\"ngg-image-14\" class=\"ngg-gallery-thumbnail-box \n\t\t\t\t\t\t\t\t\t\t\t\" \n\t\t\t>\n\t\t\t\t\t\t<div class=\"ngg-gallery-thumbnail\">\n\t\t\t<a href=\"https:\/\/www.aurin-choir.hu\/wp-content\/gallery\/bp-korusversreny-2009\/korusverseny2009-23.jpg\"\n\t\t\t\ttitle=\"\"\n\t\t\t\tdata-src=\"https:\/\/www.aurin-choir.hu\/wp-content\/gallery\/bp-korusversreny-2009\/korusverseny2009-23.jpg\"\n\t\t\t\tdata-thumbnail=\"https:\/\/www.aurin-choir.hu\/wp-content\/gallery\/bp-korusversreny-2009\/thumbs\/thumbs_korusverseny2009-23.jpg\"\n\t\t\t\tdata-image-id=\"4255\"\n\t\t\t\tdata-title=\"korusverseny2009-23\"\n\t\t\t\tdata-description=\"\"\n\t\t\t\tdata-image-slug=\"korusverseny2009-23\"\n\t\t\t\tclass=\"ngg-simplelightbox\" rel=\"747add9b2f2aa3573d676a1fdba0e172\">\n\t\t\t\t<img\n\t\t\t\t\ttitle=\"korusverseny2009-23\"\n\t\t\t\t\talt=\"korusverseny2009-23\"\n\t\t\t\t\tsrc=\"https:\/\/www.aurin-choir.hu\/wp-content\/gallery\/bp-korusversreny-2009\/cache\/korusverseny2009-23.jpg-nggid044255-ngg0dyn-325x225x100-00f0w010c011r110f110r010t010.jpg\"\n\t\t\t\t\twidth=\"325\"\n\t\t\t\t\theight=\"225\"\n\t\t\t\t\tstyle=\"max-width:100%;\"\n\t\t\t\t\/>\n\t\t\t<\/a>\n\t\t<\/div>\n\t\t\t\t\t\t\t<\/div> \n\t\t\t\n\t\t\t\t<div id=\"ngg-image-15\" class=\"ngg-gallery-thumbnail-box \n\t\t\t\t\t\t\t\t\t\t\t\" \n\t\t\t>\n\t\t\t\t\t\t<div class=\"ngg-gallery-thumbnail\">\n\t\t\t<a href=\"https:\/\/www.aurin-choir.hu\/wp-content\/gallery\/bp-korusversreny-2009\/korusverseny2009-24.jpg\"\n\t\t\t\ttitle=\"\"\n\t\t\t\tdata-src=\"https:\/\/www.aurin-choir.hu\/wp-content\/gallery\/bp-korusversreny-2009\/korusverseny2009-24.jpg\"\n\t\t\t\tdata-thumbnail=\"https:\/\/www.aurin-choir.hu\/wp-content\/gallery\/bp-korusversreny-2009\/thumbs\/thumbs_korusverseny2009-24.jpg\"\n\t\t\t\tdata-image-id=\"4256\"\n\t\t\t\tdata-title=\"korusverseny2009-24\"\n\t\t\t\tdata-description=\"\"\n\t\t\t\tdata-image-slug=\"korusverseny2009-24\"\n\t\t\t\tclass=\"ngg-simplelightbox\" rel=\"747add9b2f2aa3573d676a1fdba0e172\">\n\t\t\t\t<img\n\t\t\t\t\ttitle=\"korusverseny2009-24\"\n\t\t\t\t\talt=\"korusverseny2009-24\"\n\t\t\t\t\tsrc=\"https:\/\/www.aurin-choir.hu\/wp-content\/gallery\/bp-korusversreny-2009\/cache\/korusverseny2009-24.jpg-nggid044256-ngg0dyn-325x225x100-00f0w010c011r110f110r010t010.jpg\"\n\t\t\t\t\twidth=\"325\"\n\t\t\t\t\theight=\"225\"\n\t\t\t\t\tstyle=\"max-width:100%;\"\n\t\t\t\t\/>\n\t\t\t<\/a>\n\t\t<\/div>\n\t\t\t\t\t\t\t<\/div> \n\t\t\t\n\t\t\t\t<div id=\"ngg-image-16\" class=\"ngg-gallery-thumbnail-box \n\t\t\t\t\t\t\t\t\t\t\t\" \n\t\t\t>\n\t\t\t\t\t\t<div class=\"ngg-gallery-thumbnail\">\n\t\t\t<a href=\"https:\/\/www.aurin-choir.hu\/wp-content\/gallery\/bp-korusversreny-2009\/korusverseny2009-26.jpg\"\n\t\t\t\ttitle=\"\"\n\t\t\t\tdata-src=\"https:\/\/www.aurin-choir.hu\/wp-content\/gallery\/bp-korusversreny-2009\/korusverseny2009-26.jpg\"\n\t\t\t\tdata-thumbnail=\"https:\/\/www.aurin-choir.hu\/wp-content\/gallery\/bp-korusversreny-2009\/thumbs\/thumbs_korusverseny2009-26.jpg\"\n\t\t\t\tdata-image-id=\"4257\"\n\t\t\t\tdata-title=\"korusverseny2009-26\"\n\t\t\t\tdata-description=\"\"\n\t\t\t\tdata-image-slug=\"korusverseny2009-26\"\n\t\t\t\tclass=\"ngg-simplelightbox\" rel=\"747add9b2f2aa3573d676a1fdba0e172\">\n\t\t\t\t<img\n\t\t\t\t\ttitle=\"korusverseny2009-26\"\n\t\t\t\t\talt=\"korusverseny2009-26\"\n\t\t\t\t\tsrc=\"https:\/\/www.aurin-choir.hu\/wp-content\/gallery\/bp-korusversreny-2009\/cache\/korusverseny2009-26.jpg-nggid044257-ngg0dyn-325x225x100-00f0w010c011r110f110r010t010.jpg\"\n\t\t\t\t\twidth=\"325\"\n\t\t\t\t\theight=\"225\"\n\t\t\t\t\tstyle=\"max-width:100%;\"\n\t\t\t\t\/>\n\t\t\t<\/a>\n\t\t<\/div>\n\t\t\t\t\t\t\t<\/div> \n\t\t\t\n\t\t\t\t<div id=\"ngg-image-17\" class=\"ngg-gallery-thumbnail-box \n\t\t\t\t\t\t\t\t\t\t\t\" \n\t\t\t>\n\t\t\t\t\t\t<div class=\"ngg-gallery-thumbnail\">\n\t\t\t<a href=\"https:\/\/www.aurin-choir.hu\/wp-content\/gallery\/bp-korusversreny-2009\/korusverseny2009-30.jpg\"\n\t\t\t\ttitle=\"\"\n\t\t\t\tdata-src=\"https:\/\/www.aurin-choir.hu\/wp-content\/gallery\/bp-korusversreny-2009\/korusverseny2009-30.jpg\"\n\t\t\t\tdata-thumbnail=\"https:\/\/www.aurin-choir.hu\/wp-content\/gallery\/bp-korusversreny-2009\/thumbs\/thumbs_korusverseny2009-30.jpg\"\n\t\t\t\tdata-image-id=\"4258\"\n\t\t\t\tdata-title=\"korusverseny2009-30\"\n\t\t\t\tdata-description=\"\"\n\t\t\t\tdata-image-slug=\"korusverseny2009-30\"\n\t\t\t\tclass=\"ngg-simplelightbox\" rel=\"747add9b2f2aa3573d676a1fdba0e172\">\n\t\t\t\t<img\n\t\t\t\t\ttitle=\"korusverseny2009-30\"\n\t\t\t\t\talt=\"korusverseny2009-30\"\n\t\t\t\t\tsrc=\"https:\/\/www.aurin-choir.hu\/wp-content\/gallery\/bp-korusversreny-2009\/cache\/korusverseny2009-30.jpg-nggid044258-ngg0dyn-325x225x100-00f0w010c011r110f110r010t010.jpg\"\n\t\t\t\t\twidth=\"325\"\n\t\t\t\t\theight=\"225\"\n\t\t\t\t\tstyle=\"max-width:100%;\"\n\t\t\t\t\/>\n\t\t\t<\/a>\n\t\t<\/div>\n\t\t\t\t\t\t\t<\/div> \n\t\t\t\n\t\t\t\t<div id=\"ngg-image-18\" class=\"ngg-gallery-thumbnail-box \n\t\t\t\t\t\t\t\t\t\t\t\" \n\t\t\t>\n\t\t\t\t\t\t<div class=\"ngg-gallery-thumbnail\">\n\t\t\t<a href=\"https:\/\/www.aurin-choir.hu\/wp-content\/gallery\/bp-korusversreny-2009\/korusverseny2009-31.jpg\"\n\t\t\t\ttitle=\"\"\n\t\t\t\tdata-src=\"https:\/\/www.aurin-choir.hu\/wp-content\/gallery\/bp-korusversreny-2009\/korusverseny2009-31.jpg\"\n\t\t\t\tdata-thumbnail=\"https:\/\/www.aurin-choir.hu\/wp-content\/gallery\/bp-korusversreny-2009\/thumbs\/thumbs_korusverseny2009-31.jpg\"\n\t\t\t\tdata-image-id=\"4259\"\n\t\t\t\tdata-title=\"korusverseny2009-31\"\n\t\t\t\tdata-description=\"\"\n\t\t\t\tdata-image-slug=\"korusverseny2009-31\"\n\t\t\t\tclass=\"ngg-simplelightbox\" rel=\"747add9b2f2aa3573d676a1fdba0e172\">\n\t\t\t\t<img\n\t\t\t\t\ttitle=\"korusverseny2009-31\"\n\t\t\t\t\talt=\"korusverseny2009-31\"\n\t\t\t\t\tsrc=\"https:\/\/www.aurin-choir.hu\/wp-content\/gallery\/bp-korusversreny-2009\/cache\/korusverseny2009-31.jpg-nggid044259-ngg0dyn-325x225x100-00f0w010c011r110f110r010t010.jpg\"\n\t\t\t\t\twidth=\"325\"\n\t\t\t\t\theight=\"225\"\n\t\t\t\t\tstyle=\"max-width:100%;\"\n\t\t\t\t\/>\n\t\t\t<\/a>\n\t\t<\/div>\n\t\t\t\t\t\t\t<\/div> \n\t\t\t\n\t\t\t\t<div id=\"ngg-image-19\" class=\"ngg-gallery-thumbnail-box \n\t\t\t\t\t\t\t\t\t\t\t\" \n\t\t\t>\n\t\t\t\t\t\t<div class=\"ngg-gallery-thumbnail\">\n\t\t\t<a href=\"https:\/\/www.aurin-choir.hu\/wp-content\/gallery\/bp-korusversreny-2009\/korusverseny2009-32.jpg\"\n\t\t\t\ttitle=\"\"\n\t\t\t\tdata-src=\"https:\/\/www.aurin-choir.hu\/wp-content\/gallery\/bp-korusversreny-2009\/korusverseny2009-32.jpg\"\n\t\t\t\tdata-thumbnail=\"https:\/\/www.aurin-choir.hu\/wp-content\/gallery\/bp-korusversreny-2009\/thumbs\/thumbs_korusverseny2009-32.jpg\"\n\t\t\t\tdata-image-id=\"4260\"\n\t\t\t\tdata-title=\"korusverseny2009-32\"\n\t\t\t\tdata-description=\"\"\n\t\t\t\tdata-image-slug=\"korusverseny2009-32\"\n\t\t\t\tclass=\"ngg-simplelightbox\" rel=\"747add9b2f2aa3573d676a1fdba0e172\">\n\t\t\t\t<img\n\t\t\t\t\ttitle=\"korusverseny2009-32\"\n\t\t\t\t\talt=\"korusverseny2009-32\"\n\t\t\t\t\tsrc=\"https:\/\/www.aurin-choir.hu\/wp-content\/gallery\/bp-korusversreny-2009\/cache\/korusverseny2009-32.jpg-nggid044260-ngg0dyn-325x225x100-00f0w010c011r110f110r010t010.jpg\"\n\t\t\t\t\twidth=\"325\"\n\t\t\t\t\theight=\"225\"\n\t\t\t\t\tstyle=\"max-width:100%;\"\n\t\t\t\t\/>\n\t\t\t<\/a>\n\t\t<\/div>\n\t\t\t\t\t\t\t<\/div> \n\t\t\t\n\t\t\t\t<div id=\"ngg-image-20\" class=\"ngg-gallery-thumbnail-box \n\t\t\t\t\t\t\t\t\t\t\t\" \n\t\t\t>\n\t\t\t\t\t\t<div class=\"ngg-gallery-thumbnail\">\n\t\t\t<a href=\"https:\/\/www.aurin-choir.hu\/wp-content\/gallery\/bp-korusversreny-2009\/korusverseny2009-33.jpg\"\n\t\t\t\ttitle=\"\"\n\t\t\t\tdata-src=\"https:\/\/www.aurin-choir.hu\/wp-content\/gallery\/bp-korusversreny-2009\/korusverseny2009-33.jpg\"\n\t\t\t\tdata-thumbnail=\"https:\/\/www.aurin-choir.hu\/wp-content\/gallery\/bp-korusversreny-2009\/thumbs\/thumbs_korusverseny2009-33.jpg\"\n\t\t\t\tdata-image-id=\"4261\"\n\t\t\t\tdata-title=\"korusverseny2009-33\"\n\t\t\t\tdata-description=\"\"\n\t\t\t\tdata-image-slug=\"korusverseny2009-33\"\n\t\t\t\tclass=\"ngg-simplelightbox\" rel=\"747add9b2f2aa3573d676a1fdba0e172\">\n\t\t\t\t<img\n\t\t\t\t\ttitle=\"korusverseny2009-33\"\n\t\t\t\t\talt=\"korusverseny2009-33\"\n\t\t\t\t\tsrc=\"https:\/\/www.aurin-choir.hu\/wp-content\/gallery\/bp-korusversreny-2009\/cache\/korusverseny2009-33.jpg-nggid044261-ngg0dyn-325x225x100-00f0w010c011r110f110r010t010.jpg\"\n\t\t\t\t\twidth=\"325\"\n\t\t\t\t\theight=\"225\"\n\t\t\t\t\tstyle=\"max-width:100%;\"\n\t\t\t\t\/>\n\t\t\t<\/a>\n\t\t<\/div>\n\t\t\t\t\t\t\t<\/div> \n\t\t\t\n\t\t\t\t<div id=\"ngg-image-21\" class=\"ngg-gallery-thumbnail-box \n\t\t\t\t\t\t\t\t\t\t\t\" \n\t\t\t>\n\t\t\t\t\t\t<div class=\"ngg-gallery-thumbnail\">\n\t\t\t<a href=\"https:\/\/www.aurin-choir.hu\/wp-content\/gallery\/bp-korusversreny-2009\/korusverseny2009-36.jpg\"\n\t\t\t\ttitle=\"????????????????????????????????????\"\n\t\t\t\tdata-src=\"https:\/\/www.aurin-choir.hu\/wp-content\/gallery\/bp-korusversreny-2009\/korusverseny2009-36.jpg\"\n\t\t\t\tdata-thumbnail=\"https:\/\/www.aurin-choir.hu\/wp-content\/gallery\/bp-korusversreny-2009\/thumbs\/thumbs_korusverseny2009-36.jpg\"\n\t\t\t\tdata-image-id=\"4262\"\n\t\t\t\tdata-title=\"korusverseny2009-36\"\n\t\t\t\tdata-description=\"????????????????????????????????????\"\n\t\t\t\tdata-image-slug=\"korusverseny2009-36\"\n\t\t\t\tclass=\"ngg-simplelightbox\" rel=\"747add9b2f2aa3573d676a1fdba0e172\">\n\t\t\t\t<img\n\t\t\t\t\ttitle=\"korusverseny2009-36\"\n\t\t\t\t\talt=\"korusverseny2009-36\"\n\t\t\t\t\tsrc=\"https:\/\/www.aurin-choir.hu\/wp-content\/gallery\/bp-korusversreny-2009\/cache\/korusverseny2009-36.jpg-nggid044262-ngg0dyn-325x225x100-00f0w010c011r110f110r010t010.jpg\"\n\t\t\t\t\twidth=\"325\"\n\t\t\t\t\theight=\"225\"\n\t\t\t\t\tstyle=\"max-width:100%;\"\n\t\t\t\t\/>\n\t\t\t<\/a>\n\t\t<\/div>\n\t\t\t\t\t\t\t<\/div> \n\t\t\t\n\t\t\t\t<div id=\"ngg-image-22\" class=\"ngg-gallery-thumbnail-box \n\t\t\t\t\t\t\t\t\t\t\t\" \n\t\t\t>\n\t\t\t\t\t\t<div class=\"ngg-gallery-thumbnail\">\n\t\t\t<a href=\"https:\/\/www.aurin-choir.hu\/wp-content\/gallery\/bp-korusversreny-2009\/korusverseny2009-37.jpg\"\n\t\t\t\ttitle=\"????????????????????????????????????\"\n\t\t\t\tdata-src=\"https:\/\/www.aurin-choir.hu\/wp-content\/gallery\/bp-korusversreny-2009\/korusverseny2009-37.jpg\"\n\t\t\t\tdata-thumbnail=\"https:\/\/www.aurin-choir.hu\/wp-content\/gallery\/bp-korusversreny-2009\/thumbs\/thumbs_korusverseny2009-37.jpg\"\n\t\t\t\tdata-image-id=\"4263\"\n\t\t\t\tdata-title=\"korusverseny2009-37\"\n\t\t\t\tdata-description=\"????????????????????????????????????\"\n\t\t\t\tdata-image-slug=\"korusverseny2009-37\"\n\t\t\t\tclass=\"ngg-simplelightbox\" rel=\"747add9b2f2aa3573d676a1fdba0e172\">\n\t\t\t\t<img\n\t\t\t\t\ttitle=\"korusverseny2009-37\"\n\t\t\t\t\talt=\"korusverseny2009-37\"\n\t\t\t\t\tsrc=\"https:\/\/www.aurin-choir.hu\/wp-content\/gallery\/bp-korusversreny-2009\/cache\/korusverseny2009-37.jpg-nggid044263-ngg0dyn-325x225x100-00f0w010c011r110f110r010t010.jpg\"\n\t\t\t\t\twidth=\"325\"\n\t\t\t\t\theight=\"225\"\n\t\t\t\t\tstyle=\"max-width:100%;\"\n\t\t\t\t\/>\n\t\t\t<\/a>\n\t\t<\/div>\n\t\t\t\t\t\t\t<\/div> \n\t\t\t\n\t\t\t\t<div id=\"ngg-image-23\" class=\"ngg-gallery-thumbnail-box \n\t\t\t\t\t\t\t\t\t\t\t\" \n\t\t\t>\n\t\t\t\t\t\t<div class=\"ngg-gallery-thumbnail\">\n\t\t\t<a href=\"https:\/\/www.aurin-choir.hu\/wp-content\/gallery\/bp-korusversreny-2009\/korusverseny2009-38.jpg\"\n\t\t\t\ttitle=\"????????????????????????????????????\"\n\t\t\t\tdata-src=\"https:\/\/www.aurin-choir.hu\/wp-content\/gallery\/bp-korusversreny-2009\/korusverseny2009-38.jpg\"\n\t\t\t\tdata-thumbnail=\"https:\/\/www.aurin-choir.hu\/wp-content\/gallery\/bp-korusversreny-2009\/thumbs\/thumbs_korusverseny2009-38.jpg\"\n\t\t\t\tdata-image-id=\"4264\"\n\t\t\t\tdata-title=\"korusverseny2009-38\"\n\t\t\t\tdata-description=\"????????????????????????????????????\"\n\t\t\t\tdata-image-slug=\"korusverseny2009-38\"\n\t\t\t\tclass=\"ngg-simplelightbox\" rel=\"747add9b2f2aa3573d676a1fdba0e172\">\n\t\t\t\t<img\n\t\t\t\t\ttitle=\"korusverseny2009-38\"\n\t\t\t\t\talt=\"korusverseny2009-38\"\n\t\t\t\t\tsrc=\"https:\/\/www.aurin-choir.hu\/wp-content\/gallery\/bp-korusversreny-2009\/cache\/korusverseny2009-38.jpg-nggid044264-ngg0dyn-325x225x100-00f0w010c011r110f110r010t010.jpg\"\n\t\t\t\t\twidth=\"325\"\n\t\t\t\t\theight=\"225\"\n\t\t\t\t\tstyle=\"max-width:100%;\"\n\t\t\t\t\/>\n\t\t\t<\/a>\n\t\t<\/div>\n\t\t\t\t\t\t\t<\/div> \n\t\t\t\n\t\t\t\t<div id=\"ngg-image-24\" class=\"ngg-gallery-thumbnail-box \n\t\t\t\t\t\t\t\t\t\t\t\" \n\t\t\t>\n\t\t\t\t\t\t<div class=\"ngg-gallery-thumbnail\">\n\t\t\t<a href=\"https:\/\/www.aurin-choir.hu\/wp-content\/gallery\/bp-korusversreny-2009\/korusverseny2009-39.jpg\"\n\t\t\t\ttitle=\"????????????????????????????????????\"\n\t\t\t\tdata-src=\"https:\/\/www.aurin-choir.hu\/wp-content\/gallery\/bp-korusversreny-2009\/korusverseny2009-39.jpg\"\n\t\t\t\tdata-thumbnail=\"https:\/\/www.aurin-choir.hu\/wp-content\/gallery\/bp-korusversreny-2009\/thumbs\/thumbs_korusverseny2009-39.jpg\"\n\t\t\t\tdata-image-id=\"4265\"\n\t\t\t\tdata-title=\"korusverseny2009-39\"\n\t\t\t\tdata-description=\"????????????????????????????????????\"\n\t\t\t\tdata-image-slug=\"korusverseny2009-39\"\n\t\t\t\tclass=\"ngg-simplelightbox\" rel=\"747add9b2f2aa3573d676a1fdba0e172\">\n\t\t\t\t<img\n\t\t\t\t\ttitle=\"korusverseny2009-39\"\n\t\t\t\t\talt=\"korusverseny2009-39\"\n\t\t\t\t\tsrc=\"https:\/\/www.aurin-choir.hu\/wp-content\/gallery\/bp-korusversreny-2009\/cache\/korusverseny2009-39.jpg-nggid044265-ngg0dyn-325x225x100-00f0w010c011r110f110r010t010.jpg\"\n\t\t\t\t\twidth=\"325\"\n\t\t\t\t\theight=\"225\"\n\t\t\t\t\tstyle=\"max-width:100%;\"\n\t\t\t\t\/>\n\t\t\t<\/a>\n\t\t<\/div>\n\t\t\t\t\t\t\t<\/div> \n\t\t\t\n\t\t\t\t<div id=\"ngg-image-25\" class=\"ngg-gallery-thumbnail-box \n\t\t\t\t\t\t\t\t\t\t\t\" \n\t\t\t>\n\t\t\t\t\t\t<div class=\"ngg-gallery-thumbnail\">\n\t\t\t<a href=\"https:\/\/www.aurin-choir.hu\/wp-content\/gallery\/bp-korusversreny-2009\/korusverseny2009-40.jpg\"\n\t\t\t\ttitle=\"????????????????????????????????????\"\n\t\t\t\tdata-src=\"https:\/\/www.aurin-choir.hu\/wp-content\/gallery\/bp-korusversreny-2009\/korusverseny2009-40.jpg\"\n\t\t\t\tdata-thumbnail=\"https:\/\/www.aurin-choir.hu\/wp-content\/gallery\/bp-korusversreny-2009\/thumbs\/thumbs_korusverseny2009-40.jpg\"\n\t\t\t\tdata-image-id=\"4266\"\n\t\t\t\tdata-title=\"korusverseny2009-40\"\n\t\t\t\tdata-description=\"????????????????????????????????????\"\n\t\t\t\tdata-image-slug=\"korusverseny2009-40\"\n\t\t\t\tclass=\"ngg-simplelightbox\" rel=\"747add9b2f2aa3573d676a1fdba0e172\">\n\t\t\t\t<img\n\t\t\t\t\ttitle=\"korusverseny2009-40\"\n\t\t\t\t\talt=\"korusverseny2009-40\"\n\t\t\t\t\tsrc=\"https:\/\/www.aurin-choir.hu\/wp-content\/gallery\/bp-korusversreny-2009\/cache\/korusverseny2009-40.jpg-nggid044266-ngg0dyn-325x225x100-00f0w010c011r110f110r010t010.jpg\"\n\t\t\t\t\twidth=\"325\"\n\t\t\t\t\theight=\"225\"\n\t\t\t\t\tstyle=\"max-width:100%;\"\n\t\t\t\t\/>\n\t\t\t<\/a>\n\t\t<\/div>\n\t\t\t\t\t\t\t<\/div> \n\t\t\t\n\t\t\t\t<div id=\"ngg-image-26\" class=\"ngg-gallery-thumbnail-box \n\t\t\t\t\t\t\t\t\t\t\t\" \n\t\t\t>\n\t\t\t\t\t\t<div class=\"ngg-gallery-thumbnail\">\n\t\t\t<a href=\"https:\/\/www.aurin-choir.hu\/wp-content\/gallery\/bp-korusversreny-2009\/korusverseny2009-41.jpg\"\n\t\t\t\ttitle=\"????????????????????????????????????\"\n\t\t\t\tdata-src=\"https:\/\/www.aurin-choir.hu\/wp-content\/gallery\/bp-korusversreny-2009\/korusverseny2009-41.jpg\"\n\t\t\t\tdata-thumbnail=\"https:\/\/www.aurin-choir.hu\/wp-content\/gallery\/bp-korusversreny-2009\/thumbs\/thumbs_korusverseny2009-41.jpg\"\n\t\t\t\tdata-image-id=\"4267\"\n\t\t\t\tdata-title=\"korusverseny2009-41\"\n\t\t\t\tdata-description=\"????????????????????????????????????\"\n\t\t\t\tdata-image-slug=\"korusverseny2009-41\"\n\t\t\t\tclass=\"ngg-simplelightbox\" rel=\"747add9b2f2aa3573d676a1fdba0e172\">\n\t\t\t\t<img\n\t\t\t\t\ttitle=\"korusverseny2009-41\"\n\t\t\t\t\talt=\"korusverseny2009-41\"\n\t\t\t\t\tsrc=\"https:\/\/www.aurin-choir.hu\/wp-content\/gallery\/bp-korusversreny-2009\/cache\/korusverseny2009-41.jpg-nggid044267-ngg0dyn-325x225x100-00f0w010c011r110f110r010t010.jpg\"\n\t\t\t\t\twidth=\"325\"\n\t\t\t\t\theight=\"225\"\n\t\t\t\t\tstyle=\"max-width:100%;\"\n\t\t\t\t\/>\n\t\t\t<\/a>\n\t\t<\/div>\n\t\t\t\t\t\t\t<\/div> \n\t\t\t\n\t\t\t\t<div id=\"ngg-image-27\" class=\"ngg-gallery-thumbnail-box \n\t\t\t\t\t\t\t\t\t\t\t\" \n\t\t\t>\n\t\t\t\t\t\t<div class=\"ngg-gallery-thumbnail\">\n\t\t\t<a href=\"https:\/\/www.aurin-choir.hu\/wp-content\/gallery\/bp-korusversreny-2009\/korusverseny2009-42.jpg\"\n\t\t\t\ttitle=\"????????????????????????????????????\"\n\t\t\t\tdata-src=\"https:\/\/www.aurin-choir.hu\/wp-content\/gallery\/bp-korusversreny-2009\/korusverseny2009-42.jpg\"\n\t\t\t\tdata-thumbnail=\"https:\/\/www.aurin-choir.hu\/wp-content\/gallery\/bp-korusversreny-2009\/thumbs\/thumbs_korusverseny2009-42.jpg\"\n\t\t\t\tdata-image-id=\"4268\"\n\t\t\t\tdata-title=\"korusverseny2009-42\"\n\t\t\t\tdata-description=\"????????????????????????????????????\"\n\t\t\t\tdata-image-slug=\"korusverseny2009-42\"\n\t\t\t\tclass=\"ngg-simplelightbox\" rel=\"747add9b2f2aa3573d676a1fdba0e172\">\n\t\t\t\t<img\n\t\t\t\t\ttitle=\"korusverseny2009-42\"\n\t\t\t\t\talt=\"korusverseny2009-42\"\n\t\t\t\t\tsrc=\"https:\/\/www.aurin-choir.hu\/wp-content\/gallery\/bp-korusversreny-2009\/cache\/korusverseny2009-42.jpg-nggid044268-ngg0dyn-325x225x100-00f0w010c011r110f110r010t010.jpg\"\n\t\t\t\t\twidth=\"325\"\n\t\t\t\t\theight=\"225\"\n\t\t\t\t\tstyle=\"max-width:100%;\"\n\t\t\t\t\/>\n\t\t\t<\/a>\n\t\t<\/div>\n\t\t\t\t\t\t\t<\/div> \n\t\t\t\n\t\t\t\t<div id=\"ngg-image-28\" class=\"ngg-gallery-thumbnail-box \n\t\t\t\t\t\t\t\t\t\t\t\" \n\t\t\t>\n\t\t\t\t\t\t<div class=\"ngg-gallery-thumbnail\">\n\t\t\t<a href=\"https:\/\/www.aurin-choir.hu\/wp-content\/gallery\/bp-korusversreny-2009\/korusverseny2009-43.jpg\"\n\t\t\t\ttitle=\"????????????????????????????????????\"\n\t\t\t\tdata-src=\"https:\/\/www.aurin-choir.hu\/wp-content\/gallery\/bp-korusversreny-2009\/korusverseny2009-43.jpg\"\n\t\t\t\tdata-thumbnail=\"https:\/\/www.aurin-choir.hu\/wp-content\/gallery\/bp-korusversreny-2009\/thumbs\/thumbs_korusverseny2009-43.jpg\"\n\t\t\t\tdata-image-id=\"4269\"\n\t\t\t\tdata-title=\"korusverseny2009-43\"\n\t\t\t\tdata-description=\"????????????????????????????????????\"\n\t\t\t\tdata-image-slug=\"korusverseny2009-43\"\n\t\t\t\tclass=\"ngg-simplelightbox\" rel=\"747add9b2f2aa3573d676a1fdba0e172\">\n\t\t\t\t<img\n\t\t\t\t\ttitle=\"korusverseny2009-43\"\n\t\t\t\t\talt=\"korusverseny2009-43\"\n\t\t\t\t\tsrc=\"https:\/\/www.aurin-choir.hu\/wp-content\/gallery\/bp-korusversreny-2009\/cache\/korusverseny2009-43.jpg-nggid044269-ngg0dyn-325x225x100-00f0w010c011r110f110r010t010.jpg\"\n\t\t\t\t\twidth=\"325\"\n\t\t\t\t\theight=\"225\"\n\t\t\t\t\tstyle=\"max-width:100%;\"\n\t\t\t\t\/>\n\t\t\t<\/a>\n\t\t<\/div>\n\t\t\t\t\t\t\t<\/div> \n\t\t\t\n\t\t\t\t<div id=\"ngg-image-29\" class=\"ngg-gallery-thumbnail-box \n\t\t\t\t\t\t\t\t\t\t\t\" \n\t\t\t>\n\t\t\t\t\t\t<div class=\"ngg-gallery-thumbnail\">\n\t\t\t<a href=\"https:\/\/www.aurin-choir.hu\/wp-content\/gallery\/bp-korusversreny-2009\/korusverseny2009-44.jpg\"\n\t\t\t\ttitle=\"????????????????????????????????????\"\n\t\t\t\tdata-src=\"https:\/\/www.aurin-choir.hu\/wp-content\/gallery\/bp-korusversreny-2009\/korusverseny2009-44.jpg\"\n\t\t\t\tdata-thumbnail=\"https:\/\/www.aurin-choir.hu\/wp-content\/gallery\/bp-korusversreny-2009\/thumbs\/thumbs_korusverseny2009-44.jpg\"\n\t\t\t\tdata-image-id=\"4270\"\n\t\t\t\tdata-title=\"korusverseny2009-44\"\n\t\t\t\tdata-description=\"????????????????????????????????????\"\n\t\t\t\tdata-image-slug=\"korusverseny2009-44\"\n\t\t\t\tclass=\"ngg-simplelightbox\" rel=\"747add9b2f2aa3573d676a1fdba0e172\">\n\t\t\t\t<img\n\t\t\t\t\ttitle=\"korusverseny2009-44\"\n\t\t\t\t\talt=\"korusverseny2009-44\"\n\t\t\t\t\tsrc=\"https:\/\/www.aurin-choir.hu\/wp-content\/gallery\/bp-korusversreny-2009\/cache\/korusverseny2009-44.jpg-nggid044270-ngg0dyn-325x225x100-00f0w010c011r110f110r010t010.jpg\"\n\t\t\t\t\twidth=\"325\"\n\t\t\t\t\theight=\"225\"\n\t\t\t\t\tstyle=\"max-width:100%;\"\n\t\t\t\t\/>\n\t\t\t<\/a>\n\t\t<\/div>\n\t\t\t\t\t\t\t<\/div> \n\t\t\t\n\t\t\t\t<div id=\"ngg-image-30\" class=\"ngg-gallery-thumbnail-box \n\t\t\t\t\t\t\t\t\t\t\t\" \n\t\t\t>\n\t\t\t\t\t\t<div class=\"ngg-gallery-thumbnail\">\n\t\t\t<a href=\"https:\/\/www.aurin-choir.hu\/wp-content\/gallery\/bp-korusversreny-2009\/korusverseny2009-45.jpg\"\n\t\t\t\ttitle=\"????????????????????????????????????\"\n\t\t\t\tdata-src=\"https:\/\/www.aurin-choir.hu\/wp-content\/gallery\/bp-korusversreny-2009\/korusverseny2009-45.jpg\"\n\t\t\t\tdata-thumbnail=\"https:\/\/www.aurin-choir.hu\/wp-content\/gallery\/bp-korusversreny-2009\/thumbs\/thumbs_korusverseny2009-45.jpg\"\n\t\t\t\tdata-image-id=\"4271\"\n\t\t\t\tdata-title=\"korusverseny2009-45\"\n\t\t\t\tdata-description=\"????????????????????????????????????\"\n\t\t\t\tdata-image-slug=\"korusverseny2009-45\"\n\t\t\t\tclass=\"ngg-simplelightbox\" rel=\"747add9b2f2aa3573d676a1fdba0e172\">\n\t\t\t\t<img\n\t\t\t\t\ttitle=\"korusverseny2009-45\"\n\t\t\t\t\talt=\"korusverseny2009-45\"\n\t\t\t\t\tsrc=\"https:\/\/www.aurin-choir.hu\/wp-content\/gallery\/bp-korusversreny-2009\/cache\/korusverseny2009-45.jpg-nggid044271-ngg0dyn-325x225x100-00f0w010c011r110f110r010t010.jpg\"\n\t\t\t\t\twidth=\"325\"\n\t\t\t\t\theight=\"225\"\n\t\t\t\t\tstyle=\"max-width:100%;\"\n\t\t\t\t\/>\n\t\t\t<\/a>\n\t\t<\/div>\n\t\t\t\t\t\t\t<\/div> \n\t\t\t\n\t\t\t\t<div id=\"ngg-image-31\" class=\"ngg-gallery-thumbnail-box \n\t\t\t\t\t\t\t\t\t\t\t\" \n\t\t\t>\n\t\t\t\t\t\t<div class=\"ngg-gallery-thumbnail\">\n\t\t\t<a href=\"https:\/\/www.aurin-choir.hu\/wp-content\/gallery\/bp-korusversreny-2009\/korusverseny2009-46.jpg\"\n\t\t\t\ttitle=\"????????????????????????????????????\"\n\t\t\t\tdata-src=\"https:\/\/www.aurin-choir.hu\/wp-content\/gallery\/bp-korusversreny-2009\/korusverseny2009-46.jpg\"\n\t\t\t\tdata-thumbnail=\"https:\/\/www.aurin-choir.hu\/wp-content\/gallery\/bp-korusversreny-2009\/thumbs\/thumbs_korusverseny2009-46.jpg\"\n\t\t\t\tdata-image-id=\"4272\"\n\t\t\t\tdata-title=\"korusverseny2009-46\"\n\t\t\t\tdata-description=\"????????????????????????????????????\"\n\t\t\t\tdata-image-slug=\"korusverseny2009-46\"\n\t\t\t\tclass=\"ngg-simplelightbox\" rel=\"747add9b2f2aa3573d676a1fdba0e172\">\n\t\t\t\t<img\n\t\t\t\t\ttitle=\"korusverseny2009-46\"\n\t\t\t\t\talt=\"korusverseny2009-46\"\n\t\t\t\t\tsrc=\"https:\/\/www.aurin-choir.hu\/wp-content\/gallery\/bp-korusversreny-2009\/cache\/korusverseny2009-46.jpg-nggid044272-ngg0dyn-325x225x100-00f0w010c011r110f110r010t010.jpg\"\n\t\t\t\t\twidth=\"325\"\n\t\t\t\t\theight=\"225\"\n\t\t\t\t\tstyle=\"max-width:100%;\"\n\t\t\t\t\/>\n\t\t\t<\/a>\n\t\t<\/div>\n\t\t\t\t\t\t\t<\/div> \n\t\t\t\n\t\t\t\t<div id=\"ngg-image-32\" class=\"ngg-gallery-thumbnail-box \n\t\t\t\t\t\t\t\t\t\t\t\" \n\t\t\t>\n\t\t\t\t\t\t<div class=\"ngg-gallery-thumbnail\">\n\t\t\t<a href=\"https:\/\/www.aurin-choir.hu\/wp-content\/gallery\/bp-korusversreny-2009\/korusverseny2009-47.jpg\"\n\t\t\t\ttitle=\"????????????????????????????????????\"\n\t\t\t\tdata-src=\"https:\/\/www.aurin-choir.hu\/wp-content\/gallery\/bp-korusversreny-2009\/korusverseny2009-47.jpg\"\n\t\t\t\tdata-thumbnail=\"https:\/\/www.aurin-choir.hu\/wp-content\/gallery\/bp-korusversreny-2009\/thumbs\/thumbs_korusverseny2009-47.jpg\"\n\t\t\t\tdata-image-id=\"4273\"\n\t\t\t\tdata-title=\"korusverseny2009-47\"\n\t\t\t\tdata-description=\"????????????????????????????????????\"\n\t\t\t\tdata-image-slug=\"korusverseny2009-47\"\n\t\t\t\tclass=\"ngg-simplelightbox\" rel=\"747add9b2f2aa3573d676a1fdba0e172\">\n\t\t\t\t<img\n\t\t\t\t\ttitle=\"korusverseny2009-47\"\n\t\t\t\t\talt=\"korusverseny2009-47\"\n\t\t\t\t\tsrc=\"https:\/\/www.aurin-choir.hu\/wp-content\/gallery\/bp-korusversreny-2009\/cache\/korusverseny2009-47.jpg-nggid044273-ngg0dyn-325x225x100-00f0w010c011r110f110r010t010.jpg\"\n\t\t\t\t\twidth=\"325\"\n\t\t\t\t\theight=\"225\"\n\t\t\t\t\tstyle=\"max-width:100%;\"\n\t\t\t\t\/>\n\t\t\t<\/a>\n\t\t<\/div>\n\t\t\t\t\t\t\t<\/div> \n\t\t\t\n\t\t\t\t<div id=\"ngg-image-33\" class=\"ngg-gallery-thumbnail-box \n\t\t\t\t\t\t\t\t\t\t\t\" \n\t\t\t>\n\t\t\t\t\t\t<div class=\"ngg-gallery-thumbnail\">\n\t\t\t<a href=\"https:\/\/www.aurin-choir.hu\/wp-content\/gallery\/bp-korusversreny-2009\/korusverseny2009-48.jpg\"\n\t\t\t\ttitle=\"????????????????????????????????????\"\n\t\t\t\tdata-src=\"https:\/\/www.aurin-choir.hu\/wp-content\/gallery\/bp-korusversreny-2009\/korusverseny2009-48.jpg\"\n\t\t\t\tdata-thumbnail=\"https:\/\/www.aurin-choir.hu\/wp-content\/gallery\/bp-korusversreny-2009\/thumbs\/thumbs_korusverseny2009-48.jpg\"\n\t\t\t\tdata-image-id=\"4274\"\n\t\t\t\tdata-title=\"korusverseny2009-48\"\n\t\t\t\tdata-description=\"????????????????????????????????????\"\n\t\t\t\tdata-image-slug=\"korusverseny2009-48\"\n\t\t\t\tclass=\"ngg-simplelightbox\" rel=\"747add9b2f2aa3573d676a1fdba0e172\">\n\t\t\t\t<img\n\t\t\t\t\ttitle=\"korusverseny2009-48\"\n\t\t\t\t\talt=\"korusverseny2009-48\"\n\t\t\t\t\tsrc=\"https:\/\/www.aurin-choir.hu\/wp-content\/gallery\/bp-korusversreny-2009\/cache\/korusverseny2009-48.jpg-nggid044274-ngg0dyn-325x225x100-00f0w010c011r110f110r010t010.jpg\"\n\t\t\t\t\twidth=\"325\"\n\t\t\t\t\theight=\"225\"\n\t\t\t\t\tstyle=\"max-width:100%;\"\n\t\t\t\t\/>\n\t\t\t<\/a>\n\t\t<\/div>\n\t\t\t\t\t\t\t<\/div> \n\t\t\t\n\t\t\t\t<div id=\"ngg-image-34\" class=\"ngg-gallery-thumbnail-box \n\t\t\t\t\t\t\t\t\t\t\t\" \n\t\t\t>\n\t\t\t\t\t\t<div class=\"ngg-gallery-thumbnail\">\n\t\t\t<a href=\"https:\/\/www.aurin-choir.hu\/wp-content\/gallery\/bp-korusversreny-2009\/korusverseny2009-49.jpg\"\n\t\t\t\ttitle=\"????????????????????????????????????\"\n\t\t\t\tdata-src=\"https:\/\/www.aurin-choir.hu\/wp-content\/gallery\/bp-korusversreny-2009\/korusverseny2009-49.jpg\"\n\t\t\t\tdata-thumbnail=\"https:\/\/www.aurin-choir.hu\/wp-content\/gallery\/bp-korusversreny-2009\/thumbs\/thumbs_korusverseny2009-49.jpg\"\n\t\t\t\tdata-image-id=\"4275\"\n\t\t\t\tdata-title=\"korusverseny2009-49\"\n\t\t\t\tdata-description=\"????????????????????????????????????\"\n\t\t\t\tdata-image-slug=\"korusverseny2009-49\"\n\t\t\t\tclass=\"ngg-simplelightbox\" rel=\"747add9b2f2aa3573d676a1fdba0e172\">\n\t\t\t\t<img\n\t\t\t\t\ttitle=\"korusverseny2009-49\"\n\t\t\t\t\talt=\"korusverseny2009-49\"\n\t\t\t\t\tsrc=\"https:\/\/www.aurin-choir.hu\/wp-content\/gallery\/bp-korusversreny-2009\/cache\/korusverseny2009-49.jpg-nggid044275-ngg0dyn-325x225x100-00f0w010c011r110f110r010t010.jpg\"\n\t\t\t\t\twidth=\"325\"\n\t\t\t\t\theight=\"225\"\n\t\t\t\t\tstyle=\"max-width:100%;\"\n\t\t\t\t\/>\n\t\t\t<\/a>\n\t\t<\/div>\n\t\t\t\t\t\t\t<\/div> \n\t\t\t\n\t\t\t\t<div id=\"ngg-image-35\" class=\"ngg-gallery-thumbnail-box \n\t\t\t\t\t\t\t\t\t\t\t\" \n\t\t\t>\n\t\t\t\t\t\t<div class=\"ngg-gallery-thumbnail\">\n\t\t\t<a href=\"https:\/\/www.aurin-choir.hu\/wp-content\/gallery\/bp-korusversreny-2009\/korusverseny2009-50.jpg\"\n\t\t\t\ttitle=\"????????????????????????????????????\"\n\t\t\t\tdata-src=\"https:\/\/www.aurin-choir.hu\/wp-content\/gallery\/bp-korusversreny-2009\/korusverseny2009-50.jpg\"\n\t\t\t\tdata-thumbnail=\"https:\/\/www.aurin-choir.hu\/wp-content\/gallery\/bp-korusversreny-2009\/thumbs\/thumbs_korusverseny2009-50.jpg\"\n\t\t\t\tdata-image-id=\"4276\"\n\t\t\t\tdata-title=\"korusverseny2009-50\"\n\t\t\t\tdata-description=\"????????????????????????????????????\"\n\t\t\t\tdata-image-slug=\"korusverseny2009-50\"\n\t\t\t\tclass=\"ngg-simplelightbox\" rel=\"747add9b2f2aa3573d676a1fdba0e172\">\n\t\t\t\t<img\n\t\t\t\t\ttitle=\"korusverseny2009-50\"\n\t\t\t\t\talt=\"korusverseny2009-50\"\n\t\t\t\t\tsrc=\"https:\/\/www.aurin-choir.hu\/wp-content\/gallery\/bp-korusversreny-2009\/cache\/korusverseny2009-50.jpg-nggid044276-ngg0dyn-325x225x100-00f0w010c011r110f110r010t010.jpg\"\n\t\t\t\t\twidth=\"325\"\n\t\t\t\t\theight=\"225\"\n\t\t\t\t\tstyle=\"max-width:100%;\"\n\t\t\t\t\/>\n\t\t\t<\/a>\n\t\t<\/div>\n\t\t\t\t\t\t\t<\/div> \n\t\t\t\n\t\t\t\t<div id=\"ngg-image-36\" class=\"ngg-gallery-thumbnail-box \n\t\t\t\t\t\t\t\t\t\t\t\" \n\t\t\t>\n\t\t\t\t\t\t<div class=\"ngg-gallery-thumbnail\">\n\t\t\t<a href=\"https:\/\/www.aurin-choir.hu\/wp-content\/gallery\/bp-korusversreny-2009\/korusverseny2009-51.jpg\"\n\t\t\t\ttitle=\"????????????????????????????????????\"\n\t\t\t\tdata-src=\"https:\/\/www.aurin-choir.hu\/wp-content\/gallery\/bp-korusversreny-2009\/korusverseny2009-51.jpg\"\n\t\t\t\tdata-thumbnail=\"https:\/\/www.aurin-choir.hu\/wp-content\/gallery\/bp-korusversreny-2009\/thumbs\/thumbs_korusverseny2009-51.jpg\"\n\t\t\t\tdata-image-id=\"4277\"\n\t\t\t\tdata-title=\"korusverseny2009-51\"\n\t\t\t\tdata-description=\"????????????????????????????????????\"\n\t\t\t\tdata-image-slug=\"korusverseny2009-51\"\n\t\t\t\tclass=\"ngg-simplelightbox\" rel=\"747add9b2f2aa3573d676a1fdba0e172\">\n\t\t\t\t<img\n\t\t\t\t\ttitle=\"korusverseny2009-51\"\n\t\t\t\t\talt=\"korusverseny2009-51\"\n\t\t\t\t\tsrc=\"https:\/\/www.aurin-choir.hu\/wp-content\/gallery\/bp-korusversreny-2009\/cache\/korusverseny2009-51.jpg-nggid044277-ngg0dyn-325x225x100-00f0w010c011r110f110r010t010.jpg\"\n\t\t\t\t\twidth=\"325\"\n\t\t\t\t\theight=\"225\"\n\t\t\t\t\tstyle=\"max-width:100%;\"\n\t\t\t\t\/>\n\t\t\t<\/a>\n\t\t<\/div>\n\t\t\t\t\t\t\t<\/div> \n\t\t\t\n\t\t\t\t<div id=\"ngg-image-37\" class=\"ngg-gallery-thumbnail-box \n\t\t\t\t\t\t\t\t\t\t\t\" \n\t\t\t>\n\t\t\t\t\t\t<div class=\"ngg-gallery-thumbnail\">\n\t\t\t<a href=\"https:\/\/www.aurin-choir.hu\/wp-content\/gallery\/bp-korusversreny-2009\/korusverseny2009-52.jpg\"\n\t\t\t\ttitle=\"????????????????????????????????????\"\n\t\t\t\tdata-src=\"https:\/\/www.aurin-choir.hu\/wp-content\/gallery\/bp-korusversreny-2009\/korusverseny2009-52.jpg\"\n\t\t\t\tdata-thumbnail=\"https:\/\/www.aurin-choir.hu\/wp-content\/gallery\/bp-korusversreny-2009\/thumbs\/thumbs_korusverseny2009-52.jpg\"\n\t\t\t\tdata-image-id=\"4278\"\n\t\t\t\tdata-title=\"korusverseny2009-52\"\n\t\t\t\tdata-description=\"????????????????????????????????????\"\n\t\t\t\tdata-image-slug=\"korusverseny2009-52\"\n\t\t\t\tclass=\"ngg-simplelightbox\" rel=\"747add9b2f2aa3573d676a1fdba0e172\">\n\t\t\t\t<img\n\t\t\t\t\ttitle=\"korusverseny2009-52\"\n\t\t\t\t\talt=\"korusverseny2009-52\"\n\t\t\t\t\tsrc=\"https:\/\/www.aurin-choir.hu\/wp-content\/gallery\/bp-korusversreny-2009\/cache\/korusverseny2009-52.jpg-nggid044278-ngg0dyn-325x225x100-00f0w010c011r110f110r010t010.jpg\"\n\t\t\t\t\twidth=\"325\"\n\t\t\t\t\theight=\"225\"\n\t\t\t\t\tstyle=\"max-width:100%;\"\n\t\t\t\t\/>\n\t\t\t<\/a>\n\t\t<\/div>\n\t\t\t\t\t\t\t<\/div> \n\t\t\t\n\t\t\t\t<div id=\"ngg-image-38\" class=\"ngg-gallery-thumbnail-box \n\t\t\t\t\t\t\t\t\t\t\t\" \n\t\t\t>\n\t\t\t\t\t\t<div class=\"ngg-gallery-thumbnail\">\n\t\t\t<a href=\"https:\/\/www.aurin-choir.hu\/wp-content\/gallery\/bp-korusversreny-2009\/korusverseny2009-53.jpg\"\n\t\t\t\ttitle=\"????????????????????????????????????\"\n\t\t\t\tdata-src=\"https:\/\/www.aurin-choir.hu\/wp-content\/gallery\/bp-korusversreny-2009\/korusverseny2009-53.jpg\"\n\t\t\t\tdata-thumbnail=\"https:\/\/www.aurin-choir.hu\/wp-content\/gallery\/bp-korusversreny-2009\/thumbs\/thumbs_korusverseny2009-53.jpg\"\n\t\t\t\tdata-image-id=\"4279\"\n\t\t\t\tdata-title=\"korusverseny2009-53\"\n\t\t\t\tdata-description=\"????????????????????????????????????\"\n\t\t\t\tdata-image-slug=\"korusverseny2009-53\"\n\t\t\t\tclass=\"ngg-simplelightbox\" rel=\"747add9b2f2aa3573d676a1fdba0e172\">\n\t\t\t\t<img\n\t\t\t\t\ttitle=\"korusverseny2009-53\"\n\t\t\t\t\talt=\"korusverseny2009-53\"\n\t\t\t\t\tsrc=\"https:\/\/www.aurin-choir.hu\/wp-content\/gallery\/bp-korusversreny-2009\/cache\/korusverseny2009-53.jpg-nggid044279-ngg0dyn-325x225x100-00f0w010c011r110f110r010t010.jpg\"\n\t\t\t\t\twidth=\"325\"\n\t\t\t\t\theight=\"225\"\n\t\t\t\t\tstyle=\"max-width:100%;\"\n\t\t\t\t\/>\n\t\t\t<\/a>\n\t\t<\/div>\n\t\t\t\t\t\t\t<\/div> \n\t\t\t\n\t\t\t\t<div id=\"ngg-image-39\" class=\"ngg-gallery-thumbnail-box \n\t\t\t\t\t\t\t\t\t\t\t\" \n\t\t\t>\n\t\t\t\t\t\t<div class=\"ngg-gallery-thumbnail\">\n\t\t\t<a href=\"https:\/\/www.aurin-choir.hu\/wp-content\/gallery\/bp-korusversreny-2009\/korusverseny2009-54.jpg\"\n\t\t\t\ttitle=\"????????????????????????????????????\"\n\t\t\t\tdata-src=\"https:\/\/www.aurin-choir.hu\/wp-content\/gallery\/bp-korusversreny-2009\/korusverseny2009-54.jpg\"\n\t\t\t\tdata-thumbnail=\"https:\/\/www.aurin-choir.hu\/wp-content\/gallery\/bp-korusversreny-2009\/thumbs\/thumbs_korusverseny2009-54.jpg\"\n\t\t\t\tdata-image-id=\"4280\"\n\t\t\t\tdata-title=\"korusverseny2009-54\"\n\t\t\t\tdata-description=\"????????????????????????????????????\"\n\t\t\t\tdata-image-slug=\"korusverseny2009-54\"\n\t\t\t\tclass=\"ngg-simplelightbox\" rel=\"747add9b2f2aa3573d676a1fdba0e172\">\n\t\t\t\t<img\n\t\t\t\t\ttitle=\"korusverseny2009-54\"\n\t\t\t\t\talt=\"korusverseny2009-54\"\n\t\t\t\t\tsrc=\"https:\/\/www.aurin-choir.hu\/wp-content\/gallery\/bp-korusversreny-2009\/cache\/korusverseny2009-54.jpg-nggid044280-ngg0dyn-325x225x100-00f0w010c011r110f110r010t010.jpg\"\n\t\t\t\t\twidth=\"325\"\n\t\t\t\t\theight=\"225\"\n\t\t\t\t\tstyle=\"max-width:100%;\"\n\t\t\t\t\/>\n\t\t\t<\/a>\n\t\t<\/div>\n\t\t\t\t\t\t\t<\/div> \n\t\t\t\n\t\t\t\t<div id=\"ngg-image-40\" class=\"ngg-gallery-thumbnail-box \n\t\t\t\t\t\t\t\t\t\t\t\" \n\t\t\t>\n\t\t\t\t\t\t<div class=\"ngg-gallery-thumbnail\">\n\t\t\t<a href=\"https:\/\/www.aurin-choir.hu\/wp-content\/gallery\/bp-korusversreny-2009\/korusverseny2009-55.jpg\"\n\t\t\t\ttitle=\"????????????????????????????????????\"\n\t\t\t\tdata-src=\"https:\/\/www.aurin-choir.hu\/wp-content\/gallery\/bp-korusversreny-2009\/korusverseny2009-55.jpg\"\n\t\t\t\tdata-thumbnail=\"https:\/\/www.aurin-choir.hu\/wp-content\/gallery\/bp-korusversreny-2009\/thumbs\/thumbs_korusverseny2009-55.jpg\"\n\t\t\t\tdata-image-id=\"4281\"\n\t\t\t\tdata-title=\"korusverseny2009-55\"\n\t\t\t\tdata-description=\"????????????????????????????????????\"\n\t\t\t\tdata-image-slug=\"korusverseny2009-55\"\n\t\t\t\tclass=\"ngg-simplelightbox\" rel=\"747add9b2f2aa3573d676a1fdba0e172\">\n\t\t\t\t<img\n\t\t\t\t\ttitle=\"korusverseny2009-55\"\n\t\t\t\t\talt=\"korusverseny2009-55\"\n\t\t\t\t\tsrc=\"https:\/\/www.aurin-choir.hu\/wp-content\/gallery\/bp-korusversreny-2009\/cache\/korusverseny2009-55.jpg-nggid044281-ngg0dyn-325x225x100-00f0w010c011r110f110r010t010.jpg\"\n\t\t\t\t\twidth=\"325\"\n\t\t\t\t\theight=\"225\"\n\t\t\t\t\tstyle=\"max-width:100%;\"\n\t\t\t\t\/>\n\t\t\t<\/a>\n\t\t<\/div>\n\t\t\t\t\t\t\t<\/div> \n\t\t\t\n\t\t\t\t<div id=\"ngg-image-41\" class=\"ngg-gallery-thumbnail-box \n\t\t\t\t\t\t\t\t\t\t\t\" \n\t\t\t>\n\t\t\t\t\t\t<div class=\"ngg-gallery-thumbnail\">\n\t\t\t<a href=\"https:\/\/www.aurin-choir.hu\/wp-content\/gallery\/bp-korusversreny-2009\/korusverseny2009-56.jpg\"\n\t\t\t\ttitle=\"????????????????????????????????????\"\n\t\t\t\tdata-src=\"https:\/\/www.aurin-choir.hu\/wp-content\/gallery\/bp-korusversreny-2009\/korusverseny2009-56.jpg\"\n\t\t\t\tdata-thumbnail=\"https:\/\/www.aurin-choir.hu\/wp-content\/gallery\/bp-korusversreny-2009\/thumbs\/thumbs_korusverseny2009-56.jpg\"\n\t\t\t\tdata-image-id=\"4282\"\n\t\t\t\tdata-title=\"korusverseny2009-56\"\n\t\t\t\tdata-description=\"????????????????????????????????????\"\n\t\t\t\tdata-image-slug=\"korusverseny2009-56\"\n\t\t\t\tclass=\"ngg-simplelightbox\" rel=\"747add9b2f2aa3573d676a1fdba0e172\">\n\t\t\t\t<img\n\t\t\t\t\ttitle=\"korusverseny2009-56\"\n\t\t\t\t\talt=\"korusverseny2009-56\"\n\t\t\t\t\tsrc=\"https:\/\/www.aurin-choir.hu\/wp-content\/gallery\/bp-korusversreny-2009\/cache\/korusverseny2009-56.jpg-nggid044282-ngg0dyn-325x225x100-00f0w010c011r110f110r010t010.jpg\"\n\t\t\t\t\twidth=\"325\"\n\t\t\t\t\theight=\"225\"\n\t\t\t\t\tstyle=\"max-width:100%;\"\n\t\t\t\t\/>\n\t\t\t<\/a>\n\t\t<\/div>\n\t\t\t\t\t\t\t<\/div> \n\t\t\t\n\t\t\t\t<div id=\"ngg-image-42\" class=\"ngg-gallery-thumbnail-box \n\t\t\t\t\t\t\t\t\t\t\t\" \n\t\t\t>\n\t\t\t\t\t\t<div class=\"ngg-gallery-thumbnail\">\n\t\t\t<a href=\"https:\/\/www.aurin-choir.hu\/wp-content\/gallery\/bp-korusversreny-2009\/korusverseny2009-57.jpg\"\n\t\t\t\ttitle=\"????????????????????????????????????\"\n\t\t\t\tdata-src=\"https:\/\/www.aurin-choir.hu\/wp-content\/gallery\/bp-korusversreny-2009\/korusverseny2009-57.jpg\"\n\t\t\t\tdata-thumbnail=\"https:\/\/www.aurin-choir.hu\/wp-content\/gallery\/bp-korusversreny-2009\/thumbs\/thumbs_korusverseny2009-57.jpg\"\n\t\t\t\tdata-image-id=\"4283\"\n\t\t\t\tdata-title=\"korusverseny2009-57\"\n\t\t\t\tdata-description=\"????????????????????????????????????\"\n\t\t\t\tdata-image-slug=\"korusverseny2009-57\"\n\t\t\t\tclass=\"ngg-simplelightbox\" rel=\"747add9b2f2aa3573d676a1fdba0e172\">\n\t\t\t\t<img\n\t\t\t\t\ttitle=\"korusverseny2009-57\"\n\t\t\t\t\talt=\"korusverseny2009-57\"\n\t\t\t\t\tsrc=\"https:\/\/www.aurin-choir.hu\/wp-content\/gallery\/bp-korusversreny-2009\/cache\/korusverseny2009-57.jpg-nggid044283-ngg0dyn-325x225x100-00f0w010c011r110f110r010t010.jpg\"\n\t\t\t\t\twidth=\"325\"\n\t\t\t\t\theight=\"225\"\n\t\t\t\t\tstyle=\"max-width:100%;\"\n\t\t\t\t\/>\n\t\t\t<\/a>\n\t\t<\/div>\n\t\t\t\t\t\t\t<\/div> \n\t\t\t\n\t\t\t\t<div id=\"ngg-image-43\" class=\"ngg-gallery-thumbnail-box \n\t\t\t\t\t\t\t\t\t\t\t\" \n\t\t\t>\n\t\t\t\t\t\t<div class=\"ngg-gallery-thumbnail\">\n\t\t\t<a href=\"https:\/\/www.aurin-choir.hu\/wp-content\/gallery\/bp-korusversreny-2009\/korusverseny2009-58.jpg\"\n\t\t\t\ttitle=\"\"\n\t\t\t\tdata-src=\"https:\/\/www.aurin-choir.hu\/wp-content\/gallery\/bp-korusversreny-2009\/korusverseny2009-58.jpg\"\n\t\t\t\tdata-thumbnail=\"https:\/\/www.aurin-choir.hu\/wp-content\/gallery\/bp-korusversreny-2009\/thumbs\/thumbs_korusverseny2009-58.jpg\"\n\t\t\t\tdata-image-id=\"4284\"\n\t\t\t\tdata-title=\"korusverseny2009-58\"\n\t\t\t\tdata-description=\"\"\n\t\t\t\tdata-image-slug=\"korusverseny2009-58\"\n\t\t\t\tclass=\"ngg-simplelightbox\" rel=\"747add9b2f2aa3573d676a1fdba0e172\">\n\t\t\t\t<img\n\t\t\t\t\ttitle=\"korusverseny2009-58\"\n\t\t\t\t\talt=\"korusverseny2009-58\"\n\t\t\t\t\tsrc=\"https:\/\/www.aurin-choir.hu\/wp-content\/gallery\/bp-korusversreny-2009\/cache\/korusverseny2009-58.jpg-nggid044284-ngg0dyn-325x225x100-00f0w010c011r110f110r010t010.jpg\"\n\t\t\t\t\twidth=\"325\"\n\t\t\t\t\theight=\"225\"\n\t\t\t\t\tstyle=\"max-width:100%;\"\n\t\t\t\t\/>\n\t\t\t<\/a>\n\t\t<\/div>\n\t\t\t\t\t\t\t<\/div> \n\t\t\t\n\t\t\t\t<div id=\"ngg-image-44\" class=\"ngg-gallery-thumbnail-box \n\t\t\t\t\t\t\t\t\t\t\t\" \n\t\t\t>\n\t\t\t\t\t\t<div class=\"ngg-gallery-thumbnail\">\n\t\t\t<a href=\"https:\/\/www.aurin-choir.hu\/wp-content\/gallery\/bp-korusversreny-2009\/korusverseny2009-59.jpg\"\n\t\t\t\ttitle=\"\"\n\t\t\t\tdata-src=\"https:\/\/www.aurin-choir.hu\/wp-content\/gallery\/bp-korusversreny-2009\/korusverseny2009-59.jpg\"\n\t\t\t\tdata-thumbnail=\"https:\/\/www.aurin-choir.hu\/wp-content\/gallery\/bp-korusversreny-2009\/thumbs\/thumbs_korusverseny2009-59.jpg\"\n\t\t\t\tdata-image-id=\"4285\"\n\t\t\t\tdata-title=\"korusverseny2009-59\"\n\t\t\t\tdata-description=\"\"\n\t\t\t\tdata-image-slug=\"korusverseny2009-59\"\n\t\t\t\tclass=\"ngg-simplelightbox\" rel=\"747add9b2f2aa3573d676a1fdba0e172\">\n\t\t\t\t<img\n\t\t\t\t\ttitle=\"korusverseny2009-59\"\n\t\t\t\t\talt=\"korusverseny2009-59\"\n\t\t\t\t\tsrc=\"https:\/\/www.aurin-choir.hu\/wp-content\/gallery\/bp-korusversreny-2009\/cache\/korusverseny2009-59.jpg-nggid044285-ngg0dyn-325x225x100-00f0w010c011r110f110r010t010.jpg\"\n\t\t\t\t\twidth=\"325\"\n\t\t\t\t\theight=\"225\"\n\t\t\t\t\tstyle=\"max-width:100%;\"\n\t\t\t\t\/>\n\t\t\t<\/a>\n\t\t<\/div>\n\t\t\t\t\t\t\t<\/div> \n\t\t\t\n\t\t\t\t<div id=\"ngg-image-45\" class=\"ngg-gallery-thumbnail-box \n\t\t\t\t\t\t\t\t\t\t\t\" \n\t\t\t>\n\t\t\t\t\t\t<div class=\"ngg-gallery-thumbnail\">\n\t\t\t<a href=\"https:\/\/www.aurin-choir.hu\/wp-content\/gallery\/bp-korusversreny-2009\/korusverseny2009-60.jpg\"\n\t\t\t\ttitle=\"\"\n\t\t\t\tdata-src=\"https:\/\/www.aurin-choir.hu\/wp-content\/gallery\/bp-korusversreny-2009\/korusverseny2009-60.jpg\"\n\t\t\t\tdata-thumbnail=\"https:\/\/www.aurin-choir.hu\/wp-content\/gallery\/bp-korusversreny-2009\/thumbs\/thumbs_korusverseny2009-60.jpg\"\n\t\t\t\tdata-image-id=\"4286\"\n\t\t\t\tdata-title=\"korusverseny2009-60\"\n\t\t\t\tdata-description=\"\"\n\t\t\t\tdata-image-slug=\"korusverseny2009-60\"\n\t\t\t\tclass=\"ngg-simplelightbox\" rel=\"747add9b2f2aa3573d676a1fdba0e172\">\n\t\t\t\t<img\n\t\t\t\t\ttitle=\"korusverseny2009-60\"\n\t\t\t\t\talt=\"korusverseny2009-60\"\n\t\t\t\t\tsrc=\"https:\/\/www.aurin-choir.hu\/wp-content\/gallery\/bp-korusversreny-2009\/cache\/korusverseny2009-60.jpg-nggid044286-ngg0dyn-325x225x100-00f0w010c011r110f110r010t010.jpg\"\n\t\t\t\t\twidth=\"325\"\n\t\t\t\t\theight=\"225\"\n\t\t\t\t\tstyle=\"max-width:100%;\"\n\t\t\t\t\/>\n\t\t\t<\/a>\n\t\t<\/div>\n\t\t\t\t\t\t\t<\/div> \n\t\t\t\n\t\t\t\t<div id=\"ngg-image-46\" class=\"ngg-gallery-thumbnail-box \n\t\t\t\t\t\t\t\t\t\t\t\" \n\t\t\t>\n\t\t\t\t\t\t<div class=\"ngg-gallery-thumbnail\">\n\t\t\t<a href=\"https:\/\/www.aurin-choir.hu\/wp-content\/gallery\/bp-korusversreny-2009\/korusverseny2009-61.jpg\"\n\t\t\t\ttitle=\"????????????????????????????????????\"\n\t\t\t\tdata-src=\"https:\/\/www.aurin-choir.hu\/wp-content\/gallery\/bp-korusversreny-2009\/korusverseny2009-61.jpg\"\n\t\t\t\tdata-thumbnail=\"https:\/\/www.aurin-choir.hu\/wp-content\/gallery\/bp-korusversreny-2009\/thumbs\/thumbs_korusverseny2009-61.jpg\"\n\t\t\t\tdata-image-id=\"4287\"\n\t\t\t\tdata-title=\"korusverseny2009-61\"\n\t\t\t\tdata-description=\"????????????????????????????????????\"\n\t\t\t\tdata-image-slug=\"korusverseny2009-61\"\n\t\t\t\tclass=\"ngg-simplelightbox\" rel=\"747add9b2f2aa3573d676a1fdba0e172\">\n\t\t\t\t<img\n\t\t\t\t\ttitle=\"korusverseny2009-61\"\n\t\t\t\t\talt=\"korusverseny2009-61\"\n\t\t\t\t\tsrc=\"https:\/\/www.aurin-choir.hu\/wp-content\/gallery\/bp-korusversreny-2009\/cache\/korusverseny2009-61.jpg-nggid044287-ngg0dyn-325x225x100-00f0w010c011r110f110r010t010.jpg\"\n\t\t\t\t\twidth=\"325\"\n\t\t\t\t\theight=\"225\"\n\t\t\t\t\tstyle=\"max-width:100%;\"\n\t\t\t\t\/>\n\t\t\t<\/a>\n\t\t<\/div>\n\t\t\t\t\t\t\t<\/div> \n\t\t\t\n\t\t\t\t<div id=\"ngg-image-47\" class=\"ngg-gallery-thumbnail-box \n\t\t\t\t\t\t\t\t\t\t\t\" \n\t\t\t>\n\t\t\t\t\t\t<div class=\"ngg-gallery-thumbnail\">\n\t\t\t<a href=\"https:\/\/www.aurin-choir.hu\/wp-content\/gallery\/bp-korusversreny-2009\/korusverseny2009-62.jpg\"\n\t\t\t\ttitle=\"????????????????????????????????????\"\n\t\t\t\tdata-src=\"https:\/\/www.aurin-choir.hu\/wp-content\/gallery\/bp-korusversreny-2009\/korusverseny2009-62.jpg\"\n\t\t\t\tdata-thumbnail=\"https:\/\/www.aurin-choir.hu\/wp-content\/gallery\/bp-korusversreny-2009\/thumbs\/thumbs_korusverseny2009-62.jpg\"\n\t\t\t\tdata-image-id=\"4288\"\n\t\t\t\tdata-title=\"korusverseny2009-62\"\n\t\t\t\tdata-description=\"????????????????????????????????????\"\n\t\t\t\tdata-image-slug=\"korusverseny2009-62\"\n\t\t\t\tclass=\"ngg-simplelightbox\" rel=\"747add9b2f2aa3573d676a1fdba0e172\">\n\t\t\t\t<img\n\t\t\t\t\ttitle=\"korusverseny2009-62\"\n\t\t\t\t\talt=\"korusverseny2009-62\"\n\t\t\t\t\tsrc=\"https:\/\/www.aurin-choir.hu\/wp-content\/gallery\/bp-korusversreny-2009\/cache\/korusverseny2009-62.jpg-nggid044288-ngg0dyn-325x225x100-00f0w010c011r110f110r010t010.jpg\"\n\t\t\t\t\twidth=\"325\"\n\t\t\t\t\theight=\"225\"\n\t\t\t\t\tstyle=\"max-width:100%;\"\n\t\t\t\t\/>\n\t\t\t<\/a>\n\t\t<\/div>\n\t\t\t\t\t\t\t<\/div> \n\t\t\t\n\t\t\t\t<div id=\"ngg-image-48\" class=\"ngg-gallery-thumbnail-box \n\t\t\t\t\t\t\t\t\t\t\t\" \n\t\t\t>\n\t\t\t\t\t\t<div class=\"ngg-gallery-thumbnail\">\n\t\t\t<a href=\"https:\/\/www.aurin-choir.hu\/wp-content\/gallery\/bp-korusversreny-2009\/korusverseny2009-63.jpg\"\n\t\t\t\ttitle=\"\"\n\t\t\t\tdata-src=\"https:\/\/www.aurin-choir.hu\/wp-content\/gallery\/bp-korusversreny-2009\/korusverseny2009-63.jpg\"\n\t\t\t\tdata-thumbnail=\"https:\/\/www.aurin-choir.hu\/wp-content\/gallery\/bp-korusversreny-2009\/thumbs\/thumbs_korusverseny2009-63.jpg\"\n\t\t\t\tdata-image-id=\"4289\"\n\t\t\t\tdata-title=\"korusverseny2009-63\"\n\t\t\t\tdata-description=\"\"\n\t\t\t\tdata-image-slug=\"korusverseny2009-63\"\n\t\t\t\tclass=\"ngg-simplelightbox\" rel=\"747add9b2f2aa3573d676a1fdba0e172\">\n\t\t\t\t<img\n\t\t\t\t\ttitle=\"korusverseny2009-63\"\n\t\t\t\t\talt=\"korusverseny2009-63\"\n\t\t\t\t\tsrc=\"https:\/\/www.aurin-choir.hu\/wp-content\/gallery\/bp-korusversreny-2009\/cache\/korusverseny2009-63.jpg-nggid044289-ngg0dyn-325x225x100-00f0w010c011r110f110r010t010.jpg\"\n\t\t\t\t\twidth=\"325\"\n\t\t\t\t\theight=\"225\"\n\t\t\t\t\tstyle=\"max-width:100%;\"\n\t\t\t\t\/>\n\t\t\t<\/a>\n\t\t<\/div>\n\t\t\t\t\t\t\t<\/div> \n\t\t\t\n\t\t\t\t<div id=\"ngg-image-49\" class=\"ngg-gallery-thumbnail-box \n\t\t\t\t\t\t\t\t\t\t\t\" \n\t\t\t>\n\t\t\t\t\t\t<div class=\"ngg-gallery-thumbnail\">\n\t\t\t<a href=\"https:\/\/www.aurin-choir.hu\/wp-content\/gallery\/bp-korusversreny-2009\/korusverseny2009-64.jpg\"\n\t\t\t\ttitle=\"\"\n\t\t\t\tdata-src=\"https:\/\/www.aurin-choir.hu\/wp-content\/gallery\/bp-korusversreny-2009\/korusverseny2009-64.jpg\"\n\t\t\t\tdata-thumbnail=\"https:\/\/www.aurin-choir.hu\/wp-content\/gallery\/bp-korusversreny-2009\/thumbs\/thumbs_korusverseny2009-64.jpg\"\n\t\t\t\tdata-image-id=\"4290\"\n\t\t\t\tdata-title=\"korusverseny2009-64\"\n\t\t\t\tdata-description=\"\"\n\t\t\t\tdata-image-slug=\"korusverseny2009-64\"\n\t\t\t\tclass=\"ngg-simplelightbox\" rel=\"747add9b2f2aa3573d676a1fdba0e172\">\n\t\t\t\t<img\n\t\t\t\t\ttitle=\"korusverseny2009-64\"\n\t\t\t\t\talt=\"korusverseny2009-64\"\n\t\t\t\t\tsrc=\"https:\/\/www.aurin-choir.hu\/wp-content\/gallery\/bp-korusversreny-2009\/cache\/korusverseny2009-64.jpg-nggid044290-ngg0dyn-325x225x100-00f0w010c011r110f110r010t010.jpg\"\n\t\t\t\t\twidth=\"325\"\n\t\t\t\t\theight=\"225\"\n\t\t\t\t\tstyle=\"max-width:100%;\"\n\t\t\t\t\/>\n\t\t\t<\/a>\n\t\t<\/div>\n\t\t\t\t\t\t\t<\/div> \n\t\t\t\n\t\t\t\t<div id=\"ngg-image-50\" class=\"ngg-gallery-thumbnail-box \n\t\t\t\t\t\t\t\t\t\t\t\" \n\t\t\t>\n\t\t\t\t\t\t<div class=\"ngg-gallery-thumbnail\">\n\t\t\t<a href=\"https:\/\/www.aurin-choir.hu\/wp-content\/gallery\/bp-korusversreny-2009\/korusverseny2009-65.jpg\"\n\t\t\t\ttitle=\"\"\n\t\t\t\tdata-src=\"https:\/\/www.aurin-choir.hu\/wp-content\/gallery\/bp-korusversreny-2009\/korusverseny2009-65.jpg\"\n\t\t\t\tdata-thumbnail=\"https:\/\/www.aurin-choir.hu\/wp-content\/gallery\/bp-korusversreny-2009\/thumbs\/thumbs_korusverseny2009-65.jpg\"\n\t\t\t\tdata-image-id=\"4291\"\n\t\t\t\tdata-title=\"korusverseny2009-65\"\n\t\t\t\tdata-description=\"\"\n\t\t\t\tdata-image-slug=\"korusverseny2009-65\"\n\t\t\t\tclass=\"ngg-simplelightbox\" rel=\"747add9b2f2aa3573d676a1fdba0e172\">\n\t\t\t\t<img\n\t\t\t\t\ttitle=\"korusverseny2009-65\"\n\t\t\t\t\talt=\"korusverseny2009-65\"\n\t\t\t\t\tsrc=\"https:\/\/www.aurin-choir.hu\/wp-content\/gallery\/bp-korusversreny-2009\/cache\/korusverseny2009-65.jpg-nggid044291-ngg0dyn-325x225x100-00f0w010c011r110f110r010t010.jpg\"\n\t\t\t\t\twidth=\"325\"\n\t\t\t\t\theight=\"225\"\n\t\t\t\t\tstyle=\"max-width:100%;\"\n\t\t\t\t\/>\n\t\t\t<\/a>\n\t\t<\/div>\n\t\t\t\t\t\t\t<\/div> \n\t\t\t\n\t\t\t\t<div id=\"ngg-image-51\" class=\"ngg-gallery-thumbnail-box \n\t\t\t\t\t\t\t\t\t\t\t\" \n\t\t\t>\n\t\t\t\t\t\t<div class=\"ngg-gallery-thumbnail\">\n\t\t\t<a href=\"https:\/\/www.aurin-choir.hu\/wp-content\/gallery\/bp-korusversreny-2009\/korusverseny2009-66.jpg\"\n\t\t\t\ttitle=\"????????????????????????????????????\"\n\t\t\t\tdata-src=\"https:\/\/www.aurin-choir.hu\/wp-content\/gallery\/bp-korusversreny-2009\/korusverseny2009-66.jpg\"\n\t\t\t\tdata-thumbnail=\"https:\/\/www.aurin-choir.hu\/wp-content\/gallery\/bp-korusversreny-2009\/thumbs\/thumbs_korusverseny2009-66.jpg\"\n\t\t\t\tdata-image-id=\"4292\"\n\t\t\t\tdata-title=\"korusverseny2009-66\"\n\t\t\t\tdata-description=\"????????????????????????????????????\"\n\t\t\t\tdata-image-slug=\"korusverseny2009-66\"\n\t\t\t\tclass=\"ngg-simplelightbox\" rel=\"747add9b2f2aa3573d676a1fdba0e172\">\n\t\t\t\t<img\n\t\t\t\t\ttitle=\"korusverseny2009-66\"\n\t\t\t\t\talt=\"korusverseny2009-66\"\n\t\t\t\t\tsrc=\"https:\/\/www.aurin-choir.hu\/wp-content\/gallery\/bp-korusversreny-2009\/cache\/korusverseny2009-66.jpg-nggid044292-ngg0dyn-325x225x100-00f0w010c011r110f110r010t010.jpg\"\n\t\t\t\t\twidth=\"325\"\n\t\t\t\t\theight=\"225\"\n\t\t\t\t\tstyle=\"max-width:100%;\"\n\t\t\t\t\/>\n\t\t\t<\/a>\n\t\t<\/div>\n\t\t\t\t\t\t\t<\/div> \n\t\t\t\n\t\t\t\t<div id=\"ngg-image-52\" class=\"ngg-gallery-thumbnail-box \n\t\t\t\t\t\t\t\t\t\t\t\" \n\t\t\t>\n\t\t\t\t\t\t<div class=\"ngg-gallery-thumbnail\">\n\t\t\t<a href=\"https:\/\/www.aurin-choir.hu\/wp-content\/gallery\/bp-korusversreny-2009\/korusverseny2009-67.jpg\"\n\t\t\t\ttitle=\"????????????????????????????????????\"\n\t\t\t\tdata-src=\"https:\/\/www.aurin-choir.hu\/wp-content\/gallery\/bp-korusversreny-2009\/korusverseny2009-67.jpg\"\n\t\t\t\tdata-thumbnail=\"https:\/\/www.aurin-choir.hu\/wp-content\/gallery\/bp-korusversreny-2009\/thumbs\/thumbs_korusverseny2009-67.jpg\"\n\t\t\t\tdata-image-id=\"4293\"\n\t\t\t\tdata-title=\"korusverseny2009-67\"\n\t\t\t\tdata-description=\"????????????????????????????????????\"\n\t\t\t\tdata-image-slug=\"korusverseny2009-67\"\n\t\t\t\tclass=\"ngg-simplelightbox\" rel=\"747add9b2f2aa3573d676a1fdba0e172\">\n\t\t\t\t<img\n\t\t\t\t\ttitle=\"korusverseny2009-67\"\n\t\t\t\t\talt=\"korusverseny2009-67\"\n\t\t\t\t\tsrc=\"https:\/\/www.aurin-choir.hu\/wp-content\/gallery\/bp-korusversreny-2009\/cache\/korusverseny2009-67.jpg-nggid044293-ngg0dyn-325x225x100-00f0w010c011r110f110r010t010.jpg\"\n\t\t\t\t\twidth=\"325\"\n\t\t\t\t\theight=\"225\"\n\t\t\t\t\tstyle=\"max-width:100%;\"\n\t\t\t\t\/>\n\t\t\t<\/a>\n\t\t<\/div>\n\t\t\t\t\t\t\t<\/div> \n\t\t\t\n\t\t\t\t<div id=\"ngg-image-53\" class=\"ngg-gallery-thumbnail-box \n\t\t\t\t\t\t\t\t\t\t\t\" \n\t\t\t>\n\t\t\t\t\t\t<div class=\"ngg-gallery-thumbnail\">\n\t\t\t<a href=\"https:\/\/www.aurin-choir.hu\/wp-content\/gallery\/bp-korusversreny-2009\/korusverseny2009-68.jpg\"\n\t\t\t\ttitle=\"????????????????????????????????????\"\n\t\t\t\tdata-src=\"https:\/\/www.aurin-choir.hu\/wp-content\/gallery\/bp-korusversreny-2009\/korusverseny2009-68.jpg\"\n\t\t\t\tdata-thumbnail=\"https:\/\/www.aurin-choir.hu\/wp-content\/gallery\/bp-korusversreny-2009\/thumbs\/thumbs_korusverseny2009-68.jpg\"\n\t\t\t\tdata-image-id=\"4294\"\n\t\t\t\tdata-title=\"korusverseny2009-68\"\n\t\t\t\tdata-description=\"????????????????????????????????????\"\n\t\t\t\tdata-image-slug=\"korusverseny2009-68\"\n\t\t\t\tclass=\"ngg-simplelightbox\" rel=\"747add9b2f2aa3573d676a1fdba0e172\">\n\t\t\t\t<img\n\t\t\t\t\ttitle=\"korusverseny2009-68\"\n\t\t\t\t\talt=\"korusverseny2009-68\"\n\t\t\t\t\tsrc=\"https:\/\/www.aurin-choir.hu\/wp-content\/gallery\/bp-korusversreny-2009\/cache\/korusverseny2009-68.jpg-nggid044294-ngg0dyn-325x225x100-00f0w010c011r110f110r010t010.jpg\"\n\t\t\t\t\twidth=\"325\"\n\t\t\t\t\theight=\"225\"\n\t\t\t\t\tstyle=\"max-width:100%;\"\n\t\t\t\t\/>\n\t\t\t<\/a>\n\t\t<\/div>\n\t\t\t\t\t\t\t<\/div> \n\t\t\t\n\t\t\t\t<div id=\"ngg-image-54\" class=\"ngg-gallery-thumbnail-box \n\t\t\t\t\t\t\t\t\t\t\t\" \n\t\t\t>\n\t\t\t\t\t\t<div class=\"ngg-gallery-thumbnail\">\n\t\t\t<a href=\"https:\/\/www.aurin-choir.hu\/wp-content\/gallery\/bp-korusversreny-2009\/korusverseny2009-69.jpg\"\n\t\t\t\ttitle=\"\"\n\t\t\t\tdata-src=\"https:\/\/www.aurin-choir.hu\/wp-content\/gallery\/bp-korusversreny-2009\/korusverseny2009-69.jpg\"\n\t\t\t\tdata-thumbnail=\"https:\/\/www.aurin-choir.hu\/wp-content\/gallery\/bp-korusversreny-2009\/thumbs\/thumbs_korusverseny2009-69.jpg\"\n\t\t\t\tdata-image-id=\"4295\"\n\t\t\t\tdata-title=\"korusverseny2009-69\"\n\t\t\t\tdata-description=\"\"\n\t\t\t\tdata-image-slug=\"korusverseny2009-69\"\n\t\t\t\tclass=\"ngg-simplelightbox\" rel=\"747add9b2f2aa3573d676a1fdba0e172\">\n\t\t\t\t<img\n\t\t\t\t\ttitle=\"korusverseny2009-69\"\n\t\t\t\t\talt=\"korusverseny2009-69\"\n\t\t\t\t\tsrc=\"https:\/\/www.aurin-choir.hu\/wp-content\/gallery\/bp-korusversreny-2009\/cache\/korusverseny2009-69.jpg-nggid044295-ngg0dyn-325x225x100-00f0w010c011r110f110r010t010.jpg\"\n\t\t\t\t\twidth=\"325\"\n\t\t\t\t\theight=\"225\"\n\t\t\t\t\tstyle=\"max-width:100%;\"\n\t\t\t\t\/>\n\t\t\t<\/a>\n\t\t<\/div>\n\t\t\t\t\t\t\t<\/div> \n\t\t\t\n\t\t\t\t<div id=\"ngg-image-55\" class=\"ngg-gallery-thumbnail-box \n\t\t\t\t\t\t\t\t\t\t\t\" \n\t\t\t>\n\t\t\t\t\t\t<div class=\"ngg-gallery-thumbnail\">\n\t\t\t<a href=\"https:\/\/www.aurin-choir.hu\/wp-content\/gallery\/bp-korusversreny-2009\/korusverseny2009-70.jpg\"\n\t\t\t\ttitle=\"????????????????????????????????????\"\n\t\t\t\tdata-src=\"https:\/\/www.aurin-choir.hu\/wp-content\/gallery\/bp-korusversreny-2009\/korusverseny2009-70.jpg\"\n\t\t\t\tdata-thumbnail=\"https:\/\/www.aurin-choir.hu\/wp-content\/gallery\/bp-korusversreny-2009\/thumbs\/thumbs_korusverseny2009-70.jpg\"\n\t\t\t\tdata-image-id=\"4296\"\n\t\t\t\tdata-title=\"korusverseny2009-70\"\n\t\t\t\tdata-description=\"????????????????????????????????????\"\n\t\t\t\tdata-image-slug=\"korusverseny2009-70\"\n\t\t\t\tclass=\"ngg-simplelightbox\" rel=\"747add9b2f2aa3573d676a1fdba0e172\">\n\t\t\t\t<img\n\t\t\t\t\ttitle=\"korusverseny2009-70\"\n\t\t\t\t\talt=\"korusverseny2009-70\"\n\t\t\t\t\tsrc=\"https:\/\/www.aurin-choir.hu\/wp-content\/gallery\/bp-korusversreny-2009\/cache\/korusverseny2009-70.jpg-nggid044296-ngg0dyn-325x225x100-00f0w010c011r110f110r010t010.jpg\"\n\t\t\t\t\twidth=\"325\"\n\t\t\t\t\theight=\"225\"\n\t\t\t\t\tstyle=\"max-width:100%;\"\n\t\t\t\t\/>\n\t\t\t<\/a>\n\t\t<\/div>\n\t\t\t\t\t\t\t<\/div> \n\t\t\t\n\t\t\t\t<div id=\"ngg-image-56\" class=\"ngg-gallery-thumbnail-box \n\t\t\t\t\t\t\t\t\t\t\t\" \n\t\t\t>\n\t\t\t\t\t\t<div class=\"ngg-gallery-thumbnail\">\n\t\t\t<a href=\"https:\/\/www.aurin-choir.hu\/wp-content\/gallery\/bp-korusversreny-2009\/korusverseny2009-71.jpg\"\n\t\t\t\ttitle=\"\"\n\t\t\t\tdata-src=\"https:\/\/www.aurin-choir.hu\/wp-content\/gallery\/bp-korusversreny-2009\/korusverseny2009-71.jpg\"\n\t\t\t\tdata-thumbnail=\"https:\/\/www.aurin-choir.hu\/wp-content\/gallery\/bp-korusversreny-2009\/thumbs\/thumbs_korusverseny2009-71.jpg\"\n\t\t\t\tdata-image-id=\"4297\"\n\t\t\t\tdata-title=\"korusverseny2009-71\"\n\t\t\t\tdata-description=\"\"\n\t\t\t\tdata-image-slug=\"korusverseny2009-71\"\n\t\t\t\tclass=\"ngg-simplelightbox\" rel=\"747add9b2f2aa3573d676a1fdba0e172\">\n\t\t\t\t<img\n\t\t\t\t\ttitle=\"korusverseny2009-71\"\n\t\t\t\t\talt=\"korusverseny2009-71\"\n\t\t\t\t\tsrc=\"https:\/\/www.aurin-choir.hu\/wp-content\/gallery\/bp-korusversreny-2009\/cache\/korusverseny2009-71.jpg-nggid044297-ngg0dyn-325x225x100-00f0w010c011r110f110r010t010.jpg\"\n\t\t\t\t\twidth=\"325\"\n\t\t\t\t\theight=\"225\"\n\t\t\t\t\tstyle=\"max-width:100%;\"\n\t\t\t\t\/>\n\t\t\t<\/a>\n\t\t<\/div>\n\t\t\t\t\t\t\t<\/div> \n\t\t\t\n\t\t\t\t<div id=\"ngg-image-57\" class=\"ngg-gallery-thumbnail-box \n\t\t\t\t\t\t\t\t\t\t\t\" \n\t\t\t>\n\t\t\t\t\t\t<div class=\"ngg-gallery-thumbnail\">\n\t\t\t<a href=\"https:\/\/www.aurin-choir.hu\/wp-content\/gallery\/bp-korusversreny-2009\/korusverseny2009-72.jpg\"\n\t\t\t\ttitle=\"????????????????????????????????????\"\n\t\t\t\tdata-src=\"https:\/\/www.aurin-choir.hu\/wp-content\/gallery\/bp-korusversreny-2009\/korusverseny2009-72.jpg\"\n\t\t\t\tdata-thumbnail=\"https:\/\/www.aurin-choir.hu\/wp-content\/gallery\/bp-korusversreny-2009\/thumbs\/thumbs_korusverseny2009-72.jpg\"\n\t\t\t\tdata-image-id=\"4298\"\n\t\t\t\tdata-title=\"korusverseny2009-72\"\n\t\t\t\tdata-description=\"????????????????????????????????????\"\n\t\t\t\tdata-image-slug=\"korusverseny2009-72\"\n\t\t\t\tclass=\"ngg-simplelightbox\" rel=\"747add9b2f2aa3573d676a1fdba0e172\">\n\t\t\t\t<img\n\t\t\t\t\ttitle=\"korusverseny2009-72\"\n\t\t\t\t\talt=\"korusverseny2009-72\"\n\t\t\t\t\tsrc=\"https:\/\/www.aurin-choir.hu\/wp-content\/gallery\/bp-korusversreny-2009\/cache\/korusverseny2009-72.jpg-nggid044298-ngg0dyn-325x225x100-00f0w010c011r110f110r010t010.jpg\"\n\t\t\t\t\twidth=\"325\"\n\t\t\t\t\theight=\"225\"\n\t\t\t\t\tstyle=\"max-width:100%;\"\n\t\t\t\t\/>\n\t\t\t<\/a>\n\t\t<\/div>\n\t\t\t\t\t\t\t<\/div> \n\t\t\t\n\t\t\t\t<div id=\"ngg-image-58\" class=\"ngg-gallery-thumbnail-box \n\t\t\t\t\t\t\t\t\t\t\t\" \n\t\t\t>\n\t\t\t\t\t\t<div class=\"ngg-gallery-thumbnail\">\n\t\t\t<a href=\"https:\/\/www.aurin-choir.hu\/wp-content\/gallery\/bp-korusversreny-2009\/korusverseny2009-74.jpg\"\n\t\t\t\ttitle=\"????????????????????????????????????\"\n\t\t\t\tdata-src=\"https:\/\/www.aurin-choir.hu\/wp-content\/gallery\/bp-korusversreny-2009\/korusverseny2009-74.jpg\"\n\t\t\t\tdata-thumbnail=\"https:\/\/www.aurin-choir.hu\/wp-content\/gallery\/bp-korusversreny-2009\/thumbs\/thumbs_korusverseny2009-74.jpg\"\n\t\t\t\tdata-image-id=\"4299\"\n\t\t\t\tdata-title=\"korusverseny2009-74\"\n\t\t\t\tdata-description=\"????????????????????????????????????\"\n\t\t\t\tdata-image-slug=\"korusverseny2009-74\"\n\t\t\t\tclass=\"ngg-simplelightbox\" rel=\"747add9b2f2aa3573d676a1fdba0e172\">\n\t\t\t\t<img\n\t\t\t\t\ttitle=\"korusverseny2009-74\"\n\t\t\t\t\talt=\"korusverseny2009-74\"\n\t\t\t\t\tsrc=\"https:\/\/www.aurin-choir.hu\/wp-content\/gallery\/bp-korusversreny-2009\/cache\/korusverseny2009-74.jpg-nggid044299-ngg0dyn-325x225x100-00f0w010c011r110f110r010t010.jpg\"\n\t\t\t\t\twidth=\"325\"\n\t\t\t\t\theight=\"225\"\n\t\t\t\t\tstyle=\"max-width:100%;\"\n\t\t\t\t\/>\n\t\t\t<\/a>\n\t\t<\/div>\n\t\t\t\t\t\t\t<\/div> \n\t\t\t\n\t\t\t\t<div id=\"ngg-image-59\" class=\"ngg-gallery-thumbnail-box \n\t\t\t\t\t\t\t\t\t\t\t\" \n\t\t\t>\n\t\t\t\t\t\t<div class=\"ngg-gallery-thumbnail\">\n\t\t\t<a href=\"https:\/\/www.aurin-choir.hu\/wp-content\/gallery\/bp-korusversreny-2009\/korusverseny2009-76.jpg\"\n\t\t\t\ttitle=\"\"\n\t\t\t\tdata-src=\"https:\/\/www.aurin-choir.hu\/wp-content\/gallery\/bp-korusversreny-2009\/korusverseny2009-76.jpg\"\n\t\t\t\tdata-thumbnail=\"https:\/\/www.aurin-choir.hu\/wp-content\/gallery\/bp-korusversreny-2009\/thumbs\/thumbs_korusverseny2009-76.jpg\"\n\t\t\t\tdata-image-id=\"4300\"\n\t\t\t\tdata-title=\"korusverseny2009-76\"\n\t\t\t\tdata-description=\"\"\n\t\t\t\tdata-image-slug=\"korusverseny2009-76\"\n\t\t\t\tclass=\"ngg-simplelightbox\" rel=\"747add9b2f2aa3573d676a1fdba0e172\">\n\t\t\t\t<img\n\t\t\t\t\ttitle=\"korusverseny2009-76\"\n\t\t\t\t\talt=\"korusverseny2009-76\"\n\t\t\t\t\tsrc=\"https:\/\/www.aurin-choir.hu\/wp-content\/gallery\/bp-korusversreny-2009\/cache\/korusverseny2009-76.jpg-nggid044300-ngg0dyn-325x225x100-00f0w010c011r110f110r010t010.jpg\"\n\t\t\t\t\twidth=\"325\"\n\t\t\t\t\theight=\"225\"\n\t\t\t\t\tstyle=\"max-width:100%;\"\n\t\t\t\t\/>\n\t\t\t<\/a>\n\t\t<\/div>\n\t\t\t\t\t\t\t<\/div> \n\t\t\t\n\t\t\t\t<div id=\"ngg-image-60\" class=\"ngg-gallery-thumbnail-box \n\t\t\t\t\t\t\t\t\t\t\t\" \n\t\t\t>\n\t\t\t\t\t\t<div class=\"ngg-gallery-thumbnail\">\n\t\t\t<a href=\"https:\/\/www.aurin-choir.hu\/wp-content\/gallery\/bp-korusversreny-2009\/korusverseny2009-78.jpg\"\n\t\t\t\ttitle=\"????????????????????????????????????\"\n\t\t\t\tdata-src=\"https:\/\/www.aurin-choir.hu\/wp-content\/gallery\/bp-korusversreny-2009\/korusverseny2009-78.jpg\"\n\t\t\t\tdata-thumbnail=\"https:\/\/www.aurin-choir.hu\/wp-content\/gallery\/bp-korusversreny-2009\/thumbs\/thumbs_korusverseny2009-78.jpg\"\n\t\t\t\tdata-image-id=\"4301\"\n\t\t\t\tdata-title=\"korusverseny2009-78\"\n\t\t\t\tdata-description=\"????????????????????????????????????\"\n\t\t\t\tdata-image-slug=\"korusverseny2009-78\"\n\t\t\t\tclass=\"ngg-simplelightbox\" rel=\"747add9b2f2aa3573d676a1fdba0e172\">\n\t\t\t\t<img\n\t\t\t\t\ttitle=\"korusverseny2009-78\"\n\t\t\t\t\talt=\"korusverseny2009-78\"\n\t\t\t\t\tsrc=\"https:\/\/www.aurin-choir.hu\/wp-content\/gallery\/bp-korusversreny-2009\/cache\/korusverseny2009-78.jpg-nggid044301-ngg0dyn-325x225x100-00f0w010c011r110f110r010t010.jpg\"\n\t\t\t\t\twidth=\"325\"\n\t\t\t\t\theight=\"225\"\n\t\t\t\t\tstyle=\"max-width:100%;\"\n\t\t\t\t\/>\n\t\t\t<\/a>\n\t\t<\/div>\n\t\t\t\t\t\t\t<\/div> \n\t\t\t\n\t\t\t\t<div id=\"ngg-image-61\" class=\"ngg-gallery-thumbnail-box \n\t\t\t\t\t\t\t\t\t\t\t\" \n\t\t\t>\n\t\t\t\t\t\t<div class=\"ngg-gallery-thumbnail\">\n\t\t\t<a href=\"https:\/\/www.aurin-choir.hu\/wp-content\/gallery\/bp-korusversreny-2009\/korusverseny2009-79.jpg\"\n\t\t\t\ttitle=\"????????????????????????????????????\"\n\t\t\t\tdata-src=\"https:\/\/www.aurin-choir.hu\/wp-content\/gallery\/bp-korusversreny-2009\/korusverseny2009-79.jpg\"\n\t\t\t\tdata-thumbnail=\"https:\/\/www.aurin-choir.hu\/wp-content\/gallery\/bp-korusversreny-2009\/thumbs\/thumbs_korusverseny2009-79.jpg\"\n\t\t\t\tdata-image-id=\"4302\"\n\t\t\t\tdata-title=\"korusverseny2009-79\"\n\t\t\t\tdata-description=\"????????????????????????????????????\"\n\t\t\t\tdata-image-slug=\"korusverseny2009-79\"\n\t\t\t\tclass=\"ngg-simplelightbox\" rel=\"747add9b2f2aa3573d676a1fdba0e172\">\n\t\t\t\t<img\n\t\t\t\t\ttitle=\"korusverseny2009-79\"\n\t\t\t\t\talt=\"korusverseny2009-79\"\n\t\t\t\t\tsrc=\"https:\/\/www.aurin-choir.hu\/wp-content\/gallery\/bp-korusversreny-2009\/cache\/korusverseny2009-79.jpg-nggid044302-ngg0dyn-325x225x100-00f0w010c011r110f110r010t010.jpg\"\n\t\t\t\t\twidth=\"325\"\n\t\t\t\t\theight=\"225\"\n\t\t\t\t\tstyle=\"max-width:100%;\"\n\t\t\t\t\/>\n\t\t\t<\/a>\n\t\t<\/div>\n\t\t\t\t\t\t\t<\/div> \n\t\t\t\n\t\t\t\t<div id=\"ngg-image-62\" class=\"ngg-gallery-thumbnail-box \n\t\t\t\t\t\t\t\t\t\t\t\" \n\t\t\t>\n\t\t\t\t\t\t<div class=\"ngg-gallery-thumbnail\">\n\t\t\t<a href=\"https:\/\/www.aurin-choir.hu\/wp-content\/gallery\/bp-korusversreny-2009\/korusverseny2009-80.jpg\"\n\t\t\t\ttitle=\"\"\n\t\t\t\tdata-src=\"https:\/\/www.aurin-choir.hu\/wp-content\/gallery\/bp-korusversreny-2009\/korusverseny2009-80.jpg\"\n\t\t\t\tdata-thumbnail=\"https:\/\/www.aurin-choir.hu\/wp-content\/gallery\/bp-korusversreny-2009\/thumbs\/thumbs_korusverseny2009-80.jpg\"\n\t\t\t\tdata-image-id=\"4303\"\n\t\t\t\tdata-title=\"korusverseny2009-80\"\n\t\t\t\tdata-description=\"\"\n\t\t\t\tdata-image-slug=\"korusverseny2009-80\"\n\t\t\t\tclass=\"ngg-simplelightbox\" rel=\"747add9b2f2aa3573d676a1fdba0e172\">\n\t\t\t\t<img\n\t\t\t\t\ttitle=\"korusverseny2009-80\"\n\t\t\t\t\talt=\"korusverseny2009-80\"\n\t\t\t\t\tsrc=\"https:\/\/www.aurin-choir.hu\/wp-content\/gallery\/bp-korusversreny-2009\/cache\/korusverseny2009-80.jpg-nggid044303-ngg0dyn-325x225x100-00f0w010c011r110f110r010t010.jpg\"\n\t\t\t\t\twidth=\"325\"\n\t\t\t\t\theight=\"225\"\n\t\t\t\t\tstyle=\"max-width:100%;\"\n\t\t\t\t\/>\n\t\t\t<\/a>\n\t\t<\/div>\n\t\t\t\t\t\t\t<\/div> \n\t\t\t\n\t\t\t\t<div id=\"ngg-image-63\" class=\"ngg-gallery-thumbnail-box \n\t\t\t\t\t\t\t\t\t\t\t\" \n\t\t\t>\n\t\t\t\t\t\t<div class=\"ngg-gallery-thumbnail\">\n\t\t\t<a href=\"https:\/\/www.aurin-choir.hu\/wp-content\/gallery\/bp-korusversreny-2009\/korusverseny2009-82.jpg\"\n\t\t\t\ttitle=\"????????????????????????????????????\"\n\t\t\t\tdata-src=\"https:\/\/www.aurin-choir.hu\/wp-content\/gallery\/bp-korusversreny-2009\/korusverseny2009-82.jpg\"\n\t\t\t\tdata-thumbnail=\"https:\/\/www.aurin-choir.hu\/wp-content\/gallery\/bp-korusversreny-2009\/thumbs\/thumbs_korusverseny2009-82.jpg\"\n\t\t\t\tdata-image-id=\"4304\"\n\t\t\t\tdata-title=\"korusverseny2009-82\"\n\t\t\t\tdata-description=\"????????????????????????????????????\"\n\t\t\t\tdata-image-slug=\"korusverseny2009-82\"\n\t\t\t\tclass=\"ngg-simplelightbox\" rel=\"747add9b2f2aa3573d676a1fdba0e172\">\n\t\t\t\t<img\n\t\t\t\t\ttitle=\"korusverseny2009-82\"\n\t\t\t\t\talt=\"korusverseny2009-82\"\n\t\t\t\t\tsrc=\"https:\/\/www.aurin-choir.hu\/wp-content\/gallery\/bp-korusversreny-2009\/cache\/korusverseny2009-82.jpg-nggid044304-ngg0dyn-325x225x100-00f0w010c011r110f110r010t010.jpg\"\n\t\t\t\t\twidth=\"325\"\n\t\t\t\t\theight=\"225\"\n\t\t\t\t\tstyle=\"max-width:100%;\"\n\t\t\t\t\/>\n\t\t\t<\/a>\n\t\t<\/div>\n\t\t\t\t\t\t\t<\/div> \n\t\t\t\n\t\t\t\t<div id=\"ngg-image-64\" class=\"ngg-gallery-thumbnail-box \n\t\t\t\t\t\t\t\t\t\t\t\" \n\t\t\t>\n\t\t\t\t\t\t<div class=\"ngg-gallery-thumbnail\">\n\t\t\t<a href=\"https:\/\/www.aurin-choir.hu\/wp-content\/gallery\/bp-korusversreny-2009\/korusverseny2009-83.jpg\"\n\t\t\t\ttitle=\"????????????????????????????????????\"\n\t\t\t\tdata-src=\"https:\/\/www.aurin-choir.hu\/wp-content\/gallery\/bp-korusversreny-2009\/korusverseny2009-83.jpg\"\n\t\t\t\tdata-thumbnail=\"https:\/\/www.aurin-choir.hu\/wp-content\/gallery\/bp-korusversreny-2009\/thumbs\/thumbs_korusverseny2009-83.jpg\"\n\t\t\t\tdata-image-id=\"4305\"\n\t\t\t\tdata-title=\"korusverseny2009-83\"\n\t\t\t\tdata-description=\"????????????????????????????????????\"\n\t\t\t\tdata-image-slug=\"korusverseny2009-83\"\n\t\t\t\tclass=\"ngg-simplelightbox\" rel=\"747add9b2f2aa3573d676a1fdba0e172\">\n\t\t\t\t<img\n\t\t\t\t\ttitle=\"korusverseny2009-83\"\n\t\t\t\t\talt=\"korusverseny2009-83\"\n\t\t\t\t\tsrc=\"https:\/\/www.aurin-choir.hu\/wp-content\/gallery\/bp-korusversreny-2009\/cache\/korusverseny2009-83.jpg-nggid044305-ngg0dyn-325x225x100-00f0w010c011r110f110r010t010.jpg\"\n\t\t\t\t\twidth=\"325\"\n\t\t\t\t\theight=\"225\"\n\t\t\t\t\tstyle=\"max-width:100%;\"\n\t\t\t\t\/>\n\t\t\t<\/a>\n\t\t<\/div>\n\t\t\t\t\t\t\t<\/div> \n\t\t\t\n\t\t\t\t<div id=\"ngg-image-65\" class=\"ngg-gallery-thumbnail-box \n\t\t\t\t\t\t\t\t\t\t\t\" \n\t\t\t>\n\t\t\t\t\t\t<div class=\"ngg-gallery-thumbnail\">\n\t\t\t<a href=\"https:\/\/www.aurin-choir.hu\/wp-content\/gallery\/bp-korusversreny-2009\/korusverseny2009-84.jpg\"\n\t\t\t\ttitle=\"????????????????????????????????????\"\n\t\t\t\tdata-src=\"https:\/\/www.aurin-choir.hu\/wp-content\/gallery\/bp-korusversreny-2009\/korusverseny2009-84.jpg\"\n\t\t\t\tdata-thumbnail=\"https:\/\/www.aurin-choir.hu\/wp-content\/gallery\/bp-korusversreny-2009\/thumbs\/thumbs_korusverseny2009-84.jpg\"\n\t\t\t\tdata-image-id=\"4306\"\n\t\t\t\tdata-title=\"korusverseny2009-84\"\n\t\t\t\tdata-description=\"????????????????????????????????????\"\n\t\t\t\tdata-image-slug=\"korusverseny2009-84\"\n\t\t\t\tclass=\"ngg-simplelightbox\" rel=\"747add9b2f2aa3573d676a1fdba0e172\">\n\t\t\t\t<img\n\t\t\t\t\ttitle=\"korusverseny2009-84\"\n\t\t\t\t\talt=\"korusverseny2009-84\"\n\t\t\t\t\tsrc=\"https:\/\/www.aurin-choir.hu\/wp-content\/gallery\/bp-korusversreny-2009\/cache\/korusverseny2009-84.jpg-nggid044306-ngg0dyn-325x225x100-00f0w010c011r110f110r010t010.jpg\"\n\t\t\t\t\twidth=\"325\"\n\t\t\t\t\theight=\"225\"\n\t\t\t\t\tstyle=\"max-width:100%;\"\n\t\t\t\t\/>\n\t\t\t<\/a>\n\t\t<\/div>\n\t\t\t\t\t\t\t<\/div> \n\t\t\t\n\t\t\t\t<div id=\"ngg-image-66\" class=\"ngg-gallery-thumbnail-box \n\t\t\t\t\t\t\t\t\t\t\t\" \n\t\t\t>\n\t\t\t\t\t\t<div class=\"ngg-gallery-thumbnail\">\n\t\t\t<a href=\"https:\/\/www.aurin-choir.hu\/wp-content\/gallery\/bp-korusversreny-2009\/korusverseny2009-85.jpg\"\n\t\t\t\ttitle=\"\"\n\t\t\t\tdata-src=\"https:\/\/www.aurin-choir.hu\/wp-content\/gallery\/bp-korusversreny-2009\/korusverseny2009-85.jpg\"\n\t\t\t\tdata-thumbnail=\"https:\/\/www.aurin-choir.hu\/wp-content\/gallery\/bp-korusversreny-2009\/thumbs\/thumbs_korusverseny2009-85.jpg\"\n\t\t\t\tdata-image-id=\"4307\"\n\t\t\t\tdata-title=\"korusverseny2009-85\"\n\t\t\t\tdata-description=\"\"\n\t\t\t\tdata-image-slug=\"korusverseny2009-85\"\n\t\t\t\tclass=\"ngg-simplelightbox\" rel=\"747add9b2f2aa3573d676a1fdba0e172\">\n\t\t\t\t<img\n\t\t\t\t\ttitle=\"korusverseny2009-85\"\n\t\t\t\t\talt=\"korusverseny2009-85\"\n\t\t\t\t\tsrc=\"https:\/\/www.aurin-choir.hu\/wp-content\/gallery\/bp-korusversreny-2009\/cache\/korusverseny2009-85.jpg-nggid044307-ngg0dyn-325x225x100-00f0w010c011r110f110r010t010.jpg\"\n\t\t\t\t\twidth=\"325\"\n\t\t\t\t\theight=\"225\"\n\t\t\t\t\tstyle=\"max-width:100%;\"\n\t\t\t\t\/>\n\t\t\t<\/a>\n\t\t<\/div>\n\t\t\t\t\t\t\t<\/div> \n\t\t\t\n\t\t\t\t<div id=\"ngg-image-67\" class=\"ngg-gallery-thumbnail-box \n\t\t\t\t\t\t\t\t\t\t\t\" \n\t\t\t>\n\t\t\t\t\t\t<div class=\"ngg-gallery-thumbnail\">\n\t\t\t<a href=\"https:\/\/www.aurin-choir.hu\/wp-content\/gallery\/bp-korusversreny-2009\/korusverseny2009-89.jpg\"\n\t\t\t\ttitle=\"\"\n\t\t\t\tdata-src=\"https:\/\/www.aurin-choir.hu\/wp-content\/gallery\/bp-korusversreny-2009\/korusverseny2009-89.jpg\"\n\t\t\t\tdata-thumbnail=\"https:\/\/www.aurin-choir.hu\/wp-content\/gallery\/bp-korusversreny-2009\/thumbs\/thumbs_korusverseny2009-89.jpg\"\n\t\t\t\tdata-image-id=\"4308\"\n\t\t\t\tdata-title=\"korusverseny2009-89\"\n\t\t\t\tdata-description=\"\"\n\t\t\t\tdata-image-slug=\"korusverseny2009-89\"\n\t\t\t\tclass=\"ngg-simplelightbox\" rel=\"747add9b2f2aa3573d676a1fdba0e172\">\n\t\t\t\t<img\n\t\t\t\t\ttitle=\"korusverseny2009-89\"\n\t\t\t\t\talt=\"korusverseny2009-89\"\n\t\t\t\t\tsrc=\"https:\/\/www.aurin-choir.hu\/wp-content\/gallery\/bp-korusversreny-2009\/cache\/korusverseny2009-89.jpg-nggid044308-ngg0dyn-325x225x100-00f0w010c011r110f110r010t010.jpg\"\n\t\t\t\t\twidth=\"325\"\n\t\t\t\t\theight=\"225\"\n\t\t\t\t\tstyle=\"max-width:100%;\"\n\t\t\t\t\/>\n\t\t\t<\/a>\n\t\t<\/div>\n\t\t\t\t\t\t\t<\/div> \n\t\t\t\n\t\t\t\t<div id=\"ngg-image-68\" class=\"ngg-gallery-thumbnail-box \n\t\t\t\t\t\t\t\t\t\t\t\" \n\t\t\t>\n\t\t\t\t\t\t<div class=\"ngg-gallery-thumbnail\">\n\t\t\t<a href=\"https:\/\/www.aurin-choir.hu\/wp-content\/gallery\/bp-korusversreny-2009\/korusverseny2009-91.jpg\"\n\t\t\t\ttitle=\"\"\n\t\t\t\tdata-src=\"https:\/\/www.aurin-choir.hu\/wp-content\/gallery\/bp-korusversreny-2009\/korusverseny2009-91.jpg\"\n\t\t\t\tdata-thumbnail=\"https:\/\/www.aurin-choir.hu\/wp-content\/gallery\/bp-korusversreny-2009\/thumbs\/thumbs_korusverseny2009-91.jpg\"\n\t\t\t\tdata-image-id=\"4309\"\n\t\t\t\tdata-title=\"korusverseny2009-91\"\n\t\t\t\tdata-description=\"\"\n\t\t\t\tdata-image-slug=\"korusverseny2009-91\"\n\t\t\t\tclass=\"ngg-simplelightbox\" rel=\"747add9b2f2aa3573d676a1fdba0e172\">\n\t\t\t\t<img\n\t\t\t\t\ttitle=\"korusverseny2009-91\"\n\t\t\t\t\talt=\"korusverseny2009-91\"\n\t\t\t\t\tsrc=\"https:\/\/www.aurin-choir.hu\/wp-content\/gallery\/bp-korusversreny-2009\/cache\/korusverseny2009-91.jpg-nggid044309-ngg0dyn-325x225x100-00f0w010c011r110f110r010t010.jpg\"\n\t\t\t\t\twidth=\"325\"\n\t\t\t\t\theight=\"225\"\n\t\t\t\t\tstyle=\"max-width:100%;\"\n\t\t\t\t\/>\n\t\t\t<\/a>\n\t\t<\/div>\n\t\t\t\t\t\t\t<\/div> \n\t\t\t\n\t\t\t\t<div id=\"ngg-image-69\" class=\"ngg-gallery-thumbnail-box \n\t\t\t\t\t\t\t\t\t\t\t\" \n\t\t\t>\n\t\t\t\t\t\t<div class=\"ngg-gallery-thumbnail\">\n\t\t\t<a href=\"https:\/\/www.aurin-choir.hu\/wp-content\/gallery\/bp-korusversreny-2009\/korusverseny2009-92.jpg\"\n\t\t\t\ttitle=\"\"\n\t\t\t\tdata-src=\"https:\/\/www.aurin-choir.hu\/wp-content\/gallery\/bp-korusversreny-2009\/korusverseny2009-92.jpg\"\n\t\t\t\tdata-thumbnail=\"https:\/\/www.aurin-choir.hu\/wp-content\/gallery\/bp-korusversreny-2009\/thumbs\/thumbs_korusverseny2009-92.jpg\"\n\t\t\t\tdata-image-id=\"4310\"\n\t\t\t\tdata-title=\"korusverseny2009-92\"\n\t\t\t\tdata-description=\"\"\n\t\t\t\tdata-image-slug=\"korusverseny2009-92\"\n\t\t\t\tclass=\"ngg-simplelightbox\" rel=\"747add9b2f2aa3573d676a1fdba0e172\">\n\t\t\t\t<img\n\t\t\t\t\ttitle=\"korusverseny2009-92\"\n\t\t\t\t\talt=\"korusverseny2009-92\"\n\t\t\t\t\tsrc=\"https:\/\/www.aurin-choir.hu\/wp-content\/gallery\/bp-korusversreny-2009\/cache\/korusverseny2009-92.jpg-nggid044310-ngg0dyn-325x225x100-00f0w010c011r110f110r010t010.jpg\"\n\t\t\t\t\twidth=\"325\"\n\t\t\t\t\theight=\"225\"\n\t\t\t\t\tstyle=\"max-width:100%;\"\n\t\t\t\t\/>\n\t\t\t<\/a>\n\t\t<\/div>\n\t\t\t\t\t\t\t<\/div> \n\t\t\t\n\t\t\t\t<div id=\"ngg-image-70\" class=\"ngg-gallery-thumbnail-box \n\t\t\t\t\t\t\t\t\t\t\t\" \n\t\t\t>\n\t\t\t\t\t\t<div class=\"ngg-gallery-thumbnail\">\n\t\t\t<a href=\"https:\/\/www.aurin-choir.hu\/wp-content\/gallery\/bp-korusversreny-2009\/korusverseny2009-93.jpg\"\n\t\t\t\ttitle=\"\"\n\t\t\t\tdata-src=\"https:\/\/www.aurin-choir.hu\/wp-content\/gallery\/bp-korusversreny-2009\/korusverseny2009-93.jpg\"\n\t\t\t\tdata-thumbnail=\"https:\/\/www.aurin-choir.hu\/wp-content\/gallery\/bp-korusversreny-2009\/thumbs\/thumbs_korusverseny2009-93.jpg\"\n\t\t\t\tdata-image-id=\"4311\"\n\t\t\t\tdata-title=\"korusverseny2009-93\"\n\t\t\t\tdata-description=\"\"\n\t\t\t\tdata-image-slug=\"korusverseny2009-93\"\n\t\t\t\tclass=\"ngg-simplelightbox\" rel=\"747add9b2f2aa3573d676a1fdba0e172\">\n\t\t\t\t<img\n\t\t\t\t\ttitle=\"korusverseny2009-93\"\n\t\t\t\t\talt=\"korusverseny2009-93\"\n\t\t\t\t\tsrc=\"https:\/\/www.aurin-choir.hu\/wp-content\/gallery\/bp-korusversreny-2009\/cache\/korusverseny2009-93.jpg-nggid044311-ngg0dyn-325x225x100-00f0w010c011r110f110r010t010.jpg\"\n\t\t\t\t\twidth=\"325\"\n\t\t\t\t\theight=\"225\"\n\t\t\t\t\tstyle=\"max-width:100%;\"\n\t\t\t\t\/>\n\t\t\t<\/a>\n\t\t<\/div>\n\t\t\t\t\t\t\t<\/div> \n\t\t\t\n\t\t\t\t<div id=\"ngg-image-71\" class=\"ngg-gallery-thumbnail-box \n\t\t\t\t\t\t\t\t\t\t\t\" \n\t\t\t>\n\t\t\t\t\t\t<div class=\"ngg-gallery-thumbnail\">\n\t\t\t<a href=\"https:\/\/www.aurin-choir.hu\/wp-content\/gallery\/bp-korusversreny-2009\/korusverseny2009-94.jpg\"\n\t\t\t\ttitle=\"\"\n\t\t\t\tdata-src=\"https:\/\/www.aurin-choir.hu\/wp-content\/gallery\/bp-korusversreny-2009\/korusverseny2009-94.jpg\"\n\t\t\t\tdata-thumbnail=\"https:\/\/www.aurin-choir.hu\/wp-content\/gallery\/bp-korusversreny-2009\/thumbs\/thumbs_korusverseny2009-94.jpg\"\n\t\t\t\tdata-image-id=\"4312\"\n\t\t\t\tdata-title=\"korusverseny2009-94\"\n\t\t\t\tdata-description=\"\"\n\t\t\t\tdata-image-slug=\"korusverseny2009-94\"\n\t\t\t\tclass=\"ngg-simplelightbox\" rel=\"747add9b2f2aa3573d676a1fdba0e172\">\n\t\t\t\t<img\n\t\t\t\t\ttitle=\"korusverseny2009-94\"\n\t\t\t\t\talt=\"korusverseny2009-94\"\n\t\t\t\t\tsrc=\"https:\/\/www.aurin-choir.hu\/wp-content\/gallery\/bp-korusversreny-2009\/cache\/korusverseny2009-94.jpg-nggid044312-ngg0dyn-325x225x100-00f0w010c011r110f110r010t010.jpg\"\n\t\t\t\t\twidth=\"325\"\n\t\t\t\t\theight=\"225\"\n\t\t\t\t\tstyle=\"max-width:100%;\"\n\t\t\t\t\/>\n\t\t\t<\/a>\n\t\t<\/div>\n\t\t\t\t\t\t\t<\/div> \n\t\t\t\n\t\t\t\t<div id=\"ngg-image-72\" class=\"ngg-gallery-thumbnail-box \n\t\t\t\t\t\t\t\t\t\t\t\" \n\t\t\t>\n\t\t\t\t\t\t<div class=\"ngg-gallery-thumbnail\">\n\t\t\t<a href=\"https:\/\/www.aurin-choir.hu\/wp-content\/gallery\/bp-korusversreny-2009\/korusverseny2009-98.jpg\"\n\t\t\t\ttitle=\"\"\n\t\t\t\tdata-src=\"https:\/\/www.aurin-choir.hu\/wp-content\/gallery\/bp-korusversreny-2009\/korusverseny2009-98.jpg\"\n\t\t\t\tdata-thumbnail=\"https:\/\/www.aurin-choir.hu\/wp-content\/gallery\/bp-korusversreny-2009\/thumbs\/thumbs_korusverseny2009-98.jpg\"\n\t\t\t\tdata-image-id=\"4313\"\n\t\t\t\tdata-title=\"korusverseny2009-98\"\n\t\t\t\tdata-description=\"\"\n\t\t\t\tdata-image-slug=\"korusverseny2009-98\"\n\t\t\t\tclass=\"ngg-simplelightbox\" rel=\"747add9b2f2aa3573d676a1fdba0e172\">\n\t\t\t\t<img\n\t\t\t\t\ttitle=\"korusverseny2009-98\"\n\t\t\t\t\talt=\"korusverseny2009-98\"\n\t\t\t\t\tsrc=\"https:\/\/www.aurin-choir.hu\/wp-content\/gallery\/bp-korusversreny-2009\/cache\/korusverseny2009-98.jpg-nggid044313-ngg0dyn-325x225x100-00f0w010c011r110f110r010t010.jpg\"\n\t\t\t\t\twidth=\"325\"\n\t\t\t\t\theight=\"225\"\n\t\t\t\t\tstyle=\"max-width:100%;\"\n\t\t\t\t\/>\n\t\t\t<\/a>\n\t\t<\/div>\n\t\t\t\t\t\t\t<\/div> \n\t\t\t\n\t\t\t\t<div id=\"ngg-image-73\" class=\"ngg-gallery-thumbnail-box \n\t\t\t\t\t\t\t\t\t\t\t\" \n\t\t\t>\n\t\t\t\t\t\t<div class=\"ngg-gallery-thumbnail\">\n\t\t\t<a href=\"https:\/\/www.aurin-choir.hu\/wp-content\/gallery\/bp-korusversreny-2009\/korusverseny2009-99.jpg\"\n\t\t\t\ttitle=\"\"\n\t\t\t\tdata-src=\"https:\/\/www.aurin-choir.hu\/wp-content\/gallery\/bp-korusversreny-2009\/korusverseny2009-99.jpg\"\n\t\t\t\tdata-thumbnail=\"https:\/\/www.aurin-choir.hu\/wp-content\/gallery\/bp-korusversreny-2009\/thumbs\/thumbs_korusverseny2009-99.jpg\"\n\t\t\t\tdata-image-id=\"4314\"\n\t\t\t\tdata-title=\"korusverseny2009-99\"\n\t\t\t\tdata-description=\"\"\n\t\t\t\tdata-image-slug=\"korusverseny2009-99\"\n\t\t\t\tclass=\"ngg-simplelightbox\" rel=\"747add9b2f2aa3573d676a1fdba0e172\">\n\t\t\t\t<img\n\t\t\t\t\ttitle=\"korusverseny2009-99\"\n\t\t\t\t\talt=\"korusverseny2009-99\"\n\t\t\t\t\tsrc=\"https:\/\/www.aurin-choir.hu\/wp-content\/gallery\/bp-korusversreny-2009\/cache\/korusverseny2009-99.jpg-nggid044314-ngg0dyn-325x225x100-00f0w010c011r110f110r010t010.jpg\"\n\t\t\t\t\twidth=\"325\"\n\t\t\t\t\theight=\"225\"\n\t\t\t\t\tstyle=\"max-width:100%;\"\n\t\t\t\t\/>\n\t\t\t<\/a>\n\t\t<\/div>\n\t\t\t\t\t\t\t<\/div> \n\t\t\t\n\t\t\t\t<div id=\"ngg-image-74\" class=\"ngg-gallery-thumbnail-box \n\t\t\t\t\t\t\t\t\t\t\t\" \n\t\t\t>\n\t\t\t\t\t\t<div class=\"ngg-gallery-thumbnail\">\n\t\t\t<a href=\"https:\/\/www.aurin-choir.hu\/wp-content\/gallery\/bp-korusversreny-2009\/korusverseny2009-100.jpg\"\n\t\t\t\ttitle=\"\"\n\t\t\t\tdata-src=\"https:\/\/www.aurin-choir.hu\/wp-content\/gallery\/bp-korusversreny-2009\/korusverseny2009-100.jpg\"\n\t\t\t\tdata-thumbnail=\"https:\/\/www.aurin-choir.hu\/wp-content\/gallery\/bp-korusversreny-2009\/thumbs\/thumbs_korusverseny2009-100.jpg\"\n\t\t\t\tdata-image-id=\"4315\"\n\t\t\t\tdata-title=\"korusverseny2009-100\"\n\t\t\t\tdata-description=\"\"\n\t\t\t\tdata-image-slug=\"korusverseny2009-100\"\n\t\t\t\tclass=\"ngg-simplelightbox\" rel=\"747add9b2f2aa3573d676a1fdba0e172\">\n\t\t\t\t<img\n\t\t\t\t\ttitle=\"korusverseny2009-100\"\n\t\t\t\t\talt=\"korusverseny2009-100\"\n\t\t\t\t\tsrc=\"https:\/\/www.aurin-choir.hu\/wp-content\/gallery\/bp-korusversreny-2009\/cache\/korusverseny2009-100.jpg-nggid044315-ngg0dyn-325x225x100-00f0w010c011r110f110r010t010.jpg\"\n\t\t\t\t\twidth=\"325\"\n\t\t\t\t\theight=\"225\"\n\t\t\t\t\tstyle=\"max-width:100%;\"\n\t\t\t\t\/>\n\t\t\t<\/a>\n\t\t<\/div>\n\t\t\t\t\t\t\t<\/div> \n\t\t\t\n\t\t\t\t<div id=\"ngg-image-75\" class=\"ngg-gallery-thumbnail-box \n\t\t\t\t\t\t\t\t\t\t\t\" \n\t\t\t>\n\t\t\t\t\t\t<div class=\"ngg-gallery-thumbnail\">\n\t\t\t<a href=\"https:\/\/www.aurin-choir.hu\/wp-content\/gallery\/bp-korusversreny-2009\/korusverseny2009-101.jpg\"\n\t\t\t\ttitle=\"\"\n\t\t\t\tdata-src=\"https:\/\/www.aurin-choir.hu\/wp-content\/gallery\/bp-korusversreny-2009\/korusverseny2009-101.jpg\"\n\t\t\t\tdata-thumbnail=\"https:\/\/www.aurin-choir.hu\/wp-content\/gallery\/bp-korusversreny-2009\/thumbs\/thumbs_korusverseny2009-101.jpg\"\n\t\t\t\tdata-image-id=\"4316\"\n\t\t\t\tdata-title=\"korusverseny2009-101\"\n\t\t\t\tdata-description=\"\"\n\t\t\t\tdata-image-slug=\"korusverseny2009-101\"\n\t\t\t\tclass=\"ngg-simplelightbox\" rel=\"747add9b2f2aa3573d676a1fdba0e172\">\n\t\t\t\t<img\n\t\t\t\t\ttitle=\"korusverseny2009-101\"\n\t\t\t\t\talt=\"korusverseny2009-101\"\n\t\t\t\t\tsrc=\"https:\/\/www.aurin-choir.hu\/wp-content\/gallery\/bp-korusversreny-2009\/cache\/korusverseny2009-101.jpg-nggid044316-ngg0dyn-325x225x100-00f0w010c011r110f110r010t010.jpg\"\n\t\t\t\t\twidth=\"325\"\n\t\t\t\t\theight=\"225\"\n\t\t\t\t\tstyle=\"max-width:100%;\"\n\t\t\t\t\/>\n\t\t\t<\/a>\n\t\t<\/div>\n\t\t\t\t\t\t\t<\/div> \n\t\t\t\n\t\t\t\t<div id=\"ngg-image-76\" class=\"ngg-gallery-thumbnail-box \n\t\t\t\t\t\t\t\t\t\t\t\" \n\t\t\t>\n\t\t\t\t\t\t<div class=\"ngg-gallery-thumbnail\">\n\t\t\t<a href=\"https:\/\/www.aurin-choir.hu\/wp-content\/gallery\/bp-korusversreny-2009\/korusverseny2009-102.jpg\"\n\t\t\t\ttitle=\"\"\n\t\t\t\tdata-src=\"https:\/\/www.aurin-choir.hu\/wp-content\/gallery\/bp-korusversreny-2009\/korusverseny2009-102.jpg\"\n\t\t\t\tdata-thumbnail=\"https:\/\/www.aurin-choir.hu\/wp-content\/gallery\/bp-korusversreny-2009\/thumbs\/thumbs_korusverseny2009-102.jpg\"\n\t\t\t\tdata-image-id=\"4317\"\n\t\t\t\tdata-title=\"korusverseny2009-102\"\n\t\t\t\tdata-description=\"\"\n\t\t\t\tdata-image-slug=\"korusverseny2009-102\"\n\t\t\t\tclass=\"ngg-simplelightbox\" rel=\"747add9b2f2aa3573d676a1fdba0e172\">\n\t\t\t\t<img\n\t\t\t\t\ttitle=\"korusverseny2009-102\"\n\t\t\t\t\talt=\"korusverseny2009-102\"\n\t\t\t\t\tsrc=\"https:\/\/www.aurin-choir.hu\/wp-content\/gallery\/bp-korusversreny-2009\/cache\/korusverseny2009-102.jpg-nggid044317-ngg0dyn-325x225x100-00f0w010c011r110f110r010t010.jpg\"\n\t\t\t\t\twidth=\"325\"\n\t\t\t\t\theight=\"225\"\n\t\t\t\t\tstyle=\"max-width:100%;\"\n\t\t\t\t\/>\n\t\t\t<\/a>\n\t\t<\/div>\n\t\t\t\t\t\t\t<\/div> \n\t\t\t\n\t\t\t\t<div id=\"ngg-image-77\" class=\"ngg-gallery-thumbnail-box \n\t\t\t\t\t\t\t\t\t\t\t\" \n\t\t\t>\n\t\t\t\t\t\t<div class=\"ngg-gallery-thumbnail\">\n\t\t\t<a href=\"https:\/\/www.aurin-choir.hu\/wp-content\/gallery\/bp-korusversreny-2009\/korusverseny2009-103.jpg\"\n\t\t\t\ttitle=\"????????????????????????????????????\"\n\t\t\t\tdata-src=\"https:\/\/www.aurin-choir.hu\/wp-content\/gallery\/bp-korusversreny-2009\/korusverseny2009-103.jpg\"\n\t\t\t\tdata-thumbnail=\"https:\/\/www.aurin-choir.hu\/wp-content\/gallery\/bp-korusversreny-2009\/thumbs\/thumbs_korusverseny2009-103.jpg\"\n\t\t\t\tdata-image-id=\"4318\"\n\t\t\t\tdata-title=\"korusverseny2009-103\"\n\t\t\t\tdata-description=\"????????????????????????????????????\"\n\t\t\t\tdata-image-slug=\"korusverseny2009-103\"\n\t\t\t\tclass=\"ngg-simplelightbox\" rel=\"747add9b2f2aa3573d676a1fdba0e172\">\n\t\t\t\t<img\n\t\t\t\t\ttitle=\"korusverseny2009-103\"\n\t\t\t\t\talt=\"korusverseny2009-103\"\n\t\t\t\t\tsrc=\"https:\/\/www.aurin-choir.hu\/wp-content\/gallery\/bp-korusversreny-2009\/cache\/korusverseny2009-103.jpg-nggid044318-ngg0dyn-325x225x100-00f0w010c011r110f110r010t010.jpg\"\n\t\t\t\t\twidth=\"325\"\n\t\t\t\t\theight=\"225\"\n\t\t\t\t\tstyle=\"max-width:100%;\"\n\t\t\t\t\/>\n\t\t\t<\/a>\n\t\t<\/div>\n\t\t\t\t\t\t\t<\/div> \n\t\t\t\n\t\t\t\t<div id=\"ngg-image-78\" class=\"ngg-gallery-thumbnail-box \n\t\t\t\t\t\t\t\t\t\t\t\" \n\t\t\t>\n\t\t\t\t\t\t<div class=\"ngg-gallery-thumbnail\">\n\t\t\t<a href=\"https:\/\/www.aurin-choir.hu\/wp-content\/gallery\/bp-korusversreny-2009\/korusverseny2009-104.jpg\"\n\t\t\t\ttitle=\"\"\n\t\t\t\tdata-src=\"https:\/\/www.aurin-choir.hu\/wp-content\/gallery\/bp-korusversreny-2009\/korusverseny2009-104.jpg\"\n\t\t\t\tdata-thumbnail=\"https:\/\/www.aurin-choir.hu\/wp-content\/gallery\/bp-korusversreny-2009\/thumbs\/thumbs_korusverseny2009-104.jpg\"\n\t\t\t\tdata-image-id=\"4319\"\n\t\t\t\tdata-title=\"korusverseny2009-104\"\n\t\t\t\tdata-description=\"\"\n\t\t\t\tdata-image-slug=\"korusverseny2009-104\"\n\t\t\t\tclass=\"ngg-simplelightbox\" rel=\"747add9b2f2aa3573d676a1fdba0e172\">\n\t\t\t\t<img\n\t\t\t\t\ttitle=\"korusverseny2009-104\"\n\t\t\t\t\talt=\"korusverseny2009-104\"\n\t\t\t\t\tsrc=\"https:\/\/www.aurin-choir.hu\/wp-content\/gallery\/bp-korusversreny-2009\/cache\/korusverseny2009-104.jpg-nggid044319-ngg0dyn-325x225x100-00f0w010c011r110f110r010t010.jpg\"\n\t\t\t\t\twidth=\"325\"\n\t\t\t\t\theight=\"225\"\n\t\t\t\t\tstyle=\"max-width:100%;\"\n\t\t\t\t\/>\n\t\t\t<\/a>\n\t\t<\/div>\n\t\t\t\t\t\t\t<\/div> \n\t\t\t\n\t\t\t\t<div id=\"ngg-image-79\" class=\"ngg-gallery-thumbnail-box \n\t\t\t\t\t\t\t\t\t\t\t\" \n\t\t\t>\n\t\t\t\t\t\t<div class=\"ngg-gallery-thumbnail\">\n\t\t\t<a href=\"https:\/\/www.aurin-choir.hu\/wp-content\/gallery\/bp-korusversreny-2009\/korusverseny2009-105.jpg\"\n\t\t\t\ttitle=\"\"\n\t\t\t\tdata-src=\"https:\/\/www.aurin-choir.hu\/wp-content\/gallery\/bp-korusversreny-2009\/korusverseny2009-105.jpg\"\n\t\t\t\tdata-thumbnail=\"https:\/\/www.aurin-choir.hu\/wp-content\/gallery\/bp-korusversreny-2009\/thumbs\/thumbs_korusverseny2009-105.jpg\"\n\t\t\t\tdata-image-id=\"4320\"\n\t\t\t\tdata-title=\"korusverseny2009-105\"\n\t\t\t\tdata-description=\"\"\n\t\t\t\tdata-image-slug=\"korusverseny2009-105\"\n\t\t\t\tclass=\"ngg-simplelightbox\" rel=\"747add9b2f2aa3573d676a1fdba0e172\">\n\t\t\t\t<img\n\t\t\t\t\ttitle=\"korusverseny2009-105\"\n\t\t\t\t\talt=\"korusverseny2009-105\"\n\t\t\t\t\tsrc=\"https:\/\/www.aurin-choir.hu\/wp-content\/gallery\/bp-korusversreny-2009\/cache\/korusverseny2009-105.jpg-nggid044320-ngg0dyn-325x225x100-00f0w010c011r110f110r010t010.jpg\"\n\t\t\t\t\twidth=\"325\"\n\t\t\t\t\theight=\"225\"\n\t\t\t\t\tstyle=\"max-width:100%;\"\n\t\t\t\t\/>\n\t\t\t<\/a>\n\t\t<\/div>\n\t\t\t\t\t\t\t<\/div> \n\t\t\t\n\t\t\t\t<div id=\"ngg-image-80\" class=\"ngg-gallery-thumbnail-box \n\t\t\t\t\t\t\t\t\t\t\t\" \n\t\t\t>\n\t\t\t\t\t\t<div class=\"ngg-gallery-thumbnail\">\n\t\t\t<a href=\"https:\/\/www.aurin-choir.hu\/wp-content\/gallery\/bp-korusversreny-2009\/korusverseny2009-106.jpg\"\n\t\t\t\ttitle=\"\"\n\t\t\t\tdata-src=\"https:\/\/www.aurin-choir.hu\/wp-content\/gallery\/bp-korusversreny-2009\/korusverseny2009-106.jpg\"\n\t\t\t\tdata-thumbnail=\"https:\/\/www.aurin-choir.hu\/wp-content\/gallery\/bp-korusversreny-2009\/thumbs\/thumbs_korusverseny2009-106.jpg\"\n\t\t\t\tdata-image-id=\"4321\"\n\t\t\t\tdata-title=\"korusverseny2009-106\"\n\t\t\t\tdata-description=\"\"\n\t\t\t\tdata-image-slug=\"korusverseny2009-106\"\n\t\t\t\tclass=\"ngg-simplelightbox\" rel=\"747add9b2f2aa3573d676a1fdba0e172\">\n\t\t\t\t<img\n\t\t\t\t\ttitle=\"korusverseny2009-106\"\n\t\t\t\t\talt=\"korusverseny2009-106\"\n\t\t\t\t\tsrc=\"https:\/\/www.aurin-choir.hu\/wp-content\/gallery\/bp-korusversreny-2009\/cache\/korusverseny2009-106.jpg-nggid044321-ngg0dyn-325x225x100-00f0w010c011r110f110r010t010.jpg\"\n\t\t\t\t\twidth=\"325\"\n\t\t\t\t\theight=\"225\"\n\t\t\t\t\tstyle=\"max-width:100%;\"\n\t\t\t\t\/>\n\t\t\t<\/a>\n\t\t<\/div>\n\t\t\t\t\t\t\t<\/div> \n\t\t\t\n\t\t\t\t<div id=\"ngg-image-81\" class=\"ngg-gallery-thumbnail-box \n\t\t\t\t\t\t\t\t\t\t\t\" \n\t\t\t>\n\t\t\t\t\t\t<div class=\"ngg-gallery-thumbnail\">\n\t\t\t<a href=\"https:\/\/www.aurin-choir.hu\/wp-content\/gallery\/bp-korusversreny-2009\/korusverseny2009-107.jpg\"\n\t\t\t\ttitle=\"\"\n\t\t\t\tdata-src=\"https:\/\/www.aurin-choir.hu\/wp-content\/gallery\/bp-korusversreny-2009\/korusverseny2009-107.jpg\"\n\t\t\t\tdata-thumbnail=\"https:\/\/www.aurin-choir.hu\/wp-content\/gallery\/bp-korusversreny-2009\/thumbs\/thumbs_korusverseny2009-107.jpg\"\n\t\t\t\tdata-image-id=\"4322\"\n\t\t\t\tdata-title=\"korusverseny2009-107\"\n\t\t\t\tdata-description=\"\"\n\t\t\t\tdata-image-slug=\"korusverseny2009-107\"\n\t\t\t\tclass=\"ngg-simplelightbox\" rel=\"747add9b2f2aa3573d676a1fdba0e172\">\n\t\t\t\t<img\n\t\t\t\t\ttitle=\"korusverseny2009-107\"\n\t\t\t\t\talt=\"korusverseny2009-107\"\n\t\t\t\t\tsrc=\"https:\/\/www.aurin-choir.hu\/wp-content\/gallery\/bp-korusversreny-2009\/cache\/korusverseny2009-107.jpg-nggid044322-ngg0dyn-325x225x100-00f0w010c011r110f110r010t010.jpg\"\n\t\t\t\t\twidth=\"325\"\n\t\t\t\t\theight=\"225\"\n\t\t\t\t\tstyle=\"max-width:100%;\"\n\t\t\t\t\/>\n\t\t\t<\/a>\n\t\t<\/div>\n\t\t\t\t\t\t\t<\/div> \n\t\t\t\n\t\t\t\t<div id=\"ngg-image-82\" class=\"ngg-gallery-thumbnail-box \n\t\t\t\t\t\t\t\t\t\t\t\" \n\t\t\t>\n\t\t\t\t\t\t<div class=\"ngg-gallery-thumbnail\">\n\t\t\t<a href=\"https:\/\/www.aurin-choir.hu\/wp-content\/gallery\/bp-korusversreny-2009\/korusverseny2009-108.jpg\"\n\t\t\t\ttitle=\"\"\n\t\t\t\tdata-src=\"https:\/\/www.aurin-choir.hu\/wp-content\/gallery\/bp-korusversreny-2009\/korusverseny2009-108.jpg\"\n\t\t\t\tdata-thumbnail=\"https:\/\/www.aurin-choir.hu\/wp-content\/gallery\/bp-korusversreny-2009\/thumbs\/thumbs_korusverseny2009-108.jpg\"\n\t\t\t\tdata-image-id=\"4323\"\n\t\t\t\tdata-title=\"korusverseny2009-108\"\n\t\t\t\tdata-description=\"\"\n\t\t\t\tdata-image-slug=\"korusverseny2009-108\"\n\t\t\t\tclass=\"ngg-simplelightbox\" rel=\"747add9b2f2aa3573d676a1fdba0e172\">\n\t\t\t\t<img\n\t\t\t\t\ttitle=\"korusverseny2009-108\"\n\t\t\t\t\talt=\"korusverseny2009-108\"\n\t\t\t\t\tsrc=\"https:\/\/www.aurin-choir.hu\/wp-content\/gallery\/bp-korusversreny-2009\/cache\/korusverseny2009-108.jpg-nggid044323-ngg0dyn-325x225x100-00f0w010c011r110f110r010t010.jpg\"\n\t\t\t\t\twidth=\"325\"\n\t\t\t\t\theight=\"225\"\n\t\t\t\t\tstyle=\"max-width:100%;\"\n\t\t\t\t\/>\n\t\t\t<\/a>\n\t\t<\/div>\n\t\t\t\t\t\t\t<\/div> \n\t\t\t\n\t\t\t\t<div id=\"ngg-image-83\" class=\"ngg-gallery-thumbnail-box \n\t\t\t\t\t\t\t\t\t\t\t\" \n\t\t\t>\n\t\t\t\t\t\t<div class=\"ngg-gallery-thumbnail\">\n\t\t\t<a href=\"https:\/\/www.aurin-choir.hu\/wp-content\/gallery\/bp-korusversreny-2009\/korusverseny2009-109.jpg\"\n\t\t\t\ttitle=\"\"\n\t\t\t\tdata-src=\"https:\/\/www.aurin-choir.hu\/wp-content\/gallery\/bp-korusversreny-2009\/korusverseny2009-109.jpg\"\n\t\t\t\tdata-thumbnail=\"https:\/\/www.aurin-choir.hu\/wp-content\/gallery\/bp-korusversreny-2009\/thumbs\/thumbs_korusverseny2009-109.jpg\"\n\t\t\t\tdata-image-id=\"4324\"\n\t\t\t\tdata-title=\"korusverseny2009-109\"\n\t\t\t\tdata-description=\"\"\n\t\t\t\tdata-image-slug=\"korusverseny2009-109\"\n\t\t\t\tclass=\"ngg-simplelightbox\" rel=\"747add9b2f2aa3573d676a1fdba0e172\">\n\t\t\t\t<img\n\t\t\t\t\ttitle=\"korusverseny2009-109\"\n\t\t\t\t\talt=\"korusverseny2009-109\"\n\t\t\t\t\tsrc=\"https:\/\/www.aurin-choir.hu\/wp-content\/gallery\/bp-korusversreny-2009\/cache\/korusverseny2009-109.jpg-nggid044324-ngg0dyn-325x225x100-00f0w010c011r110f110r010t010.jpg\"\n\t\t\t\t\twidth=\"325\"\n\t\t\t\t\theight=\"225\"\n\t\t\t\t\tstyle=\"max-width:100%;\"\n\t\t\t\t\/>\n\t\t\t<\/a>\n\t\t<\/div>\n\t\t\t\t\t\t\t<\/div> \n\t\t\t\n\t\t\t\t<div id=\"ngg-image-84\" class=\"ngg-gallery-thumbnail-box \n\t\t\t\t\t\t\t\t\t\t\t\" \n\t\t\t>\n\t\t\t\t\t\t<div class=\"ngg-gallery-thumbnail\">\n\t\t\t<a href=\"https:\/\/www.aurin-choir.hu\/wp-content\/gallery\/bp-korusversreny-2009\/korusverseny2009-110.jpg\"\n\t\t\t\ttitle=\"\"\n\t\t\t\tdata-src=\"https:\/\/www.aurin-choir.hu\/wp-content\/gallery\/bp-korusversreny-2009\/korusverseny2009-110.jpg\"\n\t\t\t\tdata-thumbnail=\"https:\/\/www.aurin-choir.hu\/wp-content\/gallery\/bp-korusversreny-2009\/thumbs\/thumbs_korusverseny2009-110.jpg\"\n\t\t\t\tdata-image-id=\"4325\"\n\t\t\t\tdata-title=\"korusverseny2009-110\"\n\t\t\t\tdata-description=\"\"\n\t\t\t\tdata-image-slug=\"korusverseny2009-110\"\n\t\t\t\tclass=\"ngg-simplelightbox\" rel=\"747add9b2f2aa3573d676a1fdba0e172\">\n\t\t\t\t<img\n\t\t\t\t\ttitle=\"korusverseny2009-110\"\n\t\t\t\t\talt=\"korusverseny2009-110\"\n\t\t\t\t\tsrc=\"https:\/\/www.aurin-choir.hu\/wp-content\/gallery\/bp-korusversreny-2009\/cache\/korusverseny2009-110.jpg-nggid044325-ngg0dyn-325x225x100-00f0w010c011r110f110r010t010.jpg\"\n\t\t\t\t\twidth=\"325\"\n\t\t\t\t\theight=\"225\"\n\t\t\t\t\tstyle=\"max-width:100%;\"\n\t\t\t\t\/>\n\t\t\t<\/a>\n\t\t<\/div>\n\t\t\t\t\t\t\t<\/div> \n\t\t\t\n\t\n\t<br style=\"clear: both\" \/>\n\n\t\n\t\t<!-- Pagination -->\n\t\t<div class='ngg-clear'><\/div>\t<\/div>\n<\/p>\n","protected":false},"author":1,"featured_media":10557,"comment_status":"closed","ping_status":"closed","template":"","meta":{"_et_pb_use_builder":"on","_et_pb_old_content":"","_et_gb_content_width":"","ngg_post_thumbnail":0,"footnotes":""},"project_category":[120,101,100],"project_tag":[],"class_list":["post-17707","project","type-project","status-publish","has-post-thumbnail","hentry","project_category-2009-en","project_category-aurin-noikar-en","project_category-aurin-leanykar-en"],"yoast_head":"<!-- This site is optimized with the Yoast SEO plugin v26.0 - https:\/\/yoast.com\/wordpress\/plugins\/seo\/ -->\n<title>XII. Budapesti Nemzetk\u00f6zi K\u00f3rusverseny 2009 - Aurin - Miraculum<\/title>\n<meta name=\"robots\" content=\"index, follow, max-snippet:-1, max-image-preview:large, max-video-preview:-1\" \/>\n<link rel=\"canonical\" href=\"https:\/\/www.aurin-choir.hu\/project\/xii-budapesti-nemzetkozi-korusverseny-2009\/\" \/>\n<meta property=\"og:locale\" content=\"en_US\" \/>\n<meta property=\"og:type\" content=\"article\" \/>\n<meta property=\"og:title\" content=\"XII. Budapesti Nemzetk\u00f6zi K\u00f3rusverseny 2009 - Aurin - Miraculum\" \/>\n<meta property=\"og:description\" content=\"XII. Budapesti Nemzetk\u00f6zi K\u00f3rusverseny 2009 M\u0171v\u00e9szetek Palot\u00e1ja, Budapest\" \/>\n<meta property=\"og:url\" content=\"https:\/\/www.aurin-choir.hu\/project\/xii-budapesti-nemzetkozi-korusverseny-2009\/\" \/>\n<meta property=\"og:site_name\" content=\"Aurin - Miraculum\" \/>\n<meta property=\"article:publisher\" content=\"https:\/\/www.facebook.com\/aurinchoir\" \/>\n<meta property=\"article:modified_time\" content=\"2025-04-07T16:44:36+00:00\" \/>\n<meta property=\"og:image\" content=\"https:\/\/www.aurin-choir.hu\/wp-content\/uploads\/2020\/03\/korusverseny2009-94.jpg\" \/>\n\t<meta property=\"og:image:width\" content=\"730\" \/>\n\t<meta property=\"og:image:height\" content=\"547\" \/>\n\t<meta property=\"og:image:type\" content=\"image\/jpeg\" \/>\n<meta name=\"twitter:card\" content=\"summary_large_image\" \/>\n<meta name=\"twitter:label1\" content=\"Est. reading time\" \/>\n\t<meta name=\"twitter:data1\" content=\"1 minute\" \/>\n<script type=\"application\/ld+json\" class=\"yoast-schema-graph\">{\"@context\":\"https:\/\/schema.org\",\"@graph\":[{\"@type\":\"WebPage\",\"@id\":\"https:\/\/www.aurin-choir.hu\/project\/xii-budapesti-nemzetkozi-korusverseny-2009\/\",\"url\":\"https:\/\/www.aurin-choir.hu\/project\/xii-budapesti-nemzetkozi-korusverseny-2009\/\",\"name\":\"XII. Budapesti Nemzetk\u00f6zi K\u00f3rusverseny 2009 - Aurin - Miraculum\",\"isPartOf\":{\"@id\":\"https:\/\/www.aurin-choir.hu\/#website\"},\"primaryImageOfPage\":{\"@id\":\"https:\/\/www.aurin-choir.hu\/project\/xii-budapesti-nemzetkozi-korusverseny-2009\/#primaryimage\"},\"image\":{\"@id\":\"https:\/\/www.aurin-choir.hu\/project\/xii-budapesti-nemzetkozi-korusverseny-2009\/#primaryimage\"},\"thumbnailUrl\":\"https:\/\/www.aurin-choir.hu\/wp-content\/uploads\/2020\/03\/korusverseny2009-94.jpg\",\"datePublished\":\"2009-03-18T18:39:13+00:00\",\"dateModified\":\"2025-04-07T16:44:36+00:00\",\"breadcrumb\":{\"@id\":\"https:\/\/www.aurin-choir.hu\/project\/xii-budapesti-nemzetkozi-korusverseny-2009\/#breadcrumb\"},\"inLanguage\":\"en-US\",\"potentialAction\":[{\"@type\":\"ReadAction\",\"target\":[\"https:\/\/www.aurin-choir.hu\/project\/xii-budapesti-nemzetkozi-korusverseny-2009\/\"]}]},{\"@type\":\"ImageObject\",\"inLanguage\":\"en-US\",\"@id\":\"https:\/\/www.aurin-choir.hu\/project\/xii-budapesti-nemzetkozi-korusverseny-2009\/#primaryimage\",\"url\":\"https:\/\/www.aurin-choir.hu\/wp-content\/uploads\/2020\/03\/korusverseny2009-94.jpg\",\"contentUrl\":\"https:\/\/www.aurin-choir.hu\/wp-content\/uploads\/2020\/03\/korusverseny2009-94.jpg\",\"width\":730,\"height\":547},{\"@type\":\"BreadcrumbList\",\"@id\":\"https:\/\/www.aurin-choir.hu\/project\/xii-budapesti-nemzetkozi-korusverseny-2009\/#breadcrumb\",\"itemListElement\":[{\"@type\":\"ListItem\",\"position\":1,\"name\":\"Kezd\u0151lap\",\"item\":\"https:\/\/www.aurin-choir.hu\/en\/\"},{\"@type\":\"ListItem\",\"position\":2,\"name\":\"Projektek\",\"item\":\"https:\/\/www.aurin-choir.hu\/project\/\"},{\"@type\":\"ListItem\",\"position\":3,\"name\":\"XII. Budapesti Nemzetk\u00f6zi K\u00f3rusverseny 2009\"}]},{\"@type\":\"WebSite\",\"@id\":\"https:\/\/www.aurin-choir.hu\/#website\",\"url\":\"https:\/\/www.aurin-choir.hu\/\",\"name\":\"Aurin - Miraculum\",\"description\":\"Aurin - Miraculum\",\"publisher\":{\"@id\":\"https:\/\/www.aurin-choir.hu\/#organization\"},\"potentialAction\":[{\"@type\":\"SearchAction\",\"target\":{\"@type\":\"EntryPoint\",\"urlTemplate\":\"https:\/\/www.aurin-choir.hu\/?s={search_term_string}\"},\"query-input\":{\"@type\":\"PropertyValueSpecification\",\"valueRequired\":true,\"valueName\":\"search_term_string\"}}],\"inLanguage\":\"en-US\"},{\"@type\":\"Organization\",\"@id\":\"https:\/\/www.aurin-choir.hu\/#organization\",\"name\":\"Aurin \u00e9s Miraculum Alap\u00edtv\u00e1ny\",\"url\":\"https:\/\/www.aurin-choir.hu\/\",\"logo\":{\"@type\":\"ImageObject\",\"inLanguage\":\"en-US\",\"@id\":\"https:\/\/www.aurin-choir.hu\/#\/schema\/logo\/image\/\",\"url\":\"https:\/\/www.aurin-choir.hu\/wp-content\/uploads\/2024\/05\/logo_webre_evadzaro2-1.png\",\"contentUrl\":\"https:\/\/www.aurin-choir.hu\/wp-content\/uploads\/2024\/05\/logo_webre_evadzaro2-1.png\",\"width\":500,\"height\":515,\"caption\":\"Aurin \u00e9s Miraculum Alap\u00edtv\u00e1ny\"},\"image\":{\"@id\":\"https:\/\/www.aurin-choir.hu\/#\/schema\/logo\/image\/\"},\"sameAs\":[\"https:\/\/www.facebook.com\/aurinchoir\"]}]}<\/script>\n<!-- \/ Yoast SEO plugin. -->","yoast_head_json":{"title":"XII. Budapesti Nemzetk\u00f6zi K\u00f3rusverseny 2009 - Aurin - Miraculum","robots":{"index":"index","follow":"follow","max-snippet":"max-snippet:-1","max-image-preview":"max-image-preview:large","max-video-preview":"max-video-preview:-1"},"canonical":"https:\/\/www.aurin-choir.hu\/project\/xii-budapesti-nemzetkozi-korusverseny-2009\/","og_locale":"en_US","og_type":"article","og_title":"XII. Budapesti Nemzetk\u00f6zi K\u00f3rusverseny 2009 - Aurin - Miraculum","og_description":"XII. Budapesti Nemzetk\u00f6zi K\u00f3rusverseny 2009 M\u0171v\u00e9szetek Palot\u00e1ja, Budapest","og_url":"https:\/\/www.aurin-choir.hu\/project\/xii-budapesti-nemzetkozi-korusverseny-2009\/","og_site_name":"Aurin - Miraculum","article_publisher":"https:\/\/www.facebook.com\/aurinchoir","article_modified_time":"2025-04-07T16:44:36+00:00","og_image":[{"width":730,"height":547,"url":"https:\/\/www.aurin-choir.hu\/wp-content\/uploads\/2020\/03\/korusverseny2009-94.jpg","type":"image\/jpeg"}],"twitter_card":"summary_large_image","twitter_misc":{"Est. reading time":"1 minute"},"schema":{"@context":"https:\/\/schema.org","@graph":[{"@type":"WebPage","@id":"https:\/\/www.aurin-choir.hu\/project\/xii-budapesti-nemzetkozi-korusverseny-2009\/","url":"https:\/\/www.aurin-choir.hu\/project\/xii-budapesti-nemzetkozi-korusverseny-2009\/","name":"XII. Budapesti Nemzetk\u00f6zi K\u00f3rusverseny 2009 - Aurin - Miraculum","isPartOf":{"@id":"https:\/\/www.aurin-choir.hu\/#website"},"primaryImageOfPage":{"@id":"https:\/\/www.aurin-choir.hu\/project\/xii-budapesti-nemzetkozi-korusverseny-2009\/#primaryimage"},"image":{"@id":"https:\/\/www.aurin-choir.hu\/project\/xii-budapesti-nemzetkozi-korusverseny-2009\/#primaryimage"},"thumbnailUrl":"https:\/\/www.aurin-choir.hu\/wp-content\/uploads\/2020\/03\/korusverseny2009-94.jpg","datePublished":"2009-03-18T18:39:13+00:00","dateModified":"2025-04-07T16:44:36+00:00","breadcrumb":{"@id":"https:\/\/www.aurin-choir.hu\/project\/xii-budapesti-nemzetkozi-korusverseny-2009\/#breadcrumb"},"inLanguage":"en-US","potentialAction":[{"@type":"ReadAction","target":["https:\/\/www.aurin-choir.hu\/project\/xii-budapesti-nemzetkozi-korusverseny-2009\/"]}]},{"@type":"ImageObject","inLanguage":"en-US","@id":"https:\/\/www.aurin-choir.hu\/project\/xii-budapesti-nemzetkozi-korusverseny-2009\/#primaryimage","url":"https:\/\/www.aurin-choir.hu\/wp-content\/uploads\/2020\/03\/korusverseny2009-94.jpg","contentUrl":"https:\/\/www.aurin-choir.hu\/wp-content\/uploads\/2020\/03\/korusverseny2009-94.jpg","width":730,"height":547},{"@type":"BreadcrumbList","@id":"https:\/\/www.aurin-choir.hu\/project\/xii-budapesti-nemzetkozi-korusverseny-2009\/#breadcrumb","itemListElement":[{"@type":"ListItem","position":1,"name":"Kezd\u0151lap","item":"https:\/\/www.aurin-choir.hu\/en\/"},{"@type":"ListItem","position":2,"name":"Projektek","item":"https:\/\/www.aurin-choir.hu\/project\/"},{"@type":"ListItem","position":3,"name":"XII. Budapesti Nemzetk\u00f6zi K\u00f3rusverseny 2009"}]},{"@type":"WebSite","@id":"https:\/\/www.aurin-choir.hu\/#website","url":"https:\/\/www.aurin-choir.hu\/","name":"Aurin - Miraculum","description":"Aurin - Miraculum","publisher":{"@id":"https:\/\/www.aurin-choir.hu\/#organization"},"potentialAction":[{"@type":"SearchAction","target":{"@type":"EntryPoint","urlTemplate":"https:\/\/www.aurin-choir.hu\/?s={search_term_string}"},"query-input":{"@type":"PropertyValueSpecification","valueRequired":true,"valueName":"search_term_string"}}],"inLanguage":"en-US"},{"@type":"Organization","@id":"https:\/\/www.aurin-choir.hu\/#organization","name":"Aurin \u00e9s Miraculum Alap\u00edtv\u00e1ny","url":"https:\/\/www.aurin-choir.hu\/","logo":{"@type":"ImageObject","inLanguage":"en-US","@id":"https:\/\/www.aurin-choir.hu\/#\/schema\/logo\/image\/","url":"https:\/\/www.aurin-choir.hu\/wp-content\/uploads\/2024\/05\/logo_webre_evadzaro2-1.png","contentUrl":"https:\/\/www.aurin-choir.hu\/wp-content\/uploads\/2024\/05\/logo_webre_evadzaro2-1.png","width":500,"height":515,"caption":"Aurin \u00e9s Miraculum Alap\u00edtv\u00e1ny"},"image":{"@id":"https:\/\/www.aurin-choir.hu\/#\/schema\/logo\/image\/"},"sameAs":["https:\/\/www.facebook.com\/aurinchoir"]}]}},"_links":{"self":[{"href":"https:\/\/www.aurin-choir.hu\/en\/wp-json\/wp\/v2\/project\/17707","targetHints":{"allow":["GET"]}}],"collection":[{"href":"https:\/\/www.aurin-choir.hu\/en\/wp-json\/wp\/v2\/project"}],"about":[{"href":"https:\/\/www.aurin-choir.hu\/en\/wp-json\/wp\/v2\/types\/project"}],"author":[{"embeddable":true,"href":"https:\/\/www.aurin-choir.hu\/en\/wp-json\/wp\/v2\/users\/1"}],"replies":[{"embeddable":true,"href":"https:\/\/www.aurin-choir.hu\/en\/wp-json\/wp\/v2\/comments?post=17707"}],"version-history":[{"count":1,"href":"https:\/\/www.aurin-choir.hu\/en\/wp-json\/wp\/v2\/project\/17707\/revisions"}],"predecessor-version":[{"id":17708,"href":"https:\/\/www.aurin-choir.hu\/en\/wp-json\/wp\/v2\/project\/17707\/revisions\/17708"}],"wp:featuredmedia":[{"embeddable":true,"href":"https:\/\/www.aurin-choir.hu\/en\/wp-json\/wp\/v2\/media\/10557"}],"wp:attachment":[{"href":"https:\/\/www.aurin-choir.hu\/en\/wp-json\/wp\/v2\/media?parent=17707"}],"wp:term":[{"taxonomy":"project_category","embeddable":true,"href":"https:\/\/www.aurin-choir.hu\/en\/wp-json\/wp\/v2\/project_category?post=17707"},{"taxonomy":"project_tag","embeddable":true,"href":"https:\/\/www.aurin-choir.hu\/en\/wp-json\/wp\/v2\/project_tag?post=17707"}],"curies":[{"name":"wp","href":"https:\/\/api.w.org\/{rel}","templated":true}]}}