{"id":18794,"date":"2026-02-14T17:45:46","date_gmt":"2026-02-14T17:45:46","guid":{"rendered":"https:\/\/www.aurin-choir.hu\/project\/varazslatos-karacsony-2025\/"},"modified":"2026-02-15T08:53:58","modified_gmt":"2026-02-15T08:53:58","slug":"varazslatos-karacsony-2025","status":"publish","type":"project","link":"https:\/\/www.aurin-choir.hu\/en\/project\/varazslatos-karacsony-2025\/","title":{"rendered":"Var\u00e1zslatos Kar\u00e1csony 2025"},"content":{"rendered":"<p>[et_pb_section fb_built=&#8221;1&#8243; _builder_version=&#8221;4.27.4&#8243; _module_preset=&#8221;default&#8221; da_disable_devices=&#8221;off|off|off&#8221; locked=&#8221;off&#8221; global_colors_info=&#8221;{}&#8221; da_is_popup=&#8221;off&#8221; da_exit_intent=&#8221;off&#8221; da_has_close=&#8221;on&#8221; da_alt_close=&#8221;off&#8221; da_dark_close=&#8221;off&#8221; da_not_modal=&#8221;on&#8221; da_is_singular=&#8221;off&#8221; da_with_loader=&#8221;off&#8221; da_has_shadow=&#8221;on&#8221;][et_pb_row _builder_version=&#8221;4.27.4&#8243; _module_preset=&#8221;default&#8221; global_colors_info=&#8221;{}&#8221; custom_padding=&#8221;||11px|||&#8221;][et_pb_column type=&#8221;4_4&#8243; _builder_version=&#8221;4.27.4&#8243; _module_preset=&#8221;default&#8221; global_colors_info=&#8221;{}&#8221;][et_pb_text _builder_version=&#8221;4.27.4&#8243; _module_preset=&#8221;default&#8221; text_font=&#8221;|600|||||||&#8221; header_font=&#8221;|700|||||||&#8221; header_font_size=&#8221;31px&#8221; header_2_font=&#8221;||on||||||&#8221; hover_enabled=&#8221;0&#8243; global_colors_info=&#8221;{}&#8221; sticky_enabled=&#8221;0&#8243;]<\/p>\n<h1 class=\"entry-title\">Var\u00e1zslatos Kar\u00e1csony 2025<\/h1>\n<p><b> <\/b><\/p>\n<p>Nagytemplom, Kecskem\u00e9t[\/et_pb_text][\/et_pb_column][\/et_pb_row][et_pb_row _builder_version=&#8221;4.27.4&#8243; _module_preset=&#8221;default&#8221; custom_padding=&#8221;0px||0px||false|false&#8221; global_colors_info=&#8221;{}&#8221;][et_pb_column type=&#8221;4_4&#8243; _builder_version=&#8221;4.27.4&#8243; _module_preset=&#8221;default&#8221; global_colors_info=&#8221;{}&#8221;][et_pb_text _builder_version=&#8221;4.27.4&#8243; _module_preset=&#8221;default&#8221; global_colors_info=&#8221;{}&#8221;]<\/p>\nngg_shortcode_0_placeholder\n<p>[\/et_pb_text][\/et_pb_column][\/et_pb_row][\/et_pb_section]<\/p>\n","protected":false},"excerpt":{"rendered":"<p>Var\u00e1zslatos Kar\u00e1csony 2025 Nagytemplom, Kecskem\u00e9t<!-- default-view.php -->\n<div\n\tclass=\"ngg-galleryoverview default-view \n\t\t\"\n\tid=\"ngg-gallery-cf33dc880e89e101447363baba3d776f-1\">\n\n\t\t<!-- Thumbnails -->\n\t\t\t\t<div id=\"ngg-image-0\" class=\"ngg-gallery-thumbnail-box \n\t\t\t\t\t\t\t\t\t\t\t\" \n\t\t\t>\n\t\t\t\t\t\t<div class=\"ngg-gallery-thumbnail\">\n\t\t\t<a href=\"https:\/\/www.aurin-choir.hu\/wp-content\/gallery\/varazslatos-karacsony-2025\/DSC_4483.jpg\"\n\t\t\t\ttitle=\"\"\n\t\t\t\tdata-src=\"https:\/\/www.aurin-choir.hu\/wp-content\/gallery\/varazslatos-karacsony-2025\/DSC_4483.jpg\"\n\t\t\t\tdata-thumbnail=\"https:\/\/www.aurin-choir.hu\/wp-content\/gallery\/varazslatos-karacsony-2025\/thumbs\/thumbs_DSC_4483.jpg\"\n\t\t\t\tdata-image-id=\"5735\"\n\t\t\t\tdata-title=\"DSC_4483\"\n\t\t\t\tdata-description=\"\"\n\t\t\t\tdata-image-slug=\"dsc_4483\"\n\t\t\t\tclass=\"ngg-simplelightbox\" rel=\"cf33dc880e89e101447363baba3d776f\">\n\t\t\t\t<img\n\t\t\t\t\ttitle=\"DSC_4483\"\n\t\t\t\t\talt=\"DSC_4483\"\n\t\t\t\t\tsrc=\"https:\/\/www.aurin-choir.hu\/wp-content\/gallery\/varazslatos-karacsony-2025\/cache\/DSC_4483.jpg-nggid045735-ngg0dyn-325x225x100-00f0w010c011r110f110r010t010.jpg\"\n\t\t\t\t\twidth=\"325\"\n\t\t\t\t\theight=\"225\"\n\t\t\t\t\tstyle=\"max-width:100%;\"\n\t\t\t\t\/>\n\t\t\t<\/a>\n\t\t<\/div>\n\t\t\t\t\t\t\t<\/div> \n\t\t\t\n\t\t\t\t<div id=\"ngg-image-1\" class=\"ngg-gallery-thumbnail-box \n\t\t\t\t\t\t\t\t\t\t\t\" \n\t\t\t>\n\t\t\t\t\t\t<div class=\"ngg-gallery-thumbnail\">\n\t\t\t<a href=\"https:\/\/www.aurin-choir.hu\/wp-content\/gallery\/varazslatos-karacsony-2025\/DSC_4091.jpg\"\n\t\t\t\ttitle=\"\"\n\t\t\t\tdata-src=\"https:\/\/www.aurin-choir.hu\/wp-content\/gallery\/varazslatos-karacsony-2025\/DSC_4091.jpg\"\n\t\t\t\tdata-thumbnail=\"https:\/\/www.aurin-choir.hu\/wp-content\/gallery\/varazslatos-karacsony-2025\/thumbs\/thumbs_DSC_4091.jpg\"\n\t\t\t\tdata-image-id=\"5710\"\n\t\t\t\tdata-title=\"DSC_4091\"\n\t\t\t\tdata-description=\"\"\n\t\t\t\tdata-image-slug=\"dsc_4091\"\n\t\t\t\tclass=\"ngg-simplelightbox\" rel=\"cf33dc880e89e101447363baba3d776f\">\n\t\t\t\t<img\n\t\t\t\t\ttitle=\"DSC_4091\"\n\t\t\t\t\talt=\"DSC_4091\"\n\t\t\t\t\tsrc=\"https:\/\/www.aurin-choir.hu\/wp-content\/gallery\/varazslatos-karacsony-2025\/cache\/DSC_4091.jpg-nggid045710-ngg0dyn-325x225x100-00f0w010c011r110f110r010t010.jpg\"\n\t\t\t\t\twidth=\"325\"\n\t\t\t\t\theight=\"225\"\n\t\t\t\t\tstyle=\"max-width:100%;\"\n\t\t\t\t\/>\n\t\t\t<\/a>\n\t\t<\/div>\n\t\t\t\t\t\t\t<\/div> \n\t\t\t\n\t\t\t\t<div id=\"ngg-image-2\" class=\"ngg-gallery-thumbnail-box \n\t\t\t\t\t\t\t\t\t\t\t\" \n\t\t\t>\n\t\t\t\t\t\t<div class=\"ngg-gallery-thumbnail\">\n\t\t\t<a href=\"https:\/\/www.aurin-choir.hu\/wp-content\/gallery\/varazslatos-karacsony-2025\/DSC_4114.jpg\"\n\t\t\t\ttitle=\"\"\n\t\t\t\tdata-src=\"https:\/\/www.aurin-choir.hu\/wp-content\/gallery\/varazslatos-karacsony-2025\/DSC_4114.jpg\"\n\t\t\t\tdata-thumbnail=\"https:\/\/www.aurin-choir.hu\/wp-content\/gallery\/varazslatos-karacsony-2025\/thumbs\/thumbs_DSC_4114.jpg\"\n\t\t\t\tdata-image-id=\"5711\"\n\t\t\t\tdata-title=\"DSC_4114\"\n\t\t\t\tdata-description=\"\"\n\t\t\t\tdata-image-slug=\"dsc_4114\"\n\t\t\t\tclass=\"ngg-simplelightbox\" rel=\"cf33dc880e89e101447363baba3d776f\">\n\t\t\t\t<img\n\t\t\t\t\ttitle=\"DSC_4114\"\n\t\t\t\t\talt=\"DSC_4114\"\n\t\t\t\t\tsrc=\"https:\/\/www.aurin-choir.hu\/wp-content\/gallery\/varazslatos-karacsony-2025\/cache\/DSC_4114.jpg-nggid045711-ngg0dyn-325x225x100-00f0w010c011r110f110r010t010.jpg\"\n\t\t\t\t\twidth=\"325\"\n\t\t\t\t\theight=\"225\"\n\t\t\t\t\tstyle=\"max-width:100%;\"\n\t\t\t\t\/>\n\t\t\t<\/a>\n\t\t<\/div>\n\t\t\t\t\t\t\t<\/div> \n\t\t\t\n\t\t\t\t<div id=\"ngg-image-3\" class=\"ngg-gallery-thumbnail-box \n\t\t\t\t\t\t\t\t\t\t\t\" \n\t\t\t>\n\t\t\t\t\t\t<div class=\"ngg-gallery-thumbnail\">\n\t\t\t<a href=\"https:\/\/www.aurin-choir.hu\/wp-content\/gallery\/varazslatos-karacsony-2025\/DSC_3280.jpg\"\n\t\t\t\ttitle=\"\"\n\t\t\t\tdata-src=\"https:\/\/www.aurin-choir.hu\/wp-content\/gallery\/varazslatos-karacsony-2025\/DSC_3280.jpg\"\n\t\t\t\tdata-thumbnail=\"https:\/\/www.aurin-choir.hu\/wp-content\/gallery\/varazslatos-karacsony-2025\/thumbs\/thumbs_DSC_3280.jpg\"\n\t\t\t\tdata-image-id=\"5713\"\n\t\t\t\tdata-title=\"DSC_3280\"\n\t\t\t\tdata-description=\"\"\n\t\t\t\tdata-image-slug=\"dsc_3280\"\n\t\t\t\tclass=\"ngg-simplelightbox\" rel=\"cf33dc880e89e101447363baba3d776f\">\n\t\t\t\t<img\n\t\t\t\t\ttitle=\"DSC_3280\"\n\t\t\t\t\talt=\"DSC_3280\"\n\t\t\t\t\tsrc=\"https:\/\/www.aurin-choir.hu\/wp-content\/gallery\/varazslatos-karacsony-2025\/cache\/DSC_3280.jpg-nggid045713-ngg0dyn-325x225x100-00f0w010c011r110f110r010t010.jpg\"\n\t\t\t\t\twidth=\"325\"\n\t\t\t\t\theight=\"225\"\n\t\t\t\t\tstyle=\"max-width:100%;\"\n\t\t\t\t\/>\n\t\t\t<\/a>\n\t\t<\/div>\n\t\t\t\t\t\t\t<\/div> \n\t\t\t\n\t\t\t\t<div id=\"ngg-image-4\" class=\"ngg-gallery-thumbnail-box \n\t\t\t\t\t\t\t\t\t\t\t\" \n\t\t\t>\n\t\t\t\t\t\t<div class=\"ngg-gallery-thumbnail\">\n\t\t\t<a href=\"https:\/\/www.aurin-choir.hu\/wp-content\/gallery\/varazslatos-karacsony-2025\/DSC_3282.jpg\"\n\t\t\t\ttitle=\"\"\n\t\t\t\tdata-src=\"https:\/\/www.aurin-choir.hu\/wp-content\/gallery\/varazslatos-karacsony-2025\/DSC_3282.jpg\"\n\t\t\t\tdata-thumbnail=\"https:\/\/www.aurin-choir.hu\/wp-content\/gallery\/varazslatos-karacsony-2025\/thumbs\/thumbs_DSC_3282.jpg\"\n\t\t\t\tdata-image-id=\"5712\"\n\t\t\t\tdata-title=\"DSC_3282\"\n\t\t\t\tdata-description=\"\"\n\t\t\t\tdata-image-slug=\"dsc_3282\"\n\t\t\t\tclass=\"ngg-simplelightbox\" rel=\"cf33dc880e89e101447363baba3d776f\">\n\t\t\t\t<img\n\t\t\t\t\ttitle=\"DSC_3282\"\n\t\t\t\t\talt=\"DSC_3282\"\n\t\t\t\t\tsrc=\"https:\/\/www.aurin-choir.hu\/wp-content\/gallery\/varazslatos-karacsony-2025\/cache\/DSC_3282.jpg-nggid045712-ngg0dyn-325x225x100-00f0w010c011r110f110r010t010.jpg\"\n\t\t\t\t\twidth=\"325\"\n\t\t\t\t\theight=\"225\"\n\t\t\t\t\tstyle=\"max-width:100%;\"\n\t\t\t\t\/>\n\t\t\t<\/a>\n\t\t<\/div>\n\t\t\t\t\t\t\t<\/div> \n\t\t\t\n\t\t\t\t<div id=\"ngg-image-5\" class=\"ngg-gallery-thumbnail-box \n\t\t\t\t\t\t\t\t\t\t\t\" \n\t\t\t>\n\t\t\t\t\t\t<div class=\"ngg-gallery-thumbnail\">\n\t\t\t<a href=\"https:\/\/www.aurin-choir.hu\/wp-content\/gallery\/varazslatos-karacsony-2025\/DSC_4130.jpg\"\n\t\t\t\ttitle=\"\"\n\t\t\t\tdata-src=\"https:\/\/www.aurin-choir.hu\/wp-content\/gallery\/varazslatos-karacsony-2025\/DSC_4130.jpg\"\n\t\t\t\tdata-thumbnail=\"https:\/\/www.aurin-choir.hu\/wp-content\/gallery\/varazslatos-karacsony-2025\/thumbs\/thumbs_DSC_4130.jpg\"\n\t\t\t\tdata-image-id=\"5715\"\n\t\t\t\tdata-title=\"DSC_4130\"\n\t\t\t\tdata-description=\"\"\n\t\t\t\tdata-image-slug=\"dsc_4130\"\n\t\t\t\tclass=\"ngg-simplelightbox\" rel=\"cf33dc880e89e101447363baba3d776f\">\n\t\t\t\t<img\n\t\t\t\t\ttitle=\"DSC_4130\"\n\t\t\t\t\talt=\"DSC_4130\"\n\t\t\t\t\tsrc=\"https:\/\/www.aurin-choir.hu\/wp-content\/gallery\/varazslatos-karacsony-2025\/cache\/DSC_4130.jpg-nggid045715-ngg0dyn-325x225x100-00f0w010c011r110f110r010t010.jpg\"\n\t\t\t\t\twidth=\"325\"\n\t\t\t\t\theight=\"225\"\n\t\t\t\t\tstyle=\"max-width:100%;\"\n\t\t\t\t\/>\n\t\t\t<\/a>\n\t\t<\/div>\n\t\t\t\t\t\t\t<\/div> \n\t\t\t\n\t\t\t\t<div id=\"ngg-image-6\" class=\"ngg-gallery-thumbnail-box \n\t\t\t\t\t\t\t\t\t\t\t\" \n\t\t\t>\n\t\t\t\t\t\t<div class=\"ngg-gallery-thumbnail\">\n\t\t\t<a href=\"https:\/\/www.aurin-choir.hu\/wp-content\/gallery\/varazslatos-karacsony-2025\/DSC_3268.jpg\"\n\t\t\t\ttitle=\"\"\n\t\t\t\tdata-src=\"https:\/\/www.aurin-choir.hu\/wp-content\/gallery\/varazslatos-karacsony-2025\/DSC_3268.jpg\"\n\t\t\t\tdata-thumbnail=\"https:\/\/www.aurin-choir.hu\/wp-content\/gallery\/varazslatos-karacsony-2025\/thumbs\/thumbs_DSC_3268.jpg\"\n\t\t\t\tdata-image-id=\"5714\"\n\t\t\t\tdata-title=\"DSC_3268\"\n\t\t\t\tdata-description=\"\"\n\t\t\t\tdata-image-slug=\"dsc_3268\"\n\t\t\t\tclass=\"ngg-simplelightbox\" rel=\"cf33dc880e89e101447363baba3d776f\">\n\t\t\t\t<img\n\t\t\t\t\ttitle=\"DSC_3268\"\n\t\t\t\t\talt=\"DSC_3268\"\n\t\t\t\t\tsrc=\"https:\/\/www.aurin-choir.hu\/wp-content\/gallery\/varazslatos-karacsony-2025\/cache\/DSC_3268.jpg-nggid045714-ngg0dyn-325x225x100-00f0w010c011r110f110r010t010.jpg\"\n\t\t\t\t\twidth=\"325\"\n\t\t\t\t\theight=\"225\"\n\t\t\t\t\tstyle=\"max-width:100%;\"\n\t\t\t\t\/>\n\t\t\t<\/a>\n\t\t<\/div>\n\t\t\t\t\t\t\t<\/div> \n\t\t\t\n\t\t\t\t<div id=\"ngg-image-7\" class=\"ngg-gallery-thumbnail-box \n\t\t\t\t\t\t\t\t\t\t\t\" \n\t\t\t>\n\t\t\t\t\t\t<div class=\"ngg-gallery-thumbnail\">\n\t\t\t<a href=\"https:\/\/www.aurin-choir.hu\/wp-content\/gallery\/varazslatos-karacsony-2025\/DSC_4138.jpg\"\n\t\t\t\ttitle=\"\"\n\t\t\t\tdata-src=\"https:\/\/www.aurin-choir.hu\/wp-content\/gallery\/varazslatos-karacsony-2025\/DSC_4138.jpg\"\n\t\t\t\tdata-thumbnail=\"https:\/\/www.aurin-choir.hu\/wp-content\/gallery\/varazslatos-karacsony-2025\/thumbs\/thumbs_DSC_4138.jpg\"\n\t\t\t\tdata-image-id=\"5716\"\n\t\t\t\tdata-title=\"DSC_4138\"\n\t\t\t\tdata-description=\"\"\n\t\t\t\tdata-image-slug=\"dsc_4138\"\n\t\t\t\tclass=\"ngg-simplelightbox\" rel=\"cf33dc880e89e101447363baba3d776f\">\n\t\t\t\t<img\n\t\t\t\t\ttitle=\"DSC_4138\"\n\t\t\t\t\talt=\"DSC_4138\"\n\t\t\t\t\tsrc=\"https:\/\/www.aurin-choir.hu\/wp-content\/gallery\/varazslatos-karacsony-2025\/cache\/DSC_4138.jpg-nggid045716-ngg0dyn-325x225x100-00f0w010c011r110f110r010t010.jpg\"\n\t\t\t\t\twidth=\"325\"\n\t\t\t\t\theight=\"225\"\n\t\t\t\t\tstyle=\"max-width:100%;\"\n\t\t\t\t\/>\n\t\t\t<\/a>\n\t\t<\/div>\n\t\t\t\t\t\t\t<\/div> \n\t\t\t\n\t\t\t\t<div id=\"ngg-image-8\" class=\"ngg-gallery-thumbnail-box \n\t\t\t\t\t\t\t\t\t\t\t\" \n\t\t\t>\n\t\t\t\t\t\t<div class=\"ngg-gallery-thumbnail\">\n\t\t\t<a href=\"https:\/\/www.aurin-choir.hu\/wp-content\/gallery\/varazslatos-karacsony-2025\/DSC_4491.jpg\"\n\t\t\t\ttitle=\"\"\n\t\t\t\tdata-src=\"https:\/\/www.aurin-choir.hu\/wp-content\/gallery\/varazslatos-karacsony-2025\/DSC_4491.jpg\"\n\t\t\t\tdata-thumbnail=\"https:\/\/www.aurin-choir.hu\/wp-content\/gallery\/varazslatos-karacsony-2025\/thumbs\/thumbs_DSC_4491.jpg\"\n\t\t\t\tdata-image-id=\"5736\"\n\t\t\t\tdata-title=\"DSC_4491\"\n\t\t\t\tdata-description=\"\"\n\t\t\t\tdata-image-slug=\"dsc_4491\"\n\t\t\t\tclass=\"ngg-simplelightbox\" rel=\"cf33dc880e89e101447363baba3d776f\">\n\t\t\t\t<img\n\t\t\t\t\ttitle=\"DSC_4491\"\n\t\t\t\t\talt=\"DSC_4491\"\n\t\t\t\t\tsrc=\"https:\/\/www.aurin-choir.hu\/wp-content\/gallery\/varazslatos-karacsony-2025\/cache\/DSC_4491.jpg-nggid045736-ngg0dyn-325x225x100-00f0w010c011r110f110r010t010.jpg\"\n\t\t\t\t\twidth=\"325\"\n\t\t\t\t\theight=\"225\"\n\t\t\t\t\tstyle=\"max-width:100%;\"\n\t\t\t\t\/>\n\t\t\t<\/a>\n\t\t<\/div>\n\t\t\t\t\t\t\t<\/div> \n\t\t\t\n\t\t\t\t<div id=\"ngg-image-9\" class=\"ngg-gallery-thumbnail-box \n\t\t\t\t\t\t\t\t\t\t\t\" \n\t\t\t>\n\t\t\t\t\t\t<div class=\"ngg-gallery-thumbnail\">\n\t\t\t<a href=\"https:\/\/www.aurin-choir.hu\/wp-content\/gallery\/varazslatos-karacsony-2025\/DSC_4185.jpg\"\n\t\t\t\ttitle=\"\"\n\t\t\t\tdata-src=\"https:\/\/www.aurin-choir.hu\/wp-content\/gallery\/varazslatos-karacsony-2025\/DSC_4185.jpg\"\n\t\t\t\tdata-thumbnail=\"https:\/\/www.aurin-choir.hu\/wp-content\/gallery\/varazslatos-karacsony-2025\/thumbs\/thumbs_DSC_4185.jpg\"\n\t\t\t\tdata-image-id=\"5718\"\n\t\t\t\tdata-title=\"DSC_4185\"\n\t\t\t\tdata-description=\"\"\n\t\t\t\tdata-image-slug=\"dsc_4185\"\n\t\t\t\tclass=\"ngg-simplelightbox\" rel=\"cf33dc880e89e101447363baba3d776f\">\n\t\t\t\t<img\n\t\t\t\t\ttitle=\"DSC_4185\"\n\t\t\t\t\talt=\"DSC_4185\"\n\t\t\t\t\tsrc=\"https:\/\/www.aurin-choir.hu\/wp-content\/gallery\/varazslatos-karacsony-2025\/cache\/DSC_4185.jpg-nggid045718-ngg0dyn-325x225x100-00f0w010c011r110f110r010t010.jpg\"\n\t\t\t\t\twidth=\"325\"\n\t\t\t\t\theight=\"225\"\n\t\t\t\t\tstyle=\"max-width:100%;\"\n\t\t\t\t\/>\n\t\t\t<\/a>\n\t\t<\/div>\n\t\t\t\t\t\t\t<\/div> \n\t\t\t\n\t\t\t\t<div id=\"ngg-image-10\" class=\"ngg-gallery-thumbnail-box \n\t\t\t\t\t\t\t\t\t\t\t\" \n\t\t\t>\n\t\t\t\t\t\t<div class=\"ngg-gallery-thumbnail\">\n\t\t\t<a href=\"https:\/\/www.aurin-choir.hu\/wp-content\/gallery\/varazslatos-karacsony-2025\/DSC_4204.jpg\"\n\t\t\t\ttitle=\"\"\n\t\t\t\tdata-src=\"https:\/\/www.aurin-choir.hu\/wp-content\/gallery\/varazslatos-karacsony-2025\/DSC_4204.jpg\"\n\t\t\t\tdata-thumbnail=\"https:\/\/www.aurin-choir.hu\/wp-content\/gallery\/varazslatos-karacsony-2025\/thumbs\/thumbs_DSC_4204.jpg\"\n\t\t\t\tdata-image-id=\"5719\"\n\t\t\t\tdata-title=\"DSC_4204\"\n\t\t\t\tdata-description=\"\"\n\t\t\t\tdata-image-slug=\"dsc_4204\"\n\t\t\t\tclass=\"ngg-simplelightbox\" rel=\"cf33dc880e89e101447363baba3d776f\">\n\t\t\t\t<img\n\t\t\t\t\ttitle=\"DSC_4204\"\n\t\t\t\t\talt=\"DSC_4204\"\n\t\t\t\t\tsrc=\"https:\/\/www.aurin-choir.hu\/wp-content\/gallery\/varazslatos-karacsony-2025\/cache\/DSC_4204.jpg-nggid045719-ngg0dyn-325x225x100-00f0w010c011r110f110r010t010.jpg\"\n\t\t\t\t\twidth=\"325\"\n\t\t\t\t\theight=\"225\"\n\t\t\t\t\tstyle=\"max-width:100%;\"\n\t\t\t\t\/>\n\t\t\t<\/a>\n\t\t<\/div>\n\t\t\t\t\t\t\t<\/div> \n\t\t\t\n\t\t\t\t<div id=\"ngg-image-11\" class=\"ngg-gallery-thumbnail-box \n\t\t\t\t\t\t\t\t\t\t\t\" \n\t\t\t>\n\t\t\t\t\t\t<div class=\"ngg-gallery-thumbnail\">\n\t\t\t<a href=\"https:\/\/www.aurin-choir.hu\/wp-content\/gallery\/varazslatos-karacsony-2025\/DSC_4212.jpg\"\n\t\t\t\ttitle=\"\"\n\t\t\t\tdata-src=\"https:\/\/www.aurin-choir.hu\/wp-content\/gallery\/varazslatos-karacsony-2025\/DSC_4212.jpg\"\n\t\t\t\tdata-thumbnail=\"https:\/\/www.aurin-choir.hu\/wp-content\/gallery\/varazslatos-karacsony-2025\/thumbs\/thumbs_DSC_4212.jpg\"\n\t\t\t\tdata-image-id=\"5720\"\n\t\t\t\tdata-title=\"DSC_4212\"\n\t\t\t\tdata-description=\"\"\n\t\t\t\tdata-image-slug=\"dsc_4212\"\n\t\t\t\tclass=\"ngg-simplelightbox\" rel=\"cf33dc880e89e101447363baba3d776f\">\n\t\t\t\t<img\n\t\t\t\t\ttitle=\"DSC_4212\"\n\t\t\t\t\talt=\"DSC_4212\"\n\t\t\t\t\tsrc=\"https:\/\/www.aurin-choir.hu\/wp-content\/gallery\/varazslatos-karacsony-2025\/cache\/DSC_4212.jpg-nggid045720-ngg0dyn-325x225x100-00f0w010c011r110f110r010t010.jpg\"\n\t\t\t\t\twidth=\"325\"\n\t\t\t\t\theight=\"225\"\n\t\t\t\t\tstyle=\"max-width:100%;\"\n\t\t\t\t\/>\n\t\t\t<\/a>\n\t\t<\/div>\n\t\t\t\t\t\t\t<\/div> \n\t\t\t\n\t\t\t\t<div id=\"ngg-image-12\" class=\"ngg-gallery-thumbnail-box \n\t\t\t\t\t\t\t\t\t\t\t\" \n\t\t\t>\n\t\t\t\t\t\t<div class=\"ngg-gallery-thumbnail\">\n\t\t\t<a href=\"https:\/\/www.aurin-choir.hu\/wp-content\/gallery\/varazslatos-karacsony-2025\/DSC_4237.jpg\"\n\t\t\t\ttitle=\"\"\n\t\t\t\tdata-src=\"https:\/\/www.aurin-choir.hu\/wp-content\/gallery\/varazslatos-karacsony-2025\/DSC_4237.jpg\"\n\t\t\t\tdata-thumbnail=\"https:\/\/www.aurin-choir.hu\/wp-content\/gallery\/varazslatos-karacsony-2025\/thumbs\/thumbs_DSC_4237.jpg\"\n\t\t\t\tdata-image-id=\"5721\"\n\t\t\t\tdata-title=\"DSC_4237\"\n\t\t\t\tdata-description=\"\"\n\t\t\t\tdata-image-slug=\"dsc_4237\"\n\t\t\t\tclass=\"ngg-simplelightbox\" rel=\"cf33dc880e89e101447363baba3d776f\">\n\t\t\t\t<img\n\t\t\t\t\ttitle=\"DSC_4237\"\n\t\t\t\t\talt=\"DSC_4237\"\n\t\t\t\t\tsrc=\"https:\/\/www.aurin-choir.hu\/wp-content\/gallery\/varazslatos-karacsony-2025\/cache\/DSC_4237.jpg-nggid045721-ngg0dyn-325x225x100-00f0w010c011r110f110r010t010.jpg\"\n\t\t\t\t\twidth=\"325\"\n\t\t\t\t\theight=\"225\"\n\t\t\t\t\tstyle=\"max-width:100%;\"\n\t\t\t\t\/>\n\t\t\t<\/a>\n\t\t<\/div>\n\t\t\t\t\t\t\t<\/div> \n\t\t\t\n\t\t\t\t<div id=\"ngg-image-13\" class=\"ngg-gallery-thumbnail-box \n\t\t\t\t\t\t\t\t\t\t\t\" \n\t\t\t>\n\t\t\t\t\t\t<div class=\"ngg-gallery-thumbnail\">\n\t\t\t<a href=\"https:\/\/www.aurin-choir.hu\/wp-content\/gallery\/varazslatos-karacsony-2025\/DSC_4245.jpg\"\n\t\t\t\ttitle=\"\"\n\t\t\t\tdata-src=\"https:\/\/www.aurin-choir.hu\/wp-content\/gallery\/varazslatos-karacsony-2025\/DSC_4245.jpg\"\n\t\t\t\tdata-thumbnail=\"https:\/\/www.aurin-choir.hu\/wp-content\/gallery\/varazslatos-karacsony-2025\/thumbs\/thumbs_DSC_4245.jpg\"\n\t\t\t\tdata-image-id=\"5722\"\n\t\t\t\tdata-title=\"DSC_4245\"\n\t\t\t\tdata-description=\"\"\n\t\t\t\tdata-image-slug=\"dsc_4245\"\n\t\t\t\tclass=\"ngg-simplelightbox\" rel=\"cf33dc880e89e101447363baba3d776f\">\n\t\t\t\t<img\n\t\t\t\t\ttitle=\"DSC_4245\"\n\t\t\t\t\talt=\"DSC_4245\"\n\t\t\t\t\tsrc=\"https:\/\/www.aurin-choir.hu\/wp-content\/gallery\/varazslatos-karacsony-2025\/cache\/DSC_4245.jpg-nggid045722-ngg0dyn-325x225x100-00f0w010c011r110f110r010t010.jpg\"\n\t\t\t\t\twidth=\"325\"\n\t\t\t\t\theight=\"225\"\n\t\t\t\t\tstyle=\"max-width:100%;\"\n\t\t\t\t\/>\n\t\t\t<\/a>\n\t\t<\/div>\n\t\t\t\t\t\t\t<\/div> \n\t\t\t\n\t\t\t\t<div id=\"ngg-image-14\" class=\"ngg-gallery-thumbnail-box \n\t\t\t\t\t\t\t\t\t\t\t\" \n\t\t\t>\n\t\t\t\t\t\t<div class=\"ngg-gallery-thumbnail\">\n\t\t\t<a href=\"https:\/\/www.aurin-choir.hu\/wp-content\/gallery\/varazslatos-karacsony-2025\/DSC_4296.jpg\"\n\t\t\t\ttitle=\"\"\n\t\t\t\tdata-src=\"https:\/\/www.aurin-choir.hu\/wp-content\/gallery\/varazslatos-karacsony-2025\/DSC_4296.jpg\"\n\t\t\t\tdata-thumbnail=\"https:\/\/www.aurin-choir.hu\/wp-content\/gallery\/varazslatos-karacsony-2025\/thumbs\/thumbs_DSC_4296.jpg\"\n\t\t\t\tdata-image-id=\"5723\"\n\t\t\t\tdata-title=\"DSC_4296\"\n\t\t\t\tdata-description=\"\"\n\t\t\t\tdata-image-slug=\"dsc_4296\"\n\t\t\t\tclass=\"ngg-simplelightbox\" rel=\"cf33dc880e89e101447363baba3d776f\">\n\t\t\t\t<img\n\t\t\t\t\ttitle=\"DSC_4296\"\n\t\t\t\t\talt=\"DSC_4296\"\n\t\t\t\t\tsrc=\"https:\/\/www.aurin-choir.hu\/wp-content\/gallery\/varazslatos-karacsony-2025\/cache\/DSC_4296.jpg-nggid045723-ngg0dyn-325x225x100-00f0w010c011r110f110r010t010.jpg\"\n\t\t\t\t\twidth=\"325\"\n\t\t\t\t\theight=\"225\"\n\t\t\t\t\tstyle=\"max-width:100%;\"\n\t\t\t\t\/>\n\t\t\t<\/a>\n\t\t<\/div>\n\t\t\t\t\t\t\t<\/div> \n\t\t\t\n\t\t\t\t<div id=\"ngg-image-15\" class=\"ngg-gallery-thumbnail-box \n\t\t\t\t\t\t\t\t\t\t\t\" \n\t\t\t>\n\t\t\t\t\t\t<div class=\"ngg-gallery-thumbnail\">\n\t\t\t<a href=\"https:\/\/www.aurin-choir.hu\/wp-content\/gallery\/varazslatos-karacsony-2025\/DSC_4306.jpg\"\n\t\t\t\ttitle=\"\"\n\t\t\t\tdata-src=\"https:\/\/www.aurin-choir.hu\/wp-content\/gallery\/varazslatos-karacsony-2025\/DSC_4306.jpg\"\n\t\t\t\tdata-thumbnail=\"https:\/\/www.aurin-choir.hu\/wp-content\/gallery\/varazslatos-karacsony-2025\/thumbs\/thumbs_DSC_4306.jpg\"\n\t\t\t\tdata-image-id=\"5724\"\n\t\t\t\tdata-title=\"DSC_4306\"\n\t\t\t\tdata-description=\"\"\n\t\t\t\tdata-image-slug=\"dsc_4306\"\n\t\t\t\tclass=\"ngg-simplelightbox\" rel=\"cf33dc880e89e101447363baba3d776f\">\n\t\t\t\t<img\n\t\t\t\t\ttitle=\"DSC_4306\"\n\t\t\t\t\talt=\"DSC_4306\"\n\t\t\t\t\tsrc=\"https:\/\/www.aurin-choir.hu\/wp-content\/gallery\/varazslatos-karacsony-2025\/cache\/DSC_4306.jpg-nggid045724-ngg0dyn-325x225x100-00f0w010c011r110f110r010t010.jpg\"\n\t\t\t\t\twidth=\"325\"\n\t\t\t\t\theight=\"225\"\n\t\t\t\t\tstyle=\"max-width:100%;\"\n\t\t\t\t\/>\n\t\t\t<\/a>\n\t\t<\/div>\n\t\t\t\t\t\t\t<\/div> \n\t\t\t\n\t\t\t\t<div id=\"ngg-image-16\" class=\"ngg-gallery-thumbnail-box \n\t\t\t\t\t\t\t\t\t\t\t\" \n\t\t\t>\n\t\t\t\t\t\t<div class=\"ngg-gallery-thumbnail\">\n\t\t\t<a href=\"https:\/\/www.aurin-choir.hu\/wp-content\/gallery\/varazslatos-karacsony-2025\/DSC_4309.jpg\"\n\t\t\t\ttitle=\"\"\n\t\t\t\tdata-src=\"https:\/\/www.aurin-choir.hu\/wp-content\/gallery\/varazslatos-karacsony-2025\/DSC_4309.jpg\"\n\t\t\t\tdata-thumbnail=\"https:\/\/www.aurin-choir.hu\/wp-content\/gallery\/varazslatos-karacsony-2025\/thumbs\/thumbs_DSC_4309.jpg\"\n\t\t\t\tdata-image-id=\"5725\"\n\t\t\t\tdata-title=\"DSC_4309\"\n\t\t\t\tdata-description=\"\"\n\t\t\t\tdata-image-slug=\"dsc_4309\"\n\t\t\t\tclass=\"ngg-simplelightbox\" rel=\"cf33dc880e89e101447363baba3d776f\">\n\t\t\t\t<img\n\t\t\t\t\ttitle=\"DSC_4309\"\n\t\t\t\t\talt=\"DSC_4309\"\n\t\t\t\t\tsrc=\"https:\/\/www.aurin-choir.hu\/wp-content\/gallery\/varazslatos-karacsony-2025\/cache\/DSC_4309.jpg-nggid045725-ngg0dyn-325x225x100-00f0w010c011r110f110r010t010.jpg\"\n\t\t\t\t\twidth=\"325\"\n\t\t\t\t\theight=\"225\"\n\t\t\t\t\tstyle=\"max-width:100%;\"\n\t\t\t\t\/>\n\t\t\t<\/a>\n\t\t<\/div>\n\t\t\t\t\t\t\t<\/div> \n\t\t\t\n\t\t\t\t<div id=\"ngg-image-17\" class=\"ngg-gallery-thumbnail-box \n\t\t\t\t\t\t\t\t\t\t\t\" \n\t\t\t>\n\t\t\t\t\t\t<div class=\"ngg-gallery-thumbnail\">\n\t\t\t<a href=\"https:\/\/www.aurin-choir.hu\/wp-content\/gallery\/varazslatos-karacsony-2025\/DSC_4312.jpg\"\n\t\t\t\ttitle=\"\"\n\t\t\t\tdata-src=\"https:\/\/www.aurin-choir.hu\/wp-content\/gallery\/varazslatos-karacsony-2025\/DSC_4312.jpg\"\n\t\t\t\tdata-thumbnail=\"https:\/\/www.aurin-choir.hu\/wp-content\/gallery\/varazslatos-karacsony-2025\/thumbs\/thumbs_DSC_4312.jpg\"\n\t\t\t\tdata-image-id=\"5726\"\n\t\t\t\tdata-title=\"DSC_4312\"\n\t\t\t\tdata-description=\"\"\n\t\t\t\tdata-image-slug=\"dsc_4312\"\n\t\t\t\tclass=\"ngg-simplelightbox\" rel=\"cf33dc880e89e101447363baba3d776f\">\n\t\t\t\t<img\n\t\t\t\t\ttitle=\"DSC_4312\"\n\t\t\t\t\talt=\"DSC_4312\"\n\t\t\t\t\tsrc=\"https:\/\/www.aurin-choir.hu\/wp-content\/gallery\/varazslatos-karacsony-2025\/cache\/DSC_4312.jpg-nggid045726-ngg0dyn-325x225x100-00f0w010c011r110f110r010t010.jpg\"\n\t\t\t\t\twidth=\"325\"\n\t\t\t\t\theight=\"225\"\n\t\t\t\t\tstyle=\"max-width:100%;\"\n\t\t\t\t\/>\n\t\t\t<\/a>\n\t\t<\/div>\n\t\t\t\t\t\t\t<\/div> \n\t\t\t\n\t\t\t\t<div id=\"ngg-image-18\" class=\"ngg-gallery-thumbnail-box \n\t\t\t\t\t\t\t\t\t\t\t\" \n\t\t\t>\n\t\t\t\t\t\t<div class=\"ngg-gallery-thumbnail\">\n\t\t\t<a href=\"https:\/\/www.aurin-choir.hu\/wp-content\/gallery\/varazslatos-karacsony-2025\/DSC_4513.jpg\"\n\t\t\t\ttitle=\"\"\n\t\t\t\tdata-src=\"https:\/\/www.aurin-choir.hu\/wp-content\/gallery\/varazslatos-karacsony-2025\/DSC_4513.jpg\"\n\t\t\t\tdata-thumbnail=\"https:\/\/www.aurin-choir.hu\/wp-content\/gallery\/varazslatos-karacsony-2025\/thumbs\/thumbs_DSC_4513.jpg\"\n\t\t\t\tdata-image-id=\"5738\"\n\t\t\t\tdata-title=\"DSC_4513\"\n\t\t\t\tdata-description=\"\"\n\t\t\t\tdata-image-slug=\"dsc_4513\"\n\t\t\t\tclass=\"ngg-simplelightbox\" rel=\"cf33dc880e89e101447363baba3d776f\">\n\t\t\t\t<img\n\t\t\t\t\ttitle=\"DSC_4513\"\n\t\t\t\t\talt=\"DSC_4513\"\n\t\t\t\t\tsrc=\"https:\/\/www.aurin-choir.hu\/wp-content\/gallery\/varazslatos-karacsony-2025\/cache\/DSC_4513.jpg-nggid045738-ngg0dyn-325x225x100-00f0w010c011r110f110r010t010.jpg\"\n\t\t\t\t\twidth=\"325\"\n\t\t\t\t\theight=\"225\"\n\t\t\t\t\tstyle=\"max-width:100%;\"\n\t\t\t\t\/>\n\t\t\t<\/a>\n\t\t<\/div>\n\t\t\t\t\t\t\t<\/div> \n\t\t\t\n\t\t\t\t<div id=\"ngg-image-19\" class=\"ngg-gallery-thumbnail-box \n\t\t\t\t\t\t\t\t\t\t\t\" \n\t\t\t>\n\t\t\t\t\t\t<div class=\"ngg-gallery-thumbnail\">\n\t\t\t<a href=\"https:\/\/www.aurin-choir.hu\/wp-content\/gallery\/varazslatos-karacsony-2025\/DSC_4333.jpg\"\n\t\t\t\ttitle=\"\"\n\t\t\t\tdata-src=\"https:\/\/www.aurin-choir.hu\/wp-content\/gallery\/varazslatos-karacsony-2025\/DSC_4333.jpg\"\n\t\t\t\tdata-thumbnail=\"https:\/\/www.aurin-choir.hu\/wp-content\/gallery\/varazslatos-karacsony-2025\/thumbs\/thumbs_DSC_4333.jpg\"\n\t\t\t\tdata-image-id=\"5727\"\n\t\t\t\tdata-title=\"DSC_4333\"\n\t\t\t\tdata-description=\"\"\n\t\t\t\tdata-image-slug=\"dsc_4333\"\n\t\t\t\tclass=\"ngg-simplelightbox\" rel=\"cf33dc880e89e101447363baba3d776f\">\n\t\t\t\t<img\n\t\t\t\t\ttitle=\"DSC_4333\"\n\t\t\t\t\talt=\"DSC_4333\"\n\t\t\t\t\tsrc=\"https:\/\/www.aurin-choir.hu\/wp-content\/gallery\/varazslatos-karacsony-2025\/cache\/DSC_4333.jpg-nggid045727-ngg0dyn-325x225x100-00f0w010c011r110f110r010t010.jpg\"\n\t\t\t\t\twidth=\"325\"\n\t\t\t\t\theight=\"225\"\n\t\t\t\t\tstyle=\"max-width:100%;\"\n\t\t\t\t\/>\n\t\t\t<\/a>\n\t\t<\/div>\n\t\t\t\t\t\t\t<\/div> \n\t\t\t\n\t\t\t\t<div id=\"ngg-image-20\" class=\"ngg-gallery-thumbnail-box \n\t\t\t\t\t\t\t\t\t\t\t\" \n\t\t\t>\n\t\t\t\t\t\t<div class=\"ngg-gallery-thumbnail\">\n\t\t\t<a href=\"https:\/\/www.aurin-choir.hu\/wp-content\/gallery\/varazslatos-karacsony-2025\/DSC_4365.jpg\"\n\t\t\t\ttitle=\"\"\n\t\t\t\tdata-src=\"https:\/\/www.aurin-choir.hu\/wp-content\/gallery\/varazslatos-karacsony-2025\/DSC_4365.jpg\"\n\t\t\t\tdata-thumbnail=\"https:\/\/www.aurin-choir.hu\/wp-content\/gallery\/varazslatos-karacsony-2025\/thumbs\/thumbs_DSC_4365.jpg\"\n\t\t\t\tdata-image-id=\"5728\"\n\t\t\t\tdata-title=\"DSC_4365\"\n\t\t\t\tdata-description=\"\"\n\t\t\t\tdata-image-slug=\"dsc_4365\"\n\t\t\t\tclass=\"ngg-simplelightbox\" rel=\"cf33dc880e89e101447363baba3d776f\">\n\t\t\t\t<img\n\t\t\t\t\ttitle=\"DSC_4365\"\n\t\t\t\t\talt=\"DSC_4365\"\n\t\t\t\t\tsrc=\"https:\/\/www.aurin-choir.hu\/wp-content\/gallery\/varazslatos-karacsony-2025\/cache\/DSC_4365.jpg-nggid045728-ngg0dyn-325x225x100-00f0w010c011r110f110r010t010.jpg\"\n\t\t\t\t\twidth=\"325\"\n\t\t\t\t\theight=\"225\"\n\t\t\t\t\tstyle=\"max-width:100%;\"\n\t\t\t\t\/>\n\t\t\t<\/a>\n\t\t<\/div>\n\t\t\t\t\t\t\t<\/div> \n\t\t\t\n\t\t\t\t<div id=\"ngg-image-21\" class=\"ngg-gallery-thumbnail-box \n\t\t\t\t\t\t\t\t\t\t\t\" \n\t\t\t>\n\t\t\t\t\t\t<div class=\"ngg-gallery-thumbnail\">\n\t\t\t<a href=\"https:\/\/www.aurin-choir.hu\/wp-content\/gallery\/varazslatos-karacsony-2025\/DSC_4381.jpg\"\n\t\t\t\ttitle=\"\"\n\t\t\t\tdata-src=\"https:\/\/www.aurin-choir.hu\/wp-content\/gallery\/varazslatos-karacsony-2025\/DSC_4381.jpg\"\n\t\t\t\tdata-thumbnail=\"https:\/\/www.aurin-choir.hu\/wp-content\/gallery\/varazslatos-karacsony-2025\/thumbs\/thumbs_DSC_4381.jpg\"\n\t\t\t\tdata-image-id=\"5729\"\n\t\t\t\tdata-title=\"DSC_4381\"\n\t\t\t\tdata-description=\"\"\n\t\t\t\tdata-image-slug=\"dsc_4381\"\n\t\t\t\tclass=\"ngg-simplelightbox\" rel=\"cf33dc880e89e101447363baba3d776f\">\n\t\t\t\t<img\n\t\t\t\t\ttitle=\"DSC_4381\"\n\t\t\t\t\talt=\"DSC_4381\"\n\t\t\t\t\tsrc=\"https:\/\/www.aurin-choir.hu\/wp-content\/gallery\/varazslatos-karacsony-2025\/cache\/DSC_4381.jpg-nggid045729-ngg0dyn-325x225x100-00f0w010c011r110f110r010t010.jpg\"\n\t\t\t\t\twidth=\"325\"\n\t\t\t\t\theight=\"225\"\n\t\t\t\t\tstyle=\"max-width:100%;\"\n\t\t\t\t\/>\n\t\t\t<\/a>\n\t\t<\/div>\n\t\t\t\t\t\t\t<\/div> \n\t\t\t\n\t\t\t\t<div id=\"ngg-image-22\" class=\"ngg-gallery-thumbnail-box \n\t\t\t\t\t\t\t\t\t\t\t\" \n\t\t\t>\n\t\t\t\t\t\t<div class=\"ngg-gallery-thumbnail\">\n\t\t\t<a href=\"https:\/\/www.aurin-choir.hu\/wp-content\/gallery\/varazslatos-karacsony-2025\/DSC_4423.jpg\"\n\t\t\t\ttitle=\"\"\n\t\t\t\tdata-src=\"https:\/\/www.aurin-choir.hu\/wp-content\/gallery\/varazslatos-karacsony-2025\/DSC_4423.jpg\"\n\t\t\t\tdata-thumbnail=\"https:\/\/www.aurin-choir.hu\/wp-content\/gallery\/varazslatos-karacsony-2025\/thumbs\/thumbs_DSC_4423.jpg\"\n\t\t\t\tdata-image-id=\"5730\"\n\t\t\t\tdata-title=\"DSC_4423\"\n\t\t\t\tdata-description=\"\"\n\t\t\t\tdata-image-slug=\"dsc_4423\"\n\t\t\t\tclass=\"ngg-simplelightbox\" rel=\"cf33dc880e89e101447363baba3d776f\">\n\t\t\t\t<img\n\t\t\t\t\ttitle=\"DSC_4423\"\n\t\t\t\t\talt=\"DSC_4423\"\n\t\t\t\t\tsrc=\"https:\/\/www.aurin-choir.hu\/wp-content\/gallery\/varazslatos-karacsony-2025\/cache\/DSC_4423.jpg-nggid045730-ngg0dyn-325x225x100-00f0w010c011r110f110r010t010.jpg\"\n\t\t\t\t\twidth=\"325\"\n\t\t\t\t\theight=\"225\"\n\t\t\t\t\tstyle=\"max-width:100%;\"\n\t\t\t\t\/>\n\t\t\t<\/a>\n\t\t<\/div>\n\t\t\t\t\t\t\t<\/div> \n\t\t\t\n\t\t\t\t<div id=\"ngg-image-23\" class=\"ngg-gallery-thumbnail-box \n\t\t\t\t\t\t\t\t\t\t\t\" \n\t\t\t>\n\t\t\t\t\t\t<div class=\"ngg-gallery-thumbnail\">\n\t\t\t<a href=\"https:\/\/www.aurin-choir.hu\/wp-content\/gallery\/varazslatos-karacsony-2025\/DSC_4439.jpg\"\n\t\t\t\ttitle=\"\"\n\t\t\t\tdata-src=\"https:\/\/www.aurin-choir.hu\/wp-content\/gallery\/varazslatos-karacsony-2025\/DSC_4439.jpg\"\n\t\t\t\tdata-thumbnail=\"https:\/\/www.aurin-choir.hu\/wp-content\/gallery\/varazslatos-karacsony-2025\/thumbs\/thumbs_DSC_4439.jpg\"\n\t\t\t\tdata-image-id=\"5731\"\n\t\t\t\tdata-title=\"DSC_4439\"\n\t\t\t\tdata-description=\"\"\n\t\t\t\tdata-image-slug=\"dsc_4439\"\n\t\t\t\tclass=\"ngg-simplelightbox\" rel=\"cf33dc880e89e101447363baba3d776f\">\n\t\t\t\t<img\n\t\t\t\t\ttitle=\"DSC_4439\"\n\t\t\t\t\talt=\"DSC_4439\"\n\t\t\t\t\tsrc=\"https:\/\/www.aurin-choir.hu\/wp-content\/gallery\/varazslatos-karacsony-2025\/cache\/DSC_4439.jpg-nggid045731-ngg0dyn-325x225x100-00f0w010c011r110f110r010t010.jpg\"\n\t\t\t\t\twidth=\"325\"\n\t\t\t\t\theight=\"225\"\n\t\t\t\t\tstyle=\"max-width:100%;\"\n\t\t\t\t\/>\n\t\t\t<\/a>\n\t\t<\/div>\n\t\t\t\t\t\t\t<\/div> \n\t\t\t\n\t\t\t\t<div id=\"ngg-image-24\" class=\"ngg-gallery-thumbnail-box \n\t\t\t\t\t\t\t\t\t\t\t\" \n\t\t\t>\n\t\t\t\t\t\t<div class=\"ngg-gallery-thumbnail\">\n\t\t\t<a href=\"https:\/\/www.aurin-choir.hu\/wp-content\/gallery\/varazslatos-karacsony-2025\/DSC_4158.jpg\"\n\t\t\t\ttitle=\"\"\n\t\t\t\tdata-src=\"https:\/\/www.aurin-choir.hu\/wp-content\/gallery\/varazslatos-karacsony-2025\/DSC_4158.jpg\"\n\t\t\t\tdata-thumbnail=\"https:\/\/www.aurin-choir.hu\/wp-content\/gallery\/varazslatos-karacsony-2025\/thumbs\/thumbs_DSC_4158.jpg\"\n\t\t\t\tdata-image-id=\"5717\"\n\t\t\t\tdata-title=\"DSC_4158\"\n\t\t\t\tdata-description=\"\"\n\t\t\t\tdata-image-slug=\"dsc_4158\"\n\t\t\t\tclass=\"ngg-simplelightbox\" rel=\"cf33dc880e89e101447363baba3d776f\">\n\t\t\t\t<img\n\t\t\t\t\ttitle=\"DSC_4158\"\n\t\t\t\t\talt=\"DSC_4158\"\n\t\t\t\t\tsrc=\"https:\/\/www.aurin-choir.hu\/wp-content\/gallery\/varazslatos-karacsony-2025\/cache\/DSC_4158.jpg-nggid045717-ngg0dyn-325x225x100-00f0w010c011r110f110r010t010.jpg\"\n\t\t\t\t\twidth=\"325\"\n\t\t\t\t\theight=\"225\"\n\t\t\t\t\tstyle=\"max-width:100%;\"\n\t\t\t\t\/>\n\t\t\t<\/a>\n\t\t<\/div>\n\t\t\t\t\t\t\t<\/div> \n\t\t\t\n\t\t\t\t<div id=\"ngg-image-25\" class=\"ngg-gallery-thumbnail-box \n\t\t\t\t\t\t\t\t\t\t\t\" \n\t\t\t>\n\t\t\t\t\t\t<div class=\"ngg-gallery-thumbnail\">\n\t\t\t<a href=\"https:\/\/www.aurin-choir.hu\/wp-content\/gallery\/varazslatos-karacsony-2025\/DSC_4444.jpg\"\n\t\t\t\ttitle=\"\"\n\t\t\t\tdata-src=\"https:\/\/www.aurin-choir.hu\/wp-content\/gallery\/varazslatos-karacsony-2025\/DSC_4444.jpg\"\n\t\t\t\tdata-thumbnail=\"https:\/\/www.aurin-choir.hu\/wp-content\/gallery\/varazslatos-karacsony-2025\/thumbs\/thumbs_DSC_4444.jpg\"\n\t\t\t\tdata-image-id=\"5732\"\n\t\t\t\tdata-title=\"DSC_4444\"\n\t\t\t\tdata-description=\"\"\n\t\t\t\tdata-image-slug=\"dsc_4444\"\n\t\t\t\tclass=\"ngg-simplelightbox\" rel=\"cf33dc880e89e101447363baba3d776f\">\n\t\t\t\t<img\n\t\t\t\t\ttitle=\"DSC_4444\"\n\t\t\t\t\talt=\"DSC_4444\"\n\t\t\t\t\tsrc=\"https:\/\/www.aurin-choir.hu\/wp-content\/gallery\/varazslatos-karacsony-2025\/cache\/DSC_4444.jpg-nggid045732-ngg0dyn-325x225x100-00f0w010c011r110f110r010t010.jpg\"\n\t\t\t\t\twidth=\"325\"\n\t\t\t\t\theight=\"225\"\n\t\t\t\t\tstyle=\"max-width:100%;\"\n\t\t\t\t\/>\n\t\t\t<\/a>\n\t\t<\/div>\n\t\t\t\t\t\t\t<\/div> \n\t\t\t\n\t\t\t\t<div id=\"ngg-image-26\" class=\"ngg-gallery-thumbnail-box \n\t\t\t\t\t\t\t\t\t\t\t\" \n\t\t\t>\n\t\t\t\t\t\t<div class=\"ngg-gallery-thumbnail\">\n\t\t\t<a href=\"https:\/\/www.aurin-choir.hu\/wp-content\/gallery\/varazslatos-karacsony-2025\/DSC_4452.jpg\"\n\t\t\t\ttitle=\"\"\n\t\t\t\tdata-src=\"https:\/\/www.aurin-choir.hu\/wp-content\/gallery\/varazslatos-karacsony-2025\/DSC_4452.jpg\"\n\t\t\t\tdata-thumbnail=\"https:\/\/www.aurin-choir.hu\/wp-content\/gallery\/varazslatos-karacsony-2025\/thumbs\/thumbs_DSC_4452.jpg\"\n\t\t\t\tdata-image-id=\"5733\"\n\t\t\t\tdata-title=\"DSC_4452\"\n\t\t\t\tdata-description=\"\"\n\t\t\t\tdata-image-slug=\"dsc_4452\"\n\t\t\t\tclass=\"ngg-simplelightbox\" rel=\"cf33dc880e89e101447363baba3d776f\">\n\t\t\t\t<img\n\t\t\t\t\ttitle=\"DSC_4452\"\n\t\t\t\t\talt=\"DSC_4452\"\n\t\t\t\t\tsrc=\"https:\/\/www.aurin-choir.hu\/wp-content\/gallery\/varazslatos-karacsony-2025\/cache\/DSC_4452.jpg-nggid045733-ngg0dyn-325x225x100-00f0w010c011r110f110r010t010.jpg\"\n\t\t\t\t\twidth=\"325\"\n\t\t\t\t\theight=\"225\"\n\t\t\t\t\tstyle=\"max-width:100%;\"\n\t\t\t\t\/>\n\t\t\t<\/a>\n\t\t<\/div>\n\t\t\t\t\t\t\t<\/div> \n\t\t\t\n\t\t\t\t<div id=\"ngg-image-27\" class=\"ngg-gallery-thumbnail-box \n\t\t\t\t\t\t\t\t\t\t\t\" \n\t\t\t>\n\t\t\t\t\t\t<div class=\"ngg-gallery-thumbnail\">\n\t\t\t<a href=\"https:\/\/www.aurin-choir.hu\/wp-content\/gallery\/varazslatos-karacsony-2025\/DSC_4461.jpg\"\n\t\t\t\ttitle=\"\"\n\t\t\t\tdata-src=\"https:\/\/www.aurin-choir.hu\/wp-content\/gallery\/varazslatos-karacsony-2025\/DSC_4461.jpg\"\n\t\t\t\tdata-thumbnail=\"https:\/\/www.aurin-choir.hu\/wp-content\/gallery\/varazslatos-karacsony-2025\/thumbs\/thumbs_DSC_4461.jpg\"\n\t\t\t\tdata-image-id=\"5734\"\n\t\t\t\tdata-title=\"DSC_4461\"\n\t\t\t\tdata-description=\"\"\n\t\t\t\tdata-image-slug=\"dsc_4461\"\n\t\t\t\tclass=\"ngg-simplelightbox\" rel=\"cf33dc880e89e101447363baba3d776f\">\n\t\t\t\t<img\n\t\t\t\t\ttitle=\"DSC_4461\"\n\t\t\t\t\talt=\"DSC_4461\"\n\t\t\t\t\tsrc=\"https:\/\/www.aurin-choir.hu\/wp-content\/gallery\/varazslatos-karacsony-2025\/cache\/DSC_4461.jpg-nggid045734-ngg0dyn-325x225x100-00f0w010c011r110f110r010t010.jpg\"\n\t\t\t\t\twidth=\"325\"\n\t\t\t\t\theight=\"225\"\n\t\t\t\t\tstyle=\"max-width:100%;\"\n\t\t\t\t\/>\n\t\t\t<\/a>\n\t\t<\/div>\n\t\t\t\t\t\t\t<\/div> \n\t\t\t\n\t\t\t\t<div id=\"ngg-image-28\" class=\"ngg-gallery-thumbnail-box \n\t\t\t\t\t\t\t\t\t\t\t\" \n\t\t\t>\n\t\t\t\t\t\t<div class=\"ngg-gallery-thumbnail\">\n\t\t\t<a href=\"https:\/\/www.aurin-choir.hu\/wp-content\/gallery\/varazslatos-karacsony-2025\/20251220_205028.jpg\"\n\t\t\t\ttitle=\"\"\n\t\t\t\tdata-src=\"https:\/\/www.aurin-choir.hu\/wp-content\/gallery\/varazslatos-karacsony-2025\/20251220_205028.jpg\"\n\t\t\t\tdata-thumbnail=\"https:\/\/www.aurin-choir.hu\/wp-content\/gallery\/varazslatos-karacsony-2025\/thumbs\/thumbs_20251220_205028.jpg\"\n\t\t\t\tdata-image-id=\"5709\"\n\t\t\t\tdata-title=\"20251220_205028\"\n\t\t\t\tdata-description=\"\"\n\t\t\t\tdata-image-slug=\"20251220_205028\"\n\t\t\t\tclass=\"ngg-simplelightbox\" rel=\"cf33dc880e89e101447363baba3d776f\">\n\t\t\t\t<img\n\t\t\t\t\ttitle=\"20251220_205028\"\n\t\t\t\t\talt=\"20251220_205028\"\n\t\t\t\t\tsrc=\"https:\/\/www.aurin-choir.hu\/wp-content\/gallery\/varazslatos-karacsony-2025\/cache\/20251220_205028.jpg-nggid045709-ngg0dyn-325x225x100-00f0w010c011r110f110r010t010.jpg\"\n\t\t\t\t\twidth=\"325\"\n\t\t\t\t\theight=\"225\"\n\t\t\t\t\tstyle=\"max-width:100%;\"\n\t\t\t\t\/>\n\t\t\t<\/a>\n\t\t<\/div>\n\t\t\t\t\t\t\t<\/div> \n\t\t\t\n\t\t\t\t<div id=\"ngg-image-29\" class=\"ngg-gallery-thumbnail-box \n\t\t\t\t\t\t\t\t\t\t\t\" \n\t\t\t>\n\t\t\t\t\t\t<div class=\"ngg-gallery-thumbnail\">\n\t\t\t<a href=\"https:\/\/www.aurin-choir.hu\/wp-content\/gallery\/varazslatos-karacsony-2025\/DSC_4497.jpg\"\n\t\t\t\ttitle=\"\"\n\t\t\t\tdata-src=\"https:\/\/www.aurin-choir.hu\/wp-content\/gallery\/varazslatos-karacsony-2025\/DSC_4497.jpg\"\n\t\t\t\tdata-thumbnail=\"https:\/\/www.aurin-choir.hu\/wp-content\/gallery\/varazslatos-karacsony-2025\/thumbs\/thumbs_DSC_4497.jpg\"\n\t\t\t\tdata-image-id=\"5737\"\n\t\t\t\tdata-title=\"DSC_4497\"\n\t\t\t\tdata-description=\"\"\n\t\t\t\tdata-image-slug=\"dsc_4497\"\n\t\t\t\tclass=\"ngg-simplelightbox\" rel=\"cf33dc880e89e101447363baba3d776f\">\n\t\t\t\t<img\n\t\t\t\t\ttitle=\"DSC_4497\"\n\t\t\t\t\talt=\"DSC_4497\"\n\t\t\t\t\tsrc=\"https:\/\/www.aurin-choir.hu\/wp-content\/gallery\/varazslatos-karacsony-2025\/cache\/DSC_4497.jpg-nggid045737-ngg0dyn-325x225x100-00f0w010c011r110f110r010t010.jpg\"\n\t\t\t\t\twidth=\"325\"\n\t\t\t\t\theight=\"225\"\n\t\t\t\t\tstyle=\"max-width:100%;\"\n\t\t\t\t\/>\n\t\t\t<\/a>\n\t\t<\/div>\n\t\t\t\t\t\t\t<\/div> \n\t\t\t\n\t\n\t<br style=\"clear: both\" \/>\n\n\t\n\t\t<!-- Pagination -->\n\t\t<div class='ngg-clear'><\/div>\t<\/div>\n<\/p>\n","protected":false},"author":1,"featured_media":18759,"comment_status":"closed","ping_status":"closed","template":"","meta":{"_et_pb_use_builder":"on","_et_pb_old_content":"","_et_gb_content_width":"","ngg_post_thumbnail":0,"footnotes":""},"project_category":[124,101,100,102,103],"project_tag":[],"class_list":["post-18794","project","type-project","status-publish","has-post-thumbnail","hentry","project_category-2025-en","project_category-aurin-noikar-en","project_category-aurin-leanykar-en","project_category-aurin-vegyeskar-en","project_category-miraculum-gyermekkorus-en"],"yoast_head":"<!-- This site is optimized with the Yoast SEO plugin v26.0 - https:\/\/yoast.com\/wordpress\/plugins\/seo\/ -->\n<title>Var\u00e1zslatos Kar\u00e1csony 2025 - Aurin - Miraculum<\/title>\n<meta name=\"robots\" content=\"index, follow, max-snippet:-1, max-image-preview:large, max-video-preview:-1\" \/>\n<link rel=\"canonical\" href=\"https:\/\/www.aurin-choir.hu\/project\/varazslatos-karacsony-2025\/\" \/>\n<meta property=\"og:locale\" content=\"en_US\" \/>\n<meta property=\"og:type\" content=\"article\" \/>\n<meta property=\"og:title\" content=\"Var\u00e1zslatos Kar\u00e1csony 2025 - Aurin - Miraculum\" \/>\n<meta property=\"og:description\" content=\"Var\u00e1zslatos Kar\u00e1csony 2025 Nagytemplom, Kecskem\u00e9t\" \/>\n<meta property=\"og:url\" content=\"https:\/\/www.aurin-choir.hu\/project\/varazslatos-karacsony-2025\/\" \/>\n<meta property=\"og:site_name\" content=\"Aurin - Miraculum\" \/>\n<meta property=\"article:publisher\" content=\"https:\/\/www.facebook.com\/aurinchoir\" \/>\n<meta property=\"article:modified_time\" content=\"2026-02-15T08:53:58+00:00\" \/>\n<meta property=\"og:image\" content=\"https:\/\/www.aurin-choir.hu\/wp-content\/uploads\/2026\/02\/DSC_4130.jpg\" \/>\n\t<meta property=\"og:image:width\" content=\"1800\" \/>\n\t<meta property=\"og:image:height\" content=\"1202\" \/>\n\t<meta property=\"og:image:type\" content=\"image\/jpeg\" \/>\n<meta name=\"twitter:card\" content=\"summary_large_image\" \/>\n<meta name=\"twitter:label1\" content=\"Est. reading time\" \/>\n\t<meta name=\"twitter:data1\" content=\"1 minute\" \/>\n<script type=\"application\/ld+json\" class=\"yoast-schema-graph\">{\"@context\":\"https:\/\/schema.org\",\"@graph\":[{\"@type\":\"WebPage\",\"@id\":\"https:\/\/www.aurin-choir.hu\/project\/varazslatos-karacsony-2025\/\",\"url\":\"https:\/\/www.aurin-choir.hu\/project\/varazslatos-karacsony-2025\/\",\"name\":\"Var\u00e1zslatos Kar\u00e1csony 2025 - Aurin - Miraculum\",\"isPartOf\":{\"@id\":\"https:\/\/www.aurin-choir.hu\/#website\"},\"primaryImageOfPage\":{\"@id\":\"https:\/\/www.aurin-choir.hu\/project\/varazslatos-karacsony-2025\/#primaryimage\"},\"image\":{\"@id\":\"https:\/\/www.aurin-choir.hu\/project\/varazslatos-karacsony-2025\/#primaryimage\"},\"thumbnailUrl\":\"https:\/\/www.aurin-choir.hu\/wp-content\/uploads\/2026\/02\/DSC_4130.jpg\",\"datePublished\":\"2026-02-14T17:45:46+00:00\",\"dateModified\":\"2026-02-15T08:53:58+00:00\",\"breadcrumb\":{\"@id\":\"https:\/\/www.aurin-choir.hu\/project\/varazslatos-karacsony-2025\/#breadcrumb\"},\"inLanguage\":\"en-US\",\"potentialAction\":[{\"@type\":\"ReadAction\",\"target\":[\"https:\/\/www.aurin-choir.hu\/project\/varazslatos-karacsony-2025\/\"]}]},{\"@type\":\"ImageObject\",\"inLanguage\":\"en-US\",\"@id\":\"https:\/\/www.aurin-choir.hu\/project\/varazslatos-karacsony-2025\/#primaryimage\",\"url\":\"https:\/\/www.aurin-choir.hu\/wp-content\/uploads\/2026\/02\/DSC_4130.jpg\",\"contentUrl\":\"https:\/\/www.aurin-choir.hu\/wp-content\/uploads\/2026\/02\/DSC_4130.jpg\",\"width\":1800,\"height\":1202},{\"@type\":\"BreadcrumbList\",\"@id\":\"https:\/\/www.aurin-choir.hu\/project\/varazslatos-karacsony-2025\/#breadcrumb\",\"itemListElement\":[{\"@type\":\"ListItem\",\"position\":1,\"name\":\"Kezd\u0151lap\",\"item\":\"https:\/\/www.aurin-choir.hu\/en\/\"},{\"@type\":\"ListItem\",\"position\":2,\"name\":\"Projektek\",\"item\":\"https:\/\/www.aurin-choir.hu\/project\/\"},{\"@type\":\"ListItem\",\"position\":3,\"name\":\"Var\u00e1zslatos Kar\u00e1csony 2025\"}]},{\"@type\":\"WebSite\",\"@id\":\"https:\/\/www.aurin-choir.hu\/#website\",\"url\":\"https:\/\/www.aurin-choir.hu\/\",\"name\":\"Aurin - Miraculum\",\"description\":\"Aurin - Miraculum\",\"publisher\":{\"@id\":\"https:\/\/www.aurin-choir.hu\/#organization\"},\"potentialAction\":[{\"@type\":\"SearchAction\",\"target\":{\"@type\":\"EntryPoint\",\"urlTemplate\":\"https:\/\/www.aurin-choir.hu\/?s={search_term_string}\"},\"query-input\":{\"@type\":\"PropertyValueSpecification\",\"valueRequired\":true,\"valueName\":\"search_term_string\"}}],\"inLanguage\":\"en-US\"},{\"@type\":\"Organization\",\"@id\":\"https:\/\/www.aurin-choir.hu\/#organization\",\"name\":\"Aurin \u00e9s Miraculum Alap\u00edtv\u00e1ny\",\"url\":\"https:\/\/www.aurin-choir.hu\/\",\"logo\":{\"@type\":\"ImageObject\",\"inLanguage\":\"en-US\",\"@id\":\"https:\/\/www.aurin-choir.hu\/#\/schema\/logo\/image\/\",\"url\":\"https:\/\/www.aurin-choir.hu\/wp-content\/uploads\/2024\/05\/logo_webre_evadzaro2-1.png\",\"contentUrl\":\"https:\/\/www.aurin-choir.hu\/wp-content\/uploads\/2024\/05\/logo_webre_evadzaro2-1.png\",\"width\":500,\"height\":515,\"caption\":\"Aurin \u00e9s Miraculum Alap\u00edtv\u00e1ny\"},\"image\":{\"@id\":\"https:\/\/www.aurin-choir.hu\/#\/schema\/logo\/image\/\"},\"sameAs\":[\"https:\/\/www.facebook.com\/aurinchoir\"]}]}<\/script>\n<!-- \/ Yoast SEO plugin. -->","yoast_head_json":{"title":"Var\u00e1zslatos Kar\u00e1csony 2025 - Aurin - Miraculum","robots":{"index":"index","follow":"follow","max-snippet":"max-snippet:-1","max-image-preview":"max-image-preview:large","max-video-preview":"max-video-preview:-1"},"canonical":"https:\/\/www.aurin-choir.hu\/project\/varazslatos-karacsony-2025\/","og_locale":"en_US","og_type":"article","og_title":"Var\u00e1zslatos Kar\u00e1csony 2025 - Aurin - Miraculum","og_description":"Var\u00e1zslatos Kar\u00e1csony 2025 Nagytemplom, Kecskem\u00e9t","og_url":"https:\/\/www.aurin-choir.hu\/project\/varazslatos-karacsony-2025\/","og_site_name":"Aurin - Miraculum","article_publisher":"https:\/\/www.facebook.com\/aurinchoir","article_modified_time":"2026-02-15T08:53:58+00:00","og_image":[{"width":1800,"height":1202,"url":"https:\/\/www.aurin-choir.hu\/wp-content\/uploads\/2026\/02\/DSC_4130.jpg","type":"image\/jpeg"}],"twitter_card":"summary_large_image","twitter_misc":{"Est. reading time":"1 minute"},"schema":{"@context":"https:\/\/schema.org","@graph":[{"@type":"WebPage","@id":"https:\/\/www.aurin-choir.hu\/project\/varazslatos-karacsony-2025\/","url":"https:\/\/www.aurin-choir.hu\/project\/varazslatos-karacsony-2025\/","name":"Var\u00e1zslatos Kar\u00e1csony 2025 - Aurin - Miraculum","isPartOf":{"@id":"https:\/\/www.aurin-choir.hu\/#website"},"primaryImageOfPage":{"@id":"https:\/\/www.aurin-choir.hu\/project\/varazslatos-karacsony-2025\/#primaryimage"},"image":{"@id":"https:\/\/www.aurin-choir.hu\/project\/varazslatos-karacsony-2025\/#primaryimage"},"thumbnailUrl":"https:\/\/www.aurin-choir.hu\/wp-content\/uploads\/2026\/02\/DSC_4130.jpg","datePublished":"2026-02-14T17:45:46+00:00","dateModified":"2026-02-15T08:53:58+00:00","breadcrumb":{"@id":"https:\/\/www.aurin-choir.hu\/project\/varazslatos-karacsony-2025\/#breadcrumb"},"inLanguage":"en-US","potentialAction":[{"@type":"ReadAction","target":["https:\/\/www.aurin-choir.hu\/project\/varazslatos-karacsony-2025\/"]}]},{"@type":"ImageObject","inLanguage":"en-US","@id":"https:\/\/www.aurin-choir.hu\/project\/varazslatos-karacsony-2025\/#primaryimage","url":"https:\/\/www.aurin-choir.hu\/wp-content\/uploads\/2026\/02\/DSC_4130.jpg","contentUrl":"https:\/\/www.aurin-choir.hu\/wp-content\/uploads\/2026\/02\/DSC_4130.jpg","width":1800,"height":1202},{"@type":"BreadcrumbList","@id":"https:\/\/www.aurin-choir.hu\/project\/varazslatos-karacsony-2025\/#breadcrumb","itemListElement":[{"@type":"ListItem","position":1,"name":"Kezd\u0151lap","item":"https:\/\/www.aurin-choir.hu\/en\/"},{"@type":"ListItem","position":2,"name":"Projektek","item":"https:\/\/www.aurin-choir.hu\/project\/"},{"@type":"ListItem","position":3,"name":"Var\u00e1zslatos Kar\u00e1csony 2025"}]},{"@type":"WebSite","@id":"https:\/\/www.aurin-choir.hu\/#website","url":"https:\/\/www.aurin-choir.hu\/","name":"Aurin - Miraculum","description":"Aurin - Miraculum","publisher":{"@id":"https:\/\/www.aurin-choir.hu\/#organization"},"potentialAction":[{"@type":"SearchAction","target":{"@type":"EntryPoint","urlTemplate":"https:\/\/www.aurin-choir.hu\/?s={search_term_string}"},"query-input":{"@type":"PropertyValueSpecification","valueRequired":true,"valueName":"search_term_string"}}],"inLanguage":"en-US"},{"@type":"Organization","@id":"https:\/\/www.aurin-choir.hu\/#organization","name":"Aurin \u00e9s Miraculum Alap\u00edtv\u00e1ny","url":"https:\/\/www.aurin-choir.hu\/","logo":{"@type":"ImageObject","inLanguage":"en-US","@id":"https:\/\/www.aurin-choir.hu\/#\/schema\/logo\/image\/","url":"https:\/\/www.aurin-choir.hu\/wp-content\/uploads\/2024\/05\/logo_webre_evadzaro2-1.png","contentUrl":"https:\/\/www.aurin-choir.hu\/wp-content\/uploads\/2024\/05\/logo_webre_evadzaro2-1.png","width":500,"height":515,"caption":"Aurin \u00e9s Miraculum Alap\u00edtv\u00e1ny"},"image":{"@id":"https:\/\/www.aurin-choir.hu\/#\/schema\/logo\/image\/"},"sameAs":["https:\/\/www.facebook.com\/aurinchoir"]}]}},"_links":{"self":[{"href":"https:\/\/www.aurin-choir.hu\/en\/wp-json\/wp\/v2\/project\/18794","targetHints":{"allow":["GET"]}}],"collection":[{"href":"https:\/\/www.aurin-choir.hu\/en\/wp-json\/wp\/v2\/project"}],"about":[{"href":"https:\/\/www.aurin-choir.hu\/en\/wp-json\/wp\/v2\/types\/project"}],"author":[{"embeddable":true,"href":"https:\/\/www.aurin-choir.hu\/en\/wp-json\/wp\/v2\/users\/1"}],"replies":[{"embeddable":true,"href":"https:\/\/www.aurin-choir.hu\/en\/wp-json\/wp\/v2\/comments?post=18794"}],"version-history":[{"count":3,"href":"https:\/\/www.aurin-choir.hu\/en\/wp-json\/wp\/v2\/project\/18794\/revisions"}],"predecessor-version":[{"id":19071,"href":"https:\/\/www.aurin-choir.hu\/en\/wp-json\/wp\/v2\/project\/18794\/revisions\/19071"}],"wp:featuredmedia":[{"embeddable":true,"href":"https:\/\/www.aurin-choir.hu\/en\/wp-json\/wp\/v2\/media\/18759"}],"wp:attachment":[{"href":"https:\/\/www.aurin-choir.hu\/en\/wp-json\/wp\/v2\/media?parent=18794"}],"wp:term":[{"taxonomy":"project_category","embeddable":true,"href":"https:\/\/www.aurin-choir.hu\/en\/wp-json\/wp\/v2\/project_category?post=18794"},{"taxonomy":"project_tag","embeddable":true,"href":"https:\/\/www.aurin-choir.hu\/en\/wp-json\/wp\/v2\/project_tag?post=18794"}],"curies":[{"name":"wp","href":"https:\/\/api.w.org\/{rel}","templated":true}]}}